{"id":1368,"date":"2023-09-15T11:31:52","date_gmt":"2023-09-15T09:31:52","guid":{"rendered":"https:\/\/100anni.units.it\/?page_id=1368"},"modified":"2025-08-12T12:58:08","modified_gmt":"2025-08-12T10:58:08","slug":"rettori","status":"publish","type":"page","link":"https:\/\/100anni.units.it\/index.php\/rettori\/","title":{"rendered":"Rettori"},"content":{"rendered":"\n<div style=\"height:80px\" aria-hidden=\"true\" class=\"wp-block-spacer\"><\/div>\n\n\n\n<div class=\"wp-block-columns are-vertically-aligned-center is-layout-flex wp-container-core-columns-is-layout-9d6595d7 wp-block-columns-is-layout-flex\">\n<div class=\"wp-block-column is-vertically-aligned-center is-layout-flow wp-block-column-is-layout-flow\" style=\"flex-basis:70%\">\n<h1 class=\"wp-block-heading has-text-align-left has-neve-link-color-color has-text-color\">Rettori<\/h1>\n\n\n\n<p class=\"has-neve-text-color-color has-text-color\" style=\"font-size:22px\">Le personalit\u00e0 che hanno guidato l&#8217;Ateneo nei suoi primi 100 anni<\/p>\n\n\n\n<p class=\"has-neve-link-color-color has-text-color has-medium-font-size popmake-1394\"><a href=\"#\">Rettori Facenti Funzione<\/a> \u00bb<\/p>\n<\/div>\n\n\n\n<div class=\"wp-block-column is-vertically-aligned-center is-layout-flow wp-block-column-is-layout-flow\" style=\"flex-basis:30%\"><\/div>\n<\/div>\n\n\n\n<div style=\"height:50px\" aria-hidden=\"true\" class=\"wp-block-spacer\"><\/div>\n\n\n\n<div class=\"wp-block-cover alignfull\" style=\"min-height:600px;aspect-ratio:unset;\"><span aria-hidden=\"true\" class=\"wp-block-cover__background has-nv-light-bg-background-color has-background-dim-100 has-background-dim\"><\/span><div class=\"wp-block-cover__inner-container is-layout-flow wp-block-cover-is-layout-flow\">\n<div class=\"wp-block-group\"><div class=\"wp-block-group__inner-container is-layout-flow wp-block-group-is-layout-flow\">\n<div style=\"height:80px\" aria-hidden=\"true\" class=\"wp-block-spacer\"><\/div>\n\n\n\n<div class=\"wp-block-columns is-layout-flex wp-container-core-columns-is-layout-9d6595d7 wp-block-columns-is-layout-flex\">\n<div class=\"wp-block-column is-layout-flow wp-block-column-is-layout-flow\"><div class=\"wp-block-image img-animation is-style-default popmake-987\">\n<figure class=\"aligncenter size-full popmake-2176\"><img loading=\"lazy\" decoding=\"async\" width=\"651\" height=\"651\" src=\"https:\/\/100anni.units.it\/wp-content\/uploads\/2025\/07\/17.De-Rosa.Di-Lenarda.jpg\" alt=\"foto Rettore Di Lenarda\" class=\"wp-image-8021\" style=\"aspect-ratio:1;object-fit:cover\" srcset=\"https:\/\/100anni.units.it\/wp-content\/uploads\/2025\/07\/17.De-Rosa.Di-Lenarda.jpg 651w, https:\/\/100anni.units.it\/wp-content\/uploads\/2025\/07\/17.De-Rosa.Di-Lenarda-300x300.jpg 300w, https:\/\/100anni.units.it\/wp-content\/uploads\/2025\/07\/17.De-Rosa.Di-Lenarda-150x150.jpg 150w\" sizes=\"auto, (max-width: 651px) 100vw, 651px\" \/><\/figure>\n<\/div>\n\n\n<div style=\"height:24px\" aria-hidden=\"true\" class=\"wp-block-spacer\"><\/div>\n\n\n\n<h3 class=\"wp-block-heading has-text-align-center popmake-987 has-neve-link-color-color has-text-color popmake-2176\" style=\"font-size:37px\">Roberto Di Lenarda<\/h3>\n\n\n\n<p class=\"has-text-align-center has-neve-text-color-color has-text-color\">2019 \u2013 2025<\/p>\n\n\n\n<div style=\"height:40px\" aria-hidden=\"true\" class=\"wp-block-spacer\"><\/div>\n<\/div>\n\n\n\n<div class=\"wp-block-column has-neve-text-color-color has-text-color is-layout-flow wp-block-column-is-layout-flow\"><div class=\"wp-block-image img-animation is-style-default\">\n<figure class=\"aligncenter size-full popmake-2168\"><img loading=\"lazy\" decoding=\"async\" width=\"788\" height=\"788\" src=\"https:\/\/100anni.units.it\/wp-content\/uploads\/2023\/09\/16.De-Rosa.Fermeglia-1.jpg\" alt=\"foto Rettore Fermeglia\" class=\"wp-image-2232\" style=\"aspect-ratio:1;object-fit:cover\" srcset=\"https:\/\/100anni.units.it\/wp-content\/uploads\/2023\/09\/16.De-Rosa.Fermeglia-1.jpg 788w, https:\/\/100anni.units.it\/wp-content\/uploads\/2023\/09\/16.De-Rosa.Fermeglia-1-300x300.jpg 300w, https:\/\/100anni.units.it\/wp-content\/uploads\/2023\/09\/16.De-Rosa.Fermeglia-1-150x150.jpg 150w, https:\/\/100anni.units.it\/wp-content\/uploads\/2023\/09\/16.De-Rosa.Fermeglia-1-768x768.jpg 768w\" sizes=\"auto, (max-width: 788px) 100vw, 788px\" \/><\/figure>\n<\/div>\n\n\n<div style=\"height:24px\" aria-hidden=\"true\" class=\"wp-block-spacer\"><\/div>\n\n\n\n<h3 class=\"wp-block-heading has-text-align-center has-neve-link-color-color has-text-color popmake-2168\" style=\"font-size:37px\">Maurizio Fermeglia<\/h3>\n\n\n\n<p class=\"has-text-align-center has-neve-text-color-color has-text-color\">2013 \u2013 2019<\/p>\n\n\n\n<div style=\"height:40px\" aria-hidden=\"true\" class=\"wp-block-spacer\"><\/div>\n<\/div>\n\n\n\n<div class=\"wp-block-column has-neve-text-color-color has-text-color is-layout-flow wp-block-column-is-layout-flow\"><div class=\"wp-block-image img-animation is-style-default\">\n<figure class=\"aligncenter size-full popmake-2166\"><img loading=\"lazy\" decoding=\"async\" width=\"788\" height=\"788\" src=\"https:\/\/100anni.units.it\/wp-content\/uploads\/2023\/09\/15.De-Rosa.Peroni-1.jpg\" alt=\"immagine dipinto del Rettore Peroni\" class=\"wp-image-2231\" style=\"aspect-ratio:1;object-fit:cover\" srcset=\"https:\/\/100anni.units.it\/wp-content\/uploads\/2023\/09\/15.De-Rosa.Peroni-1.jpg 788w, https:\/\/100anni.units.it\/wp-content\/uploads\/2023\/09\/15.De-Rosa.Peroni-1-300x300.jpg 300w, https:\/\/100anni.units.it\/wp-content\/uploads\/2023\/09\/15.De-Rosa.Peroni-1-150x150.jpg 150w, https:\/\/100anni.units.it\/wp-content\/uploads\/2023\/09\/15.De-Rosa.Peroni-1-768x768.jpg 768w\" sizes=\"auto, (max-width: 788px) 100vw, 788px\" \/><\/figure>\n<\/div>\n\n\n<div style=\"height:24px\" aria-hidden=\"true\" class=\"wp-block-spacer\"><\/div>\n\n\n\n<h3 class=\"wp-block-heading has-text-align-center has-neve-link-color-color has-text-color popmake-2166\" style=\"font-size:37px\">Francesco Peroni<\/h3>\n\n\n\n<p class=\"has-text-align-center has-neve-text-color-color has-text-color\">2006 \u2013 2013<\/p>\n\n\n\n<div style=\"height:40px\" aria-hidden=\"true\" class=\"wp-block-spacer\"><\/div>\n<\/div>\n<\/div>\n\n\n\n<div style=\"height:40px\" aria-hidden=\"true\" class=\"wp-block-spacer\"><\/div>\n<\/div><\/div>\n<\/div><\/div>\n\n\n\n<div class=\"wp-block-cover alignfull\" style=\"min-height:600px;aspect-ratio:unset;\"><span aria-hidden=\"true\" class=\"wp-block-cover__background has-nv-light-bg-background-color has-background-dim-100 has-background-dim\"><\/span><div class=\"wp-block-cover__inner-container is-layout-flow wp-block-cover-is-layout-flow\">\n<div class=\"wp-block-group\"><div class=\"wp-block-group__inner-container is-layout-flow wp-block-group-is-layout-flow\">\n<div style=\"height:80px\" aria-hidden=\"true\" class=\"wp-block-spacer\"><\/div>\n\n\n\n<div class=\"wp-block-columns is-layout-flex wp-container-core-columns-is-layout-9d6595d7 wp-block-columns-is-layout-flex\">\n<div class=\"wp-block-column is-layout-flow wp-block-column-is-layout-flow\"><div class=\"wp-block-image img-animation is-style-default popmake-987\">\n<figure class=\"aligncenter size-full popmake-2164\"><img loading=\"lazy\" decoding=\"async\" width=\"788\" height=\"788\" src=\"https:\/\/100anni.units.it\/wp-content\/uploads\/2023\/09\/14.De-Rosa.Romeo_-1.jpg\" alt=\"immagine dipinto del Rettore Romeo\" class=\"wp-image-2230\" style=\"aspect-ratio:1;object-fit:cover\" srcset=\"https:\/\/100anni.units.it\/wp-content\/uploads\/2023\/09\/14.De-Rosa.Romeo_-1.jpg 788w, https:\/\/100anni.units.it\/wp-content\/uploads\/2023\/09\/14.De-Rosa.Romeo_-1-300x300.jpg 300w, https:\/\/100anni.units.it\/wp-content\/uploads\/2023\/09\/14.De-Rosa.Romeo_-1-150x150.jpg 150w, https:\/\/100anni.units.it\/wp-content\/uploads\/2023\/09\/14.De-Rosa.Romeo_-1-768x768.jpg 768w\" sizes=\"auto, (max-width: 788px) 100vw, 788px\" \/><\/figure>\n<\/div>\n\n\n<div style=\"height:24px\" aria-hidden=\"true\" class=\"wp-block-spacer\"><\/div>\n\n\n\n<h3 class=\"wp-block-heading has-text-align-center popmake-987 has-neve-link-color-color has-text-color popmake-2164\" style=\"font-size:37px\">Domenico Romeo<\/h3>\n\n\n\n<p class=\"has-text-align-center has-neve-text-color-color has-text-color\">2003 \u2013 2006<\/p>\n\n\n\n<div style=\"height:40px\" aria-hidden=\"true\" class=\"wp-block-spacer\"><\/div>\n<\/div>\n\n\n\n<div class=\"wp-block-column has-neve-text-color-color has-text-color is-layout-flow wp-block-column-is-layout-flow\"><div class=\"wp-block-image img-animation is-style-default\">\n<figure class=\"aligncenter size-full popmake-2161\"><img loading=\"lazy\" decoding=\"async\" width=\"788\" height=\"788\" src=\"https:\/\/100anni.units.it\/wp-content\/uploads\/2023\/09\/13.De-Rosa.Delcaro-1.jpg\" alt=\"immagine dipinto del Rettore Delcaro\" class=\"wp-image-2229\" style=\"aspect-ratio:1;object-fit:cover\" srcset=\"https:\/\/100anni.units.it\/wp-content\/uploads\/2023\/09\/13.De-Rosa.Delcaro-1.jpg 788w, https:\/\/100anni.units.it\/wp-content\/uploads\/2023\/09\/13.De-Rosa.Delcaro-1-300x300.jpg 300w, https:\/\/100anni.units.it\/wp-content\/uploads\/2023\/09\/13.De-Rosa.Delcaro-1-150x150.jpg 150w, https:\/\/100anni.units.it\/wp-content\/uploads\/2023\/09\/13.De-Rosa.Delcaro-1-768x768.jpg 768w\" sizes=\"auto, (max-width: 788px) 100vw, 788px\" \/><\/figure>\n<\/div>\n\n\n<div style=\"height:24px\" aria-hidden=\"true\" class=\"wp-block-spacer\"><\/div>\n\n\n\n<h3 class=\"wp-block-heading has-text-align-center has-neve-link-color-color has-text-color popmake-2161\" style=\"font-size:37px\">Lucio Delcaro<\/h3>\n\n\n\n<p class=\"has-text-align-center has-neve-text-color-color has-text-color\">1997 \u2013 2003<\/p>\n\n\n\n<div style=\"height:40px\" aria-hidden=\"true\" class=\"wp-block-spacer\"><\/div>\n<\/div>\n\n\n\n<div class=\"wp-block-column has-neve-text-color-color has-text-color is-layout-flow wp-block-column-is-layout-flow\"><div class=\"wp-block-image img-animation is-style-default\">\n<figure class=\"aligncenter size-full popmake-2159\"><img loading=\"lazy\" decoding=\"async\" width=\"788\" height=\"788\" src=\"https:\/\/100anni.units.it\/wp-content\/uploads\/2023\/09\/12.De-Rosa.Borruso-1.jpg\" alt=\"immagine dipinto del Rettore Borruso\" class=\"wp-image-2228\" style=\"aspect-ratio:1;object-fit:cover\" srcset=\"https:\/\/100anni.units.it\/wp-content\/uploads\/2023\/09\/12.De-Rosa.Borruso-1.jpg 788w, https:\/\/100anni.units.it\/wp-content\/uploads\/2023\/09\/12.De-Rosa.Borruso-1-300x300.jpg 300w, https:\/\/100anni.units.it\/wp-content\/uploads\/2023\/09\/12.De-Rosa.Borruso-1-150x150.jpg 150w, https:\/\/100anni.units.it\/wp-content\/uploads\/2023\/09\/12.De-Rosa.Borruso-1-768x768.jpg 768w\" sizes=\"auto, (max-width: 788px) 100vw, 788px\" \/><\/figure>\n<\/div>\n\n\n<div style=\"height:24px\" aria-hidden=\"true\" class=\"wp-block-spacer\"><\/div>\n\n\n\n<h3 class=\"wp-block-heading has-text-align-center has-neve-link-color-color has-text-color popmake-2159\" style=\"font-size:37px\">Giacomo Borruso<\/h3>\n\n\n\n<p class=\"has-text-align-center has-neve-text-color-color has-text-color\">1990 \u2013 1997<\/p>\n\n\n\n<div style=\"height:40px\" aria-hidden=\"true\" class=\"wp-block-spacer\"><\/div>\n<\/div>\n<\/div>\n\n\n\n<div style=\"height:40px\" aria-hidden=\"true\" class=\"wp-block-spacer\"><\/div>\n<\/div><\/div>\n<\/div><\/div>\n\n\n\n<div class=\"wp-block-cover alignfull\" style=\"min-height:600px;aspect-ratio:unset;\"><span aria-hidden=\"true\" class=\"wp-block-cover__background has-nv-light-bg-background-color has-background-dim-100 has-background-dim\"><\/span><div class=\"wp-block-cover__inner-container is-layout-flow wp-block-cover-is-layout-flow\">\n<div class=\"wp-block-group\"><div class=\"wp-block-group__inner-container is-layout-flow wp-block-group-is-layout-flow\">\n<div style=\"height:80px\" aria-hidden=\"true\" class=\"wp-block-spacer\"><\/div>\n\n\n\n<div class=\"wp-block-columns is-layout-flex wp-container-core-columns-is-layout-9d6595d7 wp-block-columns-is-layout-flex\">\n<div class=\"wp-block-column is-layout-flow wp-block-column-is-layout-flow\"><div class=\"wp-block-image img-animation is-style-default popmake-987\">\n<figure class=\"aligncenter size-full popmake-2157\"><img loading=\"lazy\" decoding=\"async\" width=\"788\" height=\"788\" src=\"https:\/\/100anni.units.it\/wp-content\/uploads\/2023\/09\/11.De-Rosa.Fusaroli-1.jpg\" alt=\"immagine dipinto del Rettore Fusaroli\" class=\"wp-image-2227\" style=\"aspect-ratio:1;object-fit:cover\" srcset=\"https:\/\/100anni.units.it\/wp-content\/uploads\/2023\/09\/11.De-Rosa.Fusaroli-1.jpg 788w, https:\/\/100anni.units.it\/wp-content\/uploads\/2023\/09\/11.De-Rosa.Fusaroli-1-300x300.jpg 300w, https:\/\/100anni.units.it\/wp-content\/uploads\/2023\/09\/11.De-Rosa.Fusaroli-1-150x150.jpg 150w, https:\/\/100anni.units.it\/wp-content\/uploads\/2023\/09\/11.De-Rosa.Fusaroli-1-768x768.jpg 768w\" sizes=\"auto, (max-width: 788px) 100vw, 788px\" \/><\/figure>\n<\/div>\n\n\n<div style=\"height:24px\" aria-hidden=\"true\" class=\"wp-block-spacer\"><\/div>\n\n\n\n<h3 class=\"wp-block-heading has-text-align-center popmake-987 has-neve-link-color-color has-text-color popmake-2157\" style=\"font-size:37px\">Paolo Fusaroli<\/h3>\n\n\n\n<p class=\"has-text-align-center has-neve-text-color-color has-text-color\">1981 \u2013 1990<\/p>\n\n\n\n<div style=\"height:40px\" aria-hidden=\"true\" class=\"wp-block-spacer\"><\/div>\n<\/div>\n\n\n\n<div class=\"wp-block-column has-neve-text-color-color has-text-color is-layout-flow wp-block-column-is-layout-flow\"><div class=\"wp-block-image img-animation is-style-default\">\n<figure class=\"aligncenter size-full popmake-2154\"><img loading=\"lazy\" decoding=\"async\" width=\"788\" height=\"788\" src=\"https:\/\/100anni.units.it\/wp-content\/uploads\/2023\/09\/10.Chersicola.De-Ferra-1.jpg\" alt=\"immagine dipinto del Rettore de Ferra\" class=\"wp-image-2226\" style=\"aspect-ratio:1;object-fit:cover\" srcset=\"https:\/\/100anni.units.it\/wp-content\/uploads\/2023\/09\/10.Chersicola.De-Ferra-1.jpg 788w, https:\/\/100anni.units.it\/wp-content\/uploads\/2023\/09\/10.Chersicola.De-Ferra-1-300x300.jpg 300w, https:\/\/100anni.units.it\/wp-content\/uploads\/2023\/09\/10.Chersicola.De-Ferra-1-150x150.jpg 150w, https:\/\/100anni.units.it\/wp-content\/uploads\/2023\/09\/10.Chersicola.De-Ferra-1-768x768.jpg 768w\" sizes=\"auto, (max-width: 788px) 100vw, 788px\" \/><\/figure>\n<\/div>\n\n\n<div style=\"height:24px\" aria-hidden=\"true\" class=\"wp-block-spacer\"><\/div>\n\n\n\n<h3 class=\"wp-block-heading has-text-align-center has-neve-link-color-color has-text-color popmake-2154\" style=\"font-size:37px\">Giampaolo de Ferra<\/h3>\n\n\n\n<p class=\"has-text-align-center has-neve-text-color-color has-text-color\">1972 \u2013 1981<\/p>\n\n\n\n<div style=\"height:40px\" aria-hidden=\"true\" class=\"wp-block-spacer\"><\/div>\n<\/div>\n\n\n\n<div class=\"wp-block-column has-neve-text-color-color has-text-color is-layout-flow wp-block-column-is-layout-flow\"><div class=\"wp-block-image img-animation is-style-default\">\n<figure class=\"aligncenter size-full popmake-2146\"><img loading=\"lazy\" decoding=\"async\" width=\"788\" height=\"788\" src=\"https:\/\/100anni.units.it\/wp-content\/uploads\/2023\/09\/09.Zhiwei.Origone-1.jpg\" alt=\"immagine dipinto del Rettore Origone\" class=\"wp-image-2225\" style=\"aspect-ratio:1;object-fit:cover\" srcset=\"https:\/\/100anni.units.it\/wp-content\/uploads\/2023\/09\/09.Zhiwei.Origone-1.jpg 788w, https:\/\/100anni.units.it\/wp-content\/uploads\/2023\/09\/09.Zhiwei.Origone-1-300x300.jpg 300w, https:\/\/100anni.units.it\/wp-content\/uploads\/2023\/09\/09.Zhiwei.Origone-1-150x150.jpg 150w, https:\/\/100anni.units.it\/wp-content\/uploads\/2023\/09\/09.Zhiwei.Origone-1-768x768.jpg 768w\" sizes=\"auto, (max-width: 788px) 100vw, 788px\" \/><\/figure>\n<\/div>\n\n\n<div style=\"height:24px\" aria-hidden=\"true\" class=\"wp-block-spacer\"><\/div>\n\n\n\n<h3 class=\"wp-block-heading has-text-align-center has-neve-link-color-color has-text-color popmake-2146\" style=\"font-size:37px\">Agostino Origone<\/h3>\n\n\n\n<p class=\"has-text-align-center has-neve-text-color-color has-text-color\">1958 \u2013 1972<\/p>\n\n\n\n<div style=\"height:40px\" aria-hidden=\"true\" class=\"wp-block-spacer\"><\/div>\n<\/div>\n<\/div>\n\n\n\n<div style=\"height:40px\" aria-hidden=\"true\" class=\"wp-block-spacer\"><\/div>\n<\/div><\/div>\n<\/div><\/div>\n\n\n\n<div class=\"wp-block-cover alignfull\" style=\"min-height:600px;aspect-ratio:unset;\"><span aria-hidden=\"true\" class=\"wp-block-cover__background has-nv-light-bg-background-color has-background-dim-100 has-background-dim\"><\/span><div class=\"wp-block-cover__inner-container is-layout-flow wp-block-cover-is-layout-flow\">\n<div class=\"wp-block-group\"><div class=\"wp-block-group__inner-container is-layout-flow wp-block-group-is-layout-flow\">\n<div style=\"height:80px\" aria-hidden=\"true\" class=\"wp-block-spacer\"><\/div>\n\n\n\n<div class=\"wp-block-columns is-layout-flex wp-container-core-columns-is-layout-9d6595d7 wp-block-columns-is-layout-flex\">\n<div class=\"wp-block-column is-layout-flow wp-block-column-is-layout-flow\"><div class=\"wp-block-image img-animation is-style-default popmake-987\">\n<figure class=\"aligncenter size-full popmake-2144\"><img loading=\"lazy\" decoding=\"async\" width=\"788\" height=\"788\" src=\"https:\/\/100anni.units.it\/wp-content\/uploads\/2023\/09\/08.Quaiatti.Ambrosino-1.jpg\" alt=\"immagine dipinto del Rettore Ambrosino\" class=\"wp-image-2224\" style=\"aspect-ratio:1;object-fit:cover\" srcset=\"https:\/\/100anni.units.it\/wp-content\/uploads\/2023\/09\/08.Quaiatti.Ambrosino-1.jpg 788w, https:\/\/100anni.units.it\/wp-content\/uploads\/2023\/09\/08.Quaiatti.Ambrosino-1-300x300.jpg 300w, https:\/\/100anni.units.it\/wp-content\/uploads\/2023\/09\/08.Quaiatti.Ambrosino-1-150x150.jpg 150w, https:\/\/100anni.units.it\/wp-content\/uploads\/2023\/09\/08.Quaiatti.Ambrosino-1-768x768.jpg 768w\" sizes=\"auto, (max-width: 788px) 100vw, 788px\" \/><\/figure>\n<\/div>\n\n\n<div style=\"height:24px\" aria-hidden=\"true\" class=\"wp-block-spacer\"><\/div>\n\n\n\n<h3 class=\"wp-block-heading has-text-align-center popmake-987 has-neve-link-color-color has-text-color popmake-2144\" style=\"font-size:37px\">Rodolfo Ambrosino<\/h3>\n\n\n\n<p class=\"has-text-align-center has-neve-text-color-color has-text-color\">1952 \u2013 1958<\/p>\n\n\n\n<div style=\"height:40px\" aria-hidden=\"true\" class=\"wp-block-spacer\"><\/div>\n<\/div>\n\n\n\n<div class=\"wp-block-column has-neve-text-color-color has-text-color is-layout-flow wp-block-column-is-layout-flow\"><div class=\"wp-block-image img-animation is-style-default\">\n<figure class=\"aligncenter size-full popmake-2142\"><img loading=\"lazy\" decoding=\"async\" width=\"788\" height=\"788\" src=\"https:\/\/100anni.units.it\/wp-content\/uploads\/2023\/09\/07.Sambo_.Cammarata-1.jpg\" alt=\"immagine dipinto del Rettore Cammarata\" class=\"wp-image-2223\" style=\"aspect-ratio:1;object-fit:cover\" srcset=\"https:\/\/100anni.units.it\/wp-content\/uploads\/2023\/09\/07.Sambo_.Cammarata-1.jpg 788w, https:\/\/100anni.units.it\/wp-content\/uploads\/2023\/09\/07.Sambo_.Cammarata-1-300x300.jpg 300w, https:\/\/100anni.units.it\/wp-content\/uploads\/2023\/09\/07.Sambo_.Cammarata-1-150x150.jpg 150w, https:\/\/100anni.units.it\/wp-content\/uploads\/2023\/09\/07.Sambo_.Cammarata-1-768x768.jpg 768w\" sizes=\"auto, (max-width: 788px) 100vw, 788px\" \/><\/figure>\n<\/div>\n\n\n<div style=\"height:24px\" aria-hidden=\"true\" class=\"wp-block-spacer\"><\/div>\n\n\n\n<h3 class=\"wp-block-heading has-text-align-center has-neve-link-color-color has-text-color popmake-2142\" style=\"font-size:37px\">Angelo Ermanno Cammarata<\/h3>\n\n\n\n<p class=\"has-text-align-center has-neve-text-color-color has-text-color\">1946 \u2013 1952<\/p>\n\n\n\n<div style=\"height:40px\" aria-hidden=\"true\" class=\"wp-block-spacer\"><\/div>\n<\/div>\n\n\n\n<div class=\"wp-block-column has-neve-text-color-color has-text-color is-layout-flow wp-block-column-is-layout-flow\"><div class=\"wp-block-image img-animation is-style-default\">\n<figure class=\"aligncenter size-full popmake-2138\"><img loading=\"lazy\" decoding=\"async\" width=\"788\" height=\"788\" src=\"https:\/\/100anni.units.it\/wp-content\/uploads\/2023\/09\/05.Sambo_.Viora_-1.jpg\" alt=\"immagine dipinto del Rettore Viora\" class=\"wp-image-2221\" style=\"aspect-ratio:1;object-fit:cover\" srcset=\"https:\/\/100anni.units.it\/wp-content\/uploads\/2023\/09\/05.Sambo_.Viora_-1.jpg 788w, https:\/\/100anni.units.it\/wp-content\/uploads\/2023\/09\/05.Sambo_.Viora_-1-300x300.jpg 300w, https:\/\/100anni.units.it\/wp-content\/uploads\/2023\/09\/05.Sambo_.Viora_-1-150x150.jpg 150w, https:\/\/100anni.units.it\/wp-content\/uploads\/2023\/09\/05.Sambo_.Viora_-1-768x768.jpg 768w\" sizes=\"auto, (max-width: 788px) 100vw, 788px\" \/><\/figure>\n<\/div>\n\n\n<div style=\"height:24px\" aria-hidden=\"true\" class=\"wp-block-spacer\"><\/div>\n\n\n\n<h3 class=\"wp-block-heading has-text-align-center has-neve-link-color-color has-text-color popmake-2138\" style=\"font-size:37px\">Mario Enrico Viora<\/h3>\n\n\n\n<p class=\"has-text-align-center has-neve-text-color-color has-text-color\">1942 \u2013 1944<\/p>\n\n\n\n<div style=\"height:40px\" aria-hidden=\"true\" class=\"wp-block-spacer\"><\/div>\n<\/div>\n<\/div>\n\n\n\n<div style=\"height:40px\" aria-hidden=\"true\" class=\"wp-block-spacer\"><\/div>\n<\/div><\/div>\n<\/div><\/div>\n\n\n\n<div class=\"wp-block-cover alignfull\" style=\"min-height:600px;aspect-ratio:unset;\"><span aria-hidden=\"true\" class=\"wp-block-cover__background has-nv-light-bg-background-color has-background-dim-100 has-background-dim\"><\/span><div class=\"wp-block-cover__inner-container is-layout-flow wp-block-cover-is-layout-flow\">\n<div class=\"wp-block-group\"><div class=\"wp-block-group__inner-container is-layout-flow wp-block-group-is-layout-flow\">\n<div style=\"height:80px\" aria-hidden=\"true\" class=\"wp-block-spacer\"><\/div>\n\n\n\n<div class=\"wp-block-columns is-layout-flex wp-container-core-columns-is-layout-9d6595d7 wp-block-columns-is-layout-flex\">\n<div class=\"wp-block-column is-layout-flow wp-block-column-is-layout-flow\"><div class=\"wp-block-image img-animation is-style-default popmake-987\">\n<figure class=\"aligncenter size-full popmake-2134\"><img loading=\"lazy\" decoding=\"async\" width=\"788\" height=\"788\" src=\"https:\/\/100anni.units.it\/wp-content\/uploads\/2023\/09\/03.Sambo_.Udina_-1.jpg\" alt=\"immagine dipinto del Rettore Udina\" class=\"wp-image-2219\" style=\"aspect-ratio:1;object-fit:cover\" srcset=\"https:\/\/100anni.units.it\/wp-content\/uploads\/2023\/09\/03.Sambo_.Udina_-1.jpg 788w, https:\/\/100anni.units.it\/wp-content\/uploads\/2023\/09\/03.Sambo_.Udina_-1-300x300.jpg 300w, https:\/\/100anni.units.it\/wp-content\/uploads\/2023\/09\/03.Sambo_.Udina_-1-150x150.jpg 150w, https:\/\/100anni.units.it\/wp-content\/uploads\/2023\/09\/03.Sambo_.Udina_-1-768x768.jpg 768w\" sizes=\"auto, (max-width: 788px) 100vw, 788px\" \/><\/figure>\n<\/div>\n\n\n<div style=\"height:24px\" aria-hidden=\"true\" class=\"wp-block-spacer\"><\/div>\n\n\n\n<h3 class=\"wp-block-heading has-text-align-center popmake-987 has-neve-link-color-color has-text-color popmake-2134\" style=\"font-size:37px\">Manlio Udina<\/h3>\n\n\n\n<p class=\"has-text-align-center has-neve-text-color-color has-text-color\">1930 \u2013 1939<\/p>\n\n\n\n<div style=\"height:40px\" aria-hidden=\"true\" class=\"wp-block-spacer\"><\/div>\n<\/div>\n\n\n\n<div class=\"wp-block-column has-neve-text-color-color has-text-color is-layout-flow wp-block-column-is-layout-flow\"><div class=\"wp-block-image img-animation is-style-default\">\n<figure class=\"aligncenter size-full popmake-2130\"><img loading=\"lazy\" decoding=\"async\" width=\"788\" height=\"788\" src=\"https:\/\/100anni.units.it\/wp-content\/uploads\/2023\/09\/02.Sambo_.Morpurgo-1.jpg\" alt=\"immagine dipinto del Rettore Morpurgo\" class=\"wp-image-2218\" style=\"aspect-ratio:1;object-fit:cover\" srcset=\"https:\/\/100anni.units.it\/wp-content\/uploads\/2023\/09\/02.Sambo_.Morpurgo-1.jpg 788w, https:\/\/100anni.units.it\/wp-content\/uploads\/2023\/09\/02.Sambo_.Morpurgo-1-300x300.jpg 300w, https:\/\/100anni.units.it\/wp-content\/uploads\/2023\/09\/02.Sambo_.Morpurgo-1-150x150.jpg 150w, https:\/\/100anni.units.it\/wp-content\/uploads\/2023\/09\/02.Sambo_.Morpurgo-1-768x768.jpg 768w\" sizes=\"auto, (max-width: 788px) 100vw, 788px\" \/><\/figure>\n<\/div>\n\n\n<div style=\"height:24px\" aria-hidden=\"true\" class=\"wp-block-spacer\"><\/div>\n\n\n\n<h3 class=\"wp-block-heading has-text-align-center has-neve-link-color-color has-text-color popmake-2130\" style=\"font-size:37px\">Giulio Morpurgo<\/h3>\n\n\n\n<p class=\"has-text-align-center has-neve-text-color-color has-text-color\">1926 \u2013 1930<\/p>\n\n\n\n<div style=\"height:40px\" aria-hidden=\"true\" class=\"wp-block-spacer\"><\/div>\n<\/div>\n\n\n\n<div class=\"wp-block-column has-neve-text-color-color has-text-color is-layout-flow wp-block-column-is-layout-flow\"><div class=\"wp-block-image img-animation is-style-default\">\n<figure class=\"aligncenter size-full popmake-2125\"><img loading=\"lazy\" decoding=\"async\" width=\"788\" height=\"788\" src=\"https:\/\/100anni.units.it\/wp-content\/uploads\/2023\/09\/01.Sambo_.Asquini-1.jpg\" alt=\"immagine dipinto del Rettore Ascquini\" class=\"wp-image-2217\" style=\"aspect-ratio:1;object-fit:cover\" srcset=\"https:\/\/100anni.units.it\/wp-content\/uploads\/2023\/09\/01.Sambo_.Asquini-1.jpg 788w, https:\/\/100anni.units.it\/wp-content\/uploads\/2023\/09\/01.Sambo_.Asquini-1-300x300.jpg 300w, https:\/\/100anni.units.it\/wp-content\/uploads\/2023\/09\/01.Sambo_.Asquini-1-150x150.jpg 150w, https:\/\/100anni.units.it\/wp-content\/uploads\/2023\/09\/01.Sambo_.Asquini-1-768x768.jpg 768w\" sizes=\"auto, (max-width: 788px) 100vw, 788px\" \/><\/figure>\n<\/div>\n\n\n<div style=\"height:24px\" aria-hidden=\"true\" class=\"wp-block-spacer\"><\/div>\n\n\n\n<h3 class=\"wp-block-heading has-text-align-center has-neve-link-color-color has-text-color popmake-2125\" style=\"font-size:37px\">Alberto Asquini<\/h3>\n\n\n\n<p class=\"has-text-align-center has-neve-text-color-color has-text-color\">1924 \u2013 1926<\/p>\n\n\n\n<div style=\"height:40px\" aria-hidden=\"true\" class=\"wp-block-spacer\"><\/div>\n<\/div>\n<\/div>\n\n\n\n<div style=\"height:40px\" aria-hidden=\"true\" class=\"wp-block-spacer\"><\/div>\n<\/div><\/div>\n<\/div><\/div>\n","protected":false},"excerpt":{"rendered":"<p>Rettori Le personalit\u00e0 che hanno guidato l&#8217;Ateneo nei suoi primi 100 anni Rettori Facenti Funzione \u00bb<\/p>\n","protected":false},"author":1,"featured_media":4718,"parent":0,"menu_order":0,"comment_status":"closed","ping_status":"closed","template":"","meta":{"neve_meta_sidebar":"","neve_meta_container":"","neve_meta_enable_content_width":"on","neve_meta_content_width":100,"neve_meta_title_alignment":"","neve_meta_author_avatar":"","neve_post_elements_order":"","neve_meta_disable_header":"","neve_meta_disable_footer":"","neve_meta_disable_title":"on","_EventAllDay":false,"_EventTimezone":"","_EventStartDate":"","_EventEndDate":"","_EventStartDateUTC":"","_EventEndDateUTC":"","_EventShowMap":false,"_EventShowMapLink":false,"_EventURL":"","_EventCost":"","_EventCostDescription":"","_EventCurrencySymbol":"","_EventCurrencyCode":"","_EventCurrencyPosition":"","_EventDateTimeSeparator":"","_EventTimeRangeSeparator":"","_EventOrganizerID":[],"_EventVenueID":[],"_OrganizerEmail":"","_OrganizerPhone":"","_OrganizerWebsite":"","_VenueAddress":"","_VenueCity":"","_VenueCountry":"","_VenueProvince":"","_VenueState":"","_VenueZip":"","_VenuePhone":"","_VenueURL":"","_VenueStateProvince":"","_VenueLat":"","_VenueLng":"","_VenueShowMap":false,"_VenueShowMapLink":false,"_ti_tpc_template_sync":false,"_ti_tpc_template_id":"","footnotes":""},"class_list":["post-1368","page","type-page","status-publish","has-post-thumbnail","hentry"],"yoast_head":"<!-- This site is optimized with the Yoast SEO plugin v21.0 - https:\/\/yoast.com\/wordpress\/plugins\/seo\/ -->\n<title>Rettori &ndash; #100UniTS<\/title>\n<meta name=\"description\" content=\"Le personalit\u00e0 che hanno guidato l\u2019Ateneo nei suoi primi 100 anni\" \/>\n<meta name=\"robots\" content=\"index, follow, max-snippet:-1, max-image-preview:large, max-video-preview:-1\" \/>\n<link rel=\"canonical\" href=\"https:\/\/100anni.units.it\/index.php\/rettori\/\" \/>\n<meta property=\"og:locale\" content=\"it_IT\" \/>\n<meta property=\"og:type\" content=\"article\" \/>\n<meta property=\"og:title\" content=\"Rettori &ndash; #100UniTS\" \/>\n<meta property=\"og:description\" content=\"Le personalit\u00e0 che hanno guidato l\u2019Ateneo nei suoi primi 100 anni\" \/>\n<meta property=\"og:url\" content=\"https:\/\/100anni.units.it\/index.php\/rettori\/\" \/>\n<meta property=\"og:site_name\" content=\"#100UniTS\" \/>\n<meta property=\"article:publisher\" content=\"https:\/\/www.facebook.com\/universitatrieste\" \/>\n<meta property=\"article:modified_time\" content=\"2025-08-12T10:58:08+00:00\" \/>\n<meta property=\"og:image\" content=\"https:\/\/100anni.units.it\/wp-content\/uploads\/2024\/03\/100units_ill_centenario_dimensioniridottepng.png\" \/>\n\t<meta property=\"og:image:width\" content=\"1690\" \/>\n\t<meta property=\"og:image:height\" content=\"1324\" \/>\n\t<meta property=\"og:image:type\" content=\"image\/png\" \/>\n<meta name=\"twitter:card\" content=\"summary_large_image\" \/>\n<meta name=\"twitter:site\" content=\"@UniTrieste\" \/>\n<meta name=\"twitter:label1\" content=\"Tempo di lettura stimato\" \/>\n\t<meta name=\"twitter:data1\" content=\"4 minuti\" \/>\n<script type=\"application\/ld+json\" class=\"yoast-schema-graph\">{\"@context\":\"https:\/\/schema.org\",\"@graph\":[{\"@type\":\"WebPage\",\"@id\":\"https:\/\/100anni.units.it\/index.php\/rettori\/\",\"url\":\"https:\/\/100anni.units.it\/index.php\/rettori\/\",\"name\":\"Rettori &ndash; #100UniTS\",\"isPartOf\":{\"@id\":\"https:\/\/100anni.units.it\/#website\"},\"datePublished\":\"2023-09-15T09:31:52+00:00\",\"dateModified\":\"2025-08-12T10:58:08+00:00\",\"description\":\"Le personalit\u00e0 che hanno guidato l\u2019Ateneo nei suoi primi 100 anni\",\"inLanguage\":\"it-IT\",\"potentialAction\":[{\"@type\":\"ReadAction\",\"target\":[\"https:\/\/100anni.units.it\/index.php\/rettori\/\"]}]},{\"@type\":\"WebSite\",\"@id\":\"https:\/\/100anni.units.it\/#website\",\"url\":\"https:\/\/100anni.units.it\/\",\"name\":\"#100UniTS\",\"description\":\"Ogni giorno, da cento anni, con noi puoi scoprire ci\u00f2 che sar\u00e0 realt\u00e0 nel futuro. Celebriamo insieme un secolo di ricerca, eccellenza, creativit\u00e0 e ingegno umano.\",\"publisher\":{\"@id\":\"https:\/\/100anni.units.it\/#organization\"},\"potentialAction\":[{\"@type\":\"SearchAction\",\"target\":{\"@type\":\"EntryPoint\",\"urlTemplate\":\"https:\/\/100anni.units.it\/?s={search_term_string}\"},\"query-input\":\"required name=search_term_string\"}],\"inLanguage\":\"it-IT\"},{\"@type\":\"Organization\",\"@id\":\"https:\/\/100anni.units.it\/#organization\",\"name\":\"Universit\u00e0 degli Studi di Trieste\",\"alternateName\":\"UniTS\",\"url\":\"https:\/\/100anni.units.it\/\",\"logo\":{\"@type\":\"ImageObject\",\"inLanguage\":\"it-IT\",\"@id\":\"https:\/\/100anni.units.it\/#\/schema\/logo\/image\/\",\"url\":\"https:\/\/100anni.units.it\/wp-content\/uploads\/2023\/08\/units_sigillo.png\",\"contentUrl\":\"https:\/\/100anni.units.it\/wp-content\/uploads\/2023\/08\/units_sigillo.png\",\"width\":696,\"height\":696,\"caption\":\"Universit\u00e0 degli Studi di Trieste\"},\"image\":{\"@id\":\"https:\/\/100anni.units.it\/#\/schema\/logo\/image\/\"},\"sameAs\":[\"https:\/\/www.facebook.com\/universitatrieste\",\"https:\/\/twitter.com\/UniTrieste\"]}]}<\/script>\n<!-- \/ Yoast SEO plugin. -->","yoast_head_json":{"title":"Rettori &ndash; #100UniTS","description":"Le personalit\u00e0 che hanno guidato l\u2019Ateneo nei suoi primi 100 anni","robots":{"index":"index","follow":"follow","max-snippet":"max-snippet:-1","max-image-preview":"max-image-preview:large","max-video-preview":"max-video-preview:-1"},"canonical":"https:\/\/100anni.units.it\/index.php\/rettori\/","og_locale":"it_IT","og_type":"article","og_title":"Rettori &ndash; #100UniTS","og_description":"Le personalit\u00e0 che hanno guidato l\u2019Ateneo nei suoi primi 100 anni","og_url":"https:\/\/100anni.units.it\/index.php\/rettori\/","og_site_name":"#100UniTS","article_publisher":"https:\/\/www.facebook.com\/universitatrieste","article_modified_time":"2025-08-12T10:58:08+00:00","og_image":[{"width":1690,"height":1324,"url":"https:\/\/100anni.units.it\/wp-content\/uploads\/2024\/03\/100units_ill_centenario_dimensioniridottepng.png","type":"image\/png"}],"twitter_card":"summary_large_image","twitter_site":"@UniTrieste","twitter_misc":{"Tempo di lettura stimato":"4 minuti"},"schema":{"@context":"https:\/\/schema.org","@graph":[{"@type":"WebPage","@id":"https:\/\/100anni.units.it\/index.php\/rettori\/","url":"https:\/\/100anni.units.it\/index.php\/rettori\/","name":"Rettori &ndash; #100UniTS","isPartOf":{"@id":"https:\/\/100anni.units.it\/#website"},"datePublished":"2023-09-15T09:31:52+00:00","dateModified":"2025-08-12T10:58:08+00:00","description":"Le personalit\u00e0 che hanno guidato l\u2019Ateneo nei suoi primi 100 anni","inLanguage":"it-IT","potentialAction":[{"@type":"ReadAction","target":["https:\/\/100anni.units.it\/index.php\/rettori\/"]}]},{"@type":"WebSite","@id":"https:\/\/100anni.units.it\/#website","url":"https:\/\/100anni.units.it\/","name":"#100UniTS","description":"Ogni giorno, da cento anni, con noi puoi scoprire ci\u00f2 che sar\u00e0 realt\u00e0 nel futuro. Celebriamo insieme un secolo di ricerca, eccellenza, creativit\u00e0 e ingegno umano.","publisher":{"@id":"https:\/\/100anni.units.it\/#organization"},"potentialAction":[{"@type":"SearchAction","target":{"@type":"EntryPoint","urlTemplate":"https:\/\/100anni.units.it\/?s={search_term_string}"},"query-input":"required name=search_term_string"}],"inLanguage":"it-IT"},{"@type":"Organization","@id":"https:\/\/100anni.units.it\/#organization","name":"Universit\u00e0 degli Studi di Trieste","alternateName":"UniTS","url":"https:\/\/100anni.units.it\/","logo":{"@type":"ImageObject","inLanguage":"it-IT","@id":"https:\/\/100anni.units.it\/#\/schema\/logo\/image\/","url":"https:\/\/100anni.units.it\/wp-content\/uploads\/2023\/08\/units_sigillo.png","contentUrl":"https:\/\/100anni.units.it\/wp-content\/uploads\/2023\/08\/units_sigillo.png","width":696,"height":696,"caption":"Universit\u00e0 degli Studi di Trieste"},"image":{"@id":"https:\/\/100anni.units.it\/#\/schema\/logo\/image\/"},"sameAs":["https:\/\/www.facebook.com\/universitatrieste","https:\/\/twitter.com\/UniTrieste"]}]}},"_links":{"self":[{"href":"https:\/\/100anni.units.it\/index.php\/wp-json\/wp\/v2\/pages\/1368","targetHints":{"allow":["GET"]}}],"collection":[{"href":"https:\/\/100anni.units.it\/index.php\/wp-json\/wp\/v2\/pages"}],"about":[{"href":"https:\/\/100anni.units.it\/index.php\/wp-json\/wp\/v2\/types\/page"}],"author":[{"embeddable":true,"href":"https:\/\/100anni.units.it\/index.php\/wp-json\/wp\/v2\/users\/1"}],"replies":[{"embeddable":true,"href":"https:\/\/100anni.units.it\/index.php\/wp-json\/wp\/v2\/comments?post=1368"}],"version-history":[{"count":28,"href":"https:\/\/100anni.units.it\/index.php\/wp-json\/wp\/v2\/pages\/1368\/revisions"}],"predecessor-version":[{"id":8031,"href":"https:\/\/100anni.units.it\/index.php\/wp-json\/wp\/v2\/pages\/1368\/revisions\/8031"}],"wp:featuredmedia":[{"embeddable":true,"href":"https:\/\/100anni.units.it\/index.php\/wp-json\/wp\/v2\/media\/4718"}],"wp:attachment":[{"href":"https:\/\/100anni.units.it\/index.php\/wp-json\/wp\/v2\/media?parent=1368"}],"curies":[{"name":"wp","href":"https:\/\/api.w.org\/{rel}","templated":true}]}}