{"id":268,"date":"2023-08-30T15:08:43","date_gmt":"2023-08-30T13:08:43","guid":{"rendered":"https:\/\/100anni.units.it\/?page_id=268"},"modified":"2024-01-22T14:34:36","modified_gmt":"2024-01-22T13:34:36","slug":"i-miei-pupoli-gaetano-kanizsa-scienziato-e-artista","status":"publish","type":"page","link":"https:\/\/100anni.units.it\/index.php\/home\/i-miei-pupoli-gaetano-kanizsa-scienziato-e-artista\/","title":{"rendered":"<i>I miei p\u00f9poli:<\/i> Gaetano Kanizsa, scienziato e artista"},"content":{"rendered":"\n<div class=\"wp-block-group\"><div class=\"wp-block-group__inner-container is-layout-constrained wp-block-group-is-layout-constrained\">\n<div style=\"height:25px\" aria-hidden=\"true\" class=\"wp-block-spacer\"><\/div>\n\n\n<div class=\"yoast-breadcrumbs\"><span><span><a href=\"https:\/\/100anni.units.it\/\">Home<\/a><\/span> \u00bb <span class=\"breadcrumb_last\" aria-current=\"page\">I miei p\u00f9poli: Gaetano Kanizsa, scienziato e artista<\/span><\/span><\/div>\n\n\n<div style=\"height:40px\" aria-hidden=\"true\" class=\"wp-block-spacer\"><\/div>\n<\/div><\/div>\n\n\n\n<h1 class=\"wp-block-heading has-neve-link-color-color has-text-color\"><em>I miei p\u00f9poli<\/em> <\/h1>\n\n\n\n<h2 class=\"wp-block-heading has-neve-link-color-color has-text-color\">Gaetano Kanizsa, scienziato e artista<\/h2>\n\n\n\n<div style=\"height:30px\" aria-hidden=\"true\" class=\"wp-block-spacer\"><\/div>\n\n\n\n<div class=\"wp-block-columns is-layout-flex wp-container-core-columns-is-layout-9d6595d7 wp-block-columns-is-layout-flex\">\n<div class=\"wp-block-column is-vertically-aligned-top is-layout-flow wp-block-column-is-layout-flow\" style=\"flex-basis:66.66%\">\n<p class=\"has-medium-font-size\">L&#8217;Universit\u00e0 degli Studi di Trieste ospita la mostra permanente <em>I miei p\u00f9poli<\/em> che ripropone i contenuti di quella realizzata nel 2020 al Museo Revoltella di Trieste. Si tratta della prima mostra sulle due espressioni della creativit\u00e0 visiva di un grande protagonista della psicologia del &#8216;900 e si sofferma sul tema della percezione e di produzione di oggetti visivi.<br><\/p>\n\n\n\n<p class=\"has-medium-font-size\">La mostra originale esponeva <strong>opere scientifiche ed artistiche<\/strong>. Quelle artistiche, di propriet\u00e0 della figlia di Gaetano Kanitzsa e custodite a Biella, vengono presentate in questo riallestimento attraverso delle riproduzioni degli originali. Le opere scientifiche, come ad esempio due versioni del <em>Triangolo di Kanizsa<\/em>, sono invece qui esposte in originale.<\/p>\n\n\n\n<div style=\"height:15px\" aria-hidden=\"true\" class=\"wp-block-spacer\"><\/div>\n\n\n\n<div style=\"height:20px\" aria-hidden=\"true\" class=\"wp-block-spacer\"><\/div>\n<\/div>\n\n\n\n<div class=\"wp-block-column is-layout-flow wp-block-column-is-layout-flow\" style=\"flex-basis:40%\">\n<figure class=\"wp-block-image size-large\"><img loading=\"lazy\" decoding=\"async\" width=\"724\" height=\"1024\" src=\"https:\/\/100anni.units.it\/wp-content\/uploads\/2023\/08\/100UniTS_event_Kanizsa_img-724x1024.jpg\" alt=\"immagine locandina per mostra I miei p\u00f9poli di Gaetano Kanizsa\" class=\"wp-image-156\" srcset=\"https:\/\/100anni.units.it\/wp-content\/uploads\/2023\/08\/100UniTS_event_Kanizsa_img-724x1024.jpg 724w, https:\/\/100anni.units.it\/wp-content\/uploads\/2023\/08\/100UniTS_event_Kanizsa_img-212x300.jpg 212w, https:\/\/100anni.units.it\/wp-content\/uploads\/2023\/08\/100UniTS_event_Kanizsa_img-768x1087.jpg 768w, https:\/\/100anni.units.it\/wp-content\/uploads\/2023\/08\/100UniTS_event_Kanizsa_img.jpg 1000w\" sizes=\"auto, (max-width: 724px) 100vw, 724px\" \/><\/figure>\n<\/div>\n<\/div>\n\n\n\n<div class=\"wp-block-cover alignfull\"><span aria-hidden=\"true\" class=\"wp-block-cover__background has-nv-light-bg-background-color has-background-dim-100 has-background-dim\"><\/span><div class=\"wp-block-cover__inner-container is-layout-flow wp-block-cover-is-layout-flow\">\n<div class=\"wp-block-group alignwide\"><div class=\"wp-block-group__inner-container is-layout-constrained wp-block-group-is-layout-constrained\">\n<div style=\"height:100px\" aria-hidden=\"true\" class=\"wp-block-spacer\"><\/div>\n\n\n\n<div class=\"wp-block-columns is-layout-flex wp-container-core-columns-is-layout-9d6595d7 wp-block-columns-is-layout-flex\">\n<div class=\"wp-block-column is-layout-flow wp-block-column-is-layout-flow\" style=\"flex-basis:100%\">\n<h1 class=\"wp-block-heading has-text-align-left has-neve-link-color-color has-text-color\">Le date<\/h1>\n<\/div>\n\n\n\n<div class=\"wp-block-column is-layout-flow wp-block-column-is-layout-flow\" style=\"flex-basis:100%\">\n<div class=\"wp-block-group is-vertical is-layout-flex wp-container-core-group-is-layout-8cf370e7 wp-block-group-is-layout-flex\">\n<h5 class=\"wp-block-heading has-neve-text-color-color has-text-color\" style=\"font-style:normal;font-weight:400\"><strong>4 settembre&nbsp;2023 ore 13:00&nbsp;<\/strong><\/h5>\n\n\n\n<h4 class=\"wp-block-heading has-neve-text-color-color has-text-color\" style=\"font-style:normal;font-weight:400\"><strong><a href=\"https:\/\/100anni.units.it\/index.php\/evento\/i-miei-pupoli-gaetano-kanizsa-scienziato-e-artista-inaugurazione\/\">Inaugurazione<\/a><\/strong><\/h4>\n\n\n\n<div class=\"wp-block-group is-nowrap is-layout-flex wp-container-core-group-is-layout-64989fb1 wp-block-group-is-layout-flex\">\n<div class=\"wp-block-boldblocks-svg-block\"><div class=\"wp-block-boldblocks-svg-block__inner\" style=\"--bb--width--sm:var(--bb--width--lg);--bb--width--md:var(--bb--width--lg);--bb--width--lg:15px;--bb--fill--color:var(--wp--preset--color--neve-link-color, var(--nv-primary-accent))\"><svg version=\"1.1\" id=\"Layer_1\" xmlns=\"http:\/\/www.w3.org\/2000\/svg\" xmlns:xlink=\"http:\/\/www.w3.org\/1999\/xlink\" x=\"0px\" y=\"0px\" viewBox=\"0 0 234.67 300\" xml:space=\"preserve\">\n<style type=\"text\/css\">\n\t.st0{fill:#2B2B2B;}\n<\/style>\n<path class=\"st0\" d=\"M117.33,0C59.83,0,13.22,46.61,13.22,104.11c0,9.88,1.41,19.43,3.98,28.48c1.58,5.58,3.32,11.11,6.05,16.12\n\tC44.6,187.81,117.33,300,117.33,300s72.74-112.2,94.09-151.28c2.73-5.01,4.46-10.54,6.05-16.12c2.57-9.06,3.98-18.6,3.98-28.48\n\tC221.45,46.61,174.83,0,117.33,0z M117.33,149.96c-14.52,0-27.48-6.79-35.88-17.36c-6.23-7.83-9.96-17.73-9.96-28.48\n\tc0-25.28,20.57-45.84,45.85-45.84c25.28,0,45.84,20.57,45.84,45.84c0,10.76-3.73,20.66-9.96,28.48\n\tC144.81,143.16,131.85,149.96,117.33,149.96z\"><\/path>\n<\/svg><\/div><\/div>\n\n\n\n<h5 class=\"wp-block-heading has-neve-text-color-color has-text-color\" style=\"font-style:normal;font-weight:400\"><strong><strong>Edificio A, corridoio 2\u00b0 piano \u2013 Universit\u00e0 degli Studi di Trieste<\/strong><\/strong><\/h5>\n<\/div>\n\n\n\n<p class=\"has-neve-link-color-color has-text-color\">Evento su invito<\/p>\n\n\n\n<div style=\"height:0px\" aria-hidden=\"true\" class=\"wp-block-spacer wp-container-content-62aae154\"><\/div>\n<\/div>\n<\/div>\n\n\n\n<div class=\"wp-block-column is-layout-flow wp-block-column-is-layout-flow\" style=\"flex-basis:100%\">\n<div class=\"wp-block-group is-vertical is-layout-flex wp-container-core-group-is-layout-8cf370e7 wp-block-group-is-layout-flex\">\n<h5 class=\"wp-block-heading has-neve-text-color-color has-text-color\" style=\"font-style:normal;font-weight:400\"><strong>5 settembre 2023 <strong><strong>\u2013 <\/strong><\/strong>31 dicembre 2024<\/strong><\/h5>\n\n\n\n<h4 class=\"wp-block-heading has-neve-text-color-color has-text-color\" style=\"font-style:normal;font-weight:400\"><a href=\"https:\/\/100anni.units.it\/index.php\/evento\/i-miei-pupoli-gaetano-kanizsa-scienziato-e-artista-mostra-permanente\/\"><strong>Mostra permanente<\/strong><\/a><\/h4>\n\n\n\n<div class=\"wp-block-group is-nowrap is-layout-flex wp-container-core-group-is-layout-64989fb1 wp-block-group-is-layout-flex\">\n<div class=\"wp-block-boldblocks-svg-block\"><div class=\"wp-block-boldblocks-svg-block__inner\" style=\"--bb--width--sm:var(--bb--width--lg);--bb--width--md:var(--bb--width--lg);--bb--width--lg:15px;--bb--fill--color:var(--wp--preset--color--neve-link-color, var(--nv-primary-accent))\"><svg version=\"1.1\" id=\"Layer_1\" xmlns=\"http:\/\/www.w3.org\/2000\/svg\" xmlns:xlink=\"http:\/\/www.w3.org\/1999\/xlink\" x=\"0px\" y=\"0px\" viewBox=\"0 0 234.67 300\" xml:space=\"preserve\">\n<style type=\"text\/css\">\n\t.st0{fill:#2B2B2B;}\n<\/style>\n<path class=\"st0\" d=\"M117.33,0C59.83,0,13.22,46.61,13.22,104.11c0,9.88,1.41,19.43,3.98,28.48c1.58,5.58,3.32,11.11,6.05,16.12\n\tC44.6,187.81,117.33,300,117.33,300s72.74-112.2,94.09-151.28c2.73-5.01,4.46-10.54,6.05-16.12c2.57-9.06,3.98-18.6,3.98-28.48\n\tC221.45,46.61,174.83,0,117.33,0z M117.33,149.96c-14.52,0-27.48-6.79-35.88-17.36c-6.23-7.83-9.96-17.73-9.96-28.48\n\tc0-25.28,20.57-45.84,45.85-45.84c25.28,0,45.84,20.57,45.84,45.84c0,10.76-3.73,20.66-9.96,28.48\n\tC144.81,143.16,131.85,149.96,117.33,149.96z\"><\/path>\n<\/svg><\/div><\/div>\n\n\n\n<h5 class=\"wp-block-heading has-neve-text-color-color has-text-color\" style=\"font-style:normal;font-weight:400\"><strong><strong>Edificio A, corridoio 2\u00b0 piano \u2013 Universit\u00e0 degli Studi di Trieste<\/strong><\/strong><\/h5>\n<\/div>\n\n\n\n<p class=\"has-neve-link-color-color has-text-color\">Ingresso libero<\/p>\n\n\n\n<div style=\"height:0px\" aria-hidden=\"true\" class=\"wp-block-spacer wp-container-content-62aae154\"><\/div>\n<\/div>\n<\/div>\n<\/div>\n\n\n\n<div class=\"wp-block-buttons is-content-justification-center is-layout-flex wp-container-core-buttons-is-layout-16018d1d wp-block-buttons-is-layout-flex\">\n<div class=\"wp-block-button is-style-primary\"><a class=\"wp-block-button__link wp-element-button\" href=\"https:\/\/youtu.be\/zsdrFKyOE1s\" target=\"_blank\" rel=\"noreferrer noopener\">Guarda il video dell&#8217;inaugurazione<\/a><\/div>\n<\/div>\n\n\n\n<div style=\"height:50px\" aria-hidden=\"true\" class=\"wp-block-spacer\"><\/div>\n<\/div><\/div>\n<\/div><\/div>\n\n\n\n<div style=\"height:100px\" aria-hidden=\"true\" class=\"wp-block-spacer\"><\/div>\n\n\n\n<h2 class=\"wp-block-heading has-neve-link-color-color has-text-color\">Curatori<\/h2>\n\n\n\n<div class=\"wp-block-media-text has-media-on-the-right is-stacked-on-mobile\" style=\"grid-template-columns:auto 30%\"><div class=\"wp-block-media-text__content\">\n<div style=\"height:50px\" aria-hidden=\"true\" class=\"wp-block-spacer\"><\/div>\n\n\n\n<div class=\"wp-block-group is-vertical is-layout-flex wp-container-core-group-is-layout-8cf370e7 wp-block-group-is-layout-flex\">\n<h3 class=\"wp-block-heading has-neve-link-color-color has-text-color\" style=\"font-size:37px\">Walter Gerbino<\/h3>\n\n\n\n<div style=\"height:0px\" aria-hidden=\"true\" class=\"wp-block-spacer wp-container-content-cf2db169\"><\/div>\n<\/div>\n\n\n\n<div class=\"wp-block-group is-vertical is-layout-flex wp-container-core-group-is-layout-8cf370e7 wp-block-group-is-layout-flex\">\n<p class=\"has-neve-text-color-color has-text-color has-medium-font-size\">Professore emerito all\u2019Universit\u00e0 di Trieste, dopo la laurea nel 1973 con una tesi sperimentale supervisionata da Gaetano Kanizsa, nel 1983 gli succede sulla cattedra di psicologia generale. Negli anni Novanta promuove la crescita delle discipline psicologiche, con la nascita di un dipartimento autonomo, del corso di laurea e, nel 1997, della Facolt\u00e0 di Psicologia, di cui \u00e8 preside per due sessenni.<\/p>\n<\/div>\n\n\n\n<div style=\"height:50px\" aria-hidden=\"true\" class=\"wp-block-spacer\"><\/div>\n<\/div><figure class=\"wp-block-media-text__media\"><img loading=\"lazy\" decoding=\"async\" width=\"706\" height=\"706\" src=\"https:\/\/100anni.units.it\/wp-content\/uploads\/2023\/08\/100units_imieipupoli_WalterGerbino.jpg\" alt=\"foto Walter Gerbino\" class=\"wp-image-519 size-full\" srcset=\"https:\/\/100anni.units.it\/wp-content\/uploads\/2023\/08\/100units_imieipupoli_WalterGerbino.jpg 706w, https:\/\/100anni.units.it\/wp-content\/uploads\/2023\/08\/100units_imieipupoli_WalterGerbino-300x300.jpg 300w, https:\/\/100anni.units.it\/wp-content\/uploads\/2023\/08\/100units_imieipupoli_WalterGerbino-150x150.jpg 150w\" sizes=\"auto, (max-width: 706px) 100vw, 706px\" \/><\/figure><\/div>\n\n\n\n<div style=\"height:100px\" aria-hidden=\"true\" class=\"wp-block-spacer\"><\/div>\n\n\n\n<div class=\"wp-block-media-text is-stacked-on-mobile\" style=\"grid-template-columns:30% auto\"><figure class=\"wp-block-media-text__media\"><img loading=\"lazy\" decoding=\"async\" width=\"600\" height=\"600\" src=\"https:\/\/100anni.units.it\/wp-content\/uploads\/2023\/08\/100units_imieipupoli_CarloFantoni.jpg\" alt=\"foto Carlo Fantoni\" class=\"wp-image-272 size-full\" srcset=\"https:\/\/100anni.units.it\/wp-content\/uploads\/2023\/08\/100units_imieipupoli_CarloFantoni.jpg 600w, https:\/\/100anni.units.it\/wp-content\/uploads\/2023\/08\/100units_imieipupoli_CarloFantoni-300x300.jpg 300w, https:\/\/100anni.units.it\/wp-content\/uploads\/2023\/08\/100units_imieipupoli_CarloFantoni-150x150.jpg 150w\" sizes=\"auto, (max-width: 600px) 100vw, 600px\" \/><\/figure><div class=\"wp-block-media-text__content\">\n<div style=\"height:50px\" aria-hidden=\"true\" class=\"wp-block-spacer\"><\/div>\n\n\n\n<div class=\"wp-block-group is-vertical is-layout-flex wp-container-core-group-is-layout-8cf370e7 wp-block-group-is-layout-flex\">\n<h3 class=\"wp-block-heading has-neve-link-color-color has-text-color\" style=\"font-size:37px\">Carlo Fantoni<\/h3>\n\n\n\n<div style=\"height:0px\" aria-hidden=\"true\" class=\"wp-block-spacer wp-container-content-cf2db169\"><\/div>\n<\/div>\n\n\n\n<div class=\"wp-block-group is-vertical is-layout-flex wp-container-core-group-is-layout-8cf370e7 wp-block-group-is-layout-flex\">\n<p class=\"has-neve-text-color-color has-text-color has-medium-font-size\">Professore associato presso il Dipartimento di Scienze della Vita dopo aver conseguito il PhD nel 2003 e diverse esperienze di ricerca come Fulbright Researcher a UCLA, Post-Doc a Uniss, Visiting Researcher a Brown University, e Senior Tem Leader ad IIT, dal 2012 promuove presso il DSV l\u2019istituzione di diversi laboratori di psicologia sperimentale tra cui l\u2019active vision, l\u2019Eye Movement, e il Virtual Reality Lab, approfondendo tematiche di ricerca relative a completamenti amodali, percezione attiva e integrazione di indizi sensoriali e sociali.<\/p>\n<\/div>\n\n\n\n<div style=\"height:50px\" aria-hidden=\"true\" class=\"wp-block-spacer\"><\/div>\n<\/div><\/div>\n\n\n\n<div style=\"height:100px\" aria-hidden=\"true\" class=\"wp-block-spacer\"><\/div>\n\n\n\n<div class=\"wp-block-media-text has-media-on-the-right is-stacked-on-mobile\" style=\"grid-template-columns:auto 30%\"><div class=\"wp-block-media-text__content\">\n<div style=\"height:50px\" aria-hidden=\"true\" class=\"wp-block-spacer\"><\/div>\n\n\n\n<div class=\"wp-block-group is-vertical is-layout-flex wp-container-core-group-is-layout-8cf370e7 wp-block-group-is-layout-flex\">\n<h3 class=\"wp-block-heading has-neve-link-color-color has-text-color\" style=\"font-size:37px\">Paolo Bernardis<\/h3>\n\n\n\n<div style=\"height:0px\" aria-hidden=\"true\" class=\"wp-block-spacer wp-container-content-cf2db169\"><\/div>\n<\/div>\n\n\n\n<div class=\"wp-block-group is-vertical is-layout-flex wp-container-core-group-is-layout-8cf370e7 wp-block-group-is-layout-flex\">\n<p class=\"has-neve-text-color-color has-text-color has-medium-font-size\">Professore associato presso il Dipartimento di Scienze della Vita, direttore della Scuola di Specializzazione in Neuropsicologia e componente del Sistema museale dell\u2019Universit\u00e0 di Trieste. I suoi temi di ricerca riguardano il controllo motorio negli individui senza disturbi neurologici e nei pazienti con malattia di Parkinson. Responsabile del Laboratorio di Cognizione e Controllo motorio e del Laboratorio di Elettroencefalografia.<\/p>\n<\/div>\n\n\n\n<div style=\"height:50px\" aria-hidden=\"true\" class=\"wp-block-spacer\"><\/div>\n<\/div><figure class=\"wp-block-media-text__media\"><img loading=\"lazy\" decoding=\"async\" width=\"519\" height=\"519\" src=\"https:\/\/100anni.units.it\/wp-content\/uploads\/2023\/08\/100units_imieipupoli_PaoloBernardis.jpg\" alt=\"foto Paolo Bernardis\" class=\"wp-image-516 size-full\" srcset=\"https:\/\/100anni.units.it\/wp-content\/uploads\/2023\/08\/100units_imieipupoli_PaoloBernardis.jpg 519w, https:\/\/100anni.units.it\/wp-content\/uploads\/2023\/08\/100units_imieipupoli_PaoloBernardis-300x300.jpg 300w, https:\/\/100anni.units.it\/wp-content\/uploads\/2023\/08\/100units_imieipupoli_PaoloBernardis-150x150.jpg 150w\" sizes=\"auto, (max-width: 519px) 100vw, 519px\" \/><\/figure><\/div>\n\n\n\n<div style=\"height:100px\" aria-hidden=\"true\" class=\"wp-block-spacer\"><\/div>\n\n\n\n<div class=\"wp-block-group\"><div class=\"wp-block-group__inner-container is-layout-constrained wp-block-group-is-layout-constrained\">\n<div style=\"height:25px\" aria-hidden=\"true\" class=\"wp-block-spacer\"><\/div>\n\n\n<div class=\"yoast-breadcrumbs\"><span><span><a href=\"https:\/\/100anni.units.it\/\">Home<\/a><\/span> \u00bb <span class=\"breadcrumb_last\" aria-current=\"page\">I miei p\u00f9poli: Gaetano Kanizsa, scienziato e artista<\/span><\/span><\/div>\n\n\n<div style=\"height:40px\" aria-hidden=\"true\" class=\"wp-block-spacer\"><\/div>\n<\/div><\/div>\n","protected":false},"excerpt":{"rendered":"<p>I miei p\u00f9poli Gaetano Kanizsa, scienziato e artista L&#8217;Universit\u00e0 degli Studi di Trieste ospita la mostra permanente I miei p\u00f9poli che ripropone i contenuti di quella realizzata nel 2020 al&hellip;&nbsp;<a href=\"https:\/\/100anni.units.it\/index.php\/home\/i-miei-pupoli-gaetano-kanizsa-scienziato-e-artista\/\" class=\"\" rel=\"bookmark\">Leggi tutto &raquo;<span class=\"screen-reader-text\"><i>I miei p\u00f9poli:<\/i> Gaetano Kanizsa, scienziato e artista<\/span><\/a><\/p>\n","protected":false},"author":1,"featured_media":0,"parent":120,"menu_order":0,"comment_status":"closed","ping_status":"closed","template":"","meta":{"neve_meta_sidebar":"","neve_meta_container":"","neve_meta_enable_content_width":"","neve_meta_content_width":0,"neve_meta_title_alignment":"","neve_meta_author_avatar":"","neve_post_elements_order":"","neve_meta_disable_header":"","neve_meta_disable_footer":"","neve_meta_disable_title":"","_EventAllDay":false,"_EventTimezone":"","_EventStartDate":"","_EventEndDate":"","_EventStartDateUTC":"","_EventEndDateUTC":"","_EventShowMap":false,"_EventShowMapLink":false,"_EventURL":"","_EventCost":"","_EventCostDescription":"","_EventCurrencySymbol":"","_EventCurrencyCode":"","_EventCurrencyPosition":"","_EventDateTimeSeparator":"","_EventTimeRangeSeparator":"","_EventOrganizerID":[],"_EventVenueID":[],"_OrganizerEmail":"","_OrganizerPhone":"","_OrganizerWebsite":"","_VenueAddress":"","_VenueCity":"","_VenueCountry":"","_VenueProvince":"","_VenueState":"","_VenueZip":"","_VenuePhone":"","_VenueURL":"","_VenueStateProvince":"","_VenueLat":"","_VenueLng":"","_VenueShowMap":false,"_VenueShowMapLink":false,"_ti_tpc_template_sync":false,"_ti_tpc_template_id":"","footnotes":""},"class_list":["post-268","page","type-page","status-publish","hentry"],"yoast_head":"<!-- This site is optimized with the Yoast SEO plugin v21.0 - https:\/\/yoast.com\/wordpress\/plugins\/seo\/ -->\n<title>I miei p\u00f9poli: Gaetano Kanizsa, scienziato e artista &ndash; #100UniTS<\/title>\n<meta name=\"description\" content=\"L&#039;Universit\u00e0 degli Studi di Trieste ospita la mostra permanente I miei p\u00f9poli che ripropone i contenuti di quella realizzata nel 2020 al Museo Revoltella di Trieste.\" \/>\n<meta name=\"robots\" content=\"index, follow, max-snippet:-1, max-image-preview:large, max-video-preview:-1\" \/>\n<link rel=\"canonical\" href=\"https:\/\/100anni.units.it\/index.php\/home\/i-miei-pupoli-gaetano-kanizsa-scienziato-e-artista\/\" \/>\n<meta property=\"og:locale\" content=\"it_IT\" \/>\n<meta property=\"og:type\" content=\"article\" \/>\n<meta property=\"og:title\" content=\"I miei p\u00f9poli: Gaetano Kanizsa, scienziato e artista &ndash; #100UniTS\" \/>\n<meta property=\"og:description\" content=\"L&#039;Universit\u00e0 degli Studi di Trieste ospita la mostra permanente I miei p\u00f9poli che ripropone i contenuti di quella realizzata nel 2020 al Museo Revoltella di Trieste.\" \/>\n<meta property=\"og:url\" content=\"https:\/\/100anni.units.it\/index.php\/home\/i-miei-pupoli-gaetano-kanizsa-scienziato-e-artista\/\" \/>\n<meta property=\"og:site_name\" content=\"#100UniTS\" \/>\n<meta property=\"article:publisher\" content=\"https:\/\/www.facebook.com\/universitatrieste\" \/>\n<meta property=\"article:modified_time\" content=\"2024-01-22T13:34:36+00:00\" \/>\n<meta property=\"og:image\" content=\"https:\/\/100anni.units.it\/wp-content\/uploads\/2023\/08\/100UniTS_event_Kanizsa_img-724x1024.jpg\" \/>\n<meta name=\"twitter:card\" content=\"summary_large_image\" \/>\n<meta name=\"twitter:site\" content=\"@UniTrieste\" \/>\n<meta name=\"twitter:label1\" content=\"Tempo di lettura stimato\" \/>\n\t<meta name=\"twitter:data1\" content=\"3 minuti\" \/>\n<script type=\"application\/ld+json\" class=\"yoast-schema-graph\">{\"@context\":\"https:\/\/schema.org\",\"@graph\":[{\"@type\":\"WebPage\",\"@id\":\"https:\/\/100anni.units.it\/index.php\/home\/i-miei-pupoli-gaetano-kanizsa-scienziato-e-artista\/\",\"url\":\"https:\/\/100anni.units.it\/index.php\/home\/i-miei-pupoli-gaetano-kanizsa-scienziato-e-artista\/\",\"name\":\"I miei p\u00f9poli: Gaetano Kanizsa, scienziato e artista &ndash; #100UniTS\",\"isPartOf\":{\"@id\":\"https:\/\/100anni.units.it\/#website\"},\"datePublished\":\"2023-08-30T13:08:43+00:00\",\"dateModified\":\"2024-01-22T13:34:36+00:00\",\"description\":\"L'Universit\u00e0 degli Studi di Trieste ospita la mostra permanente I miei p\u00f9poli che ripropone i contenuti di quella realizzata nel 2020 al Museo Revoltella di Trieste.\",\"breadcrumb\":{\"@id\":\"https:\/\/100anni.units.it\/index.php\/home\/i-miei-pupoli-gaetano-kanizsa-scienziato-e-artista\/#breadcrumb\"},\"inLanguage\":\"it-IT\",\"potentialAction\":[{\"@type\":\"ReadAction\",\"target\":[\"https:\/\/100anni.units.it\/index.php\/home\/i-miei-pupoli-gaetano-kanizsa-scienziato-e-artista\/\"]}]},{\"@type\":\"BreadcrumbList\",\"@id\":\"https:\/\/100anni.units.it\/index.php\/home\/i-miei-pupoli-gaetano-kanizsa-scienziato-e-artista\/#breadcrumb\",\"itemListElement\":[{\"@type\":\"ListItem\",\"position\":1,\"name\":\"Home\",\"item\":\"https:\/\/100anni.units.it\/\"},{\"@type\":\"ListItem\",\"position\":2,\"name\":\"I miei p\u00f9poli: Gaetano Kanizsa, scienziato e artista\"}]},{\"@type\":\"WebSite\",\"@id\":\"https:\/\/100anni.units.it\/#website\",\"url\":\"https:\/\/100anni.units.it\/\",\"name\":\"#100UniTS\",\"description\":\"Ogni giorno, da cento anni, con noi puoi scoprire ci\u00f2 che sar\u00e0 realt\u00e0 nel futuro. Celebriamo insieme un secolo di ricerca, eccellenza, creativit\u00e0 e ingegno umano.\",\"publisher\":{\"@id\":\"https:\/\/100anni.units.it\/#organization\"},\"potentialAction\":[{\"@type\":\"SearchAction\",\"target\":{\"@type\":\"EntryPoint\",\"urlTemplate\":\"https:\/\/100anni.units.it\/?s={search_term_string}\"},\"query-input\":\"required name=search_term_string\"}],\"inLanguage\":\"it-IT\"},{\"@type\":\"Organization\",\"@id\":\"https:\/\/100anni.units.it\/#organization\",\"name\":\"Universit\u00e0 degli Studi di Trieste\",\"alternateName\":\"UniTS\",\"url\":\"https:\/\/100anni.units.it\/\",\"logo\":{\"@type\":\"ImageObject\",\"inLanguage\":\"it-IT\",\"@id\":\"https:\/\/100anni.units.it\/#\/schema\/logo\/image\/\",\"url\":\"https:\/\/100anni.units.it\/wp-content\/uploads\/2023\/08\/units_sigillo.png\",\"contentUrl\":\"https:\/\/100anni.units.it\/wp-content\/uploads\/2023\/08\/units_sigillo.png\",\"width\":696,\"height\":696,\"caption\":\"Universit\u00e0 degli Studi di Trieste\"},\"image\":{\"@id\":\"https:\/\/100anni.units.it\/#\/schema\/logo\/image\/\"},\"sameAs\":[\"https:\/\/www.facebook.com\/universitatrieste\",\"https:\/\/twitter.com\/UniTrieste\"]}]}<\/script>\n<!-- \/ Yoast SEO plugin. -->","yoast_head_json":{"title":"I miei p\u00f9poli: Gaetano Kanizsa, scienziato e artista &ndash; #100UniTS","description":"L'Universit\u00e0 degli Studi di Trieste ospita la mostra permanente I miei p\u00f9poli che ripropone i contenuti di quella realizzata nel 2020 al Museo Revoltella di Trieste.","robots":{"index":"index","follow":"follow","max-snippet":"max-snippet:-1","max-image-preview":"max-image-preview:large","max-video-preview":"max-video-preview:-1"},"canonical":"https:\/\/100anni.units.it\/index.php\/home\/i-miei-pupoli-gaetano-kanizsa-scienziato-e-artista\/","og_locale":"it_IT","og_type":"article","og_title":"I miei p\u00f9poli: Gaetano Kanizsa, scienziato e artista &ndash; #100UniTS","og_description":"L'Universit\u00e0 degli Studi di Trieste ospita la mostra permanente I miei p\u00f9poli che ripropone i contenuti di quella realizzata nel 2020 al Museo Revoltella di Trieste.","og_url":"https:\/\/100anni.units.it\/index.php\/home\/i-miei-pupoli-gaetano-kanizsa-scienziato-e-artista\/","og_site_name":"#100UniTS","article_publisher":"https:\/\/www.facebook.com\/universitatrieste","article_modified_time":"2024-01-22T13:34:36+00:00","og_image":[{"url":"https:\/\/100anni.units.it\/wp-content\/uploads\/2023\/08\/100UniTS_event_Kanizsa_img-724x1024.jpg"}],"twitter_card":"summary_large_image","twitter_site":"@UniTrieste","twitter_misc":{"Tempo di lettura stimato":"3 minuti"},"schema":{"@context":"https:\/\/schema.org","@graph":[{"@type":"WebPage","@id":"https:\/\/100anni.units.it\/index.php\/home\/i-miei-pupoli-gaetano-kanizsa-scienziato-e-artista\/","url":"https:\/\/100anni.units.it\/index.php\/home\/i-miei-pupoli-gaetano-kanizsa-scienziato-e-artista\/","name":"I miei p\u00f9poli: Gaetano Kanizsa, scienziato e artista &ndash; #100UniTS","isPartOf":{"@id":"https:\/\/100anni.units.it\/#website"},"datePublished":"2023-08-30T13:08:43+00:00","dateModified":"2024-01-22T13:34:36+00:00","description":"L'Universit\u00e0 degli Studi di Trieste ospita la mostra permanente I miei p\u00f9poli che ripropone i contenuti di quella realizzata nel 2020 al Museo Revoltella di Trieste.","breadcrumb":{"@id":"https:\/\/100anni.units.it\/index.php\/home\/i-miei-pupoli-gaetano-kanizsa-scienziato-e-artista\/#breadcrumb"},"inLanguage":"it-IT","potentialAction":[{"@type":"ReadAction","target":["https:\/\/100anni.units.it\/index.php\/home\/i-miei-pupoli-gaetano-kanizsa-scienziato-e-artista\/"]}]},{"@type":"BreadcrumbList","@id":"https:\/\/100anni.units.it\/index.php\/home\/i-miei-pupoli-gaetano-kanizsa-scienziato-e-artista\/#breadcrumb","itemListElement":[{"@type":"ListItem","position":1,"name":"Home","item":"https:\/\/100anni.units.it\/"},{"@type":"ListItem","position":2,"name":"I miei p\u00f9poli: Gaetano Kanizsa, scienziato e artista"}]},{"@type":"WebSite","@id":"https:\/\/100anni.units.it\/#website","url":"https:\/\/100anni.units.it\/","name":"#100UniTS","description":"Ogni giorno, da cento anni, con noi puoi scoprire ci\u00f2 che sar\u00e0 realt\u00e0 nel futuro. Celebriamo insieme un secolo di ricerca, eccellenza, creativit\u00e0 e ingegno umano.","publisher":{"@id":"https:\/\/100anni.units.it\/#organization"},"potentialAction":[{"@type":"SearchAction","target":{"@type":"EntryPoint","urlTemplate":"https:\/\/100anni.units.it\/?s={search_term_string}"},"query-input":"required name=search_term_string"}],"inLanguage":"it-IT"},{"@type":"Organization","@id":"https:\/\/100anni.units.it\/#organization","name":"Universit\u00e0 degli Studi di Trieste","alternateName":"UniTS","url":"https:\/\/100anni.units.it\/","logo":{"@type":"ImageObject","inLanguage":"it-IT","@id":"https:\/\/100anni.units.it\/#\/schema\/logo\/image\/","url":"https:\/\/100anni.units.it\/wp-content\/uploads\/2023\/08\/units_sigillo.png","contentUrl":"https:\/\/100anni.units.it\/wp-content\/uploads\/2023\/08\/units_sigillo.png","width":696,"height":696,"caption":"Universit\u00e0 degli Studi di Trieste"},"image":{"@id":"https:\/\/100anni.units.it\/#\/schema\/logo\/image\/"},"sameAs":["https:\/\/www.facebook.com\/universitatrieste","https:\/\/twitter.com\/UniTrieste"]}]}},"_links":{"self":[{"href":"https:\/\/100anni.units.it\/index.php\/wp-json\/wp\/v2\/pages\/268","targetHints":{"allow":["GET"]}}],"collection":[{"href":"https:\/\/100anni.units.it\/index.php\/wp-json\/wp\/v2\/pages"}],"about":[{"href":"https:\/\/100anni.units.it\/index.php\/wp-json\/wp\/v2\/types\/page"}],"author":[{"embeddable":true,"href":"https:\/\/100anni.units.it\/index.php\/wp-json\/wp\/v2\/users\/1"}],"replies":[{"embeddable":true,"href":"https:\/\/100anni.units.it\/index.php\/wp-json\/wp\/v2\/comments?post=268"}],"version-history":[{"count":16,"href":"https:\/\/100anni.units.it\/index.php\/wp-json\/wp\/v2\/pages\/268\/revisions"}],"predecessor-version":[{"id":3587,"href":"https:\/\/100anni.units.it\/index.php\/wp-json\/wp\/v2\/pages\/268\/revisions\/3587"}],"up":[{"embeddable":true,"href":"https:\/\/100anni.units.it\/index.php\/wp-json\/wp\/v2\/pages\/120"}],"wp:attachment":[{"href":"https:\/\/100anni.units.it\/index.php\/wp-json\/wp\/v2\/media?parent=268"}],"curies":[{"name":"wp","href":"https:\/\/api.w.org\/{rel}","templated":true}]}}