{"id":2910,"date":"2023-12-19T17:58:57","date_gmt":"2023-12-19T16:58:57","guid":{"rendered":"https:\/\/100anni.units.it\/?page_id=2910"},"modified":"2025-07-21T09:49:14","modified_gmt":"2025-07-21T07:49:14","slug":"pubblicazioni","status":"publish","type":"page","link":"https:\/\/100anni.units.it\/index.php\/home\/pubblicazioni\/","title":{"rendered":"Pubblicazioni"},"content":{"rendered":"\n<div class=\"wp-block-group\"><div class=\"wp-block-group__inner-container is-layout-constrained wp-block-group-is-layout-constrained\">\n<div style=\"height:25px\" aria-hidden=\"true\" class=\"wp-block-spacer\"><\/div>\n\n\n<div class=\"yoast-breadcrumbs\"><span><span><a href=\"https:\/\/100anni.units.it\/\">Home<\/a><\/span> \u00bb <span class=\"breadcrumb_last\" aria-current=\"page\">Pubblicazioni<\/span><\/span><\/div>\n\n\n<div style=\"height:40px\" aria-hidden=\"true\" class=\"wp-block-spacer\"><\/div>\n<\/div><\/div>\n\n\n\n<h1 class=\"wp-block-heading has-neve-link-color-color has-text-color\">Pubblicazioni<\/h1>\n\n\n\n<h2 class=\"wp-block-heading has-neve-link-color-color has-text-color\" style=\"font-size:28px\">Le attivit\u00e0 editoriali realizzate in occasione del Centenario<\/h2>\n\n\n\n<div style=\"height:30px\" aria-hidden=\"true\" class=\"wp-block-spacer\"><\/div>\n\n\n\n<div class=\"wp-block-columns is-layout-flex wp-container-core-columns-is-layout-9d6595d7 wp-block-columns-is-layout-flex\">\n<div class=\"wp-block-column is-layout-flow wp-block-column-is-layout-flow\" style=\"flex-basis:70%\">\n<div class=\"wp-block-group\"><div class=\"wp-block-group__inner-container is-layout-constrained wp-block-group-is-layout-constrained\">\n<p class=\"has-medium-font-size\">Il Centenario dell&#8217;Universit\u00e0 degli Studi di Trieste \u00e8 l&#8217;occasione per pubblicare nuovi volumi o rieditare alcune pubblicazioni storiche di cui dispone l&#8217;Ateneo, aggiornandone i contenuti e arricchendoli con una connotazione grafica valorizzante e in linea con l&#8217;identit\u00e0 visiva di questo importante anniversario.<\/p>\n\n\n\n<p class=\"has-medium-font-size\">Il progetto editoriale di Ateneo prevede la realizzazione di una <strong>Trilogia storica<\/strong> e del <strong>Catalogo delle opere d\u2019arte dell\u2019Universit\u00e0 \u2013 edizione speciale<\/strong><\/p>\n<\/div><\/div>\n<\/div>\n\n\n\n<div class=\"wp-block-column is-layout-flow wp-block-column-is-layout-flow\" style=\"flex-basis:40%\">\n<div class=\"wp-block-group is-vertical is-content-justification-center is-layout-flex wp-container-core-group-is-layout-4b2eccd6 wp-block-group-is-layout-flex\">\n<figure class=\"wp-block-image size-large\"><img loading=\"lazy\" decoding=\"async\" width=\"1024\" height=\"626\" src=\"https:\/\/100anni.units.it\/wp-content\/uploads\/2023\/08\/100units_ill_centenario-1024x626.png\" alt=\"immagine di campagna #100UniTS, illustrazione dell'Ateneo\" class=\"wp-image-99\" srcset=\"https:\/\/100anni.units.it\/wp-content\/uploads\/2023\/08\/100units_ill_centenario-1024x626.png 1024w, https:\/\/100anni.units.it\/wp-content\/uploads\/2023\/08\/100units_ill_centenario-300x183.png 300w, https:\/\/100anni.units.it\/wp-content\/uploads\/2023\/08\/100units_ill_centenario-768x469.png 768w, https:\/\/100anni.units.it\/wp-content\/uploads\/2023\/08\/100units_ill_centenario-1536x938.png 1536w, https:\/\/100anni.units.it\/wp-content\/uploads\/2023\/08\/100units_ill_centenario-2048x1251.png 2048w\" sizes=\"auto, (max-width: 1024px) 100vw, 1024px\" \/><\/figure>\n\n\n\n<div style=\"height:0px\" aria-hidden=\"true\" class=\"wp-block-spacer wp-container-content-c00f5982\"><\/div>\n\n\n\n<p>Con il contributo della<\/p>\n\n\n\n<figure class=\"wp-block-image size-large is-resized\"><img decoding=\"async\" src=\"https:\/\/100anni.units.it\/wp-content\/uploads\/2023\/09\/Fondazione-b_nero-1024x341.jpg\" alt=\"logo Fondazione CRTrieste\" class=\"wp-image-1564\" style=\"height:50px\" height=\"50\" srcset=\"https:\/\/100anni.units.it\/wp-content\/uploads\/2023\/09\/Fondazione-b_nero-1024x341.jpg 1024w, https:\/\/100anni.units.it\/wp-content\/uploads\/2023\/09\/Fondazione-b_nero-300x100.jpg 300w, https:\/\/100anni.units.it\/wp-content\/uploads\/2023\/09\/Fondazione-b_nero-768x256.jpg 768w, https:\/\/100anni.units.it\/wp-content\/uploads\/2023\/09\/Fondazione-b_nero-1536x512.jpg 1536w, https:\/\/100anni.units.it\/wp-content\/uploads\/2023\/09\/Fondazione-b_nero-2048x683.jpg 2048w\" sizes=\"(max-width: 1024px) 100vw, 1024px\" \/><\/figure>\n<\/div>\n<\/div>\n<\/div>\n\n\n\n<div class=\"wp-block-group is-vertical is-layout-flex wp-container-core-group-is-layout-8cf370e7 wp-block-group-is-layout-flex\">\n<h3 class=\"wp-block-heading has-neve-link-color-color has-text-color\">La Trilogia storica<\/h3>\n\n\n\n<div class=\"wp-block-group is-vertical is-layout-flex wp-container-core-group-is-layout-8cf370e7 wp-block-group-is-layout-flex\">\n<p class=\"has-medium-font-size\">Tre pubblicazioni che raccontano la storia dell&#8217;Universit\u00e0, la storia e l&#8217;architettura dell&#8217;Edificio centrale e la guida alla pinacoteca del Rettorato dell&#8217;Universit\u00e0 degli Studi di Trieste raccolte in un unico volume. <\/p>\n\n\n\n<ul class=\"has-medium-font-size wp-block-list\">\n<li class=\"has-medium-font-size\"><a href=\"https:\/\/www.openstarts.units.it\/entities\/publication\/a4a976d7-7c33-4a51-9495-acece84d1507\/details\" target=\"_blank\" rel=\"noreferrer noopener\"><strong>Guida alla Pinacoteca dell&#8217;Universit\u00e0 degli Studi di Trieste<\/strong><\/a><br>di Massimo De Grassi<br>EUT Edizioni Universit\u00e0 di Trieste, 2023<\/li>\n\n\n\n<li class=\"has-medium-font-size\"><a href=\"https:\/\/www.openstarts.units.it\/entities\/publication\/d82c0286-60ac-423d-b616-30fce044904f\/details\" target=\"_blank\" rel=\"noreferrer noopener\"><strong>L&#8217;Edificio Centrale dell&#8217;Universit\u00e0 di Trieste. Storia e architettura 1938-1950<\/strong><\/a><br>di Valentina Fernetti<br>collaboratori: Diana Barillari, Sonia Bertorelle, Cecilia Ghelli<br>EUT Edizioni Universit\u00e0 di Trieste, 2023<\/li>\n\n\n\n<li class=\"has-medium-font-size\"><strong><a href=\"https:\/\/www.openstarts.units.it\/entities\/publication\/c7811b36-469b-44e3-8b84-f5035947c41d\/details\" target=\"_blank\" rel=\"noreferrer noopener\">1924-2024. Un secolo di storia dell&#8217;Universit\u00e0 degli Studi di Trieste attraverso immagini e documenti<\/a><\/strong><br>di Tullia Catalan, Lorenzo Ielen<br>EUT Edizioni Universit\u00e0 di Trieste, 2024 <br><a href=\"https:\/\/www.youtube.com\/watch?v=y0YHK3l2Irc&amp;t=2s\" target=\"_blank\" rel=\"noreferrer noopener\">Presentazione al 36. Salone internazionale del Libro di Torino 9-12 maggio 2024<\/a><\/li>\n<\/ul>\n<\/div>\n<\/div>\n\n\n\n<div style=\"height:50px\" aria-hidden=\"true\" class=\"wp-block-spacer\"><\/div>\n\n\n\n<div class=\"wp-block-group is-vertical is-layout-flex wp-container-core-group-is-layout-8cf370e7 wp-block-group-is-layout-flex\">\n<h3 class=\"wp-block-heading has-neve-link-color-color has-text-color\">Il catalogo delle opere d&#8217;arte dell&#8217;Universit\u00e0 &#8211; edizione speciale<\/h3>\n\n\n\n<div class=\"wp-block-group is-vertical is-layout-flex wp-container-core-group-is-layout-8cf370e7 wp-block-group-is-layout-flex\">\n<p class=\"has-medium-font-size\">La nuova edizione a colori e con copertina rigida del volume <strong><a href=\"https:\/\/www.openstarts.units.it\/handle\/10077\/35774\" target=\"_blank\" rel=\"noreferrer noopener\">Ricorda e splendi &#8211; Catalogo delle opere d&#8217;arte dell&#8217;Universit\u00e0 degli Studi di Trieste<\/a><\/strong><\/p>\n<\/div>\n<\/div>\n\n\n\n<div style=\"height:100px\" aria-hidden=\"true\" class=\"wp-block-spacer\"><\/div>\n\n\n\n<h3 class=\"wp-block-heading has-neve-link-color-color has-text-color\">Altre pubblicazioni<\/h3>\n\n\n\n<p class=\"has-medium-font-size\"><strong><a href=\"https:\/\/editorialescientifica.it\/prodotto\/il-contenzioso-di-ateneo\/\">Il Contenzioso di Ateneo<\/a><\/strong> <br>di\u00a0<strong>Andrea Crismani<\/strong><br>Editoriale Scientifica (2025)<br>La pubblicazione si apre con una prefazione del Rettore dell&#8217;Universit\u00e0 di Trieste Roberto Di Lenarda e raccoglie i contributi di chi ha lavorato negli ultimi anni a costruire, consolidare e innovare le prassi giuridico-amministrative dell\u2019Ateneo.\u00a0<br>L\u2019opera raccoglie riflessioni ed esperienze maturate in questi anni sul tema del contenzioso amministrativo universitario, con l\u2019intento di rappresentare non solo un bilancio tecnico ma soprattutto di contribuire alla condivisione delle buone pratiche e alla valorizzazione del lavoro svolto in ambito giuridico dall\u2019Ateneo.<\/p>\n\n\n\n<p class=\"has-medium-font-size\"><strong><a href=\"https:\/\/www.giappichelli.it\/salvatore-scoca-nel-centenario-dell-universita-degli-studi-di-trieste-9791221114393\">Salvatore Scoca nel Centenario dell&#8217;Universit\u00e0 degli Studi di Trieste<\/a><\/strong><br>di <strong>Andrea Crismani, Franco Gaetano Scoca<\/strong><br>Edizione Giappichelli (2025)<br>Il volume raccoglie e approfondisce i temi emersi in occasione del convegno &#8220;Salvatore Scoca e la Regia Universit\u00e0 degli Studi economici e commerciali di Trieste. La ricerca e l\u2019insegnamento di Scienza delle finanze e Diritto finanziario&#8221;, tenutosi presso l\u2019Universit\u00e0 degli Studi di Trieste il 10 maggio 2024 nell\u2019ambito delle celebrazioni per il Centenario dell\u2019Ateneo (1924\u20132024).<\/p>\n\n\n\n<div class=\"wp-block-group\"><div class=\"wp-block-group__inner-container is-layout-constrained wp-block-group-is-layout-constrained\">\n<div style=\"height:25px\" aria-hidden=\"true\" class=\"wp-block-spacer\"><\/div>\n\n\n<div class=\"yoast-breadcrumbs\"><span><span><a href=\"https:\/\/100anni.units.it\/\">Home<\/a><\/span> \u00bb <span class=\"breadcrumb_last\" aria-current=\"page\">Pubblicazioni<\/span><\/span><\/div>\n\n\n<div style=\"height:40px\" aria-hidden=\"true\" class=\"wp-block-spacer\"><\/div>\n<\/div><\/div>\n","protected":false},"excerpt":{"rendered":"<p>Pubblicazioni Le attivit\u00e0 editoriali realizzate in occasione del Centenario Il Centenario dell&#8217;Universit\u00e0 degli Studi di Trieste \u00e8 l&#8217;occasione per pubblicare nuovi volumi o rieditare alcune pubblicazioni storiche di cui dispone&hellip;&nbsp;<a href=\"https:\/\/100anni.units.it\/index.php\/home\/pubblicazioni\/\" class=\"\" rel=\"bookmark\">Leggi tutto &raquo;<span class=\"screen-reader-text\">Pubblicazioni<\/span><\/a><\/p>\n","protected":false},"author":1,"featured_media":99,"parent":120,"menu_order":0,"comment_status":"closed","ping_status":"closed","template":"","meta":{"neve_meta_sidebar":"","neve_meta_container":"","neve_meta_enable_content_width":"","neve_meta_content_width":0,"neve_meta_title_alignment":"","neve_meta_author_avatar":"","neve_post_elements_order":"","neve_meta_disable_header":"","neve_meta_disable_footer":"","neve_meta_disable_title":"","_EventAllDay":false,"_EventTimezone":"","_EventStartDate":"","_EventEndDate":"","_EventStartDateUTC":"","_EventEndDateUTC":"","_EventShowMap":false,"_EventShowMapLink":false,"_EventURL":"","_EventCost":"","_EventCostDescription":"","_EventCurrencySymbol":"","_EventCurrencyCode":"","_EventCurrencyPosition":"","_EventDateTimeSeparator":"","_EventTimeRangeSeparator":"","_EventOrganizerID":[],"_EventVenueID":[],"_OrganizerEmail":"","_OrganizerPhone":"","_OrganizerWebsite":"","_VenueAddress":"","_VenueCity":"","_VenueCountry":"","_VenueProvince":"","_VenueState":"","_VenueZip":"","_VenuePhone":"","_VenueURL":"","_VenueStateProvince":"","_VenueLat":"","_VenueLng":"","_VenueShowMap":false,"_VenueShowMapLink":false,"_ti_tpc_template_sync":false,"_ti_tpc_template_id":"","footnotes":""},"class_list":["post-2910","page","type-page","status-publish","has-post-thumbnail","hentry"],"yoast_head":"<!-- This site is optimized with the Yoast SEO plugin v21.0 - https:\/\/yoast.com\/wordpress\/plugins\/seo\/ -->\n<title>Pubblicazioni &ndash; #100UniTS<\/title>\n<meta name=\"description\" content=\"Il Centenario dell&#039;Universit\u00e0 degli Studi di Trieste \u00e8 l&#039;occasione per pubblicare nuovi volumi o rieditare alcune pubblicazioni storiche di cui dispone l&#039;Ateneo.\" \/>\n<meta name=\"robots\" content=\"index, follow, max-snippet:-1, max-image-preview:large, max-video-preview:-1\" \/>\n<link rel=\"canonical\" href=\"https:\/\/100anni.units.it\/index.php\/home\/pubblicazioni\/\" \/>\n<meta property=\"og:locale\" content=\"it_IT\" \/>\n<meta property=\"og:type\" content=\"article\" \/>\n<meta property=\"og:title\" content=\"Pubblicazioni &ndash; #100UniTS\" \/>\n<meta property=\"og:description\" content=\"Il Centenario dell&#039;Universit\u00e0 degli Studi di Trieste \u00e8 l&#039;occasione per pubblicare nuovi volumi o rieditare alcune pubblicazioni storiche di cui dispone l&#039;Ateneo.\" \/>\n<meta property=\"og:url\" content=\"https:\/\/100anni.units.it\/index.php\/home\/pubblicazioni\/\" \/>\n<meta property=\"og:site_name\" content=\"#100UniTS\" \/>\n<meta property=\"article:publisher\" content=\"https:\/\/www.facebook.com\/universitatrieste\" \/>\n<meta property=\"article:modified_time\" content=\"2025-07-21T07:49:14+00:00\" \/>\n<meta property=\"og:image\" content=\"https:\/\/100anni.units.it\/wp-content\/uploads\/2023\/08\/100units_ill_centenario.png\" \/>\n\t<meta property=\"og:image:width\" content=\"2167\" \/>\n\t<meta property=\"og:image:height\" content=\"1324\" \/>\n\t<meta property=\"og:image:type\" content=\"image\/png\" \/>\n<meta name=\"twitter:card\" content=\"summary_large_image\" \/>\n<meta name=\"twitter:site\" content=\"@UniTrieste\" \/>\n<meta name=\"twitter:label1\" content=\"Tempo di lettura stimato\" \/>\n\t<meta name=\"twitter:data1\" content=\"3 minuti\" \/>\n<script type=\"application\/ld+json\" class=\"yoast-schema-graph\">{\"@context\":\"https:\/\/schema.org\",\"@graph\":[{\"@type\":\"WebPage\",\"@id\":\"https:\/\/100anni.units.it\/index.php\/home\/pubblicazioni\/\",\"url\":\"https:\/\/100anni.units.it\/index.php\/home\/pubblicazioni\/\",\"name\":\"Pubblicazioni &ndash; #100UniTS\",\"isPartOf\":{\"@id\":\"https:\/\/100anni.units.it\/#website\"},\"datePublished\":\"2023-12-19T16:58:57+00:00\",\"dateModified\":\"2025-07-21T07:49:14+00:00\",\"description\":\"Il Centenario dell'Universit\u00e0 degli Studi di Trieste \u00e8 l'occasione per pubblicare nuovi volumi o rieditare alcune pubblicazioni storiche di cui dispone l'Ateneo.\",\"breadcrumb\":{\"@id\":\"https:\/\/100anni.units.it\/index.php\/home\/pubblicazioni\/#breadcrumb\"},\"inLanguage\":\"it-IT\",\"potentialAction\":[{\"@type\":\"ReadAction\",\"target\":[\"https:\/\/100anni.units.it\/index.php\/home\/pubblicazioni\/\"]}]},{\"@type\":\"BreadcrumbList\",\"@id\":\"https:\/\/100anni.units.it\/index.php\/home\/pubblicazioni\/#breadcrumb\",\"itemListElement\":[{\"@type\":\"ListItem\",\"position\":1,\"name\":\"Home\",\"item\":\"https:\/\/100anni.units.it\/\"},{\"@type\":\"ListItem\",\"position\":2,\"name\":\"Pubblicazioni\"}]},{\"@type\":\"WebSite\",\"@id\":\"https:\/\/100anni.units.it\/#website\",\"url\":\"https:\/\/100anni.units.it\/\",\"name\":\"#100UniTS\",\"description\":\"Ogni giorno, da cento anni, con noi puoi scoprire ci\u00f2 che sar\u00e0 realt\u00e0 nel futuro. Celebriamo insieme un secolo di ricerca, eccellenza, creativit\u00e0 e ingegno umano.\",\"publisher\":{\"@id\":\"https:\/\/100anni.units.it\/#organization\"},\"potentialAction\":[{\"@type\":\"SearchAction\",\"target\":{\"@type\":\"EntryPoint\",\"urlTemplate\":\"https:\/\/100anni.units.it\/?s={search_term_string}\"},\"query-input\":\"required name=search_term_string\"}],\"inLanguage\":\"it-IT\"},{\"@type\":\"Organization\",\"@id\":\"https:\/\/100anni.units.it\/#organization\",\"name\":\"Universit\u00e0 degli Studi di Trieste\",\"alternateName\":\"UniTS\",\"url\":\"https:\/\/100anni.units.it\/\",\"logo\":{\"@type\":\"ImageObject\",\"inLanguage\":\"it-IT\",\"@id\":\"https:\/\/100anni.units.it\/#\/schema\/logo\/image\/\",\"url\":\"https:\/\/100anni.units.it\/wp-content\/uploads\/2023\/08\/units_sigillo.png\",\"contentUrl\":\"https:\/\/100anni.units.it\/wp-content\/uploads\/2023\/08\/units_sigillo.png\",\"width\":696,\"height\":696,\"caption\":\"Universit\u00e0 degli Studi di Trieste\"},\"image\":{\"@id\":\"https:\/\/100anni.units.it\/#\/schema\/logo\/image\/\"},\"sameAs\":[\"https:\/\/www.facebook.com\/universitatrieste\",\"https:\/\/twitter.com\/UniTrieste\"]}]}<\/script>\n<!-- \/ Yoast SEO plugin. -->","yoast_head_json":{"title":"Pubblicazioni &ndash; #100UniTS","description":"Il Centenario dell'Universit\u00e0 degli Studi di Trieste \u00e8 l'occasione per pubblicare nuovi volumi o rieditare alcune pubblicazioni storiche di cui dispone l'Ateneo.","robots":{"index":"index","follow":"follow","max-snippet":"max-snippet:-1","max-image-preview":"max-image-preview:large","max-video-preview":"max-video-preview:-1"},"canonical":"https:\/\/100anni.units.it\/index.php\/home\/pubblicazioni\/","og_locale":"it_IT","og_type":"article","og_title":"Pubblicazioni &ndash; #100UniTS","og_description":"Il Centenario dell'Universit\u00e0 degli Studi di Trieste \u00e8 l'occasione per pubblicare nuovi volumi o rieditare alcune pubblicazioni storiche di cui dispone l'Ateneo.","og_url":"https:\/\/100anni.units.it\/index.php\/home\/pubblicazioni\/","og_site_name":"#100UniTS","article_publisher":"https:\/\/www.facebook.com\/universitatrieste","article_modified_time":"2025-07-21T07:49:14+00:00","og_image":[{"width":2167,"height":1324,"url":"https:\/\/100anni.units.it\/wp-content\/uploads\/2023\/08\/100units_ill_centenario.png","type":"image\/png"}],"twitter_card":"summary_large_image","twitter_site":"@UniTrieste","twitter_misc":{"Tempo di lettura stimato":"3 minuti"},"schema":{"@context":"https:\/\/schema.org","@graph":[{"@type":"WebPage","@id":"https:\/\/100anni.units.it\/index.php\/home\/pubblicazioni\/","url":"https:\/\/100anni.units.it\/index.php\/home\/pubblicazioni\/","name":"Pubblicazioni &ndash; #100UniTS","isPartOf":{"@id":"https:\/\/100anni.units.it\/#website"},"datePublished":"2023-12-19T16:58:57+00:00","dateModified":"2025-07-21T07:49:14+00:00","description":"Il Centenario dell'Universit\u00e0 degli Studi di Trieste \u00e8 l'occasione per pubblicare nuovi volumi o rieditare alcune pubblicazioni storiche di cui dispone l'Ateneo.","breadcrumb":{"@id":"https:\/\/100anni.units.it\/index.php\/home\/pubblicazioni\/#breadcrumb"},"inLanguage":"it-IT","potentialAction":[{"@type":"ReadAction","target":["https:\/\/100anni.units.it\/index.php\/home\/pubblicazioni\/"]}]},{"@type":"BreadcrumbList","@id":"https:\/\/100anni.units.it\/index.php\/home\/pubblicazioni\/#breadcrumb","itemListElement":[{"@type":"ListItem","position":1,"name":"Home","item":"https:\/\/100anni.units.it\/"},{"@type":"ListItem","position":2,"name":"Pubblicazioni"}]},{"@type":"WebSite","@id":"https:\/\/100anni.units.it\/#website","url":"https:\/\/100anni.units.it\/","name":"#100UniTS","description":"Ogni giorno, da cento anni, con noi puoi scoprire ci\u00f2 che sar\u00e0 realt\u00e0 nel futuro. Celebriamo insieme un secolo di ricerca, eccellenza, creativit\u00e0 e ingegno umano.","publisher":{"@id":"https:\/\/100anni.units.it\/#organization"},"potentialAction":[{"@type":"SearchAction","target":{"@type":"EntryPoint","urlTemplate":"https:\/\/100anni.units.it\/?s={search_term_string}"},"query-input":"required name=search_term_string"}],"inLanguage":"it-IT"},{"@type":"Organization","@id":"https:\/\/100anni.units.it\/#organization","name":"Universit\u00e0 degli Studi di Trieste","alternateName":"UniTS","url":"https:\/\/100anni.units.it\/","logo":{"@type":"ImageObject","inLanguage":"it-IT","@id":"https:\/\/100anni.units.it\/#\/schema\/logo\/image\/","url":"https:\/\/100anni.units.it\/wp-content\/uploads\/2023\/08\/units_sigillo.png","contentUrl":"https:\/\/100anni.units.it\/wp-content\/uploads\/2023\/08\/units_sigillo.png","width":696,"height":696,"caption":"Universit\u00e0 degli Studi di Trieste"},"image":{"@id":"https:\/\/100anni.units.it\/#\/schema\/logo\/image\/"},"sameAs":["https:\/\/www.facebook.com\/universitatrieste","https:\/\/twitter.com\/UniTrieste"]}]}},"_links":{"self":[{"href":"https:\/\/100anni.units.it\/index.php\/wp-json\/wp\/v2\/pages\/2910","targetHints":{"allow":["GET"]}}],"collection":[{"href":"https:\/\/100anni.units.it\/index.php\/wp-json\/wp\/v2\/pages"}],"about":[{"href":"https:\/\/100anni.units.it\/index.php\/wp-json\/wp\/v2\/types\/page"}],"author":[{"embeddable":true,"href":"https:\/\/100anni.units.it\/index.php\/wp-json\/wp\/v2\/users\/1"}],"replies":[{"embeddable":true,"href":"https:\/\/100anni.units.it\/index.php\/wp-json\/wp\/v2\/comments?post=2910"}],"version-history":[{"count":64,"href":"https:\/\/100anni.units.it\/index.php\/wp-json\/wp\/v2\/pages\/2910\/revisions"}],"predecessor-version":[{"id":7977,"href":"https:\/\/100anni.units.it\/index.php\/wp-json\/wp\/v2\/pages\/2910\/revisions\/7977"}],"up":[{"embeddable":true,"href":"https:\/\/100anni.units.it\/index.php\/wp-json\/wp\/v2\/pages\/120"}],"wp:featuredmedia":[{"embeddable":true,"href":"https:\/\/100anni.units.it\/index.php\/wp-json\/wp\/v2\/media\/99"}],"wp:attachment":[{"href":"https:\/\/100anni.units.it\/index.php\/wp-json\/wp\/v2\/media?parent=2910"}],"curies":[{"name":"wp","href":"https:\/\/api.w.org\/{rel}","templated":true}]}}