{"id":3173,"date":"2023-12-21T16:16:25","date_gmt":"2023-12-21T15:16:25","guid":{"rendered":"https:\/\/100anni.units.it\/?page_id=3173"},"modified":"2024-02-19T11:41:45","modified_gmt":"2024-02-19T10:41:45","slug":"campagne-di-comunicazione","status":"publish","type":"page","link":"https:\/\/100anni.units.it\/index.php\/home\/campagne-di-comunicazione\/","title":{"rendered":"Campagne di comunicazione"},"content":{"rendered":"\n<div class=\"wp-block-group\"><div class=\"wp-block-group__inner-container is-layout-constrained wp-block-group-is-layout-constrained\">\n<div style=\"height:25px\" aria-hidden=\"true\" class=\"wp-block-spacer\"><\/div>\n\n\n<div class=\"yoast-breadcrumbs\"><span><span><a href=\"https:\/\/100anni.units.it\/\">Home<\/a><\/span> \u00bb <span class=\"breadcrumb_last\" aria-current=\"page\">Campagne di comunicazione<\/span><\/span><\/div>\n\n\n<div style=\"height:40px\" aria-hidden=\"true\" class=\"wp-block-spacer\"><\/div>\n<\/div><\/div>\n\n\n\n<h1 class=\"wp-block-heading has-neve-link-color-color has-text-color\">Campagne di comunicazione<\/h1>\n\n\n\n<div style=\"height:30px\" aria-hidden=\"true\" class=\"wp-block-spacer\"><\/div>\n\n\n\n<p class=\"has-medium-font-size\">In occasione del <strong>centesimo anniversario dalla fondazione<\/strong>, l&#8217;Universit\u00e0 degli Studi di Trieste, supportata da un <strong>team di esperti<\/strong> professionisti del settore, ha condotto un viaggio alla riscoperta dei valori specifici che caratterizzano l&#8217;immagine di UniTS. Il punto di partenza riguarda il legame tra passato, presente e futuro.<\/p>\n\n\n\n<p class=\"has-medium-font-size\"><strong>UniTS anticipa il futuro<\/strong>: chi frequenta l&#8217;Universit\u00e0 degli Studi di Trieste ha la possibilit\u00e0 di studiare ci\u00f2 che diverr\u00e0 realt\u00e0 nei prossimi cinque, dieci o venti anni. Ci\u00f2 che per\u00f2 contraddistingue in maniera peculiare l&#8217;Ateneo triestino \u00e8 il legame con il mondo della <strong>ricerca scientifica<\/strong>. &#8220;UniTS \u00e8 pioniera del pi\u00f9 grande network territoriale di enti di ricerca scientifica in Italia&#8221;, l&#8217;unica inserita in una realt\u00e0 composta da oltre quaranta enti di ricerca.<\/p>\n\n\n\n<p class=\"has-medium-font-size\">Gli altri valori che caratterizzano UniTS sono la capacit\u00e0 di mettere <strong>le persone al centro<\/strong>, l&#8217;importanza attribuita alla <strong>qualit\u00e0<\/strong> (riconoscimento classe A ANVUR), <strong>l&#8217;unicit\u00e0 di Trieste<\/strong> e dei territori limitrofi, la <strong>multiculturalit\u00e0<\/strong> e l&#8217;<strong>internazionalizzazione<\/strong>.<\/p>\n\n\n\n<p class=\"has-medium-font-size\">Da questi assiomi valoriali sono derivate tre campagne di comunicazione: la <strong>campagna 5&#215;1000<\/strong>, la <strong>campagna istituzionale<\/strong> e la <strong>campagna Centenario<\/strong>.<\/p>\n\n\n\n<div style=\"height:35px\" aria-hidden=\"true\" class=\"wp-block-spacer\"><\/div>\n\n\n\n<div class=\"wp-block-cover alignfull\" style=\"min-height:600px;aspect-ratio:unset;\"><span aria-hidden=\"true\" class=\"wp-block-cover__background has-nv-light-bg-background-color has-background-dim-100 has-background-dim\"><\/span><div class=\"wp-block-cover__inner-container is-layout-flow wp-block-cover-is-layout-flow\">\n<div class=\"wp-block-group\"><div class=\"wp-block-group__inner-container is-layout-flow wp-block-group-is-layout-flow\">\n<div style=\"height:80px\" aria-hidden=\"true\" class=\"wp-block-spacer\"><\/div>\n\n\n\n<div class=\"wp-block-columns is-layout-flex wp-container-core-columns-is-layout-9d6595d7 wp-block-columns-is-layout-flex\">\n<div class=\"wp-block-column is-layout-flow wp-block-column-is-layout-flow\"><div class=\"wp-block-image\">\n<figure class=\"aligncenter size-full\"><a href=\"https:\/\/100anni.units.it\/index.php\/home\/campagne-comunicazione\/campagna-5x1000\/\"><img loading=\"lazy\" decoding=\"async\" width=\"300\" height=\"250\" src=\"https:\/\/100anni.units.it\/wp-content\/uploads\/2023\/12\/100UniTS_campagna5x1000.jpg\" alt=\"immagine campagna 5x1000\" class=\"wp-image-3391\"\/><\/a><\/figure>\n<\/div>\n\n\n<div style=\"height:24px\" aria-hidden=\"true\" class=\"wp-block-spacer\"><\/div>\n\n\n\n<h4 class=\"wp-block-heading has-text-align-center popmake-987 has-neve-link-color-color has-text-color\"><a href=\"https:\/\/100anni.units.it\/index.php\/home\/campagne-comunicazione\/campagna-5x1000\/\">Campagna 5&#215;1000<\/a><\/h4>\n\n\n\n<p class=\"has-text-align-center has-neve-text-color-color has-text-color\"><\/p>\n\n\n\n<div style=\"height:50px\" aria-hidden=\"true\" class=\"wp-block-spacer\"><\/div>\n<\/div>\n\n\n\n<div class=\"wp-block-column has-neve-text-color-color has-text-color is-layout-flow wp-block-column-is-layout-flow\"><div class=\"wp-block-image\">\n<figure class=\"aligncenter size-full\"><a href=\"https:\/\/100anni.units.it\/index.php\/home\/campagne-comunicazione\/campagna-istituzionale\/\"><img loading=\"lazy\" decoding=\"async\" width=\"300\" height=\"250\" src=\"https:\/\/100anni.units.it\/wp-content\/uploads\/2023\/12\/100UniTS_campagna-istituzionale.jpg\" alt=\"immagine campagna istituzionale occhi\" class=\"wp-image-3393\"\/><\/a><\/figure>\n<\/div>\n\n\n<div style=\"height:24px\" aria-hidden=\"true\" class=\"wp-block-spacer\"><\/div>\n\n\n\n<h4 class=\"wp-block-heading has-text-align-center has-neve-link-color-color has-text-color\"><a href=\"https:\/\/100anni.units.it\/index.php\/home\/campagne-comunicazione\/campagna-istituzionale\/\">Campagna istituzionale<\/a><\/h4>\n\n\n\n<p class=\"has-text-align-center has-neve-text-color-color has-text-color\"><\/p>\n\n\n\n<div style=\"height:50px\" aria-hidden=\"true\" class=\"wp-block-spacer\"><\/div>\n<\/div>\n\n\n\n<div class=\"wp-block-column has-neve-text-color-color has-text-color is-layout-flow wp-block-column-is-layout-flow\"><div class=\"wp-block-image\">\n<figure class=\"aligncenter size-full\"><a href=\"https:\/\/100anni.units.it\/index.php\/home\/campagne-comunicazione\/campagna-centenario\/\"><img loading=\"lazy\" decoding=\"async\" width=\"300\" height=\"250\" src=\"https:\/\/100anni.units.it\/wp-content\/uploads\/2023\/12\/100UniTS_campagna-centenario.jpg\" alt=\"immagine campagna Centenario con edificio UniTS\" class=\"wp-image-3392\"\/><\/a><\/figure>\n<\/div>\n\n\n<div style=\"height:24px\" aria-hidden=\"true\" class=\"wp-block-spacer\"><\/div>\n\n\n\n<h4 class=\"wp-block-heading has-text-align-center has-neve-link-color-color has-text-color\"><a href=\"https:\/\/100anni.units.it\/index.php\/home\/campagne-comunicazione\/campagna-centenario\/\">Campagna Centenario<\/a><\/h4>\n\n\n\n<p class=\"has-text-align-center has-neve-text-color-color has-text-color\"><\/p>\n\n\n\n<div style=\"height:50px\" aria-hidden=\"true\" class=\"wp-block-spacer\"><\/div>\n<\/div>\n<\/div>\n<\/div><\/div>\n<\/div><\/div>\n\n\n\n<div style=\"height:100px\" aria-hidden=\"true\" class=\"wp-block-spacer\"><\/div>\n\n\n\n<h2 class=\"wp-block-heading has-neve-link-color-color has-text-color\">Il team creativo<\/h2>\n\n\n\n<div class=\"wp-block-media-text has-media-on-the-right is-stacked-on-mobile\" style=\"grid-template-columns:auto 30%\"><div class=\"wp-block-media-text__content\">\n<div style=\"height:20px\" aria-hidden=\"true\" class=\"wp-block-spacer\"><\/div>\n\n\n\n<div class=\"wp-block-group is-vertical is-layout-flex wp-container-core-group-is-layout-8cf370e7 wp-block-group-is-layout-flex\">\n<h2 class=\"wp-block-heading has-neve-link-color-color has-text-color\" style=\"font-size:37px\">Paola Russo<\/h2>\n\n\n\n<h3 class=\"wp-block-heading has-neve-link-color-color has-text-color\" style=\"font-size:28px\">Direttore creativo<\/h3>\n<\/div>\n\n\n\n<div style=\"height:20px\" aria-hidden=\"true\" class=\"wp-block-spacer\"><\/div>\n\n\n\n<p class=\"has-neve-text-color-color has-text-color\">Art director pubblicitario e consulente per la comunicazione, autrice di campagne per marchi italiani e internazionali come Diesel, Camel, Emergency, Nestl\u00e8, Peroni, Omsa, ATM Milano. \u00c8 stata giornalista per Spot and Web, quotidiano on line per la comunicazione, con la rubrica \u201cFlesh art, ovvero l\u2019arte si capisce con la pancia\u201d. Oggi svolge attivit\u00e0 di brand coaching, consulenze strategiche e creative per le aziende, \u00e8 responsabile dei workshop Logo (corsi di pubblicit\u00e0 per studenti, professionisti e aziende), e occasionalmente tiene lezioni sulla comunicazione in licei, universit\u00e0, e per enti di formazione.<\/p>\n\n\n\n<div class=\"wp-block-group is-horizontal is-layout-flex wp-block-group-is-layout-flex\">\n<div class=\"wp-block-group is-vertical is-content-justification-center is-layout-flex wp-container-core-group-is-layout-4b2eccd6 wp-block-group-is-layout-flex\">\n<div class=\"wp-block-boldblocks-svg-block proj-icon\" style=\"--bb--justify-alignment--sm:var(--bb--justify-alignment--lg);--bb--justify-alignment--md:var(--bb--justify-alignment--lg);--bb--justify-alignment--lg:left\"><a class=\"wp-block-boldblocks-svg-block__inner\" href=\"https:\/\/www.paolarusso.eu\" rel=\"noreferrer noopener\" target=\"_blank\" style=\"--bb--width--sm:var(--bb--width--lg);--bb--width--md:var(--bb--width--lg);--bb--width--lg:50px;--bb--padding-top--sm:var(--bb--padding-top--lg);--bb--padding-right--sm:var(--bb--padding-right--lg);--bb--padding-bottom--sm:var(--bb--padding-bottom--lg);--bb--padding-left--sm:var(--bb--padding-left--lg);--bb--padding-top--md:var(--bb--padding-top--lg);--bb--padding-right--md:var(--bb--padding-right--lg);--bb--padding-bottom--md:var(--bb--padding-bottom--lg);--bb--padding-left--md:var(--bb--padding-left--lg);--bb--padding-top--lg:6px;--bb--padding-right--lg:6px;--bb--padding-bottom--lg:6px;--bb--padding-left--lg:6px;--bb--border-radius--sm:var(--bb--border-radius--lg);--bb--border-radius--md:var(--bb--border-radius--lg);--bb--border-radius--lg:50px 50px 50px 50px;box-shadow:0px 0.0625em 0.0625em 0px rgba(0, 0, 0, 0.25),0px 0.125em 0.5em 0px rgba(0, 0, 0, 0.25),inset 0px 0px 0px 1px rgba(255, 255, 255, 0.1);--bb--fill--color:var(--wp--preset--color--neve-link-color, var(--nv-primary-accent));--bb--background--color:var(--wp--preset--color--nv-site-bg, var(--nv-site-bg))\"><svg version=\"1.1\" id=\"Livello_1\" xmlns=\"http:\/\/www.w3.org\/2000\/svg\" xmlns:xlink=\"http:\/\/www.w3.org\/1999\/xlink\" x=\"0px\" y=\"0px\" viewBox=\"0 0 24 24\" xml:space=\"preserve\">\n<path d=\"M12,2C6.5,2,2,6.5,2,12s4.5,10,10,10c5.5,0,10-4.5,10-10S17.5,2,12,2z M18.9,8H16c-0.3-1.2-0.8-2.4-1.4-3.6\n\tC16.4,5.1,18,6.3,18.9,8z M12,4c0.8,1.2,1.5,2.5,1.9,4h-3.8C10.5,6.6,11.2,5.2,12,4z M4.3,14C4.1,13.4,4,12.7,4,12s0.1-1.4,0.3-2\n\th3.4c-0.1,0.7-0.1,1.3-0.1,2s0.1,1.3,0.1,2H4.3z M5.1,16h3c0.3,1.2,0.8,2.5,1.4,3.6C7.6,18.9,6,17.7,5.1,16z M8,8h-3\n\tc1-1.7,2.5-2.9,4.3-3.6C8.8,5.6,8.4,6.8,8,8z M12,20c-0.8-1.2-1.5-2.5-1.9-4h3.8C13.5,17.4,12.8,18.8,12,20z M14.3,14H9.7\n\tc-0.1-0.7-0.2-1.3-0.2-2s0.1-1.4,0.2-2h4.7c0.1,0.6,0.2,1.3,0.2,2S14.4,13.3,14.3,14z M14.6,19.6c0.6-1.1,1.1-2.3,1.4-3.6h2.9\n\tC18,17.6,16.4,18.9,14.6,19.6z M16.4,14c0.1-0.7,0.1-1.3,0.1-2s-0.1-1.3-0.1-2h3.4c0.2,0.6,0.3,1.3,0.3,2s-0.1,1.4-0.3,2H16.4z\"><\/path>\n<\/svg><\/a><\/div>\n\n\n\n<p class=\"has-text-align-center has-small-font-size\">website<\/p>\n<\/div>\n<\/div>\n<\/div><figure class=\"wp-block-media-text__media\"><img loading=\"lazy\" decoding=\"async\" width=\"843\" height=\"1024\" src=\"https:\/\/100anni.units.it\/wp-content\/uploads\/2023\/12\/100UniTS_PaolaRusso-843x1024.jpg\" alt=\"foto Paola Russo\" class=\"wp-image-3174 size-full\" srcset=\"https:\/\/100anni.units.it\/wp-content\/uploads\/2023\/12\/100UniTS_PaolaRusso-843x1024.jpg 843w, https:\/\/100anni.units.it\/wp-content\/uploads\/2023\/12\/100UniTS_PaolaRusso-247x300.jpg 247w, https:\/\/100anni.units.it\/wp-content\/uploads\/2023\/12\/100UniTS_PaolaRusso-768x933.jpg 768w, https:\/\/100anni.units.it\/wp-content\/uploads\/2023\/12\/100UniTS_PaolaRusso-1265x1536.jpg 1265w, https:\/\/100anni.units.it\/wp-content\/uploads\/2023\/12\/100UniTS_PaolaRusso-1686x2048.jpg 1686w\" sizes=\"auto, (max-width: 843px) 100vw, 843px\" \/><\/figure><\/div>\n\n\n\n<div style=\"height:100px\" aria-hidden=\"true\" class=\"wp-block-spacer\"><\/div>\n\n\n\n<div class=\"wp-block-media-text is-stacked-on-mobile\" style=\"grid-template-columns:30% auto\"><figure class=\"wp-block-media-text__media\"><img loading=\"lazy\" decoding=\"async\" width=\"683\" height=\"1024\" src=\"https:\/\/100anni.units.it\/wp-content\/uploads\/2023\/12\/100UniTS_CamillaBach-683x1024.jpg\" alt=\"foto Camilla Bach\" class=\"wp-image-3175 size-full\" srcset=\"https:\/\/100anni.units.it\/wp-content\/uploads\/2023\/12\/100UniTS_CamillaBach-683x1024.jpg 683w, https:\/\/100anni.units.it\/wp-content\/uploads\/2023\/12\/100UniTS_CamillaBach-200x300.jpg 200w, https:\/\/100anni.units.it\/wp-content\/uploads\/2023\/12\/100UniTS_CamillaBach-768x1152.jpg 768w, https:\/\/100anni.units.it\/wp-content\/uploads\/2023\/12\/100UniTS_CamillaBach-1024x1536.jpg 1024w, https:\/\/100anni.units.it\/wp-content\/uploads\/2023\/12\/100UniTS_CamillaBach-1365x2048.jpg 1365w, https:\/\/100anni.units.it\/wp-content\/uploads\/2023\/12\/100UniTS_CamillaBach.jpg 1650w\" sizes=\"auto, (max-width: 683px) 100vw, 683px\" \/><\/figure><div class=\"wp-block-media-text__content\">\n<div style=\"height:20px\" aria-hidden=\"true\" class=\"wp-block-spacer\"><\/div>\n\n\n\n<div class=\"wp-block-group is-vertical is-layout-flex wp-container-core-group-is-layout-8cf370e7 wp-block-group-is-layout-flex\">\n<h2 class=\"wp-block-heading has-neve-link-color-color has-text-color\" style=\"font-size:37px\">Camilla Bach<\/h2>\n<\/div>\n\n\n\n<div style=\"height:20px\" aria-hidden=\"true\" class=\"wp-block-spacer\"><\/div>\n\n\n\n<p class=\"has-neve-text-color-color has-text-color\">Nata a Trieste nel 1993. Tre anni fa \u00e8 tornata nella sua citt\u00e0 natale dove ha fatto della fotografia il suo mestiere, dopo aver trascorso 9 anni all&#8217;estero. Ha studiato fotografia presso l\u2019International Center of Photography a New York e si \u00e8 poi laureata in Fine Arts &amp; History of Art alla Goldsmiths University di Londra. A New York ha lavorato con Nan Goldin, che ha influenzato profondamente il suo percorso artistico e professionale.<\/p>\n\n\n\n<p class=\"has-small-font-size\">Ph. Camilla Bach<\/p>\n<\/div><\/div>\n\n\n\n<div style=\"height:100px\" aria-hidden=\"true\" class=\"wp-block-spacer\"><\/div>\n\n\n\n<div class=\"wp-block-media-text has-media-on-the-right is-stacked-on-mobile\" style=\"grid-template-columns:auto 30%\"><div class=\"wp-block-media-text__content\">\n<div style=\"height:20px\" aria-hidden=\"true\" class=\"wp-block-spacer\"><\/div>\n\n\n\n<div class=\"wp-block-group is-vertical is-layout-flex wp-container-core-group-is-layout-8cf370e7 wp-block-group-is-layout-flex\">\n<h2 class=\"wp-block-heading has-neve-link-color-color has-text-color\" style=\"font-size:37px\">Rossella Barillaro<\/h2>\n<\/div>\n\n\n\n<div style=\"height:20px\" aria-hidden=\"true\" class=\"wp-block-spacer\"><\/div>\n\n\n\n<p>Truccatrice specializzata in trucco sposa e fotografico, ha svolto attivit\u00e0 di make-up artist presso set cinematografici di film e serie tv come <em>Il ragazzo invisibile<\/em>, <em>La scelta di Maria<\/em>, <em>Robbing Mussolini<\/em>, <em>Il silenzio dell&#8217;acqua 2<\/em>. Ha lavorato per campagne pubblicitarie, video musicali, spot, opere teatrali, sfilate di moda. \u00c8 stata inoltre beauty expert per diversi brand cosmetici, tra i quali Dior, Guerlain, Vichy e Collistar. Attualmente si occupa anche di consulenze in ambito dermocosmetico e tiene corsi di self make-up.<\/p>\n<\/div><figure class=\"wp-block-media-text__media\"><img loading=\"lazy\" decoding=\"async\" width=\"793\" height=\"1024\" src=\"https:\/\/100anni.units.it\/wp-content\/uploads\/2023\/12\/100UniTS_RossellaBarillaro-793x1024.jpg\" alt=\"foto Rossella Barillaro\" class=\"wp-image-3253 size-full\" srcset=\"https:\/\/100anni.units.it\/wp-content\/uploads\/2023\/12\/100UniTS_RossellaBarillaro-793x1024.jpg 793w, https:\/\/100anni.units.it\/wp-content\/uploads\/2023\/12\/100UniTS_RossellaBarillaro-232x300.jpg 232w, https:\/\/100anni.units.it\/wp-content\/uploads\/2023\/12\/100UniTS_RossellaBarillaro-768x991.jpg 768w, https:\/\/100anni.units.it\/wp-content\/uploads\/2023\/12\/100UniTS_RossellaBarillaro-1190x1536.jpg 1190w, https:\/\/100anni.units.it\/wp-content\/uploads\/2023\/12\/100UniTS_RossellaBarillaro-1587x2048.jpg 1587w, https:\/\/100anni.units.it\/wp-content\/uploads\/2023\/12\/100UniTS_RossellaBarillaro.jpg 1740w\" sizes=\"auto, (max-width: 793px) 100vw, 793px\" \/><\/figure><\/div>\n\n\n\n<div style=\"height:100px\" aria-hidden=\"true\" class=\"wp-block-spacer\"><\/div>\n\n\n\n<div class=\"wp-block-media-text is-stacked-on-mobile\" style=\"grid-template-columns:30% auto\"><figure class=\"wp-block-media-text__media\"><img loading=\"lazy\" decoding=\"async\" width=\"768\" height=\"1024\" src=\"https:\/\/100anni.units.it\/wp-content\/uploads\/2023\/12\/100UniTS_FrancescaNobili-768x1024.jpeg\" alt=\"foto Francesca Nobili\" class=\"wp-image-3176 size-full\" srcset=\"https:\/\/100anni.units.it\/wp-content\/uploads\/2023\/12\/100UniTS_FrancescaNobili-768x1024.jpeg 768w, https:\/\/100anni.units.it\/wp-content\/uploads\/2023\/12\/100UniTS_FrancescaNobili-225x300.jpeg 225w, https:\/\/100anni.units.it\/wp-content\/uploads\/2023\/12\/100UniTS_FrancescaNobili-1152x1536.jpeg 1152w, https:\/\/100anni.units.it\/wp-content\/uploads\/2023\/12\/100UniTS_FrancescaNobili-1536x2048.jpeg 1536w, https:\/\/100anni.units.it\/wp-content\/uploads\/2023\/12\/100UniTS_FrancescaNobili-scaled.jpeg 1920w\" sizes=\"auto, (max-width: 768px) 100vw, 768px\" \/><\/figure><div class=\"wp-block-media-text__content\">\n<div style=\"height:20px\" aria-hidden=\"true\" class=\"wp-block-spacer\"><\/div>\n\n\n\n<div class=\"wp-block-group is-vertical is-layout-flex wp-container-core-group-is-layout-8cf370e7 wp-block-group-is-layout-flex\">\n<h2 class=\"wp-block-heading has-neve-link-color-color has-text-color\" style=\"font-size:37px\">Francesca Nobili<\/h2>\n<\/div>\n\n\n\n<div style=\"height:20px\" aria-hidden=\"true\" class=\"wp-block-spacer\"><\/div>\n\n\n\n<p class=\"has-neve-text-color-color has-text-color\">CEO ed Executive Creative Director di Circle Entertainment, LLC, una societ\u00e0 specializzata in localizzazione, produzioni audiovisive, campagne pubblicitarie e molto altro. Pluripremiata Stop Motion Artist, con un palmares di oltre 75 film festival all\u2019attivo, e resident artist presso la rinomata Hive Gallery di Los Angeles.<\/p>\n\n\n\n<div class=\"wp-block-group is-horizontal is-layout-flex wp-block-group-is-layout-flex\">\n<div class=\"wp-block-group is-vertical is-content-justification-center is-layout-flex wp-container-core-group-is-layout-4b2eccd6 wp-block-group-is-layout-flex\">\n<div class=\"wp-block-boldblocks-svg-block proj-icon\" style=\"--bb--justify-alignment--sm:var(--bb--justify-alignment--lg);--bb--justify-alignment--md:var(--bb--justify-alignment--lg);--bb--justify-alignment--lg:left\"><a class=\"wp-block-boldblocks-svg-block__inner\" href=\"https:\/\/www.francescanobili.com\/\" rel=\"noreferrer noopener\" target=\"_blank\" style=\"--bb--width--sm:var(--bb--width--lg);--bb--width--md:var(--bb--width--lg);--bb--width--lg:50px;--bb--padding-top--sm:var(--bb--padding-top--lg);--bb--padding-right--sm:var(--bb--padding-right--lg);--bb--padding-bottom--sm:var(--bb--padding-bottom--lg);--bb--padding-left--sm:var(--bb--padding-left--lg);--bb--padding-top--md:var(--bb--padding-top--lg);--bb--padding-right--md:var(--bb--padding-right--lg);--bb--padding-bottom--md:var(--bb--padding-bottom--lg);--bb--padding-left--md:var(--bb--padding-left--lg);--bb--padding-top--lg:6px;--bb--padding-right--lg:6px;--bb--padding-bottom--lg:6px;--bb--padding-left--lg:6px;--bb--border-radius--sm:var(--bb--border-radius--lg);--bb--border-radius--md:var(--bb--border-radius--lg);--bb--border-radius--lg:50px 50px 50px 50px;box-shadow:0px 0.0625em 0.0625em 0px rgba(0, 0, 0, 0.25),0px 0.125em 0.5em 0px rgba(0, 0, 0, 0.25),inset 0px 0px 0px 1px rgba(255, 255, 255, 0.1);--bb--fill--color:var(--wp--preset--color--neve-link-color, var(--nv-primary-accent));--bb--background--color:var(--wp--preset--color--nv-site-bg, var(--nv-site-bg))\"><svg version=\"1.1\" id=\"Livello_1\" xmlns=\"http:\/\/www.w3.org\/2000\/svg\" xmlns:xlink=\"http:\/\/www.w3.org\/1999\/xlink\" x=\"0px\" y=\"0px\" viewBox=\"0 0 24 24\" xml:space=\"preserve\">\n<path d=\"M12,2C6.5,2,2,6.5,2,12s4.5,10,10,10c5.5,0,10-4.5,10-10S17.5,2,12,2z M18.9,8H16c-0.3-1.2-0.8-2.4-1.4-3.6\n\tC16.4,5.1,18,6.3,18.9,8z M12,4c0.8,1.2,1.5,2.5,1.9,4h-3.8C10.5,6.6,11.2,5.2,12,4z M4.3,14C4.1,13.4,4,12.7,4,12s0.1-1.4,0.3-2\n\th3.4c-0.1,0.7-0.1,1.3-0.1,2s0.1,1.3,0.1,2H4.3z M5.1,16h3c0.3,1.2,0.8,2.5,1.4,3.6C7.6,18.9,6,17.7,5.1,16z M8,8h-3\n\tc1-1.7,2.5-2.9,4.3-3.6C8.8,5.6,8.4,6.8,8,8z M12,20c-0.8-1.2-1.5-2.5-1.9-4h3.8C13.5,17.4,12.8,18.8,12,20z M14.3,14H9.7\n\tc-0.1-0.7-0.2-1.3-0.2-2s0.1-1.4,0.2-2h4.7c0.1,0.6,0.2,1.3,0.2,2S14.4,13.3,14.3,14z M14.6,19.6c0.6-1.1,1.1-2.3,1.4-3.6h2.9\n\tC18,17.6,16.4,18.9,14.6,19.6z M16.4,14c0.1-0.7,0.1-1.3,0.1-2s-0.1-1.3-0.1-2h3.4c0.2,0.6,0.3,1.3,0.3,2s-0.1,1.4-0.3,2H16.4z\"><\/path>\n<\/svg><\/a><\/div>\n\n\n\n<p class=\"has-text-align-center has-small-font-size\">website<\/p>\n<\/div>\n<\/div>\n<\/div><\/div>\n\n\n\n<div style=\"height:100px\" aria-hidden=\"true\" class=\"wp-block-spacer\"><\/div>\n\n\n\n<div class=\"wp-block-media-text has-media-on-the-right is-stacked-on-mobile\" style=\"grid-template-columns:auto 30%\"><div class=\"wp-block-media-text__content\">\n<div style=\"height:20px\" aria-hidden=\"true\" class=\"wp-block-spacer\"><\/div>\n\n\n\n<div class=\"wp-block-group is-vertical is-layout-flex wp-container-core-group-is-layout-8cf370e7 wp-block-group-is-layout-flex\">\n<h2 class=\"wp-block-heading has-neve-link-color-color has-text-color\" style=\"font-size:37px\">Cristiano Norbedo<\/h2>\n<\/div>\n\n\n\n<div style=\"height:20px\" aria-hidden=\"true\" class=\"wp-block-spacer\"><\/div>\n\n\n\n<p>Cristiano Norbedo, musicista e produttore artistico. In ambito pop collabora da anni come musicista e arrangiatore con artisti del mainstream italiano quali Elisa, Marco Mengoni, Alessandra Amoroso, Francesca Michielin, Noemi, Paola &amp; Chiara.<br>Arrangiatore per tre edizioni (2015-17) del talent televisivo Mediaset <em>Amici di Maria De Filippi<\/em>.<br>Insegnante di pianoforte moderno e responsabile di corsi di formazione inerenti la produzione musicale. Per la produzione audio delle campagne UniTS ha collaborato con Marco Rossetti, produttore e sound engineer.<\/p>\n<\/div><figure class=\"wp-block-media-text__media\"><img loading=\"lazy\" decoding=\"async\" width=\"768\" height=\"1024\" src=\"https:\/\/100anni.units.it\/wp-content\/uploads\/2023\/12\/100UniTS_CristianoNorbedo-768x1024.jpg\" alt=\"foto Cristiano Norbedo\" class=\"wp-image-3185 size-full\" srcset=\"https:\/\/100anni.units.it\/wp-content\/uploads\/2023\/12\/100UniTS_CristianoNorbedo-768x1024.jpg 768w, https:\/\/100anni.units.it\/wp-content\/uploads\/2023\/12\/100UniTS_CristianoNorbedo-225x300.jpg 225w, https:\/\/100anni.units.it\/wp-content\/uploads\/2023\/12\/100UniTS_CristianoNorbedo-1152x1536.jpg 1152w, https:\/\/100anni.units.it\/wp-content\/uploads\/2023\/12\/100UniTS_CristianoNorbedo-1536x2048.jpg 1536w, https:\/\/100anni.units.it\/wp-content\/uploads\/2023\/12\/100UniTS_CristianoNorbedo-scaled.jpg 1920w\" sizes=\"auto, (max-width: 768px) 100vw, 768px\" \/><\/figure><\/div>\n\n\n\n<div style=\"height:100px\" aria-hidden=\"true\" class=\"wp-block-spacer\"><\/div>\n\n\n\n<div class=\"wp-block-media-text is-stacked-on-mobile\" style=\"grid-template-columns:30% auto\"><figure class=\"wp-block-media-text__media\"><img loading=\"lazy\" decoding=\"async\" width=\"756\" height=\"1024\" src=\"https:\/\/100anni.units.it\/wp-content\/uploads\/2023\/12\/100UniTS_RaffaellaPerancin-756x1024.jpg\" alt=\"foto Raffaella Perancin\" class=\"wp-image-3177 size-full\" srcset=\"https:\/\/100anni.units.it\/wp-content\/uploads\/2023\/12\/100UniTS_RaffaellaPerancin-756x1024.jpg 756w, https:\/\/100anni.units.it\/wp-content\/uploads\/2023\/12\/100UniTS_RaffaellaPerancin-222x300.jpg 222w, https:\/\/100anni.units.it\/wp-content\/uploads\/2023\/12\/100UniTS_RaffaellaPerancin-768x1040.jpg 768w, https:\/\/100anni.units.it\/wp-content\/uploads\/2023\/12\/100UniTS_RaffaellaPerancin-1134x1536.jpg 1134w, https:\/\/100anni.units.it\/wp-content\/uploads\/2023\/12\/100UniTS_RaffaellaPerancin-1512x2048.jpg 1512w, https:\/\/100anni.units.it\/wp-content\/uploads\/2023\/12\/100UniTS_RaffaellaPerancin-scaled.jpg 1890w\" sizes=\"auto, (max-width: 756px) 100vw, 756px\" \/><\/figure><div class=\"wp-block-media-text__content\">\n<div style=\"height:20px\" aria-hidden=\"true\" class=\"wp-block-spacer\"><\/div>\n\n\n\n<div class=\"wp-block-group is-vertical is-layout-flex wp-container-core-group-is-layout-8cf370e7 wp-block-group-is-layout-flex\">\n<h2 class=\"wp-block-heading has-neve-link-color-color has-text-color\" style=\"font-size:37px\">Raffaella Perancin<\/h2>\n<\/div>\n\n\n\n<div style=\"height:20px\" aria-hidden=\"true\" class=\"wp-block-spacer\"><\/div>\n\n\n\n<p>Dalla Laurea in Lingue con una tesi in Storia del Cinema, dedicata al doppiaggio dei film di Stanley Kubrick, nasce la passione per il mondo delle voci e la produzione audio e video.<br>Da pi\u00f9 di 20 anni si occupa di audio, collaborando con le pi\u00f9 importanti case di produzione e agenzie di pubblicit\u00e0 internazionali. Seleziona e propone le voci pi\u00f9 adatte ai loro progetti, sia italiani che internazionali, grazie ad un network che ha creato in questi anni&nbsp;di voci professioniste in tutto il mondo.<br>Dopo essere stata executive manager e producer di alcuni studi di Milano, una decina di anni fa ha creato Fool Moon, per venire incontro alle richieste del mercato con una struttura snella e fortemente improntata alla consulenza e al servizio al cliente.<\/p>\n<\/div><\/div>\n\n\n\n<div style=\"height:100px\" aria-hidden=\"true\" class=\"wp-block-spacer\"><\/div>\n\n\n\n<div class=\"wp-block-media-text has-media-on-the-right is-stacked-on-mobile\" style=\"grid-template-columns:auto 30%\"><div class=\"wp-block-media-text__content\">\n<div style=\"height:20px\" aria-hidden=\"true\" class=\"wp-block-spacer\"><\/div>\n\n\n\n<div class=\"wp-block-group is-vertical is-layout-flex wp-container-core-group-is-layout-8cf370e7 wp-block-group-is-layout-flex\">\n<h2 class=\"wp-block-heading has-neve-link-color-color has-text-color\" style=\"font-size:37px\">Jan Sedmak<\/h2>\n<\/div>\n\n\n\n<div style=\"height:20px\" aria-hidden=\"true\" class=\"wp-block-spacer\"><\/div>\n\n\n\n<p>Nasce a Trieste nel 1983, dove vive e lavora come illustratore per riviste, copertine di libri, albi illustrati, poster design e immagini per eventi culturali, street art, video animazione.<br>Ha collaborato con Illy Caff\u00e8, Barcolana, Porto di Trieste, Einaudi Ragazzi, Edizioni Corraini, Castelvecchi Editore, Archivio Storico Olivetti, Universit\u00e0 Ca\u2019 Foscari, Dedica Festival, Festival Una Montagna di Libri, Studio Tassinari\/Vetta, Sebastiano Girardi Studio, Camuffo Lab.<br>Terzo classificato nell\u2019Annual di Autori di Immagini 2022. Menzione speciale ai World Illustration Awards 2020. Merit Award di 3X3 Magazine New York 2017.<\/p>\n\n\n\n<p class=\"has-text-align-right has-small-font-size\">Ph. Gianmaria Fioriti<\/p>\n<\/div><figure class=\"wp-block-media-text__media\"><img loading=\"lazy\" decoding=\"async\" width=\"711\" height=\"1024\" src=\"https:\/\/100anni.units.it\/wp-content\/uploads\/2023\/12\/100UniTS_JanSedmak-711x1024.jpg\" alt=\"foto Jan Sedmak\" class=\"wp-image-3178 size-full\" srcset=\"https:\/\/100anni.units.it\/wp-content\/uploads\/2023\/12\/100UniTS_JanSedmak-711x1024.jpg 711w, https:\/\/100anni.units.it\/wp-content\/uploads\/2023\/12\/100UniTS_JanSedmak-208x300.jpg 208w, https:\/\/100anni.units.it\/wp-content\/uploads\/2023\/12\/100UniTS_JanSedmak-768x1106.jpg 768w, https:\/\/100anni.units.it\/wp-content\/uploads\/2023\/12\/100UniTS_JanSedmak-1067x1536.jpg 1067w, https:\/\/100anni.units.it\/wp-content\/uploads\/2023\/12\/100UniTS_JanSedmak.jpg 1420w\" sizes=\"auto, (max-width: 711px) 100vw, 711px\" \/><\/figure><\/div>\n\n\n\n<div style=\"height:100px\" aria-hidden=\"true\" class=\"wp-block-spacer\"><\/div>\n\n\n\n<div class=\"wp-block-media-text is-stacked-on-mobile\" style=\"grid-template-columns:30% auto\"><figure class=\"wp-block-media-text__media\"><img loading=\"lazy\" decoding=\"async\" width=\"427\" height=\"480\" src=\"https:\/\/100anni.units.it\/wp-content\/uploads\/2023\/12\/100UniTS_AdrianoVessichelli.jpg\" alt=\"foto Adriano Vessichelli\" class=\"wp-image-3179 size-full\" srcset=\"https:\/\/100anni.units.it\/wp-content\/uploads\/2023\/12\/100UniTS_AdrianoVessichelli.jpg 427w, https:\/\/100anni.units.it\/wp-content\/uploads\/2023\/12\/100UniTS_AdrianoVessichelli-267x300.jpg 267w\" sizes=\"auto, (max-width: 427px) 100vw, 427px\" \/><\/figure><div class=\"wp-block-media-text__content\">\n<div style=\"height:20px\" aria-hidden=\"true\" class=\"wp-block-spacer\"><\/div>\n\n\n\n<div class=\"wp-block-group is-vertical is-layout-flex wp-container-core-group-is-layout-8cf370e7 wp-block-group-is-layout-flex\">\n<h2 class=\"wp-block-heading has-neve-link-color-color has-text-color\" style=\"font-size:37px\">Adriano Vessichelli<\/h2>\n<\/div>\n\n\n\n<div style=\"height:20px\" aria-hidden=\"true\" class=\"wp-block-spacer\"><\/div>\n\n\n\n<p>Animatore, regista e compositor con base a Trieste. Nato a Benevento dove ha iniziato la sua educazione artistica, seguita poi da una laurea in disegno industriale a Firenze. Ha studiato e vissuto a Londra per pi\u00f9 di 10 anni lavorando per vari progetti, da pubblicit\u00e0 a serie TV per clienti come Channel 4, Apple, Cartoon Network, Nike, Samsung, Stella Artois, The Weeknd &amp; Ariana Grande e Atoms for Peace. I suoi lavori come regista sono stati selezionati e premiati in vari festival internazionali tra cui il primo premio all&#8217;HAFF 2013 per il cortometraggio <em>Odio<\/em>.<\/p>\n\n\n\n<div class=\"wp-block-group is-horizontal is-layout-flex wp-block-group-is-layout-flex\">\n<div class=\"wp-block-group is-vertical is-content-justification-center is-layout-flex wp-container-core-group-is-layout-4b2eccd6 wp-block-group-is-layout-flex\">\n<div class=\"wp-block-boldblocks-svg-block proj-icon\" style=\"--bb--justify-alignment--sm:var(--bb--justify-alignment--lg);--bb--justify-alignment--md:var(--bb--justify-alignment--lg);--bb--justify-alignment--lg:left\"><a class=\"wp-block-boldblocks-svg-block__inner\" href=\"https:\/\/adrianovessichelli.com\/\" rel=\"noreferrer noopener\" target=\"_blank\" style=\"--bb--width--sm:var(--bb--width--lg);--bb--width--md:var(--bb--width--lg);--bb--width--lg:50px;--bb--padding-top--sm:var(--bb--padding-top--lg);--bb--padding-right--sm:var(--bb--padding-right--lg);--bb--padding-bottom--sm:var(--bb--padding-bottom--lg);--bb--padding-left--sm:var(--bb--padding-left--lg);--bb--padding-top--md:var(--bb--padding-top--lg);--bb--padding-right--md:var(--bb--padding-right--lg);--bb--padding-bottom--md:var(--bb--padding-bottom--lg);--bb--padding-left--md:var(--bb--padding-left--lg);--bb--padding-top--lg:6px;--bb--padding-right--lg:6px;--bb--padding-bottom--lg:6px;--bb--padding-left--lg:6px;--bb--border-radius--sm:var(--bb--border-radius--lg);--bb--border-radius--md:var(--bb--border-radius--lg);--bb--border-radius--lg:50px 50px 50px 50px;box-shadow:0px 0.0625em 0.0625em 0px rgba(0, 0, 0, 0.25),0px 0.125em 0.5em 0px rgba(0, 0, 0, 0.25),inset 0px 0px 0px 1px rgba(255, 255, 255, 0.1);--bb--fill--color:var(--wp--preset--color--neve-link-color, var(--nv-primary-accent));--bb--background--color:var(--wp--preset--color--nv-site-bg, var(--nv-site-bg))\"><svg version=\"1.1\" id=\"Livello_1\" xmlns=\"http:\/\/www.w3.org\/2000\/svg\" xmlns:xlink=\"http:\/\/www.w3.org\/1999\/xlink\" x=\"0px\" y=\"0px\" viewBox=\"0 0 24 24\" xml:space=\"preserve\">\n<path d=\"M12,2C6.5,2,2,6.5,2,12s4.5,10,10,10c5.5,0,10-4.5,10-10S17.5,2,12,2z M18.9,8H16c-0.3-1.2-0.8-2.4-1.4-3.6\n\tC16.4,5.1,18,6.3,18.9,8z M12,4c0.8,1.2,1.5,2.5,1.9,4h-3.8C10.5,6.6,11.2,5.2,12,4z M4.3,14C4.1,13.4,4,12.7,4,12s0.1-1.4,0.3-2\n\th3.4c-0.1,0.7-0.1,1.3-0.1,2s0.1,1.3,0.1,2H4.3z M5.1,16h3c0.3,1.2,0.8,2.5,1.4,3.6C7.6,18.9,6,17.7,5.1,16z M8,8h-3\n\tc1-1.7,2.5-2.9,4.3-3.6C8.8,5.6,8.4,6.8,8,8z M12,20c-0.8-1.2-1.5-2.5-1.9-4h3.8C13.5,17.4,12.8,18.8,12,20z M14.3,14H9.7\n\tc-0.1-0.7-0.2-1.3-0.2-2s0.1-1.4,0.2-2h4.7c0.1,0.6,0.2,1.3,0.2,2S14.4,13.3,14.3,14z M14.6,19.6c0.6-1.1,1.1-2.3,1.4-3.6h2.9\n\tC18,17.6,16.4,18.9,14.6,19.6z M16.4,14c0.1-0.7,0.1-1.3,0.1-2s-0.1-1.3-0.1-2h3.4c0.2,0.6,0.3,1.3,0.3,2s-0.1,1.4-0.3,2H16.4z\"><\/path>\n<\/svg><\/a><\/div>\n\n\n\n<p class=\"has-text-align-center has-small-font-size\">website<\/p>\n<\/div>\n<\/div>\n<\/div><\/div>\n\n\n\n<div style=\"height:100px\" aria-hidden=\"true\" class=\"wp-block-spacer\"><\/div>\n\n\n\n<div class=\"wp-block-media-text has-media-on-the-right is-stacked-on-mobile\" style=\"grid-template-columns:auto 30%\"><div class=\"wp-block-media-text__content\">\n<div style=\"height:20px\" aria-hidden=\"true\" class=\"wp-block-spacer\"><\/div>\n\n\n\n<div class=\"wp-block-group is-vertical is-layout-flex wp-container-core-group-is-layout-8cf370e7 wp-block-group-is-layout-flex\">\n<h2 class=\"wp-block-heading has-neve-link-color-color has-text-color\" style=\"font-size:37px\">Eva Vezzani Rossetti<\/h2>\n<\/div>\n\n\n\n<div style=\"height:20px\" aria-hidden=\"true\" class=\"wp-block-spacer\"><\/div>\n\n\n\n<p>Graphic e Web Designer freelance, specializzata in Graphic Design col massimo dei voti&nbsp;presso Scuola Mohole, accademia di arte digitale a Milano. La sua carriera abbraccia il settore e-commerce, fashion &amp; beauty,&nbsp;tech e ristorazione italiana. La sua esperienza include lavori per aziende leader come MySecretCase, Camera Nazionale della Moda Italiana, Mulac Cosmetics, Brooklin&nbsp;Models. Oggi lavora nel mondo della grafica digitale affiancando piccole e grandi realt\u00e0 nella loro comunicazione online seguendo tutti i punti di contatto del brand: sito web, applicazione, social media e brand identity.<\/p>\n\n\n\n<div class=\"wp-block-group is-horizontal is-layout-flex wp-block-group-is-layout-flex\">\n<div class=\"wp-block-group is-vertical is-content-justification-center is-layout-flex wp-container-core-group-is-layout-4b2eccd6 wp-block-group-is-layout-flex\">\n<div class=\"wp-block-boldblocks-svg-block proj-icon\" style=\"--bb--justify-alignment--sm:var(--bb--justify-alignment--lg);--bb--justify-alignment--md:var(--bb--justify-alignment--lg);--bb--justify-alignment--lg:left\"><a class=\"wp-block-boldblocks-svg-block__inner\" href=\"https:\/\/www.behance.net\/evavezz\" rel=\"noreferrer noopener\" target=\"_blank\" style=\"--bb--width--sm:var(--bb--width--lg);--bb--width--md:var(--bb--width--lg);--bb--width--lg:50px;--bb--padding-top--sm:var(--bb--padding-top--lg);--bb--padding-right--sm:var(--bb--padding-right--lg);--bb--padding-bottom--sm:var(--bb--padding-bottom--lg);--bb--padding-left--sm:var(--bb--padding-left--lg);--bb--padding-top--md:var(--bb--padding-top--lg);--bb--padding-right--md:var(--bb--padding-right--lg);--bb--padding-bottom--md:var(--bb--padding-bottom--lg);--bb--padding-left--md:var(--bb--padding-left--lg);--bb--padding-top--lg:6px;--bb--padding-right--lg:6px;--bb--padding-bottom--lg:6px;--bb--padding-left--lg:6px;--bb--border-radius--sm:var(--bb--border-radius--lg);--bb--border-radius--md:var(--bb--border-radius--lg);--bb--border-radius--lg:50px 50px 50px 50px;box-shadow:0px 0.0625em 0.0625em 0px rgba(0, 0, 0, 0.25),0px 0.125em 0.5em 0px rgba(0, 0, 0, 0.25),inset 0px 0px 0px 1px rgba(255, 255, 255, 0.1);--bb--fill--color:var(--wp--preset--color--neve-link-color, var(--nv-primary-accent));--bb--background--color:var(--wp--preset--color--nv-site-bg, var(--nv-site-bg))\"><svg xmlns=\"http:\/\/www.w3.org\/2000\/svg\" viewBox=\"0 0 512 512\" class=\"bb-icon bb-icon--logo-behance\">\n  <path d=\"M344.1 233.6c-28.9 0-32.9 28.8-32.9 28.8h61.4s.4-28.8-28.5-28.8Zm-139.3 28.8h-54.4v50h51.7c7.8-.2 22.4-2.4 22.4-24.3 0-26-19.7-25.7-19.7-25.7Z\"><\/path>\n  <path d=\"M256 32C132.3 32 32 132.3 32 256s100.3 224 224 224 224-100.3 224-224S379.7 32 256 32Zm47.2 137.6h77.1v23h-77.1v-23Zm-39 120.8c0 57-59.4 55.2-59.4 55.2h-97.2v-187h97.2c29.6 0 52.9 16.3 52.9 49.8S229.2 244 229.2 244c37.6 0 35 46.4 35 46.4Zm144.2-3.1h-96.9c0 34.7 32.9 32.5 32.9 32.5 31.1 0 30-20.1 30-20.1h32.9c0 53.4-64 49.7-64 49.7-76.7 0-71.8-71.5-71.8-71.5s-.1-71.8 71.8-71.8c75.7.1 65.1 81.2 65.1 81.2Z\"><\/path>\n  <path d=\"M218 211.3c0-19.4-13.2-19.4-13.2-19.4h-54.4v41.7h51c8.8 0 16.6-2.9 16.6-22.3Z\"><\/path>\n<\/svg><\/a><\/div>\n\n\n\n<p class=\"has-text-align-center has-small-font-size\">Behance<\/p>\n<\/div>\n<\/div>\n<\/div><figure class=\"wp-block-media-text__media\"><img loading=\"lazy\" decoding=\"async\" width=\"1024\" height=\"1024\" src=\"https:\/\/100anni.units.it\/wp-content\/uploads\/2023\/12\/100UniTS_EvaVezzaniRossetti-1024x1024.jpg\" alt=\"foto Eva Vezzani Rossetti\" class=\"wp-image-3180 size-full\" srcset=\"https:\/\/100anni.units.it\/wp-content\/uploads\/2023\/12\/100UniTS_EvaVezzaniRossetti-1024x1024.jpg 1024w, https:\/\/100anni.units.it\/wp-content\/uploads\/2023\/12\/100UniTS_EvaVezzaniRossetti-300x300.jpg 300w, https:\/\/100anni.units.it\/wp-content\/uploads\/2023\/12\/100UniTS_EvaVezzaniRossetti-150x150.jpg 150w, https:\/\/100anni.units.it\/wp-content\/uploads\/2023\/12\/100UniTS_EvaVezzaniRossetti-768x768.jpg 768w, https:\/\/100anni.units.it\/wp-content\/uploads\/2023\/12\/100UniTS_EvaVezzaniRossetti-1536x1536.jpg 1536w, https:\/\/100anni.units.it\/wp-content\/uploads\/2023\/12\/100UniTS_EvaVezzaniRossetti-2048x2048.jpg 2048w\" sizes=\"auto, (max-width: 1024px) 100vw, 1024px\" \/><\/figure><\/div>\n\n\n\n<div style=\"height:100px\" aria-hidden=\"true\" class=\"wp-block-spacer\"><\/div>\n\n\n\n<div class=\"wp-block-group\"><div class=\"wp-block-group__inner-container is-layout-constrained wp-block-group-is-layout-constrained\">\n<div style=\"height:25px\" aria-hidden=\"true\" class=\"wp-block-spacer\"><\/div>\n\n\n<div class=\"yoast-breadcrumbs\"><span><span><a href=\"https:\/\/100anni.units.it\/\">Home<\/a><\/span> \u00bb <span class=\"breadcrumb_last\" aria-current=\"page\">Campagne di comunicazione<\/span><\/span><\/div>\n\n\n<div style=\"height:40px\" aria-hidden=\"true\" class=\"wp-block-spacer\"><\/div>\n<\/div><\/div>\n","protected":false},"excerpt":{"rendered":"<p>Campagne di comunicazione In occasione del centesimo anniversario dalla fondazione, l&#8217;Universit\u00e0 degli Studi di Trieste, supportata da un team di esperti professionisti del settore, ha condotto un viaggio alla riscoperta&hellip;&nbsp;<a href=\"https:\/\/100anni.units.it\/index.php\/home\/campagne-di-comunicazione\/\" class=\"\" rel=\"bookmark\">Leggi tutto &raquo;<span class=\"screen-reader-text\">Campagne di comunicazione<\/span><\/a><\/p>\n","protected":false},"author":1,"featured_media":99,"parent":120,"menu_order":0,"comment_status":"closed","ping_status":"closed","template":"","meta":{"neve_meta_sidebar":"","neve_meta_container":"","neve_meta_enable_content_width":"on","neve_meta_content_width":100,"neve_meta_title_alignment":"","neve_meta_author_avatar":"","neve_post_elements_order":"","neve_meta_disable_header":"","neve_meta_disable_footer":"","neve_meta_disable_title":"","_EventAllDay":false,"_EventTimezone":"","_EventStartDate":"","_EventEndDate":"","_EventStartDateUTC":"","_EventEndDateUTC":"","_EventShowMap":false,"_EventShowMapLink":false,"_EventURL":"","_EventCost":"","_EventCostDescription":"","_EventCurrencySymbol":"","_EventCurrencyCode":"","_EventCurrencyPosition":"","_EventDateTimeSeparator":"","_EventTimeRangeSeparator":"","_EventOrganizerID":[],"_EventVenueID":[],"_OrganizerEmail":"","_OrganizerPhone":"","_OrganizerWebsite":"","_VenueAddress":"","_VenueCity":"","_VenueCountry":"","_VenueProvince":"","_VenueState":"","_VenueZip":"","_VenuePhone":"","_VenueURL":"","_VenueStateProvince":"","_VenueLat":"","_VenueLng":"","_VenueShowMap":false,"_VenueShowMapLink":false,"_ti_tpc_template_sync":false,"_ti_tpc_template_id":"","footnotes":""},"class_list":["post-3173","page","type-page","status-publish","has-post-thumbnail","hentry"],"yoast_head":"<!-- This site is optimized with the Yoast SEO plugin v21.0 - https:\/\/yoast.com\/wordpress\/plugins\/seo\/ -->\n<title>Campagne di comunicazione &ndash; #100UniTS<\/title>\n<meta name=\"robots\" content=\"index, follow, max-snippet:-1, max-image-preview:large, max-video-preview:-1\" \/>\n<link rel=\"canonical\" href=\"https:\/\/100anni.units.it\/index.php\/home\/campagne-di-comunicazione\/\" \/>\n<meta property=\"og:locale\" content=\"it_IT\" \/>\n<meta property=\"og:type\" content=\"article\" \/>\n<meta property=\"og:title\" content=\"Campagne di comunicazione &ndash; #100UniTS\" \/>\n<meta property=\"og:description\" content=\"Campagne di comunicazione In occasione del centesimo anniversario dalla fondazione, l&#8217;Universit\u00e0 degli Studi di Trieste, supportata da un team di esperti professionisti del settore, ha condotto un viaggio alla riscoperta&hellip;&nbsp;Leggi tutto &raquo;Campagne di comunicazione\" \/>\n<meta property=\"og:url\" content=\"https:\/\/100anni.units.it\/index.php\/home\/campagne-di-comunicazione\/\" \/>\n<meta property=\"og:site_name\" content=\"#100UniTS\" \/>\n<meta property=\"article:publisher\" content=\"https:\/\/www.facebook.com\/universitatrieste\" \/>\n<meta property=\"article:modified_time\" content=\"2024-02-19T10:41:45+00:00\" \/>\n<meta property=\"og:image\" content=\"https:\/\/100anni.units.it\/wp-content\/uploads\/2023\/08\/100units_ill_centenario.png\" \/>\n\t<meta property=\"og:image:width\" content=\"2167\" \/>\n\t<meta property=\"og:image:height\" content=\"1324\" \/>\n\t<meta property=\"og:image:type\" content=\"image\/png\" \/>\n<meta name=\"twitter:card\" content=\"summary_large_image\" \/>\n<meta name=\"twitter:site\" content=\"@UniTrieste\" \/>\n<meta name=\"twitter:label1\" content=\"Tempo di lettura stimato\" \/>\n\t<meta name=\"twitter:data1\" content=\"8 minuti\" \/>\n<script type=\"application\/ld+json\" class=\"yoast-schema-graph\">{\"@context\":\"https:\/\/schema.org\",\"@graph\":[{\"@type\":\"WebPage\",\"@id\":\"https:\/\/100anni.units.it\/index.php\/home\/campagne-di-comunicazione\/\",\"url\":\"https:\/\/100anni.units.it\/index.php\/home\/campagne-di-comunicazione\/\",\"name\":\"Campagne di comunicazione &ndash; #100UniTS\",\"isPartOf\":{\"@id\":\"https:\/\/100anni.units.it\/#website\"},\"datePublished\":\"2023-12-21T15:16:25+00:00\",\"dateModified\":\"2024-02-19T10:41:45+00:00\",\"breadcrumb\":{\"@id\":\"https:\/\/100anni.units.it\/index.php\/home\/campagne-di-comunicazione\/#breadcrumb\"},\"inLanguage\":\"it-IT\",\"potentialAction\":[{\"@type\":\"ReadAction\",\"target\":[\"https:\/\/100anni.units.it\/index.php\/home\/campagne-di-comunicazione\/\"]}]},{\"@type\":\"BreadcrumbList\",\"@id\":\"https:\/\/100anni.units.it\/index.php\/home\/campagne-di-comunicazione\/#breadcrumb\",\"itemListElement\":[{\"@type\":\"ListItem\",\"position\":1,\"name\":\"Home\",\"item\":\"https:\/\/100anni.units.it\/\"},{\"@type\":\"ListItem\",\"position\":2,\"name\":\"Campagne di comunicazione\"}]},{\"@type\":\"WebSite\",\"@id\":\"https:\/\/100anni.units.it\/#website\",\"url\":\"https:\/\/100anni.units.it\/\",\"name\":\"#100UniTS\",\"description\":\"Ogni giorno, da cento anni, con noi puoi scoprire ci\u00f2 che sar\u00e0 realt\u00e0 nel futuro. Celebriamo insieme un secolo di ricerca, eccellenza, creativit\u00e0 e ingegno umano.\",\"publisher\":{\"@id\":\"https:\/\/100anni.units.it\/#organization\"},\"potentialAction\":[{\"@type\":\"SearchAction\",\"target\":{\"@type\":\"EntryPoint\",\"urlTemplate\":\"https:\/\/100anni.units.it\/?s={search_term_string}\"},\"query-input\":\"required name=search_term_string\"}],\"inLanguage\":\"it-IT\"},{\"@type\":\"Organization\",\"@id\":\"https:\/\/100anni.units.it\/#organization\",\"name\":\"Universit\u00e0 degli Studi di Trieste\",\"alternateName\":\"UniTS\",\"url\":\"https:\/\/100anni.units.it\/\",\"logo\":{\"@type\":\"ImageObject\",\"inLanguage\":\"it-IT\",\"@id\":\"https:\/\/100anni.units.it\/#\/schema\/logo\/image\/\",\"url\":\"https:\/\/100anni.units.it\/wp-content\/uploads\/2023\/08\/units_sigillo.png\",\"contentUrl\":\"https:\/\/100anni.units.it\/wp-content\/uploads\/2023\/08\/units_sigillo.png\",\"width\":696,\"height\":696,\"caption\":\"Universit\u00e0 degli Studi di Trieste\"},\"image\":{\"@id\":\"https:\/\/100anni.units.it\/#\/schema\/logo\/image\/\"},\"sameAs\":[\"https:\/\/www.facebook.com\/universitatrieste\",\"https:\/\/twitter.com\/UniTrieste\"]}]}<\/script>\n<!-- \/ Yoast SEO plugin. -->","yoast_head_json":{"title":"Campagne di comunicazione &ndash; #100UniTS","robots":{"index":"index","follow":"follow","max-snippet":"max-snippet:-1","max-image-preview":"max-image-preview:large","max-video-preview":"max-video-preview:-1"},"canonical":"https:\/\/100anni.units.it\/index.php\/home\/campagne-di-comunicazione\/","og_locale":"it_IT","og_type":"article","og_title":"Campagne di comunicazione &ndash; #100UniTS","og_description":"Campagne di comunicazione In occasione del centesimo anniversario dalla fondazione, l&#8217;Universit\u00e0 degli Studi di Trieste, supportata da un team di esperti professionisti del settore, ha condotto un viaggio alla riscoperta&hellip;&nbsp;Leggi tutto &raquo;Campagne di comunicazione","og_url":"https:\/\/100anni.units.it\/index.php\/home\/campagne-di-comunicazione\/","og_site_name":"#100UniTS","article_publisher":"https:\/\/www.facebook.com\/universitatrieste","article_modified_time":"2024-02-19T10:41:45+00:00","og_image":[{"width":2167,"height":1324,"url":"https:\/\/100anni.units.it\/wp-content\/uploads\/2023\/08\/100units_ill_centenario.png","type":"image\/png"}],"twitter_card":"summary_large_image","twitter_site":"@UniTrieste","twitter_misc":{"Tempo di lettura stimato":"8 minuti"},"schema":{"@context":"https:\/\/schema.org","@graph":[{"@type":"WebPage","@id":"https:\/\/100anni.units.it\/index.php\/home\/campagne-di-comunicazione\/","url":"https:\/\/100anni.units.it\/index.php\/home\/campagne-di-comunicazione\/","name":"Campagne di comunicazione &ndash; #100UniTS","isPartOf":{"@id":"https:\/\/100anni.units.it\/#website"},"datePublished":"2023-12-21T15:16:25+00:00","dateModified":"2024-02-19T10:41:45+00:00","breadcrumb":{"@id":"https:\/\/100anni.units.it\/index.php\/home\/campagne-di-comunicazione\/#breadcrumb"},"inLanguage":"it-IT","potentialAction":[{"@type":"ReadAction","target":["https:\/\/100anni.units.it\/index.php\/home\/campagne-di-comunicazione\/"]}]},{"@type":"BreadcrumbList","@id":"https:\/\/100anni.units.it\/index.php\/home\/campagne-di-comunicazione\/#breadcrumb","itemListElement":[{"@type":"ListItem","position":1,"name":"Home","item":"https:\/\/100anni.units.it\/"},{"@type":"ListItem","position":2,"name":"Campagne di comunicazione"}]},{"@type":"WebSite","@id":"https:\/\/100anni.units.it\/#website","url":"https:\/\/100anni.units.it\/","name":"#100UniTS","description":"Ogni giorno, da cento anni, con noi puoi scoprire ci\u00f2 che sar\u00e0 realt\u00e0 nel futuro. Celebriamo insieme un secolo di ricerca, eccellenza, creativit\u00e0 e ingegno umano.","publisher":{"@id":"https:\/\/100anni.units.it\/#organization"},"potentialAction":[{"@type":"SearchAction","target":{"@type":"EntryPoint","urlTemplate":"https:\/\/100anni.units.it\/?s={search_term_string}"},"query-input":"required name=search_term_string"}],"inLanguage":"it-IT"},{"@type":"Organization","@id":"https:\/\/100anni.units.it\/#organization","name":"Universit\u00e0 degli Studi di Trieste","alternateName":"UniTS","url":"https:\/\/100anni.units.it\/","logo":{"@type":"ImageObject","inLanguage":"it-IT","@id":"https:\/\/100anni.units.it\/#\/schema\/logo\/image\/","url":"https:\/\/100anni.units.it\/wp-content\/uploads\/2023\/08\/units_sigillo.png","contentUrl":"https:\/\/100anni.units.it\/wp-content\/uploads\/2023\/08\/units_sigillo.png","width":696,"height":696,"caption":"Universit\u00e0 degli Studi di Trieste"},"image":{"@id":"https:\/\/100anni.units.it\/#\/schema\/logo\/image\/"},"sameAs":["https:\/\/www.facebook.com\/universitatrieste","https:\/\/twitter.com\/UniTrieste"]}]}},"_links":{"self":[{"href":"https:\/\/100anni.units.it\/index.php\/wp-json\/wp\/v2\/pages\/3173","targetHints":{"allow":["GET"]}}],"collection":[{"href":"https:\/\/100anni.units.it\/index.php\/wp-json\/wp\/v2\/pages"}],"about":[{"href":"https:\/\/100anni.units.it\/index.php\/wp-json\/wp\/v2\/types\/page"}],"author":[{"embeddable":true,"href":"https:\/\/100anni.units.it\/index.php\/wp-json\/wp\/v2\/users\/1"}],"replies":[{"embeddable":true,"href":"https:\/\/100anni.units.it\/index.php\/wp-json\/wp\/v2\/comments?post=3173"}],"version-history":[{"count":37,"href":"https:\/\/100anni.units.it\/index.php\/wp-json\/wp\/v2\/pages\/3173\/revisions"}],"predecessor-version":[{"id":5544,"href":"https:\/\/100anni.units.it\/index.php\/wp-json\/wp\/v2\/pages\/3173\/revisions\/5544"}],"up":[{"embeddable":true,"href":"https:\/\/100anni.units.it\/index.php\/wp-json\/wp\/v2\/pages\/120"}],"wp:featuredmedia":[{"embeddable":true,"href":"https:\/\/100anni.units.it\/index.php\/wp-json\/wp\/v2\/media\/99"}],"wp:attachment":[{"href":"https:\/\/100anni.units.it\/index.php\/wp-json\/wp\/v2\/media?parent=3173"}],"curies":[{"name":"wp","href":"https:\/\/api.w.org\/{rel}","templated":true}]}}