{"id":3289,"date":"2023-12-21T16:14:03","date_gmt":"2023-12-21T15:14:03","guid":{"rendered":"https:\/\/100anni.units.it\/?page_id=3289"},"modified":"2024-02-19T11:33:53","modified_gmt":"2024-02-19T10:33:53","slug":"campagna-istituzionale","status":"publish","type":"page","link":"https:\/\/100anni.units.it\/index.php\/home\/campagne-di-comunicazione\/campagna-istituzionale\/","title":{"rendered":"Campagna istituzionale"},"content":{"rendered":"\n<div class=\"wp-block-group\"><div class=\"wp-block-group__inner-container is-layout-constrained wp-block-group-is-layout-constrained\">\n<div style=\"height:25px\" aria-hidden=\"true\" class=\"wp-block-spacer\"><\/div>\n\n\n<div class=\"yoast-breadcrumbs\"><span><span><a href=\"https:\/\/100anni.units.it\/\">Home<\/a><\/span> \u00bb <span><a href=\"https:\/\/100anni.units.it\/index.php\/home\/campagne-di-comunicazione\/\">Campagne di comunicazione<\/a><\/span> \u00bb <span class=\"breadcrumb_last\" aria-current=\"page\">Campagna istituzionale<\/span><\/span><\/div>\n\n\n<div style=\"height:40px\" aria-hidden=\"true\" class=\"wp-block-spacer\"><\/div>\n<\/div><\/div>\n\n\n\n<div class=\"wp-block-group is-vertical is-layout-flex wp-container-core-group-is-layout-8cf370e7 wp-block-group-is-layout-flex\">\n<h3 class=\"wp-block-heading has-neve-link-color-color has-text-color\">Campagne di comunicazione<\/h3>\n\n\n\n<h1 class=\"wp-block-heading has-neve-link-color-color has-text-color\">Campagna istituzionale<\/h1>\n\n\n\n<h2 class=\"wp-block-heading has-neve-link-color-color has-text-color\" style=\"font-size:28px\">2023 &#8211; 2024<\/h2>\n<\/div>\n\n\n\n<div style=\"height:50px\" aria-hidden=\"true\" class=\"wp-block-spacer\"><\/div>\n\n\n\n<div class=\"wp-block-columns is-layout-flex wp-container-core-columns-is-layout-9d6595d7 wp-block-columns-is-layout-flex\">\n<div class=\"wp-block-column is-layout-flow wp-block-column-is-layout-flow\"><div class=\"wp-block-image\">\n<figure class=\"aligncenter size-large\"><a href=\"https:\/\/youtu.be\/bk7a2PJnhzk\" target=\"_blank\" rel=\"noreferrer noopener\"><img loading=\"lazy\" decoding=\"async\" width=\"1024\" height=\"576\" src=\"https:\/\/100anni.units.it\/wp-content\/uploads\/2024\/01\/100UniTS_campagna-istituzionale_video-1024x576.jpg\" alt=\"rimando al video YouTube della campagna istituzionale &quot;Occhi&quot;\" class=\"wp-image-3456\" style=\"object-fit:cover\" srcset=\"https:\/\/100anni.units.it\/wp-content\/uploads\/2024\/01\/100UniTS_campagna-istituzionale_video-1024x576.jpg 1024w, https:\/\/100anni.units.it\/wp-content\/uploads\/2024\/01\/100UniTS_campagna-istituzionale_video-300x169.jpg 300w, https:\/\/100anni.units.it\/wp-content\/uploads\/2024\/01\/100UniTS_campagna-istituzionale_video-768x432.jpg 768w, https:\/\/100anni.units.it\/wp-content\/uploads\/2024\/01\/100UniTS_campagna-istituzionale_video-1536x864.jpg 1536w, https:\/\/100anni.units.it\/wp-content\/uploads\/2024\/01\/100UniTS_campagna-istituzionale_video.jpg 1920w\" sizes=\"auto, (max-width: 1024px) 100vw, 1024px\" \/><\/a><\/figure>\n<\/div><\/div>\n\n\n\n<div class=\"wp-block-column is-layout-flow wp-block-column-is-layout-flow\">\n<p class=\"has-medium-font-size\">Campagna multisoggetto che ha come focus di immagine gli occhi, elemento che cattura l&#8217;attenzione di chi osserva e che, attraverso tratti somatici diversi, mira a rappresentare il tratto multiculturale e internazionale dell&#8217;Universit\u00e0 degli Studi di Trieste. La campagna istituzionale esplicita l&#8217;identit\u00e0 valoriale di UniTS.<\/p>\n<\/div>\n<\/div>\n\n\n\n<div style=\"height:50px;width:0px\" aria-hidden=\"true\" class=\"wp-block-spacer\"><\/div>\n\n\n\n<div class=\"wp-block-columns is-layout-flex wp-container-core-columns-is-layout-9d6595d7 wp-block-columns-is-layout-flex\">\n<div class=\"wp-block-column is-layout-flow wp-block-column-is-layout-flow\">\n<figure class=\"wp-block-image size-large img-border\"><img loading=\"lazy\" decoding=\"async\" width=\"731\" height=\"1024\" src=\"https:\/\/100anni.units.it\/wp-content\/uploads\/2023\/12\/100UniTS_istituzionale-caterina-731x1024.jpg\" alt=\"poster occhi Caterina\" class=\"wp-image-3352\" srcset=\"https:\/\/100anni.units.it\/wp-content\/uploads\/2023\/12\/100UniTS_istituzionale-caterina-731x1024.jpg 731w, https:\/\/100anni.units.it\/wp-content\/uploads\/2023\/12\/100UniTS_istituzionale-caterina-214x300.jpg 214w, https:\/\/100anni.units.it\/wp-content\/uploads\/2023\/12\/100UniTS_istituzionale-caterina-768x1076.jpg 768w, https:\/\/100anni.units.it\/wp-content\/uploads\/2023\/12\/100UniTS_istituzionale-caterina-1096x1536.jpg 1096w, https:\/\/100anni.units.it\/wp-content\/uploads\/2023\/12\/100UniTS_istituzionale-caterina-1462x2048.jpg 1462w, https:\/\/100anni.units.it\/wp-content\/uploads\/2023\/12\/100UniTS_istituzionale-caterina.jpg 1650w\" sizes=\"auto, (max-width: 731px) 100vw, 731px\" \/><\/figure>\n\n\n\n<div style=\"height:50px;width:0px\" aria-hidden=\"true\" class=\"wp-block-spacer\"><\/div>\n<\/div>\n\n\n\n<div class=\"wp-block-column is-layout-flow wp-block-column-is-layout-flow\">\n<figure class=\"wp-block-image size-large img-border\"><img loading=\"lazy\" decoding=\"async\" width=\"731\" height=\"1024\" src=\"https:\/\/100anni.units.it\/wp-content\/uploads\/2023\/12\/100UniTS_istituzionale-cheng-731x1024.jpg\" alt=\"poster occhi Cheng\" class=\"wp-image-3353\" srcset=\"https:\/\/100anni.units.it\/wp-content\/uploads\/2023\/12\/100UniTS_istituzionale-cheng-731x1024.jpg 731w, https:\/\/100anni.units.it\/wp-content\/uploads\/2023\/12\/100UniTS_istituzionale-cheng-214x300.jpg 214w, https:\/\/100anni.units.it\/wp-content\/uploads\/2023\/12\/100UniTS_istituzionale-cheng-768x1076.jpg 768w, https:\/\/100anni.units.it\/wp-content\/uploads\/2023\/12\/100UniTS_istituzionale-cheng-1096x1536.jpg 1096w, https:\/\/100anni.units.it\/wp-content\/uploads\/2023\/12\/100UniTS_istituzionale-cheng-1462x2048.jpg 1462w, https:\/\/100anni.units.it\/wp-content\/uploads\/2023\/12\/100UniTS_istituzionale-cheng.jpg 1650w\" sizes=\"auto, (max-width: 731px) 100vw, 731px\" \/><\/figure>\n\n\n\n<div style=\"height:50px;width:0px\" aria-hidden=\"true\" class=\"wp-block-spacer\"><\/div>\n<\/div>\n\n\n\n<div class=\"wp-block-column is-layout-flow wp-block-column-is-layout-flow\">\n<figure class=\"wp-block-image size-large img-border\"><img loading=\"lazy\" decoding=\"async\" width=\"731\" height=\"1024\" src=\"https:\/\/100anni.units.it\/wp-content\/uploads\/2023\/12\/100UniTS_istituzionale-gabriel-731x1024.jpg\" alt=\"poster occhi Gabriel\" class=\"wp-image-3354\" srcset=\"https:\/\/100anni.units.it\/wp-content\/uploads\/2023\/12\/100UniTS_istituzionale-gabriel-731x1024.jpg 731w, https:\/\/100anni.units.it\/wp-content\/uploads\/2023\/12\/100UniTS_istituzionale-gabriel-214x300.jpg 214w, https:\/\/100anni.units.it\/wp-content\/uploads\/2023\/12\/100UniTS_istituzionale-gabriel-768x1076.jpg 768w, https:\/\/100anni.units.it\/wp-content\/uploads\/2023\/12\/100UniTS_istituzionale-gabriel-1096x1536.jpg 1096w, https:\/\/100anni.units.it\/wp-content\/uploads\/2023\/12\/100UniTS_istituzionale-gabriel-1462x2048.jpg 1462w, https:\/\/100anni.units.it\/wp-content\/uploads\/2023\/12\/100UniTS_istituzionale-gabriel.jpg 1650w\" sizes=\"auto, (max-width: 731px) 100vw, 731px\" \/><\/figure>\n\n\n\n<div style=\"height:50px;width:0px\" aria-hidden=\"true\" class=\"wp-block-spacer\"><\/div>\n<\/div>\n<\/div>\n\n\n\n<div class=\"wp-block-columns is-layout-flex wp-container-core-columns-is-layout-9d6595d7 wp-block-columns-is-layout-flex\">\n<div class=\"wp-block-column is-layout-flow wp-block-column-is-layout-flow\">\n<figure class=\"wp-block-image size-large img-border\"><img loading=\"lazy\" decoding=\"async\" width=\"731\" height=\"1024\" src=\"https:\/\/100anni.units.it\/wp-content\/uploads\/2023\/12\/100UniTS_istituzionale-gili-731x1024.jpg\" alt=\"poster occhi Gili\" class=\"wp-image-3355\" srcset=\"https:\/\/100anni.units.it\/wp-content\/uploads\/2023\/12\/100UniTS_istituzionale-gili-731x1024.jpg 731w, https:\/\/100anni.units.it\/wp-content\/uploads\/2023\/12\/100UniTS_istituzionale-gili-214x300.jpg 214w, https:\/\/100anni.units.it\/wp-content\/uploads\/2023\/12\/100UniTS_istituzionale-gili-768x1076.jpg 768w, https:\/\/100anni.units.it\/wp-content\/uploads\/2023\/12\/100UniTS_istituzionale-gili-1096x1536.jpg 1096w, https:\/\/100anni.units.it\/wp-content\/uploads\/2023\/12\/100UniTS_istituzionale-gili-1462x2048.jpg 1462w, https:\/\/100anni.units.it\/wp-content\/uploads\/2023\/12\/100UniTS_istituzionale-gili.jpg 1650w\" sizes=\"auto, (max-width: 731px) 100vw, 731px\" \/><\/figure>\n\n\n\n<div style=\"height:50px;width:0px\" aria-hidden=\"true\" class=\"wp-block-spacer\"><\/div>\n<\/div>\n\n\n\n<div class=\"wp-block-column is-layout-flow wp-block-column-is-layout-flow\">\n<figure class=\"wp-block-image size-large img-border\"><img loading=\"lazy\" decoding=\"async\" width=\"731\" height=\"1024\" src=\"https:\/\/100anni.units.it\/wp-content\/uploads\/2023\/12\/100UniTS_istituzionale-maya-731x1024.jpg\" alt=\"poster occhi Maya\" class=\"wp-image-3356\" srcset=\"https:\/\/100anni.units.it\/wp-content\/uploads\/2023\/12\/100UniTS_istituzionale-maya-731x1024.jpg 731w, https:\/\/100anni.units.it\/wp-content\/uploads\/2023\/12\/100UniTS_istituzionale-maya-214x300.jpg 214w, https:\/\/100anni.units.it\/wp-content\/uploads\/2023\/12\/100UniTS_istituzionale-maya-768x1076.jpg 768w, https:\/\/100anni.units.it\/wp-content\/uploads\/2023\/12\/100UniTS_istituzionale-maya-1096x1536.jpg 1096w, https:\/\/100anni.units.it\/wp-content\/uploads\/2023\/12\/100UniTS_istituzionale-maya-1462x2048.jpg 1462w, https:\/\/100anni.units.it\/wp-content\/uploads\/2023\/12\/100UniTS_istituzionale-maya.jpg 1650w\" sizes=\"auto, (max-width: 731px) 100vw, 731px\" \/><\/figure>\n\n\n\n<div style=\"height:50px;width:0px\" aria-hidden=\"true\" class=\"wp-block-spacer\"><\/div>\n<\/div>\n\n\n\n<div class=\"wp-block-column is-layout-flow wp-block-column-is-layout-flow\">\n<figure class=\"wp-block-image size-large img-border\"><img loading=\"lazy\" decoding=\"async\" width=\"731\" height=\"1024\" src=\"https:\/\/100anni.units.it\/wp-content\/uploads\/2023\/12\/100UniTS_istituzionale-nina-731x1024.jpg\" alt=\"poster occhi Nina\" class=\"wp-image-3357\" srcset=\"https:\/\/100anni.units.it\/wp-content\/uploads\/2023\/12\/100UniTS_istituzionale-nina-731x1024.jpg 731w, https:\/\/100anni.units.it\/wp-content\/uploads\/2023\/12\/100UniTS_istituzionale-nina-214x300.jpg 214w, https:\/\/100anni.units.it\/wp-content\/uploads\/2023\/12\/100UniTS_istituzionale-nina-768x1076.jpg 768w, https:\/\/100anni.units.it\/wp-content\/uploads\/2023\/12\/100UniTS_istituzionale-nina-1096x1536.jpg 1096w, https:\/\/100anni.units.it\/wp-content\/uploads\/2023\/12\/100UniTS_istituzionale-nina-1462x2048.jpg 1462w, https:\/\/100anni.units.it\/wp-content\/uploads\/2023\/12\/100UniTS_istituzionale-nina.jpg 1650w\" sizes=\"auto, (max-width: 731px) 100vw, 731px\" \/><\/figure>\n\n\n\n<div style=\"height:50px;width:0px\" aria-hidden=\"true\" class=\"wp-block-spacer\"><\/div>\n<\/div>\n<\/div>\n\n\n\n<div class=\"wp-block-group is-vertical is-layout-flex wp-container-core-group-is-layout-8cf370e7 wp-block-group-is-layout-flex\">\n<h3 class=\"wp-block-heading has-neve-link-color-color has-text-color\">Credits<\/h3>\n\n\n\n<p>Titolo campagna: <strong>Occhi<\/strong><\/p>\n\n\n\n<p>Direzione creativa, graphic design, art direction e copywriting:&nbsp;<strong>Paola Russo<\/strong><\/p>\n\n\n\n<p>Fotografia:<strong> Camilla Bach<\/strong><\/p>\n\n\n\n<p>Regia e direzione fotografia: <strong>Camilla Bach<\/strong><\/p>\n\n\n\n<p>Aiuto regia e montaggio: <strong>Adriano Vessichelli<\/strong><\/p>\n\n\n\n<p>Musica originale: <strong>Cristiano Norbedo<\/strong><\/p>\n\n\n\n<p>Produzione audio: <strong>Cristiano Norbedo<\/strong>, <strong>Marco Rossetti &#8211; La Casetta Gialla Studio<\/strong><\/p>\n\n\n\n<p>Speaker ITA: <strong>Stefania Nali<\/strong>; UK: <strong>Daniela Di Muro per Fool Moon &#8211; Audio Production<\/strong><\/p>\n\n\n\n<p>Transcreation UK: <strong>Francesca Nobili<\/strong><\/p>\n\n\n\n<p>MUA: <strong>Rossella Barillaro<\/strong><\/p>\n\n\n\n<p>Diffusione: stampa (quotidiani e periodici), affissione, tv, radio, web<\/p>\n<\/div>\n\n\n\n<div style=\"height:100px;width:0px\" aria-hidden=\"true\" class=\"wp-block-spacer\"><\/div>\n\n\n\n<div class=\"wp-block-group\"><div class=\"wp-block-group__inner-container is-layout-constrained wp-block-group-is-layout-constrained\">\n<div style=\"height:25px\" aria-hidden=\"true\" class=\"wp-block-spacer\"><\/div>\n\n\n<div class=\"yoast-breadcrumbs\"><span><span><a href=\"https:\/\/100anni.units.it\/\">Home<\/a><\/span> \u00bb <span><a href=\"https:\/\/100anni.units.it\/index.php\/home\/campagne-di-comunicazione\/\">Campagne di comunicazione<\/a><\/span> \u00bb <span class=\"breadcrumb_last\" aria-current=\"page\">Campagna istituzionale<\/span><\/span><\/div>\n\n\n<div style=\"height:40px\" aria-hidden=\"true\" class=\"wp-block-spacer\"><\/div>\n<\/div><\/div>\n","protected":false},"excerpt":{"rendered":"<p>Campagne di comunicazione Campagna istituzionale 2023 &#8211; 2024 Campagna multisoggetto che ha come focus di immagine gli occhi, elemento che cattura l&#8217;attenzione di chi osserva e che, attraverso tratti somatici&hellip;&nbsp;<a href=\"https:\/\/100anni.units.it\/index.php\/home\/campagne-di-comunicazione\/campagna-istituzionale\/\" class=\"\" rel=\"bookmark\">Leggi tutto &raquo;<span class=\"screen-reader-text\">Campagna istituzionale<\/span><\/a><\/p>\n","protected":false},"author":1,"featured_media":3393,"parent":3173,"menu_order":0,"comment_status":"closed","ping_status":"closed","template":"","meta":{"neve_meta_sidebar":"","neve_meta_container":"","neve_meta_enable_content_width":"","neve_meta_content_width":0,"neve_meta_title_alignment":"","neve_meta_author_avatar":"","neve_post_elements_order":"","neve_meta_disable_header":"","neve_meta_disable_footer":"","neve_meta_disable_title":"","_EventAllDay":false,"_EventTimezone":"","_EventStartDate":"","_EventEndDate":"","_EventStartDateUTC":"","_EventEndDateUTC":"","_EventShowMap":false,"_EventShowMapLink":false,"_EventURL":"","_EventCost":"","_EventCostDescription":"","_EventCurrencySymbol":"","_EventCurrencyCode":"","_EventCurrencyPosition":"","_EventDateTimeSeparator":"","_EventTimeRangeSeparator":"","_EventOrganizerID":[],"_EventVenueID":[],"_OrganizerEmail":"","_OrganizerPhone":"","_OrganizerWebsite":"","_VenueAddress":"","_VenueCity":"","_VenueCountry":"","_VenueProvince":"","_VenueState":"","_VenueZip":"","_VenuePhone":"","_VenueURL":"","_VenueStateProvince":"","_VenueLat":"","_VenueLng":"","_VenueShowMap":false,"_VenueShowMapLink":false,"_ti_tpc_template_sync":false,"_ti_tpc_template_id":"","footnotes":""},"class_list":["post-3289","page","type-page","status-publish","has-post-thumbnail","hentry"],"yoast_head":"<!-- This site is optimized with the Yoast SEO plugin v21.0 - https:\/\/yoast.com\/wordpress\/plugins\/seo\/ -->\n<title>Campagna istituzionale &ndash; #100UniTS<\/title>\n<meta name=\"description\" content=\"Campagna multisoggetto che ha come focus di immagine gli occhi, elemento che cattura l\u2019attenzione di chi osserva e che, attraverso tratti somatici diversi, mira a rappresentare il tratto multiculturale e internazionale dell\u2019Universit\u00e0 degli Studi di Trieste. La campagna istituzionale esplicita l\u2019identit\u00e0 valoriale di UniTS.\" \/>\n<meta name=\"robots\" content=\"index, follow, max-snippet:-1, max-image-preview:large, max-video-preview:-1\" \/>\n<link rel=\"canonical\" href=\"https:\/\/100anni.units.it\/index.php\/home\/campagne-di-comunicazione\/campagna-istituzionale\/\" \/>\n<meta property=\"og:locale\" content=\"it_IT\" \/>\n<meta property=\"og:type\" content=\"article\" \/>\n<meta property=\"og:title\" content=\"Campagna istituzionale &ndash; #100UniTS\" \/>\n<meta property=\"og:description\" content=\"Campagna multisoggetto che ha come focus di immagine gli occhi, elemento che cattura l\u2019attenzione di chi osserva e che, attraverso tratti somatici diversi, mira a rappresentare il tratto multiculturale e internazionale dell\u2019Universit\u00e0 degli Studi di Trieste. La campagna istituzionale esplicita l\u2019identit\u00e0 valoriale di UniTS.\" \/>\n<meta property=\"og:url\" content=\"https:\/\/100anni.units.it\/index.php\/home\/campagne-di-comunicazione\/campagna-istituzionale\/\" \/>\n<meta property=\"og:site_name\" content=\"#100UniTS\" \/>\n<meta property=\"article:publisher\" content=\"https:\/\/www.facebook.com\/universitatrieste\" \/>\n<meta property=\"article:modified_time\" content=\"2024-02-19T10:33:53+00:00\" \/>\n<meta property=\"og:image\" content=\"https:\/\/100anni.units.it\/wp-content\/uploads\/2023\/12\/100UniTS_campagna-istituzionale.jpg\" \/>\n\t<meta property=\"og:image:width\" content=\"300\" \/>\n\t<meta property=\"og:image:height\" content=\"250\" \/>\n\t<meta property=\"og:image:type\" content=\"image\/jpeg\" \/>\n<meta name=\"twitter:card\" content=\"summary_large_image\" \/>\n<meta name=\"twitter:site\" content=\"@UniTrieste\" \/>\n<meta name=\"twitter:label1\" content=\"Tempo di lettura stimato\" \/>\n\t<meta name=\"twitter:data1\" content=\"3 minuti\" \/>\n<script type=\"application\/ld+json\" class=\"yoast-schema-graph\">{\"@context\":\"https:\/\/schema.org\",\"@graph\":[{\"@type\":\"WebPage\",\"@id\":\"https:\/\/100anni.units.it\/index.php\/home\/campagne-di-comunicazione\/campagna-istituzionale\/\",\"url\":\"https:\/\/100anni.units.it\/index.php\/home\/campagne-di-comunicazione\/campagna-istituzionale\/\",\"name\":\"Campagna istituzionale &ndash; #100UniTS\",\"isPartOf\":{\"@id\":\"https:\/\/100anni.units.it\/#website\"},\"datePublished\":\"2023-12-21T15:14:03+00:00\",\"dateModified\":\"2024-02-19T10:33:53+00:00\",\"description\":\"Campagna multisoggetto che ha come focus di immagine gli occhi, elemento che cattura l\u2019attenzione di chi osserva e che, attraverso tratti somatici diversi, mira a rappresentare il tratto multiculturale e internazionale dell\u2019Universit\u00e0 degli Studi di Trieste. La campagna istituzionale esplicita l\u2019identit\u00e0 valoriale di UniTS.\",\"breadcrumb\":{\"@id\":\"https:\/\/100anni.units.it\/index.php\/home\/campagne-di-comunicazione\/campagna-istituzionale\/#breadcrumb\"},\"inLanguage\":\"it-IT\",\"potentialAction\":[{\"@type\":\"ReadAction\",\"target\":[\"https:\/\/100anni.units.it\/index.php\/home\/campagne-di-comunicazione\/campagna-istituzionale\/\"]}]},{\"@type\":\"BreadcrumbList\",\"@id\":\"https:\/\/100anni.units.it\/index.php\/home\/campagne-di-comunicazione\/campagna-istituzionale\/#breadcrumb\",\"itemListElement\":[{\"@type\":\"ListItem\",\"position\":1,\"name\":\"Home\",\"item\":\"https:\/\/100anni.units.it\/\"},{\"@type\":\"ListItem\",\"position\":2,\"name\":\"Campagne di comunicazione\",\"item\":\"https:\/\/100anni.units.it\/index.php\/home\/campagne-di-comunicazione\/\"},{\"@type\":\"ListItem\",\"position\":3,\"name\":\"Campagna istituzionale\"}]},{\"@type\":\"WebSite\",\"@id\":\"https:\/\/100anni.units.it\/#website\",\"url\":\"https:\/\/100anni.units.it\/\",\"name\":\"#100UniTS\",\"description\":\"Ogni giorno, da cento anni, con noi puoi scoprire ci\u00f2 che sar\u00e0 realt\u00e0 nel futuro. Celebriamo insieme un secolo di ricerca, eccellenza, creativit\u00e0 e ingegno umano.\",\"publisher\":{\"@id\":\"https:\/\/100anni.units.it\/#organization\"},\"potentialAction\":[{\"@type\":\"SearchAction\",\"target\":{\"@type\":\"EntryPoint\",\"urlTemplate\":\"https:\/\/100anni.units.it\/?s={search_term_string}\"},\"query-input\":\"required name=search_term_string\"}],\"inLanguage\":\"it-IT\"},{\"@type\":\"Organization\",\"@id\":\"https:\/\/100anni.units.it\/#organization\",\"name\":\"Universit\u00e0 degli Studi di Trieste\",\"alternateName\":\"UniTS\",\"url\":\"https:\/\/100anni.units.it\/\",\"logo\":{\"@type\":\"ImageObject\",\"inLanguage\":\"it-IT\",\"@id\":\"https:\/\/100anni.units.it\/#\/schema\/logo\/image\/\",\"url\":\"https:\/\/100anni.units.it\/wp-content\/uploads\/2023\/08\/units_sigillo.png\",\"contentUrl\":\"https:\/\/100anni.units.it\/wp-content\/uploads\/2023\/08\/units_sigillo.png\",\"width\":696,\"height\":696,\"caption\":\"Universit\u00e0 degli Studi di Trieste\"},\"image\":{\"@id\":\"https:\/\/100anni.units.it\/#\/schema\/logo\/image\/\"},\"sameAs\":[\"https:\/\/www.facebook.com\/universitatrieste\",\"https:\/\/twitter.com\/UniTrieste\"]}]}<\/script>\n<!-- \/ Yoast SEO plugin. -->","yoast_head_json":{"title":"Campagna istituzionale &ndash; #100UniTS","description":"Campagna multisoggetto che ha come focus di immagine gli occhi, elemento che cattura l\u2019attenzione di chi osserva e che, attraverso tratti somatici diversi, mira a rappresentare il tratto multiculturale e internazionale dell\u2019Universit\u00e0 degli Studi di Trieste. La campagna istituzionale esplicita l\u2019identit\u00e0 valoriale di UniTS.","robots":{"index":"index","follow":"follow","max-snippet":"max-snippet:-1","max-image-preview":"max-image-preview:large","max-video-preview":"max-video-preview:-1"},"canonical":"https:\/\/100anni.units.it\/index.php\/home\/campagne-di-comunicazione\/campagna-istituzionale\/","og_locale":"it_IT","og_type":"article","og_title":"Campagna istituzionale &ndash; #100UniTS","og_description":"Campagna multisoggetto che ha come focus di immagine gli occhi, elemento che cattura l\u2019attenzione di chi osserva e che, attraverso tratti somatici diversi, mira a rappresentare il tratto multiculturale e internazionale dell\u2019Universit\u00e0 degli Studi di Trieste. La campagna istituzionale esplicita l\u2019identit\u00e0 valoriale di UniTS.","og_url":"https:\/\/100anni.units.it\/index.php\/home\/campagne-di-comunicazione\/campagna-istituzionale\/","og_site_name":"#100UniTS","article_publisher":"https:\/\/www.facebook.com\/universitatrieste","article_modified_time":"2024-02-19T10:33:53+00:00","og_image":[{"width":300,"height":250,"url":"https:\/\/100anni.units.it\/wp-content\/uploads\/2023\/12\/100UniTS_campagna-istituzionale.jpg","type":"image\/jpeg"}],"twitter_card":"summary_large_image","twitter_site":"@UniTrieste","twitter_misc":{"Tempo di lettura stimato":"3 minuti"},"schema":{"@context":"https:\/\/schema.org","@graph":[{"@type":"WebPage","@id":"https:\/\/100anni.units.it\/index.php\/home\/campagne-di-comunicazione\/campagna-istituzionale\/","url":"https:\/\/100anni.units.it\/index.php\/home\/campagne-di-comunicazione\/campagna-istituzionale\/","name":"Campagna istituzionale &ndash; #100UniTS","isPartOf":{"@id":"https:\/\/100anni.units.it\/#website"},"datePublished":"2023-12-21T15:14:03+00:00","dateModified":"2024-02-19T10:33:53+00:00","description":"Campagna multisoggetto che ha come focus di immagine gli occhi, elemento che cattura l\u2019attenzione di chi osserva e che, attraverso tratti somatici diversi, mira a rappresentare il tratto multiculturale e internazionale dell\u2019Universit\u00e0 degli Studi di Trieste. La campagna istituzionale esplicita l\u2019identit\u00e0 valoriale di UniTS.","breadcrumb":{"@id":"https:\/\/100anni.units.it\/index.php\/home\/campagne-di-comunicazione\/campagna-istituzionale\/#breadcrumb"},"inLanguage":"it-IT","potentialAction":[{"@type":"ReadAction","target":["https:\/\/100anni.units.it\/index.php\/home\/campagne-di-comunicazione\/campagna-istituzionale\/"]}]},{"@type":"BreadcrumbList","@id":"https:\/\/100anni.units.it\/index.php\/home\/campagne-di-comunicazione\/campagna-istituzionale\/#breadcrumb","itemListElement":[{"@type":"ListItem","position":1,"name":"Home","item":"https:\/\/100anni.units.it\/"},{"@type":"ListItem","position":2,"name":"Campagne di comunicazione","item":"https:\/\/100anni.units.it\/index.php\/home\/campagne-di-comunicazione\/"},{"@type":"ListItem","position":3,"name":"Campagna istituzionale"}]},{"@type":"WebSite","@id":"https:\/\/100anni.units.it\/#website","url":"https:\/\/100anni.units.it\/","name":"#100UniTS","description":"Ogni giorno, da cento anni, con noi puoi scoprire ci\u00f2 che sar\u00e0 realt\u00e0 nel futuro. Celebriamo insieme un secolo di ricerca, eccellenza, creativit\u00e0 e ingegno umano.","publisher":{"@id":"https:\/\/100anni.units.it\/#organization"},"potentialAction":[{"@type":"SearchAction","target":{"@type":"EntryPoint","urlTemplate":"https:\/\/100anni.units.it\/?s={search_term_string}"},"query-input":"required name=search_term_string"}],"inLanguage":"it-IT"},{"@type":"Organization","@id":"https:\/\/100anni.units.it\/#organization","name":"Universit\u00e0 degli Studi di Trieste","alternateName":"UniTS","url":"https:\/\/100anni.units.it\/","logo":{"@type":"ImageObject","inLanguage":"it-IT","@id":"https:\/\/100anni.units.it\/#\/schema\/logo\/image\/","url":"https:\/\/100anni.units.it\/wp-content\/uploads\/2023\/08\/units_sigillo.png","contentUrl":"https:\/\/100anni.units.it\/wp-content\/uploads\/2023\/08\/units_sigillo.png","width":696,"height":696,"caption":"Universit\u00e0 degli Studi di Trieste"},"image":{"@id":"https:\/\/100anni.units.it\/#\/schema\/logo\/image\/"},"sameAs":["https:\/\/www.facebook.com\/universitatrieste","https:\/\/twitter.com\/UniTrieste"]}]}},"_links":{"self":[{"href":"https:\/\/100anni.units.it\/index.php\/wp-json\/wp\/v2\/pages\/3289","targetHints":{"allow":["GET"]}}],"collection":[{"href":"https:\/\/100anni.units.it\/index.php\/wp-json\/wp\/v2\/pages"}],"about":[{"href":"https:\/\/100anni.units.it\/index.php\/wp-json\/wp\/v2\/types\/page"}],"author":[{"embeddable":true,"href":"https:\/\/100anni.units.it\/index.php\/wp-json\/wp\/v2\/users\/1"}],"replies":[{"embeddable":true,"href":"https:\/\/100anni.units.it\/index.php\/wp-json\/wp\/v2\/comments?post=3289"}],"version-history":[{"count":41,"href":"https:\/\/100anni.units.it\/index.php\/wp-json\/wp\/v2\/pages\/3289\/revisions"}],"predecessor-version":[{"id":4014,"href":"https:\/\/100anni.units.it\/index.php\/wp-json\/wp\/v2\/pages\/3289\/revisions\/4014"}],"up":[{"embeddable":true,"href":"https:\/\/100anni.units.it\/index.php\/wp-json\/wp\/v2\/pages\/3173"}],"wp:featuredmedia":[{"embeddable":true,"href":"https:\/\/100anni.units.it\/index.php\/wp-json\/wp\/v2\/media\/3393"}],"wp:attachment":[{"href":"https:\/\/100anni.units.it\/index.php\/wp-json\/wp\/v2\/media?parent=3289"}],"curies":[{"name":"wp","href":"https:\/\/api.w.org\/{rel}","templated":true}]}}