{"id":3291,"date":"2023-12-21T16:14:47","date_gmt":"2023-12-21T15:14:47","guid":{"rendered":"https:\/\/100anni.units.it\/?page_id=3291"},"modified":"2024-12-12T19:09:10","modified_gmt":"2024-12-12T18:09:10","slug":"campagna-centenario","status":"publish","type":"page","link":"https:\/\/100anni.units.it\/index.php\/home\/campagne-di-comunicazione\/campagna-centenario\/","title":{"rendered":"Campagna Centenario"},"content":{"rendered":"\n<div class=\"wp-block-group\"><div class=\"wp-block-group__inner-container is-layout-constrained wp-block-group-is-layout-constrained\">\n<div style=\"height:25px\" aria-hidden=\"true\" class=\"wp-block-spacer\"><\/div>\n\n\n<div class=\"yoast-breadcrumbs\"><span><span><a href=\"https:\/\/100anni.units.it\/\">Home<\/a><\/span> \u00bb <span><a href=\"https:\/\/100anni.units.it\/index.php\/home\/campagne-di-comunicazione\/\">Campagne di comunicazione<\/a><\/span> \u00bb <span class=\"breadcrumb_last\" aria-current=\"page\">Campagna Centenario<\/span><\/span><\/div>\n\n\n<div style=\"height:40px\" aria-hidden=\"true\" class=\"wp-block-spacer\"><\/div>\n<\/div><\/div>\n\n\n\n<div class=\"wp-block-group is-vertical is-layout-flex wp-container-core-group-is-layout-8cf370e7 wp-block-group-is-layout-flex\">\n<h3 class=\"wp-block-heading has-neve-link-color-color has-text-color\">Campagne di comunicazione<\/h3>\n\n\n\n<h1 class=\"wp-block-heading has-neve-link-color-color has-text-color\">Campagna Centenario<\/h1>\n\n\n\n<h2 class=\"wp-block-heading has-neve-link-color-color has-text-color\" style=\"font-size:28px\">2023 &#8211; 2024<\/h2>\n<\/div>\n\n\n\n<div style=\"height:50px\" aria-hidden=\"true\" class=\"wp-block-spacer\"><\/div>\n\n\n\n<div class=\"wp-block-columns is-layout-flex wp-container-core-columns-is-layout-9d6595d7 wp-block-columns-is-layout-flex\">\n<div class=\"wp-block-column is-layout-flow wp-block-column-is-layout-flow\"><div class=\"wp-block-image no-transform\">\n<figure class=\"aligncenter size-large\"><a href=\"https:\/\/youtu.be\/8BAheteoUHo\" target=\"_blank\" rel=\"noreferrer noopener\"><img loading=\"lazy\" decoding=\"async\" width=\"1024\" height=\"576\" src=\"https:\/\/100anni.units.it\/wp-content\/uploads\/2024\/01\/100UniTS_campagna-centenario_video-1024x576.jpg\" alt=\"rimando al video YouTube della campagna Centenario &quot;Building&quot;\" class=\"wp-image-3462\" style=\"object-fit:cover\" srcset=\"https:\/\/100anni.units.it\/wp-content\/uploads\/2024\/01\/100UniTS_campagna-centenario_video-1024x576.jpg 1024w, https:\/\/100anni.units.it\/wp-content\/uploads\/2024\/01\/100UniTS_campagna-centenario_video-300x169.jpg 300w, https:\/\/100anni.units.it\/wp-content\/uploads\/2024\/01\/100UniTS_campagna-centenario_video-768x432.jpg 768w, https:\/\/100anni.units.it\/wp-content\/uploads\/2024\/01\/100UniTS_campagna-centenario_video-1536x864.jpg 1536w, https:\/\/100anni.units.it\/wp-content\/uploads\/2024\/01\/100UniTS_campagna-centenario_video.jpg 1920w\" sizes=\"auto, (max-width: 1024px) 100vw, 1024px\" \/><\/a><\/figure>\n<\/div><\/div>\n\n\n\n<div class=\"wp-block-column is-layout-flow wp-block-column-is-layout-flow\">\n<p class=\"has-medium-font-size\">Campagna creata per promuovere i cento anni dell&#8217;Universit\u00e0 degli Studi di Trieste riassumendo e rilanciando i principali valori identitari.<\/p>\n\n\n\n<p class=\"has-medium-font-size\">Con il contributo di:<\/p>\n\n\n\n<figure class=\"wp-block-image size-large is-resized\"><img loading=\"lazy\" decoding=\"async\" src=\"https:\/\/100anni.units.it\/wp-content\/uploads\/2023\/09\/Fondazione-b_nero-1024x341.jpg\" alt=\"logo Fondazione CRTrieste\" class=\"wp-image-1564\" style=\"width:195px;height:65px\" width=\"195\" height=\"65\" srcset=\"https:\/\/100anni.units.it\/wp-content\/uploads\/2023\/09\/Fondazione-b_nero-1024x341.jpg 1024w, https:\/\/100anni.units.it\/wp-content\/uploads\/2023\/09\/Fondazione-b_nero-300x100.jpg 300w, https:\/\/100anni.units.it\/wp-content\/uploads\/2023\/09\/Fondazione-b_nero-768x256.jpg 768w, https:\/\/100anni.units.it\/wp-content\/uploads\/2023\/09\/Fondazione-b_nero-1536x512.jpg 1536w, https:\/\/100anni.units.it\/wp-content\/uploads\/2023\/09\/Fondazione-b_nero-2048x683.jpg 2048w\" sizes=\"auto, (max-width: 195px) 100vw, 195px\" \/><\/figure>\n<\/div>\n<\/div>\n\n\n\n<div style=\"height:50px\" aria-hidden=\"true\" class=\"wp-block-spacer\"><\/div>\n\n\n<div class=\"wp-block-image\">\n<figure class=\"aligncenter size-large is-resized\"><img loading=\"lazy\" decoding=\"async\" src=\"https:\/\/100anni.units.it\/wp-content\/uploads\/2024\/02\/100UniTS_Centenario-6x3-1-1024x512.jpg\" alt=\"\" class=\"wp-image-3937\" style=\"width:1166px;height:583px\" width=\"1166\" height=\"583\" srcset=\"https:\/\/100anni.units.it\/wp-content\/uploads\/2024\/02\/100UniTS_Centenario-6x3-1-1024x512.jpg 1024w, https:\/\/100anni.units.it\/wp-content\/uploads\/2024\/02\/100UniTS_Centenario-6x3-1-300x150.jpg 300w, https:\/\/100anni.units.it\/wp-content\/uploads\/2024\/02\/100UniTS_Centenario-6x3-1-768x384.jpg 768w, https:\/\/100anni.units.it\/wp-content\/uploads\/2024\/02\/100UniTS_Centenario-6x3-1-1536x768.jpg 1536w, https:\/\/100anni.units.it\/wp-content\/uploads\/2024\/02\/100UniTS_Centenario-6x3-1-2048x1024.jpg 2048w\" sizes=\"auto, (max-width: 1166px) 100vw, 1166px\" \/><\/figure>\n<\/div>\n\n\n<div style=\"height:75px\" aria-hidden=\"true\" class=\"wp-block-spacer\"><\/div>\n\n\n\n<div class=\"wp-block-group is-vertical is-layout-flex wp-container-core-group-is-layout-8cf370e7 wp-block-group-is-layout-flex\">\n<h3 class=\"wp-block-heading has-neve-link-color-color has-text-color\">Credits<\/h3>\n\n\n\n<p>Titolo campagna: <strong>Building<\/strong><\/p>\n\n\n\n<p>Direzione creativa, graphic design, art direction e copywriting: <strong>Paola Russo<\/strong><\/p>\n\n\n\n<p>Illustrazione: <strong>Jan Sedmak<\/strong><\/p>\n\n\n\n<p>Regia: <strong>Jan Sedmak<\/strong><\/p>\n\n\n\n<p>Montaggio: <strong>Adriano Vessichelli<\/strong><\/p>\n\n\n\n<p>Musica originale: <strong>Cristiano Norbedo<\/strong><\/p>\n\n\n\n<p>Produzione audio: <strong>Cristiano Norbedo<\/strong>, <strong>Marco Rossetti &#8211; La Casetta Gialla Studio<\/strong><\/p>\n\n\n\n<p>Speaker ITA: <strong>Stefania Nali<\/strong>; UK: <strong>Daniela Di Muro per Fool Moon &#8211; Audio Production<\/strong><\/p>\n\n\n\n<p>Transcreation UK: <strong>Francesca Nobili<\/strong><\/p>\n\n\n\n<p>Diffusione: stampa (quotidiani e periodici), affissione, tv, radio, web<\/p>\n<\/div>\n\n\n\n<div style=\"height:100px;width:0px\" aria-hidden=\"true\" class=\"wp-block-spacer\"><\/div>\n\n\n\n<div class=\"wp-block-group\"><div class=\"wp-block-group__inner-container is-layout-constrained wp-block-group-is-layout-constrained\">\n<div style=\"height:25px\" aria-hidden=\"true\" class=\"wp-block-spacer\"><\/div>\n\n\n<div class=\"yoast-breadcrumbs\"><span><span><a href=\"https:\/\/100anni.units.it\/\">Home<\/a><\/span> \u00bb <span><a href=\"https:\/\/100anni.units.it\/index.php\/home\/campagne-di-comunicazione\/\">Campagne di comunicazione<\/a><\/span> \u00bb <span class=\"breadcrumb_last\" aria-current=\"page\">Campagna Centenario<\/span><\/span><\/div>\n\n\n<div style=\"height:40px\" aria-hidden=\"true\" class=\"wp-block-spacer\"><\/div>\n<\/div><\/div>\n","protected":false},"excerpt":{"rendered":"<p>Campagne di comunicazione Campagna Centenario 2023 &#8211; 2024 Campagna creata per promuovere i cento anni dell&#8217;Universit\u00e0 degli Studi di Trieste riassumendo e rilanciando i principali valori identitari. Con il contributo&hellip;&nbsp;<a href=\"https:\/\/100anni.units.it\/index.php\/home\/campagne-di-comunicazione\/campagna-centenario\/\" class=\"\" rel=\"bookmark\">Leggi tutto &raquo;<span class=\"screen-reader-text\">Campagna Centenario<\/span><\/a><\/p>\n","protected":false},"author":1,"featured_media":3392,"parent":3173,"menu_order":0,"comment_status":"closed","ping_status":"closed","template":"","meta":{"neve_meta_sidebar":"","neve_meta_container":"","neve_meta_enable_content_width":"","neve_meta_content_width":0,"neve_meta_title_alignment":"","neve_meta_author_avatar":"","neve_post_elements_order":"","neve_meta_disable_header":"","neve_meta_disable_footer":"","neve_meta_disable_title":"","_EventAllDay":false,"_EventTimezone":"","_EventStartDate":"","_EventEndDate":"","_EventStartDateUTC":"","_EventEndDateUTC":"","_EventShowMap":false,"_EventShowMapLink":false,"_EventURL":"","_EventCost":"","_EventCostDescription":"","_EventCurrencySymbol":"","_EventCurrencyCode":"","_EventCurrencyPosition":"","_EventDateTimeSeparator":"","_EventTimeRangeSeparator":"","_EventOrganizerID":[],"_EventVenueID":[],"_OrganizerEmail":"","_OrganizerPhone":"","_OrganizerWebsite":"","_VenueAddress":"","_VenueCity":"","_VenueCountry":"","_VenueProvince":"","_VenueState":"","_VenueZip":"","_VenuePhone":"","_VenueURL":"","_VenueStateProvince":"","_VenueLat":"","_VenueLng":"","_VenueShowMap":false,"_VenueShowMapLink":false,"_ti_tpc_template_sync":false,"_ti_tpc_template_id":"","footnotes":""},"class_list":["post-3291","page","type-page","status-publish","has-post-thumbnail","hentry"],"yoast_head":"<!-- This site is optimized with the Yoast SEO plugin v21.0 - https:\/\/yoast.com\/wordpress\/plugins\/seo\/ -->\n<title>Campagna Centenario &ndash; #100UniTS<\/title>\n<meta name=\"description\" content=\"Campagna specificamente dedicata a promuovere i cento anni dell\u2019Universit\u00e0 degli Studi di Trieste riassumendo e rilanciando i principali valori identitari.\" \/>\n<meta name=\"robots\" content=\"index, follow, max-snippet:-1, max-image-preview:large, max-video-preview:-1\" \/>\n<link rel=\"canonical\" href=\"https:\/\/100anni.units.it\/index.php\/home\/campagne-di-comunicazione\/campagna-centenario\/\" \/>\n<meta property=\"og:locale\" content=\"it_IT\" \/>\n<meta property=\"og:type\" content=\"article\" \/>\n<meta property=\"og:title\" content=\"Campagna Centenario &ndash; #100UniTS\" \/>\n<meta property=\"og:description\" content=\"Campagna specificamente dedicata a promuovere i cento anni dell\u2019Universit\u00e0 degli Studi di Trieste riassumendo e rilanciando i principali valori identitari.\" \/>\n<meta property=\"og:url\" content=\"https:\/\/100anni.units.it\/index.php\/home\/campagne-di-comunicazione\/campagna-centenario\/\" \/>\n<meta property=\"og:site_name\" content=\"#100UniTS\" \/>\n<meta property=\"article:publisher\" content=\"https:\/\/www.facebook.com\/universitatrieste\" \/>\n<meta property=\"article:modified_time\" content=\"2024-12-12T18:09:10+00:00\" \/>\n<meta property=\"og:image\" content=\"https:\/\/100anni.units.it\/wp-content\/uploads\/2023\/12\/100UniTS_campagna-centenario.jpg\" \/>\n\t<meta property=\"og:image:width\" content=\"300\" \/>\n\t<meta property=\"og:image:height\" content=\"250\" \/>\n\t<meta property=\"og:image:type\" content=\"image\/jpeg\" \/>\n<meta name=\"twitter:card\" content=\"summary_large_image\" \/>\n<meta name=\"twitter:site\" content=\"@UniTrieste\" \/>\n<meta name=\"twitter:label1\" content=\"Tempo di lettura stimato\" \/>\n\t<meta name=\"twitter:data1\" content=\"2 minuti\" \/>\n<script type=\"application\/ld+json\" class=\"yoast-schema-graph\">{\"@context\":\"https:\/\/schema.org\",\"@graph\":[{\"@type\":\"WebPage\",\"@id\":\"https:\/\/100anni.units.it\/index.php\/home\/campagne-di-comunicazione\/campagna-centenario\/\",\"url\":\"https:\/\/100anni.units.it\/index.php\/home\/campagne-di-comunicazione\/campagna-centenario\/\",\"name\":\"Campagna Centenario &ndash; #100UniTS\",\"isPartOf\":{\"@id\":\"https:\/\/100anni.units.it\/#website\"},\"datePublished\":\"2023-12-21T15:14:47+00:00\",\"dateModified\":\"2024-12-12T18:09:10+00:00\",\"description\":\"Campagna specificamente dedicata a promuovere i cento anni dell\u2019Universit\u00e0 degli Studi di Trieste riassumendo e rilanciando i principali valori identitari.\",\"breadcrumb\":{\"@id\":\"https:\/\/100anni.units.it\/index.php\/home\/campagne-di-comunicazione\/campagna-centenario\/#breadcrumb\"},\"inLanguage\":\"it-IT\",\"potentialAction\":[{\"@type\":\"ReadAction\",\"target\":[\"https:\/\/100anni.units.it\/index.php\/home\/campagne-di-comunicazione\/campagna-centenario\/\"]}]},{\"@type\":\"BreadcrumbList\",\"@id\":\"https:\/\/100anni.units.it\/index.php\/home\/campagne-di-comunicazione\/campagna-centenario\/#breadcrumb\",\"itemListElement\":[{\"@type\":\"ListItem\",\"position\":1,\"name\":\"Home\",\"item\":\"https:\/\/100anni.units.it\/\"},{\"@type\":\"ListItem\",\"position\":2,\"name\":\"Campagne di comunicazione\",\"item\":\"https:\/\/100anni.units.it\/index.php\/home\/campagne-di-comunicazione\/\"},{\"@type\":\"ListItem\",\"position\":3,\"name\":\"Campagna Centenario\"}]},{\"@type\":\"WebSite\",\"@id\":\"https:\/\/100anni.units.it\/#website\",\"url\":\"https:\/\/100anni.units.it\/\",\"name\":\"#100UniTS\",\"description\":\"Ogni giorno, da cento anni, con noi puoi scoprire ci\u00f2 che sar\u00e0 realt\u00e0 nel futuro. Celebriamo insieme un secolo di ricerca, eccellenza, creativit\u00e0 e ingegno umano.\",\"publisher\":{\"@id\":\"https:\/\/100anni.units.it\/#organization\"},\"potentialAction\":[{\"@type\":\"SearchAction\",\"target\":{\"@type\":\"EntryPoint\",\"urlTemplate\":\"https:\/\/100anni.units.it\/?s={search_term_string}\"},\"query-input\":\"required name=search_term_string\"}],\"inLanguage\":\"it-IT\"},{\"@type\":\"Organization\",\"@id\":\"https:\/\/100anni.units.it\/#organization\",\"name\":\"Universit\u00e0 degli Studi di Trieste\",\"alternateName\":\"UniTS\",\"url\":\"https:\/\/100anni.units.it\/\",\"logo\":{\"@type\":\"ImageObject\",\"inLanguage\":\"it-IT\",\"@id\":\"https:\/\/100anni.units.it\/#\/schema\/logo\/image\/\",\"url\":\"https:\/\/100anni.units.it\/wp-content\/uploads\/2023\/08\/units_sigillo.png\",\"contentUrl\":\"https:\/\/100anni.units.it\/wp-content\/uploads\/2023\/08\/units_sigillo.png\",\"width\":696,\"height\":696,\"caption\":\"Universit\u00e0 degli Studi di Trieste\"},\"image\":{\"@id\":\"https:\/\/100anni.units.it\/#\/schema\/logo\/image\/\"},\"sameAs\":[\"https:\/\/www.facebook.com\/universitatrieste\",\"https:\/\/twitter.com\/UniTrieste\"]}]}<\/script>\n<!-- \/ Yoast SEO plugin. -->","yoast_head_json":{"title":"Campagna Centenario &ndash; #100UniTS","description":"Campagna specificamente dedicata a promuovere i cento anni dell\u2019Universit\u00e0 degli Studi di Trieste riassumendo e rilanciando i principali valori identitari.","robots":{"index":"index","follow":"follow","max-snippet":"max-snippet:-1","max-image-preview":"max-image-preview:large","max-video-preview":"max-video-preview:-1"},"canonical":"https:\/\/100anni.units.it\/index.php\/home\/campagne-di-comunicazione\/campagna-centenario\/","og_locale":"it_IT","og_type":"article","og_title":"Campagna Centenario &ndash; #100UniTS","og_description":"Campagna specificamente dedicata a promuovere i cento anni dell\u2019Universit\u00e0 degli Studi di Trieste riassumendo e rilanciando i principali valori identitari.","og_url":"https:\/\/100anni.units.it\/index.php\/home\/campagne-di-comunicazione\/campagna-centenario\/","og_site_name":"#100UniTS","article_publisher":"https:\/\/www.facebook.com\/universitatrieste","article_modified_time":"2024-12-12T18:09:10+00:00","og_image":[{"width":300,"height":250,"url":"https:\/\/100anni.units.it\/wp-content\/uploads\/2023\/12\/100UniTS_campagna-centenario.jpg","type":"image\/jpeg"}],"twitter_card":"summary_large_image","twitter_site":"@UniTrieste","twitter_misc":{"Tempo di lettura stimato":"2 minuti"},"schema":{"@context":"https:\/\/schema.org","@graph":[{"@type":"WebPage","@id":"https:\/\/100anni.units.it\/index.php\/home\/campagne-di-comunicazione\/campagna-centenario\/","url":"https:\/\/100anni.units.it\/index.php\/home\/campagne-di-comunicazione\/campagna-centenario\/","name":"Campagna Centenario &ndash; #100UniTS","isPartOf":{"@id":"https:\/\/100anni.units.it\/#website"},"datePublished":"2023-12-21T15:14:47+00:00","dateModified":"2024-12-12T18:09:10+00:00","description":"Campagna specificamente dedicata a promuovere i cento anni dell\u2019Universit\u00e0 degli Studi di Trieste riassumendo e rilanciando i principali valori identitari.","breadcrumb":{"@id":"https:\/\/100anni.units.it\/index.php\/home\/campagne-di-comunicazione\/campagna-centenario\/#breadcrumb"},"inLanguage":"it-IT","potentialAction":[{"@type":"ReadAction","target":["https:\/\/100anni.units.it\/index.php\/home\/campagne-di-comunicazione\/campagna-centenario\/"]}]},{"@type":"BreadcrumbList","@id":"https:\/\/100anni.units.it\/index.php\/home\/campagne-di-comunicazione\/campagna-centenario\/#breadcrumb","itemListElement":[{"@type":"ListItem","position":1,"name":"Home","item":"https:\/\/100anni.units.it\/"},{"@type":"ListItem","position":2,"name":"Campagne di comunicazione","item":"https:\/\/100anni.units.it\/index.php\/home\/campagne-di-comunicazione\/"},{"@type":"ListItem","position":3,"name":"Campagna Centenario"}]},{"@type":"WebSite","@id":"https:\/\/100anni.units.it\/#website","url":"https:\/\/100anni.units.it\/","name":"#100UniTS","description":"Ogni giorno, da cento anni, con noi puoi scoprire ci\u00f2 che sar\u00e0 realt\u00e0 nel futuro. Celebriamo insieme un secolo di ricerca, eccellenza, creativit\u00e0 e ingegno umano.","publisher":{"@id":"https:\/\/100anni.units.it\/#organization"},"potentialAction":[{"@type":"SearchAction","target":{"@type":"EntryPoint","urlTemplate":"https:\/\/100anni.units.it\/?s={search_term_string}"},"query-input":"required name=search_term_string"}],"inLanguage":"it-IT"},{"@type":"Organization","@id":"https:\/\/100anni.units.it\/#organization","name":"Universit\u00e0 degli Studi di Trieste","alternateName":"UniTS","url":"https:\/\/100anni.units.it\/","logo":{"@type":"ImageObject","inLanguage":"it-IT","@id":"https:\/\/100anni.units.it\/#\/schema\/logo\/image\/","url":"https:\/\/100anni.units.it\/wp-content\/uploads\/2023\/08\/units_sigillo.png","contentUrl":"https:\/\/100anni.units.it\/wp-content\/uploads\/2023\/08\/units_sigillo.png","width":696,"height":696,"caption":"Universit\u00e0 degli Studi di Trieste"},"image":{"@id":"https:\/\/100anni.units.it\/#\/schema\/logo\/image\/"},"sameAs":["https:\/\/www.facebook.com\/universitatrieste","https:\/\/twitter.com\/UniTrieste"]}]}},"_links":{"self":[{"href":"https:\/\/100anni.units.it\/index.php\/wp-json\/wp\/v2\/pages\/3291","targetHints":{"allow":["GET"]}}],"collection":[{"href":"https:\/\/100anni.units.it\/index.php\/wp-json\/wp\/v2\/pages"}],"about":[{"href":"https:\/\/100anni.units.it\/index.php\/wp-json\/wp\/v2\/types\/page"}],"author":[{"embeddable":true,"href":"https:\/\/100anni.units.it\/index.php\/wp-json\/wp\/v2\/users\/1"}],"replies":[{"embeddable":true,"href":"https:\/\/100anni.units.it\/index.php\/wp-json\/wp\/v2\/comments?post=3291"}],"version-history":[{"count":41,"href":"https:\/\/100anni.units.it\/index.php\/wp-json\/wp\/v2\/pages\/3291\/revisions"}],"predecessor-version":[{"id":7805,"href":"https:\/\/100anni.units.it\/index.php\/wp-json\/wp\/v2\/pages\/3291\/revisions\/7805"}],"up":[{"embeddable":true,"href":"https:\/\/100anni.units.it\/index.php\/wp-json\/wp\/v2\/pages\/3173"}],"wp:featuredmedia":[{"embeddable":true,"href":"https:\/\/100anni.units.it\/index.php\/wp-json\/wp\/v2\/media\/3392"}],"wp:attachment":[{"href":"https:\/\/100anni.units.it\/index.php\/wp-json\/wp\/v2\/media?parent=3291"}],"curies":[{"name":"wp","href":"https:\/\/api.w.org\/{rel}","templated":true}]}}