{"id":3674,"date":"2024-02-16T17:19:10","date_gmt":"2024-02-16T16:19:10","guid":{"rendered":"https:\/\/100anni.units.it\/?page_id=3674"},"modified":"2024-06-14T15:55:18","modified_gmt":"2024-06-14T13:55:18","slug":"movieunits","status":"publish","type":"page","link":"https:\/\/100anni.units.it\/index.php\/home\/movieunits\/","title":{"rendered":"MOVIEUNITS"},"content":{"rendered":"\n<div class=\"wp-block-group\"><div class=\"wp-block-group__inner-container is-layout-constrained wp-block-group-is-layout-constrained\">\n<div style=\"height:25px\" aria-hidden=\"true\" class=\"wp-block-spacer\"><\/div>\n\n\n<div class=\"yoast-breadcrumbs\"><span><span><a href=\"https:\/\/100anni.units.it\/\">Home<\/a><\/span> \u00bb <span class=\"breadcrumb_last\" aria-current=\"page\">MOVIEUNITS<\/span><\/span><\/div>\n\n\n<div style=\"height:40px\" aria-hidden=\"true\" class=\"wp-block-spacer\"><\/div>\n<\/div><\/div>\n\n\n\n<h1 class=\"wp-block-heading has-neve-link-color-color has-text-color\">MOVIEUNITS<\/h1>\n\n\n\n<h2 class=\"wp-block-heading has-neve-link-color-color has-text-color\">Cineforum per il Centenario UniTS <br>sul tema &#8220;Il futuro della conoscenza&#8221;<\/h2>\n\n\n\n<h5 class=\"wp-block-heading\">12 appuntamenti, tra marzo e giugno 2024, in collaborazione con i Dipartimenti di Ateneo<br><br><mark style=\"background-color:rgba(0, 0, 0, 0)\" class=\"has-inline-color has-neve-link-color-color\">Ingresso libero<\/mark><\/h5>\n\n\n\n<div style=\"height:50px\" aria-hidden=\"true\" class=\"wp-block-spacer\"><\/div>\n\n\n\n<div class=\"wp-block-columns is-layout-flex wp-container-core-columns-is-layout-9d6595d7 wp-block-columns-is-layout-flex\">\n<div class=\"wp-block-column is-layout-flow wp-block-column-is-layout-flow\" style=\"flex-basis:60%\">\n<p class=\"has-medium-font-size\">L\u2019Universit\u00e0 degli Studi di Trieste vanta nella sua storia centenaria un primato poco noto: il pi\u00f9 antico corso di storia del cinema in Italia, con un ciclo di lezioni organizzato nel 1957 dal Circolo Universitario Cinematografico. La cattedra di Storia del Cinema dell&#8217;Ateneo sarebbe diventata istituzione permanente nell&#8217;anno accademico 1973-74, cinquant&#8217;anni fa. E se oggi Trieste \u00e8 una delle citt\u00e0 pi\u00f9 cinematografiche d&#8217;Italia, con i suoi prestigiosi festival internazionali e un numero sempre crescente di set, le radici del fenomeno affondano anche nel terreno fertilissimo creato dai corsi universitari sulla settima arte.<\/p>\n\n\n\n<p class=\"has-medium-font-size\">Il cinema, \u201cinvenzione senza futuro\u201d secondo una leggendaria (ma falsa) definizione di oltre un secolo fa attribuita ai pionieri fratelli Lumi\u00e8re, \u00e8 oggi non soltanto spettacolo, intrattenimento e forma di espressione culturale, ma anche strumento di lettura e conoscenza della realt\u00e0, per interpretare il passato, aumentare la consapevolezza del presente e immaginare il mondo di domani.<\/p>\n\n\n\n<p class=\"has-medium-font-size\">Nella rassegna MOVIEUNITS dodici film, selezionati guardando alle specificit\u00e0 e competenze trasversali offerte dai dieci Dipartimenti dell&#8217;Universit\u00e0 degli Studi di Trieste, diventano momento di riflessione su alcuni grandi temi della contemporaneit\u00e0: la crisi climatica, l&#8217;intelligenza artificiale, la robotica, l&#8217;evoluzione del mondo del lavoro, la memoria e gli archivi, la clonazione, l&#8217;ingegneria genetica, i paradossi della finanza, i fenomeni migratori, le sfide dello spazio, i sogni e le inquietudini delle nuove generazioni nell\u2019era dell\u2019antropocene&#8230; Parole chiave attualissime, affrontate dal cinema del reale cos\u00ec come da quello di finzione con sguardo sempre originale e votato alla comunicazione verso il grande pubblico.<\/p>\n\n\n\n<p class=\"has-medium-font-size\">Come in una sorta di festival itinerante, con proiezioni in sedi diverse, pensate per coinvolgere nel modo pi\u00f9 ampio possibile la popolazione universitaria e la cittadinanza, docenti e studenti saranno chiamati a confrontarsi attorno ai temi presentati sul grande schermo, rinnovando la classica e intramontabile formula del cineforum.<\/p>\n\n\n\n<p class=\"has-medium-font-size\">La rassegna \u00e8 organizzata in collaborazione con i Dipartimenti dell&#8217;Universit\u00e0 e con l&#8217;associazione Casa del Cinema di Trieste; si avvale del contributo della Regione Friuli Venezia Giulia e del Comune di Trieste, con la collaborazione di ERPAC FVG. <\/p>\n<\/div>\n\n\n\n<div class=\"wp-block-column is-layout-flow wp-block-column-is-layout-flow\" style=\"flex-basis:40%\">\n<div class=\"wp-block-group is-vertical is-content-justification-center is-layout-flex wp-container-core-group-is-layout-33274b1e wp-block-group-is-layout-flex\">\n<figure class=\"wp-block-image size-large\"><img loading=\"lazy\" decoding=\"async\" width=\"735\" height=\"1024\" src=\"https:\/\/100anni.units.it\/wp-content\/uploads\/2024\/02\/100UniTS_locandinaMOVIEUNITS-735x1024.jpg\" alt=\"locandina MOVIEUNITS\" class=\"wp-image-3943\" srcset=\"https:\/\/100anni.units.it\/wp-content\/uploads\/2024\/02\/100UniTS_locandinaMOVIEUNITS-735x1024.jpg 735w, https:\/\/100anni.units.it\/wp-content\/uploads\/2024\/02\/100UniTS_locandinaMOVIEUNITS-215x300.jpg 215w, https:\/\/100anni.units.it\/wp-content\/uploads\/2024\/02\/100UniTS_locandinaMOVIEUNITS-768x1070.jpg 768w, https:\/\/100anni.units.it\/wp-content\/uploads\/2024\/02\/100UniTS_locandinaMOVIEUNITS-1102x1536.jpg 1102w, https:\/\/100anni.units.it\/wp-content\/uploads\/2024\/02\/100UniTS_locandinaMOVIEUNITS-1469x2048.jpg 1469w, https:\/\/100anni.units.it\/wp-content\/uploads\/2024\/02\/100UniTS_locandinaMOVIEUNITS-scaled.jpg 1837w\" sizes=\"auto, (max-width: 735px) 100vw, 735px\" \/><\/figure>\n\n\n\n<div style=\"height:0px\" aria-hidden=\"true\" class=\"wp-block-spacer wp-container-content-62aae154\"><\/div>\n\n\n\n<div class=\"wp-block-group is-content-justification-center is-nowrap is-layout-flex wp-container-core-group-is-layout-94bc23d7 wp-block-group-is-layout-flex\"><div class=\"wp-block-image\">\n<figure class=\"aligncenter size-full is-resized\"><img loading=\"lazy\" decoding=\"async\" src=\"https:\/\/100anni.units.it\/wp-content\/uploads\/2023\/09\/logo-FVG-102a.jpg\" alt=\"logo Regione Friuli Venezia Giulia\" class=\"wp-image-1503\" style=\"width:208px;height:45px\" width=\"208\" height=\"45\" srcset=\"https:\/\/100anni.units.it\/wp-content\/uploads\/2023\/09\/logo-FVG-102a.jpg 531w, https:\/\/100anni.units.it\/wp-content\/uploads\/2023\/09\/logo-FVG-102a-300x67.jpg 300w\" sizes=\"auto, (max-width: 208px) 100vw, 208px\" \/><\/figure>\n<\/div>\n\n\n<figure class=\"wp-block-image size-large is-resized\"><img loading=\"lazy\" decoding=\"async\" src=\"https:\/\/100anni.units.it\/wp-content\/uploads\/2023\/09\/Scritta-Erpac-Light-1024x279.png\" alt=\"logo ERPAC\" class=\"wp-image-1507\" style=\"width:167px;height:45px\" width=\"167\" height=\"45\" srcset=\"https:\/\/100anni.units.it\/wp-content\/uploads\/2023\/09\/Scritta-Erpac-Light-1024x279.png 1024w, https:\/\/100anni.units.it\/wp-content\/uploads\/2023\/09\/Scritta-Erpac-Light-300x82.png 300w, https:\/\/100anni.units.it\/wp-content\/uploads\/2023\/09\/Scritta-Erpac-Light-768x209.png 768w, https:\/\/100anni.units.it\/wp-content\/uploads\/2023\/09\/Scritta-Erpac-Light-1536x419.png 1536w, https:\/\/100anni.units.it\/wp-content\/uploads\/2023\/09\/Scritta-Erpac-Light.png 1712w\" sizes=\"auto, (max-width: 167px) 100vw, 167px\" \/><\/figure>\n<\/div>\n\n\n\n<div style=\"height:0px\" aria-hidden=\"true\" class=\"wp-block-spacer wp-container-content-42c95ffb\"><\/div>\n\n\n\n<div class=\"wp-block-group is-content-justification-center is-nowrap is-layout-flex wp-container-core-group-is-layout-94bc23d7 wp-block-group-is-layout-flex\"><div class=\"wp-block-image\">\n<figure class=\"aligncenter size-full is-resized\"><img decoding=\"async\" src=\"https:\/\/100anni.units.it\/wp-content\/uploads\/2023\/09\/logo_Comune_con_scritta_black-1.jpg\" alt=\"logo Comune di Trieste\" class=\"wp-image-1723\" style=\"height:70px\" height=\"70\" srcset=\"https:\/\/100anni.units.it\/wp-content\/uploads\/2023\/09\/logo_Comune_con_scritta_black-1.jpg 472w, https:\/\/100anni.units.it\/wp-content\/uploads\/2023\/09\/logo_Comune_con_scritta_black-1-300x179.jpg 300w\" sizes=\"(max-width: 472px) 100vw, 472px\" \/><\/figure>\n<\/div>\n\n\n<figure class=\"wp-block-image size-large is-resized\"><img decoding=\"async\" src=\"https:\/\/100anni.units.it\/wp-content\/uploads\/2024\/02\/100UniTs_Casadelcinema-603x1024.webp\" alt=\"logo Casa del Cinema\" class=\"wp-image-4215\" style=\"height:80px\" height=\"80\" srcset=\"https:\/\/100anni.units.it\/wp-content\/uploads\/2024\/02\/100UniTs_Casadelcinema-603x1024.webp 603w, https:\/\/100anni.units.it\/wp-content\/uploads\/2024\/02\/100UniTs_Casadelcinema-177x300.webp 177w, https:\/\/100anni.units.it\/wp-content\/uploads\/2024\/02\/100UniTs_Casadelcinema-768x1305.webp 768w, https:\/\/100anni.units.it\/wp-content\/uploads\/2024\/02\/100UniTs_Casadelcinema-904x1536.webp 904w, https:\/\/100anni.units.it\/wp-content\/uploads\/2024\/02\/100UniTs_Casadelcinema.webp 1177w\" sizes=\"(max-width: 603px) 100vw, 603px\" \/><\/figure>\n<\/div>\n\n\n<div class=\"wp-block-image\">\n<figure class=\"aligncenter size-large is-resized\"><img decoding=\"async\" src=\"https:\/\/100anni.units.it\/wp-content\/uploads\/2024\/02\/100UniTS_logo_centenario_principale-1024x439.png\" alt=\"logo Centenario UniTS\" class=\"wp-image-3871\" style=\"height:120px\" height=\"120\" srcset=\"https:\/\/100anni.units.it\/wp-content\/uploads\/2024\/02\/100UniTS_logo_centenario_principale-1024x439.png 1024w, https:\/\/100anni.units.it\/wp-content\/uploads\/2024\/02\/100UniTS_logo_centenario_principale-300x129.png 300w, https:\/\/100anni.units.it\/wp-content\/uploads\/2024\/02\/100UniTS_logo_centenario_principale-768x329.png 768w, https:\/\/100anni.units.it\/wp-content\/uploads\/2024\/02\/100UniTS_logo_centenario_principale.png 1200w\" sizes=\"(max-width: 1024px) 100vw, 1024px\" \/><\/figure>\n<\/div><\/div>\n<\/div>\n<\/div>\n\n\n\n<div style=\"height:100px\" aria-hidden=\"true\" class=\"wp-block-spacer\"><\/div>\n\n\n\n<div class=\"wp-block-cover alignfull\"><span aria-hidden=\"true\" class=\"wp-block-cover__background has-nv-light-bg-background-color has-background-dim-100 has-background-dim\"><\/span><div class=\"wp-block-cover__inner-container is-layout-flow wp-block-cover-is-layout-flow\">\n<div class=\"wp-block-group alignwide\"><div class=\"wp-block-group__inner-container is-layout-constrained wp-block-group-is-layout-constrained\">\n<div style=\"height:100px\" aria-hidden=\"true\" class=\"wp-block-spacer\"><\/div>\n\n\n\n<h2 class=\"wp-block-heading has-text-align-left has-neve-link-color-color has-text-color\">Programma<\/h2>\n\n\n\n<div style=\"height:50px\" aria-hidden=\"true\" class=\"wp-block-spacer\"><\/div>\n\n\n\n<div class=\"wp-block-group is-vertical is-layout-flex wp-container-core-group-is-layout-8cf370e7 wp-block-group-is-layout-flex\">\n<div class=\"wp-block-columns is-layout-flex wp-container-core-columns-is-layout-9d6595d7 wp-block-columns-is-layout-flex\">\n<div class=\"wp-block-column is-layout-flow wp-block-column-is-layout-flow\" style=\"flex-basis:50%\">\n<div class=\"wp-block-group has-nv-light-bg-background-color has-background is-vertical is-layout-flex wp-container-core-group-is-layout-8cf370e7 wp-block-group-is-layout-flex\">\n<h5 class=\"wp-block-heading has-neve-text-color-color has-text-color\" style=\"font-style:normal;font-weight:400\"><strong>6 marzo 2024 ore 20.30<\/strong><\/h5>\n\n\n\n<div class=\"wp-block-group is-nowrap is-layout-flex wp-container-core-group-is-layout-64989fb1 wp-block-group-is-layout-flex\">\n<div class=\"wp-block-boldblocks-svg-block\"><div class=\"wp-block-boldblocks-svg-block__inner\" style=\"--bb--width--sm:var(--bb--width--lg);--bb--width--md:var(--bb--width--lg);--bb--width--lg:15px;--bb--fill--color:var(--wp--preset--color--neve-link-color, var(--nv-primary-accent))\"><svg version=\"1.1\" id=\"Layer_1\" xmlns=\"http:\/\/www.w3.org\/2000\/svg\" xmlns:xlink=\"http:\/\/www.w3.org\/1999\/xlink\" x=\"0px\" y=\"0px\" viewBox=\"0 0 234.67 300\" xml:space=\"preserve\">\n<style type=\"text\/css\">\n\t.st0{fill:#2B2B2B;}\n<\/style>\n<path class=\"st0\" d=\"M117.33,0C59.83,0,13.22,46.61,13.22,104.11c0,9.88,1.41,19.43,3.98,28.48c1.58,5.58,3.32,11.11,6.05,16.12\n\tC44.6,187.81,117.33,300,117.33,300s72.74-112.2,94.09-151.28c2.73-5.01,4.46-10.54,6.05-16.12c2.57-9.06,3.98-18.6,3.98-28.48\n\tC221.45,46.61,174.83,0,117.33,0z M117.33,149.96c-14.52,0-27.48-6.79-35.88-17.36c-6.23-7.83-9.96-17.73-9.96-28.48\n\tc0-25.28,20.57-45.84,45.85-45.84c25.28,0,45.84,20.57,45.84,45.84c0,10.76-3.73,20.66-9.96,28.48\n\tC144.81,143.16,131.85,149.96,117.33,149.96z\"><\/path>\n<\/svg><\/div><\/div>\n\n\n\n<h5 class=\"wp-block-heading has-neve-text-color-color has-text-color\" style=\"font-style:normal;font-weight:400\"><strong>Auditorium Museo Revoltella, via Diaz 27, Trieste<\/strong><\/h5>\n<\/div>\n\n\n\n<h4 class=\"wp-block-heading has-neve-text-color-color has-text-color\" style=\"font-style:normal;font-weight:400\"><strong><a href=\"https:\/\/100anni.units.it\/index.php\/evento\/movieunits-umberto-eco-la-biblioteca-del-mondo\/\">UMBERTO ECO \u2013 LA BIBLIOTECA DEL MONDO<\/a><\/strong><\/h4>\n\n\n\n<p class=\"has-neve-text-color-color has-text-color\">di Davide Ferrario<br>Italia, 2023, 80\u2019<\/p>\n\n\n\n<p class=\"has-neve-text-color-color has-text-color\">La biblioteca privata di Umberto Eco era un mondo a se\u0301: pi\u00f9 di 30.000 volumi di titoli contemporanei e 1.500 libri rari e antichi. Davide Ferrario, che con Umberto Eco aveva collaborato per una video-installazione alla Biennale Arte di Venezia un anno prima della morte dello scrittore, ha avuto accesso alla biblioteca grazie alla fattiva collaborazione della famiglia. Ne \u00e8 nato un documentario che non solo descrive un luogo straordinario, ma cerca di afferrare il senso dell\u2019idea di biblioteca in quanto \u201cmemoria del mondo\u201d, come la definiva lo stesso Eco.<\/p>\n\n\n\n<p class=\"has-neve-link-color-color has-text-color\">Dipartimento di Studi Umanistici<br>Presentazione a cura della Prof.ssa Sergia Adamo<\/p>\n\n\n\n<div style=\"height:0px\" aria-hidden=\"true\" class=\"wp-block-spacer wp-container-content-62aae154\"><\/div>\n<\/div>\n<\/div>\n\n\n\n<div class=\"wp-block-column is-layout-flow wp-block-column-is-layout-flow\" style=\"flex-basis:50%\">\n<div class=\"wp-block-group is-vertical is-layout-flex wp-container-core-group-is-layout-8cf370e7 wp-block-group-is-layout-flex\">\n<h5 class=\"wp-block-heading has-neve-text-color-color has-text-color\" style=\"font-style:normal;font-weight:400\"><strong><strong>20 marzo 2024 ore 20.30<\/strong><\/strong><\/h5>\n\n\n\n<div class=\"wp-block-group is-nowrap is-layout-flex wp-container-core-group-is-layout-64989fb1 wp-block-group-is-layout-flex\">\n<div class=\"wp-block-boldblocks-svg-block\"><div class=\"wp-block-boldblocks-svg-block__inner\" style=\"--bb--width--sm:var(--bb--width--lg);--bb--width--md:var(--bb--width--lg);--bb--width--lg:15px;--bb--fill--color:var(--wp--preset--color--neve-link-color, var(--nv-primary-accent))\"><svg version=\"1.1\" id=\"Layer_1\" xmlns=\"http:\/\/www.w3.org\/2000\/svg\" xmlns:xlink=\"http:\/\/www.w3.org\/1999\/xlink\" x=\"0px\" y=\"0px\" viewBox=\"0 0 234.67 300\" xml:space=\"preserve\">\n<style type=\"text\/css\">\n\t.st0{fill:#2B2B2B;}\n<\/style>\n<path class=\"st0\" d=\"M117.33,0C59.83,0,13.22,46.61,13.22,104.11c0,9.88,1.41,19.43,3.98,28.48c1.58,5.58,3.32,11.11,6.05,16.12\n\tC44.6,187.81,117.33,300,117.33,300s72.74-112.2,94.09-151.28c2.73-5.01,4.46-10.54,6.05-16.12c2.57-9.06,3.98-18.6,3.98-28.48\n\tC221.45,46.61,174.83,0,117.33,0z M117.33,149.96c-14.52,0-27.48-6.79-35.88-17.36c-6.23-7.83-9.96-17.73-9.96-28.48\n\tc0-25.28,20.57-45.84,45.85-45.84c25.28,0,45.84,20.57,45.84,45.84c0,10.76-3.73,20.66-9.96,28.48\n\tC144.81,143.16,131.85,149.96,117.33,149.96z\"><\/path>\n<\/svg><\/div><\/div>\n\n\n\n<h5 class=\"wp-block-heading has-neve-text-color-color has-text-color\" style=\"font-style:normal;font-weight:400\"><strong><strong>Auditorium Museo Revoltella, via Diaz 27, Trieste<\/strong><\/strong><\/h5>\n<\/div>\n\n\n\n<h4 class=\"wp-block-heading has-neve-text-color-color has-text-color\" style=\"font-style:normal;font-weight:400\"><strong><strong><a href=\"https:\/\/100anni.units.it\/index.php\/evento\/movieunits-lei\/\">LEI<\/a><\/strong><\/strong><\/h4>\n\n\n\n<p class=\"has-neve-text-color-color has-text-color\">di Spike Jonze<br><em>Her,<\/em> USA, 2013, 126\u2019<br>versione originale s\/t italiano<\/p>\n\n\n\n<p class=\"has-neve-text-color-color has-text-color\">Theodore (Joaquin Phoenix) \u00e8 un impiegato di una compagnia che attraverso internet scrive lettere personali per conto di altri, un lavoro grottesco che esegue con grande abilit\u00e0 e a tratti con passione. Tuttavia, da quando si \u00e8 lasciato con la ragazza che aveva sposato, non riesce a rifarsi una vita, pensa sempre a lei e si rifiuta di firmare le carte del divorzio. Quando una nuova generazione di sistemi operativi, animati da un&#8217;intelligenza artificiale sorprendentemente &#8220;umana&#8221;, arriva sul mercato, Theodore comincia a sviluppare con essa, che si chiama Samantha (Scarlett Johansson), una relazione complessa oltre ogni immaginazione.<\/p>\n\n\n\n<p class=\"has-neve-link-color-color has-text-color\">Dipartimento di Matematica, Informatica e Geoscienze<br>Presentazione a cura del Prof. Luca Bortolussi<\/p>\n\n\n\n<div style=\"height:0px\" aria-hidden=\"true\" class=\"wp-block-spacer wp-container-content-62aae154\"><\/div>\n<\/div>\n<\/div>\n<\/div>\n\n\n\n<div style=\"height:0px\" aria-hidden=\"true\" class=\"wp-block-spacer wp-container-content-b30579f5\"><\/div>\n\n\n\n<div class=\"wp-block-columns is-layout-flex wp-container-core-columns-is-layout-9d6595d7 wp-block-columns-is-layout-flex\">\n<div class=\"wp-block-column is-layout-flow wp-block-column-is-layout-flow\" style=\"flex-basis:50%\">\n<div class=\"wp-block-group is-vertical is-layout-flex wp-container-core-group-is-layout-8cf370e7 wp-block-group-is-layout-flex\">\n<h5 class=\"wp-block-heading has-neve-text-color-color has-text-color\" style=\"font-style:normal;font-weight:400\"><strong><strong>27 marzo 2024 ore 20.30<\/strong><\/strong><\/h5>\n\n\n\n<div class=\"wp-block-group is-nowrap is-layout-flex wp-container-core-group-is-layout-64989fb1 wp-block-group-is-layout-flex\">\n<div class=\"wp-block-boldblocks-svg-block\"><div class=\"wp-block-boldblocks-svg-block__inner\" style=\"--bb--width--sm:var(--bb--width--lg);--bb--width--md:var(--bb--width--lg);--bb--width--lg:15px;--bb--fill--color:var(--wp--preset--color--neve-link-color, var(--nv-primary-accent))\"><svg version=\"1.1\" id=\"Layer_1\" xmlns=\"http:\/\/www.w3.org\/2000\/svg\" xmlns:xlink=\"http:\/\/www.w3.org\/1999\/xlink\" x=\"0px\" y=\"0px\" viewBox=\"0 0 234.67 300\" xml:space=\"preserve\">\n<style type=\"text\/css\">\n\t.st0{fill:#2B2B2B;}\n<\/style>\n<path class=\"st0\" d=\"M117.33,0C59.83,0,13.22,46.61,13.22,104.11c0,9.88,1.41,19.43,3.98,28.48c1.58,5.58,3.32,11.11,6.05,16.12\n\tC44.6,187.81,117.33,300,117.33,300s72.74-112.2,94.09-151.28c2.73-5.01,4.46-10.54,6.05-16.12c2.57-9.06,3.98-18.6,3.98-28.48\n\tC221.45,46.61,174.83,0,117.33,0z M117.33,149.96c-14.52,0-27.48-6.79-35.88-17.36c-6.23-7.83-9.96-17.73-9.96-28.48\n\tc0-25.28,20.57-45.84,45.85-45.84c25.28,0,45.84,20.57,45.84,45.84c0,10.76-3.73,20.66-9.96,28.48\n\tC144.81,143.16,131.85,149.96,117.33,149.96z\"><\/path>\n<\/svg><\/div><\/div>\n\n\n\n<h5 class=\"wp-block-heading has-neve-text-color-color has-text-color\" style=\"font-style:normal;font-weight:400\"><strong>Auditorium Museo Revoltella, via Diaz 27, Trieste<\/strong><\/h5>\n<\/div>\n\n\n\n<h4 class=\"wp-block-heading has-neve-text-color-color has-text-color\" style=\"font-style:normal;font-weight:400\"><strong><a href=\"https:\/\/100anni.units.it\/index.php\/evento\/movieunits-after-work\/\">AFTER WORK<\/a><\/strong><\/h4>\n\n\n\n<p class=\"has-neve-text-color-color has-text-color\">di Erik Gandini<br>Italia, 2023, 77&#8242;<br>versione originale s\/t italiano<\/p>\n\n\n\n<p class=\"has-neve-text-color-color has-text-color\">La nostra \u00e8 una societ\u00e0 basata sul lavoro. Fin dall\u2019infanzia ci viene insegnato a essere competitivi e orientati al risultato. La maggior parte dei lavori esistenti oggi potrebbe scomparire nei prossimi 15 anni per via dell\u2019automazione e dell\u2019intelligenza artificiale. Potremmo presto dover ripensare al ruolo che il lavoro ha nelle nostre vite come elemento centrale. Attraverso le esperienze dirette dei suoi protagonisti in quattro nazioni emblematiche \u2013 Kuwait, Corea del Sud, Usa e Italia \u2013 <em>After Work<\/em> esplora cos\u2019\u00e8 oggi l\u2019etica del lavoro e come potrebbe essere un\u2019esistenza libera dal lavoro.<\/p>\n\n\n\n<p class=\"has-neve-link-color-color has-text-color\">Dipartimento di Scienze Giuridiche, del Linguaggio, dell\u2019Interpretazione e della Traduzione<br>Presentazione a cura della Prof.ssa Roberta Nunin<\/p>\n\n\n\n<div style=\"height:0px\" aria-hidden=\"true\" class=\"wp-block-spacer wp-container-content-62aae154\"><\/div>\n<\/div>\n<\/div>\n\n\n\n<div class=\"wp-block-column is-layout-flow wp-block-column-is-layout-flow\" style=\"flex-basis:50%\">\n<div class=\"wp-block-group is-vertical is-layout-flex wp-container-core-group-is-layout-8cf370e7 wp-block-group-is-layout-flex\">\n<h5 class=\"wp-block-heading has-neve-text-color-color has-text-color\" style=\"font-style:normal;font-weight:400\"><strong><strong>10 aprile 2024 ore 20.30<\/strong><\/strong><\/h5>\n\n\n\n<div class=\"wp-block-group is-nowrap is-layout-flex wp-container-core-group-is-layout-64989fb1 wp-block-group-is-layout-flex\">\n<div class=\"wp-block-boldblocks-svg-block\"><div class=\"wp-block-boldblocks-svg-block__inner\" style=\"--bb--width--sm:var(--bb--width--lg);--bb--width--md:var(--bb--width--lg);--bb--width--lg:15px;--bb--fill--color:var(--wp--preset--color--neve-link-color, var(--nv-primary-accent))\"><svg version=\"1.1\" id=\"Layer_1\" xmlns=\"http:\/\/www.w3.org\/2000\/svg\" xmlns:xlink=\"http:\/\/www.w3.org\/1999\/xlink\" x=\"0px\" y=\"0px\" viewBox=\"0 0 234.67 300\" xml:space=\"preserve\">\n<style type=\"text\/css\">\n\t.st0{fill:#2B2B2B;}\n<\/style>\n<path class=\"st0\" d=\"M117.33,0C59.83,0,13.22,46.61,13.22,104.11c0,9.88,1.41,19.43,3.98,28.48c1.58,5.58,3.32,11.11,6.05,16.12\n\tC44.6,187.81,117.33,300,117.33,300s72.74-112.2,94.09-151.28c2.73-5.01,4.46-10.54,6.05-16.12c2.57-9.06,3.98-18.6,3.98-28.48\n\tC221.45,46.61,174.83,0,117.33,0z M117.33,149.96c-14.52,0-27.48-6.79-35.88-17.36c-6.23-7.83-9.96-17.73-9.96-28.48\n\tc0-25.28,20.57-45.84,45.85-45.84c25.28,0,45.84,20.57,45.84,45.84c0,10.76-3.73,20.66-9.96,28.48\n\tC144.81,143.16,131.85,149.96,117.33,149.96z\"><\/path>\n<\/svg><\/div><\/div>\n\n\n\n<h5 class=\"wp-block-heading has-neve-text-color-color has-text-color\" style=\"font-style:normal;font-weight:400\"><strong>Teatro Miela, Piazza Duca degli Abruzzi 3, Trieste<\/strong><\/h5>\n<\/div>\n\n\n\n<h4 class=\"wp-block-heading has-neve-text-color-color has-text-color\" style=\"font-style:normal;font-weight:400\"><strong><a href=\"https:\/\/100anni.units.it\/index.php\/evento\/movieunits-non-lasciarmi\/\">NON LASCIARMI<\/a><\/strong><\/h4>\n\n\n\n<p class=\"has-neve-text-color-color has-text-color\">di Mark Romanek<br><em>Never Let Me Go,<\/em> USA, GB, 2010, 103\u2019<br>versione originale s\/t italiano<\/p>\n\n\n\n<p class=\"has-neve-text-color-color has-text-color\">Un intenso e commovente dramma distopico, tratto dall\u2019omonimo romanzo del premio Nobel Kazuo Ishiguro, incentrato sulla vita di alcuni amici stretti (Carey Mulligan, Keira Kneightley e Andrew Garfield) che crescono insieme in un collegio inglese. Quando scoprono una scioccante verit\u00e0, ovvero che sono cloni geneticamente modificati e allevati per diventare donatori di organi, decidono di lasciarsi trascinare dalla possibilit\u00e0 di vivere e amare in questa intrigante storia di speranza e umanit\u00e0.<\/p>\n\n\n\n<p class=\"has-neve-link-color-color has-text-color\">Dipartimento Clinico di Scienze Mediche, Chirurgiche e della Salute<br>Presentazione a cura della Prof.ssa Serena Zacchigna<\/p>\n\n\n\n<div style=\"height:0px\" aria-hidden=\"true\" class=\"wp-block-spacer wp-container-content-62aae154\"><\/div>\n<\/div>\n<\/div>\n<\/div>\n\n\n\n<div style=\"height:0px\" aria-hidden=\"true\" class=\"wp-block-spacer wp-container-content-b30579f5\"><\/div>\n\n\n\n<div class=\"wp-block-columns is-layout-flex wp-container-core-columns-is-layout-9d6595d7 wp-block-columns-is-layout-flex\">\n<div class=\"wp-block-column is-layout-flow wp-block-column-is-layout-flow\" style=\"flex-basis:50%\">\n<div class=\"wp-block-group is-vertical is-layout-flex wp-container-core-group-is-layout-8cf370e7 wp-block-group-is-layout-flex\">\n<h5 class=\"wp-block-heading has-neve-text-color-color has-text-color\" style=\"font-style:normal;font-weight:400\"><strong><strong><strong>11 aprile 2024 ore 16.30<\/strong><\/strong><\/strong><\/h5>\n\n\n\n<div class=\"wp-block-group is-nowrap is-layout-flex wp-container-core-group-is-layout-64989fb1 wp-block-group-is-layout-flex\">\n<div class=\"wp-block-boldblocks-svg-block\"><div class=\"wp-block-boldblocks-svg-block__inner\" style=\"--bb--width--sm:var(--bb--width--lg);--bb--width--md:var(--bb--width--lg);--bb--width--lg:15px;--bb--fill--color:var(--wp--preset--color--neve-link-color, var(--nv-primary-accent))\"><svg version=\"1.1\" id=\"Layer_1\" xmlns=\"http:\/\/www.w3.org\/2000\/svg\" xmlns:xlink=\"http:\/\/www.w3.org\/1999\/xlink\" x=\"0px\" y=\"0px\" viewBox=\"0 0 234.67 300\" xml:space=\"preserve\">\n<style type=\"text\/css\">\n\t.st0{fill:#2B2B2B;}\n<\/style>\n<path class=\"st0\" d=\"M117.33,0C59.83,0,13.22,46.61,13.22,104.11c0,9.88,1.41,19.43,3.98,28.48c1.58,5.58,3.32,11.11,6.05,16.12\n\tC44.6,187.81,117.33,300,117.33,300s72.74-112.2,94.09-151.28c2.73-5.01,4.46-10.54,6.05-16.12c2.57-9.06,3.98-18.6,3.98-28.48\n\tC221.45,46.61,174.83,0,117.33,0z M117.33,149.96c-14.52,0-27.48-6.79-35.88-17.36c-6.23-7.83-9.96-17.73-9.96-28.48\n\tc0-25.28,20.57-45.84,45.85-45.84c25.28,0,45.84,20.57,45.84,45.84c0,10.76-3.73,20.66-9.96,28.48\n\tC144.81,143.16,131.85,149.96,117.33,149.96z\"><\/path>\n<\/svg><\/div><\/div>\n\n\n\n<h5 class=\"wp-block-heading has-neve-text-color-color has-text-color\" style=\"font-style:normal;font-weight:400\"><strong>Portogruaro Campus, via Seminario 34, Portogruaro (VE)<\/strong><\/h5>\n<\/div>\n\n\n\n<h4 class=\"wp-block-heading has-neve-text-color-color has-text-color\" style=\"font-style:normal;font-weight:400\"><strong><a href=\"https:\/\/100anni.units.it\/index.php\/evento\/movieunits-futura\/\">FUTURA<\/a><\/strong><\/h4>\n\n\n\n<p class=\"has-neve-text-color-color has-text-color\">di Pietro Marcello, Francesco Munzi, Alice Rohrwacher<br>Italia, 2021, 105\u2019<\/p>\n\n\n\n<p class=\"has-neve-text-color-color has-text-color\"><em>Futura<\/em> \u00e8 un\u2019inchiesta collettiva svolta da tre dei pi\u00f9 affermati registi del cinema italiano contemporaneo, che ha lo scopo di esplorare l\u2019idea di futuro di ragazze e ragazzi tra i 15 e i 20 anni incontrati nel corso di un lungo viaggio attraverso l\u2019Italia. Uno spaccato dell\u2019Italia di domani per i giovani di oggi. Un ritratto del Paese osservato attraverso gli occhi di adolescenti che raccontano i luoghi in cui abitano, i propri sogni e le proprie aspettative, tra desideri e paure.<\/p>\n\n\n\n<p class=\"has-neve-link-color-color has-text-color\">Dipartimento di Studi Umanistici (Scienze dell&#8217;Educazione), Portogruaro<br>Presentazione a cura del Prof. Marco Ius, della Prof.ssa Elisabetta Madriz e della Prof.ssa Anna Zenarolla<\/p>\n<\/div>\n\n\n\n<div style=\"height:20px\" aria-hidden=\"true\" class=\"wp-block-spacer\"><\/div>\n<\/div>\n\n\n\n<div class=\"wp-block-column is-layout-flow wp-block-column-is-layout-flow\" style=\"flex-basis:50%\">\n<div class=\"wp-block-group is-vertical is-layout-flex wp-container-core-group-is-layout-8cf370e7 wp-block-group-is-layout-flex\">\n<h5 class=\"wp-block-heading has-neve-text-color-color has-text-color\" style=\"font-style:normal;font-weight:400\"><strong><strong>17 aprile 2024 ore 20.30<\/strong><\/strong><\/h5>\n\n\n\n<div class=\"wp-block-group is-nowrap is-layout-flex wp-container-core-group-is-layout-64989fb1 wp-block-group-is-layout-flex\">\n<div class=\"wp-block-boldblocks-svg-block\"><div class=\"wp-block-boldblocks-svg-block__inner\" style=\"--bb--width--sm:var(--bb--width--lg);--bb--width--md:var(--bb--width--lg);--bb--width--lg:15px;--bb--fill--color:var(--wp--preset--color--neve-link-color, var(--nv-primary-accent))\"><svg version=\"1.1\" id=\"Layer_1\" xmlns=\"http:\/\/www.w3.org\/2000\/svg\" xmlns:xlink=\"http:\/\/www.w3.org\/1999\/xlink\" x=\"0px\" y=\"0px\" viewBox=\"0 0 234.67 300\" xml:space=\"preserve\">\n<style type=\"text\/css\">\n\t.st0{fill:#2B2B2B;}\n<\/style>\n<path class=\"st0\" d=\"M117.33,0C59.83,0,13.22,46.61,13.22,104.11c0,9.88,1.41,19.43,3.98,28.48c1.58,5.58,3.32,11.11,6.05,16.12\n\tC44.6,187.81,117.33,300,117.33,300s72.74-112.2,94.09-151.28c2.73-5.01,4.46-10.54,6.05-16.12c2.57-9.06,3.98-18.6,3.98-28.48\n\tC221.45,46.61,174.83,0,117.33,0z M117.33,149.96c-14.52,0-27.48-6.79-35.88-17.36c-6.23-7.83-9.96-17.73-9.96-28.48\n\tc0-25.28,20.57-45.84,45.85-45.84c25.28,0,45.84,20.57,45.84,45.84c0,10.76-3.73,20.66-9.96,28.48\n\tC144.81,143.16,131.85,149.96,117.33,149.96z\"><\/path>\n<\/svg><\/div><\/div>\n\n\n\n<h5 class=\"wp-block-heading has-neve-text-color-color has-text-color\" style=\"font-style:normal;font-weight:400\"><strong>Kinemax, Piazza Vittoria 4, Gorizia<\/strong><\/h5>\n<\/div>\n\n\n\n<h4 class=\"wp-block-heading has-neve-text-color-color has-text-color\" style=\"font-style:normal;font-weight:400\"><strong><a href=\"https:\/\/100anni.units.it\/index.php\/evento\/movieunits-trieste-e-bella-di-notte\/\">TRIESTE \u00c8 BELLA DI NOTTE<\/a><\/strong><\/h4>\n\n\n\n<p class=\"has-neve-text-color-color has-text-color\">di Matteo Calore, Stefano Collizzolli, Andrea Segre<br>Italia, 2023, 75\u2019<\/p>\n\n\n\n<p class=\"has-neve-text-color-color has-text-color\">In un confine interno dell\u2019Unione Europea, quello tra Italia e Slovenia, pochi chilometri sopra Trieste, i migranti asiatici della rotta balcanica che riescono ad attraversare la frontiera rischiano di essere fermati dalle forze dell\u2019ordine italiane e rispediti indietro fino in Bosnia, senza venire identificati e senza possibilit\u00e0 di fare richiesta di asilo. Come avvengono queste operazioni? Cosa succede a chi le subisce? A raccontarlo sono alcuni dei migranti respinti, le cui storie si intrecciano con le immagini riprese dai telefonini durante i lunghi viaggi, e con le contraddizioni e il dibattito all\u2019interno delle Istituzioni italiane.<\/p>\n\n\n\n<p class=\"has-neve-link-color-color has-text-color\">Dipartimento di Scienze Politiche e Sociali (Scienze Diplomatiche), Gorizia<br>Presentazione a cura del Prof. Federico Donelli, del Prof. Cesare La Mantia e del Prof. Pietro Neglie<\/p>\n<\/div>\n\n\n\n<div style=\"height:20px\" aria-hidden=\"true\" class=\"wp-block-spacer\"><\/div>\n<\/div>\n<\/div>\n\n\n\n<div style=\"height:0px\" aria-hidden=\"true\" class=\"wp-block-spacer wp-container-content-b30579f5\"><\/div>\n\n\n\n<div class=\"wp-block-columns is-layout-flex wp-container-core-columns-is-layout-9d6595d7 wp-block-columns-is-layout-flex\">\n<div class=\"wp-block-column is-layout-flow wp-block-column-is-layout-flow\" style=\"flex-basis:50%\">\n<div class=\"wp-block-group is-vertical is-layout-flex wp-container-core-group-is-layout-8cf370e7 wp-block-group-is-layout-flex\">\n<h5 class=\"wp-block-heading has-neve-text-color-color has-text-color\" style=\"font-style:normal;font-weight:400\"><strong><strong><strong>8 maggio 2024 ore 20.30<\/strong><\/strong><\/strong><\/h5>\n\n\n\n<div class=\"wp-block-group is-nowrap is-layout-flex wp-container-core-group-is-layout-64989fb1 wp-block-group-is-layout-flex\">\n<div class=\"wp-block-boldblocks-svg-block\"><div class=\"wp-block-boldblocks-svg-block__inner\" style=\"--bb--width--sm:var(--bb--width--lg);--bb--width--md:var(--bb--width--lg);--bb--width--lg:15px;--bb--fill--color:var(--wp--preset--color--neve-link-color, var(--nv-primary-accent))\"><svg version=\"1.1\" id=\"Layer_1\" xmlns=\"http:\/\/www.w3.org\/2000\/svg\" xmlns:xlink=\"http:\/\/www.w3.org\/1999\/xlink\" x=\"0px\" y=\"0px\" viewBox=\"0 0 234.67 300\" xml:space=\"preserve\">\n<style type=\"text\/css\">\n\t.st0{fill:#2B2B2B;}\n<\/style>\n<path class=\"st0\" d=\"M117.33,0C59.83,0,13.22,46.61,13.22,104.11c0,9.88,1.41,19.43,3.98,28.48c1.58,5.58,3.32,11.11,6.05,16.12\n\tC44.6,187.81,117.33,300,117.33,300s72.74-112.2,94.09-151.28c2.73-5.01,4.46-10.54,6.05-16.12c2.57-9.06,3.98-18.6,3.98-28.48\n\tC221.45,46.61,174.83,0,117.33,0z M117.33,149.96c-14.52,0-27.48-6.79-35.88-17.36c-6.23-7.83-9.96-17.73-9.96-28.48\n\tc0-25.28,20.57-45.84,45.85-45.84c25.28,0,45.84,20.57,45.84,45.84c0,10.76-3.73,20.66-9.96,28.48\n\tC144.81,143.16,131.85,149.96,117.33,149.96z\"><\/path>\n<\/svg><\/div><\/div>\n\n\n\n<h5 class=\"wp-block-heading has-neve-text-color-color has-text-color\" style=\"font-style:normal;font-weight:400\"><strong><strong>Teatrino Franca e Franco Basaglia, via Weiss 13, Trieste<\/strong><\/strong><\/h5>\n<\/div>\n\n\n\n<h4 class=\"wp-block-heading has-neve-text-color-color has-text-color\" style=\"font-style:normal;font-weight:400\"><a href=\"https:\/\/100anni.units.it\/index.php\/evento\/movieunits-antropocene-lepoca-umana\/\"><strong>ANTROPOCENE<\/strong> <strong>&#8211; L&#8217;EPOCA UMANA<\/strong><\/a><\/h4>\n\n\n\n<p class=\"has-neve-text-color-color has-text-color\">di Jennifer Baichwal, Edward Burtynsky, Nicholas de Pencier<br><em>Anthropocene: The Human Epoch<\/em>, Canada, 2018, 87\u2019 <br>versione originale s\/t italiano<\/p>\n\n\n\n<p class=\"has-neve-text-color-color has-text-color\">Una meditazione visivamente straordinaria su come l\u2019uomo sia diventato la \u201cforza naturale\u201d pi\u00f9 determinante nella trasformazione degli equilibri del pianeta. Siamo entrati in una nuova epoca geologica? Il film pi\u00f9 recente di uno dei pi\u00f9 acclamati landscape photographer, Edward Burtynsky, con i pluripremiati Jennifer Baichwall e Nicholas de Pencier, sintetizza il lavoro decennale dell\u2019Anthropocene Workgroup, un ensemble multidisciplinare e transnazionale di scienziati che stanno ricercando i segni inconfutabili di come dall\u2019Olocene il nostro pianeta stia entrando nell\u2019epoca dell\u2019Antropocene. Un viaggio attraverso tutto il mondo realizzato con tecniche fotografiche avanguardistiche per prendere coscienza della responsabilit\u00e0 della specie umana nel plasmare il destino del proprio habitat.<\/p>\n\n\n\n<p class=\"has-neve-link-color-color has-text-color\">Dipartimento di Scienze Chimiche e Farmaceutiche<br>Presentazione a cura del Prof. Pierluigi Barbieri<\/p>\n<\/div>\n\n\n\n<div style=\"height:20px\" aria-hidden=\"true\" class=\"wp-block-spacer\"><\/div>\n<\/div>\n\n\n\n<div class=\"wp-block-column is-layout-flow wp-block-column-is-layout-flow\" style=\"flex-basis:50%\">\n<div class=\"wp-block-group is-vertical is-layout-flex wp-container-core-group-is-layout-8cf370e7 wp-block-group-is-layout-flex\">\n<h5 class=\"wp-block-heading has-neve-text-color-color has-text-color\" style=\"font-style:normal;font-weight:400\"><strong><strong><strong><strong><strong>22 maggio 2024 ore 20.30<\/strong><\/strong><\/strong><\/strong><\/strong><\/h5>\n\n\n\n<div class=\"wp-block-group is-nowrap is-layout-flex wp-container-core-group-is-layout-64989fb1 wp-block-group-is-layout-flex\">\n<div class=\"wp-block-boldblocks-svg-block\"><div class=\"wp-block-boldblocks-svg-block__inner\" style=\"--bb--width--sm:var(--bb--width--lg);--bb--width--md:var(--bb--width--lg);--bb--width--lg:15px;--bb--fill--color:var(--wp--preset--color--neve-link-color, var(--nv-primary-accent))\"><svg version=\"1.1\" id=\"Layer_1\" xmlns=\"http:\/\/www.w3.org\/2000\/svg\" xmlns:xlink=\"http:\/\/www.w3.org\/1999\/xlink\" x=\"0px\" y=\"0px\" viewBox=\"0 0 234.67 300\" xml:space=\"preserve\">\n<style type=\"text\/css\">\n\t.st0{fill:#2B2B2B;}\n<\/style>\n<path class=\"st0\" d=\"M117.33,0C59.83,0,13.22,46.61,13.22,104.11c0,9.88,1.41,19.43,3.98,28.48c1.58,5.58,3.32,11.11,6.05,16.12\n\tC44.6,187.81,117.33,300,117.33,300s72.74-112.2,94.09-151.28c2.73-5.01,4.46-10.54,6.05-16.12c2.57-9.06,3.98-18.6,3.98-28.48\n\tC221.45,46.61,174.83,0,117.33,0z M117.33,149.96c-14.52,0-27.48-6.79-35.88-17.36c-6.23-7.83-9.96-17.73-9.96-28.48\n\tc0-25.28,20.57-45.84,45.85-45.84c25.28,0,45.84,20.57,45.84,45.84c0,10.76-3.73,20.66-9.96,28.48\n\tC144.81,143.16,131.85,149.96,117.33,149.96z\"><\/path>\n<\/svg><\/div><\/div>\n\n\n\n<h5 class=\"wp-block-heading has-neve-text-color-color has-text-color\" style=\"font-style:normal;font-weight:400\"><strong><strong>Teatrino Franca e Franco Basaglia, via Weiss 13, Trieste<\/strong><\/strong><\/h5>\n<\/div>\n\n\n\n<h4 class=\"wp-block-heading has-neve-text-color-color has-text-color\" style=\"font-style:normal;font-weight:400\"><strong><a href=\"https:\/\/100anni.units.it\/index.php\/evento\/movieunits-genesis-2-0\/\">GENESIS 2.0<\/a><\/strong><\/h4>\n\n\n\n<p class=\"has-neve-text-color-color has-text-color\">di Christian Frei, Maxim Arbugaev<br>Svizzera, 2020, 113\u2019<br>versione originale s\/t italiano<\/p>\n\n\n\n<p class=\"has-neve-text-color-color has-text-color\">Sulle remote isole della Nuova Siberia nell\u2019Oceano Artico, in un\u2019atmosfera quasi primordiale, i cacciatori, spinti dal vantaggioso prezzo dell\u2019oro bianco, cercano le zanne dei mammut estinti. Tali reperti richiamano l\u2019attenzione di quei ricercatori che, come a seguire una trama fantascientifica, da tempo in varie parti del mondo studiano la possibilit\u00e0 di riportare in vita questo animale, clonandone il DNA. Tuttavia ci\u00f2 sarebbe solo la prima manifestazione di una prossima grande rivoluzione tecnologica il cui obiettivo \u00e8 produrre sistemi biologici artificiali completi. Un esercizio. Un gioco da svariati milioni di dollari, dove l\u2019uomo si fa Creatore.<\/p>\n\n\n\n<p class=\"has-neve-link-color-color has-text-color\">Dipartimento di Scienze della Vita<br>Presentazione a cura del Prof. Marco Gerdol<\/p>\n<\/div>\n\n\n\n<div style=\"height:20px\" aria-hidden=\"true\" class=\"wp-block-spacer\"><\/div>\n<\/div>\n<\/div>\n\n\n\n<div style=\"height:0px\" aria-hidden=\"true\" class=\"wp-block-spacer wp-container-content-b30579f5\"><\/div>\n\n\n\n<div class=\"wp-block-columns is-layout-flex wp-container-core-columns-is-layout-9d6595d7 wp-block-columns-is-layout-flex\">\n<div class=\"wp-block-column is-layout-flow wp-block-column-is-layout-flow\" style=\"flex-basis:50%\">\n<div class=\"wp-block-group is-vertical is-layout-flex wp-container-core-group-is-layout-8cf370e7 wp-block-group-is-layout-flex\">\n<h5 class=\"wp-block-heading has-neve-text-color-color has-text-color\" style=\"font-style:normal;font-weight:400\"><strong><strong><strong>29 maggio 2024 ore 20.30<\/strong><\/strong><\/strong><\/h5>\n\n\n\n<div class=\"wp-block-group is-nowrap is-layout-flex wp-container-core-group-is-layout-64989fb1 wp-block-group-is-layout-flex\">\n<div class=\"wp-block-boldblocks-svg-block\"><div class=\"wp-block-boldblocks-svg-block__inner\" style=\"--bb--width--sm:var(--bb--width--lg);--bb--width--md:var(--bb--width--lg);--bb--width--lg:15px;--bb--fill--color:var(--wp--preset--color--neve-link-color, var(--nv-primary-accent))\"><svg version=\"1.1\" id=\"Layer_1\" xmlns=\"http:\/\/www.w3.org\/2000\/svg\" xmlns:xlink=\"http:\/\/www.w3.org\/1999\/xlink\" x=\"0px\" y=\"0px\" viewBox=\"0 0 234.67 300\" xml:space=\"preserve\">\n<style type=\"text\/css\">\n\t.st0{fill:#2B2B2B;}\n<\/style>\n<path class=\"st0\" d=\"M117.33,0C59.83,0,13.22,46.61,13.22,104.11c0,9.88,1.41,19.43,3.98,28.48c1.58,5.58,3.32,11.11,6.05,16.12\n\tC44.6,187.81,117.33,300,117.33,300s72.74-112.2,94.09-151.28c2.73-5.01,4.46-10.54,6.05-16.12c2.57-9.06,3.98-18.6,3.98-28.48\n\tC221.45,46.61,174.83,0,117.33,0z M117.33,149.96c-14.52,0-27.48-6.79-35.88-17.36c-6.23-7.83-9.96-17.73-9.96-28.48\n\tc0-25.28,20.57-45.84,45.85-45.84c25.28,0,45.84,20.57,45.84,45.84c0,10.76-3.73,20.66-9.96,28.48\n\tC144.81,143.16,131.85,149.96,117.33,149.96z\"><\/path>\n<\/svg><\/div><\/div>\n\n\n\n<h5 class=\"wp-block-heading has-neve-text-color-color has-text-color\" style=\"font-style:normal;font-weight:400\"><strong>Teatrino Franca e Franco Basaglia, via Weiss 13, Trieste<\/strong><\/h5>\n<\/div>\n\n\n\n<h4 class=\"wp-block-heading has-neve-text-color-color has-text-color\" style=\"font-style:normal;font-weight:400\"><strong><a href=\"https:\/\/100anni.units.it\/index.php\/evento\/movieunits-la-grande-scommessa\/\">LA GRANDE SCOMMESSA<\/a><\/strong><\/h4>\n\n\n\n<p class=\"has-neve-text-color-color has-text-color\">di Adam McKay<br><em>The Big Short,<\/em> USA, 2015, 130&#8242;<br>versione originale s\/t italiano<\/p>\n\n\n\n<p class=\"has-neve-text-color-color has-text-color\">Quando quattro investitori visionari, al contrario di quanto mostrato dalle grandi banche, dai media e dal governo stesso, intuiscono che l\u2019andamento dei mercati finanziari avrebbe portato alla crisi mondiale dell\u2019economia del 2008, mettono in atto &#8220;la grande scommessa\u201d. I loro coraggiosi investimenti li porteranno nei meandri oscuri dei sistemi bancari moderni, facendoli dubitare di tutto e tutti. Basato su una storia vera ed ispirato al bestseller di Michael Lewis <em>The Big Short: Inside the Doomsday Machine<\/em> (2011) di Michael Lewis, il film \u00e8 interpretato da un super-cast composto da Christian Bale, Steve Carell, Ryan Gosling e Brad Pitt.<\/p>\n\n\n\n<p class=\"has-neve-link-color-color has-text-color\">Dipartimento di Scienze Economiche, Aziendali, Matematiche e Statistiche<br>Presentazione a cura del Prof. Alberto Dreassi<\/p>\n<\/div>\n\n\n\n<div style=\"height:20px\" aria-hidden=\"true\" class=\"wp-block-spacer\"><\/div>\n<\/div>\n\n\n\n<div class=\"wp-block-column is-layout-flow wp-block-column-is-layout-flow\" style=\"flex-basis:50%\">\n<div class=\"wp-block-group is-vertical is-layout-flex wp-container-core-group-is-layout-8cf370e7 wp-block-group-is-layout-flex\">\n<h5 class=\"wp-block-heading has-neve-text-color-color has-text-color\" style=\"font-style:normal;font-weight:400\"><strong><strong><strong><strong><strong><strong><strong>5 giugno 2024 ore 21.00<\/strong><\/strong><\/strong><\/strong><\/strong><\/strong><\/strong><\/h5>\n\n\n\n<div class=\"wp-block-group is-nowrap is-layout-flex wp-container-core-group-is-layout-64989fb1 wp-block-group-is-layout-flex\">\n<div class=\"wp-block-boldblocks-svg-block\"><div class=\"wp-block-boldblocks-svg-block__inner\" style=\"--bb--width--sm:var(--bb--width--lg);--bb--width--md:var(--bb--width--lg);--bb--width--lg:15px;--bb--fill--color:var(--wp--preset--color--neve-link-color, var(--nv-primary-accent))\"><svg version=\"1.1\" id=\"Layer_1\" xmlns=\"http:\/\/www.w3.org\/2000\/svg\" xmlns:xlink=\"http:\/\/www.w3.org\/1999\/xlink\" x=\"0px\" y=\"0px\" viewBox=\"0 0 234.67 300\" xml:space=\"preserve\">\n<style type=\"text\/css\">\n\t.st0{fill:#2B2B2B;}\n<\/style>\n<path class=\"st0\" d=\"M117.33,0C59.83,0,13.22,46.61,13.22,104.11c0,9.88,1.41,19.43,3.98,28.48c1.58,5.58,3.32,11.11,6.05,16.12\n\tC44.6,187.81,117.33,300,117.33,300s72.74-112.2,94.09-151.28c2.73-5.01,4.46-10.54,6.05-16.12c2.57-9.06,3.98-18.6,3.98-28.48\n\tC221.45,46.61,174.83,0,117.33,0z M117.33,149.96c-14.52,0-27.48-6.79-35.88-17.36c-6.23-7.83-9.96-17.73-9.96-28.48\n\tc0-25.28,20.57-45.84,45.85-45.84c25.28,0,45.84,20.57,45.84,45.84c0,10.76-3.73,20.66-9.96,28.48\n\tC144.81,143.16,131.85,149.96,117.33,149.96z\"><\/path>\n<\/svg><\/div><\/div>\n\n\n\n<h5 class=\"wp-block-heading has-neve-text-color-color has-text-color\" style=\"font-style:normal;font-weight:400\"><strong><strong>Teatrino Franca e Franco Basaglia, via Weiss 13, Trieste<\/strong><\/strong><\/h5>\n<\/div>\n\n\n\n<h4 class=\"wp-block-heading has-neve-text-color-color has-text-color\" style=\"font-style:normal;font-weight:400\"><strong><a href=\"https:\/\/100anni.units.it\/index.php\/evento\/movieunits-alla-ricerca-di-europa\/\">ALLA RICERCA DI EUROPA<\/a><\/strong><\/h4>\n\n\n\n<p class=\"has-neve-text-color-color has-text-color\">di Alessandro Scillitani<br>Italia, 2019, 62\u2019<\/p>\n\n\n\n<p class=\"has-neve-text-color-color has-text-color\">Europa \u00e8 nata in Oriente. Nelle terre dei Fenici. Fu Giove, innamorato di lei, a portarla via mare in Occidente dopo averla ingannata sotto le sembianze di un mansueto toro bianco. Lo storico e skipper Piero Tassinari e lo scrittore Paolo Rumiz sentono il bisogno di mostrare che cosa significa essere europei e quindi rintracciare dove nasce Europa. Cos\u00ec comincia un viaggio nel Mediterraneo, tra la Turchia e la Grecia. Tassinari ora non \u00e8 pi\u00f9 fra noi e questo viaggio, della cui idea ha la paternit\u00e0, resta come una testimonianza di grande spessore culturale e civile. Chiedersi quale significato abbia per noi oggi la parola Europa ed estendere la domanda a coloro che si incontrano mentre si naviga, offre l&#8217;occasione per pensare al nostro comune passato cercando di comprendere quale potrebbe essere il nostro prossimo futuro.<\/p>\n\n\n\n<p class=\"has-neve-link-color-color has-text-color\">Dipartimento di Scienze Politiche e Sociali<br>Presentazione a cura del Prof. Patrick Karlsen e della Prof.ssa Teresa Tonchia<\/p>\n<\/div>\n\n\n\n<div style=\"height:20px\" aria-hidden=\"true\" class=\"wp-block-spacer\"><\/div>\n<\/div>\n<\/div>\n\n\n\n<div style=\"height:0px\" aria-hidden=\"true\" class=\"wp-block-spacer wp-container-content-b30579f5\"><\/div>\n\n\n\n<div class=\"wp-block-columns is-layout-flex wp-container-core-columns-is-layout-9d6595d7 wp-block-columns-is-layout-flex\">\n<div class=\"wp-block-column is-layout-flow wp-block-column-is-layout-flow\" style=\"flex-basis:50%\">\n<div class=\"wp-block-group is-vertical is-layout-flex wp-container-core-group-is-layout-8cf370e7 wp-block-group-is-layout-flex\">\n<h5 class=\"wp-block-heading has-neve-text-color-color has-text-color\" style=\"font-style:normal;font-weight:400\"><strong><strong><strong>19 giugno 2024 ore 21.00<\/strong><\/strong><\/strong><\/h5>\n\n\n\n<div class=\"wp-block-group is-nowrap is-layout-flex wp-container-core-group-is-layout-64989fb1 wp-block-group-is-layout-flex\">\n<div class=\"wp-block-boldblocks-svg-block\"><div class=\"wp-block-boldblocks-svg-block__inner\" style=\"--bb--width--sm:var(--bb--width--lg);--bb--width--md:var(--bb--width--lg);--bb--width--lg:15px;--bb--fill--color:var(--wp--preset--color--neve-link-color, var(--nv-primary-accent))\"><svg version=\"1.1\" id=\"Layer_1\" xmlns=\"http:\/\/www.w3.org\/2000\/svg\" xmlns:xlink=\"http:\/\/www.w3.org\/1999\/xlink\" x=\"0px\" y=\"0px\" viewBox=\"0 0 234.67 300\" xml:space=\"preserve\">\n<style type=\"text\/css\">\n\t.st0{fill:#2B2B2B;}\n<\/style>\n<path class=\"st0\" d=\"M117.33,0C59.83,0,13.22,46.61,13.22,104.11c0,9.88,1.41,19.43,3.98,28.48c1.58,5.58,3.32,11.11,6.05,16.12\n\tC44.6,187.81,117.33,300,117.33,300s72.74-112.2,94.09-151.28c2.73-5.01,4.46-10.54,6.05-16.12c2.57-9.06,3.98-18.6,3.98-28.48\n\tC221.45,46.61,174.83,0,117.33,0z M117.33,149.96c-14.52,0-27.48-6.79-35.88-17.36c-6.23-7.83-9.96-17.73-9.96-28.48\n\tc0-25.28,20.57-45.84,45.85-45.84c25.28,0,45.84,20.57,45.84,45.84c0,10.76-3.73,20.66-9.96,28.48\n\tC144.81,143.16,131.85,149.96,117.33,149.96z\"><\/path>\n<\/svg><\/div><\/div>\n\n\n\n<h5 class=\"wp-block-heading has-neve-text-color-color has-text-color\" style=\"font-style:normal;font-weight:400\"><strong>Giardino Pubblico Muzio de Tommasini, Via Giulia 2, Trieste<\/strong><\/h5>\n<\/div>\n\n\n\n<h4 class=\"wp-block-heading has-neve-text-color-color has-text-color\" style=\"font-style:normal;font-weight:400\"><strong><a href=\"https:\/\/100anni.units.it\/index.php\/evento\/movieunits-ex-machina\/\">EX MACHINA<\/a><\/strong><\/h4>\n\n\n\n<p class=\"has-neve-text-color-color has-text-color\">di Alex Garland GB, 2014, 108&#8242;<br>versione originale s\/t italiano<\/p>\n\n\n\n<p class=\"has-neve-text-color-color has-text-color\">Tra tutti gli impiegati del grande motore di ricerca per cui lavora, Caleb (Domhnall Gleeson) \u00e8 stato scelto per il prestigioso invito nella residenza del mitologico fondatore della societ\u00e0 e inventore dell&#8217;algoritmo di ricerca. Arrivato in una zona a met\u00e0 tra la magione irraggiungibile (lo porta un elicottero privato che si ferma diversi chilometri prima del primo edificio) e il rifugio zen, Caleb comprende di essere stato scelto da Nathan (Oscar Isaac) per un importante esperimento. Da decenni infatti Nathan \u00e8 al lavoro sulla costruzione di un&#8217;intelligenza artificiale e Caleb deve testarla per capire se abbia raggiunto o meno il suo obiettivo. Il modello si chiama Ava (Alicia Vikander), ha forma umanoide, pelle e circuiti, ragiona ed \u00e8 conscia del suo status.<\/p>\n\n\n\n<p class=\"has-neve-link-color-color has-text-color\">Dipartimento di Ingegneria e Architettura<br>Presentazione a cura del Prof. Paolo Gallina<\/p>\n<\/div>\n\n\n\n<div style=\"height:20px\" aria-hidden=\"true\" class=\"wp-block-spacer\"><\/div>\n<\/div>\n\n\n\n<div class=\"wp-block-column is-layout-flow wp-block-column-is-layout-flow\" style=\"flex-basis:50%\">\n<div class=\"wp-block-group is-vertical is-layout-flex wp-container-core-group-is-layout-8cf370e7 wp-block-group-is-layout-flex\">\n<h5 class=\"wp-block-heading has-neve-text-color-color has-text-color\" style=\"font-style:normal;font-weight:400\"><strong><strong><strong><strong><strong>26 giugno 2024 ore 21.00<\/strong><\/strong><\/strong><\/strong><\/strong><\/h5>\n\n\n\n<div class=\"wp-block-group is-nowrap is-layout-flex wp-container-core-group-is-layout-64989fb1 wp-block-group-is-layout-flex\">\n<div class=\"wp-block-boldblocks-svg-block\"><div class=\"wp-block-boldblocks-svg-block__inner\" style=\"--bb--width--sm:var(--bb--width--lg);--bb--width--md:var(--bb--width--lg);--bb--width--lg:15px;--bb--fill--color:var(--wp--preset--color--neve-link-color, var(--nv-primary-accent))\"><svg version=\"1.1\" id=\"Layer_1\" xmlns=\"http:\/\/www.w3.org\/2000\/svg\" xmlns:xlink=\"http:\/\/www.w3.org\/1999\/xlink\" x=\"0px\" y=\"0px\" viewBox=\"0 0 234.67 300\" xml:space=\"preserve\">\n<style type=\"text\/css\">\n\t.st0{fill:#2B2B2B;}\n<\/style>\n<path class=\"st0\" d=\"M117.33,0C59.83,0,13.22,46.61,13.22,104.11c0,9.88,1.41,19.43,3.98,28.48c1.58,5.58,3.32,11.11,6.05,16.12\n\tC44.6,187.81,117.33,300,117.33,300s72.74-112.2,94.09-151.28c2.73-5.01,4.46-10.54,6.05-16.12c2.57-9.06,3.98-18.6,3.98-28.48\n\tC221.45,46.61,174.83,0,117.33,0z M117.33,149.96c-14.52,0-27.48-6.79-35.88-17.36c-6.23-7.83-9.96-17.73-9.96-28.48\n\tc0-25.28,20.57-45.84,45.85-45.84c25.28,0,45.84,20.57,45.84,45.84c0,10.76-3.73,20.66-9.96,28.48\n\tC144.81,143.16,131.85,149.96,117.33,149.96z\"><\/path>\n<\/svg><\/div><\/div>\n\n\n\n<h5 class=\"wp-block-heading has-neve-text-color-color has-text-color\" style=\"font-style:normal;font-weight:400\"><strong><strong>Universit\u00e0 degli Studi di Trieste, Piazzale Europa 1, Trieste<\/strong><\/strong><\/h5>\n<\/div>\n\n\n\n<h4 class=\"wp-block-heading has-neve-text-color-color has-text-color\" style=\"font-style:normal;font-weight:400\"><strong><a href=\"https:\/\/100anni.units.it\/index.php\/evento\/movieunits-la-teoria-del-tutto\/\">LA TEORIA DEL TUTTO<\/a><\/strong><\/h4>\n\n\n\n<p class=\"has-neve-text-color-color has-text-color\">di James Marsh<br><em>The Theory of Everything<\/em>, GB, 2014, 123&#8242;<\/p>\n\n\n\n<p class=\"has-neve-text-color-color has-text-color\">La teoria del tutto racconta la storia del pi\u00f9 grande e celebrato fisico della nostra epoca, Stephen Hawking (Eddie Redmayne, premio Oscar al miglior attore per la sua interpretazione), e di Jane Wilde, la studentessa di arte di cui si \u00e8 innamorato mentre studiavano insieme a Cambridge negli anni Sessanta. All&#8217;et\u00e0 di 21 anni, Stephen Hawking, brillante studente di cosmologia, \u00e8 stato colpito da una malattia terminale per la quale, secondo le diagnosi dei medici, gli sarebbero rimasti due anni di vita. Stimolato per\u00f2 all&#8217;amore della sua compagna di studi a Cambridge, Jane Wilde, arriv\u00f2 ad essere chiamato il successore di Einstein, oltre a diventare marito e padre dei loro tre figli. Durante il loro matrimonio, mentre il corpo di Stephen si indeboliva, la sua fama accademica saliva alle stelle. Il professor Stephen Hawking \u00e8 uno dei pi\u00f9 famosi scienziati della nostra epoca e autore del bestseller &#8220;A Brief History of Time&#8221;, che ha venduto milioni di copie in tutto il mondo.<\/p>\n\n\n\n<p class=\"has-neve-link-color-color has-text-color\">Dipartimento di Fisica<br>Presentazione a cura del Prof. Francesco Longo<\/p>\n<\/div>\n\n\n\n<div style=\"height:20px\" aria-hidden=\"true\" class=\"wp-block-spacer\"><\/div>\n<\/div>\n<\/div>\n\n\n\n<div style=\"height:0px\" aria-hidden=\"true\" class=\"wp-block-spacer wp-container-content-b30579f5\"><\/div>\n\n\n\n<div class=\"wp-block-columns is-layout-flex wp-container-core-columns-is-layout-9d6595d7 wp-block-columns-is-layout-flex\">\n<div class=\"wp-block-column is-layout-flow wp-block-column-is-layout-flow\" style=\"flex-basis:50px\"><\/div>\n<\/div>\n<\/div>\n\n\n\n<div style=\"height:50px\" aria-hidden=\"true\" class=\"wp-block-spacer\"><\/div>\n<\/div><\/div>\n<\/div><\/div>\n\n\n\n<div style=\"height:150px\" aria-hidden=\"true\" class=\"wp-block-spacer\"><\/div>\n\n\n\n<h2 class=\"wp-block-heading has-neve-link-color-color has-text-color\">Il team dei curatori<\/h2>\n\n\n\n<div class=\"wp-block-media-text has-media-on-the-right is-stacked-on-mobile\" style=\"grid-template-columns:auto 30%\"><div class=\"wp-block-media-text__content\">\n<div style=\"height:20px\" aria-hidden=\"true\" class=\"wp-block-spacer\"><\/div>\n\n\n\n<div class=\"wp-block-group is-vertical is-layout-flex wp-container-core-group-is-layout-8cf370e7 wp-block-group-is-layout-flex\">\n<h2 class=\"wp-block-heading has-neve-link-color-color has-text-color\" style=\"font-size:37px\">Massimiliano Spanu <\/h2>\n<\/div>\n\n\n\n<div style=\"height:20px\" aria-hidden=\"true\" class=\"wp-block-spacer\"><\/div>\n\n\n\n<p class=\"has-neve-text-color-color has-text-color\">Professore associato presso l&#8217;Universit\u00e0 degli Studi di Trieste al Dipartimento di Studi Umanistici. Docente di Storia del Cinema, Teorie e Tecniche del Linguaggio cinematografico, Semiologia del cinema e degli audiovisivi, dal 2015 ad oggi ha insegnato anche al corso di laurea in Discipline della musica, del cinema e dello spettacolo (DAMS) a Gorizia. \u00c8 stato membro del Dottorato internazionale in Studi artistici e audiovisivi, presso l&#8217;Universit\u00e0 degli Studi di Udine (dal 2014 al 2018). Componente per conto dell\u2019Universit\u00e0 degli Studi di Trieste del Comitato Didattico e di Gestione e vicecoordinatore per il corso dil laurea interateneo in Discipline della musica, del cinema e dello spettacolo (DAMS). \u00c8 stato Delegato alla comunicazione per DiSU. Attualmente \u00e8 componente del Comitato Scientifico della Mostra storico-artistica del Centenario dell&#8217;Universit\u00e0 degli Studi di Trieste. Presidente dell&#8217;associazione La Cappella Underground dal 1997 al 2002, dal 2000 al 2002 \u00e8 stato direttore artistico del Trieste Science+Fiction Festival. Ha pubblicato saggi, monografie, volumi collettanei per alcune tra le pi\u00f9 importanti case editrici italiane (Lindau, Il Castoro, Marsilio, EUT, Viella, Carocci, Le Mani, Kaplan, Silvana Editrice, ecc.). Pi\u00f9 recentemente le sue ricerche si rivolgono alla Public History e alle estetiche del documentario (storico e sportivo).<\/p>\n<\/div><figure class=\"wp-block-media-text__media\"><img loading=\"lazy\" decoding=\"async\" width=\"1024\" height=\"1024\" src=\"https:\/\/100anni.units.it\/wp-content\/uploads\/2024\/02\/100UniTS_MassimilianoSpanu-1024x1024.jpg\" alt=\"Foto Massimiliano Spanu\" class=\"wp-image-4109 size-full\" srcset=\"https:\/\/100anni.units.it\/wp-content\/uploads\/2024\/02\/100UniTS_MassimilianoSpanu-1024x1024.jpg 1024w, https:\/\/100anni.units.it\/wp-content\/uploads\/2024\/02\/100UniTS_MassimilianoSpanu-300x300.jpg 300w, https:\/\/100anni.units.it\/wp-content\/uploads\/2024\/02\/100UniTS_MassimilianoSpanu-150x150.jpg 150w, https:\/\/100anni.units.it\/wp-content\/uploads\/2024\/02\/100UniTS_MassimilianoSpanu-768x768.jpg 768w, https:\/\/100anni.units.it\/wp-content\/uploads\/2024\/02\/100UniTS_MassimilianoSpanu.jpg 1280w\" sizes=\"auto, (max-width: 1024px) 100vw, 1024px\" \/><\/figure><\/div>\n\n\n\n<div style=\"height:60px\" aria-hidden=\"true\" class=\"wp-block-spacer\"><\/div>\n\n\n\n<div class=\"wp-block-media-text is-stacked-on-mobile\" style=\"grid-template-columns:31% auto\"><figure class=\"wp-block-media-text__media\"><img loading=\"lazy\" decoding=\"async\" width=\"785\" height=\"785\" src=\"https:\/\/100anni.units.it\/wp-content\/uploads\/2024\/02\/100UniTS_DanieleTerzoli-1.jpg\" alt=\"Foto Daniele Terzoli\" class=\"wp-image-4160 size-full\" srcset=\"https:\/\/100anni.units.it\/wp-content\/uploads\/2024\/02\/100UniTS_DanieleTerzoli-1.jpg 785w, https:\/\/100anni.units.it\/wp-content\/uploads\/2024\/02\/100UniTS_DanieleTerzoli-1-300x300.jpg 300w, https:\/\/100anni.units.it\/wp-content\/uploads\/2024\/02\/100UniTS_DanieleTerzoli-1-150x150.jpg 150w, https:\/\/100anni.units.it\/wp-content\/uploads\/2024\/02\/100UniTS_DanieleTerzoli-1-768x768.jpg 768w\" sizes=\"auto, (max-width: 785px) 100vw, 785px\" \/><\/figure><div class=\"wp-block-media-text__content\">\n<div style=\"height:20px\" aria-hidden=\"true\" class=\"wp-block-spacer\"><\/div>\n\n\n\n<div class=\"wp-block-group is-vertical is-layout-flex wp-container-core-group-is-layout-8cf370e7 wp-block-group-is-layout-flex\">\n<h2 class=\"wp-block-heading has-neve-link-color-color has-text-color\" style=\"font-size:37px\">Daniele Terzoli<\/h2>\n<\/div>\n\n\n\n<div style=\"height:20px\" aria-hidden=\"true\" class=\"wp-block-spacer\"><\/div>\n\n\n\n<p>Laureato&nbsp;in Lettere e Filosofia all&#8217;Universit\u00e0 degli Studi di Trieste,&nbsp;con una tesi sulla nascita del Festival Internazionale del Film di Fantascienza di Trieste.&nbsp;\u00c8 stato presidente del centro ricerche e sperimentazioni cinematografiche e audiovisive La Cappella Underground (dal 2002 al 2020) e co-fondatore e direttore del Trieste Science+Fiction Festival (dal 2003 al 2021). Dal 2014 \u00e8 coordinatore della programmazione del cinema Ariston di Trieste e dal 2022 dell&#8217;arena estiva del Giardino Pubblico. Ha inoltre collaborato con la cooperativa Bonawentura (dal 2009 al 2015) per la programmazione cinematografica e l&#8217;organizzazione di rassegne al Teatro Miela, al castello di San Giusto e al Teatro Franca e Franco Basaglia. Giornalista pubblicista, ha scritto per le pagine di Cultura e Spettacoli del quotidiano Il Piccolo e per il magazine Nocturno Cinema. Nell&#8217;anno accademico 2022\/2023 \u00e8 stato assegnista di ricerca al Dipartimento di Studi Umanistici dell&#8217;Universit\u00e0 degli Studi di Trieste, dove prosegue la collaborazione come Cultore della Materia in Storia del Cinema.<\/p>\n<\/div><\/div>\n\n\n\n<div style=\"height:100px\" aria-hidden=\"true\" class=\"wp-block-spacer\"><\/div>\n\n\n\n<div class=\"wp-block-group\"><div class=\"wp-block-group__inner-container is-layout-constrained wp-block-group-is-layout-constrained\">\n<div style=\"height:25px\" aria-hidden=\"true\" class=\"wp-block-spacer\"><\/div>\n\n\n<div class=\"yoast-breadcrumbs\"><span><span><a href=\"https:\/\/100anni.units.it\/\">Home<\/a><\/span> \u00bb <span class=\"breadcrumb_last\" aria-current=\"page\">MOVIEUNITS<\/span><\/span><\/div>\n\n\n<div style=\"height:40px\" aria-hidden=\"true\" class=\"wp-block-spacer\"><\/div>\n<\/div><\/div>\n","protected":false},"excerpt":{"rendered":"<p>MOVIEUNITS Cineforum per il Centenario UniTS sul tema &#8220;Il futuro della conoscenza&#8221; 12 appuntamenti, tra marzo e giugno 2024, in collaborazione con i Dipartimenti di Ateneo Ingresso libero L\u2019Universit\u00e0 degli&hellip;&nbsp;<a href=\"https:\/\/100anni.units.it\/index.php\/home\/movieunits\/\" class=\"\" rel=\"bookmark\">Leggi tutto &raquo;<span class=\"screen-reader-text\">MOVIEUNITS<\/span><\/a><\/p>\n","protected":false},"author":1,"featured_media":0,"parent":120,"menu_order":0,"comment_status":"closed","ping_status":"closed","template":"","meta":{"neve_meta_sidebar":"","neve_meta_container":"","neve_meta_enable_content_width":"","neve_meta_content_width":0,"neve_meta_title_alignment":"","neve_meta_author_avatar":"","neve_post_elements_order":"","neve_meta_disable_header":"","neve_meta_disable_footer":"","neve_meta_disable_title":"","_EventAllDay":false,"_EventTimezone":"","_EventStartDate":"","_EventEndDate":"","_EventStartDateUTC":"","_EventEndDateUTC":"","_EventShowMap":false,"_EventShowMapLink":false,"_EventURL":"","_EventCost":"","_EventCostDescription":"","_EventCurrencySymbol":"","_EventCurrencyCode":"","_EventCurrencyPosition":"","_EventDateTimeSeparator":"","_EventTimeRangeSeparator":"","_EventOrganizerID":[],"_EventVenueID":[],"_OrganizerEmail":"","_OrganizerPhone":"","_OrganizerWebsite":"","_VenueAddress":"","_VenueCity":"","_VenueCountry":"","_VenueProvince":"","_VenueState":"","_VenueZip":"","_VenuePhone":"","_VenueURL":"","_VenueStateProvince":"","_VenueLat":"","_VenueLng":"","_VenueShowMap":false,"_VenueShowMapLink":false,"_ti_tpc_template_sync":false,"_ti_tpc_template_id":"","footnotes":""},"class_list":["post-3674","page","type-page","status-publish","hentry"],"yoast_head":"<!-- This site is optimized with the Yoast SEO plugin v21.0 - https:\/\/yoast.com\/wordpress\/plugins\/seo\/ -->\n<title>MOVIEUNITS &ndash; #100UniTS<\/title>\n<meta name=\"description\" content=\"Cineforum per il Centenario UniTS sul tema &quot;Il futuro della conoscenza&quot;\" \/>\n<meta name=\"robots\" content=\"index, follow, max-snippet:-1, max-image-preview:large, max-video-preview:-1\" \/>\n<link rel=\"canonical\" href=\"https:\/\/100anni.units.it\/index.php\/home\/movieunits\/\" \/>\n<meta property=\"og:locale\" content=\"it_IT\" \/>\n<meta property=\"og:type\" content=\"article\" \/>\n<meta property=\"og:title\" content=\"MOVIEUNITS &ndash; #100UniTS\" \/>\n<meta property=\"og:description\" content=\"Cineforum per il Centenario UniTS sul tema &quot;Il futuro della conoscenza&quot;\" \/>\n<meta property=\"og:url\" content=\"https:\/\/100anni.units.it\/index.php\/home\/movieunits\/\" \/>\n<meta property=\"og:site_name\" content=\"#100UniTS\" \/>\n<meta property=\"article:publisher\" content=\"https:\/\/www.facebook.com\/universitatrieste\" \/>\n<meta property=\"article:modified_time\" content=\"2024-06-14T13:55:18+00:00\" \/>\n<meta property=\"og:image\" content=\"https:\/\/100anni.units.it\/wp-content\/uploads\/2024\/02\/100UniTS_locandinaMOVIEUNITS-735x1024.jpg\" \/>\n<meta name=\"twitter:card\" content=\"summary_large_image\" \/>\n<meta name=\"twitter:site\" content=\"@UniTrieste\" \/>\n<meta name=\"twitter:label1\" content=\"Tempo di lettura stimato\" \/>\n\t<meta name=\"twitter:data1\" content=\"15 minuti\" \/>\n<script type=\"application\/ld+json\" class=\"yoast-schema-graph\">{\"@context\":\"https:\/\/schema.org\",\"@graph\":[{\"@type\":\"WebPage\",\"@id\":\"https:\/\/100anni.units.it\/index.php\/home\/movieunits\/\",\"url\":\"https:\/\/100anni.units.it\/index.php\/home\/movieunits\/\",\"name\":\"MOVIEUNITS &ndash; #100UniTS\",\"isPartOf\":{\"@id\":\"https:\/\/100anni.units.it\/#website\"},\"datePublished\":\"2024-02-16T16:19:10+00:00\",\"dateModified\":\"2024-06-14T13:55:18+00:00\",\"description\":\"Cineforum per il Centenario UniTS sul tema \\\"Il futuro della conoscenza\\\"\",\"breadcrumb\":{\"@id\":\"https:\/\/100anni.units.it\/index.php\/home\/movieunits\/#breadcrumb\"},\"inLanguage\":\"it-IT\",\"potentialAction\":[{\"@type\":\"ReadAction\",\"target\":[\"https:\/\/100anni.units.it\/index.php\/home\/movieunits\/\"]}]},{\"@type\":\"BreadcrumbList\",\"@id\":\"https:\/\/100anni.units.it\/index.php\/home\/movieunits\/#breadcrumb\",\"itemListElement\":[{\"@type\":\"ListItem\",\"position\":1,\"name\":\"Home\",\"item\":\"https:\/\/100anni.units.it\/\"},{\"@type\":\"ListItem\",\"position\":2,\"name\":\"MOVIEUNITS\"}]},{\"@type\":\"WebSite\",\"@id\":\"https:\/\/100anni.units.it\/#website\",\"url\":\"https:\/\/100anni.units.it\/\",\"name\":\"#100UniTS\",\"description\":\"Ogni giorno, da cento anni, con noi puoi scoprire ci\u00f2 che sar\u00e0 realt\u00e0 nel futuro. Celebriamo insieme un secolo di ricerca, eccellenza, creativit\u00e0 e ingegno umano.\",\"publisher\":{\"@id\":\"https:\/\/100anni.units.it\/#organization\"},\"potentialAction\":[{\"@type\":\"SearchAction\",\"target\":{\"@type\":\"EntryPoint\",\"urlTemplate\":\"https:\/\/100anni.units.it\/?s={search_term_string}\"},\"query-input\":\"required name=search_term_string\"}],\"inLanguage\":\"it-IT\"},{\"@type\":\"Organization\",\"@id\":\"https:\/\/100anni.units.it\/#organization\",\"name\":\"Universit\u00e0 degli Studi di Trieste\",\"alternateName\":\"UniTS\",\"url\":\"https:\/\/100anni.units.it\/\",\"logo\":{\"@type\":\"ImageObject\",\"inLanguage\":\"it-IT\",\"@id\":\"https:\/\/100anni.units.it\/#\/schema\/logo\/image\/\",\"url\":\"https:\/\/100anni.units.it\/wp-content\/uploads\/2023\/08\/units_sigillo.png\",\"contentUrl\":\"https:\/\/100anni.units.it\/wp-content\/uploads\/2023\/08\/units_sigillo.png\",\"width\":696,\"height\":696,\"caption\":\"Universit\u00e0 degli Studi di Trieste\"},\"image\":{\"@id\":\"https:\/\/100anni.units.it\/#\/schema\/logo\/image\/\"},\"sameAs\":[\"https:\/\/www.facebook.com\/universitatrieste\",\"https:\/\/twitter.com\/UniTrieste\"]}]}<\/script>\n<!-- \/ Yoast SEO plugin. -->","yoast_head_json":{"title":"MOVIEUNITS &ndash; #100UniTS","description":"Cineforum per il Centenario UniTS sul tema \"Il futuro della conoscenza\"","robots":{"index":"index","follow":"follow","max-snippet":"max-snippet:-1","max-image-preview":"max-image-preview:large","max-video-preview":"max-video-preview:-1"},"canonical":"https:\/\/100anni.units.it\/index.php\/home\/movieunits\/","og_locale":"it_IT","og_type":"article","og_title":"MOVIEUNITS &ndash; #100UniTS","og_description":"Cineforum per il Centenario UniTS sul tema \"Il futuro della conoscenza\"","og_url":"https:\/\/100anni.units.it\/index.php\/home\/movieunits\/","og_site_name":"#100UniTS","article_publisher":"https:\/\/www.facebook.com\/universitatrieste","article_modified_time":"2024-06-14T13:55:18+00:00","og_image":[{"url":"https:\/\/100anni.units.it\/wp-content\/uploads\/2024\/02\/100UniTS_locandinaMOVIEUNITS-735x1024.jpg"}],"twitter_card":"summary_large_image","twitter_site":"@UniTrieste","twitter_misc":{"Tempo di lettura stimato":"15 minuti"},"schema":{"@context":"https:\/\/schema.org","@graph":[{"@type":"WebPage","@id":"https:\/\/100anni.units.it\/index.php\/home\/movieunits\/","url":"https:\/\/100anni.units.it\/index.php\/home\/movieunits\/","name":"MOVIEUNITS &ndash; #100UniTS","isPartOf":{"@id":"https:\/\/100anni.units.it\/#website"},"datePublished":"2024-02-16T16:19:10+00:00","dateModified":"2024-06-14T13:55:18+00:00","description":"Cineforum per il Centenario UniTS sul tema \"Il futuro della conoscenza\"","breadcrumb":{"@id":"https:\/\/100anni.units.it\/index.php\/home\/movieunits\/#breadcrumb"},"inLanguage":"it-IT","potentialAction":[{"@type":"ReadAction","target":["https:\/\/100anni.units.it\/index.php\/home\/movieunits\/"]}]},{"@type":"BreadcrumbList","@id":"https:\/\/100anni.units.it\/index.php\/home\/movieunits\/#breadcrumb","itemListElement":[{"@type":"ListItem","position":1,"name":"Home","item":"https:\/\/100anni.units.it\/"},{"@type":"ListItem","position":2,"name":"MOVIEUNITS"}]},{"@type":"WebSite","@id":"https:\/\/100anni.units.it\/#website","url":"https:\/\/100anni.units.it\/","name":"#100UniTS","description":"Ogni giorno, da cento anni, con noi puoi scoprire ci\u00f2 che sar\u00e0 realt\u00e0 nel futuro. Celebriamo insieme un secolo di ricerca, eccellenza, creativit\u00e0 e ingegno umano.","publisher":{"@id":"https:\/\/100anni.units.it\/#organization"},"potentialAction":[{"@type":"SearchAction","target":{"@type":"EntryPoint","urlTemplate":"https:\/\/100anni.units.it\/?s={search_term_string}"},"query-input":"required name=search_term_string"}],"inLanguage":"it-IT"},{"@type":"Organization","@id":"https:\/\/100anni.units.it\/#organization","name":"Universit\u00e0 degli Studi di Trieste","alternateName":"UniTS","url":"https:\/\/100anni.units.it\/","logo":{"@type":"ImageObject","inLanguage":"it-IT","@id":"https:\/\/100anni.units.it\/#\/schema\/logo\/image\/","url":"https:\/\/100anni.units.it\/wp-content\/uploads\/2023\/08\/units_sigillo.png","contentUrl":"https:\/\/100anni.units.it\/wp-content\/uploads\/2023\/08\/units_sigillo.png","width":696,"height":696,"caption":"Universit\u00e0 degli Studi di Trieste"},"image":{"@id":"https:\/\/100anni.units.it\/#\/schema\/logo\/image\/"},"sameAs":["https:\/\/www.facebook.com\/universitatrieste","https:\/\/twitter.com\/UniTrieste"]}]}},"_links":{"self":[{"href":"https:\/\/100anni.units.it\/index.php\/wp-json\/wp\/v2\/pages\/3674","targetHints":{"allow":["GET"]}}],"collection":[{"href":"https:\/\/100anni.units.it\/index.php\/wp-json\/wp\/v2\/pages"}],"about":[{"href":"https:\/\/100anni.units.it\/index.php\/wp-json\/wp\/v2\/types\/page"}],"author":[{"embeddable":true,"href":"https:\/\/100anni.units.it\/index.php\/wp-json\/wp\/v2\/users\/1"}],"replies":[{"embeddable":true,"href":"https:\/\/100anni.units.it\/index.php\/wp-json\/wp\/v2\/comments?post=3674"}],"version-history":[{"count":94,"href":"https:\/\/100anni.units.it\/index.php\/wp-json\/wp\/v2\/pages\/3674\/revisions"}],"predecessor-version":[{"id":6194,"href":"https:\/\/100anni.units.it\/index.php\/wp-json\/wp\/v2\/pages\/3674\/revisions\/6194"}],"up":[{"embeddable":true,"href":"https:\/\/100anni.units.it\/index.php\/wp-json\/wp\/v2\/pages\/120"}],"wp:attachment":[{"href":"https:\/\/100anni.units.it\/index.php\/wp-json\/wp\/v2\/media?parent=3674"}],"curies":[{"name":"wp","href":"https:\/\/api.w.org\/{rel}","templated":true}]}}