{"id":3713,"date":"2024-02-01T14:51:08","date_gmt":"2024-02-01T13:51:08","guid":{"rendered":"https:\/\/100anni.units.it\/?page_id=3713"},"modified":"2025-02-17T16:38:58","modified_gmt":"2025-02-17T15:38:58","slug":"1924-2024","status":"publish","type":"page","link":"https:\/\/100anni.units.it\/index.php\/home\/1924-2024\/","title":{"rendered":"1924 &#8211; 2024: Mostra al Castello di San Giusto"},"content":{"rendered":"\n<div class=\"wp-block-group\"><div class=\"wp-block-group__inner-container is-layout-constrained wp-block-group-is-layout-constrained\">\n<div style=\"height:25px\" aria-hidden=\"true\" class=\"wp-block-spacer\"><\/div>\n\n\n<div class=\"yoast-breadcrumbs\"><span><span><a href=\"https:\/\/100anni.units.it\/\">Home<\/a><\/span> \u00bb <span class=\"breadcrumb_last\" aria-current=\"page\">1924 &#8211; 2024: Mostra al Castello di San Giusto<\/span><\/span><\/div>\n\n\n<div style=\"height:40px\" aria-hidden=\"true\" class=\"wp-block-spacer\"><\/div>\n<\/div><\/div>\n\n\n\n<h1 class=\"wp-block-heading has-neve-link-color-color has-text-color\">1924&nbsp;\u2013 2024<\/h1>\n\n\n\n<h2 class=\"wp-block-heading has-neve-link-color-color has-text-color\">Un secolo di storia dell&#8217;Universit\u00e0 degli Studi di Trieste. Immagini e documenti<\/h2>\n\n\n\n<div style=\"height:30px\" aria-hidden=\"true\" class=\"wp-block-spacer\"><\/div>\n\n\n\n<div class=\"wp-block-columns is-layout-flex wp-container-core-columns-is-layout-9d6595d7 wp-block-columns-is-layout-flex\">\n<div class=\"wp-block-column has-medium-font-size is-layout-flow wp-block-column-is-layout-flow\" style=\"flex-basis:60%\">\n<p class=\"has-medium-font-size\">L&#8217;Universit\u00e0 degli Studi di Trieste, in occasione delle celebrazioni per il Centenario, scende in citt\u00e0 con <strong>&#8220;1924-2024 &#8211; Un secolo di storia dell\u2019Universit\u00e0 degli Studi di Trieste. Immagini e documenti&#8221;<\/strong>. La mostra, proposta e coordinata dal Sistema Museale di Ateneo, racconta la storia, l&#8217;architettura e l&#8217;arte dell&#8217;Ateneo ed \u00e8 ospitata al Bastione Fiorito del Castello di San Giusto. Essa \u00e8 organizzata in collaborazione con il Comune di Trieste e grazie al contributo della Regione Autonoma Friuli Venezia Giulia. Queste le <strong>quattro sezioni<\/strong> che compongono il percorso espositivo scientificamente curato da Tullia Catalan:<\/p>\n\n\n\n<ol class=\"wp-block-list\">\n<li>Sezione <strong>storica<\/strong>, a cura di Tullia Catalan e Lorenzo Ielen<\/li>\n\n\n\n<li>Sezione <strong>architettonica<\/strong>, a cura di Paolo Nicoloso e Marko Pogacnik<\/li>\n\n\n\n<li>Sezione <strong>audiovisiva<\/strong>, a cura di Cosetta Saba e Massimiliano Spanu<\/li>\n\n\n\n<li>Sezione <strong>storia dell&#8217;arte<\/strong>, a cura di Massimo Degrassi<\/li>\n<\/ol>\n\n\n\n<p class=\"has-medium-font-size\">La prima sezione ripercorre la <strong>storia<\/strong> dei <strong>cento anni dell\u2019Ateneo triestino<\/strong> attraverso una selezione di immagini, documenti e video, tratti dall\u2019Archivio Storico dell\u2019Universit\u00e0 e da numerosi archivi pubblici e privati, locali e regionali.<\/p>\n\n\n\n<p class=\"has-medium-font-size\">La parte <strong>architettonica<\/strong> \u00e8 incentrata sulla <strong>progettazione dell\u2019edificio centrale<\/strong> nel 1938, illustrata attraverso i disegni tecnici dell\u2019epoca e alcune immagini.<\/p>\n\n\n\n<p class=\"has-medium-font-size\">La terza sezione, dedicata all\u2019<strong>audiovisivo<\/strong>, presenta al pubblico un <strong>filmato inedito<\/strong> commissionato dal Centro Universitario Cinematografico nel 1955 e altri filmati tratti dall\u2019Archivio Storico Istituto Luce e da La Cineteca del Friuli &#8211; Archivio Cinema del Friuli Venezia Giulia.<\/p>\n\n\n\n<p class=\"has-medium-font-size\">La mostra si chiude con un\u2019ultima parte dedicata all\u2019<strong>arte<\/strong>, includendo una selezione di opere che avevano preso parte all&#8217;<strong>Esposizione Nazionale di pittura italiana contemporanea<\/strong> allestita presso l&#8217;Ateneo tergestino nel 1953 e ad oggi conservate nella Pinacoteca del Rettorato. <\/p>\n\n\n\n<p class=\"has-medium-font-size\">Nella parte finale del percorso espositivo, allestito da Lorenzo Michelli, sar\u00e0 proposta una selezione delle opere donate all&#8217;Ateneo da 35 tra artisti e collezionisti in occasione del Centenario, gi\u00e0 in parte illustrate nella manifestazione, curata dallo smaTs, &#8220;<em>A Trieste mi piaceva arrivare<\/em>&#8220;, lo scorso 20 dicembre 2023.<\/p>\n\n\n\n<p class=\"has-medium-font-size\">Il comitato scientifico \u00e8 composto da:<\/p>\n\n\n\n<ul class=\"wp-block-list\">\n<li><strong>Tullia Catalan<\/strong>, storica contemporaneista, Universit\u00e0 degli Studi di Trieste, Dipartimento di Studi Umanistici<\/li>\n\n\n\n<li><strong>Lorenzo Ielen<\/strong>, archivista, gi\u00e0 Universit\u00e0 degli Studi di Trieste<\/li>\n\n\n\n<li><strong>Patrick Karlsen<\/strong>, storico contemporaneista, Universit\u00e0 degli Studi di Trieste, Dipartimento di Scienze Politiche e Sociali<\/li>\n\n\n\n<li><strong>Raoul Pupo<\/strong>, storico, gi\u00e0 Universit\u00e0 degli Studi di Trieste<\/li>\n\n\n\n<li><strong>Massimiliano Spanu<\/strong>, storico del cinema, Universit\u00e0 degli Studi di Trieste, Dipartimento di Studi Umanistici<\/li>\n\n\n\n<li><strong>Cosetta Saba<\/strong>, storica dell\u2019immagine e degli audiovisivi, Universit\u00e0 degli Studi di Udine, Dipartimento di Studi Umanistici e del Patrimonio Culturale<\/li>\n\n\n\n<li><strong>Paolo Nicoloso<\/strong>, storico dell\u2019architettura, Universit\u00e0 degli Studi di Trieste, Dipartimento di Ingegneria e Architettura<\/li>\n\n\n\n<li><strong>Marko Pogacnik<\/strong>, storico dell\u2019architettura, Universit\u00e0 Iuav di Venezia<\/li>\n\n\n\n<li><strong>Anna Krekic<\/strong>, conservatore del Castello di San Giusto<\/li>\n\n\n\n<li><strong>Massimo Degrassi<\/strong>, storico dell\u2019arte contemporanea, Universit\u00e0 degli Studi di Trieste, Dipartimento di Studi Umanistici<\/li>\n\n\n\n<li><strong>Laura Sartori<\/strong>, coordinatrice attivit\u00e0 del Centenario, Universit\u00e0 degli Studi di Trieste<\/li>\n\n\n\n<li><strong>Anna Maria Vinci<\/strong>, storica, gi\u00e0 Universit\u00e0 degli Studi di Trieste<\/li>\n<\/ul>\n\n\n\n<div style=\"height:55px\" aria-hidden=\"true\" class=\"wp-block-spacer\"><\/div>\n\n\n\n<h2 class=\"wp-block-heading has-neve-link-color-color has-text-color\">GIORNI E ORARI DI APERTURA <\/h2>\n\n\n\n<h5 class=\"wp-block-heading has-medium-font-size\">Bastione Fiorito, Castello di San Giusto, Trieste<br><\/h5>\n\n\n\n<h5 class=\"wp-block-heading has-medium-font-size\"><strong>15 marzo &#8211; 30 giugno 2024<\/strong><\/h5>\n\n\n\n<p class=\"has-medium-font-size\"><strong><em>1 luglio &#8211; 7 agosto 2024 chiusura temporanea<\/em><\/strong><\/p>\n\n\n\n<h5 class=\"wp-block-heading has-medium-font-size\"><strong>8 agosto &#8211; 10 novembre 2024<\/strong><\/h5>\n\n\n\n<h5 class=\"wp-block-heading has-medium-font-size\">Fino al 30 settembre 2024 Tutti i giorni | 10.00 &#8211; 19.00 <\/h5>\n\n\n\n<h5 class=\"wp-block-heading has-medium-font-size\">Dal 1\u00b0ottobre 2024 marted\u00ec | domenica 10.00 &#8211; 17.00 <\/h5>\n\n\n\n<p class=\"has-neve-link-color-color has-text-color has-medium-font-size\"><strong>Il Comune di Trieste ha autorizzato l\u2019ingresso gratuito al Castello di San Giusto&nbsp;agli studenti&nbsp;dell&#8217;Universit\u00e0 degli Studi di Trieste e l&#8217;ingresso con biglietto ridotto al corpo docente, ricercatore e al personale tecnico-amministrativo&nbsp;dell&#8217;Ateneo, limitatamente al periodo di apertura della&nbsp;mostra e previa esibizione della documentazione attestante la titolarit\u00e0 alle agevolazioni.<\/strong><\/p>\n\n\n\n<p>Dal <strong>1\u00b0settembre al 10 novembre 2024<\/strong> verranno organizzate delle visite guidate gratuite per le scuole superiori. L\u2019accesso avviene tramite il pagamento del biglietto di ingresso al Castello ridotto, al prezzo di 1,00 \u20ac per ciascun studente. Per le prenotazioni \u00e8 necessario inviare una e-mail all\u2019indirizzo admaiora.trieste@gmail.com .<br><\/p>\n\n\n\n<p>Infine, verranno organizzate delle visite guidate gratuite a partecipazione libera per il pubblico, con turni a partenza fissa, previo pagamento del biglietto di ingresso al Castello. Il calendario sar\u00e0 il seguente:<br><strong>7-14-21-28 settembre alle ore 17.00;<br>5-12-19-26 ottobre alle ore 15.30.<\/strong><\/p>\n\n\n\n<p class=\"has-neve-link-color-color has-text-color\"><strong>In occasione del <em>finissage<\/em> domenica 10 novembre sar\u00e0 possibile partecipare all&#8217;ultima mostra guidata a partecipazione libera.<\/strong><\/p>\n\n\n\n<p>Le visite guidate verranno condotte in lingua italiana e dureranno<strong> 60 minuti.<\/strong><\/p>\n\n\n\n<div style=\"height:30px\" aria-hidden=\"true\" class=\"wp-block-spacer\"><\/div>\n<\/div>\n\n\n\n<div class=\"wp-block-column is-layout-flow wp-block-column-is-layout-flow\" style=\"flex-basis:40%\">\n<div class=\"wp-block-group is-vertical is-content-justification-center is-layout-flex wp-container-core-group-is-layout-4b2eccd6 wp-block-group-is-layout-flex\">\n<figure class=\"wp-block-image size-full is-resized\"><a href=\"https:\/\/smats.units.it\/videos\/1924-2024-un-secolo-di-storia-delluniversita-degli-studi-di-trieste-immagini-e-documenti\/\"><img decoding=\"async\" src=\"https:\/\/100anni.units.it\/wp-content\/uploads\/2025\/02\/Mostra-castello-di-san-Giusto.jpeg\" alt=\"Mostra Castello di San Giusto - smats\" class=\"wp-image-7933\" style=\"width:390px\" width=\"390\" srcset=\"https:\/\/100anni.units.it\/wp-content\/uploads\/2025\/02\/Mostra-castello-di-san-Giusto.jpeg 828w, https:\/\/100anni.units.it\/wp-content\/uploads\/2025\/02\/Mostra-castello-di-san-Giusto-300x167.jpeg 300w, https:\/\/100anni.units.it\/wp-content\/uploads\/2025\/02\/Mostra-castello-di-san-Giusto-768x428.jpeg 768w\" sizes=\"(max-width: 828px) 100vw, 828px\" \/><\/a><\/figure>\n\n\n\n<p class=\"has-neve-link-color-color has-text-color\"><strong>Docufilm 1924 &#8211; 2024<\/strong><\/p>\n\n\n\n<div style=\"height:65px\" aria-hidden=\"true\" class=\"wp-block-spacer wp-container-content-630beb45\"><\/div>\n\n\n\n<figure class=\"wp-block-image size-large is-resized\"><a href=\"https:\/\/youtu.be\/ZNHicHpBzos?si=PVv2ypJ80Zflc0Te\"><img decoding=\"async\" src=\"https:\/\/100anni.units.it\/wp-content\/uploads\/2024\/05\/100UniTS_mostra1924-2024_video-1024x576.jpg\" alt=\"video mostra 1924-2024\" class=\"wp-image-5335\" style=\"width:390px\" width=\"390\" srcset=\"https:\/\/100anni.units.it\/wp-content\/uploads\/2024\/05\/100UniTS_mostra1924-2024_video-1024x576.jpg 1024w, https:\/\/100anni.units.it\/wp-content\/uploads\/2024\/05\/100UniTS_mostra1924-2024_video-300x169.jpg 300w, https:\/\/100anni.units.it\/wp-content\/uploads\/2024\/05\/100UniTS_mostra1924-2024_video-768x432.jpg 768w, https:\/\/100anni.units.it\/wp-content\/uploads\/2024\/05\/100UniTS_mostra1924-2024_video-1536x864.jpg 1536w, https:\/\/100anni.units.it\/wp-content\/uploads\/2024\/05\/100UniTS_mostra1924-2024_video.jpg 1920w\" sizes=\"(max-width: 1024px) 100vw, 1024px\" \/><\/a><\/figure>\n\n\n\n<p class=\"has-neve-link-color-color has-text-color\"><strong>Inaugurazione Mostra 15.03.2024<\/strong><\/p>\n\n\n\n<div style=\"height:0px\" aria-hidden=\"true\" class=\"wp-block-spacer wp-container-content-6388d5dc\"><\/div>\n\n\n\n<figure class=\"wp-block-image size-large\"><img loading=\"lazy\" decoding=\"async\" width=\"516\" height=\"1024\" src=\"https:\/\/100anni.units.it\/wp-content\/uploads\/2024\/08\/100UniTS_Locandina-30x70-generica_page-0001-scaled-e1722580407501-516x1024.jpg\" alt=\"Locandina 1924-2024\" class=\"wp-image-6710\" srcset=\"https:\/\/100anni.units.it\/wp-content\/uploads\/2024\/08\/100UniTS_Locandina-30x70-generica_page-0001-scaled-e1722580407501-516x1024.jpg 516w, https:\/\/100anni.units.it\/wp-content\/uploads\/2024\/08\/100UniTS_Locandina-30x70-generica_page-0001-scaled-e1722580407501-151x300.jpg 151w, https:\/\/100anni.units.it\/wp-content\/uploads\/2024\/08\/100UniTS_Locandina-30x70-generica_page-0001-scaled-e1722580407501-768x1524.jpg 768w, https:\/\/100anni.units.it\/wp-content\/uploads\/2024\/08\/100UniTS_Locandina-30x70-generica_page-0001-scaled-e1722580407501-774x1536.jpg 774w, https:\/\/100anni.units.it\/wp-content\/uploads\/2024\/08\/100UniTS_Locandina-30x70-generica_page-0001-scaled-e1722580407501-1032x2048.jpg 1032w, https:\/\/100anni.units.it\/wp-content\/uploads\/2024\/08\/100UniTS_Locandina-30x70-generica_page-0001-scaled-e1722580407501.jpg 1092w\" sizes=\"auto, (max-width: 516px) 100vw, 516px\" \/><\/figure>\n\n\n\n<div style=\"height:0px\" aria-hidden=\"true\" class=\"wp-block-spacer wp-container-content-c00f5982\"><\/div>\n\n\n\n<div class=\"wp-block-group is-content-justification-right is-nowrap is-layout-flex wp-container-core-group-is-layout-86461c85 wp-block-group-is-layout-flex\"><div class=\"wp-block-image\">\n<figure class=\"aligncenter size-full is-resized\"><img decoding=\"async\" src=\"https:\/\/100anni.units.it\/wp-content\/uploads\/2023\/09\/logo_Comune_con_scritta_black-1.jpg\" alt=\"logo Comune di Trieste\" class=\"wp-image-1723\" style=\"height:70px\" height=\"70\" srcset=\"https:\/\/100anni.units.it\/wp-content\/uploads\/2023\/09\/logo_Comune_con_scritta_black-1.jpg 472w, https:\/\/100anni.units.it\/wp-content\/uploads\/2023\/09\/logo_Comune_con_scritta_black-1-300x179.jpg 300w\" sizes=\"(max-width: 472px) 100vw, 472px\" \/><\/figure>\n<\/div>\n\n<div class=\"wp-block-image\">\n<figure class=\"aligncenter size-large is-resized\"><img decoding=\"async\" src=\"https:\/\/100anni.units.it\/wp-content\/uploads\/2024\/02\/100UniTS_logo_centenario_principale-1024x439.png\" alt=\"logo Centenario UniTS\" class=\"wp-image-3871\" style=\"height:100px\" height=\"100\" srcset=\"https:\/\/100anni.units.it\/wp-content\/uploads\/2024\/02\/100UniTS_logo_centenario_principale-1024x439.png 1024w, https:\/\/100anni.units.it\/wp-content\/uploads\/2024\/02\/100UniTS_logo_centenario_principale-300x129.png 300w, https:\/\/100anni.units.it\/wp-content\/uploads\/2024\/02\/100UniTS_logo_centenario_principale-768x329.png 768w, https:\/\/100anni.units.it\/wp-content\/uploads\/2024\/02\/100UniTS_logo_centenario_principale.png 1200w\" sizes=\"(max-width: 1024px) 100vw, 1024px\" \/><\/figure>\n<\/div><\/div>\n\n\n\n<div style=\"height:0px\" aria-hidden=\"true\" class=\"wp-block-spacer wp-container-content-c00f5982\"><\/div>\n\n\n\n<div class=\"wp-block-group is-vertical is-content-justification-center is-layout-flex wp-container-core-group-is-layout-4b2eccd6 wp-block-group-is-layout-flex\">\n<p class=\"has-text-align-center\">Con il contributo di<\/p>\n\n\n<div class=\"wp-block-image\">\n<figure class=\"aligncenter size-full is-resized\"><img decoding=\"async\" src=\"https:\/\/100anni.units.it\/wp-content\/uploads\/2023\/09\/logo-FVG-102a.jpg\" alt=\"logo Regione Friuli Venezia Giulia\" class=\"wp-image-1503\" style=\"width:200px\" width=\"200\" srcset=\"https:\/\/100anni.units.it\/wp-content\/uploads\/2023\/09\/logo-FVG-102a.jpg 531w, https:\/\/100anni.units.it\/wp-content\/uploads\/2023\/09\/logo-FVG-102a-300x67.jpg 300w\" sizes=\"(max-width: 531px) 100vw, 531px\" \/><\/figure>\n<\/div><\/div>\n\n\n\n<p><\/p>\n<\/div>\n<\/div>\n<\/div>\n\n\n\n<div style=\"height:100px\" aria-hidden=\"true\" class=\"wp-block-spacer\"><\/div>\n\n\n\n<h2 class=\"wp-block-heading has-neve-link-color-color has-text-color\">Guarda le foto della mostra<\/h2>\n\n\n\n<style id=\"bwg-style-0\">  #bwg_container1_0 {    display: table;\t\/*visibility: hidden;*\/  }  #bwg_container1_0 * {\t  -moz-user-select: none;\t  -khtml-user-select: none;\t  -webkit-user-select: none;\t  -ms-user-select: none;\t  user-select: none;  }  #bwg_container1_0 #bwg_container2_0 .bwg_slideshow_image_wrap_0 {\t  background-color: #FFFFFF;\t  width: 1200px;\t  height: 800px;  }  #bwg_container1_0 #bwg_container2_0 .bwg_slideshow_image_0 {\t  max-width: 1200px;\t  max-height: 800px;  }  #bwg_container1_0 #bwg_container2_0 .bwg_slideshow_embed_0 {    width: 1200px;    height: 800px;  }  #bwg_container1_0 #bwg_container2_0 #bwg_slideshow_play_pause_0 {\t  background: transparent url(\"https:\/\/100anni.units.it\/wp-content\/plugins\/photo-gallery\/images\/blank.gif\") repeat scroll 0 0;  }  #bwg_container1_0 #bwg_container2_0 #bwg_slideshow_play_pause-ico_0 {    color: #2B2B2B;    font-size: 35px;  }  #bwg_container1_0 #bwg_container2_0 #bwg_slideshow_play_pause-ico_0:hover {\t  color: #2B2B2B;  }  #bwg_container1_0 #bwg_container2_0 #spider_slideshow_left_0,  #bwg_container1_0 #bwg_container2_0 #spider_slideshow_right_0 {\t  background: transparent url(\"https:\/\/100anni.units.it\/wp-content\/plugins\/photo-gallery\/images\/blank.gif\") repeat scroll 0 0;  }  #bwg_container1_0 #bwg_container2_0 #spider_slideshow_left-ico_0,  #bwg_container1_0 #bwg_container2_0 #spider_slideshow_right-ico_0 {\t  background-color: #FFFFFF;\t  border-radius: 20px;\t  border: 0px none #FFFFFF;\t  box-shadow: ;\t  color: #2B2B2B;\t  height: 35px;\t  font-size: 10px;\t  width: 35px;\t  opacity: 0.50;  }  #bwg_container1_0 #bwg_container2_0 #spider_slideshow_left-ico_0:hover,  #bwg_container1_0 #bwg_container2_0 #spider_slideshow_right-ico_0:hover {\t  color: #2B2B2B;  }      #spider_slideshow_left-ico_0{      left: -9999px;    }    #spider_slideshow_right-ico_0{      left: -9999px;    }      #bwg_container1_0 #bwg_container2_0 .bwg_slideshow_image_container_0 {\t  bottom: 0px;\t  width: 1200px;\t  height: 800px;\t}\t#bwg_container1_0 #bwg_container2_0 .bwg_slideshow_filmstrip_container_0 {\t  display: table;\t  height: 0px;\t  width: 1200px;\t  bottom: 0;  }  \/* Filmstrip dimension *\/  #bwg_container1_0 #bwg_container2_0 .bwg_slideshow_filmstrip_0 {\t  left: 20px;\t  width: 1160px;\t  \/*z-index: 10106;*\/  }  #bwg_container1_0 #bwg_container2_0 .bwg_slideshow_filmstrip_thumbnails_0 {    left: 0px;    width: 30px;    height: 0px;  }  #bwg_container1_0 #bwg_container2_0 .bwg_slideshow_filmstrip_thumbnail_0 {    width: 0px;    height: 0px;    margin: 0px 2px 0 0;    border: 0px none #000000;    border-radius: 0;  }  #bwg_container1_0 #bwg_container2_0 .bwg_slideshow_thumb_active_0 {\t  border: 0px solid #FFFFFF;  }  #bwg_container1_0 #bwg_container2_0 .bwg_slideshow_thumb_deactive_0 {    opacity: 1.00;  }  #bwg_container1_0 #bwg_container2_0 .bwg_slideshow_filmstrip_left_0,  #bwg_container1_0 #bwg_container2_0 .bwg_slideshow_filmstrip_left_disabled_0 {\t  background-color: #F2F2F2;\t  display: table-cell;\t  width: 20px;\t  left: 0;\t  \t    }  #bwg_container1_0 #bwg_container2_0 .bwg_slideshow_filmstrip_right_0,  #bwg_container1_0 #bwg_container2_0 .bwg_slideshow_filmstrip_right_disabled_0 {\t  background-color: #F2F2F2;    display: table-cell;    right: 0;\t  width: 20px;\t  \t    }  #bwg_container1_0 #bwg_container2_0 .bwg_slideshow_filmstrip_left_0 i,  #bwg_container1_0 #bwg_container2_0 .bwg_slideshow_filmstrip_right_0 i,  #bwg_container1_0 #bwg_container2_0 .bwg_slideshow_filmstrip_left_disabled_0 i,  #bwg_container1_0 #bwg_container2_0 .bwg_slideshow_filmstrip_right_disabled_0 i {\t  color: #BABABA;\t  font-size: 20px;  }  #bwg_container1_0 #bwg_container2_0 .bwg_slideshow_filmstrip_left_0 {    display: none;  }  #bwg_container1_0 #bwg_container2_0 .bwg_slideshow_filmstrip_left_disabled_0,  #bwg_container1_0 #bwg_container2_0 .bwg_slideshow_filmstrip_right_disabled_0 {    display: none;    opacity: 0.3;  }  #bwg_container1_0 #bwg_container2_0 .bwg_slideshow_filmstrip_left_disabled_0 {    display: table-cell;  }  #bwg_container1_0 #bwg_container2_0 .bwg_slideshow_watermark_spun_0 {\t  text-align: left;\t  vertical-align: bottom;  }  #bwg_container1_0 #bwg_container2_0 .bwg_slideshow_title_spun_0 {\t  text-align: right;\t  vertical-align: top;  }  #bwg_container1_0 #bwg_container2_0 .bwg_slideshow_description_spun_0 {\t  text-align: right;\t  vertical-align: bottom;  }  #bwg_container1_0 #bwg_container2_0 .bwg_slideshow_watermark_image_0 {\t  max-height: 90px;\t  max-width: 90px;\t  opacity: 0.30;  }  #bwg_container1_0 #bwg_container2_0 .bwg_slideshow_watermark_text_0,  #bwg_container1_0 #bwg_container2_0 .bwg_slideshow_watermark_text_0:hover {\t  text-decoration: none;\t  margin: 4px;\t  position: relative;\t  z-index: 15;  }  #bwg_container1_0 #bwg_container2_0 .bwg_slideshow_title_text_0 {\t  font-size: 16px;\t  font-family: Titillium Web;\t  color: #FFFFFF !important;\t  opacity: 0.70;    border-radius: 5px;\t  background-color: #000000;\t  padding: 0 0 0 0;\t  \t\tmargin: 5px;\t  \t    }  #bwg_container1_0 #bwg_container2_0 .bwg_slideshow_description_text_0 {\t  font-size: 14px;\t  font-family: Titillium Web;\t  color: #FFFFFF !important;\t  opacity: 0.70;    border-radius: 0;\t  background-color: #000000;\t  padding: 5px 10px 5px 10px;\t  bottom:16px;  }  #bwg_container1_0 #bwg_container2_0 .bwg_slideshow_description_text_0 * {\ttext-decoration: none;\tcolor: #FFFFFF !important;  }  #bwg_container1_0 #bwg_container2_0 .bwg_slideshow_dots_0 {\t  width: 12px;\t  height: 12px;\t  border-radius: 5px;\t  background: #D6D6D6;\t  margin: 3px;  }  #bwg_container1_0 #bwg_container2_0 .bwg_slideshow_dots_container_0 {\t  width: 1200px;\t  bottom: 0;  }  #bwg_container1_0 #bwg_container2_0 .bwg_slideshow_dots_thumbnails_0 {\t  height: 18px;\t  width: 270px;  }  #bwg_container1_0 #bwg_container2_0 .bwg_slideshow_dots_active_0 {\t  background: #FFFFFF;\t  border: 1px solid #000000;  }  <\/style>    <div id=\"bwg_container1_0\"         class=\"bwg_container bwg_thumbnail bwg_slideshow \"         data-right-click-protection=\"1\"         data-bwg=\"0\"         data-scroll=\"0\"         data-gallery-type=\"slideshow\"         data-gallery-view-type=\"slideshow\"         data-current-url=\"\/index.php\/wp-json\/wp\/v2\/pages\/3713\"         data-lightbox-url=\"https:\/\/100anni.units.it\/wp-admin\/admin-ajax.php?action=GalleryBox&#038;current_view=0&#038;gallery_id=16&#038;tag=0&#038;theme_id=2&#038;shortcode_id=47&#038;sort_by=order&#038;order_by=asc&#038;current_url=%2Findex.php%2Fwp-json%2Fwp%2Fv2%2Fpages%2F3713\"         data-gallery-id=\"16\"         data-popup-width=\"800\"         data-popup-height=\"500\"         data-is-album=\"gallery\"         data-buttons-position=\"bottom\">      <div id=\"bwg_container2_0\">             <div id=\"ajax_loading_0\" class=\"bwg_loading_div_1\">      <div class=\"bwg_loading_div_2\">        <div class=\"bwg_loading_div_3\">          <div id=\"loading_div_0\" class=\"bwg_spider_ajax_loading\">          <\/div>        <\/div>      <\/div>    <\/div>            <form id=\"gal_front_form_0\"              class=\"bwg-hidden\"              method=\"post\"              action=\"#\"              data-current=\"0\"              data-shortcode-id=\"47\"              data-gallery-type=\"slideshow\"              data-gallery-id=\"16\"              data-tag=\"0\"              data-album-id=\"0\"              data-theme-id=\"2\"              data-ajax-url=\"https:\/\/100anni.units.it\/wp-admin\/admin-ajax.php?action=bwg_frontend_data\">          <div id=\"bwg_container3_0\" class=\"bwg-background bwg-background-0\">              <div class=\"bwg_slideshow_image_wrap_0 bwg-slideshow-images-wrapper bwg-container\"       data-bwg=\"0\"       data-lightbox-url=\"https:\/\/100anni.units.it\/wp-admin\/admin-ajax.php?action=GalleryBox&#038;current_view=0&#038;gallery_id=16&#038;tag=0&#038;theme_id=2&#038;shortcode_id=47&#038;sort_by=order&#038;order_by=asc&#038;current_url=%2Findex.php%2Fwp-json%2Fwp%2Fv2%2Fpages%2F3713\">          <div class=\"bwg_slideshow_dots_container_0\">        <div class=\"bwg_slideshow_dots_thumbnails_0\">                      <span id=\"bwg_dots_0_0\" class=\"bwg_slideshow_dots_0 bwg_slideshow_dots_active_0\" onclick=\"bwg_change_image(parseInt(jQuery('#bwg_current_image_key_0').val()), '0', '', '', 0)\" image_id=\"329\" image_key=\"0\"><\/span>                        <span id=\"bwg_dots_1_0\" class=\"bwg_slideshow_dots_0 bwg_slideshow_dots_deactive_0\" onclick=\"bwg_change_image(parseInt(jQuery('#bwg_current_image_key_0').val()), '1', '', '', 0)\" image_id=\"328\" image_key=\"1\"><\/span>                        <span id=\"bwg_dots_2_0\" class=\"bwg_slideshow_dots_0 bwg_slideshow_dots_deactive_0\" onclick=\"bwg_change_image(parseInt(jQuery('#bwg_current_image_key_0').val()), '2', '', '', 0)\" image_id=\"330\" image_key=\"2\"><\/span>                        <span id=\"bwg_dots_3_0\" class=\"bwg_slideshow_dots_0 bwg_slideshow_dots_deactive_0\" onclick=\"bwg_change_image(parseInt(jQuery('#bwg_current_image_key_0').val()), '3', '', '', 0)\" image_id=\"331\" image_key=\"3\"><\/span>                        <span id=\"bwg_dots_4_0\" class=\"bwg_slideshow_dots_0 bwg_slideshow_dots_deactive_0\" onclick=\"bwg_change_image(parseInt(jQuery('#bwg_current_image_key_0').val()), '4', '', '', 0)\" image_id=\"334\" image_key=\"4\"><\/span>                        <span id=\"bwg_dots_5_0\" class=\"bwg_slideshow_dots_0 bwg_slideshow_dots_deactive_0\" onclick=\"bwg_change_image(parseInt(jQuery('#bwg_current_image_key_0').val()), '5', '', '', 0)\" image_id=\"333\" image_key=\"5\"><\/span>                        <span id=\"bwg_dots_6_0\" class=\"bwg_slideshow_dots_0 bwg_slideshow_dots_deactive_0\" onclick=\"bwg_change_image(parseInt(jQuery('#bwg_current_image_key_0').val()), '6', '', '', 0)\" image_id=\"332\" image_key=\"6\"><\/span>                        <span id=\"bwg_dots_7_0\" class=\"bwg_slideshow_dots_0 bwg_slideshow_dots_deactive_0\" onclick=\"bwg_change_image(parseInt(jQuery('#bwg_current_image_key_0').val()), '7', '', '', 0)\" image_id=\"335\" image_key=\"7\"><\/span>                        <span id=\"bwg_dots_8_0\" class=\"bwg_slideshow_dots_0 bwg_slideshow_dots_deactive_0\" onclick=\"bwg_change_image(parseInt(jQuery('#bwg_current_image_key_0').val()), '8', '', '', 0)\" image_id=\"336\" image_key=\"8\"><\/span>                        <span id=\"bwg_dots_9_0\" class=\"bwg_slideshow_dots_0 bwg_slideshow_dots_deactive_0\" onclick=\"bwg_change_image(parseInt(jQuery('#bwg_current_image_key_0').val()), '9', '', '', 0)\" image_id=\"337\" image_key=\"9\"><\/span>                        <span id=\"bwg_dots_10_0\" class=\"bwg_slideshow_dots_0 bwg_slideshow_dots_deactive_0\" onclick=\"bwg_change_image(parseInt(jQuery('#bwg_current_image_key_0').val()), '10', '', '', 0)\" image_id=\"338\" image_key=\"10\"><\/span>                        <span id=\"bwg_dots_11_0\" class=\"bwg_slideshow_dots_0 bwg_slideshow_dots_deactive_0\" onclick=\"bwg_change_image(parseInt(jQuery('#bwg_current_image_key_0').val()), '11', '', '', 0)\" image_id=\"339\" image_key=\"11\"><\/span>                        <span id=\"bwg_dots_12_0\" class=\"bwg_slideshow_dots_0 bwg_slideshow_dots_deactive_0\" onclick=\"bwg_change_image(parseInt(jQuery('#bwg_current_image_key_0').val()), '12', '', '', 0)\" image_id=\"340\" image_key=\"12\"><\/span>                        <span id=\"bwg_dots_13_0\" class=\"bwg_slideshow_dots_0 bwg_slideshow_dots_deactive_0\" onclick=\"bwg_change_image(parseInt(jQuery('#bwg_current_image_key_0').val()), '13', '', '', 0)\" image_id=\"341\" image_key=\"13\"><\/span>                        <span id=\"bwg_dots_14_0\" class=\"bwg_slideshow_dots_0 bwg_slideshow_dots_deactive_0\" onclick=\"bwg_change_image(parseInt(jQuery('#bwg_current_image_key_0').val()), '14', '', '', 0)\" image_id=\"342\" image_key=\"14\"><\/span>                    <\/div>      <\/div>          <div id=\"bwg_slideshow_image_container_0\"         class=\"bwg_slideshow_image_container_0\"         data-params='{&quot;bwg_source&quot;:&quot;slider&quot;,&quot;bwg_current_key&quot;:&quot;&quot;,&quot;bwg_transition_duration&quot;:100,&quot;bwg_trans_in_progress&quot;:false,&quot;data&quot;:[{&quot;id&quot;:&quot;329&quot;,&quot;alt&quot;:&quot;Mostra-Centenario: dettaglio esposizione&quot;,&quot;description&quot;:&quot;Copyright: Universita degli studi di Trieste&amp;lt;br \\\/&amp;gt;&quot;,&quot;filetype&quot;:&quot;JPG&quot;,&quot;filename&quot;:&quot;20240314_Mostra-Centenario_001&quot;,&quot;image_url&quot;:&quot;\\\/mostra_1924-2024\\\/20240314_Mostra-Centenario_001.jpg?bwg=1715761711&quot;,&quot;thumb_url&quot;:&quot;\\\/mostra_1924-2024\\\/thumb\\\/20240314_Mostra-Centenario_001.jpg?bwg=1715761711&quot;,&quot;redirect_url&quot;:&quot;&quot;,&quot;date&quot;:&quot;2024-05-15 08:26:11&quot;,&quot;is_embed&quot;:false,&quot;is_embed_video&quot;:false,&quot;image_width&quot;:&quot;1200&quot;,&quot;image_height&quot;:&quot;800&quot;,&quot;thumb_width&quot;:&quot;500.00&quot;,&quot;thumb_height&quot;:&quot;333.00&quot;},{&quot;id&quot;:&quot;328&quot;,&quot;alt&quot;:&quot;Mostra-Centenario: dettaglio esposizione&quot;,&quot;description&quot;:&quot;Copyright: Universita degli studi di Trieste&amp;lt;br \\\/&amp;gt;&quot;,&quot;filetype&quot;:&quot;JPG&quot;,&quot;filename&quot;:&quot;20240314_Mostra-Centenario_003&quot;,&quot;image_url&quot;:&quot;\\\/mostra_1924-2024\\\/20240314_Mostra-Centenario_003.jpg?bwg=1715761711&quot;,&quot;thumb_url&quot;:&quot;\\\/mostra_1924-2024\\\/thumb\\\/20240314_Mostra-Centenario_003.jpg?bwg=1715761711&quot;,&quot;redirect_url&quot;:&quot;&quot;,&quot;date&quot;:&quot;2024-05-15 08:26:11&quot;,&quot;is_embed&quot;:false,&quot;is_embed_video&quot;:false,&quot;image_width&quot;:&quot;1200&quot;,&quot;image_height&quot;:&quot;800&quot;,&quot;thumb_width&quot;:&quot;500.00&quot;,&quot;thumb_height&quot;:&quot;333.00&quot;},{&quot;id&quot;:&quot;330&quot;,&quot;alt&quot;:&quot;Mostra-Centenario: dettaglio esposizione&quot;,&quot;description&quot;:&quot;Copyright: Universita degli studi di Trieste&amp;lt;br \\\/&amp;gt;&quot;,&quot;filetype&quot;:&quot;JPG&quot;,&quot;filename&quot;:&quot;20240314_Mostra-Centenario_002&quot;,&quot;image_url&quot;:&quot;\\\/mostra_1924-2024\\\/20240314_Mostra-Centenario_002.jpg?bwg=1715761711&quot;,&quot;thumb_url&quot;:&quot;\\\/mostra_1924-2024\\\/thumb\\\/20240314_Mostra-Centenario_002.jpg?bwg=1715761711&quot;,&quot;redirect_url&quot;:&quot;&quot;,&quot;date&quot;:&quot;2024-05-15 08:26:11&quot;,&quot;is_embed&quot;:false,&quot;is_embed_video&quot;:false,&quot;image_width&quot;:&quot;1200&quot;,&quot;image_height&quot;:&quot;800&quot;,&quot;thumb_width&quot;:&quot;500.00&quot;,&quot;thumb_height&quot;:&quot;333.00&quot;},{&quot;id&quot;:&quot;331&quot;,&quot;alt&quot;:&quot;Mostra-Centenario: dettaglio esposizione&quot;,&quot;description&quot;:&quot;Copyright: Universita degli studi di Trieste&amp;lt;br \\\/&amp;gt;&quot;,&quot;filetype&quot;:&quot;JPG&quot;,&quot;filename&quot;:&quot;20240314_Mostra-Centenario_004&quot;,&quot;image_url&quot;:&quot;\\\/mostra_1924-2024\\\/20240314_Mostra-Centenario_004.jpg?bwg=1715761711&quot;,&quot;thumb_url&quot;:&quot;\\\/mostra_1924-2024\\\/thumb\\\/20240314_Mostra-Centenario_004.jpg?bwg=1715761711&quot;,&quot;redirect_url&quot;:&quot;&quot;,&quot;date&quot;:&quot;2024-05-15 08:26:11&quot;,&quot;is_embed&quot;:false,&quot;is_embed_video&quot;:false,&quot;image_width&quot;:&quot;1200&quot;,&quot;image_height&quot;:&quot;800&quot;,&quot;thumb_width&quot;:&quot;500.00&quot;,&quot;thumb_height&quot;:&quot;333.00&quot;},{&quot;id&quot;:&quot;334&quot;,&quot;alt&quot;:&quot;Mostra-Centenario: dettaglio esposizione&quot;,&quot;description&quot;:&quot;Copyright: Universita degli studi di Trieste&amp;lt;br \\\/&amp;gt;&quot;,&quot;filetype&quot;:&quot;JPG&quot;,&quot;filename&quot;:&quot;20240314_Mostra-Centenario_005&quot;,&quot;image_url&quot;:&quot;\\\/mostra_1924-2024\\\/20240314_Mostra-Centenario_005.jpg?bwg=1715761711&quot;,&quot;thumb_url&quot;:&quot;\\\/mostra_1924-2024\\\/thumb\\\/20240314_Mostra-Centenario_005.jpg?bwg=1715761711&quot;,&quot;redirect_url&quot;:&quot;&quot;,&quot;date&quot;:&quot;2024-05-15 08:26:11&quot;,&quot;is_embed&quot;:false,&quot;is_embed_video&quot;:false,&quot;image_width&quot;:&quot;1200&quot;,&quot;image_height&quot;:&quot;800&quot;,&quot;thumb_width&quot;:&quot;500.00&quot;,&quot;thumb_height&quot;:&quot;333.00&quot;},{&quot;id&quot;:&quot;333&quot;,&quot;alt&quot;:&quot;Mostra-Centenario: dettaglio esposizione&quot;,&quot;description&quot;:&quot;Copyright: Universita degli studi di Trieste&amp;lt;br \\\/&amp;gt;&quot;,&quot;filetype&quot;:&quot;JPG&quot;,&quot;filename&quot;:&quot;20240314_Mostra-Centenario_006&quot;,&quot;image_url&quot;:&quot;\\\/mostra_1924-2024\\\/20240314_Mostra-Centenario_006.jpg?bwg=1715761711&quot;,&quot;thumb_url&quot;:&quot;\\\/mostra_1924-2024\\\/thumb\\\/20240314_Mostra-Centenario_006.jpg?bwg=1715761711&quot;,&quot;redirect_url&quot;:&quot;&quot;,&quot;date&quot;:&quot;2024-05-15 08:26:11&quot;,&quot;is_embed&quot;:false,&quot;is_embed_video&quot;:false,&quot;image_width&quot;:&quot;1200&quot;,&quot;image_height&quot;:&quot;800&quot;,&quot;thumb_width&quot;:&quot;500.00&quot;,&quot;thumb_height&quot;:&quot;333.00&quot;},{&quot;id&quot;:&quot;332&quot;,&quot;alt&quot;:&quot;Mostra-Centenario: dettaglio esposizione&quot;,&quot;description&quot;:&quot;Copyright: Universita degli studi di Trieste&amp;lt;br \\\/&amp;gt;&quot;,&quot;filetype&quot;:&quot;JPG&quot;,&quot;filename&quot;:&quot;20240314_Mostra-Centenario_007&quot;,&quot;image_url&quot;:&quot;\\\/mostra_1924-2024\\\/20240314_Mostra-Centenario_007.jpg?bwg=1715761711&quot;,&quot;thumb_url&quot;:&quot;\\\/mostra_1924-2024\\\/thumb\\\/20240314_Mostra-Centenario_007.jpg?bwg=1715761711&quot;,&quot;redirect_url&quot;:&quot;&quot;,&quot;date&quot;:&quot;2024-05-15 08:26:11&quot;,&quot;is_embed&quot;:false,&quot;is_embed_video&quot;:false,&quot;image_width&quot;:&quot;1200&quot;,&quot;image_height&quot;:&quot;800&quot;,&quot;thumb_width&quot;:&quot;500.00&quot;,&quot;thumb_height&quot;:&quot;333.00&quot;},{&quot;id&quot;:&quot;335&quot;,&quot;alt&quot;:&quot;Mostra-Centenario: dettaglio esposizione&quot;,&quot;description&quot;:&quot;Copyright: Universita degli studi di Trieste&amp;lt;br \\\/&amp;gt;&quot;,&quot;filetype&quot;:&quot;JPG&quot;,&quot;filename&quot;:&quot;20240314_Mostra-Centenario_008&quot;,&quot;image_url&quot;:&quot;\\\/mostra_1924-2024\\\/20240314_Mostra-Centenario_008.jpg?bwg=1715761711&quot;,&quot;thumb_url&quot;:&quot;\\\/mostra_1924-2024\\\/thumb\\\/20240314_Mostra-Centenario_008.jpg?bwg=1715761711&quot;,&quot;redirect_url&quot;:&quot;&quot;,&quot;date&quot;:&quot;2024-05-15 08:26:12&quot;,&quot;is_embed&quot;:false,&quot;is_embed_video&quot;:false,&quot;image_width&quot;:&quot;1200&quot;,&quot;image_height&quot;:&quot;800&quot;,&quot;thumb_width&quot;:&quot;500.00&quot;,&quot;thumb_height&quot;:&quot;333.00&quot;},{&quot;id&quot;:&quot;336&quot;,&quot;alt&quot;:&quot;Mostra-Centenario: dettaglio esposizione&quot;,&quot;description&quot;:&quot;Copyright: Universita degli studi di Trieste&amp;lt;br \\\/&amp;gt;&quot;,&quot;filetype&quot;:&quot;JPG&quot;,&quot;filename&quot;:&quot;20240314_Mostra-Centenario_009&quot;,&quot;image_url&quot;:&quot;\\\/mostra_1924-2024\\\/20240314_Mostra-Centenario_009.jpg?bwg=1715761711&quot;,&quot;thumb_url&quot;:&quot;\\\/mostra_1924-2024\\\/thumb\\\/20240314_Mostra-Centenario_009.jpg?bwg=1715761711&quot;,&quot;redirect_url&quot;:&quot;&quot;,&quot;date&quot;:&quot;2024-05-15 08:26:12&quot;,&quot;is_embed&quot;:false,&quot;is_embed_video&quot;:false,&quot;image_width&quot;:&quot;1200&quot;,&quot;image_height&quot;:&quot;800&quot;,&quot;thumb_width&quot;:&quot;500.00&quot;,&quot;thumb_height&quot;:&quot;333.00&quot;},{&quot;id&quot;:&quot;337&quot;,&quot;alt&quot;:&quot;Mostra-Centenario: dettaglio esposizione&quot;,&quot;description&quot;:&quot;Copyright: Universita degli studi di Trieste&amp;lt;br \\\/&amp;gt;&quot;,&quot;filetype&quot;:&quot;JPG&quot;,&quot;filename&quot;:&quot;20240314_Mostra-Centenario_010&quot;,&quot;image_url&quot;:&quot;\\\/mostra_1924-2024\\\/20240314_Mostra-Centenario_010.jpg?bwg=1715761711&quot;,&quot;thumb_url&quot;:&quot;\\\/mostra_1924-2024\\\/thumb\\\/20240314_Mostra-Centenario_010.jpg?bwg=1715761711&quot;,&quot;redirect_url&quot;:&quot;&quot;,&quot;date&quot;:&quot;2024-05-15 08:26:12&quot;,&quot;is_embed&quot;:false,&quot;is_embed_video&quot;:false,&quot;image_width&quot;:&quot;1200&quot;,&quot;image_height&quot;:&quot;800&quot;,&quot;thumb_width&quot;:&quot;500.00&quot;,&quot;thumb_height&quot;:&quot;333.00&quot;},{&quot;id&quot;:&quot;338&quot;,&quot;alt&quot;:&quot;Mostra-Centenario: platea alla presentazione&quot;,&quot;description&quot;:&quot;Copyright: Universita degli studi di Trieste&amp;lt;br \\\/&amp;gt;&quot;,&quot;filetype&quot;:&quot;JPG&quot;,&quot;filename&quot;:&quot;20240314_Mostra-Centenario_011&quot;,&quot;image_url&quot;:&quot;\\\/mostra_1924-2024\\\/20240314_Mostra-Centenario_011.jpg?bwg=1715761711&quot;,&quot;thumb_url&quot;:&quot;\\\/mostra_1924-2024\\\/thumb\\\/20240314_Mostra-Centenario_011.jpg?bwg=1715761711&quot;,&quot;redirect_url&quot;:&quot;&quot;,&quot;date&quot;:&quot;2024-05-15 08:26:12&quot;,&quot;is_embed&quot;:false,&quot;is_embed_video&quot;:false,&quot;image_width&quot;:&quot;1200&quot;,&quot;image_height&quot;:&quot;800&quot;,&quot;thumb_width&quot;:&quot;500.00&quot;,&quot;thumb_height&quot;:&quot;333.00&quot;},{&quot;id&quot;:&quot;339&quot;,&quot;alt&quot;:&quot;Mostra-Centenario: presentazione del progetto&quot;,&quot;description&quot;:&quot;Copyright: Universita degli studi di Trieste&amp;lt;br \\\/&amp;gt;&quot;,&quot;filetype&quot;:&quot;JPG&quot;,&quot;filename&quot;:&quot;20240314_Mostra-Centenario_012&quot;,&quot;image_url&quot;:&quot;\\\/mostra_1924-2024\\\/20240314_Mostra-Centenario_012.jpg?bwg=1715761711&quot;,&quot;thumb_url&quot;:&quot;\\\/mostra_1924-2024\\\/thumb\\\/20240314_Mostra-Centenario_012.jpg?bwg=1715761711&quot;,&quot;redirect_url&quot;:&quot;&quot;,&quot;date&quot;:&quot;2024-05-15 08:26:12&quot;,&quot;is_embed&quot;:false,&quot;is_embed_video&quot;:false,&quot;image_width&quot;:&quot;1200&quot;,&quot;image_height&quot;:&quot;800&quot;,&quot;thumb_width&quot;:&quot;500.00&quot;,&quot;thumb_height&quot;:&quot;333.00&quot;},{&quot;id&quot;:&quot;340&quot;,&quot;alt&quot;:&quot;Mostra-Centenario: platea alla presentazione&quot;,&quot;description&quot;:&quot;Copyright: Universita degli studi di Trieste&amp;lt;br \\\/&amp;gt;&quot;,&quot;filetype&quot;:&quot;JPG&quot;,&quot;filename&quot;:&quot;20240314_Mostra-Centenario_013&quot;,&quot;image_url&quot;:&quot;\\\/mostra_1924-2024\\\/20240314_Mostra-Centenario_013.jpg?bwg=1715761711&quot;,&quot;thumb_url&quot;:&quot;\\\/mostra_1924-2024\\\/thumb\\\/20240314_Mostra-Centenario_013.jpg?bwg=1715761711&quot;,&quot;redirect_url&quot;:&quot;&quot;,&quot;date&quot;:&quot;2024-05-15 08:26:12&quot;,&quot;is_embed&quot;:false,&quot;is_embed_video&quot;:false,&quot;image_width&quot;:&quot;1200&quot;,&quot;image_height&quot;:&quot;800&quot;,&quot;thumb_width&quot;:&quot;500.00&quot;,&quot;thumb_height&quot;:&quot;333.00&quot;},{&quot;id&quot;:&quot;341&quot;,&quot;alt&quot;:&quot;Mostra-Centenario: presentazione del Rettore&quot;,&quot;description&quot;:&quot;Copyright: Universita degli studi di Trieste&amp;lt;br \\\/&amp;gt;&quot;,&quot;filetype&quot;:&quot;JPG&quot;,&quot;filename&quot;:&quot;20240314_Mostra-Centenario_014&quot;,&quot;image_url&quot;:&quot;\\\/mostra_1924-2024\\\/20240314_Mostra-Centenario_014.jpg?bwg=1715761711&quot;,&quot;thumb_url&quot;:&quot;\\\/mostra_1924-2024\\\/thumb\\\/20240314_Mostra-Centenario_014.jpg?bwg=1715761711&quot;,&quot;redirect_url&quot;:&quot;&quot;,&quot;date&quot;:&quot;2024-05-15 08:26:12&quot;,&quot;is_embed&quot;:false,&quot;is_embed_video&quot;:false,&quot;image_width&quot;:&quot;1200&quot;,&quot;image_height&quot;:&quot;800&quot;,&quot;thumb_width&quot;:&quot;500.00&quot;,&quot;thumb_height&quot;:&quot;333.00&quot;},{&quot;id&quot;:&quot;342&quot;,&quot;alt&quot;:&quot;Mostra-Centenario: platea alla presentazione&quot;,&quot;description&quot;:&quot;Copyright: Universita degli studi di Trieste&amp;lt;br \\\/&amp;gt;&quot;,&quot;filetype&quot;:&quot;JPG&quot;,&quot;filename&quot;:&quot;20240314_Mostra-Centenario_015&quot;,&quot;image_url&quot;:&quot;\\\/mostra_1924-2024\\\/20240314_Mostra-Centenario_015.jpg?bwg=1715761711&quot;,&quot;thumb_url&quot;:&quot;\\\/mostra_1924-2024\\\/thumb\\\/20240314_Mostra-Centenario_015.jpg?bwg=1715761711&quot;,&quot;redirect_url&quot;:&quot;&quot;,&quot;date&quot;:&quot;2024-05-15 08:26:12&quot;,&quot;is_embed&quot;:false,&quot;is_embed_video&quot;:false,&quot;image_width&quot;:&quot;1200&quot;,&quot;image_height&quot;:&quot;800&quot;,&quot;thumb_width&quot;:&quot;500.00&quot;,&quot;thumb_height&quot;:&quot;333.00&quot;}],&quot;width_or_height&quot;:&quot;width&quot;,&quot;filmstrip_thumb_margin_hor&quot;:2,&quot;left_or_top&quot;:&quot;left&quot;,&quot;outerWidth_or_outerHeight&quot;:&quot;outerWidth&quot;,&quot;enable_slideshow_shuffle&quot;:&quot;0&quot;,&quot;lightbox_filmstrip_thumb_border_width&quot;:&quot;1&quot;,&quot;thumb_click_action&quot;:&quot;open_lightbox&quot;,&quot;thumb_link_target&quot;:&quot;1&quot;,&quot;upload_url&quot;:&quot;https:\\\/\\\/100anni.units.it\\\/wp-content\\\/uploads\\\/photo-gallery&quot;,&quot;preload_images&quot;:&quot;1&quot;,&quot;slideshow_effect&quot;:&quot;fade&quot;,&quot;event_stack&quot;:&quot;&quot;,&quot;preload_images_count&quot;:10,&quot;image_width&quot;:&quot;1200&quot;,&quot;image_height&quot;:&quot;800&quot;,&quot;thumb_width&quot;:&quot;250&quot;,&quot;thumb_height&quot;:&quot;140&quot;,&quot;filmstrip_direction&quot;:&quot;horizontal&quot;,&quot;slideshow_filmstrip_type&quot;:&quot;0&quot;,&quot;slideshow_thumbnails_count&quot;:&quot;5&quot;,&quot;slideshow_filmstrip_width&quot;:0,&quot;slideshow_filmstrip_height&quot;:0,&quot;slideshow_filmstrip_rl_btn_size&quot;:&quot;20&quot;,&quot;slideshow_play_pause_btn_size&quot;:&quot;35&quot;,&quot;watermark_type&quot;:&quot;90&quot;,&quot;watermark_height&quot;:&quot;90&quot;,&quot;watermark_font_size&quot;:&quot;20&quot;,&quot;slideshow_title_font_size&quot;:&quot;16&quot;,&quot;slideshow_description_font_size&quot;:&quot;14&quot;,&quot;bwg_playInterval&quot;:&quot;&quot;,&quot;slideshow_interval&quot;:5,&quot;image_right_click&quot;:&quot;1&quot;,&quot;enable_slideshow_autoplay&quot;:&quot;0&quot;,&quot;enable_slideshow_music&quot;:&quot;0&quot;,&quot;bwg_current_filmstrip_pos&quot;:0}'         data-filmstrip-position=\"bottom\"         data-filmstrip-size=\"0\">      <div class=\"bwg_slide_container_0\">        <div class=\"bwg_slide_bg_0\">          <div class=\"bwg_slider_0\">                            <span class=\"bwg_slideshow_image_spun_0\" id=\"image_id_0_329\">                    <span class=\"bwg_slideshow_image_spun1_0\">                      <span class=\"bwg_slideshow_image_spun2_0\">                                                  <a  class=\"bwg-a bwg_lightbox\" data-image-id=\"329\" data-elementor-open-lightbox=\"no\">                          <img decoding=\"async\" id=\"bwg_slideshow_image_0\"                               class=\"skip-lazy bwg_slide bwg_slideshow_image_0  bwg_lazyload \"                               src=\"https:\/\/100anni.units.it\/wp-content\/plugins\/photo-gallery\/images\/lazy_placeholder.gif\"                               data-src=\"https:\/\/100anni.units.it\/wp-content\/uploads\/photo-gallery\/mostra_1924-2024\/20240314_Mostra-Centenario_001.jpg?bwg=1715761711\"                               image_id=\"329\"                               alt=\"Mostra-Centenario: dettaglio esposizione\" \/>                          <\/a>                                                <\/span>                    <\/span>                  <\/span>                <span class=\"bwg_slideshow_image_second_spun_0\">                  <\/span>                <input type=\"hidden\" id=\"bwg_current_image_key_0\" value=\"0\" \/>                          <\/div>        <\/div>      <\/div>              <a class=\"bwg-a\" id=\"spider_slideshow_left_0\" onclick=\"bwg_change_image(parseInt(jQuery('#bwg_current_image_key_0').val()), (parseInt(jQuery('#bwg_current_image_key_0').val()) + 15 - bwg_iterator(0)) % 15, '', '', 0); return false;\"><span id=\"spider_slideshow_left-ico_0\"><span><i class=\"bwg-icon-angle-left bwg_slideshow_prev_btn_0\"><\/i><\/span><\/span><\/a>        <span id=\"bwg_slideshow_play_pause_0\" class=\"bwg_slideshow_play_pause\" style=\"display: undefined;\"><span><span id=\"bwg_slideshow_play_pause-ico_0\"><i class=\"bwg-icon-play bwg_ctrl_btn_0 bwg_slideshow_play_pause_0\"><\/i><\/span><\/span><\/span>        <a class=\"bwg-a\" id=\"spider_slideshow_right_0\" onclick=\"bwg_change_image(parseInt(jQuery('#bwg_current_image_key_0').val()), (parseInt(jQuery('#bwg_current_image_key_0').val()) + bwg_iterator(0)) % 15, '', '', 0); return false;\"><span id=\"spider_slideshow_right-ico_0\"><span><i class=\"bwg-icon-angle-right bwg_slideshow_next_btn_0\"><\/i><\/span><\/span><\/a>            <\/div>      <\/div>            <\/div>        <\/form>        <style>          #bwg_container1_0 #bwg_container2_0 #spider_popup_overlay_0 {          background-color: #2B2B2B;          opacity: 0.70;          }          <\/style>        <div id=\"bwg_spider_popup_loading_0\" class=\"bwg_spider_popup_loading\"><\/div>        <div id=\"spider_popup_overlay_0\" class=\"spider_popup_overlay\" onclick=\"spider_destroypopup(1000)\"><\/div>        <input type=\"hidden\" id=\"bwg_random_seed_0\" value=\"1853731706\">                <\/div>    <\/div>    <script>      if (document.readyState === 'complete') {        if( typeof bwg_main_ready == 'function' ) {          if ( jQuery(\"#bwg_container1_0\").height() ) {            bwg_main_ready(jQuery(\"#bwg_container1_0\"));          }        }      } else {        document.addEventListener('DOMContentLoaded', function() {          if( typeof bwg_main_ready == 'function' ) {            if ( jQuery(\"#bwg_container1_0\").height() ) {             bwg_main_ready(jQuery(\"#bwg_container1_0\"));            }          }        });      }    <\/script>    \n\n\n\n<div style=\"height:100px\" aria-hidden=\"true\" class=\"wp-block-spacer\"><\/div>\n\n\n\n<div class=\"wp-block-group\"><div class=\"wp-block-group__inner-container is-layout-constrained wp-block-group-is-layout-constrained\">\n<div style=\"height:25px\" aria-hidden=\"true\" class=\"wp-block-spacer\"><\/div>\n\n\n<div class=\"yoast-breadcrumbs\"><span><span><a href=\"https:\/\/100anni.units.it\/\">Home<\/a><\/span> \u00bb <span class=\"breadcrumb_last\" aria-current=\"page\">1924 &#8211; 2024: Mostra al Castello di San Giusto<\/span><\/span><\/div>\n\n\n<div style=\"height:40px\" aria-hidden=\"true\" class=\"wp-block-spacer\"><\/div>\n<\/div><\/div>\n","protected":false},"excerpt":{"rendered":"<p>1924&nbsp;\u2013 2024 Un secolo di storia dell&#8217;Universit\u00e0 degli Studi di Trieste. Immagini e documenti L&#8217;Universit\u00e0 degli Studi di Trieste, in occasione delle celebrazioni per il Centenario, scende in citt\u00e0 con&hellip;&nbsp;<a href=\"https:\/\/100anni.units.it\/index.php\/home\/1924-2024\/\" class=\"\" rel=\"bookmark\">Leggi tutto &raquo;<span class=\"screen-reader-text\">1924 &#8211; 2024: Mostra al Castello di San Giusto<\/span><\/a><\/p>\n","protected":false},"author":1,"featured_media":5148,"parent":120,"menu_order":0,"comment_status":"closed","ping_status":"closed","template":"","meta":{"neve_meta_sidebar":"","neve_meta_container":"","neve_meta_enable_content_width":"","neve_meta_content_width":0,"neve_meta_title_alignment":"","neve_meta_author_avatar":"","neve_post_elements_order":"","neve_meta_disable_header":"","neve_meta_disable_footer":"","neve_meta_disable_title":"","_EventAllDay":false,"_EventTimezone":"","_EventStartDate":"","_EventEndDate":"","_EventStartDateUTC":"","_EventEndDateUTC":"","_EventShowMap":false,"_EventShowMapLink":false,"_EventURL":"","_EventCost":"","_EventCostDescription":"","_EventCurrencySymbol":"","_EventCurrencyCode":"","_EventCurrencyPosition":"","_EventDateTimeSeparator":"","_EventTimeRangeSeparator":"","_EventOrganizerID":[],"_EventVenueID":[],"_OrganizerEmail":"","_OrganizerPhone":"","_OrganizerWebsite":"","_VenueAddress":"","_VenueCity":"","_VenueCountry":"","_VenueProvince":"","_VenueState":"","_VenueZip":"","_VenuePhone":"","_VenueURL":"","_VenueStateProvince":"","_VenueLat":"","_VenueLng":"","_VenueShowMap":false,"_VenueShowMapLink":false,"_ti_tpc_template_sync":false,"_ti_tpc_template_id":"","footnotes":""},"class_list":["post-3713","page","type-page","status-publish","has-post-thumbnail","hentry"],"yoast_head":"<!-- This site is optimized with the Yoast SEO plugin v21.0 - https:\/\/yoast.com\/wordpress\/plugins\/seo\/ -->\n<title>1924 - 2024: Mostra al Castello di San Giusto &ndash; #100UniTS<\/title>\n<meta name=\"robots\" content=\"index, follow, max-snippet:-1, max-image-preview:large, max-video-preview:-1\" \/>\n<link rel=\"canonical\" href=\"https:\/\/100anni.units.it\/index.php\/home\/1924-2024\/\" \/>\n<meta property=\"og:locale\" content=\"it_IT\" \/>\n<meta property=\"og:type\" content=\"article\" \/>\n<meta property=\"og:title\" content=\"1924 - 2024: Mostra al Castello di San Giusto &ndash; #100UniTS\" \/>\n<meta property=\"og:description\" content=\"1924&nbsp;\u2013 2024 Un secolo di storia dell&#8217;Universit\u00e0 degli Studi di Trieste. Immagini e documenti L&#8217;Universit\u00e0 degli Studi di Trieste, in occasione delle celebrazioni per il Centenario, scende in citt\u00e0 con&hellip;&nbsp;Leggi tutto &raquo;1924 &#8211; 2024: Mostra al Castello di San Giusto\" \/>\n<meta property=\"og:url\" content=\"https:\/\/100anni.units.it\/index.php\/home\/1924-2024\/\" \/>\n<meta property=\"og:site_name\" content=\"#100UniTS\" \/>\n<meta property=\"article:publisher\" content=\"https:\/\/www.facebook.com\/universitatrieste\" \/>\n<meta property=\"article:modified_time\" content=\"2025-02-17T15:38:58+00:00\" \/>\n<meta property=\"og:image\" content=\"https:\/\/100anni.units.it\/wp-content\/uploads\/2024\/05\/1924-2024_evento.jpg\" \/>\n\t<meta property=\"og:image:width\" content=\"1053\" \/>\n\t<meta property=\"og:image:height\" content=\"592\" \/>\n\t<meta property=\"og:image:type\" content=\"image\/jpeg\" \/>\n<meta name=\"twitter:card\" content=\"summary_large_image\" \/>\n<meta name=\"twitter:site\" content=\"@UniTrieste\" \/>\n<meta name=\"twitter:label1\" content=\"Tempo di lettura stimato\" \/>\n\t<meta name=\"twitter:data1\" content=\"5 minuti\" \/>\n<script type=\"application\/ld+json\" class=\"yoast-schema-graph\">{\"@context\":\"https:\/\/schema.org\",\"@graph\":[{\"@type\":\"WebPage\",\"@id\":\"https:\/\/100anni.units.it\/index.php\/home\/1924-2024\/\",\"url\":\"https:\/\/100anni.units.it\/index.php\/home\/1924-2024\/\",\"name\":\"1924 - 2024: Mostra al Castello di San Giusto &ndash; #100UniTS\",\"isPartOf\":{\"@id\":\"https:\/\/100anni.units.it\/#website\"},\"datePublished\":\"2024-02-01T13:51:08+00:00\",\"dateModified\":\"2025-02-17T15:38:58+00:00\",\"breadcrumb\":{\"@id\":\"https:\/\/100anni.units.it\/index.php\/home\/1924-2024\/#breadcrumb\"},\"inLanguage\":\"it-IT\",\"potentialAction\":[{\"@type\":\"ReadAction\",\"target\":[\"https:\/\/100anni.units.it\/index.php\/home\/1924-2024\/\"]}]},{\"@type\":\"BreadcrumbList\",\"@id\":\"https:\/\/100anni.units.it\/index.php\/home\/1924-2024\/#breadcrumb\",\"itemListElement\":[{\"@type\":\"ListItem\",\"position\":1,\"name\":\"Home\",\"item\":\"https:\/\/100anni.units.it\/\"},{\"@type\":\"ListItem\",\"position\":2,\"name\":\"1924 &#8211; 2024: Mostra al Castello di San Giusto\"}]},{\"@type\":\"WebSite\",\"@id\":\"https:\/\/100anni.units.it\/#website\",\"url\":\"https:\/\/100anni.units.it\/\",\"name\":\"#100UniTS\",\"description\":\"Ogni giorno, da cento anni, con noi puoi scoprire ci\u00f2 che sar\u00e0 realt\u00e0 nel futuro. Celebriamo insieme un secolo di ricerca, eccellenza, creativit\u00e0 e ingegno umano.\",\"publisher\":{\"@id\":\"https:\/\/100anni.units.it\/#organization\"},\"potentialAction\":[{\"@type\":\"SearchAction\",\"target\":{\"@type\":\"EntryPoint\",\"urlTemplate\":\"https:\/\/100anni.units.it\/?s={search_term_string}\"},\"query-input\":\"required name=search_term_string\"}],\"inLanguage\":\"it-IT\"},{\"@type\":\"Organization\",\"@id\":\"https:\/\/100anni.units.it\/#organization\",\"name\":\"Universit\u00e0 degli Studi di Trieste\",\"alternateName\":\"UniTS\",\"url\":\"https:\/\/100anni.units.it\/\",\"logo\":{\"@type\":\"ImageObject\",\"inLanguage\":\"it-IT\",\"@id\":\"https:\/\/100anni.units.it\/#\/schema\/logo\/image\/\",\"url\":\"https:\/\/100anni.units.it\/wp-content\/uploads\/2023\/08\/units_sigillo.png\",\"contentUrl\":\"https:\/\/100anni.units.it\/wp-content\/uploads\/2023\/08\/units_sigillo.png\",\"width\":696,\"height\":696,\"caption\":\"Universit\u00e0 degli Studi di Trieste\"},\"image\":{\"@id\":\"https:\/\/100anni.units.it\/#\/schema\/logo\/image\/\"},\"sameAs\":[\"https:\/\/www.facebook.com\/universitatrieste\",\"https:\/\/twitter.com\/UniTrieste\"]}]}<\/script>\n<!-- \/ Yoast SEO plugin. -->","yoast_head_json":{"title":"1924 - 2024: Mostra al Castello di San Giusto &ndash; #100UniTS","robots":{"index":"index","follow":"follow","max-snippet":"max-snippet:-1","max-image-preview":"max-image-preview:large","max-video-preview":"max-video-preview:-1"},"canonical":"https:\/\/100anni.units.it\/index.php\/home\/1924-2024\/","og_locale":"it_IT","og_type":"article","og_title":"1924 - 2024: Mostra al Castello di San Giusto &ndash; #100UniTS","og_description":"1924&nbsp;\u2013 2024 Un secolo di storia dell&#8217;Universit\u00e0 degli Studi di Trieste. Immagini e documenti L&#8217;Universit\u00e0 degli Studi di Trieste, in occasione delle celebrazioni per il Centenario, scende in citt\u00e0 con&hellip;&nbsp;Leggi tutto &raquo;1924 &#8211; 2024: Mostra al Castello di San Giusto","og_url":"https:\/\/100anni.units.it\/index.php\/home\/1924-2024\/","og_site_name":"#100UniTS","article_publisher":"https:\/\/www.facebook.com\/universitatrieste","article_modified_time":"2025-02-17T15:38:58+00:00","og_image":[{"width":1053,"height":592,"url":"https:\/\/100anni.units.it\/wp-content\/uploads\/2024\/05\/1924-2024_evento.jpg","type":"image\/jpeg"}],"twitter_card":"summary_large_image","twitter_site":"@UniTrieste","twitter_misc":{"Tempo di lettura stimato":"5 minuti"},"schema":{"@context":"https:\/\/schema.org","@graph":[{"@type":"WebPage","@id":"https:\/\/100anni.units.it\/index.php\/home\/1924-2024\/","url":"https:\/\/100anni.units.it\/index.php\/home\/1924-2024\/","name":"1924 - 2024: Mostra al Castello di San Giusto &ndash; #100UniTS","isPartOf":{"@id":"https:\/\/100anni.units.it\/#website"},"datePublished":"2024-02-01T13:51:08+00:00","dateModified":"2025-02-17T15:38:58+00:00","breadcrumb":{"@id":"https:\/\/100anni.units.it\/index.php\/home\/1924-2024\/#breadcrumb"},"inLanguage":"it-IT","potentialAction":[{"@type":"ReadAction","target":["https:\/\/100anni.units.it\/index.php\/home\/1924-2024\/"]}]},{"@type":"BreadcrumbList","@id":"https:\/\/100anni.units.it\/index.php\/home\/1924-2024\/#breadcrumb","itemListElement":[{"@type":"ListItem","position":1,"name":"Home","item":"https:\/\/100anni.units.it\/"},{"@type":"ListItem","position":2,"name":"1924 &#8211; 2024: Mostra al Castello di San Giusto"}]},{"@type":"WebSite","@id":"https:\/\/100anni.units.it\/#website","url":"https:\/\/100anni.units.it\/","name":"#100UniTS","description":"Ogni giorno, da cento anni, con noi puoi scoprire ci\u00f2 che sar\u00e0 realt\u00e0 nel futuro. Celebriamo insieme un secolo di ricerca, eccellenza, creativit\u00e0 e ingegno umano.","publisher":{"@id":"https:\/\/100anni.units.it\/#organization"},"potentialAction":[{"@type":"SearchAction","target":{"@type":"EntryPoint","urlTemplate":"https:\/\/100anni.units.it\/?s={search_term_string}"},"query-input":"required name=search_term_string"}],"inLanguage":"it-IT"},{"@type":"Organization","@id":"https:\/\/100anni.units.it\/#organization","name":"Universit\u00e0 degli Studi di Trieste","alternateName":"UniTS","url":"https:\/\/100anni.units.it\/","logo":{"@type":"ImageObject","inLanguage":"it-IT","@id":"https:\/\/100anni.units.it\/#\/schema\/logo\/image\/","url":"https:\/\/100anni.units.it\/wp-content\/uploads\/2023\/08\/units_sigillo.png","contentUrl":"https:\/\/100anni.units.it\/wp-content\/uploads\/2023\/08\/units_sigillo.png","width":696,"height":696,"caption":"Universit\u00e0 degli Studi di Trieste"},"image":{"@id":"https:\/\/100anni.units.it\/#\/schema\/logo\/image\/"},"sameAs":["https:\/\/www.facebook.com\/universitatrieste","https:\/\/twitter.com\/UniTrieste"]}]}},"_links":{"self":[{"href":"https:\/\/100anni.units.it\/index.php\/wp-json\/wp\/v2\/pages\/3713","targetHints":{"allow":["GET"]}}],"collection":[{"href":"https:\/\/100anni.units.it\/index.php\/wp-json\/wp\/v2\/pages"}],"about":[{"href":"https:\/\/100anni.units.it\/index.php\/wp-json\/wp\/v2\/types\/page"}],"author":[{"embeddable":true,"href":"https:\/\/100anni.units.it\/index.php\/wp-json\/wp\/v2\/users\/1"}],"replies":[{"embeddable":true,"href":"https:\/\/100anni.units.it\/index.php\/wp-json\/wp\/v2\/comments?post=3713"}],"version-history":[{"count":63,"href":"https:\/\/100anni.units.it\/index.php\/wp-json\/wp\/v2\/pages\/3713\/revisions"}],"predecessor-version":[{"id":7934,"href":"https:\/\/100anni.units.it\/index.php\/wp-json\/wp\/v2\/pages\/3713\/revisions\/7934"}],"up":[{"embeddable":true,"href":"https:\/\/100anni.units.it\/index.php\/wp-json\/wp\/v2\/pages\/120"}],"wp:featuredmedia":[{"embeddable":true,"href":"https:\/\/100anni.units.it\/index.php\/wp-json\/wp\/v2\/media\/5148"}],"wp:attachment":[{"href":"https:\/\/100anni.units.it\/index.php\/wp-json\/wp\/v2\/media?parent=3713"}],"curies":[{"name":"wp","href":"https:\/\/api.w.org\/{rel}","templated":true}]}}