{"id":4929,"date":"2024-04-19T18:31:48","date_gmt":"2024-04-19T16:31:48","guid":{"rendered":"https:\/\/100anni.units.it\/?page_id=4929"},"modified":"2024-06-06T09:19:01","modified_gmt":"2024-06-06T07:19:01","slug":"rose-libri-musica-vino-2024","status":"publish","type":"page","link":"https:\/\/100anni.units.it\/index.php\/home\/rose-libri-musica-vino-2024\/","title":{"rendered":"ROSE LIBRI MUSICA VINO 2024"},"content":{"rendered":"\n<div class=\"wp-block-group\"><div class=\"wp-block-group__inner-container is-layout-constrained wp-block-group-is-layout-constrained\">\n<div style=\"height:25px\" aria-hidden=\"true\" class=\"wp-block-spacer\"><\/div>\n\n\n<div class=\"yoast-breadcrumbs\"><span><span><a href=\"https:\/\/100anni.units.it\/\">Home<\/a><\/span> \u00bb <span class=\"breadcrumb_last\" aria-current=\"page\">ROSE LIBRI MUSICA VINO 2024<\/span><\/span><\/div>\n\n\n<div style=\"height:40px\" aria-hidden=\"true\" class=\"wp-block-spacer\"><\/div>\n<\/div><\/div>\n\n\n\n<h1 class=\"wp-block-heading has-neve-link-color-color has-text-color\">ROSE LIBRI MUSICA VINO 2024<\/h1>\n\n\n\n<h2 class=\"wp-block-heading has-neve-link-color-color has-text-color\"><strong>Per il Centenario di UniTS e della nascita di Franco Basaglia <\/strong><\/h2>\n\n\n\n<h5 class=\"wp-block-heading\"><strong>Appuntamento tutti i venerd\u00ec, dal 3 al 31 maggio, presso il Parco di San Giovanni a Trieste<\/strong><br><mark style=\"background-color:rgba(0, 0, 0, 0)\" class=\"has-inline-color has-neve-link-color-color\">Ingresso libero<\/mark><\/h5>\n\n\n\n<div style=\"height:50px\" aria-hidden=\"true\" class=\"wp-block-spacer\"><\/div>\n\n\n\n<div class=\"wp-block-columns is-layout-flex wp-container-core-columns-is-layout-9d6595d7 wp-block-columns-is-layout-flex\">\n<div class=\"wp-block-column is-layout-flow wp-block-column-is-layout-flow\" style=\"flex-basis:60%\">\n<p class=\"has-medium-font-size\">Passeggiate tra natura e storia, incontri sul verde, conversazioni attorno ai libri, laboratori per bambini, degustazioni di vini e una&nbsp;<strong>nuova<\/strong>&nbsp;<strong>sezione teatrale<\/strong>&nbsp;realizzata in occasione del&nbsp;<strong>Centenario dell\u2019Universit\u00e0 degli Studi di Trieste&nbsp;<\/strong>e della nascita di<strong>&nbsp;Franco Basaglia<\/strong>. Questi gli elementi attorno ai quali ruoter\u00e0 il variegato programma della&nbsp;<strong>13\u00b0edizione<\/strong>&nbsp;di&nbsp;<strong>Rose Libri Musica Vino<\/strong>, la rassegna culturale promossa fin dai suoi esordi dalla&nbsp;<strong>Cooperativa sociale Agricola Monte San Pantaleone<\/strong>&nbsp;in collaborazione con l\u2019<strong>Universit\u00e0 degli Studi di Trieste<\/strong>. Come sempre gli appuntamenti si terranno tutti i venerd\u00ec di maggio nel roseto del&nbsp;<strong>Parco di San Giovanni<\/strong>,<strong>&nbsp;<\/strong>nel periodo di massima fioritura delle sue migliaia di rose.&nbsp;<\/p>\n\n\n\n<p class=\"has-medium-font-size\">L&#8217;iniziativa nasce dalla volont\u00e0 di valorizzare una rassegna culturale consolidata, collegandola in maniera ancora pi\u00f9 significativa al territorio e utilizzando il mezzo teatrale per parlare ad un pubblico pi\u00f9 vasto, raccontando alcuni dei grandi protagonisti che hanno forgiato i primi Cento anni dell&#8217;Universit\u00e0 degli Studi di Trieste, ma che, allo stesso tempo, hanno lasciato un segno nel presente e tracciato le traiettorie per il futuro dell&#8217;Ateneo, della citt\u00e0 e della comunit\u00e0 scientifica internazionale.<br>In una cornice unica, un giardino che diventa metafora del mondo, gli ospiti e i temi prescelti anche per questa edizione ripropongono la cura, e in particolare la cura collettiva, come un modo di essere al mondo, un gesto capace di cambiare le cose attraverso le parole, uno sguardo nuovo alla terra, una sedia o una bottiglia di vino. Un invito a incontrarsi per rendere questa citt\u00e0 ogni giorno pi\u00f9 umana e pi\u00f9 attenta alle persone.<\/p>\n\n\n\n<p><strong>Per maggiori informazioni:&nbsp;<\/strong>Ufficio Supporto alla divulgazione scientifica (<a href=\"mailto:divulgazione.scientifica@units.it\">divulgazione.scientifica@units.it<\/a>)<\/p>\n\n\n\n<div style=\"height:30px\" aria-hidden=\"true\" class=\"wp-block-spacer\"><\/div>\n\n\n\n<div class=\"wp-block-buttons is-content-justification-left is-layout-flex wp-container-core-buttons-is-layout-cf25e3cc wp-block-buttons-is-layout-flex\">\n<div class=\"wp-block-button has-custom-width wp-block-button__width-100 is-style-primary\"><a class=\"wp-block-button__link wp-element-button\" href=\"https:\/\/100anni.units.it\/wp-content\/uploads\/2024\/04\/100UniTS_programma_rose_libri_musica_vino_2024.pdf\" target=\"_blank\" rel=\"noreferrer noopener\">scarica il PROGRAMMA<\/a><\/div>\n<\/div>\n\n\n\n<div style=\"height:160px\" aria-hidden=\"true\" class=\"wp-block-spacer\"><\/div>\n\n\n\n<p class=\"has-neve-link-color-color has-text-color has-large-font-size\"><strong>Cent\u2019anni dell\u2019Universit\u00e0 in scena<\/strong><\/p>\n\n\n\n<p><strong>Tutti i venerd\u00ec di maggio nel roseto del Parco di San Giovanni<br><\/strong>(in caso di maltempo al Teatro Franco e Franca Basaglia)<\/p>\n\n\n\n<p class=\"has-medium-font-size\">In occasione del <strong>Centenario dell&#8217;Universit\u00e0 degli Studi di Trieste<\/strong> la rassegna <strong>Rose Libri Musica Vino 2024<\/strong> si arricchisce con una nuova sezione teatrale. Tutti i venerd\u00ec nel roseto del Parco andr\u00e0 in scena uno spettacolo dedicato ad alcune figure di spicco che hanno contribuito a creare la lunga storia di eccellenza, ricerca, creativit\u00e0 e ingegno dell&#8217;Ateneo, con la collaborazione dei principali teatri della citt\u00e0: <strong>Teatro Stabile del Friuli Venezia Giulia<\/strong>,<strong> Il Rossetti <\/strong>(3 maggio), <strong>Hangar Teatri <\/strong>(10 maggio), <strong>Teatro Stabile Sloveno\/ Slovensko Stalno Gledali\u0161\u010de<\/strong> (17 maggio), <strong>Teatro Miela &#8211; Bonawentura <\/strong>(24 maggio),&nbsp;<strong>La Contrada Teatro Stabile di Trieste<\/strong> (31 maggio).<\/p>\n<\/div>\n\n\n\n<div class=\"wp-block-column is-layout-flow wp-block-column-is-layout-flow\" style=\"flex-basis:40%\">\n<div class=\"wp-block-group is-vertical is-content-justification-center is-layout-flex wp-container-core-group-is-layout-33274b1e wp-block-group-is-layout-flex\">\n<figure class=\"wp-block-image size-large is-resized\"><a href=\"https:\/\/www.youtube.com\/watch?v=JjN-MQF-dpM\"><img loading=\"lazy\" decoding=\"async\" src=\"https:\/\/100anni.units.it\/wp-content\/uploads\/2024\/06\/UniTS_rose-libri-musica-vino_video-1024x576.jpg\" alt=\"dettaglio video Rose Libri Musica Vino\" class=\"wp-image-5859\" style=\"width:364px;height:205px\" width=\"364\" height=\"205\" srcset=\"https:\/\/100anni.units.it\/wp-content\/uploads\/2024\/06\/UniTS_rose-libri-musica-vino_video-1024x576.jpg 1024w, https:\/\/100anni.units.it\/wp-content\/uploads\/2024\/06\/UniTS_rose-libri-musica-vino_video-300x169.jpg 300w, https:\/\/100anni.units.it\/wp-content\/uploads\/2024\/06\/UniTS_rose-libri-musica-vino_video-768x432.jpg 768w, https:\/\/100anni.units.it\/wp-content\/uploads\/2024\/06\/UniTS_rose-libri-musica-vino_video-1536x864.jpg 1536w, https:\/\/100anni.units.it\/wp-content\/uploads\/2024\/06\/UniTS_rose-libri-musica-vino_video.jpg 1920w\" sizes=\"auto, (max-width: 364px) 100vw, 364px\" \/><\/a><\/figure>\n\n\n\n<div style=\"height:29px\" aria-hidden=\"true\" class=\"wp-block-spacer wp-container-content-7eea9941\"><\/div>\n\n\n\n<figure class=\"wp-block-image size-large is-resized\"><img loading=\"lazy\" decoding=\"async\" src=\"https:\/\/100anni.units.it\/wp-content\/uploads\/2024\/04\/100UniTS_dettaglio_programma_rose_libri_musica_vino_2024-484x1024.jpg\" alt=\"dettaglio programma rose libri musica vino 2024\" class=\"wp-image-4933\" style=\"width:368px;height:779px\" width=\"368\" height=\"779\" srcset=\"https:\/\/100anni.units.it\/wp-content\/uploads\/2024\/04\/100UniTS_dettaglio_programma_rose_libri_musica_vino_2024-484x1024.jpg 484w, https:\/\/100anni.units.it\/wp-content\/uploads\/2024\/04\/100UniTS_dettaglio_programma_rose_libri_musica_vino_2024-142x300.jpg 142w, https:\/\/100anni.units.it\/wp-content\/uploads\/2024\/04\/100UniTS_dettaglio_programma_rose_libri_musica_vino_2024.jpg 587w\" sizes=\"auto, (max-width: 368px) 100vw, 368px\" \/><\/figure>\n\n\n\n<div style=\"height:0px\" aria-hidden=\"true\" class=\"wp-block-spacer wp-container-content-7d115344\"><\/div>\n<\/div>\n\n\n\n<p class=\"has-text-align-center\">Iniziativa promossa e organizzata da    <\/p>\n\n\n\n<div class=\"wp-block-group is-content-justification-center is-nowrap is-layout-flex wp-container-core-group-is-layout-94bc23d7 wp-block-group-is-layout-flex\"><div class=\"wp-block-image\">\n<figure class=\"aligncenter size-full is-resized\"><img decoding=\"async\" src=\"https:\/\/100anni.units.it\/wp-content\/uploads\/2024\/04\/100UniTS_logo_agricola_monte_san_pantaleone.png\" alt=\"logo agricola monte san pantaleone\" class=\"wp-image-4935\" style=\"width:200px\" width=\"200\" srcset=\"https:\/\/100anni.units.it\/wp-content\/uploads\/2024\/04\/100UniTS_logo_agricola_monte_san_pantaleone.png 774w, https:\/\/100anni.units.it\/wp-content\/uploads\/2024\/04\/100UniTS_logo_agricola_monte_san_pantaleone-300x83.png 300w, https:\/\/100anni.units.it\/wp-content\/uploads\/2024\/04\/100UniTS_logo_agricola_monte_san_pantaleone-768x211.png 768w\" sizes=\"(max-width: 774px) 100vw, 774px\" \/><\/figure>\n<\/div>\n\n\n<div style=\"height:0px;width:0px\" aria-hidden=\"true\" class=\"wp-block-spacer wp-container-content-9760934e\"><\/div>\n\n\n<div class=\"wp-block-image\">\n<figure class=\"aligncenter size-large is-resized\"><img decoding=\"async\" src=\"https:\/\/100anni.units.it\/wp-content\/uploads\/2024\/02\/100UniTS_logo_centenario_principale-1024x439.png\" alt=\"logo Centenario UniTS\" class=\"wp-image-3871\" style=\"width:200px\" width=\"200\" srcset=\"https:\/\/100anni.units.it\/wp-content\/uploads\/2024\/02\/100UniTS_logo_centenario_principale-1024x439.png 1024w, https:\/\/100anni.units.it\/wp-content\/uploads\/2024\/02\/100UniTS_logo_centenario_principale-300x129.png 300w, https:\/\/100anni.units.it\/wp-content\/uploads\/2024\/02\/100UniTS_logo_centenario_principale-768x329.png 768w, https:\/\/100anni.units.it\/wp-content\/uploads\/2024\/02\/100UniTS_logo_centenario_principale.png 1200w\" sizes=\"(max-width: 1024px) 100vw, 1024px\" \/><\/figure>\n<\/div><\/div>\n\n\n\n<div class=\"wp-block-group is-vertical is-content-justification-center is-layout-flex wp-container-core-group-is-layout-33274b1e wp-block-group-is-layout-flex\">\n<div class=\"wp-block-group is-content-justification-center is-nowrap is-layout-flex wp-container-core-group-is-layout-94bc23d7 wp-block-group-is-layout-flex\">\n<p>con il contributo di<\/p>\n\n\n\n<div style=\"height:0px;width:0px\" aria-hidden=\"true\" class=\"wp-block-spacer wp-container-content-9760934e\"><\/div>\n\n\n\n<figure class=\"wp-block-image size-large is-resized\"><img loading=\"lazy\" decoding=\"async\" src=\"https:\/\/100anni.units.it\/wp-content\/uploads\/2023\/09\/Fondazione-b_nero-1024x341.jpg\" alt=\"logo Fondazione CRTrieste\" class=\"wp-image-1564\" style=\"width:120px;height:40px\" width=\"120\" height=\"40\" srcset=\"https:\/\/100anni.units.it\/wp-content\/uploads\/2023\/09\/Fondazione-b_nero-1024x341.jpg 1024w, https:\/\/100anni.units.it\/wp-content\/uploads\/2023\/09\/Fondazione-b_nero-300x100.jpg 300w, https:\/\/100anni.units.it\/wp-content\/uploads\/2023\/09\/Fondazione-b_nero-768x256.jpg 768w, https:\/\/100anni.units.it\/wp-content\/uploads\/2023\/09\/Fondazione-b_nero-1536x512.jpg 1536w, https:\/\/100anni.units.it\/wp-content\/uploads\/2023\/09\/Fondazione-b_nero-2048x683.jpg 2048w\" sizes=\"auto, (max-width: 120px) 100vw, 120px\" \/><\/figure>\n\n\n\n<p>   <\/p>\n<\/div>\n\n\n\n<p>Con la collaborazione di<\/p>\n\n\n\n<div class=\"wp-block-group is-content-justification-center is-nowrap is-layout-flex wp-container-core-group-is-layout-94bc23d7 wp-block-group-is-layout-flex\"><div class=\"wp-block-image\">\n<figure class=\"aligncenter size-full is-resized\"><img loading=\"lazy\" decoding=\"async\" src=\"https:\/\/100anni.units.it\/wp-content\/uploads\/2023\/09\/logo-FVG-102a.jpg\" alt=\"logo Regione Friuli Venezia Giulia\" class=\"wp-image-1503\" style=\"width:116px;height:25px\" width=\"116\" height=\"25\" srcset=\"https:\/\/100anni.units.it\/wp-content\/uploads\/2023\/09\/logo-FVG-102a.jpg 531w, https:\/\/100anni.units.it\/wp-content\/uploads\/2023\/09\/logo-FVG-102a-300x67.jpg 300w\" sizes=\"auto, (max-width: 116px) 100vw, 116px\" \/><\/figure>\n<\/div>\n\n\n<figure class=\"wp-block-image size-large is-resized\"><img loading=\"lazy\" decoding=\"async\" src=\"https:\/\/100anni.units.it\/wp-content\/uploads\/2023\/09\/Scritta-Erpac-Light-1024x279.png\" alt=\"logo ERPAC\" class=\"wp-image-1507\" style=\"width:111px;height:30px\" width=\"111\" height=\"30\" srcset=\"https:\/\/100anni.units.it\/wp-content\/uploads\/2023\/09\/Scritta-Erpac-Light-1024x279.png 1024w, https:\/\/100anni.units.it\/wp-content\/uploads\/2023\/09\/Scritta-Erpac-Light-300x82.png 300w, https:\/\/100anni.units.it\/wp-content\/uploads\/2023\/09\/Scritta-Erpac-Light-768x209.png 768w, https:\/\/100anni.units.it\/wp-content\/uploads\/2023\/09\/Scritta-Erpac-Light-1536x419.png 1536w, https:\/\/100anni.units.it\/wp-content\/uploads\/2023\/09\/Scritta-Erpac-Light.png 1712w\" sizes=\"auto, (max-width: 111px) 100vw, 111px\" \/><\/figure>\n<\/div>\n\n\n\n<div class=\"wp-block-group is-content-justification-center is-nowrap is-layout-flex wp-container-core-group-is-layout-94bc23d7 wp-block-group-is-layout-flex\"><div class=\"wp-block-image\">\n<figure class=\"aligncenter size-full is-resized\"><img loading=\"lazy\" decoding=\"async\" src=\"https:\/\/100anni.units.it\/wp-content\/uploads\/2024\/04\/100UniTS_logo_teatro_miela_Bonawentura.png\" alt=\"logo teatro miela Bonawentura\" class=\"wp-image-4938\" style=\"width:84px;height:63px\" width=\"84\" height=\"63\"\/><\/figure>\n<\/div>\n\n<div class=\"wp-block-image\">\n<figure class=\"aligncenter size-full is-resized\"><img loading=\"lazy\" decoding=\"async\" src=\"https:\/\/100anni.units.it\/wp-content\/uploads\/2024\/04\/100UniTS_logo_Il_Rossetti.gif\" alt=\"logo il rossetti\" class=\"wp-image-4937\" style=\"object-fit:cover;width:120px;height:56px\" width=\"120\" height=\"56\"\/><\/figure>\n<\/div><\/div>\n\n\n\n<div class=\"wp-block-group is-content-justification-center is-nowrap is-layout-flex wp-container-core-group-is-layout-94bc23d7 wp-block-group-is-layout-flex\">\n<figure class=\"wp-block-image size-full is-resized\"><img loading=\"lazy\" decoding=\"async\" src=\"https:\/\/100anni.units.it\/wp-content\/uploads\/2024\/04\/100UniTS_logo_la_Contrada.webp\" alt=\"logo teatro la contrada\" class=\"wp-image-4939\" style=\"object-fit:cover;width:62px;height:52px\" width=\"62\" height=\"52\"\/><\/figure>\n\n\n\n<figure class=\"wp-block-image size-full is-resized\"><img loading=\"lazy\" decoding=\"async\" src=\"https:\/\/100anni.units.it\/wp-content\/uploads\/2024\/04\/100UniTS_logo_teatro_stabile_sloveno.png\" alt=\"logo teatro stabile sloveno\" class=\"wp-image-4943\" style=\"width:123px;height:57px\" width=\"123\" height=\"57\"\/><\/figure>\n\n\n<div class=\"wp-block-image\">\n<figure class=\"aligncenter size-full is-resized\"><img loading=\"lazy\" decoding=\"async\" src=\"https:\/\/100anni.units.it\/wp-content\/uploads\/2024\/04\/100UniTS_logo_teatri_Hangar.png\" alt=\"logo teatri hangar\" class=\"wp-image-4942\" style=\"width:126px;height:55px\" width=\"126\" height=\"55\"\/><\/figure>\n<\/div><\/div>\n\n\n\n<div class=\"wp-block-group is-content-justification-center is-nowrap is-layout-flex wp-container-core-group-is-layout-94bc23d7 wp-block-group-is-layout-flex\"><div class=\"wp-block-image\">\n<figure class=\"aligncenter size-full is-resized\"><img loading=\"lazy\" decoding=\"async\" src=\"https:\/\/100anni.units.it\/wp-content\/uploads\/2024\/04\/100UniTS_logo_la_collina_cooperativa_sociale.jpg\" alt=\"logo cooperativa la collina\" class=\"wp-image-4946\" style=\"width:91px;height:31px\" width=\"91\" height=\"31\" srcset=\"https:\/\/100anni.units.it\/wp-content\/uploads\/2024\/04\/100UniTS_logo_la_collina_cooperativa_sociale.jpg 439w, https:\/\/100anni.units.it\/wp-content\/uploads\/2024\/04\/100UniTS_logo_la_collina_cooperativa_sociale-300x103.jpg 300w\" sizes=\"auto, (max-width: 91px) 100vw, 91px\" \/><\/figure>\n<\/div>\n\n\n<figure class=\"wp-block-image size-full is-resized\"><img loading=\"lazy\" decoding=\"async\" src=\"https:\/\/100anni.units.it\/wp-content\/uploads\/2024\/04\/100UniTS_logo_associazione_FrancoBasaglia.jpg\" alt=\"logo associazione franco basaglia\" class=\"wp-image-4948\" style=\"width:113px;height:60px\" width=\"113\" height=\"60\"\/><\/figure>\n<\/div>\n\n\n\n<div class=\"wp-block-group is-content-justification-center is-nowrap is-layout-flex wp-container-core-group-is-layout-94bc23d7 wp-block-group-is-layout-flex\">\n<figure class=\"wp-block-image size-full is-resized\"><img loading=\"lazy\" decoding=\"async\" src=\"https:\/\/100anni.units.it\/wp-content\/uploads\/2024\/04\/100UniTS_logo_minumu.jpg\" alt=\"logo mini mu\" class=\"wp-image-4947\" style=\"width:69px;height:56px\" width=\"69\" height=\"56\"\/><\/figure>\n\n\n\n<figure class=\"wp-block-image size-full is-resized\"><img loading=\"lazy\" decoding=\"async\" src=\"https:\/\/100anni.units.it\/wp-content\/uploads\/2024\/04\/100UniTS_logo_casa_della_musica.png\" alt=\"logo scuola di musica casa della musica\" class=\"wp-image-4945\" style=\"width:207px;height:47px\" width=\"207\" height=\"47\" srcset=\"https:\/\/100anni.units.it\/wp-content\/uploads\/2024\/04\/100UniTS_logo_casa_della_musica.png 471w, https:\/\/100anni.units.it\/wp-content\/uploads\/2024\/04\/100UniTS_logo_casa_della_musica-300x68.png 300w\" sizes=\"auto, (max-width: 207px) 100vw, 207px\" \/><\/figure>\n<\/div>\n<\/div>\n<\/div>\n<\/div>\n\n\n\n<div style=\"height:100px\" aria-hidden=\"true\" class=\"wp-block-spacer\"><\/div>\n\n\n\n<div class=\"wp-block-cover alignfull\"><span aria-hidden=\"true\" class=\"wp-block-cover__background has-nv-light-bg-background-color has-background-dim-100 has-background-dim\"><\/span><div class=\"wp-block-cover__inner-container is-layout-flow wp-block-cover-is-layout-flow\">\n<div class=\"wp-block-group alignwide\"><div class=\"wp-block-group__inner-container is-layout-constrained wp-block-group-is-layout-constrained\">\n<div style=\"height:100px\" aria-hidden=\"true\" class=\"wp-block-spacer\"><\/div>\n\n\n\n<h2 class=\"wp-block-heading has-text-align-left has-neve-link-color-color has-text-color\">Programma &#8220;Cent&#8217;anni dell&#8217;Universit\u00e0 in scena&#8221;<\/h2>\n\n\n\n<div style=\"height:50px\" aria-hidden=\"true\" class=\"wp-block-spacer\"><\/div>\n\n\n\n<div class=\"wp-block-group is-vertical is-layout-flex wp-container-core-group-is-layout-8cf370e7 wp-block-group-is-layout-flex\">\n<div class=\"wp-block-columns is-layout-flex wp-container-core-columns-is-layout-9d6595d7 wp-block-columns-is-layout-flex\">\n<div class=\"wp-block-column is-layout-flow wp-block-column-is-layout-flow\" style=\"flex-basis:50%\">\n<div class=\"wp-block-group has-nv-light-bg-background-color has-background is-vertical is-layout-flex wp-container-core-group-is-layout-8cf370e7 wp-block-group-is-layout-flex\">\n<h5 class=\"wp-block-heading has-neve-link-color-color has-text-color\" style=\"font-style:normal;font-weight:400\"><strong>Venerd\u00ec 3 maggio 2024 ore 20.30<\/strong><\/h5>\n\n\n\n<div class=\"wp-block-group is-nowrap is-layout-flex wp-container-core-group-is-layout-64989fb1 wp-block-group-is-layout-flex\">\n<div class=\"wp-block-boldblocks-svg-block\"><div class=\"wp-block-boldblocks-svg-block__inner\" style=\"--bb--width--sm:var(--bb--width--lg);--bb--width--md:var(--bb--width--lg);--bb--width--lg:15px;--bb--fill--color:var(--wp--preset--color--neve-link-color, var(--nv-primary-accent))\"><svg version=\"1.1\" id=\"Layer_1\" xmlns=\"http:\/\/www.w3.org\/2000\/svg\" xmlns:xlink=\"http:\/\/www.w3.org\/1999\/xlink\" x=\"0px\" y=\"0px\" viewBox=\"0 0 234.67 300\" xml:space=\"preserve\">\n<style type=\"text\/css\">\n\t.st0{fill:#2B2B2B;}\n<\/style>\n<path class=\"st0\" d=\"M117.33,0C59.83,0,13.22,46.61,13.22,104.11c0,9.88,1.41,19.43,3.98,28.48c1.58,5.58,3.32,11.11,6.05,16.12\n\tC44.6,187.81,117.33,300,117.33,300s72.74-112.2,94.09-151.28c2.73-5.01,4.46-10.54,6.05-16.12c2.57-9.06,3.98-18.6,3.98-28.48\n\tC221.45,46.61,174.83,0,117.33,0z M117.33,149.96c-14.52,0-27.48-6.79-35.88-17.36c-6.23-7.83-9.96-17.73-9.96-28.48\n\tc0-25.28,20.57-45.84,45.85-45.84c25.28,0,45.84,20.57,45.84,45.84c0,10.76-3.73,20.66-9.96,28.48\n\tC144.81,143.16,131.85,149.96,117.33,149.96z\"><\/path>\n<\/svg><\/div><\/div>\n\n\n\n<h5 class=\"wp-block-heading has-neve-text-color-color has-text-color\" style=\"font-style:normal;font-weight:400\"><strong>Parco di San Giovanni, via Edoardo Weiss, Trieste<\/strong><\/h5>\n<\/div>\n\n\n\n<h4 class=\"wp-block-heading has-neve-link-color-color has-text-color\" style=\"font-style:normal;font-weight:400\"><strong><a href=\"https:\/\/100anni.units.it\/index.php\/evento\/rose-libri-musica-vino-2024-omaggio-a-franco-basaglia\/\">OMAGGIO A FRANCO BASAGLIA<\/a><\/strong><\/h4>\n\n\n\n<p class=\"has-neve-text-color-color has-text-color\"><strong><em>La vera storia di un\u2019impensabile liberazione<\/em><\/strong><\/p>\n\n\n\n<p class=\"has-neve-text-color-color has-text-color\">A 100 anni dalla nascita di Franco Basaglia, il Teatro Stabile del Friuli Venezia Giulia evoca il suo fondamentale percorso in \u201cla vera storia di un\u2019impensabile liberazione\u201d.<br>Nel 1961, 37enne, Basaglia entra in un manicomio: \u00e8 il nuovo direttore. Ci\u00f2 che vede lo sconcerta, davanti a tanta violenza vorrebbe scappare. Invece scommette il suo potere di direttore per cambiare tutto. Lo fa a Gorizia, poi a Trieste e nel 1978 \u00e8 approvata la legge 180. \u00c8 l&#8217;atto di nascita della riforma psichiatrica: ridisegna lo statuto giuridico dei malati di mente e stabilisce la chiusura degli ospedali psichiatrici. Massimo Cirri e Peppe Dell&#8217;Acqua raccontano un po\u2019 di questa storia e delle storie minime di coloro che l&#8217;internamento hanno vissuto. Una storia che non \u00e8 finita e non potr\u00e0 mai finire.<\/p>\n\n\n\n<p class=\"has-neve-text-color-color has-text-color\"><br>Con Massimo Cirri e Peppe Dell&#8217;Acqua<br>Di Massimo Cirri e Peppe Dell&#8217;Acqua<br>Regia Erika Rossi<\/p>\n\n\n\n<p class=\"has-neve-text-color-color has-text-color\"><strong>Produzione Il Rossetti Teatro Stabile del Friuli Venezia Giulia<\/strong><\/p>\n\n\n\n<div style=\"height:0px\" aria-hidden=\"true\" class=\"wp-block-spacer wp-container-content-62aae154\"><\/div>\n<\/div>\n<\/div>\n\n\n\n<div class=\"wp-block-column is-layout-flow wp-block-column-is-layout-flow\" style=\"flex-basis:50%\">\n<div class=\"wp-block-group is-vertical is-layout-flex wp-container-core-group-is-layout-8cf370e7 wp-block-group-is-layout-flex\">\n<h5 class=\"wp-block-heading has-neve-link-color-color has-text-color\" style=\"font-style:normal;font-weight:400\"><strong>Venerd\u00ec <strong>10 maggio 2024<\/strong> ore 19.00<\/strong><\/h5>\n\n\n\n<div class=\"wp-block-group is-nowrap is-layout-flex wp-container-core-group-is-layout-64989fb1 wp-block-group-is-layout-flex\">\n<div class=\"wp-block-boldblocks-svg-block\"><div class=\"wp-block-boldblocks-svg-block__inner\" style=\"--bb--width--sm:var(--bb--width--lg);--bb--width--md:var(--bb--width--lg);--bb--width--lg:15px;--bb--fill--color:var(--wp--preset--color--neve-link-color, var(--nv-primary-accent))\"><svg version=\"1.1\" id=\"Layer_1\" xmlns=\"http:\/\/www.w3.org\/2000\/svg\" xmlns:xlink=\"http:\/\/www.w3.org\/1999\/xlink\" x=\"0px\" y=\"0px\" viewBox=\"0 0 234.67 300\" xml:space=\"preserve\">\n<style type=\"text\/css\">\n\t.st0{fill:#2B2B2B;}\n<\/style>\n<path class=\"st0\" d=\"M117.33,0C59.83,0,13.22,46.61,13.22,104.11c0,9.88,1.41,19.43,3.98,28.48c1.58,5.58,3.32,11.11,6.05,16.12\n\tC44.6,187.81,117.33,300,117.33,300s72.74-112.2,94.09-151.28c2.73-5.01,4.46-10.54,6.05-16.12c2.57-9.06,3.98-18.6,3.98-28.48\n\tC221.45,46.61,174.83,0,117.33,0z M117.33,149.96c-14.52,0-27.48-6.79-35.88-17.36c-6.23-7.83-9.96-17.73-9.96-28.48\n\tc0-25.28,20.57-45.84,45.85-45.84c25.28,0,45.84,20.57,45.84,45.84c0,10.76-3.73,20.66-9.96,28.48\n\tC144.81,143.16,131.85,149.96,117.33,149.96z\"><\/path>\n<\/svg><\/div><\/div>\n\n\n\n<h5 class=\"wp-block-heading has-neve-text-color-color has-text-color\" style=\"font-style:normal;font-weight:400\"><strong><strong><strong>Parco di San Giovanni, via Edoardo Weiss, Trieste<\/strong><\/strong><\/strong><\/h5>\n<\/div>\n\n\n\n<h4 class=\"wp-block-heading has-neve-link-color-color has-text-color\" style=\"font-style:normal;font-weight:400\"><strong><strong><a href=\"https:\/\/100anni.units.it\/index.php\/evento\/rose-libri-musica-vino-2024-omaggio-a-gaetano-kanizsa\/\">OMAGGIO A GAETANO KANIZSA<\/a><\/strong><\/strong><\/h4>\n\n\n\n<p class=\"has-neve-text-color-color has-text-color\"><strong><strong><em>Tano. Inganno e verit\u00e0 nelle ricerche di Gaetano Kanizsa<\/em><\/strong><\/strong><\/p>\n\n\n\n<p class=\"has-neve-text-color-color has-text-color\">Gaetano Kanizsa, psicologo, professore e artista della percezione, ci suggerisce che per la nostra tendenza organizzativa innata non riusciamo a percepire una figura senza uno sfondo, \u00e8 per questo che per &#8220;vedere&#8221; davvero abbiamo bisogno di un contrasto, di qualcosa d\u2019altro che sia alle spalle della figura stessa. L\u2019idea di Kanizsa diventa cos\u00ec un gioco teatrale: per vedere noi stessi abbiamo bisogno dell\u2019altro, di qualcuno diverso da noi, che sia contemporaneamente la risposta e la domanda, ed ecco che nasce un dialogo, illusorio e inventato, tra Kanizsa e il suo Maestro. In un gioco di specchi che si riflettono, il professore \u00e8 nello stesso tempo allievo, e il vero allievo si incontra solo alla fine, quando il gioco percettivo \u00e8 svelato.<br><\/p>\n\n\n\n<p class=\"has-neve-text-color-color has-text-color\">Con Fulvio Falzarano e Nicola Ciaffoni e la partecipazione amichevole di Walter Gerbino, professore emerito, Universit\u00e0 degli Studi di Trieste<br>Drammaturgia originale Gioia Battista<\/p>\n\n\n\n<p class=\"has-neve-text-color-color has-text-color\"><strong>Produzione Hangar Teatri&nbsp;<\/strong><\/p>\n\n\n\n<div style=\"height:0px\" aria-hidden=\"true\" class=\"wp-block-spacer wp-container-content-62aae154\"><\/div>\n<\/div>\n<\/div>\n<\/div>\n\n\n\n<div style=\"height:0px\" aria-hidden=\"true\" class=\"wp-block-spacer wp-container-content-b30579f5\"><\/div>\n\n\n\n<div class=\"wp-block-columns is-layout-flex wp-container-core-columns-is-layout-9d6595d7 wp-block-columns-is-layout-flex\">\n<div class=\"wp-block-column is-layout-flow wp-block-column-is-layout-flow\" style=\"flex-basis:50%\">\n<div class=\"wp-block-group is-vertical is-layout-flex wp-container-core-group-is-layout-8cf370e7 wp-block-group-is-layout-flex\">\n<h5 class=\"wp-block-heading has-neve-link-color-color has-text-color\" style=\"font-style:normal;font-weight:400\"><strong><strong><strong>Venerd\u00ec <strong>17 maggio 2024<\/strong><\/strong><\/strong><\/strong> <strong>ore 19.00<\/strong><\/h5>\n\n\n\n<div class=\"wp-block-group is-nowrap is-layout-flex wp-container-core-group-is-layout-64989fb1 wp-block-group-is-layout-flex\">\n<div class=\"wp-block-boldblocks-svg-block\"><div class=\"wp-block-boldblocks-svg-block__inner\" style=\"--bb--width--sm:var(--bb--width--lg);--bb--width--md:var(--bb--width--lg);--bb--width--lg:15px;--bb--fill--color:var(--wp--preset--color--neve-link-color, var(--nv-primary-accent))\"><svg version=\"1.1\" id=\"Layer_1\" xmlns=\"http:\/\/www.w3.org\/2000\/svg\" xmlns:xlink=\"http:\/\/www.w3.org\/1999\/xlink\" x=\"0px\" y=\"0px\" viewBox=\"0 0 234.67 300\" xml:space=\"preserve\">\n<style type=\"text\/css\">\n\t.st0{fill:#2B2B2B;}\n<\/style>\n<path class=\"st0\" d=\"M117.33,0C59.83,0,13.22,46.61,13.22,104.11c0,9.88,1.41,19.43,3.98,28.48c1.58,5.58,3.32,11.11,6.05,16.12\n\tC44.6,187.81,117.33,300,117.33,300s72.74-112.2,94.09-151.28c2.73-5.01,4.46-10.54,6.05-16.12c2.57-9.06,3.98-18.6,3.98-28.48\n\tC221.45,46.61,174.83,0,117.33,0z M117.33,149.96c-14.52,0-27.48-6.79-35.88-17.36c-6.23-7.83-9.96-17.73-9.96-28.48\n\tc0-25.28,20.57-45.84,45.85-45.84c25.28,0,45.84,20.57,45.84,45.84c0,10.76-3.73,20.66-9.96,28.48\n\tC144.81,143.16,131.85,149.96,117.33,149.96z\"><\/path>\n<\/svg><\/div><\/div>\n\n\n\n<h5 class=\"wp-block-heading has-neve-text-color-color has-text-color\" style=\"font-style:normal;font-weight:400\"><strong><strong>Parco di San Giovanni, via Edoardo Weiss, Trieste<\/strong><\/strong><\/h5>\n<\/div>\n\n\n\n<h4 class=\"wp-block-heading has-neve-link-color-color has-text-color\" style=\"font-style:normal;font-weight:400\"><strong><a href=\"https:\/\/100anni.units.it\/index.php\/evento\/rose-libri-musica-vino-2024-omaggio-a-paolo-budinich\/\">OMAGGIO A PAOLO BUDINICH<\/a><\/strong><\/h4>\n\n\n\n<p class=\"has-neve-text-color-color has-text-color\"><strong><em>Premejevaje \/ Sconfinarrando<\/em><\/strong><\/p>\n\n\n\n<p class=\"has-neve-text-color-color has-text-color\">Lo spettacolo \u00e8 un viaggio letterario attorno al confine, un quadro del particolare destino di frontiera vissuto da persone, popoli, culture, lingue o stati contigui attraverso quattordici brani di letteratura italiana e slovena ispirati ai temi della convivenza nelle comuni, multiculturali terre adriatiche del cuore d\u2019Europa. Il racconto assume toni dolenti, tragici, controversi, elegiaci, ironici, comici o entusiastici attraverso le parole, in italiano e sloveno, di Umberto Saba, Italo Svevo, Fulvio Tomizza, Claudio Magris, Paolo Rumiz, Diego Marani, Roberto Dedenaro, Boris A. Novak, Marica Nadli\u0161ek Bartol, Boris Pahor, Alojz Rebula, Marko Sosi\u010d, Miroslav Ko\u0161uta e David Bandelj.<br><\/p>\n\n\n\n<p class=\"has-neve-text-color-color has-text-color\">Con Ariella Reggio, Nikla Petru\u0161ka Panizon, Miran Ko\u0161uta, Danijel Malalan, Ivan Zerbinati<\/p>\n\n\n\n<p class=\"has-neve-text-color-color has-text-color\">Testi e musiche Miran Ko\u0161uta<br>Video Maurizio Bressan<br>Regia Lino Marrazzo<br><br><strong>Coproduzione Teatro Stabile Sloveno &#8211; Slovensko Stalno Gledali\u0161\u010de, Teatro Stabile La Contrada e Teatro Miela Bonawentura<\/strong><\/p>\n\n\n\n<div style=\"height:0px\" aria-hidden=\"true\" class=\"wp-block-spacer wp-container-content-62aae154\"><\/div>\n<\/div>\n<\/div>\n\n\n\n<div class=\"wp-block-column is-layout-flow wp-block-column-is-layout-flow\" style=\"flex-basis:50%\">\n<div class=\"wp-block-group is-vertical is-layout-flex wp-container-core-group-is-layout-8cf370e7 wp-block-group-is-layout-flex\">\n<h5 class=\"wp-block-heading has-neve-link-color-color has-text-color\" style=\"font-style:normal;font-weight:400\"><strong><strong><strong>Venerd\u00ec <strong>24 maggio 2024<\/strong><\/strong><\/strong><\/strong> <strong>ore 19.00<\/strong><\/h5>\n\n\n\n<div class=\"wp-block-group is-nowrap is-layout-flex wp-container-core-group-is-layout-64989fb1 wp-block-group-is-layout-flex\">\n<div class=\"wp-block-boldblocks-svg-block\"><div class=\"wp-block-boldblocks-svg-block__inner\" style=\"--bb--width--sm:var(--bb--width--lg);--bb--width--md:var(--bb--width--lg);--bb--width--lg:15px;--bb--fill--color:var(--wp--preset--color--neve-link-color, var(--nv-primary-accent))\"><svg version=\"1.1\" id=\"Layer_1\" xmlns=\"http:\/\/www.w3.org\/2000\/svg\" xmlns:xlink=\"http:\/\/www.w3.org\/1999\/xlink\" x=\"0px\" y=\"0px\" viewBox=\"0 0 234.67 300\" xml:space=\"preserve\">\n<style type=\"text\/css\">\n\t.st0{fill:#2B2B2B;}\n<\/style>\n<path class=\"st0\" d=\"M117.33,0C59.83,0,13.22,46.61,13.22,104.11c0,9.88,1.41,19.43,3.98,28.48c1.58,5.58,3.32,11.11,6.05,16.12\n\tC44.6,187.81,117.33,300,117.33,300s72.74-112.2,94.09-151.28c2.73-5.01,4.46-10.54,6.05-16.12c2.57-9.06,3.98-18.6,3.98-28.48\n\tC221.45,46.61,174.83,0,117.33,0z M117.33,149.96c-14.52,0-27.48-6.79-35.88-17.36c-6.23-7.83-9.96-17.73-9.96-28.48\n\tc0-25.28,20.57-45.84,45.85-45.84c25.28,0,45.84,20.57,45.84,45.84c0,10.76-3.73,20.66-9.96,28.48\n\tC144.81,143.16,131.85,149.96,117.33,149.96z\"><\/path>\n<\/svg><\/div><\/div>\n\n\n\n<h5 class=\"wp-block-heading has-neve-text-color-color has-text-color\" style=\"font-style:normal;font-weight:400\"><strong><strong>Parco di San Giovanni, via Edoardo Weiss, Trieste<\/strong><\/strong><\/h5>\n<\/div>\n\n\n\n<h4 class=\"wp-block-heading has-neve-link-color-color has-text-color\" style=\"font-style:normal;font-weight:400\"><strong><a href=\"https:\/\/100anni.units.it\/index.php\/evento\/rose-libri-musica-vino-2024-omaggio-a-gillo-dorfles\/\">OMAGGIO A GILLO DORFLES <\/a><\/strong><\/h4>\n\n\n\n<p class=\"has-neve-text-color-color has-text-color\"><strong><em>Gillo mitico eclettico, all&#8217;anagrafe Angelo Eugenio Dorfles<\/em><\/strong><\/p>\n\n\n\n<p class=\"has-neve-text-color-color has-text-color\">Gillo Dorfles ha attraversato la cultura del Novecento dialogando a tu per tu con i suoi protagonisti. Osservatore acuto, ha spaziato dalla musica al design, dal teatro alla moda, alla politica.Un elogio a pi\u00f9 voci su una delle personalit\u00e0 pi\u00f9 originali della nostra cultura, un intreccio tra attori e ospiti per riflettere sulla contemporaneit\u00e0 del suo pensiero.<\/p>\n\n\n\n<p class=\"has-neve-text-color-color has-text-color\">Letture sceniche con Mauro Fantin e Adriano Giraldi<br>Ideazione e coordinamento Laura Forcessini<br>Regia Massimo Navone<\/p>\n\n\n\n<p class=\"has-neve-text-color-color has-text-color\"><strong>Produzione Teatro Miela Bonawentura<\/strong><\/p>\n\n\n\n<div style=\"height:0px\" aria-hidden=\"true\" class=\"wp-block-spacer wp-container-content-62aae154\"><\/div>\n<\/div>\n<\/div>\n<\/div>\n\n\n\n<div style=\"height:0px\" aria-hidden=\"true\" class=\"wp-block-spacer wp-container-content-b30579f5\"><\/div>\n\n\n\n<div class=\"wp-block-columns is-layout-flex wp-container-core-columns-is-layout-9d6595d7 wp-block-columns-is-layout-flex\">\n<div class=\"wp-block-column is-layout-flow wp-block-column-is-layout-flow\" style=\"flex-basis:50%\">\n<div class=\"wp-block-group is-vertical is-layout-flex wp-container-core-group-is-layout-8cf370e7 wp-block-group-is-layout-flex\">\n<h5 class=\"wp-block-heading has-neve-link-color-color has-text-color\" style=\"font-style:normal;font-weight:400\"><strong><strong><strong><strong>Venerd\u00ec <strong>31 maggio 2024<\/strong><\/strong><\/strong><\/strong> ore 19.00<\/strong><\/h5>\n\n\n\n<div class=\"wp-block-group is-nowrap is-layout-flex wp-container-core-group-is-layout-64989fb1 wp-block-group-is-layout-flex\">\n<div class=\"wp-block-boldblocks-svg-block\"><div class=\"wp-block-boldblocks-svg-block__inner\" style=\"--bb--width--sm:var(--bb--width--lg);--bb--width--md:var(--bb--width--lg);--bb--width--lg:15px;--bb--fill--color:var(--wp--preset--color--neve-link-color, var(--nv-primary-accent))\"><svg version=\"1.1\" id=\"Layer_1\" xmlns=\"http:\/\/www.w3.org\/2000\/svg\" xmlns:xlink=\"http:\/\/www.w3.org\/1999\/xlink\" x=\"0px\" y=\"0px\" viewBox=\"0 0 234.67 300\" xml:space=\"preserve\">\n<style type=\"text\/css\">\n\t.st0{fill:#2B2B2B;}\n<\/style>\n<path class=\"st0\" d=\"M117.33,0C59.83,0,13.22,46.61,13.22,104.11c0,9.88,1.41,19.43,3.98,28.48c1.58,5.58,3.32,11.11,6.05,16.12\n\tC44.6,187.81,117.33,300,117.33,300s72.74-112.2,94.09-151.28c2.73-5.01,4.46-10.54,6.05-16.12c2.57-9.06,3.98-18.6,3.98-28.48\n\tC221.45,46.61,174.83,0,117.33,0z M117.33,149.96c-14.52,0-27.48-6.79-35.88-17.36c-6.23-7.83-9.96-17.73-9.96-28.48\n\tc0-25.28,20.57-45.84,45.85-45.84c25.28,0,45.84,20.57,45.84,45.84c0,10.76-3.73,20.66-9.96,28.48\n\tC144.81,143.16,131.85,149.96,117.33,149.96z\"><\/path>\n<\/svg><\/div><\/div>\n\n\n\n<h5 class=\"wp-block-heading has-neve-text-color-color has-text-color\" style=\"font-style:normal;font-weight:400\"><strong><strong><strong><strong><strong>Parco di San Giovanni, via Edoardo Weiss, Trieste<\/strong><\/strong><\/strong><\/strong><\/strong><\/h5>\n<\/div>\n\n\n\n<h4 class=\"wp-block-heading has-neve-link-color-color has-text-color\" style=\"font-style:normal;font-weight:400\"><strong><a href=\"https:\/\/100anni.units.it\/index.php\/evento\/rose-libri-musica-vino-2024-omaggio-a-margherita-hack\/\">OMAGGIO A MARGHERITA HACK <\/a><\/strong><\/h4>\n\n\n\n<p class=\"has-neve-text-color-color has-text-color\"><strong><em>Margherita e le sue stelle<br><\/em><\/strong>Una storia per ricordare ai pi\u00f9 piccoli l&#8217;astrofisica Margherita Hack. Chi di noi non si \u00e8 mai fermato davanti all&#8217;immensit\u00e0 di un cielo stellato? Margherita lo scruta, lo osserva con vivida curiosit\u00e0 per conoscerlo e scoprirne i misteri. Un compagno di viaggio le sveler\u00e0 i segreti dell\u2019Universo e lei scoprir\u00e0 quanto sia meravigliosa quella vastit\u00e0. Intanto sulla Terra si avvicendano fatti storici ai suoi occhi del tutto incomprensibili.<\/p>\n\n\n\n<p class=\"has-neve-text-color-color has-text-color\">Con Zita Fusco, Valentino Pagliei<br>Ideazione Zita Fusco<br><br><strong>Produzione Teatro Stabile La Contrada<\/strong><\/p>\n<\/div>\n\n\n\n<div style=\"height:20px\" aria-hidden=\"true\" class=\"wp-block-spacer\"><\/div>\n<\/div>\n<\/div>\n<\/div>\n<\/div><\/div>\n<\/div><\/div>\n\n\n\n<div style=\"height:100px\" aria-hidden=\"true\" class=\"wp-block-spacer\"><\/div>\n\n\n\n<div class=\"wp-block-group\"><div class=\"wp-block-group__inner-container is-layout-constrained wp-block-group-is-layout-constrained\">\n<div style=\"height:25px\" aria-hidden=\"true\" class=\"wp-block-spacer\"><\/div>\n\n\n<div class=\"yoast-breadcrumbs\"><span><span><a href=\"https:\/\/100anni.units.it\/\">Home<\/a><\/span> \u00bb <span class=\"breadcrumb_last\" aria-current=\"page\">ROSE LIBRI MUSICA VINO 2024<\/span><\/span><\/div>\n\n\n<div style=\"height:40px\" aria-hidden=\"true\" class=\"wp-block-spacer\"><\/div>\n<\/div><\/div>\n","protected":false},"excerpt":{"rendered":"<p>ROSE LIBRI MUSICA VINO 2024 Per il Centenario di UniTS e della nascita di Franco Basaglia Appuntamento tutti i venerd\u00ec, dal 3 al 31 maggio, presso il Parco di San&hellip;&nbsp;<a href=\"https:\/\/100anni.units.it\/index.php\/home\/rose-libri-musica-vino-2024\/\" class=\"\" rel=\"bookmark\">Leggi tutto &raquo;<span class=\"screen-reader-text\">ROSE LIBRI MUSICA VINO 2024<\/span><\/a><\/p>\n","protected":false},"author":1,"featured_media":5014,"parent":120,"menu_order":0,"comment_status":"closed","ping_status":"closed","template":"","meta":{"neve_meta_sidebar":"","neve_meta_container":"","neve_meta_enable_content_width":"","neve_meta_content_width":0,"neve_meta_title_alignment":"","neve_meta_author_avatar":"","neve_post_elements_order":"","neve_meta_disable_header":"","neve_meta_disable_footer":"","neve_meta_disable_title":"","_EventAllDay":false,"_EventTimezone":"","_EventStartDate":"","_EventEndDate":"","_EventStartDateUTC":"","_EventEndDateUTC":"","_EventShowMap":false,"_EventShowMapLink":false,"_EventURL":"","_EventCost":"","_EventCostDescription":"","_EventCurrencySymbol":"","_EventCurrencyCode":"","_EventCurrencyPosition":"","_EventDateTimeSeparator":"","_EventTimeRangeSeparator":"","_EventOrganizerID":[],"_EventVenueID":[],"_OrganizerEmail":"","_OrganizerPhone":"","_OrganizerWebsite":"","_VenueAddress":"","_VenueCity":"","_VenueCountry":"","_VenueProvince":"","_VenueState":"","_VenueZip":"","_VenuePhone":"","_VenueURL":"","_VenueStateProvince":"","_VenueLat":"","_VenueLng":"","_VenueShowMap":false,"_VenueShowMapLink":false,"_ti_tpc_template_sync":false,"_ti_tpc_template_id":"","footnotes":""},"class_list":["post-4929","page","type-page","status-publish","has-post-thumbnail","hentry"],"yoast_head":"<!-- This site is optimized with the Yoast SEO plugin v21.0 - https:\/\/yoast.com\/wordpress\/plugins\/seo\/ -->\n<title>ROSE LIBRI MUSICA VINO 2024 &ndash; #100UniTS<\/title>\n<meta name=\"description\" content=\"Rose libri musica vino 2024, appuntamento tutti i venerd\u00ec, dal 3 al 31 maggio, presso il Parco di San Giovanni a Trieste\" \/>\n<meta name=\"robots\" content=\"index, follow, max-snippet:-1, max-image-preview:large, max-video-preview:-1\" \/>\n<link rel=\"canonical\" href=\"https:\/\/100anni.units.it\/index.php\/home\/rose-libri-musica-vino-2024\/\" \/>\n<meta property=\"og:locale\" content=\"it_IT\" \/>\n<meta property=\"og:type\" content=\"article\" \/>\n<meta property=\"og:title\" content=\"ROSE LIBRI MUSICA VINO 2024 &ndash; #100UniTS\" \/>\n<meta property=\"og:description\" content=\"Rose libri musica vino 2024, appuntamento tutti i venerd\u00ec, dal 3 al 31 maggio, presso il Parco di San Giovanni a Trieste\" \/>\n<meta property=\"og:url\" content=\"https:\/\/100anni.units.it\/index.php\/home\/rose-libri-musica-vino-2024\/\" \/>\n<meta property=\"og:site_name\" content=\"#100UniTS\" \/>\n<meta property=\"article:publisher\" content=\"https:\/\/www.facebook.com\/universitatrieste\" \/>\n<meta property=\"article:modified_time\" content=\"2024-06-06T07:19:01+00:00\" \/>\n<meta property=\"og:image\" content=\"https:\/\/100anni.units.it\/wp-content\/uploads\/2024\/04\/100UniTS_dettaglio_locandina_Roselibrimusicavino.jpg\" \/>\n\t<meta property=\"og:image:width\" content=\"1090\" \/>\n\t<meta property=\"og:image:height\" content=\"613\" \/>\n\t<meta property=\"og:image:type\" content=\"image\/jpeg\" \/>\n<meta name=\"twitter:card\" content=\"summary_large_image\" \/>\n<meta name=\"twitter:site\" content=\"@UniTrieste\" \/>\n<meta name=\"twitter:label1\" content=\"Tempo di lettura stimato\" \/>\n\t<meta name=\"twitter:data1\" content=\"10 minuti\" \/>\n<script type=\"application\/ld+json\" class=\"yoast-schema-graph\">{\"@context\":\"https:\/\/schema.org\",\"@graph\":[{\"@type\":\"WebPage\",\"@id\":\"https:\/\/100anni.units.it\/index.php\/home\/rose-libri-musica-vino-2024\/\",\"url\":\"https:\/\/100anni.units.it\/index.php\/home\/rose-libri-musica-vino-2024\/\",\"name\":\"ROSE LIBRI MUSICA VINO 2024 &ndash; #100UniTS\",\"isPartOf\":{\"@id\":\"https:\/\/100anni.units.it\/#website\"},\"datePublished\":\"2024-04-19T16:31:48+00:00\",\"dateModified\":\"2024-06-06T07:19:01+00:00\",\"description\":\"Rose libri musica vino 2024, appuntamento tutti i venerd\u00ec, dal 3 al 31 maggio, presso il Parco di San Giovanni a Trieste\",\"breadcrumb\":{\"@id\":\"https:\/\/100anni.units.it\/index.php\/home\/rose-libri-musica-vino-2024\/#breadcrumb\"},\"inLanguage\":\"it-IT\",\"potentialAction\":[{\"@type\":\"ReadAction\",\"target\":[\"https:\/\/100anni.units.it\/index.php\/home\/rose-libri-musica-vino-2024\/\"]}]},{\"@type\":\"BreadcrumbList\",\"@id\":\"https:\/\/100anni.units.it\/index.php\/home\/rose-libri-musica-vino-2024\/#breadcrumb\",\"itemListElement\":[{\"@type\":\"ListItem\",\"position\":1,\"name\":\"Home\",\"item\":\"https:\/\/100anni.units.it\/\"},{\"@type\":\"ListItem\",\"position\":2,\"name\":\"ROSE LIBRI MUSICA VINO 2024\"}]},{\"@type\":\"WebSite\",\"@id\":\"https:\/\/100anni.units.it\/#website\",\"url\":\"https:\/\/100anni.units.it\/\",\"name\":\"#100UniTS\",\"description\":\"Ogni giorno, da cento anni, con noi puoi scoprire ci\u00f2 che sar\u00e0 realt\u00e0 nel futuro. Celebriamo insieme un secolo di ricerca, eccellenza, creativit\u00e0 e ingegno umano.\",\"publisher\":{\"@id\":\"https:\/\/100anni.units.it\/#organization\"},\"potentialAction\":[{\"@type\":\"SearchAction\",\"target\":{\"@type\":\"EntryPoint\",\"urlTemplate\":\"https:\/\/100anni.units.it\/?s={search_term_string}\"},\"query-input\":\"required name=search_term_string\"}],\"inLanguage\":\"it-IT\"},{\"@type\":\"Organization\",\"@id\":\"https:\/\/100anni.units.it\/#organization\",\"name\":\"Universit\u00e0 degli Studi di Trieste\",\"alternateName\":\"UniTS\",\"url\":\"https:\/\/100anni.units.it\/\",\"logo\":{\"@type\":\"ImageObject\",\"inLanguage\":\"it-IT\",\"@id\":\"https:\/\/100anni.units.it\/#\/schema\/logo\/image\/\",\"url\":\"https:\/\/100anni.units.it\/wp-content\/uploads\/2023\/08\/units_sigillo.png\",\"contentUrl\":\"https:\/\/100anni.units.it\/wp-content\/uploads\/2023\/08\/units_sigillo.png\",\"width\":696,\"height\":696,\"caption\":\"Universit\u00e0 degli Studi di Trieste\"},\"image\":{\"@id\":\"https:\/\/100anni.units.it\/#\/schema\/logo\/image\/\"},\"sameAs\":[\"https:\/\/www.facebook.com\/universitatrieste\",\"https:\/\/twitter.com\/UniTrieste\"]}]}<\/script>\n<!-- \/ Yoast SEO plugin. -->","yoast_head_json":{"title":"ROSE LIBRI MUSICA VINO 2024 &ndash; #100UniTS","description":"Rose libri musica vino 2024, appuntamento tutti i venerd\u00ec, dal 3 al 31 maggio, presso il Parco di San Giovanni a Trieste","robots":{"index":"index","follow":"follow","max-snippet":"max-snippet:-1","max-image-preview":"max-image-preview:large","max-video-preview":"max-video-preview:-1"},"canonical":"https:\/\/100anni.units.it\/index.php\/home\/rose-libri-musica-vino-2024\/","og_locale":"it_IT","og_type":"article","og_title":"ROSE LIBRI MUSICA VINO 2024 &ndash; #100UniTS","og_description":"Rose libri musica vino 2024, appuntamento tutti i venerd\u00ec, dal 3 al 31 maggio, presso il Parco di San Giovanni a Trieste","og_url":"https:\/\/100anni.units.it\/index.php\/home\/rose-libri-musica-vino-2024\/","og_site_name":"#100UniTS","article_publisher":"https:\/\/www.facebook.com\/universitatrieste","article_modified_time":"2024-06-06T07:19:01+00:00","og_image":[{"width":1090,"height":613,"url":"https:\/\/100anni.units.it\/wp-content\/uploads\/2024\/04\/100UniTS_dettaglio_locandina_Roselibrimusicavino.jpg","type":"image\/jpeg"}],"twitter_card":"summary_large_image","twitter_site":"@UniTrieste","twitter_misc":{"Tempo di lettura stimato":"10 minuti"},"schema":{"@context":"https:\/\/schema.org","@graph":[{"@type":"WebPage","@id":"https:\/\/100anni.units.it\/index.php\/home\/rose-libri-musica-vino-2024\/","url":"https:\/\/100anni.units.it\/index.php\/home\/rose-libri-musica-vino-2024\/","name":"ROSE LIBRI MUSICA VINO 2024 &ndash; #100UniTS","isPartOf":{"@id":"https:\/\/100anni.units.it\/#website"},"datePublished":"2024-04-19T16:31:48+00:00","dateModified":"2024-06-06T07:19:01+00:00","description":"Rose libri musica vino 2024, appuntamento tutti i venerd\u00ec, dal 3 al 31 maggio, presso il Parco di San Giovanni a Trieste","breadcrumb":{"@id":"https:\/\/100anni.units.it\/index.php\/home\/rose-libri-musica-vino-2024\/#breadcrumb"},"inLanguage":"it-IT","potentialAction":[{"@type":"ReadAction","target":["https:\/\/100anni.units.it\/index.php\/home\/rose-libri-musica-vino-2024\/"]}]},{"@type":"BreadcrumbList","@id":"https:\/\/100anni.units.it\/index.php\/home\/rose-libri-musica-vino-2024\/#breadcrumb","itemListElement":[{"@type":"ListItem","position":1,"name":"Home","item":"https:\/\/100anni.units.it\/"},{"@type":"ListItem","position":2,"name":"ROSE LIBRI MUSICA VINO 2024"}]},{"@type":"WebSite","@id":"https:\/\/100anni.units.it\/#website","url":"https:\/\/100anni.units.it\/","name":"#100UniTS","description":"Ogni giorno, da cento anni, con noi puoi scoprire ci\u00f2 che sar\u00e0 realt\u00e0 nel futuro. Celebriamo insieme un secolo di ricerca, eccellenza, creativit\u00e0 e ingegno umano.","publisher":{"@id":"https:\/\/100anni.units.it\/#organization"},"potentialAction":[{"@type":"SearchAction","target":{"@type":"EntryPoint","urlTemplate":"https:\/\/100anni.units.it\/?s={search_term_string}"},"query-input":"required name=search_term_string"}],"inLanguage":"it-IT"},{"@type":"Organization","@id":"https:\/\/100anni.units.it\/#organization","name":"Universit\u00e0 degli Studi di Trieste","alternateName":"UniTS","url":"https:\/\/100anni.units.it\/","logo":{"@type":"ImageObject","inLanguage":"it-IT","@id":"https:\/\/100anni.units.it\/#\/schema\/logo\/image\/","url":"https:\/\/100anni.units.it\/wp-content\/uploads\/2023\/08\/units_sigillo.png","contentUrl":"https:\/\/100anni.units.it\/wp-content\/uploads\/2023\/08\/units_sigillo.png","width":696,"height":696,"caption":"Universit\u00e0 degli Studi di Trieste"},"image":{"@id":"https:\/\/100anni.units.it\/#\/schema\/logo\/image\/"},"sameAs":["https:\/\/www.facebook.com\/universitatrieste","https:\/\/twitter.com\/UniTrieste"]}]}},"_links":{"self":[{"href":"https:\/\/100anni.units.it\/index.php\/wp-json\/wp\/v2\/pages\/4929","targetHints":{"allow":["GET"]}}],"collection":[{"href":"https:\/\/100anni.units.it\/index.php\/wp-json\/wp\/v2\/pages"}],"about":[{"href":"https:\/\/100anni.units.it\/index.php\/wp-json\/wp\/v2\/types\/page"}],"author":[{"embeddable":true,"href":"https:\/\/100anni.units.it\/index.php\/wp-json\/wp\/v2\/users\/1"}],"replies":[{"embeddable":true,"href":"https:\/\/100anni.units.it\/index.php\/wp-json\/wp\/v2\/comments?post=4929"}],"version-history":[{"count":67,"href":"https:\/\/100anni.units.it\/index.php\/wp-json\/wp\/v2\/pages\/4929\/revisions"}],"predecessor-version":[{"id":5863,"href":"https:\/\/100anni.units.it\/index.php\/wp-json\/wp\/v2\/pages\/4929\/revisions\/5863"}],"up":[{"embeddable":true,"href":"https:\/\/100anni.units.it\/index.php\/wp-json\/wp\/v2\/pages\/120"}],"wp:featuredmedia":[{"embeddable":true,"href":"https:\/\/100anni.units.it\/index.php\/wp-json\/wp\/v2\/media\/5014"}],"wp:attachment":[{"href":"https:\/\/100anni.units.it\/index.php\/wp-json\/wp\/v2\/media?parent=4929"}],"curies":[{"name":"wp","href":"https:\/\/api.w.org\/{rel}","templated":true}]}}