{"id":5078,"date":"2024-07-19T16:59:27","date_gmt":"2024-07-19T14:59:27","guid":{"rendered":"https:\/\/100anni.units.it\/?page_id=5078"},"modified":"2024-07-19T16:59:27","modified_gmt":"2024-07-19T14:59:27","slug":"cerimonia-di-conferimento-laurea-magistrale-honoris-causa-a-sergio-mattarella-e-borut-pahor","status":"publish","type":"page","link":"https:\/\/100anni.units.it\/index.php\/home\/cerimonia-di-conferimento-laurea-magistrale-honoris-causa-a-sergio-mattarella-e-borut-pahor\/","title":{"rendered":"Cerimonia di conferimento Laurea Magistrale Honoris Causa a Sergio Mattarella e Borut Pahor"},"content":{"rendered":"\n<div class=\"wp-block-group\"><div class=\"wp-block-group__inner-container is-layout-constrained wp-block-group-is-layout-constrained\">\n<div style=\"height:25px\" aria-hidden=\"true\" class=\"wp-block-spacer\"><\/div>\n\n\n<div class=\"yoast-breadcrumbs\"><span><span><a href=\"https:\/\/100anni.units.it\/\">Home<\/a><\/span> \u00bb <span class=\"breadcrumb_last\" aria-current=\"page\">Cerimonia di conferimento Laurea Magistrale Honoris Causa a Sergio Mattarella e Borut Pahor<\/span><\/span><\/div>\n\n\n<div style=\"height:40px\" aria-hidden=\"true\" class=\"wp-block-spacer\"><\/div>\n<\/div><\/div>\n\n\n\n<h1 class=\"wp-block-heading has-neve-link-color-color has-text-color\">Cerimonia di conferimento Laurea Magistrale Honoris Causa a Sergio Mattarella <br>e Borut Pahor<\/h1>\n\n\n\n<h5 class=\"wp-block-heading has-neve-text-color-color has-text-color has-medium-font-size\"><strong>12 aprile 2024<\/strong> <strong>ore 11:00, Aula Magna Ed. A<\/strong><\/h5>\n\n\n\n<div style=\"height:39px\" aria-hidden=\"true\" class=\"wp-block-spacer\"><\/div>\n\n\n\n<div class=\"wp-block-columns are-vertically-aligned-top is-layout-flex wp-container-core-columns-is-layout-9d6595d7 wp-block-columns-is-layout-flex\">\n<div class=\"wp-block-column is-vertically-aligned-top is-layout-flow wp-block-column-is-layout-flow\" style=\"flex-basis:50%\">\n<figure class=\"wp-block-image\"><img loading=\"lazy\" decoding=\"async\" width=\"1024\" height=\"914\" src=\"https:\/\/100anni.units.it\/wp-content\/uploads\/2024\/05\/100UniTS_foto_copertina_LHC_MattarellaPahor-1024x914.jpg\" alt=\"foto LHC Mattarella e Pahor\" class=\"wp-image-5431\" srcset=\"https:\/\/100anni.units.it\/wp-content\/uploads\/2024\/05\/100UniTS_foto_copertina_LHC_MattarellaPahor-1024x914.jpg 1024w, https:\/\/100anni.units.it\/wp-content\/uploads\/2024\/05\/100UniTS_foto_copertina_LHC_MattarellaPahor-300x268.jpg 300w, https:\/\/100anni.units.it\/wp-content\/uploads\/2024\/05\/100UniTS_foto_copertina_LHC_MattarellaPahor-768x685.jpg 768w, https:\/\/100anni.units.it\/wp-content\/uploads\/2024\/05\/100UniTS_foto_copertina_LHC_MattarellaPahor-1536x1371.jpg 1536w, https:\/\/100anni.units.it\/wp-content\/uploads\/2024\/05\/100UniTS_foto_copertina_LHC_MattarellaPahor-2048x1828.jpg 2048w\" sizes=\"auto, (max-width: 1024px) 100vw, 1024px\" \/><\/figure>\n<\/div>\n\n\n\n<div class=\"wp-block-column is-vertically-aligned-top is-layout-flow wp-block-column-is-layout-flow\" style=\"flex-basis:50%\">\n<h2 class=\"wp-block-heading has-neve-link-color-color has-text-color has-large-font-size\">Programma della Cerimonia<\/h2>\n\n\n\n<p style=\"font-size:15px\"><strong>Inno nazionale e Inno sloveno<\/strong><br><br><strong>Benvenuto del Rettore dell\u2019Universit\u00e0 degli Studi di Trieste<br><\/strong><em>Roberto Di Lenarda<\/em><br><br><strong>Lettura della motivazione in italiano e in sloveno<\/strong><br><em>Gian Paolo Dolso <\/em>e <em>Tereza Pertot<\/em><br>Dipartimento di Scienze Giuridiche, del Linguaggio, dell\u2019Interpretazione e della Traduzione<br><br><strong><em>Laudatio <\/em><\/strong><br>a cura dei professori <em>Davide Rossi <\/em>e<em> Fabio Spitaleri<\/em><br>Dipartimento di Scienze Giuridiche, del Linguaggio, dell\u2019Interpretazione e della Traduzione<br><br><strong>Cerimonia di conferimento della Laurea e consegna del Diploma <\/strong><br><strong>con esecuzione del \u201cGaudeamus Igitur\u201d<\/strong><br><br><em><strong>Lectio Magistralis <\/strong><br><\/em>di <em>Borut Pahor<\/em>, gi\u00e0 Presidente della Repubblica di Slovenia (2012 2022)<br><br><em><strong>Lectio Magistralis <\/strong><br><\/em>di <em>Sergio Mattarella<\/em>, Presidente della Repubblica Italiana<br> <br><strong>Inno europeo<\/strong><br><br><strong>Inno del Centenario, \u201cSorprendi la sorte\u201d <\/strong><br>testi di <em>Marcela Serli<\/em>, musica di <em>Riccardo Cossi<\/em><br><br><strong>Conclusione della cerimonia<\/strong><br><br><strong>Esecuzioni vocali e strumentali <\/strong><br>a cura del Coro e dell\u2019Orchestra dell\u2019Universit\u00e0 degli Studi di Trieste <br>e di Vikra &#8211; Coro da camera della Glasbena Matica di Trieste, Direttore <em>Riccardo Cossi<\/em><\/p>\n<\/div>\n<\/div>\n\n\n\n<div style=\"height:100px\" aria-hidden=\"true\" class=\"wp-block-spacer\"><\/div>\n\n\n\n<figure class=\"wp-block-image size-full is-style-default\"><a href=\"https:\/\/www.youtube.com\/watch?v=PeHnveZXSgM\" target=\"_blank\" rel=\"noreferrer noopener\"><img loading=\"lazy\" decoding=\"async\" width=\"1920\" height=\"1080\" src=\"https:\/\/100anni.units.it\/wp-content\/uploads\/2024\/05\/thumbnail_UniTS_LHC-Mattarella-Pahor_video.jpg\" alt=\"video LHC Mattarella Pahor\" class=\"wp-image-5425\" srcset=\"https:\/\/100anni.units.it\/wp-content\/uploads\/2024\/05\/thumbnail_UniTS_LHC-Mattarella-Pahor_video.jpg 1920w, https:\/\/100anni.units.it\/wp-content\/uploads\/2024\/05\/thumbnail_UniTS_LHC-Mattarella-Pahor_video-300x169.jpg 300w, https:\/\/100anni.units.it\/wp-content\/uploads\/2024\/05\/thumbnail_UniTS_LHC-Mattarella-Pahor_video-1024x576.jpg 1024w, https:\/\/100anni.units.it\/wp-content\/uploads\/2024\/05\/thumbnail_UniTS_LHC-Mattarella-Pahor_video-768x432.jpg 768w, https:\/\/100anni.units.it\/wp-content\/uploads\/2024\/05\/thumbnail_UniTS_LHC-Mattarella-Pahor_video-1536x864.jpg 1536w\" sizes=\"auto, (max-width: 1920px) 100vw, 1920px\" \/><\/a><\/figure>\n\n\n\n<div style=\"height:100px\" aria-hidden=\"true\" class=\"wp-block-spacer\"><\/div>\n\n\n\n<div class=\"wp-block-columns is-layout-flex wp-container-core-columns-is-layout-9d6595d7 wp-block-columns-is-layout-flex\">\n<div class=\"wp-block-column is-layout-flow wp-block-column-is-layout-flow\">\n<p class=\"has-medium-font-size\">L\u2019Universit\u00e0 degli Studi di Trieste ha conferito la Laurea Magistrale&nbsp;<em>honoris causa<\/em>&nbsp;in Giurisprudenza al Presidente della Repubblica&nbsp;<strong>Sergio Mattarella<\/strong>&nbsp;e a&nbsp;<strong>Borut Pahor<\/strong>, gi\u00e0 Presidente della Repubblica di Slovenia, due personalit\u00e0 che stanno contribuendo a scrivere la storia della frontiera adriatica.<\/p>\n\n\n\n<p class=\"has-medium-font-size\">A motivare il doppio conferimento \u00e8, infatti, la politica di riconciliazione perseguita dai due Presidenti che ha reso l\u2019area del confine orientale, segnata dalle ferite della storia del Novecento, un esempio di collaborazione tra popoli legati dalla comune appartenenza all\u2019Unione Europea.<\/p>\n\n\n\n<p class=\"has-medium-font-size\">Questa la&nbsp;<strong>motivazione<\/strong>: \u201cSergio Mattarella e Borut Pahor hanno saputo coraggiosamente ripudiare la prospettiva angusta dell\u2019egoismo nazionalistico, per perseguire invece una politica di riconciliazione, retta sulla creazione e sul consolidamento di spazi e di simboli dedicati alla memoria collettiva, quale fondamento di autentica pace tra i popoli. Due statisti che hanno interpretato l\u2019amor di patria in una dimensione europea alta, cos\u00ec contribuendo a trasformare la frontiera adriatica, da territorio di aspro conflitto etnico e culturale, ad area di dialogo, di cooperazione e di amicizia, nella comune coscienza dei diritti umani e nella luce delle libert\u00e0 democratiche\u201d.<\/p>\n\n\n\n<p class=\"has-medium-font-size\">Il testo della motivazione \u00e8 stato letto in italiano dal prof.&nbsp;<strong>Gian Paolo Dolso<\/strong>, Direttore di IUSLIT, il Dipartimento di Scienze Giuridiche, del Linguaggio, dell\u2019Interpretazione e della Traduzione di UniTS che ha proposto il doppio conferimento della Laurea ad Honorem. La versione in sloveno \u00e8 stata invece affidata alla professoressa&nbsp;<strong>Tereza Pertot<\/strong>. I professori&nbsp;<strong>Davide Rossi<\/strong>&nbsp;e&nbsp;<strong>Fabio Spitaleri<\/strong>&nbsp;hanno dato lettura delle due laudationes.<\/p>\n\n\n\n<p class=\"has-medium-font-size\"><em>\u201cCompito del nostro Ateneo \u00e8 costruire ponti e non muri, contribuire concretamente alla crescita sociale, culturale ed etica dei nostri giovani\u201d<\/em>, spiega&nbsp;<strong>Roberto Di Lenarda<\/strong>, Rettore dell\u2019Universit\u00e0 degli Studi di Trieste.&nbsp;<em>\u201cIn un momento storico come quello attuale, segnato da scenari di guerra, l\u2019Universit\u00e0 apre le sue porte, include, protegge e sostiene soprattutto i pi\u00f9 deboli, ma deve essere rispettata nella sua autonomia di collaborazione per produrre scienza e sviluppare cultura, umana e sociale\u201d.<\/em><\/p>\n\n\n\n<p class=\"has-medium-font-size\"><em>\u201cLa scienza si produce facendo ricerca, in cooperazione anche competitiva con le altre Universit\u00e0 e gli Enti di ricerca con cui progredire insieme e supportare le menti e le anime pi\u00f9 avanzate anche in societ\u00e0 che soffrono\u201d<\/em>, prosegue il rettore, invitando a gestire con equilibrio e razionalit\u00e0 il clima di tensione che agita le Universit\u00e0 italiane.<\/p>\n<\/div>\n\n\n\n<div class=\"wp-block-column is-layout-flow wp-block-column-is-layout-flow\">\n<p class=\"has-medium-font-size\">La cerimonia si \u00e8 svolta in Aula Magna, alla presenza del Magnifico Rettore, della comunit\u00e0 accademica, delle autorit\u00e0 civili, militari, diplomatiche, religiose e degli studenti.<\/p>\n\n\n\n<p class=\"has-medium-font-size\">Inserita nel pi\u00f9 ampio contesto dell\u2019allargamento dell\u2019Unione europea ai Balcani occidentali e dell\u2019azione politica e diplomatica condotta dai due Capi di Stato e dai loro predecessori Giorgio Napolitano e Danilo Turk, questa celebrazione conferma il ruolo dell\u2019<strong>Universit\u00e0 degli Studi di Trieste come<\/strong>&nbsp;<strong>luogo di confronto e dialogo<\/strong>&nbsp;e costituisce una nuova occasione di incontro tra i due Presidenti, a dimostrazione della solidit\u00e0 di un rapporto proseguito anche dopo la conclusione del mandato di Pahor.<\/p>\n\n\n\n<p class=\"has-medium-font-size\">Negli anni sono state numerose, infatti, le iniziative che hanno visto protagonisti Mattarella e Pahor, quali la cerimonia&nbsp;<em><strong>\u201c<\/strong><\/em><strong><em>L\u2019Europa luogo di superamento dei conflitti\u201d<\/em>&nbsp;<\/strong>nel centenario dell\u2019unione di Gorizia all\u2019Italia il 26 ottobre 2016 e l\u2019incontro del 21 ottobre 2021 volto a celebrare la designazione congiunta di Gorizia e Nova Gorica&nbsp;<em><strong>\u201cCapitale europea della Cultura 2025\u201d<\/strong><\/em>, un riconoscimento destinato ad accrescere il senso di unione delle due citt\u00e0, fino a trent\u2019anni fa divise da un filo spinato.<\/p>\n\n\n\n<p class=\"has-medium-font-size\">Da ricordare come momento fondamentale della nuova stagione di relazioni tra Italia e Slovenia, modello di collaborazione per il continente europeo, anche il bilaterale a Trieste il 13 luglio 2020, con l\u2019omaggio dei Presidenti ai luoghi simbolo delle tragedie dei totalitarismi.<\/p>\n\n\n\n<p class=\"has-medium-font-size\">Non \u00e8 la prima volta che l\u2019Universit\u00e0 degli Studi di Trieste conferisce ad un Presidente della Repubblica una laurea ad honorem: si ricordano <strong>Luigi Einaudi<\/strong> il 4 novembre 1954, in occasione del ritorno di Trieste sotto la sovranit\u00e0 italiana, e <strong>Antonio Segni<\/strong> nel 1963, alla soglia dell\u2019istituzione e dell\u2019avvio della Regione a statuto speciale.<\/p>\n\n\n\n<p class=\"has-medium-font-size\">La cerimonia \u00e8 stata arricchita dall\u2019esecuzione degli inni italiano, sloveno ed europeo a cura del Coro e Orchestra dell\u2019Universit\u00e0 degli Studi di Trieste, diretti da Riccardo Cossi. Hanno affiancato il Coro dell\u2019Ateneo alcuni componenti del Coro Vikra.<\/p>\n\n\n\n<p class=\"has-medium-font-size\">Al termine della cerimonia \u00e8 stato anche eseguito l\u2019inno del Centenario dell\u2019ateneo \u201cSorprendi la sorte\u201d, con testo di Marcela Serli.<\/p>\n<\/div>\n<\/div>\n\n\n\n<div class=\"wp-block-columns is-layout-flex wp-container-core-columns-is-layout-9d6595d7 wp-block-columns-is-layout-flex\">\n<div class=\"wp-block-column is-layout-flow wp-block-column-is-layout-flow\" style=\"flex-basis:100%\">\n<div style=\"height:30px\" aria-hidden=\"true\" class=\"wp-block-spacer\"><\/div>\n<\/div>\n<\/div>\n\n\n\n<div class=\"wp-block-cover alignfull\" style=\"min-height:600px;aspect-ratio:unset;\"><span aria-hidden=\"true\" class=\"wp-block-cover__background has-nv-light-bg-background-color has-background-dim-100 has-background-dim\"><\/span><div class=\"wp-block-cover__inner-container is-layout-flow wp-block-cover-is-layout-flow\">\n<div class=\"wp-block-group\"><div class=\"wp-block-group__inner-container is-layout-flow wp-block-group-is-layout-flow\">\n<div style=\"height:80px\" aria-hidden=\"true\" class=\"wp-block-spacer\"><\/div>\n\n\n\n<div class=\"wp-block-columns is-layout-flex wp-container-core-columns-is-layout-9d6595d7 wp-block-columns-is-layout-flex\">\n<div class=\"wp-block-column is-layout-flow wp-block-column-is-layout-flow\"><div class=\"wp-block-image img-animation is-style-default popmake-987\">\n<figure class=\"aligncenter size-full is-resized popmake-5628\"><img loading=\"lazy\" decoding=\"async\" src=\"https:\/\/100anni.units.it\/wp-content\/uploads\/2024\/05\/100UniTS_foto_inno-1.jpeg\" alt=\"foto inno UniTS LHC Mattarella e Pahor\" class=\"wp-image-5631\" style=\"object-fit:cover;width:360px;height:360px\" width=\"360\" height=\"360\"\/><\/figure>\n<\/div>\n\n\n<div style=\"height:24px\" aria-hidden=\"true\" class=\"wp-block-spacer\"><\/div>\n\n\n\n<h4 class=\"wp-block-heading has-text-align-center popmake-987 has-neve-link-color-color has-text-color popmake-5628\">Inno del Centenario <br>&#8220;Sorprendi la sorte&#8221;<\/h4>\n\n\n\n<div style=\"height:40px\" aria-hidden=\"true\" class=\"wp-block-spacer\"><\/div>\n<\/div>\n\n\n\n<div class=\"wp-block-column is-layout-flow wp-block-column-is-layout-flow\"><div class=\"wp-block-image img-animation is-style-default popmake-987\">\n<figure class=\"aligncenter size-full is-resized popmake-5636\"><img loading=\"lazy\" decoding=\"async\" src=\"https:\/\/100anni.units.it\/wp-content\/uploads\/2024\/06\/100UniTS_foto_motivazioniLHC-edited.jpeg\" alt=\"Foto motivazioni LHC\" class=\"wp-image-5697\" style=\"object-fit:cover;width:360px;height:360px\" width=\"360\" height=\"360\" srcset=\"https:\/\/100anni.units.it\/wp-content\/uploads\/2024\/06\/100UniTS_foto_motivazioniLHC-edited.jpeg 518w, https:\/\/100anni.units.it\/wp-content\/uploads\/2024\/06\/100UniTS_foto_motivazioniLHC-edited-300x300.jpeg 300w, https:\/\/100anni.units.it\/wp-content\/uploads\/2024\/06\/100UniTS_foto_motivazioniLHC-edited-150x150.jpeg 150w\" sizes=\"auto, (max-width: 360px) 100vw, 360px\" \/><\/figure>\n<\/div>\n\n\n<div style=\"height:24px\" aria-hidden=\"true\" class=\"wp-block-spacer\"><\/div>\n\n\n\n<h4 class=\"wp-block-heading has-text-align-center popmake-987 has-neve-link-color-color has-text-color popmake-5636\">Benvenuto del Rettore <br>Roberto Di Lenarda<\/h4>\n\n\n\n<div style=\"height:40px\" aria-hidden=\"true\" class=\"wp-block-spacer\"><\/div>\n<\/div>\n\n\n\n<div class=\"wp-block-column is-layout-flow wp-block-column-is-layout-flow\"><div class=\"wp-block-image img-animation is-style-default popmake-987\">\n<figure class=\"aligncenter size-large is-resized popmake-5447\"><img loading=\"lazy\" decoding=\"async\" src=\"https:\/\/100anni.units.it\/wp-content\/uploads\/2024\/06\/100UniTS_motivazioniLHC-1-edited.jpeg\" alt=\"spiegazione motivazioni LHC\" class=\"wp-image-5734\" style=\"object-fit:cover;width:360px;height:360px\" width=\"360\" height=\"360\" srcset=\"https:\/\/100anni.units.it\/wp-content\/uploads\/2024\/06\/100UniTS_motivazioniLHC-1-edited.jpeg 589w, https:\/\/100anni.units.it\/wp-content\/uploads\/2024\/06\/100UniTS_motivazioniLHC-1-edited-300x300.jpeg 300w, https:\/\/100anni.units.it\/wp-content\/uploads\/2024\/06\/100UniTS_motivazioniLHC-1-edited-150x150.jpeg 150w\" sizes=\"auto, (max-width: 360px) 100vw, 360px\" \/><\/figure>\n<\/div>\n\n\n<div style=\"height:24px\" aria-hidden=\"true\" class=\"wp-block-spacer\"><\/div>\n\n\n\n<h4 class=\"wp-block-heading has-text-align-center popmake-987 has-neve-link-color-color has-text-color popmake-5447\">Motivazione del conferimento <br>della Laurea <em>honoris causa<\/em><\/h4>\n\n\n\n<div style=\"height:40px\" aria-hidden=\"true\" class=\"wp-block-spacer\"><\/div>\n<\/div>\n<\/div>\n\n\n\n<div style=\"height:40px\" aria-hidden=\"true\" class=\"wp-block-spacer\"><\/div>\n<\/div><\/div>\n<\/div><\/div>\n\n\n\n<div class=\"wp-block-cover alignfull\" style=\"min-height:600px;aspect-ratio:unset;\"><span aria-hidden=\"true\" class=\"wp-block-cover__background has-nv-light-bg-background-color has-background-dim-100 has-background-dim\"><\/span><div class=\"wp-block-cover__inner-container is-layout-flow wp-block-cover-is-layout-flow\">\n<div class=\"wp-block-group\"><div class=\"wp-block-group__inner-container is-layout-flow wp-block-group-is-layout-flow\">\n<div style=\"height:80px\" aria-hidden=\"true\" class=\"wp-block-spacer\"><\/div>\n\n\n\n<div class=\"wp-block-columns is-layout-flex wp-container-core-columns-is-layout-9d6595d7 wp-block-columns-is-layout-flex\">\n<div class=\"wp-block-column has-neve-text-color-color has-text-color is-layout-flow wp-block-column-is-layout-flow\"><div class=\"wp-block-image img-animation is-style-default\">\n<figure class=\"aligncenter size-full is-resized popmake-5645\"><img loading=\"lazy\" decoding=\"async\" src=\"https:\/\/100anni.units.it\/wp-content\/uploads\/2024\/06\/100UniTS_LHC_Laudatio_Rossi.png\" alt=\"Laudatio Rossi\" class=\"wp-image-6358\" style=\"object-fit:cover;width:360px;height:360px\" width=\"360\" height=\"360\"\/><\/figure>\n<\/div>\n\n\n<div style=\"height:24px\" aria-hidden=\"true\" class=\"wp-block-spacer\"><\/div>\n\n\n\n<h4 class=\"wp-block-heading has-text-align-center has-neve-link-color-color has-text-color popmake-5645\"><em>Laudatio <\/em>di Davide Rossi, docente di Storia del Diritto Medievale e Moderno<\/h4>\n\n\n\n<div style=\"height:40px\" aria-hidden=\"true\" class=\"wp-block-spacer\"><\/div>\n<\/div>\n\n\n\n<div class=\"wp-block-column is-layout-flow wp-block-column-is-layout-flow\"><div class=\"wp-block-image img-animation is-style-default popmake-987\">\n<figure class=\"aligncenter size-large is-resized popmake-5674\"><img loading=\"lazy\" decoding=\"async\" src=\"https:\/\/100anni.units.it\/wp-content\/uploads\/2024\/06\/100UniTS_foto_Spitalieri-edited.jpeg\" alt=\"foto del discorso di Spitalieri per la LHC\" class=\"wp-image-5701\" style=\"object-fit:cover;width:360px;height:360px\" width=\"360\" height=\"360\" srcset=\"https:\/\/100anni.units.it\/wp-content\/uploads\/2024\/06\/100UniTS_foto_Spitalieri-edited.jpeg 652w, https:\/\/100anni.units.it\/wp-content\/uploads\/2024\/06\/100UniTS_foto_Spitalieri-edited-300x300.jpeg 300w, https:\/\/100anni.units.it\/wp-content\/uploads\/2024\/06\/100UniTS_foto_Spitalieri-edited-150x150.jpeg 150w\" sizes=\"auto, (max-width: 360px) 100vw, 360px\" \/><\/figure>\n<\/div>\n\n\n<div style=\"height:24px\" aria-hidden=\"true\" class=\"wp-block-spacer\"><\/div>\n\n\n\n<h4 class=\"wp-block-heading has-text-align-center popmake-987 has-neve-link-color-color has-text-color popmake-5674\"><em>Laudatio <\/em>di Fabio Spitaleri, docente di Diritto dell\u2019Unione Europea<\/h4>\n\n\n\n<div style=\"height:40px\" aria-hidden=\"true\" class=\"wp-block-spacer\"><\/div>\n<\/div>\n\n\n\n<div class=\"wp-block-column is-layout-flow wp-block-column-is-layout-flow\"><div class=\"wp-block-image img-animation is-style-default popmake-987\">\n<figure class=\"aligncenter size-large is-resized popmake-5668\"><img loading=\"lazy\" decoding=\"async\" src=\"https:\/\/100anni.units.it\/wp-content\/uploads\/2024\/06\/100UniTS_LaureaMagistralisPahor_-edited-scaled.jpg\" alt=\"Foto Laurea Magistalis Pahor\" class=\"wp-image-5703\" style=\"object-fit:cover;width:360px;height:360px\" width=\"360\" height=\"360\" srcset=\"https:\/\/100anni.units.it\/wp-content\/uploads\/2024\/06\/100UniTS_LaureaMagistralisPahor_-edited-scaled.jpg 2560w, https:\/\/100anni.units.it\/wp-content\/uploads\/2024\/06\/100UniTS_LaureaMagistralisPahor_-edited-300x300.jpg 300w, https:\/\/100anni.units.it\/wp-content\/uploads\/2024\/06\/100UniTS_LaureaMagistralisPahor_-edited-1024x1024.jpg 1024w, https:\/\/100anni.units.it\/wp-content\/uploads\/2024\/06\/100UniTS_LaureaMagistralisPahor_-edited-150x150.jpg 150w, https:\/\/100anni.units.it\/wp-content\/uploads\/2024\/06\/100UniTS_LaureaMagistralisPahor_-edited-768x768.jpg 768w, https:\/\/100anni.units.it\/wp-content\/uploads\/2024\/06\/100UniTS_LaureaMagistralisPahor_-edited-1536x1536.jpg 1536w, https:\/\/100anni.units.it\/wp-content\/uploads\/2024\/06\/100UniTS_LaureaMagistralisPahor_-edited-2048x2048.jpg 2048w\" sizes=\"auto, (max-width: 360px) 100vw, 360px\" \/><\/figure>\n<\/div>\n\n\n<div style=\"height:24px\" aria-hidden=\"true\" class=\"wp-block-spacer\"><\/div>\n\n\n\n<h4 class=\"wp-block-heading has-text-align-center popmake-987 has-neve-link-color-color has-text-color popmake-5668\"><em>Lectio Magistralis <br><\/em>Borut Pahor<\/h4>\n\n\n\n<div style=\"height:40px\" aria-hidden=\"true\" class=\"wp-block-spacer\"><\/div>\n<\/div>\n<\/div>\n\n\n\n<div style=\"height:40px\" aria-hidden=\"true\" class=\"wp-block-spacer\"><\/div>\n<\/div><\/div>\n<\/div><\/div>\n\n\n\n<div class=\"wp-block-cover alignfull\" style=\"min-height:600px;aspect-ratio:unset;\"><span aria-hidden=\"true\" class=\"wp-block-cover__background has-nv-light-bg-background-color has-background-dim-100 has-background-dim\"><\/span><div class=\"wp-block-cover__inner-container is-layout-flow wp-block-cover-is-layout-flow\">\n<div class=\"wp-block-group\"><div class=\"wp-block-group__inner-container is-layout-flow wp-block-group-is-layout-flow\">\n<div style=\"height:80px\" aria-hidden=\"true\" class=\"wp-block-spacer\"><\/div>\n\n\n\n<div class=\"wp-block-columns is-layout-flex wp-container-core-columns-is-layout-9d6595d7 wp-block-columns-is-layout-flex\">\n<div class=\"wp-block-column has-neve-text-color-color has-text-color is-layout-flow wp-block-column-is-layout-flow\"><div class=\"wp-block-image img-animation is-style-default\">\n<figure class=\"aligncenter size-full is-resized popmake-5648\"><img loading=\"lazy\" decoding=\"async\" src=\"https:\/\/100anni.units.it\/wp-content\/uploads\/2024\/06\/100UniTS_LHC_Lectio_Magistralis_Mattarella.png\" alt=\"Lectio Magistralis Sergio Mattarella\" class=\"wp-image-6359\" style=\"object-fit:cover;width:360px;height:360px\" width=\"360\" height=\"360\"\/><\/figure>\n<\/div>\n\n\n<div style=\"height:24px\" aria-hidden=\"true\" class=\"wp-block-spacer\"><\/div>\n\n\n\n<h4 class=\"wp-block-heading has-text-align-center has-neve-link-color-color has-text-color popmake-5648\"><em>Lectio Magistralis <br><\/em>Sergio Mattarella<\/h4>\n\n\n\n<div style=\"height:40px\" aria-hidden=\"true\" class=\"wp-block-spacer\"><\/div>\n<\/div>\n\n\n\n<div class=\"wp-block-column has-neve-text-color-color has-text-color is-layout-flow wp-block-column-is-layout-flow\">\n<h4 class=\"wp-block-heading has-text-align-center has-neve-link-color-color has-text-color popmake-636\"><\/h4>\n\n\n\n<p class=\"has-text-align-center has-neve-text-color-color has-text-color\"><\/p>\n\n\n\n<div style=\"height:40px\" aria-hidden=\"true\" class=\"wp-block-spacer\"><\/div>\n<\/div>\n\n\n\n<div class=\"wp-block-column is-layout-flow wp-block-column-is-layout-flow\">\n<h4 class=\"wp-block-heading has-text-align-center popmake-987 has-neve-link-color-color has-text-color popmake-4236\"><\/h4>\n\n\n\n<p class=\"has-text-align-center has-neve-text-color-color has-text-color\"><\/p>\n\n\n\n<div style=\"height:40px\" aria-hidden=\"true\" class=\"wp-block-spacer\"><\/div>\n<\/div>\n<\/div>\n\n\n\n<div style=\"height:40px\" aria-hidden=\"true\" class=\"wp-block-spacer\"><\/div>\n<\/div><\/div>\n<\/div><\/div>\n\n\n\n<div style=\"height:100px\" aria-hidden=\"true\" class=\"wp-block-spacer\"><\/div>\n\n\n\n<h2 class=\"wp-block-heading has-neve-link-color-color has-text-color\">Guarda le foto della Cerimonia<\/h2>\n\n\n\n<style id=\"bwg-style-0\">  #bwg_container1_0 {    display: table;\t\/*visibility: hidden;*\/  }  #bwg_container1_0 * {\t  -moz-user-select: none;\t  -khtml-user-select: none;\t  -webkit-user-select: none;\t  -ms-user-select: none;\t  user-select: none;  }  #bwg_container1_0 #bwg_container2_0 .bwg_slideshow_image_wrap_0 {\t  background-color: #FFFFFF;\t  width: 1200px;\t  height: 800px;  }  #bwg_container1_0 #bwg_container2_0 .bwg_slideshow_image_0 {\t  max-width: 1200px;\t  max-height: 800px;  }  #bwg_container1_0 #bwg_container2_0 .bwg_slideshow_embed_0 {    width: 1200px;    height: 800px;  }  #bwg_container1_0 #bwg_container2_0 #bwg_slideshow_play_pause_0 {\t  background: transparent url(\"https:\/\/100anni.units.it\/wp-content\/plugins\/photo-gallery\/images\/blank.gif\") repeat scroll 0 0;  }  #bwg_container1_0 #bwg_container2_0 #bwg_slideshow_play_pause-ico_0 {    color: #2B2B2B;    font-size: 35px;  }  #bwg_container1_0 #bwg_container2_0 #bwg_slideshow_play_pause-ico_0:hover {\t  color: #2B2B2B;  }  #bwg_container1_0 #bwg_container2_0 #spider_slideshow_left_0,  #bwg_container1_0 #bwg_container2_0 #spider_slideshow_right_0 {\t  background: transparent url(\"https:\/\/100anni.units.it\/wp-content\/plugins\/photo-gallery\/images\/blank.gif\") repeat scroll 0 0;  }  #bwg_container1_0 #bwg_container2_0 #spider_slideshow_left-ico_0,  #bwg_container1_0 #bwg_container2_0 #spider_slideshow_right-ico_0 {\t  background-color: #FFFFFF;\t  border-radius: 20px;\t  border: 0px none #FFFFFF;\t  box-shadow: ;\t  color: #2B2B2B;\t  height: 35px;\t  font-size: 10px;\t  width: 35px;\t  opacity: 0.50;  }  #bwg_container1_0 #bwg_container2_0 #spider_slideshow_left-ico_0:hover,  #bwg_container1_0 #bwg_container2_0 #spider_slideshow_right-ico_0:hover {\t  color: #2B2B2B;  }      #spider_slideshow_left-ico_0{      left: -9999px;    }    #spider_slideshow_right-ico_0{      left: -9999px;    }      #bwg_container1_0 #bwg_container2_0 .bwg_slideshow_image_container_0 {\t  bottom: 0px;\t  width: 1200px;\t  height: 800px;\t}\t#bwg_container1_0 #bwg_container2_0 .bwg_slideshow_filmstrip_container_0 {\t  display: table;\t  height: 0px;\t  width: 1200px;\t  bottom: 0;  }  \/* Filmstrip dimension *\/  #bwg_container1_0 #bwg_container2_0 .bwg_slideshow_filmstrip_0 {\t  left: 20px;\t  width: 1160px;\t  \/*z-index: 10106;*\/  }  #bwg_container1_0 #bwg_container2_0 .bwg_slideshow_filmstrip_thumbnails_0 {    left: 0px;    width: 30px;    height: 0px;  }  #bwg_container1_0 #bwg_container2_0 .bwg_slideshow_filmstrip_thumbnail_0 {    width: 0px;    height: 0px;    margin: 0px 2px 0 0;    border: 0px none #000000;    border-radius: 0;  }  #bwg_container1_0 #bwg_container2_0 .bwg_slideshow_thumb_active_0 {\t  border: 0px solid #FFFFFF;  }  #bwg_container1_0 #bwg_container2_0 .bwg_slideshow_thumb_deactive_0 {    opacity: 1.00;  }  #bwg_container1_0 #bwg_container2_0 .bwg_slideshow_filmstrip_left_0,  #bwg_container1_0 #bwg_container2_0 .bwg_slideshow_filmstrip_left_disabled_0 {\t  background-color: #F2F2F2;\t  display: table-cell;\t  width: 20px;\t  left: 0;\t  \t    }  #bwg_container1_0 #bwg_container2_0 .bwg_slideshow_filmstrip_right_0,  #bwg_container1_0 #bwg_container2_0 .bwg_slideshow_filmstrip_right_disabled_0 {\t  background-color: #F2F2F2;    display: table-cell;    right: 0;\t  width: 20px;\t  \t    }  #bwg_container1_0 #bwg_container2_0 .bwg_slideshow_filmstrip_left_0 i,  #bwg_container1_0 #bwg_container2_0 .bwg_slideshow_filmstrip_right_0 i,  #bwg_container1_0 #bwg_container2_0 .bwg_slideshow_filmstrip_left_disabled_0 i,  #bwg_container1_0 #bwg_container2_0 .bwg_slideshow_filmstrip_right_disabled_0 i {\t  color: #BABABA;\t  font-size: 20px;  }  #bwg_container1_0 #bwg_container2_0 .bwg_slideshow_filmstrip_left_0 {    display: none;  }  #bwg_container1_0 #bwg_container2_0 .bwg_slideshow_filmstrip_left_disabled_0,  #bwg_container1_0 #bwg_container2_0 .bwg_slideshow_filmstrip_right_disabled_0 {    display: none;    opacity: 0.3;  }  #bwg_container1_0 #bwg_container2_0 .bwg_slideshow_filmstrip_left_disabled_0 {    display: table-cell;  }  #bwg_container1_0 #bwg_container2_0 .bwg_slideshow_watermark_spun_0 {\t  text-align: left;\t  vertical-align: bottom;  }  #bwg_container1_0 #bwg_container2_0 .bwg_slideshow_title_spun_0 {\t  text-align: right;\t  vertical-align: top;  }  #bwg_container1_0 #bwg_container2_0 .bwg_slideshow_description_spun_0 {\t  text-align: right;\t  vertical-align: bottom;  }  #bwg_container1_0 #bwg_container2_0 .bwg_slideshow_watermark_image_0 {\t  max-height: 90px;\t  max-width: 90px;\t  opacity: 0.30;  }  #bwg_container1_0 #bwg_container2_0 .bwg_slideshow_watermark_text_0,  #bwg_container1_0 #bwg_container2_0 .bwg_slideshow_watermark_text_0:hover {\t  text-decoration: none;\t  margin: 4px;\t  position: relative;\t  z-index: 15;  }  #bwg_container1_0 #bwg_container2_0 .bwg_slideshow_title_text_0 {\t  font-size: 16px;\t  font-family: Titillium Web;\t  color: #FFFFFF !important;\t  opacity: 0.70;    border-radius: 5px;\t  background-color: #000000;\t  padding: 0 0 0 0;\t  \t\tmargin: 5px;\t  \t    }  #bwg_container1_0 #bwg_container2_0 .bwg_slideshow_description_text_0 {\t  font-size: 14px;\t  font-family: Titillium Web;\t  color: #FFFFFF !important;\t  opacity: 0.70;    border-radius: 0;\t  background-color: #000000;\t  padding: 5px 10px 5px 10px;\t  bottom:16px;  }  #bwg_container1_0 #bwg_container2_0 .bwg_slideshow_description_text_0 * {\ttext-decoration: none;\tcolor: #FFFFFF !important;  }  #bwg_container1_0 #bwg_container2_0 .bwg_slideshow_dots_0 {\t  width: 12px;\t  height: 12px;\t  border-radius: 5px;\t  background: #D6D6D6;\t  margin: 3px;  }  #bwg_container1_0 #bwg_container2_0 .bwg_slideshow_dots_container_0 {\t  width: 1200px;\t  bottom: 0;  }  #bwg_container1_0 #bwg_container2_0 .bwg_slideshow_dots_thumbnails_0 {\t  height: 18px;\t  width: 270px;  }  #bwg_container1_0 #bwg_container2_0 .bwg_slideshow_dots_active_0 {\t  background: #FFFFFF;\t  border: 1px solid #000000;  }  <\/style>    <div id=\"bwg_container1_0\"         class=\"bwg_container bwg_thumbnail bwg_slideshow \"         data-right-click-protection=\"1\"         data-bwg=\"0\"         data-scroll=\"0\"         data-gallery-type=\"slideshow\"         data-gallery-view-type=\"slideshow\"         data-current-url=\"\/index.php\/wp-json\/wp\/v2\/pages\/5078\"         data-lightbox-url=\"https:\/\/100anni.units.it\/wp-admin\/admin-ajax.php?action=GalleryBox&#038;current_view=0&#038;gallery_id=20&#038;tag=0&#038;theme_id=2&#038;shortcode_id=57&#038;sort_by=order&#038;order_by=asc&#038;current_url=%2Findex.php%2Fwp-json%2Fwp%2Fv2%2Fpages%2F5078\"         data-gallery-id=\"20\"         data-popup-width=\"800\"         data-popup-height=\"500\"         data-is-album=\"gallery\"         data-buttons-position=\"bottom\">      <div id=\"bwg_container2_0\">             <div id=\"ajax_loading_0\" class=\"bwg_loading_div_1\">      <div class=\"bwg_loading_div_2\">        <div class=\"bwg_loading_div_3\">          <div id=\"loading_div_0\" class=\"bwg_spider_ajax_loading\">          <\/div>        <\/div>      <\/div>    <\/div>            <form id=\"gal_front_form_0\"              class=\"bwg-hidden\"              method=\"post\"              action=\"#\"              data-current=\"0\"              data-shortcode-id=\"57\"              data-gallery-type=\"slideshow\"              data-gallery-id=\"20\"              data-tag=\"0\"              data-album-id=\"0\"              data-theme-id=\"2\"              data-ajax-url=\"https:\/\/100anni.units.it\/wp-admin\/admin-ajax.php?action=bwg_frontend_data\">          <div id=\"bwg_container3_0\" class=\"bwg-background bwg-background-0\">              <div class=\"bwg_slideshow_image_wrap_0 bwg-slideshow-images-wrapper bwg-container\"       data-bwg=\"0\"       data-lightbox-url=\"https:\/\/100anni.units.it\/wp-admin\/admin-ajax.php?action=GalleryBox&#038;current_view=0&#038;gallery_id=20&#038;tag=0&#038;theme_id=2&#038;shortcode_id=57&#038;sort_by=order&#038;order_by=asc&#038;current_url=%2Findex.php%2Fwp-json%2Fwp%2Fv2%2Fpages%2F5078\">          <div class=\"bwg_slideshow_dots_container_0\">        <div class=\"bwg_slideshow_dots_thumbnails_0\">                      <span id=\"bwg_dots_0_0\" class=\"bwg_slideshow_dots_0 bwg_slideshow_dots_active_0\" onclick=\"bwg_change_image(parseInt(jQuery('#bwg_current_image_key_0').val()), '0', '', '', 0)\" image_id=\"393\" image_key=\"0\"><\/span>                        <span id=\"bwg_dots_1_0\" class=\"bwg_slideshow_dots_0 bwg_slideshow_dots_deactive_0\" onclick=\"bwg_change_image(parseInt(jQuery('#bwg_current_image_key_0').val()), '1', '', '', 0)\" image_id=\"394\" image_key=\"1\"><\/span>                        <span id=\"bwg_dots_2_0\" class=\"bwg_slideshow_dots_0 bwg_slideshow_dots_deactive_0\" onclick=\"bwg_change_image(parseInt(jQuery('#bwg_current_image_key_0').val()), '2', '', '', 0)\" image_id=\"395\" image_key=\"2\"><\/span>                        <span id=\"bwg_dots_3_0\" class=\"bwg_slideshow_dots_0 bwg_slideshow_dots_deactive_0\" onclick=\"bwg_change_image(parseInt(jQuery('#bwg_current_image_key_0').val()), '3', '', '', 0)\" image_id=\"396\" image_key=\"3\"><\/span>                        <span id=\"bwg_dots_4_0\" class=\"bwg_slideshow_dots_0 bwg_slideshow_dots_deactive_0\" onclick=\"bwg_change_image(parseInt(jQuery('#bwg_current_image_key_0').val()), '4', '', '', 0)\" image_id=\"397\" image_key=\"4\"><\/span>                        <span id=\"bwg_dots_5_0\" class=\"bwg_slideshow_dots_0 bwg_slideshow_dots_deactive_0\" onclick=\"bwg_change_image(parseInt(jQuery('#bwg_current_image_key_0').val()), '5', '', '', 0)\" image_id=\"398\" image_key=\"5\"><\/span>                        <span id=\"bwg_dots_6_0\" class=\"bwg_slideshow_dots_0 bwg_slideshow_dots_deactive_0\" onclick=\"bwg_change_image(parseInt(jQuery('#bwg_current_image_key_0').val()), '6', '', '', 0)\" image_id=\"399\" image_key=\"6\"><\/span>                        <span id=\"bwg_dots_7_0\" class=\"bwg_slideshow_dots_0 bwg_slideshow_dots_deactive_0\" onclick=\"bwg_change_image(parseInt(jQuery('#bwg_current_image_key_0').val()), '7', '', '', 0)\" image_id=\"400\" image_key=\"7\"><\/span>                        <span id=\"bwg_dots_8_0\" class=\"bwg_slideshow_dots_0 bwg_slideshow_dots_deactive_0\" onclick=\"bwg_change_image(parseInt(jQuery('#bwg_current_image_key_0').val()), '8', '', '', 0)\" image_id=\"401\" image_key=\"8\"><\/span>                        <span id=\"bwg_dots_9_0\" class=\"bwg_slideshow_dots_0 bwg_slideshow_dots_deactive_0\" onclick=\"bwg_change_image(parseInt(jQuery('#bwg_current_image_key_0').val()), '9', '', '', 0)\" image_id=\"402\" image_key=\"9\"><\/span>                        <span id=\"bwg_dots_10_0\" class=\"bwg_slideshow_dots_0 bwg_slideshow_dots_deactive_0\" onclick=\"bwg_change_image(parseInt(jQuery('#bwg_current_image_key_0').val()), '10', '', '', 0)\" image_id=\"403\" image_key=\"10\"><\/span>                        <span id=\"bwg_dots_11_0\" class=\"bwg_slideshow_dots_0 bwg_slideshow_dots_deactive_0\" onclick=\"bwg_change_image(parseInt(jQuery('#bwg_current_image_key_0').val()), '11', '', '', 0)\" image_id=\"404\" image_key=\"11\"><\/span>                        <span id=\"bwg_dots_12_0\" class=\"bwg_slideshow_dots_0 bwg_slideshow_dots_deactive_0\" onclick=\"bwg_change_image(parseInt(jQuery('#bwg_current_image_key_0').val()), '12', '', '', 0)\" image_id=\"405\" image_key=\"12\"><\/span>                        <span id=\"bwg_dots_13_0\" class=\"bwg_slideshow_dots_0 bwg_slideshow_dots_deactive_0\" onclick=\"bwg_change_image(parseInt(jQuery('#bwg_current_image_key_0').val()), '13', '', '', 0)\" image_id=\"406\" image_key=\"13\"><\/span>                        <span id=\"bwg_dots_14_0\" class=\"bwg_slideshow_dots_0 bwg_slideshow_dots_deactive_0\" onclick=\"bwg_change_image(parseInt(jQuery('#bwg_current_image_key_0').val()), '14', '', '', 0)\" image_id=\"407\" image_key=\"14\"><\/span>                    <\/div>      <\/div>          <div id=\"bwg_slideshow_image_container_0\"         class=\"bwg_slideshow_image_container_0\"         data-params='{&quot;bwg_source&quot;:&quot;slider&quot;,&quot;bwg_current_key&quot;:&quot;&quot;,&quot;bwg_transition_duration&quot;:100,&quot;bwg_trans_in_progress&quot;:false,&quot;data&quot;:[{&quot;id&quot;:&quot;393&quot;,&quot;alt&quot;:&quot;Mattarella-Pahor-LHC - stratta di mano Mattarella Pahor&quot;,&quot;description&quot;:&quot;Copyright: Universita degli studi di Trieste&amp;lt;br \\\/&amp;gt;&quot;,&quot;filetype&quot;:&quot;JPG&quot;,&quot;filename&quot;:&quot;20240412_Mattarella-Pahor-LHC_007&quot;,&quot;image_url&quot;:&quot;\\\/LHC_Mattarella-Pahor\\\/20240412_Mattarella-Pahor-LHC_007.jpg?bwg=1719310937&quot;,&quot;thumb_url&quot;:&quot;\\\/LHC_Mattarella-Pahor\\\/thumb\\\/20240412_Mattarella-Pahor-LHC_007.jpg?bwg=1719310937&quot;,&quot;redirect_url&quot;:&quot;&quot;,&quot;date&quot;:&quot;2024-06-25 10:18:24&quot;,&quot;is_embed&quot;:false,&quot;is_embed_video&quot;:false,&quot;image_width&quot;:&quot;1200&quot;,&quot;image_height&quot;:&quot;800&quot;,&quot;thumb_width&quot;:&quot;500.00&quot;,&quot;thumb_height&quot;:&quot;333.00&quot;},{&quot;id&quot;:&quot;394&quot;,&quot;alt&quot;:&quot;Mattarella-Pahor-LHC - Mattarella, Pahor e il Rettore Di Lenarda&quot;,&quot;description&quot;:&quot;Copyright: Universita degli studi di Trieste&amp;lt;br \\\/&amp;gt;&quot;,&quot;filetype&quot;:&quot;JPG&quot;,&quot;filename&quot;:&quot;20240412_Mattarella-Pahor-LHC_011&quot;,&quot;image_url&quot;:&quot;\\\/LHC_Mattarella-Pahor\\\/20240412_Mattarella-Pahor-LHC_011.jpg?bwg=1719310937&quot;,&quot;thumb_url&quot;:&quot;\\\/LHC_Mattarella-Pahor\\\/thumb\\\/20240412_Mattarella-Pahor-LHC_011.jpg?bwg=1719310937&quot;,&quot;redirect_url&quot;:&quot;&quot;,&quot;date&quot;:&quot;2024-06-25 10:18:24&quot;,&quot;is_embed&quot;:false,&quot;is_embed_video&quot;:false,&quot;image_width&quot;:&quot;1200&quot;,&quot;image_height&quot;:&quot;800&quot;,&quot;thumb_width&quot;:&quot;500.00&quot;,&quot;thumb_height&quot;:&quot;333.00&quot;},{&quot;id&quot;:&quot;395&quot;,&quot;alt&quot;:&quot;Mattarella-Pahor-LHC - Mattarella riceve la LHC dal Rettore Di Lenarda&quot;,&quot;description&quot;:&quot;Copyright: Universita degli studi di Trieste&amp;lt;br \\\/&amp;gt;&quot;,&quot;filetype&quot;:&quot;JPG&quot;,&quot;filename&quot;:&quot;20240412_Mattarella-Pahor-LHC_010&quot;,&quot;image_url&quot;:&quot;\\\/LHC_Mattarella-Pahor\\\/20240412_Mattarella-Pahor-LHC_010.jpg?bwg=1719310937&quot;,&quot;thumb_url&quot;:&quot;\\\/LHC_Mattarella-Pahor\\\/thumb\\\/20240412_Mattarella-Pahor-LHC_010.jpg?bwg=1719310937&quot;,&quot;redirect_url&quot;:&quot;&quot;,&quot;date&quot;:&quot;2024-06-25 10:18:24&quot;,&quot;is_embed&quot;:false,&quot;is_embed_video&quot;:false,&quot;image_width&quot;:&quot;1200&quot;,&quot;image_height&quot;:&quot;800&quot;,&quot;thumb_width&quot;:&quot;500.00&quot;,&quot;thumb_height&quot;:&quot;333.00&quot;},{&quot;id&quot;:&quot;396&quot;,&quot;alt&quot;:&quot;Mattarella-Pahor-LHC - Mattarella firma il Libro d&amp;#039;Onore con Pahor e il Rettore Di Lenarda&quot;,&quot;description&quot;:&quot;Copyright: Universita degli studi di Trieste&amp;lt;br \\\/&amp;gt;&quot;,&quot;filetype&quot;:&quot;JPG&quot;,&quot;filename&quot;:&quot;20240412_Mattarella-Pahor-LHC_012&quot;,&quot;image_url&quot;:&quot;\\\/LHC_Mattarella-Pahor\\\/20240412_Mattarella-Pahor-LHC_012.jpg?bwg=1719310937&quot;,&quot;thumb_url&quot;:&quot;\\\/LHC_Mattarella-Pahor\\\/thumb\\\/20240412_Mattarella-Pahor-LHC_012.jpg?bwg=1719310937&quot;,&quot;redirect_url&quot;:&quot;&quot;,&quot;date&quot;:&quot;2024-06-25 10:18:25&quot;,&quot;is_embed&quot;:false,&quot;is_embed_video&quot;:false,&quot;image_width&quot;:&quot;1200&quot;,&quot;image_height&quot;:&quot;800&quot;,&quot;thumb_width&quot;:&quot;500.00&quot;,&quot;thumb_height&quot;:&quot;333.00&quot;},{&quot;id&quot;:&quot;397&quot;,&quot;alt&quot;:&quot;Mattarella-Pahor-LHC in platea&quot;,&quot;description&quot;:&quot;&quot;,&quot;filetype&quot;:&quot;JPG&quot;,&quot;filename&quot;:&quot;20240412_Mattarella-Pahor-LHC_020&quot;,&quot;image_url&quot;:&quot;\\\/LHC_Mattarella-Pahor\\\/20240412_Mattarella-Pahor-LHC_020.jpg?bwg=1719310937&quot;,&quot;thumb_url&quot;:&quot;\\\/LHC_Mattarella-Pahor\\\/thumb\\\/20240412_Mattarella-Pahor-LHC_020.jpg?bwg=1719310937&quot;,&quot;redirect_url&quot;:&quot;&quot;,&quot;date&quot;:&quot;2024-06-25 10:18:25&quot;,&quot;is_embed&quot;:false,&quot;is_embed_video&quot;:false,&quot;image_width&quot;:&quot;1200&quot;,&quot;image_height&quot;:&quot;800&quot;,&quot;thumb_width&quot;:&quot;500.00&quot;,&quot;thumb_height&quot;:&quot;333.00&quot;},{&quot;id&quot;:&quot;398&quot;,&quot;alt&quot;:&quot;Mattarella-Pahor-LHC - primo piano Mattarella e Pahor&quot;,&quot;description&quot;:&quot;&quot;,&quot;filetype&quot;:&quot;JPG&quot;,&quot;filename&quot;:&quot;20240412_Mattarella-Pahor-LHC_019&quot;,&quot;image_url&quot;:&quot;\\\/LHC_Mattarella-Pahor\\\/20240412_Mattarella-Pahor-LHC_019.jpg?bwg=1719310937&quot;,&quot;thumb_url&quot;:&quot;\\\/LHC_Mattarella-Pahor\\\/thumb\\\/20240412_Mattarella-Pahor-LHC_019.jpg?bwg=1719310937&quot;,&quot;redirect_url&quot;:&quot;&quot;,&quot;date&quot;:&quot;2024-06-25 10:18:25&quot;,&quot;is_embed&quot;:false,&quot;is_embed_video&quot;:false,&quot;image_width&quot;:&quot;1200&quot;,&quot;image_height&quot;:&quot;800&quot;,&quot;thumb_width&quot;:&quot;500.00&quot;,&quot;thumb_height&quot;:&quot;333.00&quot;},{&quot;id&quot;:&quot;399&quot;,&quot;alt&quot;:&quot;Mattarella-Pahor-LHC - la consegna della LHC&quot;,&quot;description&quot;:&quot;Copyright: Universita degli studi di Trieste&amp;lt;br \\\/&amp;gt;&quot;,&quot;filetype&quot;:&quot;JPG&quot;,&quot;filename&quot;:&quot;20240412_Mattarella-Pahor-LHC_021&quot;,&quot;image_url&quot;:&quot;\\\/LHC_Mattarella-Pahor\\\/20240412_Mattarella-Pahor-LHC_021.jpg?bwg=1719310937&quot;,&quot;thumb_url&quot;:&quot;\\\/LHC_Mattarella-Pahor\\\/thumb\\\/20240412_Mattarella-Pahor-LHC_021.jpg?bwg=1719310937&quot;,&quot;redirect_url&quot;:&quot;&quot;,&quot;date&quot;:&quot;2024-06-25 10:18:25&quot;,&quot;is_embed&quot;:false,&quot;is_embed_video&quot;:false,&quot;image_width&quot;:&quot;1200&quot;,&quot;image_height&quot;:&quot;800&quot;,&quot;thumb_width&quot;:&quot;500.00&quot;,&quot;thumb_height&quot;:&quot;333.00&quot;},{&quot;id&quot;:&quot;400&quot;,&quot;alt&quot;:&quot;Mattarella-Pahor-LHC - la consegna della LHC&quot;,&quot;description&quot;:&quot;Copyright: Universita degli studi di Trieste&amp;lt;br \\\/&amp;gt;&quot;,&quot;filetype&quot;:&quot;JPG&quot;,&quot;filename&quot;:&quot;20240412_Mattarella-Pahor-LHC_022&quot;,&quot;image_url&quot;:&quot;\\\/LHC_Mattarella-Pahor\\\/20240412_Mattarella-Pahor-LHC_022.jpg?bwg=1719310937&quot;,&quot;thumb_url&quot;:&quot;\\\/LHC_Mattarella-Pahor\\\/thumb\\\/20240412_Mattarella-Pahor-LHC_022.jpg?bwg=1719310937&quot;,&quot;redirect_url&quot;:&quot;&quot;,&quot;date&quot;:&quot;2024-06-25 10:18:25&quot;,&quot;is_embed&quot;:false,&quot;is_embed_video&quot;:false,&quot;image_width&quot;:&quot;1200&quot;,&quot;image_height&quot;:&quot;800&quot;,&quot;thumb_width&quot;:&quot;500.00&quot;,&quot;thumb_height&quot;:&quot;333.00&quot;},{&quot;id&quot;:&quot;401&quot;,&quot;alt&quot;:&quot;Mattarella-Pahor-LHC - la consegna della LHC&quot;,&quot;description&quot;:&quot;Copyright: Universita degli studi di Trieste&amp;lt;br \\\/&amp;gt;&quot;,&quot;filetype&quot;:&quot;JPG&quot;,&quot;filename&quot;:&quot;20240412_Mattarella-Pahor-LHC_029&quot;,&quot;image_url&quot;:&quot;\\\/LHC_Mattarella-Pahor\\\/20240412_Mattarella-Pahor-LHC_029.jpg?bwg=1719310937&quot;,&quot;thumb_url&quot;:&quot;\\\/LHC_Mattarella-Pahor\\\/thumb\\\/20240412_Mattarella-Pahor-LHC_029.jpg?bwg=1719310937&quot;,&quot;redirect_url&quot;:&quot;&quot;,&quot;date&quot;:&quot;2024-06-25 10:18:26&quot;,&quot;is_embed&quot;:false,&quot;is_embed_video&quot;:false,&quot;image_width&quot;:&quot;1200&quot;,&quot;image_height&quot;:&quot;800&quot;,&quot;thumb_width&quot;:&quot;500.00&quot;,&quot;thumb_height&quot;:&quot;333.00&quot;},{&quot;id&quot;:&quot;402&quot;,&quot;alt&quot;:&quot;Mattarella-Pahor-LHC - la consegna della LHC&quot;,&quot;description&quot;:&quot;Copyright: Universita degli studi di Trieste&amp;lt;br \\\/&amp;gt;&quot;,&quot;filetype&quot;:&quot;JPG&quot;,&quot;filename&quot;:&quot;20240412_Mattarella-Pahor-LHC_030&quot;,&quot;image_url&quot;:&quot;\\\/LHC_Mattarella-Pahor\\\/20240412_Mattarella-Pahor-LHC_030.jpg?bwg=1719310937&quot;,&quot;thumb_url&quot;:&quot;\\\/LHC_Mattarella-Pahor\\\/thumb\\\/20240412_Mattarella-Pahor-LHC_030.jpg?bwg=1719310937&quot;,&quot;redirect_url&quot;:&quot;&quot;,&quot;date&quot;:&quot;2024-06-25 10:18:26&quot;,&quot;is_embed&quot;:false,&quot;is_embed_video&quot;:false,&quot;image_width&quot;:&quot;1200&quot;,&quot;image_height&quot;:&quot;800&quot;,&quot;thumb_width&quot;:&quot;500.00&quot;,&quot;thumb_height&quot;:&quot;333.00&quot;},{&quot;id&quot;:&quot;403&quot;,&quot;alt&quot;:&quot;Mattarella-Pahor-LHC - la consegna della LHC&quot;,&quot;description&quot;:&quot;Copyright: Universita degli studi di Trieste&amp;lt;br \\\/&amp;gt;&quot;,&quot;filetype&quot;:&quot;JPG&quot;,&quot;filename&quot;:&quot;20240412_Mattarella-Pahor-LHC_033&quot;,&quot;image_url&quot;:&quot;\\\/LHC_Mattarella-Pahor\\\/20240412_Mattarella-Pahor-LHC_033.jpg?bwg=1719310937&quot;,&quot;thumb_url&quot;:&quot;\\\/LHC_Mattarella-Pahor\\\/thumb\\\/20240412_Mattarella-Pahor-LHC_033.jpg?bwg=1719310937&quot;,&quot;redirect_url&quot;:&quot;&quot;,&quot;date&quot;:&quot;2024-06-25 10:18:26&quot;,&quot;is_embed&quot;:false,&quot;is_embed_video&quot;:false,&quot;image_width&quot;:&quot;1200&quot;,&quot;image_height&quot;:&quot;800&quot;,&quot;thumb_width&quot;:&quot;500.00&quot;,&quot;thumb_height&quot;:&quot;333.00&quot;},{&quot;id&quot;:&quot;404&quot;,&quot;alt&quot;:&quot;20240412 Mattarella-Pahor-LHC - la consegna della LHC-Pahor-LHC 036&quot;,&quot;description&quot;:&quot;Copyright: Universita degli studi di Trieste&amp;lt;br \\\/&amp;gt;&quot;,&quot;filetype&quot;:&quot;JPG&quot;,&quot;filename&quot;:&quot;20240412_Mattarella-Pahor-LHC_036&quot;,&quot;image_url&quot;:&quot;\\\/LHC_Mattarella-Pahor\\\/20240412_Mattarella-Pahor-LHC_036.jpg?bwg=1719310937&quot;,&quot;thumb_url&quot;:&quot;\\\/LHC_Mattarella-Pahor\\\/thumb\\\/20240412_Mattarella-Pahor-LHC_036.jpg?bwg=1719310937&quot;,&quot;redirect_url&quot;:&quot;&quot;,&quot;date&quot;:&quot;2024-06-25 10:18:26&quot;,&quot;is_embed&quot;:false,&quot;is_embed_video&quot;:false,&quot;image_width&quot;:&quot;1200&quot;,&quot;image_height&quot;:&quot;800&quot;,&quot;thumb_width&quot;:&quot;500.00&quot;,&quot;thumb_height&quot;:&quot;333.00&quot;},{&quot;id&quot;:&quot;405&quot;,&quot;alt&quot;:&quot;20240412 Mattarella-Pahor-LHC - la consegna della LHC-Pahor-LHC 046&quot;,&quot;description&quot;:&quot;Copyright: Universita degli studi di Trieste&amp;lt;br \\\/&amp;gt;&quot;,&quot;filetype&quot;:&quot;JPG&quot;,&quot;filename&quot;:&quot;20240412_Mattarella-Pahor-LHC_046&quot;,&quot;image_url&quot;:&quot;\\\/LHC_Mattarella-Pahor\\\/20240412_Mattarella-Pahor-LHC_046.jpg?bwg=1719310937&quot;,&quot;thumb_url&quot;:&quot;\\\/LHC_Mattarella-Pahor\\\/thumb\\\/20240412_Mattarella-Pahor-LHC_046.jpg?bwg=1719310937&quot;,&quot;redirect_url&quot;:&quot;&quot;,&quot;date&quot;:&quot;2024-06-25 10:18:26&quot;,&quot;is_embed&quot;:false,&quot;is_embed_video&quot;:false,&quot;image_width&quot;:&quot;1200&quot;,&quot;image_height&quot;:&quot;800&quot;,&quot;thumb_width&quot;:&quot;500.00&quot;,&quot;thumb_height&quot;:&quot;333.00&quot;},{&quot;id&quot;:&quot;406&quot;,&quot;alt&quot;:&quot;Mattarella-Pahor-LHC - la consegna della LHC&quot;,&quot;description&quot;:&quot;&quot;,&quot;filetype&quot;:&quot;JPG&quot;,&quot;filename&quot;:&quot;20240412_Mattarella-Pahor-LHC_045&quot;,&quot;image_url&quot;:&quot;\\\/LHC_Mattarella-Pahor\\\/20240412_Mattarella-Pahor-LHC_045.jpg?bwg=1719310937&quot;,&quot;thumb_url&quot;:&quot;\\\/LHC_Mattarella-Pahor\\\/thumb\\\/20240412_Mattarella-Pahor-LHC_045.jpg?bwg=1719310937&quot;,&quot;redirect_url&quot;:&quot;&quot;,&quot;date&quot;:&quot;2024-06-25 10:18:26&quot;,&quot;is_embed&quot;:false,&quot;is_embed_video&quot;:false,&quot;image_width&quot;:&quot;1200&quot;,&quot;image_height&quot;:&quot;800&quot;,&quot;thumb_width&quot;:&quot;500.00&quot;,&quot;thumb_height&quot;:&quot;333.00&quot;},{&quot;id&quot;:&quot;407&quot;,&quot;alt&quot;:&quot;Mattarella-Pahor-LHC - primo piano Mattarella e Rettore Di Lenarda&quot;,&quot;description&quot;:&quot;&quot;,&quot;filetype&quot;:&quot;PNG&quot;,&quot;filename&quot;:&quot;20240412_Mattarella-Pahor-LHC_037&quot;,&quot;image_url&quot;:&quot;\\\/LHC_Mattarella-Pahor\\\/20240412_Mattarella-Pahor-LHC_037.png?bwg=1719310937&quot;,&quot;thumb_url&quot;:&quot;\\\/LHC_Mattarella-Pahor\\\/thumb\\\/20240412_Mattarella-Pahor-LHC_037.png?bwg=1719310937&quot;,&quot;redirect_url&quot;:&quot;&quot;,&quot;date&quot;:&quot;2024-06-25 10:18:26&quot;,&quot;is_embed&quot;:false,&quot;is_embed_video&quot;:false,&quot;image_width&quot;:&quot;1200&quot;,&quot;image_height&quot;:&quot;675&quot;,&quot;thumb_width&quot;:&quot;500.00&quot;,&quot;thumb_height&quot;:&quot;281.00&quot;}],&quot;width_or_height&quot;:&quot;width&quot;,&quot;filmstrip_thumb_margin_hor&quot;:2,&quot;left_or_top&quot;:&quot;left&quot;,&quot;outerWidth_or_outerHeight&quot;:&quot;outerWidth&quot;,&quot;enable_slideshow_shuffle&quot;:&quot;0&quot;,&quot;lightbox_filmstrip_thumb_border_width&quot;:&quot;1&quot;,&quot;thumb_click_action&quot;:&quot;open_lightbox&quot;,&quot;thumb_link_target&quot;:&quot;1&quot;,&quot;upload_url&quot;:&quot;https:\\\/\\\/100anni.units.it\\\/wp-content\\\/uploads\\\/photo-gallery&quot;,&quot;preload_images&quot;:&quot;1&quot;,&quot;slideshow_effect&quot;:&quot;fade&quot;,&quot;event_stack&quot;:&quot;&quot;,&quot;preload_images_count&quot;:10,&quot;image_width&quot;:&quot;1200&quot;,&quot;image_height&quot;:&quot;800&quot;,&quot;thumb_width&quot;:&quot;250&quot;,&quot;thumb_height&quot;:&quot;140&quot;,&quot;filmstrip_direction&quot;:&quot;horizontal&quot;,&quot;slideshow_filmstrip_type&quot;:&quot;0&quot;,&quot;slideshow_thumbnails_count&quot;:&quot;5&quot;,&quot;slideshow_filmstrip_width&quot;:0,&quot;slideshow_filmstrip_height&quot;:0,&quot;slideshow_filmstrip_rl_btn_size&quot;:&quot;20&quot;,&quot;slideshow_play_pause_btn_size&quot;:&quot;35&quot;,&quot;watermark_type&quot;:&quot;90&quot;,&quot;watermark_height&quot;:&quot;90&quot;,&quot;watermark_font_size&quot;:&quot;20&quot;,&quot;slideshow_title_font_size&quot;:&quot;16&quot;,&quot;slideshow_description_font_size&quot;:&quot;14&quot;,&quot;bwg_playInterval&quot;:&quot;&quot;,&quot;slideshow_interval&quot;:5,&quot;image_right_click&quot;:&quot;1&quot;,&quot;enable_slideshow_autoplay&quot;:&quot;0&quot;,&quot;enable_slideshow_music&quot;:&quot;0&quot;,&quot;bwg_current_filmstrip_pos&quot;:0}'         data-filmstrip-position=\"bottom\"         data-filmstrip-size=\"0\">      <div class=\"bwg_slide_container_0\">        <div class=\"bwg_slide_bg_0\">          <div class=\"bwg_slider_0\">                            <span class=\"bwg_slideshow_image_spun_0\" id=\"image_id_0_393\">                    <span class=\"bwg_slideshow_image_spun1_0\">                      <span class=\"bwg_slideshow_image_spun2_0\">                                                  <a  class=\"bwg-a bwg_lightbox\" data-image-id=\"393\" data-elementor-open-lightbox=\"no\">                          <img decoding=\"async\" id=\"bwg_slideshow_image_0\"                               class=\"skip-lazy bwg_slide bwg_slideshow_image_0  bwg_lazyload \"                               src=\"https:\/\/100anni.units.it\/wp-content\/plugins\/photo-gallery\/images\/lazy_placeholder.gif\"                               data-src=\"https:\/\/100anni.units.it\/wp-content\/uploads\/photo-gallery\/LHC_Mattarella-Pahor\/20240412_Mattarella-Pahor-LHC_007.jpg?bwg=1719310937\"                               image_id=\"393\"                               alt=\"Mattarella-Pahor-LHC - stratta di mano Mattarella Pahor\" \/>                          <\/a>                                                <\/span>                    <\/span>                  <\/span>                <span class=\"bwg_slideshow_image_second_spun_0\">                  <\/span>                <input type=\"hidden\" id=\"bwg_current_image_key_0\" value=\"0\" \/>                          <\/div>        <\/div>      <\/div>              <a class=\"bwg-a\" id=\"spider_slideshow_left_0\" onclick=\"bwg_change_image(parseInt(jQuery('#bwg_current_image_key_0').val()), (parseInt(jQuery('#bwg_current_image_key_0').val()) + 15 - bwg_iterator(0)) % 15, '', '', 0); return false;\"><span id=\"spider_slideshow_left-ico_0\"><span><i class=\"bwg-icon-angle-left bwg_slideshow_prev_btn_0\"><\/i><\/span><\/span><\/a>        <span id=\"bwg_slideshow_play_pause_0\" class=\"bwg_slideshow_play_pause\" style=\"display: undefined;\"><span><span id=\"bwg_slideshow_play_pause-ico_0\"><i class=\"bwg-icon-play bwg_ctrl_btn_0 bwg_slideshow_play_pause_0\"><\/i><\/span><\/span><\/span>        <a class=\"bwg-a\" id=\"spider_slideshow_right_0\" onclick=\"bwg_change_image(parseInt(jQuery('#bwg_current_image_key_0').val()), (parseInt(jQuery('#bwg_current_image_key_0').val()) + bwg_iterator(0)) % 15, '', '', 0); return false;\"><span id=\"spider_slideshow_right-ico_0\"><span><i class=\"bwg-icon-angle-right bwg_slideshow_next_btn_0\"><\/i><\/span><\/span><\/a>            <\/div>      <\/div>            <\/div>        <\/form>        <style>          #bwg_container1_0 #bwg_container2_0 #spider_popup_overlay_0 {          background-color: #2B2B2B;          opacity: 0.70;          }          <\/style>        <div id=\"bwg_spider_popup_loading_0\" class=\"bwg_spider_popup_loading\"><\/div>        <div id=\"spider_popup_overlay_0\" class=\"spider_popup_overlay\" onclick=\"spider_destroypopup(1000)\"><\/div>        <input type=\"hidden\" id=\"bwg_random_seed_0\" value=\"1880661479\">                <\/div>    <\/div>    <script>      if (document.readyState === 'complete') {        if( typeof bwg_main_ready == 'function' ) {          if ( jQuery(\"#bwg_container1_0\").height() ) {            bwg_main_ready(jQuery(\"#bwg_container1_0\"));          }        }      } else {        document.addEventListener('DOMContentLoaded', function() {          if( typeof bwg_main_ready == 'function' ) {            if ( jQuery(\"#bwg_container1_0\").height() ) {             bwg_main_ready(jQuery(\"#bwg_container1_0\"));            }          }        });      }    <\/script>    \n\n\n\n<div style=\"height:100px\" aria-hidden=\"true\" class=\"wp-block-spacer\"><\/div>\n\n\n\n<div class=\"wp-block-group\"><div class=\"wp-block-group__inner-container is-layout-constrained wp-block-group-is-layout-constrained\">\n<div style=\"height:25px\" aria-hidden=\"true\" class=\"wp-block-spacer\"><\/div>\n\n\n<div class=\"yoast-breadcrumbs\"><span><span><a href=\"https:\/\/100anni.units.it\/\">Home<\/a><\/span> \u00bb <span class=\"breadcrumb_last\" aria-current=\"page\">Cerimonia di conferimento Laurea Magistrale Honoris Causa a Sergio Mattarella e Borut Pahor<\/span><\/span><\/div>\n\n\n<div style=\"height:40px\" aria-hidden=\"true\" class=\"wp-block-spacer\"><\/div>\n<\/div><\/div>\n","protected":false},"excerpt":{"rendered":"<p>Cerimonia di conferimento Laurea Magistrale Honoris Causa a Sergio Mattarella e Borut Pahor 12 aprile 2024 ore 11:00, Aula Magna Ed. A Programma della Cerimonia Inno nazionale e Inno sloveno&hellip;&nbsp;<a href=\"https:\/\/100anni.units.it\/index.php\/home\/cerimonia-di-conferimento-laurea-magistrale-honoris-causa-a-sergio-mattarella-e-borut-pahor\/\" class=\"\" rel=\"bookmark\">Leggi tutto &raquo;<span class=\"screen-reader-text\">Cerimonia di conferimento Laurea Magistrale Honoris Causa a Sergio Mattarella e Borut Pahor<\/span><\/a><\/p>\n","protected":false},"author":1,"featured_media":0,"parent":120,"menu_order":0,"comment_status":"closed","ping_status":"closed","template":"","meta":{"neve_meta_sidebar":"","neve_meta_container":"","neve_meta_enable_content_width":"","neve_meta_content_width":0,"neve_meta_title_alignment":"","neve_meta_author_avatar":"","neve_post_elements_order":"","neve_meta_disable_header":"","neve_meta_disable_footer":"","neve_meta_disable_title":"","_EventAllDay":false,"_EventTimezone":"","_EventStartDate":"","_EventEndDate":"","_EventStartDateUTC":"","_EventEndDateUTC":"","_EventShowMap":false,"_EventShowMapLink":false,"_EventURL":"","_EventCost":"","_EventCostDescription":"","_EventCurrencySymbol":"","_EventCurrencyCode":"","_EventCurrencyPosition":"","_EventDateTimeSeparator":"","_EventTimeRangeSeparator":"","_EventOrganizerID":[],"_EventVenueID":[],"_OrganizerEmail":"","_OrganizerPhone":"","_OrganizerWebsite":"","_VenueAddress":"","_VenueCity":"","_VenueCountry":"","_VenueProvince":"","_VenueState":"","_VenueZip":"","_VenuePhone":"","_VenueURL":"","_VenueStateProvince":"","_VenueLat":"","_VenueLng":"","_VenueShowMap":false,"_VenueShowMapLink":false,"_ti_tpc_template_sync":false,"_ti_tpc_template_id":"","footnotes":""},"class_list":["post-5078","page","type-page","status-publish","hentry"],"yoast_head":"<!-- This site is optimized with the Yoast SEO plugin v21.0 - https:\/\/yoast.com\/wordpress\/plugins\/seo\/ -->\n<title>Cerimonia di conferimento Laurea Magistrale Honoris Causa a Sergio Mattarella e Borut Pahor &ndash; #100UniTS<\/title>\n<meta name=\"description\" content=\"L\u2019Universit\u00e0 di Trieste ha conferito la Laurea Magistrale Honoris Causa in Giurisprudenza al Presidente della Repubblica Sergio Mattarella e a Borut Pahor, gi\u00e0 Presidente della Repubblica di Slovenia, due personalit\u00e0 che stanno contribuendo a scrivere la storia della frontiera adriatica.\" \/>\n<meta name=\"robots\" content=\"index, follow, max-snippet:-1, max-image-preview:large, max-video-preview:-1\" \/>\n<link rel=\"canonical\" href=\"https:\/\/100anni.units.it\/index.php\/home\/cerimonia-di-conferimento-laurea-magistrale-honoris-causa-a-sergio-mattarella-e-borut-pahor\/\" \/>\n<meta property=\"og:locale\" content=\"it_IT\" \/>\n<meta property=\"og:type\" content=\"article\" \/>\n<meta property=\"og:title\" content=\"Cerimonia di conferimento Laurea Magistrale Honoris Causa a Sergio Mattarella e Borut Pahor &ndash; #100UniTS\" \/>\n<meta property=\"og:description\" content=\"L\u2019Universit\u00e0 di Trieste ha conferito la Laurea Magistrale Honoris Causa in Giurisprudenza al Presidente della Repubblica Sergio Mattarella e a Borut Pahor, gi\u00e0 Presidente della Repubblica di Slovenia, due personalit\u00e0 che stanno contribuendo a scrivere la storia della frontiera adriatica.\" \/>\n<meta property=\"og:url\" content=\"https:\/\/100anni.units.it\/index.php\/home\/cerimonia-di-conferimento-laurea-magistrale-honoris-causa-a-sergio-mattarella-e-borut-pahor\/\" \/>\n<meta property=\"og:site_name\" content=\"#100UniTS\" \/>\n<meta property=\"article:publisher\" content=\"https:\/\/www.facebook.com\/universitatrieste\" \/>\n<meta property=\"og:image\" content=\"https:\/\/100anni.units.it\/wp-content\/uploads\/2024\/05\/100UniTS_foto_copertina_LHC_MattarellaPahor-1024x914.jpg\" \/>\n<meta name=\"twitter:card\" content=\"summary_large_image\" \/>\n<meta name=\"twitter:site\" content=\"@UniTrieste\" \/>\n<meta name=\"twitter:label1\" content=\"Tempo di lettura stimato\" \/>\n\t<meta name=\"twitter:data1\" content=\"7 minuti\" \/>\n<script type=\"application\/ld+json\" class=\"yoast-schema-graph\">{\"@context\":\"https:\/\/schema.org\",\"@graph\":[{\"@type\":\"WebPage\",\"@id\":\"https:\/\/100anni.units.it\/index.php\/home\/cerimonia-di-conferimento-laurea-magistrale-honoris-causa-a-sergio-mattarella-e-borut-pahor\/\",\"url\":\"https:\/\/100anni.units.it\/index.php\/home\/cerimonia-di-conferimento-laurea-magistrale-honoris-causa-a-sergio-mattarella-e-borut-pahor\/\",\"name\":\"Cerimonia di conferimento Laurea Magistrale Honoris Causa a Sergio Mattarella e Borut Pahor &ndash; #100UniTS\",\"isPartOf\":{\"@id\":\"https:\/\/100anni.units.it\/#website\"},\"datePublished\":\"2024-07-19T14:59:27+00:00\",\"dateModified\":\"2024-07-19T14:59:27+00:00\",\"description\":\"L\u2019Universit\u00e0 di Trieste ha conferito la Laurea Magistrale Honoris Causa in Giurisprudenza al Presidente della Repubblica Sergio Mattarella e a Borut Pahor, gi\u00e0 Presidente della Repubblica di Slovenia, due personalit\u00e0 che stanno contribuendo a scrivere la storia della frontiera adriatica.\",\"breadcrumb\":{\"@id\":\"https:\/\/100anni.units.it\/index.php\/home\/cerimonia-di-conferimento-laurea-magistrale-honoris-causa-a-sergio-mattarella-e-borut-pahor\/#breadcrumb\"},\"inLanguage\":\"it-IT\",\"potentialAction\":[{\"@type\":\"ReadAction\",\"target\":[\"https:\/\/100anni.units.it\/index.php\/home\/cerimonia-di-conferimento-laurea-magistrale-honoris-causa-a-sergio-mattarella-e-borut-pahor\/\"]}]},{\"@type\":\"BreadcrumbList\",\"@id\":\"https:\/\/100anni.units.it\/index.php\/home\/cerimonia-di-conferimento-laurea-magistrale-honoris-causa-a-sergio-mattarella-e-borut-pahor\/#breadcrumb\",\"itemListElement\":[{\"@type\":\"ListItem\",\"position\":1,\"name\":\"Home\",\"item\":\"https:\/\/100anni.units.it\/\"},{\"@type\":\"ListItem\",\"position\":2,\"name\":\"Cerimonia di conferimento Laurea Magistrale Honoris Causa a Sergio Mattarella e Borut Pahor\"}]},{\"@type\":\"WebSite\",\"@id\":\"https:\/\/100anni.units.it\/#website\",\"url\":\"https:\/\/100anni.units.it\/\",\"name\":\"#100UniTS\",\"description\":\"Ogni giorno, da cento anni, con noi puoi scoprire ci\u00f2 che sar\u00e0 realt\u00e0 nel futuro. Celebriamo insieme un secolo di ricerca, eccellenza, creativit\u00e0 e ingegno umano.\",\"publisher\":{\"@id\":\"https:\/\/100anni.units.it\/#organization\"},\"potentialAction\":[{\"@type\":\"SearchAction\",\"target\":{\"@type\":\"EntryPoint\",\"urlTemplate\":\"https:\/\/100anni.units.it\/?s={search_term_string}\"},\"query-input\":\"required name=search_term_string\"}],\"inLanguage\":\"it-IT\"},{\"@type\":\"Organization\",\"@id\":\"https:\/\/100anni.units.it\/#organization\",\"name\":\"Universit\u00e0 degli Studi di Trieste\",\"alternateName\":\"UniTS\",\"url\":\"https:\/\/100anni.units.it\/\",\"logo\":{\"@type\":\"ImageObject\",\"inLanguage\":\"it-IT\",\"@id\":\"https:\/\/100anni.units.it\/#\/schema\/logo\/image\/\",\"url\":\"https:\/\/100anni.units.it\/wp-content\/uploads\/2023\/08\/units_sigillo.png\",\"contentUrl\":\"https:\/\/100anni.units.it\/wp-content\/uploads\/2023\/08\/units_sigillo.png\",\"width\":696,\"height\":696,\"caption\":\"Universit\u00e0 degli Studi di Trieste\"},\"image\":{\"@id\":\"https:\/\/100anni.units.it\/#\/schema\/logo\/image\/\"},\"sameAs\":[\"https:\/\/www.facebook.com\/universitatrieste\",\"https:\/\/twitter.com\/UniTrieste\"]}]}<\/script>\n<!-- \/ Yoast SEO plugin. -->","yoast_head_json":{"title":"Cerimonia di conferimento Laurea Magistrale Honoris Causa a Sergio Mattarella e Borut Pahor &ndash; #100UniTS","description":"L\u2019Universit\u00e0 di Trieste ha conferito la Laurea Magistrale Honoris Causa in Giurisprudenza al Presidente della Repubblica Sergio Mattarella e a Borut Pahor, gi\u00e0 Presidente della Repubblica di Slovenia, due personalit\u00e0 che stanno contribuendo a scrivere la storia della frontiera adriatica.","robots":{"index":"index","follow":"follow","max-snippet":"max-snippet:-1","max-image-preview":"max-image-preview:large","max-video-preview":"max-video-preview:-1"},"canonical":"https:\/\/100anni.units.it\/index.php\/home\/cerimonia-di-conferimento-laurea-magistrale-honoris-causa-a-sergio-mattarella-e-borut-pahor\/","og_locale":"it_IT","og_type":"article","og_title":"Cerimonia di conferimento Laurea Magistrale Honoris Causa a Sergio Mattarella e Borut Pahor &ndash; #100UniTS","og_description":"L\u2019Universit\u00e0 di Trieste ha conferito la Laurea Magistrale Honoris Causa in Giurisprudenza al Presidente della Repubblica Sergio Mattarella e a Borut Pahor, gi\u00e0 Presidente della Repubblica di Slovenia, due personalit\u00e0 che stanno contribuendo a scrivere la storia della frontiera adriatica.","og_url":"https:\/\/100anni.units.it\/index.php\/home\/cerimonia-di-conferimento-laurea-magistrale-honoris-causa-a-sergio-mattarella-e-borut-pahor\/","og_site_name":"#100UniTS","article_publisher":"https:\/\/www.facebook.com\/universitatrieste","og_image":[{"url":"https:\/\/100anni.units.it\/wp-content\/uploads\/2024\/05\/100UniTS_foto_copertina_LHC_MattarellaPahor-1024x914.jpg"}],"twitter_card":"summary_large_image","twitter_site":"@UniTrieste","twitter_misc":{"Tempo di lettura stimato":"7 minuti"},"schema":{"@context":"https:\/\/schema.org","@graph":[{"@type":"WebPage","@id":"https:\/\/100anni.units.it\/index.php\/home\/cerimonia-di-conferimento-laurea-magistrale-honoris-causa-a-sergio-mattarella-e-borut-pahor\/","url":"https:\/\/100anni.units.it\/index.php\/home\/cerimonia-di-conferimento-laurea-magistrale-honoris-causa-a-sergio-mattarella-e-borut-pahor\/","name":"Cerimonia di conferimento Laurea Magistrale Honoris Causa a Sergio Mattarella e Borut Pahor &ndash; #100UniTS","isPartOf":{"@id":"https:\/\/100anni.units.it\/#website"},"datePublished":"2024-07-19T14:59:27+00:00","dateModified":"2024-07-19T14:59:27+00:00","description":"L\u2019Universit\u00e0 di Trieste ha conferito la Laurea Magistrale Honoris Causa in Giurisprudenza al Presidente della Repubblica Sergio Mattarella e a Borut Pahor, gi\u00e0 Presidente della Repubblica di Slovenia, due personalit\u00e0 che stanno contribuendo a scrivere la storia della frontiera adriatica.","breadcrumb":{"@id":"https:\/\/100anni.units.it\/index.php\/home\/cerimonia-di-conferimento-laurea-magistrale-honoris-causa-a-sergio-mattarella-e-borut-pahor\/#breadcrumb"},"inLanguage":"it-IT","potentialAction":[{"@type":"ReadAction","target":["https:\/\/100anni.units.it\/index.php\/home\/cerimonia-di-conferimento-laurea-magistrale-honoris-causa-a-sergio-mattarella-e-borut-pahor\/"]}]},{"@type":"BreadcrumbList","@id":"https:\/\/100anni.units.it\/index.php\/home\/cerimonia-di-conferimento-laurea-magistrale-honoris-causa-a-sergio-mattarella-e-borut-pahor\/#breadcrumb","itemListElement":[{"@type":"ListItem","position":1,"name":"Home","item":"https:\/\/100anni.units.it\/"},{"@type":"ListItem","position":2,"name":"Cerimonia di conferimento Laurea Magistrale Honoris Causa a Sergio Mattarella e Borut Pahor"}]},{"@type":"WebSite","@id":"https:\/\/100anni.units.it\/#website","url":"https:\/\/100anni.units.it\/","name":"#100UniTS","description":"Ogni giorno, da cento anni, con noi puoi scoprire ci\u00f2 che sar\u00e0 realt\u00e0 nel futuro. Celebriamo insieme un secolo di ricerca, eccellenza, creativit\u00e0 e ingegno umano.","publisher":{"@id":"https:\/\/100anni.units.it\/#organization"},"potentialAction":[{"@type":"SearchAction","target":{"@type":"EntryPoint","urlTemplate":"https:\/\/100anni.units.it\/?s={search_term_string}"},"query-input":"required name=search_term_string"}],"inLanguage":"it-IT"},{"@type":"Organization","@id":"https:\/\/100anni.units.it\/#organization","name":"Universit\u00e0 degli Studi di Trieste","alternateName":"UniTS","url":"https:\/\/100anni.units.it\/","logo":{"@type":"ImageObject","inLanguage":"it-IT","@id":"https:\/\/100anni.units.it\/#\/schema\/logo\/image\/","url":"https:\/\/100anni.units.it\/wp-content\/uploads\/2023\/08\/units_sigillo.png","contentUrl":"https:\/\/100anni.units.it\/wp-content\/uploads\/2023\/08\/units_sigillo.png","width":696,"height":696,"caption":"Universit\u00e0 degli Studi di Trieste"},"image":{"@id":"https:\/\/100anni.units.it\/#\/schema\/logo\/image\/"},"sameAs":["https:\/\/www.facebook.com\/universitatrieste","https:\/\/twitter.com\/UniTrieste"]}]}},"_links":{"self":[{"href":"https:\/\/100anni.units.it\/index.php\/wp-json\/wp\/v2\/pages\/5078","targetHints":{"allow":["GET"]}}],"collection":[{"href":"https:\/\/100anni.units.it\/index.php\/wp-json\/wp\/v2\/pages"}],"about":[{"href":"https:\/\/100anni.units.it\/index.php\/wp-json\/wp\/v2\/types\/page"}],"author":[{"embeddable":true,"href":"https:\/\/100anni.units.it\/index.php\/wp-json\/wp\/v2\/users\/1"}],"replies":[{"embeddable":true,"href":"https:\/\/100anni.units.it\/index.php\/wp-json\/wp\/v2\/comments?post=5078"}],"version-history":[{"count":82,"href":"https:\/\/100anni.units.it\/index.php\/wp-json\/wp\/v2\/pages\/5078\/revisions"}],"predecessor-version":[{"id":6605,"href":"https:\/\/100anni.units.it\/index.php\/wp-json\/wp\/v2\/pages\/5078\/revisions\/6605"}],"up":[{"embeddable":true,"href":"https:\/\/100anni.units.it\/index.php\/wp-json\/wp\/v2\/pages\/120"}],"wp:attachment":[{"href":"https:\/\/100anni.units.it\/index.php\/wp-json\/wp\/v2\/media?parent=5078"}],"curies":[{"name":"wp","href":"https:\/\/api.w.org\/{rel}","templated":true}]}}