{"id":7082,"date":"2024-09-13T16:07:33","date_gmt":"2024-09-13T14:07:33","guid":{"rendered":"https:\/\/100anni.units.it\/?page_id=7082"},"modified":"2024-10-03T17:54:06","modified_gmt":"2024-10-03T15:54:06","slug":"elisa-vladilo","status":"publish","type":"page","link":"https:\/\/100anni.units.it\/index.php\/home\/relazioni-darte\/elisa-vladilo\/","title":{"rendered":"Elisa Vladilo"},"content":{"rendered":"\n<div class=\"wp-block-group\"><div class=\"wp-block-group__inner-container is-layout-constrained wp-block-group-is-layout-constrained\">\n<div style=\"height:25px\" aria-hidden=\"true\" class=\"wp-block-spacer\"><\/div>\n\n\n<div class=\"yoast-breadcrumbs\"><span><span><a href=\"https:\/\/100anni.units.it\/\">Home<\/a><\/span> \u00bb <span><a href=\"https:\/\/100anni.units.it\/index.php\/home\/relazioni-darte\/\">Relazioni d&#8217;arte<\/a><\/span> \u00bb <span class=\"breadcrumb_last\" aria-current=\"page\">Elisa Vladilo<\/span><\/span><\/div>\n\n\n<div style=\"height:40px\" aria-hidden=\"true\" class=\"wp-block-spacer\"><\/div>\n<\/div><\/div>\n\n\n\n<h2 class=\"wp-block-heading has-neve-link-color-color has-text-color\">Elisa Vladilo<\/h2>\n\n\n\n<div class=\"wp-block-columns is-layout-flex wp-container-core-columns-is-layout-9d6595d7 wp-block-columns-is-layout-flex\">\n<div class=\"wp-block-column is-layout-flow wp-block-column-is-layout-flow\" style=\"flex-basis:60%\">\n<h3 class=\"wp-block-heading has-neve-link-color-color has-text-color\">Poetica : Funny Reflections<\/h3>\n\n\n\n<p>Esaminando l&#8217;edificio del Teatro di San Giovanni, Elisa Vladilo decide di considerare come luogo di intervento la facciata, e in particolare le parti di vetro delle finestre e delle porte.<br>L&#8217;idea \u00e8 di portare su queste aree circoscritte, delle campiture di colore in tinta piatta,<br>nella gamma dei colori caldi, giallo, arancio, rosa fucsia.<br>Questa gamma di colori aggiunge appunto una dimensione di calore alla facciata, e<br>giocando con le varie posizioni rispetto alla struttura architettonica, consentono un<br>ideale movimento dinamico, dove questi colori si posizionano diversamente nei vari<br>punti, in maniera libera, asimmetrica e non coprendo tutti gli spazi a disposizione.<br>Un gioco dunque di colori che animano la facciata.<br>Immaginando poi che tali vetri colorati, possano idealmente proiettare la luce<br>ovviamente dello stesso colore sull&#8217;asfalto antistante, ecco che si pu\u00f2 creare un<br>ulteriore gioco immaginario, dove si creano a terra rettangoli sghembi e tondi<br>ovoidali che riportano appunto l&#8217;esistente sulla facciata.<br>Anche queste proiezioni sono comunque libere, alludendo ad un gioco di movimento<br>e ad un dialogo tra l&#8217;edificio e il piazzale.<br>Libere riflessioni che animano il luogo aprendo varie possibilit\u00e0 di approccio e<br>interpretazione in maniera ludica.<br>Tutto questo si inserisce nel consueto percorso che da anni Elisa Vladilo porta avanti, di Arte Pubblica, in particolare di Ambient Painting, dove il colore si relaziona con lo spazio<br>in un dialogo che valorizza e rianima i luoghi.<\/p>\n\n\n\n<div style=\"height:100px\" aria-hidden=\"true\" class=\"wp-block-spacer\"><\/div>\n<\/div>\n\n\n\n<div class=\"wp-block-column is-layout-flow wp-block-column-is-layout-flow\">\n<figure class=\"wp-block-image size-large\"><img loading=\"lazy\" decoding=\"async\" width=\"709\" height=\"1024\" src=\"https:\/\/100anni.units.it\/wp-content\/uploads\/2024\/10\/Schermata-2024-10-03-alle-17.44.25-709x1024.png\" alt=\"Elisa Vladilo\" class=\"wp-image-7397\" srcset=\"https:\/\/100anni.units.it\/wp-content\/uploads\/2024\/10\/Schermata-2024-10-03-alle-17.44.25-709x1024.png 709w, https:\/\/100anni.units.it\/wp-content\/uploads\/2024\/10\/Schermata-2024-10-03-alle-17.44.25-208x300.png 208w, https:\/\/100anni.units.it\/wp-content\/uploads\/2024\/10\/Schermata-2024-10-03-alle-17.44.25-768x1109.png 768w, https:\/\/100anni.units.it\/wp-content\/uploads\/2024\/10\/Schermata-2024-10-03-alle-17.44.25-1063x1536.png 1063w, https:\/\/100anni.units.it\/wp-content\/uploads\/2024\/10\/Schermata-2024-10-03-alle-17.44.25.png 1404w\" sizes=\"auto, (max-width: 709px) 100vw, 709px\" \/><\/figure>\n\n\n\n<div style=\"height:100px\" aria-hidden=\"true\" class=\"wp-block-spacer\"><\/div>\n\n\n\n<div class=\"wp-block-buttons is-layout-flex wp-block-buttons-is-layout-flex\">\n<div class=\"wp-block-button is-style-secondary\"><a class=\"wp-block-button__link wp-element-button\" href=\"https:\/\/100anni.units.it\/wp-content\/uploads\/2024\/10\/Vladilo_compressed.pdf\">Scarica L&#8217;OPUSCOLO<\/a><\/div>\n<\/div>\n<\/div>\n<\/div>\n\n\n\n<div style=\"height:100px\" aria-hidden=\"true\" class=\"wp-block-spacer\"><\/div>\n\n\n\n<div class=\"wp-block-media-text is-stacked-on-mobile is-image-fill\" style=\"grid-template-columns:30% auto\"><figure class=\"wp-block-media-text__media\" style=\"background-image:url(https:\/\/100anni.units.it\/wp-content\/uploads\/2024\/09\/elisa-vladilo-foto-di-antonella-fuentes-1-1024x928.jpg);background-position:50% 50%\"><img loading=\"lazy\" decoding=\"async\" width=\"1024\" height=\"928\" src=\"https:\/\/100anni.units.it\/wp-content\/uploads\/2024\/09\/elisa-vladilo-foto-di-antonella-fuentes-1-1024x928.jpg\" alt=\"elisa vladilo foto di antonella fuentes\" class=\"wp-image-7084 size-full\" srcset=\"https:\/\/100anni.units.it\/wp-content\/uploads\/2024\/09\/elisa-vladilo-foto-di-antonella-fuentes-1-1024x928.jpg 1024w, https:\/\/100anni.units.it\/wp-content\/uploads\/2024\/09\/elisa-vladilo-foto-di-antonella-fuentes-1-300x272.jpg 300w, https:\/\/100anni.units.it\/wp-content\/uploads\/2024\/09\/elisa-vladilo-foto-di-antonella-fuentes-1-768x696.jpg 768w, https:\/\/100anni.units.it\/wp-content\/uploads\/2024\/09\/elisa-vladilo-foto-di-antonella-fuentes-1-1536x1391.jpg 1536w, https:\/\/100anni.units.it\/wp-content\/uploads\/2024\/09\/elisa-vladilo-foto-di-antonella-fuentes-1-2048x1855.jpg 2048w\" sizes=\"auto, (max-width: 1024px) 100vw, 1024px\" \/><\/figure><div class=\"wp-block-media-text__content\">\n<div class=\"wp-block-group is-vertical is-layout-flex wp-container-core-group-is-layout-8cf370e7 wp-block-group-is-layout-flex\">\n<h3 class=\"wp-block-heading has-neve-link-color-color has-text-color\" style=\"font-size:28px\">Biografia<\/h3>\n<\/div>\n\n\n\n<div style=\"height:20px\" aria-hidden=\"true\" class=\"wp-block-spacer\"><\/div>\n\n\n\n<p><strong>Elisa Vladilo, <\/strong>ha studiato all\u2019Istituto d\u2019Artedi Trieste, e all\u2019Accademia di Belle&nbsp; Arti, Scenografia, a Venezia e a Milano.<\/p>\n\n\n\n<p>Il suo lavoro si basa su installazioni e site specific negli spazi pubblici e privati, attraverso l\u2019uso del colore in varie modalit\u00e0.<\/p>\n\n\n\n<p>Ha realizzato varie mostre in Italia e all\u2019estero, e ha realizzato vari progetti permanenti&nbsp; e temporanei in vari spazi tra cui pubblici, giardini, scuole, strade, piazze, stazione ferroviaria.<\/p>\n\n\n\n<p>Collabora con varie&nbsp; associazioni culturali e studi di professionisti.<\/p>\n\n\n\n<p>Ha vissuto a Londra per 3 anni (1997-2000), dove \u00e8 entrata in contatto con alcuni aspetti della Public Art; In quel periodo ha partecipato anche a Whitechapel Open a London, e al Billboard Site Project a Belfast.<\/p>\n\n\n\n<p>Ha vinto il grant della Pollock-Krasner Foundation di New York nel 1998, e ha partecipato ad una&nbsp; Residenza a Berlino nell\u2019ambito di un progetto europeo(2001).<\/p>\n\n\n\n<p>Echo Surrounding, Porto Vecchio, Trieste (2020), Rhyme of Origin, Cambridge UK (2014), Melting Street, Pola-Croazia (2013),&nbsp; Melting tower, Villach AU(2011), Prendo il paesaggio e lo porto con me, Nervesa della Battaglia (2010).<\/p>\n<\/div><\/div>\n\n\n\n<p class=\"has-small-font-size\">Ph. Antonella Fuentes<\/p>\n\n\n\n<div style=\"height:100px\" aria-hidden=\"true\" class=\"wp-block-spacer\"><\/div>\n\n\n\n<div class=\"wp-block-group\"><div class=\"wp-block-group__inner-container is-layout-constrained wp-block-group-is-layout-constrained\">\n<div style=\"height:25px\" aria-hidden=\"true\" class=\"wp-block-spacer\"><\/div>\n\n\n<div class=\"yoast-breadcrumbs\"><span><span><a href=\"https:\/\/100anni.units.it\/\">Home<\/a><\/span> \u00bb <span><a href=\"https:\/\/100anni.units.it\/index.php\/home\/relazioni-darte\/\">Relazioni d&#8217;arte<\/a><\/span> \u00bb <span class=\"breadcrumb_last\" aria-current=\"page\">Elisa Vladilo<\/span><\/span><\/div>\n\n\n<div style=\"height:40px\" aria-hidden=\"true\" class=\"wp-block-spacer\"><\/div>\n<\/div><\/div>\n","protected":false},"excerpt":{"rendered":"<p>Elisa Vladilo Poetica : Funny Reflections Esaminando l&#8217;edificio del Teatro di San Giovanni, Elisa Vladilo decide di considerare come luogo di intervento la facciata, e in particolare le parti di&hellip;&nbsp;<a href=\"https:\/\/100anni.units.it\/index.php\/home\/relazioni-darte\/elisa-vladilo\/\" class=\"\" rel=\"bookmark\">Leggi tutto &raquo;<span class=\"screen-reader-text\">Elisa Vladilo<\/span><\/a><\/p>\n","protected":false},"author":1,"featured_media":0,"parent":5905,"menu_order":0,"comment_status":"closed","ping_status":"closed","template":"","meta":{"neve_meta_sidebar":"","neve_meta_container":"","neve_meta_enable_content_width":"","neve_meta_content_width":0,"neve_meta_title_alignment":"","neve_meta_author_avatar":"","neve_post_elements_order":"","neve_meta_disable_header":"","neve_meta_disable_footer":"","neve_meta_disable_title":"","_EventAllDay":false,"_EventTimezone":"","_EventStartDate":"","_EventEndDate":"","_EventStartDateUTC":"","_EventEndDateUTC":"","_EventShowMap":false,"_EventShowMapLink":false,"_EventURL":"","_EventCost":"","_EventCostDescription":"","_EventCurrencySymbol":"","_EventCurrencyCode":"","_EventCurrencyPosition":"","_EventDateTimeSeparator":"","_EventTimeRangeSeparator":"","_EventOrganizerID":[],"_EventVenueID":[],"_OrganizerEmail":"","_OrganizerPhone":"","_OrganizerWebsite":"","_VenueAddress":"","_VenueCity":"","_VenueCountry":"","_VenueProvince":"","_VenueState":"","_VenueZip":"","_VenuePhone":"","_VenueURL":"","_VenueStateProvince":"","_VenueLat":"","_VenueLng":"","_VenueShowMap":false,"_VenueShowMapLink":false,"_ti_tpc_template_sync":false,"_ti_tpc_template_id":"","footnotes":""},"class_list":["post-7082","page","type-page","status-publish","hentry"],"yoast_head":"<!-- This site is optimized with the Yoast SEO plugin v21.0 - https:\/\/yoast.com\/wordpress\/plugins\/seo\/ -->\n<title>Elisa Vladilo &ndash; #100UniTS<\/title>\n<meta name=\"description\" content=\"Il suo lavoro si basa su installazioni e site specific negli spazi pubblici e privati, attraverso l\u2019uso del colore in varie modalit\u00e0.\" \/>\n<meta name=\"robots\" content=\"index, follow, max-snippet:-1, max-image-preview:large, max-video-preview:-1\" \/>\n<link rel=\"canonical\" href=\"https:\/\/100anni.units.it\/index.php\/home\/relazioni-darte\/elisa-vladilo\/\" \/>\n<meta property=\"og:locale\" content=\"it_IT\" \/>\n<meta property=\"og:type\" content=\"article\" \/>\n<meta property=\"og:title\" content=\"Elisa Vladilo &ndash; #100UniTS\" \/>\n<meta property=\"og:description\" content=\"Il suo lavoro si basa su installazioni e site specific negli spazi pubblici e privati, attraverso l\u2019uso del colore in varie modalit\u00e0.\" \/>\n<meta property=\"og:url\" content=\"https:\/\/100anni.units.it\/index.php\/home\/relazioni-darte\/elisa-vladilo\/\" \/>\n<meta property=\"og:site_name\" content=\"#100UniTS\" \/>\n<meta property=\"article:publisher\" content=\"https:\/\/www.facebook.com\/universitatrieste\" \/>\n<meta property=\"article:modified_time\" content=\"2024-10-03T15:54:06+00:00\" \/>\n<meta property=\"og:image\" content=\"https:\/\/100anni.units.it\/wp-content\/uploads\/2024\/10\/Schermata-2024-10-03-alle-17.44.25-709x1024.png\" \/>\n<meta name=\"twitter:card\" content=\"summary_large_image\" \/>\n<meta name=\"twitter:site\" content=\"@UniTrieste\" \/>\n<meta name=\"twitter:label1\" content=\"Tempo di lettura stimato\" \/>\n\t<meta name=\"twitter:data1\" content=\"3 minuti\" \/>\n<script type=\"application\/ld+json\" class=\"yoast-schema-graph\">{\"@context\":\"https:\/\/schema.org\",\"@graph\":[{\"@type\":\"WebPage\",\"@id\":\"https:\/\/100anni.units.it\/index.php\/home\/relazioni-darte\/elisa-vladilo\/\",\"url\":\"https:\/\/100anni.units.it\/index.php\/home\/relazioni-darte\/elisa-vladilo\/\",\"name\":\"Elisa Vladilo &ndash; #100UniTS\",\"isPartOf\":{\"@id\":\"https:\/\/100anni.units.it\/#website\"},\"datePublished\":\"2024-09-13T14:07:33+00:00\",\"dateModified\":\"2024-10-03T15:54:06+00:00\",\"description\":\"Il suo lavoro si basa su installazioni e site specific negli spazi pubblici e privati, attraverso l\u2019uso del colore in varie modalit\u00e0.\",\"breadcrumb\":{\"@id\":\"https:\/\/100anni.units.it\/index.php\/home\/relazioni-darte\/elisa-vladilo\/#breadcrumb\"},\"inLanguage\":\"it-IT\",\"potentialAction\":[{\"@type\":\"ReadAction\",\"target\":[\"https:\/\/100anni.units.it\/index.php\/home\/relazioni-darte\/elisa-vladilo\/\"]}]},{\"@type\":\"BreadcrumbList\",\"@id\":\"https:\/\/100anni.units.it\/index.php\/home\/relazioni-darte\/elisa-vladilo\/#breadcrumb\",\"itemListElement\":[{\"@type\":\"ListItem\",\"position\":1,\"name\":\"Home\",\"item\":\"https:\/\/100anni.units.it\/\"},{\"@type\":\"ListItem\",\"position\":2,\"name\":\"Relazioni d&#8217;arte\",\"item\":\"https:\/\/100anni.units.it\/index.php\/home\/relazioni-darte\/\"},{\"@type\":\"ListItem\",\"position\":3,\"name\":\"Elisa Vladilo\"}]},{\"@type\":\"WebSite\",\"@id\":\"https:\/\/100anni.units.it\/#website\",\"url\":\"https:\/\/100anni.units.it\/\",\"name\":\"#100UniTS\",\"description\":\"Ogni giorno, da cento anni, con noi puoi scoprire ci\u00f2 che sar\u00e0 realt\u00e0 nel futuro. Celebriamo insieme un secolo di ricerca, eccellenza, creativit\u00e0 e ingegno umano.\",\"publisher\":{\"@id\":\"https:\/\/100anni.units.it\/#organization\"},\"potentialAction\":[{\"@type\":\"SearchAction\",\"target\":{\"@type\":\"EntryPoint\",\"urlTemplate\":\"https:\/\/100anni.units.it\/?s={search_term_string}\"},\"query-input\":\"required name=search_term_string\"}],\"inLanguage\":\"it-IT\"},{\"@type\":\"Organization\",\"@id\":\"https:\/\/100anni.units.it\/#organization\",\"name\":\"Universit\u00e0 degli Studi di Trieste\",\"alternateName\":\"UniTS\",\"url\":\"https:\/\/100anni.units.it\/\",\"logo\":{\"@type\":\"ImageObject\",\"inLanguage\":\"it-IT\",\"@id\":\"https:\/\/100anni.units.it\/#\/schema\/logo\/image\/\",\"url\":\"https:\/\/100anni.units.it\/wp-content\/uploads\/2023\/08\/units_sigillo.png\",\"contentUrl\":\"https:\/\/100anni.units.it\/wp-content\/uploads\/2023\/08\/units_sigillo.png\",\"width\":696,\"height\":696,\"caption\":\"Universit\u00e0 degli Studi di Trieste\"},\"image\":{\"@id\":\"https:\/\/100anni.units.it\/#\/schema\/logo\/image\/\"},\"sameAs\":[\"https:\/\/www.facebook.com\/universitatrieste\",\"https:\/\/twitter.com\/UniTrieste\"]}]}<\/script>\n<!-- \/ Yoast SEO plugin. -->","yoast_head_json":{"title":"Elisa Vladilo &ndash; #100UniTS","description":"Il suo lavoro si basa su installazioni e site specific negli spazi pubblici e privati, attraverso l\u2019uso del colore in varie modalit\u00e0.","robots":{"index":"index","follow":"follow","max-snippet":"max-snippet:-1","max-image-preview":"max-image-preview:large","max-video-preview":"max-video-preview:-1"},"canonical":"https:\/\/100anni.units.it\/index.php\/home\/relazioni-darte\/elisa-vladilo\/","og_locale":"it_IT","og_type":"article","og_title":"Elisa Vladilo &ndash; #100UniTS","og_description":"Il suo lavoro si basa su installazioni e site specific negli spazi pubblici e privati, attraverso l\u2019uso del colore in varie modalit\u00e0.","og_url":"https:\/\/100anni.units.it\/index.php\/home\/relazioni-darte\/elisa-vladilo\/","og_site_name":"#100UniTS","article_publisher":"https:\/\/www.facebook.com\/universitatrieste","article_modified_time":"2024-10-03T15:54:06+00:00","og_image":[{"url":"https:\/\/100anni.units.it\/wp-content\/uploads\/2024\/10\/Schermata-2024-10-03-alle-17.44.25-709x1024.png"}],"twitter_card":"summary_large_image","twitter_site":"@UniTrieste","twitter_misc":{"Tempo di lettura stimato":"3 minuti"},"schema":{"@context":"https:\/\/schema.org","@graph":[{"@type":"WebPage","@id":"https:\/\/100anni.units.it\/index.php\/home\/relazioni-darte\/elisa-vladilo\/","url":"https:\/\/100anni.units.it\/index.php\/home\/relazioni-darte\/elisa-vladilo\/","name":"Elisa Vladilo &ndash; #100UniTS","isPartOf":{"@id":"https:\/\/100anni.units.it\/#website"},"datePublished":"2024-09-13T14:07:33+00:00","dateModified":"2024-10-03T15:54:06+00:00","description":"Il suo lavoro si basa su installazioni e site specific negli spazi pubblici e privati, attraverso l\u2019uso del colore in varie modalit\u00e0.","breadcrumb":{"@id":"https:\/\/100anni.units.it\/index.php\/home\/relazioni-darte\/elisa-vladilo\/#breadcrumb"},"inLanguage":"it-IT","potentialAction":[{"@type":"ReadAction","target":["https:\/\/100anni.units.it\/index.php\/home\/relazioni-darte\/elisa-vladilo\/"]}]},{"@type":"BreadcrumbList","@id":"https:\/\/100anni.units.it\/index.php\/home\/relazioni-darte\/elisa-vladilo\/#breadcrumb","itemListElement":[{"@type":"ListItem","position":1,"name":"Home","item":"https:\/\/100anni.units.it\/"},{"@type":"ListItem","position":2,"name":"Relazioni d&#8217;arte","item":"https:\/\/100anni.units.it\/index.php\/home\/relazioni-darte\/"},{"@type":"ListItem","position":3,"name":"Elisa Vladilo"}]},{"@type":"WebSite","@id":"https:\/\/100anni.units.it\/#website","url":"https:\/\/100anni.units.it\/","name":"#100UniTS","description":"Ogni giorno, da cento anni, con noi puoi scoprire ci\u00f2 che sar\u00e0 realt\u00e0 nel futuro. Celebriamo insieme un secolo di ricerca, eccellenza, creativit\u00e0 e ingegno umano.","publisher":{"@id":"https:\/\/100anni.units.it\/#organization"},"potentialAction":[{"@type":"SearchAction","target":{"@type":"EntryPoint","urlTemplate":"https:\/\/100anni.units.it\/?s={search_term_string}"},"query-input":"required name=search_term_string"}],"inLanguage":"it-IT"},{"@type":"Organization","@id":"https:\/\/100anni.units.it\/#organization","name":"Universit\u00e0 degli Studi di Trieste","alternateName":"UniTS","url":"https:\/\/100anni.units.it\/","logo":{"@type":"ImageObject","inLanguage":"it-IT","@id":"https:\/\/100anni.units.it\/#\/schema\/logo\/image\/","url":"https:\/\/100anni.units.it\/wp-content\/uploads\/2023\/08\/units_sigillo.png","contentUrl":"https:\/\/100anni.units.it\/wp-content\/uploads\/2023\/08\/units_sigillo.png","width":696,"height":696,"caption":"Universit\u00e0 degli Studi di Trieste"},"image":{"@id":"https:\/\/100anni.units.it\/#\/schema\/logo\/image\/"},"sameAs":["https:\/\/www.facebook.com\/universitatrieste","https:\/\/twitter.com\/UniTrieste"]}]}},"_links":{"self":[{"href":"https:\/\/100anni.units.it\/index.php\/wp-json\/wp\/v2\/pages\/7082","targetHints":{"allow":["GET"]}}],"collection":[{"href":"https:\/\/100anni.units.it\/index.php\/wp-json\/wp\/v2\/pages"}],"about":[{"href":"https:\/\/100anni.units.it\/index.php\/wp-json\/wp\/v2\/types\/page"}],"author":[{"embeddable":true,"href":"https:\/\/100anni.units.it\/index.php\/wp-json\/wp\/v2\/users\/1"}],"replies":[{"embeddable":true,"href":"https:\/\/100anni.units.it\/index.php\/wp-json\/wp\/v2\/comments?post=7082"}],"version-history":[{"count":11,"href":"https:\/\/100anni.units.it\/index.php\/wp-json\/wp\/v2\/pages\/7082\/revisions"}],"predecessor-version":[{"id":7406,"href":"https:\/\/100anni.units.it\/index.php\/wp-json\/wp\/v2\/pages\/7082\/revisions\/7406"}],"up":[{"embeddable":true,"href":"https:\/\/100anni.units.it\/index.php\/wp-json\/wp\/v2\/pages\/5905"}],"wp:attachment":[{"href":"https:\/\/100anni.units.it\/index.php\/wp-json\/wp\/v2\/media?parent=7082"}],"curies":[{"name":"wp","href":"https:\/\/api.w.org\/{rel}","templated":true}]}}