{"id":7149,"date":"2024-09-16T16:19:02","date_gmt":"2024-09-16T14:19:02","guid":{"rendered":"https:\/\/100anni.units.it\/?page_id=7149"},"modified":"2024-09-18T13:07:21","modified_gmt":"2024-09-18T11:07:21","slug":"trofeo-1001-velacup-2024","status":"publish","type":"page","link":"https:\/\/100anni.units.it\/index.php\/home\/trofeo-1001-velacup-2024\/","title":{"rendered":"TROFEO 1001 VELACUP 2024"},"content":{"rendered":"\n<div class=\"wp-block-group\"><div class=\"wp-block-group__inner-container is-layout-constrained wp-block-group-is-layout-constrained\">\n<div style=\"height:25px\" aria-hidden=\"true\" class=\"wp-block-spacer\"><\/div>\n\n\n<div class=\"yoast-breadcrumbs\"><span><span><a href=\"https:\/\/100anni.units.it\/\">Home<\/a><\/span> \u00bb <span class=\"breadcrumb_last\" aria-current=\"page\">TROFEO 1001 VELACUP 2024<\/span><\/span><\/div>\n\n\n<div style=\"height:40px\" aria-hidden=\"true\" class=\"wp-block-spacer\"><\/div>\n<\/div><\/div>\n\n\n\n<h1 class=\"wp-block-heading has-neve-link-color-color has-text-color\">TROFEO 1001 VELACUP 2024<\/h1>\n\n\n\n<h2 class=\"wp-block-heading has-neve-link-color-color has-text-color\"><strong>25 &#8211; 29 settembre 2024<\/strong><\/h2>\n\n\n\n<div style=\"height:21px\" aria-hidden=\"true\" class=\"wp-block-spacer\"><\/div>\n\n\n\n<div class=\"wp-block-columns is-layout-flex wp-container-core-columns-is-layout-9d6595d7 wp-block-columns-is-layout-flex\">\n<div class=\"wp-block-column is-layout-flow wp-block-column-is-layout-flow\" style=\"flex-basis:66.66%\">\n<p>1001VELAcup \u00e8 una <strong>regata internazionale <\/strong>tra imbarcazioni a vela progettate, costruite e condotte da <strong>studenti universitari<\/strong>. <\/p>\n\n\n\n<p>Vengono ammesse alla competizione solo le imbarcazioni <em>realizzate con materiali in grado di garantire il prefissato <\/em><strong>grado di riciclabilit\u00e0 <\/strong>e <strong>sostenibilit\u00e0 ambientale<\/strong>. <br>L&#8217;edizione 2024 del \u201cTrofeo 1001VELAcup\u201d, organizzato dall\u2019Associazione 1001VELAcup, si terr\u00e0 a Trieste dal 25 al 29 settembre all&#8217;interno del programma di manifestazioni che anticipano la 56\u00b0 edizione di Barcolana.<\/p>\n\n\n\n<p><br>Il format del Trofeo 1001VELAcup prevede degli standard che si sono perfezionati negli anni.<br>Durante \u2018l\u2019evento sono previsti tre giorni di regate per l\u2019assegnazione del trofeo challenge <strong>\u201c1001VELAcup\u201d<\/strong> e del trofeo <strong>\u201cPaolo Padova\u201d. <\/strong><br>Il primo viene disputato con imbarcazioni progettate e costruite dagli studenti ed equipaggi formati esclusivamente da studenti. Il secondo prevede che gli equipaggi siano formati da un professore ed uno studente. <br>Da poco \u00e8 stato istituito anche il<strong> \u201cPremio Mainaldo Maneschi\u201d<\/strong> per il miglior progetto di imbarcazione che combina la valutazione dei progetti in gara, da parte di una giuria qualificata, con i risultati delle regate.<\/p>\n\n\n\n<div style=\"height:60px\" aria-hidden=\"true\" class=\"wp-block-spacer\"><\/div>\n\n\n\n<h2 class=\"wp-block-heading has-neve-link-color-color has-text-color\"><strong>E<\/strong>venti<\/h2>\n\n\n\n<ol class=\"wp-block-list\">\n<li><strong>Regata <\/strong>tra le diverse barche dei team internazionali universitari partecipanti<\/li>\n<\/ol>\n\n\n\n<p>2. <strong>Regata \u00abPaolo Padova\u00bb<\/strong>, una regata che vedr\u00e0 uno studente insieme ad un professore della propria universit\u00e0 regatare con imbarcazioni monoclasse<\/p>\n\n\n\n<p>3. <strong>Premio Maneschi <\/strong>per il miglior progetto presentato.<\/p>\n\n\n\n<p>4.<strong> Seminari <\/strong>di approfondimento sulle pi\u00f9 avanzate tecniche di progettazione delle imbarcazioni a vela invitando esperti del settore.<\/p>\n\n\n\n<p>5. <strong>Conferenze<\/strong> con importanti figure della vela internazionale.<\/p>\n\n\n\n<h3 class=\"wp-block-heading has-neve-link-color-color has-text-color has-large-font-size\" style=\"text-transform:none\">Programma <\/h3>\n\n\n\n<p><strong>Mercoled\u00ec 25 settembre<\/strong><\/p>\n\n\n\n<ul class=\"wp-block-list\">\n<li>Arrivo organizzatori, allestimento stand, pre-coordinamento<\/li>\n\n\n\n<li>Accoglienza delle delegazioni e delle imbarcazioni degli atenei partecipanti<\/li>\n\n\n\n<li>Operazioni di preparazione delle imbarcazioni e controlli di stazza<\/li>\n<\/ul>\n\n\n\n<p><strong>Gioved\u00ec 26 settembre<\/strong><br>Presso il circolo velico ospitante<\/p>\n\n\n\n<ul class=\"wp-block-list\">\n<li>Briefing con Comitato di regate<\/li>\n\n\n\n<li>Regate per il Trofeo Paolo Padova (match race con equipaggi composti da studenti e docenti<\/li>\n<\/ul>\n\n\n\n<p>Presso Comune o Circolo ospitante o altra sede<\/p>\n\n\n\n<ul class=\"wp-block-list\">\n<li>Cerimonia di benvenuto<\/li>\n\n\n\n<li>Presentazione dei progetti in gara e lavori della giuria per il Premio M. Maneschi<\/li>\n\n\n\n<li>Rinfresco<\/li>\n<\/ul>\n\n\n\n<p>Presso eventuale Stand<\/p>\n\n\n\n<ul class=\"wp-block-list\">\n<li>Apertura stand e mostra dei progetti delle imbarcazioni realizzate dagli atenei<\/li>\n<\/ul>\n\n\n\n<p><strong>Venerd\u00ec 27 settembre<\/strong><br>Presso il circolo velico ospitante ed in mare<\/p>\n\n\n\n<ul class=\"wp-block-list\">\n<li>Briefing pre-regata<\/li>\n\n\n\n<li>Operazioni&nbsp;di&nbsp;varo<\/li>\n\n\n\n<li>Regate<\/li>\n\n\n\n<li>Rientro imbarcazioni e rimessaggio (eventuali \u201csettaggi\u201d e riparazioni)<\/li>\n<\/ul>\n\n\n\n<p>Presso il circolo ospitante o una struttura disponibile<\/p>\n\n\n\n<ul class=\"wp-block-list\">\n<li>Meeting \/ seminario \/ conferenza su temi scelti&nbsp;di&nbsp;anno in anno<\/li>\n\n\n\n<li>Cena offerta ai partecipanti<\/li>\n<\/ul>\n\n\n\n<p>Presso eventuale Stand<\/p>\n\n\n\n<ul class=\"wp-block-list\">\n<li>Apertura della mostra dei progetti e delle ricerche degli atenei partecipanti a 1001VELAcup<\/li>\n<\/ul>\n\n\n\n<p><strong>Sabato 28 settembre<\/strong><br>Presso il circolo velico ospitante ed in mare<\/p>\n\n\n\n<ul class=\"wp-block-list\">\n<li>Briefing pre-regata<\/li>\n\n\n\n<li>Operazioni&nbsp;di&nbsp;varo<\/li>\n\n\n\n<li>Regate<\/li>\n\n\n\n<li>Rientro imbarcazioni e rimessaggio<\/li>\n<\/ul>\n\n\n\n<p>Presso eventuale Stand<\/p>\n\n\n\n<ul class=\"wp-block-list\">\n<li>Attivit\u00e0&nbsp;di&nbsp;promozione e incontri<\/li>\n<\/ul>\n\n\n\n<p><strong>Domenica<\/strong> <strong>29 settembre<\/strong><br>Presso il circolo velico ospitante ed in mare:<\/p>\n\n\n\n<ul class=\"wp-block-list\">\n<li>Briefing pre-regata<\/li>\n\n\n\n<li>Operazioni di varo<\/li>\n\n\n\n<li>Regate<\/li>\n\n\n\n<li>Rientro imbarcazioni e rimessaggioPresso lo Stand:<\/li>\n\n\n\n<li>Attivit\u00e0 di promozione e incontri<\/li>\n\n\n\n<li>Premiazioni del Trofeo 1001VELAcup, del Trofeo Paolo Padova e del Premio M.ManeschiPresso il circolo o una struttura disponibile:<\/li>\n\n\n\n<li>Rinfresco<\/li>\n<\/ul>\n<\/div>\n\n\n\n<div class=\"wp-block-column is-vertically-aligned-top is-layout-flow wp-block-column-is-layout-flow\" style=\"flex-basis:30%\">\n<figure class=\"wp-block-image size-full\"><img loading=\"lazy\" decoding=\"async\" width=\"640\" height=\"360\" src=\"https:\/\/100anni.units.it\/wp-content\/uploads\/2024\/09\/100UniTS_1001velacup.png\" alt=\"1001Velacup\" class=\"wp-image-7150\" srcset=\"https:\/\/100anni.units.it\/wp-content\/uploads\/2024\/09\/100UniTS_1001velacup.png 640w, https:\/\/100anni.units.it\/wp-content\/uploads\/2024\/09\/100UniTS_1001velacup-300x169.png 300w\" sizes=\"auto, (max-width: 640px) 100vw, 640px\" \/><\/figure>\n\n\n\n<div style=\"height:21px\" aria-hidden=\"true\" class=\"wp-block-spacer\"><\/div>\n\n\n\n<div class=\"wp-block-group is-content-justification-center is-nowrap is-layout-flex wp-container-core-group-is-layout-94bc23d7 wp-block-group-is-layout-flex\">\n<div style=\"height:100px;width:12px\" aria-hidden=\"true\" class=\"wp-block-spacer wp-container-content-cc4259ba\"><\/div>\n\n\n\n<figure class=\"wp-block-image size-large is-resized\"><img loading=\"lazy\" decoding=\"async\" src=\"https:\/\/100anni.units.it\/wp-content\/uploads\/2024\/02\/100UniTS_logo_centenario_principale-1024x439.png\" alt=\"logo Centenario UniTS\" class=\"wp-image-3871\" style=\"width:267px;height:114px\" width=\"267\" height=\"114\" srcset=\"https:\/\/100anni.units.it\/wp-content\/uploads\/2024\/02\/100UniTS_logo_centenario_principale-1024x439.png 1024w, https:\/\/100anni.units.it\/wp-content\/uploads\/2024\/02\/100UniTS_logo_centenario_principale-300x129.png 300w, https:\/\/100anni.units.it\/wp-content\/uploads\/2024\/02\/100UniTS_logo_centenario_principale-768x329.png 768w, https:\/\/100anni.units.it\/wp-content\/uploads\/2024\/02\/100UniTS_logo_centenario_principale.png 1200w\" sizes=\"auto, (max-width: 267px) 100vw, 267px\" \/><\/figure>\n<\/div>\n\n\n\n<div class=\"wp-block-group is-content-justification-center is-nowrap is-layout-flex wp-container-core-group-is-layout-94bc23d7 wp-block-group-is-layout-flex\">\n<figure class=\"wp-block-image size-full is-resized\"><img loading=\"lazy\" decoding=\"async\" src=\"https:\/\/100anni.units.it\/wp-content\/uploads\/2024\/09\/100Units_logo_1001velacup.png\" alt=\"1001 velacup logo\" class=\"wp-image-7159\" style=\"width:120px;height:59px\" width=\"120\" height=\"59\"\/><\/figure>\n\n\n\n<div style=\"height:100px;width:12px\" aria-hidden=\"true\" class=\"wp-block-spacer wp-container-content-cc4259ba\"><\/div>\n\n\n\n<figure class=\"wp-block-image size-full is-resized\"><img loading=\"lazy\" decoding=\"async\" src=\"https:\/\/100anni.units.it\/wp-content\/uploads\/2024\/09\/100UniTS_Yatchclubadriatico.png\" alt=\"yatch club adriatico\" class=\"wp-image-7158\" style=\"width:105px;height:67px\" width=\"105\" height=\"67\" srcset=\"https:\/\/100anni.units.it\/wp-content\/uploads\/2024\/09\/100UniTS_Yatchclubadriatico.png 404w, https:\/\/100anni.units.it\/wp-content\/uploads\/2024\/09\/100UniTS_Yatchclubadriatico-300x190.png 300w\" sizes=\"auto, (max-width: 105px) 100vw, 105px\" \/><\/figure>\n\n\n\n<div style=\"height:100px;width:8px\" aria-hidden=\"true\" class=\"wp-block-spacer wp-container-content-7d115344\"><\/div>\n\n\n\n<figure class=\"wp-block-image size-full is-resized\"><img loading=\"lazy\" decoding=\"async\" src=\"https:\/\/100anni.units.it\/wp-content\/uploads\/2023\/09\/FVG_denominativo_RGB.png\" alt=\"logo Promoturismo Io Sono FVG\" class=\"wp-image-1670\" style=\"width:69px;height:71px\" width=\"69\" height=\"71\" srcset=\"https:\/\/100anni.units.it\/wp-content\/uploads\/2023\/09\/FVG_denominativo_RGB.png 834w, https:\/\/100anni.units.it\/wp-content\/uploads\/2023\/09\/FVG_denominativo_RGB-292x300.png 292w, https:\/\/100anni.units.it\/wp-content\/uploads\/2023\/09\/FVG_denominativo_RGB-768x790.png 768w\" sizes=\"auto, (max-width: 69px) 100vw, 69px\" \/><\/figure>\n<\/div>\n\n\n\n<div style=\"height:77px\" aria-hidden=\"true\" class=\"wp-block-spacer\"><\/div>\n<\/div>\n<\/div>\n\n\n\n<div style=\"height:60px\" aria-hidden=\"true\" class=\"wp-block-spacer\"><\/div>\n\n\n\n<h2 class=\"wp-block-heading has-text-align-left has-neve-link-color-color has-text-color has-x-large-font-size\">Principali Organizzatori<\/h2>\n\n\n\n<div style=\"height:28px\" aria-hidden=\"true\" class=\"wp-block-spacer\"><\/div>\n\n\n\n<div class=\"wp-block-group alignfull has-nv-light-bg-background-color has-background\"><div class=\"wp-block-group__inner-container is-layout-flow wp-block-group-is-layout-flow\">\n<div class=\"wp-block-columns alignwide is-layout-flex wp-container-core-columns-is-layout-9d6595d7 wp-block-columns-is-layout-flex\">\n<div class=\"wp-block-column is-layout-flow wp-block-column-is-layout-flow\" style=\"flex-basis:50%\">\n<div class=\"wp-block-group is-vertical is-layout-flex wp-container-core-group-is-layout-8cf370e7 wp-block-group-is-layout-flex\">\n<div style=\"height:0px\" aria-hidden=\"true\" class=\"wp-block-spacer wp-container-content-b30579f5\"><\/div>\n\n\n\n<h2 class=\"wp-block-heading has-neve-link-color-color has-text-color has-large-font-size\">UNIVERSITA&#8217; DEGLI STUDI DI TRIESTE<\/h2>\n<\/div>\n<\/div>\n<\/div>\n\n\n\n<div class=\"wp-block-columns alignwide is-layout-flex wp-container-core-columns-is-layout-9d6595d7 wp-block-columns-is-layout-flex\">\n<div class=\"wp-block-column is-layout-flow wp-block-column-is-layout-flow\">\n<p><strong>Universit\u00e0 degli Studi di Trieste<\/strong><\/p>\n\n\n\n<p>Fondata nel 1924, offre una vasta gamma di corsi di laurea, magistrali e di dottorato in diverse discipline. \u00c8 rinomata per l&#8217;eccellenza nella ricerca, collaborando con istituti nazionali e internazionali. Ha&nbsp; una forte dimensione internazionale, con programmi di scambio e corsi in inglese. Sostiene l&#8217;innovazione e il trasferimento tecnologico, supportando startup e iniziative imprenditoriali.<\/p>\n\n\n\n<div style=\"height:30px\" aria-hidden=\"true\" class=\"wp-block-spacer\"><\/div>\n<\/div>\n\n\n\n<div class=\"wp-block-column is-layout-flow wp-block-column-is-layout-flow\"><div class=\"wp-block-image\">\n<figure class=\"aligncenter size-large is-resized\"><img loading=\"lazy\" decoding=\"async\" src=\"https:\/\/100anni.units.it\/wp-content\/uploads\/2024\/02\/100UniTS_logo_centenario_principale-1024x439.png\" alt=\"logo Centenario UniTS\" class=\"wp-image-3871\" style=\"width:457px;height:196px\" width=\"457\" height=\"196\" srcset=\"https:\/\/100anni.units.it\/wp-content\/uploads\/2024\/02\/100UniTS_logo_centenario_principale-1024x439.png 1024w, https:\/\/100anni.units.it\/wp-content\/uploads\/2024\/02\/100UniTS_logo_centenario_principale-300x129.png 300w, https:\/\/100anni.units.it\/wp-content\/uploads\/2024\/02\/100UniTS_logo_centenario_principale-768x329.png 768w, https:\/\/100anni.units.it\/wp-content\/uploads\/2024\/02\/100UniTS_logo_centenario_principale.png 1200w\" sizes=\"auto, (max-width: 457px) 100vw, 457px\" \/><\/figure>\n<\/div><\/div>\n<\/div>\n\n\n\n<div style=\"height:40px\" aria-hidden=\"true\" class=\"wp-block-spacer\"><\/div>\n<\/div><\/div>\n\n\n\n<div class=\"wp-block-group alignfull has-nv-light-bg-background-color has-background\"><div class=\"wp-block-group__inner-container is-layout-flow wp-block-group-is-layout-flow\">\n<div style=\"height:50px\" aria-hidden=\"true\" class=\"wp-block-spacer\"><\/div>\n\n\n\n<div class=\"wp-block-columns alignwide is-layout-flex wp-container-core-columns-is-layout-9d6595d7 wp-block-columns-is-layout-flex\">\n<div class=\"wp-block-column is-layout-flow wp-block-column-is-layout-flow\" style=\"flex-basis:50%\">\n<div class=\"wp-block-group is-vertical is-layout-flex wp-container-core-group-is-layout-8cf370e7 wp-block-group-is-layout-flex\">\n<h2 class=\"wp-block-heading has-neve-link-color-color has-text-color has-large-font-size\">1001Vela Cup<\/h2>\n<\/div>\n<\/div>\n<\/div>\n\n\n\n<div class=\"wp-block-columns alignwide is-layout-flex wp-container-core-columns-is-layout-9d6595d7 wp-block-columns-is-layout-flex\">\n<div class=\"wp-block-column is-layout-flow wp-block-column-is-layout-flow\">\n<p>L&#8217;associazione promuove la progettazione e costruzione di barche a vela innovative, coinvolgendo studenti universitari. Dal 2005, organizza la competizione annuale &#8220;1001Vela Cup&#8221;, in cui squadre italiane e internazionali si sfidano con imbarcazioni progettate dagli studenti stessi. L&#8217;associazione si focalizza su innovazione tecnologica e sostenibilit\u00e0 ambientale, utilizzando materiali ecocompatibili.<\/p>\n\n\n\n<div style=\"height:30px\" aria-hidden=\"true\" class=\"wp-block-spacer\"><\/div>\n\n\n\n<div class=\"wp-block-buttons is-content-justification-center is-layout-flex wp-container-core-buttons-is-layout-16018d1d wp-block-buttons-is-layout-flex\">\n<div class=\"wp-block-button is-style-secondary\"><a class=\"wp-block-button__link wp-element-button\" href=\"https:\/\/lnx.1001velacup.eu\/\">1001Vela Cup<\/a><\/div>\n<\/div>\n<\/div>\n\n\n\n<div class=\"wp-block-column is-layout-flow wp-block-column-is-layout-flow\"><div class=\"wp-block-image\">\n<figure class=\"aligncenter size-full is-resized\"><img loading=\"lazy\" decoding=\"async\" src=\"https:\/\/100anni.units.it\/wp-content\/uploads\/2024\/09\/100Units_logo_1001velacup.png\" alt=\"1001 velacup logo\" class=\"wp-image-7159\" style=\"width:283px;height:138px\" width=\"283\" height=\"138\"\/><\/figure>\n<\/div><\/div>\n<\/div>\n\n\n\n<div style=\"height:40px\" aria-hidden=\"true\" class=\"wp-block-spacer\"><\/div>\n<\/div><\/div>\n\n\n\n<div class=\"wp-block-group alignfull has-nv-light-bg-background-color has-background\"><div class=\"wp-block-group__inner-container is-layout-flow wp-block-group-is-layout-flow\">\n<div style=\"height:50px\" aria-hidden=\"true\" class=\"wp-block-spacer\"><\/div>\n\n\n\n<div class=\"wp-block-columns alignwide is-layout-flex wp-container-core-columns-is-layout-9d6595d7 wp-block-columns-is-layout-flex\">\n<div class=\"wp-block-column is-layout-flow wp-block-column-is-layout-flow\" style=\"flex-basis:50%\">\n<div class=\"wp-block-group is-vertical is-layout-flex wp-container-core-group-is-layout-8cf370e7 wp-block-group-is-layout-flex\">\n<h2 class=\"wp-block-heading has-neve-link-color-color has-text-color has-large-font-size\">Yacht Club Adriaco<\/h2>\n<\/div>\n<\/div>\n<\/div>\n\n\n\n<div class=\"wp-block-columns alignwide is-layout-flex wp-container-core-columns-is-layout-9d6595d7 wp-block-columns-is-layout-flex\">\n<div class=\"wp-block-column is-layout-flow wp-block-column-is-layout-flow\">\n<p>Lo Yacht Club Adriaco \u00e8 un circolo velico di Trieste, con sede sul molo Sartorio. E\u2019 la pi\u00f9 antica Societ\u00e0 velica dell\u2019Adriatico&nbsp;e si pu\u00f2 onorare di numerose partecipazioni olimpiche. Organizza varie manifestazioni, fra cui la &#8220;Settimana Velica Internazionale d&#8217;Altura&#8221;, la &#8220;Trieste &#8211; San Giovanni in Pelago &#8211; Trieste&#8221; (la pi\u00f9 antica regata velica dell&#8217;Adriatico), la Coppa Tito Nordio e molti altri eventi.<\/p>\n\n\n\n<div style=\"height:30px\" aria-hidden=\"true\" class=\"wp-block-spacer\"><\/div>\n\n\n\n<div class=\"wp-block-buttons is-content-justification-center is-layout-flex wp-container-core-buttons-is-layout-16018d1d wp-block-buttons-is-layout-flex\">\n<div class=\"wp-block-button is-style-secondary\"><a class=\"wp-block-button__link wp-element-button\" href=\"https:\/\/ycadriaco.it\/\">YACHT CLUB ADRIATICO<\/a><\/div>\n<\/div>\n<\/div>\n\n\n\n<div class=\"wp-block-column is-layout-flow wp-block-column-is-layout-flow\"><div class=\"wp-block-image\">\n<figure class=\"aligncenter size-full is-resized\"><img loading=\"lazy\" decoding=\"async\" src=\"https:\/\/100anni.units.it\/wp-content\/uploads\/2024\/09\/100UniTS_Yatchclubadriatico.png\" alt=\"yatch club adriatico\" class=\"wp-image-7158\" style=\"object-fit:cover;width:276px;height:175px\" width=\"276\" height=\"175\" srcset=\"https:\/\/100anni.units.it\/wp-content\/uploads\/2024\/09\/100UniTS_Yatchclubadriatico.png 404w, https:\/\/100anni.units.it\/wp-content\/uploads\/2024\/09\/100UniTS_Yatchclubadriatico-300x190.png 300w\" sizes=\"auto, (max-width: 276px) 100vw, 276px\" \/><\/figure>\n<\/div><\/div>\n<\/div>\n\n\n\n<div style=\"height:40px\" aria-hidden=\"true\" class=\"wp-block-spacer\"><\/div>\n<\/div><\/div>\n\n\n\n<div style=\"height:106px\" aria-hidden=\"true\" class=\"wp-block-spacer\"><\/div>\n\n\n\n<div class=\"wp-block-group\"><div class=\"wp-block-group__inner-container is-layout-constrained wp-block-group-is-layout-constrained\"><div class=\"yoast-breadcrumbs\"><span><span><a href=\"https:\/\/100anni.units.it\/\">Home<\/a><\/span> \u00bb <span class=\"breadcrumb_last\" aria-current=\"page\">TROFEO 1001 VELACUP 2024<\/span><\/span><\/div>\n\n\n<div style=\"height:40px\" aria-hidden=\"true\" class=\"wp-block-spacer\"><\/div>\n<\/div><\/div>\n","protected":false},"excerpt":{"rendered":"<p>TROFEO 1001 VELACUP 2024 25 &#8211; 29 settembre 2024 1001VELAcup \u00e8 una regata internazionale tra imbarcazioni a vela progettate, costruite e condotte da studenti universitari. Vengono ammesse alla competizione solo&hellip;&nbsp;<a href=\"https:\/\/100anni.units.it\/index.php\/home\/trofeo-1001-velacup-2024\/\" class=\"\" rel=\"bookmark\">Leggi tutto &raquo;<span class=\"screen-reader-text\">TROFEO 1001 VELACUP 2024<\/span><\/a><\/p>\n","protected":false},"author":1,"featured_media":7150,"parent":120,"menu_order":0,"comment_status":"closed","ping_status":"closed","template":"","meta":{"neve_meta_sidebar":"","neve_meta_container":"","neve_meta_enable_content_width":"","neve_meta_content_width":0,"neve_meta_title_alignment":"","neve_meta_author_avatar":"","neve_post_elements_order":"","neve_meta_disable_header":"","neve_meta_disable_footer":"","neve_meta_disable_title":"","_EventAllDay":false,"_EventTimezone":"","_EventStartDate":"","_EventEndDate":"","_EventStartDateUTC":"","_EventEndDateUTC":"","_EventShowMap":false,"_EventShowMapLink":false,"_EventURL":"","_EventCost":"","_EventCostDescription":"","_EventCurrencySymbol":"","_EventCurrencyCode":"","_EventCurrencyPosition":"","_EventDateTimeSeparator":"","_EventTimeRangeSeparator":"","_EventOrganizerID":[],"_EventVenueID":[],"_OrganizerEmail":"","_OrganizerPhone":"","_OrganizerWebsite":"","_VenueAddress":"","_VenueCity":"","_VenueCountry":"","_VenueProvince":"","_VenueState":"","_VenueZip":"","_VenuePhone":"","_VenueURL":"","_VenueStateProvince":"","_VenueLat":"","_VenueLng":"","_VenueShowMap":false,"_VenueShowMapLink":false,"_ti_tpc_template_sync":false,"_ti_tpc_template_id":"","footnotes":""},"class_list":["post-7149","page","type-page","status-publish","has-post-thumbnail","hentry"],"yoast_head":"<!-- This site is optimized with the Yoast SEO plugin v21.0 - https:\/\/yoast.com\/wordpress\/plugins\/seo\/ -->\n<title>TROFEO 1001 VELACUP 2024 &ndash; #100UniTS<\/title>\n<meta name=\"description\" content=\"La settimana di Regate per il \u201cTrofeo 1001VELAcup\u201d \u00e8 l\u2019evento principale sul quale si concentra la maggior parte dell\u2019attivit\u00e0 dell\u2019Associazione 1001VELAcup.\" \/>\n<meta name=\"robots\" content=\"index, follow, max-snippet:-1, max-image-preview:large, max-video-preview:-1\" \/>\n<link rel=\"canonical\" href=\"https:\/\/100anni.units.it\/index.php\/home\/trofeo-1001-velacup-2024\/\" \/>\n<meta property=\"og:locale\" content=\"it_IT\" \/>\n<meta property=\"og:type\" content=\"article\" \/>\n<meta property=\"og:title\" content=\"TROFEO 1001 VELACUP 2024 &ndash; #100UniTS\" \/>\n<meta property=\"og:description\" content=\"La settimana di Regate per il \u201cTrofeo 1001VELAcup\u201d \u00e8 l\u2019evento principale sul quale si concentra la maggior parte dell\u2019attivit\u00e0 dell\u2019Associazione 1001VELAcup.\" \/>\n<meta property=\"og:url\" content=\"https:\/\/100anni.units.it\/index.php\/home\/trofeo-1001-velacup-2024\/\" \/>\n<meta property=\"og:site_name\" content=\"#100UniTS\" \/>\n<meta property=\"article:publisher\" content=\"https:\/\/www.facebook.com\/universitatrieste\" \/>\n<meta property=\"article:modified_time\" content=\"2024-09-18T11:07:21+00:00\" \/>\n<meta property=\"og:image\" content=\"https:\/\/100anni.units.it\/wp-content\/uploads\/2024\/09\/100UniTS_1001velacup.png\" \/>\n\t<meta property=\"og:image:width\" content=\"640\" \/>\n\t<meta property=\"og:image:height\" content=\"360\" \/>\n\t<meta property=\"og:image:type\" content=\"image\/png\" \/>\n<meta name=\"twitter:card\" content=\"summary_large_image\" \/>\n<meta name=\"twitter:site\" content=\"@UniTrieste\" \/>\n<meta name=\"twitter:label1\" content=\"Tempo di lettura stimato\" \/>\n\t<meta name=\"twitter:data1\" content=\"6 minuti\" \/>\n<script type=\"application\/ld+json\" class=\"yoast-schema-graph\">{\"@context\":\"https:\/\/schema.org\",\"@graph\":[{\"@type\":\"WebPage\",\"@id\":\"https:\/\/100anni.units.it\/index.php\/home\/trofeo-1001-velacup-2024\/\",\"url\":\"https:\/\/100anni.units.it\/index.php\/home\/trofeo-1001-velacup-2024\/\",\"name\":\"TROFEO 1001 VELACUP 2024 &ndash; #100UniTS\",\"isPartOf\":{\"@id\":\"https:\/\/100anni.units.it\/#website\"},\"datePublished\":\"2024-09-16T14:19:02+00:00\",\"dateModified\":\"2024-09-18T11:07:21+00:00\",\"description\":\"La settimana di Regate per il \u201cTrofeo 1001VELAcup\u201d \u00e8 l\u2019evento principale sul quale si concentra la maggior parte dell\u2019attivit\u00e0 dell\u2019Associazione 1001VELAcup.\",\"breadcrumb\":{\"@id\":\"https:\/\/100anni.units.it\/index.php\/home\/trofeo-1001-velacup-2024\/#breadcrumb\"},\"inLanguage\":\"it-IT\",\"potentialAction\":[{\"@type\":\"ReadAction\",\"target\":[\"https:\/\/100anni.units.it\/index.php\/home\/trofeo-1001-velacup-2024\/\"]}]},{\"@type\":\"BreadcrumbList\",\"@id\":\"https:\/\/100anni.units.it\/index.php\/home\/trofeo-1001-velacup-2024\/#breadcrumb\",\"itemListElement\":[{\"@type\":\"ListItem\",\"position\":1,\"name\":\"Home\",\"item\":\"https:\/\/100anni.units.it\/\"},{\"@type\":\"ListItem\",\"position\":2,\"name\":\"TROFEO 1001 VELACUP 2024\"}]},{\"@type\":\"WebSite\",\"@id\":\"https:\/\/100anni.units.it\/#website\",\"url\":\"https:\/\/100anni.units.it\/\",\"name\":\"#100UniTS\",\"description\":\"Ogni giorno, da cento anni, con noi puoi scoprire ci\u00f2 che sar\u00e0 realt\u00e0 nel futuro. Celebriamo insieme un secolo di ricerca, eccellenza, creativit\u00e0 e ingegno umano.\",\"publisher\":{\"@id\":\"https:\/\/100anni.units.it\/#organization\"},\"potentialAction\":[{\"@type\":\"SearchAction\",\"target\":{\"@type\":\"EntryPoint\",\"urlTemplate\":\"https:\/\/100anni.units.it\/?s={search_term_string}\"},\"query-input\":\"required name=search_term_string\"}],\"inLanguage\":\"it-IT\"},{\"@type\":\"Organization\",\"@id\":\"https:\/\/100anni.units.it\/#organization\",\"name\":\"Universit\u00e0 degli Studi di Trieste\",\"alternateName\":\"UniTS\",\"url\":\"https:\/\/100anni.units.it\/\",\"logo\":{\"@type\":\"ImageObject\",\"inLanguage\":\"it-IT\",\"@id\":\"https:\/\/100anni.units.it\/#\/schema\/logo\/image\/\",\"url\":\"https:\/\/100anni.units.it\/wp-content\/uploads\/2023\/08\/units_sigillo.png\",\"contentUrl\":\"https:\/\/100anni.units.it\/wp-content\/uploads\/2023\/08\/units_sigillo.png\",\"width\":696,\"height\":696,\"caption\":\"Universit\u00e0 degli Studi di Trieste\"},\"image\":{\"@id\":\"https:\/\/100anni.units.it\/#\/schema\/logo\/image\/\"},\"sameAs\":[\"https:\/\/www.facebook.com\/universitatrieste\",\"https:\/\/twitter.com\/UniTrieste\"]}]}<\/script>\n<!-- \/ Yoast SEO plugin. -->","yoast_head_json":{"title":"TROFEO 1001 VELACUP 2024 &ndash; #100UniTS","description":"La settimana di Regate per il \u201cTrofeo 1001VELAcup\u201d \u00e8 l\u2019evento principale sul quale si concentra la maggior parte dell\u2019attivit\u00e0 dell\u2019Associazione 1001VELAcup.","robots":{"index":"index","follow":"follow","max-snippet":"max-snippet:-1","max-image-preview":"max-image-preview:large","max-video-preview":"max-video-preview:-1"},"canonical":"https:\/\/100anni.units.it\/index.php\/home\/trofeo-1001-velacup-2024\/","og_locale":"it_IT","og_type":"article","og_title":"TROFEO 1001 VELACUP 2024 &ndash; #100UniTS","og_description":"La settimana di Regate per il \u201cTrofeo 1001VELAcup\u201d \u00e8 l\u2019evento principale sul quale si concentra la maggior parte dell\u2019attivit\u00e0 dell\u2019Associazione 1001VELAcup.","og_url":"https:\/\/100anni.units.it\/index.php\/home\/trofeo-1001-velacup-2024\/","og_site_name":"#100UniTS","article_publisher":"https:\/\/www.facebook.com\/universitatrieste","article_modified_time":"2024-09-18T11:07:21+00:00","og_image":[{"width":640,"height":360,"url":"https:\/\/100anni.units.it\/wp-content\/uploads\/2024\/09\/100UniTS_1001velacup.png","type":"image\/png"}],"twitter_card":"summary_large_image","twitter_site":"@UniTrieste","twitter_misc":{"Tempo di lettura stimato":"6 minuti"},"schema":{"@context":"https:\/\/schema.org","@graph":[{"@type":"WebPage","@id":"https:\/\/100anni.units.it\/index.php\/home\/trofeo-1001-velacup-2024\/","url":"https:\/\/100anni.units.it\/index.php\/home\/trofeo-1001-velacup-2024\/","name":"TROFEO 1001 VELACUP 2024 &ndash; #100UniTS","isPartOf":{"@id":"https:\/\/100anni.units.it\/#website"},"datePublished":"2024-09-16T14:19:02+00:00","dateModified":"2024-09-18T11:07:21+00:00","description":"La settimana di Regate per il \u201cTrofeo 1001VELAcup\u201d \u00e8 l\u2019evento principale sul quale si concentra la maggior parte dell\u2019attivit\u00e0 dell\u2019Associazione 1001VELAcup.","breadcrumb":{"@id":"https:\/\/100anni.units.it\/index.php\/home\/trofeo-1001-velacup-2024\/#breadcrumb"},"inLanguage":"it-IT","potentialAction":[{"@type":"ReadAction","target":["https:\/\/100anni.units.it\/index.php\/home\/trofeo-1001-velacup-2024\/"]}]},{"@type":"BreadcrumbList","@id":"https:\/\/100anni.units.it\/index.php\/home\/trofeo-1001-velacup-2024\/#breadcrumb","itemListElement":[{"@type":"ListItem","position":1,"name":"Home","item":"https:\/\/100anni.units.it\/"},{"@type":"ListItem","position":2,"name":"TROFEO 1001 VELACUP 2024"}]},{"@type":"WebSite","@id":"https:\/\/100anni.units.it\/#website","url":"https:\/\/100anni.units.it\/","name":"#100UniTS","description":"Ogni giorno, da cento anni, con noi puoi scoprire ci\u00f2 che sar\u00e0 realt\u00e0 nel futuro. Celebriamo insieme un secolo di ricerca, eccellenza, creativit\u00e0 e ingegno umano.","publisher":{"@id":"https:\/\/100anni.units.it\/#organization"},"potentialAction":[{"@type":"SearchAction","target":{"@type":"EntryPoint","urlTemplate":"https:\/\/100anni.units.it\/?s={search_term_string}"},"query-input":"required name=search_term_string"}],"inLanguage":"it-IT"},{"@type":"Organization","@id":"https:\/\/100anni.units.it\/#organization","name":"Universit\u00e0 degli Studi di Trieste","alternateName":"UniTS","url":"https:\/\/100anni.units.it\/","logo":{"@type":"ImageObject","inLanguage":"it-IT","@id":"https:\/\/100anni.units.it\/#\/schema\/logo\/image\/","url":"https:\/\/100anni.units.it\/wp-content\/uploads\/2023\/08\/units_sigillo.png","contentUrl":"https:\/\/100anni.units.it\/wp-content\/uploads\/2023\/08\/units_sigillo.png","width":696,"height":696,"caption":"Universit\u00e0 degli Studi di Trieste"},"image":{"@id":"https:\/\/100anni.units.it\/#\/schema\/logo\/image\/"},"sameAs":["https:\/\/www.facebook.com\/universitatrieste","https:\/\/twitter.com\/UniTrieste"]}]}},"_links":{"self":[{"href":"https:\/\/100anni.units.it\/index.php\/wp-json\/wp\/v2\/pages\/7149","targetHints":{"allow":["GET"]}}],"collection":[{"href":"https:\/\/100anni.units.it\/index.php\/wp-json\/wp\/v2\/pages"}],"about":[{"href":"https:\/\/100anni.units.it\/index.php\/wp-json\/wp\/v2\/types\/page"}],"author":[{"embeddable":true,"href":"https:\/\/100anni.units.it\/index.php\/wp-json\/wp\/v2\/users\/1"}],"replies":[{"embeddable":true,"href":"https:\/\/100anni.units.it\/index.php\/wp-json\/wp\/v2\/comments?post=7149"}],"version-history":[{"count":11,"href":"https:\/\/100anni.units.it\/index.php\/wp-json\/wp\/v2\/pages\/7149\/revisions"}],"predecessor-version":[{"id":7182,"href":"https:\/\/100anni.units.it\/index.php\/wp-json\/wp\/v2\/pages\/7149\/revisions\/7182"}],"up":[{"embeddable":true,"href":"https:\/\/100anni.units.it\/index.php\/wp-json\/wp\/v2\/pages\/120"}],"wp:featuredmedia":[{"embeddable":true,"href":"https:\/\/100anni.units.it\/index.php\/wp-json\/wp\/v2\/media\/7150"}],"wp:attachment":[{"href":"https:\/\/100anni.units.it\/index.php\/wp-json\/wp\/v2\/media?parent=7149"}],"curies":[{"name":"wp","href":"https:\/\/api.w.org\/{rel}","templated":true}]}}