{"id":172,"date":"2023-08-30T12:59:39","date_gmt":"2023-08-30T10:59:39","guid":{"rendered":"https:\/\/100anni.units.it\/?post_type=tribe_events&#038;p=172"},"modified":"2024-12-20T13:52:31","modified_gmt":"2024-12-20T12:52:31","slug":"i-miei-pupoli-gaetano-kanizsa-scienziato-e-artista-mostra-permanente","status":"publish","type":"tribe_events","link":"https:\/\/100anni.units.it\/index.php\/evento\/i-miei-pupoli-gaetano-kanizsa-scienziato-e-artista-mostra-permanente\/","title":{"rendered":"<i>I miei p\u00f9poli:<\/i> Gaetano Kanizsa, scienziato e artista &#8211; mostra permanente"},"content":{"rendered":"<div  class=\"tribe-events-schedule tribe-clearfix\" >\n\t<h2 class=\"tribe-events-schedule__datetime\">\n\t\t<span class=\"tribe-events-schedule__date tribe-events-schedule__date--start\">\n\t\t\t5 Settembre 2023\t\t<\/span>\n\n\t\t\n\t\t\t\t\t\t\t\t\t<span class=\"tribe-events-schedule__separator tribe-events-schedule__separator--time\">\n\t\t\t\t\t &#8211; \t\t\t\t<\/span>\n\t\t\t\n\t\t\t\t\t\t\t<span class=\"tribe-events-schedule__date tribe-events-schedule__date--end\">\n\t\t\t\t\t31 Dicembre 2030\t\t\t\t<\/span>\n\n\t\t\t\t\n\t\t\t\n\t\t\t\t\t\t<\/h2>\n<\/div>\n\n\n\n<div class=\"wp-block-columns is-layout-flex wp-container-core-columns-is-layout-9d6595d7 wp-block-columns-is-layout-flex\">\n<div class=\"wp-block-column is-layout-flow wp-block-column-is-layout-flow\" style=\"flex-basis:66.66%\">\n<p>L&#8217;Universit\u00e0 degli Studi di Trieste ospita la mostra permanente <em><a href=\"https:\/\/100anni.units.it\/index.php\/home-2\/i-miei-pupoli-gaetano-kanizsa-scienziato-e-artista\/\">I miei p\u00f9poli<\/a><\/em> che ripropone i contenuti di quella realizzata nel 2020 al Museo Revoltella di Trieste. Si tratta della prima mostra sulle due espressioni della creativit\u00e0 visiva di un grande protagonista della psicologia del &#8216;900 e si sofferma sul tema della percezione e di produzione di oggetti visivi.<br><\/p>\n\n\n\n<p>La mostra originale esponeva <strong>opere scientifiche ed artistiche<\/strong>. Quelle artistiche, di propriet\u00e0 della figlia di Gaetano Kanitzsa e custodite a Biella, vengono presentate in questo riallestimento attraverso delle riproduzioni degli originali. Le opere scientifiche, come ad esempio due versioni del <em>Triangolo di Kanizsa<\/em>, sono invece qui esposte in originale.<\/p>\n\n\n\n<p class=\"has-neve-link-color-color has-text-color\">Ingresso libero<\/p>\n\n\n\n<div style=\"height:30px\" aria-hidden=\"true\" class=\"wp-block-spacer\"><\/div>\n\n\n\n<p>Curatori:<\/p>\n\n\n\n<div class=\"wp-block-columns is-layout-flex wp-container-core-columns-is-layout-9d6595d7 wp-block-columns-is-layout-flex\">\n<div class=\"wp-block-column is-layout-flow wp-block-column-is-layout-flow\">\n<div class=\"wp-block-group is-vertical is-content-justification-center is-layout-flex wp-container-core-group-is-layout-4b2eccd6 wp-block-group-is-layout-flex\">\n<figure class=\"wp-block-image size-full is-resized is-style-rounded wp-container-content-b6ea3432\"><img decoding=\"async\" src=\"https:\/\/100anni.units.it\/wp-content\/uploads\/2023\/08\/100units_imieipupoli_PaoloBernardis.jpg\" alt=\"foto Paolo Bernardis\" class=\"wp-image-516\" style=\"aspect-ratio:1;object-fit:cover;width:75px\" width=\"75\" srcset=\"https:\/\/100anni.units.it\/wp-content\/uploads\/2023\/08\/100units_imieipupoli_PaoloBernardis.jpg 519w, https:\/\/100anni.units.it\/wp-content\/uploads\/2023\/08\/100units_imieipupoli_PaoloBernardis-300x300.jpg 300w, https:\/\/100anni.units.it\/wp-content\/uploads\/2023\/08\/100units_imieipupoli_PaoloBernardis-150x150.jpg 150w\" sizes=\"(max-width: 519px) 100vw, 519px\" \/><\/figure>\n\n\n\n<p class=\"has-text-align-center\">Paolo Bernardis<\/p>\n\n\n\n<div style=\"height:0px\" aria-hidden=\"true\" class=\"wp-block-spacer wp-container-content-b30579f5\"><\/div>\n<\/div>\n<\/div>\n\n\n\n<div class=\"wp-block-column is-layout-flow wp-block-column-is-layout-flow\">\n<div class=\"wp-block-group is-vertical is-content-justification-center is-layout-flex wp-container-core-group-is-layout-4b2eccd6 wp-block-group-is-layout-flex\">\n<figure class=\"wp-block-image size-full is-resized is-style-rounded wp-container-content-b6ea3432\"><img decoding=\"async\" src=\"https:\/\/100anni.units.it\/wp-content\/uploads\/2023\/08\/100units_imieipupoli_CarloFantoni.jpg\" alt=\"foto Carlo Fantoni\" class=\"wp-image-272\" style=\"aspect-ratio:1;object-fit:cover;width:75px\" width=\"75\" srcset=\"https:\/\/100anni.units.it\/wp-content\/uploads\/2023\/08\/100units_imieipupoli_CarloFantoni.jpg 600w, https:\/\/100anni.units.it\/wp-content\/uploads\/2023\/08\/100units_imieipupoli_CarloFantoni-300x300.jpg 300w, https:\/\/100anni.units.it\/wp-content\/uploads\/2023\/08\/100units_imieipupoli_CarloFantoni-150x150.jpg 150w\" sizes=\"(max-width: 600px) 100vw, 600px\" \/><\/figure>\n\n\n\n<p class=\"has-text-align-center\">Carlo Fantoni<\/p>\n\n\n\n<div style=\"height:0px\" aria-hidden=\"true\" class=\"wp-block-spacer wp-container-content-b30579f5\"><\/div>\n<\/div>\n<\/div>\n\n\n\n<div class=\"wp-block-column is-layout-flow wp-block-column-is-layout-flow\">\n<div class=\"wp-block-group is-vertical is-content-justification-center is-layout-flex wp-container-core-group-is-layout-4b2eccd6 wp-block-group-is-layout-flex\">\n<figure class=\"wp-block-image size-full is-resized is-style-rounded wp-container-content-b6ea3432\"><img decoding=\"async\" src=\"https:\/\/100anni.units.it\/wp-content\/uploads\/2023\/08\/100units_imieipupoli_WalterGerbino.jpg\" alt=\"foto Walter Gerbino\" class=\"wp-image-519\" style=\"aspect-ratio:1;object-fit:cover;width:75px\" width=\"75\" srcset=\"https:\/\/100anni.units.it\/wp-content\/uploads\/2023\/08\/100units_imieipupoli_WalterGerbino.jpg 706w, https:\/\/100anni.units.it\/wp-content\/uploads\/2023\/08\/100units_imieipupoli_WalterGerbino-300x300.jpg 300w, https:\/\/100anni.units.it\/wp-content\/uploads\/2023\/08\/100units_imieipupoli_WalterGerbino-150x150.jpg 150w\" sizes=\"(max-width: 706px) 100vw, 706px\" \/><\/figure>\n\n\n\n<p class=\"has-text-align-center\">Walter Gerbino<\/p>\n\n\n\n<div style=\"height:0px\" aria-hidden=\"true\" class=\"wp-block-spacer wp-container-content-b30579f5\"><\/div>\n<\/div>\n<\/div>\n<\/div>\n<\/div>\n\n\n\n<div class=\"wp-block-column is-layout-flow wp-block-column-is-layout-flow\" style=\"flex-basis:33.33%\">\n<figure class=\"wp-block-image size-large\"><img loading=\"lazy\" decoding=\"async\" width=\"724\" height=\"1024\" src=\"https:\/\/100anni.units.it\/wp-content\/uploads\/2023\/08\/100UniTS_event_Kanizsa_img-724x1024.jpg\" alt=\"immagine locandina per mostra I miei p\u00f9poli di Gaetano Kanizsa\" class=\"wp-image-156\" srcset=\"https:\/\/100anni.units.it\/wp-content\/uploads\/2023\/08\/100UniTS_event_Kanizsa_img-724x1024.jpg 724w, https:\/\/100anni.units.it\/wp-content\/uploads\/2023\/08\/100UniTS_event_Kanizsa_img-212x300.jpg 212w, https:\/\/100anni.units.it\/wp-content\/uploads\/2023\/08\/100UniTS_event_Kanizsa_img-768x1087.jpg 768w, https:\/\/100anni.units.it\/wp-content\/uploads\/2023\/08\/100UniTS_event_Kanizsa_img.jpg 1000w\" sizes=\"auto, (max-width: 724px) 100vw, 724px\" \/><\/figure>\n<\/div>\n<\/div>\n\n\n\n<div class=\"wp-block-columns is-layout-flex wp-container-core-columns-is-layout-9d6595d7 wp-block-columns-is-layout-flex\">\n<div class=\"wp-block-column is-vertically-aligned-top is-layout-flow wp-block-column-is-layout-flow\"><div  class=\"tribe-block tribe-block__venue tribe-clearfix\" >\n\t\n\t\n<div class=\"tribe-block__venue__meta\">\n\t<div class=\"tribe-block__venue__name\">\n\t\t<h3>Edificio A, corridoio 2\u00b0 piano \u2013 Universit\u00e0 degli Studi di Trieste<\/h3>\n\t<\/div>\n\n\t\n\t\t\t<address class=\"tribe-block__venue__address\">\n\t\t\t<span class=\"tribe-address\">\n\n<span class=\"tribe-street-address\">Piazzale Europa, 1<\/span>\n\t\n\t\t<br>\n\t\t<span class=\"tribe-locality\">Trieste<\/span><span class=\"tribe-delimiter\">,<\/span>\n\n\t<abbr class=\"tribe-region tribe-events-abbr\" title=\"TS\">TS<\/abbr>\n\n\t<span class=\"tribe-postal-code\">34100<\/span>\n\n\t<span class=\"tribe-country-name\">Italia<\/span>\n\n<\/span>\n\n\t\t\t\t\t<\/address>\n\t\n\t\n\t\n\t<\/div>\n\t\n\t<\/div>\n<\/div>\n\n\n\n<div class=\"wp-block-column is-vertically-aligned-center is-layout-flow wp-block-column-is-layout-flow\" style=\"flex-basis:30%\">\n<div class=\"wp-block-group is-content-justification-center is-nowrap is-layout-flex wp-container-core-group-is-layout-079bfc22 wp-block-group-is-layout-flex\">\t<div  class=\"tribe-block tribe-block__events-link\" >\n\t\t<div class=\"tribe-events tribe-common\">\n\t\t\t<div class=\"tribe-events-c-subscribe-dropdown__container\">\n\t\t\t\t<div class=\"tribe-events-c-subscribe-dropdown\">\n\t\t\t\t\t<div class=\"tribe-common-c-btn-border tribe-events-c-subscribe-dropdown__button\" tabindex=\"0\">\n\t\t\t\t\t\t<svg  class=\"tribe-common-c-svgicon tribe-common-c-svgicon--cal-export tribe-events-c-subscribe-dropdown__export-icon\"  viewBox=\"0 0 23 17\" xmlns=\"http:\/\/www.w3.org\/2000\/svg\">\n  <path fill-rule=\"evenodd\" clip-rule=\"evenodd\" d=\"M.128.896V16.13c0 .211.145.383.323.383h15.354c.179 0 .323-.172.323-.383V.896c0-.212-.144-.383-.323-.383H.451C.273.513.128.684.128.896Zm16 6.742h-.901V4.679H1.009v10.729h14.218v-3.336h.901V7.638ZM1.01 1.614h14.218v2.058H1.009V1.614Z\" \/>\n  <path d=\"M20.5 9.846H8.312M18.524 6.953l2.89 2.909-2.855 2.855\" stroke-width=\"1.2\" stroke-linecap=\"round\" stroke-linejoin=\"round\"\/>\n<\/svg>\n\t\t\t\t\t\t<button class=\"tribe-events-c-subscribe-dropdown__button-text\">\n\t\t\t\t\t\t\tSalva nel tuo calendario\t\t\t\t\t\t<\/button>\n\t\t\t\t\t\t<svg  class=\"tribe-common-c-svgicon tribe-common-c-svgicon--caret-down tribe-events-c-subscribe-dropdown__button-icon\"  viewBox=\"0 0 10 7\" xmlns=\"http:\/\/www.w3.org\/2000\/svg\"><path fill-rule=\"evenodd\" clip-rule=\"evenodd\" d=\"M1.008.609L5 4.6 8.992.61l.958.958L5 6.517.05 1.566l.958-.958z\" class=\"tribe-common-c-svgicon__svg-fill\"\/><\/svg>\n\t\t\t\t\t<\/div>\n\t\t\t\t\t<div class=\"tribe-events-c-subscribe-dropdown__content\">\n\t\t\t\t\t\t<ul class=\"tribe-events-c-subscribe-dropdown__list\" tabindex=\"0\">\n\t\t\t\t\t\t\t\t\t\t\t\t\t\t\t<li class=\"tribe-events-c-subscribe-dropdown__list-item\">\n\t\t\t\t\t\t\t\t\t<a\n\t\t\t\t\t\t\t\t\t\thref=\"https:\/\/www.google.com\/calendar\/event?action=TEMPLATE&#038;dates=20230905T000000\/20301231T235959&#038;text=%3Ci%3EI%20miei%20p%C3%B9poli%3A%3C%2Fi%3E%20Gaetano%20Kanizsa%2C%20scienziato%20e%20artista%20%26%238211%3B%20mostra%20permanente&#038;details=%3C%21--+wp%3Atribe%2Fevent-datetime+%2F--%3E%3C%21--+wp%3Acolumns+--%3E%3Cdiv+class%3D%22wp-block-columns%22%3E%3C%21--+wp%3Acolumn+%7B%22width%22%3A%2266.66%25%22%7D+--%3E%3Cdiv+class%3D%22wp-block-column%22+style%3D%22flex-basis%3A66.66%25%22%3E%3C%21--+wp%3Aparagraph+--%3E%3Cp%3EL%27Universit%C3%A0+degli+Studi+di+Trieste+ospita+la+mostra+permanente+%3Cem%3E%3Ca+href%3D%22https%3A%2F%2F100anni.units.it%2Findex.php%2Fhome-2%2Fi-miei-pupoli-gaetano-kanizsa-scienziato-e-artista%2F%22%3EI+miei+p%C3%B9poli%3C%2Fa%3E%3C%2Fem%3E+che+ripropone+i+contenuti+di+quella+realizzata+nel+2020+al+Museo+Revoltella+di+Trieste.+Si+tratta+della+prima+mostra+sulle+due+espressioni+della+creativit%C3%A0+visiva+di+un+grande+protagonista+della+psicologia+del+%27900+e+si+sofferma+sul+tema+della+percezione+e+di+produzione+di+oggetti+visivi.%3Cbr%3E%3C%2Fp%3E%3C%21--+%2Fwp%3Aparagraph+--%3E%3C%21--+wp%3Aparagraph+--%3E%3Cp%3ELa+mostra+originale+esponeva+%3Cstrong%3Eopere+scientifi%20(View%20Full%20evento%20Description%20Here:%20https:\/\/100anni.units.it\/index.php\/evento\/i-miei-pupoli-gaetano-kanizsa-scienziato-e-artista-mostra-permanente\/)&#038;location=Edificio%20A,%20corridoio%202\u00b0%20piano%20\u2013%20Universit\u00e0%20degli%20Studi%20di%20Trieste,%20Piazzale%20Europa,%201,%20Trieste,%20TS,%2034100,%20Italia&#038;trp=false&#038;ctz=Europe\/Rome&#038;sprop=website:https:\/\/100anni.units.it\"\n\t\t\t\t\t\t\t\t\t\tclass=\"tribe-events-c-subscribe-dropdown__list-item-link\"\n\t\t\t\t\t\t\t\t\t\ttabindex=\"0\"\n\t\t\t\t\t\t\t\t\t\ttarget=\"_blank\"\n\t\t\t\t\t\t\t\t\t\trel=\"noopener noreferrer nofollow noindex\"\n\t\t\t\t\t\t\t\t\t>\n\t\t\t\t\t\t\t\t\t\tGoogle Calendar\t\t\t\t\t\t\t\t\t<\/a>\n\t\t\t\t\t\t\t\t<\/li>\n\t\t\t\t\t\t\t\t\t\t\t\t\t\t\t<li class=\"tribe-events-c-subscribe-dropdown__list-item\">\n\t\t\t\t\t\t\t\t\t<a\n\t\t\t\t\t\t\t\t\t\thref=\"\"\n\t\t\t\t\t\t\t\t\t\tclass=\"tribe-events-c-subscribe-dropdown__list-item-link\"\n\t\t\t\t\t\t\t\t\t\ttabindex=\"0\"\n\t\t\t\t\t\t\t\t\t\ttarget=\"_blank\"\n\t\t\t\t\t\t\t\t\t\trel=\"noopener noreferrer nofollow noindex\"\n\t\t\t\t\t\t\t\t\t>\n\t\t\t\t\t\t\t\t\t\tiCalendar\t\t\t\t\t\t\t\t\t<\/a>\n\t\t\t\t\t\t\t\t<\/li>\n\t\t\t\t\t\t\t\t\t\t\t\t\t\t\t<li class=\"tribe-events-c-subscribe-dropdown__list-item\">\n\t\t\t\t\t\t\t\t\t<a\n\t\t\t\t\t\t\t\t\t\thref=\"\"\n\t\t\t\t\t\t\t\t\t\tclass=\"tribe-events-c-subscribe-dropdown__list-item-link\"\n\t\t\t\t\t\t\t\t\t\ttabindex=\"0\"\n\t\t\t\t\t\t\t\t\t\ttarget=\"_blank\"\n\t\t\t\t\t\t\t\t\t\trel=\"noopener noreferrer nofollow noindex\"\n\t\t\t\t\t\t\t\t\t>\n\t\t\t\t\t\t\t\t\t\tOutlook 365\t\t\t\t\t\t\t\t\t<\/a>\n\t\t\t\t\t\t\t\t<\/li>\n\t\t\t\t\t\t\t\t\t\t\t\t\t\t\t<li class=\"tribe-events-c-subscribe-dropdown__list-item\">\n\t\t\t\t\t\t\t\t\t<a\n\t\t\t\t\t\t\t\t\t\thref=\"\"\n\t\t\t\t\t\t\t\t\t\tclass=\"tribe-events-c-subscribe-dropdown__list-item-link\"\n\t\t\t\t\t\t\t\t\t\ttabindex=\"0\"\n\t\t\t\t\t\t\t\t\t\ttarget=\"_blank\"\n\t\t\t\t\t\t\t\t\t\trel=\"noopener noreferrer nofollow noindex\"\n\t\t\t\t\t\t\t\t\t>\n\t\t\t\t\t\t\t\t\t\tOutlook Live\t\t\t\t\t\t\t\t\t<\/a>\n\t\t\t\t\t\t\t\t<\/li>\n\t\t\t\t\t\t\t\t\t\t\t\t\t<\/ul>\n\t\t\t\t\t<\/div>\n\t\t\t\t<\/div>\n\t\t\t<\/div>\n\t\t<\/div>\n\t<\/div>\n\n<\/div>\n<\/div>\n<\/div>\n","protected":false},"excerpt":{"rendered":"<p>L&#8217;Universit\u00e0 degli Studi di Trieste ospita la mostra permanente <a href=\"https:\/\/100anni.units.it\/index.php\/home\/i-miei-pupoli-gaetano-kanizsa-scienziato-e-artista\/\"><i>I miei p\u00f9poli<\/i><\/a> che ripropone i contenuti di quella realizzata nel 2020 al Museo Revoltella di Trieste.<\/p>\n<p>Ingresso libero<\/p>\n","protected":false},"author":1,"featured_media":1401,"comment_status":"closed","ping_status":"closed","template":"","meta":{"neve_meta_sidebar":"","neve_meta_container":"","neve_meta_enable_content_width":"","neve_meta_content_width":0,"neve_meta_title_alignment":"","neve_meta_author_avatar":"","neve_post_elements_order":"","neve_meta_disable_header":"","neve_meta_disable_footer":"","neve_meta_disable_title":"","_EventAllDay":true,"_EventTimezone":"Europe\/Rome","_EventStartDate":"2023-09-05 00:00:00","_EventEndDate":"2030-12-31 23:59:59","_EventStartDateUTC":"2023-09-04 22:00:00","_EventEndDateUTC":"2030-12-31 22:59:59","_EventShowMap":false,"_EventShowMapLink":false,"_EventURL":"","_EventCost":"","_EventCostDescription":"","_EventCurrencySymbol":"\u20ac","_EventCurrencyCode":"EUR","_EventCurrencyPosition":"prefix","_EventDateTimeSeparator":" ore ","_EventTimeRangeSeparator":" - ","_EventOrganizerID":[],"_EventVenueID":[152],"_OrganizerEmail":"","_OrganizerPhone":"","_OrganizerWebsite":"","_VenueAddress":"","_VenueCity":"","_VenueCountry":"","_VenueProvince":"","_VenueState":"","_VenueZip":"","_VenuePhone":"","_VenueURL":"","_VenueStateProvince":"","_VenueLat":"","_VenueLng":"","_VenueShowMap":false,"_VenueShowMapLink":false,"_ti_tpc_template_sync":false,"_ti_tpc_template_id":"","_tribe_events_status":"","_tribe_events_status_reason":"","footnotes":""},"tags":[],"tribe_events_cat":[3],"class_list":["post-172","tribe_events","type-tribe_events","status-publish","has-post-thumbnail","hentry","tribe_events_cat-ateneo","cat_ateneo"],"yoast_head":"<!-- This site is optimized with the Yoast SEO plugin v21.0 - https:\/\/yoast.com\/wordpress\/plugins\/seo\/ -->\n<title>I miei p\u00f9poli: Gaetano Kanizsa, scienziato e artista - mostra permanente &ndash; #100UniTS<\/title>\n<meta name=\"robots\" content=\"index, follow, max-snippet:-1, max-image-preview:large, max-video-preview:-1\" \/>\n<link rel=\"canonical\" href=\"https:\/\/100anni.units.it\/index.php\/evento\/i-miei-pupoli-gaetano-kanizsa-scienziato-e-artista-mostra-permanente\/\" \/>\n<meta property=\"og:locale\" content=\"it_IT\" \/>\n<meta property=\"og:type\" content=\"article\" \/>\n<meta property=\"og:title\" content=\"I miei p\u00f9poli: Gaetano Kanizsa, scienziato e artista - mostra permanente &ndash; #100UniTS\" \/>\n<meta property=\"og:description\" content=\"L&#039;Universit\u00e0 degli Studi di Trieste ospita la mostra permanente I miei p\u00f9poli che ripropone i contenuti di quella realizzata nel 2020 al Museo Revoltella di Trieste. Ingresso libero\" \/>\n<meta property=\"og:url\" content=\"https:\/\/100anni.units.it\/index.php\/evento\/i-miei-pupoli-gaetano-kanizsa-scienziato-e-artista-mostra-permanente\/\" \/>\n<meta property=\"og:site_name\" content=\"#100UniTS\" \/>\n<meta property=\"article:publisher\" content=\"https:\/\/www.facebook.com\/universitatrieste\" \/>\n<meta property=\"article:modified_time\" content=\"2024-12-20T12:52:31+00:00\" \/>\n<meta property=\"og:image\" content=\"https:\/\/100anni.units.it\/wp-content\/uploads\/2023\/09\/100UniTS_imieipupoli_kanitzsa.jpg\" \/>\n\t<meta property=\"og:image:width\" content=\"1920\" \/>\n\t<meta property=\"og:image:height\" content=\"1080\" \/>\n\t<meta property=\"og:image:type\" content=\"image\/jpeg\" \/>\n<meta name=\"twitter:card\" content=\"summary_large_image\" \/>\n<meta name=\"twitter:site\" content=\"@UniTrieste\" \/>\n<meta name=\"twitter:label1\" content=\"Tempo di lettura stimato\" \/>\n\t<meta name=\"twitter:data1\" content=\"2 minuti\" \/>\n<script type=\"application\/ld+json\" class=\"yoast-schema-graph\">{\"@context\":\"https:\/\/schema.org\",\"@graph\":[{\"@type\":\"WebPage\",\"@id\":\"https:\/\/100anni.units.it\/index.php\/evento\/i-miei-pupoli-gaetano-kanizsa-scienziato-e-artista-mostra-permanente\/\",\"url\":\"https:\/\/100anni.units.it\/index.php\/evento\/i-miei-pupoli-gaetano-kanizsa-scienziato-e-artista-mostra-permanente\/\",\"name\":\"I miei p\u00f9poli: Gaetano Kanizsa, scienziato e artista - mostra permanente &ndash; #100UniTS\",\"isPartOf\":{\"@id\":\"https:\/\/100anni.units.it\/#website\"},\"datePublished\":\"2023-08-30T10:59:39+00:00\",\"dateModified\":\"2024-12-20T12:52:31+00:00\",\"breadcrumb\":{\"@id\":\"https:\/\/100anni.units.it\/index.php\/evento\/i-miei-pupoli-gaetano-kanizsa-scienziato-e-artista-mostra-permanente\/#breadcrumb\"},\"inLanguage\":\"it-IT\",\"potentialAction\":[{\"@type\":\"ReadAction\",\"target\":[\"https:\/\/100anni.units.it\/index.php\/evento\/i-miei-pupoli-gaetano-kanizsa-scienziato-e-artista-mostra-permanente\/\"]}]},{\"@type\":\"BreadcrumbList\",\"@id\":\"https:\/\/100anni.units.it\/index.php\/evento\/i-miei-pupoli-gaetano-kanizsa-scienziato-e-artista-mostra-permanente\/#breadcrumb\",\"itemListElement\":[{\"@type\":\"ListItem\",\"position\":1,\"name\":\"Eventi\",\"item\":\"https:\/\/100anni.units.it\/index.php\/eventi\/\"},{\"@type\":\"ListItem\",\"position\":2,\"name\":\"I miei p\u00f9poli: Gaetano Kanizsa, scienziato e artista &#8211; mostra permanente\"}]},{\"@type\":\"WebSite\",\"@id\":\"https:\/\/100anni.units.it\/#website\",\"url\":\"https:\/\/100anni.units.it\/\",\"name\":\"#100UniTS\",\"description\":\"Ogni giorno, da cento anni, con noi puoi scoprire ci\u00f2 che sar\u00e0 realt\u00e0 nel futuro. Celebriamo insieme un secolo di ricerca, eccellenza, creativit\u00e0 e ingegno umano.\",\"publisher\":{\"@id\":\"https:\/\/100anni.units.it\/#organization\"},\"potentialAction\":[{\"@type\":\"SearchAction\",\"target\":{\"@type\":\"EntryPoint\",\"urlTemplate\":\"https:\/\/100anni.units.it\/?s={search_term_string}\"},\"query-input\":\"required name=search_term_string\"}],\"inLanguage\":\"it-IT\"},{\"@type\":\"Organization\",\"@id\":\"https:\/\/100anni.units.it\/#organization\",\"name\":\"Universit\u00e0 degli Studi di Trieste\",\"alternateName\":\"UniTS\",\"url\":\"https:\/\/100anni.units.it\/\",\"logo\":{\"@type\":\"ImageObject\",\"inLanguage\":\"it-IT\",\"@id\":\"https:\/\/100anni.units.it\/#\/schema\/logo\/image\/\",\"url\":\"https:\/\/100anni.units.it\/wp-content\/uploads\/2023\/08\/units_sigillo.png\",\"contentUrl\":\"https:\/\/100anni.units.it\/wp-content\/uploads\/2023\/08\/units_sigillo.png\",\"width\":696,\"height\":696,\"caption\":\"Universit\u00e0 degli Studi di Trieste\"},\"image\":{\"@id\":\"https:\/\/100anni.units.it\/#\/schema\/logo\/image\/\"},\"sameAs\":[\"https:\/\/www.facebook.com\/universitatrieste\",\"https:\/\/twitter.com\/UniTrieste\"]}]}<\/script>\n<!-- \/ Yoast SEO plugin. -->","yoast_head_json":{"title":"I miei p\u00f9poli: Gaetano Kanizsa, scienziato e artista - mostra permanente &ndash; #100UniTS","robots":{"index":"index","follow":"follow","max-snippet":"max-snippet:-1","max-image-preview":"max-image-preview:large","max-video-preview":"max-video-preview:-1"},"canonical":"https:\/\/100anni.units.it\/index.php\/evento\/i-miei-pupoli-gaetano-kanizsa-scienziato-e-artista-mostra-permanente\/","og_locale":"it_IT","og_type":"article","og_title":"I miei p\u00f9poli: Gaetano Kanizsa, scienziato e artista - mostra permanente &ndash; #100UniTS","og_description":"L'Universit\u00e0 degli Studi di Trieste ospita la mostra permanente I miei p\u00f9poli che ripropone i contenuti di quella realizzata nel 2020 al Museo Revoltella di Trieste. Ingresso libero","og_url":"https:\/\/100anni.units.it\/index.php\/evento\/i-miei-pupoli-gaetano-kanizsa-scienziato-e-artista-mostra-permanente\/","og_site_name":"#100UniTS","article_publisher":"https:\/\/www.facebook.com\/universitatrieste","article_modified_time":"2024-12-20T12:52:31+00:00","og_image":[{"width":1920,"height":1080,"url":"https:\/\/100anni.units.it\/wp-content\/uploads\/2023\/09\/100UniTS_imieipupoli_kanitzsa.jpg","type":"image\/jpeg"}],"twitter_card":"summary_large_image","twitter_site":"@UniTrieste","twitter_misc":{"Tempo di lettura stimato":"2 minuti"},"schema":{"@context":"https:\/\/schema.org","@graph":[{"@type":"WebPage","@id":"https:\/\/100anni.units.it\/index.php\/evento\/i-miei-pupoli-gaetano-kanizsa-scienziato-e-artista-mostra-permanente\/","url":"https:\/\/100anni.units.it\/index.php\/evento\/i-miei-pupoli-gaetano-kanizsa-scienziato-e-artista-mostra-permanente\/","name":"I miei p\u00f9poli: Gaetano Kanizsa, scienziato e artista - mostra permanente &ndash; #100UniTS","isPartOf":{"@id":"https:\/\/100anni.units.it\/#website"},"datePublished":"2023-08-30T10:59:39+00:00","dateModified":"2024-12-20T12:52:31+00:00","breadcrumb":{"@id":"https:\/\/100anni.units.it\/index.php\/evento\/i-miei-pupoli-gaetano-kanizsa-scienziato-e-artista-mostra-permanente\/#breadcrumb"},"inLanguage":"it-IT","potentialAction":[{"@type":"ReadAction","target":["https:\/\/100anni.units.it\/index.php\/evento\/i-miei-pupoli-gaetano-kanizsa-scienziato-e-artista-mostra-permanente\/"]}]},{"@type":"BreadcrumbList","@id":"https:\/\/100anni.units.it\/index.php\/evento\/i-miei-pupoli-gaetano-kanizsa-scienziato-e-artista-mostra-permanente\/#breadcrumb","itemListElement":[{"@type":"ListItem","position":1,"name":"Eventi","item":"https:\/\/100anni.units.it\/index.php\/eventi\/"},{"@type":"ListItem","position":2,"name":"I miei p\u00f9poli: Gaetano Kanizsa, scienziato e artista &#8211; mostra permanente"}]},{"@type":"WebSite","@id":"https:\/\/100anni.units.it\/#website","url":"https:\/\/100anni.units.it\/","name":"#100UniTS","description":"Ogni giorno, da cento anni, con noi puoi scoprire ci\u00f2 che sar\u00e0 realt\u00e0 nel futuro. Celebriamo insieme un secolo di ricerca, eccellenza, creativit\u00e0 e ingegno umano.","publisher":{"@id":"https:\/\/100anni.units.it\/#organization"},"potentialAction":[{"@type":"SearchAction","target":{"@type":"EntryPoint","urlTemplate":"https:\/\/100anni.units.it\/?s={search_term_string}"},"query-input":"required name=search_term_string"}],"inLanguage":"it-IT"},{"@type":"Organization","@id":"https:\/\/100anni.units.it\/#organization","name":"Universit\u00e0 degli Studi di Trieste","alternateName":"UniTS","url":"https:\/\/100anni.units.it\/","logo":{"@type":"ImageObject","inLanguage":"it-IT","@id":"https:\/\/100anni.units.it\/#\/schema\/logo\/image\/","url":"https:\/\/100anni.units.it\/wp-content\/uploads\/2023\/08\/units_sigillo.png","contentUrl":"https:\/\/100anni.units.it\/wp-content\/uploads\/2023\/08\/units_sigillo.png","width":696,"height":696,"caption":"Universit\u00e0 degli Studi di Trieste"},"image":{"@id":"https:\/\/100anni.units.it\/#\/schema\/logo\/image\/"},"sameAs":["https:\/\/www.facebook.com\/universitatrieste","https:\/\/twitter.com\/UniTrieste"]}]}},"_links":{"self":[{"href":"https:\/\/100anni.units.it\/index.php\/wp-json\/wp\/v2\/tribe_events\/172","targetHints":{"allow":["GET"]}}],"collection":[{"href":"https:\/\/100anni.units.it\/index.php\/wp-json\/wp\/v2\/tribe_events"}],"about":[{"href":"https:\/\/100anni.units.it\/index.php\/wp-json\/wp\/v2\/types\/tribe_events"}],"author":[{"embeddable":true,"href":"https:\/\/100anni.units.it\/index.php\/wp-json\/wp\/v2\/users\/1"}],"replies":[{"embeddable":true,"href":"https:\/\/100anni.units.it\/index.php\/wp-json\/wp\/v2\/comments?post=172"}],"version-history":[{"count":6,"href":"https:\/\/100anni.units.it\/index.php\/wp-json\/wp\/v2\/tribe_events\/172\/revisions"}],"predecessor-version":[{"id":2270,"href":"https:\/\/100anni.units.it\/index.php\/wp-json\/wp\/v2\/tribe_events\/172\/revisions\/2270"}],"wp:featuredmedia":[{"embeddable":true,"href":"https:\/\/100anni.units.it\/index.php\/wp-json\/wp\/v2\/media\/1401"}],"wp:attachment":[{"href":"https:\/\/100anni.units.it\/index.php\/wp-json\/wp\/v2\/media?parent=172"}],"wp:term":[{"taxonomy":"post_tag","embeddable":true,"href":"https:\/\/100anni.units.it\/index.php\/wp-json\/wp\/v2\/tags?post=172"},{"taxonomy":"tribe_events_cat","embeddable":true,"href":"https:\/\/100anni.units.it\/index.php\/wp-json\/wp\/v2\/tribe_events_cat?post=172"}],"curies":[{"name":"wp","href":"https:\/\/api.w.org\/{rel}","templated":true}]}}