{"id":196,"date":"2023-08-30T13:33:07","date_gmt":"2023-08-30T11:33:07","guid":{"rendered":"https:\/\/100anni.units.it\/?post_type=tribe_events&#038;p=196"},"modified":"2023-10-09T16:25:37","modified_gmt":"2023-10-09T14:25:37","slug":"barcolana55-2ott","status":"publish","type":"tribe_events","link":"https:\/\/100anni.units.it\/index.php\/evento\/barcolana55-2ott\/","title":{"rendered":"UniTS in Barcolana 55 \u2013 Mare, Ambiente, Sostenibilit\u00e0"},"content":{"rendered":"<div  class=\"tribe-events-schedule tribe-clearfix\" >\n\t<h2 class=\"tribe-events-schedule__datetime\">\n\t\t<span class=\"tribe-events-schedule__date tribe-events-schedule__date--start\">\n\t\t\t2 Ottobre 2023\t\t<\/span>\n\n\t\t\t\t\t<span class=\"tribe-events-schedule__all-day\">Giornata intera<\/span>\n\t\t\n\t\t\t<\/h2>\n<\/div>\n\n\n\n<div class=\"wp-block-columns is-layout-flex wp-container-core-columns-is-layout-9d6595d7 wp-block-columns-is-layout-flex\">\n<div class=\"wp-block-column is-layout-flow wp-block-column-is-layout-flow\">\n<p>L&#8217;Universit\u00e0 degli Studi di Trieste in occasione del centesimo anniversario dalla sua fondazione, prende parte alla 55esima edizione di Barcolana. <br>L&#8217;Ateneo sar\u00e0 presente nella splendida cornice di Piazza Unit\u00e0 d&#8217;Italia con uno spazioso stand che ospiter\u00e0 attivit\u00e0 di orientamento, un angolo merchandising e diversi momenti dedicati alla divulgazione o ad attivit\u00e0 interattive.<\/p>\n\n\n\n<p class=\"has-text-align-left has-neve-link-color-color has-text-color\">Appuntamenti ad ingresso libero, per i Mini-talk fino a esaurimento posti: iscriviti compilando la richiesta in corrispondenza di ciascun evento per riservare il tuo!<\/p>\n\n\n\n<p class=\"has-text-align-left has-neve-text-color-color has-text-color\">L&#8217;iscrizione \u00e8 possibile entro le ore 11.00 del giorno in cui l&#8217;evento \u00e8 fissato e fino ad esaurimento posti. Per assistere agli eventi \u00e8 inoltre disponibile un maxi-schermo esterno allo stand UniTS.&nbsp;<\/p>\n<\/div>\n\n\n\n<div class=\"wp-block-column is-vertically-aligned-top is-layout-flow wp-block-column-is-layout-flow\" style=\"flex-basis:30%\">\n<figure class=\"wp-block-image size-large\"><img loading=\"lazy\" decoding=\"async\" width=\"1024\" height=\"576\" src=\"https:\/\/100anni.units.it\/wp-content\/uploads\/2023\/09\/100UniTS_barcolana_B55-1024x576.jpg\" alt=\"logo Barcolana B55\" class=\"wp-image-1402\" srcset=\"https:\/\/100anni.units.it\/wp-content\/uploads\/2023\/09\/100UniTS_barcolana_B55-1024x576.jpg 1024w, https:\/\/100anni.units.it\/wp-content\/uploads\/2023\/09\/100UniTS_barcolana_B55-300x169.jpg 300w, https:\/\/100anni.units.it\/wp-content\/uploads\/2023\/09\/100UniTS_barcolana_B55-768x432.jpg 768w, https:\/\/100anni.units.it\/wp-content\/uploads\/2023\/09\/100UniTS_barcolana_B55-1536x864.jpg 1536w, https:\/\/100anni.units.it\/wp-content\/uploads\/2023\/09\/100UniTS_barcolana_B55.jpg 1920w\" sizes=\"auto, (max-width: 1024px) 100vw, 1024px\" \/><\/figure>\n\n\n\n<div style=\"height:20px\" aria-hidden=\"true\" class=\"wp-block-spacer\"><\/div>\n\n\n\n<div class=\"wp-block-group is-content-justification-center is-nowrap is-layout-flex wp-container-core-group-is-layout-94bc23d7 wp-block-group-is-layout-flex\">\n<figure class=\"wp-block-image size-full is-resized\"><img decoding=\"async\" src=\"https:\/\/100anni.units.it\/wp-content\/uploads\/2023\/09\/illycaffe_logo_DIGITAL_RGB_RED_100-300px_PNG.png\" alt=\"logo illy rosso\" class=\"wp-image-1574\" style=\"aspect-ratio:1;object-fit:cover;width:50px\" width=\"50\" srcset=\"https:\/\/100anni.units.it\/wp-content\/uploads\/2023\/09\/illycaffe_logo_DIGITAL_RGB_RED_100-300px_PNG.png 201w, https:\/\/100anni.units.it\/wp-content\/uploads\/2023\/09\/illycaffe_logo_DIGITAL_RGB_RED_100-300px_PNG-150x150.png 150w\" sizes=\"(max-width: 201px) 100vw, 201px\" \/><\/figure>\n\n\n\n<div style=\"height:100px;width:0px\" aria-hidden=\"true\" class=\"wp-block-spacer wp-container-content-728072c3\"><\/div>\n\n\n\n<p style=\"font-size:18px\">Sponsor tecnico<\/p>\n<\/div>\n<\/div>\n<\/div>\n\n\n\n<div class=\"wp-block-columns are-vertically-aligned-center is-layout-flex wp-container-core-columns-is-layout-9d6595d7 wp-block-columns-is-layout-flex\">\n<div class=\"wp-block-column is-vertically-aligned-center is-layout-flow wp-block-column-is-layout-flow\"><div  class=\"tribe-block tribe-block__venue tribe-clearfix\" >\n\t\n\t\n<div class=\"tribe-block__venue__meta\">\n\t<div class=\"tribe-block__venue__name\">\n\t\t<h3>Villaggio Barcolana 55<\/h3>\n\t<\/div>\n\n\t\n\t\t\t<address class=\"tribe-block__venue__address\">\n\t\t\t<span class=\"tribe-address\">\n\n<span class=\"tribe-street-address\">Piazza Unit\u00e0 d&#039;Italia<\/span>\n\t\n\t\t<br>\n\t\t<span class=\"tribe-locality\">Trieste<\/span><span class=\"tribe-delimiter\">,<\/span>\n\n\t<abbr class=\"tribe-region tribe-events-abbr\" title=\"TS\">TS<\/abbr>\n\n\t<span class=\"tribe-postal-code\">34100<\/span>\n\n\t<span class=\"tribe-country-name\">Italia<\/span>\n\n<\/span>\n\n\t\t\t\t\t<\/address>\n\t\n\t\n\t\n\t<\/div>\n\t\n\t<\/div>\n<\/div>\n\n\n\n<div class=\"wp-block-column is-vertically-aligned-center is-layout-flow wp-block-column-is-layout-flow\" style=\"flex-basis:30%\">\n<div class=\"wp-block-group is-vertical is-content-justification-center is-layout-flex wp-container-core-group-is-layout-0472769e wp-block-group-is-layout-flex\">\t<div  class=\"tribe-block tribe-block__events-link\" >\n\t\t<div class=\"tribe-events tribe-common\">\n\t\t\t<div class=\"tribe-events-c-subscribe-dropdown__container\">\n\t\t\t\t<div class=\"tribe-events-c-subscribe-dropdown\">\n\t\t\t\t\t<div class=\"tribe-common-c-btn-border tribe-events-c-subscribe-dropdown__button\" tabindex=\"0\">\n\t\t\t\t\t\t<svg  class=\"tribe-common-c-svgicon tribe-common-c-svgicon--cal-export tribe-events-c-subscribe-dropdown__export-icon\"  viewBox=\"0 0 23 17\" xmlns=\"http:\/\/www.w3.org\/2000\/svg\">\n  <path fill-rule=\"evenodd\" clip-rule=\"evenodd\" d=\"M.128.896V16.13c0 .211.145.383.323.383h15.354c.179 0 .323-.172.323-.383V.896c0-.212-.144-.383-.323-.383H.451C.273.513.128.684.128.896Zm16 6.742h-.901V4.679H1.009v10.729h14.218v-3.336h.901V7.638ZM1.01 1.614h14.218v2.058H1.009V1.614Z\" \/>\n  <path d=\"M20.5 9.846H8.312M18.524 6.953l2.89 2.909-2.855 2.855\" stroke-width=\"1.2\" stroke-linecap=\"round\" stroke-linejoin=\"round\"\/>\n<\/svg>\n\t\t\t\t\t\t<button class=\"tribe-events-c-subscribe-dropdown__button-text\">\n\t\t\t\t\t\t\tSalva nel tuo calendario\t\t\t\t\t\t<\/button>\n\t\t\t\t\t\t<svg  class=\"tribe-common-c-svgicon tribe-common-c-svgicon--caret-down tribe-events-c-subscribe-dropdown__button-icon\"  viewBox=\"0 0 10 7\" xmlns=\"http:\/\/www.w3.org\/2000\/svg\"><path fill-rule=\"evenodd\" clip-rule=\"evenodd\" d=\"M1.008.609L5 4.6 8.992.61l.958.958L5 6.517.05 1.566l.958-.958z\" class=\"tribe-common-c-svgicon__svg-fill\"\/><\/svg>\n\t\t\t\t\t<\/div>\n\t\t\t\t\t<div class=\"tribe-events-c-subscribe-dropdown__content\">\n\t\t\t\t\t\t<ul class=\"tribe-events-c-subscribe-dropdown__list\" tabindex=\"0\">\n\t\t\t\t\t\t\t\t\t\t\t\t\t\t\t<li class=\"tribe-events-c-subscribe-dropdown__list-item\">\n\t\t\t\t\t\t\t\t\t<a\n\t\t\t\t\t\t\t\t\t\thref=\"https:\/\/www.google.com\/calendar\/event?action=TEMPLATE&#038;dates=20231002T000000\/20231002T235959&#038;text=UniTS%20in%20Barcolana%2055%20%E2%80%93%20Mare%2C%20Ambiente%2C%20Sostenibilit%C3%A0&#038;details=%3C%21--+wp%3Atribe%2Fevent-datetime+%2F--%3E%3C%21--+wp%3Acolumns+--%3E%3Cdiv+class%3D%22wp-block-columns%22%3E%3C%21--+wp%3Acolumn+%7B%22width%22%3A%22%22%7D+--%3E%3Cdiv+class%3D%22wp-block-column%22%3E%3C%21--+wp%3Aparagraph+--%3E%3Cp%3EL%27Universit%C3%A0+degli+Studi+di+Trieste+in+occasione+del+centesimo+anniversario+dalla+sua+fondazione%2C+prende+parte+alla+55esima+edizione+di+Barcolana.+%3Cbr%3EL%27Ateneo+sar%C3%A0+presente+nella+splendida+cornice+di+Piazza+Unit%C3%A0+d%27Italia+con+uno+spazioso+stand+che+ospiter%C3%A0+attivit%C3%A0+di+orientamento%2C+un+angolo+merchandising+e+diversi+momenti+dedicati+alla+divulgazione+o+ad+attivit%C3%A0+interattive.%3C%2Fp%3E%3C%21--+%2Fwp%3Aparagraph+--%3E%3C%21--+wp%3Aparagraph+%7B%22align%22%3A%22left%22%2C%22textColor%22%3A%22neve-link-color%22%7D+--%3E%3Cp+class%3D%22has-text-align-left+has-neve-link-color-color+has-text-color%22%3EAppuntamenti+ad+ingresso+libero%2C+per+i+Mini-talk+fino+a+esaurimento+posti%3A+%20(View%20Full%20evento%20Description%20Here:%20https:\/\/100anni.units.it\/index.php\/evento\/barcolana55-2ott\/)&#038;location=Villaggio%20Barcolana%2055,%20Piazza%20Unit\u00e0%20d&#039;Italia,%20Trieste,%20TS,%2034100,%20Italia&#038;trp=false&#038;ctz=Europe\/Rome&#038;sprop=website:https:\/\/100anni.units.it\"\n\t\t\t\t\t\t\t\t\t\tclass=\"tribe-events-c-subscribe-dropdown__list-item-link\"\n\t\t\t\t\t\t\t\t\t\ttabindex=\"0\"\n\t\t\t\t\t\t\t\t\t\ttarget=\"_blank\"\n\t\t\t\t\t\t\t\t\t\trel=\"noopener noreferrer nofollow noindex\"\n\t\t\t\t\t\t\t\t\t>\n\t\t\t\t\t\t\t\t\t\tGoogle Calendar\t\t\t\t\t\t\t\t\t<\/a>\n\t\t\t\t\t\t\t\t<\/li>\n\t\t\t\t\t\t\t\t\t\t\t\t\t\t\t<li class=\"tribe-events-c-subscribe-dropdown__list-item\">\n\t\t\t\t\t\t\t\t\t<a\n\t\t\t\t\t\t\t\t\t\thref=\"\"\n\t\t\t\t\t\t\t\t\t\tclass=\"tribe-events-c-subscribe-dropdown__list-item-link\"\n\t\t\t\t\t\t\t\t\t\ttabindex=\"0\"\n\t\t\t\t\t\t\t\t\t\ttarget=\"_blank\"\n\t\t\t\t\t\t\t\t\t\trel=\"noopener noreferrer nofollow noindex\"\n\t\t\t\t\t\t\t\t\t>\n\t\t\t\t\t\t\t\t\t\tiCalendar\t\t\t\t\t\t\t\t\t<\/a>\n\t\t\t\t\t\t\t\t<\/li>\n\t\t\t\t\t\t\t\t\t\t\t\t\t\t\t<li class=\"tribe-events-c-subscribe-dropdown__list-item\">\n\t\t\t\t\t\t\t\t\t<a\n\t\t\t\t\t\t\t\t\t\thref=\"\"\n\t\t\t\t\t\t\t\t\t\tclass=\"tribe-events-c-subscribe-dropdown__list-item-link\"\n\t\t\t\t\t\t\t\t\t\ttabindex=\"0\"\n\t\t\t\t\t\t\t\t\t\ttarget=\"_blank\"\n\t\t\t\t\t\t\t\t\t\trel=\"noopener noreferrer nofollow noindex\"\n\t\t\t\t\t\t\t\t\t>\n\t\t\t\t\t\t\t\t\t\tOutlook 365\t\t\t\t\t\t\t\t\t<\/a>\n\t\t\t\t\t\t\t\t<\/li>\n\t\t\t\t\t\t\t\t\t\t\t\t\t\t\t<li class=\"tribe-events-c-subscribe-dropdown__list-item\">\n\t\t\t\t\t\t\t\t\t<a\n\t\t\t\t\t\t\t\t\t\thref=\"\"\n\t\t\t\t\t\t\t\t\t\tclass=\"tribe-events-c-subscribe-dropdown__list-item-link\"\n\t\t\t\t\t\t\t\t\t\ttabindex=\"0\"\n\t\t\t\t\t\t\t\t\t\ttarget=\"_blank\"\n\t\t\t\t\t\t\t\t\t\trel=\"noopener noreferrer nofollow noindex\"\n\t\t\t\t\t\t\t\t\t>\n\t\t\t\t\t\t\t\t\t\tOutlook Live\t\t\t\t\t\t\t\t\t<\/a>\n\t\t\t\t\t\t\t\t<\/li>\n\t\t\t\t\t\t\t\t\t\t\t\t\t<\/ul>\n\t\t\t\t\t<\/div>\n\t\t\t\t<\/div>\n\t\t\t<\/div>\n\t\t<\/div>\n\t<\/div>\n\n\n\n\n<div class=\"wp-block-buttons is-content-justification-center is-layout-flex wp-container-core-buttons-is-layout-16018d1d wp-block-buttons-is-layout-flex\">\n<div class=\"wp-block-button has-custom-width wp-block-button__width-100 is-style-primary\"><a class=\"wp-block-button__link wp-element-button\" href=\"https:\/\/100anni.units.it\/wp-content\/uploads\/2023\/09\/100UniTS_Barcolana55_programma.pdf\" target=\"_blank\" rel=\"noreferrer noopener\">scarica il programma completo<\/a><\/div>\n\n\n\n<div class=\"wp-block-button has-custom-width wp-block-button__width-100 is-style-secondary\"><a class=\"wp-block-button__link wp-element-button\" href=\"https:\/\/www.youtube.com\/playlist?list=PLLTBTziWWLo0jrO-pzBW-Mmsbz_h1A8o2\" target=\"_blank\" rel=\"noreferrer noopener\">Guarda le registrazioni<\/a><\/div>\n<\/div>\n<\/div>\n<\/div>\n<\/div>\n\n\n\n<div style=\"height:50px\" aria-hidden=\"true\" class=\"wp-block-spacer\"><\/div>\n\n\n\n<h3 class=\"wp-block-heading has-neve-link-color-color has-text-color\" style=\"text-transform:none\">Programma del giorno<\/h3>\n\n\n\n<div style=\"height:20px\" aria-hidden=\"true\" class=\"wp-block-spacer\"><\/div>\n\n\n\n<div class=\"wp-block-group\"><div class=\"wp-block-group__inner-container is-layout-constrained wp-block-group-is-layout-constrained\">\n<p><strong>11.00 <strong>\u2013<\/strong> 13.00 <\/strong><br>Un caff\u00e8 con UniTS&nbsp;<\/p>\n\n\n\n<p><strong><strong>15.00 <strong>\u2013<\/strong> 16.00 <\/strong><\/strong>&#8211; Mini-talk<em> <\/em>CONOSCENZA<br><em>Presentazione del corso di Laurea Triennale in Ingegneria navale<\/em>&nbsp;<br><br><a href=\"https:\/\/web.units.it\/page\/forms\/it\/content\/mini-talk-conoscenza-presentazione-del-corso-laurea-triennale-ingegneria-navale\" target=\"_blank\" rel=\"noreferrer noopener\">Iscriviti per riservare il tuo posto<\/a> \u00bb<\/p>\n\n\n\n<p>Modera:<\/p>\n\n\n\n<div class=\"wp-block-group\"><div class=\"wp-block-group__inner-container is-layout-constrained wp-block-group-is-layout-constrained\">\n<div class=\"wp-block-group\"><div class=\"wp-block-group__inner-container is-layout-constrained wp-block-group-is-layout-constrained\">\n<div class=\"wp-block-columns is-layout-flex wp-container-core-columns-is-layout-9d6595d7 wp-block-columns-is-layout-flex\">\n<div class=\"wp-block-column is-layout-flow wp-block-column-is-layout-flow\">\n<div class=\"wp-block-group is-vertical is-content-justification-center is-layout-flex wp-container-core-group-is-layout-4b2eccd6 wp-block-group-is-layout-flex\">\n<div class=\"wp-block-boldblocks-svg-block\"><div class=\"wp-block-boldblocks-svg-block__inner\" style=\"--bb--width--sm:var(--bb--width--lg);--bb--width--md:var(--bb--width--lg);--bb--width--lg:75px;--bb--height--sm:var(--bb--height--lg);--bb--height--md:var(--bb--height--lg);--bb--height--lg:75px;--bb--padding-top--sm:var(--bb--padding-top--lg);--bb--padding-right--sm:var(--bb--padding-right--lg);--bb--padding-bottom--sm:var(--bb--padding-bottom--lg);--bb--padding-left--sm:var(--bb--padding-left--lg);--bb--padding-top--md:var(--bb--padding-top--lg);--bb--padding-right--md:var(--bb--padding-right--lg);--bb--padding-bottom--md:var(--bb--padding-bottom--lg);--bb--padding-left--md:var(--bb--padding-left--lg);--bb--padding-top--lg:10px;--bb--padding-right--lg:10px;--bb--padding-bottom--lg:10px;--bb--padding-left--lg:10px;--bb--border-radius--sm:var(--bb--border-radius--lg);--bb--border-radius--md:var(--bb--border-radius--lg);--bb--border-radius--lg:50px 50px 50px 50px;box-shadow:0px 0.0625em 0.0625em 0px rgba(0, 0, 0, 0.25),0px 0.125em 0.5em 0px rgba(0, 0, 0, 0.25),inset 0px 0px 0px 1px rgba(255, 255, 255, 0.1);--bb--fill--color:var(--wp--preset--color--neve-link-color, var(--nv-primary-accent))\"><svg version=\"1.1\" id=\"Livello_1\" xmlns=\"http:\/\/www.w3.org\/2000\/svg\" xmlns:xlink=\"http:\/\/www.w3.org\/1999\/xlink\" x=\"0px\" y=\"0px\" viewBox=\"0 0 24 24\" xml:space=\"preserve\">\n<path d=\"M12,10.9c-0.6,0-1.1,0.5-1.1,1.1s0.5,1.1,1.1,1.1c0.6,0,1.1-0.5,1.1-1.1S12.6,10.9,12,10.9z M12,2C6.5,2,2,6.5,2,12\n\ts4.5,10,10,10s10-4.5,10-10S17.5,2,12,2z M14.2,14.2L6,18l3.8-8.2L18,6L14.2,14.2z\"><\/path>\n<\/svg><\/div><\/div>\n\n\n\n<p class=\"has-text-align-center\">Unit\u00e0 di Staff Orientamento UniTS<\/p>\n\n\n\n<div style=\"height:0px\" aria-hidden=\"true\" class=\"wp-block-spacer wp-container-content-b30579f5\"><\/div>\n<\/div>\n<\/div>\n\n\n\n<div class=\"wp-block-column is-layout-flow wp-block-column-is-layout-flow\"><\/div>\n\n\n\n<div class=\"wp-block-column is-layout-flow wp-block-column-is-layout-flow\"><\/div>\n\n\n\n<div class=\"wp-block-column is-layout-flow wp-block-column-is-layout-flow\"><\/div>\n<\/div>\n<\/div><\/div>\n<\/div><\/div>\n\n\n\n<p><strong><strong>17.00 <strong>\u2013<\/strong> 17.45<\/strong><\/strong> &#8211; Mini-talk FUTURO<br><em>Intelligenza Artificiale per il Benessere del Mare&nbsp;<\/em><\/p>\n\n\n\n<p>In un&#8217;epoca in cui l&#8217;Intelligenza Artificiale sta&nbsp;emergendo come una forza trainante nella ricerca scientifica, \u00e8 altrettanto evidente il crescere dell&#8217;inquinamento marino, specie nel Mar Mediterraneo.&nbsp;Questo intervento esplora come l&#8217;IA possa essere un potente strumento per comprendere, modellare e risolvere le sfide&nbsp;oceaniche, contribuendo cos\u00ec al miglioramento del nostro ecosistema marino.<br><a href=\"https:\/\/web.units.it\/page\/forms\/it\/content\/futuro-intelligenza-artificiale-benessere-del-mare\" target=\"_blank\" rel=\"noreferrer noopener\">Iscriviti per riservare il tuo posto<\/a> \u00bb<\/p>\n\n\n\n<div class=\"wp-block-columns is-layout-flex wp-container-core-columns-is-layout-9d6595d7 wp-block-columns-is-layout-flex\">\n<div class=\"wp-block-column is-layout-flow wp-block-column-is-layout-flow\">\n<p>Interviene:<\/p>\n<\/div>\n\n\n\n<div class=\"wp-block-column is-layout-flow wp-block-column-is-layout-flow\"><\/div>\n\n\n\n<div class=\"wp-block-column is-layout-flow wp-block-column-is-layout-flow\">\n<p>Modera:<\/p>\n<\/div>\n\n\n\n<div class=\"wp-block-column is-layout-flow wp-block-column-is-layout-flow\"><\/div>\n<\/div>\n\n\n\n<div class=\"wp-block-columns is-layout-flex wp-container-core-columns-is-layout-9d6595d7 wp-block-columns-is-layout-flex\">\n<div class=\"wp-block-column is-layout-flow wp-block-column-is-layout-flow\">\n<div class=\"wp-block-group is-vertical is-content-justification-center is-layout-flex wp-container-core-group-is-layout-4b2eccd6 wp-block-group-is-layout-flex\">\n<figure class=\"wp-block-image size-large is-resized is-style-rounded wp-container-content-b6ea3432\"><img decoding=\"async\" src=\"https:\/\/100anni.units.it\/wp-content\/uploads\/2023\/08\/pietropolli-769x1024.jpeg\" alt=\"foto Gloria Pietropolli\" class=\"wp-image-2203\" style=\"aspect-ratio:1;object-fit:cover;width:75px\" width=\"75\" srcset=\"https:\/\/100anni.units.it\/wp-content\/uploads\/2023\/08\/pietropolli-769x1024.jpeg 769w, https:\/\/100anni.units.it\/wp-content\/uploads\/2023\/08\/pietropolli-225x300.jpeg 225w, https:\/\/100anni.units.it\/wp-content\/uploads\/2023\/08\/pietropolli-768x1023.jpeg 768w, https:\/\/100anni.units.it\/wp-content\/uploads\/2023\/08\/pietropolli.jpeg 877w\" sizes=\"(max-width: 769px) 100vw, 769px\" \/><\/figure>\n\n\n\n<p class=\"has-text-align-center\">Gloria Pietropolli<\/p>\n\n\n\n<div style=\"height:0px\" aria-hidden=\"true\" class=\"wp-block-spacer wp-container-content-b30579f5\"><\/div>\n<\/div>\n<\/div>\n\n\n\n<div class=\"wp-block-column is-layout-flow wp-block-column-is-layout-flow\"><\/div>\n\n\n\n<div class=\"wp-block-column is-layout-flow wp-block-column-is-layout-flow\">\n<div class=\"wp-block-group is-vertical is-content-justification-center is-layout-flex wp-container-core-group-is-layout-4b2eccd6 wp-block-group-is-layout-flex\">\n<div class=\"wp-block-boldblocks-svg-block\"><div class=\"wp-block-boldblocks-svg-block__inner\" style=\"--bb--width--sm:var(--bb--width--lg);--bb--width--md:var(--bb--width--lg);--bb--width--lg:75px;--bb--height--sm:var(--bb--height--lg);--bb--height--md:var(--bb--height--lg);--bb--height--lg:75px;--bb--padding-top--sm:var(--bb--padding-top--lg);--bb--padding-right--sm:var(--bb--padding-right--lg);--bb--padding-bottom--sm:var(--bb--padding-bottom--lg);--bb--padding-left--sm:var(--bb--padding-left--lg);--bb--padding-top--md:var(--bb--padding-top--lg);--bb--padding-right--md:var(--bb--padding-right--lg);--bb--padding-bottom--md:var(--bb--padding-bottom--lg);--bb--padding-left--md:var(--bb--padding-left--lg);--bb--padding-top--lg:10px;--bb--padding-right--lg:10px;--bb--padding-bottom--lg:10px;--bb--padding-left--lg:10px;--bb--border-radius--sm:var(--bb--border-radius--lg);--bb--border-radius--md:var(--bb--border-radius--lg);--bb--border-radius--lg:50px 50px 50px 50px;box-shadow:0px 0.0625em 0.0625em 0px rgba(0, 0, 0, 0.25),0px 0.125em 0.5em 0px rgba(0, 0, 0, 0.25),inset 0px 0px 0px 1px rgba(255, 255, 255, 0.1);--bb--fill--color:var(--wp--preset--color--neve-link-color, var(--nv-primary-accent))\"><svg version=\"1.1\" id=\"Livello_1\" xmlns=\"http:\/\/www.w3.org\/2000\/svg\" xmlns:xlink=\"http:\/\/www.w3.org\/1999\/xlink\" x=\"0px\" y=\"0px\" viewBox=\"0 0 24 24\" xml:space=\"preserve\">\n<path d=\"M18,11v2h4v-2H18z M16,17.6c1,0.7,2.2,1.6,3.2,2.4c0.4-0.5,0.8-1.1,1.2-1.6c-1-0.7-2.2-1.7-3.2-2.4\n\tC16.8,16.5,16.4,17.1,16,17.6z M20.4,5.6C20,5.1,19.6,4.5,19.2,4c-1,0.7-2.2,1.7-3.2,2.4c0.4,0.5,0.8,1.1,1.2,1.6\n\tC18.2,7.3,19.4,6.3,20.4,5.6z M4,9c-1.1,0-2,0.9-2,2v2c0,1.1,0.9,2,2,2h1v4h2v-4h1l5,3V6L8,9H4z M15.5,12c0-1.3-0.6-2.5-1.5-3.4v6.7\n\tC14.9,14.5,15.5,13.3,15.5,12z\"><\/path>\n<\/svg><\/div><\/div>\n\n\n\n<p class=\"has-text-align-center\">Ufficio Stampa UniTS<\/p>\n\n\n\n<div style=\"height:0px\" aria-hidden=\"true\" class=\"wp-block-spacer wp-container-content-b30579f5\"><\/div>\n<\/div>\n<\/div>\n\n\n\n<div class=\"wp-block-column is-layout-flow wp-block-column-is-layout-flow\"><\/div>\n<\/div>\n\n\n\n<p><strong><strong><strong>18.00 <strong>\u2013<\/strong> 18.45 <\/strong><\/strong><\/strong>&#8211; Mini-talk FUTURO<br><em>L\u2019intelligenza artificiale come alleato nella lotta alla crisi climatica<\/em>&nbsp;<\/p>\n\n\n\n<p>Intelligenza artificiale e crisi climatica, due tra le tematiche pi\u00f9 attuali del nostro tempo, saranno al centro di questo breve intervento in cui si mostrer\u00e0 come le nuove tecnologie possono diventare un prezioso alleato nella comprensione, previsione e mitigazione dei fenomeni estremi associati al cambiamento climatico.<br><a href=\"https:\/\/web.units.it\/page\/forms\/it\/content\/futuro-l_intelligenza-artificiale-come-alleato-nella-lotta-crisi-climatica\" target=\"_blank\" rel=\"noreferrer noopener\">Iscriviti per riservare il tuo posto<\/a> \u00bb<\/p>\n\n\n\n<div class=\"wp-block-columns is-layout-flex wp-container-core-columns-is-layout-9d6595d7 wp-block-columns-is-layout-flex\">\n<div class=\"wp-block-column is-layout-flow wp-block-column-is-layout-flow\">\n<p>Interviene:<\/p>\n<\/div>\n\n\n\n<div class=\"wp-block-column is-layout-flow wp-block-column-is-layout-flow\"><\/div>\n\n\n\n<div class=\"wp-block-column is-layout-flow wp-block-column-is-layout-flow\">\n<p>Modera:<\/p>\n<\/div>\n\n\n\n<div class=\"wp-block-column is-layout-flow wp-block-column-is-layout-flow\"><\/div>\n<\/div>\n\n\n\n<div class=\"wp-block-columns is-layout-flex wp-container-core-columns-is-layout-9d6595d7 wp-block-columns-is-layout-flex\">\n<div class=\"wp-block-column is-layout-flow wp-block-column-is-layout-flow\">\n<div class=\"wp-block-group is-vertical is-content-justification-center is-layout-flex wp-container-core-group-is-layout-4b2eccd6 wp-block-group-is-layout-flex\">\n<figure class=\"wp-block-image size-full is-resized is-style-rounded wp-container-content-b6ea3432\"><img decoding=\"async\" src=\"https:\/\/100anni.units.it\/wp-content\/uploads\/2023\/08\/100UniTS_ValentinaBlasone.jpg\" alt=\"foto Valentina Blasone\" class=\"wp-image-1958\" style=\"aspect-ratio:1;object-fit:cover;width:75px\" width=\"75\" srcset=\"https:\/\/100anni.units.it\/wp-content\/uploads\/2023\/08\/100UniTS_ValentinaBlasone.jpg 600w, https:\/\/100anni.units.it\/wp-content\/uploads\/2023\/08\/100UniTS_ValentinaBlasone-300x300.jpg 300w, https:\/\/100anni.units.it\/wp-content\/uploads\/2023\/08\/100UniTS_ValentinaBlasone-150x150.jpg 150w\" sizes=\"(max-width: 600px) 100vw, 600px\" \/><\/figure>\n\n\n\n<p class=\"has-text-align-center\">Valentina Blasone<\/p>\n\n\n\n<div style=\"height:0px\" aria-hidden=\"true\" class=\"wp-block-spacer wp-container-content-b30579f5\"><\/div>\n<\/div>\n<\/div>\n\n\n\n<div class=\"wp-block-column is-layout-flow wp-block-column-is-layout-flow\"><\/div>\n\n\n\n<div class=\"wp-block-column is-layout-flow wp-block-column-is-layout-flow\">\n<div class=\"wp-block-group is-vertical is-content-justification-center is-layout-flex wp-container-core-group-is-layout-4b2eccd6 wp-block-group-is-layout-flex\">\n<div class=\"wp-block-boldblocks-svg-block\"><div class=\"wp-block-boldblocks-svg-block__inner\" style=\"--bb--width--sm:var(--bb--width--lg);--bb--width--md:var(--bb--width--lg);--bb--width--lg:75px;--bb--height--sm:var(--bb--height--lg);--bb--height--md:var(--bb--height--lg);--bb--height--lg:75px;--bb--padding-top--sm:var(--bb--padding-top--lg);--bb--padding-right--sm:var(--bb--padding-right--lg);--bb--padding-bottom--sm:var(--bb--padding-bottom--lg);--bb--padding-left--sm:var(--bb--padding-left--lg);--bb--padding-top--md:var(--bb--padding-top--lg);--bb--padding-right--md:var(--bb--padding-right--lg);--bb--padding-bottom--md:var(--bb--padding-bottom--lg);--bb--padding-left--md:var(--bb--padding-left--lg);--bb--padding-top--lg:10px;--bb--padding-right--lg:10px;--bb--padding-bottom--lg:10px;--bb--padding-left--lg:10px;--bb--border-radius--sm:var(--bb--border-radius--lg);--bb--border-radius--md:var(--bb--border-radius--lg);--bb--border-radius--lg:50px 50px 50px 50px;box-shadow:0px 0.0625em 0.0625em 0px rgba(0, 0, 0, 0.25),0px 0.125em 0.5em 0px rgba(0, 0, 0, 0.25),inset 0px 0px 0px 1px rgba(255, 255, 255, 0.1);--bb--fill--color:var(--wp--preset--color--neve-link-color, var(--nv-primary-accent))\"><svg version=\"1.1\" id=\"Livello_1\" xmlns=\"http:\/\/www.w3.org\/2000\/svg\" xmlns:xlink=\"http:\/\/www.w3.org\/1999\/xlink\" x=\"0px\" y=\"0px\" viewBox=\"0 0 24 24\" xml:space=\"preserve\">\n<path d=\"M18,11v2h4v-2H18z M16,17.6c1,0.7,2.2,1.6,3.2,2.4c0.4-0.5,0.8-1.1,1.2-1.6c-1-0.7-2.2-1.7-3.2-2.4\n\tC16.8,16.5,16.4,17.1,16,17.6z M20.4,5.6C20,5.1,19.6,4.5,19.2,4c-1,0.7-2.2,1.7-3.2,2.4c0.4,0.5,0.8,1.1,1.2,1.6\n\tC18.2,7.3,19.4,6.3,20.4,5.6z M4,9c-1.1,0-2,0.9-2,2v2c0,1.1,0.9,2,2,2h1v4h2v-4h1l5,3V6L8,9H4z M15.5,12c0-1.3-0.6-2.5-1.5-3.4v6.7\n\tC14.9,14.5,15.5,13.3,15.5,12z\"><\/path>\n<\/svg><\/div><\/div>\n\n\n\n<p class=\"has-text-align-center\">Ufficio Stampa UniTS<\/p>\n\n\n\n<div style=\"height:0px\" aria-hidden=\"true\" class=\"wp-block-spacer wp-container-content-b30579f5\"><\/div>\n<\/div>\n<\/div>\n\n\n\n<div class=\"wp-block-column is-layout-flow wp-block-column-is-layout-flow\"><\/div>\n<\/div>\n\n\n\n<p><strong>19.00 <strong><strong><strong><strong>\u2013<\/strong> <\/strong><\/strong><\/strong>20.00 <\/strong><br>Aperitivo con UniTS<\/p>\n\n\n\n<div style=\"height:50px\" aria-hidden=\"true\" class=\"wp-block-spacer\"><\/div>\n<\/div><\/div>\n\n\n\n<div style=\"height:100px\" aria-hidden=\"true\" class=\"wp-block-spacer\"><\/div>\n","protected":false},"excerpt":{"rendered":"<p>L&#8217;Universit\u00e0 degli Studi di Trieste prende parte alla 55esima edizione di Barcolana in occasione del centesimo anniversario dalla fondazione. <\/p>\n<p>Ingresso libero. Mini-talk fino ad esaurimento posti con possibilit\u00e0 di prenotazione<\/p>\n","protected":false},"author":1,"featured_media":1402,"comment_status":"closed","ping_status":"closed","template":"","meta":{"neve_meta_sidebar":"","neve_meta_container":"","neve_meta_enable_content_width":"","neve_meta_content_width":0,"neve_meta_title_alignment":"","neve_meta_author_avatar":"","neve_post_elements_order":"","neve_meta_disable_header":"","neve_meta_disable_footer":"","neve_meta_disable_title":"","_EventAllDay":true,"_EventTimezone":"Europe\/Rome","_EventStartDate":"2023-10-02 00:00:00","_EventEndDate":"2023-10-02 23:59:59","_EventStartDateUTC":"2023-10-01 22:00:00","_EventEndDateUTC":"2023-10-02 21:59:59","_EventShowMap":false,"_EventShowMapLink":false,"_EventURL":"","_EventCost":"","_EventCostDescription":"","_EventCurrencySymbol":"\u20ac","_EventCurrencyCode":"EUR","_EventCurrencyPosition":"prefix","_EventDateTimeSeparator":" ore ","_EventTimeRangeSeparator":" - ","_EventOrganizerID":[],"_EventVenueID":[191],"_OrganizerEmail":"","_OrganizerPhone":"","_OrganizerWebsite":"","_VenueAddress":"","_VenueCity":"","_VenueCountry":"","_VenueProvince":"","_VenueState":"","_VenueZip":"","_VenuePhone":"","_VenueURL":"","_VenueStateProvince":"","_VenueLat":"","_VenueLng":"","_VenueShowMap":false,"_VenueShowMapLink":false,"_ti_tpc_template_sync":false,"_ti_tpc_template_id":"","_tribe_events_status":"","_tribe_events_status_reason":"","footnotes":""},"tags":[],"tribe_events_cat":[3],"class_list":["post-196","tribe_events","type-tribe_events","status-publish","has-post-thumbnail","hentry","tribe_events_cat-ateneo","cat_ateneo"],"yoast_head":"<!-- This site is optimized with the Yoast SEO plugin v21.0 - https:\/\/yoast.com\/wordpress\/plugins\/seo\/ -->\n<title>UniTS in Barcolana 55 \u2013 Mare, Ambiente, Sostenibilit\u00e0 &ndash; #100UniTS<\/title>\n<meta name=\"description\" content=\"L&#039;Universit\u00e0 degli Studi di Trieste prende parte alla 55esima edizione di Barcolana in occasione del centesimo anniversario dalla fondazione.\" \/>\n<meta name=\"robots\" content=\"index, follow, max-snippet:-1, max-image-preview:large, max-video-preview:-1\" \/>\n<link rel=\"canonical\" href=\"https:\/\/100anni.units.it\/index.php\/evento\/barcolana55-2ott\/\" \/>\n<meta property=\"og:locale\" content=\"it_IT\" \/>\n<meta property=\"og:type\" content=\"article\" \/>\n<meta property=\"og:title\" content=\"UniTS in Barcolana 55 \u2013 Mare, Ambiente, Sostenibilit\u00e0 &ndash; #100UniTS\" \/>\n<meta property=\"og:description\" content=\"L&#039;Universit\u00e0 degli Studi di Trieste prende parte alla 55esima edizione di Barcolana in occasione del centesimo anniversario dalla fondazione.\" \/>\n<meta property=\"og:url\" content=\"https:\/\/100anni.units.it\/index.php\/evento\/barcolana55-2ott\/\" \/>\n<meta property=\"og:site_name\" content=\"#100UniTS\" \/>\n<meta property=\"article:publisher\" content=\"https:\/\/www.facebook.com\/universitatrieste\" \/>\n<meta property=\"article:modified_time\" content=\"2023-10-09T14:25:37+00:00\" \/>\n<meta property=\"og:image\" content=\"https:\/\/100anni.units.it\/wp-content\/uploads\/2023\/09\/100UniTS_barcolana_B55.jpg\" \/>\n\t<meta property=\"og:image:width\" content=\"1920\" \/>\n\t<meta property=\"og:image:height\" content=\"1080\" \/>\n\t<meta property=\"og:image:type\" content=\"image\/jpeg\" \/>\n<meta name=\"twitter:card\" content=\"summary_large_image\" \/>\n<meta name=\"twitter:site\" content=\"@UniTrieste\" \/>\n<meta name=\"twitter:label1\" content=\"Tempo di lettura stimato\" \/>\n\t<meta name=\"twitter:data1\" content=\"3 minuti\" \/>\n<script type=\"application\/ld+json\" class=\"yoast-schema-graph\">{\"@context\":\"https:\/\/schema.org\",\"@graph\":[{\"@type\":\"WebPage\",\"@id\":\"https:\/\/100anni.units.it\/index.php\/evento\/barcolana55-2ott\/\",\"url\":\"https:\/\/100anni.units.it\/index.php\/evento\/barcolana55-2ott\/\",\"name\":\"UniTS in Barcolana 55 \u2013 Mare, Ambiente, Sostenibilit\u00e0 &ndash; #100UniTS\",\"isPartOf\":{\"@id\":\"https:\/\/100anni.units.it\/#website\"},\"datePublished\":\"2023-08-30T11:33:07+00:00\",\"dateModified\":\"2023-10-09T14:25:37+00:00\",\"description\":\"L'Universit\u00e0 degli Studi di Trieste prende parte alla 55esima edizione di Barcolana in occasione del centesimo anniversario dalla fondazione.\",\"breadcrumb\":{\"@id\":\"https:\/\/100anni.units.it\/index.php\/evento\/barcolana55-2ott\/#breadcrumb\"},\"inLanguage\":\"it-IT\",\"potentialAction\":[{\"@type\":\"ReadAction\",\"target\":[\"https:\/\/100anni.units.it\/index.php\/evento\/barcolana55-2ott\/\"]}]},{\"@type\":\"BreadcrumbList\",\"@id\":\"https:\/\/100anni.units.it\/index.php\/evento\/barcolana55-2ott\/#breadcrumb\",\"itemListElement\":[{\"@type\":\"ListItem\",\"position\":1,\"name\":\"Eventi\",\"item\":\"https:\/\/100anni.units.it\/index.php\/eventi\/\"},{\"@type\":\"ListItem\",\"position\":2,\"name\":\"UniTS in Barcolana 55 \u2013 Mare, Ambiente, Sostenibilit\u00e0\"}]},{\"@type\":\"WebSite\",\"@id\":\"https:\/\/100anni.units.it\/#website\",\"url\":\"https:\/\/100anni.units.it\/\",\"name\":\"#100UniTS\",\"description\":\"Ogni giorno, da cento anni, con noi puoi scoprire ci\u00f2 che sar\u00e0 realt\u00e0 nel futuro. Celebriamo insieme un secolo di ricerca, eccellenza, creativit\u00e0 e ingegno umano.\",\"publisher\":{\"@id\":\"https:\/\/100anni.units.it\/#organization\"},\"potentialAction\":[{\"@type\":\"SearchAction\",\"target\":{\"@type\":\"EntryPoint\",\"urlTemplate\":\"https:\/\/100anni.units.it\/?s={search_term_string}\"},\"query-input\":\"required name=search_term_string\"}],\"inLanguage\":\"it-IT\"},{\"@type\":\"Organization\",\"@id\":\"https:\/\/100anni.units.it\/#organization\",\"name\":\"Universit\u00e0 degli Studi di Trieste\",\"alternateName\":\"UniTS\",\"url\":\"https:\/\/100anni.units.it\/\",\"logo\":{\"@type\":\"ImageObject\",\"inLanguage\":\"it-IT\",\"@id\":\"https:\/\/100anni.units.it\/#\/schema\/logo\/image\/\",\"url\":\"https:\/\/100anni.units.it\/wp-content\/uploads\/2023\/08\/units_sigillo.png\",\"contentUrl\":\"https:\/\/100anni.units.it\/wp-content\/uploads\/2023\/08\/units_sigillo.png\",\"width\":696,\"height\":696,\"caption\":\"Universit\u00e0 degli Studi di Trieste\"},\"image\":{\"@id\":\"https:\/\/100anni.units.it\/#\/schema\/logo\/image\/\"},\"sameAs\":[\"https:\/\/www.facebook.com\/universitatrieste\",\"https:\/\/twitter.com\/UniTrieste\"]}]}<\/script>\n<!-- \/ Yoast SEO plugin. -->","yoast_head_json":{"title":"UniTS in Barcolana 55 \u2013 Mare, Ambiente, Sostenibilit\u00e0 &ndash; #100UniTS","description":"L'Universit\u00e0 degli Studi di Trieste prende parte alla 55esima edizione di Barcolana in occasione del centesimo anniversario dalla fondazione.","robots":{"index":"index","follow":"follow","max-snippet":"max-snippet:-1","max-image-preview":"max-image-preview:large","max-video-preview":"max-video-preview:-1"},"canonical":"https:\/\/100anni.units.it\/index.php\/evento\/barcolana55-2ott\/","og_locale":"it_IT","og_type":"article","og_title":"UniTS in Barcolana 55 \u2013 Mare, Ambiente, Sostenibilit\u00e0 &ndash; #100UniTS","og_description":"L'Universit\u00e0 degli Studi di Trieste prende parte alla 55esima edizione di Barcolana in occasione del centesimo anniversario dalla fondazione.","og_url":"https:\/\/100anni.units.it\/index.php\/evento\/barcolana55-2ott\/","og_site_name":"#100UniTS","article_publisher":"https:\/\/www.facebook.com\/universitatrieste","article_modified_time":"2023-10-09T14:25:37+00:00","og_image":[{"width":1920,"height":1080,"url":"https:\/\/100anni.units.it\/wp-content\/uploads\/2023\/09\/100UniTS_barcolana_B55.jpg","type":"image\/jpeg"}],"twitter_card":"summary_large_image","twitter_site":"@UniTrieste","twitter_misc":{"Tempo di lettura stimato":"3 minuti"},"schema":{"@context":"https:\/\/schema.org","@graph":[{"@type":"WebPage","@id":"https:\/\/100anni.units.it\/index.php\/evento\/barcolana55-2ott\/","url":"https:\/\/100anni.units.it\/index.php\/evento\/barcolana55-2ott\/","name":"UniTS in Barcolana 55 \u2013 Mare, Ambiente, Sostenibilit\u00e0 &ndash; #100UniTS","isPartOf":{"@id":"https:\/\/100anni.units.it\/#website"},"datePublished":"2023-08-30T11:33:07+00:00","dateModified":"2023-10-09T14:25:37+00:00","description":"L'Universit\u00e0 degli Studi di Trieste prende parte alla 55esima edizione di Barcolana in occasione del centesimo anniversario dalla fondazione.","breadcrumb":{"@id":"https:\/\/100anni.units.it\/index.php\/evento\/barcolana55-2ott\/#breadcrumb"},"inLanguage":"it-IT","potentialAction":[{"@type":"ReadAction","target":["https:\/\/100anni.units.it\/index.php\/evento\/barcolana55-2ott\/"]}]},{"@type":"BreadcrumbList","@id":"https:\/\/100anni.units.it\/index.php\/evento\/barcolana55-2ott\/#breadcrumb","itemListElement":[{"@type":"ListItem","position":1,"name":"Eventi","item":"https:\/\/100anni.units.it\/index.php\/eventi\/"},{"@type":"ListItem","position":2,"name":"UniTS in Barcolana 55 \u2013 Mare, Ambiente, Sostenibilit\u00e0"}]},{"@type":"WebSite","@id":"https:\/\/100anni.units.it\/#website","url":"https:\/\/100anni.units.it\/","name":"#100UniTS","description":"Ogni giorno, da cento anni, con noi puoi scoprire ci\u00f2 che sar\u00e0 realt\u00e0 nel futuro. Celebriamo insieme un secolo di ricerca, eccellenza, creativit\u00e0 e ingegno umano.","publisher":{"@id":"https:\/\/100anni.units.it\/#organization"},"potentialAction":[{"@type":"SearchAction","target":{"@type":"EntryPoint","urlTemplate":"https:\/\/100anni.units.it\/?s={search_term_string}"},"query-input":"required name=search_term_string"}],"inLanguage":"it-IT"},{"@type":"Organization","@id":"https:\/\/100anni.units.it\/#organization","name":"Universit\u00e0 degli Studi di Trieste","alternateName":"UniTS","url":"https:\/\/100anni.units.it\/","logo":{"@type":"ImageObject","inLanguage":"it-IT","@id":"https:\/\/100anni.units.it\/#\/schema\/logo\/image\/","url":"https:\/\/100anni.units.it\/wp-content\/uploads\/2023\/08\/units_sigillo.png","contentUrl":"https:\/\/100anni.units.it\/wp-content\/uploads\/2023\/08\/units_sigillo.png","width":696,"height":696,"caption":"Universit\u00e0 degli Studi di Trieste"},"image":{"@id":"https:\/\/100anni.units.it\/#\/schema\/logo\/image\/"},"sameAs":["https:\/\/www.facebook.com\/universitatrieste","https:\/\/twitter.com\/UniTrieste"]}]}},"_links":{"self":[{"href":"https:\/\/100anni.units.it\/index.php\/wp-json\/wp\/v2\/tribe_events\/196","targetHints":{"allow":["GET"]}}],"collection":[{"href":"https:\/\/100anni.units.it\/index.php\/wp-json\/wp\/v2\/tribe_events"}],"about":[{"href":"https:\/\/100anni.units.it\/index.php\/wp-json\/wp\/v2\/types\/tribe_events"}],"author":[{"embeddable":true,"href":"https:\/\/100anni.units.it\/index.php\/wp-json\/wp\/v2\/users\/1"}],"replies":[{"embeddable":true,"href":"https:\/\/100anni.units.it\/index.php\/wp-json\/wp\/v2\/comments?post=196"}],"version-history":[{"count":20,"href":"https:\/\/100anni.units.it\/index.php\/wp-json\/wp\/v2\/tribe_events\/196\/revisions"}],"predecessor-version":[{"id":2431,"href":"https:\/\/100anni.units.it\/index.php\/wp-json\/wp\/v2\/tribe_events\/196\/revisions\/2431"}],"wp:featuredmedia":[{"embeddable":true,"href":"https:\/\/100anni.units.it\/index.php\/wp-json\/wp\/v2\/media\/1402"}],"wp:attachment":[{"href":"https:\/\/100anni.units.it\/index.php\/wp-json\/wp\/v2\/media?parent=196"}],"wp:term":[{"taxonomy":"post_tag","embeddable":true,"href":"https:\/\/100anni.units.it\/index.php\/wp-json\/wp\/v2\/tags?post=196"},{"taxonomy":"tribe_events_cat","embeddable":true,"href":"https:\/\/100anni.units.it\/index.php\/wp-json\/wp\/v2\/tribe_events_cat?post=196"}],"curies":[{"name":"wp","href":"https:\/\/api.w.org\/{rel}","templated":true}]}}