{"id":2476,"date":"2023-10-12T10:53:50","date_gmt":"2023-10-12T08:53:50","guid":{"rendered":"https:\/\/100anni.units.it\/?post_type=tribe_events&#038;p=2476"},"modified":"2023-10-12T10:57:55","modified_gmt":"2023-10-12T08:57:55","slug":"giornate-fai-dautunno","status":"publish","type":"tribe_events","link":"https:\/\/100anni.units.it\/index.php\/evento\/giornate-fai-dautunno\/","title":{"rendered":"UniTS protagonista delle Giornate FAI d&#8217;Autunno"},"content":{"rendered":"<div  class=\"tribe-events-schedule tribe-clearfix\" >\n\t<h2 class=\"tribe-events-schedule__datetime\">\n\t\t<span class=\"tribe-events-schedule__date tribe-events-schedule__date--start\">\n\t\t\t14 Ottobre 2023\t\t<\/span>\n\n\t\t\t\t\t<span class=\"tribe-events-schedule__separator tribe-events-schedule__separator--date\">\n\t\t\t\t ore \t\t\t<\/span>\n\t\t\t<span class=\"tribe-events-schedule__time tribe-events-schedule__time--start\">\n\t\t\t\t10:00\t\t\t<\/span>\n\t\t\n\t\t\t\t\t\t\t\t\t<span class=\"tribe-events-schedule__separator tribe-events-schedule__separator--time\">\n\t\t\t\t\t &#8211; \t\t\t\t<\/span>\n\t\t\t\n\t\t\t\t\t\t\t<span class=\"tribe-events-schedule__date tribe-events-schedule__date--end\">\n\t\t\t\t\t15 Ottobre 2023\t\t\t\t<\/span>\n\n\t\t\t\t\t\t\t\t\t<span class=\"tribe-events-schedule__separator tribe-events-schedule__separator--date\">\n\t\t\t\t\t\t ore \t\t\t\t\t<\/span>\n\t\t\t\t\t<span class=\"tribe-events-schedule__time tribe-events-schedule__time--end\">\n\t\t\t\t\t\t18:00\t\t\t\t\t<\/span>\n\t\t\t\t\n\t\t\t\n\t\t\t\t\t\t<\/h2>\n<\/div>\n\n\n\n<div class=\"wp-block-columns is-layout-flex wp-container-core-columns-is-layout-9d6595d7 wp-block-columns-is-layout-flex\">\n<div class=\"wp-block-column is-layout-flow wp-block-column-is-layout-flow\">\n<p><strong>Sabato 14<\/strong>&nbsp;e&nbsp;<strong>domenica 15 ottobre 2023<\/strong>&nbsp;tornano, per la dodicesima edizione, le&nbsp;<strong>Giornate FAI d\u2019Autunno<\/strong>, il grande evento di piazza che il FAI \u2013 Fondo per l\u2019Ambiente Italiano&nbsp;dedica ogni anno&nbsp;al patrimonio culturale e paesaggistico del nostro Paese.<\/p>\n\n\n\n<p>In occasione del Centenario, l\u2019<strong>Universit\u00e0 degli Studi di Trieste apre le porte della sua Sede centrale<\/strong>: i visitatori scopriranno un sito frequentato ogni giorno da centinaia di studenti ma poco conosciuto per le sue particolarit\u00e0 storiche e architettoniche. Nel tour, che si snoda negli spazi esterni e&nbsp;interni, si scoprir\u00e0 l\u2019edificio principale preceduto dall\u2019ampia scalinata che ricorda i resti del Tempio per Giove, Giunone e Minerva scoperti negli anni Trenta sul Colle di San Giusto. All&#8217;interno si trovano lo Scalone d&#8217;onore dell&#8217;atrio e l&#8217;Aula Magna con le numerosissime lampade a forma di favo d&#8217;api appese al soffitto e l\u2019enorme rosone realizzato da Marcello Mascherini. Visitabile anche la&nbsp;<strong>mostra permanente&nbsp;<\/strong>recentemente inaugurata\u202f<strong>\u201cI miei p\u00f9poli: Gaetano Kanizsa scienziato e artista\u201d<\/strong>, un omaggio allo studioso e al patrimonio artistico-documentale dell\u2019ateneo e del territorio.&nbsp;&nbsp;<\/p>\n\n\n\n<p>La mostra (a cura dei docenti\u202fPaolo Bernardis, Carlo Fantoni e Walter Gerbino\u202fdel Dipartimento di Scienze della Vita dell\u2019Ateneo)&nbsp;anticipa il ricco calendario di eventi organizzati per celebrare il&nbsp;Centenario&nbsp;dell\u2019Universit\u00e0 degli Studi di Trieste.&nbsp;<\/p>\n\n\n\n<p><strong>In esclusiva per gli iscritti FAI<\/strong>&nbsp;sar\u00e0 inoltre possibile accedere alla&nbsp;<strong>Pinacoteca<\/strong>&nbsp;ospitata nel Rettorato&nbsp;per ammirare le 37 opere testimonianza delle diverse tendenze pittoriche italiane del Novecento. Le opere furono infatti acquisite a seguito dell&#8217;Esposizione Nazionale di Pittura italiana contemporanea che nel dicembre 1953 ospit\u00f2 nell&#8217;Aula Magna dell&#8217;Universit\u00e0 le 75 opere degli artisti italiani che risposero all&#8217;invito del Rettore Rodolfo Ambrosino e del Soprintendente Benedetto Civiletti. In particolare, vennero acquisiti i tre quadri degli artisti giudicati vincitori del concorso: Giuseppe Santomaso, Afro Basaldella e Nino Perizi.<\/p>\n\n\n\n<p class=\"has-neve-link-color-color has-text-color\">Visite dalle 10 alle 18 (ultimo ingresso alle 17.20). Alle 11.10 sono previste visite in lingua slovena sia sabato che domenica. Visite in inglese su prenotazione scrivendo a:&nbsp;<a href=\"mailto:prenotazioni.trieste@delegazionefai.fondoambiente.it\">prenotazioni.trieste@delegazionefai.fondoambiente.it<\/a>.<\/p>\n\n\n\n<p class=\"has-neve-link-color-color has-text-color\">Ingresso senza prenotazione con contributo libero a partire da 3 Euro (a partire da 1 Euro per gli studenti dell\u2019Universit\u00e0 degli Studi di Trieste). In loco possibilit\u00e0 di rinnovo della tessera e di iscriversi al FAI per la prima volta a -10 Euro su tutte le quote.<\/p>\n<\/div>\n\n\n\n<div class=\"wp-block-column is-layout-flow wp-block-column-is-layout-flow\" style=\"flex-basis:30%\">\n<figure class=\"wp-block-image size-full\"><img loading=\"lazy\" decoding=\"async\" width=\"940\" height=\"788\" src=\"https:\/\/100anni.units.it\/wp-content\/uploads\/2023\/10\/3d47a30b-37eb-476b-9ccb-51a224b04900.jpg\" alt=\"Copertina evento con edificio centrale di UniTS\" class=\"wp-image-2478\" srcset=\"https:\/\/100anni.units.it\/wp-content\/uploads\/2023\/10\/3d47a30b-37eb-476b-9ccb-51a224b04900.jpg 940w, https:\/\/100anni.units.it\/wp-content\/uploads\/2023\/10\/3d47a30b-37eb-476b-9ccb-51a224b04900-300x251.jpg 300w, https:\/\/100anni.units.it\/wp-content\/uploads\/2023\/10\/3d47a30b-37eb-476b-9ccb-51a224b04900-768x644.jpg 768w\" sizes=\"auto, (max-width: 940px) 100vw, 940px\" \/><\/figure>\n<\/div>\n<\/div>\n\n\n\n<div class=\"wp-block-columns are-vertically-aligned-center is-layout-flex wp-container-core-columns-is-layout-9d6595d7 wp-block-columns-is-layout-flex\">\n<div class=\"wp-block-column is-vertically-aligned-center is-layout-flow wp-block-column-is-layout-flow\"><div  class=\"tribe-block tribe-block__venue tribe-clearfix\" >\n\t\n\t\n<div class=\"tribe-block__venue__meta\">\n\t<div class=\"tribe-block__venue__name\">\n\t\t<h3>Edificio A \u2013 Universit\u00e0 degli Studi di Trieste<\/h3>\n\t<\/div>\n\n\t\n\t\t\t<address class=\"tribe-block__venue__address\">\n\t\t\t<span class=\"tribe-address\">\n\n<span class=\"tribe-street-address\">Piazzale Europa, 1<\/span>\n\t\n\t\t<br>\n\t\t<span class=\"tribe-locality\">Trieste<\/span><span class=\"tribe-delimiter\">,<\/span>\n\n\t<abbr class=\"tribe-region tribe-events-abbr\" title=\"TS\">TS<\/abbr>\n\n\t<span class=\"tribe-postal-code\">34100<\/span>\n\n\t<span class=\"tribe-country-name\">Italia<\/span>\n\n<\/span>\n\n\t\t\t\t\t<\/address>\n\t\n\t\n\t\n\t<\/div>\n\t\n\t<\/div>\n<\/div>\n\n\n\n<div class=\"wp-block-column is-vertically-aligned-center is-layout-flow wp-block-column-is-layout-flow\" style=\"flex-basis:30%\">\n<div class=\"wp-block-group is-vertical is-content-justification-center is-layout-flex wp-container-core-group-is-layout-4b2eccd6 wp-block-group-is-layout-flex\">\t<div  class=\"tribe-block tribe-block__events-link\" >\n\t\t<div class=\"tribe-events tribe-common\">\n\t\t\t<div class=\"tribe-events-c-subscribe-dropdown__container\">\n\t\t\t\t<div class=\"tribe-events-c-subscribe-dropdown\">\n\t\t\t\t\t<div class=\"tribe-common-c-btn-border tribe-events-c-subscribe-dropdown__button\" tabindex=\"0\">\n\t\t\t\t\t\t<svg  class=\"tribe-common-c-svgicon tribe-common-c-svgicon--cal-export tribe-events-c-subscribe-dropdown__export-icon\"  viewBox=\"0 0 23 17\" xmlns=\"http:\/\/www.w3.org\/2000\/svg\">\n  <path fill-rule=\"evenodd\" clip-rule=\"evenodd\" d=\"M.128.896V16.13c0 .211.145.383.323.383h15.354c.179 0 .323-.172.323-.383V.896c0-.212-.144-.383-.323-.383H.451C.273.513.128.684.128.896Zm16 6.742h-.901V4.679H1.009v10.729h14.218v-3.336h.901V7.638ZM1.01 1.614h14.218v2.058H1.009V1.614Z\" \/>\n  <path d=\"M20.5 9.846H8.312M18.524 6.953l2.89 2.909-2.855 2.855\" stroke-width=\"1.2\" stroke-linecap=\"round\" stroke-linejoin=\"round\"\/>\n<\/svg>\n\t\t\t\t\t\t<button class=\"tribe-events-c-subscribe-dropdown__button-text\">\n\t\t\t\t\t\t\tSalva nel tuo calendario\t\t\t\t\t\t<\/button>\n\t\t\t\t\t\t<svg  class=\"tribe-common-c-svgicon tribe-common-c-svgicon--caret-down tribe-events-c-subscribe-dropdown__button-icon\"  viewBox=\"0 0 10 7\" xmlns=\"http:\/\/www.w3.org\/2000\/svg\"><path fill-rule=\"evenodd\" clip-rule=\"evenodd\" d=\"M1.008.609L5 4.6 8.992.61l.958.958L5 6.517.05 1.566l.958-.958z\" class=\"tribe-common-c-svgicon__svg-fill\"\/><\/svg>\n\t\t\t\t\t<\/div>\n\t\t\t\t\t<div class=\"tribe-events-c-subscribe-dropdown__content\">\n\t\t\t\t\t\t<ul class=\"tribe-events-c-subscribe-dropdown__list\" tabindex=\"0\">\n\t\t\t\t\t\t\t\t\t\t\t\t\t\t\t<li class=\"tribe-events-c-subscribe-dropdown__list-item\">\n\t\t\t\t\t\t\t\t\t<a\n\t\t\t\t\t\t\t\t\t\thref=\"https:\/\/www.google.com\/calendar\/event?action=TEMPLATE&#038;dates=20231014T100000\/20231015T180000&#038;text=UniTS%20protagonista%20delle%20Giornate%20FAI%20d%26%238217%3BAutunno&#038;details=%3C%21--+wp%3Atribe%2Fevent-datetime+%2F--%3E%3C%21--+wp%3Acolumns+--%3E%3Cdiv+class%3D%22wp-block-columns%22%3E%3C%21--+wp%3Acolumn+%7B%22width%22%3A%22%22%7D+--%3E%3Cdiv+class%3D%22wp-block-column%22%3E%3C%21--+wp%3Aparagraph+--%3E%3Cp%3E%3Cstrong%3ESabato+14%3C%2Fstrong%3E%26nbsp%3Be%26nbsp%3B%3Cstrong%3Edomenica+15+ottobre+2023%3C%2Fstrong%3E%26nbsp%3Btornano%2C+per+la+dodicesima+edizione%2C+le%26nbsp%3B%3Cstrong%3EGiornate+FAI+d%E2%80%99Autunno%3C%2Fstrong%3E%2C+il+grande+evento+di+piazza+che+il+FAI+%E2%80%93+Fondo+per+l%E2%80%99Ambiente+Italiano%26nbsp%3Bdedica+ogni+anno%26nbsp%3Bal+patrimonio+culturale+e+paesaggistico+del+nostro+Paese.%3C%2Fp%3E%3C%21--+%2Fwp%3Aparagraph+--%3E%3C%21--+wp%3Aparagraph+--%3E%3Cp%3EIn+occasione+del+Centenario%2C+l%E2%80%99%3Cstrong%3EUniversit%C3%A0+degli+Studi+di+Trieste+apre+le+porte+della+sua+Sede+centrale%3C%2Fstrong%3E%3A+i+visitatori+scopriranno+un+sito+frequentato+ogni+giorno+da+centinaia+di+studenti+ma+poco+con%20(View%20Full%20evento%20Description%20Here:%20https:\/\/100anni.units.it\/index.php\/evento\/giornate-fai-dautunno\/)&#038;location=Edificio%20A%20\u2013%20Universit\u00e0%20degli%20Studi%20di%20Trieste,%20Piazzale%20Europa,%201,%20Trieste,%20TS,%2034100,%20Italia&#038;trp=false&#038;ctz=Europe\/Rome&#038;sprop=website:https:\/\/100anni.units.it\"\n\t\t\t\t\t\t\t\t\t\tclass=\"tribe-events-c-subscribe-dropdown__list-item-link\"\n\t\t\t\t\t\t\t\t\t\ttabindex=\"0\"\n\t\t\t\t\t\t\t\t\t\ttarget=\"_blank\"\n\t\t\t\t\t\t\t\t\t\trel=\"noopener noreferrer nofollow noindex\"\n\t\t\t\t\t\t\t\t\t>\n\t\t\t\t\t\t\t\t\t\tGoogle Calendar\t\t\t\t\t\t\t\t\t<\/a>\n\t\t\t\t\t\t\t\t<\/li>\n\t\t\t\t\t\t\t\t\t\t\t\t\t\t\t<li class=\"tribe-events-c-subscribe-dropdown__list-item\">\n\t\t\t\t\t\t\t\t\t<a\n\t\t\t\t\t\t\t\t\t\thref=\"\"\n\t\t\t\t\t\t\t\t\t\tclass=\"tribe-events-c-subscribe-dropdown__list-item-link\"\n\t\t\t\t\t\t\t\t\t\ttabindex=\"0\"\n\t\t\t\t\t\t\t\t\t\ttarget=\"_blank\"\n\t\t\t\t\t\t\t\t\t\trel=\"noopener noreferrer nofollow noindex\"\n\t\t\t\t\t\t\t\t\t>\n\t\t\t\t\t\t\t\t\t\tiCalendar\t\t\t\t\t\t\t\t\t<\/a>\n\t\t\t\t\t\t\t\t<\/li>\n\t\t\t\t\t\t\t\t\t\t\t\t\t\t\t<li class=\"tribe-events-c-subscribe-dropdown__list-item\">\n\t\t\t\t\t\t\t\t\t<a\n\t\t\t\t\t\t\t\t\t\thref=\"\"\n\t\t\t\t\t\t\t\t\t\tclass=\"tribe-events-c-subscribe-dropdown__list-item-link\"\n\t\t\t\t\t\t\t\t\t\ttabindex=\"0\"\n\t\t\t\t\t\t\t\t\t\ttarget=\"_blank\"\n\t\t\t\t\t\t\t\t\t\trel=\"noopener noreferrer nofollow noindex\"\n\t\t\t\t\t\t\t\t\t>\n\t\t\t\t\t\t\t\t\t\tOutlook 365\t\t\t\t\t\t\t\t\t<\/a>\n\t\t\t\t\t\t\t\t<\/li>\n\t\t\t\t\t\t\t\t\t\t\t\t\t\t\t<li class=\"tribe-events-c-subscribe-dropdown__list-item\">\n\t\t\t\t\t\t\t\t\t<a\n\t\t\t\t\t\t\t\t\t\thref=\"\"\n\t\t\t\t\t\t\t\t\t\tclass=\"tribe-events-c-subscribe-dropdown__list-item-link\"\n\t\t\t\t\t\t\t\t\t\ttabindex=\"0\"\n\t\t\t\t\t\t\t\t\t\ttarget=\"_blank\"\n\t\t\t\t\t\t\t\t\t\trel=\"noopener noreferrer nofollow noindex\"\n\t\t\t\t\t\t\t\t\t>\n\t\t\t\t\t\t\t\t\t\tOutlook Live\t\t\t\t\t\t\t\t\t<\/a>\n\t\t\t\t\t\t\t\t<\/li>\n\t\t\t\t\t\t\t\t\t\t\t\t\t<\/ul>\n\t\t\t\t\t<\/div>\n\t\t\t\t<\/div>\n\t\t\t<\/div>\n\t\t<\/div>\n\t<\/div>\n\n<\/div>\n<\/div>\n<\/div>\n\n\n\n<div style=\"height:30px\" aria-hidden=\"true\" class=\"wp-block-spacer\"><\/div>\n\n\n\n<div style=\"height:100px\" aria-hidden=\"true\" class=\"wp-block-spacer\"><\/div>\n","protected":false},"excerpt":{"rendered":"<p>Tornano, per la dodicesima edizione, le Giornate FAI d\u2019Autunno, il grande evento di piazza che il FAI \u2013 Fondo per l\u2019Ambiente Italiano dedica ogni anno al patrimonio culturale e paesaggistico del nostro Paese.<\/p>\n<p>Ingresso senza prenotazione con contributo libero a partire da 3 \u20ac (a partire da 1 Euro per gli studenti UniTS). In esclusiva per gli iscritti FAI\u00a0sar\u00e0 inoltre possibile accedere alla\u00a0Pinacoteca\u00a0ospitata nel Rettorato<\/p>\n","protected":false},"author":1,"featured_media":2480,"comment_status":"closed","ping_status":"closed","template":"","meta":{"neve_meta_sidebar":"","neve_meta_container":"","neve_meta_enable_content_width":"","neve_meta_content_width":0,"neve_meta_title_alignment":"","neve_meta_author_avatar":"","neve_post_elements_order":"","neve_meta_disable_header":"","neve_meta_disable_footer":"","neve_meta_disable_title":"","_EventAllDay":false,"_EventTimezone":"Europe\/Rome","_EventStartDate":"2023-10-14 10:00:00","_EventEndDate":"2023-10-15 18:00:00","_EventStartDateUTC":"2023-10-14 08:00:00","_EventEndDateUTC":"2023-10-15 16:00:00","_EventShowMap":false,"_EventShowMapLink":false,"_EventURL":"","_EventCost":"","_EventCostDescription":"","_EventCurrencySymbol":"\u20ac","_EventCurrencyCode":"EUR","_EventCurrencyPosition":"prefix","_EventDateTimeSeparator":" ore ","_EventTimeRangeSeparator":" - ","_EventOrganizerID":[],"_EventVenueID":[217],"_OrganizerEmail":"","_OrganizerPhone":"","_OrganizerWebsite":"","_VenueAddress":"","_VenueCity":"","_VenueCountry":"","_VenueProvince":"","_VenueState":"","_VenueZip":"","_VenuePhone":"","_VenueURL":"","_VenueStateProvince":"","_VenueLat":"","_VenueLng":"","_VenueShowMap":false,"_VenueShowMapLink":false,"_ti_tpc_template_sync":false,"_ti_tpc_template_id":"","_tribe_events_status":"","_tribe_events_status_reason":"","footnotes":""},"tags":[],"tribe_events_cat":[3],"class_list":["post-2476","tribe_events","type-tribe_events","status-publish","has-post-thumbnail","hentry","tribe_events_cat-ateneo","cat_ateneo"],"yoast_head":"<!-- This site is optimized with the Yoast SEO plugin v21.0 - https:\/\/yoast.com\/wordpress\/plugins\/seo\/ -->\n<title>UniTS protagonista delle Giornate FAI d&#039;Autunno &ndash; #100UniTS<\/title>\n<meta name=\"description\" content=\"Sabato 14\u00a0e\u00a0domenica 15 ottobre 2023\u00a0tornano, per la dodicesima edizione, le\u00a0Giornate FAI d\u2019Autunno, il grande evento di piazza che il FAI \u2013 Fondo per l\u2019Ambiente Italiano\u00a0dedica ogni anno\u00a0al patrimonio culturale e paesaggistico del nostro Paese.\" \/>\n<meta name=\"robots\" content=\"index, follow, max-snippet:-1, max-image-preview:large, max-video-preview:-1\" \/>\n<link rel=\"canonical\" href=\"https:\/\/100anni.units.it\/index.php\/evento\/giornate-fai-dautunno\/\" \/>\n<meta property=\"og:locale\" content=\"it_IT\" \/>\n<meta property=\"og:type\" content=\"article\" \/>\n<meta property=\"og:title\" content=\"UniTS protagonista delle Giornate FAI d&#039;Autunno &ndash; #100UniTS\" \/>\n<meta property=\"og:description\" content=\"Sabato 14\u00a0e\u00a0domenica 15 ottobre 2023\u00a0tornano, per la dodicesima edizione, le\u00a0Giornate FAI d\u2019Autunno, il grande evento di piazza che il FAI \u2013 Fondo per l\u2019Ambiente Italiano\u00a0dedica ogni anno\u00a0al patrimonio culturale e paesaggistico del nostro Paese.\" \/>\n<meta property=\"og:url\" content=\"https:\/\/100anni.units.it\/index.php\/evento\/giornate-fai-dautunno\/\" \/>\n<meta property=\"og:site_name\" content=\"#100UniTS\" \/>\n<meta property=\"article:publisher\" content=\"https:\/\/www.facebook.com\/universitatrieste\" \/>\n<meta property=\"article:modified_time\" content=\"2023-10-12T08:57:55+00:00\" \/>\n<meta property=\"og:image\" content=\"https:\/\/100anni.units.it\/wp-content\/uploads\/2023\/10\/100UniTS_evento_FAI.jpg\" \/>\n\t<meta property=\"og:image:width\" content=\"1920\" \/>\n\t<meta property=\"og:image:height\" content=\"1080\" \/>\n\t<meta property=\"og:image:type\" content=\"image\/jpeg\" \/>\n<meta name=\"twitter:card\" content=\"summary_large_image\" \/>\n<meta name=\"twitter:site\" content=\"@UniTrieste\" \/>\n<meta name=\"twitter:label1\" content=\"Tempo di lettura stimato\" \/>\n\t<meta name=\"twitter:data1\" content=\"3 minuti\" \/>\n<script type=\"application\/ld+json\" class=\"yoast-schema-graph\">{\"@context\":\"https:\/\/schema.org\",\"@graph\":[{\"@type\":\"WebPage\",\"@id\":\"https:\/\/100anni.units.it\/index.php\/evento\/giornate-fai-dautunno\/\",\"url\":\"https:\/\/100anni.units.it\/index.php\/evento\/giornate-fai-dautunno\/\",\"name\":\"UniTS protagonista delle Giornate FAI d'Autunno &ndash; #100UniTS\",\"isPartOf\":{\"@id\":\"https:\/\/100anni.units.it\/#website\"},\"datePublished\":\"2023-10-12T08:53:50+00:00\",\"dateModified\":\"2023-10-12T08:57:55+00:00\",\"description\":\"Sabato 14\u00a0e\u00a0domenica 15 ottobre 2023\u00a0tornano, per la dodicesima edizione, le\u00a0Giornate FAI d\u2019Autunno, il grande evento di piazza che il FAI \u2013 Fondo per l\u2019Ambiente Italiano\u00a0dedica ogni anno\u00a0al patrimonio culturale e paesaggistico del nostro Paese.\",\"breadcrumb\":{\"@id\":\"https:\/\/100anni.units.it\/index.php\/evento\/giornate-fai-dautunno\/#breadcrumb\"},\"inLanguage\":\"it-IT\",\"potentialAction\":[{\"@type\":\"ReadAction\",\"target\":[\"https:\/\/100anni.units.it\/index.php\/evento\/giornate-fai-dautunno\/\"]}]},{\"@type\":\"BreadcrumbList\",\"@id\":\"https:\/\/100anni.units.it\/index.php\/evento\/giornate-fai-dautunno\/#breadcrumb\",\"itemListElement\":[{\"@type\":\"ListItem\",\"position\":1,\"name\":\"Eventi\",\"item\":\"https:\/\/100anni.units.it\/index.php\/eventi\/\"},{\"@type\":\"ListItem\",\"position\":2,\"name\":\"UniTS protagonista delle Giornate FAI d&#8217;Autunno\"}]},{\"@type\":\"WebSite\",\"@id\":\"https:\/\/100anni.units.it\/#website\",\"url\":\"https:\/\/100anni.units.it\/\",\"name\":\"#100UniTS\",\"description\":\"Ogni giorno, da cento anni, con noi puoi scoprire ci\u00f2 che sar\u00e0 realt\u00e0 nel futuro. Celebriamo insieme un secolo di ricerca, eccellenza, creativit\u00e0 e ingegno umano.\",\"publisher\":{\"@id\":\"https:\/\/100anni.units.it\/#organization\"},\"potentialAction\":[{\"@type\":\"SearchAction\",\"target\":{\"@type\":\"EntryPoint\",\"urlTemplate\":\"https:\/\/100anni.units.it\/?s={search_term_string}\"},\"query-input\":\"required name=search_term_string\"}],\"inLanguage\":\"it-IT\"},{\"@type\":\"Organization\",\"@id\":\"https:\/\/100anni.units.it\/#organization\",\"name\":\"Universit\u00e0 degli Studi di Trieste\",\"alternateName\":\"UniTS\",\"url\":\"https:\/\/100anni.units.it\/\",\"logo\":{\"@type\":\"ImageObject\",\"inLanguage\":\"it-IT\",\"@id\":\"https:\/\/100anni.units.it\/#\/schema\/logo\/image\/\",\"url\":\"https:\/\/100anni.units.it\/wp-content\/uploads\/2023\/08\/units_sigillo.png\",\"contentUrl\":\"https:\/\/100anni.units.it\/wp-content\/uploads\/2023\/08\/units_sigillo.png\",\"width\":696,\"height\":696,\"caption\":\"Universit\u00e0 degli Studi di Trieste\"},\"image\":{\"@id\":\"https:\/\/100anni.units.it\/#\/schema\/logo\/image\/\"},\"sameAs\":[\"https:\/\/www.facebook.com\/universitatrieste\",\"https:\/\/twitter.com\/UniTrieste\"]}]}<\/script>\n<!-- \/ Yoast SEO plugin. -->","yoast_head_json":{"title":"UniTS protagonista delle Giornate FAI d'Autunno &ndash; #100UniTS","description":"Sabato 14\u00a0e\u00a0domenica 15 ottobre 2023\u00a0tornano, per la dodicesima edizione, le\u00a0Giornate FAI d\u2019Autunno, il grande evento di piazza che il FAI \u2013 Fondo per l\u2019Ambiente Italiano\u00a0dedica ogni anno\u00a0al patrimonio culturale e paesaggistico del nostro Paese.","robots":{"index":"index","follow":"follow","max-snippet":"max-snippet:-1","max-image-preview":"max-image-preview:large","max-video-preview":"max-video-preview:-1"},"canonical":"https:\/\/100anni.units.it\/index.php\/evento\/giornate-fai-dautunno\/","og_locale":"it_IT","og_type":"article","og_title":"UniTS protagonista delle Giornate FAI d'Autunno &ndash; #100UniTS","og_description":"Sabato 14\u00a0e\u00a0domenica 15 ottobre 2023\u00a0tornano, per la dodicesima edizione, le\u00a0Giornate FAI d\u2019Autunno, il grande evento di piazza che il FAI \u2013 Fondo per l\u2019Ambiente Italiano\u00a0dedica ogni anno\u00a0al patrimonio culturale e paesaggistico del nostro Paese.","og_url":"https:\/\/100anni.units.it\/index.php\/evento\/giornate-fai-dautunno\/","og_site_name":"#100UniTS","article_publisher":"https:\/\/www.facebook.com\/universitatrieste","article_modified_time":"2023-10-12T08:57:55+00:00","og_image":[{"width":1920,"height":1080,"url":"https:\/\/100anni.units.it\/wp-content\/uploads\/2023\/10\/100UniTS_evento_FAI.jpg","type":"image\/jpeg"}],"twitter_card":"summary_large_image","twitter_site":"@UniTrieste","twitter_misc":{"Tempo di lettura stimato":"3 minuti"},"schema":{"@context":"https:\/\/schema.org","@graph":[{"@type":"WebPage","@id":"https:\/\/100anni.units.it\/index.php\/evento\/giornate-fai-dautunno\/","url":"https:\/\/100anni.units.it\/index.php\/evento\/giornate-fai-dautunno\/","name":"UniTS protagonista delle Giornate FAI d'Autunno &ndash; #100UniTS","isPartOf":{"@id":"https:\/\/100anni.units.it\/#website"},"datePublished":"2023-10-12T08:53:50+00:00","dateModified":"2023-10-12T08:57:55+00:00","description":"Sabato 14\u00a0e\u00a0domenica 15 ottobre 2023\u00a0tornano, per la dodicesima edizione, le\u00a0Giornate FAI d\u2019Autunno, il grande evento di piazza che il FAI \u2013 Fondo per l\u2019Ambiente Italiano\u00a0dedica ogni anno\u00a0al patrimonio culturale e paesaggistico del nostro Paese.","breadcrumb":{"@id":"https:\/\/100anni.units.it\/index.php\/evento\/giornate-fai-dautunno\/#breadcrumb"},"inLanguage":"it-IT","potentialAction":[{"@type":"ReadAction","target":["https:\/\/100anni.units.it\/index.php\/evento\/giornate-fai-dautunno\/"]}]},{"@type":"BreadcrumbList","@id":"https:\/\/100anni.units.it\/index.php\/evento\/giornate-fai-dautunno\/#breadcrumb","itemListElement":[{"@type":"ListItem","position":1,"name":"Eventi","item":"https:\/\/100anni.units.it\/index.php\/eventi\/"},{"@type":"ListItem","position":2,"name":"UniTS protagonista delle Giornate FAI d&#8217;Autunno"}]},{"@type":"WebSite","@id":"https:\/\/100anni.units.it\/#website","url":"https:\/\/100anni.units.it\/","name":"#100UniTS","description":"Ogni giorno, da cento anni, con noi puoi scoprire ci\u00f2 che sar\u00e0 realt\u00e0 nel futuro. Celebriamo insieme un secolo di ricerca, eccellenza, creativit\u00e0 e ingegno umano.","publisher":{"@id":"https:\/\/100anni.units.it\/#organization"},"potentialAction":[{"@type":"SearchAction","target":{"@type":"EntryPoint","urlTemplate":"https:\/\/100anni.units.it\/?s={search_term_string}"},"query-input":"required name=search_term_string"}],"inLanguage":"it-IT"},{"@type":"Organization","@id":"https:\/\/100anni.units.it\/#organization","name":"Universit\u00e0 degli Studi di Trieste","alternateName":"UniTS","url":"https:\/\/100anni.units.it\/","logo":{"@type":"ImageObject","inLanguage":"it-IT","@id":"https:\/\/100anni.units.it\/#\/schema\/logo\/image\/","url":"https:\/\/100anni.units.it\/wp-content\/uploads\/2023\/08\/units_sigillo.png","contentUrl":"https:\/\/100anni.units.it\/wp-content\/uploads\/2023\/08\/units_sigillo.png","width":696,"height":696,"caption":"Universit\u00e0 degli Studi di Trieste"},"image":{"@id":"https:\/\/100anni.units.it\/#\/schema\/logo\/image\/"},"sameAs":["https:\/\/www.facebook.com\/universitatrieste","https:\/\/twitter.com\/UniTrieste"]}]}},"_links":{"self":[{"href":"https:\/\/100anni.units.it\/index.php\/wp-json\/wp\/v2\/tribe_events\/2476","targetHints":{"allow":["GET"]}}],"collection":[{"href":"https:\/\/100anni.units.it\/index.php\/wp-json\/wp\/v2\/tribe_events"}],"about":[{"href":"https:\/\/100anni.units.it\/index.php\/wp-json\/wp\/v2\/types\/tribe_events"}],"author":[{"embeddable":true,"href":"https:\/\/100anni.units.it\/index.php\/wp-json\/wp\/v2\/users\/1"}],"replies":[{"embeddable":true,"href":"https:\/\/100anni.units.it\/index.php\/wp-json\/wp\/v2\/comments?post=2476"}],"version-history":[{"count":7,"href":"https:\/\/100anni.units.it\/index.php\/wp-json\/wp\/v2\/tribe_events\/2476\/revisions"}],"predecessor-version":[{"id":2485,"href":"https:\/\/100anni.units.it\/index.php\/wp-json\/wp\/v2\/tribe_events\/2476\/revisions\/2485"}],"wp:featuredmedia":[{"embeddable":true,"href":"https:\/\/100anni.units.it\/index.php\/wp-json\/wp\/v2\/media\/2480"}],"wp:attachment":[{"href":"https:\/\/100anni.units.it\/index.php\/wp-json\/wp\/v2\/media?parent=2476"}],"wp:term":[{"taxonomy":"post_tag","embeddable":true,"href":"https:\/\/100anni.units.it\/index.php\/wp-json\/wp\/v2\/tags?post=2476"},{"taxonomy":"tribe_events_cat","embeddable":true,"href":"https:\/\/100anni.units.it\/index.php\/wp-json\/wp\/v2\/tribe_events_cat?post=2476"}],"curies":[{"name":"wp","href":"https:\/\/api.w.org\/{rel}","templated":true}]}}