{"id":2583,"date":"2023-10-24T15:53:08","date_gmt":"2023-10-24T13:53:08","guid":{"rendered":"https:\/\/100anni.units.it\/?post_type=tribe_events&#038;p=2583"},"modified":"2023-10-24T15:53:09","modified_gmt":"2023-10-24T13:53:09","slug":"graduation-day-24102023","status":"publish","type":"tribe_events","link":"https:\/\/100anni.units.it\/index.php\/evento\/graduation-day-24102023\/","title":{"rendered":"Graduation Day &#8211; Conferimento Laurea magistrale ad honorem al prof. Rino Rappuoli e Proclamazione Dottori di Ricerca"},"content":{"rendered":"<div  class=\"tribe-events-schedule tribe-clearfix\" >\n\t<h2 class=\"tribe-events-schedule__datetime\">\n\t\t<span class=\"tribe-events-schedule__date tribe-events-schedule__date--start\">\n\t\t\t24 Ottobre 2023\t\t<\/span>\n\n\t\t\t\t\t<span class=\"tribe-events-schedule__separator tribe-events-schedule__separator--date\">\n\t\t\t\t ore \t\t\t<\/span>\n\t\t\t<span class=\"tribe-events-schedule__time tribe-events-schedule__time--start\">\n\t\t\t\t10:00\t\t\t<\/span>\n\t\t\n\t\t\t\t\t\t\t\t\t<span class=\"tribe-events-schedule__separator tribe-events-schedule__separator--time\">\n\t\t\t\t\t &#8211; \t\t\t\t<\/span>\n\t\t\t\n\t\t\t\t\t\t\t<span class=\"tribe-events-schedule__time tribe-events-schedule__time--end\">\n\t\t\t\t\t13:00\t\t\t\t<\/span>\n\t\t\t\n\t\t\t\t\t\t<\/h2>\n<\/div>\n\n\n\n<div class=\"wp-block-columns is-layout-flex wp-container-core-columns-is-layout-9d6595d7 wp-block-columns-is-layout-flex\">\n<div class=\"wp-block-column is-layout-flow wp-block-column-is-layout-flow\">\n<p>L\u2019Universit\u00e0 di Trieste\u00a0conferir\u00e0 la\u00a0<strong>Laurea magistrale ad honorem in\u00a0Biotecnologie mediche\u00a0al prof.\u00a0Rino Rappuoli<\/strong>, direttore scientifico della Fondazione Biotecnopolo di Siena e di <strong>figura di spicco a livello internazionale<\/strong> nell\u2019ambito della ricerca e dello sviluppo delle nuove generazioni di vaccini.<\/p>\n\n\n\n<p>L&#8217;evento si inserisce nel\u00a0<strong>Graduation Day\u00a0di UniTS<\/strong>, in cui saranno\u00a0proclamati\u00a0<strong>129 nuovi Dottori di Ricerca<\/strong>\u00a0che festeggeranno con il tradizionale\u00a0\u201c<strong>lancio del tocco<\/strong>\u201d.<\/p>\n\n\n\n<p class=\"has-neve-link-color-color has-text-color\">Evento ad accesso libero<\/p>\n\n\n\n<div style=\"height:20px\" aria-hidden=\"true\" class=\"wp-block-spacer\"><\/div>\n<\/div>\n\n\n\n<div class=\"wp-block-column is-vertically-aligned-top is-layout-flow wp-block-column-is-layout-flow\" style=\"flex-basis:30%\"><\/div>\n<\/div>\n\n\n\n<div class=\"wp-block-columns are-vertically-aligned-center is-layout-flex wp-container-core-columns-is-layout-9d6595d7 wp-block-columns-is-layout-flex\">\n<div class=\"wp-block-column is-vertically-aligned-center is-layout-flow wp-block-column-is-layout-flow\"><div  class=\"tribe-block tribe-block__venue tribe-clearfix\" >\n\t\n\t\n<div class=\"tribe-block__venue__meta\">\n\t<div class=\"tribe-block__venue__name\">\n\t\t<h3>Aula Magna, ed. A<\/h3>\n\t<\/div>\n\n\t\n\t\t\t<address class=\"tribe-block__venue__address\">\n\t\t\t<span class=\"tribe-address\">\n\n<span class=\"tribe-street-address\">Piazzale Europa, 1<\/span>\n\t\n\t\t<br>\n\t\t<span class=\"tribe-locality\">Trieste<\/span><span class=\"tribe-delimiter\">,<\/span>\n\n\t<abbr class=\"tribe-region tribe-events-abbr\" title=\"TS\">TS<\/abbr>\n\n\t<span class=\"tribe-postal-code\">34100<\/span>\n\n\t<span class=\"tribe-country-name\">Italia<\/span>\n\n<\/span>\n\n\t\t\t\t\t<\/address>\n\t\n\t\n\t\n\t<\/div>\n\t\n\t<\/div>\n<\/div>\n\n\n\n<div class=\"wp-block-column is-vertically-aligned-center is-layout-flow wp-block-column-is-layout-flow\" style=\"flex-basis:30%\">\n<div class=\"wp-block-group is-vertical is-content-justification-center is-layout-flex wp-container-core-group-is-layout-0472769e wp-block-group-is-layout-flex\">\t<div  class=\"tribe-block tribe-block__events-link\" >\n\t\t<div class=\"tribe-events tribe-common\">\n\t\t\t<div class=\"tribe-events-c-subscribe-dropdown__container\">\n\t\t\t\t<div class=\"tribe-events-c-subscribe-dropdown\">\n\t\t\t\t\t<div class=\"tribe-common-c-btn-border tribe-events-c-subscribe-dropdown__button\" tabindex=\"0\">\n\t\t\t\t\t\t<svg  class=\"tribe-common-c-svgicon tribe-common-c-svgicon--cal-export tribe-events-c-subscribe-dropdown__export-icon\"  viewBox=\"0 0 23 17\" xmlns=\"http:\/\/www.w3.org\/2000\/svg\">\n  <path fill-rule=\"evenodd\" clip-rule=\"evenodd\" d=\"M.128.896V16.13c0 .211.145.383.323.383h15.354c.179 0 .323-.172.323-.383V.896c0-.212-.144-.383-.323-.383H.451C.273.513.128.684.128.896Zm16 6.742h-.901V4.679H1.009v10.729h14.218v-3.336h.901V7.638ZM1.01 1.614h14.218v2.058H1.009V1.614Z\" \/>\n  <path d=\"M20.5 9.846H8.312M18.524 6.953l2.89 2.909-2.855 2.855\" stroke-width=\"1.2\" stroke-linecap=\"round\" stroke-linejoin=\"round\"\/>\n<\/svg>\n\t\t\t\t\t\t<button class=\"tribe-events-c-subscribe-dropdown__button-text\">\n\t\t\t\t\t\t\tSalva nel tuo calendario\t\t\t\t\t\t<\/button>\n\t\t\t\t\t\t<svg  class=\"tribe-common-c-svgicon tribe-common-c-svgicon--caret-down tribe-events-c-subscribe-dropdown__button-icon\"  viewBox=\"0 0 10 7\" xmlns=\"http:\/\/www.w3.org\/2000\/svg\"><path fill-rule=\"evenodd\" clip-rule=\"evenodd\" d=\"M1.008.609L5 4.6 8.992.61l.958.958L5 6.517.05 1.566l.958-.958z\" class=\"tribe-common-c-svgicon__svg-fill\"\/><\/svg>\n\t\t\t\t\t<\/div>\n\t\t\t\t\t<div class=\"tribe-events-c-subscribe-dropdown__content\">\n\t\t\t\t\t\t<ul class=\"tribe-events-c-subscribe-dropdown__list\" tabindex=\"0\">\n\t\t\t\t\t\t\t\t\t\t\t\t\t\t\t<li class=\"tribe-events-c-subscribe-dropdown__list-item\">\n\t\t\t\t\t\t\t\t\t<a\n\t\t\t\t\t\t\t\t\t\thref=\"https:\/\/www.google.com\/calendar\/event?action=TEMPLATE&#038;dates=20231024T100000\/20231024T130000&#038;text=Graduation%20Day%20%26%238211%3B%20Conferimento%20Laurea%20magistrale%20ad%20honorem%20al%20prof.%20Rino%20Rappuoli%20e%20Proclamazione%20Dottori%20di%20Ricerca&#038;details=%3C%21--+wp%3Atribe%2Fevent-datetime+%2F--%3E%3C%21--+wp%3Acolumns+--%3E%3Cdiv+class%3D%22wp-block-columns%22%3E%3C%21--+wp%3Acolumn+%7B%22width%22%3A%22%22%7D+--%3E%3Cdiv+class%3D%22wp-block-column%22%3E%3C%21--+wp%3Aparagraph+--%3E%3Cp%3EL%E2%80%99Universit%C3%A0+di+Trieste%C2%A0conferir%C3%A0+la%C2%A0%3Cstrong%3ELaurea+magistrale+ad+honorem+in%C2%A0Biotecnologie+mediche%C2%A0al+prof.%C2%A0Rino+Rappuoli%3C%2Fstrong%3E%2C+direttore+scientifico+della+Fondazione+Biotecnopolo+di+Siena+e+di+%3Cstrong%3Efigura+di+spicco+a+livello+internazionale%3C%2Fstrong%3E+nell%E2%80%99ambito+della+ricerca+e+dello+sviluppo+delle+nuove+generazioni+di+vaccini.%3C%2Fp%3E%3C%21--+%2Fwp%3Aparagraph+--%3E%3C%21--+wp%3Aparagraph+--%3E%3Cp%3EL%27evento+si+inserisce+nel%C2%A0%3Cstrong%3EGraduation+Day%C2%A0di+UniTS%3C%2Fstrong%3E%2C+in+cui+saranno%C2%A0proclamati%C2%A0%3Cstrong%3E129+nuovi+Dottori+di+Ricerca%3C%2Fstrong%3E%C2%A0che+festeggeranno+con+il+tradizionale%C2%A0%E2%80%9C%3%20(View%20Full%20evento%20Description%20Here:%20https:\/\/100anni.units.it\/index.php\/evento\/graduation-day-24102023\/)&#038;location=Aula%20Magna,%20ed.%20A,%20Piazzale%20Europa,%201,%20Trieste,%20TS,%2034100,%20Italia&#038;trp=false&#038;ctz=Europe\/Rome&#038;sprop=website:https:\/\/100anni.units.it\"\n\t\t\t\t\t\t\t\t\t\tclass=\"tribe-events-c-subscribe-dropdown__list-item-link\"\n\t\t\t\t\t\t\t\t\t\ttabindex=\"0\"\n\t\t\t\t\t\t\t\t\t\ttarget=\"_blank\"\n\t\t\t\t\t\t\t\t\t\trel=\"noopener noreferrer nofollow noindex\"\n\t\t\t\t\t\t\t\t\t>\n\t\t\t\t\t\t\t\t\t\tGoogle Calendar\t\t\t\t\t\t\t\t\t<\/a>\n\t\t\t\t\t\t\t\t<\/li>\n\t\t\t\t\t\t\t\t\t\t\t\t\t\t\t<li class=\"tribe-events-c-subscribe-dropdown__list-item\">\n\t\t\t\t\t\t\t\t\t<a\n\t\t\t\t\t\t\t\t\t\thref=\"\"\n\t\t\t\t\t\t\t\t\t\tclass=\"tribe-events-c-subscribe-dropdown__list-item-link\"\n\t\t\t\t\t\t\t\t\t\ttabindex=\"0\"\n\t\t\t\t\t\t\t\t\t\ttarget=\"_blank\"\n\t\t\t\t\t\t\t\t\t\trel=\"noopener noreferrer nofollow noindex\"\n\t\t\t\t\t\t\t\t\t>\n\t\t\t\t\t\t\t\t\t\tiCalendar\t\t\t\t\t\t\t\t\t<\/a>\n\t\t\t\t\t\t\t\t<\/li>\n\t\t\t\t\t\t\t\t\t\t\t\t\t\t\t<li class=\"tribe-events-c-subscribe-dropdown__list-item\">\n\t\t\t\t\t\t\t\t\t<a\n\t\t\t\t\t\t\t\t\t\thref=\"\"\n\t\t\t\t\t\t\t\t\t\tclass=\"tribe-events-c-subscribe-dropdown__list-item-link\"\n\t\t\t\t\t\t\t\t\t\ttabindex=\"0\"\n\t\t\t\t\t\t\t\t\t\ttarget=\"_blank\"\n\t\t\t\t\t\t\t\t\t\trel=\"noopener noreferrer nofollow noindex\"\n\t\t\t\t\t\t\t\t\t>\n\t\t\t\t\t\t\t\t\t\tOutlook 365\t\t\t\t\t\t\t\t\t<\/a>\n\t\t\t\t\t\t\t\t<\/li>\n\t\t\t\t\t\t\t\t\t\t\t\t\t\t\t<li class=\"tribe-events-c-subscribe-dropdown__list-item\">\n\t\t\t\t\t\t\t\t\t<a\n\t\t\t\t\t\t\t\t\t\thref=\"\"\n\t\t\t\t\t\t\t\t\t\tclass=\"tribe-events-c-subscribe-dropdown__list-item-link\"\n\t\t\t\t\t\t\t\t\t\ttabindex=\"0\"\n\t\t\t\t\t\t\t\t\t\ttarget=\"_blank\"\n\t\t\t\t\t\t\t\t\t\trel=\"noopener noreferrer nofollow noindex\"\n\t\t\t\t\t\t\t\t\t>\n\t\t\t\t\t\t\t\t\t\tOutlook Live\t\t\t\t\t\t\t\t\t<\/a>\n\t\t\t\t\t\t\t\t<\/li>\n\t\t\t\t\t\t\t\t\t\t\t\t\t<\/ul>\n\t\t\t\t\t<\/div>\n\t\t\t\t<\/div>\n\t\t\t<\/div>\n\t\t<\/div>\n\t<\/div>\n\n\n\n\n<div class=\"wp-block-buttons wp-container-content-9cfa9a5a is-content-justification-center is-layout-flex wp-container-core-buttons-is-layout-16018d1d wp-block-buttons-is-layout-flex\">\n<div class=\"wp-block-button has-custom-width wp-block-button__width-100 is-style-primary\"><a class=\"wp-block-button__link wp-element-button\" href=\"https:\/\/100anni.units.it\/wp-content\/uploads\/2023\/10\/100UniTS_programma_lhc_graduation_day_24_ottobre_2023.pdf\" target=\"_blank\" rel=\"noreferrer noopener\">scarica il programma<\/a><\/div>\n<\/div>\n<\/div>\n<\/div>\n<\/div>\n\n\n\n<div style=\"height:100px\" aria-hidden=\"true\" class=\"wp-block-spacer\"><\/div>\n\n\n\n<p><strong>RINO RAPPUOLI<\/strong>\u00a0\u00e8 Direttore Scientifico della Fondazione Biotecnopolo di Siena, Honorary Professor of Vaccinology all\u2019Imperial College di Londra e Senior Professor presso l\u2019Universit\u00e0 degli Studi di Siena. Per decenni \u00e8 stato responsabile della Ricerca e Sviluppo vaccini di importanti societ\u00e0 mondiali.<br>Ha sviluppato numerosi vaccini innovativi e ha inventato la \u201cReverse Vaccinology\u201d, tecnologia oggi usata per sviluppare i vaccini partendo dal genoma. Dal 2020 lavora anche sugli anticorpi monoclonali di seconda generazione contro il SARS-CoV-2.<br>\u00c8 inoltre autore di 795 pubblicazioni scientifiche originali e di diversi libri. Nel corso della sua carriera Rappuoli ha ricevuto numerosi premi e riconoscimenti pubblici, come la nomina in prestigiose organizzazioni scientifiche internazionali e il conferimento della Medaglia d&#8217;oro al merito della sanit\u00e0 pubblica.<br>Da sempre impegnato nel rendere sostenibile la salute globale, Rappuoli \u00e8 fondatore del GSK Vaccines Institute for Global Health, istituto che sviluppa vaccini per i paesi poveri.<\/p>\n\n\n\n<div style=\"height:100px\" aria-hidden=\"true\" class=\"wp-block-spacer\"><\/div>\n","protected":false},"excerpt":{"rendered":"<p>Evento ad accesso libero<\/p>\n","protected":false},"author":1,"featured_media":99,"comment_status":"closed","ping_status":"closed","template":"","meta":{"neve_meta_sidebar":"","neve_meta_container":"","neve_meta_enable_content_width":"","neve_meta_content_width":0,"neve_meta_title_alignment":"","neve_meta_author_avatar":"","neve_post_elements_order":"","neve_meta_disable_header":"","neve_meta_disable_footer":"","neve_meta_disable_title":"","_EventAllDay":false,"_EventTimezone":"Europe\/Rome","_EventStartDate":"2023-10-24 10:00:00","_EventEndDate":"2023-10-24 13:00:00","_EventStartDateUTC":"2023-10-24 08:00:00","_EventEndDateUTC":"2023-10-24 11:00:00","_EventShowMap":false,"_EventShowMapLink":false,"_EventURL":"","_EventCost":"","_EventCostDescription":"","_EventCurrencySymbol":"\u20ac","_EventCurrencyCode":"EUR","_EventCurrencyPosition":"prefix","_EventDateTimeSeparator":" ore ","_EventTimeRangeSeparator":" - ","_EventOrganizerID":[],"_EventVenueID":[226],"_OrganizerEmail":"","_OrganizerPhone":"","_OrganizerWebsite":"","_VenueAddress":"","_VenueCity":"","_VenueCountry":"","_VenueProvince":"","_VenueState":"","_VenueZip":"","_VenuePhone":"","_VenueURL":"","_VenueStateProvince":"","_VenueLat":"","_VenueLng":"","_VenueShowMap":false,"_VenueShowMapLink":false,"_ti_tpc_template_sync":false,"_ti_tpc_template_id":"","_tribe_events_status":"","_tribe_events_status_reason":"","footnotes":""},"tags":[],"tribe_events_cat":[3],"class_list":["post-2583","tribe_events","type-tribe_events","status-publish","has-post-thumbnail","hentry","tribe_events_cat-ateneo","cat_ateneo"],"yoast_head":"<!-- This site is optimized with the Yoast SEO plugin v21.0 - https:\/\/yoast.com\/wordpress\/plugins\/seo\/ -->\n<title>Graduation Day - Conferimento Laurea magistrale ad honorem al prof. Rino Rappuoli e Proclamazione Dottori di Ricerca &ndash; #100UniTS<\/title>\n<meta name=\"description\" content=\"L\u2019Universit\u00e0 di Trieste\u00a0conferir\u00e0 la\u00a0Laurea magistrale ad honorem in\u00a0Biotecnologie mediche\u00a0al prof.\u00a0Rino Rappuoli, direttore scientifico della Fondazione Biotecnopolo di Siena e di figura di spicco a livello internazionale nell\u2019ambito della ricerca e dello sviluppo delle nuove generazioni di vaccini.L&#039;evento si inserisce nel\u00a0Graduation Day\u00a0di UniTS, in cui saranno\u00a0proclamati\u00a0129 nuovi Dottori di Ricerca\u00a0che festeggeranno con il tradizionale\u00a0\u201clancio del tocco\u201d.\" \/>\n<meta name=\"robots\" content=\"index, follow, max-snippet:-1, max-image-preview:large, max-video-preview:-1\" \/>\n<link rel=\"canonical\" href=\"https:\/\/100anni.units.it\/index.php\/evento\/graduation-day-24102023\/\" \/>\n<meta property=\"og:locale\" content=\"it_IT\" \/>\n<meta property=\"og:type\" content=\"article\" \/>\n<meta property=\"og:title\" content=\"Graduation Day - Conferimento Laurea magistrale ad honorem al prof. Rino Rappuoli e Proclamazione Dottori di Ricerca &ndash; #100UniTS\" \/>\n<meta property=\"og:description\" content=\"L\u2019Universit\u00e0 di Trieste\u00a0conferir\u00e0 la\u00a0Laurea magistrale ad honorem in\u00a0Biotecnologie mediche\u00a0al prof.\u00a0Rino Rappuoli, direttore scientifico della Fondazione Biotecnopolo di Siena e di figura di spicco a livello internazionale nell\u2019ambito della ricerca e dello sviluppo delle nuove generazioni di vaccini.L&#039;evento si inserisce nel\u00a0Graduation Day\u00a0di UniTS, in cui saranno\u00a0proclamati\u00a0129 nuovi Dottori di Ricerca\u00a0che festeggeranno con il tradizionale\u00a0\u201clancio del tocco\u201d.\" \/>\n<meta property=\"og:url\" content=\"https:\/\/100anni.units.it\/index.php\/evento\/graduation-day-24102023\/\" \/>\n<meta property=\"og:site_name\" content=\"#100UniTS\" \/>\n<meta property=\"article:publisher\" content=\"https:\/\/www.facebook.com\/universitatrieste\" \/>\n<meta property=\"article:modified_time\" content=\"2023-10-24T13:53:09+00:00\" \/>\n<meta property=\"og:image\" content=\"https:\/\/100anni.units.it\/wp-content\/uploads\/2023\/08\/100units_ill_centenario.png\" \/>\n\t<meta property=\"og:image:width\" content=\"2167\" \/>\n\t<meta property=\"og:image:height\" content=\"1324\" \/>\n\t<meta property=\"og:image:type\" content=\"image\/png\" \/>\n<meta name=\"twitter:card\" content=\"summary_large_image\" \/>\n<meta name=\"twitter:site\" content=\"@UniTrieste\" \/>\n<meta name=\"twitter:label1\" content=\"Tempo di lettura stimato\" \/>\n\t<meta name=\"twitter:data1\" content=\"2 minuti\" \/>\n<script type=\"application\/ld+json\" class=\"yoast-schema-graph\">{\"@context\":\"https:\/\/schema.org\",\"@graph\":[{\"@type\":\"WebPage\",\"@id\":\"https:\/\/100anni.units.it\/index.php\/evento\/graduation-day-24102023\/\",\"url\":\"https:\/\/100anni.units.it\/index.php\/evento\/graduation-day-24102023\/\",\"name\":\"Graduation Day - Conferimento Laurea magistrale ad honorem al prof. Rino Rappuoli e Proclamazione Dottori di Ricerca &ndash; #100UniTS\",\"isPartOf\":{\"@id\":\"https:\/\/100anni.units.it\/#website\"},\"datePublished\":\"2023-10-24T13:53:08+00:00\",\"dateModified\":\"2023-10-24T13:53:09+00:00\",\"description\":\"L\u2019Universit\u00e0 di Trieste\u00a0conferir\u00e0 la\u00a0Laurea magistrale ad honorem in\u00a0Biotecnologie mediche\u00a0al prof.\u00a0Rino Rappuoli, direttore scientifico della Fondazione Biotecnopolo di Siena e di figura di spicco a livello internazionale nell\u2019ambito della ricerca e dello sviluppo delle nuove generazioni di vaccini.L'evento si inserisce nel\u00a0Graduation Day\u00a0di UniTS, in cui saranno\u00a0proclamati\u00a0129 nuovi Dottori di Ricerca\u00a0che festeggeranno con il tradizionale\u00a0\u201clancio del tocco\u201d.\",\"breadcrumb\":{\"@id\":\"https:\/\/100anni.units.it\/index.php\/evento\/graduation-day-24102023\/#breadcrumb\"},\"inLanguage\":\"it-IT\",\"potentialAction\":[{\"@type\":\"ReadAction\",\"target\":[\"https:\/\/100anni.units.it\/index.php\/evento\/graduation-day-24102023\/\"]}]},{\"@type\":\"BreadcrumbList\",\"@id\":\"https:\/\/100anni.units.it\/index.php\/evento\/graduation-day-24102023\/#breadcrumb\",\"itemListElement\":[{\"@type\":\"ListItem\",\"position\":1,\"name\":\"Eventi\",\"item\":\"https:\/\/100anni.units.it\/index.php\/eventi\/\"},{\"@type\":\"ListItem\",\"position\":2,\"name\":\"Graduation Day &#8211; Conferimento Laurea magistrale ad honorem al prof. Rino Rappuoli e Proclamazione Dottori di Ricerca\"}]},{\"@type\":\"WebSite\",\"@id\":\"https:\/\/100anni.units.it\/#website\",\"url\":\"https:\/\/100anni.units.it\/\",\"name\":\"#100UniTS\",\"description\":\"Ogni giorno, da cento anni, con noi puoi scoprire ci\u00f2 che sar\u00e0 realt\u00e0 nel futuro. Celebriamo insieme un secolo di ricerca, eccellenza, creativit\u00e0 e ingegno umano.\",\"publisher\":{\"@id\":\"https:\/\/100anni.units.it\/#organization\"},\"potentialAction\":[{\"@type\":\"SearchAction\",\"target\":{\"@type\":\"EntryPoint\",\"urlTemplate\":\"https:\/\/100anni.units.it\/?s={search_term_string}\"},\"query-input\":\"required name=search_term_string\"}],\"inLanguage\":\"it-IT\"},{\"@type\":\"Organization\",\"@id\":\"https:\/\/100anni.units.it\/#organization\",\"name\":\"Universit\u00e0 degli Studi di Trieste\",\"alternateName\":\"UniTS\",\"url\":\"https:\/\/100anni.units.it\/\",\"logo\":{\"@type\":\"ImageObject\",\"inLanguage\":\"it-IT\",\"@id\":\"https:\/\/100anni.units.it\/#\/schema\/logo\/image\/\",\"url\":\"https:\/\/100anni.units.it\/wp-content\/uploads\/2023\/08\/units_sigillo.png\",\"contentUrl\":\"https:\/\/100anni.units.it\/wp-content\/uploads\/2023\/08\/units_sigillo.png\",\"width\":696,\"height\":696,\"caption\":\"Universit\u00e0 degli Studi di Trieste\"},\"image\":{\"@id\":\"https:\/\/100anni.units.it\/#\/schema\/logo\/image\/\"},\"sameAs\":[\"https:\/\/www.facebook.com\/universitatrieste\",\"https:\/\/twitter.com\/UniTrieste\"]}]}<\/script>\n<!-- \/ Yoast SEO plugin. -->","yoast_head_json":{"title":"Graduation Day - Conferimento Laurea magistrale ad honorem al prof. Rino Rappuoli e Proclamazione Dottori di Ricerca &ndash; #100UniTS","description":"L\u2019Universit\u00e0 di Trieste\u00a0conferir\u00e0 la\u00a0Laurea magistrale ad honorem in\u00a0Biotecnologie mediche\u00a0al prof.\u00a0Rino Rappuoli, direttore scientifico della Fondazione Biotecnopolo di Siena e di figura di spicco a livello internazionale nell\u2019ambito della ricerca e dello sviluppo delle nuove generazioni di vaccini.L'evento si inserisce nel\u00a0Graduation Day\u00a0di UniTS, in cui saranno\u00a0proclamati\u00a0129 nuovi Dottori di Ricerca\u00a0che festeggeranno con il tradizionale\u00a0\u201clancio del tocco\u201d.","robots":{"index":"index","follow":"follow","max-snippet":"max-snippet:-1","max-image-preview":"max-image-preview:large","max-video-preview":"max-video-preview:-1"},"canonical":"https:\/\/100anni.units.it\/index.php\/evento\/graduation-day-24102023\/","og_locale":"it_IT","og_type":"article","og_title":"Graduation Day - Conferimento Laurea magistrale ad honorem al prof. Rino Rappuoli e Proclamazione Dottori di Ricerca &ndash; #100UniTS","og_description":"L\u2019Universit\u00e0 di Trieste\u00a0conferir\u00e0 la\u00a0Laurea magistrale ad honorem in\u00a0Biotecnologie mediche\u00a0al prof.\u00a0Rino Rappuoli, direttore scientifico della Fondazione Biotecnopolo di Siena e di figura di spicco a livello internazionale nell\u2019ambito della ricerca e dello sviluppo delle nuove generazioni di vaccini.L'evento si inserisce nel\u00a0Graduation Day\u00a0di UniTS, in cui saranno\u00a0proclamati\u00a0129 nuovi Dottori di Ricerca\u00a0che festeggeranno con il tradizionale\u00a0\u201clancio del tocco\u201d.","og_url":"https:\/\/100anni.units.it\/index.php\/evento\/graduation-day-24102023\/","og_site_name":"#100UniTS","article_publisher":"https:\/\/www.facebook.com\/universitatrieste","article_modified_time":"2023-10-24T13:53:09+00:00","og_image":[{"width":2167,"height":1324,"url":"https:\/\/100anni.units.it\/wp-content\/uploads\/2023\/08\/100units_ill_centenario.png","type":"image\/png"}],"twitter_card":"summary_large_image","twitter_site":"@UniTrieste","twitter_misc":{"Tempo di lettura stimato":"2 minuti"},"schema":{"@context":"https:\/\/schema.org","@graph":[{"@type":"WebPage","@id":"https:\/\/100anni.units.it\/index.php\/evento\/graduation-day-24102023\/","url":"https:\/\/100anni.units.it\/index.php\/evento\/graduation-day-24102023\/","name":"Graduation Day - Conferimento Laurea magistrale ad honorem al prof. Rino Rappuoli e Proclamazione Dottori di Ricerca &ndash; #100UniTS","isPartOf":{"@id":"https:\/\/100anni.units.it\/#website"},"datePublished":"2023-10-24T13:53:08+00:00","dateModified":"2023-10-24T13:53:09+00:00","description":"L\u2019Universit\u00e0 di Trieste\u00a0conferir\u00e0 la\u00a0Laurea magistrale ad honorem in\u00a0Biotecnologie mediche\u00a0al prof.\u00a0Rino Rappuoli, direttore scientifico della Fondazione Biotecnopolo di Siena e di figura di spicco a livello internazionale nell\u2019ambito della ricerca e dello sviluppo delle nuove generazioni di vaccini.L'evento si inserisce nel\u00a0Graduation Day\u00a0di UniTS, in cui saranno\u00a0proclamati\u00a0129 nuovi Dottori di Ricerca\u00a0che festeggeranno con il tradizionale\u00a0\u201clancio del tocco\u201d.","breadcrumb":{"@id":"https:\/\/100anni.units.it\/index.php\/evento\/graduation-day-24102023\/#breadcrumb"},"inLanguage":"it-IT","potentialAction":[{"@type":"ReadAction","target":["https:\/\/100anni.units.it\/index.php\/evento\/graduation-day-24102023\/"]}]},{"@type":"BreadcrumbList","@id":"https:\/\/100anni.units.it\/index.php\/evento\/graduation-day-24102023\/#breadcrumb","itemListElement":[{"@type":"ListItem","position":1,"name":"Eventi","item":"https:\/\/100anni.units.it\/index.php\/eventi\/"},{"@type":"ListItem","position":2,"name":"Graduation Day &#8211; Conferimento Laurea magistrale ad honorem al prof. Rino Rappuoli e Proclamazione Dottori di Ricerca"}]},{"@type":"WebSite","@id":"https:\/\/100anni.units.it\/#website","url":"https:\/\/100anni.units.it\/","name":"#100UniTS","description":"Ogni giorno, da cento anni, con noi puoi scoprire ci\u00f2 che sar\u00e0 realt\u00e0 nel futuro. Celebriamo insieme un secolo di ricerca, eccellenza, creativit\u00e0 e ingegno umano.","publisher":{"@id":"https:\/\/100anni.units.it\/#organization"},"potentialAction":[{"@type":"SearchAction","target":{"@type":"EntryPoint","urlTemplate":"https:\/\/100anni.units.it\/?s={search_term_string}"},"query-input":"required name=search_term_string"}],"inLanguage":"it-IT"},{"@type":"Organization","@id":"https:\/\/100anni.units.it\/#organization","name":"Universit\u00e0 degli Studi di Trieste","alternateName":"UniTS","url":"https:\/\/100anni.units.it\/","logo":{"@type":"ImageObject","inLanguage":"it-IT","@id":"https:\/\/100anni.units.it\/#\/schema\/logo\/image\/","url":"https:\/\/100anni.units.it\/wp-content\/uploads\/2023\/08\/units_sigillo.png","contentUrl":"https:\/\/100anni.units.it\/wp-content\/uploads\/2023\/08\/units_sigillo.png","width":696,"height":696,"caption":"Universit\u00e0 degli Studi di Trieste"},"image":{"@id":"https:\/\/100anni.units.it\/#\/schema\/logo\/image\/"},"sameAs":["https:\/\/www.facebook.com\/universitatrieste","https:\/\/twitter.com\/UniTrieste"]}]}},"_links":{"self":[{"href":"https:\/\/100anni.units.it\/index.php\/wp-json\/wp\/v2\/tribe_events\/2583","targetHints":{"allow":["GET"]}}],"collection":[{"href":"https:\/\/100anni.units.it\/index.php\/wp-json\/wp\/v2\/tribe_events"}],"about":[{"href":"https:\/\/100anni.units.it\/index.php\/wp-json\/wp\/v2\/types\/tribe_events"}],"author":[{"embeddable":true,"href":"https:\/\/100anni.units.it\/index.php\/wp-json\/wp\/v2\/users\/1"}],"replies":[{"embeddable":true,"href":"https:\/\/100anni.units.it\/index.php\/wp-json\/wp\/v2\/comments?post=2583"}],"version-history":[{"count":2,"href":"https:\/\/100anni.units.it\/index.php\/wp-json\/wp\/v2\/tribe_events\/2583\/revisions"}],"predecessor-version":[{"id":2586,"href":"https:\/\/100anni.units.it\/index.php\/wp-json\/wp\/v2\/tribe_events\/2583\/revisions\/2586"}],"wp:featuredmedia":[{"embeddable":true,"href":"https:\/\/100anni.units.it\/index.php\/wp-json\/wp\/v2\/media\/99"}],"wp:attachment":[{"href":"https:\/\/100anni.units.it\/index.php\/wp-json\/wp\/v2\/media?parent=2583"}],"wp:term":[{"taxonomy":"post_tag","embeddable":true,"href":"https:\/\/100anni.units.it\/index.php\/wp-json\/wp\/v2\/tags?post=2583"},{"taxonomy":"tribe_events_cat","embeddable":true,"href":"https:\/\/100anni.units.it\/index.php\/wp-json\/wp\/v2\/tribe_events_cat?post=2583"}],"curies":[{"name":"wp","href":"https:\/\/api.w.org\/{rel}","templated":true}]}}