{"id":2664,"date":"2023-11-27T13:20:33","date_gmt":"2023-11-27T12:20:33","guid":{"rendered":"https:\/\/100anni.units.it\/?post_type=tribe_events&#038;p=2664"},"modified":"2023-12-06T14:23:30","modified_gmt":"2023-12-06T13:23:30","slug":"porte-aperte-2023","status":"publish","type":"tribe_events","link":"https:\/\/100anni.units.it\/index.php\/evento\/porte-aperte-2023\/","title":{"rendered":"Porte Aperte 2023"},"content":{"rendered":"<div  class=\"tribe-events-schedule tribe-clearfix\" >\n\t<h2 class=\"tribe-events-schedule__datetime\">\n\t\t<span class=\"tribe-events-schedule__date tribe-events-schedule__date--start\">\n\t\t\t18 Ottobre 2023\t\t<\/span>\n\n\t\t\n\t\t\t\t\t\t\t\t\t<span class=\"tribe-events-schedule__separator tribe-events-schedule__separator--time\">\n\t\t\t\t\t &#8211; \t\t\t\t<\/span>\n\t\t\t\n\t\t\t\t\t\t\t<span class=\"tribe-events-schedule__date tribe-events-schedule__date--end\">\n\t\t\t\t\t20 Ottobre 2023\t\t\t\t<\/span>\n\n\t\t\t\t\n\t\t\t\n\t\t\t\t\t\t<\/h2>\n<\/div>\n\n\n\n<div class=\"wp-block-columns is-layout-flex wp-container-core-columns-is-layout-9d6595d7 wp-block-columns-is-layout-flex\">\n<div class=\"wp-block-column is-layout-flow wp-block-column-is-layout-flow\">\n<p>Ritorna\u00a0il\u00a0<strong>18, 19 e 20 ottobre 2023<\/strong>,\u00a0l&#8217;evento<strong>\u00a0Porte\u00a0Aperte<\/strong>, rivolto alle<strong>\u00a0lauree triennali e magistrali a ciclo unico<\/strong>.<\/p>\n\n\n\n<p>La manifestazione, che ha gi\u00e0 totalizzato quasi\u00a0<strong>10.000 iscritti nelle tre giornate di Orientamento universitario<\/strong>, richiama\u00a0<strong>studenti da tutto il territorio nazionale e dall&#8217;estero<\/strong>.\u00a0I partecipanti\u00a0provengono, oltre che dalla Regione FVG, anche da\u00a0Toscana, Puglia, Campania, Abruzzo, Marche, Liguria, Lazio, Lombardia, Veneto, Piemonte, Trentino-Alto Adige, Emilia-Romagna, Sicilia, Sardegna, Umbria,\u00a0oltre che dalle vicine Slovenia e Croazia.<\/p>\n\n\n\n<p>Il\u00a0<strong>18 ottobre<\/strong>\u00a0verranno presentati i corsi dell&#8217;<strong>Area delle Scienze della Vita e della Salute<\/strong>, con Medicina e Odontoiatria e le Professioni Sanitarie, Farmacia e Chimica e Tecnologie Farmaceutiche, Biologia e\u00a0Psicologia.<\/p>\n\n\n\n<p>Il\u00a0<strong>19 ottobre<\/strong>\u00a0sar\u00e0 la volta dei corsi dell&#8217;<strong>Area Tecnologico-Scientifica<\/strong>\u00a0con Intelligenza artificiale e Data Science, Fisica, Matematica, Statistica, Chimica, Ingegneria, Architettura, Scienze della Terra e Scienze e tecnologie dell&#8217;Ambiente.<\/p>\n\n\n\n<p>Il&nbsp;<strong>20 ottobre<\/strong>&nbsp;infine si presenteranno i corsi dell&#8217;<strong>Area delle Scienze Sociali e Umanistiche<\/strong>&nbsp;ovvero: Scienze politiche, internazionali e diplomatiche, Studi umanistici, Scienze della Formazione, dell&#8217;Educazione e Servizio sociale, Economia e Management, Giurisprudenza, Interpretazione e Traduzione.<\/p>\n\n\n\n<p>L&#8217;occasione sar\u00e0 preziosa per&nbsp;incontrare i docenti e gli studenti di tutti i corsi oltrech\u00e9 il personale dedicato dell&#8217;Orientamento.<\/p>\n\n\n\n<p>A tutti i partecipanti sar\u00e0 rilasciato un\u00a0<strong>attestato per giustificare l&#8217;assenza a scuola<\/strong>.<\/p>\n\n\n\n<p>Nelle tre giornate dell&#8217;evento sar\u00e0 possibile anche\u00a0<strong>incontrare il personale dell&#8217;Unit\u00e0 di Staff Orientamento e gli studenti UniTS, all&#8217;interno di\u00a0incontri dedicati\u00a0che si svolgeranno dalle 14 alle 15<\/strong>, in cui sar\u00e0 possibile ottenere\u00a0tutte le informazioni relative a borse di studio,\u00a0tasse universitarie, case dello studente, collegio di merito Luciano Fonda, vivere a Trieste. Sono 400 gli studenti che si sono gi\u00e0 iscritti a questa preziosa occasione di incontro con i professionisti dell&#8217;Orientamento di UniTS.<\/p>\n\n\n\n<p>Durante l&#8217;evento Porte Aperte ci sar\u00e0 anche la possibilit\u00e0 di effettuare delle<strong>&nbsp;visite guidate al Campus&nbsp;<\/strong>universitario di Piazzale Europa.&nbsp;Non \u00e8 necessaria la prenotazione.<\/p>\n\n\n\n<p>Dalle 9:30 alle 12:30 di ciascuna giornata, ogni 30 minuti, partir\u00e0 dal Front Office Orientamento (P.le Europa, 1, Edificio centrale, ala sinistra, piano terra) un tour guidato.<\/p>\n\n\n\n<p class=\"has-neve-link-color-color has-text-color\">Prenotazione obbligatoria per partecipare alla presentazione dei corsi (fino a esaurimento posti)<\/p>\n\n\n\n<div class=\"wp-block-buttons is-layout-flex wp-block-buttons-is-layout-flex\">\n<div class=\"wp-block-button is-style-primary\"><a class=\"wp-block-button__link wp-element-button\" href=\"https:\/\/www.units.it\/landing\/porteaperte\/\" target=\"_blank\" rel=\"noreferrer noopener\">ISCRIVITI<\/a><\/div>\n<\/div>\n<\/div>\n\n\n\n<div class=\"wp-block-column is-vertically-aligned-top is-layout-flow wp-block-column-is-layout-flow\" style=\"flex-basis:30%\">\n<figure class=\"wp-block-image size-large\"><img loading=\"lazy\" decoding=\"async\" width=\"1024\" height=\"1024\" src=\"https:\/\/100anni.units.it\/wp-content\/uploads\/2023\/11\/100UniTS_porteaperte-1024x1024.jpg\" alt=\"Copertina brochure evento Porte Aperte\" class=\"wp-image-2669\" srcset=\"https:\/\/100anni.units.it\/wp-content\/uploads\/2023\/11\/100UniTS_porteaperte-1024x1024.jpg 1024w, https:\/\/100anni.units.it\/wp-content\/uploads\/2023\/11\/100UniTS_porteaperte-300x300.jpg 300w, https:\/\/100anni.units.it\/wp-content\/uploads\/2023\/11\/100UniTS_porteaperte-150x150.jpg 150w, https:\/\/100anni.units.it\/wp-content\/uploads\/2023\/11\/100UniTS_porteaperte-768x768.jpg 768w, https:\/\/100anni.units.it\/wp-content\/uploads\/2023\/11\/100UniTS_porteaperte-1536x1536.jpg 1536w, https:\/\/100anni.units.it\/wp-content\/uploads\/2023\/11\/100UniTS_porteaperte-2048x2048.jpg 2048w\" sizes=\"auto, (max-width: 1024px) 100vw, 1024px\" \/><\/figure>\n<\/div>\n<\/div>\n\n\n\n<div class=\"wp-block-columns are-vertically-aligned-center is-layout-flex wp-container-core-columns-is-layout-9d6595d7 wp-block-columns-is-layout-flex\">\n<div class=\"wp-block-column is-vertically-aligned-center is-layout-flow wp-block-column-is-layout-flow\"><div  class=\"tribe-block tribe-block__venue tribe-clearfix\" >\n\t\n\t\n<div class=\"tribe-block__venue__meta\">\n\t<div class=\"tribe-block__venue__name\">\n\t\t<h3>Edificio A, ala sinistra, piano terra \u2013 Universit\u00e0 degli Studi di Trieste<\/h3>\n\t<\/div>\n\n\t\n\t\t\t<address class=\"tribe-block__venue__address\">\n\t\t\t<span class=\"tribe-address\">\n\n<span class=\"tribe-street-address\">Piazzale Europa, 1<\/span>\n\t\n\t\t<br>\n\t\t<span class=\"tribe-locality\">Trieste<\/span><span class=\"tribe-delimiter\">,<\/span>\n\n\t<abbr class=\"tribe-region tribe-events-abbr\" title=\"TS\">TS<\/abbr>\n\n\t<span class=\"tribe-postal-code\">34100<\/span>\n\n\t<span class=\"tribe-country-name\">Italia<\/span>\n\n<\/span>\n\n\t\t\t\t\t<\/address>\n\t\n\t\n\t\n\t<\/div>\n\t\n\t<\/div>\n<\/div>\n\n\n\n<div class=\"wp-block-column is-vertically-aligned-center is-layout-flow wp-block-column-is-layout-flow\" style=\"flex-basis:30%\">\n<div class=\"wp-block-group is-vertical is-content-justification-center is-layout-flex wp-container-core-group-is-layout-0472769e wp-block-group-is-layout-flex\">\t<div  class=\"tribe-block tribe-block__events-link\" >\n\t\t<div class=\"tribe-events tribe-common\">\n\t\t\t<div class=\"tribe-events-c-subscribe-dropdown__container\">\n\t\t\t\t<div class=\"tribe-events-c-subscribe-dropdown\">\n\t\t\t\t\t<div class=\"tribe-common-c-btn-border tribe-events-c-subscribe-dropdown__button\" tabindex=\"0\">\n\t\t\t\t\t\t<svg  class=\"tribe-common-c-svgicon tribe-common-c-svgicon--cal-export tribe-events-c-subscribe-dropdown__export-icon\"  viewBox=\"0 0 23 17\" xmlns=\"http:\/\/www.w3.org\/2000\/svg\">\n  <path fill-rule=\"evenodd\" clip-rule=\"evenodd\" d=\"M.128.896V16.13c0 .211.145.383.323.383h15.354c.179 0 .323-.172.323-.383V.896c0-.212-.144-.383-.323-.383H.451C.273.513.128.684.128.896Zm16 6.742h-.901V4.679H1.009v10.729h14.218v-3.336h.901V7.638ZM1.01 1.614h14.218v2.058H1.009V1.614Z\" \/>\n  <path d=\"M20.5 9.846H8.312M18.524 6.953l2.89 2.909-2.855 2.855\" stroke-width=\"1.2\" stroke-linecap=\"round\" stroke-linejoin=\"round\"\/>\n<\/svg>\n\t\t\t\t\t\t<button class=\"tribe-events-c-subscribe-dropdown__button-text\">\n\t\t\t\t\t\t\tSalva nel tuo calendario\t\t\t\t\t\t<\/button>\n\t\t\t\t\t\t<svg  class=\"tribe-common-c-svgicon tribe-common-c-svgicon--caret-down tribe-events-c-subscribe-dropdown__button-icon\"  viewBox=\"0 0 10 7\" xmlns=\"http:\/\/www.w3.org\/2000\/svg\"><path fill-rule=\"evenodd\" clip-rule=\"evenodd\" d=\"M1.008.609L5 4.6 8.992.61l.958.958L5 6.517.05 1.566l.958-.958z\" class=\"tribe-common-c-svgicon__svg-fill\"\/><\/svg>\n\t\t\t\t\t<\/div>\n\t\t\t\t\t<div class=\"tribe-events-c-subscribe-dropdown__content\">\n\t\t\t\t\t\t<ul class=\"tribe-events-c-subscribe-dropdown__list\" tabindex=\"0\">\n\t\t\t\t\t\t\t\t\t\t\t\t\t\t\t<li class=\"tribe-events-c-subscribe-dropdown__list-item\">\n\t\t\t\t\t\t\t\t\t<a\n\t\t\t\t\t\t\t\t\t\thref=\"https:\/\/www.google.com\/calendar\/event?action=TEMPLATE&#038;dates=20231018T000000\/20231020T235959&#038;text=Porte%20Aperte%202023&#038;details=%3C%21--+wp%3Atribe%2Fevent-datetime+%2F--%3E%3C%21--+wp%3Acolumns+--%3E%3Cdiv+class%3D%22wp-block-columns%22%3E%3C%21--+wp%3Acolumn+%7B%22width%22%3A%22%22%7D+--%3E%3Cdiv+class%3D%22wp-block-column%22%3E%3C%21--+wp%3Aparagraph+--%3E%3Cp%3ERitorna%C2%A0il%C2%A0%3Cstrong%3E18%2C+19+e+20+ottobre+2023%3C%2Fstrong%3E%2C%C2%A0l%27evento%3Cstrong%3E%C2%A0Porte%C2%A0Aperte%3C%2Fstrong%3E%2C+rivolto+alle%3Cstrong%3E%C2%A0lauree+triennali+e+magistrali+a+ciclo+unico%3C%2Fstrong%3E.%3C%2Fp%3E%3C%21--+%2Fwp%3Aparagraph+--%3E%3C%21--+wp%3Aparagraph+--%3E%3Cp%3ELa+manifestazione%2C+che+ha+gi%C3%A0+totalizzato+quasi%C2%A0%3Cstrong%3E10.000+iscritti+nelle+tre+giornate+di+Orientamento+universitario%3C%2Fstrong%3E%2C+richiama%C2%A0%3Cstrong%3Estudenti+da+tutto+il+territorio+nazionale+e+dall%27estero%3C%2Fstrong%3E.%C2%A0I+partecipanti%C2%A0provengono%2C+oltre+che+dalla+Regione+FVG%2C+anche+da%C2%A0Toscana%2C+Puglia%2C+Campania%2C+Abruzzo%2C+Marche%2C+Liguria%2C+Lazio%2C+Lo%20(View%20Full%20evento%20Description%20Here:%20https:\/\/100anni.units.it\/index.php\/evento\/porte-aperte-2023\/)&#038;location=Edificio%20A,%20ala%20sinistra,%20piano%20terra%20\u2013%20Universit\u00e0%20degli%20Studi%20di%20Trieste,%20Piazzale%20Europa,%201,%20Trieste,%20TS,%2034100,%20Italia&#038;trp=false&#038;ctz=Europe\/Rome&#038;sprop=website:https:\/\/100anni.units.it\"\n\t\t\t\t\t\t\t\t\t\tclass=\"tribe-events-c-subscribe-dropdown__list-item-link\"\n\t\t\t\t\t\t\t\t\t\ttabindex=\"0\"\n\t\t\t\t\t\t\t\t\t\ttarget=\"_blank\"\n\t\t\t\t\t\t\t\t\t\trel=\"noopener noreferrer nofollow noindex\"\n\t\t\t\t\t\t\t\t\t>\n\t\t\t\t\t\t\t\t\t\tGoogle Calendar\t\t\t\t\t\t\t\t\t<\/a>\n\t\t\t\t\t\t\t\t<\/li>\n\t\t\t\t\t\t\t\t\t\t\t\t\t\t\t<li class=\"tribe-events-c-subscribe-dropdown__list-item\">\n\t\t\t\t\t\t\t\t\t<a\n\t\t\t\t\t\t\t\t\t\thref=\"\"\n\t\t\t\t\t\t\t\t\t\tclass=\"tribe-events-c-subscribe-dropdown__list-item-link\"\n\t\t\t\t\t\t\t\t\t\ttabindex=\"0\"\n\t\t\t\t\t\t\t\t\t\ttarget=\"_blank\"\n\t\t\t\t\t\t\t\t\t\trel=\"noopener noreferrer nofollow noindex\"\n\t\t\t\t\t\t\t\t\t>\n\t\t\t\t\t\t\t\t\t\tiCalendar\t\t\t\t\t\t\t\t\t<\/a>\n\t\t\t\t\t\t\t\t<\/li>\n\t\t\t\t\t\t\t\t\t\t\t\t\t\t\t<li class=\"tribe-events-c-subscribe-dropdown__list-item\">\n\t\t\t\t\t\t\t\t\t<a\n\t\t\t\t\t\t\t\t\t\thref=\"\"\n\t\t\t\t\t\t\t\t\t\tclass=\"tribe-events-c-subscribe-dropdown__list-item-link\"\n\t\t\t\t\t\t\t\t\t\ttabindex=\"0\"\n\t\t\t\t\t\t\t\t\t\ttarget=\"_blank\"\n\t\t\t\t\t\t\t\t\t\trel=\"noopener noreferrer nofollow noindex\"\n\t\t\t\t\t\t\t\t\t>\n\t\t\t\t\t\t\t\t\t\tOutlook 365\t\t\t\t\t\t\t\t\t<\/a>\n\t\t\t\t\t\t\t\t<\/li>\n\t\t\t\t\t\t\t\t\t\t\t\t\t\t\t<li class=\"tribe-events-c-subscribe-dropdown__list-item\">\n\t\t\t\t\t\t\t\t\t<a\n\t\t\t\t\t\t\t\t\t\thref=\"\"\n\t\t\t\t\t\t\t\t\t\tclass=\"tribe-events-c-subscribe-dropdown__list-item-link\"\n\t\t\t\t\t\t\t\t\t\ttabindex=\"0\"\n\t\t\t\t\t\t\t\t\t\ttarget=\"_blank\"\n\t\t\t\t\t\t\t\t\t\trel=\"noopener noreferrer nofollow noindex\"\n\t\t\t\t\t\t\t\t\t>\n\t\t\t\t\t\t\t\t\t\tOutlook Live\t\t\t\t\t\t\t\t\t<\/a>\n\t\t\t\t\t\t\t\t<\/li>\n\t\t\t\t\t\t\t\t\t\t\t\t\t<\/ul>\n\t\t\t\t\t<\/div>\n\t\t\t\t<\/div>\n\t\t\t<\/div>\n\t\t<\/div>\n\t<\/div>\n\n\n\n\n<div class=\"wp-block-buttons is-content-justification-center is-layout-flex wp-container-core-buttons-is-layout-16018d1d wp-block-buttons-is-layout-flex\">\n<div class=\"wp-block-button has-custom-width wp-block-button__width-100 is-style-primary\"><a class=\"wp-block-button__link wp-element-button\" href=\"https:\/\/www.units.it\/brochure\/corsi2023\/\" target=\"_blank\" rel=\"noreferrer noopener\">SFOGLIA LA BROCHURE<\/a><\/div>\n<\/div>\n<\/div>\n<\/div>\n<\/div>\n\n\n\n<div style=\"height:100px\" aria-hidden=\"true\" class=\"wp-block-spacer\"><\/div>\n","protected":false},"excerpt":{"rendered":"<p>Ritorna la principale manifestazione di orientamento di UniTS con la presentazione delle lauree triennali e delle lauree magistrali a ciclo unico.<\/p>\n","protected":false},"author":1,"featured_media":99,"comment_status":"closed","ping_status":"closed","template":"","meta":{"neve_meta_sidebar":"","neve_meta_container":"","neve_meta_enable_content_width":"","neve_meta_content_width":0,"neve_meta_title_alignment":"","neve_meta_author_avatar":"","neve_post_elements_order":"","neve_meta_disable_header":"","neve_meta_disable_footer":"","neve_meta_disable_title":"","_EventAllDay":true,"_EventTimezone":"Europe\/Rome","_EventStartDate":"2023-10-18 00:00:00","_EventEndDate":"2023-10-20 23:59:59","_EventStartDateUTC":"2023-10-17 22:00:00","_EventEndDateUTC":"2023-10-20 21:59:59","_EventShowMap":false,"_EventShowMapLink":false,"_EventURL":"","_EventCost":"","_EventCostDescription":"","_EventCurrencySymbol":"\u20ac","_EventCurrencyCode":"EUR","_EventCurrencyPosition":"prefix","_EventDateTimeSeparator":" ore ","_EventTimeRangeSeparator":" - ","_EventOrganizerID":[],"_EventVenueID":[2665],"_OrganizerEmail":"","_OrganizerPhone":"","_OrganizerWebsite":"","_VenueAddress":"","_VenueCity":"","_VenueCountry":"","_VenueProvince":"","_VenueState":"","_VenueZip":"","_VenuePhone":"","_VenueURL":"","_VenueStateProvince":"","_VenueLat":"","_VenueLng":"","_VenueShowMap":false,"_VenueShowMapLink":false,"_ti_tpc_template_sync":false,"_ti_tpc_template_id":"","_tribe_events_status":"","_tribe_events_status_reason":"","footnotes":""},"tags":[],"tribe_events_cat":[3],"class_list":["post-2664","tribe_events","type-tribe_events","status-publish","has-post-thumbnail","hentry","tribe_events_cat-ateneo","cat_ateneo"],"yoast_head":"<!-- This site is optimized with the Yoast SEO plugin v21.0 - https:\/\/yoast.com\/wordpress\/plugins\/seo\/ -->\n<title>Porte Aperte 2023 &ndash; #100UniTS<\/title>\n<meta name=\"description\" content=\"Ritorna la principale manifestazione di orientamento di UniTS con la presentazione delle lauree triennali e delle lauree magistrali a ciclo unico.\" \/>\n<meta name=\"robots\" content=\"index, follow, max-snippet:-1, max-image-preview:large, max-video-preview:-1\" \/>\n<link rel=\"canonical\" href=\"https:\/\/100anni.units.it\/index.php\/evento\/porte-aperte-2023\/\" \/>\n<meta property=\"og:locale\" content=\"it_IT\" \/>\n<meta property=\"og:type\" content=\"article\" \/>\n<meta property=\"og:title\" content=\"Porte Aperte 2023 &ndash; #100UniTS\" \/>\n<meta property=\"og:description\" content=\"Ritorna la principale manifestazione di orientamento di UniTS con la presentazione delle lauree triennali e delle lauree magistrali a ciclo unico.\" \/>\n<meta property=\"og:url\" content=\"https:\/\/100anni.units.it\/index.php\/evento\/porte-aperte-2023\/\" \/>\n<meta property=\"og:site_name\" content=\"#100UniTS\" \/>\n<meta property=\"article:publisher\" content=\"https:\/\/www.facebook.com\/universitatrieste\" \/>\n<meta property=\"article:modified_time\" content=\"2023-12-06T13:23:30+00:00\" \/>\n<meta property=\"og:image\" content=\"https:\/\/100anni.units.it\/wp-content\/uploads\/2023\/08\/100units_ill_centenario.png\" \/>\n\t<meta property=\"og:image:width\" content=\"2167\" \/>\n\t<meta property=\"og:image:height\" content=\"1324\" \/>\n\t<meta property=\"og:image:type\" content=\"image\/png\" \/>\n<meta name=\"twitter:card\" content=\"summary_large_image\" \/>\n<meta name=\"twitter:site\" content=\"@UniTrieste\" \/>\n<meta name=\"twitter:label1\" content=\"Tempo di lettura stimato\" \/>\n\t<meta name=\"twitter:data1\" content=\"3 minuti\" \/>\n<script type=\"application\/ld+json\" class=\"yoast-schema-graph\">{\"@context\":\"https:\/\/schema.org\",\"@graph\":[{\"@type\":\"WebPage\",\"@id\":\"https:\/\/100anni.units.it\/index.php\/evento\/porte-aperte-2023\/\",\"url\":\"https:\/\/100anni.units.it\/index.php\/evento\/porte-aperte-2023\/\",\"name\":\"Porte Aperte 2023 &ndash; #100UniTS\",\"isPartOf\":{\"@id\":\"https:\/\/100anni.units.it\/#website\"},\"datePublished\":\"2023-11-27T12:20:33+00:00\",\"dateModified\":\"2023-12-06T13:23:30+00:00\",\"description\":\"Ritorna la principale manifestazione di orientamento di UniTS con la presentazione delle lauree triennali e delle lauree magistrali a ciclo unico.\",\"breadcrumb\":{\"@id\":\"https:\/\/100anni.units.it\/index.php\/evento\/porte-aperte-2023\/#breadcrumb\"},\"inLanguage\":\"it-IT\",\"potentialAction\":[{\"@type\":\"ReadAction\",\"target\":[\"https:\/\/100anni.units.it\/index.php\/evento\/porte-aperte-2023\/\"]}]},{\"@type\":\"BreadcrumbList\",\"@id\":\"https:\/\/100anni.units.it\/index.php\/evento\/porte-aperte-2023\/#breadcrumb\",\"itemListElement\":[{\"@type\":\"ListItem\",\"position\":1,\"name\":\"Eventi\",\"item\":\"https:\/\/100anni.units.it\/index.php\/eventi\/\"},{\"@type\":\"ListItem\",\"position\":2,\"name\":\"Porte Aperte 2023\"}]},{\"@type\":\"WebSite\",\"@id\":\"https:\/\/100anni.units.it\/#website\",\"url\":\"https:\/\/100anni.units.it\/\",\"name\":\"#100UniTS\",\"description\":\"Ogni giorno, da cento anni, con noi puoi scoprire ci\u00f2 che sar\u00e0 realt\u00e0 nel futuro. Celebriamo insieme un secolo di ricerca, eccellenza, creativit\u00e0 e ingegno umano.\",\"publisher\":{\"@id\":\"https:\/\/100anni.units.it\/#organization\"},\"potentialAction\":[{\"@type\":\"SearchAction\",\"target\":{\"@type\":\"EntryPoint\",\"urlTemplate\":\"https:\/\/100anni.units.it\/?s={search_term_string}\"},\"query-input\":\"required name=search_term_string\"}],\"inLanguage\":\"it-IT\"},{\"@type\":\"Organization\",\"@id\":\"https:\/\/100anni.units.it\/#organization\",\"name\":\"Universit\u00e0 degli Studi di Trieste\",\"alternateName\":\"UniTS\",\"url\":\"https:\/\/100anni.units.it\/\",\"logo\":{\"@type\":\"ImageObject\",\"inLanguage\":\"it-IT\",\"@id\":\"https:\/\/100anni.units.it\/#\/schema\/logo\/image\/\",\"url\":\"https:\/\/100anni.units.it\/wp-content\/uploads\/2023\/08\/units_sigillo.png\",\"contentUrl\":\"https:\/\/100anni.units.it\/wp-content\/uploads\/2023\/08\/units_sigillo.png\",\"width\":696,\"height\":696,\"caption\":\"Universit\u00e0 degli Studi di Trieste\"},\"image\":{\"@id\":\"https:\/\/100anni.units.it\/#\/schema\/logo\/image\/\"},\"sameAs\":[\"https:\/\/www.facebook.com\/universitatrieste\",\"https:\/\/twitter.com\/UniTrieste\"]}]}<\/script>\n<!-- \/ Yoast SEO plugin. -->","yoast_head_json":{"title":"Porte Aperte 2023 &ndash; #100UniTS","description":"Ritorna la principale manifestazione di orientamento di UniTS con la presentazione delle lauree triennali e delle lauree magistrali a ciclo unico.","robots":{"index":"index","follow":"follow","max-snippet":"max-snippet:-1","max-image-preview":"max-image-preview:large","max-video-preview":"max-video-preview:-1"},"canonical":"https:\/\/100anni.units.it\/index.php\/evento\/porte-aperte-2023\/","og_locale":"it_IT","og_type":"article","og_title":"Porte Aperte 2023 &ndash; #100UniTS","og_description":"Ritorna la principale manifestazione di orientamento di UniTS con la presentazione delle lauree triennali e delle lauree magistrali a ciclo unico.","og_url":"https:\/\/100anni.units.it\/index.php\/evento\/porte-aperte-2023\/","og_site_name":"#100UniTS","article_publisher":"https:\/\/www.facebook.com\/universitatrieste","article_modified_time":"2023-12-06T13:23:30+00:00","og_image":[{"width":2167,"height":1324,"url":"https:\/\/100anni.units.it\/wp-content\/uploads\/2023\/08\/100units_ill_centenario.png","type":"image\/png"}],"twitter_card":"summary_large_image","twitter_site":"@UniTrieste","twitter_misc":{"Tempo di lettura stimato":"3 minuti"},"schema":{"@context":"https:\/\/schema.org","@graph":[{"@type":"WebPage","@id":"https:\/\/100anni.units.it\/index.php\/evento\/porte-aperte-2023\/","url":"https:\/\/100anni.units.it\/index.php\/evento\/porte-aperte-2023\/","name":"Porte Aperte 2023 &ndash; #100UniTS","isPartOf":{"@id":"https:\/\/100anni.units.it\/#website"},"datePublished":"2023-11-27T12:20:33+00:00","dateModified":"2023-12-06T13:23:30+00:00","description":"Ritorna la principale manifestazione di orientamento di UniTS con la presentazione delle lauree triennali e delle lauree magistrali a ciclo unico.","breadcrumb":{"@id":"https:\/\/100anni.units.it\/index.php\/evento\/porte-aperte-2023\/#breadcrumb"},"inLanguage":"it-IT","potentialAction":[{"@type":"ReadAction","target":["https:\/\/100anni.units.it\/index.php\/evento\/porte-aperte-2023\/"]}]},{"@type":"BreadcrumbList","@id":"https:\/\/100anni.units.it\/index.php\/evento\/porte-aperte-2023\/#breadcrumb","itemListElement":[{"@type":"ListItem","position":1,"name":"Eventi","item":"https:\/\/100anni.units.it\/index.php\/eventi\/"},{"@type":"ListItem","position":2,"name":"Porte Aperte 2023"}]},{"@type":"WebSite","@id":"https:\/\/100anni.units.it\/#website","url":"https:\/\/100anni.units.it\/","name":"#100UniTS","description":"Ogni giorno, da cento anni, con noi puoi scoprire ci\u00f2 che sar\u00e0 realt\u00e0 nel futuro. Celebriamo insieme un secolo di ricerca, eccellenza, creativit\u00e0 e ingegno umano.","publisher":{"@id":"https:\/\/100anni.units.it\/#organization"},"potentialAction":[{"@type":"SearchAction","target":{"@type":"EntryPoint","urlTemplate":"https:\/\/100anni.units.it\/?s={search_term_string}"},"query-input":"required name=search_term_string"}],"inLanguage":"it-IT"},{"@type":"Organization","@id":"https:\/\/100anni.units.it\/#organization","name":"Universit\u00e0 degli Studi di Trieste","alternateName":"UniTS","url":"https:\/\/100anni.units.it\/","logo":{"@type":"ImageObject","inLanguage":"it-IT","@id":"https:\/\/100anni.units.it\/#\/schema\/logo\/image\/","url":"https:\/\/100anni.units.it\/wp-content\/uploads\/2023\/08\/units_sigillo.png","contentUrl":"https:\/\/100anni.units.it\/wp-content\/uploads\/2023\/08\/units_sigillo.png","width":696,"height":696,"caption":"Universit\u00e0 degli Studi di Trieste"},"image":{"@id":"https:\/\/100anni.units.it\/#\/schema\/logo\/image\/"},"sameAs":["https:\/\/www.facebook.com\/universitatrieste","https:\/\/twitter.com\/UniTrieste"]}]}},"_links":{"self":[{"href":"https:\/\/100anni.units.it\/index.php\/wp-json\/wp\/v2\/tribe_events\/2664","targetHints":{"allow":["GET"]}}],"collection":[{"href":"https:\/\/100anni.units.it\/index.php\/wp-json\/wp\/v2\/tribe_events"}],"about":[{"href":"https:\/\/100anni.units.it\/index.php\/wp-json\/wp\/v2\/types\/tribe_events"}],"author":[{"embeddable":true,"href":"https:\/\/100anni.units.it\/index.php\/wp-json\/wp\/v2\/users\/1"}],"replies":[{"embeddable":true,"href":"https:\/\/100anni.units.it\/index.php\/wp-json\/wp\/v2\/comments?post=2664"}],"version-history":[{"count":10,"href":"https:\/\/100anni.units.it\/index.php\/wp-json\/wp\/v2\/tribe_events\/2664\/revisions"}],"predecessor-version":[{"id":3086,"href":"https:\/\/100anni.units.it\/index.php\/wp-json\/wp\/v2\/tribe_events\/2664\/revisions\/3086"}],"wp:featuredmedia":[{"embeddable":true,"href":"https:\/\/100anni.units.it\/index.php\/wp-json\/wp\/v2\/media\/99"}],"wp:attachment":[{"href":"https:\/\/100anni.units.it\/index.php\/wp-json\/wp\/v2\/media?parent=2664"}],"wp:term":[{"taxonomy":"post_tag","embeddable":true,"href":"https:\/\/100anni.units.it\/index.php\/wp-json\/wp\/v2\/tags?post=2664"},{"taxonomy":"tribe_events_cat","embeddable":true,"href":"https:\/\/100anni.units.it\/index.php\/wp-json\/wp\/v2\/tribe_events_cat?post=2664"}],"curies":[{"name":"wp","href":"https:\/\/api.w.org\/{rel}","templated":true}]}}