{"id":2697,"date":"2023-11-28T14:50:26","date_gmt":"2023-11-28T13:50:26","guid":{"rendered":"https:\/\/100anni.units.it\/?post_type=tribe_events&#038;p=2697"},"modified":"2023-12-06T14:09:00","modified_gmt":"2023-12-06T13:09:00","slug":"congresso-iabep","status":"publish","type":"tribe_events","link":"https:\/\/100anni.units.it\/index.php\/evento\/congresso-iabep\/","title":{"rendered":"Congresso fondativo dell\u2019International Association for Biomonitoring of Environmental Pollution \u2013 IABEP"},"content":{"rendered":"<div  class=\"tribe-events-schedule tribe-clearfix\" >\n\t<h2 class=\"tribe-events-schedule__datetime\">\n\t\t<span class=\"tribe-events-schedule__date tribe-events-schedule__date--start\">\n\t\t\t11 Ottobre 2023\t\t<\/span>\n\n\t\t\n\t\t\t\t\t\t\t\t\t<span class=\"tribe-events-schedule__separator tribe-events-schedule__separator--time\">\n\t\t\t\t\t &#8211; \t\t\t\t<\/span>\n\t\t\t\n\t\t\t\t\t\t\t<span class=\"tribe-events-schedule__date tribe-events-schedule__date--end\">\n\t\t\t\t\t13 Ottobre 2023\t\t\t\t<\/span>\n\n\t\t\t\t\n\t\t\t\n\t\t\t\t\t\t<\/h2>\n<\/div>\n\n\n\n<div class=\"wp-block-columns is-layout-flex wp-container-core-columns-is-layout-9d6595d7 wp-block-columns-is-layout-flex\">\n<div class=\"wp-block-column is-layout-flow wp-block-column-is-layout-flow\">\n<p>Si svolger\u00e0 a Trieste,&nbsp;<strong>presso il Museo Revoltella, dall\u201911 al 13 ottobre 2023<\/strong>&nbsp;il&nbsp;<strong>congresso fondativo<\/strong>&nbsp;dell\u2019<strong>International Association for Biomonitoring of Environmental Pollution<\/strong>&nbsp;<strong>\u2013 IABEP<\/strong>, a cui parteciperanno<strong>&nbsp;oltre un centinaio di ricercatori da 14 diversi Paesi<\/strong>, anche extraeuropei.<\/p>\n\n\n\n<p>La nuova Associazione, che vede il coinvolgimento di tanti giovani studiosi, si pone l&#8217;obiettivo di diventare un<strong>&nbsp;punto di riferimento a livello internazionale per le agenzie di protezione ambientale<\/strong>.<\/p>\n\n\n\n<p>L&#8217;evento, patrocinato dal Comune di Trieste, da ARPA FVG e dall&#8217;Universit\u00e0 degli Studi di Trieste, si svolge nel capoluogo giuliano in riconoscimento dell\u2019importante ruolo svolto dai docenti dell\u2019Ateneo triestino in questo campo, in particolare nel biomonitoraggio basato sui licheni e nel biomonitoraggio delle acque interne.<\/p>\n\n\n\n<p>Nonostante i lavori del congresso siano rivolti ai soli ricercatori,&nbsp;<strong>venerd\u00ec 13 ottobre, alle ore 12<\/strong>, la tavola rotonda&nbsp;<em><strong>The Role of Biomonitoring in an Ill World<\/strong><\/em>&nbsp;sar\u00e0 aperta anche a un pubblico non specializzato e tratter\u00e0 argomenti di pressante attualit\u00e0, quali la qualit\u00e0 dell&#8217;aria e i metodi per la sua caratterizzazione, la salute pubblica e i processi di de-industrializzazione.<\/p>\n\n\n\n<p>Nei\u00a0<strong>24 interventi e 15 \u201cflash talks\u201d <\/strong>(interventi brevi di tre minuti) si parler\u00e0 di metodi per la misura di microplastiche, di mercurio, piombo, ozono, policiclici aromatici e di nuove metodiche espositive dei materiali biologici da utilizzare quali matrici inerti per la raccolta degli inquinanti, tra cui un muschio che \u00e8 stato clonato per avere a disposizione materiale geneticamente omogeneo, dalle caratteristiche particolarmente interessanti.<\/p>\n\n\n\n<p>Largo spazio sar\u00e0 dedicato alla standardizzazione delle metodiche, che nel recente passato hanno portato in Italia alla stesura di linee guida sull\u2019uso di licheni quali bioaccumulatori di metalli potenzialmente tossici (fatte proprie dall\u2019Istituto Superiore per la Protezione e la Ricerca Ambientale), e ancora anni prima, addirittura ad una norma europea CEN per la stima della biodiversit\u00e0 lichenica.<\/p>\n\n\n\n<p>Programma e modalit\u00e0 di accesso disponibili sul <a href=\"http:\/\/dryades.units.it\/IABEP2023\/index.php\" target=\"_blank\" rel=\"noreferrer noopener\">sito IABEP 2023<\/a>.<\/p>\n\n\n\n<div class=\"wp-block-buttons is-layout-flex wp-block-buttons-is-layout-flex\">\n<div class=\"wp-block-button is-style-primary\"><a class=\"wp-block-button__link wp-element-button\" href=\"http:\/\/dryades.units.it\/IABEP2023\/index.php?function=registrazione\" target=\"_blank\" rel=\"noreferrer noopener\">ISCRIVITI<\/a><\/div>\n<\/div>\n<\/div>\n\n\n\n<div class=\"wp-block-column is-vertically-aligned-top is-layout-flow wp-block-column-is-layout-flow\" style=\"flex-basis:30%\"><\/div>\n<\/div>\n\n\n\n<div class=\"wp-block-columns are-vertically-aligned-center is-layout-flex wp-container-core-columns-is-layout-9d6595d7 wp-block-columns-is-layout-flex\">\n<div class=\"wp-block-column is-vertically-aligned-center is-layout-flow wp-block-column-is-layout-flow\"><div  class=\"tribe-block tribe-block__venue tribe-clearfix\" >\n\t\n\t\n<div class=\"tribe-block__venue__meta\">\n\t<div class=\"tribe-block__venue__name\">\n\t\t<h3>Auditorium Marco Sofianopulo &#8211; Museo Revoltella<\/h3>\n\t<\/div>\n\n\t\n\t\t\t<address class=\"tribe-block__venue__address\">\n\t\t\t<span class=\"tribe-address\">\n\n<span class=\"tribe-street-address\">Via Armando Diaz, 27<\/span>\n\t\n\t\t<br>\n\t\t<span class=\"tribe-locality\">Trieste<\/span><span class=\"tribe-delimiter\">,<\/span>\n\n\t<abbr class=\"tribe-region tribe-events-abbr\" title=\"TS\">TS<\/abbr>\n\n\t<span class=\"tribe-postal-code\">34100<\/span>\n\n\t<span class=\"tribe-country-name\">Italia<\/span>\n\n<\/span>\n\n\t\t\t\t\t<\/address>\n\t\n\t\n\t\n\t<\/div>\n\t\n\t<\/div>\n<\/div>\n\n\n\n<div class=\"wp-block-column is-vertically-aligned-center is-layout-flow wp-block-column-is-layout-flow\" style=\"flex-basis:30%\">\n<div class=\"wp-block-group is-vertical is-content-justification-center is-layout-flex wp-container-core-group-is-layout-0472769e wp-block-group-is-layout-flex\">\t<div  class=\"tribe-block tribe-block__events-link\" >\n\t\t<div class=\"tribe-events tribe-common\">\n\t\t\t<div class=\"tribe-events-c-subscribe-dropdown__container\">\n\t\t\t\t<div class=\"tribe-events-c-subscribe-dropdown\">\n\t\t\t\t\t<div class=\"tribe-common-c-btn-border tribe-events-c-subscribe-dropdown__button\" tabindex=\"0\">\n\t\t\t\t\t\t<svg  class=\"tribe-common-c-svgicon tribe-common-c-svgicon--cal-export tribe-events-c-subscribe-dropdown__export-icon\"  viewBox=\"0 0 23 17\" xmlns=\"http:\/\/www.w3.org\/2000\/svg\">\n  <path fill-rule=\"evenodd\" clip-rule=\"evenodd\" d=\"M.128.896V16.13c0 .211.145.383.323.383h15.354c.179 0 .323-.172.323-.383V.896c0-.212-.144-.383-.323-.383H.451C.273.513.128.684.128.896Zm16 6.742h-.901V4.679H1.009v10.729h14.218v-3.336h.901V7.638ZM1.01 1.614h14.218v2.058H1.009V1.614Z\" \/>\n  <path d=\"M20.5 9.846H8.312M18.524 6.953l2.89 2.909-2.855 2.855\" stroke-width=\"1.2\" stroke-linecap=\"round\" stroke-linejoin=\"round\"\/>\n<\/svg>\n\t\t\t\t\t\t<button class=\"tribe-events-c-subscribe-dropdown__button-text\">\n\t\t\t\t\t\t\tSalva nel tuo calendario\t\t\t\t\t\t<\/button>\n\t\t\t\t\t\t<svg  class=\"tribe-common-c-svgicon tribe-common-c-svgicon--caret-down tribe-events-c-subscribe-dropdown__button-icon\"  viewBox=\"0 0 10 7\" xmlns=\"http:\/\/www.w3.org\/2000\/svg\"><path fill-rule=\"evenodd\" clip-rule=\"evenodd\" d=\"M1.008.609L5 4.6 8.992.61l.958.958L5 6.517.05 1.566l.958-.958z\" class=\"tribe-common-c-svgicon__svg-fill\"\/><\/svg>\n\t\t\t\t\t<\/div>\n\t\t\t\t\t<div class=\"tribe-events-c-subscribe-dropdown__content\">\n\t\t\t\t\t\t<ul class=\"tribe-events-c-subscribe-dropdown__list\" tabindex=\"0\">\n\t\t\t\t\t\t\t\t\t\t\t\t\t\t\t<li class=\"tribe-events-c-subscribe-dropdown__list-item\">\n\t\t\t\t\t\t\t\t\t<a\n\t\t\t\t\t\t\t\t\t\thref=\"https:\/\/www.google.com\/calendar\/event?action=TEMPLATE&#038;dates=20231011T000000\/20231013T235959&#038;text=Congresso%20fondativo%20dell%E2%80%99International%20Association%20for%20Biomonitoring%20of%20Environmental%20Pollution%20%E2%80%93%20IABEP&#038;details=%3C%21--+wp%3Atribe%2Fevent-datetime+%2F--%3E%3C%21--+wp%3Acolumns+--%3E%3Cdiv+class%3D%22wp-block-columns%22%3E%3C%21--+wp%3Acolumn+%7B%22width%22%3A%22%22%7D+--%3E%3Cdiv+class%3D%22wp-block-column%22%3E%3C%21--+wp%3Aparagraph+--%3E%3Cp%3ESi+svolger%C3%A0+a+Trieste%2C%26nbsp%3B%3Cstrong%3Epresso+il+Museo+Revoltella%2C+dall%E2%80%9911+al+13+ottobre+2023%3C%2Fstrong%3E%26nbsp%3Bil%26nbsp%3B%3Cstrong%3Econgresso+fondativo%3C%2Fstrong%3E%26nbsp%3Bdell%E2%80%99%3Cstrong%3EInternational+Association+for+Biomonitoring+of+Environmental+Pollution%3C%2Fstrong%3E%26nbsp%3B%3Cstrong%3E%E2%80%93+IABEP%3C%2Fstrong%3E%2C+a+cui+parteciperanno%3Cstrong%3E%26nbsp%3Boltre+un+centinaio+di+ricercatori+da+14+diversi+Paesi%3C%2Fstrong%3E%2C+anche+extraeuropei.%3C%2Fp%3E%3C%21--+%2Fwp%3Aparagraph+--%3E%3C%21--+wp%3Aparagraph+--%3E%3Cp%3ELa+nuova+Associazione%2C+che+vede+il+coinvolgimento+di+tanti+giovani+studiosi%2C+si+pone+l%27obiettivo+di+diventare+un%3Cstrong%3E%26nbsp%3Bpunt%20(View%20Full%20evento%20Description%20Here:%20https:\/\/100anni.units.it\/index.php\/evento\/congresso-iabep\/)&#038;location=Auditorium%20Marco%20Sofianopulo%20&#8211;%20Museo%20Revoltella,%20Via%20Armando%20Diaz,%2027,%20Trieste,%20TS,%2034100,%20Italia&#038;trp=false&#038;ctz=Europe\/Rome&#038;sprop=website:https:\/\/100anni.units.it\"\n\t\t\t\t\t\t\t\t\t\tclass=\"tribe-events-c-subscribe-dropdown__list-item-link\"\n\t\t\t\t\t\t\t\t\t\ttabindex=\"0\"\n\t\t\t\t\t\t\t\t\t\ttarget=\"_blank\"\n\t\t\t\t\t\t\t\t\t\trel=\"noopener noreferrer nofollow noindex\"\n\t\t\t\t\t\t\t\t\t>\n\t\t\t\t\t\t\t\t\t\tGoogle Calendar\t\t\t\t\t\t\t\t\t<\/a>\n\t\t\t\t\t\t\t\t<\/li>\n\t\t\t\t\t\t\t\t\t\t\t\t\t\t\t<li class=\"tribe-events-c-subscribe-dropdown__list-item\">\n\t\t\t\t\t\t\t\t\t<a\n\t\t\t\t\t\t\t\t\t\thref=\"\"\n\t\t\t\t\t\t\t\t\t\tclass=\"tribe-events-c-subscribe-dropdown__list-item-link\"\n\t\t\t\t\t\t\t\t\t\ttabindex=\"0\"\n\t\t\t\t\t\t\t\t\t\ttarget=\"_blank\"\n\t\t\t\t\t\t\t\t\t\trel=\"noopener noreferrer nofollow noindex\"\n\t\t\t\t\t\t\t\t\t>\n\t\t\t\t\t\t\t\t\t\tiCalendar\t\t\t\t\t\t\t\t\t<\/a>\n\t\t\t\t\t\t\t\t<\/li>\n\t\t\t\t\t\t\t\t\t\t\t\t\t\t\t<li class=\"tribe-events-c-subscribe-dropdown__list-item\">\n\t\t\t\t\t\t\t\t\t<a\n\t\t\t\t\t\t\t\t\t\thref=\"\"\n\t\t\t\t\t\t\t\t\t\tclass=\"tribe-events-c-subscribe-dropdown__list-item-link\"\n\t\t\t\t\t\t\t\t\t\ttabindex=\"0\"\n\t\t\t\t\t\t\t\t\t\ttarget=\"_blank\"\n\t\t\t\t\t\t\t\t\t\trel=\"noopener noreferrer nofollow noindex\"\n\t\t\t\t\t\t\t\t\t>\n\t\t\t\t\t\t\t\t\t\tOutlook 365\t\t\t\t\t\t\t\t\t<\/a>\n\t\t\t\t\t\t\t\t<\/li>\n\t\t\t\t\t\t\t\t\t\t\t\t\t\t\t<li class=\"tribe-events-c-subscribe-dropdown__list-item\">\n\t\t\t\t\t\t\t\t\t<a\n\t\t\t\t\t\t\t\t\t\thref=\"\"\n\t\t\t\t\t\t\t\t\t\tclass=\"tribe-events-c-subscribe-dropdown__list-item-link\"\n\t\t\t\t\t\t\t\t\t\ttabindex=\"0\"\n\t\t\t\t\t\t\t\t\t\ttarget=\"_blank\"\n\t\t\t\t\t\t\t\t\t\trel=\"noopener noreferrer nofollow noindex\"\n\t\t\t\t\t\t\t\t\t>\n\t\t\t\t\t\t\t\t\t\tOutlook Live\t\t\t\t\t\t\t\t\t<\/a>\n\t\t\t\t\t\t\t\t<\/li>\n\t\t\t\t\t\t\t\t\t\t\t\t\t<\/ul>\n\t\t\t\t\t<\/div>\n\t\t\t\t<\/div>\n\t\t\t<\/div>\n\t\t<\/div>\n\t<\/div>\n\n<\/div>\n<\/div>\n<\/div>\n\n\n\n<div style=\"height:100px\" aria-hidden=\"true\" class=\"wp-block-spacer\"><\/div>\n","protected":false},"excerpt":{"rendered":"<p>La nuova Associazione si pone l&#8217;obiettivo di diventare un\u00a0punto di riferimento a livello internazionale per le agenzie di protezione ambientale. Venerd\u00ec 13 ottobre, alle ore 12, la tavola rotonda <i>The Role of Biomonitoring in an Ill World<\/i> sar\u00e0 aperta anche a un pubblico non specializzato.<\/p>\n","protected":false},"author":1,"featured_media":99,"comment_status":"closed","ping_status":"closed","template":"","meta":{"neve_meta_sidebar":"","neve_meta_container":"","neve_meta_enable_content_width":"","neve_meta_content_width":0,"neve_meta_title_alignment":"","neve_meta_author_avatar":"","neve_post_elements_order":"","neve_meta_disable_header":"","neve_meta_disable_footer":"","neve_meta_disable_title":"","_EventAllDay":true,"_EventTimezone":"Europe\/Rome","_EventStartDate":"2023-10-11 00:00:00","_EventEndDate":"2023-10-13 23:59:59","_EventStartDateUTC":"2023-10-10 22:00:00","_EventEndDateUTC":"2023-10-13 21:59:59","_EventShowMap":false,"_EventShowMapLink":false,"_EventURL":"","_EventCost":"","_EventCostDescription":"","_EventCurrencySymbol":"\u20ac","_EventCurrencyCode":"EUR","_EventCurrencyPosition":"prefix","_EventDateTimeSeparator":" ore ","_EventTimeRangeSeparator":" - ","_EventOrganizerID":[],"_EventVenueID":[2487],"_OrganizerEmail":"","_OrganizerPhone":"","_OrganizerWebsite":"","_VenueAddress":"","_VenueCity":"","_VenueCountry":"","_VenueProvince":"","_VenueState":"","_VenueZip":"","_VenuePhone":"","_VenueURL":"","_VenueStateProvince":"","_VenueLat":"","_VenueLng":"","_VenueShowMap":false,"_VenueShowMapLink":false,"_ti_tpc_template_sync":false,"_ti_tpc_template_id":"","_tribe_events_status":"","_tribe_events_status_reason":"","footnotes":""},"tags":[],"tribe_events_cat":[4],"class_list":["post-2697","tribe_events","type-tribe_events","status-publish","has-post-thumbnail","hentry","tribe_events_cat-dipartimento","cat_dipartimento"],"yoast_head":"<!-- This site is optimized with the Yoast SEO plugin v21.0 - https:\/\/yoast.com\/wordpress\/plugins\/seo\/ -->\n<title>Congresso fondativo dell\u2019International Association for Biomonitoring of Environmental Pollution \u2013 IABEP &ndash; #100UniTS<\/title>\n<meta name=\"description\" content=\"La nuova Associazione si pone l&#039;obiettivo di diventare un\u00a0punto di riferimento a livello internazionale per le agenzie di protezione ambientale. Venerd\u00ec 13 ottobre, alle ore 12, la tavola rotonda The Role of Biomonitoring in an Ill World sar\u00e0 aperta anche a un pubblico non specializzato.\" \/>\n<meta name=\"robots\" content=\"index, follow, max-snippet:-1, max-image-preview:large, max-video-preview:-1\" \/>\n<link rel=\"canonical\" href=\"https:\/\/100anni.units.it\/index.php\/evento\/congresso-iabep\/\" \/>\n<meta property=\"og:locale\" content=\"it_IT\" \/>\n<meta property=\"og:type\" content=\"article\" \/>\n<meta property=\"og:title\" content=\"Congresso fondativo dell\u2019International Association for Biomonitoring of Environmental Pollution \u2013 IABEP &ndash; #100UniTS\" \/>\n<meta property=\"og:description\" content=\"La nuova Associazione si pone l&#039;obiettivo di diventare un\u00a0punto di riferimento a livello internazionale per le agenzie di protezione ambientale. Venerd\u00ec 13 ottobre, alle ore 12, la tavola rotonda The Role of Biomonitoring in an Ill World sar\u00e0 aperta anche a un pubblico non specializzato.\" \/>\n<meta property=\"og:url\" content=\"https:\/\/100anni.units.it\/index.php\/evento\/congresso-iabep\/\" \/>\n<meta property=\"og:site_name\" content=\"#100UniTS\" \/>\n<meta property=\"article:publisher\" content=\"https:\/\/www.facebook.com\/universitatrieste\" \/>\n<meta property=\"article:modified_time\" content=\"2023-12-06T13:09:00+00:00\" \/>\n<meta property=\"og:image\" content=\"https:\/\/100anni.units.it\/wp-content\/uploads\/2023\/08\/100units_ill_centenario.png\" \/>\n\t<meta property=\"og:image:width\" content=\"2167\" \/>\n\t<meta property=\"og:image:height\" content=\"1324\" \/>\n\t<meta property=\"og:image:type\" content=\"image\/png\" \/>\n<meta name=\"twitter:card\" content=\"summary_large_image\" \/>\n<meta name=\"twitter:site\" content=\"@UniTrieste\" \/>\n<meta name=\"twitter:label1\" content=\"Tempo di lettura stimato\" \/>\n\t<meta name=\"twitter:data1\" content=\"2 minuti\" \/>\n<script type=\"application\/ld+json\" class=\"yoast-schema-graph\">{\"@context\":\"https:\/\/schema.org\",\"@graph\":[{\"@type\":\"WebPage\",\"@id\":\"https:\/\/100anni.units.it\/index.php\/evento\/congresso-iabep\/\",\"url\":\"https:\/\/100anni.units.it\/index.php\/evento\/congresso-iabep\/\",\"name\":\"Congresso fondativo dell\u2019International Association for Biomonitoring of Environmental Pollution \u2013 IABEP &ndash; #100UniTS\",\"isPartOf\":{\"@id\":\"https:\/\/100anni.units.it\/#website\"},\"datePublished\":\"2023-11-28T13:50:26+00:00\",\"dateModified\":\"2023-12-06T13:09:00+00:00\",\"description\":\"La nuova Associazione si pone l'obiettivo di diventare un\u00a0punto di riferimento a livello internazionale per le agenzie di protezione ambientale. Venerd\u00ec 13 ottobre, alle ore 12, la tavola rotonda The Role of Biomonitoring in an Ill World sar\u00e0 aperta anche a un pubblico non specializzato.\",\"breadcrumb\":{\"@id\":\"https:\/\/100anni.units.it\/index.php\/evento\/congresso-iabep\/#breadcrumb\"},\"inLanguage\":\"it-IT\",\"potentialAction\":[{\"@type\":\"ReadAction\",\"target\":[\"https:\/\/100anni.units.it\/index.php\/evento\/congresso-iabep\/\"]}]},{\"@type\":\"BreadcrumbList\",\"@id\":\"https:\/\/100anni.units.it\/index.php\/evento\/congresso-iabep\/#breadcrumb\",\"itemListElement\":[{\"@type\":\"ListItem\",\"position\":1,\"name\":\"Eventi\",\"item\":\"https:\/\/100anni.units.it\/index.php\/eventi\/\"},{\"@type\":\"ListItem\",\"position\":2,\"name\":\"Congresso fondativo dell\u2019International Association for Biomonitoring of Environmental Pollution \u2013 IABEP\"}]},{\"@type\":\"WebSite\",\"@id\":\"https:\/\/100anni.units.it\/#website\",\"url\":\"https:\/\/100anni.units.it\/\",\"name\":\"#100UniTS\",\"description\":\"Ogni giorno, da cento anni, con noi puoi scoprire ci\u00f2 che sar\u00e0 realt\u00e0 nel futuro. Celebriamo insieme un secolo di ricerca, eccellenza, creativit\u00e0 e ingegno umano.\",\"publisher\":{\"@id\":\"https:\/\/100anni.units.it\/#organization\"},\"potentialAction\":[{\"@type\":\"SearchAction\",\"target\":{\"@type\":\"EntryPoint\",\"urlTemplate\":\"https:\/\/100anni.units.it\/?s={search_term_string}\"},\"query-input\":\"required name=search_term_string\"}],\"inLanguage\":\"it-IT\"},{\"@type\":\"Organization\",\"@id\":\"https:\/\/100anni.units.it\/#organization\",\"name\":\"Universit\u00e0 degli Studi di Trieste\",\"alternateName\":\"UniTS\",\"url\":\"https:\/\/100anni.units.it\/\",\"logo\":{\"@type\":\"ImageObject\",\"inLanguage\":\"it-IT\",\"@id\":\"https:\/\/100anni.units.it\/#\/schema\/logo\/image\/\",\"url\":\"https:\/\/100anni.units.it\/wp-content\/uploads\/2023\/08\/units_sigillo.png\",\"contentUrl\":\"https:\/\/100anni.units.it\/wp-content\/uploads\/2023\/08\/units_sigillo.png\",\"width\":696,\"height\":696,\"caption\":\"Universit\u00e0 degli Studi di Trieste\"},\"image\":{\"@id\":\"https:\/\/100anni.units.it\/#\/schema\/logo\/image\/\"},\"sameAs\":[\"https:\/\/www.facebook.com\/universitatrieste\",\"https:\/\/twitter.com\/UniTrieste\"]}]}<\/script>\n<!-- \/ Yoast SEO plugin. -->","yoast_head_json":{"title":"Congresso fondativo dell\u2019International Association for Biomonitoring of Environmental Pollution \u2013 IABEP &ndash; #100UniTS","description":"La nuova Associazione si pone l'obiettivo di diventare un\u00a0punto di riferimento a livello internazionale per le agenzie di protezione ambientale. Venerd\u00ec 13 ottobre, alle ore 12, la tavola rotonda The Role of Biomonitoring in an Ill World sar\u00e0 aperta anche a un pubblico non specializzato.","robots":{"index":"index","follow":"follow","max-snippet":"max-snippet:-1","max-image-preview":"max-image-preview:large","max-video-preview":"max-video-preview:-1"},"canonical":"https:\/\/100anni.units.it\/index.php\/evento\/congresso-iabep\/","og_locale":"it_IT","og_type":"article","og_title":"Congresso fondativo dell\u2019International Association for Biomonitoring of Environmental Pollution \u2013 IABEP &ndash; #100UniTS","og_description":"La nuova Associazione si pone l'obiettivo di diventare un\u00a0punto di riferimento a livello internazionale per le agenzie di protezione ambientale. Venerd\u00ec 13 ottobre, alle ore 12, la tavola rotonda The Role of Biomonitoring in an Ill World sar\u00e0 aperta anche a un pubblico non specializzato.","og_url":"https:\/\/100anni.units.it\/index.php\/evento\/congresso-iabep\/","og_site_name":"#100UniTS","article_publisher":"https:\/\/www.facebook.com\/universitatrieste","article_modified_time":"2023-12-06T13:09:00+00:00","og_image":[{"width":2167,"height":1324,"url":"https:\/\/100anni.units.it\/wp-content\/uploads\/2023\/08\/100units_ill_centenario.png","type":"image\/png"}],"twitter_card":"summary_large_image","twitter_site":"@UniTrieste","twitter_misc":{"Tempo di lettura stimato":"2 minuti"},"schema":{"@context":"https:\/\/schema.org","@graph":[{"@type":"WebPage","@id":"https:\/\/100anni.units.it\/index.php\/evento\/congresso-iabep\/","url":"https:\/\/100anni.units.it\/index.php\/evento\/congresso-iabep\/","name":"Congresso fondativo dell\u2019International Association for Biomonitoring of Environmental Pollution \u2013 IABEP &ndash; #100UniTS","isPartOf":{"@id":"https:\/\/100anni.units.it\/#website"},"datePublished":"2023-11-28T13:50:26+00:00","dateModified":"2023-12-06T13:09:00+00:00","description":"La nuova Associazione si pone l'obiettivo di diventare un\u00a0punto di riferimento a livello internazionale per le agenzie di protezione ambientale. Venerd\u00ec 13 ottobre, alle ore 12, la tavola rotonda The Role of Biomonitoring in an Ill World sar\u00e0 aperta anche a un pubblico non specializzato.","breadcrumb":{"@id":"https:\/\/100anni.units.it\/index.php\/evento\/congresso-iabep\/#breadcrumb"},"inLanguage":"it-IT","potentialAction":[{"@type":"ReadAction","target":["https:\/\/100anni.units.it\/index.php\/evento\/congresso-iabep\/"]}]},{"@type":"BreadcrumbList","@id":"https:\/\/100anni.units.it\/index.php\/evento\/congresso-iabep\/#breadcrumb","itemListElement":[{"@type":"ListItem","position":1,"name":"Eventi","item":"https:\/\/100anni.units.it\/index.php\/eventi\/"},{"@type":"ListItem","position":2,"name":"Congresso fondativo dell\u2019International Association for Biomonitoring of Environmental Pollution \u2013 IABEP"}]},{"@type":"WebSite","@id":"https:\/\/100anni.units.it\/#website","url":"https:\/\/100anni.units.it\/","name":"#100UniTS","description":"Ogni giorno, da cento anni, con noi puoi scoprire ci\u00f2 che sar\u00e0 realt\u00e0 nel futuro. Celebriamo insieme un secolo di ricerca, eccellenza, creativit\u00e0 e ingegno umano.","publisher":{"@id":"https:\/\/100anni.units.it\/#organization"},"potentialAction":[{"@type":"SearchAction","target":{"@type":"EntryPoint","urlTemplate":"https:\/\/100anni.units.it\/?s={search_term_string}"},"query-input":"required name=search_term_string"}],"inLanguage":"it-IT"},{"@type":"Organization","@id":"https:\/\/100anni.units.it\/#organization","name":"Universit\u00e0 degli Studi di Trieste","alternateName":"UniTS","url":"https:\/\/100anni.units.it\/","logo":{"@type":"ImageObject","inLanguage":"it-IT","@id":"https:\/\/100anni.units.it\/#\/schema\/logo\/image\/","url":"https:\/\/100anni.units.it\/wp-content\/uploads\/2023\/08\/units_sigillo.png","contentUrl":"https:\/\/100anni.units.it\/wp-content\/uploads\/2023\/08\/units_sigillo.png","width":696,"height":696,"caption":"Universit\u00e0 degli Studi di Trieste"},"image":{"@id":"https:\/\/100anni.units.it\/#\/schema\/logo\/image\/"},"sameAs":["https:\/\/www.facebook.com\/universitatrieste","https:\/\/twitter.com\/UniTrieste"]}]}},"_links":{"self":[{"href":"https:\/\/100anni.units.it\/index.php\/wp-json\/wp\/v2\/tribe_events\/2697","targetHints":{"allow":["GET"]}}],"collection":[{"href":"https:\/\/100anni.units.it\/index.php\/wp-json\/wp\/v2\/tribe_events"}],"about":[{"href":"https:\/\/100anni.units.it\/index.php\/wp-json\/wp\/v2\/types\/tribe_events"}],"author":[{"embeddable":true,"href":"https:\/\/100anni.units.it\/index.php\/wp-json\/wp\/v2\/users\/1"}],"replies":[{"embeddable":true,"href":"https:\/\/100anni.units.it\/index.php\/wp-json\/wp\/v2\/comments?post=2697"}],"version-history":[{"count":14,"href":"https:\/\/100anni.units.it\/index.php\/wp-json\/wp\/v2\/tribe_events\/2697\/revisions"}],"predecessor-version":[{"id":3080,"href":"https:\/\/100anni.units.it\/index.php\/wp-json\/wp\/v2\/tribe_events\/2697\/revisions\/3080"}],"wp:featuredmedia":[{"embeddable":true,"href":"https:\/\/100anni.units.it\/index.php\/wp-json\/wp\/v2\/media\/99"}],"wp:attachment":[{"href":"https:\/\/100anni.units.it\/index.php\/wp-json\/wp\/v2\/media?parent=2697"}],"wp:term":[{"taxonomy":"post_tag","embeddable":true,"href":"https:\/\/100anni.units.it\/index.php\/wp-json\/wp\/v2\/tags?post=2697"},{"taxonomy":"tribe_events_cat","embeddable":true,"href":"https:\/\/100anni.units.it\/index.php\/wp-json\/wp\/v2\/tribe_events_cat?post=2697"}],"curies":[{"name":"wp","href":"https:\/\/api.w.org\/{rel}","templated":true}]}}