{"id":2732,"date":"2023-12-01T13:14:40","date_gmt":"2023-12-01T12:14:40","guid":{"rendered":"https:\/\/100anni.units.it\/?post_type=tribe_events&#038;p=2732"},"modified":"2023-12-06T13:55:54","modified_gmt":"2023-12-06T12:55:54","slug":"jobunits","status":"publish","type":"tribe_events","link":"https:\/\/100anni.units.it\/index.php\/evento\/jobunits\/","title":{"rendered":"job@uniTS \u2013 Edizione 2023"},"content":{"rendered":"<div  class=\"tribe-events-schedule tribe-clearfix\" >\n\t<h2 class=\"tribe-events-schedule__datetime\">\n\t\t<span class=\"tribe-events-schedule__date tribe-events-schedule__date--start\">\n\t\t\t28 Settembre 2023\t\t<\/span>\n\n\t\t\t\t\t<span class=\"tribe-events-schedule__separator tribe-events-schedule__separator--date\">\n\t\t\t\t ore \t\t\t<\/span>\n\t\t\t<span class=\"tribe-events-schedule__time tribe-events-schedule__time--start\">\n\t\t\t\t9:30\t\t\t<\/span>\n\t\t\n\t\t\t\t\t\t\t\t\t<span class=\"tribe-events-schedule__separator tribe-events-schedule__separator--time\">\n\t\t\t\t\t &#8211; \t\t\t\t<\/span>\n\t\t\t\n\t\t\t\t\t\t\t<span class=\"tribe-events-schedule__time tribe-events-schedule__time--end\">\n\t\t\t\t\t18:00\t\t\t\t<\/span>\n\t\t\t\n\t\t\t\t\t\t<\/h2>\n<\/div>\n\n\n\n<div class=\"wp-block-columns is-layout-flex wp-container-core-columns-is-layout-9d6595d7 wp-block-columns-is-layout-flex\">\n<div class=\"wp-block-column is-layout-flow wp-block-column-is-layout-flow\">\n<p>Si svolger\u00e0\u00a0<strong>gioved\u00ec 28 settembre<\/strong>\u00a0l&#8217;edizione 2023 di\u00a0<strong><a href=\"https:\/\/www.jobunits.it\/\" target=\"_blank\" rel=\"noreferrer noopener\">job@uniTS<\/a>,<\/strong>\u00a0il\u00a0<strong>Career day\u00a0<\/strong>dell\u2019<strong>Universit\u00e0 degli Studi di Trieste\u00a0<\/strong>\u2013 giunto alla sua<strong>\u00a013\u00aa edizione\u00a0<\/strong>&#8211; che permette l&#8217;incontro tra importanti realt\u00e0 del mondo del lavoro e gli studenti, i laureati e i laureandi dell\u2019Ateneo triestino.<\/p>\n\n\n\n<p>L&#8217;evento&nbsp;<strong>si aprir\u00e0 alle 9.30 nell&#8217;Aula Magna<\/strong>&nbsp;(Edificio A, III piano)&nbsp;con i saluti del rettore&nbsp;<strong>Roberto Di Lenarda<\/strong>&nbsp;e dei rappresentanti delle istituzioni, per proseguire&nbsp;<strong>dalle 10 alle 18&nbsp;<\/strong>con i&nbsp;<strong>colloqui&nbsp;di selezione<\/strong>. Al termine, aperitivo all&#8217;aperto in piazzale Europa, con l&#8217;accompagnamento musicale dei&nbsp;Jazz Dealers.<\/p>\n\n\n\n<p>Le&nbsp;<strong>aziende italiane e straniere<\/strong>&nbsp;e gli&nbsp;enti del territorio&nbsp;presenti&nbsp;a&nbsp;job@uniTS&nbsp;2023 &#8211; ben&nbsp;<strong>54<\/strong>, una&nbsp;<strong>cifra record<\/strong>&nbsp;per l&#8217;iniziativa &#8211;&nbsp;rappresentano un&nbsp;elenco prestigioso e multisettoriale cos\u00ec composto:<\/p>\n\n\n\n<p>Accenture \u2022 AcegasApsAmga &#8211; Gruppo Hera \u2022 ADHR Group &#8211; Agenzia per il Lavoro \u2022 Alfa Sistemi&nbsp; S.p.A. \u2022 Allianz \u2022 Apleona \u2022 Arcese Group \u2022 Area Science Park \u2022 auxiell \u2022 BAT Trieste Innovation&nbsp; Hub \u2022 BDO Italia S.p.A. \u2022 Biofarma Group \u2022 Bracco \u2022 Comune di Trieste \u2022 Cooperativa la Quercia \u2022 Cooperativa Sociale Itaca \u2022 Costa Crociere S.p.A. \u2022 Cr\u00e9dit Agricole Italia S.p.A. \u2022 Cybertec &#8211; Gruppo&nbsp; Zucchetti \u2022 Danieli \u2022 Decathlon \u2022 Deloitte \u2022 DFDS Samer Seaports &amp; Terminals S.r.l. \u2022 Eataly \u2022 EssilorLuxottica \u2022 EY \u2022 Fincantieri \u2022 Friulia S.p.A. Finanziaria Regionale Friuli Venezia Giulia \u2022 Generali \u2022 GPI \u2022 Honeywell&nbsp; \u2022 Innova S.p.A. \u2022 KPMG \u2022 Leonardo \u2022 Lidl Italia \u2022 LimaCorporate \u2022 Manpower \u2022 Marchesini Group&nbsp; S.p.A. \u2022 MW.FEP S.p.A. \u2022 OVS \u2022 PwC \u2022 Randstad \u2022 Regione Autonoma Friuli Venezia Giulia \u2022 RINA \u2022 Roncadin S.p.A. SB \u2022 \u015ei\u015fecam Flat Glass Italy \u2022 SMS Group S.p.A. \u2022 Stiga S.p.A. \u2022 Taghleef Industries&nbsp; S.p.A. \u2022 Umana \u2022 UniCredit \u2022 Walter Group \u2022 W\u00e4rtsil\u00e4 \u2022 WindTre<\/p>\n\n\n\n<p><strong>Gioved\u00ec 14 settembre<\/strong>&nbsp;i referenti delle Risorse Umane&nbsp;di 17 tra le aziende partecipanti presenteranno online&nbsp;le proprie attivit\u00e0 d&#8217;impresa, descrivendo i profili pi\u00f9 richiesti nella ricerca di personale.<\/p>\n\n\n\n<p>Per quanti si iscriveranno&nbsp;il&nbsp;<strong>Career Service<\/strong>&nbsp;di Ateneo ha previsto una&nbsp;<strong>serie di laboratori di orientamento al lavoro<\/strong>, che si svolgeranno&nbsp;<strong>dall&#8217;11 al 21 settembre<\/strong>,&nbsp;per consentire ai candidati di sviluppare le competenze necessarie a sostenere in modo efficace un colloquio di selezione.&nbsp;<\/p>\n\n\n\n<p>Gli incontri preparatori toccheranno i seguenti temi:<\/p>\n\n\n\n<p><a href=\"https:\/\/web.units.it\/placement\/evento-49622\" target=\"_blank\" rel=\"noreferrer noopener\">Il CV vincente<\/a>&nbsp;(11\/9, ore 11)<br><a href=\"https:\/\/web.units.it\/placement\/evento-49620\" target=\"_blank\" rel=\"noreferrer noopener\">CV Clinic<\/a>&nbsp;(12-13\/9, ore 10)<br><a href=\"https:\/\/web.units.it\/placement\/evento-49624\" target=\"_blank\" rel=\"noreferrer noopener\">I servizi per il lavoro in Regione FVG, in Italia ed in Europa<\/a>&nbsp;(15\/9, ore 11)<br><a href=\"https:\/\/web.units.it\/placement\/evento-49626\" target=\"_blank\" rel=\"noreferrer noopener\">LinkedIn &#8211; come creare un profilo efficace per cercare lavoro<\/a>&nbsp;(18\/9, ore 11)<br><a href=\"https:\/\/web.units.it\/placement\/evento-49627\" target=\"_blank\" rel=\"noreferrer noopener\">I contratti di lavoro per un neolaureato<\/a>&nbsp;(20\/9, ore 11)<br><a href=\"https:\/\/web.units.it\/placement\/evento-49628\" target=\"_blank\" rel=\"noreferrer noopener\">Il colloquio di lavoro: esempi pratici e consigli<\/a>&nbsp;(21\/9, ore 11)<\/p>\n\n\n\n<p>Inoltre, nella giornata dei colloqui di selezione (28\/9)&nbsp;si svolger\u00e0 un&nbsp;<strong>Photo Clinic<\/strong>&nbsp;con un fotografo professionista, in cui i candidati potranno farsi scattare la foto-ritratto pi\u00f9 adatta a impreziosire il proprio curriculum vitae.<\/p>\n\n\n\n<p class=\"has-neve-link-color-color has-text-color\">Da venerd\u00ec 1\u00b0 a gioved\u00ec 21 settembre 2023 sono aperte le iscrizioni per sostenere i colloqui finalizzati all&#8217;assunzione<\/p>\n\n\n\n<div class=\"wp-block-buttons is-layout-flex wp-block-buttons-is-layout-flex\">\n<div class=\"wp-block-button is-style-primary\"><a class=\"wp-block-button__link wp-element-button\" href=\"https:\/\/units.almalaurea.it\/lau\/eventi\/dettaglioevento.aspx?idevento=1029&amp;lang=it\" target=\"_blank\" rel=\"noreferrer noopener\">ISCRIVITI<\/a><\/div>\n<\/div>\n<\/div>\n\n\n\n<div class=\"wp-block-column is-vertically-aligned-top is-layout-flow wp-block-column-is-layout-flow\" style=\"flex-basis:30%\">\n<figure class=\"wp-block-image size-full\"><img loading=\"lazy\" decoding=\"async\" width=\"592\" height=\"204\" src=\"https:\/\/100anni.units.it\/wp-content\/uploads\/2023\/11\/100UniTS_job@uniTS2023.png\" alt=\"Logo job@uniTS\" class=\"wp-image-2734\" srcset=\"https:\/\/100anni.units.it\/wp-content\/uploads\/2023\/11\/100UniTS_job@uniTS2023.png 592w, https:\/\/100anni.units.it\/wp-content\/uploads\/2023\/11\/100UniTS_job@uniTS2023-300x103.png 300w\" sizes=\"auto, (max-width: 592px) 100vw, 592px\" \/><\/figure>\n<\/div>\n<\/div>\n\n\n\n<div class=\"wp-block-columns are-vertically-aligned-center is-layout-flex wp-container-core-columns-is-layout-9d6595d7 wp-block-columns-is-layout-flex\">\n<div class=\"wp-block-column is-vertically-aligned-center is-layout-flow wp-block-column-is-layout-flow\"><div  class=\"tribe-block tribe-block__venue tribe-clearfix\" >\n\t\n\t\n<div class=\"tribe-block__venue__meta\">\n\t<div class=\"tribe-block__venue__name\">\n\t\t<h3>Aula Magna, ed. A<\/h3>\n\t<\/div>\n\n\t\n\t\t\t<address class=\"tribe-block__venue__address\">\n\t\t\t<span class=\"tribe-address\">\n\n<span class=\"tribe-street-address\">Piazzale Europa, 1<\/span>\n\t\n\t\t<br>\n\t\t<span class=\"tribe-locality\">Trieste<\/span><span class=\"tribe-delimiter\">,<\/span>\n\n\t<abbr class=\"tribe-region tribe-events-abbr\" title=\"TS\">TS<\/abbr>\n\n\t<span class=\"tribe-postal-code\">34100<\/span>\n\n\t<span class=\"tribe-country-name\">Italia<\/span>\n\n<\/span>\n\n\t\t\t\t\t<\/address>\n\t\n\t\n\t\n\t<\/div>\n\t\n\t<\/div>\n<\/div>\n\n\n\n<div class=\"wp-block-column is-vertically-aligned-center is-layout-flow wp-block-column-is-layout-flow\" style=\"flex-basis:30%\">\n<div class=\"wp-block-group is-vertical is-content-justification-center is-layout-flex wp-container-core-group-is-layout-0472769e wp-block-group-is-layout-flex\">\t<div  class=\"tribe-block tribe-block__events-link\" >\n\t\t<div class=\"tribe-events tribe-common\">\n\t\t\t<div class=\"tribe-events-c-subscribe-dropdown__container\">\n\t\t\t\t<div class=\"tribe-events-c-subscribe-dropdown\">\n\t\t\t\t\t<div class=\"tribe-common-c-btn-border tribe-events-c-subscribe-dropdown__button\" tabindex=\"0\">\n\t\t\t\t\t\t<svg  class=\"tribe-common-c-svgicon tribe-common-c-svgicon--cal-export tribe-events-c-subscribe-dropdown__export-icon\"  viewBox=\"0 0 23 17\" xmlns=\"http:\/\/www.w3.org\/2000\/svg\">\n  <path fill-rule=\"evenodd\" clip-rule=\"evenodd\" d=\"M.128.896V16.13c0 .211.145.383.323.383h15.354c.179 0 .323-.172.323-.383V.896c0-.212-.144-.383-.323-.383H.451C.273.513.128.684.128.896Zm16 6.742h-.901V4.679H1.009v10.729h14.218v-3.336h.901V7.638ZM1.01 1.614h14.218v2.058H1.009V1.614Z\" \/>\n  <path d=\"M20.5 9.846H8.312M18.524 6.953l2.89 2.909-2.855 2.855\" stroke-width=\"1.2\" stroke-linecap=\"round\" stroke-linejoin=\"round\"\/>\n<\/svg>\n\t\t\t\t\t\t<button class=\"tribe-events-c-subscribe-dropdown__button-text\">\n\t\t\t\t\t\t\tSalva nel tuo calendario\t\t\t\t\t\t<\/button>\n\t\t\t\t\t\t<svg  class=\"tribe-common-c-svgicon tribe-common-c-svgicon--caret-down tribe-events-c-subscribe-dropdown__button-icon\"  viewBox=\"0 0 10 7\" xmlns=\"http:\/\/www.w3.org\/2000\/svg\"><path fill-rule=\"evenodd\" clip-rule=\"evenodd\" d=\"M1.008.609L5 4.6 8.992.61l.958.958L5 6.517.05 1.566l.958-.958z\" class=\"tribe-common-c-svgicon__svg-fill\"\/><\/svg>\n\t\t\t\t\t<\/div>\n\t\t\t\t\t<div class=\"tribe-events-c-subscribe-dropdown__content\">\n\t\t\t\t\t\t<ul class=\"tribe-events-c-subscribe-dropdown__list\" tabindex=\"0\">\n\t\t\t\t\t\t\t\t\t\t\t\t\t\t\t<li class=\"tribe-events-c-subscribe-dropdown__list-item\">\n\t\t\t\t\t\t\t\t\t<a\n\t\t\t\t\t\t\t\t\t\thref=\"https:\/\/www.google.com\/calendar\/event?action=TEMPLATE&#038;dates=20230928T093000\/20230928T180000&#038;text=job%40uniTS%20%E2%80%93%20Edizione%202023&#038;details=%3C%21--+wp%3Atribe%2Fevent-datetime+%2F--%3E%3C%21--+wp%3Acolumns+--%3E%3Cdiv+class%3D%22wp-block-columns%22%3E%3C%21--+wp%3Acolumn+%7B%22width%22%3A%22%22%7D+--%3E%3Cdiv+class%3D%22wp-block-column%22%3E%3C%21--+wp%3Aparagraph+--%3E%3Cp%3ESi+svolger%C3%A0%C2%A0%3Cstrong%3Egioved%C3%AC+28+settembre%3C%2Fstrong%3E%C2%A0l%27edizione+2023+di%C2%A0%3Cstrong%3E%3Ca+href%3D%22https%3A%2F%2Fwww.jobunits.it%2F%22+target%3D%22_blank%22+rel%3D%22noreferrer+noopener%22%3Ejob%40uniTS%3C%2Fa%3E%2C%3C%2Fstrong%3E%C2%A0il%C2%A0%3Cstrong%3ECareer+day%C2%A0%3C%2Fstrong%3Edell%E2%80%99%3Cstrong%3EUniversit%C3%A0+degli+Studi+di+Trieste%C2%A0%3C%2Fstrong%3E%E2%80%93+giunto+alla+sua%3Cstrong%3E%C2%A013%C2%AA+edizione%C2%A0%3C%2Fstrong%3E-+che+permette+l%27incontro+tra+importanti+realt%C3%A0+del+mondo+del+lavoro+e+gli+studenti%2C+i+laureati+e+i+laureandi+dell%E2%80%99Ateneo+triestino.%3C%2Fp%3E%3C%21--+%2Fwp%3Aparagraph+--%3E%3C%21--+wp%3Aparagraph+--%3E%3Cp%3EL%27evento%26nbs%20(View%20Full%20evento%20Description%20Here:%20https:\/\/100anni.units.it\/index.php\/evento\/jobunits\/)&#038;location=Aula%20Magna,%20ed.%20A,%20Piazzale%20Europa,%201,%20Trieste,%20TS,%2034100,%20Italia&#038;trp=false&#038;ctz=Europe\/Rome&#038;sprop=website:https:\/\/100anni.units.it\"\n\t\t\t\t\t\t\t\t\t\tclass=\"tribe-events-c-subscribe-dropdown__list-item-link\"\n\t\t\t\t\t\t\t\t\t\ttabindex=\"0\"\n\t\t\t\t\t\t\t\t\t\ttarget=\"_blank\"\n\t\t\t\t\t\t\t\t\t\trel=\"noopener noreferrer nofollow noindex\"\n\t\t\t\t\t\t\t\t\t>\n\t\t\t\t\t\t\t\t\t\tGoogle Calendar\t\t\t\t\t\t\t\t\t<\/a>\n\t\t\t\t\t\t\t\t<\/li>\n\t\t\t\t\t\t\t\t\t\t\t\t\t\t\t<li class=\"tribe-events-c-subscribe-dropdown__list-item\">\n\t\t\t\t\t\t\t\t\t<a\n\t\t\t\t\t\t\t\t\t\thref=\"\"\n\t\t\t\t\t\t\t\t\t\tclass=\"tribe-events-c-subscribe-dropdown__list-item-link\"\n\t\t\t\t\t\t\t\t\t\ttabindex=\"0\"\n\t\t\t\t\t\t\t\t\t\ttarget=\"_blank\"\n\t\t\t\t\t\t\t\t\t\trel=\"noopener noreferrer nofollow noindex\"\n\t\t\t\t\t\t\t\t\t>\n\t\t\t\t\t\t\t\t\t\tiCalendar\t\t\t\t\t\t\t\t\t<\/a>\n\t\t\t\t\t\t\t\t<\/li>\n\t\t\t\t\t\t\t\t\t\t\t\t\t\t\t<li class=\"tribe-events-c-subscribe-dropdown__list-item\">\n\t\t\t\t\t\t\t\t\t<a\n\t\t\t\t\t\t\t\t\t\thref=\"\"\n\t\t\t\t\t\t\t\t\t\tclass=\"tribe-events-c-subscribe-dropdown__list-item-link\"\n\t\t\t\t\t\t\t\t\t\ttabindex=\"0\"\n\t\t\t\t\t\t\t\t\t\ttarget=\"_blank\"\n\t\t\t\t\t\t\t\t\t\trel=\"noopener noreferrer nofollow noindex\"\n\t\t\t\t\t\t\t\t\t>\n\t\t\t\t\t\t\t\t\t\tOutlook 365\t\t\t\t\t\t\t\t\t<\/a>\n\t\t\t\t\t\t\t\t<\/li>\n\t\t\t\t\t\t\t\t\t\t\t\t\t\t\t<li class=\"tribe-events-c-subscribe-dropdown__list-item\">\n\t\t\t\t\t\t\t\t\t<a\n\t\t\t\t\t\t\t\t\t\thref=\"\"\n\t\t\t\t\t\t\t\t\t\tclass=\"tribe-events-c-subscribe-dropdown__list-item-link\"\n\t\t\t\t\t\t\t\t\t\ttabindex=\"0\"\n\t\t\t\t\t\t\t\t\t\ttarget=\"_blank\"\n\t\t\t\t\t\t\t\t\t\trel=\"noopener noreferrer nofollow noindex\"\n\t\t\t\t\t\t\t\t\t>\n\t\t\t\t\t\t\t\t\t\tOutlook Live\t\t\t\t\t\t\t\t\t<\/a>\n\t\t\t\t\t\t\t\t<\/li>\n\t\t\t\t\t\t\t\t\t\t\t\t\t<\/ul>\n\t\t\t\t\t<\/div>\n\t\t\t\t<\/div>\n\t\t\t<\/div>\n\t\t<\/div>\n\t<\/div>\n\n<\/div>\n<\/div>\n<\/div>\n\n\n\n<div style=\"height:100px\" aria-hidden=\"true\" class=\"wp-block-spacer\"><\/div>\n","protected":false},"excerpt":{"rendered":"<p>Nell&#8217;edizione 2023 ci saranno 54 aziende italiane, estere ed enti del territorio in cerca di personale. Iscrizioni dal 1\u00b0 al 21 settembre<\/p>\n","protected":false},"author":1,"featured_media":2734,"comment_status":"closed","ping_status":"closed","template":"","meta":{"neve_meta_sidebar":"","neve_meta_container":"","neve_meta_enable_content_width":"","neve_meta_content_width":0,"neve_meta_title_alignment":"","neve_meta_author_avatar":"","neve_post_elements_order":"","neve_meta_disable_header":"","neve_meta_disable_footer":"","neve_meta_disable_title":"","_EventAllDay":false,"_EventTimezone":"Europe\/Rome","_EventStartDate":"2023-09-28 09:30:00","_EventEndDate":"2023-09-28 18:00:00","_EventStartDateUTC":"2023-09-28 07:30:00","_EventEndDateUTC":"2023-09-28 16:00:00","_EventShowMap":false,"_EventShowMapLink":false,"_EventURL":"","_EventCost":"","_EventCostDescription":"","_EventCurrencySymbol":"\u20ac","_EventCurrencyCode":"EUR","_EventCurrencyPosition":"prefix","_EventDateTimeSeparator":" ore ","_EventTimeRangeSeparator":" - ","_EventOrganizerID":[],"_EventVenueID":[226],"_OrganizerEmail":"","_OrganizerPhone":"","_OrganizerWebsite":"","_VenueAddress":"","_VenueCity":"","_VenueCountry":"","_VenueProvince":"","_VenueState":"","_VenueZip":"","_VenuePhone":"","_VenueURL":"","_VenueStateProvince":"","_VenueLat":"","_VenueLng":"","_VenueShowMap":false,"_VenueShowMapLink":false,"_ti_tpc_template_sync":false,"_ti_tpc_template_id":"","_tribe_events_status":"","_tribe_events_status_reason":"","footnotes":""},"tags":[],"tribe_events_cat":[3],"class_list":["post-2732","tribe_events","type-tribe_events","status-publish","has-post-thumbnail","hentry","tribe_events_cat-ateneo","cat_ateneo"],"yoast_head":"<!-- This site is optimized with the Yoast SEO plugin v21.0 - https:\/\/yoast.com\/wordpress\/plugins\/seo\/ -->\n<title>job@uniTS \u2013 Edizione 2023 &ndash; #100UniTS<\/title>\n<meta name=\"description\" content=\"Nell&#039;edizione 2023 ci saranno 54 aziende italiane, estere ed enti del territorio in cerca di personale. Iscrizioni dal 1\u00b0 al 21 settembre\" \/>\n<meta name=\"robots\" content=\"index, follow, max-snippet:-1, max-image-preview:large, max-video-preview:-1\" \/>\n<link rel=\"canonical\" href=\"https:\/\/100anni.units.it\/index.php\/evento\/jobunits\/\" \/>\n<meta property=\"og:locale\" content=\"it_IT\" \/>\n<meta property=\"og:type\" content=\"article\" \/>\n<meta property=\"og:title\" content=\"job@uniTS \u2013 Edizione 2023 &ndash; #100UniTS\" \/>\n<meta property=\"og:description\" content=\"Nell&#039;edizione 2023 ci saranno 54 aziende italiane, estere ed enti del territorio in cerca di personale. Iscrizioni dal 1\u00b0 al 21 settembre\" \/>\n<meta property=\"og:url\" content=\"https:\/\/100anni.units.it\/index.php\/evento\/jobunits\/\" \/>\n<meta property=\"og:site_name\" content=\"#100UniTS\" \/>\n<meta property=\"article:publisher\" content=\"https:\/\/www.facebook.com\/universitatrieste\" \/>\n<meta property=\"article:modified_time\" content=\"2023-12-06T12:55:54+00:00\" \/>\n<meta property=\"og:image\" content=\"https:\/\/100anni.units.it\/wp-content\/uploads\/2023\/11\/100UniTS_job@uniTS2023.png\" \/>\n\t<meta property=\"og:image:width\" content=\"592\" \/>\n\t<meta property=\"og:image:height\" content=\"204\" \/>\n\t<meta property=\"og:image:type\" content=\"image\/png\" \/>\n<meta name=\"twitter:card\" content=\"summary_large_image\" \/>\n<meta name=\"twitter:site\" content=\"@UniTrieste\" \/>\n<meta name=\"twitter:label1\" content=\"Tempo di lettura stimato\" \/>\n\t<meta name=\"twitter:data1\" content=\"3 minuti\" \/>\n<script type=\"application\/ld+json\" class=\"yoast-schema-graph\">{\"@context\":\"https:\/\/schema.org\",\"@graph\":[{\"@type\":\"WebPage\",\"@id\":\"https:\/\/100anni.units.it\/index.php\/evento\/jobunits\/\",\"url\":\"https:\/\/100anni.units.it\/index.php\/evento\/jobunits\/\",\"name\":\"job@uniTS \u2013 Edizione 2023 &ndash; #100UniTS\",\"isPartOf\":{\"@id\":\"https:\/\/100anni.units.it\/#website\"},\"datePublished\":\"2023-12-01T12:14:40+00:00\",\"dateModified\":\"2023-12-06T12:55:54+00:00\",\"description\":\"Nell'edizione 2023 ci saranno 54 aziende italiane, estere ed enti del territorio in cerca di personale. Iscrizioni dal 1\u00b0 al 21 settembre\",\"breadcrumb\":{\"@id\":\"https:\/\/100anni.units.it\/index.php\/evento\/jobunits\/#breadcrumb\"},\"inLanguage\":\"it-IT\",\"potentialAction\":[{\"@type\":\"ReadAction\",\"target\":[\"https:\/\/100anni.units.it\/index.php\/evento\/jobunits\/\"]}]},{\"@type\":\"BreadcrumbList\",\"@id\":\"https:\/\/100anni.units.it\/index.php\/evento\/jobunits\/#breadcrumb\",\"itemListElement\":[{\"@type\":\"ListItem\",\"position\":1,\"name\":\"Eventi\",\"item\":\"https:\/\/100anni.units.it\/index.php\/eventi\/\"},{\"@type\":\"ListItem\",\"position\":2,\"name\":\"job@uniTS \u2013 Edizione 2023\"}]},{\"@type\":\"WebSite\",\"@id\":\"https:\/\/100anni.units.it\/#website\",\"url\":\"https:\/\/100anni.units.it\/\",\"name\":\"#100UniTS\",\"description\":\"Ogni giorno, da cento anni, con noi puoi scoprire ci\u00f2 che sar\u00e0 realt\u00e0 nel futuro. Celebriamo insieme un secolo di ricerca, eccellenza, creativit\u00e0 e ingegno umano.\",\"publisher\":{\"@id\":\"https:\/\/100anni.units.it\/#organization\"},\"potentialAction\":[{\"@type\":\"SearchAction\",\"target\":{\"@type\":\"EntryPoint\",\"urlTemplate\":\"https:\/\/100anni.units.it\/?s={search_term_string}\"},\"query-input\":\"required name=search_term_string\"}],\"inLanguage\":\"it-IT\"},{\"@type\":\"Organization\",\"@id\":\"https:\/\/100anni.units.it\/#organization\",\"name\":\"Universit\u00e0 degli Studi di Trieste\",\"alternateName\":\"UniTS\",\"url\":\"https:\/\/100anni.units.it\/\",\"logo\":{\"@type\":\"ImageObject\",\"inLanguage\":\"it-IT\",\"@id\":\"https:\/\/100anni.units.it\/#\/schema\/logo\/image\/\",\"url\":\"https:\/\/100anni.units.it\/wp-content\/uploads\/2023\/08\/units_sigillo.png\",\"contentUrl\":\"https:\/\/100anni.units.it\/wp-content\/uploads\/2023\/08\/units_sigillo.png\",\"width\":696,\"height\":696,\"caption\":\"Universit\u00e0 degli Studi di Trieste\"},\"image\":{\"@id\":\"https:\/\/100anni.units.it\/#\/schema\/logo\/image\/\"},\"sameAs\":[\"https:\/\/www.facebook.com\/universitatrieste\",\"https:\/\/twitter.com\/UniTrieste\"]}]}<\/script>\n<!-- \/ Yoast SEO plugin. -->","yoast_head_json":{"title":"job@uniTS \u2013 Edizione 2023 &ndash; #100UniTS","description":"Nell'edizione 2023 ci saranno 54 aziende italiane, estere ed enti del territorio in cerca di personale. Iscrizioni dal 1\u00b0 al 21 settembre","robots":{"index":"index","follow":"follow","max-snippet":"max-snippet:-1","max-image-preview":"max-image-preview:large","max-video-preview":"max-video-preview:-1"},"canonical":"https:\/\/100anni.units.it\/index.php\/evento\/jobunits\/","og_locale":"it_IT","og_type":"article","og_title":"job@uniTS \u2013 Edizione 2023 &ndash; #100UniTS","og_description":"Nell'edizione 2023 ci saranno 54 aziende italiane, estere ed enti del territorio in cerca di personale. Iscrizioni dal 1\u00b0 al 21 settembre","og_url":"https:\/\/100anni.units.it\/index.php\/evento\/jobunits\/","og_site_name":"#100UniTS","article_publisher":"https:\/\/www.facebook.com\/universitatrieste","article_modified_time":"2023-12-06T12:55:54+00:00","og_image":[{"width":592,"height":204,"url":"https:\/\/100anni.units.it\/wp-content\/uploads\/2023\/11\/100UniTS_job@uniTS2023.png","type":"image\/png"}],"twitter_card":"summary_large_image","twitter_site":"@UniTrieste","twitter_misc":{"Tempo di lettura stimato":"3 minuti"},"schema":{"@context":"https:\/\/schema.org","@graph":[{"@type":"WebPage","@id":"https:\/\/100anni.units.it\/index.php\/evento\/jobunits\/","url":"https:\/\/100anni.units.it\/index.php\/evento\/jobunits\/","name":"job@uniTS \u2013 Edizione 2023 &ndash; #100UniTS","isPartOf":{"@id":"https:\/\/100anni.units.it\/#website"},"datePublished":"2023-12-01T12:14:40+00:00","dateModified":"2023-12-06T12:55:54+00:00","description":"Nell'edizione 2023 ci saranno 54 aziende italiane, estere ed enti del territorio in cerca di personale. Iscrizioni dal 1\u00b0 al 21 settembre","breadcrumb":{"@id":"https:\/\/100anni.units.it\/index.php\/evento\/jobunits\/#breadcrumb"},"inLanguage":"it-IT","potentialAction":[{"@type":"ReadAction","target":["https:\/\/100anni.units.it\/index.php\/evento\/jobunits\/"]}]},{"@type":"BreadcrumbList","@id":"https:\/\/100anni.units.it\/index.php\/evento\/jobunits\/#breadcrumb","itemListElement":[{"@type":"ListItem","position":1,"name":"Eventi","item":"https:\/\/100anni.units.it\/index.php\/eventi\/"},{"@type":"ListItem","position":2,"name":"job@uniTS \u2013 Edizione 2023"}]},{"@type":"WebSite","@id":"https:\/\/100anni.units.it\/#website","url":"https:\/\/100anni.units.it\/","name":"#100UniTS","description":"Ogni giorno, da cento anni, con noi puoi scoprire ci\u00f2 che sar\u00e0 realt\u00e0 nel futuro. Celebriamo insieme un secolo di ricerca, eccellenza, creativit\u00e0 e ingegno umano.","publisher":{"@id":"https:\/\/100anni.units.it\/#organization"},"potentialAction":[{"@type":"SearchAction","target":{"@type":"EntryPoint","urlTemplate":"https:\/\/100anni.units.it\/?s={search_term_string}"},"query-input":"required name=search_term_string"}],"inLanguage":"it-IT"},{"@type":"Organization","@id":"https:\/\/100anni.units.it\/#organization","name":"Universit\u00e0 degli Studi di Trieste","alternateName":"UniTS","url":"https:\/\/100anni.units.it\/","logo":{"@type":"ImageObject","inLanguage":"it-IT","@id":"https:\/\/100anni.units.it\/#\/schema\/logo\/image\/","url":"https:\/\/100anni.units.it\/wp-content\/uploads\/2023\/08\/units_sigillo.png","contentUrl":"https:\/\/100anni.units.it\/wp-content\/uploads\/2023\/08\/units_sigillo.png","width":696,"height":696,"caption":"Universit\u00e0 degli Studi di Trieste"},"image":{"@id":"https:\/\/100anni.units.it\/#\/schema\/logo\/image\/"},"sameAs":["https:\/\/www.facebook.com\/universitatrieste","https:\/\/twitter.com\/UniTrieste"]}]}},"_links":{"self":[{"href":"https:\/\/100anni.units.it\/index.php\/wp-json\/wp\/v2\/tribe_events\/2732","targetHints":{"allow":["GET"]}}],"collection":[{"href":"https:\/\/100anni.units.it\/index.php\/wp-json\/wp\/v2\/tribe_events"}],"about":[{"href":"https:\/\/100anni.units.it\/index.php\/wp-json\/wp\/v2\/types\/tribe_events"}],"author":[{"embeddable":true,"href":"https:\/\/100anni.units.it\/index.php\/wp-json\/wp\/v2\/users\/1"}],"replies":[{"embeddable":true,"href":"https:\/\/100anni.units.it\/index.php\/wp-json\/wp\/v2\/comments?post=2732"}],"version-history":[{"count":10,"href":"https:\/\/100anni.units.it\/index.php\/wp-json\/wp\/v2\/tribe_events\/2732\/revisions"}],"predecessor-version":[{"id":3074,"href":"https:\/\/100anni.units.it\/index.php\/wp-json\/wp\/v2\/tribe_events\/2732\/revisions\/3074"}],"wp:featuredmedia":[{"embeddable":true,"href":"https:\/\/100anni.units.it\/index.php\/wp-json\/wp\/v2\/media\/2734"}],"wp:attachment":[{"href":"https:\/\/100anni.units.it\/index.php\/wp-json\/wp\/v2\/media?parent=2732"}],"wp:term":[{"taxonomy":"post_tag","embeddable":true,"href":"https:\/\/100anni.units.it\/index.php\/wp-json\/wp\/v2\/tags?post=2732"},{"taxonomy":"tribe_events_cat","embeddable":true,"href":"https:\/\/100anni.units.it\/index.php\/wp-json\/wp\/v2\/tribe_events_cat?post=2732"}],"curies":[{"name":"wp","href":"https:\/\/api.w.org\/{rel}","templated":true}]}}