{"id":2740,"date":"2023-12-01T12:59:03","date_gmt":"2023-12-01T11:59:03","guid":{"rendered":"https:\/\/100anni.units.it\/?post_type=tribe_events&#038;p=2740"},"modified":"2023-12-06T13:44:33","modified_gmt":"2023-12-06T12:44:33","slug":"trieste-next","status":"publish","type":"tribe_events","link":"https:\/\/100anni.units.it\/index.php\/evento\/trieste-next\/","title":{"rendered":"Trieste Next 12\u00aa edizione"},"content":{"rendered":"<div  class=\"tribe-events-schedule tribe-clearfix\" >\n\t<h2 class=\"tribe-events-schedule__datetime\">\n\t\t<span class=\"tribe-events-schedule__date tribe-events-schedule__date--start\">\n\t\t\t22 Settembre 2023\t\t<\/span>\n\n\t\t\n\t\t\t\t\t\t\t\t\t<span class=\"tribe-events-schedule__separator tribe-events-schedule__separator--time\">\n\t\t\t\t\t &#8211; \t\t\t\t<\/span>\n\t\t\t\n\t\t\t\t\t\t\t<span class=\"tribe-events-schedule__date tribe-events-schedule__date--end\">\n\t\t\t\t\t24 Settembre 2023\t\t\t\t<\/span>\n\n\t\t\t\t\n\t\t\t\n\t\t\t\t\t\t<\/h2>\n<\/div>\n\n\n\n<div class=\"wp-block-columns is-layout-flex wp-container-core-columns-is-layout-9d6595d7 wp-block-columns-is-layout-flex\">\n<div class=\"wp-block-column is-layout-flow wp-block-column-is-layout-flow\">\n<p>Ritorna&nbsp;<strong>Trieste Next<\/strong>, il festival della ricerca scientifica, che si svolger\u00e0&nbsp;<strong>da venerd\u00ec 22 a domenica 24 settembre 2023<\/strong>&nbsp;nel capoluogo giuliano, con un programma sempre pi\u00f9 internazionale e tanti ospiti di rilievo.<\/p>\n\n\n\n<p><em><strong>Un mondo nuovo. Scienza, cultura, innovazione per un futuro sostenibile<\/strong><\/em>, citazione del celebre romanzo fantascientifico di Aldous Huxley, sar\u00e0 il titolo della\u00a0<strong>12\u00aa edizione<\/strong>, contraddistinta dalla presenza di\u00a0<strong>300 scienziati, umanisti e grandi personalit\u00e0<\/strong>\u00a0provenienti dall\u2019Italia e dal mondo,\u00a0<strong>un centinaio di eventi, un terzo\u00a0<\/strong>dei quali proposti\u00a0<strong>in lingua inglese, 45 spazi espositivi<\/strong>\u00a0allestiti in Piazza Unit\u00e0,\u00a0<strong>65 attivit\u00e0 per le scuole<\/strong>\u00a0e\u00a0un nuovo\u00a0<strong>premio letterario, Science Book of the Year,<\/strong>\u00a0dedicato ai maestri della divulgazione scientifica.<\/p>\n\n\n\n<p>Trieste Next 2023, come lascia intendere il titolo di questa edizione, prover\u00e0 a tracciare il profilo del mondo nuovo che \u00e8 necessario costruire come conseguenza della crisi climatica.&nbsp;Esplorer\u00e0 temi come i cambiamenti climatici e l\u2019emergenza acqua, la transizione energetica e i costi della sostenibilit\u00e0, l\u2019intelligenza artificiale nei&nbsp;benefici e nei rischi che comporta per l\u2019essere umano, le biotecnologie, i nuovi materiali e i nuovi farmaci, lo spazio e ci\u00f2 che ancora dobbiamo comprendere dell\u2019Universo. In questo percorso si avvarr\u00e0 di un&#8217;alleanza tra scienziati e umanisti, tra progresso scientifico e pensiero critico.<\/p>\n\n\n\n<p>Tra gli ospiti principali di questa edizione figurano\u00a0<strong>Andrea Rinaldo<\/strong>, vincitore dell\u2019<strong>International Stockholm Water Prize 2023<\/strong>, definito il \u201cNobel dell\u2019Acqua\u201d,\u00a0<strong>Henry Sanderson<\/strong>\u00a0e\u00a0<strong>Paul Ekins<\/strong>, tra i maggiori esperti mondiali di geopolitica delle risorse,\u00a0<strong>Giulio Boccaletti<\/strong>, direttore scientifico del Centro Euro-Mediterraneo sui Cambiamenti Climatici e Chief Strategy Officer di The Nature Conservancy, la pi\u00f9 grande organizzazione ambientale al mondo,\u00a0<strong>Ersilia Vaudo<\/strong>, astrofisica e Chief Diversity Officer dell\u2019Agenzia Spaziale Europea,\u00a0<strong>Sandra Savaglio<\/strong>, celebre astrofisica dell\u2019Universit\u00e0 della Calabria, cui la rivista <em>Time <\/em>aveva dedicato una copertina,<strong>\u00a0Chiara Valerio<\/strong>, nota scrittrice e saggista, e\u00a0<strong>Bruce Bassett<\/strong>, cosmologo dell\u2019African Institute for Mathematical Sciences di Cape Town e autore del celebre saggio <em>La relativit\u00e0 a fumetti<\/em>.<\/p>\n\n\n\n<p>Trieste Next si arricchir\u00e0, inoltre, della presenza di 400 ricercatori e studenti universitari provenienti da tutt\u2019Europa che giungeranno nel capoluogo giuliano per seguire il festival, grazie ai progetti\u00a0Academy Italia e International Academy.<\/p>\n\n\n\n<p>Anche quest\u2019anno tutti gli incontri della manifestazione si potranno seguire in presenza e in diretta streaming sul&nbsp;<a href=\"https:\/\/www.youtube.com\/@triestenextfestival\" target=\"_blank\" rel=\"noreferrer noopener\">canale YouTube di Trieste Next<\/a>.<\/p>\n\n\n\n<p>L<strong>&#8216;Universit\u00e0 degli Studi di Trieste<\/strong>, che\u00a0<strong>coordina il comitato scientifico di Trieste Next<\/strong>, sar\u00e0 ancora una volta protagonista della manifestazione con\u00a0<strong>12 conferenze\u00a0<\/strong>(di cui<strong>\u00a05 in lingua inglese<\/strong>),\u00a0<strong>un&#8217;iniziativa rivolta alle scuole<\/strong>\u00a0e\u00a0<strong>13 laboratori interattivi\u00a0<\/strong>allestiti nella tensostruttura di Piazza Unit\u00e0 che favoriranno l&#8217;incontro tra la ricerca scientifica e il grande pubblico. Anche questa edizione si avvarr\u00e0 dell&#8217;insostituibile\u00a0contributo di 200 volontari, studenti di UniTS che vivranno da protagonisti la manifestazione entrando a far parte dello staff.<\/p>\n\n\n\n<p>Il <a href=\"https:\/\/www.units.it\/news\/un-mondo-nuovo-scienza-cultura-innovazione-un-futuro-sostenibile\" target=\"_blank\" rel=\"noreferrer noopener\">programma completo UniTS<\/a> \u00e8 consultabile sul sito di Ateneo.<\/p>\n<\/div>\n\n\n\n<div class=\"wp-block-column is-vertically-aligned-top is-layout-flow wp-block-column-is-layout-flow\" style=\"flex-basis:30%\">\n<figure class=\"wp-block-image size-large\"><img loading=\"lazy\" decoding=\"async\" width=\"1024\" height=\"576\" src=\"https:\/\/100anni.units.it\/wp-content\/uploads\/2023\/11\/100UniTS_TriesteNext-1024x576.jpg\" alt=\"Banner 12\u00aa edizione Trieste Next\" class=\"wp-image-2745\" srcset=\"https:\/\/100anni.units.it\/wp-content\/uploads\/2023\/11\/100UniTS_TriesteNext-1024x576.jpg 1024w, https:\/\/100anni.units.it\/wp-content\/uploads\/2023\/11\/100UniTS_TriesteNext-300x169.jpg 300w, https:\/\/100anni.units.it\/wp-content\/uploads\/2023\/11\/100UniTS_TriesteNext-768x432.jpg 768w, https:\/\/100anni.units.it\/wp-content\/uploads\/2023\/11\/100UniTS_TriesteNext-1536x864.jpg 1536w, https:\/\/100anni.units.it\/wp-content\/uploads\/2023\/11\/100UniTS_TriesteNext.jpg 1700w\" sizes=\"auto, (max-width: 1024px) 100vw, 1024px\" \/><\/figure>\n<\/div>\n<\/div>\n\n\n\n<div class=\"wp-block-columns are-vertically-aligned-center is-layout-flex wp-container-core-columns-is-layout-9d6595d7 wp-block-columns-is-layout-flex\">\n<div class=\"wp-block-column is-vertically-aligned-center is-layout-flow wp-block-column-is-layout-flow\"><div  class=\"tribe-block tribe-block__venue tribe-clearfix\" >\n\t\n\t\n<div class=\"tribe-block__venue__meta\">\n\t<div class=\"tribe-block__venue__name\">\n\t\t<h3>Sedi di svolgimento degli eventi disponibili nel programma UniTS<\/h3>\n\t<\/div>\n\n\t\n\t\n\t\n\t\n\t<\/div>\n\t\n\t<\/div>\n<\/div>\n\n\n\n<div class=\"wp-block-column is-vertically-aligned-center is-layout-flow wp-block-column-is-layout-flow\" style=\"flex-basis:30%\">\n<div class=\"wp-block-group is-vertical is-content-justification-center is-layout-flex wp-container-core-group-is-layout-0472769e wp-block-group-is-layout-flex\">\t<div  class=\"tribe-block tribe-block__events-link\" >\n\t\t<div class=\"tribe-events tribe-common\">\n\t\t\t<div class=\"tribe-events-c-subscribe-dropdown__container\">\n\t\t\t\t<div class=\"tribe-events-c-subscribe-dropdown\">\n\t\t\t\t\t<div class=\"tribe-common-c-btn-border tribe-events-c-subscribe-dropdown__button\" tabindex=\"0\">\n\t\t\t\t\t\t<svg  class=\"tribe-common-c-svgicon tribe-common-c-svgicon--cal-export tribe-events-c-subscribe-dropdown__export-icon\"  viewBox=\"0 0 23 17\" xmlns=\"http:\/\/www.w3.org\/2000\/svg\">\n  <path fill-rule=\"evenodd\" clip-rule=\"evenodd\" d=\"M.128.896V16.13c0 .211.145.383.323.383h15.354c.179 0 .323-.172.323-.383V.896c0-.212-.144-.383-.323-.383H.451C.273.513.128.684.128.896Zm16 6.742h-.901V4.679H1.009v10.729h14.218v-3.336h.901V7.638ZM1.01 1.614h14.218v2.058H1.009V1.614Z\" \/>\n  <path d=\"M20.5 9.846H8.312M18.524 6.953l2.89 2.909-2.855 2.855\" stroke-width=\"1.2\" stroke-linecap=\"round\" stroke-linejoin=\"round\"\/>\n<\/svg>\n\t\t\t\t\t\t<button class=\"tribe-events-c-subscribe-dropdown__button-text\">\n\t\t\t\t\t\t\tSalva nel tuo calendario\t\t\t\t\t\t<\/button>\n\t\t\t\t\t\t<svg  class=\"tribe-common-c-svgicon tribe-common-c-svgicon--caret-down tribe-events-c-subscribe-dropdown__button-icon\"  viewBox=\"0 0 10 7\" xmlns=\"http:\/\/www.w3.org\/2000\/svg\"><path fill-rule=\"evenodd\" clip-rule=\"evenodd\" d=\"M1.008.609L5 4.6 8.992.61l.958.958L5 6.517.05 1.566l.958-.958z\" class=\"tribe-common-c-svgicon__svg-fill\"\/><\/svg>\n\t\t\t\t\t<\/div>\n\t\t\t\t\t<div class=\"tribe-events-c-subscribe-dropdown__content\">\n\t\t\t\t\t\t<ul class=\"tribe-events-c-subscribe-dropdown__list\" tabindex=\"0\">\n\t\t\t\t\t\t\t\t\t\t\t\t\t\t\t<li class=\"tribe-events-c-subscribe-dropdown__list-item\">\n\t\t\t\t\t\t\t\t\t<a\n\t\t\t\t\t\t\t\t\t\thref=\"https:\/\/www.google.com\/calendar\/event?action=TEMPLATE&#038;dates=20230922T000000\/20230924T235959&#038;text=Trieste%20Next%2012%C2%AA%20edizione&#038;details=%3C%21--+wp%3Atribe%2Fevent-datetime+%2F--%3E%3C%21--+wp%3Acolumns+--%3E%3Cdiv+class%3D%22wp-block-columns%22%3E%3C%21--+wp%3Acolumn+%7B%22width%22%3A%22%22%7D+--%3E%3Cdiv+class%3D%22wp-block-column%22%3E%3C%21--+wp%3Aparagraph+--%3E%3Cp%3ERitorna%26nbsp%3B%3Cstrong%3ETrieste+Next%3C%2Fstrong%3E%2C+il+festival+della+ricerca+scientifica%2C+che+si+svolger%C3%A0%26nbsp%3B%3Cstrong%3Eda+venerd%C3%AC+22+a+domenica+24+settembre+2023%3C%2Fstrong%3E%26nbsp%3Bnel+capoluogo+giuliano%2C+con+un+programma+sempre+pi%C3%B9+internazionale+e+tanti+ospiti+di+rilievo.%3C%2Fp%3E%3C%21--+%2Fwp%3Aparagraph+--%3E%3C%21--+wp%3Aparagraph+--%3E%3Cp%3E%3Cem%3E%3Cstrong%3EUn+mondo+nuovo.+Scienza%2C+cultura%2C+innovazione+per+un+futuro+sostenibile%3C%2Fstrong%3E%3C%2Fem%3E%2C+citazione+del+celebre+romanzo+fantascientifico+di+Aldous+Huxley%2C+sar%C3%A0+il+titolo+della%C2%A0%3Cstrong%3E12%C2%AA+edizione%3C%2Fstrong%3E%2C+contraddistinta+dalla+presenza+di%C2%A0%3Cstrong%3E300+scienziati%20(View%20Full%20evento%20Description%20Here:%20https:\/\/100anni.units.it\/index.php\/evento\/trieste-next\/)&#038;location=Sedi%20di%20svolgimento%20degli%20eventi%20disponibili%20nel%20programma%20UniTS&#038;trp=false&#038;ctz=Europe\/Rome&#038;sprop=website:https:\/\/100anni.units.it\"\n\t\t\t\t\t\t\t\t\t\tclass=\"tribe-events-c-subscribe-dropdown__list-item-link\"\n\t\t\t\t\t\t\t\t\t\ttabindex=\"0\"\n\t\t\t\t\t\t\t\t\t\ttarget=\"_blank\"\n\t\t\t\t\t\t\t\t\t\trel=\"noopener noreferrer nofollow noindex\"\n\t\t\t\t\t\t\t\t\t>\n\t\t\t\t\t\t\t\t\t\tGoogle Calendar\t\t\t\t\t\t\t\t\t<\/a>\n\t\t\t\t\t\t\t\t<\/li>\n\t\t\t\t\t\t\t\t\t\t\t\t\t\t\t<li class=\"tribe-events-c-subscribe-dropdown__list-item\">\n\t\t\t\t\t\t\t\t\t<a\n\t\t\t\t\t\t\t\t\t\thref=\"\"\n\t\t\t\t\t\t\t\t\t\tclass=\"tribe-events-c-subscribe-dropdown__list-item-link\"\n\t\t\t\t\t\t\t\t\t\ttabindex=\"0\"\n\t\t\t\t\t\t\t\t\t\ttarget=\"_blank\"\n\t\t\t\t\t\t\t\t\t\trel=\"noopener noreferrer nofollow noindex\"\n\t\t\t\t\t\t\t\t\t>\n\t\t\t\t\t\t\t\t\t\tiCalendar\t\t\t\t\t\t\t\t\t<\/a>\n\t\t\t\t\t\t\t\t<\/li>\n\t\t\t\t\t\t\t\t\t\t\t\t\t\t\t<li class=\"tribe-events-c-subscribe-dropdown__list-item\">\n\t\t\t\t\t\t\t\t\t<a\n\t\t\t\t\t\t\t\t\t\thref=\"\"\n\t\t\t\t\t\t\t\t\t\tclass=\"tribe-events-c-subscribe-dropdown__list-item-link\"\n\t\t\t\t\t\t\t\t\t\ttabindex=\"0\"\n\t\t\t\t\t\t\t\t\t\ttarget=\"_blank\"\n\t\t\t\t\t\t\t\t\t\trel=\"noopener noreferrer nofollow noindex\"\n\t\t\t\t\t\t\t\t\t>\n\t\t\t\t\t\t\t\t\t\tOutlook 365\t\t\t\t\t\t\t\t\t<\/a>\n\t\t\t\t\t\t\t\t<\/li>\n\t\t\t\t\t\t\t\t\t\t\t\t\t\t\t<li class=\"tribe-events-c-subscribe-dropdown__list-item\">\n\t\t\t\t\t\t\t\t\t<a\n\t\t\t\t\t\t\t\t\t\thref=\"\"\n\t\t\t\t\t\t\t\t\t\tclass=\"tribe-events-c-subscribe-dropdown__list-item-link\"\n\t\t\t\t\t\t\t\t\t\ttabindex=\"0\"\n\t\t\t\t\t\t\t\t\t\ttarget=\"_blank\"\n\t\t\t\t\t\t\t\t\t\trel=\"noopener noreferrer nofollow noindex\"\n\t\t\t\t\t\t\t\t\t>\n\t\t\t\t\t\t\t\t\t\tOutlook Live\t\t\t\t\t\t\t\t\t<\/a>\n\t\t\t\t\t\t\t\t<\/li>\n\t\t\t\t\t\t\t\t\t\t\t\t\t<\/ul>\n\t\t\t\t\t<\/div>\n\t\t\t\t<\/div>\n\t\t\t<\/div>\n\t\t<\/div>\n\t<\/div>\n\n<\/div>\n<\/div>\n<\/div>\n\n\n\n<div style=\"height:100px\" aria-hidden=\"true\" class=\"wp-block-spacer\"><\/div>\n","protected":false},"excerpt":{"rendered":"<p>Tre giorni dedicati a clima, sostenibilit\u00e0 e intelligenza artificiale. La 12\u00aa edizione di Trieste Next ospiter\u00e0 300 relatori provenienti da tutto il mondo.<\/p>\n","protected":false},"author":1,"featured_media":2745,"comment_status":"closed","ping_status":"closed","template":"","meta":{"neve_meta_sidebar":"","neve_meta_container":"","neve_meta_enable_content_width":"","neve_meta_content_width":0,"neve_meta_title_alignment":"","neve_meta_author_avatar":"","neve_post_elements_order":"","neve_meta_disable_header":"","neve_meta_disable_footer":"","neve_meta_disable_title":"","_EventAllDay":true,"_EventTimezone":"Europe\/Rome","_EventStartDate":"2023-09-22 00:00:00","_EventEndDate":"2023-09-24 23:59:59","_EventStartDateUTC":"2023-09-21 22:00:00","_EventEndDateUTC":"2023-09-24 21:59:59","_EventShowMap":false,"_EventShowMapLink":false,"_EventURL":"","_EventCost":"","_EventCostDescription":"","_EventCurrencySymbol":"\u20ac","_EventCurrencyCode":"EUR","_EventCurrencyPosition":"prefix","_EventDateTimeSeparator":" ore ","_EventTimeRangeSeparator":" - ","_EventOrganizerID":[],"_EventVenueID":[2744],"_OrganizerEmail":"","_OrganizerPhone":"","_OrganizerWebsite":"","_VenueAddress":"","_VenueCity":"","_VenueCountry":"","_VenueProvince":"","_VenueState":"","_VenueZip":"","_VenuePhone":"","_VenueURL":"","_VenueStateProvince":"","_VenueLat":"","_VenueLng":"","_VenueShowMap":false,"_VenueShowMapLink":false,"_ti_tpc_template_sync":false,"_ti_tpc_template_id":"","_tribe_events_status":"","_tribe_events_status_reason":"","footnotes":""},"tags":[],"tribe_events_cat":[3],"class_list":["post-2740","tribe_events","type-tribe_events","status-publish","has-post-thumbnail","hentry","tribe_events_cat-ateneo","cat_ateneo"],"yoast_head":"<!-- This site is optimized with the Yoast SEO plugin v21.0 - https:\/\/yoast.com\/wordpress\/plugins\/seo\/ -->\n<title>Trieste Next 12\u00aa edizione &ndash; #100UniTS<\/title>\n<meta name=\"description\" content=\"Tre giorni dedicati a clima, sostenibilit\u00e0 e intelligenza artificiale. La 12\u00aa edizione di Trieste Next ospiter\u00e0 300 relatori provenienti da tutto il mondo.\" \/>\n<meta name=\"robots\" content=\"index, follow, max-snippet:-1, max-image-preview:large, max-video-preview:-1\" \/>\n<link rel=\"canonical\" href=\"https:\/\/100anni.units.it\/index.php\/evento\/trieste-next\/\" \/>\n<meta property=\"og:locale\" content=\"it_IT\" \/>\n<meta property=\"og:type\" content=\"article\" \/>\n<meta property=\"og:title\" content=\"Trieste Next 12\u00aa edizione &ndash; #100UniTS\" \/>\n<meta property=\"og:description\" content=\"Tre giorni dedicati a clima, sostenibilit\u00e0 e intelligenza artificiale. La 12\u00aa edizione di Trieste Next ospiter\u00e0 300 relatori provenienti da tutto il mondo.\" \/>\n<meta property=\"og:url\" content=\"https:\/\/100anni.units.it\/index.php\/evento\/trieste-next\/\" \/>\n<meta property=\"og:site_name\" content=\"#100UniTS\" \/>\n<meta property=\"article:publisher\" content=\"https:\/\/www.facebook.com\/universitatrieste\" \/>\n<meta property=\"article:modified_time\" content=\"2023-12-06T12:44:33+00:00\" \/>\n<meta property=\"og:image\" content=\"https:\/\/100anni.units.it\/wp-content\/uploads\/2023\/11\/100UniTS_TriesteNext.jpg\" \/>\n\t<meta property=\"og:image:width\" content=\"1700\" \/>\n\t<meta property=\"og:image:height\" content=\"956\" \/>\n\t<meta property=\"og:image:type\" content=\"image\/jpeg\" \/>\n<meta name=\"twitter:card\" content=\"summary_large_image\" \/>\n<meta name=\"twitter:site\" content=\"@UniTrieste\" \/>\n<meta name=\"twitter:label1\" content=\"Tempo di lettura stimato\" \/>\n\t<meta name=\"twitter:data1\" content=\"3 minuti\" \/>\n<script type=\"application\/ld+json\" class=\"yoast-schema-graph\">{\"@context\":\"https:\/\/schema.org\",\"@graph\":[{\"@type\":\"WebPage\",\"@id\":\"https:\/\/100anni.units.it\/index.php\/evento\/trieste-next\/\",\"url\":\"https:\/\/100anni.units.it\/index.php\/evento\/trieste-next\/\",\"name\":\"Trieste Next 12\u00aa edizione &ndash; #100UniTS\",\"isPartOf\":{\"@id\":\"https:\/\/100anni.units.it\/#website\"},\"datePublished\":\"2023-12-01T11:59:03+00:00\",\"dateModified\":\"2023-12-06T12:44:33+00:00\",\"description\":\"Tre giorni dedicati a clima, sostenibilit\u00e0 e intelligenza artificiale. La 12\u00aa edizione di Trieste Next ospiter\u00e0 300 relatori provenienti da tutto il mondo.\",\"breadcrumb\":{\"@id\":\"https:\/\/100anni.units.it\/index.php\/evento\/trieste-next\/#breadcrumb\"},\"inLanguage\":\"it-IT\",\"potentialAction\":[{\"@type\":\"ReadAction\",\"target\":[\"https:\/\/100anni.units.it\/index.php\/evento\/trieste-next\/\"]}]},{\"@type\":\"BreadcrumbList\",\"@id\":\"https:\/\/100anni.units.it\/index.php\/evento\/trieste-next\/#breadcrumb\",\"itemListElement\":[{\"@type\":\"ListItem\",\"position\":1,\"name\":\"Eventi\",\"item\":\"https:\/\/100anni.units.it\/index.php\/eventi\/\"},{\"@type\":\"ListItem\",\"position\":2,\"name\":\"Trieste Next 12\u00aa edizione\"}]},{\"@type\":\"WebSite\",\"@id\":\"https:\/\/100anni.units.it\/#website\",\"url\":\"https:\/\/100anni.units.it\/\",\"name\":\"#100UniTS\",\"description\":\"Ogni giorno, da cento anni, con noi puoi scoprire ci\u00f2 che sar\u00e0 realt\u00e0 nel futuro. Celebriamo insieme un secolo di ricerca, eccellenza, creativit\u00e0 e ingegno umano.\",\"publisher\":{\"@id\":\"https:\/\/100anni.units.it\/#organization\"},\"potentialAction\":[{\"@type\":\"SearchAction\",\"target\":{\"@type\":\"EntryPoint\",\"urlTemplate\":\"https:\/\/100anni.units.it\/?s={search_term_string}\"},\"query-input\":\"required name=search_term_string\"}],\"inLanguage\":\"it-IT\"},{\"@type\":\"Organization\",\"@id\":\"https:\/\/100anni.units.it\/#organization\",\"name\":\"Universit\u00e0 degli Studi di Trieste\",\"alternateName\":\"UniTS\",\"url\":\"https:\/\/100anni.units.it\/\",\"logo\":{\"@type\":\"ImageObject\",\"inLanguage\":\"it-IT\",\"@id\":\"https:\/\/100anni.units.it\/#\/schema\/logo\/image\/\",\"url\":\"https:\/\/100anni.units.it\/wp-content\/uploads\/2023\/08\/units_sigillo.png\",\"contentUrl\":\"https:\/\/100anni.units.it\/wp-content\/uploads\/2023\/08\/units_sigillo.png\",\"width\":696,\"height\":696,\"caption\":\"Universit\u00e0 degli Studi di Trieste\"},\"image\":{\"@id\":\"https:\/\/100anni.units.it\/#\/schema\/logo\/image\/\"},\"sameAs\":[\"https:\/\/www.facebook.com\/universitatrieste\",\"https:\/\/twitter.com\/UniTrieste\"]}]}<\/script>\n<!-- \/ Yoast SEO plugin. -->","yoast_head_json":{"title":"Trieste Next 12\u00aa edizione &ndash; #100UniTS","description":"Tre giorni dedicati a clima, sostenibilit\u00e0 e intelligenza artificiale. La 12\u00aa edizione di Trieste Next ospiter\u00e0 300 relatori provenienti da tutto il mondo.","robots":{"index":"index","follow":"follow","max-snippet":"max-snippet:-1","max-image-preview":"max-image-preview:large","max-video-preview":"max-video-preview:-1"},"canonical":"https:\/\/100anni.units.it\/index.php\/evento\/trieste-next\/","og_locale":"it_IT","og_type":"article","og_title":"Trieste Next 12\u00aa edizione &ndash; #100UniTS","og_description":"Tre giorni dedicati a clima, sostenibilit\u00e0 e intelligenza artificiale. La 12\u00aa edizione di Trieste Next ospiter\u00e0 300 relatori provenienti da tutto il mondo.","og_url":"https:\/\/100anni.units.it\/index.php\/evento\/trieste-next\/","og_site_name":"#100UniTS","article_publisher":"https:\/\/www.facebook.com\/universitatrieste","article_modified_time":"2023-12-06T12:44:33+00:00","og_image":[{"width":1700,"height":956,"url":"https:\/\/100anni.units.it\/wp-content\/uploads\/2023\/11\/100UniTS_TriesteNext.jpg","type":"image\/jpeg"}],"twitter_card":"summary_large_image","twitter_site":"@UniTrieste","twitter_misc":{"Tempo di lettura stimato":"3 minuti"},"schema":{"@context":"https:\/\/schema.org","@graph":[{"@type":"WebPage","@id":"https:\/\/100anni.units.it\/index.php\/evento\/trieste-next\/","url":"https:\/\/100anni.units.it\/index.php\/evento\/trieste-next\/","name":"Trieste Next 12\u00aa edizione &ndash; #100UniTS","isPartOf":{"@id":"https:\/\/100anni.units.it\/#website"},"datePublished":"2023-12-01T11:59:03+00:00","dateModified":"2023-12-06T12:44:33+00:00","description":"Tre giorni dedicati a clima, sostenibilit\u00e0 e intelligenza artificiale. La 12\u00aa edizione di Trieste Next ospiter\u00e0 300 relatori provenienti da tutto il mondo.","breadcrumb":{"@id":"https:\/\/100anni.units.it\/index.php\/evento\/trieste-next\/#breadcrumb"},"inLanguage":"it-IT","potentialAction":[{"@type":"ReadAction","target":["https:\/\/100anni.units.it\/index.php\/evento\/trieste-next\/"]}]},{"@type":"BreadcrumbList","@id":"https:\/\/100anni.units.it\/index.php\/evento\/trieste-next\/#breadcrumb","itemListElement":[{"@type":"ListItem","position":1,"name":"Eventi","item":"https:\/\/100anni.units.it\/index.php\/eventi\/"},{"@type":"ListItem","position":2,"name":"Trieste Next 12\u00aa edizione"}]},{"@type":"WebSite","@id":"https:\/\/100anni.units.it\/#website","url":"https:\/\/100anni.units.it\/","name":"#100UniTS","description":"Ogni giorno, da cento anni, con noi puoi scoprire ci\u00f2 che sar\u00e0 realt\u00e0 nel futuro. Celebriamo insieme un secolo di ricerca, eccellenza, creativit\u00e0 e ingegno umano.","publisher":{"@id":"https:\/\/100anni.units.it\/#organization"},"potentialAction":[{"@type":"SearchAction","target":{"@type":"EntryPoint","urlTemplate":"https:\/\/100anni.units.it\/?s={search_term_string}"},"query-input":"required name=search_term_string"}],"inLanguage":"it-IT"},{"@type":"Organization","@id":"https:\/\/100anni.units.it\/#organization","name":"Universit\u00e0 degli Studi di Trieste","alternateName":"UniTS","url":"https:\/\/100anni.units.it\/","logo":{"@type":"ImageObject","inLanguage":"it-IT","@id":"https:\/\/100anni.units.it\/#\/schema\/logo\/image\/","url":"https:\/\/100anni.units.it\/wp-content\/uploads\/2023\/08\/units_sigillo.png","contentUrl":"https:\/\/100anni.units.it\/wp-content\/uploads\/2023\/08\/units_sigillo.png","width":696,"height":696,"caption":"Universit\u00e0 degli Studi di Trieste"},"image":{"@id":"https:\/\/100anni.units.it\/#\/schema\/logo\/image\/"},"sameAs":["https:\/\/www.facebook.com\/universitatrieste","https:\/\/twitter.com\/UniTrieste"]}]}},"_links":{"self":[{"href":"https:\/\/100anni.units.it\/index.php\/wp-json\/wp\/v2\/tribe_events\/2740","targetHints":{"allow":["GET"]}}],"collection":[{"href":"https:\/\/100anni.units.it\/index.php\/wp-json\/wp\/v2\/tribe_events"}],"about":[{"href":"https:\/\/100anni.units.it\/index.php\/wp-json\/wp\/v2\/types\/tribe_events"}],"author":[{"embeddable":true,"href":"https:\/\/100anni.units.it\/index.php\/wp-json\/wp\/v2\/users\/1"}],"replies":[{"embeddable":true,"href":"https:\/\/100anni.units.it\/index.php\/wp-json\/wp\/v2\/comments?post=2740"}],"version-history":[{"count":8,"href":"https:\/\/100anni.units.it\/index.php\/wp-json\/wp\/v2\/tribe_events\/2740\/revisions"}],"predecessor-version":[{"id":3069,"href":"https:\/\/100anni.units.it\/index.php\/wp-json\/wp\/v2\/tribe_events\/2740\/revisions\/3069"}],"wp:featuredmedia":[{"embeddable":true,"href":"https:\/\/100anni.units.it\/index.php\/wp-json\/wp\/v2\/media\/2745"}],"wp:attachment":[{"href":"https:\/\/100anni.units.it\/index.php\/wp-json\/wp\/v2\/media?parent=2740"}],"wp:term":[{"taxonomy":"post_tag","embeddable":true,"href":"https:\/\/100anni.units.it\/index.php\/wp-json\/wp\/v2\/tags?post=2740"},{"taxonomy":"tribe_events_cat","embeddable":true,"href":"https:\/\/100anni.units.it\/index.php\/wp-json\/wp\/v2\/tribe_events_cat?post=2740"}],"curies":[{"name":"wp","href":"https:\/\/api.w.org\/{rel}","templated":true}]}}