{"id":2863,"date":"2023-12-01T11:51:06","date_gmt":"2023-12-01T10:51:06","guid":{"rendered":"https:\/\/100anni.units.it\/?post_type=tribe_events&#038;p=2863"},"modified":"2023-12-06T15:15:38","modified_gmt":"2023-12-06T14:15:38","slug":"s-tradurre-et-diritto-di-dialogo","status":"publish","type":"tribe_events","link":"https:\/\/100anni.units.it\/index.php\/evento\/s-tradurre-et-diritto-di-dialogo\/","title":{"rendered":"s-TRADURRE et Diritto di Dialogo"},"content":{"rendered":"<div  class=\"tribe-events-schedule tribe-clearfix\" >\n\t<h2 class=\"tribe-events-schedule__datetime\">\n\t\t<span class=\"tribe-events-schedule__date tribe-events-schedule__date--start\">\n\t\t\t1 Dicembre 2023\t\t<\/span>\n\n\t\t\n\t\t\t\t\t\t\t\t\t<span class=\"tribe-events-schedule__separator tribe-events-schedule__separator--time\">\n\t\t\t\t\t &#8211; \t\t\t\t<\/span>\n\t\t\t\n\t\t\t\t\t\t\t<span class=\"tribe-events-schedule__date tribe-events-schedule__date--end\">\n\t\t\t\t\t2 Dicembre 2023\t\t\t\t<\/span>\n\n\t\t\t\t\n\t\t\t\n\t\t\t\t\t\t<\/h2>\n<\/div>\n\n\n\n<div class=\"wp-block-columns is-layout-flex wp-container-core-columns-is-layout-9d6595d7 wp-block-columns-is-layout-flex\">\n<div class=\"wp-block-column is-layout-flow wp-block-column-is-layout-flow\">\n<p><strong>Venerd\u00ec 1 e sabato 2 dicembre 2023&nbsp;<\/strong>si terr\u00e0 un incontro aperto a tutta la cittadinanza per&nbsp;ricordare la figura e l\u2019opera di Gabriella Valera Gruber, ideatrice dei workshop e dei dialoghi sulla poesia di&nbsp;<strong>s-Tradurre<\/strong>&nbsp;e fondatrice nel 2005 dell\u2019Associazione Poesia e Solidariet\u00e0 assieme al marito Ottavio Gruber. L&#8217;incontro si propone di portare avanti il suo impegno verso i giovani e verso la cultura, sempre teso alla promozione del&nbsp;<strong>Diritto di Dialogo<\/strong>.<\/p>\n\n\n\n<p>Responsabile scientifico:&nbsp;<strong>Helena Lozano Miralles<\/strong>,&nbsp;Dipartimento di Studi Umanistici,&nbsp;Universit\u00e0 degli Studi di Trieste.<\/p>\n\n\n\n<p>Agli incontri far\u00e0 da cornice la\u00a0<strong>MOSTRA FOTOGRAFICA\u00a0CONCORSO CASTELLO DI DUINO XIX EDIZIONE<\/strong>, che presenta scatti inviati dai giovani poeti al Concorso Internazionale di Poesia e Teatro Castello di Duino\u00a0 XIX edizione, corredati dai versi delle loro poesie.<br><strong>Orario di apertura<\/strong>: 1 dicembre ore 15.00 \u2013 22.00; 2 dicembre ore 9.00 \u2013 13.30<\/p>\n\n\n\n<p>Evento a cura del&nbsp;<strong>Dipartimento di Studi Umanistici dell&#8217;Universit\u00e0 degli Studi di Trieste<\/strong>&nbsp;e dell&#8217;associazione&nbsp;<strong>Poesia e Solidariet\u00e0<\/strong>,&nbsp;in collaborazione con&nbsp;<strong>Fondazione Benefica Kathleen Foreman Casali<\/strong>,&nbsp;con il contributo della&nbsp;<strong>Regione Autonoma Friuli Venezia Giulia<\/strong>.<\/p>\n\n\n\n<p><strong><a href=\"mailto:MARK.VEZNAVER@studenti.units.it\">Segreteria organizzativa<\/a><\/strong> per informazioni.<\/p>\n\n\n\n<p class=\"has-neve-link-color-color has-text-color\">L&#8217;evento \u00e8 aperto a tutta la cittadinanza<\/p>\n<\/div>\n\n\n\n<div class=\"wp-block-column is-vertically-aligned-top is-layout-flow wp-block-column-is-layout-flow\" style=\"flex-basis:30%\">\n<figure class=\"wp-block-image size-large\"><img loading=\"lazy\" decoding=\"async\" width=\"1024\" height=\"576\" src=\"https:\/\/100anni.units.it\/wp-content\/uploads\/2023\/12\/100UniTS_s-TRADURRE-1024x576.png\" alt=\"Locandina s-TRADURRE 2023 &amp; DIRITTODIDIALOGO II edizione\" class=\"wp-image-2867\" srcset=\"https:\/\/100anni.units.it\/wp-content\/uploads\/2023\/12\/100UniTS_s-TRADURRE-1024x576.png 1024w, https:\/\/100anni.units.it\/wp-content\/uploads\/2023\/12\/100UniTS_s-TRADURRE-300x169.png 300w, https:\/\/100anni.units.it\/wp-content\/uploads\/2023\/12\/100UniTS_s-TRADURRE-768x432.png 768w, https:\/\/100anni.units.it\/wp-content\/uploads\/2023\/12\/100UniTS_s-TRADURRE-1536x864.png 1536w, https:\/\/100anni.units.it\/wp-content\/uploads\/2023\/12\/100UniTS_s-TRADURRE-2048x1152.png 2048w\" sizes=\"auto, (max-width: 1024px) 100vw, 1024px\" \/><\/figure>\n\n\n\n<div style=\"height:20px\" aria-hidden=\"true\" class=\"wp-block-spacer\"><\/div>\n\n\n\n<div class=\"wp-block-group is-vertical is-content-justification-center is-layout-flex wp-container-core-group-is-layout-4b2eccd6 wp-block-group-is-layout-flex\">\n<p>Con il contributo di<\/p>\n\n\n\n<figure class=\"wp-block-image size-full is-resized is-style-default\"><img loading=\"lazy\" decoding=\"async\" src=\"https:\/\/100anni.units.it\/wp-content\/uploads\/2023\/09\/FVG_denominativo_RGB.png\" alt=\"logo Promoturismo Io Sono FVG\" class=\"wp-image-1670\" style=\"object-fit:contain;width:65px;height:70px\" width=\"65\" height=\"70\"\/><\/figure>\n\n\n\n<div style=\"height:0px\" aria-hidden=\"true\" class=\"wp-block-spacer wp-container-content-2aa4ec05\"><\/div>\n\n\n\n<figure class=\"wp-block-image size-full is-resized\"><img loading=\"lazy\" decoding=\"async\" src=\"https:\/\/100anni.units.it\/wp-content\/uploads\/2023\/09\/logo-FVG-102a.jpg\" alt=\"logo Regione Friuli Venezia Giulia\" class=\"wp-image-1503\" style=\"object-fit:contain;width:220px;height:50px\" width=\"220\" height=\"50\" srcset=\"https:\/\/100anni.units.it\/wp-content\/uploads\/2023\/09\/logo-FVG-102a.jpg 531w, https:\/\/100anni.units.it\/wp-content\/uploads\/2023\/09\/logo-FVG-102a-300x67.jpg 300w\" sizes=\"auto, (max-width: 220px) 100vw, 220px\" \/><\/figure>\n\n\n\n<div style=\"height:0px\" aria-hidden=\"true\" class=\"wp-block-spacer wp-container-content-2aa4ec05\"><\/div>\n\n\n\n<figure class=\"wp-block-image size-full is-resized\"><img decoding=\"async\" src=\"https:\/\/100anni.units.it\/wp-content\/uploads\/2023\/12\/logo_fondazioneforeman-1.gif\" alt=\"Logo Le Fondazioni Casali\" class=\"wp-image-2879\" style=\"height:60px\" height=\"60\"\/><\/figure>\n\n\n\n<div style=\"height:100px;width:0px\" aria-hidden=\"true\" class=\"wp-block-spacer wp-container-content-728072c3\"><\/div>\n<\/div>\n<\/div>\n<\/div>\n\n\n\n<div class=\"wp-block-columns are-vertically-aligned-center is-layout-flex wp-container-core-columns-is-layout-9d6595d7 wp-block-columns-is-layout-flex\">\n<div class=\"wp-block-column is-vertically-aligned-center is-layout-flow wp-block-column-is-layout-flow\"><div  class=\"tribe-block tribe-block__venue tribe-clearfix\" >\n\t\n\t\n<div class=\"tribe-block__venue__meta\">\n\t<div class=\"tribe-block__venue__name\">\n\t\t<h3>Stazione Rogers<\/h3>\n\t<\/div>\n\n\t\n\t\t\t<address class=\"tribe-block__venue__address\">\n\t\t\t<span class=\"tribe-address\">\n\n<span class=\"tribe-street-address\">Riva Grumula, 14<\/span>\n\t\n\t\t<br>\n\t\t<span class=\"tribe-locality\">Trieste<\/span><span class=\"tribe-delimiter\">,<\/span>\n\n\t<abbr class=\"tribe-region tribe-events-abbr\" title=\"TS\">TS<\/abbr>\n\n\t<span class=\"tribe-postal-code\">34100<\/span>\n\n\t<span class=\"tribe-country-name\">Italia<\/span>\n\n<\/span>\n\n\t\t\t\t\t<\/address>\n\t\n\t\n\t\n\t<\/div>\n\t\n\t<\/div>\n<\/div>\n\n\n\n<div class=\"wp-block-column is-vertically-aligned-center is-layout-flow wp-block-column-is-layout-flow\" style=\"flex-basis:30%\">\n<div class=\"wp-block-group is-vertical is-content-justification-center is-layout-flex wp-container-core-group-is-layout-0472769e wp-block-group-is-layout-flex\">\t<div  class=\"tribe-block tribe-block__events-link\" >\n\t\t<div class=\"tribe-events tribe-common\">\n\t\t\t<div class=\"tribe-events-c-subscribe-dropdown__container\">\n\t\t\t\t<div class=\"tribe-events-c-subscribe-dropdown\">\n\t\t\t\t\t<div class=\"tribe-common-c-btn-border tribe-events-c-subscribe-dropdown__button\" tabindex=\"0\">\n\t\t\t\t\t\t<svg  class=\"tribe-common-c-svgicon tribe-common-c-svgicon--cal-export tribe-events-c-subscribe-dropdown__export-icon\"  viewBox=\"0 0 23 17\" xmlns=\"http:\/\/www.w3.org\/2000\/svg\">\n  <path fill-rule=\"evenodd\" clip-rule=\"evenodd\" d=\"M.128.896V16.13c0 .211.145.383.323.383h15.354c.179 0 .323-.172.323-.383V.896c0-.212-.144-.383-.323-.383H.451C.273.513.128.684.128.896Zm16 6.742h-.901V4.679H1.009v10.729h14.218v-3.336h.901V7.638ZM1.01 1.614h14.218v2.058H1.009V1.614Z\" \/>\n  <path d=\"M20.5 9.846H8.312M18.524 6.953l2.89 2.909-2.855 2.855\" stroke-width=\"1.2\" stroke-linecap=\"round\" stroke-linejoin=\"round\"\/>\n<\/svg>\n\t\t\t\t\t\t<button class=\"tribe-events-c-subscribe-dropdown__button-text\">\n\t\t\t\t\t\t\tSalva nel tuo calendario\t\t\t\t\t\t<\/button>\n\t\t\t\t\t\t<svg  class=\"tribe-common-c-svgicon tribe-common-c-svgicon--caret-down tribe-events-c-subscribe-dropdown__button-icon\"  viewBox=\"0 0 10 7\" xmlns=\"http:\/\/www.w3.org\/2000\/svg\"><path fill-rule=\"evenodd\" clip-rule=\"evenodd\" d=\"M1.008.609L5 4.6 8.992.61l.958.958L5 6.517.05 1.566l.958-.958z\" class=\"tribe-common-c-svgicon__svg-fill\"\/><\/svg>\n\t\t\t\t\t<\/div>\n\t\t\t\t\t<div class=\"tribe-events-c-subscribe-dropdown__content\">\n\t\t\t\t\t\t<ul class=\"tribe-events-c-subscribe-dropdown__list\" tabindex=\"0\">\n\t\t\t\t\t\t\t\t\t\t\t\t\t\t\t<li class=\"tribe-events-c-subscribe-dropdown__list-item\">\n\t\t\t\t\t\t\t\t\t<a\n\t\t\t\t\t\t\t\t\t\thref=\"https:\/\/www.google.com\/calendar\/event?action=TEMPLATE&#038;dates=20231201T000000\/20231202T235959&#038;text=s-TRADURRE%20et%20Diritto%20di%20Dialogo&#038;details=%3C%21--+wp%3Atribe%2Fevent-datetime+%2F--%3E%3C%21--+wp%3Acolumns+--%3E%3Cdiv+class%3D%22wp-block-columns%22%3E%3C%21--+wp%3Acolumn+%7B%22width%22%3A%22%22%7D+--%3E%3Cdiv+class%3D%22wp-block-column%22%3E%3C%21--+wp%3Aparagraph+--%3E%3Cp%3E%3Cstrong%3EVenerd%C3%AC+1+e+sabato+2+dicembre+2023%26nbsp%3B%3C%2Fstrong%3Esi+terr%C3%A0+un+incontro+aperto+a+tutta+la+cittadinanza+per%26nbsp%3Bricordare+la+figura+e+l%E2%80%99opera+di+Gabriella+Valera+Gruber%2C+ideatrice+dei+workshop+e+dei+dialoghi+sulla+poesia+di%26nbsp%3B%3Cstrong%3Es-Tradurre%3C%2Fstrong%3E%26nbsp%3Be+fondatrice+nel+2005+dell%E2%80%99Associazione+Poesia+e+Solidariet%C3%A0+assieme+al+marito+Ottavio+Gruber.+L%27incontro+si+propone+di+portare+avanti+il+suo+impegno+verso+i+giovani+e+verso+la+cultura%2C+sempre+teso+alla+promozione+del%26nbsp%3B%3Cstrong%3EDiritto+di+Dialogo%3C%2Fstrong%3E.%3C%2Fp%3E%3C%21--+%2Fwp%3Aparagraph+--%3E%3C%21--+wp%3Aparagraph+--%3E%3Cp%3EResponsabile+scientifico%3A%26nbsp%3B%20(View%20Full%20evento%20Description%20Here:%20https:\/\/100anni.units.it\/index.php\/evento\/s-tradurre-et-diritto-di-dialogo\/)&#038;location=Stazione%20Rogers,%20Riva%20Grumula,%2014,%20Trieste,%20TS,%2034100,%20Italia&#038;trp=false&#038;ctz=Europe\/Rome&#038;sprop=website:https:\/\/100anni.units.it\"\n\t\t\t\t\t\t\t\t\t\tclass=\"tribe-events-c-subscribe-dropdown__list-item-link\"\n\t\t\t\t\t\t\t\t\t\ttabindex=\"0\"\n\t\t\t\t\t\t\t\t\t\ttarget=\"_blank\"\n\t\t\t\t\t\t\t\t\t\trel=\"noopener noreferrer nofollow noindex\"\n\t\t\t\t\t\t\t\t\t>\n\t\t\t\t\t\t\t\t\t\tGoogle Calendar\t\t\t\t\t\t\t\t\t<\/a>\n\t\t\t\t\t\t\t\t<\/li>\n\t\t\t\t\t\t\t\t\t\t\t\t\t\t\t<li class=\"tribe-events-c-subscribe-dropdown__list-item\">\n\t\t\t\t\t\t\t\t\t<a\n\t\t\t\t\t\t\t\t\t\thref=\"\"\n\t\t\t\t\t\t\t\t\t\tclass=\"tribe-events-c-subscribe-dropdown__list-item-link\"\n\t\t\t\t\t\t\t\t\t\ttabindex=\"0\"\n\t\t\t\t\t\t\t\t\t\ttarget=\"_blank\"\n\t\t\t\t\t\t\t\t\t\trel=\"noopener noreferrer nofollow noindex\"\n\t\t\t\t\t\t\t\t\t>\n\t\t\t\t\t\t\t\t\t\tiCalendar\t\t\t\t\t\t\t\t\t<\/a>\n\t\t\t\t\t\t\t\t<\/li>\n\t\t\t\t\t\t\t\t\t\t\t\t\t\t\t<li class=\"tribe-events-c-subscribe-dropdown__list-item\">\n\t\t\t\t\t\t\t\t\t<a\n\t\t\t\t\t\t\t\t\t\thref=\"\"\n\t\t\t\t\t\t\t\t\t\tclass=\"tribe-events-c-subscribe-dropdown__list-item-link\"\n\t\t\t\t\t\t\t\t\t\ttabindex=\"0\"\n\t\t\t\t\t\t\t\t\t\ttarget=\"_blank\"\n\t\t\t\t\t\t\t\t\t\trel=\"noopener noreferrer nofollow noindex\"\n\t\t\t\t\t\t\t\t\t>\n\t\t\t\t\t\t\t\t\t\tOutlook 365\t\t\t\t\t\t\t\t\t<\/a>\n\t\t\t\t\t\t\t\t<\/li>\n\t\t\t\t\t\t\t\t\t\t\t\t\t\t\t<li class=\"tribe-events-c-subscribe-dropdown__list-item\">\n\t\t\t\t\t\t\t\t\t<a\n\t\t\t\t\t\t\t\t\t\thref=\"\"\n\t\t\t\t\t\t\t\t\t\tclass=\"tribe-events-c-subscribe-dropdown__list-item-link\"\n\t\t\t\t\t\t\t\t\t\ttabindex=\"0\"\n\t\t\t\t\t\t\t\t\t\ttarget=\"_blank\"\n\t\t\t\t\t\t\t\t\t\trel=\"noopener noreferrer nofollow noindex\"\n\t\t\t\t\t\t\t\t\t>\n\t\t\t\t\t\t\t\t\t\tOutlook Live\t\t\t\t\t\t\t\t\t<\/a>\n\t\t\t\t\t\t\t\t<\/li>\n\t\t\t\t\t\t\t\t\t\t\t\t\t<\/ul>\n\t\t\t\t\t<\/div>\n\t\t\t\t<\/div>\n\t\t\t<\/div>\n\t\t<\/div>\n\t<\/div>\n\n\n\n\n<div class=\"wp-block-buttons is-content-justification-center is-layout-flex wp-container-core-buttons-is-layout-16018d1d wp-block-buttons-is-layout-flex\">\n<div class=\"wp-block-button has-custom-width wp-block-button__width-100 is-style-primary\"><a class=\"wp-block-button__link wp-element-button\" href=\"https:\/\/disu.units.it\/sites\/disu.units.it\/files\/stradurre2023.pdf\" target=\"_blank\" rel=\"noreferrer noopener\">scarica il programma<\/a><\/div>\n<\/div>\n<\/div>\n<\/div>\n<\/div>\n\n\n\n<div style=\"height:50px\" aria-hidden=\"true\" class=\"wp-block-spacer\"><\/div>\n\n\n\n<div class=\"wp-block-group\"><div class=\"wp-block-group__inner-container is-layout-constrained wp-block-group-is-layout-constrained\">\n<h3 class=\"wp-block-heading has-neve-link-color-color has-text-color\"><strong>Programma<\/strong><\/h3>\n\n\n\n<h4 class=\"wp-block-heading\">venerd\u00ec 1 dicembre ore 15.30 \u2013 22.00<\/h4>\n\n\n\n<p><strong>ore 15.30<\/strong><br><em>Incontri linguistici con l&#8217;assurdo politico. Tradurre i racconti satirici di Radoje Domanovi\u0107<\/em><strong><br>Enrico Davanzo<\/strong>&nbsp;&#8211; Universit\u00e0 degli Studi &#8220;G. D&#8217;Annunzio&#8221; Chieti-Pescara<\/p>\n\n\n\n<p><strong>ore 16.00<\/strong><br><em>Un racconto da un tempo lontano: riscoprire \u201cLe avventure dell&#8217;Apprendista Hlapi\u0107\u201d di Ivana Brli\u0107-Ma\u017eurani\u0107<\/em><strong><br>Diana Bosnjak Monai<\/strong>&nbsp;&#8211; Universit\u00e0 degli Studi di Trieste<\/p>\n\n\n\n<p><strong>ore 16.30<\/strong><br><em>L\u2019Invocazione all\u2019Orsa Maggiore di Ingeborg Bachmann nella traduzione di Luigi Reitani<\/em><strong><br>Ulisse Dog\u00e0<\/strong>&nbsp;&#8211; Universit\u00e0 degli Studi di Trieste<\/p>\n\n\n\n<p><strong>ore 17.00<\/strong><br><em>Incontrarsi nella forma della complessit\u00e0: tradurre i poeti del Concorso Internazionale di Poesia e Teatro Castello di Duino<\/em><strong><br>Mark Veznaver<\/strong>\u00a0&#8211; Universit\u00e0 degli Studi di Trieste<\/p>\n\n\n\n<p class=\"has-text-align-right\">Pausa <strong>17.30 \u201318.00<\/strong><\/p>\n\n\n\n<p><strong>ore 18.00<br><\/strong><em>La poesia&nbsp;e Gabriella Valera Gruber<br><\/em>Presentazione del volume <em>Castello di Duino \u2013 XIX edizione<\/em><br>a cura di&nbsp;<strong>Enzo Santese<\/strong>, con la partecipazione dei poeti di Poesia e Solidariet\u00e0<\/p>\n\n\n\n<p><strong>ore 20.30<br><\/strong><em>POETRY SLAM<br><\/em>a cura di&nbsp;<strong>Carlo Selan<\/strong><\/p>\n\n\n\n<h4 class=\"wp-block-heading\">sabato 2 dicembre ore 9.00 \u2013 13.00<\/h4>\n\n\n\n<p><strong>ore 9.00<\/strong><br><em>S-Leggere. Cartoline e s-karty dei traduttori<\/em><strong><br>Margherita De Michiel e Quadrato culturale TETRISS<\/strong>&nbsp;&#8211; Universit\u00e0 degli Studi di Trieste<\/p>\n\n\n\n<p><strong>ore 10.00<\/strong><br><em>Per una poetica dell\u2019intercalare: l&#8217;errore grammaticale come fattore poetico nelle poesie italiane di Marina Gogu Grigorivna<\/em><strong><br>Marina Gogu Grigorivna<\/strong>&nbsp;&#8211; Universit\u00e0 di Bologna, in dialogo online con Mark Veznaver e Isabella Serra<\/p>\n\n\n\n<p class=\"has-text-align-right\">Pausa <strong>11.00 \u2013 11.30<\/strong><\/p>\n\n\n\n<p><strong>ore 11.30<\/strong><br><em>(Ri)scoprire l\u2019Italia e l\u2019italiano ottocenteschi secondo l\u2019autore e politico Vasile Alecsandri: la novella in romeno \u201cLa fioraia di Firenze\u201d (1840) e la sua traduzione<\/em><strong><br>Silvia Storti Shelyta<\/strong>&nbsp;&#8211; Universit\u00e0 di Malta<\/p>\n\n\n\n<p><strong>ore 12.00<\/strong><br><em>Tradurre barbaramente: la maggior lode dei poeti latini<\/em><strong><br>Marco Fernandelli<\/strong> &#8211; Universit\u00e0 degli Studi di Trieste<\/p>\n\n\n\n<p><strong>ore 12.30<\/strong><br><em>Tradurre greco antico in Iraq<\/em><br><strong>Claudio De Stefani&nbsp;<\/strong>&#8211; Universit\u00e0 degli Studi di Trieste<\/p>\n<\/div><\/div>\n\n\n\n<div style=\"height:100px\" aria-hidden=\"true\" class=\"wp-block-spacer\"><\/div>\n","protected":false},"excerpt":{"rendered":"<p>Appuntamento in Stazione Rogers con riflessioni sulla traduzione, la poesia, e una mostra fotografica. L&#8217;evento \u00e8 aperto a tutta la cittadinanza<\/p>\n","protected":false},"author":1,"featured_media":2867,"comment_status":"closed","ping_status":"closed","template":"","meta":{"neve_meta_sidebar":"","neve_meta_container":"","neve_meta_enable_content_width":"","neve_meta_content_width":0,"neve_meta_title_alignment":"","neve_meta_author_avatar":"","neve_post_elements_order":"","neve_meta_disable_header":"","neve_meta_disable_footer":"","neve_meta_disable_title":"","_EventAllDay":true,"_EventTimezone":"Europe\/Rome","_EventStartDate":"2023-12-01 00:00:00","_EventEndDate":"2023-12-02 23:59:59","_EventStartDateUTC":"2023-11-30 23:00:00","_EventEndDateUTC":"2023-12-02 22:59:59","_EventShowMap":false,"_EventShowMapLink":false,"_EventURL":"","_EventCost":"","_EventCostDescription":"","_EventCurrencySymbol":"\u20ac","_EventCurrencyCode":"EUR","_EventCurrencyPosition":"prefix","_EventDateTimeSeparator":" ore ","_EventTimeRangeSeparator":" - ","_EventOrganizerID":[],"_EventVenueID":[2869],"_OrganizerEmail":"","_OrganizerPhone":"","_OrganizerWebsite":"","_VenueAddress":"","_VenueCity":"","_VenueCountry":"","_VenueProvince":"","_VenueState":"","_VenueZip":"","_VenuePhone":"","_VenueURL":"","_VenueStateProvince":"","_VenueLat":"","_VenueLng":"","_VenueShowMap":false,"_VenueShowMapLink":false,"_ti_tpc_template_sync":false,"_ti_tpc_template_id":"","_tribe_events_status":"","_tribe_events_status_reason":"","footnotes":""},"tags":[],"tribe_events_cat":[4],"class_list":["post-2863","tribe_events","type-tribe_events","status-publish","has-post-thumbnail","hentry","tribe_events_cat-dipartimento","cat_dipartimento"],"yoast_head":"<!-- This site is optimized with the Yoast SEO plugin v21.0 - https:\/\/yoast.com\/wordpress\/plugins\/seo\/ -->\n<title>s-TRADURRE et Diritto di Dialogo &ndash; #100UniTS<\/title>\n<meta name=\"description\" content=\"Appuntamento in Stazione Rogers con riflessioni sulla traduzione, la poesia, e una mostra fotografica. L&#039;evento \u00e8 aperto a tutta la cittadinanza\" \/>\n<meta name=\"robots\" content=\"index, follow, max-snippet:-1, max-image-preview:large, max-video-preview:-1\" \/>\n<link rel=\"canonical\" href=\"https:\/\/100anni.units.it\/index.php\/evento\/s-tradurre-et-diritto-di-dialogo\/\" \/>\n<meta property=\"og:locale\" content=\"it_IT\" \/>\n<meta property=\"og:type\" content=\"article\" \/>\n<meta property=\"og:title\" content=\"s-TRADURRE et Diritto di Dialogo &ndash; #100UniTS\" \/>\n<meta property=\"og:description\" content=\"Appuntamento in Stazione Rogers con riflessioni sulla traduzione, la poesia, e una mostra fotografica. L&#039;evento \u00e8 aperto a tutta la cittadinanza\" \/>\n<meta property=\"og:url\" content=\"https:\/\/100anni.units.it\/index.php\/evento\/s-tradurre-et-diritto-di-dialogo\/\" \/>\n<meta property=\"og:site_name\" content=\"#100UniTS\" \/>\n<meta property=\"article:publisher\" content=\"https:\/\/www.facebook.com\/universitatrieste\" \/>\n<meta property=\"article:modified_time\" content=\"2023-12-06T14:15:38+00:00\" \/>\n<meta property=\"og:image\" content=\"https:\/\/100anni.units.it\/wp-content\/uploads\/2023\/12\/100UniTS_s-TRADURRE.png\" \/>\n\t<meta property=\"og:image:width\" content=\"2339\" \/>\n\t<meta property=\"og:image:height\" content=\"1316\" \/>\n\t<meta property=\"og:image:type\" content=\"image\/png\" \/>\n<meta name=\"twitter:card\" content=\"summary_large_image\" \/>\n<meta name=\"twitter:site\" content=\"@UniTrieste\" \/>\n<meta name=\"twitter:label1\" content=\"Tempo di lettura stimato\" \/>\n\t<meta name=\"twitter:data1\" content=\"4 minuti\" \/>\n<script type=\"application\/ld+json\" class=\"yoast-schema-graph\">{\"@context\":\"https:\/\/schema.org\",\"@graph\":[{\"@type\":\"WebPage\",\"@id\":\"https:\/\/100anni.units.it\/index.php\/evento\/s-tradurre-et-diritto-di-dialogo\/\",\"url\":\"https:\/\/100anni.units.it\/index.php\/evento\/s-tradurre-et-diritto-di-dialogo\/\",\"name\":\"s-TRADURRE et Diritto di Dialogo &ndash; #100UniTS\",\"isPartOf\":{\"@id\":\"https:\/\/100anni.units.it\/#website\"},\"datePublished\":\"2023-12-01T10:51:06+00:00\",\"dateModified\":\"2023-12-06T14:15:38+00:00\",\"description\":\"Appuntamento in Stazione Rogers con riflessioni sulla traduzione, la poesia, e una mostra fotografica. L'evento \u00e8 aperto a tutta la cittadinanza\",\"breadcrumb\":{\"@id\":\"https:\/\/100anni.units.it\/index.php\/evento\/s-tradurre-et-diritto-di-dialogo\/#breadcrumb\"},\"inLanguage\":\"it-IT\",\"potentialAction\":[{\"@type\":\"ReadAction\",\"target\":[\"https:\/\/100anni.units.it\/index.php\/evento\/s-tradurre-et-diritto-di-dialogo\/\"]}]},{\"@type\":\"BreadcrumbList\",\"@id\":\"https:\/\/100anni.units.it\/index.php\/evento\/s-tradurre-et-diritto-di-dialogo\/#breadcrumb\",\"itemListElement\":[{\"@type\":\"ListItem\",\"position\":1,\"name\":\"Eventi\",\"item\":\"https:\/\/100anni.units.it\/index.php\/eventi\/\"},{\"@type\":\"ListItem\",\"position\":2,\"name\":\"s-TRADURRE et Diritto di Dialogo\"}]},{\"@type\":\"WebSite\",\"@id\":\"https:\/\/100anni.units.it\/#website\",\"url\":\"https:\/\/100anni.units.it\/\",\"name\":\"#100UniTS\",\"description\":\"Ogni giorno, da cento anni, con noi puoi scoprire ci\u00f2 che sar\u00e0 realt\u00e0 nel futuro. Celebriamo insieme un secolo di ricerca, eccellenza, creativit\u00e0 e ingegno umano.\",\"publisher\":{\"@id\":\"https:\/\/100anni.units.it\/#organization\"},\"potentialAction\":[{\"@type\":\"SearchAction\",\"target\":{\"@type\":\"EntryPoint\",\"urlTemplate\":\"https:\/\/100anni.units.it\/?s={search_term_string}\"},\"query-input\":\"required name=search_term_string\"}],\"inLanguage\":\"it-IT\"},{\"@type\":\"Organization\",\"@id\":\"https:\/\/100anni.units.it\/#organization\",\"name\":\"Universit\u00e0 degli Studi di Trieste\",\"alternateName\":\"UniTS\",\"url\":\"https:\/\/100anni.units.it\/\",\"logo\":{\"@type\":\"ImageObject\",\"inLanguage\":\"it-IT\",\"@id\":\"https:\/\/100anni.units.it\/#\/schema\/logo\/image\/\",\"url\":\"https:\/\/100anni.units.it\/wp-content\/uploads\/2023\/08\/units_sigillo.png\",\"contentUrl\":\"https:\/\/100anni.units.it\/wp-content\/uploads\/2023\/08\/units_sigillo.png\",\"width\":696,\"height\":696,\"caption\":\"Universit\u00e0 degli Studi di Trieste\"},\"image\":{\"@id\":\"https:\/\/100anni.units.it\/#\/schema\/logo\/image\/\"},\"sameAs\":[\"https:\/\/www.facebook.com\/universitatrieste\",\"https:\/\/twitter.com\/UniTrieste\"]}]}<\/script>\n<!-- \/ Yoast SEO plugin. -->","yoast_head_json":{"title":"s-TRADURRE et Diritto di Dialogo &ndash; #100UniTS","description":"Appuntamento in Stazione Rogers con riflessioni sulla traduzione, la poesia, e una mostra fotografica. L'evento \u00e8 aperto a tutta la cittadinanza","robots":{"index":"index","follow":"follow","max-snippet":"max-snippet:-1","max-image-preview":"max-image-preview:large","max-video-preview":"max-video-preview:-1"},"canonical":"https:\/\/100anni.units.it\/index.php\/evento\/s-tradurre-et-diritto-di-dialogo\/","og_locale":"it_IT","og_type":"article","og_title":"s-TRADURRE et Diritto di Dialogo &ndash; #100UniTS","og_description":"Appuntamento in Stazione Rogers con riflessioni sulla traduzione, la poesia, e una mostra fotografica. L'evento \u00e8 aperto a tutta la cittadinanza","og_url":"https:\/\/100anni.units.it\/index.php\/evento\/s-tradurre-et-diritto-di-dialogo\/","og_site_name":"#100UniTS","article_publisher":"https:\/\/www.facebook.com\/universitatrieste","article_modified_time":"2023-12-06T14:15:38+00:00","og_image":[{"width":2339,"height":1316,"url":"https:\/\/100anni.units.it\/wp-content\/uploads\/2023\/12\/100UniTS_s-TRADURRE.png","type":"image\/png"}],"twitter_card":"summary_large_image","twitter_site":"@UniTrieste","twitter_misc":{"Tempo di lettura stimato":"4 minuti"},"schema":{"@context":"https:\/\/schema.org","@graph":[{"@type":"WebPage","@id":"https:\/\/100anni.units.it\/index.php\/evento\/s-tradurre-et-diritto-di-dialogo\/","url":"https:\/\/100anni.units.it\/index.php\/evento\/s-tradurre-et-diritto-di-dialogo\/","name":"s-TRADURRE et Diritto di Dialogo &ndash; #100UniTS","isPartOf":{"@id":"https:\/\/100anni.units.it\/#website"},"datePublished":"2023-12-01T10:51:06+00:00","dateModified":"2023-12-06T14:15:38+00:00","description":"Appuntamento in Stazione Rogers con riflessioni sulla traduzione, la poesia, e una mostra fotografica. L'evento \u00e8 aperto a tutta la cittadinanza","breadcrumb":{"@id":"https:\/\/100anni.units.it\/index.php\/evento\/s-tradurre-et-diritto-di-dialogo\/#breadcrumb"},"inLanguage":"it-IT","potentialAction":[{"@type":"ReadAction","target":["https:\/\/100anni.units.it\/index.php\/evento\/s-tradurre-et-diritto-di-dialogo\/"]}]},{"@type":"BreadcrumbList","@id":"https:\/\/100anni.units.it\/index.php\/evento\/s-tradurre-et-diritto-di-dialogo\/#breadcrumb","itemListElement":[{"@type":"ListItem","position":1,"name":"Eventi","item":"https:\/\/100anni.units.it\/index.php\/eventi\/"},{"@type":"ListItem","position":2,"name":"s-TRADURRE et Diritto di Dialogo"}]},{"@type":"WebSite","@id":"https:\/\/100anni.units.it\/#website","url":"https:\/\/100anni.units.it\/","name":"#100UniTS","description":"Ogni giorno, da cento anni, con noi puoi scoprire ci\u00f2 che sar\u00e0 realt\u00e0 nel futuro. Celebriamo insieme un secolo di ricerca, eccellenza, creativit\u00e0 e ingegno umano.","publisher":{"@id":"https:\/\/100anni.units.it\/#organization"},"potentialAction":[{"@type":"SearchAction","target":{"@type":"EntryPoint","urlTemplate":"https:\/\/100anni.units.it\/?s={search_term_string}"},"query-input":"required name=search_term_string"}],"inLanguage":"it-IT"},{"@type":"Organization","@id":"https:\/\/100anni.units.it\/#organization","name":"Universit\u00e0 degli Studi di Trieste","alternateName":"UniTS","url":"https:\/\/100anni.units.it\/","logo":{"@type":"ImageObject","inLanguage":"it-IT","@id":"https:\/\/100anni.units.it\/#\/schema\/logo\/image\/","url":"https:\/\/100anni.units.it\/wp-content\/uploads\/2023\/08\/units_sigillo.png","contentUrl":"https:\/\/100anni.units.it\/wp-content\/uploads\/2023\/08\/units_sigillo.png","width":696,"height":696,"caption":"Universit\u00e0 degli Studi di Trieste"},"image":{"@id":"https:\/\/100anni.units.it\/#\/schema\/logo\/image\/"},"sameAs":["https:\/\/www.facebook.com\/universitatrieste","https:\/\/twitter.com\/UniTrieste"]}]}},"_links":{"self":[{"href":"https:\/\/100anni.units.it\/index.php\/wp-json\/wp\/v2\/tribe_events\/2863","targetHints":{"allow":["GET"]}}],"collection":[{"href":"https:\/\/100anni.units.it\/index.php\/wp-json\/wp\/v2\/tribe_events"}],"about":[{"href":"https:\/\/100anni.units.it\/index.php\/wp-json\/wp\/v2\/types\/tribe_events"}],"author":[{"embeddable":true,"href":"https:\/\/100anni.units.it\/index.php\/wp-json\/wp\/v2\/users\/1"}],"replies":[{"embeddable":true,"href":"https:\/\/100anni.units.it\/index.php\/wp-json\/wp\/v2\/comments?post=2863"}],"version-history":[{"count":19,"href":"https:\/\/100anni.units.it\/index.php\/wp-json\/wp\/v2\/tribe_events\/2863\/revisions"}],"predecessor-version":[{"id":3112,"href":"https:\/\/100anni.units.it\/index.php\/wp-json\/wp\/v2\/tribe_events\/2863\/revisions\/3112"}],"wp:featuredmedia":[{"embeddable":true,"href":"https:\/\/100anni.units.it\/index.php\/wp-json\/wp\/v2\/media\/2867"}],"wp:attachment":[{"href":"https:\/\/100anni.units.it\/index.php\/wp-json\/wp\/v2\/media?parent=2863"}],"wp:term":[{"taxonomy":"post_tag","embeddable":true,"href":"https:\/\/100anni.units.it\/index.php\/wp-json\/wp\/v2\/tags?post=2863"},{"taxonomy":"tribe_events_cat","embeddable":true,"href":"https:\/\/100anni.units.it\/index.php\/wp-json\/wp\/v2\/tribe_events_cat?post=2863"}],"curies":[{"name":"wp","href":"https:\/\/api.w.org\/{rel}","templated":true}]}}