{"id":3042,"date":"2023-12-05T17:22:39","date_gmt":"2023-12-05T16:22:39","guid":{"rendered":"https:\/\/100anni.units.it\/?post_type=tribe_events&#038;p=3042"},"modified":"2023-12-06T13:09:42","modified_gmt":"2023-12-06T12:09:42","slug":"dove-lavorano-mamma-e-papa","status":"publish","type":"tribe_events","link":"https:\/\/100anni.units.it\/index.php\/evento\/dove-lavorano-mamma-e-papa\/","title":{"rendered":"Dove lavorano mamma e pap\u00e0. Una giornata all\u2019Universit\u00e0"},"content":{"rendered":"<div  class=\"tribe-events-schedule tribe-clearfix\" >\n\t<h2 class=\"tribe-events-schedule__datetime\">\n\t\t<span class=\"tribe-events-schedule__date tribe-events-schedule__date--start\">\n\t\t\t7 Settembre 2023\t\t<\/span>\n\n\t\t\t\t\t<span class=\"tribe-events-schedule__separator tribe-events-schedule__separator--date\">\n\t\t\t\t ore \t\t\t<\/span>\n\t\t\t<span class=\"tribe-events-schedule__time tribe-events-schedule__time--start\">\n\t\t\t\t9:00\t\t\t<\/span>\n\t\t\n\t\t\t\t\t\t\t\t\t<span class=\"tribe-events-schedule__separator tribe-events-schedule__separator--time\">\n\t\t\t\t\t &#8211; \t\t\t\t<\/span>\n\t\t\t\n\t\t\t\t\t\t\t<span class=\"tribe-events-schedule__time tribe-events-schedule__time--end\">\n\t\t\t\t\t13:00\t\t\t\t<\/span>\n\t\t\t\n\t\t\t\t\t\t<\/h2>\n<\/div>\n\n\n\n<div class=\"wp-block-columns is-layout-flex wp-container-core-columns-is-layout-9d6595d7 wp-block-columns-is-layout-flex\">\n<div class=\"wp-block-column is-layout-flow wp-block-column-is-layout-flow\">\n<p>Il Comitato Unico di Garanzia&nbsp;(CUG) organizza l&#8217;evento&nbsp;<strong><em>Dove lavorano mamma e pap\u00e0. Una giornata all\u2019Universit\u00e0<\/em><\/strong>, che si terr\u00e0 il&nbsp;<strong>7 settembre 2023 dalle 9 alle 13<\/strong>&nbsp;presso il Campus di Piazzale Europa.<\/p>\n\n\n\n<p>La manifestazione\u00a0\u00e8 rivolta a tutta la Comunit\u00e0 universitaria per offrire l\u2019opportunit\u00e0 di condividere, per una giornata, la propria esperienza lavorativa e far conoscere l\u2019Ateneo ai bambini e alle bambine, ai ragazzi e alle ragazze, attraverso varie attivit\u00e0 e laboratori.<\/p>\n\n\n\n<p class=\"has-neve-link-color-color has-text-color\">Iscrizioni entro il 13 agosto 2023<\/p>\n\n\n\n<div class=\"wp-block-buttons is-layout-flex wp-block-buttons-is-layout-flex\">\n<div class=\"wp-block-button is-style-primary\"><a class=\"wp-block-button__link wp-element-button\" href=\"https:\/\/web.units.it\/page\/forms\/it\/content\/dove-lavorano-mamma-e-papa\" target=\"_blank\" rel=\"noreferrer noopener\">ISCRIVITI<\/a><\/div>\n<\/div>\n<\/div>\n\n\n\n<div class=\"wp-block-column is-vertically-aligned-top is-layout-flow wp-block-column-is-layout-flow\" style=\"flex-basis:30%\">\n<figure class=\"wp-block-image size-large\"><img loading=\"lazy\" decoding=\"async\" width=\"1024\" height=\"576\" src=\"https:\/\/100anni.units.it\/wp-content\/uploads\/2023\/12\/100UniTS_cug-una-giornata-alluniversita-1024x576.png\" alt=\"Poster evento Dove lavorano mamma e pap\u00e0. Una giornata all'Universit\u00e0\" class=\"wp-image-3043\" srcset=\"https:\/\/100anni.units.it\/wp-content\/uploads\/2023\/12\/100UniTS_cug-una-giornata-alluniversita-1024x576.png 1024w, https:\/\/100anni.units.it\/wp-content\/uploads\/2023\/12\/100UniTS_cug-una-giornata-alluniversita-300x169.png 300w, https:\/\/100anni.units.it\/wp-content\/uploads\/2023\/12\/100UniTS_cug-una-giornata-alluniversita-768x432.png 768w, https:\/\/100anni.units.it\/wp-content\/uploads\/2023\/12\/100UniTS_cug-una-giornata-alluniversita-1536x864.png 1536w, https:\/\/100anni.units.it\/wp-content\/uploads\/2023\/12\/100UniTS_cug-una-giornata-alluniversita-2048x1152.png 2048w\" sizes=\"auto, (max-width: 1024px) 100vw, 1024px\" \/><\/figure>\n\n\n\n<div style=\"height:20px\" aria-hidden=\"true\" class=\"wp-block-spacer\"><\/div>\n<\/div>\n<\/div>\n\n\n\n<div class=\"wp-block-columns are-vertically-aligned-center is-layout-flex wp-container-core-columns-is-layout-9d6595d7 wp-block-columns-is-layout-flex\">\n<div class=\"wp-block-column is-vertically-aligned-center is-layout-flow wp-block-column-is-layout-flow\"><div  class=\"tribe-block tribe-block__venue tribe-clearfix\" >\n\t\n\t\n<div class=\"tribe-block__venue__meta\">\n\t<div class=\"tribe-block__venue__name\">\n\t\t<h3>Edificio A \u2013 Universit\u00e0 degli Studi di Trieste<\/h3>\n\t<\/div>\n\n\t\n\t\t\t<address class=\"tribe-block__venue__address\">\n\t\t\t<span class=\"tribe-address\">\n\n<span class=\"tribe-street-address\">Piazzale Europa, 1<\/span>\n\t\n\t\t<br>\n\t\t<span class=\"tribe-locality\">Trieste<\/span><span class=\"tribe-delimiter\">,<\/span>\n\n\t<abbr class=\"tribe-region tribe-events-abbr\" title=\"TS\">TS<\/abbr>\n\n\t<span class=\"tribe-postal-code\">34100<\/span>\n\n\t<span class=\"tribe-country-name\">Italia<\/span>\n\n<\/span>\n\n\t\t\t\t\t<\/address>\n\t\n\t\n\t\n\t<\/div>\n\t\n\t<\/div>\n<\/div>\n\n\n\n<div class=\"wp-block-column is-vertically-aligned-center is-layout-flow wp-block-column-is-layout-flow\" style=\"flex-basis:30%\">\n<div class=\"wp-block-group is-vertical is-content-justification-center is-layout-flex wp-container-core-group-is-layout-0472769e wp-block-group-is-layout-flex\">\t<div  class=\"tribe-block tribe-block__events-link\" >\n\t\t<div class=\"tribe-events tribe-common\">\n\t\t\t<div class=\"tribe-events-c-subscribe-dropdown__container\">\n\t\t\t\t<div class=\"tribe-events-c-subscribe-dropdown\">\n\t\t\t\t\t<div class=\"tribe-common-c-btn-border tribe-events-c-subscribe-dropdown__button\" tabindex=\"0\">\n\t\t\t\t\t\t<svg  class=\"tribe-common-c-svgicon tribe-common-c-svgicon--cal-export tribe-events-c-subscribe-dropdown__export-icon\"  viewBox=\"0 0 23 17\" xmlns=\"http:\/\/www.w3.org\/2000\/svg\">\n  <path fill-rule=\"evenodd\" clip-rule=\"evenodd\" d=\"M.128.896V16.13c0 .211.145.383.323.383h15.354c.179 0 .323-.172.323-.383V.896c0-.212-.144-.383-.323-.383H.451C.273.513.128.684.128.896Zm16 6.742h-.901V4.679H1.009v10.729h14.218v-3.336h.901V7.638ZM1.01 1.614h14.218v2.058H1.009V1.614Z\" \/>\n  <path d=\"M20.5 9.846H8.312M18.524 6.953l2.89 2.909-2.855 2.855\" stroke-width=\"1.2\" stroke-linecap=\"round\" stroke-linejoin=\"round\"\/>\n<\/svg>\n\t\t\t\t\t\t<button class=\"tribe-events-c-subscribe-dropdown__button-text\">\n\t\t\t\t\t\t\tSalva nel tuo calendario\t\t\t\t\t\t<\/button>\n\t\t\t\t\t\t<svg  class=\"tribe-common-c-svgicon tribe-common-c-svgicon--caret-down tribe-events-c-subscribe-dropdown__button-icon\"  viewBox=\"0 0 10 7\" xmlns=\"http:\/\/www.w3.org\/2000\/svg\"><path fill-rule=\"evenodd\" clip-rule=\"evenodd\" d=\"M1.008.609L5 4.6 8.992.61l.958.958L5 6.517.05 1.566l.958-.958z\" class=\"tribe-common-c-svgicon__svg-fill\"\/><\/svg>\n\t\t\t\t\t<\/div>\n\t\t\t\t\t<div class=\"tribe-events-c-subscribe-dropdown__content\">\n\t\t\t\t\t\t<ul class=\"tribe-events-c-subscribe-dropdown__list\" tabindex=\"0\">\n\t\t\t\t\t\t\t\t\t\t\t\t\t\t\t<li class=\"tribe-events-c-subscribe-dropdown__list-item\">\n\t\t\t\t\t\t\t\t\t<a\n\t\t\t\t\t\t\t\t\t\thref=\"https:\/\/www.google.com\/calendar\/event?action=TEMPLATE&#038;dates=20230907T090000\/20230907T130000&#038;text=Dove%20lavorano%20mamma%20e%20pap%C3%A0.%20Una%20giornata%20all%E2%80%99Universit%C3%A0&#038;details=%3C%21--+wp%3Atribe%2Fevent-datetime+%2F--%3E%3C%21--+wp%3Acolumns+--%3E%3Cdiv+class%3D%22wp-block-columns%22%3E%3C%21--+wp%3Acolumn+%7B%22width%22%3A%22%22%7D+--%3E%3Cdiv+class%3D%22wp-block-column%22%3E%3C%21--+wp%3Aparagraph+--%3E%3Cp%3EIl+Comitato+Unico+di+Garanzia%26nbsp%3B%28CUG%29+organizza+l%27evento%26nbsp%3B%3Cstrong%3E%3Cem%3EDove+lavorano+mamma+e+pap%C3%A0.+Una+giornata+all%E2%80%99Universit%C3%A0%3C%2Fem%3E%3C%2Fstrong%3E%2C+che+si+terr%C3%A0+il%26nbsp%3B%3Cstrong%3E7+settembre+2023+dalle+9+alle+13%3C%2Fstrong%3E%26nbsp%3Bpresso+il+Campus+di+Piazzale+Europa.%3C%2Fp%3E%3C%21--+%2Fwp%3Aparagraph+--%3E%3C%21--+wp%3Aparagraph+--%3E%3Cp%3ELa+manifestazione%C2%A0%C3%A8+rivolta+a+tutta+la+Comunit%C3%A0+universitaria+per+offrire+l%E2%80%99opportunit%C3%A0+di+condividere%2C+per+una+giornata%2C+la+propria+esperienza+lavorativa+e+far+conoscere+l%E2%80%99Ateneo+ai+bambini+e+alle+bambine%2C+ai+ragazzi+e+alle+ragazze%2C+attraverso+varie+attivit%C3%A0+e+lab%20(View%20Full%20evento%20Description%20Here:%20https:\/\/100anni.units.it\/index.php\/evento\/dove-lavorano-mamma-e-papa\/)&#038;location=Edificio%20A%20\u2013%20Universit\u00e0%20degli%20Studi%20di%20Trieste,%20Piazzale%20Europa,%201,%20Trieste,%20TS,%2034100,%20Italia&#038;trp=false&#038;ctz=Europe\/Rome&#038;sprop=website:https:\/\/100anni.units.it\"\n\t\t\t\t\t\t\t\t\t\tclass=\"tribe-events-c-subscribe-dropdown__list-item-link\"\n\t\t\t\t\t\t\t\t\t\ttabindex=\"0\"\n\t\t\t\t\t\t\t\t\t\ttarget=\"_blank\"\n\t\t\t\t\t\t\t\t\t\trel=\"noopener noreferrer nofollow noindex\"\n\t\t\t\t\t\t\t\t\t>\n\t\t\t\t\t\t\t\t\t\tGoogle Calendar\t\t\t\t\t\t\t\t\t<\/a>\n\t\t\t\t\t\t\t\t<\/li>\n\t\t\t\t\t\t\t\t\t\t\t\t\t\t\t<li class=\"tribe-events-c-subscribe-dropdown__list-item\">\n\t\t\t\t\t\t\t\t\t<a\n\t\t\t\t\t\t\t\t\t\thref=\"\"\n\t\t\t\t\t\t\t\t\t\tclass=\"tribe-events-c-subscribe-dropdown__list-item-link\"\n\t\t\t\t\t\t\t\t\t\ttabindex=\"0\"\n\t\t\t\t\t\t\t\t\t\ttarget=\"_blank\"\n\t\t\t\t\t\t\t\t\t\trel=\"noopener noreferrer nofollow noindex\"\n\t\t\t\t\t\t\t\t\t>\n\t\t\t\t\t\t\t\t\t\tiCalendar\t\t\t\t\t\t\t\t\t<\/a>\n\t\t\t\t\t\t\t\t<\/li>\n\t\t\t\t\t\t\t\t\t\t\t\t\t\t\t<li class=\"tribe-events-c-subscribe-dropdown__list-item\">\n\t\t\t\t\t\t\t\t\t<a\n\t\t\t\t\t\t\t\t\t\thref=\"\"\n\t\t\t\t\t\t\t\t\t\tclass=\"tribe-events-c-subscribe-dropdown__list-item-link\"\n\t\t\t\t\t\t\t\t\t\ttabindex=\"0\"\n\t\t\t\t\t\t\t\t\t\ttarget=\"_blank\"\n\t\t\t\t\t\t\t\t\t\trel=\"noopener noreferrer nofollow noindex\"\n\t\t\t\t\t\t\t\t\t>\n\t\t\t\t\t\t\t\t\t\tOutlook 365\t\t\t\t\t\t\t\t\t<\/a>\n\t\t\t\t\t\t\t\t<\/li>\n\t\t\t\t\t\t\t\t\t\t\t\t\t\t\t<li class=\"tribe-events-c-subscribe-dropdown__list-item\">\n\t\t\t\t\t\t\t\t\t<a\n\t\t\t\t\t\t\t\t\t\thref=\"\"\n\t\t\t\t\t\t\t\t\t\tclass=\"tribe-events-c-subscribe-dropdown__list-item-link\"\n\t\t\t\t\t\t\t\t\t\ttabindex=\"0\"\n\t\t\t\t\t\t\t\t\t\ttarget=\"_blank\"\n\t\t\t\t\t\t\t\t\t\trel=\"noopener noreferrer nofollow noindex\"\n\t\t\t\t\t\t\t\t\t>\n\t\t\t\t\t\t\t\t\t\tOutlook Live\t\t\t\t\t\t\t\t\t<\/a>\n\t\t\t\t\t\t\t\t<\/li>\n\t\t\t\t\t\t\t\t\t\t\t\t\t<\/ul>\n\t\t\t\t\t<\/div>\n\t\t\t\t<\/div>\n\t\t\t<\/div>\n\t\t<\/div>\n\t<\/div>\n\n\n\n\n<div class=\"wp-block-buttons is-content-justification-center is-layout-flex wp-container-core-buttons-is-layout-16018d1d wp-block-buttons-is-layout-flex\">\n<div class=\"wp-block-button has-custom-width wp-block-button__width-100 is-style-primary\"><a class=\"wp-block-button__link wp-element-button\" href=\"https:\/\/web.units.it\/page\/forms\/sites\/forms\/files\/quest\/cug_una_giornata_alluniversita.pdf\" target=\"_blank\" rel=\"noreferrer noopener\">scarica il programma<\/a><\/div>\n<\/div>\n<\/div>\n<\/div>\n<\/div>\n\n\n\n<div style=\"height:100px\" aria-hidden=\"true\" class=\"wp-block-spacer\"><\/div>\n","protected":false},"excerpt":{"rendered":"<p>Il Comitato Unico di Garanzia (CUG) organizza l&#8217;evento <i>Dove lavorano mamma e pap\u00e0<\/i>. Iscrizioni entro il 13 agosto 2023<\/p>\n","protected":false},"author":1,"featured_media":3043,"comment_status":"closed","ping_status":"closed","template":"","meta":{"neve_meta_sidebar":"","neve_meta_container":"","neve_meta_enable_content_width":"","neve_meta_content_width":0,"neve_meta_title_alignment":"","neve_meta_author_avatar":"","neve_post_elements_order":"","neve_meta_disable_header":"","neve_meta_disable_footer":"","neve_meta_disable_title":"","_EventAllDay":false,"_EventTimezone":"Europe\/Rome","_EventStartDate":"2023-09-07 09:00:00","_EventEndDate":"2023-09-07 13:00:00","_EventStartDateUTC":"2023-09-07 07:00:00","_EventEndDateUTC":"2023-09-07 11:00:00","_EventShowMap":false,"_EventShowMapLink":false,"_EventURL":"","_EventCost":"","_EventCostDescription":"","_EventCurrencySymbol":"\u20ac","_EventCurrencyCode":"EUR","_EventCurrencyPosition":"prefix","_EventDateTimeSeparator":" ore ","_EventTimeRangeSeparator":" - ","_EventOrganizerID":[],"_EventVenueID":[217],"_OrganizerEmail":"","_OrganizerPhone":"","_OrganizerWebsite":"","_VenueAddress":"","_VenueCity":"","_VenueCountry":"","_VenueProvince":"","_VenueState":"","_VenueZip":"","_VenuePhone":"","_VenueURL":"","_VenueStateProvince":"","_VenueLat":"","_VenueLng":"","_VenueShowMap":false,"_VenueShowMapLink":false,"_ti_tpc_template_sync":false,"_ti_tpc_template_id":"","_tribe_events_status":"","_tribe_events_status_reason":"","footnotes":""},"tags":[],"tribe_events_cat":[3],"class_list":["post-3042","tribe_events","type-tribe_events","status-publish","has-post-thumbnail","hentry","tribe_events_cat-ateneo","cat_ateneo"],"yoast_head":"<!-- This site is optimized with the Yoast SEO plugin v21.0 - https:\/\/yoast.com\/wordpress\/plugins\/seo\/ -->\n<title>Dove lavorano mamma e pap\u00e0. Una giornata all\u2019Universit\u00e0 &ndash; #100UniTS<\/title>\n<meta name=\"description\" content=\"Il Comitato Unico di Garanzia (CUG) organizza l&#039;evento Dove lavorano mamma e pap\u00e0. Iscrizioni entro il 13 agosto 2023\" \/>\n<meta name=\"robots\" content=\"index, follow, max-snippet:-1, max-image-preview:large, max-video-preview:-1\" \/>\n<link rel=\"canonical\" href=\"https:\/\/100anni.units.it\/index.php\/evento\/dove-lavorano-mamma-e-papa\/\" \/>\n<meta property=\"og:locale\" content=\"it_IT\" \/>\n<meta property=\"og:type\" content=\"article\" \/>\n<meta property=\"og:title\" content=\"Dove lavorano mamma e pap\u00e0. Una giornata all\u2019Universit\u00e0 &ndash; #100UniTS\" \/>\n<meta property=\"og:description\" content=\"Il Comitato Unico di Garanzia (CUG) organizza l&#039;evento Dove lavorano mamma e pap\u00e0. Iscrizioni entro il 13 agosto 2023\" \/>\n<meta property=\"og:url\" content=\"https:\/\/100anni.units.it\/index.php\/evento\/dove-lavorano-mamma-e-papa\/\" \/>\n<meta property=\"og:site_name\" content=\"#100UniTS\" \/>\n<meta property=\"article:publisher\" content=\"https:\/\/www.facebook.com\/universitatrieste\" \/>\n<meta property=\"article:modified_time\" content=\"2023-12-06T12:09:42+00:00\" \/>\n<meta property=\"og:image\" content=\"https:\/\/100anni.units.it\/wp-content\/uploads\/2023\/12\/100UniTS_cug-una-giornata-alluniversita.png\" \/>\n\t<meta property=\"og:image:width\" content=\"2296\" \/>\n\t<meta property=\"og:image:height\" content=\"1291\" \/>\n\t<meta property=\"og:image:type\" content=\"image\/png\" \/>\n<meta name=\"twitter:card\" content=\"summary_large_image\" \/>\n<meta name=\"twitter:site\" content=\"@UniTrieste\" \/>\n<meta name=\"twitter:label1\" content=\"Tempo di lettura stimato\" \/>\n\t<meta name=\"twitter:data1\" content=\"1 minuto\" \/>\n<script type=\"application\/ld+json\" class=\"yoast-schema-graph\">{\"@context\":\"https:\/\/schema.org\",\"@graph\":[{\"@type\":\"WebPage\",\"@id\":\"https:\/\/100anni.units.it\/index.php\/evento\/dove-lavorano-mamma-e-papa\/\",\"url\":\"https:\/\/100anni.units.it\/index.php\/evento\/dove-lavorano-mamma-e-papa\/\",\"name\":\"Dove lavorano mamma e pap\u00e0. Una giornata all\u2019Universit\u00e0 &ndash; #100UniTS\",\"isPartOf\":{\"@id\":\"https:\/\/100anni.units.it\/#website\"},\"datePublished\":\"2023-12-05T16:22:39+00:00\",\"dateModified\":\"2023-12-06T12:09:42+00:00\",\"description\":\"Il Comitato Unico di Garanzia (CUG) organizza l'evento Dove lavorano mamma e pap\u00e0. Iscrizioni entro il 13 agosto 2023\",\"breadcrumb\":{\"@id\":\"https:\/\/100anni.units.it\/index.php\/evento\/dove-lavorano-mamma-e-papa\/#breadcrumb\"},\"inLanguage\":\"it-IT\",\"potentialAction\":[{\"@type\":\"ReadAction\",\"target\":[\"https:\/\/100anni.units.it\/index.php\/evento\/dove-lavorano-mamma-e-papa\/\"]}]},{\"@type\":\"BreadcrumbList\",\"@id\":\"https:\/\/100anni.units.it\/index.php\/evento\/dove-lavorano-mamma-e-papa\/#breadcrumb\",\"itemListElement\":[{\"@type\":\"ListItem\",\"position\":1,\"name\":\"Eventi\",\"item\":\"https:\/\/100anni.units.it\/index.php\/eventi\/\"},{\"@type\":\"ListItem\",\"position\":2,\"name\":\"Dove lavorano mamma e pap\u00e0. Una giornata all\u2019Universit\u00e0\"}]},{\"@type\":\"WebSite\",\"@id\":\"https:\/\/100anni.units.it\/#website\",\"url\":\"https:\/\/100anni.units.it\/\",\"name\":\"#100UniTS\",\"description\":\"Ogni giorno, da cento anni, con noi puoi scoprire ci\u00f2 che sar\u00e0 realt\u00e0 nel futuro. Celebriamo insieme un secolo di ricerca, eccellenza, creativit\u00e0 e ingegno umano.\",\"publisher\":{\"@id\":\"https:\/\/100anni.units.it\/#organization\"},\"potentialAction\":[{\"@type\":\"SearchAction\",\"target\":{\"@type\":\"EntryPoint\",\"urlTemplate\":\"https:\/\/100anni.units.it\/?s={search_term_string}\"},\"query-input\":\"required name=search_term_string\"}],\"inLanguage\":\"it-IT\"},{\"@type\":\"Organization\",\"@id\":\"https:\/\/100anni.units.it\/#organization\",\"name\":\"Universit\u00e0 degli Studi di Trieste\",\"alternateName\":\"UniTS\",\"url\":\"https:\/\/100anni.units.it\/\",\"logo\":{\"@type\":\"ImageObject\",\"inLanguage\":\"it-IT\",\"@id\":\"https:\/\/100anni.units.it\/#\/schema\/logo\/image\/\",\"url\":\"https:\/\/100anni.units.it\/wp-content\/uploads\/2023\/08\/units_sigillo.png\",\"contentUrl\":\"https:\/\/100anni.units.it\/wp-content\/uploads\/2023\/08\/units_sigillo.png\",\"width\":696,\"height\":696,\"caption\":\"Universit\u00e0 degli Studi di Trieste\"},\"image\":{\"@id\":\"https:\/\/100anni.units.it\/#\/schema\/logo\/image\/\"},\"sameAs\":[\"https:\/\/www.facebook.com\/universitatrieste\",\"https:\/\/twitter.com\/UniTrieste\"]}]}<\/script>\n<!-- \/ Yoast SEO plugin. -->","yoast_head_json":{"title":"Dove lavorano mamma e pap\u00e0. Una giornata all\u2019Universit\u00e0 &ndash; #100UniTS","description":"Il Comitato Unico di Garanzia (CUG) organizza l'evento Dove lavorano mamma e pap\u00e0. Iscrizioni entro il 13 agosto 2023","robots":{"index":"index","follow":"follow","max-snippet":"max-snippet:-1","max-image-preview":"max-image-preview:large","max-video-preview":"max-video-preview:-1"},"canonical":"https:\/\/100anni.units.it\/index.php\/evento\/dove-lavorano-mamma-e-papa\/","og_locale":"it_IT","og_type":"article","og_title":"Dove lavorano mamma e pap\u00e0. Una giornata all\u2019Universit\u00e0 &ndash; #100UniTS","og_description":"Il Comitato Unico di Garanzia (CUG) organizza l'evento Dove lavorano mamma e pap\u00e0. Iscrizioni entro il 13 agosto 2023","og_url":"https:\/\/100anni.units.it\/index.php\/evento\/dove-lavorano-mamma-e-papa\/","og_site_name":"#100UniTS","article_publisher":"https:\/\/www.facebook.com\/universitatrieste","article_modified_time":"2023-12-06T12:09:42+00:00","og_image":[{"width":2296,"height":1291,"url":"https:\/\/100anni.units.it\/wp-content\/uploads\/2023\/12\/100UniTS_cug-una-giornata-alluniversita.png","type":"image\/png"}],"twitter_card":"summary_large_image","twitter_site":"@UniTrieste","twitter_misc":{"Tempo di lettura stimato":"1 minuto"},"schema":{"@context":"https:\/\/schema.org","@graph":[{"@type":"WebPage","@id":"https:\/\/100anni.units.it\/index.php\/evento\/dove-lavorano-mamma-e-papa\/","url":"https:\/\/100anni.units.it\/index.php\/evento\/dove-lavorano-mamma-e-papa\/","name":"Dove lavorano mamma e pap\u00e0. Una giornata all\u2019Universit\u00e0 &ndash; #100UniTS","isPartOf":{"@id":"https:\/\/100anni.units.it\/#website"},"datePublished":"2023-12-05T16:22:39+00:00","dateModified":"2023-12-06T12:09:42+00:00","description":"Il Comitato Unico di Garanzia (CUG) organizza l'evento Dove lavorano mamma e pap\u00e0. Iscrizioni entro il 13 agosto 2023","breadcrumb":{"@id":"https:\/\/100anni.units.it\/index.php\/evento\/dove-lavorano-mamma-e-papa\/#breadcrumb"},"inLanguage":"it-IT","potentialAction":[{"@type":"ReadAction","target":["https:\/\/100anni.units.it\/index.php\/evento\/dove-lavorano-mamma-e-papa\/"]}]},{"@type":"BreadcrumbList","@id":"https:\/\/100anni.units.it\/index.php\/evento\/dove-lavorano-mamma-e-papa\/#breadcrumb","itemListElement":[{"@type":"ListItem","position":1,"name":"Eventi","item":"https:\/\/100anni.units.it\/index.php\/eventi\/"},{"@type":"ListItem","position":2,"name":"Dove lavorano mamma e pap\u00e0. Una giornata all\u2019Universit\u00e0"}]},{"@type":"WebSite","@id":"https:\/\/100anni.units.it\/#website","url":"https:\/\/100anni.units.it\/","name":"#100UniTS","description":"Ogni giorno, da cento anni, con noi puoi scoprire ci\u00f2 che sar\u00e0 realt\u00e0 nel futuro. Celebriamo insieme un secolo di ricerca, eccellenza, creativit\u00e0 e ingegno umano.","publisher":{"@id":"https:\/\/100anni.units.it\/#organization"},"potentialAction":[{"@type":"SearchAction","target":{"@type":"EntryPoint","urlTemplate":"https:\/\/100anni.units.it\/?s={search_term_string}"},"query-input":"required name=search_term_string"}],"inLanguage":"it-IT"},{"@type":"Organization","@id":"https:\/\/100anni.units.it\/#organization","name":"Universit\u00e0 degli Studi di Trieste","alternateName":"UniTS","url":"https:\/\/100anni.units.it\/","logo":{"@type":"ImageObject","inLanguage":"it-IT","@id":"https:\/\/100anni.units.it\/#\/schema\/logo\/image\/","url":"https:\/\/100anni.units.it\/wp-content\/uploads\/2023\/08\/units_sigillo.png","contentUrl":"https:\/\/100anni.units.it\/wp-content\/uploads\/2023\/08\/units_sigillo.png","width":696,"height":696,"caption":"Universit\u00e0 degli Studi di Trieste"},"image":{"@id":"https:\/\/100anni.units.it\/#\/schema\/logo\/image\/"},"sameAs":["https:\/\/www.facebook.com\/universitatrieste","https:\/\/twitter.com\/UniTrieste"]}]}},"_links":{"self":[{"href":"https:\/\/100anni.units.it\/index.php\/wp-json\/wp\/v2\/tribe_events\/3042","targetHints":{"allow":["GET"]}}],"collection":[{"href":"https:\/\/100anni.units.it\/index.php\/wp-json\/wp\/v2\/tribe_events"}],"about":[{"href":"https:\/\/100anni.units.it\/index.php\/wp-json\/wp\/v2\/types\/tribe_events"}],"author":[{"embeddable":true,"href":"https:\/\/100anni.units.it\/index.php\/wp-json\/wp\/v2\/users\/1"}],"replies":[{"embeddable":true,"href":"https:\/\/100anni.units.it\/index.php\/wp-json\/wp\/v2\/comments?post=3042"}],"version-history":[{"count":3,"href":"https:\/\/100anni.units.it\/index.php\/wp-json\/wp\/v2\/tribe_events\/3042\/revisions"}],"predecessor-version":[{"id":3059,"href":"https:\/\/100anni.units.it\/index.php\/wp-json\/wp\/v2\/tribe_events\/3042\/revisions\/3059"}],"wp:featuredmedia":[{"embeddable":true,"href":"https:\/\/100anni.units.it\/index.php\/wp-json\/wp\/v2\/media\/3043"}],"wp:attachment":[{"href":"https:\/\/100anni.units.it\/index.php\/wp-json\/wp\/v2\/media?parent=3042"}],"wp:term":[{"taxonomy":"post_tag","embeddable":true,"href":"https:\/\/100anni.units.it\/index.php\/wp-json\/wp\/v2\/tags?post=3042"},{"taxonomy":"tribe_events_cat","embeddable":true,"href":"https:\/\/100anni.units.it\/index.php\/wp-json\/wp\/v2\/tribe_events_cat?post=3042"}],"curies":[{"name":"wp","href":"https:\/\/api.w.org\/{rel}","templated":true}]}}