{"id":3137,"date":"2023-12-12T12:46:03","date_gmt":"2023-12-12T11:46:03","guid":{"rendered":"https:\/\/100anni.units.it\/?post_type=tribe_events&#038;p=3137"},"modified":"2023-12-12T14:02:58","modified_gmt":"2023-12-12T13:02:58","slug":"i-commerci-nellalto-adriatico-e-le-costruzioni-navali","status":"publish","type":"tribe_events","link":"https:\/\/100anni.units.it\/index.php\/evento\/i-commerci-nellalto-adriatico-e-le-costruzioni-navali\/","title":{"rendered":"Cent\u2019anni di Zeno \u2013\u00a0I commerci nell\u2019Alto Adriatico e le costruzioni navali"},"content":{"rendered":"<div  class=\"tribe-events-schedule tribe-clearfix\" >\n\t<h2 class=\"tribe-events-schedule__datetime\">\n\t\t<span class=\"tribe-events-schedule__date tribe-events-schedule__date--start\">\n\t\t\t14 Dicembre 2023\t\t<\/span>\n\n\t\t\t\t\t<span class=\"tribe-events-schedule__separator tribe-events-schedule__separator--date\">\n\t\t\t\t ore \t\t\t<\/span>\n\t\t\t<span class=\"tribe-events-schedule__time tribe-events-schedule__time--start\">\n\t\t\t\t18:30\t\t\t<\/span>\n\t\t\n\t\t\t<\/h2>\n<\/div>\n\n\n\n<div class=\"wp-block-columns is-layout-flex wp-container-core-columns-is-layout-9d6595d7 wp-block-columns-is-layout-flex\">\n<div class=\"wp-block-column is-layout-flow wp-block-column-is-layout-flow\">\n<p><strong>Gioved\u00ec 14 dicembre<\/strong>,&nbsp;alle&nbsp;<strong>18.30<\/strong>, presso l&#8217;Antico Caff\u00e8 San Marco si svolger\u00e0 l&#8217;incontro&nbsp;dal titolo&nbsp;<strong><em>I commerci nell\u2019Alto Adriatico e le costruzioni navali<\/em><\/strong>, dialogo multidisciplinare&nbsp;a&nbsp;partire dal romanzo&nbsp;<em>La coscienza di Zeno<\/em>.<\/p>\n\n\n\n<p>L&#8217;appuntamento conclude il ciclo di incontri <strong>Cent&#8217;anni di Zeno<\/strong>, progetto di divulgazione umanistica del&nbsp;<strong>Dipartimento di Studi Umanistici di UniTS<\/strong>, finanziato dalla&nbsp;<strong>Regione Autonoma Friuli Venezia Giulia<\/strong>.<\/p>\n\n\n\n<p>Ciascun incontro del progetto &#8211;&nbsp;che&nbsp;vede la direzione scientifica di&nbsp;<strong>Tiziana Piras<\/strong>, docente di Letteratura italiana, e di&nbsp;<strong>Helena Lozano<\/strong>, docente di Lingua e traduzione spagnola &#8211;&nbsp;\u00e8 organizzato in luoghi pubblici che hanno un rapporto simbolico con il romanzo ed \u00e8 proposto con l\u2019interpretazione in lingua dei segni italiana LIS.<\/p>\n\n\n\n<p>L&#8217;evento prevede gli interventi di&nbsp;<strong>Giuseppe Borruso<\/strong>, docente di Geografia economico-politica (DEAMS) e&nbsp;<strong>Vittorio Bucci<\/strong>, docente di Costruzioni e impianti navali e marini (DIA), che&nbsp;si concentreranno su aspetti commerciali e ingegneristici&nbsp;sviluppati&nbsp;in particolare nel capitolo &#8220;Storia di un\u2019associazione commerciale&#8221;.<\/p>\n\n\n\n<p class=\"has-neve-link-color-color has-text-color\">Ingresso libero<\/p>\n<\/div>\n\n\n\n<div class=\"wp-block-column is-vertically-aligned-top is-layout-flow wp-block-column-is-layout-flow\" style=\"flex-basis:30%\">\n<figure class=\"wp-block-image size-full\"><img loading=\"lazy\" decoding=\"async\" width=\"1004\" height=\"711\" src=\"https:\/\/100anni.units.it\/wp-content\/uploads\/2023\/10\/100UniTS_event_100Zeno.png\" alt=\"logo dell'evento\" class=\"wp-image-2381\" srcset=\"https:\/\/100anni.units.it\/wp-content\/uploads\/2023\/10\/100UniTS_event_100Zeno.png 1004w, https:\/\/100anni.units.it\/wp-content\/uploads\/2023\/10\/100UniTS_event_100Zeno-300x212.png 300w, https:\/\/100anni.units.it\/wp-content\/uploads\/2023\/10\/100UniTS_event_100Zeno-768x544.png 768w\" sizes=\"auto, (max-width: 1004px) 100vw, 1004px\" \/><\/figure>\n\n\n\n<div class=\"wp-block-columns is-layout-flex wp-container-core-columns-is-layout-9d6595d7 wp-block-columns-is-layout-flex\">\n<div class=\"wp-block-column is-layout-flow wp-block-column-is-layout-flow\"><\/div>\n\n\n\n<div class=\"wp-block-column is-layout-flow wp-block-column-is-layout-flow\" style=\"flex-basis:70%\">\n<p class=\"has-text-align-center has-small-font-size\">Progetto di divulgazione umanistica dell\u2019Universit\u00e0 degli Studi di Trieste, Dipartimento di Studi Umanistici, finanziato dalla Regione Friuli Venezia Giulia<\/p>\n\n\n<div class=\"wp-block-image\">\n<figure class=\"aligncenter size-full is-resized\"><img decoding=\"async\" src=\"https:\/\/100anni.units.it\/wp-content\/uploads\/2023\/09\/logo-FVG-102a.jpg\" alt=\"logo Regione Friuli Venezia Giulia\" class=\"wp-image-1503\" style=\"width:220px\" width=\"220\" srcset=\"https:\/\/100anni.units.it\/wp-content\/uploads\/2023\/09\/logo-FVG-102a.jpg 531w, https:\/\/100anni.units.it\/wp-content\/uploads\/2023\/09\/logo-FVG-102a-300x67.jpg 300w\" sizes=\"(max-width: 531px) 100vw, 531px\" \/><\/figure>\n<\/div>\n\n\n<div style=\"height:25px\" aria-hidden=\"true\" class=\"wp-block-spacer\"><\/div>\n\n\n<div class=\"wp-block-image\">\n<figure class=\"aligncenter size-full is-resized\"><img decoding=\"async\" src=\"https:\/\/100anni.units.it\/wp-content\/uploads\/2023\/09\/FVG_denominativo_RGB.png\" alt=\"logo Promoturismo Io Sono FVG\" class=\"wp-image-1670\" style=\"width:65px\" width=\"65\" srcset=\"https:\/\/100anni.units.it\/wp-content\/uploads\/2023\/09\/FVG_denominativo_RGB.png 834w, https:\/\/100anni.units.it\/wp-content\/uploads\/2023\/09\/FVG_denominativo_RGB-292x300.png 292w, https:\/\/100anni.units.it\/wp-content\/uploads\/2023\/09\/FVG_denominativo_RGB-768x790.png 768w\" sizes=\"(max-width: 834px) 100vw, 834px\" \/><\/figure>\n<\/div><\/div>\n\n\n\n<div class=\"wp-block-column is-layout-flow wp-block-column-is-layout-flow\"><\/div>\n<\/div>\n<\/div>\n<\/div>\n\n\n\n<div class=\"wp-block-columns are-vertically-aligned-center is-layout-flex wp-container-core-columns-is-layout-9d6595d7 wp-block-columns-is-layout-flex\">\n<div class=\"wp-block-column is-vertically-aligned-center is-layout-flow wp-block-column-is-layout-flow\"><div  class=\"tribe-block tribe-block__venue tribe-clearfix\" >\n\t\n\t\n<div class=\"tribe-block__venue__meta\">\n\t<div class=\"tribe-block__venue__name\">\n\t\t<h3>Antico Caff\u00e8 San Marco<\/h3>\n\t<\/div>\n\n\t\n\t\t\t<address class=\"tribe-block__venue__address\">\n\t\t\t<span class=\"tribe-address\">\n\n<span class=\"tribe-street-address\">Via Cesare Battisti, 18<\/span>\n\t\n\t\t<br>\n\t\t<span class=\"tribe-locality\">Trieste<\/span><span class=\"tribe-delimiter\">,<\/span>\n\n\t<abbr class=\"tribe-region tribe-events-abbr\" title=\"TS\">TS<\/abbr>\n\n\t<span class=\"tribe-postal-code\">34100<\/span>\n\n\t<span class=\"tribe-country-name\">Italia<\/span>\n\n<\/span>\n\n\t\t\t\t\t<\/address>\n\t\n\t\n\t\n\t<\/div>\n\t\n\t<\/div>\n<\/div>\n\n\n\n<div class=\"wp-block-column is-vertically-aligned-center is-layout-flow wp-block-column-is-layout-flow\" style=\"flex-basis:30%\">\n<div class=\"wp-block-group is-vertical is-content-justification-center is-layout-flex wp-container-core-group-is-layout-0472769e wp-block-group-is-layout-flex\">\t<div  class=\"tribe-block tribe-block__events-link\" >\n\t\t<div class=\"tribe-events tribe-common\">\n\t\t\t<div class=\"tribe-events-c-subscribe-dropdown__container\">\n\t\t\t\t<div class=\"tribe-events-c-subscribe-dropdown\">\n\t\t\t\t\t<div class=\"tribe-common-c-btn-border tribe-events-c-subscribe-dropdown__button\" tabindex=\"0\">\n\t\t\t\t\t\t<svg  class=\"tribe-common-c-svgicon tribe-common-c-svgicon--cal-export tribe-events-c-subscribe-dropdown__export-icon\"  viewBox=\"0 0 23 17\" xmlns=\"http:\/\/www.w3.org\/2000\/svg\">\n  <path fill-rule=\"evenodd\" clip-rule=\"evenodd\" d=\"M.128.896V16.13c0 .211.145.383.323.383h15.354c.179 0 .323-.172.323-.383V.896c0-.212-.144-.383-.323-.383H.451C.273.513.128.684.128.896Zm16 6.742h-.901V4.679H1.009v10.729h14.218v-3.336h.901V7.638ZM1.01 1.614h14.218v2.058H1.009V1.614Z\" \/>\n  <path d=\"M20.5 9.846H8.312M18.524 6.953l2.89 2.909-2.855 2.855\" stroke-width=\"1.2\" stroke-linecap=\"round\" stroke-linejoin=\"round\"\/>\n<\/svg>\n\t\t\t\t\t\t<button class=\"tribe-events-c-subscribe-dropdown__button-text\">\n\t\t\t\t\t\t\tSalva nel tuo calendario\t\t\t\t\t\t<\/button>\n\t\t\t\t\t\t<svg  class=\"tribe-common-c-svgicon tribe-common-c-svgicon--caret-down tribe-events-c-subscribe-dropdown__button-icon\"  viewBox=\"0 0 10 7\" xmlns=\"http:\/\/www.w3.org\/2000\/svg\"><path fill-rule=\"evenodd\" clip-rule=\"evenodd\" d=\"M1.008.609L5 4.6 8.992.61l.958.958L5 6.517.05 1.566l.958-.958z\" class=\"tribe-common-c-svgicon__svg-fill\"\/><\/svg>\n\t\t\t\t\t<\/div>\n\t\t\t\t\t<div class=\"tribe-events-c-subscribe-dropdown__content\">\n\t\t\t\t\t\t<ul class=\"tribe-events-c-subscribe-dropdown__list\" tabindex=\"0\">\n\t\t\t\t\t\t\t\t\t\t\t\t\t\t\t<li class=\"tribe-events-c-subscribe-dropdown__list-item\">\n\t\t\t\t\t\t\t\t\t<a\n\t\t\t\t\t\t\t\t\t\thref=\"https:\/\/www.google.com\/calendar\/event?action=TEMPLATE&#038;dates=20231214T183000\/20231214T183000&#038;text=Cent%E2%80%99anni%20di%20Zeno%20%E2%80%93%C2%A0I%20commerci%20nell%E2%80%99Alto%20Adriatico%20e%20le%20costruzioni%20navali&#038;details=%3C%21--+wp%3Atribe%2Fevent-datetime+%2F--%3E%3C%21--+wp%3Acolumns+--%3E%3Cdiv+class%3D%22wp-block-columns%22%3E%3C%21--+wp%3Acolumn+%7B%22width%22%3A%22%22%7D+--%3E%3Cdiv+class%3D%22wp-block-column%22%3E%3C%21--+wp%3Aparagraph+--%3E%3Cp%3E%3Cstrong%3EGioved%C3%AC+14+dicembre%3C%2Fstrong%3E%2C%26nbsp%3Balle%26nbsp%3B%3Cstrong%3E18.30%3C%2Fstrong%3E%2C+presso+l%27Antico+Caff%C3%A8+San+Marco+si+svolger%C3%A0+l%27incontro%26nbsp%3Bdal+titolo%26nbsp%3B%3Cstrong%3E%3Cem%3EI+commerci+nell%E2%80%99Alto+Adriatico+e+le+costruzioni+navali%3C%2Fem%3E%3C%2Fstrong%3E%2C+dialogo+multidisciplinare%26nbsp%3Ba%26nbsp%3Bpartire+dal+romanzo%26nbsp%3B%3Cem%3ELa+coscienza+di+Zeno%3C%2Fem%3E.%3C%2Fp%3E%3C%21--+%2Fwp%3Aparagraph+--%3E%3C%21--+wp%3Aparagraph+--%3E%3Cp%3EL%27appuntamento+conclude+il+ciclo+di+incontri+%3Cstrong%3ECent%27anni+di+Zeno%3C%2Fstrong%3E%2C+progetto+di+divulgazione+umanistica+del%26nbsp%3B%3Cstrong%3EDipartimento+di+Studi+Umanistici+di+UniTS%3C%2Fstrong%%20(View%20Full%20evento%20Description%20Here:%20https:\/\/100anni.units.it\/index.php\/evento\/i-commerci-nellalto-adriatico-e-le-costruzioni-navali\/)&#038;location=Antico%20Caff\u00e8%20San%20Marco,%20Via%20Cesare%20Battisti,%2018,%20Trieste,%20TS,%2034100,%20Italia&#038;trp=false&#038;ctz=Europe\/Rome&#038;sprop=website:https:\/\/100anni.units.it\"\n\t\t\t\t\t\t\t\t\t\tclass=\"tribe-events-c-subscribe-dropdown__list-item-link\"\n\t\t\t\t\t\t\t\t\t\ttabindex=\"0\"\n\t\t\t\t\t\t\t\t\t\ttarget=\"_blank\"\n\t\t\t\t\t\t\t\t\t\trel=\"noopener noreferrer nofollow noindex\"\n\t\t\t\t\t\t\t\t\t>\n\t\t\t\t\t\t\t\t\t\tGoogle Calendar\t\t\t\t\t\t\t\t\t<\/a>\n\t\t\t\t\t\t\t\t<\/li>\n\t\t\t\t\t\t\t\t\t\t\t\t\t\t\t<li class=\"tribe-events-c-subscribe-dropdown__list-item\">\n\t\t\t\t\t\t\t\t\t<a\n\t\t\t\t\t\t\t\t\t\thref=\"\"\n\t\t\t\t\t\t\t\t\t\tclass=\"tribe-events-c-subscribe-dropdown__list-item-link\"\n\t\t\t\t\t\t\t\t\t\ttabindex=\"0\"\n\t\t\t\t\t\t\t\t\t\ttarget=\"_blank\"\n\t\t\t\t\t\t\t\t\t\trel=\"noopener noreferrer nofollow noindex\"\n\t\t\t\t\t\t\t\t\t>\n\t\t\t\t\t\t\t\t\t\tiCalendar\t\t\t\t\t\t\t\t\t<\/a>\n\t\t\t\t\t\t\t\t<\/li>\n\t\t\t\t\t\t\t\t\t\t\t\t\t\t\t<li class=\"tribe-events-c-subscribe-dropdown__list-item\">\n\t\t\t\t\t\t\t\t\t<a\n\t\t\t\t\t\t\t\t\t\thref=\"\"\n\t\t\t\t\t\t\t\t\t\tclass=\"tribe-events-c-subscribe-dropdown__list-item-link\"\n\t\t\t\t\t\t\t\t\t\ttabindex=\"0\"\n\t\t\t\t\t\t\t\t\t\ttarget=\"_blank\"\n\t\t\t\t\t\t\t\t\t\trel=\"noopener noreferrer nofollow noindex\"\n\t\t\t\t\t\t\t\t\t>\n\t\t\t\t\t\t\t\t\t\tOutlook 365\t\t\t\t\t\t\t\t\t<\/a>\n\t\t\t\t\t\t\t\t<\/li>\n\t\t\t\t\t\t\t\t\t\t\t\t\t\t\t<li class=\"tribe-events-c-subscribe-dropdown__list-item\">\n\t\t\t\t\t\t\t\t\t<a\n\t\t\t\t\t\t\t\t\t\thref=\"\"\n\t\t\t\t\t\t\t\t\t\tclass=\"tribe-events-c-subscribe-dropdown__list-item-link\"\n\t\t\t\t\t\t\t\t\t\ttabindex=\"0\"\n\t\t\t\t\t\t\t\t\t\ttarget=\"_blank\"\n\t\t\t\t\t\t\t\t\t\trel=\"noopener noreferrer nofollow noindex\"\n\t\t\t\t\t\t\t\t\t>\n\t\t\t\t\t\t\t\t\t\tOutlook Live\t\t\t\t\t\t\t\t\t<\/a>\n\t\t\t\t\t\t\t\t<\/li>\n\t\t\t\t\t\t\t\t\t\t\t\t\t<\/ul>\n\t\t\t\t\t<\/div>\n\t\t\t\t<\/div>\n\t\t\t<\/div>\n\t\t<\/div>\n\t<\/div>\n\n\n\n\n<div class=\"wp-block-buttons is-content-justification-center is-layout-flex wp-container-core-buttons-is-layout-16018d1d wp-block-buttons-is-layout-flex\">\n<div class=\"wp-block-button has-custom-width wp-block-button__width-100 is-style-primary\"><a class=\"wp-block-button__link wp-element-button\" href=\"https:\/\/www.units.it\/sites\/default\/files\/media\/documenti\/locandina_14dicembre.pdf\" target=\"_blank\" rel=\"noreferrer noopener\">Scarica la locandina<\/a><\/div>\n<\/div>\n<\/div>\n<\/div>\n<\/div>\n\n\n\n<div style=\"height:100px\" aria-hidden=\"true\" class=\"wp-block-spacer\"><\/div>\n","protected":false},"excerpt":{"rendered":"<p>Dialogo multidisciplinare organizzato dal DiSU, all&#8217;interno del progetto di divulgazione umanistica Cent&#8217;anni di Zeno, finanziato dalla Regione FVG: ore 18.30 al Caff\u00e8 San Marco. Ingresso libero<\/p>\n","protected":false},"author":1,"featured_media":2381,"comment_status":"closed","ping_status":"closed","template":"","meta":{"neve_meta_sidebar":"","neve_meta_container":"","neve_meta_enable_content_width":"","neve_meta_content_width":0,"neve_meta_title_alignment":"","neve_meta_author_avatar":"","neve_post_elements_order":"","neve_meta_disable_header":"","neve_meta_disable_footer":"","neve_meta_disable_title":"","_EventAllDay":false,"_EventTimezone":"Europe\/Rome","_EventStartDate":"2023-12-14 18:30:00","_EventEndDate":"2023-12-14 18:30:00","_EventStartDateUTC":"2023-12-14 17:30:00","_EventEndDateUTC":"2023-12-14 17:30:00","_EventShowMap":false,"_EventShowMapLink":false,"_EventURL":"","_EventCost":"","_EventCostDescription":"","_EventCurrencySymbol":"\u20ac","_EventCurrencyCode":"EUR","_EventCurrencyPosition":"prefix","_EventDateTimeSeparator":" ore ","_EventTimeRangeSeparator":" - ","_EventOrganizerID":[],"_EventVenueID":[3139],"_OrganizerEmail":"","_OrganizerPhone":"","_OrganizerWebsite":"","_VenueAddress":"","_VenueCity":"","_VenueCountry":"","_VenueProvince":"","_VenueState":"","_VenueZip":"","_VenuePhone":"","_VenueURL":"","_VenueStateProvince":"","_VenueLat":"","_VenueLng":"","_VenueShowMap":false,"_VenueShowMapLink":false,"_ti_tpc_template_sync":false,"_ti_tpc_template_id":"","_tribe_events_status":"","_tribe_events_status_reason":"","footnotes":""},"tags":[],"tribe_events_cat":[4],"class_list":["post-3137","tribe_events","type-tribe_events","status-publish","has-post-thumbnail","hentry","tribe_events_cat-dipartimento","cat_dipartimento"],"yoast_head":"<!-- This site is optimized with the Yoast SEO plugin v21.0 - https:\/\/yoast.com\/wordpress\/plugins\/seo\/ -->\n<title>Cent\u2019anni di Zeno \u2013\u00a0I commerci nell\u2019Alto Adriatico e le costruzioni navali &ndash; #100UniTS<\/title>\n<meta name=\"description\" content=\"Dialogo multidisciplinare organizzato dal DiSU, all&#039;interno del progetto di divulgazione umanistica Cent&#039;anni di Zeno, finanziato dalla Regione FVG: ore 18.30 al Caff\u00e8 San Marco. Ingresso libero\" \/>\n<meta name=\"robots\" content=\"index, follow, max-snippet:-1, max-image-preview:large, max-video-preview:-1\" \/>\n<link rel=\"canonical\" href=\"https:\/\/100anni.units.it\/index.php\/evento\/i-commerci-nellalto-adriatico-e-le-costruzioni-navali\/\" \/>\n<meta property=\"og:locale\" content=\"it_IT\" \/>\n<meta property=\"og:type\" content=\"article\" \/>\n<meta property=\"og:title\" content=\"Cent\u2019anni di Zeno \u2013\u00a0I commerci nell\u2019Alto Adriatico e le costruzioni navali &ndash; #100UniTS\" \/>\n<meta property=\"og:description\" content=\"Dialogo multidisciplinare organizzato dal DiSU, all&#039;interno del progetto di divulgazione umanistica Cent&#039;anni di Zeno, finanziato dalla Regione FVG: ore 18.30 al Caff\u00e8 San Marco. Ingresso libero\" \/>\n<meta property=\"og:url\" content=\"https:\/\/100anni.units.it\/index.php\/evento\/i-commerci-nellalto-adriatico-e-le-costruzioni-navali\/\" \/>\n<meta property=\"og:site_name\" content=\"#100UniTS\" \/>\n<meta property=\"article:publisher\" content=\"https:\/\/www.facebook.com\/universitatrieste\" \/>\n<meta property=\"article:modified_time\" content=\"2023-12-12T13:02:58+00:00\" \/>\n<meta property=\"og:image\" content=\"https:\/\/100anni.units.it\/wp-content\/uploads\/2023\/10\/100UniTS_event_100Zeno.png\" \/>\n\t<meta property=\"og:image:width\" content=\"1004\" \/>\n\t<meta property=\"og:image:height\" content=\"711\" \/>\n\t<meta property=\"og:image:type\" content=\"image\/png\" \/>\n<meta name=\"twitter:card\" content=\"summary_large_image\" \/>\n<meta name=\"twitter:site\" content=\"@UniTrieste\" \/>\n<meta name=\"twitter:label1\" content=\"Tempo di lettura stimato\" \/>\n\t<meta name=\"twitter:data1\" content=\"2 minuti\" \/>\n<script type=\"application\/ld+json\" class=\"yoast-schema-graph\">{\"@context\":\"https:\/\/schema.org\",\"@graph\":[{\"@type\":\"WebPage\",\"@id\":\"https:\/\/100anni.units.it\/index.php\/evento\/i-commerci-nellalto-adriatico-e-le-costruzioni-navali\/\",\"url\":\"https:\/\/100anni.units.it\/index.php\/evento\/i-commerci-nellalto-adriatico-e-le-costruzioni-navali\/\",\"name\":\"Cent\u2019anni di Zeno \u2013\u00a0I commerci nell\u2019Alto Adriatico e le costruzioni navali &ndash; #100UniTS\",\"isPartOf\":{\"@id\":\"https:\/\/100anni.units.it\/#website\"},\"datePublished\":\"2023-12-12T11:46:03+00:00\",\"dateModified\":\"2023-12-12T13:02:58+00:00\",\"description\":\"Dialogo multidisciplinare organizzato dal DiSU, all'interno del progetto di divulgazione umanistica Cent'anni di Zeno, finanziato dalla Regione FVG: ore 18.30 al Caff\u00e8 San Marco. Ingresso libero\",\"breadcrumb\":{\"@id\":\"https:\/\/100anni.units.it\/index.php\/evento\/i-commerci-nellalto-adriatico-e-le-costruzioni-navali\/#breadcrumb\"},\"inLanguage\":\"it-IT\",\"potentialAction\":[{\"@type\":\"ReadAction\",\"target\":[\"https:\/\/100anni.units.it\/index.php\/evento\/i-commerci-nellalto-adriatico-e-le-costruzioni-navali\/\"]}]},{\"@type\":\"BreadcrumbList\",\"@id\":\"https:\/\/100anni.units.it\/index.php\/evento\/i-commerci-nellalto-adriatico-e-le-costruzioni-navali\/#breadcrumb\",\"itemListElement\":[{\"@type\":\"ListItem\",\"position\":1,\"name\":\"Eventi\",\"item\":\"https:\/\/100anni.units.it\/index.php\/eventi\/\"},{\"@type\":\"ListItem\",\"position\":2,\"name\":\"Cent\u2019anni di Zeno \u2013\u00a0I commerci nell\u2019Alto Adriatico e le costruzioni navali\"}]},{\"@type\":\"WebSite\",\"@id\":\"https:\/\/100anni.units.it\/#website\",\"url\":\"https:\/\/100anni.units.it\/\",\"name\":\"#100UniTS\",\"description\":\"Ogni giorno, da cento anni, con noi puoi scoprire ci\u00f2 che sar\u00e0 realt\u00e0 nel futuro. Celebriamo insieme un secolo di ricerca, eccellenza, creativit\u00e0 e ingegno umano.\",\"publisher\":{\"@id\":\"https:\/\/100anni.units.it\/#organization\"},\"potentialAction\":[{\"@type\":\"SearchAction\",\"target\":{\"@type\":\"EntryPoint\",\"urlTemplate\":\"https:\/\/100anni.units.it\/?s={search_term_string}\"},\"query-input\":\"required name=search_term_string\"}],\"inLanguage\":\"it-IT\"},{\"@type\":\"Organization\",\"@id\":\"https:\/\/100anni.units.it\/#organization\",\"name\":\"Universit\u00e0 degli Studi di Trieste\",\"alternateName\":\"UniTS\",\"url\":\"https:\/\/100anni.units.it\/\",\"logo\":{\"@type\":\"ImageObject\",\"inLanguage\":\"it-IT\",\"@id\":\"https:\/\/100anni.units.it\/#\/schema\/logo\/image\/\",\"url\":\"https:\/\/100anni.units.it\/wp-content\/uploads\/2023\/08\/units_sigillo.png\",\"contentUrl\":\"https:\/\/100anni.units.it\/wp-content\/uploads\/2023\/08\/units_sigillo.png\",\"width\":696,\"height\":696,\"caption\":\"Universit\u00e0 degli Studi di Trieste\"},\"image\":{\"@id\":\"https:\/\/100anni.units.it\/#\/schema\/logo\/image\/\"},\"sameAs\":[\"https:\/\/www.facebook.com\/universitatrieste\",\"https:\/\/twitter.com\/UniTrieste\"]}]}<\/script>\n<!-- \/ Yoast SEO plugin. -->","yoast_head_json":{"title":"Cent\u2019anni di Zeno \u2013\u00a0I commerci nell\u2019Alto Adriatico e le costruzioni navali &ndash; #100UniTS","description":"Dialogo multidisciplinare organizzato dal DiSU, all'interno del progetto di divulgazione umanistica Cent'anni di Zeno, finanziato dalla Regione FVG: ore 18.30 al Caff\u00e8 San Marco. Ingresso libero","robots":{"index":"index","follow":"follow","max-snippet":"max-snippet:-1","max-image-preview":"max-image-preview:large","max-video-preview":"max-video-preview:-1"},"canonical":"https:\/\/100anni.units.it\/index.php\/evento\/i-commerci-nellalto-adriatico-e-le-costruzioni-navali\/","og_locale":"it_IT","og_type":"article","og_title":"Cent\u2019anni di Zeno \u2013\u00a0I commerci nell\u2019Alto Adriatico e le costruzioni navali &ndash; #100UniTS","og_description":"Dialogo multidisciplinare organizzato dal DiSU, all'interno del progetto di divulgazione umanistica Cent'anni di Zeno, finanziato dalla Regione FVG: ore 18.30 al Caff\u00e8 San Marco. Ingresso libero","og_url":"https:\/\/100anni.units.it\/index.php\/evento\/i-commerci-nellalto-adriatico-e-le-costruzioni-navali\/","og_site_name":"#100UniTS","article_publisher":"https:\/\/www.facebook.com\/universitatrieste","article_modified_time":"2023-12-12T13:02:58+00:00","og_image":[{"width":1004,"height":711,"url":"https:\/\/100anni.units.it\/wp-content\/uploads\/2023\/10\/100UniTS_event_100Zeno.png","type":"image\/png"}],"twitter_card":"summary_large_image","twitter_site":"@UniTrieste","twitter_misc":{"Tempo di lettura stimato":"2 minuti"},"schema":{"@context":"https:\/\/schema.org","@graph":[{"@type":"WebPage","@id":"https:\/\/100anni.units.it\/index.php\/evento\/i-commerci-nellalto-adriatico-e-le-costruzioni-navali\/","url":"https:\/\/100anni.units.it\/index.php\/evento\/i-commerci-nellalto-adriatico-e-le-costruzioni-navali\/","name":"Cent\u2019anni di Zeno \u2013\u00a0I commerci nell\u2019Alto Adriatico e le costruzioni navali &ndash; #100UniTS","isPartOf":{"@id":"https:\/\/100anni.units.it\/#website"},"datePublished":"2023-12-12T11:46:03+00:00","dateModified":"2023-12-12T13:02:58+00:00","description":"Dialogo multidisciplinare organizzato dal DiSU, all'interno del progetto di divulgazione umanistica Cent'anni di Zeno, finanziato dalla Regione FVG: ore 18.30 al Caff\u00e8 San Marco. Ingresso libero","breadcrumb":{"@id":"https:\/\/100anni.units.it\/index.php\/evento\/i-commerci-nellalto-adriatico-e-le-costruzioni-navali\/#breadcrumb"},"inLanguage":"it-IT","potentialAction":[{"@type":"ReadAction","target":["https:\/\/100anni.units.it\/index.php\/evento\/i-commerci-nellalto-adriatico-e-le-costruzioni-navali\/"]}]},{"@type":"BreadcrumbList","@id":"https:\/\/100anni.units.it\/index.php\/evento\/i-commerci-nellalto-adriatico-e-le-costruzioni-navali\/#breadcrumb","itemListElement":[{"@type":"ListItem","position":1,"name":"Eventi","item":"https:\/\/100anni.units.it\/index.php\/eventi\/"},{"@type":"ListItem","position":2,"name":"Cent\u2019anni di Zeno \u2013\u00a0I commerci nell\u2019Alto Adriatico e le costruzioni navali"}]},{"@type":"WebSite","@id":"https:\/\/100anni.units.it\/#website","url":"https:\/\/100anni.units.it\/","name":"#100UniTS","description":"Ogni giorno, da cento anni, con noi puoi scoprire ci\u00f2 che sar\u00e0 realt\u00e0 nel futuro. Celebriamo insieme un secolo di ricerca, eccellenza, creativit\u00e0 e ingegno umano.","publisher":{"@id":"https:\/\/100anni.units.it\/#organization"},"potentialAction":[{"@type":"SearchAction","target":{"@type":"EntryPoint","urlTemplate":"https:\/\/100anni.units.it\/?s={search_term_string}"},"query-input":"required name=search_term_string"}],"inLanguage":"it-IT"},{"@type":"Organization","@id":"https:\/\/100anni.units.it\/#organization","name":"Universit\u00e0 degli Studi di Trieste","alternateName":"UniTS","url":"https:\/\/100anni.units.it\/","logo":{"@type":"ImageObject","inLanguage":"it-IT","@id":"https:\/\/100anni.units.it\/#\/schema\/logo\/image\/","url":"https:\/\/100anni.units.it\/wp-content\/uploads\/2023\/08\/units_sigillo.png","contentUrl":"https:\/\/100anni.units.it\/wp-content\/uploads\/2023\/08\/units_sigillo.png","width":696,"height":696,"caption":"Universit\u00e0 degli Studi di Trieste"},"image":{"@id":"https:\/\/100anni.units.it\/#\/schema\/logo\/image\/"},"sameAs":["https:\/\/www.facebook.com\/universitatrieste","https:\/\/twitter.com\/UniTrieste"]}]}},"_links":{"self":[{"href":"https:\/\/100anni.units.it\/index.php\/wp-json\/wp\/v2\/tribe_events\/3137","targetHints":{"allow":["GET"]}}],"collection":[{"href":"https:\/\/100anni.units.it\/index.php\/wp-json\/wp\/v2\/tribe_events"}],"about":[{"href":"https:\/\/100anni.units.it\/index.php\/wp-json\/wp\/v2\/types\/tribe_events"}],"author":[{"embeddable":true,"href":"https:\/\/100anni.units.it\/index.php\/wp-json\/wp\/v2\/users\/1"}],"replies":[{"embeddable":true,"href":"https:\/\/100anni.units.it\/index.php\/wp-json\/wp\/v2\/comments?post=3137"}],"version-history":[{"count":4,"href":"https:\/\/100anni.units.it\/index.php\/wp-json\/wp\/v2\/tribe_events\/3137\/revisions"}],"predecessor-version":[{"id":3155,"href":"https:\/\/100anni.units.it\/index.php\/wp-json\/wp\/v2\/tribe_events\/3137\/revisions\/3155"}],"wp:featuredmedia":[{"embeddable":true,"href":"https:\/\/100anni.units.it\/index.php\/wp-json\/wp\/v2\/media\/2381"}],"wp:attachment":[{"href":"https:\/\/100anni.units.it\/index.php\/wp-json\/wp\/v2\/media?parent=3137"}],"wp:term":[{"taxonomy":"post_tag","embeddable":true,"href":"https:\/\/100anni.units.it\/index.php\/wp-json\/wp\/v2\/tags?post=3137"},{"taxonomy":"tribe_events_cat","embeddable":true,"href":"https:\/\/100anni.units.it\/index.php\/wp-json\/wp\/v2\/tribe_events_cat?post=3137"}],"curies":[{"name":"wp","href":"https:\/\/api.w.org\/{rel}","templated":true}]}}