{"id":3245,"date":"2023-12-19T18:22:10","date_gmt":"2023-12-19T17:22:10","guid":{"rendered":"https:\/\/100anni.units.it\/?post_type=tribe_events&#038;p=3245"},"modified":"2023-12-22T15:56:38","modified_gmt":"2023-12-22T14:56:38","slug":"i-mondi-di-zeno","status":"publish","type":"tribe_events","link":"https:\/\/100anni.units.it\/index.php\/evento\/i-mondi-di-zeno\/","title":{"rendered":"I mondi di Zeno"},"content":{"rendered":"<div  class=\"tribe-events-schedule tribe-clearfix\" >\n\t<h2 class=\"tribe-events-schedule__datetime\">\n\t\t<span class=\"tribe-events-schedule__date tribe-events-schedule__date--start\">\n\t\t\t19 Dicembre 2023\t\t<\/span>\n\n\t\t\n\t\t\t\t\t\t\t\t\t<span class=\"tribe-events-schedule__separator tribe-events-schedule__separator--time\">\n\t\t\t\t\t &#8211; \t\t\t\t<\/span>\n\t\t\t\n\t\t\t\t\t\t\t<span class=\"tribe-events-schedule__date tribe-events-schedule__date--end\">\n\t\t\t\t\t21 Dicembre 2023\t\t\t\t<\/span>\n\n\t\t\t\t\n\t\t\t\n\t\t\t\t\t\t<\/h2>\n<\/div>\n\n\n\n<div class=\"wp-block-columns is-layout-flex wp-container-core-columns-is-layout-9d6595d7 wp-block-columns-is-layout-flex\">\n<div class=\"wp-block-column is-layout-flow wp-block-column-is-layout-flow\">\n<p>L&#8217;<strong>Universit\u00e0 degli Studi Trieste<\/strong>, assieme agli atenei di&nbsp;<strong>Oxford, Bologna e Udine<\/strong>, organizza&nbsp;<strong>dal 19 al 21 dicembre il convegno internazionale&nbsp;<em>I mondi di Zeno<\/em><\/strong>, promosso dal&nbsp;<strong>Comune di Trieste \u2013 Museo Sveviano<\/strong>.<\/p>\n\n\n\n<p>L&#8217;iniziativa, che sar\u00e0 ospitata\u00a0nell&#8217;<strong>Auditorium del Museo Revoltella (via Diaz 27, a Trieste)<\/strong>, rientra nell&#8217;ampio programma delle celebrazioni del centenario de <em>La coscienza di Zeno<\/em>, coordinato dall&#8217;amministrazione comunale del capoluogo giuliano con il coinvolgimento delle istituzioni culturali triestine, e che trova il suo culmine in occasione del &#8220;compleanno&#8221; di Italo Svevo (19 dicembre), autore del romanzo.<\/p>\n\n\n\n<p>Il convegno, i cui atti verranno pubblicati nel 2024, \u00e8 guidato da un comitato scientifico che comprende<strong> Sergia Adamo<\/strong>&nbsp;(Universit\u00e0 degli Studi di Trieste),&nbsp;<strong>Federico Bertoni<\/strong> (Universit\u00e0 di Bologna),&nbsp;<strong>Emma Bond<\/strong>&nbsp;e&nbsp;<strong>Olmo Calzolari<\/strong>&nbsp;(University of Oxford),&nbsp;<strong>Riccardo Cepach&nbsp;<\/strong>(Museo Sveviano),&nbsp;<strong>Silvia Contarini<\/strong>&nbsp;(Universit\u00e0 degli Studi di Udine) e&nbsp;<strong>Massimiliano Tortora<\/strong>&nbsp;(Universit\u00e0 di Roma &#8211; La Sapienza).<\/p>\n\n\n\n<p>Fra i relatori e i moderatori alcuni dei massimi esperti sveviani contemporanei:&nbsp;<strong>Mario Sechi<\/strong>&nbsp;(Universit\u00e0 degli Studi di Bari Aldo Moro),&nbsp;<strong>Gianfranco Alfano&nbsp;<\/strong>(Universit\u00e0 degli Studi di Napoli Federico II),&nbsp;<strong>Paolo Giovannetti&nbsp;<\/strong>(Universit\u00e0 IULM),&nbsp;<strong>Claudio Gigante<\/strong>&nbsp;(Universit\u00e9 libre de Bruxelles),&nbsp;<strong>Clotilde Bertoni<\/strong>&nbsp;(Universit\u00e0 degli Studi di Palermo),&nbsp;<strong>Esther Schomacher&nbsp;<\/strong>(Humboldt-Universit\u00e4t zu Berlin),&nbsp;<strong>Valentino Baldi<\/strong>&nbsp;(Universit\u00e0 per Stranieri di Perugia),&nbsp;<strong>Beatrice Stasi<\/strong>&nbsp;(Universit\u00e0 del Salento),&nbsp;<strong>Saskia Ziolkowski&nbsp;<\/strong>(Duke University, Durham U.S.A.) e il curatore dell&#8217;epistolario di Svevo.<\/p>\n\n\n\n<p><em>La coscienza di Zeno<\/em> ha travalicato i suoi stessi confini e ha finito per generare quello che oggi chiamiamo <em>storyworld<\/em>, un universo narrativo in espansione. \u00c8 una galassia testuale che ruota intorno alla soggettivit\u00e0 eccentrica di questo personaggio, al suo mondo interiore, alla sua voce, a quella dissociazione tra pensiero e azione che \u00e8 uno dei nomi della modernit\u00e0. \u00c8 insomma il mondo di Zeno. Anzi, i mondi di Zeno, come titola il convegno che seguir\u00e0 tracce specifiche di ricerca: <strong>L\u2019enciclopedia e i saperi di Svevo<\/strong>, con particolare attenzione al suo lessico; <strong>Un triestino in Europa: letterature, arti, media<\/strong>, dove spicca il campo \u2013 ancora in gran parte da esplorare \u2013 della filiazione dei mondi sveviani in un quadro di scritture, creazioni, metamorfosi espressive che attraversano le epoche, le frontiere geografiche e i rapporti inter artes (o inter media).<\/p>\n\n\n\n<p>Nella sessione <strong>Narrazione, mondi possibili, storyworlds<\/strong> si ragioner\u00e0 su uno degli aspetti centrali del genio narrativo di Svevo: l\u2019invenzione di una voce, di una maschera narratoriale che circuisce i suoi destinatari con strategie linguistiche tanto infide quanto sofisticate, minando alla radice lo statuto stesso della verit\u00e0.<\/p>\n\n\n\n<p class=\"has-neve-link-color-color has-text-color\"><\/p>\n<\/div>\n\n\n\n<div class=\"wp-block-column is-vertically-aligned-top is-layout-flow wp-block-column-is-layout-flow\" style=\"flex-basis:30%\">\n<figure class=\"wp-block-image size-large\"><img loading=\"lazy\" decoding=\"async\" width=\"1024\" height=\"576\" src=\"https:\/\/100anni.units.it\/wp-content\/uploads\/2023\/12\/100UniTS_imondidizeno-1024x576.png\" alt=\"ritaglio locandina I mondi di Zeno\" class=\"wp-image-3249\" srcset=\"https:\/\/100anni.units.it\/wp-content\/uploads\/2023\/12\/100UniTS_imondidizeno-1024x576.png 1024w, https:\/\/100anni.units.it\/wp-content\/uploads\/2023\/12\/100UniTS_imondidizeno-300x169.png 300w, https:\/\/100anni.units.it\/wp-content\/uploads\/2023\/12\/100UniTS_imondidizeno-768x432.png 768w, https:\/\/100anni.units.it\/wp-content\/uploads\/2023\/12\/100UniTS_imondidizeno.png 1280w\" sizes=\"auto, (max-width: 1024px) 100vw, 1024px\" \/><\/figure>\n<\/div>\n<\/div>\n\n\n\n<div class=\"wp-block-columns are-vertically-aligned-center is-layout-flex wp-container-core-columns-is-layout-9d6595d7 wp-block-columns-is-layout-flex\">\n<div class=\"wp-block-column is-vertically-aligned-center is-layout-flow wp-block-column-is-layout-flow\"><div  class=\"tribe-block tribe-block__venue tribe-clearfix\" >\n\t\n\t\n<div class=\"tribe-block__venue__meta\">\n\t<div class=\"tribe-block__venue__name\">\n\t\t<h3>Auditorium Marco Sofianopulo &#8211; Museo Revoltella<\/h3>\n\t<\/div>\n\n\t\n\t\t\t<address class=\"tribe-block__venue__address\">\n\t\t\t<span class=\"tribe-address\">\n\n<span class=\"tribe-street-address\">Via Armando Diaz, 27<\/span>\n\t\n\t\t<br>\n\t\t<span class=\"tribe-locality\">Trieste<\/span><span class=\"tribe-delimiter\">,<\/span>\n\n\t<abbr class=\"tribe-region tribe-events-abbr\" title=\"TS\">TS<\/abbr>\n\n\t<span class=\"tribe-postal-code\">34100<\/span>\n\n\t<span class=\"tribe-country-name\">Italia<\/span>\n\n<\/span>\n\n\t\t\t\t\t<\/address>\n\t\n\t\n\t\n\t<\/div>\n\t\n\t<\/div>\n<\/div>\n\n\n\n<div class=\"wp-block-column is-vertically-aligned-center is-layout-flow wp-block-column-is-layout-flow\" style=\"flex-basis:30%\">\n<div class=\"wp-block-group is-vertical is-content-justification-center is-layout-flex wp-container-core-group-is-layout-0472769e wp-block-group-is-layout-flex\">\t<div  class=\"tribe-block tribe-block__events-link\" >\n\t\t<div class=\"tribe-events tribe-common\">\n\t\t\t<div class=\"tribe-events-c-subscribe-dropdown__container\">\n\t\t\t\t<div class=\"tribe-events-c-subscribe-dropdown\">\n\t\t\t\t\t<div class=\"tribe-common-c-btn-border tribe-events-c-subscribe-dropdown__button\" tabindex=\"0\">\n\t\t\t\t\t\t<svg  class=\"tribe-common-c-svgicon tribe-common-c-svgicon--cal-export tribe-events-c-subscribe-dropdown__export-icon\"  viewBox=\"0 0 23 17\" xmlns=\"http:\/\/www.w3.org\/2000\/svg\">\n  <path fill-rule=\"evenodd\" clip-rule=\"evenodd\" d=\"M.128.896V16.13c0 .211.145.383.323.383h15.354c.179 0 .323-.172.323-.383V.896c0-.212-.144-.383-.323-.383H.451C.273.513.128.684.128.896Zm16 6.742h-.901V4.679H1.009v10.729h14.218v-3.336h.901V7.638ZM1.01 1.614h14.218v2.058H1.009V1.614Z\" \/>\n  <path d=\"M20.5 9.846H8.312M18.524 6.953l2.89 2.909-2.855 2.855\" stroke-width=\"1.2\" stroke-linecap=\"round\" stroke-linejoin=\"round\"\/>\n<\/svg>\n\t\t\t\t\t\t<button class=\"tribe-events-c-subscribe-dropdown__button-text\">\n\t\t\t\t\t\t\tSalva nel tuo calendario\t\t\t\t\t\t<\/button>\n\t\t\t\t\t\t<svg  class=\"tribe-common-c-svgicon tribe-common-c-svgicon--caret-down tribe-events-c-subscribe-dropdown__button-icon\"  viewBox=\"0 0 10 7\" xmlns=\"http:\/\/www.w3.org\/2000\/svg\"><path fill-rule=\"evenodd\" clip-rule=\"evenodd\" d=\"M1.008.609L5 4.6 8.992.61l.958.958L5 6.517.05 1.566l.958-.958z\" class=\"tribe-common-c-svgicon__svg-fill\"\/><\/svg>\n\t\t\t\t\t<\/div>\n\t\t\t\t\t<div class=\"tribe-events-c-subscribe-dropdown__content\">\n\t\t\t\t\t\t<ul class=\"tribe-events-c-subscribe-dropdown__list\" tabindex=\"0\">\n\t\t\t\t\t\t\t\t\t\t\t\t\t\t\t<li class=\"tribe-events-c-subscribe-dropdown__list-item\">\n\t\t\t\t\t\t\t\t\t<a\n\t\t\t\t\t\t\t\t\t\thref=\"https:\/\/www.google.com\/calendar\/event?action=TEMPLATE&#038;dates=20231219T000000\/20231221T235959&#038;text=I%20mondi%20di%20Zeno&#038;details=%3C%21--+wp%3Atribe%2Fevent-datetime+%2F--%3E%3C%21--+wp%3Acolumns+--%3E%3Cdiv+class%3D%22wp-block-columns%22%3E%3C%21--+wp%3Acolumn+%7B%22width%22%3A%22%22%7D+--%3E%3Cdiv+class%3D%22wp-block-column%22%3E%3C%21--+wp%3Aparagraph+--%3E%3Cp%3EL%27%3Cstrong%3EUniversit%C3%A0+degli+Studi+Trieste%3C%2Fstrong%3E%2C+assieme+agli+atenei+di%26nbsp%3B%3Cstrong%3EOxford%2C+Bologna+e+Udine%3C%2Fstrong%3E%2C+organizza%26nbsp%3B%3Cstrong%3Edal+19+al+21+dicembre+il+convegno+internazionale%26nbsp%3B%3Cem%3EI+mondi+di+Zeno%3C%2Fem%3E%3C%2Fstrong%3E%2C+promosso+dal%26nbsp%3B%3Cstrong%3EComune+di+Trieste+%E2%80%93+Museo+Sveviano%3C%2Fstrong%3E.%3C%2Fp%3E%3C%21--+%2Fwp%3Aparagraph+--%3E%3C%21--+wp%3Aparagraph+--%3E%3Cp%3EL%27iniziativa%2C+che+sar%C3%A0+ospitata%C2%A0nell%27%3Cstrong%3EAuditorium+del+Museo+Revoltella+%28via+Diaz+27%2C+a+Trieste%29%3C%2Fstrong%3E%2C+rientra+nell%27ampio+programma+delle+celebrazioni+del+centenario+de+%3Cem%3ELa+coscienza+di+Zeno%3C%2Fem%3E%2C+co%20(View%20Full%20evento%20Description%20Here:%20https:\/\/100anni.units.it\/index.php\/evento\/i-mondi-di-zeno\/)&#038;location=Auditorium%20Marco%20Sofianopulo%20&#8211;%20Museo%20Revoltella,%20Via%20Armando%20Diaz,%2027,%20Trieste,%20TS,%2034100,%20Italia&#038;trp=false&#038;ctz=Europe\/Rome&#038;sprop=website:https:\/\/100anni.units.it\"\n\t\t\t\t\t\t\t\t\t\tclass=\"tribe-events-c-subscribe-dropdown__list-item-link\"\n\t\t\t\t\t\t\t\t\t\ttabindex=\"0\"\n\t\t\t\t\t\t\t\t\t\ttarget=\"_blank\"\n\t\t\t\t\t\t\t\t\t\trel=\"noopener noreferrer nofollow noindex\"\n\t\t\t\t\t\t\t\t\t>\n\t\t\t\t\t\t\t\t\t\tGoogle Calendar\t\t\t\t\t\t\t\t\t<\/a>\n\t\t\t\t\t\t\t\t<\/li>\n\t\t\t\t\t\t\t\t\t\t\t\t\t\t\t<li class=\"tribe-events-c-subscribe-dropdown__list-item\">\n\t\t\t\t\t\t\t\t\t<a\n\t\t\t\t\t\t\t\t\t\thref=\"\"\n\t\t\t\t\t\t\t\t\t\tclass=\"tribe-events-c-subscribe-dropdown__list-item-link\"\n\t\t\t\t\t\t\t\t\t\ttabindex=\"0\"\n\t\t\t\t\t\t\t\t\t\ttarget=\"_blank\"\n\t\t\t\t\t\t\t\t\t\trel=\"noopener noreferrer nofollow noindex\"\n\t\t\t\t\t\t\t\t\t>\n\t\t\t\t\t\t\t\t\t\tiCalendar\t\t\t\t\t\t\t\t\t<\/a>\n\t\t\t\t\t\t\t\t<\/li>\n\t\t\t\t\t\t\t\t\t\t\t\t\t\t\t<li class=\"tribe-events-c-subscribe-dropdown__list-item\">\n\t\t\t\t\t\t\t\t\t<a\n\t\t\t\t\t\t\t\t\t\thref=\"\"\n\t\t\t\t\t\t\t\t\t\tclass=\"tribe-events-c-subscribe-dropdown__list-item-link\"\n\t\t\t\t\t\t\t\t\t\ttabindex=\"0\"\n\t\t\t\t\t\t\t\t\t\ttarget=\"_blank\"\n\t\t\t\t\t\t\t\t\t\trel=\"noopener noreferrer nofollow noindex\"\n\t\t\t\t\t\t\t\t\t>\n\t\t\t\t\t\t\t\t\t\tOutlook 365\t\t\t\t\t\t\t\t\t<\/a>\n\t\t\t\t\t\t\t\t<\/li>\n\t\t\t\t\t\t\t\t\t\t\t\t\t\t\t<li class=\"tribe-events-c-subscribe-dropdown__list-item\">\n\t\t\t\t\t\t\t\t\t<a\n\t\t\t\t\t\t\t\t\t\thref=\"\"\n\t\t\t\t\t\t\t\t\t\tclass=\"tribe-events-c-subscribe-dropdown__list-item-link\"\n\t\t\t\t\t\t\t\t\t\ttabindex=\"0\"\n\t\t\t\t\t\t\t\t\t\ttarget=\"_blank\"\n\t\t\t\t\t\t\t\t\t\trel=\"noopener noreferrer nofollow noindex\"\n\t\t\t\t\t\t\t\t\t>\n\t\t\t\t\t\t\t\t\t\tOutlook Live\t\t\t\t\t\t\t\t\t<\/a>\n\t\t\t\t\t\t\t\t<\/li>\n\t\t\t\t\t\t\t\t\t\t\t\t\t<\/ul>\n\t\t\t\t\t<\/div>\n\t\t\t\t<\/div>\n\t\t\t<\/div>\n\t\t<\/div>\n\t<\/div>\n\n\n\n\n<div class=\"wp-block-buttons is-content-justification-center is-layout-flex wp-container-core-buttons-is-layout-16018d1d wp-block-buttons-is-layout-flex\">\n<div class=\"wp-block-button has-custom-width wp-block-button__width-100 is-style-primary\"><a class=\"wp-block-button__link wp-element-button\" href=\"https:\/\/www.units.it\/sites\/default\/files\/media\/documenti\/locandina_i_mondi_di_zeno.pdf\" target=\"_blank\" rel=\"noreferrer noopener\">scarica la locandina<\/a><\/div>\n<\/div>\n<\/div>\n<\/div>\n<\/div>\n\n\n\n<div style=\"height:100px\" aria-hidden=\"true\" class=\"wp-block-spacer\"><\/div>\n","protected":false},"excerpt":{"rendered":"<p>Convegno internazionale che celebra i cent&#8217;anni de <i>La Coscienza di Zeno<\/i>, in occasione del compleanno di Italo Svevo.<\/p>\n","protected":false},"author":1,"featured_media":3249,"comment_status":"closed","ping_status":"closed","template":"","meta":{"neve_meta_sidebar":"","neve_meta_container":"","neve_meta_enable_content_width":"","neve_meta_content_width":0,"neve_meta_title_alignment":"","neve_meta_author_avatar":"","neve_post_elements_order":"","neve_meta_disable_header":"","neve_meta_disable_footer":"","neve_meta_disable_title":"","_EventAllDay":true,"_EventTimezone":"Europe\/Rome","_EventStartDate":"2023-12-19 00:00:00","_EventEndDate":"2023-12-21 23:59:59","_EventStartDateUTC":"2023-12-18 23:00:00","_EventEndDateUTC":"2023-12-21 22:59:59","_EventShowMap":false,"_EventShowMapLink":false,"_EventURL":"","_EventCost":"","_EventCostDescription":"","_EventCurrencySymbol":"\u20ac","_EventCurrencyCode":"EUR","_EventCurrencyPosition":"prefix","_EventDateTimeSeparator":" ore ","_EventTimeRangeSeparator":" - ","_EventOrganizerID":[],"_EventVenueID":[2487],"_OrganizerEmail":"","_OrganizerPhone":"","_OrganizerWebsite":"","_VenueAddress":"","_VenueCity":"","_VenueCountry":"","_VenueProvince":"","_VenueState":"","_VenueZip":"","_VenuePhone":"","_VenueURL":"","_VenueStateProvince":"","_VenueLat":"","_VenueLng":"","_VenueShowMap":false,"_VenueShowMapLink":false,"_ti_tpc_template_sync":false,"_ti_tpc_template_id":"","_tribe_events_status":"","_tribe_events_status_reason":"","footnotes":""},"tags":[],"tribe_events_cat":[4],"class_list":["post-3245","tribe_events","type-tribe_events","status-publish","has-post-thumbnail","hentry","tribe_events_cat-dipartimento","cat_dipartimento"],"yoast_head":"<!-- This site is optimized with the Yoast SEO plugin v21.0 - https:\/\/yoast.com\/wordpress\/plugins\/seo\/ -->\n<title>I mondi di Zeno &ndash; #100UniTS<\/title>\n<meta name=\"description\" content=\"Convegno internazionale che celebra i cent&#039;anni de La Coscienza di Zeno, in occasione del compleanno di Italo Svevo.\" \/>\n<meta name=\"robots\" content=\"index, follow, max-snippet:-1, max-image-preview:large, max-video-preview:-1\" \/>\n<link rel=\"canonical\" href=\"https:\/\/100anni.units.it\/index.php\/evento\/i-mondi-di-zeno\/\" \/>\n<meta property=\"og:locale\" content=\"it_IT\" \/>\n<meta property=\"og:type\" content=\"article\" \/>\n<meta property=\"og:title\" content=\"I mondi di Zeno &ndash; #100UniTS\" \/>\n<meta property=\"og:description\" content=\"Convegno internazionale che celebra i cent&#039;anni de La Coscienza di Zeno, in occasione del compleanno di Italo Svevo.\" \/>\n<meta property=\"og:url\" content=\"https:\/\/100anni.units.it\/index.php\/evento\/i-mondi-di-zeno\/\" \/>\n<meta property=\"og:site_name\" content=\"#100UniTS\" \/>\n<meta property=\"article:publisher\" content=\"https:\/\/www.facebook.com\/universitatrieste\" \/>\n<meta property=\"article:modified_time\" content=\"2023-12-22T14:56:38+00:00\" \/>\n<meta property=\"og:image\" content=\"https:\/\/100anni.units.it\/wp-content\/uploads\/2023\/12\/100UniTS_imondidizeno.png\" \/>\n\t<meta property=\"og:image:width\" content=\"1280\" \/>\n\t<meta property=\"og:image:height\" content=\"720\" \/>\n\t<meta property=\"og:image:type\" content=\"image\/png\" \/>\n<meta name=\"twitter:card\" content=\"summary_large_image\" \/>\n<meta name=\"twitter:site\" content=\"@UniTrieste\" \/>\n<meta name=\"twitter:label1\" content=\"Tempo di lettura stimato\" \/>\n\t<meta name=\"twitter:data1\" content=\"3 minuti\" \/>\n<script type=\"application\/ld+json\" class=\"yoast-schema-graph\">{\"@context\":\"https:\/\/schema.org\",\"@graph\":[{\"@type\":\"WebPage\",\"@id\":\"https:\/\/100anni.units.it\/index.php\/evento\/i-mondi-di-zeno\/\",\"url\":\"https:\/\/100anni.units.it\/index.php\/evento\/i-mondi-di-zeno\/\",\"name\":\"I mondi di Zeno &ndash; #100UniTS\",\"isPartOf\":{\"@id\":\"https:\/\/100anni.units.it\/#website\"},\"datePublished\":\"2023-12-19T17:22:10+00:00\",\"dateModified\":\"2023-12-22T14:56:38+00:00\",\"description\":\"Convegno internazionale che celebra i cent'anni de La Coscienza di Zeno, in occasione del compleanno di Italo Svevo.\",\"breadcrumb\":{\"@id\":\"https:\/\/100anni.units.it\/index.php\/evento\/i-mondi-di-zeno\/#breadcrumb\"},\"inLanguage\":\"it-IT\",\"potentialAction\":[{\"@type\":\"ReadAction\",\"target\":[\"https:\/\/100anni.units.it\/index.php\/evento\/i-mondi-di-zeno\/\"]}]},{\"@type\":\"BreadcrumbList\",\"@id\":\"https:\/\/100anni.units.it\/index.php\/evento\/i-mondi-di-zeno\/#breadcrumb\",\"itemListElement\":[{\"@type\":\"ListItem\",\"position\":1,\"name\":\"Eventi\",\"item\":\"https:\/\/100anni.units.it\/index.php\/eventi\/\"},{\"@type\":\"ListItem\",\"position\":2,\"name\":\"I mondi di Zeno\"}]},{\"@type\":\"WebSite\",\"@id\":\"https:\/\/100anni.units.it\/#website\",\"url\":\"https:\/\/100anni.units.it\/\",\"name\":\"#100UniTS\",\"description\":\"Ogni giorno, da cento anni, con noi puoi scoprire ci\u00f2 che sar\u00e0 realt\u00e0 nel futuro. Celebriamo insieme un secolo di ricerca, eccellenza, creativit\u00e0 e ingegno umano.\",\"publisher\":{\"@id\":\"https:\/\/100anni.units.it\/#organization\"},\"potentialAction\":[{\"@type\":\"SearchAction\",\"target\":{\"@type\":\"EntryPoint\",\"urlTemplate\":\"https:\/\/100anni.units.it\/?s={search_term_string}\"},\"query-input\":\"required name=search_term_string\"}],\"inLanguage\":\"it-IT\"},{\"@type\":\"Organization\",\"@id\":\"https:\/\/100anni.units.it\/#organization\",\"name\":\"Universit\u00e0 degli Studi di Trieste\",\"alternateName\":\"UniTS\",\"url\":\"https:\/\/100anni.units.it\/\",\"logo\":{\"@type\":\"ImageObject\",\"inLanguage\":\"it-IT\",\"@id\":\"https:\/\/100anni.units.it\/#\/schema\/logo\/image\/\",\"url\":\"https:\/\/100anni.units.it\/wp-content\/uploads\/2023\/08\/units_sigillo.png\",\"contentUrl\":\"https:\/\/100anni.units.it\/wp-content\/uploads\/2023\/08\/units_sigillo.png\",\"width\":696,\"height\":696,\"caption\":\"Universit\u00e0 degli Studi di Trieste\"},\"image\":{\"@id\":\"https:\/\/100anni.units.it\/#\/schema\/logo\/image\/\"},\"sameAs\":[\"https:\/\/www.facebook.com\/universitatrieste\",\"https:\/\/twitter.com\/UniTrieste\"]}]}<\/script>\n<!-- \/ Yoast SEO plugin. -->","yoast_head_json":{"title":"I mondi di Zeno &ndash; #100UniTS","description":"Convegno internazionale che celebra i cent'anni de La Coscienza di Zeno, in occasione del compleanno di Italo Svevo.","robots":{"index":"index","follow":"follow","max-snippet":"max-snippet:-1","max-image-preview":"max-image-preview:large","max-video-preview":"max-video-preview:-1"},"canonical":"https:\/\/100anni.units.it\/index.php\/evento\/i-mondi-di-zeno\/","og_locale":"it_IT","og_type":"article","og_title":"I mondi di Zeno &ndash; #100UniTS","og_description":"Convegno internazionale che celebra i cent'anni de La Coscienza di Zeno, in occasione del compleanno di Italo Svevo.","og_url":"https:\/\/100anni.units.it\/index.php\/evento\/i-mondi-di-zeno\/","og_site_name":"#100UniTS","article_publisher":"https:\/\/www.facebook.com\/universitatrieste","article_modified_time":"2023-12-22T14:56:38+00:00","og_image":[{"width":1280,"height":720,"url":"https:\/\/100anni.units.it\/wp-content\/uploads\/2023\/12\/100UniTS_imondidizeno.png","type":"image\/png"}],"twitter_card":"summary_large_image","twitter_site":"@UniTrieste","twitter_misc":{"Tempo di lettura stimato":"3 minuti"},"schema":{"@context":"https:\/\/schema.org","@graph":[{"@type":"WebPage","@id":"https:\/\/100anni.units.it\/index.php\/evento\/i-mondi-di-zeno\/","url":"https:\/\/100anni.units.it\/index.php\/evento\/i-mondi-di-zeno\/","name":"I mondi di Zeno &ndash; #100UniTS","isPartOf":{"@id":"https:\/\/100anni.units.it\/#website"},"datePublished":"2023-12-19T17:22:10+00:00","dateModified":"2023-12-22T14:56:38+00:00","description":"Convegno internazionale che celebra i cent'anni de La Coscienza di Zeno, in occasione del compleanno di Italo Svevo.","breadcrumb":{"@id":"https:\/\/100anni.units.it\/index.php\/evento\/i-mondi-di-zeno\/#breadcrumb"},"inLanguage":"it-IT","potentialAction":[{"@type":"ReadAction","target":["https:\/\/100anni.units.it\/index.php\/evento\/i-mondi-di-zeno\/"]}]},{"@type":"BreadcrumbList","@id":"https:\/\/100anni.units.it\/index.php\/evento\/i-mondi-di-zeno\/#breadcrumb","itemListElement":[{"@type":"ListItem","position":1,"name":"Eventi","item":"https:\/\/100anni.units.it\/index.php\/eventi\/"},{"@type":"ListItem","position":2,"name":"I mondi di Zeno"}]},{"@type":"WebSite","@id":"https:\/\/100anni.units.it\/#website","url":"https:\/\/100anni.units.it\/","name":"#100UniTS","description":"Ogni giorno, da cento anni, con noi puoi scoprire ci\u00f2 che sar\u00e0 realt\u00e0 nel futuro. Celebriamo insieme un secolo di ricerca, eccellenza, creativit\u00e0 e ingegno umano.","publisher":{"@id":"https:\/\/100anni.units.it\/#organization"},"potentialAction":[{"@type":"SearchAction","target":{"@type":"EntryPoint","urlTemplate":"https:\/\/100anni.units.it\/?s={search_term_string}"},"query-input":"required name=search_term_string"}],"inLanguage":"it-IT"},{"@type":"Organization","@id":"https:\/\/100anni.units.it\/#organization","name":"Universit\u00e0 degli Studi di Trieste","alternateName":"UniTS","url":"https:\/\/100anni.units.it\/","logo":{"@type":"ImageObject","inLanguage":"it-IT","@id":"https:\/\/100anni.units.it\/#\/schema\/logo\/image\/","url":"https:\/\/100anni.units.it\/wp-content\/uploads\/2023\/08\/units_sigillo.png","contentUrl":"https:\/\/100anni.units.it\/wp-content\/uploads\/2023\/08\/units_sigillo.png","width":696,"height":696,"caption":"Universit\u00e0 degli Studi di Trieste"},"image":{"@id":"https:\/\/100anni.units.it\/#\/schema\/logo\/image\/"},"sameAs":["https:\/\/www.facebook.com\/universitatrieste","https:\/\/twitter.com\/UniTrieste"]}]}},"_links":{"self":[{"href":"https:\/\/100anni.units.it\/index.php\/wp-json\/wp\/v2\/tribe_events\/3245","targetHints":{"allow":["GET"]}}],"collection":[{"href":"https:\/\/100anni.units.it\/index.php\/wp-json\/wp\/v2\/tribe_events"}],"about":[{"href":"https:\/\/100anni.units.it\/index.php\/wp-json\/wp\/v2\/types\/tribe_events"}],"author":[{"embeddable":true,"href":"https:\/\/100anni.units.it\/index.php\/wp-json\/wp\/v2\/users\/1"}],"replies":[{"embeddable":true,"href":"https:\/\/100anni.units.it\/index.php\/wp-json\/wp\/v2\/comments?post=3245"}],"version-history":[{"count":4,"href":"https:\/\/100anni.units.it\/index.php\/wp-json\/wp\/v2\/tribe_events\/3245\/revisions"}],"predecessor-version":[{"id":3410,"href":"https:\/\/100anni.units.it\/index.php\/wp-json\/wp\/v2\/tribe_events\/3245\/revisions\/3410"}],"wp:featuredmedia":[{"embeddable":true,"href":"https:\/\/100anni.units.it\/index.php\/wp-json\/wp\/v2\/media\/3249"}],"wp:attachment":[{"href":"https:\/\/100anni.units.it\/index.php\/wp-json\/wp\/v2\/media?parent=3245"}],"wp:term":[{"taxonomy":"post_tag","embeddable":true,"href":"https:\/\/100anni.units.it\/index.php\/wp-json\/wp\/v2\/tags?post=3245"},{"taxonomy":"tribe_events_cat","embeddable":true,"href":"https:\/\/100anni.units.it\/index.php\/wp-json\/wp\/v2\/tribe_events_cat?post=3245"}],"curies":[{"name":"wp","href":"https:\/\/api.w.org\/{rel}","templated":true}]}}