{"id":4041,"date":"2024-02-20T18:52:27","date_gmt":"2024-02-20T17:52:27","guid":{"rendered":"https:\/\/100anni.units.it\/?post_type=tribe_events&#038;p=4041"},"modified":"2024-03-25T17:11:50","modified_gmt":"2024-03-25T16:11:50","slug":"movieunits-umberto-eco-la-biblioteca-del-mondo","status":"publish","type":"tribe_events","link":"https:\/\/100anni.units.it\/index.php\/evento\/movieunits-umberto-eco-la-biblioteca-del-mondo\/","title":{"rendered":"MOVIEUNITS. Umberto Eco \u2013 La biblioteca del mondo"},"content":{"rendered":"<div  class=\"tribe-events-schedule tribe-clearfix\" >\n\t<h2 class=\"tribe-events-schedule__datetime\">\n\t\t<span class=\"tribe-events-schedule__date tribe-events-schedule__date--start\">\n\t\t\t6 Marzo 2024\t\t<\/span>\n\n\t\t\t\t\t<span class=\"tribe-events-schedule__separator tribe-events-schedule__separator--date\">\n\t\t\t\t ore \t\t\t<\/span>\n\t\t\t<span class=\"tribe-events-schedule__time tribe-events-schedule__time--start\">\n\t\t\t\t20:30\t\t\t<\/span>\n\t\t\n\t\t\t<\/h2>\n<\/div>\n\n\n\n<div class=\"wp-block-columns is-layout-flex wp-container-core-columns-is-layout-9d6595d7 wp-block-columns-is-layout-flex\">\n<div class=\"wp-block-column is-layout-flow wp-block-column-is-layout-flow\">\n<p><strong>Mercoled\u00ec 6 marzo 2024<\/strong> alle ore 20:30, presso l&#8217;<strong>Auditorium del Museo Revoltella<\/strong>, avverr\u00e0 la proiezione del film <em><strong>Umberto Eco &#8211; La biblioteca del mondo <\/strong><\/em>di Davide Ferrario (Italia, 2023, 80\u2019).<\/p>\n\n\n\n<p>La biblioteca privata di Umberto Eco era un mondo a s\u00e9: pi\u00f9 di 30.000 volumi di titoli contemporanei e 1.500 libri rari e antichi. Davide Ferrario, che con Umberto Eco aveva collaborato per una video-installazione alla Biennale Arte di Venezia un anno prima della morte dello scrittore, ha avuto accesso alla biblioteca grazie alla fattiva collaborazione della famiglia. Ne \u00e8 nato un documentario che non solo descrive un luogo straordinario, ma cerca di afferrare il senso dell\u2019idea di biblioteca in quanto \u201cmemoria del mondo\u201d, come la definiva lo stesso Eco.<\/p>\n\n\n\n<p><strong>Dipartimento di Studi Umanistici<\/strong><br>Presentazione a cura della <strong>Prof.ssa Sergia Adamo<\/strong><\/p>\n\n\n\n<p class=\"has-neve-link-color-color has-text-color\">Evento ad accesso libero fino ad esaurimento posti<\/p>\n<\/div>\n\n\n\n<div class=\"wp-block-column is-vertically-aligned-top is-layout-flow wp-block-column-is-layout-flow\" style=\"flex-basis:30%\">\n<figure class=\"wp-block-image size-large\"><img loading=\"lazy\" decoding=\"async\" width=\"1024\" height=\"522\" src=\"https:\/\/100anni.units.it\/wp-content\/uploads\/2024\/02\/100UniTS_Umberto-Eco-1024x522.jpg\" alt=\"fotogramma del film Umberto Eco - La biblioteca del mondo\" class=\"wp-image-4154\" srcset=\"https:\/\/100anni.units.it\/wp-content\/uploads\/2024\/02\/100UniTS_Umberto-Eco-1024x522.jpg 1024w, https:\/\/100anni.units.it\/wp-content\/uploads\/2024\/02\/100UniTS_Umberto-Eco-300x153.jpg 300w, https:\/\/100anni.units.it\/wp-content\/uploads\/2024\/02\/100UniTS_Umberto-Eco-768x392.jpg 768w, https:\/\/100anni.units.it\/wp-content\/uploads\/2024\/02\/100UniTS_Umberto-Eco-1536x783.jpg 1536w, https:\/\/100anni.units.it\/wp-content\/uploads\/2024\/02\/100UniTS_Umberto-Eco.jpg 2048w\" sizes=\"auto, (max-width: 1024px) 100vw, 1024px\" \/><\/figure>\n<\/div>\n<\/div>\n\n\n\n<div class=\"wp-block-columns are-vertically-aligned-center is-layout-flex wp-container-core-columns-is-layout-9d6595d7 wp-block-columns-is-layout-flex\">\n<div class=\"wp-block-column is-vertically-aligned-center is-layout-flow wp-block-column-is-layout-flow\"><div  class=\"tribe-block tribe-block__venue tribe-clearfix\" >\n\t\n\t\n<div class=\"tribe-block__venue__meta\">\n\t<div class=\"tribe-block__venue__name\">\n\t\t<h3>Auditorium Museo Revoltella<\/h3>\n\t<\/div>\n\n\t\n\t\t\t<address class=\"tribe-block__venue__address\">\n\t\t\t<span class=\"tribe-address\">\n\n<span class=\"tribe-street-address\">Via Diaz, 27<\/span>\n\t\n\t\t<br>\n\t\t<span class=\"tribe-locality\">Trieste<\/span><span class=\"tribe-delimiter\">,<\/span>\n\n\t<abbr class=\"tribe-region tribe-events-abbr\" title=\"TS\">TS<\/abbr>\n\n\t<span class=\"tribe-postal-code\">34100<\/span>\n\n\t<span class=\"tribe-country-name\">Italia<\/span>\n\n<\/span>\n\n\t\t\t\t\t<\/address>\n\t\n\t\n\t\n\t<\/div>\n\t\n\t<\/div>\n<\/div>\n\n\n\n<div class=\"wp-block-column is-vertically-aligned-center is-layout-flow wp-block-column-is-layout-flow\" style=\"flex-basis:30%\">\n<div class=\"wp-block-group is-vertical is-content-justification-center is-layout-flex wp-container-core-group-is-layout-0472769e wp-block-group-is-layout-flex\">\t<div  class=\"tribe-block tribe-block__events-link\" >\n\t\t<div class=\"tribe-events tribe-common\">\n\t\t\t<div class=\"tribe-events-c-subscribe-dropdown__container\">\n\t\t\t\t<div class=\"tribe-events-c-subscribe-dropdown\">\n\t\t\t\t\t<div class=\"tribe-common-c-btn-border tribe-events-c-subscribe-dropdown__button\" tabindex=\"0\">\n\t\t\t\t\t\t<svg  class=\"tribe-common-c-svgicon tribe-common-c-svgicon--cal-export tribe-events-c-subscribe-dropdown__export-icon\"  viewBox=\"0 0 23 17\" xmlns=\"http:\/\/www.w3.org\/2000\/svg\">\n  <path fill-rule=\"evenodd\" clip-rule=\"evenodd\" d=\"M.128.896V16.13c0 .211.145.383.323.383h15.354c.179 0 .323-.172.323-.383V.896c0-.212-.144-.383-.323-.383H.451C.273.513.128.684.128.896Zm16 6.742h-.901V4.679H1.009v10.729h14.218v-3.336h.901V7.638ZM1.01 1.614h14.218v2.058H1.009V1.614Z\" \/>\n  <path d=\"M20.5 9.846H8.312M18.524 6.953l2.89 2.909-2.855 2.855\" stroke-width=\"1.2\" stroke-linecap=\"round\" stroke-linejoin=\"round\"\/>\n<\/svg>\n\t\t\t\t\t\t<button class=\"tribe-events-c-subscribe-dropdown__button-text\">\n\t\t\t\t\t\t\tSalva nel tuo calendario\t\t\t\t\t\t<\/button>\n\t\t\t\t\t\t<svg  class=\"tribe-common-c-svgicon tribe-common-c-svgicon--caret-down tribe-events-c-subscribe-dropdown__button-icon\"  viewBox=\"0 0 10 7\" xmlns=\"http:\/\/www.w3.org\/2000\/svg\"><path fill-rule=\"evenodd\" clip-rule=\"evenodd\" d=\"M1.008.609L5 4.6 8.992.61l.958.958L5 6.517.05 1.566l.958-.958z\" class=\"tribe-common-c-svgicon__svg-fill\"\/><\/svg>\n\t\t\t\t\t<\/div>\n\t\t\t\t\t<div class=\"tribe-events-c-subscribe-dropdown__content\">\n\t\t\t\t\t\t<ul class=\"tribe-events-c-subscribe-dropdown__list\" tabindex=\"0\">\n\t\t\t\t\t\t\t\t\t\t\t\t\t\t\t<li class=\"tribe-events-c-subscribe-dropdown__list-item\">\n\t\t\t\t\t\t\t\t\t<a\n\t\t\t\t\t\t\t\t\t\thref=\"https:\/\/www.google.com\/calendar\/event?action=TEMPLATE&#038;dates=20240306T203000\/20240306T203000&#038;text=MOVIEUNITS.%20Umberto%20Eco%20%E2%80%93%20La%20biblioteca%20del%20mondo&#038;details=%3C%21--+wp%3Atribe%2Fevent-datetime+%2F--%3E%3C%21--+wp%3Acolumns+--%3E%3Cdiv+class%3D%22wp-block-columns%22%3E%3C%21--+wp%3Acolumn+%7B%22width%22%3A%22%22%7D+--%3E%3Cdiv+class%3D%22wp-block-column%22%3E%3C%21--+wp%3Aparagraph+--%3E%3Cp%3E%3Cstrong%3EMercoled%C3%AC+6+marzo+2024%3C%2Fstrong%3E+alle+ore+20%3A30%2C+presso+l%27%3Cstrong%3EAuditorium+del+Museo+Revoltella%3C%2Fstrong%3E%2C+avverr%C3%A0+la+proiezione+del+film+%3Cem%3E%3Cstrong%3EUmberto+Eco+-+La+biblioteca+del+mondo+%3C%2Fstrong%3E%3C%2Fem%3Edi+Davide+Ferrario+%28Italia%2C+2023%2C+80%E2%80%99%29.%3C%2Fp%3E%3C%21--+%2Fwp%3Aparagraph+--%3E%3C%21--+wp%3Aparagraph+--%3E%3Cp%3ELa+biblioteca+privata+di+Umberto+Eco+era+un+mondo+a+s%C3%A9%3A+pi%C3%B9+di+30.000+volumi+di+titoli+contemporanei+e+1.500+libri+rari+e+antichi.+Davide+Ferrario%2C+che+con+Umberto+Eco+aveva+collaborato+per+una+video-installazione+alla+Biennale+Arte+di+Venezia+un+anno+prima+della+morte+dello+scrittore%2C+ha+avuto+accesso+alla+bib%20(View%20Full%20evento%20Description%20Here:%20https:\/\/100anni.units.it\/index.php\/evento\/movieunits-umberto-eco-la-biblioteca-del-mondo\/)&#038;location=Auditorium%20Museo%20Revoltella,%20Via%20Diaz,%2027,%20Trieste,%20TS,%2034100,%20Italia&#038;trp=false&#038;ctz=Europe\/Rome&#038;sprop=website:https:\/\/100anni.units.it\"\n\t\t\t\t\t\t\t\t\t\tclass=\"tribe-events-c-subscribe-dropdown__list-item-link\"\n\t\t\t\t\t\t\t\t\t\ttabindex=\"0\"\n\t\t\t\t\t\t\t\t\t\ttarget=\"_blank\"\n\t\t\t\t\t\t\t\t\t\trel=\"noopener noreferrer nofollow noindex\"\n\t\t\t\t\t\t\t\t\t>\n\t\t\t\t\t\t\t\t\t\tGoogle Calendar\t\t\t\t\t\t\t\t\t<\/a>\n\t\t\t\t\t\t\t\t<\/li>\n\t\t\t\t\t\t\t\t\t\t\t\t\t\t\t<li class=\"tribe-events-c-subscribe-dropdown__list-item\">\n\t\t\t\t\t\t\t\t\t<a\n\t\t\t\t\t\t\t\t\t\thref=\"\"\n\t\t\t\t\t\t\t\t\t\tclass=\"tribe-events-c-subscribe-dropdown__list-item-link\"\n\t\t\t\t\t\t\t\t\t\ttabindex=\"0\"\n\t\t\t\t\t\t\t\t\t\ttarget=\"_blank\"\n\t\t\t\t\t\t\t\t\t\trel=\"noopener noreferrer nofollow noindex\"\n\t\t\t\t\t\t\t\t\t>\n\t\t\t\t\t\t\t\t\t\tiCalendar\t\t\t\t\t\t\t\t\t<\/a>\n\t\t\t\t\t\t\t\t<\/li>\n\t\t\t\t\t\t\t\t\t\t\t\t\t\t\t<li class=\"tribe-events-c-subscribe-dropdown__list-item\">\n\t\t\t\t\t\t\t\t\t<a\n\t\t\t\t\t\t\t\t\t\thref=\"\"\n\t\t\t\t\t\t\t\t\t\tclass=\"tribe-events-c-subscribe-dropdown__list-item-link\"\n\t\t\t\t\t\t\t\t\t\ttabindex=\"0\"\n\t\t\t\t\t\t\t\t\t\ttarget=\"_blank\"\n\t\t\t\t\t\t\t\t\t\trel=\"noopener noreferrer nofollow noindex\"\n\t\t\t\t\t\t\t\t\t>\n\t\t\t\t\t\t\t\t\t\tOutlook 365\t\t\t\t\t\t\t\t\t<\/a>\n\t\t\t\t\t\t\t\t<\/li>\n\t\t\t\t\t\t\t\t\t\t\t\t\t\t\t<li class=\"tribe-events-c-subscribe-dropdown__list-item\">\n\t\t\t\t\t\t\t\t\t<a\n\t\t\t\t\t\t\t\t\t\thref=\"\"\n\t\t\t\t\t\t\t\t\t\tclass=\"tribe-events-c-subscribe-dropdown__list-item-link\"\n\t\t\t\t\t\t\t\t\t\ttabindex=\"0\"\n\t\t\t\t\t\t\t\t\t\ttarget=\"_blank\"\n\t\t\t\t\t\t\t\t\t\trel=\"noopener noreferrer nofollow noindex\"\n\t\t\t\t\t\t\t\t\t>\n\t\t\t\t\t\t\t\t\t\tOutlook Live\t\t\t\t\t\t\t\t\t<\/a>\n\t\t\t\t\t\t\t\t<\/li>\n\t\t\t\t\t\t\t\t\t\t\t\t\t<\/ul>\n\t\t\t\t\t<\/div>\n\t\t\t\t<\/div>\n\t\t\t<\/div>\n\t\t<\/div>\n\t<\/div>\n\n<\/div>\n<\/div>\n<\/div>\n\n\n\n<div style=\"height:40px\" aria-hidden=\"true\" class=\"wp-block-spacer\"><\/div>\n\n\n\n<div class=\"wp-block-cover alignfull\"><span aria-hidden=\"true\" class=\"wp-block-cover__background has-nv-light-bg-background-color has-background-dim-100 has-background-dim\"><\/span><div class=\"wp-block-cover__inner-container is-layout-constrained wp-block-cover-is-layout-constrained\">\n<div style=\"height:50px\" aria-hidden=\"true\" class=\"wp-block-spacer\"><\/div>\n\n\n\n<h2 class=\"wp-block-heading has-text-align-center has-neve-link-color-color has-text-color\">MOVIEUNITS<br>Cineforum per il Centenario UniTS <br>sul tema &#8220;Il futuro della conoscenza&#8221;<\/h2>\n\n\n\n<p class=\"has-text-align-center has-neve-text-color-color has-text-color\">12 appuntamenti a ingresso libero, da marzo a giugno 2024, in collaborazione con i Dipartimenti di Ateneo<\/p>\n\n\n\n<div class=\"wp-block-buttons is-content-justification-center is-layout-flex wp-container-core-buttons-is-layout-16018d1d wp-block-buttons-is-layout-flex\">\n<div class=\"wp-block-button is-style-primary\"><a class=\"wp-block-button__link wp-element-button\" href=\"https:\/\/100anni.units.it\/index.php\/home\/movieunits\/\">SCOPRI IL PROGETTO<\/a><\/div>\n<\/div>\n\n\n\n<div style=\"height:50px\" aria-hidden=\"true\" class=\"wp-block-spacer\"><\/div>\n<\/div><\/div>\n","protected":false},"excerpt":{"rendered":"<p>Mercoled\u00ec 6 marzo 2024, presso l&#8217;Auditorium del Museo Revoltella, avverr\u00e0 la proiezione del film Umberto Eco &#8211; La biblioteca del mondo di Davide Ferrario. Evento ad accesso libero fino ad esaurimento posti<\/p>\n","protected":false},"author":1,"featured_media":4178,"comment_status":"closed","ping_status":"closed","template":"","meta":{"neve_meta_sidebar":"","neve_meta_container":"","neve_meta_enable_content_width":"","neve_meta_content_width":0,"neve_meta_title_alignment":"","neve_meta_author_avatar":"","neve_post_elements_order":"","neve_meta_disable_header":"","neve_meta_disable_footer":"","neve_meta_disable_title":"","_EventAllDay":false,"_EventTimezone":"Europe\/Rome","_EventStartDate":"2024-03-06 20:30:00","_EventEndDate":"2024-03-06 20:30:00","_EventStartDateUTC":"2024-03-06 19:30:00","_EventEndDateUTC":"2024-03-06 19:30:00","_EventShowMap":false,"_EventShowMapLink":false,"_EventURL":"","_EventCost":"","_EventCostDescription":"","_EventCurrencySymbol":"\u20ac","_EventCurrencyCode":"EUR","_EventCurrencyPosition":"prefix","_EventDateTimeSeparator":" ore ","_EventTimeRangeSeparator":" - ","_EventOrganizerID":[],"_EventVenueID":[4042],"_OrganizerEmail":"","_OrganizerPhone":"","_OrganizerWebsite":"","_VenueAddress":"","_VenueCity":"","_VenueCountry":"","_VenueProvince":"","_VenueState":"","_VenueZip":"","_VenuePhone":"","_VenueURL":"","_VenueStateProvince":"","_VenueLat":"","_VenueLng":"","_VenueShowMap":false,"_VenueShowMapLink":false,"_ti_tpc_template_sync":false,"_ti_tpc_template_id":"","_tribe_events_status":"","_tribe_events_status_reason":"","footnotes":""},"tags":[],"tribe_events_cat":[3],"class_list":["post-4041","tribe_events","type-tribe_events","status-publish","has-post-thumbnail","hentry","tribe_events_cat-ateneo","cat_ateneo"],"yoast_head":"<!-- This site is optimized with the Yoast SEO plugin v21.0 - https:\/\/yoast.com\/wordpress\/plugins\/seo\/ -->\n<title>MOVIEUNITS. Umberto Eco \u2013 La biblioteca del mondo &ndash; #100UniTS<\/title>\n<meta name=\"description\" content=\"Mercoled\u00ec 6 marzo 2024, presso l&#039;Auditorium del Museo Revoltella, avverr\u00e0 la proiezione del film Umberto Eco - La biblioteca del mondo di Davide Ferrario (Italia, 2023, 80\u2019). Evento ad accesso libero fino ad esaurimento posti\" \/>\n<meta name=\"robots\" content=\"index, follow, max-snippet:-1, max-image-preview:large, max-video-preview:-1\" \/>\n<link rel=\"canonical\" href=\"https:\/\/100anni.units.it\/index.php\/evento\/movieunits-umberto-eco-la-biblioteca-del-mondo\/\" \/>\n<meta property=\"og:locale\" content=\"it_IT\" \/>\n<meta property=\"og:type\" content=\"article\" \/>\n<meta property=\"og:title\" content=\"MOVIEUNITS. Umberto Eco \u2013 La biblioteca del mondo &ndash; #100UniTS\" \/>\n<meta property=\"og:description\" content=\"Mercoled\u00ec 6 marzo 2024, presso l&#039;Auditorium del Museo Revoltella, avverr\u00e0 la proiezione del film Umberto Eco - La biblioteca del mondo di Davide Ferrario (Italia, 2023, 80\u2019). Evento ad accesso libero fino ad esaurimento posti\" \/>\n<meta property=\"og:url\" content=\"https:\/\/100anni.units.it\/index.php\/evento\/movieunits-umberto-eco-la-biblioteca-del-mondo\/\" \/>\n<meta property=\"og:site_name\" content=\"#100UniTS\" \/>\n<meta property=\"article:publisher\" content=\"https:\/\/www.facebook.com\/universitatrieste\" \/>\n<meta property=\"article:modified_time\" content=\"2024-03-25T16:11:50+00:00\" \/>\n<meta property=\"og:image\" content=\"https:\/\/100anni.units.it\/wp-content\/uploads\/2024\/02\/100UniTS_Umberto-Eco-cropped.jpg\" \/>\n\t<meta property=\"og:image:width\" content=\"1856\" \/>\n\t<meta property=\"og:image:height\" content=\"1044\" \/>\n\t<meta property=\"og:image:type\" content=\"image\/jpeg\" \/>\n<meta name=\"twitter:card\" content=\"summary_large_image\" \/>\n<meta name=\"twitter:site\" content=\"@UniTrieste\" \/>\n<meta name=\"twitter:label1\" content=\"Tempo di lettura stimato\" \/>\n\t<meta name=\"twitter:data1\" content=\"2 minuti\" \/>\n<script type=\"application\/ld+json\" class=\"yoast-schema-graph\">{\"@context\":\"https:\/\/schema.org\",\"@graph\":[{\"@type\":\"WebPage\",\"@id\":\"https:\/\/100anni.units.it\/index.php\/evento\/movieunits-umberto-eco-la-biblioteca-del-mondo\/\",\"url\":\"https:\/\/100anni.units.it\/index.php\/evento\/movieunits-umberto-eco-la-biblioteca-del-mondo\/\",\"name\":\"MOVIEUNITS. Umberto Eco \u2013 La biblioteca del mondo &ndash; #100UniTS\",\"isPartOf\":{\"@id\":\"https:\/\/100anni.units.it\/#website\"},\"datePublished\":\"2024-02-20T17:52:27+00:00\",\"dateModified\":\"2024-03-25T16:11:50+00:00\",\"description\":\"Mercoled\u00ec 6 marzo 2024, presso l'Auditorium del Museo Revoltella, avverr\u00e0 la proiezione del film Umberto Eco - La biblioteca del mondo di Davide Ferrario (Italia, 2023, 80\u2019). Evento ad accesso libero fino ad esaurimento posti\",\"breadcrumb\":{\"@id\":\"https:\/\/100anni.units.it\/index.php\/evento\/movieunits-umberto-eco-la-biblioteca-del-mondo\/#breadcrumb\"},\"inLanguage\":\"it-IT\",\"potentialAction\":[{\"@type\":\"ReadAction\",\"target\":[\"https:\/\/100anni.units.it\/index.php\/evento\/movieunits-umberto-eco-la-biblioteca-del-mondo\/\"]}]},{\"@type\":\"BreadcrumbList\",\"@id\":\"https:\/\/100anni.units.it\/index.php\/evento\/movieunits-umberto-eco-la-biblioteca-del-mondo\/#breadcrumb\",\"itemListElement\":[{\"@type\":\"ListItem\",\"position\":1,\"name\":\"Eventi\",\"item\":\"https:\/\/100anni.units.it\/index.php\/eventi\/\"},{\"@type\":\"ListItem\",\"position\":2,\"name\":\"MOVIEUNITS. Umberto Eco \u2013 La biblioteca del mondo\"}]},{\"@type\":\"WebSite\",\"@id\":\"https:\/\/100anni.units.it\/#website\",\"url\":\"https:\/\/100anni.units.it\/\",\"name\":\"#100UniTS\",\"description\":\"Ogni giorno, da cento anni, con noi puoi scoprire ci\u00f2 che sar\u00e0 realt\u00e0 nel futuro. Celebriamo insieme un secolo di ricerca, eccellenza, creativit\u00e0 e ingegno umano.\",\"publisher\":{\"@id\":\"https:\/\/100anni.units.it\/#organization\"},\"potentialAction\":[{\"@type\":\"SearchAction\",\"target\":{\"@type\":\"EntryPoint\",\"urlTemplate\":\"https:\/\/100anni.units.it\/?s={search_term_string}\"},\"query-input\":\"required name=search_term_string\"}],\"inLanguage\":\"it-IT\"},{\"@type\":\"Organization\",\"@id\":\"https:\/\/100anni.units.it\/#organization\",\"name\":\"Universit\u00e0 degli Studi di Trieste\",\"alternateName\":\"UniTS\",\"url\":\"https:\/\/100anni.units.it\/\",\"logo\":{\"@type\":\"ImageObject\",\"inLanguage\":\"it-IT\",\"@id\":\"https:\/\/100anni.units.it\/#\/schema\/logo\/image\/\",\"url\":\"https:\/\/100anni.units.it\/wp-content\/uploads\/2023\/08\/units_sigillo.png\",\"contentUrl\":\"https:\/\/100anni.units.it\/wp-content\/uploads\/2023\/08\/units_sigillo.png\",\"width\":696,\"height\":696,\"caption\":\"Universit\u00e0 degli Studi di Trieste\"},\"image\":{\"@id\":\"https:\/\/100anni.units.it\/#\/schema\/logo\/image\/\"},\"sameAs\":[\"https:\/\/www.facebook.com\/universitatrieste\",\"https:\/\/twitter.com\/UniTrieste\"]}]}<\/script>\n<!-- \/ Yoast SEO plugin. -->","yoast_head_json":{"title":"MOVIEUNITS. Umberto Eco \u2013 La biblioteca del mondo &ndash; #100UniTS","description":"Mercoled\u00ec 6 marzo 2024, presso l'Auditorium del Museo Revoltella, avverr\u00e0 la proiezione del film Umberto Eco - La biblioteca del mondo di Davide Ferrario (Italia, 2023, 80\u2019). Evento ad accesso libero fino ad esaurimento posti","robots":{"index":"index","follow":"follow","max-snippet":"max-snippet:-1","max-image-preview":"max-image-preview:large","max-video-preview":"max-video-preview:-1"},"canonical":"https:\/\/100anni.units.it\/index.php\/evento\/movieunits-umberto-eco-la-biblioteca-del-mondo\/","og_locale":"it_IT","og_type":"article","og_title":"MOVIEUNITS. Umberto Eco \u2013 La biblioteca del mondo &ndash; #100UniTS","og_description":"Mercoled\u00ec 6 marzo 2024, presso l'Auditorium del Museo Revoltella, avverr\u00e0 la proiezione del film Umberto Eco - La biblioteca del mondo di Davide Ferrario (Italia, 2023, 80\u2019). Evento ad accesso libero fino ad esaurimento posti","og_url":"https:\/\/100anni.units.it\/index.php\/evento\/movieunits-umberto-eco-la-biblioteca-del-mondo\/","og_site_name":"#100UniTS","article_publisher":"https:\/\/www.facebook.com\/universitatrieste","article_modified_time":"2024-03-25T16:11:50+00:00","og_image":[{"width":1856,"height":1044,"url":"https:\/\/100anni.units.it\/wp-content\/uploads\/2024\/02\/100UniTS_Umberto-Eco-cropped.jpg","type":"image\/jpeg"}],"twitter_card":"summary_large_image","twitter_site":"@UniTrieste","twitter_misc":{"Tempo di lettura stimato":"2 minuti"},"schema":{"@context":"https:\/\/schema.org","@graph":[{"@type":"WebPage","@id":"https:\/\/100anni.units.it\/index.php\/evento\/movieunits-umberto-eco-la-biblioteca-del-mondo\/","url":"https:\/\/100anni.units.it\/index.php\/evento\/movieunits-umberto-eco-la-biblioteca-del-mondo\/","name":"MOVIEUNITS. Umberto Eco \u2013 La biblioteca del mondo &ndash; #100UniTS","isPartOf":{"@id":"https:\/\/100anni.units.it\/#website"},"datePublished":"2024-02-20T17:52:27+00:00","dateModified":"2024-03-25T16:11:50+00:00","description":"Mercoled\u00ec 6 marzo 2024, presso l'Auditorium del Museo Revoltella, avverr\u00e0 la proiezione del film Umberto Eco - La biblioteca del mondo di Davide Ferrario (Italia, 2023, 80\u2019). Evento ad accesso libero fino ad esaurimento posti","breadcrumb":{"@id":"https:\/\/100anni.units.it\/index.php\/evento\/movieunits-umberto-eco-la-biblioteca-del-mondo\/#breadcrumb"},"inLanguage":"it-IT","potentialAction":[{"@type":"ReadAction","target":["https:\/\/100anni.units.it\/index.php\/evento\/movieunits-umberto-eco-la-biblioteca-del-mondo\/"]}]},{"@type":"BreadcrumbList","@id":"https:\/\/100anni.units.it\/index.php\/evento\/movieunits-umberto-eco-la-biblioteca-del-mondo\/#breadcrumb","itemListElement":[{"@type":"ListItem","position":1,"name":"Eventi","item":"https:\/\/100anni.units.it\/index.php\/eventi\/"},{"@type":"ListItem","position":2,"name":"MOVIEUNITS. Umberto Eco \u2013 La biblioteca del mondo"}]},{"@type":"WebSite","@id":"https:\/\/100anni.units.it\/#website","url":"https:\/\/100anni.units.it\/","name":"#100UniTS","description":"Ogni giorno, da cento anni, con noi puoi scoprire ci\u00f2 che sar\u00e0 realt\u00e0 nel futuro. Celebriamo insieme un secolo di ricerca, eccellenza, creativit\u00e0 e ingegno umano.","publisher":{"@id":"https:\/\/100anni.units.it\/#organization"},"potentialAction":[{"@type":"SearchAction","target":{"@type":"EntryPoint","urlTemplate":"https:\/\/100anni.units.it\/?s={search_term_string}"},"query-input":"required name=search_term_string"}],"inLanguage":"it-IT"},{"@type":"Organization","@id":"https:\/\/100anni.units.it\/#organization","name":"Universit\u00e0 degli Studi di Trieste","alternateName":"UniTS","url":"https:\/\/100anni.units.it\/","logo":{"@type":"ImageObject","inLanguage":"it-IT","@id":"https:\/\/100anni.units.it\/#\/schema\/logo\/image\/","url":"https:\/\/100anni.units.it\/wp-content\/uploads\/2023\/08\/units_sigillo.png","contentUrl":"https:\/\/100anni.units.it\/wp-content\/uploads\/2023\/08\/units_sigillo.png","width":696,"height":696,"caption":"Universit\u00e0 degli Studi di Trieste"},"image":{"@id":"https:\/\/100anni.units.it\/#\/schema\/logo\/image\/"},"sameAs":["https:\/\/www.facebook.com\/universitatrieste","https:\/\/twitter.com\/UniTrieste"]}]}},"_links":{"self":[{"href":"https:\/\/100anni.units.it\/index.php\/wp-json\/wp\/v2\/tribe_events\/4041","targetHints":{"allow":["GET"]}}],"collection":[{"href":"https:\/\/100anni.units.it\/index.php\/wp-json\/wp\/v2\/tribe_events"}],"about":[{"href":"https:\/\/100anni.units.it\/index.php\/wp-json\/wp\/v2\/types\/tribe_events"}],"author":[{"embeddable":true,"href":"https:\/\/100anni.units.it\/index.php\/wp-json\/wp\/v2\/users\/1"}],"replies":[{"embeddable":true,"href":"https:\/\/100anni.units.it\/index.php\/wp-json\/wp\/v2\/comments?post=4041"}],"version-history":[{"count":9,"href":"https:\/\/100anni.units.it\/index.php\/wp-json\/wp\/v2\/tribe_events\/4041\/revisions"}],"predecessor-version":[{"id":4704,"href":"https:\/\/100anni.units.it\/index.php\/wp-json\/wp\/v2\/tribe_events\/4041\/revisions\/4704"}],"wp:featuredmedia":[{"embeddable":true,"href":"https:\/\/100anni.units.it\/index.php\/wp-json\/wp\/v2\/media\/4178"}],"wp:attachment":[{"href":"https:\/\/100anni.units.it\/index.php\/wp-json\/wp\/v2\/media?parent=4041"}],"wp:term":[{"taxonomy":"post_tag","embeddable":true,"href":"https:\/\/100anni.units.it\/index.php\/wp-json\/wp\/v2\/tags?post=4041"},{"taxonomy":"tribe_events_cat","embeddable":true,"href":"https:\/\/100anni.units.it\/index.php\/wp-json\/wp\/v2\/tribe_events_cat?post=4041"}],"curies":[{"name":"wp","href":"https:\/\/api.w.org\/{rel}","templated":true}]}}