{"id":4355,"date":"2024-03-05T18:43:03","date_gmt":"2024-03-05T17:43:03","guid":{"rendered":"https:\/\/100anni.units.it\/?post_type=tribe_events&#038;p=4355"},"modified":"2024-03-19T15:18:33","modified_gmt":"2024-03-19T14:18:33","slug":"la-cura-tradita-le-eportazioni-dagli-ospedali-di-trieste-durante-loccupazione-nazista","status":"publish","type":"tribe_events","link":"https:\/\/100anni.units.it\/index.php\/evento\/la-cura-tradita-le-eportazioni-dagli-ospedali-di-trieste-durante-loccupazione-nazista\/","title":{"rendered":"La cura tradita: le deportazioni dagli ospedali di Trieste durante l&#8217;occupazione nazista"},"content":{"rendered":"<div  class=\"tribe-events-schedule tribe-clearfix\" >\n\t<h2 class=\"tribe-events-schedule__datetime\">\n\t\t<span class=\"tribe-events-schedule__date tribe-events-schedule__date--start\">\n\t\t\t27 Marzo 2024\t\t<\/span>\n\n\t\t\n\t\t\t\t\t\t\t\t\t<span class=\"tribe-events-schedule__separator tribe-events-schedule__separator--time\">\n\t\t\t\t\t &#8211; \t\t\t\t<\/span>\n\t\t\t\n\t\t\t\t\t\t\t<span class=\"tribe-events-schedule__date tribe-events-schedule__date--end\">\n\t\t\t\t\t28 Marzo 2024\t\t\t\t<\/span>\n\n\t\t\t\t\n\t\t\t\n\t\t\t\t\t\t<\/h2>\n<\/div>\n\n\n\n<div class=\"wp-block-columns is-layout-flex wp-container-core-columns-is-layout-9d6595d7 wp-block-columns-is-layout-flex\">\n<div class=\"wp-block-column is-layout-flow wp-block-column-is-layout-flow\">\n<p>Nei giorni\u00a0<strong>27 e 28 marzo 2024\u00a0<\/strong>si svolger\u00e0 una serie di eventi intitolati &#8220;<strong>La cura tradita: le deportazioni dagli ospedali di Trieste durante l&#8217;occupazione nazista<\/strong>&#8220;, a\u00a0cura del\u00a0<strong>MUSEO DELLA COMUNIT\u00c0 EBRAICA DI TRIESTE \u00abCARLO E VERA WAGNER\u00bb<\/strong>\u00a0con il\u00a0<strong>DIPARTIMENTO SALUTE MENTALE E DIPENDENZE DELL\u2019AZIENDA SANITARIA UNIVERSITARIA GIULIANO ISONTINA<\/strong>\u00a0e il\u00a0<strong>DIPARTIMENTO DI STUDI UMANISTICI DELL\u2019UNIVERSIT\u00c0 DEGLI STUDI DI TRIESTE<\/strong>.<\/p>\n\n\n\n<p>Tutti gli eventi, che si svolgeranno in sedi diverse come da programma allegato, sono aperti al pubblico.<\/p>\n\n\n\n<p><em>Il 28 marzo 1944, drappelli delle SS si presentarono nelle direzioni delle due principali istituzioni ospedaliere di Trieste, chiedendo la consegna dei ricoverati di \u201crazza ebraica\u201d, in base agli elenchi nominativi richiesti nei giorni precedenti. Furono cos\u00ec arrestate 24 persone all\u2019Ospedale Psichiatrico Provinciale, 13 all\u2019Ospedale dei Cronici e 10 all\u2019Ospedale Maggiore. Tutti questi pazienti, tra cui sei ultraottantenni, vennero portati alla Risiera di San Sabba per essere deportati nei Lager nazisti. Nessuno ha fatto ritorno.<\/em><\/p>\n\n\n\n<p>Questo progetto si prefigge di commemorare quei tragici fatti, proponendo anche attivit\u00e0 di divulgazione e di formazione indirizzate in special modo alle nuove generazioni. Una riflessione necessaria, che si snoda tra storia, memoria, bioetica e medicina oggi.<br>Molte pratiche cliniche quotidiane in medicina &#8211; come il consenso informato del paziente alla cura o alla sperimentazione, gli screening genetici, la sterilizzazione, la inclusivit\u00e0 e gratuit\u00e0 dei sistemi sanitari &#8211; possono essere meglio comprese alla luce di queste storie.<br>Sono quindi innanzitutto invitati a partecipare gli studenti delle secondarie di secondo grado, gli studenti universitari &#8211; sia di area medico-sanitaria che umanistica &#8211; e gli operatori sanitari e sociali: medici, psicologi, psichiatri, infermieri, ostetriche e assistenti sociali.<br>Come sottolineato recentemente dalla rivista \u201cLancet\u201d, studiare la storia della medicina, del nazismo e della Shoah pu\u00f2 aiutare a capire questioni complesse dell&#8217;etica biomedica moderna, tra cui le interazioni contemporanee tra i professionisti della salute e lo Stato, l&#8217;equit\u00e0 sanitaria, l&#8217;assistenza a individui vulnerabili, la responsabilit\u00e0 di sostenere i diritti dei pazienti, di combattere l&#8217;antisemitismo, il razzismo e altre forme di discriminazione e di promuovere la salute pubblica.<\/p>\n\n\n\n<p>Tutte le informazioni sull&#8217;iniziativa sono reperibili nell&#8217;allegato sottostante.<\/p>\n\n\n\n<p>Per ulteriori informazioni:&nbsp;<a href=\"mailto:museumcarloeverawagner@triestebraica.it\">museumcarloeverawagner@triestebraica.it<\/a><\/p>\n\n\n\n<p class=\"has-neve-link-color-color has-text-color\">La partecipazione all&#8217;evento \u00e8 gratuita<\/p>\n<\/div>\n\n\n\n<div class=\"wp-block-column is-vertically-aligned-top is-layout-flow wp-block-column-is-layout-flow\" style=\"flex-basis:30%\">\n<figure class=\"wp-block-image size-large is-resized\"><img loading=\"lazy\" decoding=\"async\" src=\"https:\/\/100anni.units.it\/wp-content\/uploads\/2024\/03\/100UniTs_Lacuratradita-1-1024x576.jpg\" alt=\"\" class=\"wp-image-4386\" style=\"object-fit:cover;width:412px;height:232px\" width=\"412\" height=\"232\" srcset=\"https:\/\/100anni.units.it\/wp-content\/uploads\/2024\/03\/100UniTs_Lacuratradita-1-1024x576.jpg 1024w, https:\/\/100anni.units.it\/wp-content\/uploads\/2024\/03\/100UniTs_Lacuratradita-1-300x169.jpg 300w, https:\/\/100anni.units.it\/wp-content\/uploads\/2024\/03\/100UniTs_Lacuratradita-1-768x432.jpg 768w, https:\/\/100anni.units.it\/wp-content\/uploads\/2024\/03\/100UniTs_Lacuratradita-1.jpg 1232w\" sizes=\"auto, (max-width: 412px) 100vw, 412px\" \/><\/figure>\n<\/div>\n<\/div>\n\n\n\n<div class=\"wp-block-columns are-vertically-aligned-center is-layout-flex wp-container-core-columns-is-layout-9d6595d7 wp-block-columns-is-layout-flex\">\n<div class=\"wp-block-column is-vertically-aligned-center is-layout-flow wp-block-column-is-layout-flow\"><div  class=\"tribe-block tribe-block__venue tribe-clearfix\" >\n\t\n\t\t\n\t<\/div>\n<\/div>\n\n\n\n<div class=\"wp-block-column is-vertically-aligned-center is-layout-flow wp-block-column-is-layout-flow\" style=\"flex-basis:30%\">\n<div class=\"wp-block-group is-vertical is-content-justification-center is-layout-flex wp-container-core-group-is-layout-0472769e wp-block-group-is-layout-flex\">\t<div  class=\"tribe-block tribe-block__events-link\" >\n\t\t<div class=\"tribe-events tribe-common\">\n\t\t\t<div class=\"tribe-events-c-subscribe-dropdown__container\">\n\t\t\t\t<div class=\"tribe-events-c-subscribe-dropdown\">\n\t\t\t\t\t<div class=\"tribe-common-c-btn-border tribe-events-c-subscribe-dropdown__button\" tabindex=\"0\">\n\t\t\t\t\t\t<svg  class=\"tribe-common-c-svgicon tribe-common-c-svgicon--cal-export tribe-events-c-subscribe-dropdown__export-icon\"  viewBox=\"0 0 23 17\" xmlns=\"http:\/\/www.w3.org\/2000\/svg\">\n  <path fill-rule=\"evenodd\" clip-rule=\"evenodd\" d=\"M.128.896V16.13c0 .211.145.383.323.383h15.354c.179 0 .323-.172.323-.383V.896c0-.212-.144-.383-.323-.383H.451C.273.513.128.684.128.896Zm16 6.742h-.901V4.679H1.009v10.729h14.218v-3.336h.901V7.638ZM1.01 1.614h14.218v2.058H1.009V1.614Z\" \/>\n  <path d=\"M20.5 9.846H8.312M18.524 6.953l2.89 2.909-2.855 2.855\" stroke-width=\"1.2\" stroke-linecap=\"round\" stroke-linejoin=\"round\"\/>\n<\/svg>\n\t\t\t\t\t\t<button class=\"tribe-events-c-subscribe-dropdown__button-text\">\n\t\t\t\t\t\t\tSalva nel tuo calendario\t\t\t\t\t\t<\/button>\n\t\t\t\t\t\t<svg  class=\"tribe-common-c-svgicon tribe-common-c-svgicon--caret-down tribe-events-c-subscribe-dropdown__button-icon\"  viewBox=\"0 0 10 7\" xmlns=\"http:\/\/www.w3.org\/2000\/svg\"><path fill-rule=\"evenodd\" clip-rule=\"evenodd\" d=\"M1.008.609L5 4.6 8.992.61l.958.958L5 6.517.05 1.566l.958-.958z\" class=\"tribe-common-c-svgicon__svg-fill\"\/><\/svg>\n\t\t\t\t\t<\/div>\n\t\t\t\t\t<div class=\"tribe-events-c-subscribe-dropdown__content\">\n\t\t\t\t\t\t<ul class=\"tribe-events-c-subscribe-dropdown__list\" tabindex=\"0\">\n\t\t\t\t\t\t\t\t\t\t\t\t\t\t\t<li class=\"tribe-events-c-subscribe-dropdown__list-item\">\n\t\t\t\t\t\t\t\t\t<a\n\t\t\t\t\t\t\t\t\t\thref=\"https:\/\/www.google.com\/calendar\/event?action=TEMPLATE&#038;dates=20240327T000000\/20240328T235959&#038;text=La%20cura%20tradita%3A%20le%20deportazioni%20dagli%20ospedali%20di%20Trieste%20durante%20l%26%238217%3Boccupazione%20nazista&#038;details=%3C%21--+wp%3Atribe%2Fevent-datetime+%2F--%3E%3C%21--+wp%3Acolumns+--%3E%3Cdiv+class%3D%22wp-block-columns%22%3E%3C%21--+wp%3Acolumn+%7B%22width%22%3A%22%22%7D+--%3E%3Cdiv+class%3D%22wp-block-column%22%3E%3C%21--+wp%3Aparagraph+--%3E%3Cp%3ENei+giorni%C2%A0%3Cstrong%3E27+e+28+marzo+2024%C2%A0%3C%2Fstrong%3Esi+svolger%C3%A0+una+serie+di+eventi+intitolati+%22%3Cstrong%3ELa+cura+tradita%3A+le+deportazioni+dagli+ospedali+di+Trieste+durante+l%27occupazione+nazista%3C%2Fstrong%3E%22%2C+a%C2%A0cura+del%C2%A0%3Cstrong%3EMUSEO+DELLA+COMUNIT%C3%80+EBRAICA+DI+TRIESTE+%C2%ABCARLO+E+VERA+WAGNER%C2%BB%3C%2Fstrong%3E%C2%A0con+il%C2%A0%3Cstrong%3EDIPARTIMENTO+SALUTE+MENTALE+E+DIPENDENZE+DELL%E2%80%99AZIENDA+SANITARIA+UNIVERSITARIA+GIULIANO+ISONTINA%3C%2Fstrong%3E%C2%A0e+il%C2%A0%3Cstrong%3EDIPARTIMENTO+DI+STUDI+UMANISTICI+DELL%E2%80%99UNIVERSIT%C3%80+DEGLI+STUDI+DI+TRIESTE%3C%2Fstrong%3E.%3C%2Fp%3E%3C%21--+%2Fwp%3Aparagraph+--%3E%3C%21--+wp%3Aparagraph+--%3E%3Cp%3ETutti+g%20(View%20Full%20evento%20Description%20Here:%20https:\/\/100anni.units.it\/index.php\/evento\/la-cura-tradita-le-eportazioni-dagli-ospedali-di-trieste-durante-loccupazione-nazista\/)&#038;trp=false&#038;ctz=Europe\/Rome&#038;sprop=website:https:\/\/100anni.units.it\"\n\t\t\t\t\t\t\t\t\t\tclass=\"tribe-events-c-subscribe-dropdown__list-item-link\"\n\t\t\t\t\t\t\t\t\t\ttabindex=\"0\"\n\t\t\t\t\t\t\t\t\t\ttarget=\"_blank\"\n\t\t\t\t\t\t\t\t\t\trel=\"noopener noreferrer nofollow noindex\"\n\t\t\t\t\t\t\t\t\t>\n\t\t\t\t\t\t\t\t\t\tGoogle Calendar\t\t\t\t\t\t\t\t\t<\/a>\n\t\t\t\t\t\t\t\t<\/li>\n\t\t\t\t\t\t\t\t\t\t\t\t\t\t\t<li class=\"tribe-events-c-subscribe-dropdown__list-item\">\n\t\t\t\t\t\t\t\t\t<a\n\t\t\t\t\t\t\t\t\t\thref=\"\"\n\t\t\t\t\t\t\t\t\t\tclass=\"tribe-events-c-subscribe-dropdown__list-item-link\"\n\t\t\t\t\t\t\t\t\t\ttabindex=\"0\"\n\t\t\t\t\t\t\t\t\t\ttarget=\"_blank\"\n\t\t\t\t\t\t\t\t\t\trel=\"noopener noreferrer nofollow noindex\"\n\t\t\t\t\t\t\t\t\t>\n\t\t\t\t\t\t\t\t\t\tiCalendar\t\t\t\t\t\t\t\t\t<\/a>\n\t\t\t\t\t\t\t\t<\/li>\n\t\t\t\t\t\t\t\t\t\t\t\t\t\t\t<li class=\"tribe-events-c-subscribe-dropdown__list-item\">\n\t\t\t\t\t\t\t\t\t<a\n\t\t\t\t\t\t\t\t\t\thref=\"\"\n\t\t\t\t\t\t\t\t\t\tclass=\"tribe-events-c-subscribe-dropdown__list-item-link\"\n\t\t\t\t\t\t\t\t\t\ttabindex=\"0\"\n\t\t\t\t\t\t\t\t\t\ttarget=\"_blank\"\n\t\t\t\t\t\t\t\t\t\trel=\"noopener noreferrer nofollow noindex\"\n\t\t\t\t\t\t\t\t\t>\n\t\t\t\t\t\t\t\t\t\tOutlook 365\t\t\t\t\t\t\t\t\t<\/a>\n\t\t\t\t\t\t\t\t<\/li>\n\t\t\t\t\t\t\t\t\t\t\t\t\t\t\t<li class=\"tribe-events-c-subscribe-dropdown__list-item\">\n\t\t\t\t\t\t\t\t\t<a\n\t\t\t\t\t\t\t\t\t\thref=\"\"\n\t\t\t\t\t\t\t\t\t\tclass=\"tribe-events-c-subscribe-dropdown__list-item-link\"\n\t\t\t\t\t\t\t\t\t\ttabindex=\"0\"\n\t\t\t\t\t\t\t\t\t\ttarget=\"_blank\"\n\t\t\t\t\t\t\t\t\t\trel=\"noopener noreferrer nofollow noindex\"\n\t\t\t\t\t\t\t\t\t>\n\t\t\t\t\t\t\t\t\t\tOutlook Live\t\t\t\t\t\t\t\t\t<\/a>\n\t\t\t\t\t\t\t\t<\/li>\n\t\t\t\t\t\t\t\t\t\t\t\t\t<\/ul>\n\t\t\t\t\t<\/div>\n\t\t\t\t<\/div>\n\t\t\t<\/div>\n\t\t<\/div>\n\t<\/div>\n\n\n\n\n<div class=\"wp-block-buttons is-content-justification-center is-layout-flex wp-container-core-buttons-is-layout-16018d1d wp-block-buttons-is-layout-flex\">\n<div class=\"wp-block-button has-custom-width wp-block-button__width-100 is-style-primary\"><a class=\"wp-block-button__link wp-element-button\" href=\"https:\/\/100anni.units.it\/wp-content\/uploads\/2024\/03\/100UniTS_programma_la_cura_tradita.pdf\" target=\"_blank\" rel=\"noreferrer noopener\">scarica il programma<\/a><\/div>\n<\/div>\n<\/div>\n<\/div>\n<\/div>\n\n\n\n<div style=\"height:50px\" aria-hidden=\"true\" class=\"wp-block-spacer\"><\/div>\n\n\n\n<div style=\"height:20px\" aria-hidden=\"true\" class=\"wp-block-spacer\"><\/div>\n\n\n\n<div style=\"height:100px\" aria-hidden=\"true\" class=\"wp-block-spacer\"><\/div>\n","protected":false},"excerpt":{"rendered":"<p>Serie di eventi intitolati &#8220;La cura tradita. Le deportazioni dagli ospedali di Trieste durante l&#8217;occupazione nazista&#8221;. La partecipazione all&#8217;evento \u00e8 gratuita<\/p>\n","protected":false},"author":1,"featured_media":4364,"comment_status":"closed","ping_status":"closed","template":"","meta":{"neve_meta_sidebar":"","neve_meta_container":"","neve_meta_enable_content_width":"","neve_meta_content_width":0,"neve_meta_title_alignment":"","neve_meta_author_avatar":"","neve_post_elements_order":"","neve_meta_disable_header":"","neve_meta_disable_footer":"","neve_meta_disable_title":"","_EventAllDay":true,"_EventTimezone":"Europe\/Rome","_EventStartDate":"2024-03-27 00:00:00","_EventEndDate":"2024-03-28 23:59:59","_EventStartDateUTC":"2024-03-26 23:00:00","_EventEndDateUTC":"2024-03-28 22:59:59","_EventShowMap":false,"_EventShowMapLink":false,"_EventURL":"","_EventCost":"","_EventCostDescription":"","_EventCurrencySymbol":"\u20ac","_EventCurrencyCode":"EUR","_EventCurrencyPosition":"prefix","_EventDateTimeSeparator":" ore ","_EventTimeRangeSeparator":" - ","_EventOrganizerID":[],"_EventVenueID":[],"_OrganizerEmail":"","_OrganizerPhone":"","_OrganizerWebsite":"","_VenueAddress":"","_VenueCity":"","_VenueCountry":"","_VenueProvince":"","_VenueState":"","_VenueZip":"","_VenuePhone":"","_VenueURL":"","_VenueStateProvince":"","_VenueLat":"","_VenueLng":"","_VenueShowMap":false,"_VenueShowMapLink":false,"_ti_tpc_template_sync":false,"_ti_tpc_template_id":"","_tribe_events_status":"","_tribe_events_status_reason":"","footnotes":""},"tags":[],"tribe_events_cat":[4],"class_list":["post-4355","tribe_events","type-tribe_events","status-publish","has-post-thumbnail","hentry","tribe_events_cat-dipartimento","cat_dipartimento"],"yoast_head":"<!-- This site is optimized with the Yoast SEO plugin v21.0 - https:\/\/yoast.com\/wordpress\/plugins\/seo\/ -->\n<title>La cura tradita: le deportazioni dagli ospedali di Trieste durante l&#039;occupazione nazista &ndash; #100UniTS<\/title>\n<meta name=\"description\" content=\"Serie di eventi intitolati &quot;La cura tradita. Le deportazioni dagli ospedali di Trieste durante l&#039;occupazione nazista&quot;. La partecipazione all&#039;evento \u00e8 gratuita\" \/>\n<meta name=\"robots\" content=\"index, follow, max-snippet:-1, max-image-preview:large, max-video-preview:-1\" \/>\n<link rel=\"canonical\" href=\"https:\/\/100anni.units.it\/index.php\/evento\/la-cura-tradita-le-eportazioni-dagli-ospedali-di-trieste-durante-loccupazione-nazista\/\" \/>\n<meta property=\"og:locale\" content=\"it_IT\" \/>\n<meta property=\"og:type\" content=\"article\" \/>\n<meta property=\"og:title\" content=\"La cura tradita: le deportazioni dagli ospedali di Trieste durante l&#039;occupazione nazista &ndash; #100UniTS\" \/>\n<meta property=\"og:description\" content=\"Serie di eventi intitolati &quot;La cura tradita. Le deportazioni dagli ospedali di Trieste durante l&#039;occupazione nazista&quot;. La partecipazione all&#039;evento \u00e8 gratuita\" \/>\n<meta property=\"og:url\" content=\"https:\/\/100anni.units.it\/index.php\/evento\/la-cura-tradita-le-eportazioni-dagli-ospedali-di-trieste-durante-loccupazione-nazista\/\" \/>\n<meta property=\"og:site_name\" content=\"#100UniTS\" \/>\n<meta property=\"article:publisher\" content=\"https:\/\/www.facebook.com\/universitatrieste\" \/>\n<meta property=\"article:modified_time\" content=\"2024-03-19T14:18:33+00:00\" \/>\n<meta property=\"og:image\" content=\"https:\/\/100anni.units.it\/wp-content\/uploads\/2024\/03\/100UniTs_Lacuratradita.jpg\" \/>\n\t<meta property=\"og:image:width\" content=\"1232\" \/>\n\t<meta property=\"og:image:height\" content=\"693\" \/>\n\t<meta property=\"og:image:type\" content=\"image\/jpeg\" \/>\n<meta name=\"twitter:card\" content=\"summary_large_image\" \/>\n<meta name=\"twitter:site\" content=\"@UniTrieste\" \/>\n<meta name=\"twitter:label1\" content=\"Tempo di lettura stimato\" \/>\n\t<meta name=\"twitter:data1\" content=\"3 minuti\" \/>\n<script type=\"application\/ld+json\" class=\"yoast-schema-graph\">{\"@context\":\"https:\/\/schema.org\",\"@graph\":[{\"@type\":\"WebPage\",\"@id\":\"https:\/\/100anni.units.it\/index.php\/evento\/la-cura-tradita-le-eportazioni-dagli-ospedali-di-trieste-durante-loccupazione-nazista\/\",\"url\":\"https:\/\/100anni.units.it\/index.php\/evento\/la-cura-tradita-le-eportazioni-dagli-ospedali-di-trieste-durante-loccupazione-nazista\/\",\"name\":\"La cura tradita: le deportazioni dagli ospedali di Trieste durante l'occupazione nazista &ndash; #100UniTS\",\"isPartOf\":{\"@id\":\"https:\/\/100anni.units.it\/#website\"},\"datePublished\":\"2024-03-05T17:43:03+00:00\",\"dateModified\":\"2024-03-19T14:18:33+00:00\",\"description\":\"Serie di eventi intitolati \\\"La cura tradita. Le deportazioni dagli ospedali di Trieste durante l'occupazione nazista\\\". La partecipazione all'evento \u00e8 gratuita\",\"breadcrumb\":{\"@id\":\"https:\/\/100anni.units.it\/index.php\/evento\/la-cura-tradita-le-eportazioni-dagli-ospedali-di-trieste-durante-loccupazione-nazista\/#breadcrumb\"},\"inLanguage\":\"it-IT\",\"potentialAction\":[{\"@type\":\"ReadAction\",\"target\":[\"https:\/\/100anni.units.it\/index.php\/evento\/la-cura-tradita-le-eportazioni-dagli-ospedali-di-trieste-durante-loccupazione-nazista\/\"]}]},{\"@type\":\"BreadcrumbList\",\"@id\":\"https:\/\/100anni.units.it\/index.php\/evento\/la-cura-tradita-le-eportazioni-dagli-ospedali-di-trieste-durante-loccupazione-nazista\/#breadcrumb\",\"itemListElement\":[{\"@type\":\"ListItem\",\"position\":1,\"name\":\"Eventi\",\"item\":\"https:\/\/100anni.units.it\/index.php\/eventi\/\"},{\"@type\":\"ListItem\",\"position\":2,\"name\":\"La cura tradita: le deportazioni dagli ospedali di Trieste durante l&#8217;occupazione nazista\"}]},{\"@type\":\"WebSite\",\"@id\":\"https:\/\/100anni.units.it\/#website\",\"url\":\"https:\/\/100anni.units.it\/\",\"name\":\"#100UniTS\",\"description\":\"Ogni giorno, da cento anni, con noi puoi scoprire ci\u00f2 che sar\u00e0 realt\u00e0 nel futuro. Celebriamo insieme un secolo di ricerca, eccellenza, creativit\u00e0 e ingegno umano.\",\"publisher\":{\"@id\":\"https:\/\/100anni.units.it\/#organization\"},\"potentialAction\":[{\"@type\":\"SearchAction\",\"target\":{\"@type\":\"EntryPoint\",\"urlTemplate\":\"https:\/\/100anni.units.it\/?s={search_term_string}\"},\"query-input\":\"required name=search_term_string\"}],\"inLanguage\":\"it-IT\"},{\"@type\":\"Organization\",\"@id\":\"https:\/\/100anni.units.it\/#organization\",\"name\":\"Universit\u00e0 degli Studi di Trieste\",\"alternateName\":\"UniTS\",\"url\":\"https:\/\/100anni.units.it\/\",\"logo\":{\"@type\":\"ImageObject\",\"inLanguage\":\"it-IT\",\"@id\":\"https:\/\/100anni.units.it\/#\/schema\/logo\/image\/\",\"url\":\"https:\/\/100anni.units.it\/wp-content\/uploads\/2023\/08\/units_sigillo.png\",\"contentUrl\":\"https:\/\/100anni.units.it\/wp-content\/uploads\/2023\/08\/units_sigillo.png\",\"width\":696,\"height\":696,\"caption\":\"Universit\u00e0 degli Studi di Trieste\"},\"image\":{\"@id\":\"https:\/\/100anni.units.it\/#\/schema\/logo\/image\/\"},\"sameAs\":[\"https:\/\/www.facebook.com\/universitatrieste\",\"https:\/\/twitter.com\/UniTrieste\"]}]}<\/script>\n<!-- \/ Yoast SEO plugin. -->","yoast_head_json":{"title":"La cura tradita: le deportazioni dagli ospedali di Trieste durante l'occupazione nazista &ndash; #100UniTS","description":"Serie di eventi intitolati \"La cura tradita. Le deportazioni dagli ospedali di Trieste durante l'occupazione nazista\". La partecipazione all'evento \u00e8 gratuita","robots":{"index":"index","follow":"follow","max-snippet":"max-snippet:-1","max-image-preview":"max-image-preview:large","max-video-preview":"max-video-preview:-1"},"canonical":"https:\/\/100anni.units.it\/index.php\/evento\/la-cura-tradita-le-eportazioni-dagli-ospedali-di-trieste-durante-loccupazione-nazista\/","og_locale":"it_IT","og_type":"article","og_title":"La cura tradita: le deportazioni dagli ospedali di Trieste durante l'occupazione nazista &ndash; #100UniTS","og_description":"Serie di eventi intitolati \"La cura tradita. Le deportazioni dagli ospedali di Trieste durante l'occupazione nazista\". La partecipazione all'evento \u00e8 gratuita","og_url":"https:\/\/100anni.units.it\/index.php\/evento\/la-cura-tradita-le-eportazioni-dagli-ospedali-di-trieste-durante-loccupazione-nazista\/","og_site_name":"#100UniTS","article_publisher":"https:\/\/www.facebook.com\/universitatrieste","article_modified_time":"2024-03-19T14:18:33+00:00","og_image":[{"width":1232,"height":693,"url":"https:\/\/100anni.units.it\/wp-content\/uploads\/2024\/03\/100UniTs_Lacuratradita.jpg","type":"image\/jpeg"}],"twitter_card":"summary_large_image","twitter_site":"@UniTrieste","twitter_misc":{"Tempo di lettura stimato":"3 minuti"},"schema":{"@context":"https:\/\/schema.org","@graph":[{"@type":"WebPage","@id":"https:\/\/100anni.units.it\/index.php\/evento\/la-cura-tradita-le-eportazioni-dagli-ospedali-di-trieste-durante-loccupazione-nazista\/","url":"https:\/\/100anni.units.it\/index.php\/evento\/la-cura-tradita-le-eportazioni-dagli-ospedali-di-trieste-durante-loccupazione-nazista\/","name":"La cura tradita: le deportazioni dagli ospedali di Trieste durante l'occupazione nazista &ndash; #100UniTS","isPartOf":{"@id":"https:\/\/100anni.units.it\/#website"},"datePublished":"2024-03-05T17:43:03+00:00","dateModified":"2024-03-19T14:18:33+00:00","description":"Serie di eventi intitolati \"La cura tradita. Le deportazioni dagli ospedali di Trieste durante l'occupazione nazista\". La partecipazione all'evento \u00e8 gratuita","breadcrumb":{"@id":"https:\/\/100anni.units.it\/index.php\/evento\/la-cura-tradita-le-eportazioni-dagli-ospedali-di-trieste-durante-loccupazione-nazista\/#breadcrumb"},"inLanguage":"it-IT","potentialAction":[{"@type":"ReadAction","target":["https:\/\/100anni.units.it\/index.php\/evento\/la-cura-tradita-le-eportazioni-dagli-ospedali-di-trieste-durante-loccupazione-nazista\/"]}]},{"@type":"BreadcrumbList","@id":"https:\/\/100anni.units.it\/index.php\/evento\/la-cura-tradita-le-eportazioni-dagli-ospedali-di-trieste-durante-loccupazione-nazista\/#breadcrumb","itemListElement":[{"@type":"ListItem","position":1,"name":"Eventi","item":"https:\/\/100anni.units.it\/index.php\/eventi\/"},{"@type":"ListItem","position":2,"name":"La cura tradita: le deportazioni dagli ospedali di Trieste durante l&#8217;occupazione nazista"}]},{"@type":"WebSite","@id":"https:\/\/100anni.units.it\/#website","url":"https:\/\/100anni.units.it\/","name":"#100UniTS","description":"Ogni giorno, da cento anni, con noi puoi scoprire ci\u00f2 che sar\u00e0 realt\u00e0 nel futuro. Celebriamo insieme un secolo di ricerca, eccellenza, creativit\u00e0 e ingegno umano.","publisher":{"@id":"https:\/\/100anni.units.it\/#organization"},"potentialAction":[{"@type":"SearchAction","target":{"@type":"EntryPoint","urlTemplate":"https:\/\/100anni.units.it\/?s={search_term_string}"},"query-input":"required name=search_term_string"}],"inLanguage":"it-IT"},{"@type":"Organization","@id":"https:\/\/100anni.units.it\/#organization","name":"Universit\u00e0 degli Studi di Trieste","alternateName":"UniTS","url":"https:\/\/100anni.units.it\/","logo":{"@type":"ImageObject","inLanguage":"it-IT","@id":"https:\/\/100anni.units.it\/#\/schema\/logo\/image\/","url":"https:\/\/100anni.units.it\/wp-content\/uploads\/2023\/08\/units_sigillo.png","contentUrl":"https:\/\/100anni.units.it\/wp-content\/uploads\/2023\/08\/units_sigillo.png","width":696,"height":696,"caption":"Universit\u00e0 degli Studi di Trieste"},"image":{"@id":"https:\/\/100anni.units.it\/#\/schema\/logo\/image\/"},"sameAs":["https:\/\/www.facebook.com\/universitatrieste","https:\/\/twitter.com\/UniTrieste"]}]}},"_links":{"self":[{"href":"https:\/\/100anni.units.it\/index.php\/wp-json\/wp\/v2\/tribe_events\/4355","targetHints":{"allow":["GET"]}}],"collection":[{"href":"https:\/\/100anni.units.it\/index.php\/wp-json\/wp\/v2\/tribe_events"}],"about":[{"href":"https:\/\/100anni.units.it\/index.php\/wp-json\/wp\/v2\/types\/tribe_events"}],"author":[{"embeddable":true,"href":"https:\/\/100anni.units.it\/index.php\/wp-json\/wp\/v2\/users\/1"}],"replies":[{"embeddable":true,"href":"https:\/\/100anni.units.it\/index.php\/wp-json\/wp\/v2\/comments?post=4355"}],"version-history":[{"count":11,"href":"https:\/\/100anni.units.it\/index.php\/wp-json\/wp\/v2\/tribe_events\/4355\/revisions"}],"predecessor-version":[{"id":4573,"href":"https:\/\/100anni.units.it\/index.php\/wp-json\/wp\/v2\/tribe_events\/4355\/revisions\/4573"}],"wp:featuredmedia":[{"embeddable":true,"href":"https:\/\/100anni.units.it\/index.php\/wp-json\/wp\/v2\/media\/4364"}],"wp:attachment":[{"href":"https:\/\/100anni.units.it\/index.php\/wp-json\/wp\/v2\/media?parent=4355"}],"wp:term":[{"taxonomy":"post_tag","embeddable":true,"href":"https:\/\/100anni.units.it\/index.php\/wp-json\/wp\/v2\/tags?post=4355"},{"taxonomy":"tribe_events_cat","embeddable":true,"href":"https:\/\/100anni.units.it\/index.php\/wp-json\/wp\/v2\/tribe_events_cat?post=4355"}],"curies":[{"name":"wp","href":"https:\/\/api.w.org\/{rel}","templated":true}]}}