{"id":4496,"date":"2024-03-20T15:32:56","date_gmt":"2024-03-20T14:32:56","guid":{"rendered":"https:\/\/100anni.units.it\/?post_type=tribe_events&#038;p=4496"},"modified":"2024-03-22T19:00:40","modified_gmt":"2024-03-22T18:00:40","slug":"scopri-gli-eventi-units-per-la-giornata-nazionale-delle-universita","status":"publish","type":"tribe_events","link":"https:\/\/100anni.units.it\/index.php\/evento\/scopri-gli-eventi-units-per-la-giornata-nazionale-delle-universita\/","title":{"rendered":"&#8220;Universit\u00e0 Svelate&#8221;: la prima Giornata Nazionale delle Universit\u00e0"},"content":{"rendered":"<div  class=\"tribe-events-schedule tribe-clearfix\" >\n\t<h2 class=\"tribe-events-schedule__datetime\">\n\t\t<span class=\"tribe-events-schedule__date tribe-events-schedule__date--start\">\n\t\t\t20 Marzo 2024\t\t<\/span>\n\n\t\t\t\t\t<span class=\"tribe-events-schedule__all-day\">Giornata intera<\/span>\n\t\t\n\t\t\t<\/h2>\n<\/div>\n\n\n\n<div class=\"wp-block-columns is-layout-flex wp-container-core-columns-is-layout-9d6595d7 wp-block-columns-is-layout-flex\">\n<div class=\"wp-block-column is-layout-flow wp-block-column-is-layout-flow\">\n<p>Tutto ci\u00f2 che impariamo serve ad essere anche solo un po\u2019 pi\u00f9 felici? UniTS pensa di s\u00ec! Il 20 marzo si celebra la&nbsp;<strong>prima&nbsp;Giornata Nazionale delle Universit\u00e0<\/strong>&nbsp;che non a caso coincide con quella Internazionale della Felicit\u00e0.<\/p>\n\n\n\n<p>Il tema proposto da CRUI \u00e8&nbsp;<strong>\u201cUniversit\u00e0 svelate\u201d<\/strong>&nbsp;e noi siamo entusiasti di condividere, non solo con gli studenti, il nostro patrimonio scientifico e culturale.<\/p>\n\n\n\n<p>La Giornata ricade anche all\u2019interno della <strong>Settimana della Minerva<\/strong>, dedicata alla celebrazione del sapere e dell&#8217;istruzione. La Minerva \u00e8 il simbolo del nostro Ateneo: la statua stilizzata del Mascherini in Piazzale Europa accoglie ogni giorno la comunit\u00e0 UniTS.<\/p>\n\n\n\n<p><strong>Questi gli appuntamenti da non perdere:<\/strong><\/p>\n\n\n\n<p><strong>&#8211; <a href=\"https:\/\/100anni.units.it\/index.php\/evento\/lectio-magistralis-2024-powering-the-just-transition\/\" target=\"_blank\" rel=\"noreferrer noopener\">Lectio Magistralis di Daniel Kammen a \u201cPowering the Just Transition\u201d&nbsp;<\/a><\/strong><\/p>\n\n\n\n<p>Il 20 Marzo, Giornata nazionale delle Universit\u00e0, il Centro Interdipartimentale per l&#8217;Energia, l&#8217;Ambiente e i Trasporti &#8220;Giacomo Ciamician&#8221;, in collaborazione con il&nbsp;Collegio Universitario di Merito Luciano Fonda, organizza&nbsp;<em>Powering the Just Transition<\/em>.&nbsp;<\/p>\n\n\n\n<p>Ospite d\u2019accezione&nbsp;<strong>Daniel Kammen<\/strong>, docente dell&#8217;Universit\u00e0 di&nbsp;Berkeley<strong>&nbsp;<\/strong>e tra i principali esperti mondiali sul tema della transizione energetica. Durante la sua lectio magistralis descriver\u00e0 gli step di passaggio verso economie decarbonizzate. &nbsp;<\/p>\n\n\n\n<p>Nella sua carriera, Kammen ha pubblicato pi\u00f9 di 450 articoli scientifici ed \u00e8 stato consulente dello Stato della California, del governo federale degli Stati Uniti e ha guidato la commissione tecnica per le energie rinnovabili e l&#8217;efficienza energetica della Banca Mondiale.<\/p>\n\n\n\n<p><strong>&#8211; <\/strong><a href=\"https:\/\/100anni.units.it\/index.php\/home\/movieunits\/\" target=\"_blank\" rel=\"noreferrer noopener\"><strong>MOVIEUNITS&nbsp;<\/strong>&nbsp;<\/a><\/p>\n\n\n\n<p>Fino al 26 giugno 2024 sar\u00e0 aperta a tutti&nbsp;<strong>\u201cMOVIEUNITS\u201d<\/strong>, la&nbsp;<strong>rassegna cinematografica itinerante e gratuita<\/strong>&nbsp;che offre la visione di&nbsp;<strong>film in location diverse a Trieste<\/strong>, con due appuntamenti speciali&nbsp;<strong>anche a Gorizia e Portogruaro<\/strong>.<\/p>\n\n\n\n<p>Il 20 marzo, alle 20.30 all\u2019Auditorium del Museo Revoltella, \u00e8 in programma&nbsp;<a href=\"https:\/\/100anni.units.it\/index.php\/evento\/movieunits-lei\/\" target=\"_blank\" rel=\"noreferrer noopener\">\u201cLei\u201d di Spike Jonze<\/a>, in versione originale sottotitolata in italiano.&nbsp;<\/p>\n\n\n\n<p>Theodore (Joaquin Phoenix) \u00e8 un impiegato di una compagnia che attraverso internet scrive lettere personali per conto di altri, un lavoro grottesco che esegue con grande abilit\u00e0 e a tratti con passione. Tuttavia, da quando si \u00e8 lasciato con la ragazza che aveva sposato, non riesce a rifarsi una vita, pensa sempre a lei e si rifiuta di firmare le carte del divorzio. Quando una nuova generazione di sistemi operativi, animati da un\u2019intelligenza artificiale sorprendentemente \u201cumana\u201d, arriva sul mercato, Theodore comincia a sviluppare con essa, che si chiama Samantha (Scarlett Johansson), una relazione complessa oltre ogni immaginazione.<\/p>\n\n\n\n<p><strong>&#8211;<\/strong>&nbsp;<strong><a href=\"https:\/\/100anni.units.it\/index.php\/home\/1924-2024\/\" target=\"_blank\" rel=\"noreferrer noopener\">MOSTRA \u201c1924 \u2013 2024. Un secolo di storia dell\u2019Universit\u00e0 degli Studi di Trieste. Immagini e documenti\u201d<\/a><\/strong><\/p>\n\n\n\n<p>Allestita al&nbsp;<strong>Bastione Fiorito del Castello di San Giusto<\/strong>, l\u2019esposizione multi-documentale rievoca i momenti e i personaggi salienti del secolo universitario di Trieste. Aperto al pubblico fino al 1\u00ba settembre 2024, il percorso espositivo propone un<strong>&nbsp;<\/strong>racconto tra storia, architettura e arte e si sviluppa su quattro sezioni distinte: quella storica, architettonica, audiovisiva e artistica.<\/p>\n\n\n\n<p><strong>&#8211; <a href=\"https:\/\/100anni.units.it\/index.php\/evento\/giornate-fai-di-primavera-23-e-24-marzo-a-units\/\" target=\"_blank\" rel=\"noreferrer noopener\">Giornate FAI di Primavera<\/a><\/strong><\/p>\n\n\n\n<p><strong>Sabato 23 e domenica 24 marzo&nbsp;<\/strong>tornano le Giornate FAI di Primavera: la sede centrale UniTS \u00e8 nel programma di Trieste!<\/p>\n\n\n\n<p>La visita,&nbsp;a cura del Gruppo FAI Giovani di Trieste, non necessita di prenotazione e si snoder\u00e0&nbsp;negli spazi esterni e interni del caratteristico edificio a forma di \u201cH\u201d. Il percorso toccher\u00e0 la mostra&nbsp;\u201cI miei p\u00f9poli: Gaetano Kanizsa scienziato e artista\u201d, la Pinacoteca del Rettorato e le opere di #SBLAD&nbsp;<em>\u2013<\/em>&nbsp;Shine Bright Like A Diamond,<em>&nbsp;<\/em>il progetto che fotografa l\u2019attuale panorama artistico emergente e amplia il patrimonio di opere dell\u2019Universit\u00e0.<\/p>\n\n\n\n<p><strong>ORARI<\/strong>: sabato 23 e domenica 24 marzo dalle 10.00 alle 18.00 (ultimo turno alle 17.00). <br>Turni in partenza ogni 30 minuti. Durata totale della visita 1 ora circa.<\/p>\n\n\n\n<p class=\"has-neve-link-color-color has-text-color\">Tutti gli appuntamenti sono ad accesso libero<\/p>\n<\/div>\n\n\n\n<div class=\"wp-block-column is-vertically-aligned-top is-layout-flow wp-block-column-is-layout-flow\" style=\"flex-basis:30%\">\n<figure class=\"wp-block-image size-large\"><img loading=\"lazy\" decoding=\"async\" width=\"1024\" height=\"576\" src=\"https:\/\/100anni.units.it\/wp-content\/uploads\/2024\/03\/100UniTS_banner_UniversitaSvelate-1024x576.jpg\" alt=\"banner universit\u00e0 svelate\" class=\"wp-image-4601\" srcset=\"https:\/\/100anni.units.it\/wp-content\/uploads\/2024\/03\/100UniTS_banner_UniversitaSvelate-1024x576.jpg 1024w, https:\/\/100anni.units.it\/wp-content\/uploads\/2024\/03\/100UniTS_banner_UniversitaSvelate-300x169.jpg 300w, https:\/\/100anni.units.it\/wp-content\/uploads\/2024\/03\/100UniTS_banner_UniversitaSvelate-768x432.jpg 768w, https:\/\/100anni.units.it\/wp-content\/uploads\/2024\/03\/100UniTS_banner_UniversitaSvelate.jpg 1280w\" sizes=\"auto, (max-width: 1024px) 100vw, 1024px\" \/><\/figure>\n<\/div>\n<\/div>\n\n\n\n<div class=\"wp-block-columns are-vertically-aligned-center is-layout-flex wp-container-core-columns-is-layout-9d6595d7 wp-block-columns-is-layout-flex\">\n<div class=\"wp-block-column is-vertically-aligned-center is-layout-flow wp-block-column-is-layout-flow\"><div  class=\"tribe-block tribe-block__venue tribe-clearfix\" >\n\t\n\t\t\n\t<\/div>\n<\/div>\n\n\n\n<div class=\"wp-block-column is-vertically-aligned-center is-layout-flow wp-block-column-is-layout-flow\" style=\"flex-basis:30%\">\n<div class=\"wp-block-group is-vertical is-content-justification-center is-layout-flex wp-container-core-group-is-layout-0472769e wp-block-group-is-layout-flex\">\t<div  class=\"tribe-block tribe-block__events-link\" >\n\t\t<div class=\"tribe-events tribe-common\">\n\t\t\t<div class=\"tribe-events-c-subscribe-dropdown__container\">\n\t\t\t\t<div class=\"tribe-events-c-subscribe-dropdown\">\n\t\t\t\t\t<div class=\"tribe-common-c-btn-border tribe-events-c-subscribe-dropdown__button\" tabindex=\"0\">\n\t\t\t\t\t\t<svg  class=\"tribe-common-c-svgicon tribe-common-c-svgicon--cal-export tribe-events-c-subscribe-dropdown__export-icon\"  viewBox=\"0 0 23 17\" xmlns=\"http:\/\/www.w3.org\/2000\/svg\">\n  <path fill-rule=\"evenodd\" clip-rule=\"evenodd\" d=\"M.128.896V16.13c0 .211.145.383.323.383h15.354c.179 0 .323-.172.323-.383V.896c0-.212-.144-.383-.323-.383H.451C.273.513.128.684.128.896Zm16 6.742h-.901V4.679H1.009v10.729h14.218v-3.336h.901V7.638ZM1.01 1.614h14.218v2.058H1.009V1.614Z\" \/>\n  <path d=\"M20.5 9.846H8.312M18.524 6.953l2.89 2.909-2.855 2.855\" stroke-width=\"1.2\" stroke-linecap=\"round\" stroke-linejoin=\"round\"\/>\n<\/svg>\n\t\t\t\t\t\t<button class=\"tribe-events-c-subscribe-dropdown__button-text\">\n\t\t\t\t\t\t\tSalva nel tuo calendario\t\t\t\t\t\t<\/button>\n\t\t\t\t\t\t<svg  class=\"tribe-common-c-svgicon tribe-common-c-svgicon--caret-down tribe-events-c-subscribe-dropdown__button-icon\"  viewBox=\"0 0 10 7\" xmlns=\"http:\/\/www.w3.org\/2000\/svg\"><path fill-rule=\"evenodd\" clip-rule=\"evenodd\" d=\"M1.008.609L5 4.6 8.992.61l.958.958L5 6.517.05 1.566l.958-.958z\" class=\"tribe-common-c-svgicon__svg-fill\"\/><\/svg>\n\t\t\t\t\t<\/div>\n\t\t\t\t\t<div class=\"tribe-events-c-subscribe-dropdown__content\">\n\t\t\t\t\t\t<ul class=\"tribe-events-c-subscribe-dropdown__list\" tabindex=\"0\">\n\t\t\t\t\t\t\t\t\t\t\t\t\t\t\t<li class=\"tribe-events-c-subscribe-dropdown__list-item\">\n\t\t\t\t\t\t\t\t\t<a\n\t\t\t\t\t\t\t\t\t\thref=\"https:\/\/www.google.com\/calendar\/event?action=TEMPLATE&#038;dates=20240320T000000\/20240320T235900&#038;text=%26%238220%3BUniversit%C3%A0%20Svelate%26%238221%3B%3A%20la%20prima%20Giornata%20Nazionale%20delle%20Universit%C3%A0&#038;details=%3C%21--+wp%3Atribe%2Fevent-datetime+%2F--%3E%3C%21--+wp%3Acolumns+--%3E%3Cdiv+class%3D%22wp-block-columns%22%3E%3C%21--+wp%3Acolumn+%7B%22width%22%3A%22%22%7D+--%3E%3Cdiv+class%3D%22wp-block-column%22%3E%3C%21--+wp%3Aparagraph+--%3E%3Cp%3ETutto+ci%C3%B2+che+impariamo+serve+ad+essere+anche+solo+un+po%E2%80%99+pi%C3%B9+felici%3F+UniTS+pensa+di+s%C3%AC%21+Il+20+marzo+si+celebra+la%26nbsp%3B%3Cstrong%3Eprima%26nbsp%3BGiornata+Nazionale+delle+Universit%C3%A0%3C%2Fstrong%3E%26nbsp%3Bche+non+a+caso+coincide+con+quella+Internazionale+della+Felicit%C3%A0.%3C%2Fp%3E%3C%21--+%2Fwp%3Aparagraph+--%3E%3C%21--+wp%3Aparagraph+--%3E%3Cp%3EIl+tema+proposto+da+CRUI+%C3%A8%26nbsp%3B%3Cstrong%3E%E2%80%9CUniversit%C3%A0+svelate%E2%80%9D%3C%2Fstrong%3E%26nbsp%3Be+noi+siamo+entusiasti+di+condividere%2C+non+solo+con+gli+studenti%2C+il+nostro+patrimonio+scientifico+e+culturale.%3C%2Fp%3E%3C%21--+%2Fwp%3Aparagraph+--%3E%3C%21--+wp%3Aparagraph+--%3E%3Cp%3ELa+Giornata+ri%20(View%20Full%20evento%20Description%20Here:%20https:\/\/100anni.units.it\/index.php\/evento\/scopri-gli-eventi-units-per-la-giornata-nazionale-delle-universita\/)&#038;trp=false&#038;ctz=Europe\/Rome&#038;sprop=website:https:\/\/100anni.units.it\"\n\t\t\t\t\t\t\t\t\t\tclass=\"tribe-events-c-subscribe-dropdown__list-item-link\"\n\t\t\t\t\t\t\t\t\t\ttabindex=\"0\"\n\t\t\t\t\t\t\t\t\t\ttarget=\"_blank\"\n\t\t\t\t\t\t\t\t\t\trel=\"noopener noreferrer nofollow noindex\"\n\t\t\t\t\t\t\t\t\t>\n\t\t\t\t\t\t\t\t\t\tGoogle Calendar\t\t\t\t\t\t\t\t\t<\/a>\n\t\t\t\t\t\t\t\t<\/li>\n\t\t\t\t\t\t\t\t\t\t\t\t\t\t\t<li class=\"tribe-events-c-subscribe-dropdown__list-item\">\n\t\t\t\t\t\t\t\t\t<a\n\t\t\t\t\t\t\t\t\t\thref=\"\"\n\t\t\t\t\t\t\t\t\t\tclass=\"tribe-events-c-subscribe-dropdown__list-item-link\"\n\t\t\t\t\t\t\t\t\t\ttabindex=\"0\"\n\t\t\t\t\t\t\t\t\t\ttarget=\"_blank\"\n\t\t\t\t\t\t\t\t\t\trel=\"noopener noreferrer nofollow noindex\"\n\t\t\t\t\t\t\t\t\t>\n\t\t\t\t\t\t\t\t\t\tiCalendar\t\t\t\t\t\t\t\t\t<\/a>\n\t\t\t\t\t\t\t\t<\/li>\n\t\t\t\t\t\t\t\t\t\t\t\t\t\t\t<li class=\"tribe-events-c-subscribe-dropdown__list-item\">\n\t\t\t\t\t\t\t\t\t<a\n\t\t\t\t\t\t\t\t\t\thref=\"\"\n\t\t\t\t\t\t\t\t\t\tclass=\"tribe-events-c-subscribe-dropdown__list-item-link\"\n\t\t\t\t\t\t\t\t\t\ttabindex=\"0\"\n\t\t\t\t\t\t\t\t\t\ttarget=\"_blank\"\n\t\t\t\t\t\t\t\t\t\trel=\"noopener noreferrer nofollow noindex\"\n\t\t\t\t\t\t\t\t\t>\n\t\t\t\t\t\t\t\t\t\tOutlook 365\t\t\t\t\t\t\t\t\t<\/a>\n\t\t\t\t\t\t\t\t<\/li>\n\t\t\t\t\t\t\t\t\t\t\t\t\t\t\t<li class=\"tribe-events-c-subscribe-dropdown__list-item\">\n\t\t\t\t\t\t\t\t\t<a\n\t\t\t\t\t\t\t\t\t\thref=\"\"\n\t\t\t\t\t\t\t\t\t\tclass=\"tribe-events-c-subscribe-dropdown__list-item-link\"\n\t\t\t\t\t\t\t\t\t\ttabindex=\"0\"\n\t\t\t\t\t\t\t\t\t\ttarget=\"_blank\"\n\t\t\t\t\t\t\t\t\t\trel=\"noopener noreferrer nofollow noindex\"\n\t\t\t\t\t\t\t\t\t>\n\t\t\t\t\t\t\t\t\t\tOutlook Live\t\t\t\t\t\t\t\t\t<\/a>\n\t\t\t\t\t\t\t\t<\/li>\n\t\t\t\t\t\t\t\t\t\t\t\t\t<\/ul>\n\t\t\t\t\t<\/div>\n\t\t\t\t<\/div>\n\t\t\t<\/div>\n\t\t<\/div>\n\t<\/div>\n\n<\/div>\n<\/div>\n<\/div>\n\n\n\n<div style=\"height:100px\" aria-hidden=\"true\" class=\"wp-block-spacer\"><\/div>\n","protected":false},"excerpt":{"rendered":"<p>Tutto ci\u00f2 che impariamo serve ad essere anche solo un po\u2019 pi\u00f9 felici? UniTS pensa di s\u00ec! Il 20 marzo si celebra la\u00a0prima\u00a0Giornata Nazionale delle Universit\u00e0\u00a0che non a caso coincide con quella Internazionale della Felicit\u00e0. Tutti gli appuntamenti sono ad accesso libero<\/p>\n","protected":false},"author":1,"featured_media":4601,"comment_status":"closed","ping_status":"closed","template":"","meta":{"neve_meta_sidebar":"","neve_meta_container":"","neve_meta_enable_content_width":"","neve_meta_content_width":0,"neve_meta_title_alignment":"","neve_meta_author_avatar":"","neve_post_elements_order":"","neve_meta_disable_header":"","neve_meta_disable_footer":"","neve_meta_disable_title":"","_EventAllDay":true,"_EventTimezone":"Europe\/Rome","_EventStartDate":"2024-03-20 00:00:00","_EventEndDate":"2024-03-20 23:59:00","_EventStartDateUTC":"2024-03-19 23:00:00","_EventEndDateUTC":"2024-03-20 22:59:00","_EventShowMap":false,"_EventShowMapLink":false,"_EventURL":"","_EventCost":"","_EventCostDescription":"","_EventCurrencySymbol":"\u20ac","_EventCurrencyCode":"EUR","_EventCurrencyPosition":"prefix","_EventDateTimeSeparator":" ore ","_EventTimeRangeSeparator":" - ","_EventOrganizerID":[],"_EventVenueID":[],"_OrganizerEmail":"","_OrganizerPhone":"","_OrganizerWebsite":"","_VenueAddress":"","_VenueCity":"","_VenueCountry":"","_VenueProvince":"","_VenueState":"","_VenueZip":"","_VenuePhone":"","_VenueURL":"","_VenueStateProvince":"","_VenueLat":"","_VenueLng":"","_VenueShowMap":false,"_VenueShowMapLink":false,"_ti_tpc_template_sync":false,"_ti_tpc_template_id":"","_tribe_events_status":"","_tribe_events_status_reason":"","footnotes":""},"tags":[],"tribe_events_cat":[3],"class_list":["post-4496","tribe_events","type-tribe_events","status-publish","has-post-thumbnail","hentry","tribe_events_cat-ateneo","cat_ateneo"],"yoast_head":"<!-- This site is optimized with the Yoast SEO plugin v21.0 - https:\/\/yoast.com\/wordpress\/plugins\/seo\/ -->\n<title>&quot;Universit\u00e0 Svelate&quot;: la prima Giornata Nazionale delle Universit\u00e0 &ndash; #100UniTS<\/title>\n<meta name=\"description\" content=\"Tutto ci\u00f2 che impariamo serve ad essere anche solo un po\u2019 pi\u00f9 felici? UniTS pensa di s\u00ec! Il 20 marzo si celebra la\u00a0prima\u00a0Giornata Nazionale delle Universit\u00e0\u00a0che non a caso coincide con quella Internazionale della Felicit\u00e0. Tutti gli appuntamenti sono ad accesso libero\" \/>\n<meta name=\"robots\" content=\"index, follow, max-snippet:-1, max-image-preview:large, max-video-preview:-1\" \/>\n<link rel=\"canonical\" href=\"https:\/\/100anni.units.it\/index.php\/evento\/scopri-gli-eventi-units-per-la-giornata-nazionale-delle-universita\/\" \/>\n<meta property=\"og:locale\" content=\"it_IT\" \/>\n<meta property=\"og:type\" content=\"article\" \/>\n<meta property=\"og:title\" content=\"&quot;Universit\u00e0 Svelate&quot;: la prima Giornata Nazionale delle Universit\u00e0 &ndash; #100UniTS\" \/>\n<meta property=\"og:description\" content=\"Tutto ci\u00f2 che impariamo serve ad essere anche solo un po\u2019 pi\u00f9 felici? UniTS pensa di s\u00ec! Il 20 marzo si celebra la\u00a0prima\u00a0Giornata Nazionale delle Universit\u00e0\u00a0che non a caso coincide con quella Internazionale della Felicit\u00e0. Tutti gli appuntamenti sono ad accesso libero\" \/>\n<meta property=\"og:url\" content=\"https:\/\/100anni.units.it\/index.php\/evento\/scopri-gli-eventi-units-per-la-giornata-nazionale-delle-universita\/\" \/>\n<meta property=\"og:site_name\" content=\"#100UniTS\" \/>\n<meta property=\"article:publisher\" content=\"https:\/\/www.facebook.com\/universitatrieste\" \/>\n<meta property=\"article:modified_time\" content=\"2024-03-22T18:00:40+00:00\" \/>\n<meta property=\"og:image\" content=\"https:\/\/100anni.units.it\/wp-content\/uploads\/2024\/03\/100UniTS_banner_UniversitaSvelate.jpg\" \/>\n\t<meta property=\"og:image:width\" content=\"1280\" \/>\n\t<meta property=\"og:image:height\" content=\"720\" \/>\n\t<meta property=\"og:image:type\" content=\"image\/jpeg\" \/>\n<meta name=\"twitter:card\" content=\"summary_large_image\" \/>\n<meta name=\"twitter:site\" content=\"@UniTrieste\" \/>\n<meta name=\"twitter:label1\" content=\"Tempo di lettura stimato\" \/>\n\t<meta name=\"twitter:data1\" content=\"4 minuti\" \/>\n<script type=\"application\/ld+json\" class=\"yoast-schema-graph\">{\"@context\":\"https:\/\/schema.org\",\"@graph\":[{\"@type\":\"WebPage\",\"@id\":\"https:\/\/100anni.units.it\/index.php\/evento\/scopri-gli-eventi-units-per-la-giornata-nazionale-delle-universita\/\",\"url\":\"https:\/\/100anni.units.it\/index.php\/evento\/scopri-gli-eventi-units-per-la-giornata-nazionale-delle-universita\/\",\"name\":\"\\\"Universit\u00e0 Svelate\\\": la prima Giornata Nazionale delle Universit\u00e0 &ndash; #100UniTS\",\"isPartOf\":{\"@id\":\"https:\/\/100anni.units.it\/#website\"},\"datePublished\":\"2024-03-20T14:32:56+00:00\",\"dateModified\":\"2024-03-22T18:00:40+00:00\",\"description\":\"Tutto ci\u00f2 che impariamo serve ad essere anche solo un po\u2019 pi\u00f9 felici? UniTS pensa di s\u00ec! Il 20 marzo si celebra la\u00a0prima\u00a0Giornata Nazionale delle Universit\u00e0\u00a0che non a caso coincide con quella Internazionale della Felicit\u00e0. Tutti gli appuntamenti sono ad accesso libero\",\"breadcrumb\":{\"@id\":\"https:\/\/100anni.units.it\/index.php\/evento\/scopri-gli-eventi-units-per-la-giornata-nazionale-delle-universita\/#breadcrumb\"},\"inLanguage\":\"it-IT\",\"potentialAction\":[{\"@type\":\"ReadAction\",\"target\":[\"https:\/\/100anni.units.it\/index.php\/evento\/scopri-gli-eventi-units-per-la-giornata-nazionale-delle-universita\/\"]}]},{\"@type\":\"BreadcrumbList\",\"@id\":\"https:\/\/100anni.units.it\/index.php\/evento\/scopri-gli-eventi-units-per-la-giornata-nazionale-delle-universita\/#breadcrumb\",\"itemListElement\":[{\"@type\":\"ListItem\",\"position\":1,\"name\":\"Eventi\",\"item\":\"https:\/\/100anni.units.it\/index.php\/eventi\/\"},{\"@type\":\"ListItem\",\"position\":2,\"name\":\"&#8220;Universit\u00e0 Svelate&#8221;: la prima Giornata Nazionale delle Universit\u00e0\"}]},{\"@type\":\"WebSite\",\"@id\":\"https:\/\/100anni.units.it\/#website\",\"url\":\"https:\/\/100anni.units.it\/\",\"name\":\"#100UniTS\",\"description\":\"Ogni giorno, da cento anni, con noi puoi scoprire ci\u00f2 che sar\u00e0 realt\u00e0 nel futuro. Celebriamo insieme un secolo di ricerca, eccellenza, creativit\u00e0 e ingegno umano.\",\"publisher\":{\"@id\":\"https:\/\/100anni.units.it\/#organization\"},\"potentialAction\":[{\"@type\":\"SearchAction\",\"target\":{\"@type\":\"EntryPoint\",\"urlTemplate\":\"https:\/\/100anni.units.it\/?s={search_term_string}\"},\"query-input\":\"required name=search_term_string\"}],\"inLanguage\":\"it-IT\"},{\"@type\":\"Organization\",\"@id\":\"https:\/\/100anni.units.it\/#organization\",\"name\":\"Universit\u00e0 degli Studi di Trieste\",\"alternateName\":\"UniTS\",\"url\":\"https:\/\/100anni.units.it\/\",\"logo\":{\"@type\":\"ImageObject\",\"inLanguage\":\"it-IT\",\"@id\":\"https:\/\/100anni.units.it\/#\/schema\/logo\/image\/\",\"url\":\"https:\/\/100anni.units.it\/wp-content\/uploads\/2023\/08\/units_sigillo.png\",\"contentUrl\":\"https:\/\/100anni.units.it\/wp-content\/uploads\/2023\/08\/units_sigillo.png\",\"width\":696,\"height\":696,\"caption\":\"Universit\u00e0 degli Studi di Trieste\"},\"image\":{\"@id\":\"https:\/\/100anni.units.it\/#\/schema\/logo\/image\/\"},\"sameAs\":[\"https:\/\/www.facebook.com\/universitatrieste\",\"https:\/\/twitter.com\/UniTrieste\"]}]}<\/script>\n<!-- \/ Yoast SEO plugin. -->","yoast_head_json":{"title":"\"Universit\u00e0 Svelate\": la prima Giornata Nazionale delle Universit\u00e0 &ndash; #100UniTS","description":"Tutto ci\u00f2 che impariamo serve ad essere anche solo un po\u2019 pi\u00f9 felici? UniTS pensa di s\u00ec! Il 20 marzo si celebra la\u00a0prima\u00a0Giornata Nazionale delle Universit\u00e0\u00a0che non a caso coincide con quella Internazionale della Felicit\u00e0. Tutti gli appuntamenti sono ad accesso libero","robots":{"index":"index","follow":"follow","max-snippet":"max-snippet:-1","max-image-preview":"max-image-preview:large","max-video-preview":"max-video-preview:-1"},"canonical":"https:\/\/100anni.units.it\/index.php\/evento\/scopri-gli-eventi-units-per-la-giornata-nazionale-delle-universita\/","og_locale":"it_IT","og_type":"article","og_title":"\"Universit\u00e0 Svelate\": la prima Giornata Nazionale delle Universit\u00e0 &ndash; #100UniTS","og_description":"Tutto ci\u00f2 che impariamo serve ad essere anche solo un po\u2019 pi\u00f9 felici? UniTS pensa di s\u00ec! Il 20 marzo si celebra la\u00a0prima\u00a0Giornata Nazionale delle Universit\u00e0\u00a0che non a caso coincide con quella Internazionale della Felicit\u00e0. Tutti gli appuntamenti sono ad accesso libero","og_url":"https:\/\/100anni.units.it\/index.php\/evento\/scopri-gli-eventi-units-per-la-giornata-nazionale-delle-universita\/","og_site_name":"#100UniTS","article_publisher":"https:\/\/www.facebook.com\/universitatrieste","article_modified_time":"2024-03-22T18:00:40+00:00","og_image":[{"width":1280,"height":720,"url":"https:\/\/100anni.units.it\/wp-content\/uploads\/2024\/03\/100UniTS_banner_UniversitaSvelate.jpg","type":"image\/jpeg"}],"twitter_card":"summary_large_image","twitter_site":"@UniTrieste","twitter_misc":{"Tempo di lettura stimato":"4 minuti"},"schema":{"@context":"https:\/\/schema.org","@graph":[{"@type":"WebPage","@id":"https:\/\/100anni.units.it\/index.php\/evento\/scopri-gli-eventi-units-per-la-giornata-nazionale-delle-universita\/","url":"https:\/\/100anni.units.it\/index.php\/evento\/scopri-gli-eventi-units-per-la-giornata-nazionale-delle-universita\/","name":"\"Universit\u00e0 Svelate\": la prima Giornata Nazionale delle Universit\u00e0 &ndash; #100UniTS","isPartOf":{"@id":"https:\/\/100anni.units.it\/#website"},"datePublished":"2024-03-20T14:32:56+00:00","dateModified":"2024-03-22T18:00:40+00:00","description":"Tutto ci\u00f2 che impariamo serve ad essere anche solo un po\u2019 pi\u00f9 felici? UniTS pensa di s\u00ec! Il 20 marzo si celebra la\u00a0prima\u00a0Giornata Nazionale delle Universit\u00e0\u00a0che non a caso coincide con quella Internazionale della Felicit\u00e0. Tutti gli appuntamenti sono ad accesso libero","breadcrumb":{"@id":"https:\/\/100anni.units.it\/index.php\/evento\/scopri-gli-eventi-units-per-la-giornata-nazionale-delle-universita\/#breadcrumb"},"inLanguage":"it-IT","potentialAction":[{"@type":"ReadAction","target":["https:\/\/100anni.units.it\/index.php\/evento\/scopri-gli-eventi-units-per-la-giornata-nazionale-delle-universita\/"]}]},{"@type":"BreadcrumbList","@id":"https:\/\/100anni.units.it\/index.php\/evento\/scopri-gli-eventi-units-per-la-giornata-nazionale-delle-universita\/#breadcrumb","itemListElement":[{"@type":"ListItem","position":1,"name":"Eventi","item":"https:\/\/100anni.units.it\/index.php\/eventi\/"},{"@type":"ListItem","position":2,"name":"&#8220;Universit\u00e0 Svelate&#8221;: la prima Giornata Nazionale delle Universit\u00e0"}]},{"@type":"WebSite","@id":"https:\/\/100anni.units.it\/#website","url":"https:\/\/100anni.units.it\/","name":"#100UniTS","description":"Ogni giorno, da cento anni, con noi puoi scoprire ci\u00f2 che sar\u00e0 realt\u00e0 nel futuro. Celebriamo insieme un secolo di ricerca, eccellenza, creativit\u00e0 e ingegno umano.","publisher":{"@id":"https:\/\/100anni.units.it\/#organization"},"potentialAction":[{"@type":"SearchAction","target":{"@type":"EntryPoint","urlTemplate":"https:\/\/100anni.units.it\/?s={search_term_string}"},"query-input":"required name=search_term_string"}],"inLanguage":"it-IT"},{"@type":"Organization","@id":"https:\/\/100anni.units.it\/#organization","name":"Universit\u00e0 degli Studi di Trieste","alternateName":"UniTS","url":"https:\/\/100anni.units.it\/","logo":{"@type":"ImageObject","inLanguage":"it-IT","@id":"https:\/\/100anni.units.it\/#\/schema\/logo\/image\/","url":"https:\/\/100anni.units.it\/wp-content\/uploads\/2023\/08\/units_sigillo.png","contentUrl":"https:\/\/100anni.units.it\/wp-content\/uploads\/2023\/08\/units_sigillo.png","width":696,"height":696,"caption":"Universit\u00e0 degli Studi di Trieste"},"image":{"@id":"https:\/\/100anni.units.it\/#\/schema\/logo\/image\/"},"sameAs":["https:\/\/www.facebook.com\/universitatrieste","https:\/\/twitter.com\/UniTrieste"]}]}},"_links":{"self":[{"href":"https:\/\/100anni.units.it\/index.php\/wp-json\/wp\/v2\/tribe_events\/4496","targetHints":{"allow":["GET"]}}],"collection":[{"href":"https:\/\/100anni.units.it\/index.php\/wp-json\/wp\/v2\/tribe_events"}],"about":[{"href":"https:\/\/100anni.units.it\/index.php\/wp-json\/wp\/v2\/types\/tribe_events"}],"author":[{"embeddable":true,"href":"https:\/\/100anni.units.it\/index.php\/wp-json\/wp\/v2\/users\/1"}],"replies":[{"embeddable":true,"href":"https:\/\/100anni.units.it\/index.php\/wp-json\/wp\/v2\/comments?post=4496"}],"version-history":[{"count":11,"href":"https:\/\/100anni.units.it\/index.php\/wp-json\/wp\/v2\/tribe_events\/4496\/revisions"}],"predecessor-version":[{"id":4669,"href":"https:\/\/100anni.units.it\/index.php\/wp-json\/wp\/v2\/tribe_events\/4496\/revisions\/4669"}],"wp:featuredmedia":[{"embeddable":true,"href":"https:\/\/100anni.units.it\/index.php\/wp-json\/wp\/v2\/media\/4601"}],"wp:attachment":[{"href":"https:\/\/100anni.units.it\/index.php\/wp-json\/wp\/v2\/media?parent=4496"}],"wp:term":[{"taxonomy":"post_tag","embeddable":true,"href":"https:\/\/100anni.units.it\/index.php\/wp-json\/wp\/v2\/tags?post=4496"},{"taxonomy":"tribe_events_cat","embeddable":true,"href":"https:\/\/100anni.units.it\/index.php\/wp-json\/wp\/v2\/tribe_events_cat?post=4496"}],"curies":[{"name":"wp","href":"https:\/\/api.w.org\/{rel}","templated":true}]}}