{"id":4528,"date":"2024-03-19T12:15:56","date_gmt":"2024-03-19T11:15:56","guid":{"rendered":"https:\/\/100anni.units.it\/?post_type=tribe_events&#038;p=4528"},"modified":"2024-03-19T15:13:20","modified_gmt":"2024-03-19T14:13:20","slug":"convegno-trasformazioni-dellumano","status":"publish","type":"tribe_events","link":"https:\/\/100anni.units.it\/index.php\/evento\/convegno-trasformazioni-dellumano\/","title":{"rendered":"Convegno &#8220;Trasformazioni dell&#8217;umano&#8221;"},"content":{"rendered":"<div  class=\"tribe-events-schedule tribe-clearfix\" >\n\t<h2 class=\"tribe-events-schedule__datetime\">\n\t\t<span class=\"tribe-events-schedule__date tribe-events-schedule__date--start\">\n\t\t\t21 Marzo 2024\t\t<\/span>\n\n\t\t\t\t\t<span class=\"tribe-events-schedule__separator tribe-events-schedule__separator--date\">\n\t\t\t\t ore \t\t\t<\/span>\n\t\t\t<span class=\"tribe-events-schedule__time tribe-events-schedule__time--start\">\n\t\t\t\t14:00\t\t\t<\/span>\n\t\t\n\t\t\t\t\t\t\t\t\t<span class=\"tribe-events-schedule__separator tribe-events-schedule__separator--time\">\n\t\t\t\t\t &#8211; \t\t\t\t<\/span>\n\t\t\t\n\t\t\t\t\t\t\t<span class=\"tribe-events-schedule__time tribe-events-schedule__time--end\">\n\t\t\t\t\t19:15\t\t\t\t<\/span>\n\t\t\t\n\t\t\t\t\t\t<\/h2>\n<\/div>\n\n\n\n<div class=\"wp-block-columns is-layout-flex wp-container-core-columns-is-layout-9d6595d7 wp-block-columns-is-layout-flex\">\n<div class=\"wp-block-column is-layout-flow wp-block-column-is-layout-flow\">\n<p><strong>Gioved\u00ec 21 marzo 2024<\/strong>, alle\u00a0<strong>ore 14.00<\/strong>, presso la\u00a0<strong>Sala Atti A. Agnelli, in Androna Campo Marzio 10<\/strong>, a Trieste, avr\u00e0 luogo il convegno &#8220;<strong>TRASFORMAZIONI DELL&#8217;UMANO<\/strong>&#8220;, un progetto di ricerca del\u00a0<strong>Dipartimento di Studi Umanistici<\/strong>, tra risultati raggiunti, dialoghi aperti e nuove prospettive.<\/p>\n\n\n\n<p>In che senso gli studi umanistici si riferiscono alla dimensione dell\u2019umano? Come possiamo e dobbiamo ripensare oggi questa definizione in relazione alle alterit\u00e0 (gli animali non umani, il pianeta, l\u2019intelligenza artificiale, il post umano, per citarne solo alcune) cui l\u2019umano si oppone o con cui dialoga e interagisce? \u00c8&nbsp;a&nbsp;domande come queste che ha tentato di rispondere un ampio <strong>progetto interdisciplinare che il Dipartimento di Studi Umanistici ha promosso tra il 2019 e il 2023<\/strong>. Il convegno del 21 marzo presenta i risultati di tale progetto, cui hanno preso parte ricercatori e ricercatrici di tutte le aree disciplinari, per fare il punto su quanto \u00e8 stato realizzato e su quali piste le riflessioni comuni hanno aperto per le future ricerche del Dipartimento.<\/p>\n\n\n\n<p>Gli studi umanistici indagano le diverse modalit\u00e0 attraverso cui l\u2019umano si pu\u00f2 leggere, rappresentare, analizzare nel nostro presente attraverso un riferimento costante a ci\u00f2 che \u00e8 avvenuto nel passato. Ogni disciplina rivede e ripensa continuamente i propri paradigmi e le proprie metodologie di studio, ma ci\u00f2 che resta costante \u00e8 una domanda aperta su ci\u00f2 che gli studi umanistici di volta in volta intendono come umano e sulle sue trasformazioni.<\/p>\n\n\n\n<p>Indagare le trasformazioni dell\u2019umano significa, infatti, mettere in gioco le diverse prospettive che fondano le nostre ricerche e i nostri interessi, il modo in cui essi si articolano in discipline che si concentrano di volta in volta sui vari aspetti che contribuiscono a formare la complessit\u00e0 del nostro essere umani. Ci\u00f2 che gli esseri umani raccontano, rappresentano, dichiarano di s\u00e9, le pratiche e i gesti che costruiscono a formare la costellazione dell\u2019umano stesso non possono dipendere da definizioni univoche e fissate una volta per tutte, ma fanno parte di un movimento fatto di domande, ripensamenti e interrogazioni continue.<\/p>\n\n\n\n<p>Il convegno, organizzato dal&nbsp;<strong>Dipartimento di Studi Umanistici<\/strong>&nbsp;dell&#8217;Universit\u00e0 degli Studi Trieste, \u00e8 aperto al pubblico.&nbsp;<\/p>\n\n\n\n<p>Il programma completo del convegno \u00e8 reperibile nell&#8217;allegato sottostante.<\/p>\n\n\n\n<p class=\"has-neve-link-color-color has-text-color\">Evento aperto al pubblico<\/p>\n<\/div>\n\n\n\n<div class=\"wp-block-column is-vertically-aligned-top is-layout-flow wp-block-column-is-layout-flow\" style=\"flex-basis:30%\">\n<figure class=\"wp-block-image size-large\"><img loading=\"lazy\" decoding=\"async\" width=\"1024\" height=\"576\" src=\"https:\/\/100anni.units.it\/wp-content\/uploads\/2024\/03\/100UniTS_dettaglioprogramma_convegno_trasformazioni_dellumano-1024x576.jpg\" alt=\"dettaglio programma convegno trasformazioni dell'umano\" class=\"wp-image-4538\" srcset=\"https:\/\/100anni.units.it\/wp-content\/uploads\/2024\/03\/100UniTS_dettaglioprogramma_convegno_trasformazioni_dellumano-1024x576.jpg 1024w, https:\/\/100anni.units.it\/wp-content\/uploads\/2024\/03\/100UniTS_dettaglioprogramma_convegno_trasformazioni_dellumano-300x169.jpg 300w, https:\/\/100anni.units.it\/wp-content\/uploads\/2024\/03\/100UniTS_dettaglioprogramma_convegno_trasformazioni_dellumano-768x432.jpg 768w, https:\/\/100anni.units.it\/wp-content\/uploads\/2024\/03\/100UniTS_dettaglioprogramma_convegno_trasformazioni_dellumano-1536x864.jpg 1536w, https:\/\/100anni.units.it\/wp-content\/uploads\/2024\/03\/100UniTS_dettaglioprogramma_convegno_trasformazioni_dellumano-2048x1152.jpg 2048w\" sizes=\"auto, (max-width: 1024px) 100vw, 1024px\" \/><\/figure>\n<\/div>\n<\/div>\n\n\n\n<div class=\"wp-block-columns are-vertically-aligned-center is-layout-flex wp-container-core-columns-is-layout-9d6595d7 wp-block-columns-is-layout-flex\">\n<div class=\"wp-block-column is-vertically-aligned-center is-layout-flow wp-block-column-is-layout-flow\"><div  class=\"tribe-block tribe-block__venue tribe-clearfix\" >\n\t\n\t\n<div class=\"tribe-block__venue__meta\">\n\t<div class=\"tribe-block__venue__name\">\n\t\t<h3>Sala Atti A. Agnelli<\/h3>\n\t<\/div>\n\n\t\n\t\t\t<address class=\"tribe-block__venue__address\">\n\t\t\t<span class=\"tribe-address\">\n\n<span class=\"tribe-street-address\">Androna Campo Marzio, 10<\/span>\n\t\n\t\t<br>\n\t\t<span class=\"tribe-locality\">Trieste<\/span><span class=\"tribe-delimiter\">,<\/span>\n\n\t<abbr class=\"tribe-region tribe-events-abbr\" title=\"TS\">TS<\/abbr>\n\n\t<span class=\"tribe-postal-code\">34100<\/span>\n\n\t<span class=\"tribe-country-name\">Italia<\/span>\n\n<\/span>\n\n\t\t\t\t\t<\/address>\n\t\n\t\n\t\n\t<\/div>\n\t\n\t<\/div>\n<\/div>\n\n\n\n<div class=\"wp-block-column is-vertically-aligned-center is-layout-flow wp-block-column-is-layout-flow\" style=\"flex-basis:30%\">\n<div class=\"wp-block-group is-vertical is-content-justification-center is-layout-flex wp-container-core-group-is-layout-0472769e wp-block-group-is-layout-flex\">\t<div  class=\"tribe-block tribe-block__events-link\" >\n\t\t<div class=\"tribe-events tribe-common\">\n\t\t\t<div class=\"tribe-events-c-subscribe-dropdown__container\">\n\t\t\t\t<div class=\"tribe-events-c-subscribe-dropdown\">\n\t\t\t\t\t<div class=\"tribe-common-c-btn-border tribe-events-c-subscribe-dropdown__button\" tabindex=\"0\">\n\t\t\t\t\t\t<svg  class=\"tribe-common-c-svgicon tribe-common-c-svgicon--cal-export tribe-events-c-subscribe-dropdown__export-icon\"  viewBox=\"0 0 23 17\" xmlns=\"http:\/\/www.w3.org\/2000\/svg\">\n  <path fill-rule=\"evenodd\" clip-rule=\"evenodd\" d=\"M.128.896V16.13c0 .211.145.383.323.383h15.354c.179 0 .323-.172.323-.383V.896c0-.212-.144-.383-.323-.383H.451C.273.513.128.684.128.896Zm16 6.742h-.901V4.679H1.009v10.729h14.218v-3.336h.901V7.638ZM1.01 1.614h14.218v2.058H1.009V1.614Z\" \/>\n  <path d=\"M20.5 9.846H8.312M18.524 6.953l2.89 2.909-2.855 2.855\" stroke-width=\"1.2\" stroke-linecap=\"round\" stroke-linejoin=\"round\"\/>\n<\/svg>\n\t\t\t\t\t\t<button class=\"tribe-events-c-subscribe-dropdown__button-text\">\n\t\t\t\t\t\t\tSalva nel tuo calendario\t\t\t\t\t\t<\/button>\n\t\t\t\t\t\t<svg  class=\"tribe-common-c-svgicon tribe-common-c-svgicon--caret-down tribe-events-c-subscribe-dropdown__button-icon\"  viewBox=\"0 0 10 7\" xmlns=\"http:\/\/www.w3.org\/2000\/svg\"><path fill-rule=\"evenodd\" clip-rule=\"evenodd\" d=\"M1.008.609L5 4.6 8.992.61l.958.958L5 6.517.05 1.566l.958-.958z\" class=\"tribe-common-c-svgicon__svg-fill\"\/><\/svg>\n\t\t\t\t\t<\/div>\n\t\t\t\t\t<div class=\"tribe-events-c-subscribe-dropdown__content\">\n\t\t\t\t\t\t<ul class=\"tribe-events-c-subscribe-dropdown__list\" tabindex=\"0\">\n\t\t\t\t\t\t\t\t\t\t\t\t\t\t\t<li class=\"tribe-events-c-subscribe-dropdown__list-item\">\n\t\t\t\t\t\t\t\t\t<a\n\t\t\t\t\t\t\t\t\t\thref=\"https:\/\/www.google.com\/calendar\/event?action=TEMPLATE&#038;dates=20240321T140000\/20240321T191500&#038;text=Convegno%20%26%238220%3BTrasformazioni%20dell%26%238217%3Bumano%26%238221%3B&#038;details=%3C%21--+wp%3Atribe%2Fevent-datetime+%2F--%3E%3C%21--+wp%3Acolumns+--%3E%3Cdiv+class%3D%22wp-block-columns%22%3E%3C%21--+wp%3Acolumn+%7B%22width%22%3A%22%22%7D+--%3E%3Cdiv+class%3D%22wp-block-column%22%3E%3C%21--+wp%3Aparagraph+--%3E%3Cp%3E%3Cstrong%3EGioved%C3%AC+21+marzo+2024%3C%2Fstrong%3E%2C+alle%C2%A0%3Cstrong%3Eore+14.00%3C%2Fstrong%3E%2C+presso+la%C2%A0%3Cstrong%3ESala+Atti+A.+Agnelli%2C+in+Androna+Campo+Marzio+10%3C%2Fstrong%3E%2C+a+Trieste%2C+avr%C3%A0+luogo+il+convegno+%22%3Cstrong%3ETRASFORMAZIONI+DELL%27UMANO%3C%2Fstrong%3E%22%2C+un+progetto+di+ricerca+del%C2%A0%3Cstrong%3EDipartimento+di+Studi+Umanistici%3C%2Fstrong%3E%2C+tra+risultati+raggiunti%2C+dialoghi+aperti+e+nuove+prospettive.%3C%2Fp%3E%3C%21--+%2Fwp%3Aparagraph+--%3E%3C%21--+wp%3Aparagraph+--%3E%3Cp%3EIn+che+senso+gli+studi+umanistici+si+riferiscono+alla+dimensione+dell%E2%80%99umano%3F+Come+possiamo+e+dobbiamo+ripensare+oggi+questa+definizione+in+relazione+alle+alterit%C3%A0+%28gli+%20(View%20Full%20evento%20Description%20Here:%20https:\/\/100anni.units.it\/index.php\/evento\/convegno-trasformazioni-dellumano\/)&#038;location=Sala%20Atti%20A.%20Agnelli,%20Androna%20Campo%20Marzio,%2010,%20Trieste,%20TS,%2034100,%20Italia&#038;trp=false&#038;ctz=Europe\/Rome&#038;sprop=website:https:\/\/100anni.units.it\"\n\t\t\t\t\t\t\t\t\t\tclass=\"tribe-events-c-subscribe-dropdown__list-item-link\"\n\t\t\t\t\t\t\t\t\t\ttabindex=\"0\"\n\t\t\t\t\t\t\t\t\t\ttarget=\"_blank\"\n\t\t\t\t\t\t\t\t\t\trel=\"noopener noreferrer nofollow noindex\"\n\t\t\t\t\t\t\t\t\t>\n\t\t\t\t\t\t\t\t\t\tGoogle Calendar\t\t\t\t\t\t\t\t\t<\/a>\n\t\t\t\t\t\t\t\t<\/li>\n\t\t\t\t\t\t\t\t\t\t\t\t\t\t\t<li class=\"tribe-events-c-subscribe-dropdown__list-item\">\n\t\t\t\t\t\t\t\t\t<a\n\t\t\t\t\t\t\t\t\t\thref=\"\"\n\t\t\t\t\t\t\t\t\t\tclass=\"tribe-events-c-subscribe-dropdown__list-item-link\"\n\t\t\t\t\t\t\t\t\t\ttabindex=\"0\"\n\t\t\t\t\t\t\t\t\t\ttarget=\"_blank\"\n\t\t\t\t\t\t\t\t\t\trel=\"noopener noreferrer nofollow noindex\"\n\t\t\t\t\t\t\t\t\t>\n\t\t\t\t\t\t\t\t\t\tiCalendar\t\t\t\t\t\t\t\t\t<\/a>\n\t\t\t\t\t\t\t\t<\/li>\n\t\t\t\t\t\t\t\t\t\t\t\t\t\t\t<li class=\"tribe-events-c-subscribe-dropdown__list-item\">\n\t\t\t\t\t\t\t\t\t<a\n\t\t\t\t\t\t\t\t\t\thref=\"\"\n\t\t\t\t\t\t\t\t\t\tclass=\"tribe-events-c-subscribe-dropdown__list-item-link\"\n\t\t\t\t\t\t\t\t\t\ttabindex=\"0\"\n\t\t\t\t\t\t\t\t\t\ttarget=\"_blank\"\n\t\t\t\t\t\t\t\t\t\trel=\"noopener noreferrer nofollow noindex\"\n\t\t\t\t\t\t\t\t\t>\n\t\t\t\t\t\t\t\t\t\tOutlook 365\t\t\t\t\t\t\t\t\t<\/a>\n\t\t\t\t\t\t\t\t<\/li>\n\t\t\t\t\t\t\t\t\t\t\t\t\t\t\t<li class=\"tribe-events-c-subscribe-dropdown__list-item\">\n\t\t\t\t\t\t\t\t\t<a\n\t\t\t\t\t\t\t\t\t\thref=\"\"\n\t\t\t\t\t\t\t\t\t\tclass=\"tribe-events-c-subscribe-dropdown__list-item-link\"\n\t\t\t\t\t\t\t\t\t\ttabindex=\"0\"\n\t\t\t\t\t\t\t\t\t\ttarget=\"_blank\"\n\t\t\t\t\t\t\t\t\t\trel=\"noopener noreferrer nofollow noindex\"\n\t\t\t\t\t\t\t\t\t>\n\t\t\t\t\t\t\t\t\t\tOutlook Live\t\t\t\t\t\t\t\t\t<\/a>\n\t\t\t\t\t\t\t\t<\/li>\n\t\t\t\t\t\t\t\t\t\t\t\t\t<\/ul>\n\t\t\t\t\t<\/div>\n\t\t\t\t<\/div>\n\t\t\t<\/div>\n\t\t<\/div>\n\t<\/div>\n\n\n\n\n<div class=\"wp-block-buttons is-content-justification-center is-layout-flex wp-container-core-buttons-is-layout-16018d1d wp-block-buttons-is-layout-flex\">\n<div class=\"wp-block-button has-custom-width wp-block-button__width-100 is-style-primary\"><a class=\"wp-block-button__link wp-element-button\" href=\"https:\/\/100anni.units.it\/wp-content\/uploads\/2024\/03\/100UniTS_Programma_convegno_trasformazioni_dellumano.pdf\" target=\"_blank\" rel=\"noreferrer noopener\">scarica il programma<\/a><\/div>\n<\/div>\n<\/div>\n<\/div>\n<\/div>\n\n\n\n<div style=\"height:50px\" aria-hidden=\"true\" class=\"wp-block-spacer\"><\/div>\n\n\n\n<div style=\"height:100px\" aria-hidden=\"true\" class=\"wp-block-spacer\"><\/div>\n","protected":false},"excerpt":{"rendered":"<p>Gioved\u00ec 21 marzo, alle\u00a0ore 14, presso la\u00a0Sala Atti A. Agnelli, in Androna Campo Marzio 10, avr\u00e0 luogo il convegno &#8220;TRASFORMAZIONI DELL&#8217;UMANO&#8221;, un progetto di ricerca del\u00a0Dipartimento di Studi Umanistici. Evento aperto al pubblico<\/p>\n","protected":false},"author":1,"featured_media":4538,"comment_status":"closed","ping_status":"closed","template":"","meta":{"neve_meta_sidebar":"","neve_meta_container":"","neve_meta_enable_content_width":"","neve_meta_content_width":0,"neve_meta_title_alignment":"","neve_meta_author_avatar":"","neve_post_elements_order":"","neve_meta_disable_header":"","neve_meta_disable_footer":"","neve_meta_disable_title":"","_EventAllDay":false,"_EventTimezone":"Europe\/Rome","_EventStartDate":"2024-03-21 14:00:00","_EventEndDate":"2024-03-21 19:15:00","_EventStartDateUTC":"2024-03-21 13:00:00","_EventEndDateUTC":"2024-03-21 18:15:00","_EventShowMap":false,"_EventShowMapLink":false,"_EventURL":"","_EventCost":"","_EventCostDescription":"","_EventCurrencySymbol":"\u20ac","_EventCurrencyCode":"EUR","_EventCurrencyPosition":"prefix","_EventDateTimeSeparator":" ore ","_EventTimeRangeSeparator":" - ","_EventOrganizerID":[],"_EventVenueID":[4548],"_OrganizerEmail":"","_OrganizerPhone":"","_OrganizerWebsite":"","_VenueAddress":"","_VenueCity":"","_VenueCountry":"","_VenueProvince":"","_VenueState":"","_VenueZip":"","_VenuePhone":"","_VenueURL":"","_VenueStateProvince":"","_VenueLat":"","_VenueLng":"","_VenueShowMap":false,"_VenueShowMapLink":false,"_ti_tpc_template_sync":false,"_ti_tpc_template_id":"","_tribe_events_status":"","_tribe_events_status_reason":"","footnotes":""},"tags":[],"tribe_events_cat":[4],"class_list":["post-4528","tribe_events","type-tribe_events","status-publish","has-post-thumbnail","hentry","tribe_events_cat-dipartimento","cat_dipartimento"],"yoast_head":"<!-- This site is optimized with the Yoast SEO plugin v21.0 - https:\/\/yoast.com\/wordpress\/plugins\/seo\/ -->\n<title>Convegno &quot;Trasformazioni dell&#039;umano&quot; &ndash; #100UniTS<\/title>\n<meta name=\"description\" content=\"Gioved\u00ec 21 marzo, alle\u00a0ore 14, presso la\u00a0Sala Atti A. Agnelli, in Androna Campo Marzio 10, avr\u00e0 luogo il convegno &quot;TRASFORMAZIONI DELL&#039;UMANO&quot;, un progetto di ricerca del\u00a0Dipartimento di Studi Umanistici. Evento aperto al pubblico\" \/>\n<meta name=\"robots\" content=\"index, follow, max-snippet:-1, max-image-preview:large, max-video-preview:-1\" \/>\n<link rel=\"canonical\" href=\"https:\/\/100anni.units.it\/index.php\/evento\/convegno-trasformazioni-dellumano\/\" \/>\n<meta property=\"og:locale\" content=\"it_IT\" \/>\n<meta property=\"og:type\" content=\"article\" \/>\n<meta property=\"og:title\" content=\"Convegno &quot;Trasformazioni dell&#039;umano&quot; &ndash; #100UniTS\" \/>\n<meta property=\"og:description\" content=\"Gioved\u00ec 21 marzo, alle\u00a0ore 14, presso la\u00a0Sala Atti A. Agnelli, in Androna Campo Marzio 10, avr\u00e0 luogo il convegno &quot;TRASFORMAZIONI DELL&#039;UMANO&quot;, un progetto di ricerca del\u00a0Dipartimento di Studi Umanistici. Evento aperto al pubblico\" \/>\n<meta property=\"og:url\" content=\"https:\/\/100anni.units.it\/index.php\/evento\/convegno-trasformazioni-dellumano\/\" \/>\n<meta property=\"og:site_name\" content=\"#100UniTS\" \/>\n<meta property=\"article:publisher\" content=\"https:\/\/www.facebook.com\/universitatrieste\" \/>\n<meta property=\"article:modified_time\" content=\"2024-03-19T14:13:20+00:00\" \/>\n<meta property=\"og:image\" content=\"https:\/\/100anni.units.it\/wp-content\/uploads\/2024\/03\/100UniTS_dettaglioprogramma_convegno_trasformazioni_dellumano.jpg\" \/>\n\t<meta property=\"og:image:width\" content=\"2480\" \/>\n\t<meta property=\"og:image:height\" content=\"1395\" \/>\n\t<meta property=\"og:image:type\" content=\"image\/jpeg\" \/>\n<meta name=\"twitter:card\" content=\"summary_large_image\" \/>\n<meta name=\"twitter:site\" content=\"@UniTrieste\" \/>\n<meta name=\"twitter:label1\" content=\"Tempo di lettura stimato\" \/>\n\t<meta name=\"twitter:data1\" content=\"3 minuti\" \/>\n<script type=\"application\/ld+json\" class=\"yoast-schema-graph\">{\"@context\":\"https:\/\/schema.org\",\"@graph\":[{\"@type\":\"WebPage\",\"@id\":\"https:\/\/100anni.units.it\/index.php\/evento\/convegno-trasformazioni-dellumano\/\",\"url\":\"https:\/\/100anni.units.it\/index.php\/evento\/convegno-trasformazioni-dellumano\/\",\"name\":\"Convegno \\\"Trasformazioni dell'umano\\\" &ndash; #100UniTS\",\"isPartOf\":{\"@id\":\"https:\/\/100anni.units.it\/#website\"},\"datePublished\":\"2024-03-19T11:15:56+00:00\",\"dateModified\":\"2024-03-19T14:13:20+00:00\",\"description\":\"Gioved\u00ec 21 marzo, alle\u00a0ore 14, presso la\u00a0Sala Atti A. Agnelli, in Androna Campo Marzio 10, avr\u00e0 luogo il convegno \\\"TRASFORMAZIONI DELL'UMANO\\\", un progetto di ricerca del\u00a0Dipartimento di Studi Umanistici. Evento aperto al pubblico\",\"breadcrumb\":{\"@id\":\"https:\/\/100anni.units.it\/index.php\/evento\/convegno-trasformazioni-dellumano\/#breadcrumb\"},\"inLanguage\":\"it-IT\",\"potentialAction\":[{\"@type\":\"ReadAction\",\"target\":[\"https:\/\/100anni.units.it\/index.php\/evento\/convegno-trasformazioni-dellumano\/\"]}]},{\"@type\":\"BreadcrumbList\",\"@id\":\"https:\/\/100anni.units.it\/index.php\/evento\/convegno-trasformazioni-dellumano\/#breadcrumb\",\"itemListElement\":[{\"@type\":\"ListItem\",\"position\":1,\"name\":\"Eventi\",\"item\":\"https:\/\/100anni.units.it\/index.php\/eventi\/\"},{\"@type\":\"ListItem\",\"position\":2,\"name\":\"Convegno &#8220;Trasformazioni dell&#8217;umano&#8221;\"}]},{\"@type\":\"WebSite\",\"@id\":\"https:\/\/100anni.units.it\/#website\",\"url\":\"https:\/\/100anni.units.it\/\",\"name\":\"#100UniTS\",\"description\":\"Ogni giorno, da cento anni, con noi puoi scoprire ci\u00f2 che sar\u00e0 realt\u00e0 nel futuro. Celebriamo insieme un secolo di ricerca, eccellenza, creativit\u00e0 e ingegno umano.\",\"publisher\":{\"@id\":\"https:\/\/100anni.units.it\/#organization\"},\"potentialAction\":[{\"@type\":\"SearchAction\",\"target\":{\"@type\":\"EntryPoint\",\"urlTemplate\":\"https:\/\/100anni.units.it\/?s={search_term_string}\"},\"query-input\":\"required name=search_term_string\"}],\"inLanguage\":\"it-IT\"},{\"@type\":\"Organization\",\"@id\":\"https:\/\/100anni.units.it\/#organization\",\"name\":\"Universit\u00e0 degli Studi di Trieste\",\"alternateName\":\"UniTS\",\"url\":\"https:\/\/100anni.units.it\/\",\"logo\":{\"@type\":\"ImageObject\",\"inLanguage\":\"it-IT\",\"@id\":\"https:\/\/100anni.units.it\/#\/schema\/logo\/image\/\",\"url\":\"https:\/\/100anni.units.it\/wp-content\/uploads\/2023\/08\/units_sigillo.png\",\"contentUrl\":\"https:\/\/100anni.units.it\/wp-content\/uploads\/2023\/08\/units_sigillo.png\",\"width\":696,\"height\":696,\"caption\":\"Universit\u00e0 degli Studi di Trieste\"},\"image\":{\"@id\":\"https:\/\/100anni.units.it\/#\/schema\/logo\/image\/\"},\"sameAs\":[\"https:\/\/www.facebook.com\/universitatrieste\",\"https:\/\/twitter.com\/UniTrieste\"]}]}<\/script>\n<!-- \/ Yoast SEO plugin. -->","yoast_head_json":{"title":"Convegno \"Trasformazioni dell'umano\" &ndash; #100UniTS","description":"Gioved\u00ec 21 marzo, alle\u00a0ore 14, presso la\u00a0Sala Atti A. Agnelli, in Androna Campo Marzio 10, avr\u00e0 luogo il convegno \"TRASFORMAZIONI DELL'UMANO\", un progetto di ricerca del\u00a0Dipartimento di Studi Umanistici. Evento aperto al pubblico","robots":{"index":"index","follow":"follow","max-snippet":"max-snippet:-1","max-image-preview":"max-image-preview:large","max-video-preview":"max-video-preview:-1"},"canonical":"https:\/\/100anni.units.it\/index.php\/evento\/convegno-trasformazioni-dellumano\/","og_locale":"it_IT","og_type":"article","og_title":"Convegno \"Trasformazioni dell'umano\" &ndash; #100UniTS","og_description":"Gioved\u00ec 21 marzo, alle\u00a0ore 14, presso la\u00a0Sala Atti A. Agnelli, in Androna Campo Marzio 10, avr\u00e0 luogo il convegno \"TRASFORMAZIONI DELL'UMANO\", un progetto di ricerca del\u00a0Dipartimento di Studi Umanistici. Evento aperto al pubblico","og_url":"https:\/\/100anni.units.it\/index.php\/evento\/convegno-trasformazioni-dellumano\/","og_site_name":"#100UniTS","article_publisher":"https:\/\/www.facebook.com\/universitatrieste","article_modified_time":"2024-03-19T14:13:20+00:00","og_image":[{"width":2480,"height":1395,"url":"https:\/\/100anni.units.it\/wp-content\/uploads\/2024\/03\/100UniTS_dettaglioprogramma_convegno_trasformazioni_dellumano.jpg","type":"image\/jpeg"}],"twitter_card":"summary_large_image","twitter_site":"@UniTrieste","twitter_misc":{"Tempo di lettura stimato":"3 minuti"},"schema":{"@context":"https:\/\/schema.org","@graph":[{"@type":"WebPage","@id":"https:\/\/100anni.units.it\/index.php\/evento\/convegno-trasformazioni-dellumano\/","url":"https:\/\/100anni.units.it\/index.php\/evento\/convegno-trasformazioni-dellumano\/","name":"Convegno \"Trasformazioni dell'umano\" &ndash; #100UniTS","isPartOf":{"@id":"https:\/\/100anni.units.it\/#website"},"datePublished":"2024-03-19T11:15:56+00:00","dateModified":"2024-03-19T14:13:20+00:00","description":"Gioved\u00ec 21 marzo, alle\u00a0ore 14, presso la\u00a0Sala Atti A. Agnelli, in Androna Campo Marzio 10, avr\u00e0 luogo il convegno \"TRASFORMAZIONI DELL'UMANO\", un progetto di ricerca del\u00a0Dipartimento di Studi Umanistici. Evento aperto al pubblico","breadcrumb":{"@id":"https:\/\/100anni.units.it\/index.php\/evento\/convegno-trasformazioni-dellumano\/#breadcrumb"},"inLanguage":"it-IT","potentialAction":[{"@type":"ReadAction","target":["https:\/\/100anni.units.it\/index.php\/evento\/convegno-trasformazioni-dellumano\/"]}]},{"@type":"BreadcrumbList","@id":"https:\/\/100anni.units.it\/index.php\/evento\/convegno-trasformazioni-dellumano\/#breadcrumb","itemListElement":[{"@type":"ListItem","position":1,"name":"Eventi","item":"https:\/\/100anni.units.it\/index.php\/eventi\/"},{"@type":"ListItem","position":2,"name":"Convegno &#8220;Trasformazioni dell&#8217;umano&#8221;"}]},{"@type":"WebSite","@id":"https:\/\/100anni.units.it\/#website","url":"https:\/\/100anni.units.it\/","name":"#100UniTS","description":"Ogni giorno, da cento anni, con noi puoi scoprire ci\u00f2 che sar\u00e0 realt\u00e0 nel futuro. Celebriamo insieme un secolo di ricerca, eccellenza, creativit\u00e0 e ingegno umano.","publisher":{"@id":"https:\/\/100anni.units.it\/#organization"},"potentialAction":[{"@type":"SearchAction","target":{"@type":"EntryPoint","urlTemplate":"https:\/\/100anni.units.it\/?s={search_term_string}"},"query-input":"required name=search_term_string"}],"inLanguage":"it-IT"},{"@type":"Organization","@id":"https:\/\/100anni.units.it\/#organization","name":"Universit\u00e0 degli Studi di Trieste","alternateName":"UniTS","url":"https:\/\/100anni.units.it\/","logo":{"@type":"ImageObject","inLanguage":"it-IT","@id":"https:\/\/100anni.units.it\/#\/schema\/logo\/image\/","url":"https:\/\/100anni.units.it\/wp-content\/uploads\/2023\/08\/units_sigillo.png","contentUrl":"https:\/\/100anni.units.it\/wp-content\/uploads\/2023\/08\/units_sigillo.png","width":696,"height":696,"caption":"Universit\u00e0 degli Studi di Trieste"},"image":{"@id":"https:\/\/100anni.units.it\/#\/schema\/logo\/image\/"},"sameAs":["https:\/\/www.facebook.com\/universitatrieste","https:\/\/twitter.com\/UniTrieste"]}]}},"_links":{"self":[{"href":"https:\/\/100anni.units.it\/index.php\/wp-json\/wp\/v2\/tribe_events\/4528","targetHints":{"allow":["GET"]}}],"collection":[{"href":"https:\/\/100anni.units.it\/index.php\/wp-json\/wp\/v2\/tribe_events"}],"about":[{"href":"https:\/\/100anni.units.it\/index.php\/wp-json\/wp\/v2\/types\/tribe_events"}],"author":[{"embeddable":true,"href":"https:\/\/100anni.units.it\/index.php\/wp-json\/wp\/v2\/users\/1"}],"replies":[{"embeddable":true,"href":"https:\/\/100anni.units.it\/index.php\/wp-json\/wp\/v2\/comments?post=4528"}],"version-history":[{"count":14,"href":"https:\/\/100anni.units.it\/index.php\/wp-json\/wp\/v2\/tribe_events\/4528\/revisions"}],"predecessor-version":[{"id":4568,"href":"https:\/\/100anni.units.it\/index.php\/wp-json\/wp\/v2\/tribe_events\/4528\/revisions\/4568"}],"wp:featuredmedia":[{"embeddable":true,"href":"https:\/\/100anni.units.it\/index.php\/wp-json\/wp\/v2\/media\/4538"}],"wp:attachment":[{"href":"https:\/\/100anni.units.it\/index.php\/wp-json\/wp\/v2\/media?parent=4528"}],"wp:term":[{"taxonomy":"post_tag","embeddable":true,"href":"https:\/\/100anni.units.it\/index.php\/wp-json\/wp\/v2\/tags?post=4528"},{"taxonomy":"tribe_events_cat","embeddable":true,"href":"https:\/\/100anni.units.it\/index.php\/wp-json\/wp\/v2\/tribe_events_cat?post=4528"}],"curies":[{"name":"wp","href":"https:\/\/api.w.org\/{rel}","templated":true}]}}