{"id":4773,"date":"2024-04-09T15:33:39","date_gmt":"2024-04-09T13:33:39","guid":{"rendered":"https:\/\/100anni.units.it\/?post_type=tribe_events&#038;p=4773"},"modified":"2024-04-09T17:44:10","modified_gmt":"2024-04-09T15:44:10","slug":"laurea-magistrale-honoris-causa-in-giurisprudenza-al-presidente-della-repubblica-italiana-sergio-mattarella-e-a-borut-pahor","status":"publish","type":"tribe_events","link":"https:\/\/100anni.units.it\/index.php\/evento\/laurea-magistrale-honoris-causa-in-giurisprudenza-al-presidente-della-repubblica-italiana-sergio-mattarella-e-a-borut-pahor\/","title":{"rendered":"Laurea Magistrale Honoris Causa in Giurisprudenza al Presidente della Repubblica Italiana Sergio Mattarella e a Borut Pahor"},"content":{"rendered":"<div  class=\"tribe-events-schedule tribe-clearfix\" >\n\t<h2 class=\"tribe-events-schedule__datetime\">\n\t\t<span class=\"tribe-events-schedule__date tribe-events-schedule__date--start\">\n\t\t\t12 Aprile 2024\t\t<\/span>\n\n\t\t\t\t\t<span class=\"tribe-events-schedule__separator tribe-events-schedule__separator--date\">\n\t\t\t\t ore \t\t\t<\/span>\n\t\t\t<span class=\"tribe-events-schedule__time tribe-events-schedule__time--start\">\n\t\t\t\t11:00\t\t\t<\/span>\n\t\t\n\t\t\t\t\t\t\t\t\t<span class=\"tribe-events-schedule__separator tribe-events-schedule__separator--time\">\n\t\t\t\t\t &#8211; \t\t\t\t<\/span>\n\t\t\t\n\t\t\t\t\t\t\t<span class=\"tribe-events-schedule__time tribe-events-schedule__time--end\">\n\t\t\t\t\t12:30\t\t\t\t<\/span>\n\t\t\t\n\t\t\t\t\t\t<\/h2>\n<\/div>\n\n\n\n<div class=\"wp-block-columns is-layout-flex wp-container-core-columns-is-layout-9d6595d7 wp-block-columns-is-layout-flex\">\n<div class=\"wp-block-column is-layout-flow wp-block-column-is-layout-flow\">\n<p>L&#8217;Universit\u00e0 degli Studi di Trieste conferir\u00e0 la&nbsp;<strong>Laurea Magistrale&nbsp;<\/strong><em><strong>ad honorem<\/strong><\/em><strong>&nbsp;in Giurisprudenza<\/strong>&nbsp;a&nbsp;<strong>Sergio Mattarella,&nbsp;<\/strong>Presidente della Repubblica Italiana, e a&nbsp;<strong>Borut Pahor,&nbsp;<\/strong>gi\u00e0 Presidente della Repubblica di Slovenia.<\/p>\n\n\n\n<p>La cerimonia si svolger\u00e0&nbsp;<strong>venerd\u00ec 12 aprile,&nbsp;<\/strong>alle&nbsp;<strong>ore 11.00,<\/strong>&nbsp;nell&#8217;<strong>Aula<\/strong>&nbsp;<strong>Magna<\/strong>&nbsp;<strong>dell&#8217;edificio A&nbsp;<\/strong>(Campus di Piazzale Europa). L&#8217;evento sar\u00e0 trasmesso in&nbsp;<strong>diretta streaming<\/strong>&nbsp;sul&nbsp;<a href=\"https:\/\/customer45849.musvc2.net\/e\/tr?q=4%3dAaUUF%26H%3dO%26E%3d8XNV%26v%3dWUa9XS%26L%3doPGGz_NntW_YX_IXym_SM_NntW_XcN4S.LF2PH3l.9BD_ywpq_9l_ErZv_QabJ6MlNF01716nH6t1Q10kEqIpAFKl%260%3d0LzRzS.uAG%260z%3dYVSA%26PF%3dSGXQaAfRRBYNVF%26D%3dV28aQUBXOahbSUEdSYiARXAbS3Fa1WhX3alc3Rl0y2i0VajBTXjcz2BAyV2h7xA7UVh8&amp;mupckp=mupAtu4m8OiX0wt\" target=\"_blank\" rel=\"noreferrer noopener\">canale YouTube di Ateneo<\/a>.<\/p>\n\n\n\n<p><strong>Per l\u2019occasione,<\/strong> grazie alla collaborazione di&nbsp;<strong>Trieste Trasporti<\/strong>&nbsp;e della&nbsp;<strong>Regione Autonoma Friuli Venezia Giulia<\/strong>, \u00e8 previsto un significativo potenziamento del trasporto urbano da e per Piazzale Europa che render\u00e0&nbsp;<strong>pi\u00f9 frequente il passaggio degli autobus della linea n. 17\/<\/strong>.<\/p>\n\n\n\n<p><strong>Gioved\u00ec 11 aprile<\/strong>&nbsp;<br>Interdetti l\u2019accesso e il parcheggio dei veicoli ai&nbsp;<strong>varchi 2 &#8211; 3 &#8211; 4 &#8211; 5.<\/strong>&nbsp;<br>Non sar\u00e0 possibile parcheggiare lungo tutto il tratto dal varco 5 fino alla fermata del bus \u201cvia Fabio Severo \u2013 Universit\u00e0\u201d.<\/p>\n\n\n\n<p><strong>Venerd\u00ec 12 aprile<\/strong>&nbsp;<br>Interdetti l\u2019accesso e il parcheggio dei veicoli ai&nbsp;<strong>varchi 2 &#8211; 3 &#8211; 4 &#8211; 5 &#8211; 6 &#8211; 7.<\/strong><br>Non sar\u00e0 possibile parcheggiare lungo tutto il tratto dal varco 5 fino alla fermata del bus \u201cvia Fabio Severo \u2013 Universit\u00e0\u201d.<br><br><a href=\"https:\/\/portale.units.it\/sites\/default\/files\/2024-04\/mappa_varchi.png\">Per maggiore chiarezza \u00e8 possibile consultare la mappa<\/a>.&nbsp;<\/p>\n<\/div>\n\n\n\n<div class=\"wp-block-column is-vertically-aligned-top is-layout-flow wp-block-column-is-layout-flow\" style=\"flex-basis:30%\"><div class=\"wp-block-image\">\n<figure class=\"alignleft size-large\"><img loading=\"lazy\" decoding=\"async\" width=\"1024\" height=\"688\" src=\"https:\/\/100anni.units.it\/wp-content\/uploads\/2024\/04\/100UniTS_LaureaHC_Mattarella_Pahor-1024x688.jpg\" alt=\"Foto Mattarella e Pahor LHC\" class=\"wp-image-4784\" srcset=\"https:\/\/100anni.units.it\/wp-content\/uploads\/2024\/04\/100UniTS_LaureaHC_Mattarella_Pahor-1024x688.jpg 1024w, https:\/\/100anni.units.it\/wp-content\/uploads\/2024\/04\/100UniTS_LaureaHC_Mattarella_Pahor-300x202.jpg 300w, https:\/\/100anni.units.it\/wp-content\/uploads\/2024\/04\/100UniTS_LaureaHC_Mattarella_Pahor-768x516.jpg 768w, https:\/\/100anni.units.it\/wp-content\/uploads\/2024\/04\/100UniTS_LaureaHC_Mattarella_Pahor-1536x1032.jpg 1536w, https:\/\/100anni.units.it\/wp-content\/uploads\/2024\/04\/100UniTS_LaureaHC_Mattarella_Pahor-2048x1376.jpg 2048w\" sizes=\"auto, (max-width: 1024px) 100vw, 1024px\" \/><figcaption class=\"wp-element-caption\">Trieste &#8211; Il Presidente della Repubblica Sergio Mattarella e il gi\u00e0 Presidente della Repubblica di Slovenia Borut Pahor in occasione della deposizione di una corona di fiori presso la lastra di ferro che copre l\u2019ingresso della foiba di Basovizza il13 luglio 2020.<br>(Foto di Paolo Giandotti &#8211; Ufficio per la Stampa e la Comunicazione della Presidenza della Repubblica)<\/figcaption><\/figure>\n<\/div><\/div>\n<\/div>\n\n\n\n<div class=\"wp-block-columns are-vertically-aligned-center is-layout-flex wp-container-core-columns-is-layout-9d6595d7 wp-block-columns-is-layout-flex\">\n<div class=\"wp-block-column is-vertically-aligned-center is-layout-flow wp-block-column-is-layout-flow\"><div  class=\"tribe-block tribe-block__venue tribe-clearfix\" >\n\t\n\t\n<div class=\"tribe-block__venue__meta\">\n\t<div class=\"tribe-block__venue__name\">\n\t\t<h3>Aula Magna, ed. A<\/h3>\n\t<\/div>\n\n\t\n\t\t\t<address class=\"tribe-block__venue__address\">\n\t\t\t<span class=\"tribe-address\">\n\n<span class=\"tribe-street-address\">Piazzale Europa, 1<\/span>\n\t\n\t\t<br>\n\t\t<span class=\"tribe-locality\">Trieste<\/span><span class=\"tribe-delimiter\">,<\/span>\n\n\t<abbr class=\"tribe-region tribe-events-abbr\" title=\"TS\">TS<\/abbr>\n\n\t<span class=\"tribe-postal-code\">34100<\/span>\n\n\t<span class=\"tribe-country-name\">Italia<\/span>\n\n<\/span>\n\n\t\t\t\t\t<\/address>\n\t\n\t\n\t\n\t<\/div>\n\t\n\t<\/div>\n<\/div>\n\n\n\n<div class=\"wp-block-column is-vertically-aligned-center is-layout-flow wp-block-column-is-layout-flow\" style=\"flex-basis:30%\">\n<div class=\"wp-block-group is-vertical is-content-justification-center is-layout-flex wp-container-core-group-is-layout-0472769e wp-block-group-is-layout-flex\">\t<div  class=\"tribe-block tribe-block__events-link\" >\n\t\t<div class=\"tribe-events tribe-common\">\n\t\t\t<div class=\"tribe-events-c-subscribe-dropdown__container\">\n\t\t\t\t<div class=\"tribe-events-c-subscribe-dropdown\">\n\t\t\t\t\t<div class=\"tribe-common-c-btn-border tribe-events-c-subscribe-dropdown__button\" tabindex=\"0\">\n\t\t\t\t\t\t<svg  class=\"tribe-common-c-svgicon tribe-common-c-svgicon--cal-export tribe-events-c-subscribe-dropdown__export-icon\"  viewBox=\"0 0 23 17\" xmlns=\"http:\/\/www.w3.org\/2000\/svg\">\n  <path fill-rule=\"evenodd\" clip-rule=\"evenodd\" d=\"M.128.896V16.13c0 .211.145.383.323.383h15.354c.179 0 .323-.172.323-.383V.896c0-.212-.144-.383-.323-.383H.451C.273.513.128.684.128.896Zm16 6.742h-.901V4.679H1.009v10.729h14.218v-3.336h.901V7.638ZM1.01 1.614h14.218v2.058H1.009V1.614Z\" \/>\n  <path d=\"M20.5 9.846H8.312M18.524 6.953l2.89 2.909-2.855 2.855\" stroke-width=\"1.2\" stroke-linecap=\"round\" stroke-linejoin=\"round\"\/>\n<\/svg>\n\t\t\t\t\t\t<button class=\"tribe-events-c-subscribe-dropdown__button-text\">\n\t\t\t\t\t\t\tSalva nel tuo calendario\t\t\t\t\t\t<\/button>\n\t\t\t\t\t\t<svg  class=\"tribe-common-c-svgicon tribe-common-c-svgicon--caret-down tribe-events-c-subscribe-dropdown__button-icon\"  viewBox=\"0 0 10 7\" xmlns=\"http:\/\/www.w3.org\/2000\/svg\"><path fill-rule=\"evenodd\" clip-rule=\"evenodd\" d=\"M1.008.609L5 4.6 8.992.61l.958.958L5 6.517.05 1.566l.958-.958z\" class=\"tribe-common-c-svgicon__svg-fill\"\/><\/svg>\n\t\t\t\t\t<\/div>\n\t\t\t\t\t<div class=\"tribe-events-c-subscribe-dropdown__content\">\n\t\t\t\t\t\t<ul class=\"tribe-events-c-subscribe-dropdown__list\" tabindex=\"0\">\n\t\t\t\t\t\t\t\t\t\t\t\t\t\t\t<li class=\"tribe-events-c-subscribe-dropdown__list-item\">\n\t\t\t\t\t\t\t\t\t<a\n\t\t\t\t\t\t\t\t\t\thref=\"https:\/\/www.google.com\/calendar\/event?action=TEMPLATE&#038;dates=20240412T110000\/20240412T123000&#038;text=Laurea%20Magistrale%20Honoris%20Causa%20in%20Giurisprudenza%20al%20Presidente%20della%20Repubblica%20Italiana%20Sergio%20Mattarella%20e%20a%20Borut%20Pahor&#038;details=%3C%21--+wp%3Atribe%2Fevent-datetime+%2F--%3E%3C%21--+wp%3Acolumns+--%3E%3Cdiv+class%3D%22wp-block-columns%22%3E%3C%21--+wp%3Acolumn+%7B%22width%22%3A%22%22%7D+--%3E%3Cdiv+class%3D%22wp-block-column%22%3E%3C%21--+wp%3Aparagraph+--%3E%3Cp%3EL%27Universit%C3%A0+degli+Studi+di+Trieste+conferir%C3%A0+la%26nbsp%3B%3Cstrong%3ELaurea+Magistrale%26nbsp%3B%3C%2Fstrong%3E%3Cem%3E%3Cstrong%3Ead+honorem%3C%2Fstrong%3E%3C%2Fem%3E%3Cstrong%3E%26nbsp%3Bin+Giurisprudenza%3C%2Fstrong%3E%26nbsp%3Ba%26nbsp%3B%3Cstrong%3ESergio+Mattarella%2C%26nbsp%3B%3C%2Fstrong%3EPresidente+della+Repubblica+Italiana%2C+e+a%26nbsp%3B%3Cstrong%3EBorut+Pahor%2C%26nbsp%3B%3C%2Fstrong%3Egi%C3%A0+Presidente+della+Repubblica+di+Slovenia.%3C%2Fp%3E%3C%21--+%2Fwp%3Aparagraph+--%3E%3C%21--+wp%3Aparagraph+--%3E%3Cp%3ELa+cerimonia+si+svolger%C3%A0%26nbsp%3B%3Cstrong%3Evenerd%C3%AC+12+aprile%2C%26nbsp%3B%3C%2Fstrong%3Ealle%26nbsp%3B%3Cstrong%3Eore+11.00%2C%3C%2Fstrong%3E%26nbsp%3Bnell%27%3Cstrong%3EAul%20(View%20Full%20evento%20Description%20Here:%20https:\/\/100anni.units.it\/index.php\/evento\/laurea-magistrale-honoris-causa-in-giurisprudenza-al-presidente-della-repubblica-italiana-sergio-mattarella-e-a-borut-pahor\/)&#038;location=Aula%20Magna,%20ed.%20A,%20Piazzale%20Europa,%201,%20Trieste,%20TS,%2034100,%20Italia&#038;trp=false&#038;ctz=Europe\/Rome&#038;sprop=website:https:\/\/100anni.units.it\"\n\t\t\t\t\t\t\t\t\t\tclass=\"tribe-events-c-subscribe-dropdown__list-item-link\"\n\t\t\t\t\t\t\t\t\t\ttabindex=\"0\"\n\t\t\t\t\t\t\t\t\t\ttarget=\"_blank\"\n\t\t\t\t\t\t\t\t\t\trel=\"noopener noreferrer nofollow noindex\"\n\t\t\t\t\t\t\t\t\t>\n\t\t\t\t\t\t\t\t\t\tGoogle Calendar\t\t\t\t\t\t\t\t\t<\/a>\n\t\t\t\t\t\t\t\t<\/li>\n\t\t\t\t\t\t\t\t\t\t\t\t\t\t\t<li class=\"tribe-events-c-subscribe-dropdown__list-item\">\n\t\t\t\t\t\t\t\t\t<a\n\t\t\t\t\t\t\t\t\t\thref=\"\"\n\t\t\t\t\t\t\t\t\t\tclass=\"tribe-events-c-subscribe-dropdown__list-item-link\"\n\t\t\t\t\t\t\t\t\t\ttabindex=\"0\"\n\t\t\t\t\t\t\t\t\t\ttarget=\"_blank\"\n\t\t\t\t\t\t\t\t\t\trel=\"noopener noreferrer nofollow noindex\"\n\t\t\t\t\t\t\t\t\t>\n\t\t\t\t\t\t\t\t\t\tiCalendar\t\t\t\t\t\t\t\t\t<\/a>\n\t\t\t\t\t\t\t\t<\/li>\n\t\t\t\t\t\t\t\t\t\t\t\t\t\t\t<li class=\"tribe-events-c-subscribe-dropdown__list-item\">\n\t\t\t\t\t\t\t\t\t<a\n\t\t\t\t\t\t\t\t\t\thref=\"\"\n\t\t\t\t\t\t\t\t\t\tclass=\"tribe-events-c-subscribe-dropdown__list-item-link\"\n\t\t\t\t\t\t\t\t\t\ttabindex=\"0\"\n\t\t\t\t\t\t\t\t\t\ttarget=\"_blank\"\n\t\t\t\t\t\t\t\t\t\trel=\"noopener noreferrer nofollow noindex\"\n\t\t\t\t\t\t\t\t\t>\n\t\t\t\t\t\t\t\t\t\tOutlook 365\t\t\t\t\t\t\t\t\t<\/a>\n\t\t\t\t\t\t\t\t<\/li>\n\t\t\t\t\t\t\t\t\t\t\t\t\t\t\t<li class=\"tribe-events-c-subscribe-dropdown__list-item\">\n\t\t\t\t\t\t\t\t\t<a\n\t\t\t\t\t\t\t\t\t\thref=\"\"\n\t\t\t\t\t\t\t\t\t\tclass=\"tribe-events-c-subscribe-dropdown__list-item-link\"\n\t\t\t\t\t\t\t\t\t\ttabindex=\"0\"\n\t\t\t\t\t\t\t\t\t\ttarget=\"_blank\"\n\t\t\t\t\t\t\t\t\t\trel=\"noopener noreferrer nofollow noindex\"\n\t\t\t\t\t\t\t\t\t>\n\t\t\t\t\t\t\t\t\t\tOutlook Live\t\t\t\t\t\t\t\t\t<\/a>\n\t\t\t\t\t\t\t\t<\/li>\n\t\t\t\t\t\t\t\t\t\t\t\t\t<\/ul>\n\t\t\t\t\t<\/div>\n\t\t\t\t<\/div>\n\t\t\t<\/div>\n\t\t<\/div>\n\t<\/div>\n\n<\/div>\n<\/div>\n<\/div>\n\n\n\n<div style=\"height:100px\" aria-hidden=\"true\" class=\"wp-block-spacer\"><\/div>\n","protected":false},"excerpt":{"rendered":"<p>Diretta streaming sul canale YouTube di Ateneo<\/p>\n","protected":false},"author":1,"featured_media":4784,"comment_status":"closed","ping_status":"closed","template":"","meta":{"neve_meta_sidebar":"","neve_meta_container":"","neve_meta_enable_content_width":"","neve_meta_content_width":0,"neve_meta_title_alignment":"","neve_meta_author_avatar":"","neve_post_elements_order":"","neve_meta_disable_header":"","neve_meta_disable_footer":"","neve_meta_disable_title":"","_EventAllDay":false,"_EventTimezone":"Europe\/Rome","_EventStartDate":"2024-04-12 11:00:00","_EventEndDate":"2024-04-12 12:30:00","_EventStartDateUTC":"2024-04-12 09:00:00","_EventEndDateUTC":"2024-04-12 10:30:00","_EventShowMap":false,"_EventShowMapLink":false,"_EventURL":"","_EventCost":"","_EventCostDescription":"","_EventCurrencySymbol":"\u20ac","_EventCurrencyCode":"EUR","_EventCurrencyPosition":"prefix","_EventDateTimeSeparator":" ore ","_EventTimeRangeSeparator":" - ","_EventOrganizerID":[],"_EventVenueID":[226],"_OrganizerEmail":"","_OrganizerPhone":"","_OrganizerWebsite":"","_VenueAddress":"","_VenueCity":"","_VenueCountry":"","_VenueProvince":"","_VenueState":"","_VenueZip":"","_VenuePhone":"","_VenueURL":"","_VenueStateProvince":"","_VenueLat":"","_VenueLng":"","_VenueShowMap":false,"_VenueShowMapLink":false,"_ti_tpc_template_sync":false,"_ti_tpc_template_id":"","_tribe_events_status":"","_tribe_events_status_reason":"","footnotes":""},"tags":[],"tribe_events_cat":[3],"class_list":["post-4773","tribe_events","type-tribe_events","status-publish","has-post-thumbnail","hentry","tribe_events_cat-ateneo","cat_ateneo"],"yoast_head":"<!-- This site is optimized with the Yoast SEO plugin v21.0 - https:\/\/yoast.com\/wordpress\/plugins\/seo\/ -->\n<title>Laurea Magistrale Honoris Causa in Giurisprudenza al Presidente della Repubblica Italiana Sergio Mattarella e a Borut Pahor &ndash; #100UniTS<\/title>\n<meta name=\"description\" content=\"Diretta streaming sul canale YouTube di Ateneo\" \/>\n<meta name=\"robots\" content=\"index, follow, max-snippet:-1, max-image-preview:large, max-video-preview:-1\" \/>\n<link rel=\"canonical\" href=\"https:\/\/100anni.units.it\/index.php\/evento\/laurea-magistrale-honoris-causa-in-giurisprudenza-al-presidente-della-repubblica-italiana-sergio-mattarella-e-a-borut-pahor\/\" \/>\n<meta property=\"og:locale\" content=\"it_IT\" \/>\n<meta property=\"og:type\" content=\"article\" \/>\n<meta property=\"og:title\" content=\"Laurea Magistrale Honoris Causa in Giurisprudenza al Presidente della Repubblica Italiana Sergio Mattarella e a Borut Pahor &ndash; #100UniTS\" \/>\n<meta property=\"og:description\" content=\"Diretta streaming sul canale YouTube di Ateneo\" \/>\n<meta property=\"og:url\" content=\"https:\/\/100anni.units.it\/index.php\/evento\/laurea-magistrale-honoris-causa-in-giurisprudenza-al-presidente-della-repubblica-italiana-sergio-mattarella-e-a-borut-pahor\/\" \/>\n<meta property=\"og:site_name\" content=\"#100UniTS\" \/>\n<meta property=\"article:publisher\" content=\"https:\/\/www.facebook.com\/universitatrieste\" \/>\n<meta property=\"article:modified_time\" content=\"2024-04-09T15:44:10+00:00\" \/>\n<meta property=\"og:image\" content=\"https:\/\/100anni.units.it\/wp-content\/uploads\/2024\/04\/100UniTS_LaureaHC_Mattarella_Pahor.jpg\" \/>\n\t<meta property=\"og:image:width\" content=\"2378\" \/>\n\t<meta property=\"og:image:height\" content=\"1598\" \/>\n\t<meta property=\"og:image:type\" content=\"image\/jpeg\" \/>\n<meta name=\"twitter:card\" content=\"summary_large_image\" \/>\n<meta name=\"twitter:site\" content=\"@UniTrieste\" \/>\n<meta name=\"twitter:label1\" content=\"Tempo di lettura stimato\" \/>\n\t<meta name=\"twitter:data1\" content=\"2 minuti\" \/>\n<script type=\"application\/ld+json\" class=\"yoast-schema-graph\">{\"@context\":\"https:\/\/schema.org\",\"@graph\":[{\"@type\":\"WebPage\",\"@id\":\"https:\/\/100anni.units.it\/index.php\/evento\/laurea-magistrale-honoris-causa-in-giurisprudenza-al-presidente-della-repubblica-italiana-sergio-mattarella-e-a-borut-pahor\/\",\"url\":\"https:\/\/100anni.units.it\/index.php\/evento\/laurea-magistrale-honoris-causa-in-giurisprudenza-al-presidente-della-repubblica-italiana-sergio-mattarella-e-a-borut-pahor\/\",\"name\":\"Laurea Magistrale Honoris Causa in Giurisprudenza al Presidente della Repubblica Italiana Sergio Mattarella e a Borut Pahor &ndash; #100UniTS\",\"isPartOf\":{\"@id\":\"https:\/\/100anni.units.it\/#website\"},\"datePublished\":\"2024-04-09T13:33:39+00:00\",\"dateModified\":\"2024-04-09T15:44:10+00:00\",\"description\":\"Diretta streaming sul canale YouTube di Ateneo\",\"breadcrumb\":{\"@id\":\"https:\/\/100anni.units.it\/index.php\/evento\/laurea-magistrale-honoris-causa-in-giurisprudenza-al-presidente-della-repubblica-italiana-sergio-mattarella-e-a-borut-pahor\/#breadcrumb\"},\"inLanguage\":\"it-IT\",\"potentialAction\":[{\"@type\":\"ReadAction\",\"target\":[\"https:\/\/100anni.units.it\/index.php\/evento\/laurea-magistrale-honoris-causa-in-giurisprudenza-al-presidente-della-repubblica-italiana-sergio-mattarella-e-a-borut-pahor\/\"]}]},{\"@type\":\"BreadcrumbList\",\"@id\":\"https:\/\/100anni.units.it\/index.php\/evento\/laurea-magistrale-honoris-causa-in-giurisprudenza-al-presidente-della-repubblica-italiana-sergio-mattarella-e-a-borut-pahor\/#breadcrumb\",\"itemListElement\":[{\"@type\":\"ListItem\",\"position\":1,\"name\":\"Eventi\",\"item\":\"https:\/\/100anni.units.it\/index.php\/eventi\/\"},{\"@type\":\"ListItem\",\"position\":2,\"name\":\"Laurea Magistrale Honoris Causa in Giurisprudenza al Presidente della Repubblica Italiana Sergio Mattarella e a Borut Pahor\"}]},{\"@type\":\"WebSite\",\"@id\":\"https:\/\/100anni.units.it\/#website\",\"url\":\"https:\/\/100anni.units.it\/\",\"name\":\"#100UniTS\",\"description\":\"Ogni giorno, da cento anni, con noi puoi scoprire ci\u00f2 che sar\u00e0 realt\u00e0 nel futuro. Celebriamo insieme un secolo di ricerca, eccellenza, creativit\u00e0 e ingegno umano.\",\"publisher\":{\"@id\":\"https:\/\/100anni.units.it\/#organization\"},\"potentialAction\":[{\"@type\":\"SearchAction\",\"target\":{\"@type\":\"EntryPoint\",\"urlTemplate\":\"https:\/\/100anni.units.it\/?s={search_term_string}\"},\"query-input\":\"required name=search_term_string\"}],\"inLanguage\":\"it-IT\"},{\"@type\":\"Organization\",\"@id\":\"https:\/\/100anni.units.it\/#organization\",\"name\":\"Universit\u00e0 degli Studi di Trieste\",\"alternateName\":\"UniTS\",\"url\":\"https:\/\/100anni.units.it\/\",\"logo\":{\"@type\":\"ImageObject\",\"inLanguage\":\"it-IT\",\"@id\":\"https:\/\/100anni.units.it\/#\/schema\/logo\/image\/\",\"url\":\"https:\/\/100anni.units.it\/wp-content\/uploads\/2023\/08\/units_sigillo.png\",\"contentUrl\":\"https:\/\/100anni.units.it\/wp-content\/uploads\/2023\/08\/units_sigillo.png\",\"width\":696,\"height\":696,\"caption\":\"Universit\u00e0 degli Studi di Trieste\"},\"image\":{\"@id\":\"https:\/\/100anni.units.it\/#\/schema\/logo\/image\/\"},\"sameAs\":[\"https:\/\/www.facebook.com\/universitatrieste\",\"https:\/\/twitter.com\/UniTrieste\"]}]}<\/script>\n<!-- \/ Yoast SEO plugin. -->","yoast_head_json":{"title":"Laurea Magistrale Honoris Causa in Giurisprudenza al Presidente della Repubblica Italiana Sergio Mattarella e a Borut Pahor &ndash; #100UniTS","description":"Diretta streaming sul canale YouTube di Ateneo","robots":{"index":"index","follow":"follow","max-snippet":"max-snippet:-1","max-image-preview":"max-image-preview:large","max-video-preview":"max-video-preview:-1"},"canonical":"https:\/\/100anni.units.it\/index.php\/evento\/laurea-magistrale-honoris-causa-in-giurisprudenza-al-presidente-della-repubblica-italiana-sergio-mattarella-e-a-borut-pahor\/","og_locale":"it_IT","og_type":"article","og_title":"Laurea Magistrale Honoris Causa in Giurisprudenza al Presidente della Repubblica Italiana Sergio Mattarella e a Borut Pahor &ndash; #100UniTS","og_description":"Diretta streaming sul canale YouTube di Ateneo","og_url":"https:\/\/100anni.units.it\/index.php\/evento\/laurea-magistrale-honoris-causa-in-giurisprudenza-al-presidente-della-repubblica-italiana-sergio-mattarella-e-a-borut-pahor\/","og_site_name":"#100UniTS","article_publisher":"https:\/\/www.facebook.com\/universitatrieste","article_modified_time":"2024-04-09T15:44:10+00:00","og_image":[{"width":2378,"height":1598,"url":"https:\/\/100anni.units.it\/wp-content\/uploads\/2024\/04\/100UniTS_LaureaHC_Mattarella_Pahor.jpg","type":"image\/jpeg"}],"twitter_card":"summary_large_image","twitter_site":"@UniTrieste","twitter_misc":{"Tempo di lettura stimato":"2 minuti"},"schema":{"@context":"https:\/\/schema.org","@graph":[{"@type":"WebPage","@id":"https:\/\/100anni.units.it\/index.php\/evento\/laurea-magistrale-honoris-causa-in-giurisprudenza-al-presidente-della-repubblica-italiana-sergio-mattarella-e-a-borut-pahor\/","url":"https:\/\/100anni.units.it\/index.php\/evento\/laurea-magistrale-honoris-causa-in-giurisprudenza-al-presidente-della-repubblica-italiana-sergio-mattarella-e-a-borut-pahor\/","name":"Laurea Magistrale Honoris Causa in Giurisprudenza al Presidente della Repubblica Italiana Sergio Mattarella e a Borut Pahor &ndash; #100UniTS","isPartOf":{"@id":"https:\/\/100anni.units.it\/#website"},"datePublished":"2024-04-09T13:33:39+00:00","dateModified":"2024-04-09T15:44:10+00:00","description":"Diretta streaming sul canale YouTube di Ateneo","breadcrumb":{"@id":"https:\/\/100anni.units.it\/index.php\/evento\/laurea-magistrale-honoris-causa-in-giurisprudenza-al-presidente-della-repubblica-italiana-sergio-mattarella-e-a-borut-pahor\/#breadcrumb"},"inLanguage":"it-IT","potentialAction":[{"@type":"ReadAction","target":["https:\/\/100anni.units.it\/index.php\/evento\/laurea-magistrale-honoris-causa-in-giurisprudenza-al-presidente-della-repubblica-italiana-sergio-mattarella-e-a-borut-pahor\/"]}]},{"@type":"BreadcrumbList","@id":"https:\/\/100anni.units.it\/index.php\/evento\/laurea-magistrale-honoris-causa-in-giurisprudenza-al-presidente-della-repubblica-italiana-sergio-mattarella-e-a-borut-pahor\/#breadcrumb","itemListElement":[{"@type":"ListItem","position":1,"name":"Eventi","item":"https:\/\/100anni.units.it\/index.php\/eventi\/"},{"@type":"ListItem","position":2,"name":"Laurea Magistrale Honoris Causa in Giurisprudenza al Presidente della Repubblica Italiana Sergio Mattarella e a Borut Pahor"}]},{"@type":"WebSite","@id":"https:\/\/100anni.units.it\/#website","url":"https:\/\/100anni.units.it\/","name":"#100UniTS","description":"Ogni giorno, da cento anni, con noi puoi scoprire ci\u00f2 che sar\u00e0 realt\u00e0 nel futuro. Celebriamo insieme un secolo di ricerca, eccellenza, creativit\u00e0 e ingegno umano.","publisher":{"@id":"https:\/\/100anni.units.it\/#organization"},"potentialAction":[{"@type":"SearchAction","target":{"@type":"EntryPoint","urlTemplate":"https:\/\/100anni.units.it\/?s={search_term_string}"},"query-input":"required name=search_term_string"}],"inLanguage":"it-IT"},{"@type":"Organization","@id":"https:\/\/100anni.units.it\/#organization","name":"Universit\u00e0 degli Studi di Trieste","alternateName":"UniTS","url":"https:\/\/100anni.units.it\/","logo":{"@type":"ImageObject","inLanguage":"it-IT","@id":"https:\/\/100anni.units.it\/#\/schema\/logo\/image\/","url":"https:\/\/100anni.units.it\/wp-content\/uploads\/2023\/08\/units_sigillo.png","contentUrl":"https:\/\/100anni.units.it\/wp-content\/uploads\/2023\/08\/units_sigillo.png","width":696,"height":696,"caption":"Universit\u00e0 degli Studi di Trieste"},"image":{"@id":"https:\/\/100anni.units.it\/#\/schema\/logo\/image\/"},"sameAs":["https:\/\/www.facebook.com\/universitatrieste","https:\/\/twitter.com\/UniTrieste"]}]}},"_links":{"self":[{"href":"https:\/\/100anni.units.it\/index.php\/wp-json\/wp\/v2\/tribe_events\/4773","targetHints":{"allow":["GET"]}}],"collection":[{"href":"https:\/\/100anni.units.it\/index.php\/wp-json\/wp\/v2\/tribe_events"}],"about":[{"href":"https:\/\/100anni.units.it\/index.php\/wp-json\/wp\/v2\/types\/tribe_events"}],"author":[{"embeddable":true,"href":"https:\/\/100anni.units.it\/index.php\/wp-json\/wp\/v2\/users\/1"}],"replies":[{"embeddable":true,"href":"https:\/\/100anni.units.it\/index.php\/wp-json\/wp\/v2\/comments?post=4773"}],"version-history":[{"count":10,"href":"https:\/\/100anni.units.it\/index.php\/wp-json\/wp\/v2\/tribe_events\/4773\/revisions"}],"predecessor-version":[{"id":4797,"href":"https:\/\/100anni.units.it\/index.php\/wp-json\/wp\/v2\/tribe_events\/4773\/revisions\/4797"}],"wp:featuredmedia":[{"embeddable":true,"href":"https:\/\/100anni.units.it\/index.php\/wp-json\/wp\/v2\/media\/4784"}],"wp:attachment":[{"href":"https:\/\/100anni.units.it\/index.php\/wp-json\/wp\/v2\/media?parent=4773"}],"wp:term":[{"taxonomy":"post_tag","embeddable":true,"href":"https:\/\/100anni.units.it\/index.php\/wp-json\/wp\/v2\/tags?post=4773"},{"taxonomy":"tribe_events_cat","embeddable":true,"href":"https:\/\/100anni.units.it\/index.php\/wp-json\/wp\/v2\/tribe_events_cat?post=4773"}],"curies":[{"name":"wp","href":"https:\/\/api.w.org\/{rel}","templated":true}]}}