{"id":4822,"date":"2024-04-09T19:47:13","date_gmt":"2024-04-09T17:47:13","guid":{"rendered":"https:\/\/100anni.units.it\/?post_type=tribe_events&#038;p=4822"},"modified":"2024-04-10T09:16:40","modified_gmt":"2024-04-10T07:16:40","slug":"centanni-di-economia-1924-2024","status":"publish","type":"tribe_events","link":"https:\/\/100anni.units.it\/index.php\/evento\/centanni-di-economia-1924-2024\/","title":{"rendered":"Cent&#8217;anni di Economia 1924 > 2024"},"content":{"rendered":"<div  class=\"tribe-events-schedule tribe-clearfix\" >\n\t<h2 class=\"tribe-events-schedule__datetime\">\n\t\t<span class=\"tribe-events-schedule__date tribe-events-schedule__date--start\">\n\t\t\t15 Aprile 2024\t\t<\/span>\n\n\t\t\t\t\t<span class=\"tribe-events-schedule__separator tribe-events-schedule__separator--date\">\n\t\t\t\t ore \t\t\t<\/span>\n\t\t\t<span class=\"tribe-events-schedule__time tribe-events-schedule__time--start\">\n\t\t\t\t17:00\t\t\t<\/span>\n\t\t\n\t\t\t\t\t\t\t\t\t<span class=\"tribe-events-schedule__separator tribe-events-schedule__separator--time\">\n\t\t\t\t\t &#8211; \t\t\t\t<\/span>\n\t\t\t\n\t\t\t\t\t\t\t<span class=\"tribe-events-schedule__time tribe-events-schedule__time--end\">\n\t\t\t\t\t19:00\t\t\t\t<\/span>\n\t\t\t\n\t\t\t\t\t\t<\/h2>\n<\/div>\n\n\n\n<div class=\"wp-block-columns is-layout-flex wp-container-core-columns-is-layout-9d6595d7 wp-block-columns-is-layout-flex\">\n<div class=\"wp-block-column is-layout-flow wp-block-column-is-layout-flow\">\n<p><strong>Luned\u00ec 15 aprile 2024<\/strong>, dalle ore 17.00 alle ore 19.00, presso l&#8217;<strong>Aula Magna<\/strong>&nbsp;dell&#8217;Edificio centrale A (Campus di Piazzale Europa), si svolger\u00e0 l&#8217;evento di&nbsp;<strong>Celebrazione dei &#8220;Cent&#8217;anni di Economia 1924 &gt; 2024&#8221;, intitolato &#8220;EC100 ECONOMIA:&nbsp;<\/strong><em><strong>APPELLO STRAORDINARIO\u2026 PER FUORI CORSO&#8221;.<\/strong><\/em><\/p>\n\n\n\n<p>L&#8217;evento, che coincide con il&nbsp;<strong>Centenario dell&#8217;Universit\u00e0 degli Studi di Trieste<\/strong>, \u00e8 promosso e organizzato dal&nbsp;<strong>Dipartimento di Scienze Economiche, Aziendali, Matematiche e Statistiche \u201cBruno de Finetti\u201c (DEAMS)<\/strong>, secondo il seguente&nbsp;<strong>programma<\/strong>:<\/p>\n\n\n\n<p><strong>Iscritti all&#8217;esame<\/strong><\/p>\n\n\n\n<p><strong><em>Alumni<\/em>:<\/strong><br><strong><em>Thomas Baumgartner<\/em><\/strong> Presidente di FERCAM S.p.A., Italia<br><strong><em>Renata Casaro<\/em><\/strong> Head of Investor Relations in Schaeffler, Germania<br><strong><em>Giancarlo Fancel<\/em><\/strong> Country Manager Italy &amp; CEO Generali Italia<br><strong><em>Giampaolo Viseri <\/em><\/strong>CEO di Allianz Global Life, Irlanda<br><strong><em>Sarah Zoi<\/em><\/strong> Federal Reserve System, USA<\/p>\n\n\n\n<p><strong>Interroga:<\/strong><br><strong><em>Guido Bortoluzzi<\/em><\/strong>, Professore ordinario di Economia e Gestione delle Imprese<\/p>\n\n\n\n<p><strong>Un docente:<\/strong><br><strong><em>Francesco Magris<\/em><\/strong>, Professore ordinario di Politica Economica,&nbsp;interroga<br><strong><em>Francesco De Filippo<\/em><\/strong>, scrittore, saggista e giornalista, responsabile agenzia Ansa FVG.<\/p>\n\n\n\n<p><em>Una studentessa&#8230;fuori corso<\/em><br><em><strong>Ariella Reggio<\/strong>, in &#8220;<strong>Appello&#8230; per fuori corso<\/strong>&#8220;<\/em><\/p>\n\n\n\n<p>Commedia in atto unico di&nbsp;<em><strong>Francesco De Filippo<\/strong><\/em> e <em><strong>Francesco Magris<\/strong><\/em> con la partecipazione di <em><strong>Ariella Reggio<\/strong> <\/em>e <em><strong>Adriano Giraldi<\/strong><\/em><br>Regia di <em><strong>Marcela Serli<\/strong><\/em><\/p>\n\n\n\n<p class=\"has-neve-link-color-color has-text-color\">Evento ad accesso libero<\/p>\n<\/div>\n\n\n\n<div class=\"wp-block-column is-vertically-aligned-top is-layout-flow wp-block-column-is-layout-flow\" style=\"flex-basis:30%\">\n<figure class=\"wp-block-image size-large\"><img loading=\"lazy\" decoding=\"async\" width=\"1024\" height=\"576\" src=\"https:\/\/100anni.units.it\/wp-content\/uploads\/2024\/04\/100UniTS_dettagliolocandina_Centanni-Economia_PROGRAMMAseconda-parte-1024x576.jpg\" alt=\"dettaglio locandina cent'anni economia seconda parte\" class=\"wp-image-4832\" srcset=\"https:\/\/100anni.units.it\/wp-content\/uploads\/2024\/04\/100UniTS_dettagliolocandina_Centanni-Economia_PROGRAMMAseconda-parte-1024x576.jpg 1024w, https:\/\/100anni.units.it\/wp-content\/uploads\/2024\/04\/100UniTS_dettagliolocandina_Centanni-Economia_PROGRAMMAseconda-parte-300x169.jpg 300w, https:\/\/100anni.units.it\/wp-content\/uploads\/2024\/04\/100UniTS_dettagliolocandina_Centanni-Economia_PROGRAMMAseconda-parte-768x432.jpg 768w, https:\/\/100anni.units.it\/wp-content\/uploads\/2024\/04\/100UniTS_dettagliolocandina_Centanni-Economia_PROGRAMMAseconda-parte-1536x864.jpg 1536w, https:\/\/100anni.units.it\/wp-content\/uploads\/2024\/04\/100UniTS_dettagliolocandina_Centanni-Economia_PROGRAMMAseconda-parte.jpg 1773w\" sizes=\"auto, (max-width: 1024px) 100vw, 1024px\" \/><\/figure>\n<\/div>\n<\/div>\n\n\n\n<div class=\"wp-block-columns are-vertically-aligned-center is-layout-flex wp-container-core-columns-is-layout-9d6595d7 wp-block-columns-is-layout-flex\">\n<div class=\"wp-block-column is-vertically-aligned-center is-layout-flow wp-block-column-is-layout-flow\"><div  class=\"tribe-block tribe-block__venue tribe-clearfix\" >\n\t\n\t\n<div class=\"tribe-block__venue__meta\">\n\t<div class=\"tribe-block__venue__name\">\n\t\t<h3>Aula Magna, ed. A<\/h3>\n\t<\/div>\n\n\t\n\t\t\t<address class=\"tribe-block__venue__address\">\n\t\t\t<span class=\"tribe-address\">\n\n<span class=\"tribe-street-address\">Piazzale Europa, 1<\/span>\n\t\n\t\t<br>\n\t\t<span class=\"tribe-locality\">Trieste<\/span><span class=\"tribe-delimiter\">,<\/span>\n\n\t<abbr class=\"tribe-region tribe-events-abbr\" title=\"TS\">TS<\/abbr>\n\n\t<span class=\"tribe-postal-code\">34100<\/span>\n\n\t<span class=\"tribe-country-name\">Italia<\/span>\n\n<\/span>\n\n\t\t\t\t\t<\/address>\n\t\n\t\n\t\n\t<\/div>\n\t\n\t<\/div>\n<\/div>\n\n\n\n<div class=\"wp-block-column is-vertically-aligned-center is-layout-flow wp-block-column-is-layout-flow\" style=\"flex-basis:30%\">\n<div class=\"wp-block-group is-vertical is-content-justification-center is-layout-flex wp-container-core-group-is-layout-0472769e wp-block-group-is-layout-flex\">\t<div  class=\"tribe-block tribe-block__events-link\" >\n\t\t<div class=\"tribe-events tribe-common\">\n\t\t\t<div class=\"tribe-events-c-subscribe-dropdown__container\">\n\t\t\t\t<div class=\"tribe-events-c-subscribe-dropdown\">\n\t\t\t\t\t<div class=\"tribe-common-c-btn-border tribe-events-c-subscribe-dropdown__button\" tabindex=\"0\">\n\t\t\t\t\t\t<svg  class=\"tribe-common-c-svgicon tribe-common-c-svgicon--cal-export tribe-events-c-subscribe-dropdown__export-icon\"  viewBox=\"0 0 23 17\" xmlns=\"http:\/\/www.w3.org\/2000\/svg\">\n  <path fill-rule=\"evenodd\" clip-rule=\"evenodd\" d=\"M.128.896V16.13c0 .211.145.383.323.383h15.354c.179 0 .323-.172.323-.383V.896c0-.212-.144-.383-.323-.383H.451C.273.513.128.684.128.896Zm16 6.742h-.901V4.679H1.009v10.729h14.218v-3.336h.901V7.638ZM1.01 1.614h14.218v2.058H1.009V1.614Z\" \/>\n  <path d=\"M20.5 9.846H8.312M18.524 6.953l2.89 2.909-2.855 2.855\" stroke-width=\"1.2\" stroke-linecap=\"round\" stroke-linejoin=\"round\"\/>\n<\/svg>\n\t\t\t\t\t\t<button class=\"tribe-events-c-subscribe-dropdown__button-text\">\n\t\t\t\t\t\t\tSalva nel tuo calendario\t\t\t\t\t\t<\/button>\n\t\t\t\t\t\t<svg  class=\"tribe-common-c-svgicon tribe-common-c-svgicon--caret-down tribe-events-c-subscribe-dropdown__button-icon\"  viewBox=\"0 0 10 7\" xmlns=\"http:\/\/www.w3.org\/2000\/svg\"><path fill-rule=\"evenodd\" clip-rule=\"evenodd\" d=\"M1.008.609L5 4.6 8.992.61l.958.958L5 6.517.05 1.566l.958-.958z\" class=\"tribe-common-c-svgicon__svg-fill\"\/><\/svg>\n\t\t\t\t\t<\/div>\n\t\t\t\t\t<div class=\"tribe-events-c-subscribe-dropdown__content\">\n\t\t\t\t\t\t<ul class=\"tribe-events-c-subscribe-dropdown__list\" tabindex=\"0\">\n\t\t\t\t\t\t\t\t\t\t\t\t\t\t\t<li class=\"tribe-events-c-subscribe-dropdown__list-item\">\n\t\t\t\t\t\t\t\t\t<a\n\t\t\t\t\t\t\t\t\t\thref=\"https:\/\/www.google.com\/calendar\/event?action=TEMPLATE&#038;dates=20240415T170000\/20240415T190000&#038;text=Cent%26%238217%3Banni%20di%20Economia%201924%20%3E%202024&#038;details=%3C%21--+wp%3Atribe%2Fevent-datetime+%2F--%3E%3C%21--+wp%3Acolumns+--%3E%3Cdiv+class%3D%22wp-block-columns%22%3E%3C%21--+wp%3Acolumn+%7B%22width%22%3A%22%22%7D+--%3E%3Cdiv+class%3D%22wp-block-column%22%3E%3C%21--+wp%3Aparagraph+--%3E%3Cp%3E%3Cstrong%3ELuned%C3%AC+15+aprile+2024%3C%2Fstrong%3E%2C+dalle+ore+17.00+alle+ore+19.00%2C+presso+l%27%3Cstrong%3EAula+Magna%3C%2Fstrong%3E%26nbsp%3Bdell%27Edificio+centrale+A+%28Campus+di+Piazzale+Europa%29%2C+si+svolger%C3%A0+l%27evento+di%26nbsp%3B%3Cstrong%3ECelebrazione+dei+%22Cent%27anni+di+Economia+1924+%26gt%3B+2024%22%2C+intitolato+%22EC100+ECONOMIA%3A%26nbsp%3B%3C%2Fstrong%3E%3Cem%3E%3Cstrong%3EAPPELLO+STRAORDINARIO%E2%80%A6+PER+FUORI+CORSO%22.%3C%2Fstrong%3E%3C%2Fem%3E%3C%2Fp%3E%3C%21--+%2Fwp%3Aparagraph+--%3E%3C%21--+wp%3Aparagraph+--%3E%3Cp%3EL%27evento%2C+che+coincide+con+il%26nbsp%3B%3Cstrong%3ECentenario+dell%27Universit%C3%A0+degli+Studi+di+Trieste%3C%2Fstrong%3E%2C+%C3%A8+promosso+e+organizzato+dal%26n%20(View%20Full%20evento%20Description%20Here:%20https:\/\/100anni.units.it\/index.php\/evento\/centanni-di-economia-1924-2024\/)&#038;location=Aula%20Magna,%20ed.%20A,%20Piazzale%20Europa,%201,%20Trieste,%20TS,%2034100,%20Italia&#038;trp=false&#038;ctz=Europe\/Rome&#038;sprop=website:https:\/\/100anni.units.it\"\n\t\t\t\t\t\t\t\t\t\tclass=\"tribe-events-c-subscribe-dropdown__list-item-link\"\n\t\t\t\t\t\t\t\t\t\ttabindex=\"0\"\n\t\t\t\t\t\t\t\t\t\ttarget=\"_blank\"\n\t\t\t\t\t\t\t\t\t\trel=\"noopener noreferrer nofollow noindex\"\n\t\t\t\t\t\t\t\t\t>\n\t\t\t\t\t\t\t\t\t\tGoogle Calendar\t\t\t\t\t\t\t\t\t<\/a>\n\t\t\t\t\t\t\t\t<\/li>\n\t\t\t\t\t\t\t\t\t\t\t\t\t\t\t<li class=\"tribe-events-c-subscribe-dropdown__list-item\">\n\t\t\t\t\t\t\t\t\t<a\n\t\t\t\t\t\t\t\t\t\thref=\"\"\n\t\t\t\t\t\t\t\t\t\tclass=\"tribe-events-c-subscribe-dropdown__list-item-link\"\n\t\t\t\t\t\t\t\t\t\ttabindex=\"0\"\n\t\t\t\t\t\t\t\t\t\ttarget=\"_blank\"\n\t\t\t\t\t\t\t\t\t\trel=\"noopener noreferrer nofollow noindex\"\n\t\t\t\t\t\t\t\t\t>\n\t\t\t\t\t\t\t\t\t\tiCalendar\t\t\t\t\t\t\t\t\t<\/a>\n\t\t\t\t\t\t\t\t<\/li>\n\t\t\t\t\t\t\t\t\t\t\t\t\t\t\t<li class=\"tribe-events-c-subscribe-dropdown__list-item\">\n\t\t\t\t\t\t\t\t\t<a\n\t\t\t\t\t\t\t\t\t\thref=\"\"\n\t\t\t\t\t\t\t\t\t\tclass=\"tribe-events-c-subscribe-dropdown__list-item-link\"\n\t\t\t\t\t\t\t\t\t\ttabindex=\"0\"\n\t\t\t\t\t\t\t\t\t\ttarget=\"_blank\"\n\t\t\t\t\t\t\t\t\t\trel=\"noopener noreferrer nofollow noindex\"\n\t\t\t\t\t\t\t\t\t>\n\t\t\t\t\t\t\t\t\t\tOutlook 365\t\t\t\t\t\t\t\t\t<\/a>\n\t\t\t\t\t\t\t\t<\/li>\n\t\t\t\t\t\t\t\t\t\t\t\t\t\t\t<li class=\"tribe-events-c-subscribe-dropdown__list-item\">\n\t\t\t\t\t\t\t\t\t<a\n\t\t\t\t\t\t\t\t\t\thref=\"\"\n\t\t\t\t\t\t\t\t\t\tclass=\"tribe-events-c-subscribe-dropdown__list-item-link\"\n\t\t\t\t\t\t\t\t\t\ttabindex=\"0\"\n\t\t\t\t\t\t\t\t\t\ttarget=\"_blank\"\n\t\t\t\t\t\t\t\t\t\trel=\"noopener noreferrer nofollow noindex\"\n\t\t\t\t\t\t\t\t\t>\n\t\t\t\t\t\t\t\t\t\tOutlook Live\t\t\t\t\t\t\t\t\t<\/a>\n\t\t\t\t\t\t\t\t<\/li>\n\t\t\t\t\t\t\t\t\t\t\t\t\t<\/ul>\n\t\t\t\t\t<\/div>\n\t\t\t\t<\/div>\n\t\t\t<\/div>\n\t\t<\/div>\n\t<\/div>\n\n\n\n\n<div class=\"wp-block-buttons is-content-justification-center is-layout-flex wp-container-core-buttons-is-layout-16018d1d wp-block-buttons-is-layout-flex\">\n<div class=\"wp-block-button has-custom-width wp-block-button__width-100 is-style-primary\"><a class=\"wp-block-button__link wp-element-button\" href=\"https:\/\/100anni.units.it\/wp-content\/uploads\/2024\/04\/100UniTS_locandina_centanniDEAMS_15aprile_secondaparte.pdf\" target=\"_blank\" rel=\"noreferrer noopener\">scarica LA LOCANDINA<\/a><\/div>\n<\/div>\n<\/div>\n<\/div>\n<\/div>\n\n\n\n<div style=\"height:100px\" aria-hidden=\"true\" class=\"wp-block-spacer\"><\/div>\n","protected":false},"excerpt":{"rendered":"<p>Luned\u00ec 15 aprile 2024, dalle ore 17.00 alle ore 19.00, presso l&#8217;Aula Magna\u00a0dell&#8217;Edificio centrale A (Campus di Piazzale Europa), si svolger\u00e0 l&#8217;evento di\u00a0Celebrazione dei &#8220;Cent&#8217;anni di Economia 1924 > 2024&#8221;, intitolato &#8220;EC100 ECONOMIA:\u00a0APPELLO STRAORDINARIO\u2026 PER FUORI CORSO&#8221;. Evento ad accesso libero<\/p>\n","protected":false},"author":1,"featured_media":4832,"comment_status":"closed","ping_status":"closed","template":"","meta":{"neve_meta_sidebar":"","neve_meta_container":"","neve_meta_enable_content_width":"","neve_meta_content_width":0,"neve_meta_title_alignment":"","neve_meta_author_avatar":"","neve_post_elements_order":"","neve_meta_disable_header":"","neve_meta_disable_footer":"","neve_meta_disable_title":"","_EventAllDay":false,"_EventTimezone":"Europe\/Rome","_EventStartDate":"2024-04-15 17:00:00","_EventEndDate":"2024-04-15 19:00:00","_EventStartDateUTC":"2024-04-15 15:00:00","_EventEndDateUTC":"2024-04-15 17:00:00","_EventShowMap":false,"_EventShowMapLink":false,"_EventURL":"","_EventCost":"","_EventCostDescription":"","_EventCurrencySymbol":"\u20ac","_EventCurrencyCode":"EUR","_EventCurrencyPosition":"prefix","_EventDateTimeSeparator":" ore ","_EventTimeRangeSeparator":" - ","_EventOrganizerID":[],"_EventVenueID":[226],"_OrganizerEmail":"","_OrganizerPhone":"","_OrganizerWebsite":"","_VenueAddress":"","_VenueCity":"","_VenueCountry":"","_VenueProvince":"","_VenueState":"","_VenueZip":"","_VenuePhone":"","_VenueURL":"","_VenueStateProvince":"","_VenueLat":"","_VenueLng":"","_VenueShowMap":false,"_VenueShowMapLink":false,"_ti_tpc_template_sync":false,"_ti_tpc_template_id":"","_tribe_events_status":"","_tribe_events_status_reason":"","footnotes":""},"tags":[],"tribe_events_cat":[3],"class_list":["post-4822","tribe_events","type-tribe_events","status-publish","has-post-thumbnail","hentry","tribe_events_cat-ateneo","cat_ateneo"],"yoast_head":"<!-- This site is optimized with the Yoast SEO plugin v21.0 - https:\/\/yoast.com\/wordpress\/plugins\/seo\/ -->\n<title>Cent&#039;anni di Economia 1924 &gt; 2024 &ndash; #100UniTS<\/title>\n<meta name=\"description\" content=\"Luned\u00ec 15 aprile 2024, dalle ore 17.00 alle ore 19.00, presso l&#039;Aula Magna\u00a0dell&#039;Edificio centrale A (Campus di Piazzale Europa), si svolger\u00e0 l&#039;evento di\u00a0Celebrazione dei &quot;Cent&#039;anni di Economia 1924 &gt; 2024&quot;, intitolato &quot;EC100 ECONOMIA:\u00a0APPELLO STRAORDINARIO\u2026 PER FUORI CORSO&quot;. Evento ad accesso libero\" \/>\n<meta name=\"robots\" content=\"index, follow, max-snippet:-1, max-image-preview:large, max-video-preview:-1\" \/>\n<link rel=\"canonical\" href=\"https:\/\/100anni.units.it\/index.php\/evento\/centanni-di-economia-1924-2024\/\" \/>\n<meta property=\"og:locale\" content=\"it_IT\" \/>\n<meta property=\"og:type\" content=\"article\" \/>\n<meta property=\"og:title\" content=\"Cent&#039;anni di Economia 1924 &gt; 2024 &ndash; #100UniTS\" \/>\n<meta property=\"og:description\" content=\"Luned\u00ec 15 aprile 2024, dalle ore 17.00 alle ore 19.00, presso l&#039;Aula Magna\u00a0dell&#039;Edificio centrale A (Campus di Piazzale Europa), si svolger\u00e0 l&#039;evento di\u00a0Celebrazione dei &quot;Cent&#039;anni di Economia 1924 &gt; 2024&quot;, intitolato &quot;EC100 ECONOMIA:\u00a0APPELLO STRAORDINARIO\u2026 PER FUORI CORSO&quot;. Evento ad accesso libero\" \/>\n<meta property=\"og:url\" content=\"https:\/\/100anni.units.it\/index.php\/evento\/centanni-di-economia-1924-2024\/\" \/>\n<meta property=\"og:site_name\" content=\"#100UniTS\" \/>\n<meta property=\"article:publisher\" content=\"https:\/\/www.facebook.com\/universitatrieste\" \/>\n<meta property=\"article:modified_time\" content=\"2024-04-10T07:16:40+00:00\" \/>\n<meta property=\"og:image\" content=\"https:\/\/100anni.units.it\/wp-content\/uploads\/2024\/04\/100UniTS_dettagliolocandina_Centanni-Economia_PROGRAMMAseconda-parte.jpg\" \/>\n\t<meta property=\"og:image:width\" content=\"1773\" \/>\n\t<meta property=\"og:image:height\" content=\"997\" \/>\n\t<meta property=\"og:image:type\" content=\"image\/jpeg\" \/>\n<meta name=\"twitter:card\" content=\"summary_large_image\" \/>\n<meta name=\"twitter:site\" content=\"@UniTrieste\" \/>\n<meta name=\"twitter:label1\" content=\"Tempo di lettura stimato\" \/>\n\t<meta name=\"twitter:data1\" content=\"2 minuti\" \/>\n<script type=\"application\/ld+json\" class=\"yoast-schema-graph\">{\"@context\":\"https:\/\/schema.org\",\"@graph\":[{\"@type\":\"WebPage\",\"@id\":\"https:\/\/100anni.units.it\/index.php\/evento\/centanni-di-economia-1924-2024\/\",\"url\":\"https:\/\/100anni.units.it\/index.php\/evento\/centanni-di-economia-1924-2024\/\",\"name\":\"Cent'anni di Economia 1924 > 2024 &ndash; #100UniTS\",\"isPartOf\":{\"@id\":\"https:\/\/100anni.units.it\/#website\"},\"datePublished\":\"2024-04-09T17:47:13+00:00\",\"dateModified\":\"2024-04-10T07:16:40+00:00\",\"description\":\"Luned\u00ec 15 aprile 2024, dalle ore 17.00 alle ore 19.00, presso l'Aula Magna\u00a0dell'Edificio centrale A (Campus di Piazzale Europa), si svolger\u00e0 l'evento di\u00a0Celebrazione dei \\\"Cent'anni di Economia 1924 > 2024\\\", intitolato \\\"EC100 ECONOMIA:\u00a0APPELLO STRAORDINARIO\u2026 PER FUORI CORSO\\\". Evento ad accesso libero\",\"breadcrumb\":{\"@id\":\"https:\/\/100anni.units.it\/index.php\/evento\/centanni-di-economia-1924-2024\/#breadcrumb\"},\"inLanguage\":\"it-IT\",\"potentialAction\":[{\"@type\":\"ReadAction\",\"target\":[\"https:\/\/100anni.units.it\/index.php\/evento\/centanni-di-economia-1924-2024\/\"]}]},{\"@type\":\"BreadcrumbList\",\"@id\":\"https:\/\/100anni.units.it\/index.php\/evento\/centanni-di-economia-1924-2024\/#breadcrumb\",\"itemListElement\":[{\"@type\":\"ListItem\",\"position\":1,\"name\":\"Eventi\",\"item\":\"https:\/\/100anni.units.it\/index.php\/eventi\/\"},{\"@type\":\"ListItem\",\"position\":2,\"name\":\"Cent&#8217;anni di Economia 1924 > 2024\"}]},{\"@type\":\"WebSite\",\"@id\":\"https:\/\/100anni.units.it\/#website\",\"url\":\"https:\/\/100anni.units.it\/\",\"name\":\"#100UniTS\",\"description\":\"Ogni giorno, da cento anni, con noi puoi scoprire ci\u00f2 che sar\u00e0 realt\u00e0 nel futuro. Celebriamo insieme un secolo di ricerca, eccellenza, creativit\u00e0 e ingegno umano.\",\"publisher\":{\"@id\":\"https:\/\/100anni.units.it\/#organization\"},\"potentialAction\":[{\"@type\":\"SearchAction\",\"target\":{\"@type\":\"EntryPoint\",\"urlTemplate\":\"https:\/\/100anni.units.it\/?s={search_term_string}\"},\"query-input\":\"required name=search_term_string\"}],\"inLanguage\":\"it-IT\"},{\"@type\":\"Organization\",\"@id\":\"https:\/\/100anni.units.it\/#organization\",\"name\":\"Universit\u00e0 degli Studi di Trieste\",\"alternateName\":\"UniTS\",\"url\":\"https:\/\/100anni.units.it\/\",\"logo\":{\"@type\":\"ImageObject\",\"inLanguage\":\"it-IT\",\"@id\":\"https:\/\/100anni.units.it\/#\/schema\/logo\/image\/\",\"url\":\"https:\/\/100anni.units.it\/wp-content\/uploads\/2023\/08\/units_sigillo.png\",\"contentUrl\":\"https:\/\/100anni.units.it\/wp-content\/uploads\/2023\/08\/units_sigillo.png\",\"width\":696,\"height\":696,\"caption\":\"Universit\u00e0 degli Studi di Trieste\"},\"image\":{\"@id\":\"https:\/\/100anni.units.it\/#\/schema\/logo\/image\/\"},\"sameAs\":[\"https:\/\/www.facebook.com\/universitatrieste\",\"https:\/\/twitter.com\/UniTrieste\"]}]}<\/script>\n<!-- \/ Yoast SEO plugin. -->","yoast_head_json":{"title":"Cent'anni di Economia 1924 > 2024 &ndash; #100UniTS","description":"Luned\u00ec 15 aprile 2024, dalle ore 17.00 alle ore 19.00, presso l'Aula Magna\u00a0dell'Edificio centrale A (Campus di Piazzale Europa), si svolger\u00e0 l'evento di\u00a0Celebrazione dei \"Cent'anni di Economia 1924 > 2024\", intitolato \"EC100 ECONOMIA:\u00a0APPELLO STRAORDINARIO\u2026 PER FUORI CORSO\". Evento ad accesso libero","robots":{"index":"index","follow":"follow","max-snippet":"max-snippet:-1","max-image-preview":"max-image-preview:large","max-video-preview":"max-video-preview:-1"},"canonical":"https:\/\/100anni.units.it\/index.php\/evento\/centanni-di-economia-1924-2024\/","og_locale":"it_IT","og_type":"article","og_title":"Cent'anni di Economia 1924 > 2024 &ndash; #100UniTS","og_description":"Luned\u00ec 15 aprile 2024, dalle ore 17.00 alle ore 19.00, presso l'Aula Magna\u00a0dell'Edificio centrale A (Campus di Piazzale Europa), si svolger\u00e0 l'evento di\u00a0Celebrazione dei \"Cent'anni di Economia 1924 > 2024\", intitolato \"EC100 ECONOMIA:\u00a0APPELLO STRAORDINARIO\u2026 PER FUORI CORSO\". Evento ad accesso libero","og_url":"https:\/\/100anni.units.it\/index.php\/evento\/centanni-di-economia-1924-2024\/","og_site_name":"#100UniTS","article_publisher":"https:\/\/www.facebook.com\/universitatrieste","article_modified_time":"2024-04-10T07:16:40+00:00","og_image":[{"width":1773,"height":997,"url":"https:\/\/100anni.units.it\/wp-content\/uploads\/2024\/04\/100UniTS_dettagliolocandina_Centanni-Economia_PROGRAMMAseconda-parte.jpg","type":"image\/jpeg"}],"twitter_card":"summary_large_image","twitter_site":"@UniTrieste","twitter_misc":{"Tempo di lettura stimato":"2 minuti"},"schema":{"@context":"https:\/\/schema.org","@graph":[{"@type":"WebPage","@id":"https:\/\/100anni.units.it\/index.php\/evento\/centanni-di-economia-1924-2024\/","url":"https:\/\/100anni.units.it\/index.php\/evento\/centanni-di-economia-1924-2024\/","name":"Cent'anni di Economia 1924 > 2024 &ndash; #100UniTS","isPartOf":{"@id":"https:\/\/100anni.units.it\/#website"},"datePublished":"2024-04-09T17:47:13+00:00","dateModified":"2024-04-10T07:16:40+00:00","description":"Luned\u00ec 15 aprile 2024, dalle ore 17.00 alle ore 19.00, presso l'Aula Magna\u00a0dell'Edificio centrale A (Campus di Piazzale Europa), si svolger\u00e0 l'evento di\u00a0Celebrazione dei \"Cent'anni di Economia 1924 > 2024\", intitolato \"EC100 ECONOMIA:\u00a0APPELLO STRAORDINARIO\u2026 PER FUORI CORSO\". Evento ad accesso libero","breadcrumb":{"@id":"https:\/\/100anni.units.it\/index.php\/evento\/centanni-di-economia-1924-2024\/#breadcrumb"},"inLanguage":"it-IT","potentialAction":[{"@type":"ReadAction","target":["https:\/\/100anni.units.it\/index.php\/evento\/centanni-di-economia-1924-2024\/"]}]},{"@type":"BreadcrumbList","@id":"https:\/\/100anni.units.it\/index.php\/evento\/centanni-di-economia-1924-2024\/#breadcrumb","itemListElement":[{"@type":"ListItem","position":1,"name":"Eventi","item":"https:\/\/100anni.units.it\/index.php\/eventi\/"},{"@type":"ListItem","position":2,"name":"Cent&#8217;anni di Economia 1924 > 2024"}]},{"@type":"WebSite","@id":"https:\/\/100anni.units.it\/#website","url":"https:\/\/100anni.units.it\/","name":"#100UniTS","description":"Ogni giorno, da cento anni, con noi puoi scoprire ci\u00f2 che sar\u00e0 realt\u00e0 nel futuro. Celebriamo insieme un secolo di ricerca, eccellenza, creativit\u00e0 e ingegno umano.","publisher":{"@id":"https:\/\/100anni.units.it\/#organization"},"potentialAction":[{"@type":"SearchAction","target":{"@type":"EntryPoint","urlTemplate":"https:\/\/100anni.units.it\/?s={search_term_string}"},"query-input":"required name=search_term_string"}],"inLanguage":"it-IT"},{"@type":"Organization","@id":"https:\/\/100anni.units.it\/#organization","name":"Universit\u00e0 degli Studi di Trieste","alternateName":"UniTS","url":"https:\/\/100anni.units.it\/","logo":{"@type":"ImageObject","inLanguage":"it-IT","@id":"https:\/\/100anni.units.it\/#\/schema\/logo\/image\/","url":"https:\/\/100anni.units.it\/wp-content\/uploads\/2023\/08\/units_sigillo.png","contentUrl":"https:\/\/100anni.units.it\/wp-content\/uploads\/2023\/08\/units_sigillo.png","width":696,"height":696,"caption":"Universit\u00e0 degli Studi di Trieste"},"image":{"@id":"https:\/\/100anni.units.it\/#\/schema\/logo\/image\/"},"sameAs":["https:\/\/www.facebook.com\/universitatrieste","https:\/\/twitter.com\/UniTrieste"]}]}},"_links":{"self":[{"href":"https:\/\/100anni.units.it\/index.php\/wp-json\/wp\/v2\/tribe_events\/4822","targetHints":{"allow":["GET"]}}],"collection":[{"href":"https:\/\/100anni.units.it\/index.php\/wp-json\/wp\/v2\/tribe_events"}],"about":[{"href":"https:\/\/100anni.units.it\/index.php\/wp-json\/wp\/v2\/types\/tribe_events"}],"author":[{"embeddable":true,"href":"https:\/\/100anni.units.it\/index.php\/wp-json\/wp\/v2\/users\/1"}],"replies":[{"embeddable":true,"href":"https:\/\/100anni.units.it\/index.php\/wp-json\/wp\/v2\/comments?post=4822"}],"version-history":[{"count":11,"href":"https:\/\/100anni.units.it\/index.php\/wp-json\/wp\/v2\/tribe_events\/4822\/revisions"}],"predecessor-version":[{"id":4863,"href":"https:\/\/100anni.units.it\/index.php\/wp-json\/wp\/v2\/tribe_events\/4822\/revisions\/4863"}],"wp:featuredmedia":[{"embeddable":true,"href":"https:\/\/100anni.units.it\/index.php\/wp-json\/wp\/v2\/media\/4832"}],"wp:attachment":[{"href":"https:\/\/100anni.units.it\/index.php\/wp-json\/wp\/v2\/media?parent=4822"}],"wp:term":[{"taxonomy":"post_tag","embeddable":true,"href":"https:\/\/100anni.units.it\/index.php\/wp-json\/wp\/v2\/tags?post=4822"},{"taxonomy":"tribe_events_cat","embeddable":true,"href":"https:\/\/100anni.units.it\/index.php\/wp-json\/wp\/v2\/tribe_events_cat?post=4822"}],"curies":[{"name":"wp","href":"https:\/\/api.w.org\/{rel}","templated":true}]}}