{"id":5178,"date":"2024-05-10T15:49:21","date_gmt":"2024-05-10T13:49:21","guid":{"rendered":"https:\/\/100anni.units.it\/?post_type=tribe_events&#038;p=5178"},"modified":"2024-05-10T16:35:32","modified_gmt":"2024-05-10T14:35:32","slug":"rose-libri-musica-vino-2024-omaggio-a-gaetano-kanizsa","status":"publish","type":"tribe_events","link":"https:\/\/100anni.units.it\/index.php\/evento\/rose-libri-musica-vino-2024-omaggio-a-gaetano-kanizsa\/","title":{"rendered":"Rose Libri Musica Vino 2024 \u2013 omaggio a Gaetano Kanizsa"},"content":{"rendered":"<div  class=\"tribe-events-schedule tribe-clearfix\" >\n\t<h2 class=\"tribe-events-schedule__datetime\">\n\t\t<span class=\"tribe-events-schedule__date tribe-events-schedule__date--start\">\n\t\t\t10 Maggio 2024\t\t<\/span>\n\n\t\t\t\t\t<span class=\"tribe-events-schedule__separator tribe-events-schedule__separator--date\">\n\t\t\t\t ore \t\t\t<\/span>\n\t\t\t<span class=\"tribe-events-schedule__time tribe-events-schedule__time--start\">\n\t\t\t\t15:30\t\t\t<\/span>\n\t\t\n\t\t\t\t\t\t\t\t\t<span class=\"tribe-events-schedule__separator tribe-events-schedule__separator--time\">\n\t\t\t\t\t &#8211; \t\t\t\t<\/span>\n\t\t\t\n\t\t\t\t\t\t\t<span class=\"tribe-events-schedule__time tribe-events-schedule__time--end\">\n\t\t\t\t\t22:30\t\t\t\t<\/span>\n\t\t\t\n\t\t\t\t\t\t<\/h2>\n<\/div>\n\n\n\n<div class=\"wp-block-columns is-layout-flex wp-container-core-columns-is-layout-9d6595d7 wp-block-columns-is-layout-flex\">\n<div class=\"wp-block-column is-layout-flow wp-block-column-is-layout-flow\">\n<p><strong>Nella seconda giornata di Rose Libri Musica Vino spazio al paesaggio con l\u2019architetta Ana Ku\u010dan e all\u2019esperienza visionaria di Adriano Olivetti, a cui partecip\u00f2 anche Kanizsa; in scena un gioco di specchi prodotto e proposto da Hangar Teatri.<\/strong><\/p>\n\n\n\n<p>La&nbsp;<strong>seconda giornata<\/strong>&nbsp;della&nbsp;<strong><strong>13\u00b0<\/strong>edizione di Rose Libri Musica Vino<\/strong>, la rassegna promossa dalla cooperativa sociale&nbsp;<strong>Agricola Monte San Pantaleone<\/strong>&nbsp;e dall\u2019<strong>Universit\u00e0 degli Studi di Trieste<\/strong>, che si tiene tutti i venerd\u00ec di maggio nel&nbsp;<strong>roseto del Parco di San Giovanni<\/strong>, \u00e8 in programma&nbsp;<strong>venerd\u00ec 10 maggio<\/strong>&nbsp;e sar\u00e0 dedicata a&nbsp;<strong>Gaetano Kanizsa<\/strong>.<\/p>\n\n\n\n<p>Scienziato e artista, allievo di Cesare Musatti,&nbsp;<strong>Kanizsa&nbsp;<\/strong>\u00e8 una delle quattro personalit\u00e0 scelte per celebrare il centenario dell\u2019ateneo giuliano: a lui si deve la fondazione dell\u2019Istituto di Psicologia dell\u2019Universit\u00e0 degli Studi di Trieste. Tra le cose che fece prima di tornare a Trieste come titolare della cattedra di Psicologia c\u2019\u00e8 un\u2019esperienza al Laboratorio di Psicologia della Olivetti di Ivrea, dove rimase fino al 1947. Lui e altri intellettuali furono chiamati nella convinzione che potessero dare un apporto utile al mondo industriale, pur provenendo da una cultura non aziendale. <\/p>\n\n\n\n<p>Per approfondire questo aspetto meno conosciuto della sua biografia, il libro protagonista della giornata sar\u00e0&nbsp;<strong>\u201cUmanesimo e tecnologia. Il laboratorio Olivetti\u201d<\/strong>&nbsp;(Quodlibet, 2021): <strong>alle ore 17.30<\/strong> a conversare con il curatore&nbsp;<strong>Daniele Balicco<\/strong>&nbsp;ci sar\u00e0&nbsp;<strong>Luca Bortolussi<\/strong>, docente di Informatica all\u2019Universit\u00e0 di Trieste.<\/p>\n\n\n\n<p>L\u2019omaggio a Kanizsa continua <strong>alle ore 18.30<\/strong> nel dialogo tra&nbsp;<strong>Milos \u0160kabar<\/strong>, vignaiolo in Repen, e&nbsp;<strong>Simonetta Lorigliola<\/strong>, giornalista e autrice: protagonista la&nbsp;<strong>Vitovska<\/strong>, perch\u00e9 Kanizsa amava i vini del Carso e la Vitovska nasce dal principale vitigno autoctono carsolino. Quella di cui si parler\u00e0 a Rose Libri Musica Vino \u00e8 prodotta da&nbsp;<strong>Milo\u0161 \u0160kabar<\/strong>: vignaiolo per passione e non per tradizione, pratica al massimo grado della manualit\u00e0 una viticoltura eroica che oltre a dare ottimi frutti contribuisce a salvaguardare il vigneto paesaggio.<\/p>\n\n\n\n<p>Il racconto del vino lascer\u00e0 poi il palco a&nbsp;<strong>Hangar Teatri<\/strong>, che <strong>alle ore 19.00<\/strong> proporr\u00e0&nbsp;<strong>\u201cTano. Inganno e verit\u00e0 nelle ricerche di Gaetano Kanizsa\u201d<\/strong>: in scena&nbsp;<strong>Fulvio Falzarano e Nicola Ciaffoni<\/strong>&nbsp;con la partecipazione amichevole di&nbsp;<strong>Walter Gerbino<\/strong>, professore emerito dell\u2019ateneo giuliano, e la drammaturgia di&nbsp;<strong>Gioia Battista<\/strong>.<\/p>\n\n\n\n<p><strong>Kanizsa<\/strong>, psicologo, professore e artista della percezione, ci suggerisce che per la nostra tendenza organizzativa innata non riusciamo a percepire una figura senza uno sfondo: \u00e8 per questo che per \u201cvedere\u201d davvero abbiamo bisogno di un contrasto, di qualcosa d\u2019altro che sia alle spalle della figura stessa. L\u2019idea di Kanizsa diventa cos\u00ec un gioco teatrale: per vedere noi stessi abbiamo bisogno dell\u2019altro, di qualcuno diverso da noi, che sia contemporaneamente la risposta e la domanda, ed ecco che nasce un dialogo, illusorio e inventato, tra Kanizsa e il suo Maestro. In un gioco di specchi che si riflettono il professore \u00e8 nello stesso tempo allievo, e il vero allievo si incontra solo alla fine, quando il gioco percettivo \u00e8 svelato.<\/p>\n\n\n\n<p>Anche venerd\u00ec 10 la giornata comincer\u00e0 con una passeggiata: appuntamento <strong>alle&nbsp;ore<\/strong> <strong>15.30<\/strong>&nbsp;con&nbsp;<strong>Kevin Nicolini<\/strong>, cooperatore sociale, che guider\u00e0 la&nbsp;<strong>passeggiata della memoria<\/strong>. A seguire, <strong>alle&nbsp;ore 17.00<\/strong>, per la sezione <em>Rose<\/em>, l\u2019incontro con&nbsp;<strong>Ana Ku\u010dan<\/strong>, architetta del paesaggio e docente di Progettazione e teoria del paesaggio presso il Dipartimento di Architettura del Paesaggio della Facolt\u00e0 di Biotecnologia dell&#8217;Universit\u00e0 di Lubiana, che in dialogo con il promotore culturale&nbsp;<strong>Massimiliano Schiozzi<\/strong>&nbsp;parler\u00e0 del giardino come metafora del mondo e del verde come servizio che la pubblica amministrazione deve garantire ai cittadini a partire dal libro scritto con Mateja Kurir&nbsp;\u201cGarden and Metaphor. Essays on the Essence of the Garden\u201d (Birkhauser, 2024).<\/p>\n\n\n\n<p>Confermata infine anche quest\u2019anno l\u2019attenzione ai pi\u00f9&nbsp;piccoli&nbsp;dai 5 ai 12 anni, per i quali&nbsp;<strong>Mini-Mu<\/strong>&nbsp;propone <strong>alle ore 16.00<\/strong>&nbsp;<em>Mare di segni e disegni,<\/em> attivit\u00e0 per la quale \u00e8 gradita la prenotazione e un contributo libero (<a href=\"mailto:info@mini-mu.it\">info@mini-mu.it<\/a>; +39 3332611573).<\/p>\n\n\n\n<p>In caso di maltempo gli incontri si terranno al Teatro Franca e Franco Basaglia.<\/p>\n\n\n\n<p><strong>Per maggiori informazioni:&nbsp;<\/strong>Ufficio Supporto alla divulgazione scientifica (<a href=\"mailto:divulgazione.scientifica@units.it\">divulgazione.scientifica@units.it<\/a>)<\/p>\n\n\n\n<p class=\"has-neve-link-color-color has-text-color\">Evento ad accesso libero<\/p>\n<\/div>\n\n\n\n<div class=\"wp-block-column is-vertically-aligned-top is-layout-flow wp-block-column-is-layout-flow\" style=\"flex-basis:30%\">\n<figure class=\"wp-block-image size-large\"><img loading=\"lazy\" decoding=\"async\" width=\"1024\" height=\"576\" src=\"https:\/\/100anni.units.it\/wp-content\/uploads\/2024\/04\/100UniTS_dettaglio_locandina_Roselibrimusicavino-1024x576.jpg\" alt=\"dettaglio locandina rose libri musica vino 2024\" class=\"wp-image-5014\" srcset=\"https:\/\/100anni.units.it\/wp-content\/uploads\/2024\/04\/100UniTS_dettaglio_locandina_Roselibrimusicavino-1024x576.jpg 1024w, https:\/\/100anni.units.it\/wp-content\/uploads\/2024\/04\/100UniTS_dettaglio_locandina_Roselibrimusicavino-300x169.jpg 300w, https:\/\/100anni.units.it\/wp-content\/uploads\/2024\/04\/100UniTS_dettaglio_locandina_Roselibrimusicavino-768x432.jpg 768w, https:\/\/100anni.units.it\/wp-content\/uploads\/2024\/04\/100UniTS_dettaglio_locandina_Roselibrimusicavino.jpg 1090w\" sizes=\"auto, (max-width: 1024px) 100vw, 1024px\" \/><\/figure>\n<\/div>\n<\/div>\n\n\n\n<div class=\"wp-block-columns are-vertically-aligned-center is-layout-flex wp-container-core-columns-is-layout-9d6595d7 wp-block-columns-is-layout-flex\">\n<div class=\"wp-block-column is-vertically-aligned-center is-layout-flow wp-block-column-is-layout-flow\"><div  class=\"tribe-block tribe-block__venue tribe-clearfix\" >\n\t\n\t\n<div class=\"tribe-block__venue__meta\">\n\t<div class=\"tribe-block__venue__name\">\n\t\t<h3>Parco di San Giovanni<\/h3>\n\t<\/div>\n\n\t\n\t\t\t<address class=\"tribe-block__venue__address\">\n\t\t\t<span class=\"tribe-address\">\n\n<span class=\"tribe-street-address\">via Edoardo Weiss<\/span>\n\t\n\t\t<br>\n\t\t<span class=\"tribe-locality\">Trieste<\/span><span class=\"tribe-delimiter\">,<\/span>\n\n\t<abbr class=\"tribe-region tribe-events-abbr\" title=\"TS\">TS<\/abbr>\n\n\t<span class=\"tribe-postal-code\">34100<\/span>\n\n\t<span class=\"tribe-country-name\">Italia<\/span>\n\n<\/span>\n\n\t\t\t\t\t<\/address>\n\t\n\t\n\t\n\t<\/div>\n\t\n\t<\/div>\n<\/div>\n\n\n\n<div class=\"wp-block-column is-vertically-aligned-center is-layout-flow wp-block-column-is-layout-flow\" style=\"flex-basis:30%\">\n<div class=\"wp-block-group is-vertical is-content-justification-center is-layout-flex wp-container-core-group-is-layout-0472769e wp-block-group-is-layout-flex\">\t<div  class=\"tribe-block tribe-block__events-link\" >\n\t\t<div class=\"tribe-events tribe-common\">\n\t\t\t<div class=\"tribe-events-c-subscribe-dropdown__container\">\n\t\t\t\t<div class=\"tribe-events-c-subscribe-dropdown\">\n\t\t\t\t\t<div class=\"tribe-common-c-btn-border tribe-events-c-subscribe-dropdown__button\" tabindex=\"0\">\n\t\t\t\t\t\t<svg  class=\"tribe-common-c-svgicon tribe-common-c-svgicon--cal-export tribe-events-c-subscribe-dropdown__export-icon\"  viewBox=\"0 0 23 17\" xmlns=\"http:\/\/www.w3.org\/2000\/svg\">\n  <path fill-rule=\"evenodd\" clip-rule=\"evenodd\" d=\"M.128.896V16.13c0 .211.145.383.323.383h15.354c.179 0 .323-.172.323-.383V.896c0-.212-.144-.383-.323-.383H.451C.273.513.128.684.128.896Zm16 6.742h-.901V4.679H1.009v10.729h14.218v-3.336h.901V7.638ZM1.01 1.614h14.218v2.058H1.009V1.614Z\" \/>\n  <path d=\"M20.5 9.846H8.312M18.524 6.953l2.89 2.909-2.855 2.855\" stroke-width=\"1.2\" stroke-linecap=\"round\" stroke-linejoin=\"round\"\/>\n<\/svg>\n\t\t\t\t\t\t<button class=\"tribe-events-c-subscribe-dropdown__button-text\">\n\t\t\t\t\t\t\tSalva nel tuo calendario\t\t\t\t\t\t<\/button>\n\t\t\t\t\t\t<svg  class=\"tribe-common-c-svgicon tribe-common-c-svgicon--caret-down tribe-events-c-subscribe-dropdown__button-icon\"  viewBox=\"0 0 10 7\" xmlns=\"http:\/\/www.w3.org\/2000\/svg\"><path fill-rule=\"evenodd\" clip-rule=\"evenodd\" d=\"M1.008.609L5 4.6 8.992.61l.958.958L5 6.517.05 1.566l.958-.958z\" class=\"tribe-common-c-svgicon__svg-fill\"\/><\/svg>\n\t\t\t\t\t<\/div>\n\t\t\t\t\t<div class=\"tribe-events-c-subscribe-dropdown__content\">\n\t\t\t\t\t\t<ul class=\"tribe-events-c-subscribe-dropdown__list\" tabindex=\"0\">\n\t\t\t\t\t\t\t\t\t\t\t\t\t\t\t<li class=\"tribe-events-c-subscribe-dropdown__list-item\">\n\t\t\t\t\t\t\t\t\t<a\n\t\t\t\t\t\t\t\t\t\thref=\"https:\/\/www.google.com\/calendar\/event?action=TEMPLATE&#038;dates=20240510T153000\/20240510T223000&#038;text=Rose%20Libri%20Musica%20Vino%202024%20%E2%80%93%20omaggio%20a%20Gaetano%20Kanizsa&#038;details=%3C%21--+wp%3Atribe%2Fevent-datetime+%2F--%3E%3C%21--+wp%3Acolumns+--%3E%3Cdiv+class%3D%22wp-block-columns%22%3E%3C%21--+wp%3Acolumn+%7B%22width%22%3A%22%22%7D+--%3E%3Cdiv+class%3D%22wp-block-column%22%3E%3C%21--+wp%3Aparagraph+--%3E%3Cp%3E%3Cstrong%3ENella+seconda+giornata+di+Rose+Libri+Musica+Vino+spazio+al+paesaggio+con+l%E2%80%99architetta+Ana+Ku%C4%8Dan+e+all%E2%80%99esperienza+visionaria+di+Adriano+Olivetti%2C+a+cui+partecip%C3%B2+anche+Kanizsa%3B+in+scena+un+gioco+di+specchi+prodotto+e+proposto+da+Hangar+Teatri.%3C%2Fstrong%3E%3C%2Fp%3E%3C%21--+%2Fwp%3Aparagraph+--%3E%3C%21--+wp%3Aparagraph+--%3E%3Cp%3ELa%26nbsp%3B%3Cstrong%3Eseconda+giornata%3C%2Fstrong%3E%26nbsp%3Bdella%26nbsp%3B%3Cstrong%3E%3Cstrong%3E13%C2%B0%3C%2Fstrong%3Eedizione+di+Rose+Libri+Musica+Vino%3C%2Fstrong%3E%2C+la+rassegna+promossa+dalla+cooperativa+sociale%26nbsp%3B%3Cstrong%3EAgricola+Monte+San+Pantaleone%3C%2Fstrong%3E%26nbsp%3Be+dall%E2%80%99%3Cstrong%3EUniversit%C3%A0+degli+S%20(View%20Full%20evento%20Description%20Here:%20https:\/\/100anni.units.it\/index.php\/evento\/rose-libri-musica-vino-2024-omaggio-a-gaetano-kanizsa\/)&#038;location=Parco%20di%20San%20Giovanni,%20via%20Edoardo%20Weiss,%20Trieste,%20TS,%2034100,%20Italia&#038;trp=false&#038;ctz=Europe\/Rome&#038;sprop=website:https:\/\/100anni.units.it\"\n\t\t\t\t\t\t\t\t\t\tclass=\"tribe-events-c-subscribe-dropdown__list-item-link\"\n\t\t\t\t\t\t\t\t\t\ttabindex=\"0\"\n\t\t\t\t\t\t\t\t\t\ttarget=\"_blank\"\n\t\t\t\t\t\t\t\t\t\trel=\"noopener noreferrer nofollow noindex\"\n\t\t\t\t\t\t\t\t\t>\n\t\t\t\t\t\t\t\t\t\tGoogle Calendar\t\t\t\t\t\t\t\t\t<\/a>\n\t\t\t\t\t\t\t\t<\/li>\n\t\t\t\t\t\t\t\t\t\t\t\t\t\t\t<li class=\"tribe-events-c-subscribe-dropdown__list-item\">\n\t\t\t\t\t\t\t\t\t<a\n\t\t\t\t\t\t\t\t\t\thref=\"\"\n\t\t\t\t\t\t\t\t\t\tclass=\"tribe-events-c-subscribe-dropdown__list-item-link\"\n\t\t\t\t\t\t\t\t\t\ttabindex=\"0\"\n\t\t\t\t\t\t\t\t\t\ttarget=\"_blank\"\n\t\t\t\t\t\t\t\t\t\trel=\"noopener noreferrer nofollow noindex\"\n\t\t\t\t\t\t\t\t\t>\n\t\t\t\t\t\t\t\t\t\tiCalendar\t\t\t\t\t\t\t\t\t<\/a>\n\t\t\t\t\t\t\t\t<\/li>\n\t\t\t\t\t\t\t\t\t\t\t\t\t\t\t<li class=\"tribe-events-c-subscribe-dropdown__list-item\">\n\t\t\t\t\t\t\t\t\t<a\n\t\t\t\t\t\t\t\t\t\thref=\"\"\n\t\t\t\t\t\t\t\t\t\tclass=\"tribe-events-c-subscribe-dropdown__list-item-link\"\n\t\t\t\t\t\t\t\t\t\ttabindex=\"0\"\n\t\t\t\t\t\t\t\t\t\ttarget=\"_blank\"\n\t\t\t\t\t\t\t\t\t\trel=\"noopener noreferrer nofollow noindex\"\n\t\t\t\t\t\t\t\t\t>\n\t\t\t\t\t\t\t\t\t\tOutlook 365\t\t\t\t\t\t\t\t\t<\/a>\n\t\t\t\t\t\t\t\t<\/li>\n\t\t\t\t\t\t\t\t\t\t\t\t\t\t\t<li class=\"tribe-events-c-subscribe-dropdown__list-item\">\n\t\t\t\t\t\t\t\t\t<a\n\t\t\t\t\t\t\t\t\t\thref=\"\"\n\t\t\t\t\t\t\t\t\t\tclass=\"tribe-events-c-subscribe-dropdown__list-item-link\"\n\t\t\t\t\t\t\t\t\t\ttabindex=\"0\"\n\t\t\t\t\t\t\t\t\t\ttarget=\"_blank\"\n\t\t\t\t\t\t\t\t\t\trel=\"noopener noreferrer nofollow noindex\"\n\t\t\t\t\t\t\t\t\t>\n\t\t\t\t\t\t\t\t\t\tOutlook Live\t\t\t\t\t\t\t\t\t<\/a>\n\t\t\t\t\t\t\t\t<\/li>\n\t\t\t\t\t\t\t\t\t\t\t\t\t<\/ul>\n\t\t\t\t\t<\/div>\n\t\t\t\t<\/div>\n\t\t\t<\/div>\n\t\t<\/div>\n\t<\/div>\n\n\n\n\n<div class=\"wp-block-buttons is-content-justification-center is-layout-flex wp-container-core-buttons-is-layout-16018d1d wp-block-buttons-is-layout-flex\">\n<div class=\"wp-block-button has-custom-width wp-block-button__width-100 is-style-primary\"><a class=\"wp-block-button__link wp-element-button\" href=\"https:\/\/100anni.units.it\/wp-content\/uploads\/2024\/04\/100UniTS_programma_rose_libri_musica_vino_2024.pdf\" target=\"_blank\" rel=\"noreferrer noopener\">scarica il programma<\/a><\/div>\n<\/div>\n<\/div>\n<\/div>\n<\/div>\n\n\n\n<div style=\"height:100px\" aria-hidden=\"true\" class=\"wp-block-spacer\"><\/div>\n","protected":false},"excerpt":{"rendered":"<p>Appuntamento tutti i venerd\u00ec dal 3 al 31 maggio al Parco San Giovanni. Evento ad accesso libero<\/p>\n","protected":false},"author":1,"featured_media":5014,"comment_status":"closed","ping_status":"closed","template":"","meta":{"neve_meta_sidebar":"","neve_meta_container":"","neve_meta_enable_content_width":"","neve_meta_content_width":0,"neve_meta_title_alignment":"","neve_meta_author_avatar":"","neve_post_elements_order":"","neve_meta_disable_header":"","neve_meta_disable_footer":"","neve_meta_disable_title":"","_EventAllDay":false,"_EventTimezone":"Europe\/Rome","_EventStartDate":"2024-05-10 15:30:00","_EventEndDate":"2024-05-10 22:30:00","_EventStartDateUTC":"2024-05-10 13:30:00","_EventEndDateUTC":"2024-05-10 20:30:00","_EventShowMap":false,"_EventShowMapLink":false,"_EventURL":"","_EventCost":"","_EventCostDescription":"","_EventCurrencySymbol":"\u20ac","_EventCurrencyCode":"EUR","_EventCurrencyPosition":"prefix","_EventDateTimeSeparator":" ore ","_EventTimeRangeSeparator":" - ","_EventOrganizerID":[],"_EventVenueID":[5180],"_OrganizerEmail":"","_OrganizerPhone":"","_OrganizerWebsite":"","_VenueAddress":"","_VenueCity":"","_VenueCountry":"","_VenueProvince":"","_VenueState":"","_VenueZip":"","_VenuePhone":"","_VenueURL":"","_VenueStateProvince":"","_VenueLat":"","_VenueLng":"","_VenueShowMap":false,"_VenueShowMapLink":false,"_ti_tpc_template_sync":false,"_ti_tpc_template_id":"","_tribe_events_status":"","_tribe_events_status_reason":"","footnotes":""},"tags":[],"tribe_events_cat":[3],"class_list":["post-5178","tribe_events","type-tribe_events","status-publish","has-post-thumbnail","hentry","tribe_events_cat-ateneo","cat_ateneo"],"yoast_head":"<!-- This site is optimized with the Yoast SEO plugin v21.0 - https:\/\/yoast.com\/wordpress\/plugins\/seo\/ -->\n<title>Rose Libri Musica Vino 2024 \u2013 omaggio a Gaetano Kanizsa &ndash; #100UniTS<\/title>\n<meta name=\"description\" content=\"Appuntamento tutti i venerd\u00ec dal 3 al 31 maggio al Parco San Giovanni. Evento ad accesso libero\" \/>\n<meta name=\"robots\" content=\"index, follow, max-snippet:-1, max-image-preview:large, max-video-preview:-1\" \/>\n<link rel=\"canonical\" href=\"https:\/\/100anni.units.it\/index.php\/evento\/rose-libri-musica-vino-2024-omaggio-a-gaetano-kanizsa\/\" \/>\n<meta property=\"og:locale\" content=\"it_IT\" \/>\n<meta property=\"og:type\" content=\"article\" \/>\n<meta property=\"og:title\" content=\"Rose Libri Musica Vino 2024 \u2013 omaggio a Gaetano Kanizsa &ndash; #100UniTS\" \/>\n<meta property=\"og:description\" content=\"Appuntamento tutti i venerd\u00ec dal 3 al 31 maggio al Parco San Giovanni. Evento ad accesso libero\" \/>\n<meta property=\"og:url\" content=\"https:\/\/100anni.units.it\/index.php\/evento\/rose-libri-musica-vino-2024-omaggio-a-gaetano-kanizsa\/\" \/>\n<meta property=\"og:site_name\" content=\"#100UniTS\" \/>\n<meta property=\"article:publisher\" content=\"https:\/\/www.facebook.com\/universitatrieste\" \/>\n<meta property=\"article:modified_time\" content=\"2024-05-10T14:35:32+00:00\" \/>\n<meta property=\"og:image\" content=\"https:\/\/100anni.units.it\/wp-content\/uploads\/2024\/04\/100UniTS_dettaglio_locandina_Roselibrimusicavino.jpg\" \/>\n\t<meta property=\"og:image:width\" content=\"1090\" \/>\n\t<meta property=\"og:image:height\" content=\"613\" \/>\n\t<meta property=\"og:image:type\" content=\"image\/jpeg\" \/>\n<meta name=\"twitter:card\" content=\"summary_large_image\" \/>\n<meta name=\"twitter:site\" content=\"@UniTrieste\" \/>\n<meta name=\"twitter:label1\" content=\"Tempo di lettura stimato\" \/>\n\t<meta name=\"twitter:data1\" content=\"4 minuti\" \/>\n<script type=\"application\/ld+json\" class=\"yoast-schema-graph\">{\"@context\":\"https:\/\/schema.org\",\"@graph\":[{\"@type\":\"WebPage\",\"@id\":\"https:\/\/100anni.units.it\/index.php\/evento\/rose-libri-musica-vino-2024-omaggio-a-gaetano-kanizsa\/\",\"url\":\"https:\/\/100anni.units.it\/index.php\/evento\/rose-libri-musica-vino-2024-omaggio-a-gaetano-kanizsa\/\",\"name\":\"Rose Libri Musica Vino 2024 \u2013 omaggio a Gaetano Kanizsa &ndash; #100UniTS\",\"isPartOf\":{\"@id\":\"https:\/\/100anni.units.it\/#website\"},\"datePublished\":\"2024-05-10T13:49:21+00:00\",\"dateModified\":\"2024-05-10T14:35:32+00:00\",\"description\":\"Appuntamento tutti i venerd\u00ec dal 3 al 31 maggio al Parco San Giovanni. Evento ad accesso libero\",\"breadcrumb\":{\"@id\":\"https:\/\/100anni.units.it\/index.php\/evento\/rose-libri-musica-vino-2024-omaggio-a-gaetano-kanizsa\/#breadcrumb\"},\"inLanguage\":\"it-IT\",\"potentialAction\":[{\"@type\":\"ReadAction\",\"target\":[\"https:\/\/100anni.units.it\/index.php\/evento\/rose-libri-musica-vino-2024-omaggio-a-gaetano-kanizsa\/\"]}]},{\"@type\":\"BreadcrumbList\",\"@id\":\"https:\/\/100anni.units.it\/index.php\/evento\/rose-libri-musica-vino-2024-omaggio-a-gaetano-kanizsa\/#breadcrumb\",\"itemListElement\":[{\"@type\":\"ListItem\",\"position\":1,\"name\":\"Eventi\",\"item\":\"https:\/\/100anni.units.it\/index.php\/eventi\/\"},{\"@type\":\"ListItem\",\"position\":2,\"name\":\"Rose Libri Musica Vino 2024 \u2013 omaggio a Gaetano Kanizsa\"}]},{\"@type\":\"WebSite\",\"@id\":\"https:\/\/100anni.units.it\/#website\",\"url\":\"https:\/\/100anni.units.it\/\",\"name\":\"#100UniTS\",\"description\":\"Ogni giorno, da cento anni, con noi puoi scoprire ci\u00f2 che sar\u00e0 realt\u00e0 nel futuro. Celebriamo insieme un secolo di ricerca, eccellenza, creativit\u00e0 e ingegno umano.\",\"publisher\":{\"@id\":\"https:\/\/100anni.units.it\/#organization\"},\"potentialAction\":[{\"@type\":\"SearchAction\",\"target\":{\"@type\":\"EntryPoint\",\"urlTemplate\":\"https:\/\/100anni.units.it\/?s={search_term_string}\"},\"query-input\":\"required name=search_term_string\"}],\"inLanguage\":\"it-IT\"},{\"@type\":\"Organization\",\"@id\":\"https:\/\/100anni.units.it\/#organization\",\"name\":\"Universit\u00e0 degli Studi di Trieste\",\"alternateName\":\"UniTS\",\"url\":\"https:\/\/100anni.units.it\/\",\"logo\":{\"@type\":\"ImageObject\",\"inLanguage\":\"it-IT\",\"@id\":\"https:\/\/100anni.units.it\/#\/schema\/logo\/image\/\",\"url\":\"https:\/\/100anni.units.it\/wp-content\/uploads\/2023\/08\/units_sigillo.png\",\"contentUrl\":\"https:\/\/100anni.units.it\/wp-content\/uploads\/2023\/08\/units_sigillo.png\",\"width\":696,\"height\":696,\"caption\":\"Universit\u00e0 degli Studi di Trieste\"},\"image\":{\"@id\":\"https:\/\/100anni.units.it\/#\/schema\/logo\/image\/\"},\"sameAs\":[\"https:\/\/www.facebook.com\/universitatrieste\",\"https:\/\/twitter.com\/UniTrieste\"]}]}<\/script>\n<!-- \/ Yoast SEO plugin. -->","yoast_head_json":{"title":"Rose Libri Musica Vino 2024 \u2013 omaggio a Gaetano Kanizsa &ndash; #100UniTS","description":"Appuntamento tutti i venerd\u00ec dal 3 al 31 maggio al Parco San Giovanni. Evento ad accesso libero","robots":{"index":"index","follow":"follow","max-snippet":"max-snippet:-1","max-image-preview":"max-image-preview:large","max-video-preview":"max-video-preview:-1"},"canonical":"https:\/\/100anni.units.it\/index.php\/evento\/rose-libri-musica-vino-2024-omaggio-a-gaetano-kanizsa\/","og_locale":"it_IT","og_type":"article","og_title":"Rose Libri Musica Vino 2024 \u2013 omaggio a Gaetano Kanizsa &ndash; #100UniTS","og_description":"Appuntamento tutti i venerd\u00ec dal 3 al 31 maggio al Parco San Giovanni. Evento ad accesso libero","og_url":"https:\/\/100anni.units.it\/index.php\/evento\/rose-libri-musica-vino-2024-omaggio-a-gaetano-kanizsa\/","og_site_name":"#100UniTS","article_publisher":"https:\/\/www.facebook.com\/universitatrieste","article_modified_time":"2024-05-10T14:35:32+00:00","og_image":[{"width":1090,"height":613,"url":"https:\/\/100anni.units.it\/wp-content\/uploads\/2024\/04\/100UniTS_dettaglio_locandina_Roselibrimusicavino.jpg","type":"image\/jpeg"}],"twitter_card":"summary_large_image","twitter_site":"@UniTrieste","twitter_misc":{"Tempo di lettura stimato":"4 minuti"},"schema":{"@context":"https:\/\/schema.org","@graph":[{"@type":"WebPage","@id":"https:\/\/100anni.units.it\/index.php\/evento\/rose-libri-musica-vino-2024-omaggio-a-gaetano-kanizsa\/","url":"https:\/\/100anni.units.it\/index.php\/evento\/rose-libri-musica-vino-2024-omaggio-a-gaetano-kanizsa\/","name":"Rose Libri Musica Vino 2024 \u2013 omaggio a Gaetano Kanizsa &ndash; #100UniTS","isPartOf":{"@id":"https:\/\/100anni.units.it\/#website"},"datePublished":"2024-05-10T13:49:21+00:00","dateModified":"2024-05-10T14:35:32+00:00","description":"Appuntamento tutti i venerd\u00ec dal 3 al 31 maggio al Parco San Giovanni. Evento ad accesso libero","breadcrumb":{"@id":"https:\/\/100anni.units.it\/index.php\/evento\/rose-libri-musica-vino-2024-omaggio-a-gaetano-kanizsa\/#breadcrumb"},"inLanguage":"it-IT","potentialAction":[{"@type":"ReadAction","target":["https:\/\/100anni.units.it\/index.php\/evento\/rose-libri-musica-vino-2024-omaggio-a-gaetano-kanizsa\/"]}]},{"@type":"BreadcrumbList","@id":"https:\/\/100anni.units.it\/index.php\/evento\/rose-libri-musica-vino-2024-omaggio-a-gaetano-kanizsa\/#breadcrumb","itemListElement":[{"@type":"ListItem","position":1,"name":"Eventi","item":"https:\/\/100anni.units.it\/index.php\/eventi\/"},{"@type":"ListItem","position":2,"name":"Rose Libri Musica Vino 2024 \u2013 omaggio a Gaetano Kanizsa"}]},{"@type":"WebSite","@id":"https:\/\/100anni.units.it\/#website","url":"https:\/\/100anni.units.it\/","name":"#100UniTS","description":"Ogni giorno, da cento anni, con noi puoi scoprire ci\u00f2 che sar\u00e0 realt\u00e0 nel futuro. Celebriamo insieme un secolo di ricerca, eccellenza, creativit\u00e0 e ingegno umano.","publisher":{"@id":"https:\/\/100anni.units.it\/#organization"},"potentialAction":[{"@type":"SearchAction","target":{"@type":"EntryPoint","urlTemplate":"https:\/\/100anni.units.it\/?s={search_term_string}"},"query-input":"required name=search_term_string"}],"inLanguage":"it-IT"},{"@type":"Organization","@id":"https:\/\/100anni.units.it\/#organization","name":"Universit\u00e0 degli Studi di Trieste","alternateName":"UniTS","url":"https:\/\/100anni.units.it\/","logo":{"@type":"ImageObject","inLanguage":"it-IT","@id":"https:\/\/100anni.units.it\/#\/schema\/logo\/image\/","url":"https:\/\/100anni.units.it\/wp-content\/uploads\/2023\/08\/units_sigillo.png","contentUrl":"https:\/\/100anni.units.it\/wp-content\/uploads\/2023\/08\/units_sigillo.png","width":696,"height":696,"caption":"Universit\u00e0 degli Studi di Trieste"},"image":{"@id":"https:\/\/100anni.units.it\/#\/schema\/logo\/image\/"},"sameAs":["https:\/\/www.facebook.com\/universitatrieste","https:\/\/twitter.com\/UniTrieste"]}]}},"_links":{"self":[{"href":"https:\/\/100anni.units.it\/index.php\/wp-json\/wp\/v2\/tribe_events\/5178","targetHints":{"allow":["GET"]}}],"collection":[{"href":"https:\/\/100anni.units.it\/index.php\/wp-json\/wp\/v2\/tribe_events"}],"about":[{"href":"https:\/\/100anni.units.it\/index.php\/wp-json\/wp\/v2\/types\/tribe_events"}],"author":[{"embeddable":true,"href":"https:\/\/100anni.units.it\/index.php\/wp-json\/wp\/v2\/users\/1"}],"replies":[{"embeddable":true,"href":"https:\/\/100anni.units.it\/index.php\/wp-json\/wp\/v2\/comments?post=5178"}],"version-history":[{"count":11,"href":"https:\/\/100anni.units.it\/index.php\/wp-json\/wp\/v2\/tribe_events\/5178\/revisions"}],"predecessor-version":[{"id":5211,"href":"https:\/\/100anni.units.it\/index.php\/wp-json\/wp\/v2\/tribe_events\/5178\/revisions\/5211"}],"wp:featuredmedia":[{"embeddable":true,"href":"https:\/\/100anni.units.it\/index.php\/wp-json\/wp\/v2\/media\/5014"}],"wp:attachment":[{"href":"https:\/\/100anni.units.it\/index.php\/wp-json\/wp\/v2\/media?parent=5178"}],"wp:term":[{"taxonomy":"post_tag","embeddable":true,"href":"https:\/\/100anni.units.it\/index.php\/wp-json\/wp\/v2\/tags?post=5178"},{"taxonomy":"tribe_events_cat","embeddable":true,"href":"https:\/\/100anni.units.it\/index.php\/wp-json\/wp\/v2\/tribe_events_cat?post=5178"}],"curies":[{"name":"wp","href":"https:\/\/api.w.org\/{rel}","templated":true}]}}