{"id":5231,"date":"2024-05-10T17:18:32","date_gmt":"2024-05-10T15:18:32","guid":{"rendered":"https:\/\/100anni.units.it\/?post_type=tribe_events&#038;p=5231"},"modified":"2024-05-10T17:41:09","modified_gmt":"2024-05-10T15:41:09","slug":"rose-libri-musica-vino-2024-omaggio-a-franco-basaglia","status":"publish","type":"tribe_events","link":"https:\/\/100anni.units.it\/index.php\/evento\/rose-libri-musica-vino-2024-omaggio-a-franco-basaglia\/","title":{"rendered":"Rose Libri Musica Vino 2024 \u2013 omaggio a Franco Basaglia"},"content":{"rendered":"<div  class=\"tribe-events-schedule tribe-clearfix\" >\n\t<h2 class=\"tribe-events-schedule__datetime\">\n\t\t<span class=\"tribe-events-schedule__date tribe-events-schedule__date--start\">\n\t\t\t3 Maggio 2024\t\t<\/span>\n\n\t\t\t\t\t<span class=\"tribe-events-schedule__separator tribe-events-schedule__separator--date\">\n\t\t\t\t ore \t\t\t<\/span>\n\t\t\t<span class=\"tribe-events-schedule__time tribe-events-schedule__time--start\">\n\t\t\t\t15:30\t\t\t<\/span>\n\t\t\n\t\t\t\t\t\t\t\t\t<span class=\"tribe-events-schedule__separator tribe-events-schedule__separator--time\">\n\t\t\t\t\t &#8211; \t\t\t\t<\/span>\n\t\t\t\n\t\t\t\t\t\t\t<span class=\"tribe-events-schedule__time tribe-events-schedule__time--end\">\n\t\t\t\t\t22:30\t\t\t\t<\/span>\n\t\t\t\n\t\t\t\t\t\t<\/h2>\n<\/div>\n\n\n\n<div class=\"wp-block-columns is-layout-flex wp-container-core-columns-is-layout-9d6595d7 wp-block-columns-is-layout-flex\">\n<div class=\"wp-block-column is-layout-flow wp-block-column-is-layout-flow\">\n<p><em>Al via&nbsp;<strong>venerd\u00ec 3 maggio 2024&nbsp;<\/strong>nel&nbsp;<strong>roseto del Parco di San Giovanni<\/strong>&nbsp;la&nbsp;<strong><strong>13\u00b0edizione<\/strong><\/strong><\/em> <em><strong>di Rose Libri Musica Vino<\/strong>, la rassegna culturale promossa dalla cooperativa sociale&nbsp;<strong>Agricola Monte San Pantaleone<\/strong>&nbsp;e dall\u2019<strong>Universit\u00e0 degli Studi di Trieste<\/strong>&nbsp;che per festeggiare il&nbsp;<strong>Centenario di Franco Basaglia e dell\u2019ateneo giuliano<\/strong>&nbsp;propogono un programma arricchito di una nuova sezione dedicata al teatro. Tra gli ospiti della prima giornata Federica Manzon con il suo \u201cAlma\u201d e Massimo Cirri e Peppe Dell\u2019Acqua con lo spettacolo dedicato alla rivoluzione basagliana.<\/em><\/p>\n\n\n\n<p>\u00c8 ai blocchi di partenza la&nbsp;<strong><strong>13\u00b0edizione<\/strong><\/strong> <strong>di Rose Libri Musica Vino<\/strong>, promossa dalla cooperativa sociale&nbsp;<strong>Agricola Monte San Pantaleone e dall\u2019Universit\u00e0 degli Studi di Trieste<\/strong>, che si terr\u00e0 tutti i&nbsp;<strong>venerd\u00ec di maggio nel roseto del Parco di San Giovanni<\/strong>, un posto unico che ha vinto nel 2015 il Certificato di Eccellenza da parte del World Federation of Rose Societies e che \u00e8 pronto a trasformarsi in un palco originale e ricco di stimoli.<\/p>\n\n\n\n<p>L\u2019edizione di quest\u2019anno sar\u00e0 un\u2019edizione speciale, perch\u00e9 coincide con due centenari che sono parte dell\u2019identit\u00e0 della rassegna: <strong>il centenario della nascita di Franco Basaglia<\/strong>, grazie alla cui rivoluzione il Parco culturale di San Giovanni da teatro degli orrori \u00e8 diventato un luogo capace di aprire spazi di libert\u00e0 dove convivono tante realt\u00e0 diverse, e il <strong>Centenario dell\u2019Universit\u00e0 degli Studi di Trieste<\/strong>, che impreziosisce questa manifestazione di conoscenza, ingegno, creativit\u00e0. Il 2024 ci regala una giornata in pi\u00f9 e una nuova sezione dedicata al teatro per festeggiare questi due compleanni speciali, ricordando <strong>cinque personalit\u00e0<\/strong> che ci hanno preceduti nel tracciare nuove rotte per la nostra citt\u00e0 e per il mondo.<\/p>\n\n\n\n<p>Si comincia&nbsp;<strong>venerd\u00ec 3 maggio<\/strong>&nbsp;con una serata dedicata a&nbsp;<strong>Franco Basaglia<\/strong>, lo psichiatra veneziano che ha chiuso i manicomi, ma soprattutto ha liberato le persone, ha ridato loro dignit\u00e0 e riconoscimento. Alle&nbsp;<strong>ore 15.30<\/strong>&nbsp;inaugurer\u00e0 la giornata la&nbsp;<strong>passeggiata psichiatrica guidata da Mario Novello<\/strong>, psichiatra che di Basaglia fu collaboratore. A seguire, alle&nbsp;<strong>ore 17.00<\/strong>, per la sezione ROSE, l\u2019incontro con&nbsp;<strong>Mauro Ferrari<\/strong>, sociologo ed esperto di welfare generativo, che in dialogo con la giornalista&nbsp;<strong>Morena Pinto<\/strong>&nbsp;parler\u00e0 di botanica sociale a partire dal suo ultimo libro \u201c<strong>Noi siamo erbacce<\/strong>\u201d (Altreconomia, 2024): come le erbacce sono spesso considerate piante inutili o dannose, ma in realt\u00e0 sono essenziali per la biodiversit\u00e0 e la sostenibilit\u00e0 degli ecosistemi, cos\u00ec ci sono persone che si oppongono alle norme costituite che la societ\u00e0 dominante tende ad espellere e a relegare ai margini, mentre sono spesso le pi\u00f9 innovative.<\/p>\n\n\n\n<p>Alle&nbsp;<strong>ore 17.30<\/strong>&nbsp;appuntamento con \u201c<strong>Alma<\/strong>\u201d (Feltrinelli, 2024), un libro che pur non nominandola parla di Trieste, la citt\u00e0 a est dalle molteplici identit\u00e0 dove il passato ha lasciato molti detriti. Il romanzo contiene un omaggio alla Citt\u00e0 dei Matti e tratta di appartenenza e di libert\u00e0, dove i protagonisti sono chiamati a fare i conti con la Storia e con le storie di ciascuno. A presentare il volume insieme all\u2019autrice,&nbsp;<strong>Federica Manzon<\/strong>, triestina d\u2019elezione, sar\u00e0 il docente di Filosofia del linguaggio dell\u2019Universit\u00e0 degli Studi di Trieste&nbsp;<strong>Paolo Labinaz<\/strong>. A moderare la conversazione il giornalista&nbsp;<strong>Pietro Spirito<\/strong>.<\/p>\n\n\n\n<p>Da un romanzo a una bottiglia di vino: sempre di racconto si tratta, sempre di identit\u00e0 di un luogo si parla. Il vino in questione \u00e8 quello prodotto dall\u2019azienda Ronchi di Cialla di Prepotto, in provincia di Udine, un vino molto amato da Franco Basaglia, che lo aveva conosciuto gi\u00e0 durante l\u2019esperienza goriziana. Negli anni Settanta, quando tutti abbandonavano le campagne per il sogno urbano, Dina e Paolo Rapuzzi dalla citt\u00e0 si trasferirono in collina, sui Colli Orientali del Friuli; decisero di coltivare vigne e far vino. Facendo una scelta controcorrente e visionaria puntarono esclusivamente su vitigni autoctoni, salvando dall\u2019oblio lo Schioppettino. Oggi i loro figli continuano l\u2019opera di vignaioli custodi del paesaggio e&nbsp;<strong>Pier Paolo Rapuzzi&nbsp;<\/strong>ne parler\u00e0 alle&nbsp;<strong>ore 18.30&nbsp;<\/strong>con la giornalista e autrice&nbsp;<strong>Simonetta Lorigliola<\/strong>, mentre il pubblico potr\u00e0 degustare tra gli altri uno Schioppettino di Cialla 2018.<\/p>\n\n\n\n<p>Nella giornata inaugurale ci sar\u00e0 anche la musica affidata agli&nbsp;<strong>Spakkazuck<\/strong>, una moderna brass band composta da sette artisti che propone una rivisitazione del suono tradizionale delle bande popolari: nota d\u2019inizio alle&nbsp;<strong>ore 19.00<\/strong>.<\/p>\n\n\n\n<p>E poco dopo il tramonto, alle&nbsp;<strong>ore 20.30<\/strong>, va in scena la vera storia di un\u2019impensabile liberazione: il&nbsp;<strong>Rossetti &#8211; Teatro Stabile del Friuli Venezia Giulia<\/strong>&nbsp;propone una rivisitazione di<strong>&nbsp;(Tra parentesi)<\/strong>&nbsp;di e con&nbsp;<strong>Massimo Cirri e Peppe Dell\u2019Acqua&nbsp;<\/strong>per la regia di&nbsp;<strong>Erika Rossi<\/strong>. Nel 1961, a 37 anni, Basaglia entra in un manicomio: \u00e8 il nuovo direttore. Ci\u00f2 che vede lo sconcerta, davanti a tanta violenza vorrebbe scappare. Invece scommette sul suo potere di direttore per cambiare tutto. Lo fa a Gorizia, poi a Trieste e nel 1978 \u00e8 approvata la legge 180. \u00c8 l&#8217;atto di nascita della riforma psichiatrica: ridisegna lo statuto giuridico dei malati di mente e stabilisce la chiusura degli ospedali psichiatrici. Cirri e Dell&#8217;Acqua raccontano un po\u2019 di questa storia e delle storie minime di coloro che hanno vissuto l&#8217;internamento.<\/p>\n\n\n\n<p>Confermata infine anche quest\u2019anno l\u2019attenzione ai pi\u00f9&nbsp;piccoli&nbsp;dai 3 ai 6 anni, per i quali&nbsp;<strong>Nati per Leggere<\/strong>&nbsp;propone alle&nbsp;<strong>ore 16.30<\/strong>&nbsp;un incontro con i libri, attivit\u00e0 per la quale \u00e8 necessaria la prenotazione al numero +39 349 3256747. <\/p>\n\n\n\n<p>In caso di maltempo gli incontri si terranno al teatro Franca e Franco Basaglia.<\/p>\n\n\n\n<p><strong>Per ulteriori informazioni:&nbsp;<\/strong>Ufficio Supporto alla divulgazione scientifica (<a href=\"mailto:divulgazione.scientifica@units.it\">divulgazione.scientifica@units.it<\/a>)<\/p>\n\n\n\n<p class=\"has-neve-link-color-color has-text-color\">Evento ad accesso libero<\/p>\n<\/div>\n\n\n\n<div class=\"wp-block-column is-vertically-aligned-top is-layout-flow wp-block-column-is-layout-flow\" style=\"flex-basis:30%\">\n<figure class=\"wp-block-image size-large\"><img loading=\"lazy\" decoding=\"async\" width=\"1024\" height=\"576\" src=\"https:\/\/100anni.units.it\/wp-content\/uploads\/2024\/04\/100UniTS_dettaglio_locandina_Roselibrimusicavino-1024x576.jpg\" alt=\"dettaglio locandina rose libri musica vino 2024\" class=\"wp-image-5014\" srcset=\"https:\/\/100anni.units.it\/wp-content\/uploads\/2024\/04\/100UniTS_dettaglio_locandina_Roselibrimusicavino-1024x576.jpg 1024w, https:\/\/100anni.units.it\/wp-content\/uploads\/2024\/04\/100UniTS_dettaglio_locandina_Roselibrimusicavino-300x169.jpg 300w, https:\/\/100anni.units.it\/wp-content\/uploads\/2024\/04\/100UniTS_dettaglio_locandina_Roselibrimusicavino-768x432.jpg 768w, https:\/\/100anni.units.it\/wp-content\/uploads\/2024\/04\/100UniTS_dettaglio_locandina_Roselibrimusicavino.jpg 1090w\" sizes=\"auto, (max-width: 1024px) 100vw, 1024px\" \/><\/figure>\n<\/div>\n<\/div>\n\n\n\n<div class=\"wp-block-columns are-vertically-aligned-center is-layout-flex wp-container-core-columns-is-layout-9d6595d7 wp-block-columns-is-layout-flex\">\n<div class=\"wp-block-column is-vertically-aligned-center is-layout-flow wp-block-column-is-layout-flow\"><div  class=\"tribe-block tribe-block__venue tribe-clearfix\" >\n\t\n\t\n<div class=\"tribe-block__venue__meta\">\n\t<div class=\"tribe-block__venue__name\">\n\t\t<h3>Parco di San Giovanni<\/h3>\n\t<\/div>\n\n\t\n\t\t\t<address class=\"tribe-block__venue__address\">\n\t\t\t<span class=\"tribe-address\">\n\n<span class=\"tribe-street-address\">via Edoardo Weiss<\/span>\n\t\n\t\t<br>\n\t\t<span class=\"tribe-locality\">Trieste<\/span><span class=\"tribe-delimiter\">,<\/span>\n\n\t<abbr class=\"tribe-region tribe-events-abbr\" title=\"TS\">TS<\/abbr>\n\n\t<span class=\"tribe-postal-code\">34100<\/span>\n\n\t<span class=\"tribe-country-name\">Italia<\/span>\n\n<\/span>\n\n\t\t\t\t\t<\/address>\n\t\n\t\n\t\n\t<\/div>\n\t\n\t<\/div>\n<\/div>\n\n\n\n<div class=\"wp-block-column is-vertically-aligned-center is-layout-flow wp-block-column-is-layout-flow\" style=\"flex-basis:30%\">\n<div class=\"wp-block-group is-vertical is-content-justification-center is-layout-flex wp-container-core-group-is-layout-0472769e wp-block-group-is-layout-flex\">\t<div  class=\"tribe-block tribe-block__events-link\" >\n\t\t<div class=\"tribe-events tribe-common\">\n\t\t\t<div class=\"tribe-events-c-subscribe-dropdown__container\">\n\t\t\t\t<div class=\"tribe-events-c-subscribe-dropdown\">\n\t\t\t\t\t<div class=\"tribe-common-c-btn-border tribe-events-c-subscribe-dropdown__button\" tabindex=\"0\">\n\t\t\t\t\t\t<svg  class=\"tribe-common-c-svgicon tribe-common-c-svgicon--cal-export tribe-events-c-subscribe-dropdown__export-icon\"  viewBox=\"0 0 23 17\" xmlns=\"http:\/\/www.w3.org\/2000\/svg\">\n  <path fill-rule=\"evenodd\" clip-rule=\"evenodd\" d=\"M.128.896V16.13c0 .211.145.383.323.383h15.354c.179 0 .323-.172.323-.383V.896c0-.212-.144-.383-.323-.383H.451C.273.513.128.684.128.896Zm16 6.742h-.901V4.679H1.009v10.729h14.218v-3.336h.901V7.638ZM1.01 1.614h14.218v2.058H1.009V1.614Z\" \/>\n  <path d=\"M20.5 9.846H8.312M18.524 6.953l2.89 2.909-2.855 2.855\" stroke-width=\"1.2\" stroke-linecap=\"round\" stroke-linejoin=\"round\"\/>\n<\/svg>\n\t\t\t\t\t\t<button class=\"tribe-events-c-subscribe-dropdown__button-text\">\n\t\t\t\t\t\t\tSalva nel tuo calendario\t\t\t\t\t\t<\/button>\n\t\t\t\t\t\t<svg  class=\"tribe-common-c-svgicon tribe-common-c-svgicon--caret-down tribe-events-c-subscribe-dropdown__button-icon\"  viewBox=\"0 0 10 7\" xmlns=\"http:\/\/www.w3.org\/2000\/svg\"><path fill-rule=\"evenodd\" clip-rule=\"evenodd\" d=\"M1.008.609L5 4.6 8.992.61l.958.958L5 6.517.05 1.566l.958-.958z\" class=\"tribe-common-c-svgicon__svg-fill\"\/><\/svg>\n\t\t\t\t\t<\/div>\n\t\t\t\t\t<div class=\"tribe-events-c-subscribe-dropdown__content\">\n\t\t\t\t\t\t<ul class=\"tribe-events-c-subscribe-dropdown__list\" tabindex=\"0\">\n\t\t\t\t\t\t\t\t\t\t\t\t\t\t\t<li class=\"tribe-events-c-subscribe-dropdown__list-item\">\n\t\t\t\t\t\t\t\t\t<a\n\t\t\t\t\t\t\t\t\t\thref=\"https:\/\/www.google.com\/calendar\/event?action=TEMPLATE&#038;dates=20240503T153000\/20240503T223000&#038;text=Rose%20Libri%20Musica%20Vino%202024%20%E2%80%93%20omaggio%20a%20Franco%20Basaglia&#038;details=%3C%21--+wp%3Atribe%2Fevent-datetime+%2F--%3E%3C%21--+wp%3Acolumns+--%3E%3Cdiv+class%3D%22wp-block-columns%22%3E%3C%21--+wp%3Acolumn+%7B%22width%22%3A%22%22%7D+--%3E%3Cdiv+class%3D%22wp-block-column%22%3E%3C%21--+wp%3Aparagraph+--%3E%3Cp%3E%3Cem%3EAl+via%26nbsp%3B%3Cstrong%3Evenerd%C3%AC+3+maggio+2024%26nbsp%3B%3C%2Fstrong%3Enel%26nbsp%3B%3Cstrong%3Eroseto+del+Parco+di+San+Giovanni%3C%2Fstrong%3E%26nbsp%3Bla%26nbsp%3B%3Cstrong%3E%3Cstrong%3E13%C2%B0edizione%3C%2Fstrong%3E%3C%2Fstrong%3E%3C%2Fem%3E+%3Cem%3E%3Cstrong%3Edi+Rose+Libri+Musica+Vino%3C%2Fstrong%3E%2C+la+rassegna+culturale+promossa+dalla+cooperativa+sociale%26nbsp%3B%3Cstrong%3EAgricola+Monte+San+Pantaleone%3C%2Fstrong%3E%26nbsp%3Be+dall%E2%80%99%3Cstrong%3EUniversit%C3%A0+degli+Studi+di+Trieste%3C%2Fstrong%3E%26nbsp%3Bche+per+festeggiare+il%26nbsp%3B%3Cstrong%3ECentenario+di+Franco+Basaglia+e+dell%E2%80%99ateneo+giuliano%3C%2Fstrong%3E%26nbsp%3Bpropogono+un+programma+arricchito+di+una+nuova+sezione+dedicata%20(View%20Full%20evento%20Description%20Here:%20https:\/\/100anni.units.it\/index.php\/evento\/rose-libri-musica-vino-2024-omaggio-a-franco-basaglia\/)&#038;location=Parco%20di%20San%20Giovanni,%20via%20Edoardo%20Weiss,%20Trieste,%20TS,%2034100,%20Italia&#038;trp=false&#038;ctz=Europe\/Rome&#038;sprop=website:https:\/\/100anni.units.it\"\n\t\t\t\t\t\t\t\t\t\tclass=\"tribe-events-c-subscribe-dropdown__list-item-link\"\n\t\t\t\t\t\t\t\t\t\ttabindex=\"0\"\n\t\t\t\t\t\t\t\t\t\ttarget=\"_blank\"\n\t\t\t\t\t\t\t\t\t\trel=\"noopener noreferrer nofollow noindex\"\n\t\t\t\t\t\t\t\t\t>\n\t\t\t\t\t\t\t\t\t\tGoogle Calendar\t\t\t\t\t\t\t\t\t<\/a>\n\t\t\t\t\t\t\t\t<\/li>\n\t\t\t\t\t\t\t\t\t\t\t\t\t\t\t<li class=\"tribe-events-c-subscribe-dropdown__list-item\">\n\t\t\t\t\t\t\t\t\t<a\n\t\t\t\t\t\t\t\t\t\thref=\"\"\n\t\t\t\t\t\t\t\t\t\tclass=\"tribe-events-c-subscribe-dropdown__list-item-link\"\n\t\t\t\t\t\t\t\t\t\ttabindex=\"0\"\n\t\t\t\t\t\t\t\t\t\ttarget=\"_blank\"\n\t\t\t\t\t\t\t\t\t\trel=\"noopener noreferrer nofollow noindex\"\n\t\t\t\t\t\t\t\t\t>\n\t\t\t\t\t\t\t\t\t\tiCalendar\t\t\t\t\t\t\t\t\t<\/a>\n\t\t\t\t\t\t\t\t<\/li>\n\t\t\t\t\t\t\t\t\t\t\t\t\t\t\t<li class=\"tribe-events-c-subscribe-dropdown__list-item\">\n\t\t\t\t\t\t\t\t\t<a\n\t\t\t\t\t\t\t\t\t\thref=\"\"\n\t\t\t\t\t\t\t\t\t\tclass=\"tribe-events-c-subscribe-dropdown__list-item-link\"\n\t\t\t\t\t\t\t\t\t\ttabindex=\"0\"\n\t\t\t\t\t\t\t\t\t\ttarget=\"_blank\"\n\t\t\t\t\t\t\t\t\t\trel=\"noopener noreferrer nofollow noindex\"\n\t\t\t\t\t\t\t\t\t>\n\t\t\t\t\t\t\t\t\t\tOutlook 365\t\t\t\t\t\t\t\t\t<\/a>\n\t\t\t\t\t\t\t\t<\/li>\n\t\t\t\t\t\t\t\t\t\t\t\t\t\t\t<li class=\"tribe-events-c-subscribe-dropdown__list-item\">\n\t\t\t\t\t\t\t\t\t<a\n\t\t\t\t\t\t\t\t\t\thref=\"\"\n\t\t\t\t\t\t\t\t\t\tclass=\"tribe-events-c-subscribe-dropdown__list-item-link\"\n\t\t\t\t\t\t\t\t\t\ttabindex=\"0\"\n\t\t\t\t\t\t\t\t\t\ttarget=\"_blank\"\n\t\t\t\t\t\t\t\t\t\trel=\"noopener noreferrer nofollow noindex\"\n\t\t\t\t\t\t\t\t\t>\n\t\t\t\t\t\t\t\t\t\tOutlook Live\t\t\t\t\t\t\t\t\t<\/a>\n\t\t\t\t\t\t\t\t<\/li>\n\t\t\t\t\t\t\t\t\t\t\t\t\t<\/ul>\n\t\t\t\t\t<\/div>\n\t\t\t\t<\/div>\n\t\t\t<\/div>\n\t\t<\/div>\n\t<\/div>\n\n\n\n\n<div class=\"wp-block-buttons is-content-justification-center is-layout-flex wp-container-core-buttons-is-layout-16018d1d wp-block-buttons-is-layout-flex\">\n<div class=\"wp-block-button has-custom-width wp-block-button__width-100 is-style-primary\"><a class=\"wp-block-button__link wp-element-button\" href=\"https:\/\/100anni.units.it\/wp-content\/uploads\/2024\/04\/100UniTS_programma_rose_libri_musica_vino_2024.pdf\" target=\"_blank\" rel=\"noreferrer noopener\">scarica il programma<\/a><\/div>\n<\/div>\n<\/div>\n<\/div>\n<\/div>\n\n\n\n<div style=\"height:100px\" aria-hidden=\"true\" class=\"wp-block-spacer\"><\/div>\n","protected":false},"excerpt":{"rendered":"<p>Appuntamento tutti i venerd\u00ec dal 3 al 31 maggio al Parco di San Giovanni. Evento ad accesso libero<\/p>\n","protected":false},"author":1,"featured_media":5014,"comment_status":"closed","ping_status":"closed","template":"","meta":{"neve_meta_sidebar":"","neve_meta_container":"","neve_meta_enable_content_width":"","neve_meta_content_width":0,"neve_meta_title_alignment":"","neve_meta_author_avatar":"","neve_post_elements_order":"","neve_meta_disable_header":"","neve_meta_disable_footer":"","neve_meta_disable_title":"","_EventAllDay":false,"_EventTimezone":"Europe\/Rome","_EventStartDate":"2024-05-03 15:30:00","_EventEndDate":"2024-05-03 22:30:00","_EventStartDateUTC":"2024-05-03 13:30:00","_EventEndDateUTC":"2024-05-03 20:30:00","_EventShowMap":false,"_EventShowMapLink":false,"_EventURL":"","_EventCost":"","_EventCostDescription":"","_EventCurrencySymbol":"\u20ac","_EventCurrencyCode":"EUR","_EventCurrencyPosition":"prefix","_EventDateTimeSeparator":" ore ","_EventTimeRangeSeparator":" - ","_EventOrganizerID":[],"_EventVenueID":[5180],"_OrganizerEmail":"","_OrganizerPhone":"","_OrganizerWebsite":"","_VenueAddress":"","_VenueCity":"","_VenueCountry":"","_VenueProvince":"","_VenueState":"","_VenueZip":"","_VenuePhone":"","_VenueURL":"","_VenueStateProvince":"","_VenueLat":"","_VenueLng":"","_VenueShowMap":false,"_VenueShowMapLink":false,"_ti_tpc_template_sync":false,"_ti_tpc_template_id":"","_tribe_events_status":"","_tribe_events_status_reason":"","footnotes":""},"tags":[],"tribe_events_cat":[3],"class_list":["post-5231","tribe_events","type-tribe_events","status-publish","has-post-thumbnail","hentry","tribe_events_cat-ateneo","cat_ateneo"],"yoast_head":"<!-- This site is optimized with the Yoast SEO plugin v21.0 - https:\/\/yoast.com\/wordpress\/plugins\/seo\/ -->\n<title>Rose Libri Musica Vino 2024 \u2013 omaggio a Franco Basaglia &ndash; #100UniTS<\/title>\n<meta name=\"description\" content=\"Appuntamento tutti i venerd\u00ec dal 3 al 31 maggio al Parco di San Giovanni. Evento ad accesso libero\" \/>\n<meta name=\"robots\" content=\"index, follow, max-snippet:-1, max-image-preview:large, max-video-preview:-1\" \/>\n<link rel=\"canonical\" href=\"https:\/\/100anni.units.it\/index.php\/evento\/rose-libri-musica-vino-2024-omaggio-a-franco-basaglia\/\" \/>\n<meta property=\"og:locale\" content=\"it_IT\" \/>\n<meta property=\"og:type\" content=\"article\" \/>\n<meta property=\"og:title\" content=\"Rose Libri Musica Vino 2024 \u2013 omaggio a Franco Basaglia &ndash; #100UniTS\" \/>\n<meta property=\"og:description\" content=\"Appuntamento tutti i venerd\u00ec dal 3 al 31 maggio al Parco di San Giovanni. Evento ad accesso libero\" \/>\n<meta property=\"og:url\" content=\"https:\/\/100anni.units.it\/index.php\/evento\/rose-libri-musica-vino-2024-omaggio-a-franco-basaglia\/\" \/>\n<meta property=\"og:site_name\" content=\"#100UniTS\" \/>\n<meta property=\"article:publisher\" content=\"https:\/\/www.facebook.com\/universitatrieste\" \/>\n<meta property=\"article:modified_time\" content=\"2024-05-10T15:41:09+00:00\" \/>\n<meta property=\"og:image\" content=\"https:\/\/100anni.units.it\/wp-content\/uploads\/2024\/04\/100UniTS_dettaglio_locandina_Roselibrimusicavino.jpg\" \/>\n\t<meta property=\"og:image:width\" content=\"1090\" \/>\n\t<meta property=\"og:image:height\" content=\"613\" \/>\n\t<meta property=\"og:image:type\" content=\"image\/jpeg\" \/>\n<meta name=\"twitter:card\" content=\"summary_large_image\" \/>\n<meta name=\"twitter:site\" content=\"@UniTrieste\" \/>\n<meta name=\"twitter:label1\" content=\"Tempo di lettura stimato\" \/>\n\t<meta name=\"twitter:data1\" content=\"5 minuti\" \/>\n<script type=\"application\/ld+json\" class=\"yoast-schema-graph\">{\"@context\":\"https:\/\/schema.org\",\"@graph\":[{\"@type\":\"WebPage\",\"@id\":\"https:\/\/100anni.units.it\/index.php\/evento\/rose-libri-musica-vino-2024-omaggio-a-franco-basaglia\/\",\"url\":\"https:\/\/100anni.units.it\/index.php\/evento\/rose-libri-musica-vino-2024-omaggio-a-franco-basaglia\/\",\"name\":\"Rose Libri Musica Vino 2024 \u2013 omaggio a Franco Basaglia &ndash; #100UniTS\",\"isPartOf\":{\"@id\":\"https:\/\/100anni.units.it\/#website\"},\"datePublished\":\"2024-05-10T15:18:32+00:00\",\"dateModified\":\"2024-05-10T15:41:09+00:00\",\"description\":\"Appuntamento tutti i venerd\u00ec dal 3 al 31 maggio al Parco di San Giovanni. Evento ad accesso libero\",\"breadcrumb\":{\"@id\":\"https:\/\/100anni.units.it\/index.php\/evento\/rose-libri-musica-vino-2024-omaggio-a-franco-basaglia\/#breadcrumb\"},\"inLanguage\":\"it-IT\",\"potentialAction\":[{\"@type\":\"ReadAction\",\"target\":[\"https:\/\/100anni.units.it\/index.php\/evento\/rose-libri-musica-vino-2024-omaggio-a-franco-basaglia\/\"]}]},{\"@type\":\"BreadcrumbList\",\"@id\":\"https:\/\/100anni.units.it\/index.php\/evento\/rose-libri-musica-vino-2024-omaggio-a-franco-basaglia\/#breadcrumb\",\"itemListElement\":[{\"@type\":\"ListItem\",\"position\":1,\"name\":\"Eventi\",\"item\":\"https:\/\/100anni.units.it\/index.php\/eventi\/\"},{\"@type\":\"ListItem\",\"position\":2,\"name\":\"Rose Libri Musica Vino 2024 \u2013 omaggio a Franco Basaglia\"}]},{\"@type\":\"WebSite\",\"@id\":\"https:\/\/100anni.units.it\/#website\",\"url\":\"https:\/\/100anni.units.it\/\",\"name\":\"#100UniTS\",\"description\":\"Ogni giorno, da cento anni, con noi puoi scoprire ci\u00f2 che sar\u00e0 realt\u00e0 nel futuro. Celebriamo insieme un secolo di ricerca, eccellenza, creativit\u00e0 e ingegno umano.\",\"publisher\":{\"@id\":\"https:\/\/100anni.units.it\/#organization\"},\"potentialAction\":[{\"@type\":\"SearchAction\",\"target\":{\"@type\":\"EntryPoint\",\"urlTemplate\":\"https:\/\/100anni.units.it\/?s={search_term_string}\"},\"query-input\":\"required name=search_term_string\"}],\"inLanguage\":\"it-IT\"},{\"@type\":\"Organization\",\"@id\":\"https:\/\/100anni.units.it\/#organization\",\"name\":\"Universit\u00e0 degli Studi di Trieste\",\"alternateName\":\"UniTS\",\"url\":\"https:\/\/100anni.units.it\/\",\"logo\":{\"@type\":\"ImageObject\",\"inLanguage\":\"it-IT\",\"@id\":\"https:\/\/100anni.units.it\/#\/schema\/logo\/image\/\",\"url\":\"https:\/\/100anni.units.it\/wp-content\/uploads\/2023\/08\/units_sigillo.png\",\"contentUrl\":\"https:\/\/100anni.units.it\/wp-content\/uploads\/2023\/08\/units_sigillo.png\",\"width\":696,\"height\":696,\"caption\":\"Universit\u00e0 degli Studi di Trieste\"},\"image\":{\"@id\":\"https:\/\/100anni.units.it\/#\/schema\/logo\/image\/\"},\"sameAs\":[\"https:\/\/www.facebook.com\/universitatrieste\",\"https:\/\/twitter.com\/UniTrieste\"]}]}<\/script>\n<!-- \/ Yoast SEO plugin. -->","yoast_head_json":{"title":"Rose Libri Musica Vino 2024 \u2013 omaggio a Franco Basaglia &ndash; #100UniTS","description":"Appuntamento tutti i venerd\u00ec dal 3 al 31 maggio al Parco di San Giovanni. Evento ad accesso libero","robots":{"index":"index","follow":"follow","max-snippet":"max-snippet:-1","max-image-preview":"max-image-preview:large","max-video-preview":"max-video-preview:-1"},"canonical":"https:\/\/100anni.units.it\/index.php\/evento\/rose-libri-musica-vino-2024-omaggio-a-franco-basaglia\/","og_locale":"it_IT","og_type":"article","og_title":"Rose Libri Musica Vino 2024 \u2013 omaggio a Franco Basaglia &ndash; #100UniTS","og_description":"Appuntamento tutti i venerd\u00ec dal 3 al 31 maggio al Parco di San Giovanni. Evento ad accesso libero","og_url":"https:\/\/100anni.units.it\/index.php\/evento\/rose-libri-musica-vino-2024-omaggio-a-franco-basaglia\/","og_site_name":"#100UniTS","article_publisher":"https:\/\/www.facebook.com\/universitatrieste","article_modified_time":"2024-05-10T15:41:09+00:00","og_image":[{"width":1090,"height":613,"url":"https:\/\/100anni.units.it\/wp-content\/uploads\/2024\/04\/100UniTS_dettaglio_locandina_Roselibrimusicavino.jpg","type":"image\/jpeg"}],"twitter_card":"summary_large_image","twitter_site":"@UniTrieste","twitter_misc":{"Tempo di lettura stimato":"5 minuti"},"schema":{"@context":"https:\/\/schema.org","@graph":[{"@type":"WebPage","@id":"https:\/\/100anni.units.it\/index.php\/evento\/rose-libri-musica-vino-2024-omaggio-a-franco-basaglia\/","url":"https:\/\/100anni.units.it\/index.php\/evento\/rose-libri-musica-vino-2024-omaggio-a-franco-basaglia\/","name":"Rose Libri Musica Vino 2024 \u2013 omaggio a Franco Basaglia &ndash; #100UniTS","isPartOf":{"@id":"https:\/\/100anni.units.it\/#website"},"datePublished":"2024-05-10T15:18:32+00:00","dateModified":"2024-05-10T15:41:09+00:00","description":"Appuntamento tutti i venerd\u00ec dal 3 al 31 maggio al Parco di San Giovanni. Evento ad accesso libero","breadcrumb":{"@id":"https:\/\/100anni.units.it\/index.php\/evento\/rose-libri-musica-vino-2024-omaggio-a-franco-basaglia\/#breadcrumb"},"inLanguage":"it-IT","potentialAction":[{"@type":"ReadAction","target":["https:\/\/100anni.units.it\/index.php\/evento\/rose-libri-musica-vino-2024-omaggio-a-franco-basaglia\/"]}]},{"@type":"BreadcrumbList","@id":"https:\/\/100anni.units.it\/index.php\/evento\/rose-libri-musica-vino-2024-omaggio-a-franco-basaglia\/#breadcrumb","itemListElement":[{"@type":"ListItem","position":1,"name":"Eventi","item":"https:\/\/100anni.units.it\/index.php\/eventi\/"},{"@type":"ListItem","position":2,"name":"Rose Libri Musica Vino 2024 \u2013 omaggio a Franco Basaglia"}]},{"@type":"WebSite","@id":"https:\/\/100anni.units.it\/#website","url":"https:\/\/100anni.units.it\/","name":"#100UniTS","description":"Ogni giorno, da cento anni, con noi puoi scoprire ci\u00f2 che sar\u00e0 realt\u00e0 nel futuro. Celebriamo insieme un secolo di ricerca, eccellenza, creativit\u00e0 e ingegno umano.","publisher":{"@id":"https:\/\/100anni.units.it\/#organization"},"potentialAction":[{"@type":"SearchAction","target":{"@type":"EntryPoint","urlTemplate":"https:\/\/100anni.units.it\/?s={search_term_string}"},"query-input":"required name=search_term_string"}],"inLanguage":"it-IT"},{"@type":"Organization","@id":"https:\/\/100anni.units.it\/#organization","name":"Universit\u00e0 degli Studi di Trieste","alternateName":"UniTS","url":"https:\/\/100anni.units.it\/","logo":{"@type":"ImageObject","inLanguage":"it-IT","@id":"https:\/\/100anni.units.it\/#\/schema\/logo\/image\/","url":"https:\/\/100anni.units.it\/wp-content\/uploads\/2023\/08\/units_sigillo.png","contentUrl":"https:\/\/100anni.units.it\/wp-content\/uploads\/2023\/08\/units_sigillo.png","width":696,"height":696,"caption":"Universit\u00e0 degli Studi di Trieste"},"image":{"@id":"https:\/\/100anni.units.it\/#\/schema\/logo\/image\/"},"sameAs":["https:\/\/www.facebook.com\/universitatrieste","https:\/\/twitter.com\/UniTrieste"]}]}},"_links":{"self":[{"href":"https:\/\/100anni.units.it\/index.php\/wp-json\/wp\/v2\/tribe_events\/5231","targetHints":{"allow":["GET"]}}],"collection":[{"href":"https:\/\/100anni.units.it\/index.php\/wp-json\/wp\/v2\/tribe_events"}],"about":[{"href":"https:\/\/100anni.units.it\/index.php\/wp-json\/wp\/v2\/types\/tribe_events"}],"author":[{"embeddable":true,"href":"https:\/\/100anni.units.it\/index.php\/wp-json\/wp\/v2\/users\/1"}],"replies":[{"embeddable":true,"href":"https:\/\/100anni.units.it\/index.php\/wp-json\/wp\/v2\/comments?post=5231"}],"version-history":[{"count":6,"href":"https:\/\/100anni.units.it\/index.php\/wp-json\/wp\/v2\/tribe_events\/5231\/revisions"}],"predecessor-version":[{"id":5244,"href":"https:\/\/100anni.units.it\/index.php\/wp-json\/wp\/v2\/tribe_events\/5231\/revisions\/5244"}],"wp:featuredmedia":[{"embeddable":true,"href":"https:\/\/100anni.units.it\/index.php\/wp-json\/wp\/v2\/media\/5014"}],"wp:attachment":[{"href":"https:\/\/100anni.units.it\/index.php\/wp-json\/wp\/v2\/media?parent=5231"}],"wp:term":[{"taxonomy":"post_tag","embeddable":true,"href":"https:\/\/100anni.units.it\/index.php\/wp-json\/wp\/v2\/tags?post=5231"},{"taxonomy":"tribe_events_cat","embeddable":true,"href":"https:\/\/100anni.units.it\/index.php\/wp-json\/wp\/v2\/tribe_events_cat?post=5231"}],"curies":[{"name":"wp","href":"https:\/\/api.w.org\/{rel}","templated":true}]}}