{"id":6436,"date":"2024-07-09T12:41:36","date_gmt":"2024-07-09T10:41:36","guid":{"rendered":"https:\/\/100anni.units.it\/?post_type=tribe_events&#038;p=6436"},"modified":"2024-07-09T12:46:51","modified_gmt":"2024-07-09T10:46:51","slug":"papa-francesco-firma-il-libro-donore-units","status":"publish","type":"tribe_events","link":"https:\/\/100anni.units.it\/index.php\/evento\/papa-francesco-firma-il-libro-donore-units\/","title":{"rendered":"Papa Francesco firma il Libro d&#8217;Onore UniTS"},"content":{"rendered":"\n<div class=\"wp-block-group\"><div class=\"wp-block-group__inner-container is-layout-constrained wp-block-group-is-layout-constrained\"><\/div><\/div>\n\n\n<div  class=\"tribe-events-schedule tribe-clearfix\" >\n\t<h2 class=\"tribe-events-schedule__datetime\">\n\t\t<span class=\"tribe-events-schedule__date tribe-events-schedule__date--start\">\n\t\t\t7 Luglio 2024\t\t<\/span>\n\n\t\t\t\t\t<span class=\"tribe-events-schedule__all-day\">Giornata intera<\/span>\n\t\t\n\t\t\t<\/h2>\n<\/div>\n\n\n\n<div class=\"wp-block-columns is-layout-flex wp-container-core-columns-is-layout-9d6595d7 wp-block-columns-is-layout-flex\">\n<div class=\"wp-block-column is-layout-flow wp-block-column-is-layout-flow\">\n<p class=\"has-medium-font-size\">A conclusione della 50\u00b0 Settimana Sociale dei Cattolici ospitata a Trieste, il Santo Padre Francesco ha ricevuto una delegazione UniTS composta da\u00a0<strong>studenti, giovani ricercatori e ricercatrici dei dieci Dipartimenti dell\u2019Ateneo accompagnati dai Direttori,\u00a0dal Magnifico Rettore Roberto Di Lenarda, dal Prorettore Valter Sergo, dal Direttore generale Luciana Luzzini e da una rappresentanza della governance<\/strong>.<\/p>\n\n\n\n<p class=\"has-medium-font-size\">L\u2019incontro, nello spirito del tema della Settimana Sociale \u201cAl cuore della Democrazia\u201d, ha voluto sottolineare la fiducia nella capacit\u00e0 dei giovani \u2013 impegnati a formarsi nelle diverse discipline che creano l\u2019Universit\u00e0 \u2013 di costruire una societ\u00e0 pi\u00f9 giusta e solidale anche attraverso lo sviluppo dei saperi. Lo storico incontro, vissuto nell\u2019anno del Centenario UniTS, sar\u00e0 ricordato anche dalla firma del Santo Padre sul Libro d\u2019Onore dell\u2019Universit\u00e0.<\/p>\n<\/div>\n\n\n\n<div class=\"wp-block-column is-vertically-aligned-top is-layout-flow wp-block-column-is-layout-flow\" style=\"flex-basis:30%\">\n<figure class=\"wp-block-image size-full\"><img loading=\"lazy\" decoding=\"async\" width=\"480\" height=\"320\" src=\"https:\/\/100anni.units.it\/wp-content\/uploads\/2024\/07\/100UniTS_Firma_Papa_Rettore.jpeg\" alt=\"Firma Papa\n\" class=\"wp-image-6443\" srcset=\"https:\/\/100anni.units.it\/wp-content\/uploads\/2024\/07\/100UniTS_Firma_Papa_Rettore.jpeg 480w, https:\/\/100anni.units.it\/wp-content\/uploads\/2024\/07\/100UniTS_Firma_Papa_Rettore-300x200.jpeg 300w\" sizes=\"auto, (max-width: 480px) 100vw, 480px\" \/><\/figure>\n\n\n\n<p class=\"has-small-font-size\"><em>Il Santo Padre Francesco firma il Libro d&#8217;Onore dell&#8217;Universit\u00e0 degli Studi di Trieste<\/em>.                     (<em>FOTO Credits: Vatican Media)<\/em><\/p>\n\n\n\n<div style=\"height:20px\" aria-hidden=\"true\" class=\"wp-block-spacer\"><\/div>\n<\/div>\n<\/div>\n\n\n\n<div style=\"height:45px\" aria-hidden=\"true\" class=\"wp-block-spacer\"><\/div>\n\n\n\n<p class=\"has-neve-link-color-color has-text-color has-medium-font-size\"><strong>Firma Papa Francesco nel Libro d&#8217;Onore UniTS<\/strong><\/p>\n\n\n\n<figure class=\"wp-block-image size-large is-resized\"><img loading=\"lazy\" decoding=\"async\" src=\"https:\/\/100anni.units.it\/wp-content\/uploads\/2024\/07\/UniTS_Firma_Papa-1-1024x768.jpeg\" alt=\"Firma Papa\" class=\"wp-image-6439\" style=\"width:416px;height:312px\" width=\"416\" height=\"312\" srcset=\"https:\/\/100anni.units.it\/wp-content\/uploads\/2024\/07\/UniTS_Firma_Papa-1-1024x768.jpeg 1024w, https:\/\/100anni.units.it\/wp-content\/uploads\/2024\/07\/UniTS_Firma_Papa-1-300x225.jpeg 300w, https:\/\/100anni.units.it\/wp-content\/uploads\/2024\/07\/UniTS_Firma_Papa-1-768x576.jpeg 768w, https:\/\/100anni.units.it\/wp-content\/uploads\/2024\/07\/UniTS_Firma_Papa-1-rotated.jpeg 1300w\" sizes=\"auto, (max-width: 416px) 100vw, 416px\" \/><\/figure>\n\n\n\n<div style=\"height:100px\" aria-hidden=\"true\" class=\"wp-block-spacer\"><\/div>\n","protected":false},"excerpt":{"rendered":"<p>Una delegazione dell&#8217;Ateneo \u00e8 stata ricevuta dal Santo Padre a conclusione della Settimana Sociale dei Cattolici a Trieste<\/p>\n","protected":false},"author":1,"featured_media":6443,"comment_status":"closed","ping_status":"closed","template":"","meta":{"neve_meta_sidebar":"","neve_meta_container":"","neve_meta_enable_content_width":"","neve_meta_content_width":0,"neve_meta_title_alignment":"","neve_meta_author_avatar":"","neve_post_elements_order":"","neve_meta_disable_header":"","neve_meta_disable_footer":"","neve_meta_disable_title":"","_EventAllDay":true,"_EventTimezone":"Europe\/Rome","_EventStartDate":"2024-07-07 00:00:00","_EventEndDate":"2024-07-07 23:59:59","_EventStartDateUTC":"2024-07-06 22:00:00","_EventEndDateUTC":"2024-07-07 21:59:59","_EventShowMap":false,"_EventShowMapLink":false,"_EventURL":"","_EventCost":"","_EventCostDescription":"","_EventCurrencySymbol":"\u20ac","_EventCurrencyCode":"EUR","_EventCurrencyPosition":"prefix","_EventDateTimeSeparator":" ore ","_EventTimeRangeSeparator":" - ","_EventOrganizerID":[],"_EventVenueID":[],"_OrganizerEmail":"","_OrganizerPhone":"","_OrganizerWebsite":"","_VenueAddress":"","_VenueCity":"","_VenueCountry":"","_VenueProvince":"","_VenueState":"","_VenueZip":"","_VenuePhone":"","_VenueURL":"","_VenueStateProvince":"","_VenueLat":"","_VenueLng":"","_VenueShowMap":false,"_VenueShowMapLink":false,"_ti_tpc_template_sync":false,"_ti_tpc_template_id":"","_tribe_events_status":"","_tribe_events_status_reason":"","footnotes":""},"tags":[],"tribe_events_cat":[3],"class_list":["post-6436","tribe_events","type-tribe_events","status-publish","has-post-thumbnail","hentry","tribe_events_cat-ateneo","cat_ateneo"],"yoast_head":"<!-- This site is optimized with the Yoast SEO plugin v21.0 - https:\/\/yoast.com\/wordpress\/plugins\/seo\/ -->\n<title>Papa Francesco firma il Libro d&#039;Onore UniTS &ndash; #100UniTS<\/title>\n<meta name=\"description\" content=\"Una delegazione dell&#039;Ateneo \u00e8 stata ricevuta dal Santo Padre a conclusione della Settimana Sociale dei Cattolici a Trieste\" \/>\n<meta name=\"robots\" content=\"index, follow, max-snippet:-1, max-image-preview:large, max-video-preview:-1\" \/>\n<link rel=\"canonical\" href=\"https:\/\/100anni.units.it\/index.php\/evento\/papa-francesco-firma-il-libro-donore-units\/\" \/>\n<meta property=\"og:locale\" content=\"it_IT\" \/>\n<meta property=\"og:type\" content=\"article\" \/>\n<meta property=\"og:title\" content=\"Papa Francesco firma il Libro d&#039;Onore UniTS &ndash; #100UniTS\" \/>\n<meta property=\"og:description\" content=\"Una delegazione dell&#039;Ateneo \u00e8 stata ricevuta dal Santo Padre a conclusione della Settimana Sociale dei Cattolici a Trieste\" \/>\n<meta property=\"og:url\" content=\"https:\/\/100anni.units.it\/index.php\/evento\/papa-francesco-firma-il-libro-donore-units\/\" \/>\n<meta property=\"og:site_name\" content=\"#100UniTS\" \/>\n<meta property=\"article:publisher\" content=\"https:\/\/www.facebook.com\/universitatrieste\" \/>\n<meta property=\"article:modified_time\" content=\"2024-07-09T10:46:51+00:00\" \/>\n<meta property=\"og:image\" content=\"https:\/\/100anni.units.it\/wp-content\/uploads\/2024\/07\/100UniTS_Firma_Papa_Rettore.jpeg\" \/>\n\t<meta property=\"og:image:width\" content=\"480\" \/>\n\t<meta property=\"og:image:height\" content=\"320\" \/>\n\t<meta property=\"og:image:type\" content=\"image\/jpeg\" \/>\n<meta name=\"twitter:card\" content=\"summary_large_image\" \/>\n<meta name=\"twitter:site\" content=\"@UniTrieste\" \/>\n<meta name=\"twitter:label1\" content=\"Tempo di lettura stimato\" \/>\n\t<meta name=\"twitter:data1\" content=\"2 minuti\" \/>\n<script type=\"application\/ld+json\" class=\"yoast-schema-graph\">{\"@context\":\"https:\/\/schema.org\",\"@graph\":[{\"@type\":\"WebPage\",\"@id\":\"https:\/\/100anni.units.it\/index.php\/evento\/papa-francesco-firma-il-libro-donore-units\/\",\"url\":\"https:\/\/100anni.units.it\/index.php\/evento\/papa-francesco-firma-il-libro-donore-units\/\",\"name\":\"Papa Francesco firma il Libro d'Onore UniTS &ndash; #100UniTS\",\"isPartOf\":{\"@id\":\"https:\/\/100anni.units.it\/#website\"},\"datePublished\":\"2024-07-09T10:41:36+00:00\",\"dateModified\":\"2024-07-09T10:46:51+00:00\",\"description\":\"Una delegazione dell'Ateneo \u00e8 stata ricevuta dal Santo Padre a conclusione della Settimana Sociale dei Cattolici a Trieste\",\"breadcrumb\":{\"@id\":\"https:\/\/100anni.units.it\/index.php\/evento\/papa-francesco-firma-il-libro-donore-units\/#breadcrumb\"},\"inLanguage\":\"it-IT\",\"potentialAction\":[{\"@type\":\"ReadAction\",\"target\":[\"https:\/\/100anni.units.it\/index.php\/evento\/papa-francesco-firma-il-libro-donore-units\/\"]}]},{\"@type\":\"BreadcrumbList\",\"@id\":\"https:\/\/100anni.units.it\/index.php\/evento\/papa-francesco-firma-il-libro-donore-units\/#breadcrumb\",\"itemListElement\":[{\"@type\":\"ListItem\",\"position\":1,\"name\":\"Eventi\",\"item\":\"https:\/\/100anni.units.it\/index.php\/eventi\/\"},{\"@type\":\"ListItem\",\"position\":2,\"name\":\"Papa Francesco firma il Libro d&#8217;Onore UniTS\"}]},{\"@type\":\"WebSite\",\"@id\":\"https:\/\/100anni.units.it\/#website\",\"url\":\"https:\/\/100anni.units.it\/\",\"name\":\"#100UniTS\",\"description\":\"Ogni giorno, da cento anni, con noi puoi scoprire ci\u00f2 che sar\u00e0 realt\u00e0 nel futuro. Celebriamo insieme un secolo di ricerca, eccellenza, creativit\u00e0 e ingegno umano.\",\"publisher\":{\"@id\":\"https:\/\/100anni.units.it\/#organization\"},\"potentialAction\":[{\"@type\":\"SearchAction\",\"target\":{\"@type\":\"EntryPoint\",\"urlTemplate\":\"https:\/\/100anni.units.it\/?s={search_term_string}\"},\"query-input\":\"required name=search_term_string\"}],\"inLanguage\":\"it-IT\"},{\"@type\":\"Organization\",\"@id\":\"https:\/\/100anni.units.it\/#organization\",\"name\":\"Universit\u00e0 degli Studi di Trieste\",\"alternateName\":\"UniTS\",\"url\":\"https:\/\/100anni.units.it\/\",\"logo\":{\"@type\":\"ImageObject\",\"inLanguage\":\"it-IT\",\"@id\":\"https:\/\/100anni.units.it\/#\/schema\/logo\/image\/\",\"url\":\"https:\/\/100anni.units.it\/wp-content\/uploads\/2023\/08\/units_sigillo.png\",\"contentUrl\":\"https:\/\/100anni.units.it\/wp-content\/uploads\/2023\/08\/units_sigillo.png\",\"width\":696,\"height\":696,\"caption\":\"Universit\u00e0 degli Studi di Trieste\"},\"image\":{\"@id\":\"https:\/\/100anni.units.it\/#\/schema\/logo\/image\/\"},\"sameAs\":[\"https:\/\/www.facebook.com\/universitatrieste\",\"https:\/\/twitter.com\/UniTrieste\"]}]}<\/script>\n<!-- \/ Yoast SEO plugin. -->","yoast_head_json":{"title":"Papa Francesco firma il Libro d'Onore UniTS &ndash; #100UniTS","description":"Una delegazione dell'Ateneo \u00e8 stata ricevuta dal Santo Padre a conclusione della Settimana Sociale dei Cattolici a Trieste","robots":{"index":"index","follow":"follow","max-snippet":"max-snippet:-1","max-image-preview":"max-image-preview:large","max-video-preview":"max-video-preview:-1"},"canonical":"https:\/\/100anni.units.it\/index.php\/evento\/papa-francesco-firma-il-libro-donore-units\/","og_locale":"it_IT","og_type":"article","og_title":"Papa Francesco firma il Libro d'Onore UniTS &ndash; #100UniTS","og_description":"Una delegazione dell'Ateneo \u00e8 stata ricevuta dal Santo Padre a conclusione della Settimana Sociale dei Cattolici a Trieste","og_url":"https:\/\/100anni.units.it\/index.php\/evento\/papa-francesco-firma-il-libro-donore-units\/","og_site_name":"#100UniTS","article_publisher":"https:\/\/www.facebook.com\/universitatrieste","article_modified_time":"2024-07-09T10:46:51+00:00","og_image":[{"width":480,"height":320,"url":"https:\/\/100anni.units.it\/wp-content\/uploads\/2024\/07\/100UniTS_Firma_Papa_Rettore.jpeg","type":"image\/jpeg"}],"twitter_card":"summary_large_image","twitter_site":"@UniTrieste","twitter_misc":{"Tempo di lettura stimato":"2 minuti"},"schema":{"@context":"https:\/\/schema.org","@graph":[{"@type":"WebPage","@id":"https:\/\/100anni.units.it\/index.php\/evento\/papa-francesco-firma-il-libro-donore-units\/","url":"https:\/\/100anni.units.it\/index.php\/evento\/papa-francesco-firma-il-libro-donore-units\/","name":"Papa Francesco firma il Libro d'Onore UniTS &ndash; #100UniTS","isPartOf":{"@id":"https:\/\/100anni.units.it\/#website"},"datePublished":"2024-07-09T10:41:36+00:00","dateModified":"2024-07-09T10:46:51+00:00","description":"Una delegazione dell'Ateneo \u00e8 stata ricevuta dal Santo Padre a conclusione della Settimana Sociale dei Cattolici a Trieste","breadcrumb":{"@id":"https:\/\/100anni.units.it\/index.php\/evento\/papa-francesco-firma-il-libro-donore-units\/#breadcrumb"},"inLanguage":"it-IT","potentialAction":[{"@type":"ReadAction","target":["https:\/\/100anni.units.it\/index.php\/evento\/papa-francesco-firma-il-libro-donore-units\/"]}]},{"@type":"BreadcrumbList","@id":"https:\/\/100anni.units.it\/index.php\/evento\/papa-francesco-firma-il-libro-donore-units\/#breadcrumb","itemListElement":[{"@type":"ListItem","position":1,"name":"Eventi","item":"https:\/\/100anni.units.it\/index.php\/eventi\/"},{"@type":"ListItem","position":2,"name":"Papa Francesco firma il Libro d&#8217;Onore UniTS"}]},{"@type":"WebSite","@id":"https:\/\/100anni.units.it\/#website","url":"https:\/\/100anni.units.it\/","name":"#100UniTS","description":"Ogni giorno, da cento anni, con noi puoi scoprire ci\u00f2 che sar\u00e0 realt\u00e0 nel futuro. Celebriamo insieme un secolo di ricerca, eccellenza, creativit\u00e0 e ingegno umano.","publisher":{"@id":"https:\/\/100anni.units.it\/#organization"},"potentialAction":[{"@type":"SearchAction","target":{"@type":"EntryPoint","urlTemplate":"https:\/\/100anni.units.it\/?s={search_term_string}"},"query-input":"required name=search_term_string"}],"inLanguage":"it-IT"},{"@type":"Organization","@id":"https:\/\/100anni.units.it\/#organization","name":"Universit\u00e0 degli Studi di Trieste","alternateName":"UniTS","url":"https:\/\/100anni.units.it\/","logo":{"@type":"ImageObject","inLanguage":"it-IT","@id":"https:\/\/100anni.units.it\/#\/schema\/logo\/image\/","url":"https:\/\/100anni.units.it\/wp-content\/uploads\/2023\/08\/units_sigillo.png","contentUrl":"https:\/\/100anni.units.it\/wp-content\/uploads\/2023\/08\/units_sigillo.png","width":696,"height":696,"caption":"Universit\u00e0 degli Studi di Trieste"},"image":{"@id":"https:\/\/100anni.units.it\/#\/schema\/logo\/image\/"},"sameAs":["https:\/\/www.facebook.com\/universitatrieste","https:\/\/twitter.com\/UniTrieste"]}]}},"_links":{"self":[{"href":"https:\/\/100anni.units.it\/index.php\/wp-json\/wp\/v2\/tribe_events\/6436","targetHints":{"allow":["GET"]}}],"collection":[{"href":"https:\/\/100anni.units.it\/index.php\/wp-json\/wp\/v2\/tribe_events"}],"about":[{"href":"https:\/\/100anni.units.it\/index.php\/wp-json\/wp\/v2\/types\/tribe_events"}],"author":[{"embeddable":true,"href":"https:\/\/100anni.units.it\/index.php\/wp-json\/wp\/v2\/users\/1"}],"replies":[{"embeddable":true,"href":"https:\/\/100anni.units.it\/index.php\/wp-json\/wp\/v2\/comments?post=6436"}],"version-history":[{"count":5,"href":"https:\/\/100anni.units.it\/index.php\/wp-json\/wp\/v2\/tribe_events\/6436\/revisions"}],"predecessor-version":[{"id":6446,"href":"https:\/\/100anni.units.it\/index.php\/wp-json\/wp\/v2\/tribe_events\/6436\/revisions\/6446"}],"wp:featuredmedia":[{"embeddable":true,"href":"https:\/\/100anni.units.it\/index.php\/wp-json\/wp\/v2\/media\/6443"}],"wp:attachment":[{"href":"https:\/\/100anni.units.it\/index.php\/wp-json\/wp\/v2\/media?parent=6436"}],"wp:term":[{"taxonomy":"post_tag","embeddable":true,"href":"https:\/\/100anni.units.it\/index.php\/wp-json\/wp\/v2\/tags?post=6436"},{"taxonomy":"tribe_events_cat","embeddable":true,"href":"https:\/\/100anni.units.it\/index.php\/wp-json\/wp\/v2\/tribe_events_cat?post=6436"}],"curies":[{"name":"wp","href":"https:\/\/api.w.org\/{rel}","templated":true}]}}