{"id":6577,"date":"2024-07-12T10:28:10","date_gmt":"2024-07-12T08:28:10","guid":{"rendered":"https:\/\/100anni.units.it\/?post_type=tribe_events&#038;p=6577"},"modified":"2024-07-17T17:04:45","modified_gmt":"2024-07-17T15:04:45","slug":"concerto-del-centenario-units","status":"publish","type":"tribe_events","link":"https:\/\/100anni.units.it\/index.php\/evento\/concerto-del-centenario-units\/","title":{"rendered":"Concerto del Centenario UniTS"},"content":{"rendered":"\n<p class=\"has-neve-link-color-color has-text-color has-medium-font-size\"><strong>L\u2019Universit\u00e0 degli Studi di Trieste celebra i suoi primi 100 anni con&nbsp;un Concerto di musica classica a cura del Teatro Lirico Giuseppe Verdi<\/strong><\/p>\n\n\n<div  class=\"tribe-events-schedule tribe-clearfix\" >\n\t<h2 class=\"tribe-events-schedule__datetime\">\n\t\t<span class=\"tribe-events-schedule__date tribe-events-schedule__date--start\">\n\t\t\t23 Luglio 2024\t\t<\/span>\n\n\t\t\t\t\t<span class=\"tribe-events-schedule__separator tribe-events-schedule__separator--date\">\n\t\t\t\t ore \t\t\t<\/span>\n\t\t\t<span class=\"tribe-events-schedule__time tribe-events-schedule__time--start\">\n\t\t\t\t21:00\t\t\t<\/span>\n\t\t\n\t\t\t<\/h2>\n<\/div>\n\n\n\n<div class=\"wp-block-columns is-layout-flex wp-container-core-columns-is-layout-9d6595d7 wp-block-columns-is-layout-flex\">\n<div class=\"wp-block-column is-layout-flow wp-block-column-is-layout-flow\">\n<p>Il concerto ripercorrer\u00e0 musicalmente alcune tappe del \u2018900 italiano con brani composti in anni particolarmente significativi per la storia dell\u2019Ateneo triestino. L\u2019evento, come molte altre iniziative organizzate nel contesto delle celebrazioni del Centenario, punta a portare l\u2019Universit\u00e0 in citt\u00e0 per coinvolgere i cittadini triestini e i turisti in un momento conviviale e musicale che racconti il passato, il presente e il futuro di UniTS. In caso di maltempo il concerto si terr\u00e0 al Teatro Lirico Giuseppe Verdi.<\/p>\n\n\n\n<p class=\"has-neve-link-color-color has-text-color\">Accesso Libero<\/p>\n\n\n\n<div class=\"wp-block-buttons is-layout-flex wp-block-buttons-is-layout-flex\"><\/div>\n<\/div>\n\n\n\n<div class=\"wp-block-column is-layout-flow wp-block-column-is-layout-flow\" style=\"flex-basis:40%\">\n<figure class=\"wp-block-image size-large\"><img loading=\"lazy\" decoding=\"async\" width=\"1024\" height=\"576\" src=\"https:\/\/100anni.units.it\/wp-content\/uploads\/2024\/07\/Solo-foto-orizzontale16_9-1024x576.jpg\" alt=\"Concerto del Centenario invito\" class=\"wp-image-6477\" srcset=\"https:\/\/100anni.units.it\/wp-content\/uploads\/2024\/07\/Solo-foto-orizzontale16_9-1024x576.jpg 1024w, https:\/\/100anni.units.it\/wp-content\/uploads\/2024\/07\/Solo-foto-orizzontale16_9-300x169.jpg 300w, https:\/\/100anni.units.it\/wp-content\/uploads\/2024\/07\/Solo-foto-orizzontale16_9-768x432.jpg 768w, https:\/\/100anni.units.it\/wp-content\/uploads\/2024\/07\/Solo-foto-orizzontale16_9.jpg 1200w\" sizes=\"auto, (max-width: 1024px) 100vw, 1024px\" \/><\/figure>\n\n\n\n<div class=\"wp-block-group is-nowrap is-layout-flex wp-container-core-group-is-layout-ad2f72ca wp-block-group-is-layout-flex\">\n<figure class=\"wp-block-image size-large is-resized\"><img loading=\"lazy\" decoding=\"async\" src=\"https:\/\/100anni.units.it\/wp-content\/uploads\/2024\/02\/100UniTS_logo_centenario_principale-1024x439.png\" alt=\"logo Centenario UniTS\" class=\"wp-image-3871\" style=\"width:262px;height:113px\" width=\"262\" height=\"113\" srcset=\"https:\/\/100anni.units.it\/wp-content\/uploads\/2024\/02\/100UniTS_logo_centenario_principale-1024x439.png 1024w, https:\/\/100anni.units.it\/wp-content\/uploads\/2024\/02\/100UniTS_logo_centenario_principale-300x129.png 300w, https:\/\/100anni.units.it\/wp-content\/uploads\/2024\/02\/100UniTS_logo_centenario_principale-768x329.png 768w, https:\/\/100anni.units.it\/wp-content\/uploads\/2024\/02\/100UniTS_logo_centenario_principale.png 1200w\" sizes=\"auto, (max-width: 262px) 100vw, 262px\" \/><\/figure>\n\n\n\n<figure class=\"wp-block-image size-large is-resized\"><img loading=\"lazy\" decoding=\"async\" src=\"https:\/\/100anni.units.it\/wp-content\/uploads\/2024\/07\/100UniTS_Logo_Verdi-1024x264.png\" alt=\"Logo Teatro Giuseppe Verdi\" class=\"wp-image-6531\" style=\"width:202px;height:51px\" width=\"202\" height=\"51\" srcset=\"https:\/\/100anni.units.it\/wp-content\/uploads\/2024\/07\/100UniTS_Logo_Verdi-1024x264.png 1024w, https:\/\/100anni.units.it\/wp-content\/uploads\/2024\/07\/100UniTS_Logo_Verdi-300x77.png 300w, https:\/\/100anni.units.it\/wp-content\/uploads\/2024\/07\/100UniTS_Logo_Verdi-768x198.png 768w, https:\/\/100anni.units.it\/wp-content\/uploads\/2024\/07\/100UniTS_Logo_Verdi-1536x397.png 1536w, https:\/\/100anni.units.it\/wp-content\/uploads\/2024\/07\/100UniTS_Logo_Verdi.png 1572w\" sizes=\"auto, (max-width: 202px) 100vw, 202px\" \/><\/figure>\n<\/div>\n\n\n\n<div class=\"wp-block-group is-nowrap is-layout-flex wp-container-core-group-is-layout-ad2f72ca wp-block-group-is-layout-flex\">\n<figure class=\"wp-block-image size-full is-resized\"><img loading=\"lazy\" decoding=\"async\" src=\"https:\/\/100anni.units.it\/wp-content\/uploads\/2024\/07\/100UniTS_Logo_TSestate24.jpg\" alt=\"logo Trieste estate 2024\" class=\"wp-image-6533\" style=\"width:80px;height:42px\" width=\"80\" height=\"42\"\/><\/figure>\n\n\n\n<div style=\"height:100px;width:39px\" aria-hidden=\"true\" class=\"wp-block-spacer wp-container-content-d5d6ef74\"><\/div>\n\n\n\n<figure class=\"wp-block-image size-full is-resized\"><img loading=\"lazy\" decoding=\"async\" src=\"https:\/\/100anni.units.it\/wp-content\/uploads\/2023\/09\/logo_Comune_con_scritta_black-1.jpg\" alt=\"logo Comune di Trieste\" class=\"wp-image-1723\" style=\"width:156px;height:93px\" width=\"156\" height=\"93\" srcset=\"https:\/\/100anni.units.it\/wp-content\/uploads\/2023\/09\/logo_Comune_con_scritta_black-1.jpg 472w, https:\/\/100anni.units.it\/wp-content\/uploads\/2023\/09\/logo_Comune_con_scritta_black-1-300x179.jpg 300w\" sizes=\"auto, (max-width: 156px) 100vw, 156px\" \/><\/figure>\n\n\n\n<figure class=\"wp-block-image size-full is-resized\"><img loading=\"lazy\" decoding=\"async\" src=\"https:\/\/100anni.units.it\/wp-content\/uploads\/2023\/09\/logo-trieste-convention-and-visitors-bureus.png\" alt=\"logo Trieste Convention and Visitors Bureus\" class=\"wp-image-1667\" style=\"width:168px;height:65px\" width=\"168\" height=\"65\" srcset=\"https:\/\/100anni.units.it\/wp-content\/uploads\/2023\/09\/logo-trieste-convention-and-visitors-bureus.png 868w, https:\/\/100anni.units.it\/wp-content\/uploads\/2023\/09\/logo-trieste-convention-and-visitors-bureus-300x116.png 300w, https:\/\/100anni.units.it\/wp-content\/uploads\/2023\/09\/logo-trieste-convention-and-visitors-bureus-768x298.png 768w\" sizes=\"auto, (max-width: 168px) 100vw, 168px\" \/><\/figure>\n\n\n\n<div style=\"height:100px;width:25px\" aria-hidden=\"true\" class=\"wp-block-spacer wp-container-content-c00f5982\"><\/div>\n<\/div>\n\n\n\n<div style=\"height:23px\" aria-hidden=\"true\" class=\"wp-block-spacer\"><\/div>\n\n\n\n<p>Con il contributo di:<\/p>\n\n\n\n<div class=\"wp-block-group is-horizontal is-nowrap is-layout-flex wp-container-core-group-is-layout-41b81202 wp-block-group-is-layout-flex\">\n<figure class=\"wp-block-image size-full is-resized\"><img loading=\"lazy\" decoding=\"async\" src=\"https:\/\/100anni.units.it\/wp-content\/uploads\/2023\/09\/logo-FVG-102a.jpg\" alt=\"logo Regione Friuli Venezia Giulia\" class=\"wp-image-1503\" style=\"width:233px;height:60px\" width=\"233\" height=\"60\"\/><\/figure>\n\n\n\n<div style=\"height:100px;width:76px\" aria-hidden=\"true\" class=\"wp-block-spacer wp-container-content-293e57de\"><\/div>\n\n\n\n<figure class=\"wp-block-image size-full is-resized\"><img loading=\"lazy\" decoding=\"async\" src=\"https:\/\/100anni.units.it\/wp-content\/uploads\/2023\/09\/FVG_denominativo_RGB.png\" alt=\"logo Promoturismo Io Sono FVG\" class=\"wp-image-1670\" style=\"width:70px;height:72px\" width=\"70\" height=\"72\" srcset=\"https:\/\/100anni.units.it\/wp-content\/uploads\/2023\/09\/FVG_denominativo_RGB.png 834w, https:\/\/100anni.units.it\/wp-content\/uploads\/2023\/09\/FVG_denominativo_RGB-292x300.png 292w, https:\/\/100anni.units.it\/wp-content\/uploads\/2023\/09\/FVG_denominativo_RGB-768x790.png 768w\" sizes=\"auto, (max-width: 70px) 100vw, 70px\" \/><\/figure>\n<\/div>\n<\/div>\n<\/div>\n\n\n\n<div class=\"wp-block-columns are-vertically-aligned-center is-layout-flex wp-container-core-columns-is-layout-9d6595d7 wp-block-columns-is-layout-flex\">\n<div class=\"wp-block-column is-vertically-aligned-center is-layout-flow wp-block-column-is-layout-flow\"><div  class=\"tribe-block tribe-block__venue tribe-clearfix\" >\n\t\n\t\n<div class=\"tribe-block__venue__meta\">\n\t<div class=\"tribe-block__venue__name\">\n\t\t<h3>Piazza Giuseppe Verdi<\/h3>\n\t<\/div>\n\n\t\n\t\t\t<address class=\"tribe-block__venue__address\">\n\t\t\t<span class=\"tribe-address\">\n\n\n\t<span class=\"tribe-locality\">Trieste<\/span><span class=\"tribe-delimiter\">,<\/span>\n\n\n\t<span class=\"tribe-postal-code\">34121<\/span>\n\n\t<span class=\"tribe-country-name\">Italia<\/span>\n\n<\/span>\n\n\t\t\t\t\t<\/address>\n\t\n\t\n\t\n\t<\/div>\n\t\n\t<\/div>\n<\/div>\n\n\n\n<div class=\"wp-block-column is-vertically-aligned-center is-layout-flow wp-block-column-is-layout-flow\" style=\"flex-basis:30%\">\n<div class=\"wp-block-group is-vertical is-content-justification-center is-layout-flex wp-container-core-group-is-layout-0472769e wp-block-group-is-layout-flex\">\t<div  class=\"tribe-block tribe-block__events-link\" >\n\t\t<div class=\"tribe-events tribe-common\">\n\t\t\t<div class=\"tribe-events-c-subscribe-dropdown__container\">\n\t\t\t\t<div class=\"tribe-events-c-subscribe-dropdown\">\n\t\t\t\t\t<div class=\"tribe-common-c-btn-border tribe-events-c-subscribe-dropdown__button\" tabindex=\"0\">\n\t\t\t\t\t\t<svg  class=\"tribe-common-c-svgicon tribe-common-c-svgicon--cal-export tribe-events-c-subscribe-dropdown__export-icon\"  viewBox=\"0 0 23 17\" xmlns=\"http:\/\/www.w3.org\/2000\/svg\">\n  <path fill-rule=\"evenodd\" clip-rule=\"evenodd\" d=\"M.128.896V16.13c0 .211.145.383.323.383h15.354c.179 0 .323-.172.323-.383V.896c0-.212-.144-.383-.323-.383H.451C.273.513.128.684.128.896Zm16 6.742h-.901V4.679H1.009v10.729h14.218v-3.336h.901V7.638ZM1.01 1.614h14.218v2.058H1.009V1.614Z\" \/>\n  <path d=\"M20.5 9.846H8.312M18.524 6.953l2.89 2.909-2.855 2.855\" stroke-width=\"1.2\" stroke-linecap=\"round\" stroke-linejoin=\"round\"\/>\n<\/svg>\n\t\t\t\t\t\t<button class=\"tribe-events-c-subscribe-dropdown__button-text\">\n\t\t\t\t\t\t\tSalva nel tuo calendario\t\t\t\t\t\t<\/button>\n\t\t\t\t\t\t<svg  class=\"tribe-common-c-svgicon tribe-common-c-svgicon--caret-down tribe-events-c-subscribe-dropdown__button-icon\"  viewBox=\"0 0 10 7\" xmlns=\"http:\/\/www.w3.org\/2000\/svg\"><path fill-rule=\"evenodd\" clip-rule=\"evenodd\" d=\"M1.008.609L5 4.6 8.992.61l.958.958L5 6.517.05 1.566l.958-.958z\" class=\"tribe-common-c-svgicon__svg-fill\"\/><\/svg>\n\t\t\t\t\t<\/div>\n\t\t\t\t\t<div class=\"tribe-events-c-subscribe-dropdown__content\">\n\t\t\t\t\t\t<ul class=\"tribe-events-c-subscribe-dropdown__list\" tabindex=\"0\">\n\t\t\t\t\t\t\t\t\t\t\t\t\t\t\t<li class=\"tribe-events-c-subscribe-dropdown__list-item\">\n\t\t\t\t\t\t\t\t\t<a\n\t\t\t\t\t\t\t\t\t\thref=\"https:\/\/www.google.com\/calendar\/event?action=TEMPLATE&#038;dates=20240723T210000\/20240723T210000&#038;text=Concerto%20del%20Centenario%20UniTS&#038;details=%3C%21--+wp%3Aparagraph+%7B%22textColor%22%3A%22neve-link-color%22%2C%22fontSize%22%3A%22medium%22%7D+--%3E%3Cp+class%3D%22has-neve-link-color-color+has-text-color+has-medium-font-size%22%3E%3Cstrong%3EL%E2%80%99Universit%C3%A0+degli+Studi+di+Trieste+celebra+i+suoi+primi+100+anni+con%26nbsp%3Bun+Concerto+di+musica+classica+a+cura+del+Teatro+Lirico+Giuseppe+Verdi%3C%2Fstrong%3E%3C%2Fp%3E%3C%21--+%2Fwp%3Aparagraph+--%3E%3C%21--+wp%3Atribe%2Fevent-datetime+%2F--%3E%3C%21--+wp%3Acolumns+--%3E%3Cdiv+class%3D%22wp-block-columns%22%3E%3C%21--+wp%3Acolumn+%7B%22width%22%3A%22%22%7D+--%3E%3Cdiv+class%3D%22wp-block-column%22%3E%3C%21--+wp%3Aparagraph+--%3E%3Cp%3EIl+concerto+ripercorrer%C3%A0+musicalmente+alcune+tappe+del+%E2%80%98900+italiano+con+brani+composti+in+anni+particolarmente+significativi+per+la+storia+dell%E2%80%99Ateneo+triestino.+L%E2%80%99evento%2C+come+molte+altre+iniziative+organizzate+nel+contesto+delle+celebrazioni+del+Centenario%2C+punta+a+portar%20(View%20Full%20evento%20Description%20Here:%20https:\/\/100anni.units.it\/index.php\/evento\/concerto-del-centenario-units\/)&#038;location=Piazza%20Giuseppe%20Verdi,%20Trieste,%2034121,%20Italia&#038;trp=false&#038;ctz=Europe\/Rome&#038;sprop=website:https:\/\/100anni.units.it\"\n\t\t\t\t\t\t\t\t\t\tclass=\"tribe-events-c-subscribe-dropdown__list-item-link\"\n\t\t\t\t\t\t\t\t\t\ttabindex=\"0\"\n\t\t\t\t\t\t\t\t\t\ttarget=\"_blank\"\n\t\t\t\t\t\t\t\t\t\trel=\"noopener noreferrer nofollow noindex\"\n\t\t\t\t\t\t\t\t\t>\n\t\t\t\t\t\t\t\t\t\tGoogle Calendar\t\t\t\t\t\t\t\t\t<\/a>\n\t\t\t\t\t\t\t\t<\/li>\n\t\t\t\t\t\t\t\t\t\t\t\t\t\t\t<li class=\"tribe-events-c-subscribe-dropdown__list-item\">\n\t\t\t\t\t\t\t\t\t<a\n\t\t\t\t\t\t\t\t\t\thref=\"\"\n\t\t\t\t\t\t\t\t\t\tclass=\"tribe-events-c-subscribe-dropdown__list-item-link\"\n\t\t\t\t\t\t\t\t\t\ttabindex=\"0\"\n\t\t\t\t\t\t\t\t\t\ttarget=\"_blank\"\n\t\t\t\t\t\t\t\t\t\trel=\"noopener noreferrer nofollow noindex\"\n\t\t\t\t\t\t\t\t\t>\n\t\t\t\t\t\t\t\t\t\tiCalendar\t\t\t\t\t\t\t\t\t<\/a>\n\t\t\t\t\t\t\t\t<\/li>\n\t\t\t\t\t\t\t\t\t\t\t\t\t\t\t<li class=\"tribe-events-c-subscribe-dropdown__list-item\">\n\t\t\t\t\t\t\t\t\t<a\n\t\t\t\t\t\t\t\t\t\thref=\"\"\n\t\t\t\t\t\t\t\t\t\tclass=\"tribe-events-c-subscribe-dropdown__list-item-link\"\n\t\t\t\t\t\t\t\t\t\ttabindex=\"0\"\n\t\t\t\t\t\t\t\t\t\ttarget=\"_blank\"\n\t\t\t\t\t\t\t\t\t\trel=\"noopener noreferrer nofollow noindex\"\n\t\t\t\t\t\t\t\t\t>\n\t\t\t\t\t\t\t\t\t\tOutlook 365\t\t\t\t\t\t\t\t\t<\/a>\n\t\t\t\t\t\t\t\t<\/li>\n\t\t\t\t\t\t\t\t\t\t\t\t\t\t\t<li class=\"tribe-events-c-subscribe-dropdown__list-item\">\n\t\t\t\t\t\t\t\t\t<a\n\t\t\t\t\t\t\t\t\t\thref=\"\"\n\t\t\t\t\t\t\t\t\t\tclass=\"tribe-events-c-subscribe-dropdown__list-item-link\"\n\t\t\t\t\t\t\t\t\t\ttabindex=\"0\"\n\t\t\t\t\t\t\t\t\t\ttarget=\"_blank\"\n\t\t\t\t\t\t\t\t\t\trel=\"noopener noreferrer nofollow noindex\"\n\t\t\t\t\t\t\t\t\t>\n\t\t\t\t\t\t\t\t\t\tOutlook Live\t\t\t\t\t\t\t\t\t<\/a>\n\t\t\t\t\t\t\t\t<\/li>\n\t\t\t\t\t\t\t\t\t\t\t\t\t<\/ul>\n\t\t\t\t\t<\/div>\n\t\t\t\t<\/div>\n\t\t\t<\/div>\n\t\t<\/div>\n\t<\/div>\n\n\n\n\n<div class=\"wp-block-buttons is-content-justification-center is-layout-flex wp-container-core-buttons-is-layout-16018d1d wp-block-buttons-is-layout-flex\">\n<div class=\"wp-block-button has-custom-width wp-block-button__width-100 is-style-primary\"><a class=\"wp-block-button__link wp-element-button\" href=\"https:\/\/100anni.units.it\/wp-content\/uploads\/2024\/07\/100UniTS_Locandina_concerto-centenario_compressed.pdf\">scarica la locandina<\/a><\/div>\n<\/div>\n<\/div>\n<\/div>\n<\/div>\n\n\n\n<div style=\"height:50px\" aria-hidden=\"true\" class=\"wp-block-spacer\"><\/div>\n\n\n\n<h3 class=\"wp-block-heading has-neve-link-color-color has-text-color has-x-large-font-size\" style=\"text-transform:none\">Programma <\/h3>\n\n\n\n<div class=\"wp-block-group\"><div class=\"wp-block-group__inner-container is-layout-constrained wp-block-group-is-layout-constrained\">\n<p class=\"has-neve-link-color-color has-text-color\"><strong>Introduzione<\/strong><\/p>\n\n\n\n<p><strong>Roberto Di Lenarda<\/strong>, Magnifico Rettore dell\u2019Universit\u00e0 degli Studi di Trieste<br><strong>Giuliano Polo<\/strong>, Sovrintendente Fondazione Teatro Lirico Giuseppe Verdi<\/p>\n\n\n\n<p class=\"has-neve-link-color-color has-text-color\"><strong>Brani<\/strong><\/p>\n\n\n\n<p><strong>Ottorino Respighi<\/strong><br><em>Tramonto per mezzosoprano solista e archi (1912 o 14)<\/em><\/p>\n\n\n\n<p><strong>Alfredo Casella<\/strong><br><em>Concerto per archi op. 40b (1923-24)<\/em><\/p>\n\n\n\n<p><strong>Ermanno Wolf-Ferrari<\/strong><br><em>Festlicher Morgen<\/em>&nbsp;dalla Suite veneziana per piccola orch. op. 18 (1936)<\/p>\n\n\n\n<p><strong>Luciano Berio<\/strong><br><em>Folk songs (1964)<\/em><\/p>\n\n\n\n<p><strong>Fabio Nieder<\/strong><br><em>3 unvollendete Portraits<\/em>&nbsp;per orchestra d\u2019archi<\/p>\n\n\n\n<p class=\"has-neve-link-color-color has-text-color\"><strong>Prentazione dei brani<\/strong><\/p>\n\n\n\n<p><strong>Riccardo Martinelli<\/strong>, Docente di Filosofie della musica, Universit\u00e0 degli Studi di Trieste<\/p>\n\n\n\n<p class=\"has-neve-link-color-color has-text-color\"><strong>Orchestra e tecnici<\/strong><\/p>\n\n\n\n<p>Fondazione Teatro Lirico Teatri Verdi di Trieste<\/p>\n\n\n\n<p class=\"has-neve-link-color-color has-text-color\"><strong>Direttore<\/strong><\/p>\n\n\n\n<p>Giulio Prandi<\/p>\n\n\n\n<p class=\"has-neve-link-color-color has-text-color\"><strong>Mezzosoprano<\/strong><\/p>\n\n\n\n<p>Manuela Custer<\/p>\n\n\n\n<div style=\"height:20px\" aria-hidden=\"true\" class=\"wp-block-spacer\"><\/div>\n<\/div><\/div>\n\n\n\n<div style=\"height:100px\" aria-hidden=\"true\" class=\"wp-block-spacer\"><\/div>\n","protected":false},"excerpt":{"rendered":"<p>L\u2019Universit\u00e0 degli Studi di Trieste celebra i suoi primi 100 anni con un Concerto di musica classica a cura del Teatro Lirico Giuseppe Verdi<\/p>\n","protected":false},"author":1,"featured_media":6477,"comment_status":"closed","ping_status":"closed","template":"","meta":{"neve_meta_sidebar":"","neve_meta_container":"","neve_meta_enable_content_width":"","neve_meta_content_width":0,"neve_meta_title_alignment":"","neve_meta_author_avatar":"","neve_post_elements_order":"","neve_meta_disable_header":"","neve_meta_disable_footer":"","neve_meta_disable_title":"","_EventAllDay":false,"_EventTimezone":"Europe\/Rome","_EventStartDate":"2024-07-23 21:00:00","_EventEndDate":"2024-07-23 21:00:00","_EventStartDateUTC":"2024-07-23 19:00:00","_EventEndDateUTC":"2024-07-23 19:00:00","_EventShowMap":false,"_EventShowMapLink":false,"_EventURL":"","_EventCost":"","_EventCostDescription":"","_EventCurrencySymbol":"\u20ac","_EventCurrencyCode":"EUR","_EventCurrencyPosition":"prefix","_EventDateTimeSeparator":" ore ","_EventTimeRangeSeparator":" - ","_EventOrganizerID":[],"_EventVenueID":[6585],"_OrganizerEmail":"","_OrganizerPhone":"","_OrganizerWebsite":"","_VenueAddress":"","_VenueCity":"","_VenueCountry":"","_VenueProvince":"","_VenueState":"","_VenueZip":"","_VenuePhone":"","_VenueURL":"","_VenueStateProvince":"","_VenueLat":"","_VenueLng":"","_VenueShowMap":false,"_VenueShowMapLink":false,"_ti_tpc_template_sync":false,"_ti_tpc_template_id":"","_tribe_events_status":"","_tribe_events_status_reason":"","footnotes":""},"tags":[],"tribe_events_cat":[3],"class_list":["post-6577","tribe_events","type-tribe_events","status-publish","has-post-thumbnail","hentry","tribe_events_cat-ateneo","cat_ateneo"],"yoast_head":"<!-- This site is optimized with the Yoast SEO plugin v21.0 - https:\/\/yoast.com\/wordpress\/plugins\/seo\/ -->\n<title>Concerto del Centenario UniTS &ndash; #100UniTS<\/title>\n<meta name=\"description\" content=\"L\u2019Universit\u00e0 degli Studi di Trieste celebra i suoi primi 100 anni con un Concerto di musica classica a cura del Teatro Lirico Giuseppe Verdi\" \/>\n<meta name=\"robots\" content=\"index, follow, max-snippet:-1, max-image-preview:large, max-video-preview:-1\" \/>\n<link rel=\"canonical\" href=\"https:\/\/100anni.units.it\/index.php\/evento\/concerto-del-centenario-units\/\" \/>\n<meta property=\"og:locale\" content=\"it_IT\" \/>\n<meta property=\"og:type\" content=\"article\" \/>\n<meta property=\"og:title\" content=\"Concerto del Centenario UniTS &ndash; #100UniTS\" \/>\n<meta property=\"og:description\" content=\"L\u2019Universit\u00e0 degli Studi di Trieste celebra i suoi primi 100 anni con un Concerto di musica classica a cura del Teatro Lirico Giuseppe Verdi\" \/>\n<meta property=\"og:url\" content=\"https:\/\/100anni.units.it\/index.php\/evento\/concerto-del-centenario-units\/\" \/>\n<meta property=\"og:site_name\" content=\"#100UniTS\" \/>\n<meta property=\"article:publisher\" content=\"https:\/\/www.facebook.com\/universitatrieste\" \/>\n<meta property=\"article:modified_time\" content=\"2024-07-17T15:04:45+00:00\" \/>\n<meta property=\"og:image\" content=\"https:\/\/100anni.units.it\/wp-content\/uploads\/2024\/07\/Solo-foto-orizzontale16_9.jpg\" \/>\n\t<meta property=\"og:image:width\" content=\"1200\" \/>\n\t<meta property=\"og:image:height\" content=\"675\" \/>\n\t<meta property=\"og:image:type\" content=\"image\/jpeg\" \/>\n<meta name=\"twitter:card\" content=\"summary_large_image\" \/>\n<meta name=\"twitter:site\" content=\"@UniTrieste\" \/>\n<meta name=\"twitter:label1\" content=\"Tempo di lettura stimato\" \/>\n\t<meta name=\"twitter:data1\" content=\"3 minuti\" \/>\n<script type=\"application\/ld+json\" class=\"yoast-schema-graph\">{\"@context\":\"https:\/\/schema.org\",\"@graph\":[{\"@type\":\"WebPage\",\"@id\":\"https:\/\/100anni.units.it\/index.php\/evento\/concerto-del-centenario-units\/\",\"url\":\"https:\/\/100anni.units.it\/index.php\/evento\/concerto-del-centenario-units\/\",\"name\":\"Concerto del Centenario UniTS &ndash; #100UniTS\",\"isPartOf\":{\"@id\":\"https:\/\/100anni.units.it\/#website\"},\"datePublished\":\"2024-07-12T08:28:10+00:00\",\"dateModified\":\"2024-07-17T15:04:45+00:00\",\"description\":\"L\u2019Universit\u00e0 degli Studi di Trieste celebra i suoi primi 100 anni con un Concerto di musica classica a cura del Teatro Lirico Giuseppe Verdi\",\"breadcrumb\":{\"@id\":\"https:\/\/100anni.units.it\/index.php\/evento\/concerto-del-centenario-units\/#breadcrumb\"},\"inLanguage\":\"it-IT\",\"potentialAction\":[{\"@type\":\"ReadAction\",\"target\":[\"https:\/\/100anni.units.it\/index.php\/evento\/concerto-del-centenario-units\/\"]}]},{\"@type\":\"BreadcrumbList\",\"@id\":\"https:\/\/100anni.units.it\/index.php\/evento\/concerto-del-centenario-units\/#breadcrumb\",\"itemListElement\":[{\"@type\":\"ListItem\",\"position\":1,\"name\":\"Eventi\",\"item\":\"https:\/\/100anni.units.it\/index.php\/eventi\/\"},{\"@type\":\"ListItem\",\"position\":2,\"name\":\"Concerto del Centenario UniTS\"}]},{\"@type\":\"WebSite\",\"@id\":\"https:\/\/100anni.units.it\/#website\",\"url\":\"https:\/\/100anni.units.it\/\",\"name\":\"#100UniTS\",\"description\":\"Ogni giorno, da cento anni, con noi puoi scoprire ci\u00f2 che sar\u00e0 realt\u00e0 nel futuro. Celebriamo insieme un secolo di ricerca, eccellenza, creativit\u00e0 e ingegno umano.\",\"publisher\":{\"@id\":\"https:\/\/100anni.units.it\/#organization\"},\"potentialAction\":[{\"@type\":\"SearchAction\",\"target\":{\"@type\":\"EntryPoint\",\"urlTemplate\":\"https:\/\/100anni.units.it\/?s={search_term_string}\"},\"query-input\":\"required name=search_term_string\"}],\"inLanguage\":\"it-IT\"},{\"@type\":\"Organization\",\"@id\":\"https:\/\/100anni.units.it\/#organization\",\"name\":\"Universit\u00e0 degli Studi di Trieste\",\"alternateName\":\"UniTS\",\"url\":\"https:\/\/100anni.units.it\/\",\"logo\":{\"@type\":\"ImageObject\",\"inLanguage\":\"it-IT\",\"@id\":\"https:\/\/100anni.units.it\/#\/schema\/logo\/image\/\",\"url\":\"https:\/\/100anni.units.it\/wp-content\/uploads\/2023\/08\/units_sigillo.png\",\"contentUrl\":\"https:\/\/100anni.units.it\/wp-content\/uploads\/2023\/08\/units_sigillo.png\",\"width\":696,\"height\":696,\"caption\":\"Universit\u00e0 degli Studi di Trieste\"},\"image\":{\"@id\":\"https:\/\/100anni.units.it\/#\/schema\/logo\/image\/\"},\"sameAs\":[\"https:\/\/www.facebook.com\/universitatrieste\",\"https:\/\/twitter.com\/UniTrieste\"]}]}<\/script>\n<!-- \/ Yoast SEO plugin. -->","yoast_head_json":{"title":"Concerto del Centenario UniTS &ndash; #100UniTS","description":"L\u2019Universit\u00e0 degli Studi di Trieste celebra i suoi primi 100 anni con un Concerto di musica classica a cura del Teatro Lirico Giuseppe Verdi","robots":{"index":"index","follow":"follow","max-snippet":"max-snippet:-1","max-image-preview":"max-image-preview:large","max-video-preview":"max-video-preview:-1"},"canonical":"https:\/\/100anni.units.it\/index.php\/evento\/concerto-del-centenario-units\/","og_locale":"it_IT","og_type":"article","og_title":"Concerto del Centenario UniTS &ndash; #100UniTS","og_description":"L\u2019Universit\u00e0 degli Studi di Trieste celebra i suoi primi 100 anni con un Concerto di musica classica a cura del Teatro Lirico Giuseppe Verdi","og_url":"https:\/\/100anni.units.it\/index.php\/evento\/concerto-del-centenario-units\/","og_site_name":"#100UniTS","article_publisher":"https:\/\/www.facebook.com\/universitatrieste","article_modified_time":"2024-07-17T15:04:45+00:00","og_image":[{"width":1200,"height":675,"url":"https:\/\/100anni.units.it\/wp-content\/uploads\/2024\/07\/Solo-foto-orizzontale16_9.jpg","type":"image\/jpeg"}],"twitter_card":"summary_large_image","twitter_site":"@UniTrieste","twitter_misc":{"Tempo di lettura stimato":"3 minuti"},"schema":{"@context":"https:\/\/schema.org","@graph":[{"@type":"WebPage","@id":"https:\/\/100anni.units.it\/index.php\/evento\/concerto-del-centenario-units\/","url":"https:\/\/100anni.units.it\/index.php\/evento\/concerto-del-centenario-units\/","name":"Concerto del Centenario UniTS &ndash; #100UniTS","isPartOf":{"@id":"https:\/\/100anni.units.it\/#website"},"datePublished":"2024-07-12T08:28:10+00:00","dateModified":"2024-07-17T15:04:45+00:00","description":"L\u2019Universit\u00e0 degli Studi di Trieste celebra i suoi primi 100 anni con un Concerto di musica classica a cura del Teatro Lirico Giuseppe Verdi","breadcrumb":{"@id":"https:\/\/100anni.units.it\/index.php\/evento\/concerto-del-centenario-units\/#breadcrumb"},"inLanguage":"it-IT","potentialAction":[{"@type":"ReadAction","target":["https:\/\/100anni.units.it\/index.php\/evento\/concerto-del-centenario-units\/"]}]},{"@type":"BreadcrumbList","@id":"https:\/\/100anni.units.it\/index.php\/evento\/concerto-del-centenario-units\/#breadcrumb","itemListElement":[{"@type":"ListItem","position":1,"name":"Eventi","item":"https:\/\/100anni.units.it\/index.php\/eventi\/"},{"@type":"ListItem","position":2,"name":"Concerto del Centenario UniTS"}]},{"@type":"WebSite","@id":"https:\/\/100anni.units.it\/#website","url":"https:\/\/100anni.units.it\/","name":"#100UniTS","description":"Ogni giorno, da cento anni, con noi puoi scoprire ci\u00f2 che sar\u00e0 realt\u00e0 nel futuro. Celebriamo insieme un secolo di ricerca, eccellenza, creativit\u00e0 e ingegno umano.","publisher":{"@id":"https:\/\/100anni.units.it\/#organization"},"potentialAction":[{"@type":"SearchAction","target":{"@type":"EntryPoint","urlTemplate":"https:\/\/100anni.units.it\/?s={search_term_string}"},"query-input":"required name=search_term_string"}],"inLanguage":"it-IT"},{"@type":"Organization","@id":"https:\/\/100anni.units.it\/#organization","name":"Universit\u00e0 degli Studi di Trieste","alternateName":"UniTS","url":"https:\/\/100anni.units.it\/","logo":{"@type":"ImageObject","inLanguage":"it-IT","@id":"https:\/\/100anni.units.it\/#\/schema\/logo\/image\/","url":"https:\/\/100anni.units.it\/wp-content\/uploads\/2023\/08\/units_sigillo.png","contentUrl":"https:\/\/100anni.units.it\/wp-content\/uploads\/2023\/08\/units_sigillo.png","width":696,"height":696,"caption":"Universit\u00e0 degli Studi di Trieste"},"image":{"@id":"https:\/\/100anni.units.it\/#\/schema\/logo\/image\/"},"sameAs":["https:\/\/www.facebook.com\/universitatrieste","https:\/\/twitter.com\/UniTrieste"]}]}},"_links":{"self":[{"href":"https:\/\/100anni.units.it\/index.php\/wp-json\/wp\/v2\/tribe_events\/6577","targetHints":{"allow":["GET"]}}],"collection":[{"href":"https:\/\/100anni.units.it\/index.php\/wp-json\/wp\/v2\/tribe_events"}],"about":[{"href":"https:\/\/100anni.units.it\/index.php\/wp-json\/wp\/v2\/types\/tribe_events"}],"author":[{"embeddable":true,"href":"https:\/\/100anni.units.it\/index.php\/wp-json\/wp\/v2\/users\/1"}],"replies":[{"embeddable":true,"href":"https:\/\/100anni.units.it\/index.php\/wp-json\/wp\/v2\/comments?post=6577"}],"version-history":[{"count":8,"href":"https:\/\/100anni.units.it\/index.php\/wp-json\/wp\/v2\/tribe_events\/6577\/revisions"}],"predecessor-version":[{"id":6598,"href":"https:\/\/100anni.units.it\/index.php\/wp-json\/wp\/v2\/tribe_events\/6577\/revisions\/6598"}],"wp:featuredmedia":[{"embeddable":true,"href":"https:\/\/100anni.units.it\/index.php\/wp-json\/wp\/v2\/media\/6477"}],"wp:attachment":[{"href":"https:\/\/100anni.units.it\/index.php\/wp-json\/wp\/v2\/media?parent=6577"}],"wp:term":[{"taxonomy":"post_tag","embeddable":true,"href":"https:\/\/100anni.units.it\/index.php\/wp-json\/wp\/v2\/tags?post=6577"},{"taxonomy":"tribe_events_cat","embeddable":true,"href":"https:\/\/100anni.units.it\/index.php\/wp-json\/wp\/v2\/tribe_events_cat?post=6577"}],"curies":[{"name":"wp","href":"https:\/\/api.w.org\/{rel}","templated":true}]}}