{"id":6599,"date":"2024-07-18T14:31:19","date_gmt":"2024-07-18T12:31:19","guid":{"rendered":"https:\/\/100anni.units.it\/?post_type=tribe_events&#038;p=6599"},"modified":"2024-07-18T14:31:19","modified_gmt":"2024-07-18T12:31:19","slug":"gli-eredi-di-freud-a-trieste-per-integrare-gli-studi-su-mente-e-cervello","status":"publish","type":"tribe_events","link":"https:\/\/100anni.units.it\/index.php\/evento\/gli-eredi-di-freud-a-trieste-per-integrare-gli-studi-su-mente-e-cervello\/","title":{"rendered":"Gli \u201ceredi\u201d di Freud a Trieste per integrare gli studi su mente e cervello"},"content":{"rendered":"<div  class=\"tribe-events-schedule tribe-clearfix\" >\n\t<h2 class=\"tribe-events-schedule__datetime\">\n\t\t<span class=\"tribe-events-schedule__date tribe-events-schedule__date--start\">\n\t\t\t18 Luglio 2024\t\t<\/span>\n\n\t\t\t\t\t<span class=\"tribe-events-schedule__separator tribe-events-schedule__separator--date\">\n\t\t\t\t ore \t\t\t<\/span>\n\t\t\t<span class=\"tribe-events-schedule__time tribe-events-schedule__time--start\">\n\t\t\t\t9:55\t\t\t<\/span>\n\t\t\n\t\t\t\t\t\t\t\t\t<span class=\"tribe-events-schedule__separator tribe-events-schedule__separator--time\">\n\t\t\t\t\t &#8211; \t\t\t\t<\/span>\n\t\t\t\n\t\t\t\t\t\t\t<span class=\"tribe-events-schedule__date tribe-events-schedule__date--end\">\n\t\t\t\t\t20 Luglio 2024\t\t\t\t<\/span>\n\n\t\t\t\t\t\t\t\t\t<span class=\"tribe-events-schedule__separator tribe-events-schedule__separator--date\">\n\t\t\t\t\t\t ore \t\t\t\t\t<\/span>\n\t\t\t\t\t<span class=\"tribe-events-schedule__time tribe-events-schedule__time--end\">\n\t\t\t\t\t\t17:45\t\t\t\t\t<\/span>\n\t\t\t\t\n\t\t\t\n\t\t\t\t\t\t<\/h2>\n<\/div>\n\n\n\n<div class=\"wp-block-columns is-layout-flex wp-container-core-columns-is-layout-9d6595d7 wp-block-columns-is-layout-flex\">\n<div class=\"wp-block-column is-layout-flow wp-block-column-is-layout-flow\">\n<p>Dal <strong>18 al 20 luglio Trieste<\/strong> ospita presso il <strong>centro Congressi \u201cGenerali Convention Center\u201d<\/strong> <strong>di Porto Vecchio &#8220;When the body speaks: Conversion disorder and beyond&#8221;, il 23\u00b0 convegno dell\u2019Associazione Internazionale di Neuropsicoanalisi<\/strong>, che vede impegnati oltre 400 addetti ai lavori e studiosi, provenienti da tutto il pianeta.<\/p>\n\n\n\n<p>L\u2019evento, organizzato in collaborazione con il Dipartimento di Scienze Mediche, Chirurgiche e della Salute dell\u2019Universit\u00e0 degli Studi di Trieste e con il Comune di Trieste, \u00e8 dedicato in questa edizione ai <strong>disturbi di conversione<\/strong> (o disturbi somatici funzionali), una patologia molto diffusa nei reparti ospedalieri e territoriali anche della nostra regione.\u00a0<\/p>\n\n\n\n<p>Posta al confine tra il disturbo psichico e la somatizzazione, la patologia comporta gravi alterazioni della funzionalit\u00e0 motoria, sensoriale o degli organi interni. Tra i sintomi la presenza di dolore somatico che non trova conferme diagnostiche, o addirittura crisi epilettiche non dovute a cause mediche o organiche.<\/p>\n\n\n\n<p>L\u2019incontro ospiter\u00e0 i lavori scientifici dei pi\u00f9 importanti specialisti mondiali di questo settore di confine: tra questi lo scozzese <strong>Jon Stone, neurologo,<\/strong> tra i maggiori esperti in disturbi neurologici funzionali, e <strong>Olaf Blanke, neuroscienziato<\/strong> tra i pi\u00f9 noti per le sue ricerche sulle basi neurologiche della consapevolezza cosciente e delle esperienze extra-corporee.\u00a0<\/p>\n\n\n\n<p>La componente degli studi psicanalitici (integrati con le neuroscienze) \u00e8 invece rappresentata ai massimi livelli da <strong>Mark Solms, psicanalista e neuropsicologo sudafricano<\/strong>, fondatore dell\u2019approccio interdisciplinare tra la psicoanalisi e le neuroscienze, denominato appunto\u00a0<em>neuropsicoanalisi<\/em>.\u00a0<\/p>\n\n\n\n<p>L&#8217;obiettivo di questo congresso specialistico \u00e8 quello di coinvolgere i diversi specialisti (psicoanalisti, psicoterapeuti, psichiatri, neurologi) in un dialogo interdisciplinare sul ruolo della vita emotiva sia nel processo mediante il quale una patologia si sviluppa e progredisce, sia nel trattamento.<\/p>\n\n\n\n<p>Attraverso rapporti clinici e di ricerca, presentazione di approcci innovativi e dei conseguenti risultati riscontrati, i congressisti cercheranno di raggiungere una comprensione integrata della complessa e affascinante connessione corpo\/mente.<\/p>\n\n\n\n<p>Un percorso scientifico che ritrova come sede Trieste, gi\u00e0 porta di ingresso al mondo scientifico italiano della psicoanalisi fondata da Sigmund Freud agli albori del secolo scorso. L\u2019unico allievo italiano diretto di Sigmund Freud fu, infatti, Edoardo Weiss, il medico e psichiatra triestino, che dopo aver fatto una breve analisi a Vienna con il padre della psicoanalisi, diffuse questa disciplina in Italia, contribuendo a formare poi tutti gli psicanalisti italiani.&nbsp;<\/p>\n\n\n\n<p>Nel corso dell\u2019ultimo secolo si sono succeduti molteplici approcci per affermare la psicoanalisi come una disciplina scientifica compresa sia all\u2019interno sia della psicologia che delle neuroscienze.<\/p>\n\n\n\n<p>L\u2019Associazione Internazionale di Neuropsicoanalisi, che ha sedi a New York, Londra e Citt\u00e0 del Capo, riporta a Trieste la riflessione e l\u2019approfondimento sulla necessit\u00e0 di integrare saperi e discipline che coinvolgono la mente e il cervello.<\/p>\n\n\n\n<p>Per maggiori informazioni:\u00a0<a href=\"https:\/\/npsa-association.org\/events\/npsa-congress-2024-trieste-italy\/\" target=\"_blank\" rel=\"noreferrer noopener\">https:\/\/npsa-association.org\/events\/npsa-congress-2024-trieste-italy\/<\/a><\/p>\n\n\n\n<p class=\"has-neve-link-color-color has-text-color\">Accesso su registrazione<\/p>\n\n\n\n<div class=\"wp-block-buttons is-layout-flex wp-block-buttons-is-layout-flex\">\n<div class=\"wp-block-button is-style-primary\"><a class=\"wp-block-button__link wp-element-button\" href=\"https:\/\/npsa-association.org\/event-details\/npsa-congress-2024-trieste-italy-registration-online-streaming\/\" target=\"_blank\" rel=\"noreferrer noopener\">ISCRIVITI <\/a><\/div>\n<\/div>\n<\/div>\n<\/div>\n\n\n\n<div class=\"wp-block-columns are-vertically-aligned-center is-layout-flex wp-container-core-columns-is-layout-9d6595d7 wp-block-columns-is-layout-flex\">\n<div class=\"wp-block-column is-vertically-aligned-center is-layout-flow wp-block-column-is-layout-flow\"><div  class=\"tribe-block tribe-block__venue tribe-clearfix\" >\n\t\n\t\n<div class=\"tribe-block__venue__meta\">\n\t<div class=\"tribe-block__venue__name\">\n\t\t<h3>Generali Convention Center<\/h3>\n\t<\/div>\n\n\t\n\t\t\t<address class=\"tribe-block__venue__address\">\n\t\t\t<span class=\"tribe-address\">\n\n<span class=\"tribe-street-address\">Porto vecchio<\/span>\n\t\n\t\t<br>\n\t\t<span class=\"tribe-locality\">Trieste<\/span><span class=\"tribe-delimiter\">,<\/span>\n\n\t<abbr class=\"tribe-region tribe-events-abbr\" title=\"ITALIA\">ITALIA<\/abbr>\n\n\n\n<\/span>\n\n\t\t\t\t\t<\/address>\n\t\n\t\n\t\n\t<\/div>\n\t\n\t<\/div>\n<\/div>\n\n\n\n<div class=\"wp-block-column is-vertically-aligned-center is-layout-flow wp-block-column-is-layout-flow\" style=\"flex-basis:30%\">\n<div class=\"wp-block-group is-vertical is-content-justification-center is-layout-flex wp-container-core-group-is-layout-0472769e wp-block-group-is-layout-flex\">\t<div  class=\"tribe-block tribe-block__events-link\" >\n\t\t<div class=\"tribe-events tribe-common\">\n\t\t\t<div class=\"tribe-events-c-subscribe-dropdown__container\">\n\t\t\t\t<div class=\"tribe-events-c-subscribe-dropdown\">\n\t\t\t\t\t<div class=\"tribe-common-c-btn-border tribe-events-c-subscribe-dropdown__button\" tabindex=\"0\">\n\t\t\t\t\t\t<svg  class=\"tribe-common-c-svgicon tribe-common-c-svgicon--cal-export tribe-events-c-subscribe-dropdown__export-icon\"  viewBox=\"0 0 23 17\" xmlns=\"http:\/\/www.w3.org\/2000\/svg\">\n  <path fill-rule=\"evenodd\" clip-rule=\"evenodd\" d=\"M.128.896V16.13c0 .211.145.383.323.383h15.354c.179 0 .323-.172.323-.383V.896c0-.212-.144-.383-.323-.383H.451C.273.513.128.684.128.896Zm16 6.742h-.901V4.679H1.009v10.729h14.218v-3.336h.901V7.638ZM1.01 1.614h14.218v2.058H1.009V1.614Z\" \/>\n  <path d=\"M20.5 9.846H8.312M18.524 6.953l2.89 2.909-2.855 2.855\" stroke-width=\"1.2\" stroke-linecap=\"round\" stroke-linejoin=\"round\"\/>\n<\/svg>\n\t\t\t\t\t\t<button class=\"tribe-events-c-subscribe-dropdown__button-text\">\n\t\t\t\t\t\t\tSalva nel tuo calendario\t\t\t\t\t\t<\/button>\n\t\t\t\t\t\t<svg  class=\"tribe-common-c-svgicon tribe-common-c-svgicon--caret-down tribe-events-c-subscribe-dropdown__button-icon\"  viewBox=\"0 0 10 7\" xmlns=\"http:\/\/www.w3.org\/2000\/svg\"><path fill-rule=\"evenodd\" clip-rule=\"evenodd\" d=\"M1.008.609L5 4.6 8.992.61l.958.958L5 6.517.05 1.566l.958-.958z\" class=\"tribe-common-c-svgicon__svg-fill\"\/><\/svg>\n\t\t\t\t\t<\/div>\n\t\t\t\t\t<div class=\"tribe-events-c-subscribe-dropdown__content\">\n\t\t\t\t\t\t<ul class=\"tribe-events-c-subscribe-dropdown__list\" tabindex=\"0\">\n\t\t\t\t\t\t\t\t\t\t\t\t\t\t\t<li class=\"tribe-events-c-subscribe-dropdown__list-item\">\n\t\t\t\t\t\t\t\t\t<a\n\t\t\t\t\t\t\t\t\t\thref=\"https:\/\/www.google.com\/calendar\/event?action=TEMPLATE&#038;dates=20240718T095500\/20240720T174500&#038;text=Gli%20%E2%80%9Ceredi%E2%80%9D%20di%20Freud%20a%20Trieste%20per%20integrare%20gli%20studi%20su%20mente%20e%20cervello&#038;details=%3C%21--+wp%3Atribe%2Fevent-datetime+%2F--%3E%3C%21--+wp%3Acolumns+--%3E%3Cdiv+class%3D%22wp-block-columns%22%3E%3C%21--+wp%3Acolumn+%7B%22width%22%3A%22%22%7D+--%3E%3Cdiv+class%3D%22wp-block-column%22%3E%3C%21--+wp%3Aparagraph+--%3E%3Cp%3EDal+%3Cstrong%3E18+al+20+luglio+Trieste%3C%2Fstrong%3E+ospita+presso+il+%3Cstrong%3Ecentro+Congressi+%E2%80%9CGenerali+Convention+Center%E2%80%9D%3C%2Fstrong%3E+%3Cstrong%3Edi+Porto+Vecchio+%22When+the+body+speaks%3A+Conversion+disorder+and+beyond%22%2C+il+23%C2%B0+convegno+dell%E2%80%99Associazione+Internazionale+di+Neuropsicoanalisi%3C%2Fstrong%3E%2C+che+vede+impegnati+oltre+400+addetti+ai+lavori+e+studiosi%2C+provenienti+da+tutto+il+pianeta.%3C%2Fp%3E%3C%21--+%2Fwp%3Aparagraph+--%3E%3C%21--+wp%3Aparagraph+--%3E%3Cp%3EL%E2%80%99evento%2C+organizzato+in+collaborazione+con+il+Dipartimento+di+Scienze+Mediche%2C+Chirurgiche+e+della+Salute+dell%E2%80%99Universit%C3%A0+degli+Studi+di+Trieste+e+con+il+Comune+di+Trieste%2C+%C%20(View%20Full%20evento%20Description%20Here:%20https:\/\/100anni.units.it\/index.php\/evento\/gli-eredi-di-freud-a-trieste-per-integrare-gli-studi-su-mente-e-cervello\/)&#038;location=Generali%20Convention%20Center,%20Porto%20vecchio,%20Trieste,%20ITALIA&#038;trp=false&#038;ctz=Europe\/Rome&#038;sprop=website:https:\/\/100anni.units.it\"\n\t\t\t\t\t\t\t\t\t\tclass=\"tribe-events-c-subscribe-dropdown__list-item-link\"\n\t\t\t\t\t\t\t\t\t\ttabindex=\"0\"\n\t\t\t\t\t\t\t\t\t\ttarget=\"_blank\"\n\t\t\t\t\t\t\t\t\t\trel=\"noopener noreferrer nofollow noindex\"\n\t\t\t\t\t\t\t\t\t>\n\t\t\t\t\t\t\t\t\t\tGoogle Calendar\t\t\t\t\t\t\t\t\t<\/a>\n\t\t\t\t\t\t\t\t<\/li>\n\t\t\t\t\t\t\t\t\t\t\t\t\t\t\t<li class=\"tribe-events-c-subscribe-dropdown__list-item\">\n\t\t\t\t\t\t\t\t\t<a\n\t\t\t\t\t\t\t\t\t\thref=\"\"\n\t\t\t\t\t\t\t\t\t\tclass=\"tribe-events-c-subscribe-dropdown__list-item-link\"\n\t\t\t\t\t\t\t\t\t\ttabindex=\"0\"\n\t\t\t\t\t\t\t\t\t\ttarget=\"_blank\"\n\t\t\t\t\t\t\t\t\t\trel=\"noopener noreferrer nofollow noindex\"\n\t\t\t\t\t\t\t\t\t>\n\t\t\t\t\t\t\t\t\t\tiCalendar\t\t\t\t\t\t\t\t\t<\/a>\n\t\t\t\t\t\t\t\t<\/li>\n\t\t\t\t\t\t\t\t\t\t\t\t\t\t\t<li class=\"tribe-events-c-subscribe-dropdown__list-item\">\n\t\t\t\t\t\t\t\t\t<a\n\t\t\t\t\t\t\t\t\t\thref=\"\"\n\t\t\t\t\t\t\t\t\t\tclass=\"tribe-events-c-subscribe-dropdown__list-item-link\"\n\t\t\t\t\t\t\t\t\t\ttabindex=\"0\"\n\t\t\t\t\t\t\t\t\t\ttarget=\"_blank\"\n\t\t\t\t\t\t\t\t\t\trel=\"noopener noreferrer nofollow noindex\"\n\t\t\t\t\t\t\t\t\t>\n\t\t\t\t\t\t\t\t\t\tOutlook 365\t\t\t\t\t\t\t\t\t<\/a>\n\t\t\t\t\t\t\t\t<\/li>\n\t\t\t\t\t\t\t\t\t\t\t\t\t\t\t<li class=\"tribe-events-c-subscribe-dropdown__list-item\">\n\t\t\t\t\t\t\t\t\t<a\n\t\t\t\t\t\t\t\t\t\thref=\"\"\n\t\t\t\t\t\t\t\t\t\tclass=\"tribe-events-c-subscribe-dropdown__list-item-link\"\n\t\t\t\t\t\t\t\t\t\ttabindex=\"0\"\n\t\t\t\t\t\t\t\t\t\ttarget=\"_blank\"\n\t\t\t\t\t\t\t\t\t\trel=\"noopener noreferrer nofollow noindex\"\n\t\t\t\t\t\t\t\t\t>\n\t\t\t\t\t\t\t\t\t\tOutlook Live\t\t\t\t\t\t\t\t\t<\/a>\n\t\t\t\t\t\t\t\t<\/li>\n\t\t\t\t\t\t\t\t\t\t\t\t\t<\/ul>\n\t\t\t\t\t<\/div>\n\t\t\t\t<\/div>\n\t\t\t<\/div>\n\t\t<\/div>\n\t<\/div>\n\n\n\n\n<div class=\"wp-block-buttons is-content-justification-center is-layout-flex wp-container-core-buttons-is-layout-16018d1d wp-block-buttons-is-layout-flex\">\n<div class=\"wp-block-button has-custom-width wp-block-button__width-100 is-style-primary\"><a class=\"wp-block-button__link wp-element-button\" href=\"https:\/\/100anni.units.it\/wp-content\/uploads\/2024\/07\/100UniTS_NPSA_Congress_2024_Trieste_programme.pdf\">scarica il programma<\/a><\/div>\n<\/div>\n<\/div>\n<\/div>\n<\/div>\n\n\n\n<div style=\"height:100px\" aria-hidden=\"true\" class=\"wp-block-spacer\"><\/div>\n","protected":false},"excerpt":{"rendered":"<p>Psicoanalisti, psicoterapeuti, psichiatri, neurologi da tutto il mondo per un confronto interdisciplinare sul ruolo della vita emotiva tra disturbo psichico e somatizzazione<\/p>\n","protected":false},"author":1,"featured_media":5841,"comment_status":"closed","ping_status":"closed","template":"","meta":{"neve_meta_sidebar":"","neve_meta_container":"","neve_meta_enable_content_width":"","neve_meta_content_width":0,"neve_meta_title_alignment":"","neve_meta_author_avatar":"","neve_post_elements_order":"","neve_meta_disable_header":"","neve_meta_disable_footer":"","neve_meta_disable_title":"","_EventAllDay":false,"_EventTimezone":"Europe\/Rome","_EventStartDate":"2024-07-18 09:55:00","_EventEndDate":"2024-07-20 17:45:00","_EventStartDateUTC":"2024-07-18 07:55:00","_EventEndDateUTC":"2024-07-20 15:45:00","_EventShowMap":false,"_EventShowMapLink":false,"_EventURL":"","_EventCost":"","_EventCostDescription":"","_EventCurrencySymbol":"\u20ac","_EventCurrencyCode":"EUR","_EventCurrencyPosition":"prefix","_EventDateTimeSeparator":" ore ","_EventTimeRangeSeparator":" - ","_EventOrganizerID":[],"_EventVenueID":[6601],"_OrganizerEmail":"","_OrganizerPhone":"","_OrganizerWebsite":"","_VenueAddress":"","_VenueCity":"","_VenueCountry":"","_VenueProvince":"","_VenueState":"","_VenueZip":"","_VenuePhone":"","_VenueURL":"","_VenueStateProvince":"","_VenueLat":"","_VenueLng":"","_VenueShowMap":false,"_VenueShowMapLink":false,"_ti_tpc_template_sync":false,"_ti_tpc_template_id":"","_tribe_events_status":"","_tribe_events_status_reason":"","footnotes":""},"tags":[],"tribe_events_cat":[3],"class_list":["post-6599","tribe_events","type-tribe_events","status-publish","has-post-thumbnail","hentry","tribe_events_cat-ateneo","cat_ateneo"],"yoast_head":"<!-- This site is optimized with the Yoast SEO plugin v21.0 - https:\/\/yoast.com\/wordpress\/plugins\/seo\/ -->\n<title>Gli \u201ceredi\u201d di Freud a Trieste per integrare gli studi su mente e cervello &ndash; #100UniTS<\/title>\n<meta name=\"description\" content=\"Psicoanalisti, psicoterapeuti, psichiatri, neurologi da tutto il mondo per un confronto interdisciplinare sul ruolo della vita emotiva tra disturbo psichico e somatizzazione\" \/>\n<meta name=\"robots\" content=\"index, follow, max-snippet:-1, max-image-preview:large, max-video-preview:-1\" \/>\n<link rel=\"canonical\" href=\"https:\/\/100anni.units.it\/index.php\/evento\/gli-eredi-di-freud-a-trieste-per-integrare-gli-studi-su-mente-e-cervello\/\" \/>\n<meta property=\"og:locale\" content=\"it_IT\" \/>\n<meta property=\"og:type\" content=\"article\" \/>\n<meta property=\"og:title\" content=\"Gli \u201ceredi\u201d di Freud a Trieste per integrare gli studi su mente e cervello &ndash; #100UniTS\" \/>\n<meta property=\"og:description\" content=\"Psicoanalisti, psicoterapeuti, psichiatri, neurologi da tutto il mondo per un confronto interdisciplinare sul ruolo della vita emotiva tra disturbo psichico e somatizzazione\" \/>\n<meta property=\"og:url\" content=\"https:\/\/100anni.units.it\/index.php\/evento\/gli-eredi-di-freud-a-trieste-per-integrare-gli-studi-su-mente-e-cervello\/\" \/>\n<meta property=\"og:site_name\" content=\"#100UniTS\" \/>\n<meta property=\"article:publisher\" content=\"https:\/\/www.facebook.com\/universitatrieste\" \/>\n<meta property=\"og:image\" content=\"https:\/\/100anni.units.it\/wp-content\/uploads\/2024\/06\/100units_il_centenario_16_9.png\" \/>\n\t<meta property=\"og:image:width\" content=\"1024\" \/>\n\t<meta property=\"og:image:height\" content=\"576\" \/>\n\t<meta property=\"og:image:type\" content=\"image\/png\" \/>\n<meta name=\"twitter:card\" content=\"summary_large_image\" \/>\n<meta name=\"twitter:site\" content=\"@UniTrieste\" \/>\n<meta name=\"twitter:label1\" content=\"Tempo di lettura stimato\" \/>\n\t<meta name=\"twitter:data1\" content=\"3 minuti\" \/>\n<script type=\"application\/ld+json\" class=\"yoast-schema-graph\">{\"@context\":\"https:\/\/schema.org\",\"@graph\":[{\"@type\":\"WebPage\",\"@id\":\"https:\/\/100anni.units.it\/index.php\/evento\/gli-eredi-di-freud-a-trieste-per-integrare-gli-studi-su-mente-e-cervello\/\",\"url\":\"https:\/\/100anni.units.it\/index.php\/evento\/gli-eredi-di-freud-a-trieste-per-integrare-gli-studi-su-mente-e-cervello\/\",\"name\":\"Gli \u201ceredi\u201d di Freud a Trieste per integrare gli studi su mente e cervello &ndash; #100UniTS\",\"isPartOf\":{\"@id\":\"https:\/\/100anni.units.it\/#website\"},\"datePublished\":\"2024-07-18T12:31:19+00:00\",\"dateModified\":\"2024-07-18T12:31:19+00:00\",\"description\":\"Psicoanalisti, psicoterapeuti, psichiatri, neurologi da tutto il mondo per un confronto interdisciplinare sul ruolo della vita emotiva tra disturbo psichico e somatizzazione\",\"breadcrumb\":{\"@id\":\"https:\/\/100anni.units.it\/index.php\/evento\/gli-eredi-di-freud-a-trieste-per-integrare-gli-studi-su-mente-e-cervello\/#breadcrumb\"},\"inLanguage\":\"it-IT\",\"potentialAction\":[{\"@type\":\"ReadAction\",\"target\":[\"https:\/\/100anni.units.it\/index.php\/evento\/gli-eredi-di-freud-a-trieste-per-integrare-gli-studi-su-mente-e-cervello\/\"]}]},{\"@type\":\"BreadcrumbList\",\"@id\":\"https:\/\/100anni.units.it\/index.php\/evento\/gli-eredi-di-freud-a-trieste-per-integrare-gli-studi-su-mente-e-cervello\/#breadcrumb\",\"itemListElement\":[{\"@type\":\"ListItem\",\"position\":1,\"name\":\"Eventi\",\"item\":\"https:\/\/100anni.units.it\/index.php\/eventi\/\"},{\"@type\":\"ListItem\",\"position\":2,\"name\":\"Gli \u201ceredi\u201d di Freud a Trieste per integrare gli studi su mente e cervello\"}]},{\"@type\":\"WebSite\",\"@id\":\"https:\/\/100anni.units.it\/#website\",\"url\":\"https:\/\/100anni.units.it\/\",\"name\":\"#100UniTS\",\"description\":\"Ogni giorno, da cento anni, con noi puoi scoprire ci\u00f2 che sar\u00e0 realt\u00e0 nel futuro. Celebriamo insieme un secolo di ricerca, eccellenza, creativit\u00e0 e ingegno umano.\",\"publisher\":{\"@id\":\"https:\/\/100anni.units.it\/#organization\"},\"potentialAction\":[{\"@type\":\"SearchAction\",\"target\":{\"@type\":\"EntryPoint\",\"urlTemplate\":\"https:\/\/100anni.units.it\/?s={search_term_string}\"},\"query-input\":\"required name=search_term_string\"}],\"inLanguage\":\"it-IT\"},{\"@type\":\"Organization\",\"@id\":\"https:\/\/100anni.units.it\/#organization\",\"name\":\"Universit\u00e0 degli Studi di Trieste\",\"alternateName\":\"UniTS\",\"url\":\"https:\/\/100anni.units.it\/\",\"logo\":{\"@type\":\"ImageObject\",\"inLanguage\":\"it-IT\",\"@id\":\"https:\/\/100anni.units.it\/#\/schema\/logo\/image\/\",\"url\":\"https:\/\/100anni.units.it\/wp-content\/uploads\/2023\/08\/units_sigillo.png\",\"contentUrl\":\"https:\/\/100anni.units.it\/wp-content\/uploads\/2023\/08\/units_sigillo.png\",\"width\":696,\"height\":696,\"caption\":\"Universit\u00e0 degli Studi di Trieste\"},\"image\":{\"@id\":\"https:\/\/100anni.units.it\/#\/schema\/logo\/image\/\"},\"sameAs\":[\"https:\/\/www.facebook.com\/universitatrieste\",\"https:\/\/twitter.com\/UniTrieste\"]}]}<\/script>\n<!-- \/ Yoast SEO plugin. -->","yoast_head_json":{"title":"Gli \u201ceredi\u201d di Freud a Trieste per integrare gli studi su mente e cervello &ndash; #100UniTS","description":"Psicoanalisti, psicoterapeuti, psichiatri, neurologi da tutto il mondo per un confronto interdisciplinare sul ruolo della vita emotiva tra disturbo psichico e somatizzazione","robots":{"index":"index","follow":"follow","max-snippet":"max-snippet:-1","max-image-preview":"max-image-preview:large","max-video-preview":"max-video-preview:-1"},"canonical":"https:\/\/100anni.units.it\/index.php\/evento\/gli-eredi-di-freud-a-trieste-per-integrare-gli-studi-su-mente-e-cervello\/","og_locale":"it_IT","og_type":"article","og_title":"Gli \u201ceredi\u201d di Freud a Trieste per integrare gli studi su mente e cervello &ndash; #100UniTS","og_description":"Psicoanalisti, psicoterapeuti, psichiatri, neurologi da tutto il mondo per un confronto interdisciplinare sul ruolo della vita emotiva tra disturbo psichico e somatizzazione","og_url":"https:\/\/100anni.units.it\/index.php\/evento\/gli-eredi-di-freud-a-trieste-per-integrare-gli-studi-su-mente-e-cervello\/","og_site_name":"#100UniTS","article_publisher":"https:\/\/www.facebook.com\/universitatrieste","og_image":[{"width":1024,"height":576,"url":"https:\/\/100anni.units.it\/wp-content\/uploads\/2024\/06\/100units_il_centenario_16_9.png","type":"image\/png"}],"twitter_card":"summary_large_image","twitter_site":"@UniTrieste","twitter_misc":{"Tempo di lettura stimato":"3 minuti"},"schema":{"@context":"https:\/\/schema.org","@graph":[{"@type":"WebPage","@id":"https:\/\/100anni.units.it\/index.php\/evento\/gli-eredi-di-freud-a-trieste-per-integrare-gli-studi-su-mente-e-cervello\/","url":"https:\/\/100anni.units.it\/index.php\/evento\/gli-eredi-di-freud-a-trieste-per-integrare-gli-studi-su-mente-e-cervello\/","name":"Gli \u201ceredi\u201d di Freud a Trieste per integrare gli studi su mente e cervello &ndash; #100UniTS","isPartOf":{"@id":"https:\/\/100anni.units.it\/#website"},"datePublished":"2024-07-18T12:31:19+00:00","dateModified":"2024-07-18T12:31:19+00:00","description":"Psicoanalisti, psicoterapeuti, psichiatri, neurologi da tutto il mondo per un confronto interdisciplinare sul ruolo della vita emotiva tra disturbo psichico e somatizzazione","breadcrumb":{"@id":"https:\/\/100anni.units.it\/index.php\/evento\/gli-eredi-di-freud-a-trieste-per-integrare-gli-studi-su-mente-e-cervello\/#breadcrumb"},"inLanguage":"it-IT","potentialAction":[{"@type":"ReadAction","target":["https:\/\/100anni.units.it\/index.php\/evento\/gli-eredi-di-freud-a-trieste-per-integrare-gli-studi-su-mente-e-cervello\/"]}]},{"@type":"BreadcrumbList","@id":"https:\/\/100anni.units.it\/index.php\/evento\/gli-eredi-di-freud-a-trieste-per-integrare-gli-studi-su-mente-e-cervello\/#breadcrumb","itemListElement":[{"@type":"ListItem","position":1,"name":"Eventi","item":"https:\/\/100anni.units.it\/index.php\/eventi\/"},{"@type":"ListItem","position":2,"name":"Gli \u201ceredi\u201d di Freud a Trieste per integrare gli studi su mente e cervello"}]},{"@type":"WebSite","@id":"https:\/\/100anni.units.it\/#website","url":"https:\/\/100anni.units.it\/","name":"#100UniTS","description":"Ogni giorno, da cento anni, con noi puoi scoprire ci\u00f2 che sar\u00e0 realt\u00e0 nel futuro. Celebriamo insieme un secolo di ricerca, eccellenza, creativit\u00e0 e ingegno umano.","publisher":{"@id":"https:\/\/100anni.units.it\/#organization"},"potentialAction":[{"@type":"SearchAction","target":{"@type":"EntryPoint","urlTemplate":"https:\/\/100anni.units.it\/?s={search_term_string}"},"query-input":"required name=search_term_string"}],"inLanguage":"it-IT"},{"@type":"Organization","@id":"https:\/\/100anni.units.it\/#organization","name":"Universit\u00e0 degli Studi di Trieste","alternateName":"UniTS","url":"https:\/\/100anni.units.it\/","logo":{"@type":"ImageObject","inLanguage":"it-IT","@id":"https:\/\/100anni.units.it\/#\/schema\/logo\/image\/","url":"https:\/\/100anni.units.it\/wp-content\/uploads\/2023\/08\/units_sigillo.png","contentUrl":"https:\/\/100anni.units.it\/wp-content\/uploads\/2023\/08\/units_sigillo.png","width":696,"height":696,"caption":"Universit\u00e0 degli Studi di Trieste"},"image":{"@id":"https:\/\/100anni.units.it\/#\/schema\/logo\/image\/"},"sameAs":["https:\/\/www.facebook.com\/universitatrieste","https:\/\/twitter.com\/UniTrieste"]}]}},"_links":{"self":[{"href":"https:\/\/100anni.units.it\/index.php\/wp-json\/wp\/v2\/tribe_events\/6599","targetHints":{"allow":["GET"]}}],"collection":[{"href":"https:\/\/100anni.units.it\/index.php\/wp-json\/wp\/v2\/tribe_events"}],"about":[{"href":"https:\/\/100anni.units.it\/index.php\/wp-json\/wp\/v2\/types\/tribe_events"}],"author":[{"embeddable":true,"href":"https:\/\/100anni.units.it\/index.php\/wp-json\/wp\/v2\/users\/1"}],"replies":[{"embeddable":true,"href":"https:\/\/100anni.units.it\/index.php\/wp-json\/wp\/v2\/comments?post=6599"}],"version-history":[{"count":2,"href":"https:\/\/100anni.units.it\/index.php\/wp-json\/wp\/v2\/tribe_events\/6599\/revisions"}],"predecessor-version":[{"id":6603,"href":"https:\/\/100anni.units.it\/index.php\/wp-json\/wp\/v2\/tribe_events\/6599\/revisions\/6603"}],"wp:featuredmedia":[{"embeddable":true,"href":"https:\/\/100anni.units.it\/index.php\/wp-json\/wp\/v2\/media\/5841"}],"wp:attachment":[{"href":"https:\/\/100anni.units.it\/index.php\/wp-json\/wp\/v2\/media?parent=6599"}],"wp:term":[{"taxonomy":"post_tag","embeddable":true,"href":"https:\/\/100anni.units.it\/index.php\/wp-json\/wp\/v2\/tags?post=6599"},{"taxonomy":"tribe_events_cat","embeddable":true,"href":"https:\/\/100anni.units.it\/index.php\/wp-json\/wp\/v2\/tribe_events_cat?post=6599"}],"curies":[{"name":"wp","href":"https:\/\/api.w.org\/{rel}","templated":true}]}}