{"id":6945,"date":"2024-09-06T15:14:21","date_gmt":"2024-09-06T13:14:21","guid":{"rendered":"https:\/\/100anni.units.it\/?post_type=tribe_events&#038;p=6945"},"modified":"2024-09-06T15:33:49","modified_gmt":"2024-09-06T13:33:49","slug":"trieste-next-2024-gli-orizzonti-dellintelligenza","status":"publish","type":"tribe_events","link":"https:\/\/100anni.units.it\/index.php\/evento\/trieste-next-2024-gli-orizzonti-dellintelligenza\/","title":{"rendered":"Trieste Next 2024 \u2013 \u201cGli orizzonti dell\u2019intelligenza\u201d"},"content":{"rendered":"<div  class=\"tribe-events-schedule tribe-clearfix\" >\n\t<h2 class=\"tribe-events-schedule__datetime\">\n\t\t<span class=\"tribe-events-schedule__date tribe-events-schedule__date--start\">\n\t\t\t27 Settembre 2024\t\t<\/span>\n\n\t\t\t\t\t<span class=\"tribe-events-schedule__separator tribe-events-schedule__separator--date\">\n\t\t\t\t ore \t\t\t<\/span>\n\t\t\t<span class=\"tribe-events-schedule__time tribe-events-schedule__time--start\">\n\t\t\t\t9:00\t\t\t<\/span>\n\t\t\n\t\t\t\t\t\t\t\t\t<span class=\"tribe-events-schedule__separator tribe-events-schedule__separator--time\">\n\t\t\t\t\t &#8211; \t\t\t\t<\/span>\n\t\t\t\n\t\t\t\t\t\t\t<span class=\"tribe-events-schedule__date tribe-events-schedule__date--end\">\n\t\t\t\t\t29 Settembre 2024\t\t\t\t<\/span>\n\n\t\t\t\t\t\t\t\t\t<span class=\"tribe-events-schedule__separator tribe-events-schedule__separator--date\">\n\t\t\t\t\t\t ore \t\t\t\t\t<\/span>\n\t\t\t\t\t<span class=\"tribe-events-schedule__time tribe-events-schedule__time--end\">\n\t\t\t\t\t\t17:45\t\t\t\t\t<\/span>\n\t\t\t\t\n\t\t\t\n\t\t\t\t\t\t<\/h2>\n<\/div>\n\n\n\n<div class=\"wp-block-columns is-layout-flex wp-container-core-columns-is-layout-9d6595d7 wp-block-columns-is-layout-flex\">\n<div class=\"wp-block-column is-layout-flow wp-block-column-is-layout-flow\">\n<p><strong>Dal 27 al 29 settembre 2024<\/strong>&nbsp;torna&nbsp;<strong>Trieste Next<\/strong>, il&nbsp;<strong>Festival della Ricerca Scientifica giunto alla XIII edizione<\/strong>, che quest&#8217;anno sar\u00e0 intitolato &#8220;Gli orizzonti dell&#8217;intelligenza. La Conoscenza tra essere umano e tecnologie&#8221;.<\/p>\n\n\n\n<p>Il palinsesto prevede oltre&nbsp;<strong>100 eventi in italiano e in inglese<\/strong>,&nbsp;<strong>300 relatori<\/strong>&nbsp;e, in occasione del&nbsp;<strong>Centenario UniTS<\/strong>,&nbsp;<strong>grandi ospiti internazionali<\/strong>&nbsp;tra cui il premio Nobel&nbsp;<strong>Andre Geim<\/strong>&nbsp;e il premio Oscar&nbsp;<strong>Nicola Piovani<\/strong>.<\/p>\n\n\n\n<p>\u201cL\u2019edizione di Next di quest\u2019anno tocca un tema che cambier\u00e0 profondamente tutti gli aspetti della societ\u00e0 in un futuro molto vicino \u2013 afferma&nbsp;<strong>Roberto Di Lenarda<\/strong>, Rettore dell\u2019Universit\u00e0 degli Studi di Trieste \u2013 per il nostro ateneo \u00e8 un assist prestigioso per riflettere sul nostro contributo a questo cambiamento epocale. Il programma di talk e laboratori interattivi in Piazza Unit\u00e0, particolarmente ricco nei contenuti e nelle personalit\u00e0 presenti, \u00e8 un\u2019imperdibile opportunit\u00e0 pensata per tutti i visionari e gli appassionati di scienza nell\u2019anno del nostro Centenario\u201d.<\/p>\n\n\n\n<p class=\"has-neve-link-color-color has-text-color\">Accesso libero<\/p>\n<\/div>\n\n\n\n<div class=\"wp-block-column is-vertically-aligned-top is-layout-flow wp-block-column-is-layout-flow\" style=\"flex-basis:30%\">\n<figure class=\"wp-block-image size-large\"><img loading=\"lazy\" decoding=\"async\" width=\"1024\" height=\"576\" src=\"https:\/\/100anni.units.it\/wp-content\/uploads\/2024\/09\/Trieste_NEXT_2024-1024x576.png\" alt=\"Trieste NEXT24\" class=\"wp-image-6948\" srcset=\"https:\/\/100anni.units.it\/wp-content\/uploads\/2024\/09\/Trieste_NEXT_2024-1024x576.png 1024w, https:\/\/100anni.units.it\/wp-content\/uploads\/2024\/09\/Trieste_NEXT_2024-300x169.png 300w, https:\/\/100anni.units.it\/wp-content\/uploads\/2024\/09\/Trieste_NEXT_2024-768x432.png 768w, https:\/\/100anni.units.it\/wp-content\/uploads\/2024\/09\/Trieste_NEXT_2024-1536x864.png 1536w, https:\/\/100anni.units.it\/wp-content\/uploads\/2024\/09\/Trieste_NEXT_2024.png 1556w\" sizes=\"auto, (max-width: 1024px) 100vw, 1024px\" \/><\/figure>\n<\/div>\n<\/div>\n\n\n\n<div class=\"wp-block-columns are-vertically-aligned-center is-layout-flex wp-container-core-columns-is-layout-9d6595d7 wp-block-columns-is-layout-flex\">\n<div class=\"wp-block-column is-vertically-aligned-center is-layout-flow wp-block-column-is-layout-flow\"><div  class=\"tribe-block tribe-block__venue tribe-clearfix\" >\n\t\n\t\n<div class=\"tribe-block__venue__meta\">\n\t<div class=\"tribe-block__venue__name\">\n\t\t<h3>Trieste<\/h3>\n\t<\/div>\n\n\t\n\t\n\t\n\t\n\t<\/div>\n\t\n\t<\/div>\n<\/div>\n\n\n\n<div class=\"wp-block-column is-vertically-aligned-center is-layout-flow wp-block-column-is-layout-flow\" style=\"flex-basis:30%\">\n<div class=\"wp-block-group is-vertical is-content-justification-center is-layout-flex wp-container-core-group-is-layout-0472769e wp-block-group-is-layout-flex\">\t<div  class=\"tribe-block tribe-block__events-link\" >\n\t\t<div class=\"tribe-events tribe-common\">\n\t\t\t<div class=\"tribe-events-c-subscribe-dropdown__container\">\n\t\t\t\t<div class=\"tribe-events-c-subscribe-dropdown\">\n\t\t\t\t\t<div class=\"tribe-common-c-btn-border tribe-events-c-subscribe-dropdown__button\" tabindex=\"0\">\n\t\t\t\t\t\t<svg  class=\"tribe-common-c-svgicon tribe-common-c-svgicon--cal-export tribe-events-c-subscribe-dropdown__export-icon\"  viewBox=\"0 0 23 17\" xmlns=\"http:\/\/www.w3.org\/2000\/svg\">\n  <path fill-rule=\"evenodd\" clip-rule=\"evenodd\" d=\"M.128.896V16.13c0 .211.145.383.323.383h15.354c.179 0 .323-.172.323-.383V.896c0-.212-.144-.383-.323-.383H.451C.273.513.128.684.128.896Zm16 6.742h-.901V4.679H1.009v10.729h14.218v-3.336h.901V7.638ZM1.01 1.614h14.218v2.058H1.009V1.614Z\" \/>\n  <path d=\"M20.5 9.846H8.312M18.524 6.953l2.89 2.909-2.855 2.855\" stroke-width=\"1.2\" stroke-linecap=\"round\" stroke-linejoin=\"round\"\/>\n<\/svg>\n\t\t\t\t\t\t<button class=\"tribe-events-c-subscribe-dropdown__button-text\">\n\t\t\t\t\t\t\tSalva nel tuo calendario\t\t\t\t\t\t<\/button>\n\t\t\t\t\t\t<svg  class=\"tribe-common-c-svgicon tribe-common-c-svgicon--caret-down tribe-events-c-subscribe-dropdown__button-icon\"  viewBox=\"0 0 10 7\" xmlns=\"http:\/\/www.w3.org\/2000\/svg\"><path fill-rule=\"evenodd\" clip-rule=\"evenodd\" d=\"M1.008.609L5 4.6 8.992.61l.958.958L5 6.517.05 1.566l.958-.958z\" class=\"tribe-common-c-svgicon__svg-fill\"\/><\/svg>\n\t\t\t\t\t<\/div>\n\t\t\t\t\t<div class=\"tribe-events-c-subscribe-dropdown__content\">\n\t\t\t\t\t\t<ul class=\"tribe-events-c-subscribe-dropdown__list\" tabindex=\"0\">\n\t\t\t\t\t\t\t\t\t\t\t\t\t\t\t<li class=\"tribe-events-c-subscribe-dropdown__list-item\">\n\t\t\t\t\t\t\t\t\t<a\n\t\t\t\t\t\t\t\t\t\thref=\"https:\/\/www.google.com\/calendar\/event?action=TEMPLATE&#038;dates=20240927T090000\/20240929T174500&#038;text=Trieste%20Next%202024%20%E2%80%93%20%E2%80%9CGli%20orizzonti%20dell%E2%80%99intelligenza%E2%80%9D&#038;details=%3C%21--+wp%3Atribe%2Fevent-datetime+%2F--%3E%3C%21--+wp%3Acolumns+--%3E%3Cdiv+class%3D%22wp-block-columns%22%3E%3C%21--+wp%3Acolumn+%7B%22width%22%3A%22%22%7D+--%3E%3Cdiv+class%3D%22wp-block-column%22%3E%3C%21--+wp%3Aparagraph+--%3E%3Cp%3E%3Cstrong%3EDal+27+al+29+settembre+2024%3C%2Fstrong%3E%26nbsp%3Btorna%26nbsp%3B%3Cstrong%3ETrieste+Next%3C%2Fstrong%3E%2C+il%26nbsp%3B%3Cstrong%3EFestival+della+Ricerca+Scientifica+giunto+alla+XIII+edizione%3C%2Fstrong%3E%2C+che+quest%27anno+sar%C3%A0+intitolato+%22Gli+orizzonti+dell%27intelligenza.+La+Conoscenza+tra+essere+umano+e+tecnologie%22.%3C%2Fp%3E%3C%21--+%2Fwp%3Aparagraph+--%3E%3C%21--+wp%3Aparagraph+--%3E%3Cp%3EIl+palinsesto+prevede+oltre%26nbsp%3B%3Cstrong%3E100+eventi+in+italiano+e+in+inglese%3C%2Fstrong%3E%2C%26nbsp%3B%3Cstrong%3E300+relatori%3C%2Fstrong%3E%26nbsp%3Be%2C+in+occasione+del%26nbsp%3B%3Cstrong%3ECentenario+UniTS%3C%2Fstrong%3E%2C%26nbsp%3B%3Cstrong%3Egrandi+ospiti+internazionali%3C%2Fstrong%3E%20(View%20Full%20evento%20Description%20Here:%20https:\/\/100anni.units.it\/index.php\/evento\/trieste-next-2024-gli-orizzonti-dellintelligenza\/)&#038;location=Trieste&#038;trp=false&#038;ctz=Europe\/Rome&#038;sprop=website:https:\/\/100anni.units.it\"\n\t\t\t\t\t\t\t\t\t\tclass=\"tribe-events-c-subscribe-dropdown__list-item-link\"\n\t\t\t\t\t\t\t\t\t\ttabindex=\"0\"\n\t\t\t\t\t\t\t\t\t\ttarget=\"_blank\"\n\t\t\t\t\t\t\t\t\t\trel=\"noopener noreferrer nofollow noindex\"\n\t\t\t\t\t\t\t\t\t>\n\t\t\t\t\t\t\t\t\t\tGoogle Calendar\t\t\t\t\t\t\t\t\t<\/a>\n\t\t\t\t\t\t\t\t<\/li>\n\t\t\t\t\t\t\t\t\t\t\t\t\t\t\t<li class=\"tribe-events-c-subscribe-dropdown__list-item\">\n\t\t\t\t\t\t\t\t\t<a\n\t\t\t\t\t\t\t\t\t\thref=\"\"\n\t\t\t\t\t\t\t\t\t\tclass=\"tribe-events-c-subscribe-dropdown__list-item-link\"\n\t\t\t\t\t\t\t\t\t\ttabindex=\"0\"\n\t\t\t\t\t\t\t\t\t\ttarget=\"_blank\"\n\t\t\t\t\t\t\t\t\t\trel=\"noopener noreferrer nofollow noindex\"\n\t\t\t\t\t\t\t\t\t>\n\t\t\t\t\t\t\t\t\t\tiCalendar\t\t\t\t\t\t\t\t\t<\/a>\n\t\t\t\t\t\t\t\t<\/li>\n\t\t\t\t\t\t\t\t\t\t\t\t\t\t\t<li class=\"tribe-events-c-subscribe-dropdown__list-item\">\n\t\t\t\t\t\t\t\t\t<a\n\t\t\t\t\t\t\t\t\t\thref=\"\"\n\t\t\t\t\t\t\t\t\t\tclass=\"tribe-events-c-subscribe-dropdown__list-item-link\"\n\t\t\t\t\t\t\t\t\t\ttabindex=\"0\"\n\t\t\t\t\t\t\t\t\t\ttarget=\"_blank\"\n\t\t\t\t\t\t\t\t\t\trel=\"noopener noreferrer nofollow noindex\"\n\t\t\t\t\t\t\t\t\t>\n\t\t\t\t\t\t\t\t\t\tOutlook 365\t\t\t\t\t\t\t\t\t<\/a>\n\t\t\t\t\t\t\t\t<\/li>\n\t\t\t\t\t\t\t\t\t\t\t\t\t\t\t<li class=\"tribe-events-c-subscribe-dropdown__list-item\">\n\t\t\t\t\t\t\t\t\t<a\n\t\t\t\t\t\t\t\t\t\thref=\"\"\n\t\t\t\t\t\t\t\t\t\tclass=\"tribe-events-c-subscribe-dropdown__list-item-link\"\n\t\t\t\t\t\t\t\t\t\ttabindex=\"0\"\n\t\t\t\t\t\t\t\t\t\ttarget=\"_blank\"\n\t\t\t\t\t\t\t\t\t\trel=\"noopener noreferrer nofollow noindex\"\n\t\t\t\t\t\t\t\t\t>\n\t\t\t\t\t\t\t\t\t\tOutlook Live\t\t\t\t\t\t\t\t\t<\/a>\n\t\t\t\t\t\t\t\t<\/li>\n\t\t\t\t\t\t\t\t\t\t\t\t\t<\/ul>\n\t\t\t\t\t<\/div>\n\t\t\t\t<\/div>\n\t\t\t<\/div>\n\t\t<\/div>\n\t<\/div>\n\n\n\n\n<div class=\"wp-block-buttons is-content-justification-center is-layout-flex wp-container-core-buttons-is-layout-16018d1d wp-block-buttons-is-layout-flex\">\n<div class=\"wp-block-button has-custom-width wp-block-button__width-100 is-style-primary\"><a class=\"wp-block-button__link wp-element-button\" href=\"https:\/\/100anni.units.it\/wp-content\/uploads\/2024\/09\/Programma-Next-Inviato-Ufficio-stampa_05sett.pdf\">scarica il programma<\/a><\/div>\n<\/div>\n<\/div>\n<\/div>\n<\/div>\n\n\n\n<div style=\"height:100px\" aria-hidden=\"true\" class=\"wp-block-spacer\"><\/div>\n","protected":false},"excerpt":{"rendered":"<p>In occasione del Centenario UniTS il Festival della Ricerca Scientifica sar\u00e0 ricco di ospiti internazionali tra cui il premio Nobel Andre Geim e il premio Oscar Nicola Piovani<\/p>\n","protected":false},"author":1,"featured_media":6948,"comment_status":"closed","ping_status":"closed","template":"","meta":{"neve_meta_sidebar":"","neve_meta_container":"","neve_meta_enable_content_width":"","neve_meta_content_width":0,"neve_meta_title_alignment":"","neve_meta_author_avatar":"","neve_post_elements_order":"","neve_meta_disable_header":"","neve_meta_disable_footer":"","neve_meta_disable_title":"","_EventAllDay":false,"_EventTimezone":"Europe\/Rome","_EventStartDate":"2024-09-27 09:00:00","_EventEndDate":"2024-09-29 17:45:00","_EventStartDateUTC":"2024-09-27 07:00:00","_EventEndDateUTC":"2024-09-29 15:45:00","_EventShowMap":false,"_EventShowMapLink":false,"_EventURL":"","_EventCost":"","_EventCostDescription":"","_EventCurrencySymbol":"\u20ac","_EventCurrencyCode":"EUR","_EventCurrencyPosition":"prefix","_EventDateTimeSeparator":" ore ","_EventTimeRangeSeparator":" - ","_EventOrganizerID":[],"_EventVenueID":[6946],"_OrganizerEmail":"","_OrganizerPhone":"","_OrganizerWebsite":"","_VenueAddress":"","_VenueCity":"","_VenueCountry":"","_VenueProvince":"","_VenueState":"","_VenueZip":"","_VenuePhone":"","_VenueURL":"","_VenueStateProvince":"","_VenueLat":"","_VenueLng":"","_VenueShowMap":false,"_VenueShowMapLink":false,"_ti_tpc_template_sync":false,"_ti_tpc_template_id":"","_tribe_events_status":"","_tribe_events_status_reason":"","footnotes":""},"tags":[],"tribe_events_cat":[3],"class_list":["post-6945","tribe_events","type-tribe_events","status-publish","has-post-thumbnail","hentry","tribe_events_cat-ateneo","cat_ateneo"],"yoast_head":"<!-- This site is optimized with the Yoast SEO plugin v21.0 - https:\/\/yoast.com\/wordpress\/plugins\/seo\/ -->\n<title>Trieste Next 2024 \u2013 \u201cGli orizzonti dell\u2019intelligenza\u201d &ndash; #100UniTS<\/title>\n<meta name=\"description\" content=\"In occasione del Centenario UniTS il Festival della Ricerca Scientifica sar\u00e0 ricco di ospiti internazionali tra cui il premio Nobel Andre Geim e il premio Oscar Nicola Piovani\" \/>\n<meta name=\"robots\" content=\"index, follow, max-snippet:-1, max-image-preview:large, max-video-preview:-1\" \/>\n<link rel=\"canonical\" href=\"https:\/\/100anni.units.it\/index.php\/evento\/trieste-next-2024-gli-orizzonti-dellintelligenza\/\" \/>\n<meta property=\"og:locale\" content=\"it_IT\" \/>\n<meta property=\"og:type\" content=\"article\" \/>\n<meta property=\"og:title\" content=\"Trieste Next 2024 \u2013 \u201cGli orizzonti dell\u2019intelligenza\u201d &ndash; #100UniTS\" \/>\n<meta property=\"og:description\" content=\"In occasione del Centenario UniTS il Festival della Ricerca Scientifica sar\u00e0 ricco di ospiti internazionali tra cui il premio Nobel Andre Geim e il premio Oscar Nicola Piovani\" \/>\n<meta property=\"og:url\" content=\"https:\/\/100anni.units.it\/index.php\/evento\/trieste-next-2024-gli-orizzonti-dellintelligenza\/\" \/>\n<meta property=\"og:site_name\" content=\"#100UniTS\" \/>\n<meta property=\"article:publisher\" content=\"https:\/\/www.facebook.com\/universitatrieste\" \/>\n<meta property=\"article:modified_time\" content=\"2024-09-06T13:33:49+00:00\" \/>\n<meta property=\"og:image\" content=\"https:\/\/100anni.units.it\/wp-content\/uploads\/2024\/09\/Trieste_NEXT_2024.png\" \/>\n\t<meta property=\"og:image:width\" content=\"1556\" \/>\n\t<meta property=\"og:image:height\" content=\"875\" \/>\n\t<meta property=\"og:image:type\" content=\"image\/png\" \/>\n<meta name=\"twitter:card\" content=\"summary_large_image\" \/>\n<meta name=\"twitter:site\" content=\"@UniTrieste\" \/>\n<meta name=\"twitter:label1\" content=\"Tempo di lettura stimato\" \/>\n\t<meta name=\"twitter:data1\" content=\"2 minuti\" \/>\n<script type=\"application\/ld+json\" class=\"yoast-schema-graph\">{\"@context\":\"https:\/\/schema.org\",\"@graph\":[{\"@type\":\"WebPage\",\"@id\":\"https:\/\/100anni.units.it\/index.php\/evento\/trieste-next-2024-gli-orizzonti-dellintelligenza\/\",\"url\":\"https:\/\/100anni.units.it\/index.php\/evento\/trieste-next-2024-gli-orizzonti-dellintelligenza\/\",\"name\":\"Trieste Next 2024 \u2013 \u201cGli orizzonti dell\u2019intelligenza\u201d &ndash; #100UniTS\",\"isPartOf\":{\"@id\":\"https:\/\/100anni.units.it\/#website\"},\"datePublished\":\"2024-09-06T13:14:21+00:00\",\"dateModified\":\"2024-09-06T13:33:49+00:00\",\"description\":\"In occasione del Centenario UniTS il Festival della Ricerca Scientifica sar\u00e0 ricco di ospiti internazionali tra cui il premio Nobel Andre Geim e il premio Oscar Nicola Piovani\",\"breadcrumb\":{\"@id\":\"https:\/\/100anni.units.it\/index.php\/evento\/trieste-next-2024-gli-orizzonti-dellintelligenza\/#breadcrumb\"},\"inLanguage\":\"it-IT\",\"potentialAction\":[{\"@type\":\"ReadAction\",\"target\":[\"https:\/\/100anni.units.it\/index.php\/evento\/trieste-next-2024-gli-orizzonti-dellintelligenza\/\"]}]},{\"@type\":\"BreadcrumbList\",\"@id\":\"https:\/\/100anni.units.it\/index.php\/evento\/trieste-next-2024-gli-orizzonti-dellintelligenza\/#breadcrumb\",\"itemListElement\":[{\"@type\":\"ListItem\",\"position\":1,\"name\":\"Eventi\",\"item\":\"https:\/\/100anni.units.it\/index.php\/eventi\/\"},{\"@type\":\"ListItem\",\"position\":2,\"name\":\"Trieste Next 2024 \u2013 \u201cGli orizzonti dell\u2019intelligenza\u201d\"}]},{\"@type\":\"WebSite\",\"@id\":\"https:\/\/100anni.units.it\/#website\",\"url\":\"https:\/\/100anni.units.it\/\",\"name\":\"#100UniTS\",\"description\":\"Ogni giorno, da cento anni, con noi puoi scoprire ci\u00f2 che sar\u00e0 realt\u00e0 nel futuro. Celebriamo insieme un secolo di ricerca, eccellenza, creativit\u00e0 e ingegno umano.\",\"publisher\":{\"@id\":\"https:\/\/100anni.units.it\/#organization\"},\"potentialAction\":[{\"@type\":\"SearchAction\",\"target\":{\"@type\":\"EntryPoint\",\"urlTemplate\":\"https:\/\/100anni.units.it\/?s={search_term_string}\"},\"query-input\":\"required name=search_term_string\"}],\"inLanguage\":\"it-IT\"},{\"@type\":\"Organization\",\"@id\":\"https:\/\/100anni.units.it\/#organization\",\"name\":\"Universit\u00e0 degli Studi di Trieste\",\"alternateName\":\"UniTS\",\"url\":\"https:\/\/100anni.units.it\/\",\"logo\":{\"@type\":\"ImageObject\",\"inLanguage\":\"it-IT\",\"@id\":\"https:\/\/100anni.units.it\/#\/schema\/logo\/image\/\",\"url\":\"https:\/\/100anni.units.it\/wp-content\/uploads\/2023\/08\/units_sigillo.png\",\"contentUrl\":\"https:\/\/100anni.units.it\/wp-content\/uploads\/2023\/08\/units_sigillo.png\",\"width\":696,\"height\":696,\"caption\":\"Universit\u00e0 degli Studi di Trieste\"},\"image\":{\"@id\":\"https:\/\/100anni.units.it\/#\/schema\/logo\/image\/\"},\"sameAs\":[\"https:\/\/www.facebook.com\/universitatrieste\",\"https:\/\/twitter.com\/UniTrieste\"]}]}<\/script>\n<!-- \/ Yoast SEO plugin. -->","yoast_head_json":{"title":"Trieste Next 2024 \u2013 \u201cGli orizzonti dell\u2019intelligenza\u201d &ndash; #100UniTS","description":"In occasione del Centenario UniTS il Festival della Ricerca Scientifica sar\u00e0 ricco di ospiti internazionali tra cui il premio Nobel Andre Geim e il premio Oscar Nicola Piovani","robots":{"index":"index","follow":"follow","max-snippet":"max-snippet:-1","max-image-preview":"max-image-preview:large","max-video-preview":"max-video-preview:-1"},"canonical":"https:\/\/100anni.units.it\/index.php\/evento\/trieste-next-2024-gli-orizzonti-dellintelligenza\/","og_locale":"it_IT","og_type":"article","og_title":"Trieste Next 2024 \u2013 \u201cGli orizzonti dell\u2019intelligenza\u201d &ndash; #100UniTS","og_description":"In occasione del Centenario UniTS il Festival della Ricerca Scientifica sar\u00e0 ricco di ospiti internazionali tra cui il premio Nobel Andre Geim e il premio Oscar Nicola Piovani","og_url":"https:\/\/100anni.units.it\/index.php\/evento\/trieste-next-2024-gli-orizzonti-dellintelligenza\/","og_site_name":"#100UniTS","article_publisher":"https:\/\/www.facebook.com\/universitatrieste","article_modified_time":"2024-09-06T13:33:49+00:00","og_image":[{"width":1556,"height":875,"url":"https:\/\/100anni.units.it\/wp-content\/uploads\/2024\/09\/Trieste_NEXT_2024.png","type":"image\/png"}],"twitter_card":"summary_large_image","twitter_site":"@UniTrieste","twitter_misc":{"Tempo di lettura stimato":"2 minuti"},"schema":{"@context":"https:\/\/schema.org","@graph":[{"@type":"WebPage","@id":"https:\/\/100anni.units.it\/index.php\/evento\/trieste-next-2024-gli-orizzonti-dellintelligenza\/","url":"https:\/\/100anni.units.it\/index.php\/evento\/trieste-next-2024-gli-orizzonti-dellintelligenza\/","name":"Trieste Next 2024 \u2013 \u201cGli orizzonti dell\u2019intelligenza\u201d &ndash; #100UniTS","isPartOf":{"@id":"https:\/\/100anni.units.it\/#website"},"datePublished":"2024-09-06T13:14:21+00:00","dateModified":"2024-09-06T13:33:49+00:00","description":"In occasione del Centenario UniTS il Festival della Ricerca Scientifica sar\u00e0 ricco di ospiti internazionali tra cui il premio Nobel Andre Geim e il premio Oscar Nicola Piovani","breadcrumb":{"@id":"https:\/\/100anni.units.it\/index.php\/evento\/trieste-next-2024-gli-orizzonti-dellintelligenza\/#breadcrumb"},"inLanguage":"it-IT","potentialAction":[{"@type":"ReadAction","target":["https:\/\/100anni.units.it\/index.php\/evento\/trieste-next-2024-gli-orizzonti-dellintelligenza\/"]}]},{"@type":"BreadcrumbList","@id":"https:\/\/100anni.units.it\/index.php\/evento\/trieste-next-2024-gli-orizzonti-dellintelligenza\/#breadcrumb","itemListElement":[{"@type":"ListItem","position":1,"name":"Eventi","item":"https:\/\/100anni.units.it\/index.php\/eventi\/"},{"@type":"ListItem","position":2,"name":"Trieste Next 2024 \u2013 \u201cGli orizzonti dell\u2019intelligenza\u201d"}]},{"@type":"WebSite","@id":"https:\/\/100anni.units.it\/#website","url":"https:\/\/100anni.units.it\/","name":"#100UniTS","description":"Ogni giorno, da cento anni, con noi puoi scoprire ci\u00f2 che sar\u00e0 realt\u00e0 nel futuro. Celebriamo insieme un secolo di ricerca, eccellenza, creativit\u00e0 e ingegno umano.","publisher":{"@id":"https:\/\/100anni.units.it\/#organization"},"potentialAction":[{"@type":"SearchAction","target":{"@type":"EntryPoint","urlTemplate":"https:\/\/100anni.units.it\/?s={search_term_string}"},"query-input":"required name=search_term_string"}],"inLanguage":"it-IT"},{"@type":"Organization","@id":"https:\/\/100anni.units.it\/#organization","name":"Universit\u00e0 degli Studi di Trieste","alternateName":"UniTS","url":"https:\/\/100anni.units.it\/","logo":{"@type":"ImageObject","inLanguage":"it-IT","@id":"https:\/\/100anni.units.it\/#\/schema\/logo\/image\/","url":"https:\/\/100anni.units.it\/wp-content\/uploads\/2023\/08\/units_sigillo.png","contentUrl":"https:\/\/100anni.units.it\/wp-content\/uploads\/2023\/08\/units_sigillo.png","width":696,"height":696,"caption":"Universit\u00e0 degli Studi di Trieste"},"image":{"@id":"https:\/\/100anni.units.it\/#\/schema\/logo\/image\/"},"sameAs":["https:\/\/www.facebook.com\/universitatrieste","https:\/\/twitter.com\/UniTrieste"]}]}},"_links":{"self":[{"href":"https:\/\/100anni.units.it\/index.php\/wp-json\/wp\/v2\/tribe_events\/6945","targetHints":{"allow":["GET"]}}],"collection":[{"href":"https:\/\/100anni.units.it\/index.php\/wp-json\/wp\/v2\/tribe_events"}],"about":[{"href":"https:\/\/100anni.units.it\/index.php\/wp-json\/wp\/v2\/types\/tribe_events"}],"author":[{"embeddable":true,"href":"https:\/\/100anni.units.it\/index.php\/wp-json\/wp\/v2\/users\/1"}],"replies":[{"embeddable":true,"href":"https:\/\/100anni.units.it\/index.php\/wp-json\/wp\/v2\/comments?post=6945"}],"version-history":[{"count":2,"href":"https:\/\/100anni.units.it\/index.php\/wp-json\/wp\/v2\/tribe_events\/6945\/revisions"}],"predecessor-version":[{"id":6955,"href":"https:\/\/100anni.units.it\/index.php\/wp-json\/wp\/v2\/tribe_events\/6945\/revisions\/6955"}],"wp:featuredmedia":[{"embeddable":true,"href":"https:\/\/100anni.units.it\/index.php\/wp-json\/wp\/v2\/media\/6948"}],"wp:attachment":[{"href":"https:\/\/100anni.units.it\/index.php\/wp-json\/wp\/v2\/media?parent=6945"}],"wp:term":[{"taxonomy":"post_tag","embeddable":true,"href":"https:\/\/100anni.units.it\/index.php\/wp-json\/wp\/v2\/tags?post=6945"},{"taxonomy":"tribe_events_cat","embeddable":true,"href":"https:\/\/100anni.units.it\/index.php\/wp-json\/wp\/v2\/tribe_events_cat?post=6945"}],"curies":[{"name":"wp","href":"https:\/\/api.w.org\/{rel}","templated":true}]}}