{"id":6981,"date":"2024-09-10T16:16:37","date_gmt":"2024-09-10T14:16:37","guid":{"rendered":"https:\/\/100anni.units.it\/?post_type=tribe_events&#038;p=6981"},"modified":"2024-09-19T14:08:06","modified_gmt":"2024-09-19T12:08:06","slug":"100-passi-avanti-talk-and-dance","status":"publish","type":"tribe_events","link":"https:\/\/100anni.units.it\/index.php\/evento\/100-passi-avanti-talk-and-dance\/","title":{"rendered":"100 passi avanti &#8211; Talk and Dance"},"content":{"rendered":"\n<div class=\"wp-block-columns is-layout-flex wp-container-core-columns-is-layout-9d6595d7 wp-block-columns-is-layout-flex\">\n<div class=\"wp-block-column is-layout-flow wp-block-column-is-layout-flow\">\n<p><strong>&#8220;100 passi avanti &#8211; Talk and dance&#8221;&nbsp;<\/strong>\u00e8 l&#8217;evento celebrativo dei&nbsp;<strong>100 anni dalla fondazione dell&#8217;Universit\u00e0<\/strong>, organizzato per&nbsp;<strong>venerd\u00ec 20 settembre 2024<\/strong>&nbsp;in collaborazione con&nbsp;<strong>Trieste Trasporti<\/strong> e con il contributo di<strong> Regione Autonoma Friuli Venezia Giulia<\/strong> e di <strong>CAMPUSX S.R.L.<\/strong>&nbsp;a cui tutta la comunit\u00e0 UniTS \u00e8 invitata.<\/p>\n\n\n\n<p>Nel corso dell\u2019evento saranno consegnate diverse tipologie di premi a studenti meritevoli dell&#8217;Ateneo e organizzati brevi talk divulgativi per celebrare la Settimana Europea della mobilit\u00e0, con un occhio di riguardo alla sostenibilit\u00e0.<\/p>\n\n\n\n<p>L&#8217;appuntamento \u00e8 a partire&nbsp;<strong>dalle ore 17.00 nell&#8217;Aula Magna dell&#8217;edificio H3<\/strong>.<\/p>\n\n\n\n<p>A seguire, alle&nbsp;<strong>ore 20.00, sulla scalinata di Piazzale Europa 1<\/strong>,<strong>&nbsp;<\/strong>il via al&nbsp;<strong>dj set<\/strong>&nbsp;con <strong>Tommy Vee<\/strong> e<strong> Albert Marzinotto<\/strong> per festeggiare a ritmo di musica i 100 anni UniTS!<\/p>\n\n\n\n<div style=\"height:66px\" aria-hidden=\"true\" class=\"wp-block-spacer\"><\/div>\n\n\n\n<div class=\"wp-block-buttons is-layout-flex wp-block-buttons-is-layout-flex\">\n<div class=\"wp-block-button\"><a class=\"wp-block-button__link has-nv-site-bg-color has-neve-link-hover-color-background-color has-text-color has-background wp-element-button\" href=\"https:\/\/100anni.units.it\/index.php\/home\/100-passi-avanti-talk-and-dance\/\">Info su servizio navette\/ partner<\/a><\/div>\n<\/div>\n\n\n\n<div style=\"height:75px\" aria-hidden=\"true\" class=\"wp-block-spacer\"><\/div>\n\n\n\n<p class=\"has-neve-link-color-color has-text-color\">Accesso libero<\/p>\n<\/div>\n\n\n\n<div class=\"wp-block-column is-vertically-aligned-top is-layout-flow wp-block-column-is-layout-flow\" style=\"flex-basis:30%\">\n<figure class=\"wp-block-image size-full\"><img loading=\"lazy\" decoding=\"async\" width=\"907\" height=\"603\" src=\"https:\/\/100anni.units.it\/wp-content\/uploads\/2024\/09\/100UniTS_100_passiavanti-1.png\" alt=\"100 passi avanti\" class=\"wp-image-6986\" srcset=\"https:\/\/100anni.units.it\/wp-content\/uploads\/2024\/09\/100UniTS_100_passiavanti-1.png 907w, https:\/\/100anni.units.it\/wp-content\/uploads\/2024\/09\/100UniTS_100_passiavanti-1-300x199.png 300w, https:\/\/100anni.units.it\/wp-content\/uploads\/2024\/09\/100UniTS_100_passiavanti-1-768x511.png 768w\" sizes=\"auto, (max-width: 907px) 100vw, 907px\" \/><\/figure>\n\n\n\n<div style=\"height:21px\" aria-hidden=\"true\" class=\"wp-block-spacer\"><\/div>\n\n\n\n<div class=\"wp-block-group is-content-justification-center is-nowrap is-layout-flex wp-container-core-group-is-layout-94bc23d7 wp-block-group-is-layout-flex\">\n<div style=\"height:100px;width:12px\" aria-hidden=\"true\" class=\"wp-block-spacer wp-container-content-cc4259ba\"><\/div>\n\n\n\n<figure class=\"wp-block-image size-large is-resized\"><img loading=\"lazy\" decoding=\"async\" src=\"https:\/\/100anni.units.it\/wp-content\/uploads\/2024\/02\/100UniTS_logo_centenario_principale-1024x439.png\" alt=\"logo Centenario UniTS\" class=\"wp-image-3871\" style=\"width:302px;height:129px\" width=\"302\" height=\"129\" srcset=\"https:\/\/100anni.units.it\/wp-content\/uploads\/2024\/02\/100UniTS_logo_centenario_principale-1024x439.png 1024w, https:\/\/100anni.units.it\/wp-content\/uploads\/2024\/02\/100UniTS_logo_centenario_principale-300x129.png 300w, https:\/\/100anni.units.it\/wp-content\/uploads\/2024\/02\/100UniTS_logo_centenario_principale-768x329.png 768w, https:\/\/100anni.units.it\/wp-content\/uploads\/2024\/02\/100UniTS_logo_centenario_principale.png 1200w\" sizes=\"auto, (max-width: 302px) 100vw, 302px\" \/><\/figure>\n<\/div>\n\n\n\n<p class=\"has-text-align-center has-medium-font-size\">con il contributo di<\/p>\n\n\n\n<div class=\"wp-block-group is-content-justification-center is-nowrap is-layout-flex wp-container-core-group-is-layout-94bc23d7 wp-block-group-is-layout-flex\">\n<div style=\"height:100px;width:12px\" aria-hidden=\"true\" class=\"wp-block-spacer wp-container-content-cc4259ba\"><\/div>\n\n\n\n<figure class=\"wp-block-image size-full is-resized\"><img loading=\"lazy\" decoding=\"async\" src=\"https:\/\/100anni.units.it\/wp-content\/uploads\/2023\/09\/logo-FVG-102a.jpg\" alt=\"logo Regione Friuli Venezia Giulia\" class=\"wp-image-1503\" style=\"width:287px;height:63px\" width=\"287\" height=\"63\" srcset=\"https:\/\/100anni.units.it\/wp-content\/uploads\/2023\/09\/logo-FVG-102a.jpg 531w, https:\/\/100anni.units.it\/wp-content\/uploads\/2023\/09\/logo-FVG-102a-300x67.jpg 300w\" sizes=\"auto, (max-width: 287px) 100vw, 287px\" \/><\/figure>\n<\/div>\n\n\n\n<div class=\"wp-block-group is-nowrap is-layout-flex wp-container-core-group-is-layout-ad2f72ca wp-block-group-is-layout-flex\">\n<figure class=\"wp-block-image size-full is-resized\"><img loading=\"lazy\" decoding=\"async\" src=\"https:\/\/100anni.units.it\/wp-content\/uploads\/2024\/09\/100UniTS_logo_cx.jpg\" alt=\"logo cx\" class=\"wp-image-6985\" style=\"width:77px;height:77px\" width=\"77\" height=\"77\" srcset=\"https:\/\/100anni.units.it\/wp-content\/uploads\/2024\/09\/100UniTS_logo_cx.jpg 200w, https:\/\/100anni.units.it\/wp-content\/uploads\/2024\/09\/100UniTS_logo_cx-150x150.jpg 150w\" sizes=\"auto, (max-width: 77px) 100vw, 77px\" \/><\/figure>\n\n\n\n<div style=\"height:100px;width:88px\" aria-hidden=\"true\" class=\"wp-block-spacer wp-container-content-5d076905\"><\/div>\n\n\n\n<figure class=\"wp-block-image size-full is-resized\"><img loading=\"lazy\" decoding=\"async\" src=\"https:\/\/100anni.units.it\/wp-content\/uploads\/2024\/04\/Logo_Trieste_Trasporti.png\" alt=\"Logo Trieste Trasporti\" class=\"wp-image-4788\" style=\"width:123px;height:56px\" width=\"123\" height=\"56\" srcset=\"https:\/\/100anni.units.it\/wp-content\/uploads\/2024\/04\/Logo_Trieste_Trasporti.png 500w, https:\/\/100anni.units.it\/wp-content\/uploads\/2024\/04\/Logo_Trieste_Trasporti-300x135.png 300w\" sizes=\"auto, (max-width: 123px) 100vw, 123px\" \/><\/figure>\n<\/div>\n\n\n\n<figure class=\"wp-block-image size-large is-resized\"><img loading=\"lazy\" decoding=\"async\" src=\"https:\/\/100anni.units.it\/wp-content\/uploads\/2024\/09\/EMW-Logo-IT-Black-1024x377.png\" alt=\"logo SEM\" class=\"wp-image-7071\" style=\"width:144px;height:53px\" width=\"144\" height=\"53\" srcset=\"https:\/\/100anni.units.it\/wp-content\/uploads\/2024\/09\/EMW-Logo-IT-Black-1024x377.png 1024w, https:\/\/100anni.units.it\/wp-content\/uploads\/2024\/09\/EMW-Logo-IT-Black-300x110.png 300w, https:\/\/100anni.units.it\/wp-content\/uploads\/2024\/09\/EMW-Logo-IT-Black-768x283.png 768w, https:\/\/100anni.units.it\/wp-content\/uploads\/2024\/09\/EMW-Logo-IT-Black.png 1317w\" sizes=\"auto, (max-width: 144px) 100vw, 144px\" \/><\/figure>\n<\/div>\n<\/div>\n\n\n\n<div class=\"wp-block-columns are-vertically-aligned-center is-layout-flex wp-container-core-columns-is-layout-9d6595d7 wp-block-columns-is-layout-flex\">\n<div class=\"wp-block-column is-vertically-aligned-center is-layout-flow wp-block-column-is-layout-flow\"><div  class=\"tribe-block tribe-block__venue tribe-clearfix\" >\n\t\n\t\n<div class=\"tribe-block__venue__meta\">\n\t<div class=\"tribe-block__venue__name\">\n\t\t<h3>Piazzale Europa 1,<\/h3>\n\t<\/div>\n\n\t\n\t\t\t<address class=\"tribe-block__venue__address\">\n\t\t\t<span class=\"tribe-address\">\n\n\n\t<span class=\"tribe-locality\">Trieste<\/span><span class=\"tribe-delimiter\">,<\/span>\n\n\n\n\n<\/span>\n\n\t\t\t\t\t<\/address>\n\t\n\t\n\t\n\t<\/div>\n\t\n\t<\/div>\n<\/div>\n\n\n\n<div class=\"wp-block-column is-vertically-aligned-center is-layout-flow wp-block-column-is-layout-flow\" style=\"flex-basis:30%\">\n<div class=\"wp-block-group is-vertical is-content-justification-center is-layout-flex wp-container-core-group-is-layout-0472769e wp-block-group-is-layout-flex\">\t<div  class=\"tribe-block tribe-block__events-link\" >\n\t\t<div class=\"tribe-events tribe-common\">\n\t\t\t<div class=\"tribe-events-c-subscribe-dropdown__container\">\n\t\t\t\t<div class=\"tribe-events-c-subscribe-dropdown\">\n\t\t\t\t\t<div class=\"tribe-common-c-btn-border tribe-events-c-subscribe-dropdown__button\" tabindex=\"0\">\n\t\t\t\t\t\t<svg  class=\"tribe-common-c-svgicon tribe-common-c-svgicon--cal-export tribe-events-c-subscribe-dropdown__export-icon\"  viewBox=\"0 0 23 17\" xmlns=\"http:\/\/www.w3.org\/2000\/svg\">\n  <path fill-rule=\"evenodd\" clip-rule=\"evenodd\" d=\"M.128.896V16.13c0 .211.145.383.323.383h15.354c.179 0 .323-.172.323-.383V.896c0-.212-.144-.383-.323-.383H.451C.273.513.128.684.128.896Zm16 6.742h-.901V4.679H1.009v10.729h14.218v-3.336h.901V7.638ZM1.01 1.614h14.218v2.058H1.009V1.614Z\" \/>\n  <path d=\"M20.5 9.846H8.312M18.524 6.953l2.89 2.909-2.855 2.855\" stroke-width=\"1.2\" stroke-linecap=\"round\" stroke-linejoin=\"round\"\/>\n<\/svg>\n\t\t\t\t\t\t<button class=\"tribe-events-c-subscribe-dropdown__button-text\">\n\t\t\t\t\t\t\tSalva nel tuo calendario\t\t\t\t\t\t<\/button>\n\t\t\t\t\t\t<svg  class=\"tribe-common-c-svgicon tribe-common-c-svgicon--caret-down tribe-events-c-subscribe-dropdown__button-icon\"  viewBox=\"0 0 10 7\" xmlns=\"http:\/\/www.w3.org\/2000\/svg\"><path fill-rule=\"evenodd\" clip-rule=\"evenodd\" d=\"M1.008.609L5 4.6 8.992.61l.958.958L5 6.517.05 1.566l.958-.958z\" class=\"tribe-common-c-svgicon__svg-fill\"\/><\/svg>\n\t\t\t\t\t<\/div>\n\t\t\t\t\t<div class=\"tribe-events-c-subscribe-dropdown__content\">\n\t\t\t\t\t\t<ul class=\"tribe-events-c-subscribe-dropdown__list\" tabindex=\"0\">\n\t\t\t\t\t\t\t\t\t\t\t\t\t\t\t<li class=\"tribe-events-c-subscribe-dropdown__list-item\">\n\t\t\t\t\t\t\t\t\t<a\n\t\t\t\t\t\t\t\t\t\thref=\"https:\/\/www.google.com\/calendar\/event?action=TEMPLATE&#038;dates=20240920T170000\/20240920T234500&#038;text=100%20passi%20avanti%20%26%238211%3B%20Talk%20and%20Dance&#038;details=%3C%21--+wp%3Acolumns+--%3E%3Cdiv+class%3D%22wp-block-columns%22%3E%3C%21--+wp%3Acolumn+%7B%22width%22%3A%22%22%7D+--%3E%3Cdiv+class%3D%22wp-block-column%22%3E%3C%21--+wp%3Aparagraph+--%3E%3Cp%3E%3Cstrong%3E%22100+passi+avanti+-+Talk+and+dance%22%26nbsp%3B%3C%2Fstrong%3E%C3%A8+l%27evento+celebrativo+dei%26nbsp%3B%3Cstrong%3E100+anni+dalla+fondazione+dell%27Universit%C3%A0%3C%2Fstrong%3E%2C+organizzato+per%26nbsp%3B%3Cstrong%3Evenerd%C3%AC+20+settembre+2024%3C%2Fstrong%3E%26nbsp%3Bin+collaborazione+con%26nbsp%3B%3Cstrong%3ETrieste+Trasporti%3C%2Fstrong%3E+e+con+il+contributo+di%3Cstrong%3E+Regione+Autonoma+Friuli+Venezia+Giulia%3C%2Fstrong%3E+e+di+%3Cstrong%3ECAMPUSX+S.R.L.%3C%2Fstrong%3E%26nbsp%3Ba+cui+tutta+la+comunit%C3%A0+UniTS+%C3%A8+invitata.%3C%2Fp%3E%3C%21--+%2Fwp%3Aparagraph+--%3E%3C%21--+wp%3Aparagraph+--%3E%3Cp%3ENel+corso+dell%E2%80%99evento+saranno+consegnate+diverse+tipologie+di+premi+a+studenti+meritevoli+dell%27Ateneo+e+organizzati+brevi+talk+div%20(View%20Full%20evento%20Description%20Here:%20https:\/\/100anni.units.it\/index.php\/evento\/100-passi-avanti-talk-and-dance\/)&#038;location=Piazzale%20Europa%201,,%20Trieste&#038;trp=false&#038;ctz=Europe\/Rome&#038;sprop=website:https:\/\/100anni.units.it\"\n\t\t\t\t\t\t\t\t\t\tclass=\"tribe-events-c-subscribe-dropdown__list-item-link\"\n\t\t\t\t\t\t\t\t\t\ttabindex=\"0\"\n\t\t\t\t\t\t\t\t\t\ttarget=\"_blank\"\n\t\t\t\t\t\t\t\t\t\trel=\"noopener noreferrer nofollow noindex\"\n\t\t\t\t\t\t\t\t\t>\n\t\t\t\t\t\t\t\t\t\tGoogle Calendar\t\t\t\t\t\t\t\t\t<\/a>\n\t\t\t\t\t\t\t\t<\/li>\n\t\t\t\t\t\t\t\t\t\t\t\t\t\t\t<li class=\"tribe-events-c-subscribe-dropdown__list-item\">\n\t\t\t\t\t\t\t\t\t<a\n\t\t\t\t\t\t\t\t\t\thref=\"\"\n\t\t\t\t\t\t\t\t\t\tclass=\"tribe-events-c-subscribe-dropdown__list-item-link\"\n\t\t\t\t\t\t\t\t\t\ttabindex=\"0\"\n\t\t\t\t\t\t\t\t\t\ttarget=\"_blank\"\n\t\t\t\t\t\t\t\t\t\trel=\"noopener noreferrer nofollow noindex\"\n\t\t\t\t\t\t\t\t\t>\n\t\t\t\t\t\t\t\t\t\tiCalendar\t\t\t\t\t\t\t\t\t<\/a>\n\t\t\t\t\t\t\t\t<\/li>\n\t\t\t\t\t\t\t\t\t\t\t\t\t\t\t<li class=\"tribe-events-c-subscribe-dropdown__list-item\">\n\t\t\t\t\t\t\t\t\t<a\n\t\t\t\t\t\t\t\t\t\thref=\"\"\n\t\t\t\t\t\t\t\t\t\tclass=\"tribe-events-c-subscribe-dropdown__list-item-link\"\n\t\t\t\t\t\t\t\t\t\ttabindex=\"0\"\n\t\t\t\t\t\t\t\t\t\ttarget=\"_blank\"\n\t\t\t\t\t\t\t\t\t\trel=\"noopener noreferrer nofollow noindex\"\n\t\t\t\t\t\t\t\t\t>\n\t\t\t\t\t\t\t\t\t\tOutlook 365\t\t\t\t\t\t\t\t\t<\/a>\n\t\t\t\t\t\t\t\t<\/li>\n\t\t\t\t\t\t\t\t\t\t\t\t\t\t\t<li class=\"tribe-events-c-subscribe-dropdown__list-item\">\n\t\t\t\t\t\t\t\t\t<a\n\t\t\t\t\t\t\t\t\t\thref=\"\"\n\t\t\t\t\t\t\t\t\t\tclass=\"tribe-events-c-subscribe-dropdown__list-item-link\"\n\t\t\t\t\t\t\t\t\t\ttabindex=\"0\"\n\t\t\t\t\t\t\t\t\t\ttarget=\"_blank\"\n\t\t\t\t\t\t\t\t\t\trel=\"noopener noreferrer nofollow noindex\"\n\t\t\t\t\t\t\t\t\t>\n\t\t\t\t\t\t\t\t\t\tOutlook Live\t\t\t\t\t\t\t\t\t<\/a>\n\t\t\t\t\t\t\t\t<\/li>\n\t\t\t\t\t\t\t\t\t\t\t\t\t<\/ul>\n\t\t\t\t\t<\/div>\n\t\t\t\t<\/div>\n\t\t\t<\/div>\n\t\t<\/div>\n\t<\/div>\n\n\n\n\n<div class=\"wp-block-buttons is-content-justification-center is-layout-flex wp-container-core-buttons-is-layout-16018d1d wp-block-buttons-is-layout-flex\">\n<div class=\"wp-block-button has-custom-width wp-block-button__width-100 is-style-primary\"><a class=\"wp-block-button__link wp-element-button\" href=\"https:\/\/100anni.units.it\/wp-content\/uploads\/2024\/09\/100UniTS_locandina_100passiavanti.pdf\">scarica la locandina<\/a><\/div>\n<\/div>\n<\/div>\n<\/div>\n<\/div>\n\n\n\n<div style=\"height:35px\" aria-hidden=\"true\" class=\"wp-block-spacer\"><\/div>\n\n\n\n<h3 class=\"wp-block-heading has-neve-link-color-color has-text-color has-medium-font-size\" style=\"text-transform:none\">Programma Talk<\/h3>\n\n\n\n<p><strong>Modera: Micol Brusaferro<\/strong><\/p>\n\n\n\n<p><strong>Saluti istituzionali<\/strong><\/p>\n\n\n\n<p><strong>Premi dei Dipartimenti e della Fondazione Pittini<\/strong><\/p>\n\n\n\n<p><strong>Guido Caldarelli<\/strong>, fisico, Universit\u00e0 Ca&#8217; Foscari di Venezia<br><em>Complessit\u00e0, gemelli digitali e il futuro delle citt\u00e0<\/em><br><strong>Alessandro Massi Pavan<\/strong>, Centro interdipartimentale per l\u2019energia, l\u2019ambiente<br>e i trasporti \u201cGiacomo Ciamician\u201d, UniTS<br><em>Rinnovabili e mobilit\u00e0 elettrica corrono assieme<\/em><br><strong>Tommaso Gecchelin<\/strong>, fisico e designer, NExT<br><em>Un nuovo modello di mobilit\u00e0 per le aree urbane<\/em><br><strong>Enrica D&#8217;Amico e Mattia Molinaro,<\/strong> Audace Sailing Team<br><em>Audace Sailing Team, la rotta della sostenibilit\u00e0<\/em><br><strong>Francesco Sonego, Chiara Pradal, Enea Gherdol<\/strong>, UniTS Racing Team<br><em>Dalla pista alla strada: Racing Team, un ponte verso la mobilit\u00e0 del futuro<\/em><\/p>\n\n\n\n<p><strong>Premiazioni<\/strong><br><strong>Migliori matricole a.a. 2022-2023<\/strong><br><strong>Premi della Fondazione Universit\u00e0 degli Studi di Trieste (FUST)<\/strong><br><strong>Premi del Comitato universitario per lo sport agli atleti di alto livello<\/strong><\/p>\n\n\n\n<p>Saluti di chiusura<\/p>\n\n\n\n<p class=\"has-neve-link-color-color has-text-color has-medium-font-size\"><strong>Programma Dance<\/strong><\/p>\n\n\n\n<p><strong>Festa DJ Set con Albert Marzinotto e Tommy Vee<\/strong><\/p>\n\n\n\n<p><em>Sar\u00e0 attivo il servizio navetta di Trieste Trasporti in collegamento con il centro citt\u00e0.<\/em><\/p>\n\n\n\n<div style=\"height:93px\" aria-hidden=\"true\" class=\"wp-block-spacer\"><\/div>\n","protected":false},"excerpt":{"rendered":"<p>Evento in collaborazione con Trieste Trasporti dalle ore 17:00 nell&#8217;Aula Magna dell&#8217;edificio H3<\/p>\n","protected":false},"author":1,"featured_media":6986,"comment_status":"closed","ping_status":"closed","template":"","meta":{"neve_meta_sidebar":"","neve_meta_container":"","neve_meta_enable_content_width":"","neve_meta_content_width":0,"neve_meta_title_alignment":"","neve_meta_author_avatar":"","neve_post_elements_order":"","neve_meta_disable_header":"","neve_meta_disable_footer":"","neve_meta_disable_title":"","_EventAllDay":false,"_EventTimezone":"Europe\/Rome","_EventStartDate":"2024-09-20 17:00:00","_EventEndDate":"2024-09-20 23:45:00","_EventStartDateUTC":"2024-09-20 15:00:00","_EventEndDateUTC":"2024-09-20 21:45:00","_EventShowMap":false,"_EventShowMapLink":false,"_EventURL":"","_EventCost":"","_EventCostDescription":"","_EventCurrencySymbol":"\u20ac","_EventCurrencyCode":"EUR","_EventCurrencyPosition":"prefix","_EventDateTimeSeparator":" ore ","_EventTimeRangeSeparator":" - ","_EventOrganizerID":[],"_EventVenueID":[6833],"_OrganizerEmail":"","_OrganizerPhone":"","_OrganizerWebsite":"","_VenueAddress":"","_VenueCity":"","_VenueCountry":"","_VenueProvince":"","_VenueState":"","_VenueZip":"","_VenuePhone":"","_VenueURL":"","_VenueStateProvince":"","_VenueLat":"","_VenueLng":"","_VenueShowMap":false,"_VenueShowMapLink":false,"_ti_tpc_template_sync":false,"_ti_tpc_template_id":"","_tribe_events_status":"","_tribe_events_status_reason":"","footnotes":""},"tags":[],"tribe_events_cat":[3],"class_list":["post-6981","tribe_events","type-tribe_events","status-publish","has-post-thumbnail","hentry","tribe_events_cat-ateneo","cat_ateneo"],"yoast_head":"<!-- This site is optimized with the Yoast SEO plugin v21.0 - https:\/\/yoast.com\/wordpress\/plugins\/seo\/ -->\n<title>100 passi avanti - Talk and Dance &ndash; #100UniTS<\/title>\n<meta name=\"description\" content=\"Evento in collaborazione con Trieste Trasporti dalle ore 17:00 nell&#039;Aula Magna dell&#039;edificio H3\" \/>\n<meta name=\"robots\" content=\"index, follow, max-snippet:-1, max-image-preview:large, max-video-preview:-1\" \/>\n<link rel=\"canonical\" href=\"https:\/\/100anni.units.it\/index.php\/evento\/100-passi-avanti-talk-and-dance\/\" \/>\n<meta property=\"og:locale\" content=\"it_IT\" \/>\n<meta property=\"og:type\" content=\"article\" \/>\n<meta property=\"og:title\" content=\"100 passi avanti - Talk and Dance &ndash; #100UniTS\" \/>\n<meta property=\"og:description\" content=\"Evento in collaborazione con Trieste Trasporti dalle ore 17:00 nell&#039;Aula Magna dell&#039;edificio H3\" \/>\n<meta property=\"og:url\" content=\"https:\/\/100anni.units.it\/index.php\/evento\/100-passi-avanti-talk-and-dance\/\" \/>\n<meta property=\"og:site_name\" content=\"#100UniTS\" \/>\n<meta property=\"article:publisher\" content=\"https:\/\/www.facebook.com\/universitatrieste\" \/>\n<meta property=\"article:modified_time\" content=\"2024-09-19T12:08:06+00:00\" \/>\n<meta property=\"og:image\" content=\"https:\/\/100anni.units.it\/wp-content\/uploads\/2024\/09\/100UniTS_100_passiavanti-1.png\" \/>\n\t<meta property=\"og:image:width\" content=\"907\" \/>\n\t<meta property=\"og:image:height\" content=\"603\" \/>\n\t<meta property=\"og:image:type\" content=\"image\/png\" \/>\n<meta name=\"twitter:card\" content=\"summary_large_image\" \/>\n<meta name=\"twitter:site\" content=\"@UniTrieste\" \/>\n<meta name=\"twitter:label1\" content=\"Tempo di lettura stimato\" \/>\n\t<meta name=\"twitter:data1\" content=\"3 minuti\" \/>\n<script type=\"application\/ld+json\" class=\"yoast-schema-graph\">{\"@context\":\"https:\/\/schema.org\",\"@graph\":[{\"@type\":\"WebPage\",\"@id\":\"https:\/\/100anni.units.it\/index.php\/evento\/100-passi-avanti-talk-and-dance\/\",\"url\":\"https:\/\/100anni.units.it\/index.php\/evento\/100-passi-avanti-talk-and-dance\/\",\"name\":\"100 passi avanti - Talk and Dance &ndash; #100UniTS\",\"isPartOf\":{\"@id\":\"https:\/\/100anni.units.it\/#website\"},\"datePublished\":\"2024-09-10T14:16:37+00:00\",\"dateModified\":\"2024-09-19T12:08:06+00:00\",\"description\":\"Evento in collaborazione con Trieste Trasporti dalle ore 17:00 nell'Aula Magna dell'edificio H3\",\"breadcrumb\":{\"@id\":\"https:\/\/100anni.units.it\/index.php\/evento\/100-passi-avanti-talk-and-dance\/#breadcrumb\"},\"inLanguage\":\"it-IT\",\"potentialAction\":[{\"@type\":\"ReadAction\",\"target\":[\"https:\/\/100anni.units.it\/index.php\/evento\/100-passi-avanti-talk-and-dance\/\"]}]},{\"@type\":\"BreadcrumbList\",\"@id\":\"https:\/\/100anni.units.it\/index.php\/evento\/100-passi-avanti-talk-and-dance\/#breadcrumb\",\"itemListElement\":[{\"@type\":\"ListItem\",\"position\":1,\"name\":\"Eventi\",\"item\":\"https:\/\/100anni.units.it\/index.php\/eventi\/\"},{\"@type\":\"ListItem\",\"position\":2,\"name\":\"100 passi avanti &#8211; Talk and Dance\"}]},{\"@type\":\"WebSite\",\"@id\":\"https:\/\/100anni.units.it\/#website\",\"url\":\"https:\/\/100anni.units.it\/\",\"name\":\"#100UniTS\",\"description\":\"Ogni giorno, da cento anni, con noi puoi scoprire ci\u00f2 che sar\u00e0 realt\u00e0 nel futuro. Celebriamo insieme un secolo di ricerca, eccellenza, creativit\u00e0 e ingegno umano.\",\"publisher\":{\"@id\":\"https:\/\/100anni.units.it\/#organization\"},\"potentialAction\":[{\"@type\":\"SearchAction\",\"target\":{\"@type\":\"EntryPoint\",\"urlTemplate\":\"https:\/\/100anni.units.it\/?s={search_term_string}\"},\"query-input\":\"required name=search_term_string\"}],\"inLanguage\":\"it-IT\"},{\"@type\":\"Organization\",\"@id\":\"https:\/\/100anni.units.it\/#organization\",\"name\":\"Universit\u00e0 degli Studi di Trieste\",\"alternateName\":\"UniTS\",\"url\":\"https:\/\/100anni.units.it\/\",\"logo\":{\"@type\":\"ImageObject\",\"inLanguage\":\"it-IT\",\"@id\":\"https:\/\/100anni.units.it\/#\/schema\/logo\/image\/\",\"url\":\"https:\/\/100anni.units.it\/wp-content\/uploads\/2023\/08\/units_sigillo.png\",\"contentUrl\":\"https:\/\/100anni.units.it\/wp-content\/uploads\/2023\/08\/units_sigillo.png\",\"width\":696,\"height\":696,\"caption\":\"Universit\u00e0 degli Studi di Trieste\"},\"image\":{\"@id\":\"https:\/\/100anni.units.it\/#\/schema\/logo\/image\/\"},\"sameAs\":[\"https:\/\/www.facebook.com\/universitatrieste\",\"https:\/\/twitter.com\/UniTrieste\"]}]}<\/script>\n<!-- \/ Yoast SEO plugin. -->","yoast_head_json":{"title":"100 passi avanti - Talk and Dance &ndash; #100UniTS","description":"Evento in collaborazione con Trieste Trasporti dalle ore 17:00 nell'Aula Magna dell'edificio H3","robots":{"index":"index","follow":"follow","max-snippet":"max-snippet:-1","max-image-preview":"max-image-preview:large","max-video-preview":"max-video-preview:-1"},"canonical":"https:\/\/100anni.units.it\/index.php\/evento\/100-passi-avanti-talk-and-dance\/","og_locale":"it_IT","og_type":"article","og_title":"100 passi avanti - Talk and Dance &ndash; #100UniTS","og_description":"Evento in collaborazione con Trieste Trasporti dalle ore 17:00 nell'Aula Magna dell'edificio H3","og_url":"https:\/\/100anni.units.it\/index.php\/evento\/100-passi-avanti-talk-and-dance\/","og_site_name":"#100UniTS","article_publisher":"https:\/\/www.facebook.com\/universitatrieste","article_modified_time":"2024-09-19T12:08:06+00:00","og_image":[{"width":907,"height":603,"url":"https:\/\/100anni.units.it\/wp-content\/uploads\/2024\/09\/100UniTS_100_passiavanti-1.png","type":"image\/png"}],"twitter_card":"summary_large_image","twitter_site":"@UniTrieste","twitter_misc":{"Tempo di lettura stimato":"3 minuti"},"schema":{"@context":"https:\/\/schema.org","@graph":[{"@type":"WebPage","@id":"https:\/\/100anni.units.it\/index.php\/evento\/100-passi-avanti-talk-and-dance\/","url":"https:\/\/100anni.units.it\/index.php\/evento\/100-passi-avanti-talk-and-dance\/","name":"100 passi avanti - Talk and Dance &ndash; #100UniTS","isPartOf":{"@id":"https:\/\/100anni.units.it\/#website"},"datePublished":"2024-09-10T14:16:37+00:00","dateModified":"2024-09-19T12:08:06+00:00","description":"Evento in collaborazione con Trieste Trasporti dalle ore 17:00 nell'Aula Magna dell'edificio H3","breadcrumb":{"@id":"https:\/\/100anni.units.it\/index.php\/evento\/100-passi-avanti-talk-and-dance\/#breadcrumb"},"inLanguage":"it-IT","potentialAction":[{"@type":"ReadAction","target":["https:\/\/100anni.units.it\/index.php\/evento\/100-passi-avanti-talk-and-dance\/"]}]},{"@type":"BreadcrumbList","@id":"https:\/\/100anni.units.it\/index.php\/evento\/100-passi-avanti-talk-and-dance\/#breadcrumb","itemListElement":[{"@type":"ListItem","position":1,"name":"Eventi","item":"https:\/\/100anni.units.it\/index.php\/eventi\/"},{"@type":"ListItem","position":2,"name":"100 passi avanti &#8211; Talk and Dance"}]},{"@type":"WebSite","@id":"https:\/\/100anni.units.it\/#website","url":"https:\/\/100anni.units.it\/","name":"#100UniTS","description":"Ogni giorno, da cento anni, con noi puoi scoprire ci\u00f2 che sar\u00e0 realt\u00e0 nel futuro. Celebriamo insieme un secolo di ricerca, eccellenza, creativit\u00e0 e ingegno umano.","publisher":{"@id":"https:\/\/100anni.units.it\/#organization"},"potentialAction":[{"@type":"SearchAction","target":{"@type":"EntryPoint","urlTemplate":"https:\/\/100anni.units.it\/?s={search_term_string}"},"query-input":"required name=search_term_string"}],"inLanguage":"it-IT"},{"@type":"Organization","@id":"https:\/\/100anni.units.it\/#organization","name":"Universit\u00e0 degli Studi di Trieste","alternateName":"UniTS","url":"https:\/\/100anni.units.it\/","logo":{"@type":"ImageObject","inLanguage":"it-IT","@id":"https:\/\/100anni.units.it\/#\/schema\/logo\/image\/","url":"https:\/\/100anni.units.it\/wp-content\/uploads\/2023\/08\/units_sigillo.png","contentUrl":"https:\/\/100anni.units.it\/wp-content\/uploads\/2023\/08\/units_sigillo.png","width":696,"height":696,"caption":"Universit\u00e0 degli Studi di Trieste"},"image":{"@id":"https:\/\/100anni.units.it\/#\/schema\/logo\/image\/"},"sameAs":["https:\/\/www.facebook.com\/universitatrieste","https:\/\/twitter.com\/UniTrieste"]}]}},"_links":{"self":[{"href":"https:\/\/100anni.units.it\/index.php\/wp-json\/wp\/v2\/tribe_events\/6981","targetHints":{"allow":["GET"]}}],"collection":[{"href":"https:\/\/100anni.units.it\/index.php\/wp-json\/wp\/v2\/tribe_events"}],"about":[{"href":"https:\/\/100anni.units.it\/index.php\/wp-json\/wp\/v2\/types\/tribe_events"}],"author":[{"embeddable":true,"href":"https:\/\/100anni.units.it\/index.php\/wp-json\/wp\/v2\/users\/1"}],"replies":[{"embeddable":true,"href":"https:\/\/100anni.units.it\/index.php\/wp-json\/wp\/v2\/comments?post=6981"}],"version-history":[{"count":27,"href":"https:\/\/100anni.units.it\/index.php\/wp-json\/wp\/v2\/tribe_events\/6981\/revisions"}],"predecessor-version":[{"id":7186,"href":"https:\/\/100anni.units.it\/index.php\/wp-json\/wp\/v2\/tribe_events\/6981\/revisions\/7186"}],"wp:featuredmedia":[{"embeddable":true,"href":"https:\/\/100anni.units.it\/index.php\/wp-json\/wp\/v2\/media\/6986"}],"wp:attachment":[{"href":"https:\/\/100anni.units.it\/index.php\/wp-json\/wp\/v2\/media?parent=6981"}],"wp:term":[{"taxonomy":"post_tag","embeddable":true,"href":"https:\/\/100anni.units.it\/index.php\/wp-json\/wp\/v2\/tags?post=6981"},{"taxonomy":"tribe_events_cat","embeddable":true,"href":"https:\/\/100anni.units.it\/index.php\/wp-json\/wp\/v2\/tribe_events_cat?post=6981"}],"curies":[{"name":"wp","href":"https:\/\/api.w.org\/{rel}","templated":true}]}}