{"id":7237,"date":"2024-09-29T13:16:07","date_gmt":"2024-09-29T11:16:07","guid":{"rendered":"https:\/\/100anni.units.it\/?post_type=tribe_events&#038;p=7237"},"modified":"2024-10-16T18:47:51","modified_gmt":"2024-10-16T16:47:51","slug":"units-in-barcolana-56-100units-e-lo-sport-7","status":"publish","type":"tribe_events","link":"https:\/\/100anni.units.it\/index.php\/evento\/units-in-barcolana-56-100units-e-lo-sport-7\/","title":{"rendered":"UniTS in Barcolana 56 100UNITS E LO SPORT"},"content":{"rendered":"\n<h2 class=\"wp-block-heading has-neve-link-color-color has-text-color has-medium-font-size\">Universit\u00e0, sport, societ\u00e0: visioni comuni per modellare il futuro<\/h2>\n\n\n<div  class=\"tribe-events-schedule tribe-clearfix\" >\n\t<h2 class=\"tribe-events-schedule__datetime\">\n\t\t<span class=\"tribe-events-schedule__date tribe-events-schedule__date--start\">\n\t\t\t11 Ottobre 2024\t\t<\/span>\n\n\t\t\t\t\t<span class=\"tribe-events-schedule__separator tribe-events-schedule__separator--date\">\n\t\t\t\t ore \t\t\t<\/span>\n\t\t\t<span class=\"tribe-events-schedule__time tribe-events-schedule__time--start\">\n\t\t\t\t11:00\t\t\t<\/span>\n\t\t\n\t\t\t<\/h2>\n<\/div>\n\n\n\n<div class=\"wp-block-columns is-layout-flex wp-container-core-columns-is-layout-9d6595d7 wp-block-columns-is-layout-flex\">\n<div class=\"wp-block-column is-layout-flow wp-block-column-is-layout-flow\">\n<p class=\"has-medium-font-size\">L&#8217;Universit\u00e0 degli Studi di Trieste torna alla Barcolana nell&#8217;ambito della fase finale delle celebrazioni del centenario.<br>L&#8217;Ateneo sar\u00e0 presente anche in questa 56esima edizione nella splendida cornice di Piazza Unit\u00e0 d&#8217;Italia con uno spazioso stand che ospiter\u00e0 L&#8217;Ufficio Orientamento UniTS, il CUS &#8211; Centro Universitario Sportivo, un angolo merchandising e i due principali team sportivi universitari: Audace Sailing Team e UniTS Racing Team.<\/p>\n\n\n\n<p class=\"has-medium-font-size\">Dal 5 al 13 ottobre  UniTS incontrer\u00e0 il mondo dello sport per dialogare di cultura, scienza, applicazione dei dati e delle nuove tecnologie, sostenibilit\u00e0, inclusione sociale.<\/p>\n\n\n\n<p class=\"has-text-align-left has-neve-link-color-color has-text-color\">Appuntamenti ad ingresso libero, per i Talk fino a esaurimento posti<\/p>\n\n\n\n<p class=\"has-text-align-left has-neve-text-color-color has-text-color\">Per assistere agli eventi \u00e8 inoltre disponibile un maxi-schermo esterno allo stand UniTS.&nbsp;<\/p>\n\n\n\n<div class=\"wp-block-columns is-layout-flex wp-container-core-columns-is-layout-9d6595d7 wp-block-columns-is-layout-flex\">\n<div class=\"wp-block-column is-vertically-aligned-center is-layout-flow wp-block-column-is-layout-flow\" style=\"flex-basis:30%\">\n<div class=\"wp-block-group is-vertical is-content-justification-center is-layout-flex wp-container-core-group-is-layout-0472769e wp-block-group-is-layout-flex\">\t<div  class=\"tribe-block tribe-block__events-link\" >\n\t\t<div class=\"tribe-events tribe-common\">\n\t\t\t<div class=\"tribe-events-c-subscribe-dropdown__container\">\n\t\t\t\t<div class=\"tribe-events-c-subscribe-dropdown\">\n\t\t\t\t\t<div class=\"tribe-common-c-btn-border tribe-events-c-subscribe-dropdown__button\" tabindex=\"0\">\n\t\t\t\t\t\t<svg  class=\"tribe-common-c-svgicon tribe-common-c-svgicon--cal-export tribe-events-c-subscribe-dropdown__export-icon\"  viewBox=\"0 0 23 17\" xmlns=\"http:\/\/www.w3.org\/2000\/svg\">\n  <path fill-rule=\"evenodd\" clip-rule=\"evenodd\" d=\"M.128.896V16.13c0 .211.145.383.323.383h15.354c.179 0 .323-.172.323-.383V.896c0-.212-.144-.383-.323-.383H.451C.273.513.128.684.128.896Zm16 6.742h-.901V4.679H1.009v10.729h14.218v-3.336h.901V7.638ZM1.01 1.614h14.218v2.058H1.009V1.614Z\" \/>\n  <path d=\"M20.5 9.846H8.312M18.524 6.953l2.89 2.909-2.855 2.855\" stroke-width=\"1.2\" stroke-linecap=\"round\" stroke-linejoin=\"round\"\/>\n<\/svg>\n\t\t\t\t\t\t<button class=\"tribe-events-c-subscribe-dropdown__button-text\">\n\t\t\t\t\t\t\tSalva nel tuo calendario\t\t\t\t\t\t<\/button>\n\t\t\t\t\t\t<svg  class=\"tribe-common-c-svgicon tribe-common-c-svgicon--caret-down tribe-events-c-subscribe-dropdown__button-icon\"  viewBox=\"0 0 10 7\" xmlns=\"http:\/\/www.w3.org\/2000\/svg\"><path fill-rule=\"evenodd\" clip-rule=\"evenodd\" d=\"M1.008.609L5 4.6 8.992.61l.958.958L5 6.517.05 1.566l.958-.958z\" class=\"tribe-common-c-svgicon__svg-fill\"\/><\/svg>\n\t\t\t\t\t<\/div>\n\t\t\t\t\t<div class=\"tribe-events-c-subscribe-dropdown__content\">\n\t\t\t\t\t\t<ul class=\"tribe-events-c-subscribe-dropdown__list\" tabindex=\"0\">\n\t\t\t\t\t\t\t\t\t\t\t\t\t\t\t<li class=\"tribe-events-c-subscribe-dropdown__list-item\">\n\t\t\t\t\t\t\t\t\t<a\n\t\t\t\t\t\t\t\t\t\thref=\"https:\/\/www.google.com\/calendar\/event?action=TEMPLATE&#038;dates=20241011T110000\/20241011T110000&#038;text=UniTS%20in%20Barcolana%2056%20100UNITS%20E%20LO%20SPORT&#038;details=%3C%21--+wp%3Aheading+%7B%22textColor%22%3A%22neve-link-color%22%2C%22fontSize%22%3A%22medium%22%7D+--%3E%3Ch2+class%3D%22wp-block-heading+has-neve-link-color-color+has-text-color+has-medium-font-size%22%3EUniversit%C3%A0%2C+sport%2C+societ%C3%A0%3A+visioni+comuni+per+modellare+il+futuro%3C%2Fh2%3E%3C%21--+%2Fwp%3Aheading+--%3E%3C%21--+wp%3Atribe%2Fevent-datetime+%2F--%3E%3C%21--+wp%3Acolumns+--%3E%3Cdiv+class%3D%22wp-block-columns%22%3E%3C%21--+wp%3Acolumn+%7B%22width%22%3A%22%22%7D+--%3E%3Cdiv+class%3D%22wp-block-column%22%3E%3C%21--+wp%3Aparagraph+%7B%22fontSize%22%3A%22medium%22%7D+--%3E%3Cp+class%3D%22has-medium-font-size%22%3EL%27Universit%C3%A0+degli+Studi+di+Trieste+torna+alla+Barcolana+nell%27ambito+della+fase+finale+delle+celebrazioni+del+centenario.%3Cbr%3EL%27Ateneo+sar%C3%A0+presente+anche+in+questa+56esima+edizione+nella+splendida+cornice+di+Piazza+Unit%C3%A0+d%27Italia+con+uno+spazioso+stand+che+ospiter%C3%A0+L%27Ufficio+Orientamento+UniTS%%20(View%20Full%20evento%20Description%20Here:%20https:\/\/100anni.units.it\/index.php\/evento\/units-in-barcolana-56-100units-e-lo-sport-7\/)&#038;location=Piazza%20Unit\u00e0%20d&#8217;Italia,%20Trieste&#038;trp=false&#038;ctz=Europe\/Rome&#038;sprop=website:https:\/\/100anni.units.it\"\n\t\t\t\t\t\t\t\t\t\tclass=\"tribe-events-c-subscribe-dropdown__list-item-link\"\n\t\t\t\t\t\t\t\t\t\ttabindex=\"0\"\n\t\t\t\t\t\t\t\t\t\ttarget=\"_blank\"\n\t\t\t\t\t\t\t\t\t\trel=\"noopener noreferrer nofollow noindex\"\n\t\t\t\t\t\t\t\t\t>\n\t\t\t\t\t\t\t\t\t\tGoogle Calendar\t\t\t\t\t\t\t\t\t<\/a>\n\t\t\t\t\t\t\t\t<\/li>\n\t\t\t\t\t\t\t\t\t\t\t\t\t\t\t<li class=\"tribe-events-c-subscribe-dropdown__list-item\">\n\t\t\t\t\t\t\t\t\t<a\n\t\t\t\t\t\t\t\t\t\thref=\"\"\n\t\t\t\t\t\t\t\t\t\tclass=\"tribe-events-c-subscribe-dropdown__list-item-link\"\n\t\t\t\t\t\t\t\t\t\ttabindex=\"0\"\n\t\t\t\t\t\t\t\t\t\ttarget=\"_blank\"\n\t\t\t\t\t\t\t\t\t\trel=\"noopener noreferrer nofollow noindex\"\n\t\t\t\t\t\t\t\t\t>\n\t\t\t\t\t\t\t\t\t\tiCalendar\t\t\t\t\t\t\t\t\t<\/a>\n\t\t\t\t\t\t\t\t<\/li>\n\t\t\t\t\t\t\t\t\t\t\t\t\t\t\t<li class=\"tribe-events-c-subscribe-dropdown__list-item\">\n\t\t\t\t\t\t\t\t\t<a\n\t\t\t\t\t\t\t\t\t\thref=\"\"\n\t\t\t\t\t\t\t\t\t\tclass=\"tribe-events-c-subscribe-dropdown__list-item-link\"\n\t\t\t\t\t\t\t\t\t\ttabindex=\"0\"\n\t\t\t\t\t\t\t\t\t\ttarget=\"_blank\"\n\t\t\t\t\t\t\t\t\t\trel=\"noopener noreferrer nofollow noindex\"\n\t\t\t\t\t\t\t\t\t>\n\t\t\t\t\t\t\t\t\t\tOutlook 365\t\t\t\t\t\t\t\t\t<\/a>\n\t\t\t\t\t\t\t\t<\/li>\n\t\t\t\t\t\t\t\t\t\t\t\t\t\t\t<li class=\"tribe-events-c-subscribe-dropdown__list-item\">\n\t\t\t\t\t\t\t\t\t<a\n\t\t\t\t\t\t\t\t\t\thref=\"\"\n\t\t\t\t\t\t\t\t\t\tclass=\"tribe-events-c-subscribe-dropdown__list-item-link\"\n\t\t\t\t\t\t\t\t\t\ttabindex=\"0\"\n\t\t\t\t\t\t\t\t\t\ttarget=\"_blank\"\n\t\t\t\t\t\t\t\t\t\trel=\"noopener noreferrer nofollow noindex\"\n\t\t\t\t\t\t\t\t\t>\n\t\t\t\t\t\t\t\t\t\tOutlook Live\t\t\t\t\t\t\t\t\t<\/a>\n\t\t\t\t\t\t\t\t<\/li>\n\t\t\t\t\t\t\t\t\t\t\t\t\t<\/ul>\n\t\t\t\t\t<\/div>\n\t\t\t\t<\/div>\n\t\t\t<\/div>\n\t\t<\/div>\n\t<\/div>\n\n<\/div>\n<\/div>\n<\/div>\n<\/div>\n\n\n\n<div class=\"wp-block-column is-layout-flow wp-block-column-is-layout-flow\" style=\"flex-basis:40%\">\n<figure class=\"wp-block-image size-large\"><img loading=\"lazy\" decoding=\"async\" width=\"1024\" height=\"682\" src=\"https:\/\/100anni.units.it\/wp-content\/uploads\/2024\/09\/thumbnail_BARCOLANA_SITO_CARD_1200X800.2-1024x682.jpg\" alt=\"Barcolana 56\" class=\"wp-image-7324\" srcset=\"https:\/\/100anni.units.it\/wp-content\/uploads\/2024\/09\/thumbnail_BARCOLANA_SITO_CARD_1200X800.2-1024x682.jpg 1024w, https:\/\/100anni.units.it\/wp-content\/uploads\/2024\/09\/thumbnail_BARCOLANA_SITO_CARD_1200X800.2-300x200.jpg 300w, https:\/\/100anni.units.it\/wp-content\/uploads\/2024\/09\/thumbnail_BARCOLANA_SITO_CARD_1200X800.2-768x512.jpg 768w, https:\/\/100anni.units.it\/wp-content\/uploads\/2024\/09\/thumbnail_BARCOLANA_SITO_CARD_1200X800.2-1536x1023.jpg 1536w, https:\/\/100anni.units.it\/wp-content\/uploads\/2024\/09\/thumbnail_BARCOLANA_SITO_CARD_1200X800.2-930x620.jpg 930w, https:\/\/100anni.units.it\/wp-content\/uploads\/2024\/09\/thumbnail_BARCOLANA_SITO_CARD_1200X800.2.jpg 1920w\" sizes=\"auto, (max-width: 1024px) 100vw, 1024px\" \/><\/figure>\n\n\n\n<div style=\"height:20px\" aria-hidden=\"true\" class=\"wp-block-spacer\"><\/div>\n\n\n\n<figure class=\"wp-block-image size-large\"><img loading=\"lazy\" decoding=\"async\" width=\"1024\" height=\"439\" src=\"https:\/\/100anni.units.it\/wp-content\/uploads\/2024\/02\/100UniTS_logo_centenario_principale-1024x439.png\" alt=\"logo Centenario UniTS\" class=\"wp-image-3871\" srcset=\"https:\/\/100anni.units.it\/wp-content\/uploads\/2024\/02\/100UniTS_logo_centenario_principale-1024x439.png 1024w, https:\/\/100anni.units.it\/wp-content\/uploads\/2024\/02\/100UniTS_logo_centenario_principale-300x129.png 300w, https:\/\/100anni.units.it\/wp-content\/uploads\/2024\/02\/100UniTS_logo_centenario_principale-768x329.png 768w, https:\/\/100anni.units.it\/wp-content\/uploads\/2024\/02\/100UniTS_logo_centenario_principale.png 1200w\" sizes=\"auto, (max-width: 1024px) 100vw, 1024px\" \/><\/figure>\n\n\n\n<p>Con il contributo di:<\/p>\n\n\n\n<div class=\"wp-block-group is-nowrap is-layout-flex wp-container-core-group-is-layout-ad2f72ca wp-block-group-is-layout-flex\">\n<figure class=\"wp-block-image size-full is-resized\"><img loading=\"lazy\" decoding=\"async\" src=\"https:\/\/100anni.units.it\/wp-content\/uploads\/2023\/09\/logo-FVG-102a.jpg\" alt=\"logo Regione Friuli Venezia Giulia\" class=\"wp-image-1503\" style=\"width:170px;height:38px\" width=\"170\" height=\"38\" srcset=\"https:\/\/100anni.units.it\/wp-content\/uploads\/2023\/09\/logo-FVG-102a.jpg 531w, https:\/\/100anni.units.it\/wp-content\/uploads\/2023\/09\/logo-FVG-102a-300x67.jpg 300w\" sizes=\"auto, (max-width: 170px) 100vw, 170px\" \/><\/figure>\n\n\n\n<div style=\"height:100px;width:0px\" aria-hidden=\"true\" class=\"wp-block-spacer wp-container-content-6388d5dc\"><\/div>\n\n\n\n<figure class=\"wp-block-image size-full is-resized\"><img loading=\"lazy\" decoding=\"async\" src=\"https:\/\/100anni.units.it\/wp-content\/uploads\/2023\/09\/FVG_denominativo_RGB.png\" alt=\"logo Promoturismo Io Sono FVG\" class=\"wp-image-1670\" style=\"width:58px;height:60px\" width=\"58\" height=\"60\" srcset=\"https:\/\/100anni.units.it\/wp-content\/uploads\/2023\/09\/FVG_denominativo_RGB.png 834w, https:\/\/100anni.units.it\/wp-content\/uploads\/2023\/09\/FVG_denominativo_RGB-292x300.png 292w, https:\/\/100anni.units.it\/wp-content\/uploads\/2023\/09\/FVG_denominativo_RGB-768x790.png 768w\" sizes=\"auto, (max-width: 58px) 100vw, 58px\" \/><\/figure>\n<\/div>\n\n\n\n<div class=\"wp-block-group is-nowrap is-layout-flex wp-container-core-group-is-layout-ad2f72ca wp-block-group-is-layout-flex\">\n<p>Sponsor Tecnico:<\/p>\n\n\n\n<div style=\"height:100px;width:151px\" aria-hidden=\"true\" class=\"wp-block-spacer wp-container-content-f46d7b71\"><\/div>\n\n\n\n<figure class=\"wp-block-image size-full is-resized\"><img loading=\"lazy\" decoding=\"async\" src=\"https:\/\/100anni.units.it\/wp-content\/uploads\/2023\/09\/illycaffe_logo_DIGITAL_RGB_RED_100-300px_PNG.png\" alt=\"logo illy rosso\" class=\"wp-image-1574\" style=\"width:62px;height:62px\" width=\"62\" height=\"62\" srcset=\"https:\/\/100anni.units.it\/wp-content\/uploads\/2023\/09\/illycaffe_logo_DIGITAL_RGB_RED_100-300px_PNG.png 201w, https:\/\/100anni.units.it\/wp-content\/uploads\/2023\/09\/illycaffe_logo_DIGITAL_RGB_RED_100-300px_PNG-150x150.png 150w\" sizes=\"auto, (max-width: 62px) 100vw, 62px\" \/><\/figure>\n<\/div>\n<\/div>\n<\/div>\n\n\n\n<div style=\"height:50px\" aria-hidden=\"true\" class=\"wp-block-spacer\"><\/div>\n\n\n\n<h3 class=\"wp-block-heading has-neve-link-color-color has-text-color\" style=\"text-transform:none\">Programma del giorno<\/h3>\n\n\n\n<p><strong>ore 11.00-13.00<\/strong> <em>Un caff\u00e8 con UniTS<\/em><\/p>\n\n\n\n<p><strong>ore 15.30<\/strong> <em><strong>Talk: Mare, Spazio e AI. Ricerca e deep tech a Trieste&nbsp;<\/strong><\/em><br>Intervengono:<br><strong>Fabio Bignolini<\/strong>, CEO e co-founder di NLComp\u00ae\ufe0f,<br><strong>Anna Gregorio<\/strong>, docente di Astrofisica UniTS e imprenditrice, <br><strong>Simone Pauletto<\/strong>, Responsabile ricerca e sviluppo di PICOSATS, <br><strong>Rodolfo Taccani<\/strong>, delegato del Rettore per il Trasferimento tecnologico e i rapporti con le imprese UniTS,<br><strong>Sabrina Zinutti<\/strong>, Responsabile Comunicazione di Aindo.<br>In collaborazione con Innovation Office UniTS, Aindo, NLComp\u00ae\ufe0f, PICOSATS<\/p>\n\n\n\n<p>Le tecnologie di frontiera sono gi\u00e0 mature per\u00a0cambiare gli strumenti a nostra disposizione nello sport, nelle comunicazioni e nelle professioni? Garantiranno un progresso parallelo di sostenibilit\u00e0, produttivit\u00e0 e performance? Ne discutono tre realt\u00e0 innovative del nostro territorio: NLComp\u00ae\ufe0f con la sua tecnologia sostenibile applicata ai materiali compositi, che ha portato in mare la prima imbarcazione riciclabile al mondo; Picosats, che ha recentemente lanciato nello spazio nuovi sistemi radio satellitari per telecomunicazioni; e Aindo, che utilizza l\u2019intelligenza artificiale per generare dati sintetici, con applicazioni in diversi settori, tra cui quelli sanitario e bancario.<\/p>\n\n\n\n<p><\/p>\n\n\n\n<div class=\"wp-block-buttons is-layout-flex wp-block-buttons-is-layout-flex\">\n<div class=\"wp-block-button is-style-secondary\"><a class=\"wp-block-button__link wp-element-button\">guarda la registrazione<\/a><\/div>\n<\/div>\n\n\n\n<p><\/p>\n\n\n\n<p><strong>ore 18.00&nbsp;<\/strong><em><strong>Talk:&nbsp;Sogno di una notte di mezz\u2019estate. Parigi 2024 e le Olimpiadi della nostra vita<\/strong><\/em><strong><br><\/strong>Intervengono:<br><strong>Stefania Buttignon<\/strong>, Italremo alle Olimpiadi di Parigi 2024, <br><strong>Chiara Calligaris<\/strong>, docente di Geologia applicata e velista alle Olimpiadi di Pechino 2008,  <br><strong>Jana Germani<\/strong>, velista alle Olimpiadi di Parigi 2024, <br><strong>Matteo Parenzan<\/strong>, medaglia d\u2019oro nel Tennis tavolo alle Paralimpiadi di Parigi 2024, <br><strong>Sergio Tavcar<\/strong>, giornalista. <br>Saluto Associazione Nazionale Atleti Olimpici e Azzurri d\u2019Italia.<br><\/p>\n\n\n\n<p>Le Olimpiadi moderne scandiscono le vite degli appassionati di sport nel ricordo delle imprese pi\u00f9 importanti e dei trionfi che hanno fatto epoca. Per gli atleti rappresentano il sogno di una vita, l\u2019obiettivo di anni di sacrifici, il compimento di un percorso, il momento in cui coincide la storia personale con la storia collettiva.  <\/p>\n\n\n\n<p><\/p>\n\n\n\n<div class=\"wp-block-buttons is-layout-flex wp-block-buttons-is-layout-flex\">\n<div class=\"wp-block-button is-style-secondary\"><a class=\"wp-block-button__link wp-element-button\" href=\"https:\/\/www.youtube.com\/watch?v=8z8DpPSDhKc\">GUARDA LA REGISTRAZIONE<\/a><\/div>\n<\/div>\n\n\n\n<p><\/p>\n\n\n\n<p><strong>ore<\/strong>&nbsp;<strong>19.30 -20.30&nbsp;<\/strong><em>Aperitivo con UniTS<\/em><\/p>\n\n\n\n<div class=\"wp-block-columns are-vertically-aligned-center is-layout-flex wp-container-core-columns-is-layout-9d6595d7 wp-block-columns-is-layout-flex\">\n<div class=\"wp-block-column is-vertically-aligned-center is-layout-flow wp-block-column-is-layout-flow\"><div  class=\"tribe-block tribe-block__venue tribe-clearfix\" >\n\t\n\t\n<div class=\"tribe-block__venue__meta\">\n\t<div class=\"tribe-block__venue__name\">\n\t\t<h3>Piazza Unit\u00e0 d&#8217;Italia<\/h3>\n\t<\/div>\n\n\t\n\t\t\t<address class=\"tribe-block__venue__address\">\n\t\t\t<span class=\"tribe-address\">\n\n\n\t<span class=\"tribe-locality\">Trieste<\/span><span class=\"tribe-delimiter\">,<\/span>\n\n\n\n\n<\/span>\n\n\t\t\t\t\t<\/address>\n\t\n\t\n\t\n\t<\/div>\n\t\n\t<\/div>\n<\/div>\n<\/div>\n","protected":false},"excerpt":{"rendered":"<p>L&#8217;Universit\u00e0 degli Studi di Trieste torna alla Barcolana nell&#8217;ambito della fase finale delle celebrazioni del centenario.<\/p>\n","protected":false},"author":1,"featured_media":7324,"comment_status":"closed","ping_status":"closed","template":"","meta":{"neve_meta_sidebar":"","neve_meta_container":"","neve_meta_enable_content_width":"","neve_meta_content_width":0,"neve_meta_title_alignment":"","neve_meta_author_avatar":"","neve_post_elements_order":"","neve_meta_disable_header":"","neve_meta_disable_footer":"","neve_meta_disable_title":"","_EventAllDay":false,"_EventTimezone":"Europe\/Rome","_EventStartDate":"2024-10-11 11:00:00","_EventEndDate":"2024-10-11 11:00:00","_EventStartDateUTC":"2024-10-11 09:00:00","_EventEndDateUTC":"2024-10-11 09:00:00","_EventShowMap":false,"_EventShowMapLink":false,"_EventURL":"","_EventCost":"","_EventCostDescription":"","_EventCurrencySymbol":"\u20ac","_EventCurrencyCode":"EUR","_EventCurrencyPosition":"prefix","_EventDateTimeSeparator":" ore ","_EventTimeRangeSeparator":" - ","_EventOrganizerID":[],"_EventVenueID":[7311],"_OrganizerEmail":"","_OrganizerPhone":"","_OrganizerWebsite":"","_VenueAddress":"","_VenueCity":"","_VenueCountry":"","_VenueProvince":"","_VenueState":"","_VenueZip":"","_VenuePhone":"","_VenueURL":"","_VenueStateProvince":"","_VenueLat":"","_VenueLng":"","_VenueShowMap":false,"_VenueShowMapLink":false,"_ti_tpc_template_sync":false,"_ti_tpc_template_id":"","_tribe_events_status":"","_tribe_events_status_reason":"","footnotes":""},"tags":[],"tribe_events_cat":[3],"class_list":["post-7237","tribe_events","type-tribe_events","status-publish","has-post-thumbnail","hentry","tribe_events_cat-ateneo","cat_ateneo"],"yoast_head":"<!-- This site is optimized with the Yoast SEO plugin v21.0 - https:\/\/yoast.com\/wordpress\/plugins\/seo\/ -->\n<title>UniTS in Barcolana 56 100UNITS E LO SPORT &ndash; #100UniTS<\/title>\n<meta name=\"description\" content=\"L&#039;Universit\u00e0 degli Studi di Trieste torna alla Barcolana nell&#039;ambito della fase finale delle celebrazioni del centenario.\" \/>\n<meta name=\"robots\" content=\"index, follow, max-snippet:-1, max-image-preview:large, max-video-preview:-1\" \/>\n<link rel=\"canonical\" href=\"https:\/\/100anni.units.it\/index.php\/evento\/units-in-barcolana-56-100units-e-lo-sport-7\/\" \/>\n<meta property=\"og:locale\" content=\"it_IT\" \/>\n<meta property=\"og:type\" content=\"article\" \/>\n<meta property=\"og:title\" content=\"UniTS in Barcolana 56 100UNITS E LO SPORT &ndash; #100UniTS\" \/>\n<meta property=\"og:description\" content=\"L&#039;Universit\u00e0 degli Studi di Trieste torna alla Barcolana nell&#039;ambito della fase finale delle celebrazioni del centenario.\" \/>\n<meta property=\"og:url\" content=\"https:\/\/100anni.units.it\/index.php\/evento\/units-in-barcolana-56-100units-e-lo-sport-7\/\" \/>\n<meta property=\"og:site_name\" content=\"#100UniTS\" \/>\n<meta property=\"article:publisher\" content=\"https:\/\/www.facebook.com\/universitatrieste\" \/>\n<meta property=\"article:modified_time\" content=\"2024-10-16T16:47:51+00:00\" \/>\n<meta property=\"og:image\" content=\"https:\/\/100anni.units.it\/wp-content\/uploads\/2024\/09\/thumbnail_BARCOLANA_SITO_CARD_1200X800.2.jpg\" \/>\n\t<meta property=\"og:image:width\" content=\"1920\" \/>\n\t<meta property=\"og:image:height\" content=\"1279\" \/>\n\t<meta property=\"og:image:type\" content=\"image\/jpeg\" \/>\n<meta name=\"twitter:card\" content=\"summary_large_image\" \/>\n<meta name=\"twitter:site\" content=\"@UniTrieste\" \/>\n<meta name=\"twitter:label1\" content=\"Tempo di lettura stimato\" \/>\n\t<meta name=\"twitter:data1\" content=\"4 minuti\" \/>\n<script type=\"application\/ld+json\" class=\"yoast-schema-graph\">{\"@context\":\"https:\/\/schema.org\",\"@graph\":[{\"@type\":\"WebPage\",\"@id\":\"https:\/\/100anni.units.it\/index.php\/evento\/units-in-barcolana-56-100units-e-lo-sport-7\/\",\"url\":\"https:\/\/100anni.units.it\/index.php\/evento\/units-in-barcolana-56-100units-e-lo-sport-7\/\",\"name\":\"UniTS in Barcolana 56 100UNITS E LO SPORT &ndash; #100UniTS\",\"isPartOf\":{\"@id\":\"https:\/\/100anni.units.it\/#website\"},\"datePublished\":\"2024-09-29T11:16:07+00:00\",\"dateModified\":\"2024-10-16T16:47:51+00:00\",\"description\":\"L'Universit\u00e0 degli Studi di Trieste torna alla Barcolana nell'ambito della fase finale delle celebrazioni del centenario.\",\"breadcrumb\":{\"@id\":\"https:\/\/100anni.units.it\/index.php\/evento\/units-in-barcolana-56-100units-e-lo-sport-7\/#breadcrumb\"},\"inLanguage\":\"it-IT\",\"potentialAction\":[{\"@type\":\"ReadAction\",\"target\":[\"https:\/\/100anni.units.it\/index.php\/evento\/units-in-barcolana-56-100units-e-lo-sport-7\/\"]}]},{\"@type\":\"BreadcrumbList\",\"@id\":\"https:\/\/100anni.units.it\/index.php\/evento\/units-in-barcolana-56-100units-e-lo-sport-7\/#breadcrumb\",\"itemListElement\":[{\"@type\":\"ListItem\",\"position\":1,\"name\":\"Eventi\",\"item\":\"https:\/\/100anni.units.it\/index.php\/eventi\/\"},{\"@type\":\"ListItem\",\"position\":2,\"name\":\"UniTS in Barcolana 56 100UNITS E LO SPORT\"}]},{\"@type\":\"WebSite\",\"@id\":\"https:\/\/100anni.units.it\/#website\",\"url\":\"https:\/\/100anni.units.it\/\",\"name\":\"#100UniTS\",\"description\":\"Ogni giorno, da cento anni, con noi puoi scoprire ci\u00f2 che sar\u00e0 realt\u00e0 nel futuro. Celebriamo insieme un secolo di ricerca, eccellenza, creativit\u00e0 e ingegno umano.\",\"publisher\":{\"@id\":\"https:\/\/100anni.units.it\/#organization\"},\"potentialAction\":[{\"@type\":\"SearchAction\",\"target\":{\"@type\":\"EntryPoint\",\"urlTemplate\":\"https:\/\/100anni.units.it\/?s={search_term_string}\"},\"query-input\":\"required name=search_term_string\"}],\"inLanguage\":\"it-IT\"},{\"@type\":\"Organization\",\"@id\":\"https:\/\/100anni.units.it\/#organization\",\"name\":\"Universit\u00e0 degli Studi di Trieste\",\"alternateName\":\"UniTS\",\"url\":\"https:\/\/100anni.units.it\/\",\"logo\":{\"@type\":\"ImageObject\",\"inLanguage\":\"it-IT\",\"@id\":\"https:\/\/100anni.units.it\/#\/schema\/logo\/image\/\",\"url\":\"https:\/\/100anni.units.it\/wp-content\/uploads\/2023\/08\/units_sigillo.png\",\"contentUrl\":\"https:\/\/100anni.units.it\/wp-content\/uploads\/2023\/08\/units_sigillo.png\",\"width\":696,\"height\":696,\"caption\":\"Universit\u00e0 degli Studi di Trieste\"},\"image\":{\"@id\":\"https:\/\/100anni.units.it\/#\/schema\/logo\/image\/\"},\"sameAs\":[\"https:\/\/www.facebook.com\/universitatrieste\",\"https:\/\/twitter.com\/UniTrieste\"]}]}<\/script>\n<!-- \/ Yoast SEO plugin. -->","yoast_head_json":{"title":"UniTS in Barcolana 56 100UNITS E LO SPORT &ndash; #100UniTS","description":"L'Universit\u00e0 degli Studi di Trieste torna alla Barcolana nell'ambito della fase finale delle celebrazioni del centenario.","robots":{"index":"index","follow":"follow","max-snippet":"max-snippet:-1","max-image-preview":"max-image-preview:large","max-video-preview":"max-video-preview:-1"},"canonical":"https:\/\/100anni.units.it\/index.php\/evento\/units-in-barcolana-56-100units-e-lo-sport-7\/","og_locale":"it_IT","og_type":"article","og_title":"UniTS in Barcolana 56 100UNITS E LO SPORT &ndash; #100UniTS","og_description":"L'Universit\u00e0 degli Studi di Trieste torna alla Barcolana nell'ambito della fase finale delle celebrazioni del centenario.","og_url":"https:\/\/100anni.units.it\/index.php\/evento\/units-in-barcolana-56-100units-e-lo-sport-7\/","og_site_name":"#100UniTS","article_publisher":"https:\/\/www.facebook.com\/universitatrieste","article_modified_time":"2024-10-16T16:47:51+00:00","og_image":[{"width":1920,"height":1279,"url":"https:\/\/100anni.units.it\/wp-content\/uploads\/2024\/09\/thumbnail_BARCOLANA_SITO_CARD_1200X800.2.jpg","type":"image\/jpeg"}],"twitter_card":"summary_large_image","twitter_site":"@UniTrieste","twitter_misc":{"Tempo di lettura stimato":"4 minuti"},"schema":{"@context":"https:\/\/schema.org","@graph":[{"@type":"WebPage","@id":"https:\/\/100anni.units.it\/index.php\/evento\/units-in-barcolana-56-100units-e-lo-sport-7\/","url":"https:\/\/100anni.units.it\/index.php\/evento\/units-in-barcolana-56-100units-e-lo-sport-7\/","name":"UniTS in Barcolana 56 100UNITS E LO SPORT &ndash; #100UniTS","isPartOf":{"@id":"https:\/\/100anni.units.it\/#website"},"datePublished":"2024-09-29T11:16:07+00:00","dateModified":"2024-10-16T16:47:51+00:00","description":"L'Universit\u00e0 degli Studi di Trieste torna alla Barcolana nell'ambito della fase finale delle celebrazioni del centenario.","breadcrumb":{"@id":"https:\/\/100anni.units.it\/index.php\/evento\/units-in-barcolana-56-100units-e-lo-sport-7\/#breadcrumb"},"inLanguage":"it-IT","potentialAction":[{"@type":"ReadAction","target":["https:\/\/100anni.units.it\/index.php\/evento\/units-in-barcolana-56-100units-e-lo-sport-7\/"]}]},{"@type":"BreadcrumbList","@id":"https:\/\/100anni.units.it\/index.php\/evento\/units-in-barcolana-56-100units-e-lo-sport-7\/#breadcrumb","itemListElement":[{"@type":"ListItem","position":1,"name":"Eventi","item":"https:\/\/100anni.units.it\/index.php\/eventi\/"},{"@type":"ListItem","position":2,"name":"UniTS in Barcolana 56 100UNITS E LO SPORT"}]},{"@type":"WebSite","@id":"https:\/\/100anni.units.it\/#website","url":"https:\/\/100anni.units.it\/","name":"#100UniTS","description":"Ogni giorno, da cento anni, con noi puoi scoprire ci\u00f2 che sar\u00e0 realt\u00e0 nel futuro. Celebriamo insieme un secolo di ricerca, eccellenza, creativit\u00e0 e ingegno umano.","publisher":{"@id":"https:\/\/100anni.units.it\/#organization"},"potentialAction":[{"@type":"SearchAction","target":{"@type":"EntryPoint","urlTemplate":"https:\/\/100anni.units.it\/?s={search_term_string}"},"query-input":"required name=search_term_string"}],"inLanguage":"it-IT"},{"@type":"Organization","@id":"https:\/\/100anni.units.it\/#organization","name":"Universit\u00e0 degli Studi di Trieste","alternateName":"UniTS","url":"https:\/\/100anni.units.it\/","logo":{"@type":"ImageObject","inLanguage":"it-IT","@id":"https:\/\/100anni.units.it\/#\/schema\/logo\/image\/","url":"https:\/\/100anni.units.it\/wp-content\/uploads\/2023\/08\/units_sigillo.png","contentUrl":"https:\/\/100anni.units.it\/wp-content\/uploads\/2023\/08\/units_sigillo.png","width":696,"height":696,"caption":"Universit\u00e0 degli Studi di Trieste"},"image":{"@id":"https:\/\/100anni.units.it\/#\/schema\/logo\/image\/"},"sameAs":["https:\/\/www.facebook.com\/universitatrieste","https:\/\/twitter.com\/UniTrieste"]}]}},"_links":{"self":[{"href":"https:\/\/100anni.units.it\/index.php\/wp-json\/wp\/v2\/tribe_events\/7237","targetHints":{"allow":["GET"]}}],"collection":[{"href":"https:\/\/100anni.units.it\/index.php\/wp-json\/wp\/v2\/tribe_events"}],"about":[{"href":"https:\/\/100anni.units.it\/index.php\/wp-json\/wp\/v2\/types\/tribe_events"}],"author":[{"embeddable":true,"href":"https:\/\/100anni.units.it\/index.php\/wp-json\/wp\/v2\/users\/1"}],"replies":[{"embeddable":true,"href":"https:\/\/100anni.units.it\/index.php\/wp-json\/wp\/v2\/comments?post=7237"}],"version-history":[{"count":14,"href":"https:\/\/100anni.units.it\/index.php\/wp-json\/wp\/v2\/tribe_events\/7237\/revisions"}],"predecessor-version":[{"id":7496,"href":"https:\/\/100anni.units.it\/index.php\/wp-json\/wp\/v2\/tribe_events\/7237\/revisions\/7496"}],"wp:featuredmedia":[{"embeddable":true,"href":"https:\/\/100anni.units.it\/index.php\/wp-json\/wp\/v2\/media\/7324"}],"wp:attachment":[{"href":"https:\/\/100anni.units.it\/index.php\/wp-json\/wp\/v2\/media?parent=7237"}],"wp:term":[{"taxonomy":"post_tag","embeddable":true,"href":"https:\/\/100anni.units.it\/index.php\/wp-json\/wp\/v2\/tags?post=7237"},{"taxonomy":"tribe_events_cat","embeddable":true,"href":"https:\/\/100anni.units.it\/index.php\/wp-json\/wp\/v2\/tribe_events_cat?post=7237"}],"curies":[{"name":"wp","href":"https:\/\/api.w.org\/{rel}","templated":true}]}}