{"id":7436,"date":"2024-10-07T14:27:58","date_gmt":"2024-10-07T12:27:58","guid":{"rendered":"https:\/\/100anni.units.it\/?post_type=tribe_events&#038;p=7436"},"modified":"2024-12-17T16:23:42","modified_gmt":"2024-12-17T15:23:42","slug":"presentati-i-volumi-dedicati-al-centenario-1924-2024-delluniversita-degli-studi-di-trieste","status":"publish","type":"tribe_events","link":"https:\/\/100anni.units.it\/index.php\/evento\/presentati-i-volumi-dedicati-al-centenario-1924-2024-delluniversita-degli-studi-di-trieste\/","title":{"rendered":"Presentati i volumi dedicati al Centenario 1924-2024 dell&#8217;Universit\u00e0 Degli Studi di Trieste"},"content":{"rendered":"<div  class=\"tribe-events-schedule tribe-clearfix\" >\n\t<h2 class=\"tribe-events-schedule__datetime\">\n\t\t<span class=\"tribe-events-schedule__date tribe-events-schedule__date--start\">\n\t\t\t2 Ottobre 2024\t\t<\/span>\n\n\t\t\t\t\t<span class=\"tribe-events-schedule__separator tribe-events-schedule__separator--date\">\n\t\t\t\t ore \t\t\t<\/span>\n\t\t\t<span class=\"tribe-events-schedule__time tribe-events-schedule__time--start\">\n\t\t\t\t8:00\t\t\t<\/span>\n\t\t\n\t\t\t<\/h2>\n<\/div>\n\n\n\n<div class=\"wp-block-columns is-layout-flex wp-container-core-columns-is-layout-9d6595d7 wp-block-columns-is-layout-flex\">\n<div class=\"wp-block-column is-layout-flow wp-block-column-is-layout-flow\">\n<p>In occasione delle celebrazioni per i cento anni dell&#8217;Universit\u00e0 degli Studi di Trieste, sono stati pubblicati&nbsp;<strong>quattro volumi che raccontano la storia dell\u2019Ateneo e valorizzano le sue collezioni artistiche<\/strong>.<\/p>\n\n\n\n<p>Realizzati da EUT, l&#8217;university press di Ateneo, questi testi offrono un approfondito percorso di riscoperta storica e archivistica del ricco patrimonio architettonico, artistico e documentale dell&#8217;Universit\u00e0.<\/p>\n\n\n\n<p>I volumi, disponibili in formato digitale e in accesso aperto sull\u2019Archivio Istituzionale OpenstarTs, sono:<\/p>\n\n\n\n<p><strong>1924-2024 &#8211; Un secolo di storia dell\u2019Universit\u00e0 degli Studi di Trieste attraverso immagini e documenti<\/strong>, di&nbsp;<em>Tullia Catalan<\/em>&nbsp;e&nbsp;<em>Lorenzo Ielen<\/em>, ripercorre la storia dell\u2019Ateneo attraverso fotografie e documenti storici.<br><a href=\"https:\/\/www.openstarts.units.it\/handle\/10077\/35630\" target=\"_blank\" rel=\"noreferrer noopener\">Scarica qui<\/a><\/p>\n\n\n\n<p><strong>Guida alla Pinacoteca dell&#8217;Universit\u00e0 degli Studi di Trieste<\/strong>, di&nbsp;<em>Massimo De Grassi<\/em>, offre una panoramica delle opere d\u2019arte conservate nell\u2019Ateneo.<br><a href=\"https:\/\/www.openstarts.units.it\/handle\/10077\/35469\" target=\"_blank\" rel=\"noreferrer noopener\">Scarica qui<\/a><\/p>\n\n\n\n<p><strong>L&#8217;Edificio Centrale dell&#8217;Universit\u00e0 di Trieste. Storia e architettura 1938-1950<\/strong>, a cura di&nbsp;<em>Valentina Fernetti<\/em>, dedicato all\u2019evoluzione architettonica dell&#8217;edificio principale dell&#8217;Universit\u00e0.<br><a href=\"https:\/\/www.openstarts.units.it\/handle\/10077\/35468\" target=\"_blank\" rel=\"noreferrer noopener\">Scarica qui<\/a><\/p>\n\n\n\n<p><strong>\u201cRicorda e Splendi\u201d. Catalogo delle opere d\u2019arte dell\u2019Universit\u00e0 degli Studi di Trieste<\/strong>, di&nbsp;<em>Massimo De Grassi<\/em>, un catalogo completo delle opere d&#8217;arte custodite dall\u2019Ateneo.Dettagli sulle modalit\u00e0 di accesso (libero, su invito, su registrazione)<\/p>\n<\/div>\n\n\n\n<div class=\"wp-block-column is-vertically-aligned-top is-layout-flow wp-block-column-is-layout-flow\" style=\"flex-basis:30%\">\n<figure class=\"wp-block-image size-full\"><img loading=\"lazy\" decoding=\"async\" width=\"480\" height=\"270\" src=\"https:\/\/100anni.units.it\/wp-content\/uploads\/2024\/10\/100UniTS_EUT_volumi_centenario_02.10.2024.png\" alt=\"EUT_volumi_centenario_\" class=\"wp-image-7437\" srcset=\"https:\/\/100anni.units.it\/wp-content\/uploads\/2024\/10\/100UniTS_EUT_volumi_centenario_02.10.2024.png 480w, https:\/\/100anni.units.it\/wp-content\/uploads\/2024\/10\/100UniTS_EUT_volumi_centenario_02.10.2024-300x169.png 300w\" sizes=\"auto, (max-width: 480px) 100vw, 480px\" \/><\/figure>\n\n\n\n<div style=\"height:20px\" aria-hidden=\"true\" class=\"wp-block-spacer\"><\/div>\n\n\n\n<p>Con il contributo di:<\/p>\n\n\n\n<div class=\"wp-block-group is-content-justification-center is-nowrap is-layout-flex wp-container-core-group-is-layout-94bc23d7 wp-block-group-is-layout-flex\">\n<figure class=\"wp-block-image size-large is-resized\"><img loading=\"lazy\" decoding=\"async\" src=\"https:\/\/100anni.units.it\/wp-content\/uploads\/2023\/09\/Fondazione-b_nero-1024x341.jpg\" alt=\"logo Fondazione CRTrieste\" class=\"wp-image-1564\" style=\"width:220px;height:73px\" width=\"220\" height=\"73\" srcset=\"https:\/\/100anni.units.it\/wp-content\/uploads\/2023\/09\/Fondazione-b_nero-1024x341.jpg 1024w, https:\/\/100anni.units.it\/wp-content\/uploads\/2023\/09\/Fondazione-b_nero-300x100.jpg 300w, https:\/\/100anni.units.it\/wp-content\/uploads\/2023\/09\/Fondazione-b_nero-768x256.jpg 768w, https:\/\/100anni.units.it\/wp-content\/uploads\/2023\/09\/Fondazione-b_nero-1536x512.jpg 1536w, https:\/\/100anni.units.it\/wp-content\/uploads\/2023\/09\/Fondazione-b_nero-2048x683.jpg 2048w\" sizes=\"auto, (max-width: 220px) 100vw, 220px\" \/><\/figure>\n<\/div>\n<\/div>\n<\/div>\n\n\n\n<div class=\"wp-block-columns are-vertically-aligned-center is-layout-flex wp-container-core-columns-is-layout-9d6595d7 wp-block-columns-is-layout-flex\">\n<div class=\"wp-block-column is-vertically-aligned-center is-layout-flow wp-block-column-is-layout-flow\" style=\"flex-basis:30%\">\n<div class=\"wp-block-group is-vertical is-content-justification-center is-layout-flex wp-container-core-group-is-layout-0472769e wp-block-group-is-layout-flex\">\t<div  class=\"tribe-block tribe-block__events-link\" >\n\t\t<div class=\"tribe-events tribe-common\">\n\t\t\t<div class=\"tribe-events-c-subscribe-dropdown__container\">\n\t\t\t\t<div class=\"tribe-events-c-subscribe-dropdown\">\n\t\t\t\t\t<div class=\"tribe-common-c-btn-border tribe-events-c-subscribe-dropdown__button\" tabindex=\"0\">\n\t\t\t\t\t\t<svg  class=\"tribe-common-c-svgicon tribe-common-c-svgicon--cal-export tribe-events-c-subscribe-dropdown__export-icon\"  viewBox=\"0 0 23 17\" xmlns=\"http:\/\/www.w3.org\/2000\/svg\">\n  <path fill-rule=\"evenodd\" clip-rule=\"evenodd\" d=\"M.128.896V16.13c0 .211.145.383.323.383h15.354c.179 0 .323-.172.323-.383V.896c0-.212-.144-.383-.323-.383H.451C.273.513.128.684.128.896Zm16 6.742h-.901V4.679H1.009v10.729h14.218v-3.336h.901V7.638ZM1.01 1.614h14.218v2.058H1.009V1.614Z\" \/>\n  <path d=\"M20.5 9.846H8.312M18.524 6.953l2.89 2.909-2.855 2.855\" stroke-width=\"1.2\" stroke-linecap=\"round\" stroke-linejoin=\"round\"\/>\n<\/svg>\n\t\t\t\t\t\t<button class=\"tribe-events-c-subscribe-dropdown__button-text\">\n\t\t\t\t\t\t\tSalva nel tuo calendario\t\t\t\t\t\t<\/button>\n\t\t\t\t\t\t<svg  class=\"tribe-common-c-svgicon tribe-common-c-svgicon--caret-down tribe-events-c-subscribe-dropdown__button-icon\"  viewBox=\"0 0 10 7\" xmlns=\"http:\/\/www.w3.org\/2000\/svg\"><path fill-rule=\"evenodd\" clip-rule=\"evenodd\" d=\"M1.008.609L5 4.6 8.992.61l.958.958L5 6.517.05 1.566l.958-.958z\" class=\"tribe-common-c-svgicon__svg-fill\"\/><\/svg>\n\t\t\t\t\t<\/div>\n\t\t\t\t\t<div class=\"tribe-events-c-subscribe-dropdown__content\">\n\t\t\t\t\t\t<ul class=\"tribe-events-c-subscribe-dropdown__list\" tabindex=\"0\">\n\t\t\t\t\t\t\t\t\t\t\t\t\t\t\t<li class=\"tribe-events-c-subscribe-dropdown__list-item\">\n\t\t\t\t\t\t\t\t\t<a\n\t\t\t\t\t\t\t\t\t\thref=\"https:\/\/www.google.com\/calendar\/event?action=TEMPLATE&#038;dates=20241002T080000\/20241002T080000&#038;text=Presentati%20i%20volumi%20dedicati%20al%20Centenario%201924-2024%20dell%26%238217%3BUniversit%C3%A0%20Degli%20Studi%20di%20Trieste&#038;details=%3C%21--+wp%3Atribe%2Fevent-datetime+%2F--%3E%3C%21--+wp%3Acolumns+--%3E%3Cdiv+class%3D%22wp-block-columns%22%3E%3C%21--+wp%3Acolumn+%7B%22width%22%3A%22%22%7D+--%3E%3Cdiv+class%3D%22wp-block-column%22%3E%3C%21--+wp%3Aparagraph+--%3E%3Cp%3EIn+occasione+delle+celebrazioni+per+i+cento+anni+dell%27Universit%C3%A0+degli+Studi+di+Trieste%2C+sono+stati+pubblicati%26nbsp%3B%3Cstrong%3Equattro+volumi+che+raccontano+la+storia+dell%E2%80%99Ateneo+e+valorizzano+le+sue+collezioni+artistiche%3C%2Fstrong%3E.%3C%2Fp%3E%3C%21--+%2Fwp%3Aparagraph+--%3E%3C%21--+wp%3Aparagraph+--%3E%3Cp%3ERealizzati+da+EUT%2C+l%27university+press+di+Ateneo%2C+questi+testi+offrono+un+approfondito+percorso+di+riscoperta+storica+e+archivistica+del+ricco+patrimonio+architettonico%2C+artistico+e+documentale+dell%27Universit%C3%A0.%3C%2Fp%3E%3C%21--+%2Fwp%3Aparagraph+--%3E%3C%21--+wp%3Aparagraph+--%3E%3Cp%3EI+volumi%2C+disponibili+in+formato+digitale+e+in+accesso+aperto+sull%E2%80%99A%20(View%20Full%20evento%20Description%20Here:%20https:\/\/100anni.units.it\/index.php\/evento\/presentati-i-volumi-dedicati-al-centenario-1924-2024-delluniversita-degli-studi-di-trieste\/)&#038;trp=false&#038;ctz=Europe\/Rome&#038;sprop=website:https:\/\/100anni.units.it\"\n\t\t\t\t\t\t\t\t\t\tclass=\"tribe-events-c-subscribe-dropdown__list-item-link\"\n\t\t\t\t\t\t\t\t\t\ttabindex=\"0\"\n\t\t\t\t\t\t\t\t\t\ttarget=\"_blank\"\n\t\t\t\t\t\t\t\t\t\trel=\"noopener noreferrer nofollow noindex\"\n\t\t\t\t\t\t\t\t\t>\n\t\t\t\t\t\t\t\t\t\tGoogle Calendar\t\t\t\t\t\t\t\t\t<\/a>\n\t\t\t\t\t\t\t\t<\/li>\n\t\t\t\t\t\t\t\t\t\t\t\t\t\t\t<li class=\"tribe-events-c-subscribe-dropdown__list-item\">\n\t\t\t\t\t\t\t\t\t<a\n\t\t\t\t\t\t\t\t\t\thref=\"\"\n\t\t\t\t\t\t\t\t\t\tclass=\"tribe-events-c-subscribe-dropdown__list-item-link\"\n\t\t\t\t\t\t\t\t\t\ttabindex=\"0\"\n\t\t\t\t\t\t\t\t\t\ttarget=\"_blank\"\n\t\t\t\t\t\t\t\t\t\trel=\"noopener noreferrer nofollow noindex\"\n\t\t\t\t\t\t\t\t\t>\n\t\t\t\t\t\t\t\t\t\tiCalendar\t\t\t\t\t\t\t\t\t<\/a>\n\t\t\t\t\t\t\t\t<\/li>\n\t\t\t\t\t\t\t\t\t\t\t\t\t\t\t<li class=\"tribe-events-c-subscribe-dropdown__list-item\">\n\t\t\t\t\t\t\t\t\t<a\n\t\t\t\t\t\t\t\t\t\thref=\"\"\n\t\t\t\t\t\t\t\t\t\tclass=\"tribe-events-c-subscribe-dropdown__list-item-link\"\n\t\t\t\t\t\t\t\t\t\ttabindex=\"0\"\n\t\t\t\t\t\t\t\t\t\ttarget=\"_blank\"\n\t\t\t\t\t\t\t\t\t\trel=\"noopener noreferrer nofollow noindex\"\n\t\t\t\t\t\t\t\t\t>\n\t\t\t\t\t\t\t\t\t\tOutlook 365\t\t\t\t\t\t\t\t\t<\/a>\n\t\t\t\t\t\t\t\t<\/li>\n\t\t\t\t\t\t\t\t\t\t\t\t\t\t\t<li class=\"tribe-events-c-subscribe-dropdown__list-item\">\n\t\t\t\t\t\t\t\t\t<a\n\t\t\t\t\t\t\t\t\t\thref=\"\"\n\t\t\t\t\t\t\t\t\t\tclass=\"tribe-events-c-subscribe-dropdown__list-item-link\"\n\t\t\t\t\t\t\t\t\t\ttabindex=\"0\"\n\t\t\t\t\t\t\t\t\t\ttarget=\"_blank\"\n\t\t\t\t\t\t\t\t\t\trel=\"noopener noreferrer nofollow noindex\"\n\t\t\t\t\t\t\t\t\t>\n\t\t\t\t\t\t\t\t\t\tOutlook Live\t\t\t\t\t\t\t\t\t<\/a>\n\t\t\t\t\t\t\t\t<\/li>\n\t\t\t\t\t\t\t\t\t\t\t\t\t<\/ul>\n\t\t\t\t\t<\/div>\n\t\t\t\t<\/div>\n\t\t\t<\/div>\n\t\t<\/div>\n\t<\/div>\n\n<\/div>\n<\/div>\n<\/div>\n\n\n\n<div style=\"height:100px\" aria-hidden=\"true\" class=\"wp-block-spacer\"><\/div>\n","protected":false},"excerpt":{"rendered":"<p>In occasione delle celebrazioni per i cento anni dell&#8217;Universit\u00e0 degli Studi di Trieste, sono stati pubblicati\u00a0quattro volumi che raccontano la storia dell\u2019Ateneo e valorizzano le sue collezioni artistiche.<\/p>\n","protected":false},"author":1,"featured_media":7437,"comment_status":"closed","ping_status":"closed","template":"","meta":{"neve_meta_sidebar":"","neve_meta_container":"","neve_meta_enable_content_width":"","neve_meta_content_width":0,"neve_meta_title_alignment":"","neve_meta_author_avatar":"","neve_post_elements_order":"","neve_meta_disable_header":"","neve_meta_disable_footer":"","neve_meta_disable_title":"","_EventAllDay":false,"_EventTimezone":"Europe\/Rome","_EventStartDate":"2024-10-02 08:00:00","_EventEndDate":"2024-10-02 08:00:00","_EventStartDateUTC":"2024-10-02 06:00:00","_EventEndDateUTC":"2024-10-02 06:00:00","_EventShowMap":false,"_EventShowMapLink":false,"_EventURL":"","_EventCost":"","_EventCostDescription":"","_EventCurrencySymbol":"\u20ac","_EventCurrencyCode":"EUR","_EventCurrencyPosition":"prefix","_EventDateTimeSeparator":" ore ","_EventTimeRangeSeparator":" - ","_EventOrganizerID":[],"_EventVenueID":[],"_OrganizerEmail":"","_OrganizerPhone":"","_OrganizerWebsite":"","_VenueAddress":"","_VenueCity":"","_VenueCountry":"","_VenueProvince":"","_VenueState":"","_VenueZip":"","_VenuePhone":"","_VenueURL":"","_VenueStateProvince":"","_VenueLat":"","_VenueLng":"","_VenueShowMap":false,"_VenueShowMapLink":false,"_ti_tpc_template_sync":false,"_ti_tpc_template_id":"","_tribe_events_status":"","_tribe_events_status_reason":"","footnotes":""},"tags":[],"tribe_events_cat":[3],"class_list":["post-7436","tribe_events","type-tribe_events","status-publish","has-post-thumbnail","hentry","tribe_events_cat-ateneo","cat_ateneo"],"yoast_head":"<!-- This site is optimized with the Yoast SEO plugin v21.0 - https:\/\/yoast.com\/wordpress\/plugins\/seo\/ -->\n<title>Presentati i volumi dedicati al Centenario 1924-2024 dell&#039;Universit\u00e0 Degli Studi di Trieste &ndash; #100UniTS<\/title>\n<meta name=\"description\" content=\"In occasione delle celebrazioni per i cento anni dell&#039;Universit\u00e0 degli Studi di Trieste, sono stati pubblicati quattro volumi che raccontano la storia dell\u2019Ateneo e valorizzano le sue collezioni artistiche.\" \/>\n<meta name=\"robots\" content=\"index, follow, max-snippet:-1, max-image-preview:large, max-video-preview:-1\" \/>\n<link rel=\"canonical\" href=\"https:\/\/100anni.units.it\/index.php\/evento\/presentati-i-volumi-dedicati-al-centenario-1924-2024-delluniversita-degli-studi-di-trieste\/\" \/>\n<meta property=\"og:locale\" content=\"it_IT\" \/>\n<meta property=\"og:type\" content=\"article\" \/>\n<meta property=\"og:title\" content=\"Presentati i volumi dedicati al Centenario 1924-2024 dell&#039;Universit\u00e0 Degli Studi di Trieste &ndash; #100UniTS\" \/>\n<meta property=\"og:description\" content=\"In occasione delle celebrazioni per i cento anni dell&#039;Universit\u00e0 degli Studi di Trieste, sono stati pubblicati quattro volumi che raccontano la storia dell\u2019Ateneo e valorizzano le sue collezioni artistiche.\" \/>\n<meta property=\"og:url\" content=\"https:\/\/100anni.units.it\/index.php\/evento\/presentati-i-volumi-dedicati-al-centenario-1924-2024-delluniversita-degli-studi-di-trieste\/\" \/>\n<meta property=\"og:site_name\" content=\"#100UniTS\" \/>\n<meta property=\"article:publisher\" content=\"https:\/\/www.facebook.com\/universitatrieste\" \/>\n<meta property=\"article:modified_time\" content=\"2024-12-17T15:23:42+00:00\" \/>\n<meta property=\"og:image\" content=\"https:\/\/100anni.units.it\/wp-content\/uploads\/2024\/10\/100UniTS_EUT_volumi_centenario_02.10.2024.png\" \/>\n\t<meta property=\"og:image:width\" content=\"480\" \/>\n\t<meta property=\"og:image:height\" content=\"270\" \/>\n\t<meta property=\"og:image:type\" content=\"image\/png\" \/>\n<meta name=\"twitter:card\" content=\"summary_large_image\" \/>\n<meta name=\"twitter:site\" content=\"@UniTrieste\" \/>\n<meta name=\"twitter:label1\" content=\"Tempo di lettura stimato\" \/>\n\t<meta name=\"twitter:data1\" content=\"2 minuti\" \/>\n<script type=\"application\/ld+json\" class=\"yoast-schema-graph\">{\"@context\":\"https:\/\/schema.org\",\"@graph\":[{\"@type\":\"WebPage\",\"@id\":\"https:\/\/100anni.units.it\/index.php\/evento\/presentati-i-volumi-dedicati-al-centenario-1924-2024-delluniversita-degli-studi-di-trieste\/\",\"url\":\"https:\/\/100anni.units.it\/index.php\/evento\/presentati-i-volumi-dedicati-al-centenario-1924-2024-delluniversita-degli-studi-di-trieste\/\",\"name\":\"Presentati i volumi dedicati al Centenario 1924-2024 dell'Universit\u00e0 Degli Studi di Trieste &ndash; #100UniTS\",\"isPartOf\":{\"@id\":\"https:\/\/100anni.units.it\/#website\"},\"datePublished\":\"2024-10-07T12:27:58+00:00\",\"dateModified\":\"2024-12-17T15:23:42+00:00\",\"description\":\"In occasione delle celebrazioni per i cento anni dell'Universit\u00e0 degli Studi di Trieste, sono stati pubblicati quattro volumi che raccontano la storia dell\u2019Ateneo e valorizzano le sue collezioni artistiche.\",\"breadcrumb\":{\"@id\":\"https:\/\/100anni.units.it\/index.php\/evento\/presentati-i-volumi-dedicati-al-centenario-1924-2024-delluniversita-degli-studi-di-trieste\/#breadcrumb\"},\"inLanguage\":\"it-IT\",\"potentialAction\":[{\"@type\":\"ReadAction\",\"target\":[\"https:\/\/100anni.units.it\/index.php\/evento\/presentati-i-volumi-dedicati-al-centenario-1924-2024-delluniversita-degli-studi-di-trieste\/\"]}]},{\"@type\":\"BreadcrumbList\",\"@id\":\"https:\/\/100anni.units.it\/index.php\/evento\/presentati-i-volumi-dedicati-al-centenario-1924-2024-delluniversita-degli-studi-di-trieste\/#breadcrumb\",\"itemListElement\":[{\"@type\":\"ListItem\",\"position\":1,\"name\":\"Eventi\",\"item\":\"https:\/\/100anni.units.it\/index.php\/eventi\/\"},{\"@type\":\"ListItem\",\"position\":2,\"name\":\"Presentati i volumi dedicati al Centenario 1924-2024 dell&#8217;Universit\u00e0 Degli Studi di Trieste\"}]},{\"@type\":\"WebSite\",\"@id\":\"https:\/\/100anni.units.it\/#website\",\"url\":\"https:\/\/100anni.units.it\/\",\"name\":\"#100UniTS\",\"description\":\"Ogni giorno, da cento anni, con noi puoi scoprire ci\u00f2 che sar\u00e0 realt\u00e0 nel futuro. Celebriamo insieme un secolo di ricerca, eccellenza, creativit\u00e0 e ingegno umano.\",\"publisher\":{\"@id\":\"https:\/\/100anni.units.it\/#organization\"},\"potentialAction\":[{\"@type\":\"SearchAction\",\"target\":{\"@type\":\"EntryPoint\",\"urlTemplate\":\"https:\/\/100anni.units.it\/?s={search_term_string}\"},\"query-input\":\"required name=search_term_string\"}],\"inLanguage\":\"it-IT\"},{\"@type\":\"Organization\",\"@id\":\"https:\/\/100anni.units.it\/#organization\",\"name\":\"Universit\u00e0 degli Studi di Trieste\",\"alternateName\":\"UniTS\",\"url\":\"https:\/\/100anni.units.it\/\",\"logo\":{\"@type\":\"ImageObject\",\"inLanguage\":\"it-IT\",\"@id\":\"https:\/\/100anni.units.it\/#\/schema\/logo\/image\/\",\"url\":\"https:\/\/100anni.units.it\/wp-content\/uploads\/2023\/08\/units_sigillo.png\",\"contentUrl\":\"https:\/\/100anni.units.it\/wp-content\/uploads\/2023\/08\/units_sigillo.png\",\"width\":696,\"height\":696,\"caption\":\"Universit\u00e0 degli Studi di Trieste\"},\"image\":{\"@id\":\"https:\/\/100anni.units.it\/#\/schema\/logo\/image\/\"},\"sameAs\":[\"https:\/\/www.facebook.com\/universitatrieste\",\"https:\/\/twitter.com\/UniTrieste\"]}]}<\/script>\n<!-- \/ Yoast SEO plugin. -->","yoast_head_json":{"title":"Presentati i volumi dedicati al Centenario 1924-2024 dell'Universit\u00e0 Degli Studi di Trieste &ndash; #100UniTS","description":"In occasione delle celebrazioni per i cento anni dell'Universit\u00e0 degli Studi di Trieste, sono stati pubblicati quattro volumi che raccontano la storia dell\u2019Ateneo e valorizzano le sue collezioni artistiche.","robots":{"index":"index","follow":"follow","max-snippet":"max-snippet:-1","max-image-preview":"max-image-preview:large","max-video-preview":"max-video-preview:-1"},"canonical":"https:\/\/100anni.units.it\/index.php\/evento\/presentati-i-volumi-dedicati-al-centenario-1924-2024-delluniversita-degli-studi-di-trieste\/","og_locale":"it_IT","og_type":"article","og_title":"Presentati i volumi dedicati al Centenario 1924-2024 dell'Universit\u00e0 Degli Studi di Trieste &ndash; #100UniTS","og_description":"In occasione delle celebrazioni per i cento anni dell'Universit\u00e0 degli Studi di Trieste, sono stati pubblicati quattro volumi che raccontano la storia dell\u2019Ateneo e valorizzano le sue collezioni artistiche.","og_url":"https:\/\/100anni.units.it\/index.php\/evento\/presentati-i-volumi-dedicati-al-centenario-1924-2024-delluniversita-degli-studi-di-trieste\/","og_site_name":"#100UniTS","article_publisher":"https:\/\/www.facebook.com\/universitatrieste","article_modified_time":"2024-12-17T15:23:42+00:00","og_image":[{"width":480,"height":270,"url":"https:\/\/100anni.units.it\/wp-content\/uploads\/2024\/10\/100UniTS_EUT_volumi_centenario_02.10.2024.png","type":"image\/png"}],"twitter_card":"summary_large_image","twitter_site":"@UniTrieste","twitter_misc":{"Tempo di lettura stimato":"2 minuti"},"schema":{"@context":"https:\/\/schema.org","@graph":[{"@type":"WebPage","@id":"https:\/\/100anni.units.it\/index.php\/evento\/presentati-i-volumi-dedicati-al-centenario-1924-2024-delluniversita-degli-studi-di-trieste\/","url":"https:\/\/100anni.units.it\/index.php\/evento\/presentati-i-volumi-dedicati-al-centenario-1924-2024-delluniversita-degli-studi-di-trieste\/","name":"Presentati i volumi dedicati al Centenario 1924-2024 dell'Universit\u00e0 Degli Studi di Trieste &ndash; #100UniTS","isPartOf":{"@id":"https:\/\/100anni.units.it\/#website"},"datePublished":"2024-10-07T12:27:58+00:00","dateModified":"2024-12-17T15:23:42+00:00","description":"In occasione delle celebrazioni per i cento anni dell'Universit\u00e0 degli Studi di Trieste, sono stati pubblicati quattro volumi che raccontano la storia dell\u2019Ateneo e valorizzano le sue collezioni artistiche.","breadcrumb":{"@id":"https:\/\/100anni.units.it\/index.php\/evento\/presentati-i-volumi-dedicati-al-centenario-1924-2024-delluniversita-degli-studi-di-trieste\/#breadcrumb"},"inLanguage":"it-IT","potentialAction":[{"@type":"ReadAction","target":["https:\/\/100anni.units.it\/index.php\/evento\/presentati-i-volumi-dedicati-al-centenario-1924-2024-delluniversita-degli-studi-di-trieste\/"]}]},{"@type":"BreadcrumbList","@id":"https:\/\/100anni.units.it\/index.php\/evento\/presentati-i-volumi-dedicati-al-centenario-1924-2024-delluniversita-degli-studi-di-trieste\/#breadcrumb","itemListElement":[{"@type":"ListItem","position":1,"name":"Eventi","item":"https:\/\/100anni.units.it\/index.php\/eventi\/"},{"@type":"ListItem","position":2,"name":"Presentati i volumi dedicati al Centenario 1924-2024 dell&#8217;Universit\u00e0 Degli Studi di Trieste"}]},{"@type":"WebSite","@id":"https:\/\/100anni.units.it\/#website","url":"https:\/\/100anni.units.it\/","name":"#100UniTS","description":"Ogni giorno, da cento anni, con noi puoi scoprire ci\u00f2 che sar\u00e0 realt\u00e0 nel futuro. Celebriamo insieme un secolo di ricerca, eccellenza, creativit\u00e0 e ingegno umano.","publisher":{"@id":"https:\/\/100anni.units.it\/#organization"},"potentialAction":[{"@type":"SearchAction","target":{"@type":"EntryPoint","urlTemplate":"https:\/\/100anni.units.it\/?s={search_term_string}"},"query-input":"required name=search_term_string"}],"inLanguage":"it-IT"},{"@type":"Organization","@id":"https:\/\/100anni.units.it\/#organization","name":"Universit\u00e0 degli Studi di Trieste","alternateName":"UniTS","url":"https:\/\/100anni.units.it\/","logo":{"@type":"ImageObject","inLanguage":"it-IT","@id":"https:\/\/100anni.units.it\/#\/schema\/logo\/image\/","url":"https:\/\/100anni.units.it\/wp-content\/uploads\/2023\/08\/units_sigillo.png","contentUrl":"https:\/\/100anni.units.it\/wp-content\/uploads\/2023\/08\/units_sigillo.png","width":696,"height":696,"caption":"Universit\u00e0 degli Studi di Trieste"},"image":{"@id":"https:\/\/100anni.units.it\/#\/schema\/logo\/image\/"},"sameAs":["https:\/\/www.facebook.com\/universitatrieste","https:\/\/twitter.com\/UniTrieste"]}]}},"_links":{"self":[{"href":"https:\/\/100anni.units.it\/index.php\/wp-json\/wp\/v2\/tribe_events\/7436","targetHints":{"allow":["GET"]}}],"collection":[{"href":"https:\/\/100anni.units.it\/index.php\/wp-json\/wp\/v2\/tribe_events"}],"about":[{"href":"https:\/\/100anni.units.it\/index.php\/wp-json\/wp\/v2\/types\/tribe_events"}],"author":[{"embeddable":true,"href":"https:\/\/100anni.units.it\/index.php\/wp-json\/wp\/v2\/users\/1"}],"replies":[{"embeddable":true,"href":"https:\/\/100anni.units.it\/index.php\/wp-json\/wp\/v2\/comments?post=7436"}],"version-history":[{"count":6,"href":"https:\/\/100anni.units.it\/index.php\/wp-json\/wp\/v2\/tribe_events\/7436\/revisions"}],"predecessor-version":[{"id":7871,"href":"https:\/\/100anni.units.it\/index.php\/wp-json\/wp\/v2\/tribe_events\/7436\/revisions\/7871"}],"wp:featuredmedia":[{"embeddable":true,"href":"https:\/\/100anni.units.it\/index.php\/wp-json\/wp\/v2\/media\/7437"}],"wp:attachment":[{"href":"https:\/\/100anni.units.it\/index.php\/wp-json\/wp\/v2\/media?parent=7436"}],"wp:term":[{"taxonomy":"post_tag","embeddable":true,"href":"https:\/\/100anni.units.it\/index.php\/wp-json\/wp\/v2\/tags?post=7436"},{"taxonomy":"tribe_events_cat","embeddable":true,"href":"https:\/\/100anni.units.it\/index.php\/wp-json\/wp\/v2\/tribe_events_cat?post=7436"}],"curies":[{"name":"wp","href":"https:\/\/api.w.org\/{rel}","templated":true}]}}