{"id":7451,"date":"2024-10-10T12:01:46","date_gmt":"2024-10-10T10:01:46","guid":{"rendered":"https:\/\/100anni.units.it\/?post_type=tribe_events&#038;p=7451"},"modified":"2024-11-16T09:09:05","modified_gmt":"2024-11-16T08:09:05","slug":"alumni-units-storie-di-successo","status":"publish","type":"tribe_events","link":"https:\/\/100anni.units.it\/index.php\/evento\/alumni-units-storie-di-successo\/","title":{"rendered":"Alumni UniTs, storie di successo"},"content":{"rendered":"<div  class=\"tribe-events-schedule tribe-clearfix\" >\n\t<h2 class=\"tribe-events-schedule__datetime\">\n\t\t<span class=\"tribe-events-schedule__date tribe-events-schedule__date--start\">\n\t\t\t11 Ottobre 2024\t\t<\/span>\n\n\t\t\t\t\t<span class=\"tribe-events-schedule__separator tribe-events-schedule__separator--date\">\n\t\t\t\t ore \t\t\t<\/span>\n\t\t\t<span class=\"tribe-events-schedule__time tribe-events-schedule__time--start\">\n\t\t\t\t9:15\t\t\t<\/span>\n\t\t\n\t\t\t<\/h2>\n<\/div>\n\n\n\n<div class=\"wp-block-columns is-layout-flex wp-container-core-columns-is-layout-9d6595d7 wp-block-columns-is-layout-flex\">\n<div class=\"wp-block-column is-layout-flow wp-block-column-is-layout-flow\">\n<p>Nell&#8217;ambito delle celebrazioni del centenario dell\u2019Universit\u00e0 degli Studi di Trieste, il&nbsp;<strong>Dipartimento di Scienze della Vita<\/strong>&nbsp;ha organizzato una serie di&nbsp;<strong>seminari in ambito biologico e in ambito psicologico tenuti da ex studenti di spicco<\/strong>&nbsp;attualmente inseriti nel mondo della ricerca e dell&#8217;imprenditoria.<\/p>\n\n\n\n<p>Gli eventi, che si svolgeranno in tre giornate distinte, saranno aperti al pubblico e rivolti principalmente al personale e agli studenti del Dipartimento di Scienze della Vita. Tuttavia, considerando l&#8217;importanza dei relatori e il loro eccezionale bagaglio di competenze ed esperienze, gli interventi sono di potenziale interesse per un pubblico pi\u00f9 vasto, sia interno che esterno dell\u2019Ateneo.<\/p>\n\n\n\n<p>La prima giornata \u00e8 prevista per il giorno&nbsp;<strong>venerd\u00ec<\/strong>&nbsp;<strong>11 ottobre 2024<\/strong>&nbsp;presso&nbsp;<strong>l\u2019aula Magna dell\u2019edificio M<\/strong>&nbsp;del comprensorio universitario, a partire dalle&nbsp;<strong>ore 9<\/strong>, e vedr\u00e0 come oratori:<\/p>\n\n\n\n<p class=\"has-medium-font-size\"><strong>Piero Carninci<\/strong>, responsabile del Genomics Research Centre dello Human Technopole di Milano e Team Leader del Laboratory for Transcriptome Technology del RIKEN&nbsp;Center&nbsp;for Integrative Medical Sciences, Yokohama (Giappone).&nbsp;&nbsp;<br>Il dottor Piero Carninci si \u00e8 laureato presso l\u2019Ateneo di Trieste nel 1989; durante e dopo la laurea ha svolto attivit\u00e0 di ricerca presso il Laboratorio Nazionale CIB di Trieste sviluppando metodologie innovative per l\u2019estrazione ed il sequenziamento del DNA. Nel 1995 si \u00e8 trasferito in Giappone presso il RIKEN Center for Integrative Medical Sciences ottenendo fin dai primi anni risultati di grande impatto nell\u2019ambito della genomica. Nel 2008 \u00e8 diventato ricercatore principale presso l&#8217;Omics Science Center del RIKEN, e successivamente direttore di divisione presso il RIKEN Center for Life Science Technologies. E\u2019 autore di oltre 400 pubblicazioni scientifiche ed ha ricevuto numerosi premi internazionali. Dal 2020 ha un doppio incarico come responsabile del Centro di ricerca genomica dello Human Technopole di Milano e come Team Leader del Laboratory for Transcriptome Technology del centro RIKEN di Yokohama.<\/p>\n\n\n\n<p class=\"has-medium-font-size\"><strong>Monica Gostissa<\/strong>, direttore scientifico della Egle Therapeutics, Parigi (Francia), azienda biotecnologica coinvolta nello sviluppo di terapie innovative per il trattamento del cancro e di malattie autoimmuni.&nbsp;<br>La dottoressa Gostissa si \u00e8 laureata presso l\u2019Ateneo di Trieste nel 1994. Ha conseguito il dottorato di ricerca in genetica molecolare presso la Scuola Internazionale Superiore di Studi Avanzati di Trieste, svolgendo la sua attivit\u00e0 di ricerca presso il Laboratorio Nazionale CIB di Trieste. Dopo alcuni anni di post-dottorato presso il LNCIB di Trieste, ha continuato la sua attivit\u00e0 di ricerca post-dottorato presso il Children&#8217;s Hospital\/Harvard Medical School di Boston (USA). Avendo acquisito una profonda conoscenza della biologia cellulare, dell&#8217;oncologia e dell&#8217;immunologia dei tumori, si \u00e8 poi orientata verso aziende biotecnologiche, dove ha guidato programmi preclinici volti a trasferire le conoscenze scientifiche in terapie antitumorali innovative. Prima di assumere l\u2019attuale ruolo in Egle Therapeutics, \u00e8 stata Vicepresidente della sezione Preclinical Sciences presso Jounce Therapeutics (Boston, USA) e Direttrice della sezione Tumor Immunology and Imaging presso 121 Bio\/Agenus (Boston, MA). \u00c8 autrice di oltre 40 pubblicazioni e ha ricevuto numerosi riconoscimenti, tra cui il premio Special Fellow della Leukemia and Lymphoma Society e il V Foundation Scholar Award.<\/p>\n\n\n\n<p class=\"has-neve-link-color-color has-text-color\">Accesso libero<\/p>\n\n\n\n<p><strong>Contatti<\/strong>:<br>Elisabetta Azzoni (<a href=\"mailto:elisabetta.azzoni@amm.units.it\">elisabetta.azzoni@amm.units.it<\/a>, 040558.8876)<br>Susanna Bosi (<a href=\"mailto:sbosi@units.it\">sbosi@units.it<\/a>, 040558.8893)<\/p>\n<\/div>\n\n\n\n<div class=\"wp-block-column is-vertically-aligned-top is-layout-flow wp-block-column-is-layout-flow\" style=\"flex-basis:30%\">\n<figure class=\"wp-block-image size-large\"><img loading=\"lazy\" decoding=\"async\" width=\"1024\" height=\"626\" src=\"https:\/\/100anni.units.it\/wp-content\/uploads\/2023\/08\/100units_ill_centenario-1024x626.png\" alt=\"immagine di campagna #100UniTS, illustrazione dell'Ateneo\" class=\"wp-image-99\" srcset=\"https:\/\/100anni.units.it\/wp-content\/uploads\/2023\/08\/100units_ill_centenario-1024x626.png 1024w, https:\/\/100anni.units.it\/wp-content\/uploads\/2023\/08\/100units_ill_centenario-300x183.png 300w, https:\/\/100anni.units.it\/wp-content\/uploads\/2023\/08\/100units_ill_centenario-768x469.png 768w, https:\/\/100anni.units.it\/wp-content\/uploads\/2023\/08\/100units_ill_centenario-1536x938.png 1536w, https:\/\/100anni.units.it\/wp-content\/uploads\/2023\/08\/100units_ill_centenario-2048x1251.png 2048w\" sizes=\"auto, (max-width: 1024px) 100vw, 1024px\" \/><\/figure>\n\n\n\n<div style=\"height:20px\" aria-hidden=\"true\" class=\"wp-block-spacer\"><\/div>\n<\/div>\n<\/div>\n\n\n\n<div class=\"wp-block-columns are-vertically-aligned-center is-layout-flex wp-container-core-columns-is-layout-9d6595d7 wp-block-columns-is-layout-flex\">\n<div class=\"wp-block-column is-vertically-aligned-center is-layout-flow wp-block-column-is-layout-flow\"><div  class=\"tribe-block tribe-block__venue tribe-clearfix\" >\n\t\n\t\n<div class=\"tribe-block__venue__meta\">\n\t<div class=\"tribe-block__venue__name\">\n\t\t<h3>Aula Magna Edificio M<\/h3>\n\t<\/div>\n\n\t\n\t\n\t\n\t\n\t<\/div>\n\t\n\t<\/div>\n<\/div>\n\n\n\n<div class=\"wp-block-column is-vertically-aligned-center is-layout-flow wp-block-column-is-layout-flow\" style=\"flex-basis:30%\">\n<div class=\"wp-block-group is-vertical is-content-justification-center is-layout-flex wp-container-core-group-is-layout-0472769e wp-block-group-is-layout-flex\">\t<div  class=\"tribe-block tribe-block__events-link\" >\n\t\t<div class=\"tribe-events tribe-common\">\n\t\t\t<div class=\"tribe-events-c-subscribe-dropdown__container\">\n\t\t\t\t<div class=\"tribe-events-c-subscribe-dropdown\">\n\t\t\t\t\t<div class=\"tribe-common-c-btn-border tribe-events-c-subscribe-dropdown__button\" tabindex=\"0\">\n\t\t\t\t\t\t<svg  class=\"tribe-common-c-svgicon tribe-common-c-svgicon--cal-export tribe-events-c-subscribe-dropdown__export-icon\"  viewBox=\"0 0 23 17\" xmlns=\"http:\/\/www.w3.org\/2000\/svg\">\n  <path fill-rule=\"evenodd\" clip-rule=\"evenodd\" d=\"M.128.896V16.13c0 .211.145.383.323.383h15.354c.179 0 .323-.172.323-.383V.896c0-.212-.144-.383-.323-.383H.451C.273.513.128.684.128.896Zm16 6.742h-.901V4.679H1.009v10.729h14.218v-3.336h.901V7.638ZM1.01 1.614h14.218v2.058H1.009V1.614Z\" \/>\n  <path d=\"M20.5 9.846H8.312M18.524 6.953l2.89 2.909-2.855 2.855\" stroke-width=\"1.2\" stroke-linecap=\"round\" stroke-linejoin=\"round\"\/>\n<\/svg>\n\t\t\t\t\t\t<button class=\"tribe-events-c-subscribe-dropdown__button-text\">\n\t\t\t\t\t\t\tSalva nel tuo calendario\t\t\t\t\t\t<\/button>\n\t\t\t\t\t\t<svg  class=\"tribe-common-c-svgicon tribe-common-c-svgicon--caret-down tribe-events-c-subscribe-dropdown__button-icon\"  viewBox=\"0 0 10 7\" xmlns=\"http:\/\/www.w3.org\/2000\/svg\"><path fill-rule=\"evenodd\" clip-rule=\"evenodd\" d=\"M1.008.609L5 4.6 8.992.61l.958.958L5 6.517.05 1.566l.958-.958z\" class=\"tribe-common-c-svgicon__svg-fill\"\/><\/svg>\n\t\t\t\t\t<\/div>\n\t\t\t\t\t<div class=\"tribe-events-c-subscribe-dropdown__content\">\n\t\t\t\t\t\t<ul class=\"tribe-events-c-subscribe-dropdown__list\" tabindex=\"0\">\n\t\t\t\t\t\t\t\t\t\t\t\t\t\t\t<li class=\"tribe-events-c-subscribe-dropdown__list-item\">\n\t\t\t\t\t\t\t\t\t<a\n\t\t\t\t\t\t\t\t\t\thref=\"https:\/\/www.google.com\/calendar\/event?action=TEMPLATE&#038;dates=20241011T091500\/20241011T091500&#038;text=Alumni%20UniTs%2C%20storie%20di%20successo&#038;details=%3C%21--+wp%3Atribe%2Fevent-datetime+%2F--%3E%3C%21--+wp%3Acolumns+--%3E%3Cdiv+class%3D%22wp-block-columns%22%3E%3C%21--+wp%3Acolumn+%7B%22width%22%3A%22%22%7D+--%3E%3Cdiv+class%3D%22wp-block-column%22%3E%3C%21--+wp%3Aparagraph+--%3E%3Cp%3ENell%27ambito+delle+celebrazioni+del+centenario+dell%E2%80%99Universit%C3%A0+degli+Studi+di+Trieste%2C+il%26nbsp%3B%3Cstrong%3EDipartimento+di+Scienze+della+Vita%3C%2Fstrong%3E%26nbsp%3Bha+organizzato+una+serie+di%26nbsp%3B%3Cstrong%3Eseminari+in+ambito+biologico+e+in+ambito+psicologico+tenuti+da+ex+studenti+di+spicco%3C%2Fstrong%3E%26nbsp%3Battualmente+inseriti+nel+mondo+della+ricerca+e+dell%27imprenditoria.%3C%2Fp%3E%3C%21--+%2Fwp%3Aparagraph+--%3E%3C%21--+wp%3Aparagraph+--%3E%3Cp%3EGli+eventi%2C+che+si+svolgeranno+in+tre+giornate+distinte%2C+saranno+aperti+al+pubblico+e+rivolti+principalmente+al+personale+e+agli+studenti+del+Dipartimento+di+Scienze+della+Vita.+Tuttavia%2C+considerando+l%27importanza+dei+relatori+e+il%20(View%20Full%20evento%20Description%20Here:%20https:\/\/100anni.units.it\/index.php\/evento\/alumni-units-storie-di-successo\/)&#038;location=Aula%20Magna%20Edificio%20M&#038;trp=false&#038;ctz=Europe\/Rome&#038;sprop=website:https:\/\/100anni.units.it\"\n\t\t\t\t\t\t\t\t\t\tclass=\"tribe-events-c-subscribe-dropdown__list-item-link\"\n\t\t\t\t\t\t\t\t\t\ttabindex=\"0\"\n\t\t\t\t\t\t\t\t\t\ttarget=\"_blank\"\n\t\t\t\t\t\t\t\t\t\trel=\"noopener noreferrer nofollow noindex\"\n\t\t\t\t\t\t\t\t\t>\n\t\t\t\t\t\t\t\t\t\tGoogle Calendar\t\t\t\t\t\t\t\t\t<\/a>\n\t\t\t\t\t\t\t\t<\/li>\n\t\t\t\t\t\t\t\t\t\t\t\t\t\t\t<li class=\"tribe-events-c-subscribe-dropdown__list-item\">\n\t\t\t\t\t\t\t\t\t<a\n\t\t\t\t\t\t\t\t\t\thref=\"\"\n\t\t\t\t\t\t\t\t\t\tclass=\"tribe-events-c-subscribe-dropdown__list-item-link\"\n\t\t\t\t\t\t\t\t\t\ttabindex=\"0\"\n\t\t\t\t\t\t\t\t\t\ttarget=\"_blank\"\n\t\t\t\t\t\t\t\t\t\trel=\"noopener noreferrer nofollow noindex\"\n\t\t\t\t\t\t\t\t\t>\n\t\t\t\t\t\t\t\t\t\tiCalendar\t\t\t\t\t\t\t\t\t<\/a>\n\t\t\t\t\t\t\t\t<\/li>\n\t\t\t\t\t\t\t\t\t\t\t\t\t\t\t<li class=\"tribe-events-c-subscribe-dropdown__list-item\">\n\t\t\t\t\t\t\t\t\t<a\n\t\t\t\t\t\t\t\t\t\thref=\"\"\n\t\t\t\t\t\t\t\t\t\tclass=\"tribe-events-c-subscribe-dropdown__list-item-link\"\n\t\t\t\t\t\t\t\t\t\ttabindex=\"0\"\n\t\t\t\t\t\t\t\t\t\ttarget=\"_blank\"\n\t\t\t\t\t\t\t\t\t\trel=\"noopener noreferrer nofollow noindex\"\n\t\t\t\t\t\t\t\t\t>\n\t\t\t\t\t\t\t\t\t\tOutlook 365\t\t\t\t\t\t\t\t\t<\/a>\n\t\t\t\t\t\t\t\t<\/li>\n\t\t\t\t\t\t\t\t\t\t\t\t\t\t\t<li class=\"tribe-events-c-subscribe-dropdown__list-item\">\n\t\t\t\t\t\t\t\t\t<a\n\t\t\t\t\t\t\t\t\t\thref=\"\"\n\t\t\t\t\t\t\t\t\t\tclass=\"tribe-events-c-subscribe-dropdown__list-item-link\"\n\t\t\t\t\t\t\t\t\t\ttabindex=\"0\"\n\t\t\t\t\t\t\t\t\t\ttarget=\"_blank\"\n\t\t\t\t\t\t\t\t\t\trel=\"noopener noreferrer nofollow noindex\"\n\t\t\t\t\t\t\t\t\t>\n\t\t\t\t\t\t\t\t\t\tOutlook Live\t\t\t\t\t\t\t\t\t<\/a>\n\t\t\t\t\t\t\t\t<\/li>\n\t\t\t\t\t\t\t\t\t\t\t\t\t<\/ul>\n\t\t\t\t\t<\/div>\n\t\t\t\t<\/div>\n\t\t\t<\/div>\n\t\t<\/div>\n\t<\/div>\n\n\n\n\n<div class=\"wp-block-buttons is-content-justification-center is-layout-flex wp-container-core-buttons-is-layout-16018d1d wp-block-buttons-is-layout-flex\">\n<div class=\"wp-block-button has-custom-width wp-block-button__width-100 is-style-primary\"><a class=\"wp-block-button__link wp-element-button\" href=\"https:\/\/100anni.units.it\/wp-content\/uploads\/2024\/10\/100UniTS_Loc-Alumni-DSV-11ott24.pdf\">scarica la locandina<\/a><\/div>\n<\/div>\n<\/div>\n<\/div>\n<\/div>\n\n\n\n<div style=\"height:50px\" aria-hidden=\"true\" class=\"wp-block-spacer\"><\/div>\n\n\n\n<h3 class=\"wp-block-heading has-neve-link-color-color has-text-color\" style=\"text-transform:none\">Programma del giorno<\/h3>\n\n\n\n<div style=\"height:20px\" aria-hidden=\"true\" class=\"wp-block-spacer\"><\/div>\n\n\n\n<div class=\"wp-block-group\"><div class=\"wp-block-group__inner-container is-layout-constrained wp-block-group-is-layout-constrained\">\n<p><strong>9.15 &#8211; 9.30 <\/strong>Saluti della Direzione<\/p>\n\n\n\n<p><strong>9.30 &#8211; 10.30 <\/strong>Dott. Piero Carninci<\/p>\n\n\n\n<p><strong>10.30 &#8211; 11.30 <\/strong>Dott.ssa Monica Gostissa<\/p>\n\n\n\n<p><strong>11.30-12.00 <\/strong>Tavola Rotonda organizzata dai Rappresentati degli Studenti<\/p>\n\n\n\n<div style=\"height:20px\" aria-hidden=\"true\" class=\"wp-block-spacer\"><\/div>\n<\/div><\/div>\n\n\n\n<div style=\"height:100px\" aria-hidden=\"true\" class=\"wp-block-spacer\"><\/div>\n","protected":false},"excerpt":{"rendered":"<p>Nell&#8217;ambito delle celebrazioni del centenario dell\u2019Universit\u00e0 degli Studi di Trieste, il\u00a0Dipartimento di Scienze della Vita\u00a0ha organizzato una serie di\u00a0seminari in ambito biologico e in ambito psicologico tenuti da ex studenti di spicco\u00a0attualmente inseriti nel mondo della ricerca e dell&#8217;imprenditoria.<\/p>\n","protected":false},"author":1,"featured_media":5841,"comment_status":"closed","ping_status":"closed","template":"","meta":{"neve_meta_sidebar":"","neve_meta_container":"","neve_meta_enable_content_width":"","neve_meta_content_width":0,"neve_meta_title_alignment":"","neve_meta_author_avatar":"","neve_post_elements_order":"","neve_meta_disable_header":"","neve_meta_disable_footer":"","neve_meta_disable_title":"","_EventAllDay":false,"_EventTimezone":"Europe\/Rome","_EventStartDate":"2024-10-11 09:15:00","_EventEndDate":"2024-10-11 09:15:00","_EventStartDateUTC":"2024-10-11 07:15:00","_EventEndDateUTC":"2024-10-11 07:15:00","_EventShowMap":false,"_EventShowMapLink":false,"_EventURL":"","_EventCost":"","_EventCostDescription":"","_EventCurrencySymbol":"\u20ac","_EventCurrencyCode":"EUR","_EventCurrencyPosition":"prefix","_EventDateTimeSeparator":" ore ","_EventTimeRangeSeparator":" - ","_EventOrganizerID":[],"_EventVenueID":[7452],"_OrganizerEmail":"","_OrganizerPhone":"","_OrganizerWebsite":"","_VenueAddress":"","_VenueCity":"","_VenueCountry":"","_VenueProvince":"","_VenueState":"","_VenueZip":"","_VenuePhone":"","_VenueURL":"","_VenueStateProvince":"","_VenueLat":"","_VenueLng":"","_VenueShowMap":false,"_VenueShowMapLink":false,"_ti_tpc_template_sync":false,"_ti_tpc_template_id":"","_tribe_events_status":"","_tribe_events_status_reason":"","footnotes":""},"tags":[],"tribe_events_cat":[4],"class_list":["post-7451","tribe_events","type-tribe_events","status-publish","has-post-thumbnail","hentry","tribe_events_cat-dipartimento","cat_dipartimento"],"yoast_head":"<!-- This site is optimized with the Yoast SEO plugin v21.0 - https:\/\/yoast.com\/wordpress\/plugins\/seo\/ -->\n<title>Alumni UniTs, storie di successo &ndash; #100UniTS<\/title>\n<meta name=\"description\" content=\"Nell&#039;ambito delle celebrazioni del centenario dell\u2019Universit\u00e0 degli Studi di Trieste, il\u00a0Dipartimento di Scienze della Vita\u00a0ha organizzato una serie di\u00a0seminari in ambito biologico e in ambito psicologico tenuti da ex studenti di spicco\u00a0attualmente inseriti nel mondo della ricerca e dell&#039;imprenditoria.\" \/>\n<meta name=\"robots\" content=\"index, follow, max-snippet:-1, max-image-preview:large, max-video-preview:-1\" \/>\n<link rel=\"canonical\" href=\"https:\/\/100anni.units.it\/index.php\/evento\/alumni-units-storie-di-successo\/\" \/>\n<meta property=\"og:locale\" content=\"it_IT\" \/>\n<meta property=\"og:type\" content=\"article\" \/>\n<meta property=\"og:title\" content=\"Alumni UniTs, storie di successo &ndash; #100UniTS\" \/>\n<meta property=\"og:description\" content=\"Nell&#039;ambito delle celebrazioni del centenario dell\u2019Universit\u00e0 degli Studi di Trieste, il\u00a0Dipartimento di Scienze della Vita\u00a0ha organizzato una serie di\u00a0seminari in ambito biologico e in ambito psicologico tenuti da ex studenti di spicco\u00a0attualmente inseriti nel mondo della ricerca e dell&#039;imprenditoria.\" \/>\n<meta property=\"og:url\" content=\"https:\/\/100anni.units.it\/index.php\/evento\/alumni-units-storie-di-successo\/\" \/>\n<meta property=\"og:site_name\" content=\"#100UniTS\" \/>\n<meta property=\"article:publisher\" content=\"https:\/\/www.facebook.com\/universitatrieste\" \/>\n<meta property=\"article:modified_time\" content=\"2024-11-16T08:09:05+00:00\" \/>\n<meta property=\"og:image\" content=\"https:\/\/100anni.units.it\/wp-content\/uploads\/2024\/06\/100units_il_centenario_16_9.png\" \/>\n\t<meta property=\"og:image:width\" content=\"1024\" \/>\n\t<meta property=\"og:image:height\" content=\"576\" \/>\n\t<meta property=\"og:image:type\" content=\"image\/png\" \/>\n<meta name=\"twitter:card\" content=\"summary_large_image\" \/>\n<meta name=\"twitter:site\" content=\"@UniTrieste\" \/>\n<meta name=\"twitter:label1\" content=\"Tempo di lettura stimato\" \/>\n\t<meta name=\"twitter:data1\" content=\"4 minuti\" \/>\n<script type=\"application\/ld+json\" class=\"yoast-schema-graph\">{\"@context\":\"https:\/\/schema.org\",\"@graph\":[{\"@type\":\"WebPage\",\"@id\":\"https:\/\/100anni.units.it\/index.php\/evento\/alumni-units-storie-di-successo\/\",\"url\":\"https:\/\/100anni.units.it\/index.php\/evento\/alumni-units-storie-di-successo\/\",\"name\":\"Alumni UniTs, storie di successo &ndash; #100UniTS\",\"isPartOf\":{\"@id\":\"https:\/\/100anni.units.it\/#website\"},\"datePublished\":\"2024-10-10T10:01:46+00:00\",\"dateModified\":\"2024-11-16T08:09:05+00:00\",\"description\":\"Nell'ambito delle celebrazioni del centenario dell\u2019Universit\u00e0 degli Studi di Trieste, il\u00a0Dipartimento di Scienze della Vita\u00a0ha organizzato una serie di\u00a0seminari in ambito biologico e in ambito psicologico tenuti da ex studenti di spicco\u00a0attualmente inseriti nel mondo della ricerca e dell'imprenditoria.\",\"breadcrumb\":{\"@id\":\"https:\/\/100anni.units.it\/index.php\/evento\/alumni-units-storie-di-successo\/#breadcrumb\"},\"inLanguage\":\"it-IT\",\"potentialAction\":[{\"@type\":\"ReadAction\",\"target\":[\"https:\/\/100anni.units.it\/index.php\/evento\/alumni-units-storie-di-successo\/\"]}]},{\"@type\":\"BreadcrumbList\",\"@id\":\"https:\/\/100anni.units.it\/index.php\/evento\/alumni-units-storie-di-successo\/#breadcrumb\",\"itemListElement\":[{\"@type\":\"ListItem\",\"position\":1,\"name\":\"Eventi\",\"item\":\"https:\/\/100anni.units.it\/index.php\/eventi\/\"},{\"@type\":\"ListItem\",\"position\":2,\"name\":\"Alumni UniTs, storie di successo\"}]},{\"@type\":\"WebSite\",\"@id\":\"https:\/\/100anni.units.it\/#website\",\"url\":\"https:\/\/100anni.units.it\/\",\"name\":\"#100UniTS\",\"description\":\"Ogni giorno, da cento anni, con noi puoi scoprire ci\u00f2 che sar\u00e0 realt\u00e0 nel futuro. Celebriamo insieme un secolo di ricerca, eccellenza, creativit\u00e0 e ingegno umano.\",\"publisher\":{\"@id\":\"https:\/\/100anni.units.it\/#organization\"},\"potentialAction\":[{\"@type\":\"SearchAction\",\"target\":{\"@type\":\"EntryPoint\",\"urlTemplate\":\"https:\/\/100anni.units.it\/?s={search_term_string}\"},\"query-input\":\"required name=search_term_string\"}],\"inLanguage\":\"it-IT\"},{\"@type\":\"Organization\",\"@id\":\"https:\/\/100anni.units.it\/#organization\",\"name\":\"Universit\u00e0 degli Studi di Trieste\",\"alternateName\":\"UniTS\",\"url\":\"https:\/\/100anni.units.it\/\",\"logo\":{\"@type\":\"ImageObject\",\"inLanguage\":\"it-IT\",\"@id\":\"https:\/\/100anni.units.it\/#\/schema\/logo\/image\/\",\"url\":\"https:\/\/100anni.units.it\/wp-content\/uploads\/2023\/08\/units_sigillo.png\",\"contentUrl\":\"https:\/\/100anni.units.it\/wp-content\/uploads\/2023\/08\/units_sigillo.png\",\"width\":696,\"height\":696,\"caption\":\"Universit\u00e0 degli Studi di Trieste\"},\"image\":{\"@id\":\"https:\/\/100anni.units.it\/#\/schema\/logo\/image\/\"},\"sameAs\":[\"https:\/\/www.facebook.com\/universitatrieste\",\"https:\/\/twitter.com\/UniTrieste\"]}]}<\/script>\n<!-- \/ Yoast SEO plugin. -->","yoast_head_json":{"title":"Alumni UniTs, storie di successo &ndash; #100UniTS","description":"Nell'ambito delle celebrazioni del centenario dell\u2019Universit\u00e0 degli Studi di Trieste, il\u00a0Dipartimento di Scienze della Vita\u00a0ha organizzato una serie di\u00a0seminari in ambito biologico e in ambito psicologico tenuti da ex studenti di spicco\u00a0attualmente inseriti nel mondo della ricerca e dell'imprenditoria.","robots":{"index":"index","follow":"follow","max-snippet":"max-snippet:-1","max-image-preview":"max-image-preview:large","max-video-preview":"max-video-preview:-1"},"canonical":"https:\/\/100anni.units.it\/index.php\/evento\/alumni-units-storie-di-successo\/","og_locale":"it_IT","og_type":"article","og_title":"Alumni UniTs, storie di successo &ndash; #100UniTS","og_description":"Nell'ambito delle celebrazioni del centenario dell\u2019Universit\u00e0 degli Studi di Trieste, il\u00a0Dipartimento di Scienze della Vita\u00a0ha organizzato una serie di\u00a0seminari in ambito biologico e in ambito psicologico tenuti da ex studenti di spicco\u00a0attualmente inseriti nel mondo della ricerca e dell'imprenditoria.","og_url":"https:\/\/100anni.units.it\/index.php\/evento\/alumni-units-storie-di-successo\/","og_site_name":"#100UniTS","article_publisher":"https:\/\/www.facebook.com\/universitatrieste","article_modified_time":"2024-11-16T08:09:05+00:00","og_image":[{"width":1024,"height":576,"url":"https:\/\/100anni.units.it\/wp-content\/uploads\/2024\/06\/100units_il_centenario_16_9.png","type":"image\/png"}],"twitter_card":"summary_large_image","twitter_site":"@UniTrieste","twitter_misc":{"Tempo di lettura stimato":"4 minuti"},"schema":{"@context":"https:\/\/schema.org","@graph":[{"@type":"WebPage","@id":"https:\/\/100anni.units.it\/index.php\/evento\/alumni-units-storie-di-successo\/","url":"https:\/\/100anni.units.it\/index.php\/evento\/alumni-units-storie-di-successo\/","name":"Alumni UniTs, storie di successo &ndash; #100UniTS","isPartOf":{"@id":"https:\/\/100anni.units.it\/#website"},"datePublished":"2024-10-10T10:01:46+00:00","dateModified":"2024-11-16T08:09:05+00:00","description":"Nell'ambito delle celebrazioni del centenario dell\u2019Universit\u00e0 degli Studi di Trieste, il\u00a0Dipartimento di Scienze della Vita\u00a0ha organizzato una serie di\u00a0seminari in ambito biologico e in ambito psicologico tenuti da ex studenti di spicco\u00a0attualmente inseriti nel mondo della ricerca e dell'imprenditoria.","breadcrumb":{"@id":"https:\/\/100anni.units.it\/index.php\/evento\/alumni-units-storie-di-successo\/#breadcrumb"},"inLanguage":"it-IT","potentialAction":[{"@type":"ReadAction","target":["https:\/\/100anni.units.it\/index.php\/evento\/alumni-units-storie-di-successo\/"]}]},{"@type":"BreadcrumbList","@id":"https:\/\/100anni.units.it\/index.php\/evento\/alumni-units-storie-di-successo\/#breadcrumb","itemListElement":[{"@type":"ListItem","position":1,"name":"Eventi","item":"https:\/\/100anni.units.it\/index.php\/eventi\/"},{"@type":"ListItem","position":2,"name":"Alumni UniTs, storie di successo"}]},{"@type":"WebSite","@id":"https:\/\/100anni.units.it\/#website","url":"https:\/\/100anni.units.it\/","name":"#100UniTS","description":"Ogni giorno, da cento anni, con noi puoi scoprire ci\u00f2 che sar\u00e0 realt\u00e0 nel futuro. Celebriamo insieme un secolo di ricerca, eccellenza, creativit\u00e0 e ingegno umano.","publisher":{"@id":"https:\/\/100anni.units.it\/#organization"},"potentialAction":[{"@type":"SearchAction","target":{"@type":"EntryPoint","urlTemplate":"https:\/\/100anni.units.it\/?s={search_term_string}"},"query-input":"required name=search_term_string"}],"inLanguage":"it-IT"},{"@type":"Organization","@id":"https:\/\/100anni.units.it\/#organization","name":"Universit\u00e0 degli Studi di Trieste","alternateName":"UniTS","url":"https:\/\/100anni.units.it\/","logo":{"@type":"ImageObject","inLanguage":"it-IT","@id":"https:\/\/100anni.units.it\/#\/schema\/logo\/image\/","url":"https:\/\/100anni.units.it\/wp-content\/uploads\/2023\/08\/units_sigillo.png","contentUrl":"https:\/\/100anni.units.it\/wp-content\/uploads\/2023\/08\/units_sigillo.png","width":696,"height":696,"caption":"Universit\u00e0 degli Studi di Trieste"},"image":{"@id":"https:\/\/100anni.units.it\/#\/schema\/logo\/image\/"},"sameAs":["https:\/\/www.facebook.com\/universitatrieste","https:\/\/twitter.com\/UniTrieste"]}]}},"_links":{"self":[{"href":"https:\/\/100anni.units.it\/index.php\/wp-json\/wp\/v2\/tribe_events\/7451","targetHints":{"allow":["GET"]}}],"collection":[{"href":"https:\/\/100anni.units.it\/index.php\/wp-json\/wp\/v2\/tribe_events"}],"about":[{"href":"https:\/\/100anni.units.it\/index.php\/wp-json\/wp\/v2\/types\/tribe_events"}],"author":[{"embeddable":true,"href":"https:\/\/100anni.units.it\/index.php\/wp-json\/wp\/v2\/users\/1"}],"replies":[{"embeddable":true,"href":"https:\/\/100anni.units.it\/index.php\/wp-json\/wp\/v2\/comments?post=7451"}],"version-history":[{"count":4,"href":"https:\/\/100anni.units.it\/index.php\/wp-json\/wp\/v2\/tribe_events\/7451\/revisions"}],"predecessor-version":[{"id":7593,"href":"https:\/\/100anni.units.it\/index.php\/wp-json\/wp\/v2\/tribe_events\/7451\/revisions\/7593"}],"wp:featuredmedia":[{"embeddable":true,"href":"https:\/\/100anni.units.it\/index.php\/wp-json\/wp\/v2\/media\/5841"}],"wp:attachment":[{"href":"https:\/\/100anni.units.it\/index.php\/wp-json\/wp\/v2\/media?parent=7451"}],"wp:term":[{"taxonomy":"post_tag","embeddable":true,"href":"https:\/\/100anni.units.it\/index.php\/wp-json\/wp\/v2\/tags?post=7451"},{"taxonomy":"tribe_events_cat","embeddable":true,"href":"https:\/\/100anni.units.it\/index.php\/wp-json\/wp\/v2\/tribe_events_cat?post=7451"}],"curies":[{"name":"wp","href":"https:\/\/api.w.org\/{rel}","templated":true}]}}