{"id":7589,"date":"2024-11-16T09:14:21","date_gmt":"2024-11-16T08:14:21","guid":{"rendered":"https:\/\/100anni.units.it\/?post_type=tribe_events&#038;p=7589"},"modified":"2024-11-19T16:47:02","modified_gmt":"2024-11-19T15:47:02","slug":"alumni-units-storie-di-successo-2","status":"publish","type":"tribe_events","link":"https:\/\/100anni.units.it\/index.php\/evento\/alumni-units-storie-di-successo-2\/","title":{"rendered":"Alumni UniTS, storie di successo"},"content":{"rendered":"<div  class=\"tribe-events-schedule tribe-clearfix\" >\n\t<h2 class=\"tribe-events-schedule__datetime\">\n\t\t<span class=\"tribe-events-schedule__date tribe-events-schedule__date--start\">\n\t\t\t11 Novembre 2024\t\t<\/span>\n\n\t\t\t\t\t<span class=\"tribe-events-schedule__separator tribe-events-schedule__separator--date\">\n\t\t\t\t ore \t\t\t<\/span>\n\t\t\t<span class=\"tribe-events-schedule__time tribe-events-schedule__time--start\">\n\t\t\t\t9:00\t\t\t<\/span>\n\t\t\n\t\t\t<\/h2>\n<\/div>\n\n\n\n<div class=\"wp-block-columns is-layout-flex wp-container-core-columns-is-layout-9d6595d7 wp-block-columns-is-layout-flex\">\n<div class=\"wp-block-column is-layout-flow wp-block-column-is-layout-flow\">\n<p>Continuano i seminari organizzati dal Dipartimento di Scienze della Vita, nell&#8217;ambito delle celebrazioni del centenario dell\u2019Universit\u00e0 degli Studi di Trieste, tenuti da ex studenti di spicco attualmente inseriti nel mondo della ricerca e dell&#8217;imprenditoria.<\/p>\n\n\n\n<p>Gli eventi sono aperti al pubblico e rivolti principalmente al personale e agli studenti del Dipartimento di Scienze della Vita. Tuttavia, considerando l&#8217;importanza dei relatori e il loro eccezionale bagaglio di competenze ed esperienze, gli interventi sono di potenziale interesse per un pubblico pi\u00f9 vasto, sia interno che esterno dell\u2019Ateneo.<\/p>\n\n\n\n<p>La seconda giornata \u00e8 prevista per il giorno\u00a0<strong>luned\u00ec 11 novembre 2024<\/strong>\u00a0presso l\u2019<strong>aula Magna dell\u2019edificio M<\/strong>\u00a0a partire dalle\u00a0<strong>ore 9\u00a0<\/strong>e vedr\u00e0 come oratori\u00a0<strong>Gabriella Vigliocco<\/strong>\u00a0e\u00a0<strong>Dario Floreano<\/strong>.<\/p>\n\n\n\n<p><strong>Gabriella Vigliocco<\/strong>, docente di psicologia del linguaggio presso lo UCL University College London, dove dirige il Language and Cognition Laboratory.<br>La Prof.ssa Gabriella Vigliocco\u00a0si \u00e8 laureata in Psicologia Sperimentale a Padova nel 1990 ed ha completato il Dottorato di Psicologia Sperimentale presso l&#8217;Universit\u00e0 degli Studi di Trieste nel 1995. Ha poi trascorso periodi di formazione e ricerca negli Stati\u00a0Uniti\u00a0(presso l\u2019Universit\u00e0\u00a0dell\u2019Arizona\u00a0come\u00a0post-doc\u00a0e\u00a0l\u2019Universit\u00e0\u00a0del Wisconsin come Assistant Professor) e in Olanda (Max Planck Institute for Psycholinguistics), per trasferirsi infine a Londra, dove lavora dal 2000 presso il University College London (Dipartimento di Psicologia Sperimentale). Attualmente \u00e8 full professor di psicologia del linguaggio e direttrice del Language and Cognition\u00a0Laboratory\u00a0e del Doctoral\u00a0Training Programme\u00a0for\u00a0the\u00a0Ecological\u00a0Study\u00a0of\u00a0the\u00a0Brain.\u00a0<br>I suoi campi di ricerca includono la psicologia cognitiva, dello sviluppo e computazionale, la linguistica e le neuroscienze. In particolare si occupa di come i bambini apprendono e gli adulti usano il linguaggio. \u00c8 autrice di numerose pubblicazioni internazionali, ad alto impatto scientifico.<\/p>\n\n\n\n<p><strong>Dario Floreano<\/strong>, direttore del Laboratorio di Sistemi Intelligenti al Politecnico Federale Svizzero di Losanna (EPFL). <br>Il Prof. Dario Floreano si \u00e8 laureato all\u2019Universit\u00e0 degli Studi di Trieste nel 1988 con una tesi in psicofisica, ha poi conseguito un Master in reti neurali all&#8217;Universit\u00e0 di Stirling, nel 1992, e un dottorato di ricerca, con una tesi su Intelligenza Artificiale e Robotica, all\u2019Universit\u00e0 degli Studi di Trieste, nel 1995. Nel 1996 \u00e8 entrato come ricercatore al Politecnico Federale Svizzero di Losanna dove \u00e8 diventato professore ordinario nel 2012 e dirige il Laboratorio di Sistemi Intelligenti. Dal 2010 al 2022 \u00e8 stato il direttore fondatore del Centro nazionale svizzero di \u00a0Robotica, un programma di ricerca, educazione e innovazione che ha contribuito a posizionare la Svizzera tra le nazioni pi\u00f9 avanzate in questo settore. Il Prof. Floreano ha dato contributi pionieristici ai campi della robotica evolutiva, della robotica aerea e della soft robotics. E\u2019 autore di circa 500 pubblicazioni, 5 libri, e ha contribuito alla creazione di tre ditte che operano nel settore dei droni intelligenti ad uso civile.<\/p>\n\n\n\n<p>Tutti gli interventi si svolgeranno in italiano.<\/p>\n\n\n\n<p class=\"has-neve-link-color-color has-text-color\">Accesso libero<\/p>\n\n\n\n<p>Contatti:<br>Elisabetta Azzoni (<a href=\"mailto:elisabetta.azzoni@amm.units.it\">elisabetta.azzoni@amm.units.it<\/a>, 040558.8876)<br>Susanna Bosi (<a href=\"mailto:sbosi@units.it\">sbosi@units.it<\/a>, 040558.8893)<\/p>\n<\/div>\n\n\n\n<div class=\"wp-block-column is-vertically-aligned-top is-layout-flow wp-block-column-is-layout-flow\" style=\"flex-basis:30%\">\n<figure class=\"wp-block-image size-large\"><img loading=\"lazy\" decoding=\"async\" width=\"1024\" height=\"626\" src=\"https:\/\/100anni.units.it\/wp-content\/uploads\/2023\/08\/100units_ill_centenario-1024x626.png\" alt=\"immagine di campagna #100UniTS, illustrazione dell'Ateneo\" class=\"wp-image-99\" srcset=\"https:\/\/100anni.units.it\/wp-content\/uploads\/2023\/08\/100units_ill_centenario-1024x626.png 1024w, https:\/\/100anni.units.it\/wp-content\/uploads\/2023\/08\/100units_ill_centenario-300x183.png 300w, https:\/\/100anni.units.it\/wp-content\/uploads\/2023\/08\/100units_ill_centenario-768x469.png 768w, https:\/\/100anni.units.it\/wp-content\/uploads\/2023\/08\/100units_ill_centenario-1536x938.png 1536w, https:\/\/100anni.units.it\/wp-content\/uploads\/2023\/08\/100units_ill_centenario-2048x1251.png 2048w\" sizes=\"auto, (max-width: 1024px) 100vw, 1024px\" \/><\/figure>\n\n\n\n<div style=\"height:20px\" aria-hidden=\"true\" class=\"wp-block-spacer\"><\/div>\n<\/div>\n<\/div>\n\n\n\n<div class=\"wp-block-columns are-vertically-aligned-center is-layout-flex wp-container-core-columns-is-layout-9d6595d7 wp-block-columns-is-layout-flex\">\n<div class=\"wp-block-column is-vertically-aligned-center is-layout-flow wp-block-column-is-layout-flow\"><div  class=\"tribe-block tribe-block__venue tribe-clearfix\" >\n\t\n\t\n<div class=\"tribe-block__venue__meta\">\n\t<div class=\"tribe-block__venue__name\">\n\t\t<h3>Aula Magna, ed. M<\/h3>\n\t<\/div>\n\n\t\n\t\n\t\n\t\n\t<\/div>\n\t\n\t<\/div>\n<\/div>\n\n\n\n<div class=\"wp-block-column is-vertically-aligned-center is-layout-flow wp-block-column-is-layout-flow\" style=\"flex-basis:30%\">\n<div class=\"wp-block-group is-vertical is-content-justification-center is-layout-flex wp-container-core-group-is-layout-0472769e wp-block-group-is-layout-flex\">\t<div  class=\"tribe-block tribe-block__events-link\" >\n\t\t<div class=\"tribe-events tribe-common\">\n\t\t\t<div class=\"tribe-events-c-subscribe-dropdown__container\">\n\t\t\t\t<div class=\"tribe-events-c-subscribe-dropdown\">\n\t\t\t\t\t<div class=\"tribe-common-c-btn-border tribe-events-c-subscribe-dropdown__button\" tabindex=\"0\">\n\t\t\t\t\t\t<svg  class=\"tribe-common-c-svgicon tribe-common-c-svgicon--cal-export tribe-events-c-subscribe-dropdown__export-icon\"  viewBox=\"0 0 23 17\" xmlns=\"http:\/\/www.w3.org\/2000\/svg\">\n  <path fill-rule=\"evenodd\" clip-rule=\"evenodd\" d=\"M.128.896V16.13c0 .211.145.383.323.383h15.354c.179 0 .323-.172.323-.383V.896c0-.212-.144-.383-.323-.383H.451C.273.513.128.684.128.896Zm16 6.742h-.901V4.679H1.009v10.729h14.218v-3.336h.901V7.638ZM1.01 1.614h14.218v2.058H1.009V1.614Z\" \/>\n  <path d=\"M20.5 9.846H8.312M18.524 6.953l2.89 2.909-2.855 2.855\" stroke-width=\"1.2\" stroke-linecap=\"round\" stroke-linejoin=\"round\"\/>\n<\/svg>\n\t\t\t\t\t\t<button class=\"tribe-events-c-subscribe-dropdown__button-text\">\n\t\t\t\t\t\t\tSalva nel tuo calendario\t\t\t\t\t\t<\/button>\n\t\t\t\t\t\t<svg  class=\"tribe-common-c-svgicon tribe-common-c-svgicon--caret-down tribe-events-c-subscribe-dropdown__button-icon\"  viewBox=\"0 0 10 7\" xmlns=\"http:\/\/www.w3.org\/2000\/svg\"><path fill-rule=\"evenodd\" clip-rule=\"evenodd\" d=\"M1.008.609L5 4.6 8.992.61l.958.958L5 6.517.05 1.566l.958-.958z\" class=\"tribe-common-c-svgicon__svg-fill\"\/><\/svg>\n\t\t\t\t\t<\/div>\n\t\t\t\t\t<div class=\"tribe-events-c-subscribe-dropdown__content\">\n\t\t\t\t\t\t<ul class=\"tribe-events-c-subscribe-dropdown__list\" tabindex=\"0\">\n\t\t\t\t\t\t\t\t\t\t\t\t\t\t\t<li class=\"tribe-events-c-subscribe-dropdown__list-item\">\n\t\t\t\t\t\t\t\t\t<a\n\t\t\t\t\t\t\t\t\t\thref=\"https:\/\/www.google.com\/calendar\/event?action=TEMPLATE&#038;dates=20241111T090000\/20241111T090000&#038;text=Alumni%20UniTS%2C%20storie%20di%20successo&#038;details=%3C%21--+wp%3Atribe%2Fevent-datetime+%2F--%3E%3C%21--+wp%3Acolumns+--%3E%3Cdiv+class%3D%22wp-block-columns%22%3E%3C%21--+wp%3Acolumn+%7B%22width%22%3A%22%22%7D+--%3E%3Cdiv+class%3D%22wp-block-column%22%3E%3C%21--+wp%3Aparagraph+--%3E%3Cp%3EContinuano+i+seminari+organizzati+dal+Dipartimento+di+Scienze+della+Vita%2C+nell%27ambito+delle+celebrazioni+del+centenario+dell%E2%80%99Universit%C3%A0+degli+Studi+di+Trieste%2C+tenuti+da+ex+studenti+di+spicco+attualmente+inseriti+nel+mondo+della+ricerca+e+dell%27imprenditoria.%3C%2Fp%3E%3C%21--+%2Fwp%3Aparagraph+--%3E%3C%21--+wp%3Aparagraph+--%3E%3Cp%3EGli+eventi+sono+aperti+al+pubblico+e+rivolti+principalmente+al+personale+e+agli+studenti+del+Dipartimento+di+Scienze+della+Vita.+Tuttavia%2C+considerando+l%27importanza+dei+relatori+e+il+loro+eccezionale+bagaglio+di+competenze+ed+esperienze%2C+gli+interventi+sono+di+potenziale+interesse+per+un+pubblico+pi%C3%B9+vasto%2C+sia+interno+che+esterno+dell%E2%80%99Ateneo.%3C%2F%20(View%20Full%20evento%20Description%20Here:%20https:\/\/100anni.units.it\/index.php\/evento\/alumni-units-storie-di-successo-2\/)&#038;location=Aula%20Magna,%20ed.%20M&#038;trp=false&#038;ctz=Europe\/Rome&#038;sprop=website:https:\/\/100anni.units.it\"\n\t\t\t\t\t\t\t\t\t\tclass=\"tribe-events-c-subscribe-dropdown__list-item-link\"\n\t\t\t\t\t\t\t\t\t\ttabindex=\"0\"\n\t\t\t\t\t\t\t\t\t\ttarget=\"_blank\"\n\t\t\t\t\t\t\t\t\t\trel=\"noopener noreferrer nofollow noindex\"\n\t\t\t\t\t\t\t\t\t>\n\t\t\t\t\t\t\t\t\t\tGoogle Calendar\t\t\t\t\t\t\t\t\t<\/a>\n\t\t\t\t\t\t\t\t<\/li>\n\t\t\t\t\t\t\t\t\t\t\t\t\t\t\t<li class=\"tribe-events-c-subscribe-dropdown__list-item\">\n\t\t\t\t\t\t\t\t\t<a\n\t\t\t\t\t\t\t\t\t\thref=\"\"\n\t\t\t\t\t\t\t\t\t\tclass=\"tribe-events-c-subscribe-dropdown__list-item-link\"\n\t\t\t\t\t\t\t\t\t\ttabindex=\"0\"\n\t\t\t\t\t\t\t\t\t\ttarget=\"_blank\"\n\t\t\t\t\t\t\t\t\t\trel=\"noopener noreferrer nofollow noindex\"\n\t\t\t\t\t\t\t\t\t>\n\t\t\t\t\t\t\t\t\t\tiCalendar\t\t\t\t\t\t\t\t\t<\/a>\n\t\t\t\t\t\t\t\t<\/li>\n\t\t\t\t\t\t\t\t\t\t\t\t\t\t\t<li class=\"tribe-events-c-subscribe-dropdown__list-item\">\n\t\t\t\t\t\t\t\t\t<a\n\t\t\t\t\t\t\t\t\t\thref=\"\"\n\t\t\t\t\t\t\t\t\t\tclass=\"tribe-events-c-subscribe-dropdown__list-item-link\"\n\t\t\t\t\t\t\t\t\t\ttabindex=\"0\"\n\t\t\t\t\t\t\t\t\t\ttarget=\"_blank\"\n\t\t\t\t\t\t\t\t\t\trel=\"noopener noreferrer nofollow noindex\"\n\t\t\t\t\t\t\t\t\t>\n\t\t\t\t\t\t\t\t\t\tOutlook 365\t\t\t\t\t\t\t\t\t<\/a>\n\t\t\t\t\t\t\t\t<\/li>\n\t\t\t\t\t\t\t\t\t\t\t\t\t\t\t<li class=\"tribe-events-c-subscribe-dropdown__list-item\">\n\t\t\t\t\t\t\t\t\t<a\n\t\t\t\t\t\t\t\t\t\thref=\"\"\n\t\t\t\t\t\t\t\t\t\tclass=\"tribe-events-c-subscribe-dropdown__list-item-link\"\n\t\t\t\t\t\t\t\t\t\ttabindex=\"0\"\n\t\t\t\t\t\t\t\t\t\ttarget=\"_blank\"\n\t\t\t\t\t\t\t\t\t\trel=\"noopener noreferrer nofollow noindex\"\n\t\t\t\t\t\t\t\t\t>\n\t\t\t\t\t\t\t\t\t\tOutlook Live\t\t\t\t\t\t\t\t\t<\/a>\n\t\t\t\t\t\t\t\t<\/li>\n\t\t\t\t\t\t\t\t\t\t\t\t\t<\/ul>\n\t\t\t\t\t<\/div>\n\t\t\t\t<\/div>\n\t\t\t<\/div>\n\t\t<\/div>\n\t<\/div>\n\n\n\n\n<div class=\"wp-block-buttons is-content-justification-center is-layout-flex wp-container-core-buttons-is-layout-16018d1d wp-block-buttons-is-layout-flex\">\n<div class=\"wp-block-button has-custom-width wp-block-button__width-100 is-style-primary\"><a class=\"wp-block-button__link wp-element-button\" href=\"https:\/\/100anni.units.it\/wp-content\/uploads\/2024\/11\/100UniTS_DEFINITIVA_DEF_Locandina-11-novembre-A3-LIsa-1.pdf\">scarica la locandina<\/a><\/div>\n<\/div>\n<\/div>\n<\/div>\n<\/div>\n\n\n\n<div style=\"height:50px\" aria-hidden=\"true\" class=\"wp-block-spacer\"><\/div>\n\n\n\n<h3 class=\"wp-block-heading has-neve-link-color-color has-text-color\" style=\"text-transform:none\">Programma del giorno <\/h3>\n\n\n\n<div class=\"wp-block-group\"><div class=\"wp-block-group__inner-container is-layout-constrained wp-block-group-is-layout-constrained\">\n<p><strong>9.00 &#8211; 9.15<\/strong>: Saluti della Direzione<\/p>\n\n\n\n<p><strong>9.15 \u2013 9. 30<\/strong>: Introduzione del professore emerito Walter Gerbino<\/p>\n\n\n\n<p><strong>9.30 &#8211; 10.15: Prof.ssa Gabriella Vigliocco<\/strong><\/p>\n\n\n\n<p><strong>10.30 &#8211; 11.15: Prof. Dario Floreano<\/strong><\/p>\n\n\n\n<p><strong>11.15 &#8211; 12.15: <\/strong>Tavola Rotonda organizzata dai Rappresentati degli Studenti<\/p>\n\n\n\n<p><strong><br><\/strong><\/p>\n\n\n\n<div style=\"height:20px\" aria-hidden=\"true\" class=\"wp-block-spacer\"><\/div>\n<\/div><\/div>\n\n\n\n<div style=\"height:100px\" aria-hidden=\"true\" class=\"wp-block-spacer\"><\/div>\n","protected":false},"excerpt":{"rendered":"<p>Continuano i seminari organizzati dal Dipartimento di Scienze della Vita, nell&#8217;ambito delle celebrazioni del centenario dell\u2019Universit\u00e0 degli Studi di Trieste, tenuti da ex studenti di spicco attualmente inseriti nel mondo della ricerca e dell&#8217;imprenditoria.<\/p>\n","protected":false},"author":1,"featured_media":5841,"comment_status":"closed","ping_status":"closed","template":"","meta":{"neve_meta_sidebar":"","neve_meta_container":"","neve_meta_enable_content_width":"","neve_meta_content_width":0,"neve_meta_title_alignment":"","neve_meta_author_avatar":"","neve_post_elements_order":"","neve_meta_disable_header":"","neve_meta_disable_footer":"","neve_meta_disable_title":"","_EventAllDay":false,"_EventTimezone":"Europe\/Rome","_EventStartDate":"2024-11-11 09:00:00","_EventEndDate":"2024-11-11 09:00:00","_EventStartDateUTC":"2024-11-11 08:00:00","_EventEndDateUTC":"2024-11-11 08:00:00","_EventShowMap":false,"_EventShowMapLink":false,"_EventURL":"","_EventCost":"","_EventCostDescription":"","_EventCurrencySymbol":"\u20ac","_EventCurrencyCode":"EUR","_EventCurrencyPosition":"prefix","_EventDateTimeSeparator":" ore ","_EventTimeRangeSeparator":" - ","_EventOrganizerID":[],"_EventVenueID":[7591],"_OrganizerEmail":"","_OrganizerPhone":"","_OrganizerWebsite":"","_VenueAddress":"","_VenueCity":"","_VenueCountry":"","_VenueProvince":"","_VenueState":"","_VenueZip":"","_VenuePhone":"","_VenueURL":"","_VenueStateProvince":"","_VenueLat":"","_VenueLng":"","_VenueShowMap":false,"_VenueShowMapLink":false,"_ti_tpc_template_sync":false,"_ti_tpc_template_id":"","_tribe_events_status":"","_tribe_events_status_reason":"","footnotes":""},"tags":[],"tribe_events_cat":[4],"class_list":["post-7589","tribe_events","type-tribe_events","status-publish","has-post-thumbnail","hentry","tribe_events_cat-dipartimento","cat_dipartimento"],"yoast_head":"<!-- This site is optimized with the Yoast SEO plugin v21.0 - https:\/\/yoast.com\/wordpress\/plugins\/seo\/ -->\n<title>Alumni UniTS, storie di successo &ndash; #100UniTS<\/title>\n<meta name=\"description\" content=\"Continuano i seminari organizzati dal Dipartimento di Scienze della Vita, nell&#039;ambito delle celebrazioni del centenario dell\u2019Universit\u00e0 degli Studi di Trieste, tenuti da ex studenti di spicco attualmente inseriti nel mondo della ricerca e dell&#039;imprenditoria.\" \/>\n<meta name=\"robots\" content=\"index, follow, max-snippet:-1, max-image-preview:large, max-video-preview:-1\" \/>\n<link rel=\"canonical\" href=\"https:\/\/100anni.units.it\/index.php\/evento\/alumni-units-storie-di-successo-2\/\" \/>\n<meta property=\"og:locale\" content=\"it_IT\" \/>\n<meta property=\"og:type\" content=\"article\" \/>\n<meta property=\"og:title\" content=\"Alumni UniTS, storie di successo &ndash; #100UniTS\" \/>\n<meta property=\"og:description\" content=\"Continuano i seminari organizzati dal Dipartimento di Scienze della Vita, nell&#039;ambito delle celebrazioni del centenario dell\u2019Universit\u00e0 degli Studi di Trieste, tenuti da ex studenti di spicco attualmente inseriti nel mondo della ricerca e dell&#039;imprenditoria.\" \/>\n<meta property=\"og:url\" content=\"https:\/\/100anni.units.it\/index.php\/evento\/alumni-units-storie-di-successo-2\/\" \/>\n<meta property=\"og:site_name\" content=\"#100UniTS\" \/>\n<meta property=\"article:publisher\" content=\"https:\/\/www.facebook.com\/universitatrieste\" \/>\n<meta property=\"article:modified_time\" content=\"2024-11-19T15:47:02+00:00\" \/>\n<meta property=\"og:image\" content=\"https:\/\/100anni.units.it\/wp-content\/uploads\/2024\/06\/100units_il_centenario_16_9.png\" \/>\n\t<meta property=\"og:image:width\" content=\"1024\" \/>\n\t<meta property=\"og:image:height\" content=\"576\" \/>\n\t<meta property=\"og:image:type\" content=\"image\/png\" \/>\n<meta name=\"twitter:card\" content=\"summary_large_image\" \/>\n<meta name=\"twitter:site\" content=\"@UniTrieste\" \/>\n<meta name=\"twitter:label1\" content=\"Tempo di lettura stimato\" \/>\n\t<meta name=\"twitter:data1\" content=\"3 minuti\" \/>\n<script type=\"application\/ld+json\" class=\"yoast-schema-graph\">{\"@context\":\"https:\/\/schema.org\",\"@graph\":[{\"@type\":\"WebPage\",\"@id\":\"https:\/\/100anni.units.it\/index.php\/evento\/alumni-units-storie-di-successo-2\/\",\"url\":\"https:\/\/100anni.units.it\/index.php\/evento\/alumni-units-storie-di-successo-2\/\",\"name\":\"Alumni UniTS, storie di successo &ndash; #100UniTS\",\"isPartOf\":{\"@id\":\"https:\/\/100anni.units.it\/#website\"},\"datePublished\":\"2024-11-16T08:14:21+00:00\",\"dateModified\":\"2024-11-19T15:47:02+00:00\",\"description\":\"Continuano i seminari organizzati dal Dipartimento di Scienze della Vita, nell'ambito delle celebrazioni del centenario dell\u2019Universit\u00e0 degli Studi di Trieste, tenuti da ex studenti di spicco attualmente inseriti nel mondo della ricerca e dell'imprenditoria.\",\"breadcrumb\":{\"@id\":\"https:\/\/100anni.units.it\/index.php\/evento\/alumni-units-storie-di-successo-2\/#breadcrumb\"},\"inLanguage\":\"it-IT\",\"potentialAction\":[{\"@type\":\"ReadAction\",\"target\":[\"https:\/\/100anni.units.it\/index.php\/evento\/alumni-units-storie-di-successo-2\/\"]}]},{\"@type\":\"BreadcrumbList\",\"@id\":\"https:\/\/100anni.units.it\/index.php\/evento\/alumni-units-storie-di-successo-2\/#breadcrumb\",\"itemListElement\":[{\"@type\":\"ListItem\",\"position\":1,\"name\":\"Eventi\",\"item\":\"https:\/\/100anni.units.it\/index.php\/eventi\/\"},{\"@type\":\"ListItem\",\"position\":2,\"name\":\"Alumni UniTS, storie di successo\"}]},{\"@type\":\"WebSite\",\"@id\":\"https:\/\/100anni.units.it\/#website\",\"url\":\"https:\/\/100anni.units.it\/\",\"name\":\"#100UniTS\",\"description\":\"Ogni giorno, da cento anni, con noi puoi scoprire ci\u00f2 che sar\u00e0 realt\u00e0 nel futuro. Celebriamo insieme un secolo di ricerca, eccellenza, creativit\u00e0 e ingegno umano.\",\"publisher\":{\"@id\":\"https:\/\/100anni.units.it\/#organization\"},\"potentialAction\":[{\"@type\":\"SearchAction\",\"target\":{\"@type\":\"EntryPoint\",\"urlTemplate\":\"https:\/\/100anni.units.it\/?s={search_term_string}\"},\"query-input\":\"required name=search_term_string\"}],\"inLanguage\":\"it-IT\"},{\"@type\":\"Organization\",\"@id\":\"https:\/\/100anni.units.it\/#organization\",\"name\":\"Universit\u00e0 degli Studi di Trieste\",\"alternateName\":\"UniTS\",\"url\":\"https:\/\/100anni.units.it\/\",\"logo\":{\"@type\":\"ImageObject\",\"inLanguage\":\"it-IT\",\"@id\":\"https:\/\/100anni.units.it\/#\/schema\/logo\/image\/\",\"url\":\"https:\/\/100anni.units.it\/wp-content\/uploads\/2023\/08\/units_sigillo.png\",\"contentUrl\":\"https:\/\/100anni.units.it\/wp-content\/uploads\/2023\/08\/units_sigillo.png\",\"width\":696,\"height\":696,\"caption\":\"Universit\u00e0 degli Studi di Trieste\"},\"image\":{\"@id\":\"https:\/\/100anni.units.it\/#\/schema\/logo\/image\/\"},\"sameAs\":[\"https:\/\/www.facebook.com\/universitatrieste\",\"https:\/\/twitter.com\/UniTrieste\"]}]}<\/script>\n<!-- \/ Yoast SEO plugin. -->","yoast_head_json":{"title":"Alumni UniTS, storie di successo &ndash; #100UniTS","description":"Continuano i seminari organizzati dal Dipartimento di Scienze della Vita, nell'ambito delle celebrazioni del centenario dell\u2019Universit\u00e0 degli Studi di Trieste, tenuti da ex studenti di spicco attualmente inseriti nel mondo della ricerca e dell'imprenditoria.","robots":{"index":"index","follow":"follow","max-snippet":"max-snippet:-1","max-image-preview":"max-image-preview:large","max-video-preview":"max-video-preview:-1"},"canonical":"https:\/\/100anni.units.it\/index.php\/evento\/alumni-units-storie-di-successo-2\/","og_locale":"it_IT","og_type":"article","og_title":"Alumni UniTS, storie di successo &ndash; #100UniTS","og_description":"Continuano i seminari organizzati dal Dipartimento di Scienze della Vita, nell'ambito delle celebrazioni del centenario dell\u2019Universit\u00e0 degli Studi di Trieste, tenuti da ex studenti di spicco attualmente inseriti nel mondo della ricerca e dell'imprenditoria.","og_url":"https:\/\/100anni.units.it\/index.php\/evento\/alumni-units-storie-di-successo-2\/","og_site_name":"#100UniTS","article_publisher":"https:\/\/www.facebook.com\/universitatrieste","article_modified_time":"2024-11-19T15:47:02+00:00","og_image":[{"width":1024,"height":576,"url":"https:\/\/100anni.units.it\/wp-content\/uploads\/2024\/06\/100units_il_centenario_16_9.png","type":"image\/png"}],"twitter_card":"summary_large_image","twitter_site":"@UniTrieste","twitter_misc":{"Tempo di lettura stimato":"3 minuti"},"schema":{"@context":"https:\/\/schema.org","@graph":[{"@type":"WebPage","@id":"https:\/\/100anni.units.it\/index.php\/evento\/alumni-units-storie-di-successo-2\/","url":"https:\/\/100anni.units.it\/index.php\/evento\/alumni-units-storie-di-successo-2\/","name":"Alumni UniTS, storie di successo &ndash; #100UniTS","isPartOf":{"@id":"https:\/\/100anni.units.it\/#website"},"datePublished":"2024-11-16T08:14:21+00:00","dateModified":"2024-11-19T15:47:02+00:00","description":"Continuano i seminari organizzati dal Dipartimento di Scienze della Vita, nell'ambito delle celebrazioni del centenario dell\u2019Universit\u00e0 degli Studi di Trieste, tenuti da ex studenti di spicco attualmente inseriti nel mondo della ricerca e dell'imprenditoria.","breadcrumb":{"@id":"https:\/\/100anni.units.it\/index.php\/evento\/alumni-units-storie-di-successo-2\/#breadcrumb"},"inLanguage":"it-IT","potentialAction":[{"@type":"ReadAction","target":["https:\/\/100anni.units.it\/index.php\/evento\/alumni-units-storie-di-successo-2\/"]}]},{"@type":"BreadcrumbList","@id":"https:\/\/100anni.units.it\/index.php\/evento\/alumni-units-storie-di-successo-2\/#breadcrumb","itemListElement":[{"@type":"ListItem","position":1,"name":"Eventi","item":"https:\/\/100anni.units.it\/index.php\/eventi\/"},{"@type":"ListItem","position":2,"name":"Alumni UniTS, storie di successo"}]},{"@type":"WebSite","@id":"https:\/\/100anni.units.it\/#website","url":"https:\/\/100anni.units.it\/","name":"#100UniTS","description":"Ogni giorno, da cento anni, con noi puoi scoprire ci\u00f2 che sar\u00e0 realt\u00e0 nel futuro. Celebriamo insieme un secolo di ricerca, eccellenza, creativit\u00e0 e ingegno umano.","publisher":{"@id":"https:\/\/100anni.units.it\/#organization"},"potentialAction":[{"@type":"SearchAction","target":{"@type":"EntryPoint","urlTemplate":"https:\/\/100anni.units.it\/?s={search_term_string}"},"query-input":"required name=search_term_string"}],"inLanguage":"it-IT"},{"@type":"Organization","@id":"https:\/\/100anni.units.it\/#organization","name":"Universit\u00e0 degli Studi di Trieste","alternateName":"UniTS","url":"https:\/\/100anni.units.it\/","logo":{"@type":"ImageObject","inLanguage":"it-IT","@id":"https:\/\/100anni.units.it\/#\/schema\/logo\/image\/","url":"https:\/\/100anni.units.it\/wp-content\/uploads\/2023\/08\/units_sigillo.png","contentUrl":"https:\/\/100anni.units.it\/wp-content\/uploads\/2023\/08\/units_sigillo.png","width":696,"height":696,"caption":"Universit\u00e0 degli Studi di Trieste"},"image":{"@id":"https:\/\/100anni.units.it\/#\/schema\/logo\/image\/"},"sameAs":["https:\/\/www.facebook.com\/universitatrieste","https:\/\/twitter.com\/UniTrieste"]}]}},"_links":{"self":[{"href":"https:\/\/100anni.units.it\/index.php\/wp-json\/wp\/v2\/tribe_events\/7589","targetHints":{"allow":["GET"]}}],"collection":[{"href":"https:\/\/100anni.units.it\/index.php\/wp-json\/wp\/v2\/tribe_events"}],"about":[{"href":"https:\/\/100anni.units.it\/index.php\/wp-json\/wp\/v2\/types\/tribe_events"}],"author":[{"embeddable":true,"href":"https:\/\/100anni.units.it\/index.php\/wp-json\/wp\/v2\/users\/1"}],"replies":[{"embeddable":true,"href":"https:\/\/100anni.units.it\/index.php\/wp-json\/wp\/v2\/comments?post=7589"}],"version-history":[{"count":4,"href":"https:\/\/100anni.units.it\/index.php\/wp-json\/wp\/v2\/tribe_events\/7589\/revisions"}],"predecessor-version":[{"id":7610,"href":"https:\/\/100anni.units.it\/index.php\/wp-json\/wp\/v2\/tribe_events\/7589\/revisions\/7610"}],"wp:featuredmedia":[{"embeddable":true,"href":"https:\/\/100anni.units.it\/index.php\/wp-json\/wp\/v2\/media\/5841"}],"wp:attachment":[{"href":"https:\/\/100anni.units.it\/index.php\/wp-json\/wp\/v2\/media?parent=7589"}],"wp:term":[{"taxonomy":"post_tag","embeddable":true,"href":"https:\/\/100anni.units.it\/index.php\/wp-json\/wp\/v2\/tags?post=7589"},{"taxonomy":"tribe_events_cat","embeddable":true,"href":"https:\/\/100anni.units.it\/index.php\/wp-json\/wp\/v2\/tribe_events_cat?post=7589"}],"curies":[{"name":"wp","href":"https:\/\/api.w.org\/{rel}","templated":true}]}}