{"id":7597,"date":"2024-11-16T09:31:38","date_gmt":"2024-11-16T08:31:38","guid":{"rendered":"https:\/\/100anni.units.it\/?post_type=tribe_events&#038;p=7597"},"modified":"2024-11-16T09:31:39","modified_gmt":"2024-11-16T08:31:39","slug":"units-in-rosa-con-lilt-for-women","status":"publish","type":"tribe_events","link":"https:\/\/100anni.units.it\/index.php\/evento\/units-in-rosa-con-lilt-for-women\/","title":{"rendered":"UniTS in Rosa con LILT for women"},"content":{"rendered":"<div  class=\"tribe-events-schedule tribe-clearfix\" >\n\t<h2 class=\"tribe-events-schedule__datetime\">\n\t\t<span class=\"tribe-events-schedule__date tribe-events-schedule__date--start\">\n\t\t\t2 Ottobre 2024\t\t<\/span>\n\n\t\t\t\t\t<span class=\"tribe-events-schedule__separator tribe-events-schedule__separator--date\">\n\t\t\t\t ore \t\t\t<\/span>\n\t\t\t<span class=\"tribe-events-schedule__time tribe-events-schedule__time--start\">\n\t\t\t\t14:00\t\t\t<\/span>\n\t\t\n\t\t\t\t\t\t\t\t\t<span class=\"tribe-events-schedule__separator tribe-events-schedule__separator--time\">\n\t\t\t\t\t &#8211; \t\t\t\t<\/span>\n\t\t\t\n\t\t\t\t\t\t\t<span class=\"tribe-events-schedule__time tribe-events-schedule__time--end\">\n\t\t\t\t\t17:00\t\t\t\t<\/span>\n\t\t\t\n\t\t\t\t\t\t<\/h2>\n<\/div>\n\n\n\n<div class=\"wp-block-columns is-layout-flex wp-container-core-columns-is-layout-9d6595d7 wp-block-columns-is-layout-flex\">\n<div class=\"wp-block-column is-layout-flow wp-block-column-is-layout-flow\">\n<p><strong>Mercoled\u00ec 2 ottobre 2024<\/strong>, alle ore 14, presso l&#8217;Aula Magna, terzo piano, Edificio centrale A, Campus di Piazzale Europa, si svolger\u00e0&nbsp;<strong>&#8220;UniTS in Rosa con LILT for women&#8221;<\/strong>, evento nell&#8217;ambito dell&#8217;<em>Ottobre Rosa<\/em>, per sensibilizzare le generazioni pi\u00f9 giovani verso le iniziative di prevenzione dei tumori al seno.<\/p>\n\n\n\n<p>UniTS aderisce anche quest&#8217;anno alla campagna promossa dalla&nbsp;<strong>LILT<\/strong>, che in questa edizione, con il claim &#8220;<em>Join the fight<\/em>&#8220;, invita le donne pi\u00f9 giovani a unirsi nella battaglia al cancro partecipando alle iniziative di screening perch\u00e9&nbsp;<em>&#8220;la prevenzione non ha et\u00e0&#8221;<\/em>.<\/p>\n\n\n\n<p>In linea con questo obiettivo, l&#8217;edizione 2024 dell&#8217;evento, che si svolger\u00e0 nell&#8217;Ateneo giuliano vedr\u00e0 protagonisti quattro giovani medici specializzandi:&nbsp;<strong>Camilla Colutta<\/strong>&nbsp;(Chirurgia Generale),<strong>&nbsp;<\/strong><strong>Eugenia Capozzella<\/strong>, (Chirurgia Generale),&nbsp;<strong>Agostino Rodda<\/strong>&nbsp;(Chirurgia Plastica Ricostruttiva ed Estetica) e&nbsp;<strong>Giulia Sidoti<\/strong>&nbsp;(Chirurgia Plastica, Ricostruttiva ed Estetica) dialogheranno con tre docenti &#8211;&nbsp;<strong>Marina Bortul, Vittorio Ramella, Daniele Generali<\/strong>&nbsp;&#8211; da tempo impegnati nel contesto della prevenzione e delle terapie oncologiche.<\/p>\n\n\n\n<p>Tra le novit\u00e0 anche la presentazione del&nbsp;<strong>Premio di laurea LILT<\/strong>&nbsp;<strong>dedicato alla memoria di Rosanna Poggiolini,<\/strong>&nbsp;stimato medico di medicina generale, alumna dell\u2019Universit\u00e0 di Trieste, portatrice di mutazione BRCA (anomalia che aumenta il rischio di sviluppare tumori al seno e all&#8217;ovaio)&nbsp;recentemente scomparsa a causa di un cancro.&nbsp;<\/p>\n\n\n\n<p>Rosanna Poggiolini, che \u00e8 stata attiva socia della LILT Trieste, ha dedicato energie e professionalit\u00e0 per trasmettere ai giovani la sua passione per la ricerca e la prevenzione: in questa direzione intende andare il premio di laurea, del valore di 1000 euro, che sar\u00e0 bandito ogni anno per almeno cinque anni.<\/p>\n\n\n\n<p>L&#8217;iniziativa sar\u00e0 rivolta ai neolaureati del Corso di Laurea in Medicina e Chirurgia del Dipartimento Universitario Clinico di Scienze Mediche, Chirurgiche e della Salute di UniTS che si saranno distinti per tesi sperimentali sui tumori della mammella e\/o dell\u2019ovaio.<\/p>\n\n\n\n<p><em>L&#8217;iniziativa vede il patrocinio gratuito di ASUGI<\/em><\/p>\n\n\n\n<p class=\"has-neve-link-color-color has-text-color\">Accesso libero<\/p>\n<\/div>\n\n\n\n<div class=\"wp-block-column is-vertically-aligned-top is-layout-flow wp-block-column-is-layout-flow\" style=\"flex-basis:30%\">\n<figure class=\"wp-block-image size-large\"><img loading=\"lazy\" decoding=\"async\" width=\"1024\" height=\"626\" src=\"https:\/\/100anni.units.it\/wp-content\/uploads\/2023\/08\/100units_ill_centenario-1024x626.png\" alt=\"immagine di campagna #100UniTS, illustrazione dell'Ateneo\" class=\"wp-image-99\" srcset=\"https:\/\/100anni.units.it\/wp-content\/uploads\/2023\/08\/100units_ill_centenario-1024x626.png 1024w, https:\/\/100anni.units.it\/wp-content\/uploads\/2023\/08\/100units_ill_centenario-300x183.png 300w, https:\/\/100anni.units.it\/wp-content\/uploads\/2023\/08\/100units_ill_centenario-768x469.png 768w, https:\/\/100anni.units.it\/wp-content\/uploads\/2023\/08\/100units_ill_centenario-1536x938.png 1536w, https:\/\/100anni.units.it\/wp-content\/uploads\/2023\/08\/100units_ill_centenario-2048x1251.png 2048w\" sizes=\"auto, (max-width: 1024px) 100vw, 1024px\" \/><\/figure>\n\n\n\n<div style=\"height:20px\" aria-hidden=\"true\" class=\"wp-block-spacer\"><\/div>\n\n\n\n<div class=\"wp-block-group is-content-justification-center is-nowrap is-layout-flex wp-container-core-group-is-layout-94bc23d7 wp-block-group-is-layout-flex\"><\/div>\n<\/div>\n<\/div>\n\n\n\n<div class=\"wp-block-columns are-vertically-aligned-center is-layout-flex wp-container-core-columns-is-layout-9d6595d7 wp-block-columns-is-layout-flex\">\n<div class=\"wp-block-column is-vertically-aligned-center is-layout-flow wp-block-column-is-layout-flow\"><div  class=\"tribe-block tribe-block__venue tribe-clearfix\" >\n\t\n\t\n<div class=\"tribe-block__venue__meta\">\n\t<div class=\"tribe-block__venue__name\">\n\t\t<h3>Aula Magna, ed. A<\/h3>\n\t<\/div>\n\n\t\n\t\t\t<address class=\"tribe-block__venue__address\">\n\t\t\t<span class=\"tribe-address\">\n\n<span class=\"tribe-street-address\">Piazzale Europa, 1<\/span>\n\t\n\t\t<br>\n\t\t<span class=\"tribe-locality\">Trieste<\/span><span class=\"tribe-delimiter\">,<\/span>\n\n\t<abbr class=\"tribe-region tribe-events-abbr\" title=\"TS\">TS<\/abbr>\n\n\t<span class=\"tribe-postal-code\">34100<\/span>\n\n\t<span class=\"tribe-country-name\">Italia<\/span>\n\n<\/span>\n\n\t\t\t\t\t<\/address>\n\t\n\t\n\t\n\t<\/div>\n\t\n\t<\/div>\n<\/div>\n\n\n\n<div class=\"wp-block-column is-vertically-aligned-center is-layout-flow wp-block-column-is-layout-flow\" style=\"flex-basis:30%\">\n<div class=\"wp-block-group is-vertical is-content-justification-center is-layout-flex wp-container-core-group-is-layout-0472769e wp-block-group-is-layout-flex\">\t<div  class=\"tribe-block tribe-block__events-link\" >\n\t\t<div class=\"tribe-events tribe-common\">\n\t\t\t<div class=\"tribe-events-c-subscribe-dropdown__container\">\n\t\t\t\t<div class=\"tribe-events-c-subscribe-dropdown\">\n\t\t\t\t\t<div class=\"tribe-common-c-btn-border tribe-events-c-subscribe-dropdown__button\" tabindex=\"0\">\n\t\t\t\t\t\t<svg  class=\"tribe-common-c-svgicon tribe-common-c-svgicon--cal-export tribe-events-c-subscribe-dropdown__export-icon\"  viewBox=\"0 0 23 17\" xmlns=\"http:\/\/www.w3.org\/2000\/svg\">\n  <path fill-rule=\"evenodd\" clip-rule=\"evenodd\" d=\"M.128.896V16.13c0 .211.145.383.323.383h15.354c.179 0 .323-.172.323-.383V.896c0-.212-.144-.383-.323-.383H.451C.273.513.128.684.128.896Zm16 6.742h-.901V4.679H1.009v10.729h14.218v-3.336h.901V7.638ZM1.01 1.614h14.218v2.058H1.009V1.614Z\" \/>\n  <path d=\"M20.5 9.846H8.312M18.524 6.953l2.89 2.909-2.855 2.855\" stroke-width=\"1.2\" stroke-linecap=\"round\" stroke-linejoin=\"round\"\/>\n<\/svg>\n\t\t\t\t\t\t<button class=\"tribe-events-c-subscribe-dropdown__button-text\">\n\t\t\t\t\t\t\tSalva nel tuo calendario\t\t\t\t\t\t<\/button>\n\t\t\t\t\t\t<svg  class=\"tribe-common-c-svgicon tribe-common-c-svgicon--caret-down tribe-events-c-subscribe-dropdown__button-icon\"  viewBox=\"0 0 10 7\" xmlns=\"http:\/\/www.w3.org\/2000\/svg\"><path fill-rule=\"evenodd\" clip-rule=\"evenodd\" d=\"M1.008.609L5 4.6 8.992.61l.958.958L5 6.517.05 1.566l.958-.958z\" class=\"tribe-common-c-svgicon__svg-fill\"\/><\/svg>\n\t\t\t\t\t<\/div>\n\t\t\t\t\t<div class=\"tribe-events-c-subscribe-dropdown__content\">\n\t\t\t\t\t\t<ul class=\"tribe-events-c-subscribe-dropdown__list\" tabindex=\"0\">\n\t\t\t\t\t\t\t\t\t\t\t\t\t\t\t<li class=\"tribe-events-c-subscribe-dropdown__list-item\">\n\t\t\t\t\t\t\t\t\t<a\n\t\t\t\t\t\t\t\t\t\thref=\"https:\/\/www.google.com\/calendar\/event?action=TEMPLATE&#038;dates=20241002T140000\/20241002T170000&#038;text=UniTS%20in%20Rosa%20con%20LILT%20for%20women&#038;details=%3C%21--+wp%3Atribe%2Fevent-datetime+%2F--%3E%3C%21--+wp%3Acolumns+--%3E%3Cdiv+class%3D%22wp-block-columns%22%3E%3C%21--+wp%3Acolumn+%7B%22width%22%3A%22%22%7D+--%3E%3Cdiv+class%3D%22wp-block-column%22%3E%3C%21--+wp%3Aparagraph+--%3E%3Cp%3E%3Cstrong%3EMercoled%C3%AC+2+ottobre+2024%3C%2Fstrong%3E%2C+alle+ore+14%2C+presso+l%27Aula+Magna%2C+terzo+piano%2C+Edificio+centrale+A%2C+Campus+di+Piazzale+Europa%2C+si+svolger%C3%A0%26nbsp%3B%3Cstrong%3E%22UniTS+in+Rosa+con+LILT+for+women%22%3C%2Fstrong%3E%2C+evento+nell%27ambito+dell%27%3Cem%3EOttobre+Rosa%3C%2Fem%3E%2C+per+sensibilizzare+le+generazioni+pi%C3%B9+giovani+verso+le+iniziative+di+prevenzione+dei+tumori+al+seno.%3C%2Fp%3E%3C%21--+%2Fwp%3Aparagraph+--%3E%3C%21--+wp%3Aparagraph+--%3E%3Cp%3EUniTS+aderisce+anche+quest%27anno+alla+campagna+promossa+dalla%26nbsp%3B%3Cstrong%3ELILT%3C%2Fstrong%3E%2C+che+in+questa+edizione%2C+con+il+claim+%22%3Cem%3EJoin+the+fight%3C%2Fem%3E%22%2C+invita+le+donne+pi%C3%B9+giovani%20(View%20Full%20evento%20Description%20Here:%20https:\/\/100anni.units.it\/index.php\/evento\/units-in-rosa-con-lilt-for-women\/)&#038;location=Aula%20Magna,%20ed.%20A,%20Piazzale%20Europa,%201,%20Trieste,%20TS,%2034100,%20Italia&#038;trp=false&#038;ctz=Europe\/Rome&#038;sprop=website:https:\/\/100anni.units.it\"\n\t\t\t\t\t\t\t\t\t\tclass=\"tribe-events-c-subscribe-dropdown__list-item-link\"\n\t\t\t\t\t\t\t\t\t\ttabindex=\"0\"\n\t\t\t\t\t\t\t\t\t\ttarget=\"_blank\"\n\t\t\t\t\t\t\t\t\t\trel=\"noopener noreferrer nofollow noindex\"\n\t\t\t\t\t\t\t\t\t>\n\t\t\t\t\t\t\t\t\t\tGoogle Calendar\t\t\t\t\t\t\t\t\t<\/a>\n\t\t\t\t\t\t\t\t<\/li>\n\t\t\t\t\t\t\t\t\t\t\t\t\t\t\t<li class=\"tribe-events-c-subscribe-dropdown__list-item\">\n\t\t\t\t\t\t\t\t\t<a\n\t\t\t\t\t\t\t\t\t\thref=\"\"\n\t\t\t\t\t\t\t\t\t\tclass=\"tribe-events-c-subscribe-dropdown__list-item-link\"\n\t\t\t\t\t\t\t\t\t\ttabindex=\"0\"\n\t\t\t\t\t\t\t\t\t\ttarget=\"_blank\"\n\t\t\t\t\t\t\t\t\t\trel=\"noopener noreferrer nofollow noindex\"\n\t\t\t\t\t\t\t\t\t>\n\t\t\t\t\t\t\t\t\t\tiCalendar\t\t\t\t\t\t\t\t\t<\/a>\n\t\t\t\t\t\t\t\t<\/li>\n\t\t\t\t\t\t\t\t\t\t\t\t\t\t\t<li class=\"tribe-events-c-subscribe-dropdown__list-item\">\n\t\t\t\t\t\t\t\t\t<a\n\t\t\t\t\t\t\t\t\t\thref=\"\"\n\t\t\t\t\t\t\t\t\t\tclass=\"tribe-events-c-subscribe-dropdown__list-item-link\"\n\t\t\t\t\t\t\t\t\t\ttabindex=\"0\"\n\t\t\t\t\t\t\t\t\t\ttarget=\"_blank\"\n\t\t\t\t\t\t\t\t\t\trel=\"noopener noreferrer nofollow noindex\"\n\t\t\t\t\t\t\t\t\t>\n\t\t\t\t\t\t\t\t\t\tOutlook 365\t\t\t\t\t\t\t\t\t<\/a>\n\t\t\t\t\t\t\t\t<\/li>\n\t\t\t\t\t\t\t\t\t\t\t\t\t\t\t<li class=\"tribe-events-c-subscribe-dropdown__list-item\">\n\t\t\t\t\t\t\t\t\t<a\n\t\t\t\t\t\t\t\t\t\thref=\"\"\n\t\t\t\t\t\t\t\t\t\tclass=\"tribe-events-c-subscribe-dropdown__list-item-link\"\n\t\t\t\t\t\t\t\t\t\ttabindex=\"0\"\n\t\t\t\t\t\t\t\t\t\ttarget=\"_blank\"\n\t\t\t\t\t\t\t\t\t\trel=\"noopener noreferrer nofollow noindex\"\n\t\t\t\t\t\t\t\t\t>\n\t\t\t\t\t\t\t\t\t\tOutlook Live\t\t\t\t\t\t\t\t\t<\/a>\n\t\t\t\t\t\t\t\t<\/li>\n\t\t\t\t\t\t\t\t\t\t\t\t\t<\/ul>\n\t\t\t\t\t<\/div>\n\t\t\t\t<\/div>\n\t\t\t<\/div>\n\t\t<\/div>\n\t<\/div>\n\n\n\n\n<div class=\"wp-block-buttons is-content-justification-center is-layout-flex wp-container-core-buttons-is-layout-16018d1d wp-block-buttons-is-layout-flex\">\n<div class=\"wp-block-button has-custom-width wp-block-button__width-100 is-style-primary\"><a class=\"wp-block-button__link wp-element-button\" href=\"https:\/\/100anni.units.it\/wp-content\/uploads\/2024\/11\/100UniTS_Stampa_Locandina_OttobreRosa_0.pdf\">scarica LA locandina<\/a><\/div>\n<\/div>\n<\/div>\n<\/div>\n<\/div>\n\n\n\n<div style=\"height:50px\" aria-hidden=\"true\" class=\"wp-block-spacer\"><\/div>\n\n\n\n<h3 class=\"wp-block-heading has-neve-link-color-color has-text-color\" style=\"text-transform:none\">Programma del giorno <\/h3>\n\n\n\n<div class=\"wp-block-group\"><div class=\"wp-block-group__inner-container is-layout-constrained wp-block-group-is-layout-constrained\">\n<p><strong>Saluti istituzionali:<\/strong><br>Roberto Di Lenarda,<em> Magnifico Rettore dell\u2019Universit\u00e0 degli Studi di Trieste<\/em><br>Luciana Rozzini, <em>Direttore Generale dell\u2019Universit\u00e0 degli Studi di Trieste<\/em><br>Antonio Poggiana, <em>Direttore Generale dell\u2019Azienda Sanitaria Universitaria Giuliano Isontina (ASUGI)<br>Rappresentante del Comune di Trieste<br>Rappresentante della Regione Friuli Venezia Giulia<\/em><\/p>\n\n\n\n<p><strong>Introduzione alla giornata:<\/strong><br>Vanessa Nicolin, <em>docente di Anatomia Umana UniTS<\/em><br>Bruna Scaggiante, <em>docente di Biologia Molecolare UniTS e coordinatrice regionale LILT FVG<\/em><\/p>\n\n\n\n<p><strong>Parliamo ai giovani di prevenzione: dall\u2019evidence-based agli aspetti pratici<\/strong><br>Conducono gli specializzandi UniTS che dialogheranno con:<br>Marina Bortul, <em>direttore della Scuola di Specialit\u00e0 in Chirurgia Generale UniTS, responsabile SSD Breast Unit ASUGI<\/em><br>Daniele Generali,<em> direttore della Scuola di Specialit\u00e0 in Medicina e cure palliative UniTS<\/em><br>Vittorio Ramella, <em>docente di Chirurgia Plastica UniTS, responsabile SS Microchirurgia ASUGI<\/em><\/p>\n\n\n\n<p><strong>La comunicazione giovane per la prevenzione solidale tra i giovani: progetto \u201cTrattati Bene\u201d<\/strong><br>Eleonora Vendrame, del collettivo di Breastfast Club<\/p>\n\n\n\n<p><strong>Presentazione del premio annuale LILT di laurea intitolato a \u201cRosanna Poggiolini\u201d<\/strong><br>Valter Sergo,<em> Prorettore Vicario dell\u2019Universit\u00e0 degli Studi di Trieste<\/em><\/p>\n\n\n\n<p><strong>Take home message<\/strong><br>Sandra Dudine, <em>Presidente LILT Trieste<\/em><\/p>\n\n\n\n<p><strong>Esecuzioni vocali e strumentali a cura del Coro dell\u2019Universit\u00e0 degli Studi di Trieste,<\/strong><br><strong>Direttore Maestro Riccardo Cossi<\/strong><br><em>Look to the day<\/em>, John Rutter<br><em>We are the champions<\/em>, F.Mercury\/Queen, arrangiamento Riccardo Cossi<\/p>\n\n\n\n<p><em>Al termine un momento conviviale offerto da LILT Trieste<\/em><\/p>\n\n\n\n<div style=\"height:20px\" aria-hidden=\"true\" class=\"wp-block-spacer\"><\/div>\n<\/div><\/div>\n\n\n\n<div style=\"height:100px\" aria-hidden=\"true\" class=\"wp-block-spacer\"><\/div>\n","protected":false},"excerpt":{"rendered":"<p>UniTS aderisce anche quest&#8217;anno alla campagna promossa dalla\u00a0LILT, che in questa edizione, con il claim &#8220;Join the fight&#8221;, invita le donne pi\u00f9 giovani a unirsi nella battaglia al cancro partecipando alle iniziative di screening perch\u00e9\u00a0&#8220;la prevenzione non ha et\u00e0&#8221;.<\/p>\n","protected":false},"author":1,"featured_media":5841,"comment_status":"closed","ping_status":"closed","template":"","meta":{"neve_meta_sidebar":"","neve_meta_container":"","neve_meta_enable_content_width":"","neve_meta_content_width":0,"neve_meta_title_alignment":"","neve_meta_author_avatar":"","neve_post_elements_order":"","neve_meta_disable_header":"","neve_meta_disable_footer":"","neve_meta_disable_title":"","_EventAllDay":false,"_EventTimezone":"Europe\/Rome","_EventStartDate":"2024-10-02 14:00:00","_EventEndDate":"2024-10-02 17:00:00","_EventStartDateUTC":"2024-10-02 12:00:00","_EventEndDateUTC":"2024-10-02 15:00:00","_EventShowMap":false,"_EventShowMapLink":false,"_EventURL":"","_EventCost":"","_EventCostDescription":"","_EventCurrencySymbol":"\u20ac","_EventCurrencyCode":"EUR","_EventCurrencyPosition":"prefix","_EventDateTimeSeparator":" ore ","_EventTimeRangeSeparator":" - ","_EventOrganizerID":[],"_EventVenueID":[226],"_OrganizerEmail":"","_OrganizerPhone":"","_OrganizerWebsite":"","_VenueAddress":"","_VenueCity":"","_VenueCountry":"","_VenueProvince":"","_VenueState":"","_VenueZip":"","_VenuePhone":"","_VenueURL":"","_VenueStateProvince":"","_VenueLat":"","_VenueLng":"","_VenueShowMap":false,"_VenueShowMapLink":false,"_ti_tpc_template_sync":false,"_ti_tpc_template_id":"","_tribe_events_status":"","_tribe_events_status_reason":"","footnotes":""},"tags":[],"tribe_events_cat":[3],"class_list":["post-7597","tribe_events","type-tribe_events","status-publish","has-post-thumbnail","hentry","tribe_events_cat-ateneo","cat_ateneo"],"yoast_head":"<!-- This site is optimized with the Yoast SEO plugin v21.0 - https:\/\/yoast.com\/wordpress\/plugins\/seo\/ -->\n<title>UniTS in Rosa con LILT for women &ndash; #100UniTS<\/title>\n<meta name=\"robots\" content=\"index, follow, max-snippet:-1, max-image-preview:large, max-video-preview:-1\" \/>\n<link rel=\"canonical\" href=\"https:\/\/100anni.units.it\/index.php\/evento\/units-in-rosa-con-lilt-for-women\/\" \/>\n<meta property=\"og:locale\" content=\"it_IT\" \/>\n<meta property=\"og:type\" content=\"article\" \/>\n<meta property=\"og:title\" content=\"UniTS in Rosa con LILT for women &ndash; #100UniTS\" \/>\n<meta property=\"og:description\" content=\"UniTS aderisce anche quest&#039;anno alla campagna promossa dalla\u00a0LILT, che in questa edizione, con il claim &quot;Join the fight&quot;, invita le donne pi\u00f9 giovani a unirsi nella battaglia al cancro partecipando alle iniziative di screening perch\u00e9\u00a0&quot;la prevenzione non ha et\u00e0&quot;.\" \/>\n<meta property=\"og:url\" content=\"https:\/\/100anni.units.it\/index.php\/evento\/units-in-rosa-con-lilt-for-women\/\" \/>\n<meta property=\"og:site_name\" content=\"#100UniTS\" \/>\n<meta property=\"article:publisher\" content=\"https:\/\/www.facebook.com\/universitatrieste\" \/>\n<meta property=\"article:modified_time\" content=\"2024-11-16T08:31:39+00:00\" \/>\n<meta property=\"og:image\" content=\"https:\/\/100anni.units.it\/wp-content\/uploads\/2023\/08\/100units_ill_centenario-1024x626.png\" \/>\n<meta name=\"twitter:card\" content=\"summary_large_image\" \/>\n<meta name=\"twitter:site\" content=\"@UniTrieste\" \/>\n<meta name=\"twitter:label1\" content=\"Tempo di lettura stimato\" \/>\n\t<meta name=\"twitter:data1\" content=\"3 minuti\" \/>\n<script type=\"application\/ld+json\" class=\"yoast-schema-graph\">{\"@context\":\"https:\/\/schema.org\",\"@graph\":[{\"@type\":\"WebPage\",\"@id\":\"https:\/\/100anni.units.it\/index.php\/evento\/units-in-rosa-con-lilt-for-women\/\",\"url\":\"https:\/\/100anni.units.it\/index.php\/evento\/units-in-rosa-con-lilt-for-women\/\",\"name\":\"UniTS in Rosa con LILT for women &ndash; #100UniTS\",\"isPartOf\":{\"@id\":\"https:\/\/100anni.units.it\/#website\"},\"datePublished\":\"2024-11-16T08:31:38+00:00\",\"dateModified\":\"2024-11-16T08:31:39+00:00\",\"breadcrumb\":{\"@id\":\"https:\/\/100anni.units.it\/index.php\/evento\/units-in-rosa-con-lilt-for-women\/#breadcrumb\"},\"inLanguage\":\"it-IT\",\"potentialAction\":[{\"@type\":\"ReadAction\",\"target\":[\"https:\/\/100anni.units.it\/index.php\/evento\/units-in-rosa-con-lilt-for-women\/\"]}]},{\"@type\":\"BreadcrumbList\",\"@id\":\"https:\/\/100anni.units.it\/index.php\/evento\/units-in-rosa-con-lilt-for-women\/#breadcrumb\",\"itemListElement\":[{\"@type\":\"ListItem\",\"position\":1,\"name\":\"Eventi\",\"item\":\"https:\/\/100anni.units.it\/index.php\/eventi\/\"},{\"@type\":\"ListItem\",\"position\":2,\"name\":\"UniTS in Rosa con LILT for women\"}]},{\"@type\":\"WebSite\",\"@id\":\"https:\/\/100anni.units.it\/#website\",\"url\":\"https:\/\/100anni.units.it\/\",\"name\":\"#100UniTS\",\"description\":\"Ogni giorno, da cento anni, con noi puoi scoprire ci\u00f2 che sar\u00e0 realt\u00e0 nel futuro. Celebriamo insieme un secolo di ricerca, eccellenza, creativit\u00e0 e ingegno umano.\",\"publisher\":{\"@id\":\"https:\/\/100anni.units.it\/#organization\"},\"potentialAction\":[{\"@type\":\"SearchAction\",\"target\":{\"@type\":\"EntryPoint\",\"urlTemplate\":\"https:\/\/100anni.units.it\/?s={search_term_string}\"},\"query-input\":\"required name=search_term_string\"}],\"inLanguage\":\"it-IT\"},{\"@type\":\"Organization\",\"@id\":\"https:\/\/100anni.units.it\/#organization\",\"name\":\"Universit\u00e0 degli Studi di Trieste\",\"alternateName\":\"UniTS\",\"url\":\"https:\/\/100anni.units.it\/\",\"logo\":{\"@type\":\"ImageObject\",\"inLanguage\":\"it-IT\",\"@id\":\"https:\/\/100anni.units.it\/#\/schema\/logo\/image\/\",\"url\":\"https:\/\/100anni.units.it\/wp-content\/uploads\/2023\/08\/units_sigillo.png\",\"contentUrl\":\"https:\/\/100anni.units.it\/wp-content\/uploads\/2023\/08\/units_sigillo.png\",\"width\":696,\"height\":696,\"caption\":\"Universit\u00e0 degli Studi di Trieste\"},\"image\":{\"@id\":\"https:\/\/100anni.units.it\/#\/schema\/logo\/image\/\"},\"sameAs\":[\"https:\/\/www.facebook.com\/universitatrieste\",\"https:\/\/twitter.com\/UniTrieste\"]}]}<\/script>\n<!-- \/ Yoast SEO plugin. -->","yoast_head_json":{"title":"UniTS in Rosa con LILT for women &ndash; #100UniTS","robots":{"index":"index","follow":"follow","max-snippet":"max-snippet:-1","max-image-preview":"max-image-preview:large","max-video-preview":"max-video-preview:-1"},"canonical":"https:\/\/100anni.units.it\/index.php\/evento\/units-in-rosa-con-lilt-for-women\/","og_locale":"it_IT","og_type":"article","og_title":"UniTS in Rosa con LILT for women &ndash; #100UniTS","og_description":"UniTS aderisce anche quest'anno alla campagna promossa dalla\u00a0LILT, che in questa edizione, con il claim \"Join the fight\", invita le donne pi\u00f9 giovani a unirsi nella battaglia al cancro partecipando alle iniziative di screening perch\u00e9\u00a0\"la prevenzione non ha et\u00e0\".","og_url":"https:\/\/100anni.units.it\/index.php\/evento\/units-in-rosa-con-lilt-for-women\/","og_site_name":"#100UniTS","article_publisher":"https:\/\/www.facebook.com\/universitatrieste","article_modified_time":"2024-11-16T08:31:39+00:00","og_image":[{"url":"https:\/\/100anni.units.it\/wp-content\/uploads\/2023\/08\/100units_ill_centenario-1024x626.png"}],"twitter_card":"summary_large_image","twitter_site":"@UniTrieste","twitter_misc":{"Tempo di lettura stimato":"3 minuti"},"schema":{"@context":"https:\/\/schema.org","@graph":[{"@type":"WebPage","@id":"https:\/\/100anni.units.it\/index.php\/evento\/units-in-rosa-con-lilt-for-women\/","url":"https:\/\/100anni.units.it\/index.php\/evento\/units-in-rosa-con-lilt-for-women\/","name":"UniTS in Rosa con LILT for women &ndash; #100UniTS","isPartOf":{"@id":"https:\/\/100anni.units.it\/#website"},"datePublished":"2024-11-16T08:31:38+00:00","dateModified":"2024-11-16T08:31:39+00:00","breadcrumb":{"@id":"https:\/\/100anni.units.it\/index.php\/evento\/units-in-rosa-con-lilt-for-women\/#breadcrumb"},"inLanguage":"it-IT","potentialAction":[{"@type":"ReadAction","target":["https:\/\/100anni.units.it\/index.php\/evento\/units-in-rosa-con-lilt-for-women\/"]}]},{"@type":"BreadcrumbList","@id":"https:\/\/100anni.units.it\/index.php\/evento\/units-in-rosa-con-lilt-for-women\/#breadcrumb","itemListElement":[{"@type":"ListItem","position":1,"name":"Eventi","item":"https:\/\/100anni.units.it\/index.php\/eventi\/"},{"@type":"ListItem","position":2,"name":"UniTS in Rosa con LILT for women"}]},{"@type":"WebSite","@id":"https:\/\/100anni.units.it\/#website","url":"https:\/\/100anni.units.it\/","name":"#100UniTS","description":"Ogni giorno, da cento anni, con noi puoi scoprire ci\u00f2 che sar\u00e0 realt\u00e0 nel futuro. Celebriamo insieme un secolo di ricerca, eccellenza, creativit\u00e0 e ingegno umano.","publisher":{"@id":"https:\/\/100anni.units.it\/#organization"},"potentialAction":[{"@type":"SearchAction","target":{"@type":"EntryPoint","urlTemplate":"https:\/\/100anni.units.it\/?s={search_term_string}"},"query-input":"required name=search_term_string"}],"inLanguage":"it-IT"},{"@type":"Organization","@id":"https:\/\/100anni.units.it\/#organization","name":"Universit\u00e0 degli Studi di Trieste","alternateName":"UniTS","url":"https:\/\/100anni.units.it\/","logo":{"@type":"ImageObject","inLanguage":"it-IT","@id":"https:\/\/100anni.units.it\/#\/schema\/logo\/image\/","url":"https:\/\/100anni.units.it\/wp-content\/uploads\/2023\/08\/units_sigillo.png","contentUrl":"https:\/\/100anni.units.it\/wp-content\/uploads\/2023\/08\/units_sigillo.png","width":696,"height":696,"caption":"Universit\u00e0 degli Studi di Trieste"},"image":{"@id":"https:\/\/100anni.units.it\/#\/schema\/logo\/image\/"},"sameAs":["https:\/\/www.facebook.com\/universitatrieste","https:\/\/twitter.com\/UniTrieste"]}]}},"_links":{"self":[{"href":"https:\/\/100anni.units.it\/index.php\/wp-json\/wp\/v2\/tribe_events\/7597","targetHints":{"allow":["GET"]}}],"collection":[{"href":"https:\/\/100anni.units.it\/index.php\/wp-json\/wp\/v2\/tribe_events"}],"about":[{"href":"https:\/\/100anni.units.it\/index.php\/wp-json\/wp\/v2\/types\/tribe_events"}],"author":[{"embeddable":true,"href":"https:\/\/100anni.units.it\/index.php\/wp-json\/wp\/v2\/users\/1"}],"replies":[{"embeddable":true,"href":"https:\/\/100anni.units.it\/index.php\/wp-json\/wp\/v2\/comments?post=7597"}],"version-history":[{"count":1,"href":"https:\/\/100anni.units.it\/index.php\/wp-json\/wp\/v2\/tribe_events\/7597\/revisions"}],"predecessor-version":[{"id":7599,"href":"https:\/\/100anni.units.it\/index.php\/wp-json\/wp\/v2\/tribe_events\/7597\/revisions\/7599"}],"wp:featuredmedia":[{"embeddable":true,"href":"https:\/\/100anni.units.it\/index.php\/wp-json\/wp\/v2\/media\/5841"}],"wp:attachment":[{"href":"https:\/\/100anni.units.it\/index.php\/wp-json\/wp\/v2\/media?parent=7597"}],"wp:term":[{"taxonomy":"post_tag","embeddable":true,"href":"https:\/\/100anni.units.it\/index.php\/wp-json\/wp\/v2\/tags?post=7597"},{"taxonomy":"tribe_events_cat","embeddable":true,"href":"https:\/\/100anni.units.it\/index.php\/wp-json\/wp\/v2\/tribe_events_cat?post=7597"}],"curies":[{"name":"wp","href":"https:\/\/api.w.org\/{rel}","templated":true}]}}