{"id":7600,"date":"2024-11-19T16:31:42","date_gmt":"2024-11-19T15:31:42","guid":{"rendered":"https:\/\/100anni.units.it\/?post_type=tribe_events&#038;p=7600"},"modified":"2024-11-19T16:33:41","modified_gmt":"2024-11-19T15:33:41","slug":"cerimonia-di-intitolazione-dellaula-magna-delledificio-c11-al-professor-giacomo-costa","status":"publish","type":"tribe_events","link":"https:\/\/100anni.units.it\/index.php\/evento\/cerimonia-di-intitolazione-dellaula-magna-delledificio-c11-al-professor-giacomo-costa\/","title":{"rendered":"Cerimonia di Intitolazione dell&#8217;Aula Magna dell&#8217;edificio C11 al professor Giacomo Costa"},"content":{"rendered":"<div  class=\"tribe-events-schedule tribe-clearfix\" >\n\t<h2 class=\"tribe-events-schedule__datetime\">\n\t\t<span class=\"tribe-events-schedule__date tribe-events-schedule__date--start\">\n\t\t\t19 Novembre 2024\t\t<\/span>\n\n\t\t\t\t\t<span class=\"tribe-events-schedule__separator tribe-events-schedule__separator--date\">\n\t\t\t\t ore \t\t\t<\/span>\n\t\t\t<span class=\"tribe-events-schedule__time tribe-events-schedule__time--start\">\n\t\t\t\t16:00\t\t\t<\/span>\n\t\t\n\t\t\t\t\t\t\t\t\t<span class=\"tribe-events-schedule__separator tribe-events-schedule__separator--time\">\n\t\t\t\t\t &#8211; \t\t\t\t<\/span>\n\t\t\t\n\t\t\t\t\t\t\t<span class=\"tribe-events-schedule__time tribe-events-schedule__time--end\">\n\t\t\t\t\t17:00\t\t\t\t<\/span>\n\t\t\t\n\t\t\t\t\t\t<\/h2>\n<\/div>\n\n\n\n<div class=\"wp-block-columns is-layout-flex wp-container-core-columns-is-layout-9d6595d7 wp-block-columns-is-layout-flex\">\n<div class=\"wp-block-column is-layout-flow wp-block-column-is-layout-flow\">\n<p><strong>Mercoled\u00ec 20 novembre 2024<\/strong>, alle&nbsp;<strong>ore 16<\/strong>, si svolger\u00e0 la&nbsp;<strong>Cerimonia di Intitolazione dell&#8217;Aula Magna dell&#8217;edificio C11 del campus al prof. Giacomo Costa<\/strong>.<\/p>\n\n\n\n<p>La cerimonia proseguir\u00e0 poi con il&nbsp;<strong>seminario del prof. Yusuke Morisawa<\/strong>, Visiting professor del Centenario presso il&nbsp;<strong>Dipartimento di Scienze Chimiche e Farmaceutiche (DSCF)<\/strong>.<\/p>\n\n\n\n<p>Il prof.<strong>&nbsp;Giacomo Costa<\/strong>&nbsp;\u00e8 stato uno dei fondatori della Chimica all&#8217;Universit\u00e0 degli Studi di Trieste, dove \u00e8 stato prima Direttore di istituto per dieci anni (1963-1973), e poi Preside della Facolt\u00e0 di Scienze MFN per circa venti anni (1973-1991). La sua attivit\u00e0 di ricerca \u00e8 stata incentrata principalmente sullo studio dei composti metallorganici del cobalto(II) che agiscono come trasportatori di ossigeno e dei composti del cobalto(III) che sono sia dei catalizzatori che dei modelli della vitamina B12.&nbsp; Dopo il pensionamento ha continuato a frequentare il Dipartimento come Emerito e si \u00e8 molto dedicato alla didattica; \u00e8 stato anche promotore del Centro Interdipartimentale per la Ricerca Didattica (CIRD). Il prof. Giacomo Costa \u00e8 anche elencato tra i&nbsp;<a href=\"https:\/\/100anni.units.it\/index.php\/protagonisti\/\" target=\"_blank\" rel=\"noreferrer noopener\">protagonisti della storia di UNITS<\/a>.&nbsp;<\/p>\n\n\n\n<p class=\"has-neve-link-color-color has-text-color\">Accesso libero<\/p>\n<\/div>\n\n\n\n<div class=\"wp-block-column is-vertically-aligned-top is-layout-flow wp-block-column-is-layout-flow\" style=\"flex-basis:30%\">\n<figure class=\"wp-block-image size-large\"><img loading=\"lazy\" decoding=\"async\" width=\"1024\" height=\"626\" src=\"https:\/\/100anni.units.it\/wp-content\/uploads\/2023\/08\/100units_ill_centenario-1024x626.png\" alt=\"immagine di campagna #100UniTS, illustrazione dell'Ateneo\" class=\"wp-image-99\" srcset=\"https:\/\/100anni.units.it\/wp-content\/uploads\/2023\/08\/100units_ill_centenario-1024x626.png 1024w, https:\/\/100anni.units.it\/wp-content\/uploads\/2023\/08\/100units_ill_centenario-300x183.png 300w, https:\/\/100anni.units.it\/wp-content\/uploads\/2023\/08\/100units_ill_centenario-768x469.png 768w, https:\/\/100anni.units.it\/wp-content\/uploads\/2023\/08\/100units_ill_centenario-1536x938.png 1536w, https:\/\/100anni.units.it\/wp-content\/uploads\/2023\/08\/100units_ill_centenario-2048x1251.png 2048w\" sizes=\"auto, (max-width: 1024px) 100vw, 1024px\" \/><\/figure>\n\n\n\n<div style=\"height:20px\" aria-hidden=\"true\" class=\"wp-block-spacer\"><\/div>\n<\/div>\n<\/div>\n\n\n\n<div class=\"wp-block-columns are-vertically-aligned-center is-layout-flex wp-container-core-columns-is-layout-9d6595d7 wp-block-columns-is-layout-flex\">\n<div class=\"wp-block-column is-vertically-aligned-center is-layout-flow wp-block-column-is-layout-flow\"><div  class=\"tribe-block tribe-block__venue tribe-clearfix\" >\n\t\n\t\n<div class=\"tribe-block__venue__meta\">\n\t<div class=\"tribe-block__venue__name\">\n\t\t<h3>Aula Magna, ed. C11<\/h3>\n\t<\/div>\n\n\t\n\t\n\t\n\t\n\t<\/div>\n\t\n\t<\/div>\n<\/div>\n\n\n\n<div class=\"wp-block-column is-vertically-aligned-center is-layout-flow wp-block-column-is-layout-flow\" style=\"flex-basis:30%\">\n<div class=\"wp-block-group is-vertical is-content-justification-center is-layout-flex wp-container-core-group-is-layout-0472769e wp-block-group-is-layout-flex\">\t<div  class=\"tribe-block tribe-block__events-link\" >\n\t\t<div class=\"tribe-events tribe-common\">\n\t\t\t<div class=\"tribe-events-c-subscribe-dropdown__container\">\n\t\t\t\t<div class=\"tribe-events-c-subscribe-dropdown\">\n\t\t\t\t\t<div class=\"tribe-common-c-btn-border tribe-events-c-subscribe-dropdown__button\" tabindex=\"0\">\n\t\t\t\t\t\t<svg  class=\"tribe-common-c-svgicon tribe-common-c-svgicon--cal-export tribe-events-c-subscribe-dropdown__export-icon\"  viewBox=\"0 0 23 17\" xmlns=\"http:\/\/www.w3.org\/2000\/svg\">\n  <path fill-rule=\"evenodd\" clip-rule=\"evenodd\" d=\"M.128.896V16.13c0 .211.145.383.323.383h15.354c.179 0 .323-.172.323-.383V.896c0-.212-.144-.383-.323-.383H.451C.273.513.128.684.128.896Zm16 6.742h-.901V4.679H1.009v10.729h14.218v-3.336h.901V7.638ZM1.01 1.614h14.218v2.058H1.009V1.614Z\" \/>\n  <path d=\"M20.5 9.846H8.312M18.524 6.953l2.89 2.909-2.855 2.855\" stroke-width=\"1.2\" stroke-linecap=\"round\" stroke-linejoin=\"round\"\/>\n<\/svg>\n\t\t\t\t\t\t<button class=\"tribe-events-c-subscribe-dropdown__button-text\">\n\t\t\t\t\t\t\tSalva nel tuo calendario\t\t\t\t\t\t<\/button>\n\t\t\t\t\t\t<svg  class=\"tribe-common-c-svgicon tribe-common-c-svgicon--caret-down tribe-events-c-subscribe-dropdown__button-icon\"  viewBox=\"0 0 10 7\" xmlns=\"http:\/\/www.w3.org\/2000\/svg\"><path fill-rule=\"evenodd\" clip-rule=\"evenodd\" d=\"M1.008.609L5 4.6 8.992.61l.958.958L5 6.517.05 1.566l.958-.958z\" class=\"tribe-common-c-svgicon__svg-fill\"\/><\/svg>\n\t\t\t\t\t<\/div>\n\t\t\t\t\t<div class=\"tribe-events-c-subscribe-dropdown__content\">\n\t\t\t\t\t\t<ul class=\"tribe-events-c-subscribe-dropdown__list\" tabindex=\"0\">\n\t\t\t\t\t\t\t\t\t\t\t\t\t\t\t<li class=\"tribe-events-c-subscribe-dropdown__list-item\">\n\t\t\t\t\t\t\t\t\t<a\n\t\t\t\t\t\t\t\t\t\thref=\"https:\/\/www.google.com\/calendar\/event?action=TEMPLATE&#038;dates=20241119T160000\/20241119T170000&#038;text=Cerimonia%20di%20Intitolazione%20dell%26%238217%3BAula%20Magna%20dell%26%238217%3Bedificio%20C11%20al%20professor%20Giacomo%20Costa&#038;details=%3C%21--+wp%3Atribe%2Fevent-datetime+%2F--%3E%3C%21--+wp%3Acolumns+--%3E%3Cdiv+class%3D%22wp-block-columns%22%3E%3C%21--+wp%3Acolumn+%7B%22width%22%3A%22%22%7D+--%3E%3Cdiv+class%3D%22wp-block-column%22%3E%3C%21--+wp%3Aparagraph+--%3E%3Cp%3E%3Cstrong%3EMercoled%C3%AC+20+novembre+2024%3C%2Fstrong%3E%2C+alle%26nbsp%3B%3Cstrong%3Eore+16%3C%2Fstrong%3E%2C+si+svolger%C3%A0+la%26nbsp%3B%3Cstrong%3ECerimonia+di+Intitolazione+dell%27Aula+Magna+dell%27edificio+C11+del+campus+al+prof.+Giacomo+Costa%3C%2Fstrong%3E.%3C%2Fp%3E%3C%21--+%2Fwp%3Aparagraph+--%3E%3C%21--+wp%3Aparagraph+--%3E%3Cp%3ELa+cerimonia+proseguir%C3%A0+poi+con+il%26nbsp%3B%3Cstrong%3Eseminario+del+prof.+Yusuke+Morisawa%3C%2Fstrong%3E%2C+Visiting+professor+del+Centenario+presso+il%26nbsp%3B%3Cstrong%3EDipartimento+di+Scienze+Chimiche+e+Farmaceutiche+%28DSCF%29%3C%2Fstrong%3E.%3C%2Fp%3E%3C%21--+%2Fwp%3Aparagraph+--%3E%3C%21--+wp%3Aparagraph+--%3E%3Cp%3EIl+prof.%3Cstrong%3E%26nbsp%3BGiacomo+%20(View%20Full%20evento%20Description%20Here:%20https:\/\/100anni.units.it\/index.php\/evento\/cerimonia-di-intitolazione-dellaula-magna-delledificio-c11-al-professor-giacomo-costa\/)&#038;location=Aula%20Magna,%20ed.%20C11&#038;trp=false&#038;ctz=Europe\/Rome&#038;sprop=website:https:\/\/100anni.units.it\"\n\t\t\t\t\t\t\t\t\t\tclass=\"tribe-events-c-subscribe-dropdown__list-item-link\"\n\t\t\t\t\t\t\t\t\t\ttabindex=\"0\"\n\t\t\t\t\t\t\t\t\t\ttarget=\"_blank\"\n\t\t\t\t\t\t\t\t\t\trel=\"noopener noreferrer nofollow noindex\"\n\t\t\t\t\t\t\t\t\t>\n\t\t\t\t\t\t\t\t\t\tGoogle Calendar\t\t\t\t\t\t\t\t\t<\/a>\n\t\t\t\t\t\t\t\t<\/li>\n\t\t\t\t\t\t\t\t\t\t\t\t\t\t\t<li class=\"tribe-events-c-subscribe-dropdown__list-item\">\n\t\t\t\t\t\t\t\t\t<a\n\t\t\t\t\t\t\t\t\t\thref=\"\"\n\t\t\t\t\t\t\t\t\t\tclass=\"tribe-events-c-subscribe-dropdown__list-item-link\"\n\t\t\t\t\t\t\t\t\t\ttabindex=\"0\"\n\t\t\t\t\t\t\t\t\t\ttarget=\"_blank\"\n\t\t\t\t\t\t\t\t\t\trel=\"noopener noreferrer nofollow noindex\"\n\t\t\t\t\t\t\t\t\t>\n\t\t\t\t\t\t\t\t\t\tiCalendar\t\t\t\t\t\t\t\t\t<\/a>\n\t\t\t\t\t\t\t\t<\/li>\n\t\t\t\t\t\t\t\t\t\t\t\t\t\t\t<li class=\"tribe-events-c-subscribe-dropdown__list-item\">\n\t\t\t\t\t\t\t\t\t<a\n\t\t\t\t\t\t\t\t\t\thref=\"\"\n\t\t\t\t\t\t\t\t\t\tclass=\"tribe-events-c-subscribe-dropdown__list-item-link\"\n\t\t\t\t\t\t\t\t\t\ttabindex=\"0\"\n\t\t\t\t\t\t\t\t\t\ttarget=\"_blank\"\n\t\t\t\t\t\t\t\t\t\trel=\"noopener noreferrer nofollow noindex\"\n\t\t\t\t\t\t\t\t\t>\n\t\t\t\t\t\t\t\t\t\tOutlook 365\t\t\t\t\t\t\t\t\t<\/a>\n\t\t\t\t\t\t\t\t<\/li>\n\t\t\t\t\t\t\t\t\t\t\t\t\t\t\t<li class=\"tribe-events-c-subscribe-dropdown__list-item\">\n\t\t\t\t\t\t\t\t\t<a\n\t\t\t\t\t\t\t\t\t\thref=\"\"\n\t\t\t\t\t\t\t\t\t\tclass=\"tribe-events-c-subscribe-dropdown__list-item-link\"\n\t\t\t\t\t\t\t\t\t\ttabindex=\"0\"\n\t\t\t\t\t\t\t\t\t\ttarget=\"_blank\"\n\t\t\t\t\t\t\t\t\t\trel=\"noopener noreferrer nofollow noindex\"\n\t\t\t\t\t\t\t\t\t>\n\t\t\t\t\t\t\t\t\t\tOutlook Live\t\t\t\t\t\t\t\t\t<\/a>\n\t\t\t\t\t\t\t\t<\/li>\n\t\t\t\t\t\t\t\t\t\t\t\t\t<\/ul>\n\t\t\t\t\t<\/div>\n\t\t\t\t<\/div>\n\t\t\t<\/div>\n\t\t<\/div>\n\t<\/div>\n\n\n\n\n<div class=\"wp-block-buttons is-content-justification-center is-layout-flex wp-container-core-buttons-is-layout-16018d1d wp-block-buttons-is-layout-flex\">\n<div class=\"wp-block-button has-custom-width wp-block-button__width-100 is-style-primary\"><a class=\"wp-block-button__link wp-element-button\" href=\"https:\/\/100anni.units.it\/wp-content\/uploads\/2024\/11\/100UniTS_Program-Aula-Costa-20nov24.pdf\">scarica il programma<\/a><\/div>\n<\/div>\n<\/div>\n<\/div>\n<\/div>\n\n\n\n<div style=\"height:50px\" aria-hidden=\"true\" class=\"wp-block-spacer\"><\/div>\n\n\n\n<h3 class=\"wp-block-heading has-neve-link-color-color has-text-color\" style=\"text-transform:none\">Programma del giorno <\/h3>\n\n\n\n<p><strong>ore&nbsp;16:00 Intitolazione dell\u2019Aula Magna al Professor Giacomo Costa<\/strong><br>\u2022 Saluti istituzionali<br>\u2022 Ricordo del Professor Giacomo Costa da parte della Professoressa Giovanna Fronzoni<br>\u2022 Scopertura della Targa dedicata al Professor Giacomo Costa<\/p>\n\n\n\n<div class=\"wp-block-group\"><div class=\"wp-block-group__inner-container is-layout-constrained wp-block-group-is-layout-constrained\">\n<p><strong>ore&nbsp;16:30 Seminario del Professor Yusuke Morisawa, Visiting Professor presso il DSCF<\/strong><br>\u2022 Introduce il Prorettore Vicario dell\u2019Universit\u00e0 di Trieste, Professor Valter Sergo<br>\u2022 Seminario del Professor Yusuke Morisawa della School of Science and Engineering, Kindai University, Japan dal titolo:<br>\u201c<em><strong>Non-destructive spectroscopic analysis: Inspecting materials with invisible light<\/strong><\/em>\u201d<\/p>\n\n\n\n<div style=\"height:20px\" aria-hidden=\"true\" class=\"wp-block-spacer\"><\/div>\n<\/div><\/div>\n\n\n\n<div style=\"height:100px\" aria-hidden=\"true\" class=\"wp-block-spacer\"><\/div>\n","protected":false},"excerpt":{"rendered":"<p>Mercoled\u00ec 20 novembre 2024, alle\u00a0ore 16, si svolger\u00e0 la\u00a0Cerimonia di Intitolazione dell&#8217;Aula Magna dell&#8217;edificio C11 del campus al prof. Giacomo Costa.<\/p>\n","protected":false},"author":1,"featured_media":5841,"comment_status":"closed","ping_status":"closed","template":"","meta":{"neve_meta_sidebar":"","neve_meta_container":"","neve_meta_enable_content_width":"","neve_meta_content_width":0,"neve_meta_title_alignment":"","neve_meta_author_avatar":"","neve_post_elements_order":"","neve_meta_disable_header":"","neve_meta_disable_footer":"","neve_meta_disable_title":"","_EventAllDay":false,"_EventTimezone":"Europe\/Rome","_EventStartDate":"2024-11-19 16:00:00","_EventEndDate":"2024-11-19 17:00:00","_EventStartDateUTC":"2024-11-19 15:00:00","_EventEndDateUTC":"2024-11-19 16:00:00","_EventShowMap":false,"_EventShowMapLink":false,"_EventURL":"","_EventCost":"","_EventCostDescription":"","_EventCurrencySymbol":"\u20ac","_EventCurrencyCode":"EUR","_EventCurrencyPosition":"prefix","_EventDateTimeSeparator":" ore ","_EventTimeRangeSeparator":" - ","_EventOrganizerID":[],"_EventVenueID":[7602],"_OrganizerEmail":"","_OrganizerPhone":"","_OrganizerWebsite":"","_VenueAddress":"","_VenueCity":"","_VenueCountry":"","_VenueProvince":"","_VenueState":"","_VenueZip":"","_VenuePhone":"","_VenueURL":"","_VenueStateProvince":"","_VenueLat":"","_VenueLng":"","_VenueShowMap":false,"_VenueShowMapLink":false,"_ti_tpc_template_sync":false,"_ti_tpc_template_id":"","_tribe_events_status":"","_tribe_events_status_reason":"","footnotes":""},"tags":[],"tribe_events_cat":[3],"class_list":["post-7600","tribe_events","type-tribe_events","status-publish","has-post-thumbnail","hentry","tribe_events_cat-ateneo","cat_ateneo"],"yoast_head":"<!-- This site is optimized with the Yoast SEO plugin v21.0 - https:\/\/yoast.com\/wordpress\/plugins\/seo\/ -->\n<title>Cerimonia di Intitolazione dell&#039;Aula Magna dell&#039;edificio C11 al professor Giacomo Costa &ndash; #100UniTS<\/title>\n<meta name=\"description\" content=\"Mercoled\u00ec 20 novembre 2024, alle\u00a0ore 16, si svolger\u00e0 la\u00a0Cerimonia di Intitolazione dell&#039;Aula Magna dell&#039;edificio C11 del campus al prof. Giacomo Costa.\" \/>\n<meta name=\"robots\" content=\"index, follow, max-snippet:-1, max-image-preview:large, max-video-preview:-1\" \/>\n<link rel=\"canonical\" href=\"https:\/\/100anni.units.it\/index.php\/evento\/cerimonia-di-intitolazione-dellaula-magna-delledificio-c11-al-professor-giacomo-costa\/\" \/>\n<meta property=\"og:locale\" content=\"it_IT\" \/>\n<meta property=\"og:type\" content=\"article\" \/>\n<meta property=\"og:title\" content=\"Cerimonia di Intitolazione dell&#039;Aula Magna dell&#039;edificio C11 al professor Giacomo Costa &ndash; #100UniTS\" \/>\n<meta property=\"og:description\" content=\"Mercoled\u00ec 20 novembre 2024, alle\u00a0ore 16, si svolger\u00e0 la\u00a0Cerimonia di Intitolazione dell&#039;Aula Magna dell&#039;edificio C11 del campus al prof. Giacomo Costa.\" \/>\n<meta property=\"og:url\" content=\"https:\/\/100anni.units.it\/index.php\/evento\/cerimonia-di-intitolazione-dellaula-magna-delledificio-c11-al-professor-giacomo-costa\/\" \/>\n<meta property=\"og:site_name\" content=\"#100UniTS\" \/>\n<meta property=\"article:publisher\" content=\"https:\/\/www.facebook.com\/universitatrieste\" \/>\n<meta property=\"article:modified_time\" content=\"2024-11-19T15:33:41+00:00\" \/>\n<meta property=\"og:image\" content=\"https:\/\/100anni.units.it\/wp-content\/uploads\/2024\/06\/100units_il_centenario_16_9.png\" \/>\n\t<meta property=\"og:image:width\" content=\"1024\" \/>\n\t<meta property=\"og:image:height\" content=\"576\" \/>\n\t<meta property=\"og:image:type\" content=\"image\/png\" \/>\n<meta name=\"twitter:card\" content=\"summary_large_image\" \/>\n<meta name=\"twitter:site\" content=\"@UniTrieste\" \/>\n<meta name=\"twitter:label1\" content=\"Tempo di lettura stimato\" \/>\n\t<meta name=\"twitter:data1\" content=\"2 minuti\" \/>\n<script type=\"application\/ld+json\" class=\"yoast-schema-graph\">{\"@context\":\"https:\/\/schema.org\",\"@graph\":[{\"@type\":\"WebPage\",\"@id\":\"https:\/\/100anni.units.it\/index.php\/evento\/cerimonia-di-intitolazione-dellaula-magna-delledificio-c11-al-professor-giacomo-costa\/\",\"url\":\"https:\/\/100anni.units.it\/index.php\/evento\/cerimonia-di-intitolazione-dellaula-magna-delledificio-c11-al-professor-giacomo-costa\/\",\"name\":\"Cerimonia di Intitolazione dell'Aula Magna dell'edificio C11 al professor Giacomo Costa &ndash; #100UniTS\",\"isPartOf\":{\"@id\":\"https:\/\/100anni.units.it\/#website\"},\"datePublished\":\"2024-11-19T15:31:42+00:00\",\"dateModified\":\"2024-11-19T15:33:41+00:00\",\"description\":\"Mercoled\u00ec 20 novembre 2024, alle\u00a0ore 16, si svolger\u00e0 la\u00a0Cerimonia di Intitolazione dell'Aula Magna dell'edificio C11 del campus al prof. Giacomo Costa.\",\"breadcrumb\":{\"@id\":\"https:\/\/100anni.units.it\/index.php\/evento\/cerimonia-di-intitolazione-dellaula-magna-delledificio-c11-al-professor-giacomo-costa\/#breadcrumb\"},\"inLanguage\":\"it-IT\",\"potentialAction\":[{\"@type\":\"ReadAction\",\"target\":[\"https:\/\/100anni.units.it\/index.php\/evento\/cerimonia-di-intitolazione-dellaula-magna-delledificio-c11-al-professor-giacomo-costa\/\"]}]},{\"@type\":\"BreadcrumbList\",\"@id\":\"https:\/\/100anni.units.it\/index.php\/evento\/cerimonia-di-intitolazione-dellaula-magna-delledificio-c11-al-professor-giacomo-costa\/#breadcrumb\",\"itemListElement\":[{\"@type\":\"ListItem\",\"position\":1,\"name\":\"Eventi\",\"item\":\"https:\/\/100anni.units.it\/index.php\/eventi\/\"},{\"@type\":\"ListItem\",\"position\":2,\"name\":\"Cerimonia di Intitolazione dell&#8217;Aula Magna dell&#8217;edificio C11 al professor Giacomo Costa\"}]},{\"@type\":\"WebSite\",\"@id\":\"https:\/\/100anni.units.it\/#website\",\"url\":\"https:\/\/100anni.units.it\/\",\"name\":\"#100UniTS\",\"description\":\"Ogni giorno, da cento anni, con noi puoi scoprire ci\u00f2 che sar\u00e0 realt\u00e0 nel futuro. Celebriamo insieme un secolo di ricerca, eccellenza, creativit\u00e0 e ingegno umano.\",\"publisher\":{\"@id\":\"https:\/\/100anni.units.it\/#organization\"},\"potentialAction\":[{\"@type\":\"SearchAction\",\"target\":{\"@type\":\"EntryPoint\",\"urlTemplate\":\"https:\/\/100anni.units.it\/?s={search_term_string}\"},\"query-input\":\"required name=search_term_string\"}],\"inLanguage\":\"it-IT\"},{\"@type\":\"Organization\",\"@id\":\"https:\/\/100anni.units.it\/#organization\",\"name\":\"Universit\u00e0 degli Studi di Trieste\",\"alternateName\":\"UniTS\",\"url\":\"https:\/\/100anni.units.it\/\",\"logo\":{\"@type\":\"ImageObject\",\"inLanguage\":\"it-IT\",\"@id\":\"https:\/\/100anni.units.it\/#\/schema\/logo\/image\/\",\"url\":\"https:\/\/100anni.units.it\/wp-content\/uploads\/2023\/08\/units_sigillo.png\",\"contentUrl\":\"https:\/\/100anni.units.it\/wp-content\/uploads\/2023\/08\/units_sigillo.png\",\"width\":696,\"height\":696,\"caption\":\"Universit\u00e0 degli Studi di Trieste\"},\"image\":{\"@id\":\"https:\/\/100anni.units.it\/#\/schema\/logo\/image\/\"},\"sameAs\":[\"https:\/\/www.facebook.com\/universitatrieste\",\"https:\/\/twitter.com\/UniTrieste\"]}]}<\/script>\n<!-- \/ Yoast SEO plugin. -->","yoast_head_json":{"title":"Cerimonia di Intitolazione dell'Aula Magna dell'edificio C11 al professor Giacomo Costa &ndash; #100UniTS","description":"Mercoled\u00ec 20 novembre 2024, alle\u00a0ore 16, si svolger\u00e0 la\u00a0Cerimonia di Intitolazione dell'Aula Magna dell'edificio C11 del campus al prof. Giacomo Costa.","robots":{"index":"index","follow":"follow","max-snippet":"max-snippet:-1","max-image-preview":"max-image-preview:large","max-video-preview":"max-video-preview:-1"},"canonical":"https:\/\/100anni.units.it\/index.php\/evento\/cerimonia-di-intitolazione-dellaula-magna-delledificio-c11-al-professor-giacomo-costa\/","og_locale":"it_IT","og_type":"article","og_title":"Cerimonia di Intitolazione dell'Aula Magna dell'edificio C11 al professor Giacomo Costa &ndash; #100UniTS","og_description":"Mercoled\u00ec 20 novembre 2024, alle\u00a0ore 16, si svolger\u00e0 la\u00a0Cerimonia di Intitolazione dell'Aula Magna dell'edificio C11 del campus al prof. Giacomo Costa.","og_url":"https:\/\/100anni.units.it\/index.php\/evento\/cerimonia-di-intitolazione-dellaula-magna-delledificio-c11-al-professor-giacomo-costa\/","og_site_name":"#100UniTS","article_publisher":"https:\/\/www.facebook.com\/universitatrieste","article_modified_time":"2024-11-19T15:33:41+00:00","og_image":[{"width":1024,"height":576,"url":"https:\/\/100anni.units.it\/wp-content\/uploads\/2024\/06\/100units_il_centenario_16_9.png","type":"image\/png"}],"twitter_card":"summary_large_image","twitter_site":"@UniTrieste","twitter_misc":{"Tempo di lettura stimato":"2 minuti"},"schema":{"@context":"https:\/\/schema.org","@graph":[{"@type":"WebPage","@id":"https:\/\/100anni.units.it\/index.php\/evento\/cerimonia-di-intitolazione-dellaula-magna-delledificio-c11-al-professor-giacomo-costa\/","url":"https:\/\/100anni.units.it\/index.php\/evento\/cerimonia-di-intitolazione-dellaula-magna-delledificio-c11-al-professor-giacomo-costa\/","name":"Cerimonia di Intitolazione dell'Aula Magna dell'edificio C11 al professor Giacomo Costa &ndash; #100UniTS","isPartOf":{"@id":"https:\/\/100anni.units.it\/#website"},"datePublished":"2024-11-19T15:31:42+00:00","dateModified":"2024-11-19T15:33:41+00:00","description":"Mercoled\u00ec 20 novembre 2024, alle\u00a0ore 16, si svolger\u00e0 la\u00a0Cerimonia di Intitolazione dell'Aula Magna dell'edificio C11 del campus al prof. Giacomo Costa.","breadcrumb":{"@id":"https:\/\/100anni.units.it\/index.php\/evento\/cerimonia-di-intitolazione-dellaula-magna-delledificio-c11-al-professor-giacomo-costa\/#breadcrumb"},"inLanguage":"it-IT","potentialAction":[{"@type":"ReadAction","target":["https:\/\/100anni.units.it\/index.php\/evento\/cerimonia-di-intitolazione-dellaula-magna-delledificio-c11-al-professor-giacomo-costa\/"]}]},{"@type":"BreadcrumbList","@id":"https:\/\/100anni.units.it\/index.php\/evento\/cerimonia-di-intitolazione-dellaula-magna-delledificio-c11-al-professor-giacomo-costa\/#breadcrumb","itemListElement":[{"@type":"ListItem","position":1,"name":"Eventi","item":"https:\/\/100anni.units.it\/index.php\/eventi\/"},{"@type":"ListItem","position":2,"name":"Cerimonia di Intitolazione dell&#8217;Aula Magna dell&#8217;edificio C11 al professor Giacomo Costa"}]},{"@type":"WebSite","@id":"https:\/\/100anni.units.it\/#website","url":"https:\/\/100anni.units.it\/","name":"#100UniTS","description":"Ogni giorno, da cento anni, con noi puoi scoprire ci\u00f2 che sar\u00e0 realt\u00e0 nel futuro. Celebriamo insieme un secolo di ricerca, eccellenza, creativit\u00e0 e ingegno umano.","publisher":{"@id":"https:\/\/100anni.units.it\/#organization"},"potentialAction":[{"@type":"SearchAction","target":{"@type":"EntryPoint","urlTemplate":"https:\/\/100anni.units.it\/?s={search_term_string}"},"query-input":"required name=search_term_string"}],"inLanguage":"it-IT"},{"@type":"Organization","@id":"https:\/\/100anni.units.it\/#organization","name":"Universit\u00e0 degli Studi di Trieste","alternateName":"UniTS","url":"https:\/\/100anni.units.it\/","logo":{"@type":"ImageObject","inLanguage":"it-IT","@id":"https:\/\/100anni.units.it\/#\/schema\/logo\/image\/","url":"https:\/\/100anni.units.it\/wp-content\/uploads\/2023\/08\/units_sigillo.png","contentUrl":"https:\/\/100anni.units.it\/wp-content\/uploads\/2023\/08\/units_sigillo.png","width":696,"height":696,"caption":"Universit\u00e0 degli Studi di Trieste"},"image":{"@id":"https:\/\/100anni.units.it\/#\/schema\/logo\/image\/"},"sameAs":["https:\/\/www.facebook.com\/universitatrieste","https:\/\/twitter.com\/UniTrieste"]}]}},"_links":{"self":[{"href":"https:\/\/100anni.units.it\/index.php\/wp-json\/wp\/v2\/tribe_events\/7600","targetHints":{"allow":["GET"]}}],"collection":[{"href":"https:\/\/100anni.units.it\/index.php\/wp-json\/wp\/v2\/tribe_events"}],"about":[{"href":"https:\/\/100anni.units.it\/index.php\/wp-json\/wp\/v2\/types\/tribe_events"}],"author":[{"embeddable":true,"href":"https:\/\/100anni.units.it\/index.php\/wp-json\/wp\/v2\/users\/1"}],"replies":[{"embeddable":true,"href":"https:\/\/100anni.units.it\/index.php\/wp-json\/wp\/v2\/comments?post=7600"}],"version-history":[{"count":3,"href":"https:\/\/100anni.units.it\/index.php\/wp-json\/wp\/v2\/tribe_events\/7600\/revisions"}],"predecessor-version":[{"id":7606,"href":"https:\/\/100anni.units.it\/index.php\/wp-json\/wp\/v2\/tribe_events\/7600\/revisions\/7606"}],"wp:featuredmedia":[{"embeddable":true,"href":"https:\/\/100anni.units.it\/index.php\/wp-json\/wp\/v2\/media\/5841"}],"wp:attachment":[{"href":"https:\/\/100anni.units.it\/index.php\/wp-json\/wp\/v2\/media?parent=7600"}],"wp:term":[{"taxonomy":"post_tag","embeddable":true,"href":"https:\/\/100anni.units.it\/index.php\/wp-json\/wp\/v2\/tags?post=7600"},{"taxonomy":"tribe_events_cat","embeddable":true,"href":"https:\/\/100anni.units.it\/index.php\/wp-json\/wp\/v2\/tribe_events_cat?post=7600"}],"curies":[{"name":"wp","href":"https:\/\/api.w.org\/{rel}","templated":true}]}}