{"id":7621,"date":"2024-11-20T12:36:49","date_gmt":"2024-11-20T11:36:49","guid":{"rendered":"https:\/\/100anni.units.it\/?post_type=tribe_events&#038;p=7621"},"modified":"2024-11-29T14:40:28","modified_gmt":"2024-11-29T13:40:28","slug":"cerimonia-di-annullo-del-francobollo-del-centenario-units","status":"publish","type":"tribe_events","link":"https:\/\/100anni.units.it\/index.php\/evento\/cerimonia-di-annullo-del-francobollo-del-centenario-units\/","title":{"rendered":"Cerimonia di annullo del Francobollo del Centenario UniTS"},"content":{"rendered":"<div  class=\"tribe-events-schedule tribe-clearfix\" >\n\t<h2 class=\"tribe-events-schedule__datetime\">\n\t\t<span class=\"tribe-events-schedule__date tribe-events-schedule__date--start\">\n\t\t\t20 Novembre 2024\t\t<\/span>\n\n\t\t\t\t\t<span class=\"tribe-events-schedule__all-day\">Giornata intera<\/span>\n\t\t\n\t\t\t<\/h2>\n<\/div>\n\n\n\n<div class=\"wp-block-columns is-layout-flex wp-container-core-columns-is-layout-9d6595d7 wp-block-columns-is-layout-flex\">\n<div class=\"wp-block-column is-layout-flow wp-block-column-is-layout-flow\">\n<p>In occasione delle celebrazioni per il Centenario dell&#8217;Universit\u00e0 degli Studi di Trieste, <strong>gioved\u00ec 21 novembre alle ore 17.00<\/strong>, presso la <strong>Sala Biblioteca di Palazzo Piacentini a Roma <\/strong>si terr\u00e0 la cerimonia di annullo del francobollo dedicato a questo anniversario speciale.<\/p>\n\n\n\n<p>All&#8217;evento, al quale presenzieranno il ministro delle Imprese e del Made in Italy, <strong>Adolfo Urso<\/strong>, il ministro dell\u2019Universit\u00e0 e della Ricerca, <strong>Anna Maria Bernini<\/strong> e il sottosegretario di Stato con delega alla filatelia, <strong>Fausta Bergamotto<\/strong>, verranno svelati i&nbsp;Francobolli ordinari appartenenti alla serie tematica<em> <\/em>&#8220;<strong>le Eccellenze del sapere<\/strong>&#8221; dedicati alla formazione dei giovani dedicati rispettivamente all&#8217;Universit\u00e0\u0300 degli studi di Napoli \u201cFederico II\u201d, nell\u2019800\u00b0 anniversario della fondazione; all&#8217;Universit\u00e0 degli Studi di Trieste, nel centenario della fondazione e all&#8217;Universit\u00e0 degli Studi di Firenze, nel centenario della fondazione.<\/p>\n\n\n\n<p class=\"has-neve-link-color-color has-text-color\">Accesso su invito<\/p>\n<\/div>\n\n\n\n<div class=\"wp-block-column is-vertically-aligned-top is-layout-flow wp-block-column-is-layout-flow\" style=\"flex-basis:30%\">\n<figure class=\"wp-block-image size-large\"><img loading=\"lazy\" decoding=\"async\" width=\"1024\" height=\"626\" src=\"https:\/\/100anni.units.it\/wp-content\/uploads\/2023\/08\/100units_ill_centenario-1024x626.png\" alt=\"immagine di campagna #100UniTS, illustrazione dell'Ateneo\" class=\"wp-image-99\" srcset=\"https:\/\/100anni.units.it\/wp-content\/uploads\/2023\/08\/100units_ill_centenario-1024x626.png 1024w, https:\/\/100anni.units.it\/wp-content\/uploads\/2023\/08\/100units_ill_centenario-300x183.png 300w, https:\/\/100anni.units.it\/wp-content\/uploads\/2023\/08\/100units_ill_centenario-768x469.png 768w, https:\/\/100anni.units.it\/wp-content\/uploads\/2023\/08\/100units_ill_centenario-1536x938.png 1536w, https:\/\/100anni.units.it\/wp-content\/uploads\/2023\/08\/100units_ill_centenario-2048x1251.png 2048w\" sizes=\"auto, (max-width: 1024px) 100vw, 1024px\" \/><\/figure>\n<\/div>\n<\/div>\n\n\n\n<div class=\"wp-block-columns are-vertically-aligned-center is-layout-flex wp-container-core-columns-is-layout-9d6595d7 wp-block-columns-is-layout-flex\">\n<div class=\"wp-block-column is-vertically-aligned-center is-layout-flow wp-block-column-is-layout-flow\"><div  class=\"tribe-block tribe-block__venue tribe-clearfix\" >\n\t\n\t\n<div class=\"tribe-block__venue__meta\">\n\t<div class=\"tribe-block__venue__name\">\n\t\t<h3>Sala Biblioteca di Palazzo Piacentini<\/h3>\n\t<\/div>\n\n\t\n\t\t\t<address class=\"tribe-block__venue__address\">\n\t\t\t<span class=\"tribe-address\">\n\n\n\t<span class=\"tribe-locality\">Roma<\/span><span class=\"tribe-delimiter\">,<\/span>\n\n\n\n\n<\/span>\n\n\t\t\t\t\t<\/address>\n\t\n\t\n\t\n\t<\/div>\n\t\n\t<\/div>\n<\/div>\n\n\n\n<div class=\"wp-block-column is-vertically-aligned-center is-layout-flow wp-block-column-is-layout-flow\" style=\"flex-basis:30%\">\n<div class=\"wp-block-group is-vertical is-content-justification-center is-layout-flex wp-container-core-group-is-layout-0472769e wp-block-group-is-layout-flex\">\t<div  class=\"tribe-block tribe-block__events-link\" >\n\t\t<div class=\"tribe-events tribe-common\">\n\t\t\t<div class=\"tribe-events-c-subscribe-dropdown__container\">\n\t\t\t\t<div class=\"tribe-events-c-subscribe-dropdown\">\n\t\t\t\t\t<div class=\"tribe-common-c-btn-border tribe-events-c-subscribe-dropdown__button\" tabindex=\"0\">\n\t\t\t\t\t\t<svg  class=\"tribe-common-c-svgicon tribe-common-c-svgicon--cal-export tribe-events-c-subscribe-dropdown__export-icon\"  viewBox=\"0 0 23 17\" xmlns=\"http:\/\/www.w3.org\/2000\/svg\">\n  <path fill-rule=\"evenodd\" clip-rule=\"evenodd\" d=\"M.128.896V16.13c0 .211.145.383.323.383h15.354c.179 0 .323-.172.323-.383V.896c0-.212-.144-.383-.323-.383H.451C.273.513.128.684.128.896Zm16 6.742h-.901V4.679H1.009v10.729h14.218v-3.336h.901V7.638ZM1.01 1.614h14.218v2.058H1.009V1.614Z\" \/>\n  <path d=\"M20.5 9.846H8.312M18.524 6.953l2.89 2.909-2.855 2.855\" stroke-width=\"1.2\" stroke-linecap=\"round\" stroke-linejoin=\"round\"\/>\n<\/svg>\n\t\t\t\t\t\t<button class=\"tribe-events-c-subscribe-dropdown__button-text\">\n\t\t\t\t\t\t\tSalva nel tuo calendario\t\t\t\t\t\t<\/button>\n\t\t\t\t\t\t<svg  class=\"tribe-common-c-svgicon tribe-common-c-svgicon--caret-down tribe-events-c-subscribe-dropdown__button-icon\"  viewBox=\"0 0 10 7\" xmlns=\"http:\/\/www.w3.org\/2000\/svg\"><path fill-rule=\"evenodd\" clip-rule=\"evenodd\" d=\"M1.008.609L5 4.6 8.992.61l.958.958L5 6.517.05 1.566l.958-.958z\" class=\"tribe-common-c-svgicon__svg-fill\"\/><\/svg>\n\t\t\t\t\t<\/div>\n\t\t\t\t\t<div class=\"tribe-events-c-subscribe-dropdown__content\">\n\t\t\t\t\t\t<ul class=\"tribe-events-c-subscribe-dropdown__list\" tabindex=\"0\">\n\t\t\t\t\t\t\t\t\t\t\t\t\t\t\t<li class=\"tribe-events-c-subscribe-dropdown__list-item\">\n\t\t\t\t\t\t\t\t\t<a\n\t\t\t\t\t\t\t\t\t\thref=\"https:\/\/www.google.com\/calendar\/event?action=TEMPLATE&#038;dates=20241120T000000\/20241120T235959&#038;text=Cerimonia%20di%20annullo%20del%20Francobollo%20del%20Centenario%20UniTS&#038;details=%3C%21--+wp%3Atribe%2Fevent-datetime+%2F--%3E%3C%21--+wp%3Acolumns+--%3E%3Cdiv+class%3D%22wp-block-columns%22%3E%3C%21--+wp%3Acolumn+%7B%22width%22%3A%22%22%7D+--%3E%3Cdiv+class%3D%22wp-block-column%22%3E%3C%21--+wp%3Aparagraph+--%3E%3Cp%3EIn+occasione+delle+celebrazioni+per+il+Centenario+dell%27Universit%C3%A0+degli+Studi+di+Trieste%2C+%3Cstrong%3Egioved%C3%AC+21+novembre+alle+ore+17.00%3C%2Fstrong%3E%2C+presso+la+%3Cstrong%3ESala+Biblioteca+di+Palazzo+Piacentini+a+Roma+%3C%2Fstrong%3Esi+terr%C3%A0+la+cerimonia+di+annullo+del+francobollo+dedicato+a+questo+anniversario+speciale.%3C%2Fp%3E%3C%21--+%2Fwp%3Aparagraph+--%3E%3C%21--+wp%3Aparagraph+--%3E%3Cp%3EAll%27evento%2C+al+quale+presenzieranno+il+ministro+delle+Imprese+e+del+Made+in+Italy%2C+%3Cstrong%3EAdolfo+Urso%3C%2Fstrong%3E%2C+il+ministro+dell%E2%80%99Universit%C3%A0+e+della+Ricerca%2C+%3Cstrong%3EAnna+Maria+Bernini%3C%2Fstrong%3E+e+il+sottosegretario+di+Stato+con+delega+alla+filatelia%2C+%3Cstrong%%20(View%20Full%20evento%20Description%20Here:%20https:\/\/100anni.units.it\/index.php\/evento\/cerimonia-di-annullo-del-francobollo-del-centenario-units\/)&#038;location=Sala%20Biblioteca%20di%20Palazzo%20Piacentini,%20Roma&#038;trp=false&#038;ctz=Europe\/Rome&#038;sprop=website:https:\/\/100anni.units.it\"\n\t\t\t\t\t\t\t\t\t\tclass=\"tribe-events-c-subscribe-dropdown__list-item-link\"\n\t\t\t\t\t\t\t\t\t\ttabindex=\"0\"\n\t\t\t\t\t\t\t\t\t\ttarget=\"_blank\"\n\t\t\t\t\t\t\t\t\t\trel=\"noopener noreferrer nofollow noindex\"\n\t\t\t\t\t\t\t\t\t>\n\t\t\t\t\t\t\t\t\t\tGoogle Calendar\t\t\t\t\t\t\t\t\t<\/a>\n\t\t\t\t\t\t\t\t<\/li>\n\t\t\t\t\t\t\t\t\t\t\t\t\t\t\t<li class=\"tribe-events-c-subscribe-dropdown__list-item\">\n\t\t\t\t\t\t\t\t\t<a\n\t\t\t\t\t\t\t\t\t\thref=\"\"\n\t\t\t\t\t\t\t\t\t\tclass=\"tribe-events-c-subscribe-dropdown__list-item-link\"\n\t\t\t\t\t\t\t\t\t\ttabindex=\"0\"\n\t\t\t\t\t\t\t\t\t\ttarget=\"_blank\"\n\t\t\t\t\t\t\t\t\t\trel=\"noopener noreferrer nofollow noindex\"\n\t\t\t\t\t\t\t\t\t>\n\t\t\t\t\t\t\t\t\t\tiCalendar\t\t\t\t\t\t\t\t\t<\/a>\n\t\t\t\t\t\t\t\t<\/li>\n\t\t\t\t\t\t\t\t\t\t\t\t\t\t\t<li class=\"tribe-events-c-subscribe-dropdown__list-item\">\n\t\t\t\t\t\t\t\t\t<a\n\t\t\t\t\t\t\t\t\t\thref=\"\"\n\t\t\t\t\t\t\t\t\t\tclass=\"tribe-events-c-subscribe-dropdown__list-item-link\"\n\t\t\t\t\t\t\t\t\t\ttabindex=\"0\"\n\t\t\t\t\t\t\t\t\t\ttarget=\"_blank\"\n\t\t\t\t\t\t\t\t\t\trel=\"noopener noreferrer nofollow noindex\"\n\t\t\t\t\t\t\t\t\t>\n\t\t\t\t\t\t\t\t\t\tOutlook 365\t\t\t\t\t\t\t\t\t<\/a>\n\t\t\t\t\t\t\t\t<\/li>\n\t\t\t\t\t\t\t\t\t\t\t\t\t\t\t<li class=\"tribe-events-c-subscribe-dropdown__list-item\">\n\t\t\t\t\t\t\t\t\t<a\n\t\t\t\t\t\t\t\t\t\thref=\"\"\n\t\t\t\t\t\t\t\t\t\tclass=\"tribe-events-c-subscribe-dropdown__list-item-link\"\n\t\t\t\t\t\t\t\t\t\ttabindex=\"0\"\n\t\t\t\t\t\t\t\t\t\ttarget=\"_blank\"\n\t\t\t\t\t\t\t\t\t\trel=\"noopener noreferrer nofollow noindex\"\n\t\t\t\t\t\t\t\t\t>\n\t\t\t\t\t\t\t\t\t\tOutlook Live\t\t\t\t\t\t\t\t\t<\/a>\n\t\t\t\t\t\t\t\t<\/li>\n\t\t\t\t\t\t\t\t\t\t\t\t\t<\/ul>\n\t\t\t\t\t<\/div>\n\t\t\t\t<\/div>\n\t\t\t<\/div>\n\t\t<\/div>\n\t<\/div>\n\n<\/div>\n<\/div>\n<\/div>\n\n\n\n<h3 class=\"wp-block-heading has-neve-link-color-color has-text-color\" style=\"text-transform:none\">Programma della cerimonia<\/h3>\n\n\n\n<div class=\"wp-block-group\"><div class=\"wp-block-group__inner-container is-layout-constrained wp-block-group-is-layout-constrained\">\n<p><strong>Ore 16:45<\/strong> : Ingresso<\/p>\n\n\n\n<p><strong>Ore 17:00<\/strong> : Apertura dei lavori <br>\u00b7 Saluto di benvenuto del sottosegretario di Stato con delegato alla filatelia, Fausta Bergamotto<br>\u00b7 Saluto presidente Conferenza Rettori delle Universit\u00e0 Italiane, Giovanna Iannantuoni (TBC)<br>\u00b7 Intervento rettore universit\u00e0 di Trieste, Roberto Di Lenarda<br>\u00b7 Intervento rettore universit\u00e0 di Firenze, Alessandra Petrucci<br>\u00b7 Intervento rettore universit\u00e0 Federico II di Napoli, Matteo Lorito<br>\u00b7 Intervento responsabile filatelia di Poligrafico e Zecca dello Stato, Luca Sciascia<br>\u00b7 Intervento responsabile filatelia di Poste Italiane, Giovanni Machetti<br>\u00b7 Intervento del ministro dell\u2019Universit\u00e0 e della Ricerca, Anna Maria Bernini<br>\u00b7 Intervento del ministro delle Imprese e del Made in Italy, Adolfo Urso<\/p>\n\n\n\n<p><strong>Ore 17:40 <\/strong>: Scopertura cartolina con tutte le emissioni, firma maxicartolina<\/p>\n\n\n\n<p><strong>Ore 17:45<\/strong> : Cerimonia per ogni universit\u00e0<br>\u00b7 Foto opportunity<br>\u00b7 Annullo filitetico<\/p>\n\n\n\n<p><strong>Ore 17.55<\/strong> : Foto di gruppo con maxicartolina<\/p>\n\n\n\n<p><strong>Ore 18.00<\/strong> : Fine cerimonia<\/p>\n\n\n\n<div style=\"height:20px\" aria-hidden=\"true\" class=\"wp-block-spacer\"><\/div>\n<\/div><\/div>\n\n\n\n<div style=\"height:100px\" aria-hidden=\"true\" class=\"wp-block-spacer\"><\/div>\n","protected":false},"excerpt":{"rendered":"<p>In occasione delle celebrazioni per il Centenario dell&#8217;Universit\u00e0 degli Studi di Trieste, gioved\u00ec 21 novembre alle ore 17.00, presso la Sala Biblioteca di Palazzo Piacentini si terr\u00e0 la cerimonia di annullo del francobollo dedicato a questo anniversario speciale.<\/p>\n","protected":false},"author":1,"featured_media":5841,"comment_status":"closed","ping_status":"closed","template":"","meta":{"neve_meta_sidebar":"","neve_meta_container":"","neve_meta_enable_content_width":"","neve_meta_content_width":0,"neve_meta_title_alignment":"","neve_meta_author_avatar":"","neve_post_elements_order":"","neve_meta_disable_header":"","neve_meta_disable_footer":"","neve_meta_disable_title":"","_EventAllDay":true,"_EventTimezone":"Europe\/Rome","_EventStartDate":"2024-11-20 00:00:00","_EventEndDate":"2024-11-20 23:59:59","_EventStartDateUTC":"2024-11-19 23:00:00","_EventEndDateUTC":"2024-11-20 22:59:59","_EventShowMap":false,"_EventShowMapLink":false,"_EventURL":"","_EventCost":"","_EventCostDescription":"","_EventCurrencySymbol":"\u20ac","_EventCurrencyCode":"EUR","_EventCurrencyPosition":"prefix","_EventDateTimeSeparator":" ore ","_EventTimeRangeSeparator":" - ","_EventOrganizerID":[],"_EventVenueID":[7622],"_OrganizerEmail":"","_OrganizerPhone":"","_OrganizerWebsite":"","_VenueAddress":"","_VenueCity":"","_VenueCountry":"","_VenueProvince":"","_VenueState":"","_VenueZip":"","_VenuePhone":"","_VenueURL":"","_VenueStateProvince":"","_VenueLat":"","_VenueLng":"","_VenueShowMap":false,"_VenueShowMapLink":false,"_ti_tpc_template_sync":false,"_ti_tpc_template_id":"","_tribe_events_status":"","_tribe_events_status_reason":"","footnotes":""},"tags":[],"tribe_events_cat":[3],"class_list":["post-7621","tribe_events","type-tribe_events","status-publish","has-post-thumbnail","hentry","tribe_events_cat-ateneo","cat_ateneo"],"yoast_head":"<!-- This site is optimized with the Yoast SEO plugin v21.0 - https:\/\/yoast.com\/wordpress\/plugins\/seo\/ -->\n<title>Cerimonia di annullo del Francobollo del Centenario UniTS &ndash; #100UniTS<\/title>\n<meta name=\"description\" content=\"In occasione delle celebrazioni per il Centenario dell&#039;Universit\u00e0 degli Studi di Trieste, gioved\u00ec 21 novembre alle ore 17.00, presso la Sala Biblioteca di Palazzo Piacentini si terr\u00e0 la cerimonia di annullo del francobollo dedicato a questo anniversario speciale.\" \/>\n<meta name=\"robots\" content=\"index, follow, max-snippet:-1, max-image-preview:large, max-video-preview:-1\" \/>\n<link rel=\"canonical\" href=\"https:\/\/100anni.units.it\/index.php\/evento\/cerimonia-di-annullo-del-francobollo-del-centenario-units\/\" \/>\n<meta property=\"og:locale\" content=\"it_IT\" \/>\n<meta property=\"og:type\" content=\"article\" \/>\n<meta property=\"og:title\" content=\"Cerimonia di annullo del Francobollo del Centenario UniTS &ndash; #100UniTS\" \/>\n<meta property=\"og:description\" content=\"In occasione delle celebrazioni per il Centenario dell&#039;Universit\u00e0 degli Studi di Trieste, gioved\u00ec 21 novembre alle ore 17.00, presso la Sala Biblioteca di Palazzo Piacentini si terr\u00e0 la cerimonia di annullo del francobollo dedicato a questo anniversario speciale.\" \/>\n<meta property=\"og:url\" content=\"https:\/\/100anni.units.it\/index.php\/evento\/cerimonia-di-annullo-del-francobollo-del-centenario-units\/\" \/>\n<meta property=\"og:site_name\" content=\"#100UniTS\" \/>\n<meta property=\"article:publisher\" content=\"https:\/\/www.facebook.com\/universitatrieste\" \/>\n<meta property=\"article:modified_time\" content=\"2024-11-29T13:40:28+00:00\" \/>\n<meta property=\"og:image\" content=\"https:\/\/100anni.units.it\/wp-content\/uploads\/2024\/06\/100units_il_centenario_16_9.png\" \/>\n\t<meta property=\"og:image:width\" content=\"1024\" \/>\n\t<meta property=\"og:image:height\" content=\"576\" \/>\n\t<meta property=\"og:image:type\" content=\"image\/png\" \/>\n<meta name=\"twitter:card\" content=\"summary_large_image\" \/>\n<meta name=\"twitter:site\" content=\"@UniTrieste\" \/>\n<meta name=\"twitter:label1\" content=\"Tempo di lettura stimato\" \/>\n\t<meta name=\"twitter:data1\" content=\"2 minuti\" \/>\n<script type=\"application\/ld+json\" class=\"yoast-schema-graph\">{\"@context\":\"https:\/\/schema.org\",\"@graph\":[{\"@type\":\"WebPage\",\"@id\":\"https:\/\/100anni.units.it\/index.php\/evento\/cerimonia-di-annullo-del-francobollo-del-centenario-units\/\",\"url\":\"https:\/\/100anni.units.it\/index.php\/evento\/cerimonia-di-annullo-del-francobollo-del-centenario-units\/\",\"name\":\"Cerimonia di annullo del Francobollo del Centenario UniTS &ndash; #100UniTS\",\"isPartOf\":{\"@id\":\"https:\/\/100anni.units.it\/#website\"},\"datePublished\":\"2024-11-20T11:36:49+00:00\",\"dateModified\":\"2024-11-29T13:40:28+00:00\",\"description\":\"In occasione delle celebrazioni per il Centenario dell'Universit\u00e0 degli Studi di Trieste, gioved\u00ec 21 novembre alle ore 17.00, presso la Sala Biblioteca di Palazzo Piacentini si terr\u00e0 la cerimonia di annullo del francobollo dedicato a questo anniversario speciale.\",\"breadcrumb\":{\"@id\":\"https:\/\/100anni.units.it\/index.php\/evento\/cerimonia-di-annullo-del-francobollo-del-centenario-units\/#breadcrumb\"},\"inLanguage\":\"it-IT\",\"potentialAction\":[{\"@type\":\"ReadAction\",\"target\":[\"https:\/\/100anni.units.it\/index.php\/evento\/cerimonia-di-annullo-del-francobollo-del-centenario-units\/\"]}]},{\"@type\":\"BreadcrumbList\",\"@id\":\"https:\/\/100anni.units.it\/index.php\/evento\/cerimonia-di-annullo-del-francobollo-del-centenario-units\/#breadcrumb\",\"itemListElement\":[{\"@type\":\"ListItem\",\"position\":1,\"name\":\"Eventi\",\"item\":\"https:\/\/100anni.units.it\/index.php\/eventi\/\"},{\"@type\":\"ListItem\",\"position\":2,\"name\":\"Cerimonia di annullo del Francobollo del Centenario UniTS\"}]},{\"@type\":\"WebSite\",\"@id\":\"https:\/\/100anni.units.it\/#website\",\"url\":\"https:\/\/100anni.units.it\/\",\"name\":\"#100UniTS\",\"description\":\"Ogni giorno, da cento anni, con noi puoi scoprire ci\u00f2 che sar\u00e0 realt\u00e0 nel futuro. Celebriamo insieme un secolo di ricerca, eccellenza, creativit\u00e0 e ingegno umano.\",\"publisher\":{\"@id\":\"https:\/\/100anni.units.it\/#organization\"},\"potentialAction\":[{\"@type\":\"SearchAction\",\"target\":{\"@type\":\"EntryPoint\",\"urlTemplate\":\"https:\/\/100anni.units.it\/?s={search_term_string}\"},\"query-input\":\"required name=search_term_string\"}],\"inLanguage\":\"it-IT\"},{\"@type\":\"Organization\",\"@id\":\"https:\/\/100anni.units.it\/#organization\",\"name\":\"Universit\u00e0 degli Studi di Trieste\",\"alternateName\":\"UniTS\",\"url\":\"https:\/\/100anni.units.it\/\",\"logo\":{\"@type\":\"ImageObject\",\"inLanguage\":\"it-IT\",\"@id\":\"https:\/\/100anni.units.it\/#\/schema\/logo\/image\/\",\"url\":\"https:\/\/100anni.units.it\/wp-content\/uploads\/2023\/08\/units_sigillo.png\",\"contentUrl\":\"https:\/\/100anni.units.it\/wp-content\/uploads\/2023\/08\/units_sigillo.png\",\"width\":696,\"height\":696,\"caption\":\"Universit\u00e0 degli Studi di Trieste\"},\"image\":{\"@id\":\"https:\/\/100anni.units.it\/#\/schema\/logo\/image\/\"},\"sameAs\":[\"https:\/\/www.facebook.com\/universitatrieste\",\"https:\/\/twitter.com\/UniTrieste\"]}]}<\/script>\n<!-- \/ Yoast SEO plugin. -->","yoast_head_json":{"title":"Cerimonia di annullo del Francobollo del Centenario UniTS &ndash; #100UniTS","description":"In occasione delle celebrazioni per il Centenario dell'Universit\u00e0 degli Studi di Trieste, gioved\u00ec 21 novembre alle ore 17.00, presso la Sala Biblioteca di Palazzo Piacentini si terr\u00e0 la cerimonia di annullo del francobollo dedicato a questo anniversario speciale.","robots":{"index":"index","follow":"follow","max-snippet":"max-snippet:-1","max-image-preview":"max-image-preview:large","max-video-preview":"max-video-preview:-1"},"canonical":"https:\/\/100anni.units.it\/index.php\/evento\/cerimonia-di-annullo-del-francobollo-del-centenario-units\/","og_locale":"it_IT","og_type":"article","og_title":"Cerimonia di annullo del Francobollo del Centenario UniTS &ndash; #100UniTS","og_description":"In occasione delle celebrazioni per il Centenario dell'Universit\u00e0 degli Studi di Trieste, gioved\u00ec 21 novembre alle ore 17.00, presso la Sala Biblioteca di Palazzo Piacentini si terr\u00e0 la cerimonia di annullo del francobollo dedicato a questo anniversario speciale.","og_url":"https:\/\/100anni.units.it\/index.php\/evento\/cerimonia-di-annullo-del-francobollo-del-centenario-units\/","og_site_name":"#100UniTS","article_publisher":"https:\/\/www.facebook.com\/universitatrieste","article_modified_time":"2024-11-29T13:40:28+00:00","og_image":[{"width":1024,"height":576,"url":"https:\/\/100anni.units.it\/wp-content\/uploads\/2024\/06\/100units_il_centenario_16_9.png","type":"image\/png"}],"twitter_card":"summary_large_image","twitter_site":"@UniTrieste","twitter_misc":{"Tempo di lettura stimato":"2 minuti"},"schema":{"@context":"https:\/\/schema.org","@graph":[{"@type":"WebPage","@id":"https:\/\/100anni.units.it\/index.php\/evento\/cerimonia-di-annullo-del-francobollo-del-centenario-units\/","url":"https:\/\/100anni.units.it\/index.php\/evento\/cerimonia-di-annullo-del-francobollo-del-centenario-units\/","name":"Cerimonia di annullo del Francobollo del Centenario UniTS &ndash; #100UniTS","isPartOf":{"@id":"https:\/\/100anni.units.it\/#website"},"datePublished":"2024-11-20T11:36:49+00:00","dateModified":"2024-11-29T13:40:28+00:00","description":"In occasione delle celebrazioni per il Centenario dell'Universit\u00e0 degli Studi di Trieste, gioved\u00ec 21 novembre alle ore 17.00, presso la Sala Biblioteca di Palazzo Piacentini si terr\u00e0 la cerimonia di annullo del francobollo dedicato a questo anniversario speciale.","breadcrumb":{"@id":"https:\/\/100anni.units.it\/index.php\/evento\/cerimonia-di-annullo-del-francobollo-del-centenario-units\/#breadcrumb"},"inLanguage":"it-IT","potentialAction":[{"@type":"ReadAction","target":["https:\/\/100anni.units.it\/index.php\/evento\/cerimonia-di-annullo-del-francobollo-del-centenario-units\/"]}]},{"@type":"BreadcrumbList","@id":"https:\/\/100anni.units.it\/index.php\/evento\/cerimonia-di-annullo-del-francobollo-del-centenario-units\/#breadcrumb","itemListElement":[{"@type":"ListItem","position":1,"name":"Eventi","item":"https:\/\/100anni.units.it\/index.php\/eventi\/"},{"@type":"ListItem","position":2,"name":"Cerimonia di annullo del Francobollo del Centenario UniTS"}]},{"@type":"WebSite","@id":"https:\/\/100anni.units.it\/#website","url":"https:\/\/100anni.units.it\/","name":"#100UniTS","description":"Ogni giorno, da cento anni, con noi puoi scoprire ci\u00f2 che sar\u00e0 realt\u00e0 nel futuro. Celebriamo insieme un secolo di ricerca, eccellenza, creativit\u00e0 e ingegno umano.","publisher":{"@id":"https:\/\/100anni.units.it\/#organization"},"potentialAction":[{"@type":"SearchAction","target":{"@type":"EntryPoint","urlTemplate":"https:\/\/100anni.units.it\/?s={search_term_string}"},"query-input":"required name=search_term_string"}],"inLanguage":"it-IT"},{"@type":"Organization","@id":"https:\/\/100anni.units.it\/#organization","name":"Universit\u00e0 degli Studi di Trieste","alternateName":"UniTS","url":"https:\/\/100anni.units.it\/","logo":{"@type":"ImageObject","inLanguage":"it-IT","@id":"https:\/\/100anni.units.it\/#\/schema\/logo\/image\/","url":"https:\/\/100anni.units.it\/wp-content\/uploads\/2023\/08\/units_sigillo.png","contentUrl":"https:\/\/100anni.units.it\/wp-content\/uploads\/2023\/08\/units_sigillo.png","width":696,"height":696,"caption":"Universit\u00e0 degli Studi di Trieste"},"image":{"@id":"https:\/\/100anni.units.it\/#\/schema\/logo\/image\/"},"sameAs":["https:\/\/www.facebook.com\/universitatrieste","https:\/\/twitter.com\/UniTrieste"]}]}},"_links":{"self":[{"href":"https:\/\/100anni.units.it\/index.php\/wp-json\/wp\/v2\/tribe_events\/7621","targetHints":{"allow":["GET"]}}],"collection":[{"href":"https:\/\/100anni.units.it\/index.php\/wp-json\/wp\/v2\/tribe_events"}],"about":[{"href":"https:\/\/100anni.units.it\/index.php\/wp-json\/wp\/v2\/types\/tribe_events"}],"author":[{"embeddable":true,"href":"https:\/\/100anni.units.it\/index.php\/wp-json\/wp\/v2\/users\/1"}],"replies":[{"embeddable":true,"href":"https:\/\/100anni.units.it\/index.php\/wp-json\/wp\/v2\/comments?post=7621"}],"version-history":[{"count":6,"href":"https:\/\/100anni.units.it\/index.php\/wp-json\/wp\/v2\/tribe_events\/7621\/revisions"}],"predecessor-version":[{"id":7670,"href":"https:\/\/100anni.units.it\/index.php\/wp-json\/wp\/v2\/tribe_events\/7621\/revisions\/7670"}],"wp:featuredmedia":[{"embeddable":true,"href":"https:\/\/100anni.units.it\/index.php\/wp-json\/wp\/v2\/media\/5841"}],"wp:attachment":[{"href":"https:\/\/100anni.units.it\/index.php\/wp-json\/wp\/v2\/media?parent=7621"}],"wp:term":[{"taxonomy":"post_tag","embeddable":true,"href":"https:\/\/100anni.units.it\/index.php\/wp-json\/wp\/v2\/tags?post=7621"},{"taxonomy":"tribe_events_cat","embeddable":true,"href":"https:\/\/100anni.units.it\/index.php\/wp-json\/wp\/v2\/tribe_events_cat?post=7621"}],"curies":[{"name":"wp","href":"https:\/\/api.w.org\/{rel}","templated":true}]}}