{"id":7786,"date":"2024-12-12T10:41:08","date_gmt":"2024-12-12T09:41:08","guid":{"rendered":"https:\/\/100anni.units.it\/?post_type=tribe_events&#038;p=7786"},"modified":"2024-12-12T12:34:13","modified_gmt":"2024-12-12T11:34:13","slug":"graduation-ceremony-del-master-di-ii-livello-in-fisica-medica","status":"publish","type":"tribe_events","link":"https:\/\/100anni.units.it\/index.php\/evento\/graduation-ceremony-del-master-di-ii-livello-in-fisica-medica\/","title":{"rendered":"&#8220;Graduation Ceremony&#8221; del Master di II livello in Fisica Medica"},"content":{"rendered":"<div  class=\"tribe-events-schedule tribe-clearfix\" >\n\t<h2 class=\"tribe-events-schedule__datetime\">\n\t\t<span class=\"tribe-events-schedule__date tribe-events-schedule__date--start\">\n\t\t\t13 Dicembre 2024\t\t<\/span>\n\n\t\t\t\t\t<span class=\"tribe-events-schedule__separator tribe-events-schedule__separator--date\">\n\t\t\t\t ore \t\t\t<\/span>\n\t\t\t<span class=\"tribe-events-schedule__time tribe-events-schedule__time--start\">\n\t\t\t\t11:00\t\t\t<\/span>\n\t\t\n\t\t\t\t\t\t\t\t\t<span class=\"tribe-events-schedule__separator tribe-events-schedule__separator--time\">\n\t\t\t\t\t &#8211; \t\t\t\t<\/span>\n\t\t\t\n\t\t\t\t\t\t\t<span class=\"tribe-events-schedule__time tribe-events-schedule__time--end\">\n\t\t\t\t\t13:00\t\t\t\t<\/span>\n\t\t\t\n\t\t\t\t\t\t<\/h2>\n<\/div>\n\n\n\n<div class=\"wp-block-columns is-layout-flex wp-container-core-columns-is-layout-9d6595d7 wp-block-columns-is-layout-flex\">\n<div class=\"wp-block-column is-layout-flow wp-block-column-is-layout-flow\">\n<p><strong>Venerd\u00ec 13 dicembre 2024<\/strong>, dalle ore 11 alle 13, presso l&#8217;<strong>ICTP, Budinich Lecture Hall<\/strong>, e in remoto (Zoom), si svolger\u00e0 la&nbsp;<strong>&#8220;Graduation Ceremony&#8221; del&nbsp;<\/strong><strong>Master di II livello in Fisica Medica<\/strong>.<\/p>\n\n\n\n<p>L&#8217;applicazione sicura ed efficace delle tecnologie di&nbsp;<strong>diagnostica per immagini, radioterapia e dosimetria delle radiazioni&nbsp;<\/strong>richiede il coinvolgimento di fisici medici esperti. In base alle valutazioni delle organizzazioni internazionali, tra cui l&#8217;<strong>Agenzia Internazionale per l&#8217;Energia Atomica (IAEA)<\/strong>, in tutto il mondo si verifica una carenza di professionisti in&nbsp;<strong>Fisica Medica<\/strong>, sia di fisici medici clinici che di fisici medici accademici. La&nbsp;<strong>Fisica Medica<\/strong>&nbsp;\u00e8 stata definita&nbsp;<strong>Professione Sanitaria<\/strong>&nbsp;dall&#8217;<strong>Organizzazione Internazionale del Lavoro delle Nazioni Unite (ILO)<\/strong>&nbsp;nel 2011.<\/p>\n\n\n\n<p>Per contribuire a rispondere a questa esigenza \u00e8 stato organizzato congiuntamente da&nbsp;<strong>Universit\u00e0 degli Studi di Trieste<\/strong>&nbsp;e&nbsp;<strong>International Centre for Theoretical Physics (ICTP)<\/strong>&nbsp;il&nbsp;<strong>Master di II livello in Fisica Medica<\/strong>&nbsp;il cui lo scopo \u00e8 quello di preparare&nbsp;fisici medici clinici&nbsp;con un percorso formativo coerente con le linee guida internazionali formulate dall\u2019AIEA. La stessa Agenzia offre ogni anno numerose borse di studio a laureati magistrali in fisica che intendono prepararsi a svolgere il mestiere del fisico medico e che si trovano in paesi dove tale formazione post-laurea non viene offerta localmente.<\/p>\n\n\n\n<p>Il corso \u00e8 in&nbsp;<strong>lingua inglese<\/strong>, prevede un intenso primo anno di lezioni ed esercitazioni a cui segue un secondo anno di&nbsp;<strong>tirocinio clinico supervisionato<\/strong>&nbsp;svolto presso un&#8217;ampia rete di ospedali italiani, grazie al sostegno dell\u2019<strong>Associazione Italiana di Fisica Medica (AIFM)<\/strong>.<\/p>\n\n\n\n<p>Il programma \u00e8 accreditato dall\u2019<strong>Organizzazione Internazionale di Fisica Medica (IOMP)<\/strong>.<\/p>\n\n\n\n<p>Nei primi dieci anni di attivit\u00e0 si sono diplomati quasi&nbsp;<strong>200 fisici da 72 paesi&nbsp;<\/strong>(48% dall\u2019Africa, 22% dall\u2019Asia, 21% dall\u2019America Latina, 8% dall\u2019Europa, 1% Oceania); oltre il 30% sono donne.<\/p>\n\n\n\n<p>La grande maggioranza dei diplomati \u00e8 rientrata nei rispettivi paesi ed ora lavora negli ospedali locali, contribuendo a far crescere la qualit\u00e0 dei servizi ai pazienti, specialmente quelli affetti da patologie oncologiche.<\/p>\n\n\n\n<p class=\"has-neve-link-color-color has-text-color\">Accesso Libero<\/p>\n<\/div>\n\n\n\n<div class=\"wp-block-column is-vertically-aligned-top is-layout-flow wp-block-column-is-layout-flow\" style=\"flex-basis:30%\">\n<figure class=\"wp-block-image size-full\"><img loading=\"lazy\" decoding=\"async\" width=\"553\" height=\"311\" src=\"https:\/\/100anni.units.it\/wp-content\/uploads\/2024\/12\/cropped-Screenshot_12-12-2024_123142_portale.units_.it_.jpeg\" alt=\"\u201cGraduation Ceremony\u201d del Master di II livello in Fisica Medica\" class=\"wp-image-7797\" srcset=\"https:\/\/100anni.units.it\/wp-content\/uploads\/2024\/12\/cropped-Screenshot_12-12-2024_123142_portale.units_.it_.jpeg 553w, https:\/\/100anni.units.it\/wp-content\/uploads\/2024\/12\/cropped-Screenshot_12-12-2024_123142_portale.units_.it_-300x169.jpeg 300w\" sizes=\"auto, (max-width: 553px) 100vw, 553px\" \/><\/figure>\n<\/div>\n<\/div>\n\n\n\n<div class=\"wp-block-columns are-vertically-aligned-center is-layout-flex wp-container-core-columns-is-layout-9d6595d7 wp-block-columns-is-layout-flex\">\n<div class=\"wp-block-column is-vertically-aligned-center is-layout-flow wp-block-column-is-layout-flow\"><div  class=\"tribe-block tribe-block__venue tribe-clearfix\" >\n\t\n\t\n<div class=\"tribe-block__venue__meta\">\n\t<div class=\"tribe-block__venue__name\">\n\t\t<h3>ICTP, Budinich Lecture Hall Leonardo building, Grignano<\/h3>\n\t<\/div>\n\n\t\n\t\n\t\n\t\n\t<\/div>\n\t\n\t<\/div>\n<\/div>\n\n\n\n<div class=\"wp-block-column is-vertically-aligned-center is-layout-flow wp-block-column-is-layout-flow\" style=\"flex-basis:30%\">\n<div class=\"wp-block-group is-vertical is-content-justification-center is-layout-flex wp-container-core-group-is-layout-0472769e wp-block-group-is-layout-flex\">\t<div  class=\"tribe-block tribe-block__events-link\" >\n\t\t<div class=\"tribe-events tribe-common\">\n\t\t\t<div class=\"tribe-events-c-subscribe-dropdown__container\">\n\t\t\t\t<div class=\"tribe-events-c-subscribe-dropdown\">\n\t\t\t\t\t<div class=\"tribe-common-c-btn-border tribe-events-c-subscribe-dropdown__button\" tabindex=\"0\">\n\t\t\t\t\t\t<svg  class=\"tribe-common-c-svgicon tribe-common-c-svgicon--cal-export tribe-events-c-subscribe-dropdown__export-icon\"  viewBox=\"0 0 23 17\" xmlns=\"http:\/\/www.w3.org\/2000\/svg\">\n  <path fill-rule=\"evenodd\" clip-rule=\"evenodd\" d=\"M.128.896V16.13c0 .211.145.383.323.383h15.354c.179 0 .323-.172.323-.383V.896c0-.212-.144-.383-.323-.383H.451C.273.513.128.684.128.896Zm16 6.742h-.901V4.679H1.009v10.729h14.218v-3.336h.901V7.638ZM1.01 1.614h14.218v2.058H1.009V1.614Z\" \/>\n  <path d=\"M20.5 9.846H8.312M18.524 6.953l2.89 2.909-2.855 2.855\" stroke-width=\"1.2\" stroke-linecap=\"round\" stroke-linejoin=\"round\"\/>\n<\/svg>\n\t\t\t\t\t\t<button class=\"tribe-events-c-subscribe-dropdown__button-text\">\n\t\t\t\t\t\t\tSalva nel tuo calendario\t\t\t\t\t\t<\/button>\n\t\t\t\t\t\t<svg  class=\"tribe-common-c-svgicon tribe-common-c-svgicon--caret-down tribe-events-c-subscribe-dropdown__button-icon\"  viewBox=\"0 0 10 7\" xmlns=\"http:\/\/www.w3.org\/2000\/svg\"><path fill-rule=\"evenodd\" clip-rule=\"evenodd\" d=\"M1.008.609L5 4.6 8.992.61l.958.958L5 6.517.05 1.566l.958-.958z\" class=\"tribe-common-c-svgicon__svg-fill\"\/><\/svg>\n\t\t\t\t\t<\/div>\n\t\t\t\t\t<div class=\"tribe-events-c-subscribe-dropdown__content\">\n\t\t\t\t\t\t<ul class=\"tribe-events-c-subscribe-dropdown__list\" tabindex=\"0\">\n\t\t\t\t\t\t\t\t\t\t\t\t\t\t\t<li class=\"tribe-events-c-subscribe-dropdown__list-item\">\n\t\t\t\t\t\t\t\t\t<a\n\t\t\t\t\t\t\t\t\t\thref=\"https:\/\/www.google.com\/calendar\/event?action=TEMPLATE&#038;dates=20241213T110000\/20241213T130000&#038;text=%26%238220%3BGraduation%20Ceremony%26%238221%3B%20del%20Master%20di%20II%20livello%20in%20Fisica%20Medica&#038;details=%3C%21--+wp%3Atribe%2Fevent-datetime+%2F--%3E%3C%21--+wp%3Acolumns+--%3E%3Cdiv+class%3D%22wp-block-columns%22%3E%3C%21--+wp%3Acolumn+%7B%22width%22%3A%22%22%7D+--%3E%3Cdiv+class%3D%22wp-block-column%22%3E%3C%21--+wp%3Aparagraph+--%3E%3Cp%3E%3Cstrong%3EVenerd%C3%AC+13+dicembre+2024%3C%2Fstrong%3E%2C+dalle+ore+11+alle+13%2C+presso+l%27%3Cstrong%3EICTP%2C+Budinich+Lecture+Hall%3C%2Fstrong%3E%2C+e+in+remoto+%28Zoom%29%2C+si+svolger%C3%A0+la%26nbsp%3B%3Cstrong%3E%22Graduation+Ceremony%22+del%26nbsp%3B%3C%2Fstrong%3E%3Cstrong%3EMaster+di+II+livello+in+Fisica+Medica%3C%2Fstrong%3E.%3C%2Fp%3E%3C%21--+%2Fwp%3Aparagraph+--%3E%3C%21--+wp%3Aparagraph+--%3E%3Cp%3EL%27applicazione+sicura+ed+efficace+delle+tecnologie+di%26nbsp%3B%3Cstrong%3Ediagnostica+per+immagini%2C+radioterapia+e+dosimetria+delle+radiazioni%26nbsp%3B%3C%2Fstrong%3Erichiede+il+coinvolgimento+di+fisici+medici+esperti.+In+base+alle+valutazioni+delle+organizzazioni+internazionali%2C+tra+cui+l%27%3Cstrong%20(View%20Full%20evento%20Description%20Here:%20https:\/\/100anni.units.it\/index.php\/evento\/graduation-ceremony-del-master-di-ii-livello-in-fisica-medica\/)&#038;location=ICTP,%20Budinich%20Lecture%20Hall%20Leonardo%20building,%20Grignano&#038;trp=false&#038;ctz=Europe\/Rome&#038;sprop=website:https:\/\/100anni.units.it\"\n\t\t\t\t\t\t\t\t\t\tclass=\"tribe-events-c-subscribe-dropdown__list-item-link\"\n\t\t\t\t\t\t\t\t\t\ttabindex=\"0\"\n\t\t\t\t\t\t\t\t\t\ttarget=\"_blank\"\n\t\t\t\t\t\t\t\t\t\trel=\"noopener noreferrer nofollow noindex\"\n\t\t\t\t\t\t\t\t\t>\n\t\t\t\t\t\t\t\t\t\tGoogle Calendar\t\t\t\t\t\t\t\t\t<\/a>\n\t\t\t\t\t\t\t\t<\/li>\n\t\t\t\t\t\t\t\t\t\t\t\t\t\t\t<li class=\"tribe-events-c-subscribe-dropdown__list-item\">\n\t\t\t\t\t\t\t\t\t<a\n\t\t\t\t\t\t\t\t\t\thref=\"\"\n\t\t\t\t\t\t\t\t\t\tclass=\"tribe-events-c-subscribe-dropdown__list-item-link\"\n\t\t\t\t\t\t\t\t\t\ttabindex=\"0\"\n\t\t\t\t\t\t\t\t\t\ttarget=\"_blank\"\n\t\t\t\t\t\t\t\t\t\trel=\"noopener noreferrer nofollow noindex\"\n\t\t\t\t\t\t\t\t\t>\n\t\t\t\t\t\t\t\t\t\tiCalendar\t\t\t\t\t\t\t\t\t<\/a>\n\t\t\t\t\t\t\t\t<\/li>\n\t\t\t\t\t\t\t\t\t\t\t\t\t\t\t<li class=\"tribe-events-c-subscribe-dropdown__list-item\">\n\t\t\t\t\t\t\t\t\t<a\n\t\t\t\t\t\t\t\t\t\thref=\"\"\n\t\t\t\t\t\t\t\t\t\tclass=\"tribe-events-c-subscribe-dropdown__list-item-link\"\n\t\t\t\t\t\t\t\t\t\ttabindex=\"0\"\n\t\t\t\t\t\t\t\t\t\ttarget=\"_blank\"\n\t\t\t\t\t\t\t\t\t\trel=\"noopener noreferrer nofollow noindex\"\n\t\t\t\t\t\t\t\t\t>\n\t\t\t\t\t\t\t\t\t\tOutlook 365\t\t\t\t\t\t\t\t\t<\/a>\n\t\t\t\t\t\t\t\t<\/li>\n\t\t\t\t\t\t\t\t\t\t\t\t\t\t\t<li class=\"tribe-events-c-subscribe-dropdown__list-item\">\n\t\t\t\t\t\t\t\t\t<a\n\t\t\t\t\t\t\t\t\t\thref=\"\"\n\t\t\t\t\t\t\t\t\t\tclass=\"tribe-events-c-subscribe-dropdown__list-item-link\"\n\t\t\t\t\t\t\t\t\t\ttabindex=\"0\"\n\t\t\t\t\t\t\t\t\t\ttarget=\"_blank\"\n\t\t\t\t\t\t\t\t\t\trel=\"noopener noreferrer nofollow noindex\"\n\t\t\t\t\t\t\t\t\t>\n\t\t\t\t\t\t\t\t\t\tOutlook Live\t\t\t\t\t\t\t\t\t<\/a>\n\t\t\t\t\t\t\t\t<\/li>\n\t\t\t\t\t\t\t\t\t\t\t\t\t<\/ul>\n\t\t\t\t\t<\/div>\n\t\t\t\t<\/div>\n\t\t\t<\/div>\n\t\t<\/div>\n\t<\/div>\n\n\n\n\n<div class=\"wp-block-buttons is-content-justification-center is-layout-flex wp-container-core-buttons-is-layout-16018d1d wp-block-buttons-is-layout-flex\">\n<div class=\"wp-block-button has-custom-width wp-block-button__width-100 is-style-primary\"><a class=\"wp-block-button__link wp-element-button\" href=\"https:\/\/portale.units.it\/sites\/default\/files\/2024-12\/Program%20Graduation%20Ceremony%20MMP%20Master%20Medical%20Physics%2013dic24%20Bis.pdf\">scarica il programma<\/a><\/div>\n<\/div>\n<\/div>\n<\/div>\n<\/div>\n\n\n\n<div class=\"wp-block-group\"><div class=\"wp-block-group__inner-container is-layout-constrained wp-block-group-is-layout-constrained\">\n<div style=\"height:20px\" aria-hidden=\"true\" class=\"wp-block-spacer\"><\/div>\n<\/div><\/div>\n\n\n\n<div style=\"height:100px\" aria-hidden=\"true\" class=\"wp-block-spacer\"><\/div>\n","protected":false},"excerpt":{"rendered":"<p>L&#8217;Universit\u00e0 degli Studi di Trieste e International Centre for Theoretical Physics (ICTP) hanno organizzato congiuntamente il Master di II livello in Fisica Medica, il cui lo scopo \u00e8 quello di preparare fisici medici clinici con un percorso formativo coerente con le linee guida internazionali formulate dall\u2019AIEA.<\/p>\n","protected":false},"author":1,"featured_media":7797,"comment_status":"closed","ping_status":"closed","template":"","meta":{"neve_meta_sidebar":"","neve_meta_container":"","neve_meta_enable_content_width":"","neve_meta_content_width":0,"neve_meta_title_alignment":"","neve_meta_author_avatar":"","neve_post_elements_order":"","neve_meta_disable_header":"","neve_meta_disable_footer":"","neve_meta_disable_title":"","_EventAllDay":false,"_EventTimezone":"Europe\/Rome","_EventStartDate":"2024-12-13 11:00:00","_EventEndDate":"2024-12-13 13:00:00","_EventStartDateUTC":"2024-12-13 10:00:00","_EventEndDateUTC":"2024-12-13 12:00:00","_EventShowMap":false,"_EventShowMapLink":false,"_EventURL":"","_EventCost":"","_EventCostDescription":"","_EventCurrencySymbol":"\u20ac","_EventCurrencyCode":"EUR","_EventCurrencyPosition":"prefix","_EventDateTimeSeparator":" ore ","_EventTimeRangeSeparator":" - ","_EventOrganizerID":[],"_EventVenueID":[7787],"_OrganizerEmail":"","_OrganizerPhone":"","_OrganizerWebsite":"","_VenueAddress":"","_VenueCity":"","_VenueCountry":"","_VenueProvince":"","_VenueState":"","_VenueZip":"","_VenuePhone":"","_VenueURL":"","_VenueStateProvince":"","_VenueLat":"","_VenueLng":"","_VenueShowMap":false,"_VenueShowMapLink":false,"_ti_tpc_template_sync":false,"_ti_tpc_template_id":"","_tribe_events_status":"","_tribe_events_status_reason":"","footnotes":""},"tags":[],"tribe_events_cat":[4],"class_list":["post-7786","tribe_events","type-tribe_events","status-publish","has-post-thumbnail","hentry","tribe_events_cat-dipartimento","cat_dipartimento"],"yoast_head":"<!-- This site is optimized with the Yoast SEO plugin v21.0 - https:\/\/yoast.com\/wordpress\/plugins\/seo\/ -->\n<title>&quot;Graduation Ceremony&quot; del Master di II livello in Fisica Medica &ndash; #100UniTS<\/title>\n<meta name=\"description\" content=\"L&#039;Universit\u00e0 degli Studi di Trieste e International Centre for Theoretical Physics (ICTP) hanno organizzato congiuntamente il Master di II livello in Fisica Medica, il cui lo scopo \u00e8 quello di preparare fisici medici clinici con un percorso formativo coerente con le linee guida internazionali formulate dall\u2019AIEA.\" \/>\n<meta name=\"robots\" content=\"index, follow, max-snippet:-1, max-image-preview:large, max-video-preview:-1\" \/>\n<link rel=\"canonical\" href=\"https:\/\/100anni.units.it\/index.php\/evento\/graduation-ceremony-del-master-di-ii-livello-in-fisica-medica\/\" \/>\n<meta property=\"og:locale\" content=\"it_IT\" \/>\n<meta property=\"og:type\" content=\"article\" \/>\n<meta property=\"og:title\" content=\"&quot;Graduation Ceremony&quot; del Master di II livello in Fisica Medica &ndash; #100UniTS\" \/>\n<meta property=\"og:description\" content=\"L&#039;Universit\u00e0 degli Studi di Trieste e International Centre for Theoretical Physics (ICTP) hanno organizzato congiuntamente il Master di II livello in Fisica Medica, il cui lo scopo \u00e8 quello di preparare fisici medici clinici con un percorso formativo coerente con le linee guida internazionali formulate dall\u2019AIEA.\" \/>\n<meta property=\"og:url\" content=\"https:\/\/100anni.units.it\/index.php\/evento\/graduation-ceremony-del-master-di-ii-livello-in-fisica-medica\/\" \/>\n<meta property=\"og:site_name\" content=\"#100UniTS\" \/>\n<meta property=\"article:publisher\" content=\"https:\/\/www.facebook.com\/universitatrieste\" \/>\n<meta property=\"article:modified_time\" content=\"2024-12-12T11:34:13+00:00\" \/>\n<meta property=\"og:image\" content=\"https:\/\/100anni.units.it\/wp-content\/uploads\/2024\/12\/cropped-Screenshot_12-12-2024_123142_portale.units_.it_.jpeg\" \/>\n\t<meta property=\"og:image:width\" content=\"553\" \/>\n\t<meta property=\"og:image:height\" content=\"311\" \/>\n\t<meta property=\"og:image:type\" content=\"image\/jpeg\" \/>\n<meta name=\"twitter:card\" content=\"summary_large_image\" \/>\n<meta name=\"twitter:site\" content=\"@UniTrieste\" \/>\n<meta name=\"twitter:label1\" content=\"Tempo di lettura stimato\" \/>\n\t<meta name=\"twitter:data1\" content=\"2 minuti\" \/>\n<script type=\"application\/ld+json\" class=\"yoast-schema-graph\">{\"@context\":\"https:\/\/schema.org\",\"@graph\":[{\"@type\":\"WebPage\",\"@id\":\"https:\/\/100anni.units.it\/index.php\/evento\/graduation-ceremony-del-master-di-ii-livello-in-fisica-medica\/\",\"url\":\"https:\/\/100anni.units.it\/index.php\/evento\/graduation-ceremony-del-master-di-ii-livello-in-fisica-medica\/\",\"name\":\"\\\"Graduation Ceremony\\\" del Master di II livello in Fisica Medica &ndash; #100UniTS\",\"isPartOf\":{\"@id\":\"https:\/\/100anni.units.it\/#website\"},\"datePublished\":\"2024-12-12T09:41:08+00:00\",\"dateModified\":\"2024-12-12T11:34:13+00:00\",\"description\":\"L'Universit\u00e0 degli Studi di Trieste e International Centre for Theoretical Physics (ICTP) hanno organizzato congiuntamente il Master di II livello in Fisica Medica, il cui lo scopo \u00e8 quello di preparare fisici medici clinici con un percorso formativo coerente con le linee guida internazionali formulate dall\u2019AIEA.\",\"breadcrumb\":{\"@id\":\"https:\/\/100anni.units.it\/index.php\/evento\/graduation-ceremony-del-master-di-ii-livello-in-fisica-medica\/#breadcrumb\"},\"inLanguage\":\"it-IT\",\"potentialAction\":[{\"@type\":\"ReadAction\",\"target\":[\"https:\/\/100anni.units.it\/index.php\/evento\/graduation-ceremony-del-master-di-ii-livello-in-fisica-medica\/\"]}]},{\"@type\":\"BreadcrumbList\",\"@id\":\"https:\/\/100anni.units.it\/index.php\/evento\/graduation-ceremony-del-master-di-ii-livello-in-fisica-medica\/#breadcrumb\",\"itemListElement\":[{\"@type\":\"ListItem\",\"position\":1,\"name\":\"Eventi\",\"item\":\"https:\/\/100anni.units.it\/index.php\/eventi\/\"},{\"@type\":\"ListItem\",\"position\":2,\"name\":\"&#8220;Graduation Ceremony&#8221; del Master di II livello in Fisica Medica\"}]},{\"@type\":\"WebSite\",\"@id\":\"https:\/\/100anni.units.it\/#website\",\"url\":\"https:\/\/100anni.units.it\/\",\"name\":\"#100UniTS\",\"description\":\"Ogni giorno, da cento anni, con noi puoi scoprire ci\u00f2 che sar\u00e0 realt\u00e0 nel futuro. Celebriamo insieme un secolo di ricerca, eccellenza, creativit\u00e0 e ingegno umano.\",\"publisher\":{\"@id\":\"https:\/\/100anni.units.it\/#organization\"},\"potentialAction\":[{\"@type\":\"SearchAction\",\"target\":{\"@type\":\"EntryPoint\",\"urlTemplate\":\"https:\/\/100anni.units.it\/?s={search_term_string}\"},\"query-input\":\"required name=search_term_string\"}],\"inLanguage\":\"it-IT\"},{\"@type\":\"Organization\",\"@id\":\"https:\/\/100anni.units.it\/#organization\",\"name\":\"Universit\u00e0 degli Studi di Trieste\",\"alternateName\":\"UniTS\",\"url\":\"https:\/\/100anni.units.it\/\",\"logo\":{\"@type\":\"ImageObject\",\"inLanguage\":\"it-IT\",\"@id\":\"https:\/\/100anni.units.it\/#\/schema\/logo\/image\/\",\"url\":\"https:\/\/100anni.units.it\/wp-content\/uploads\/2023\/08\/units_sigillo.png\",\"contentUrl\":\"https:\/\/100anni.units.it\/wp-content\/uploads\/2023\/08\/units_sigillo.png\",\"width\":696,\"height\":696,\"caption\":\"Universit\u00e0 degli Studi di Trieste\"},\"image\":{\"@id\":\"https:\/\/100anni.units.it\/#\/schema\/logo\/image\/\"},\"sameAs\":[\"https:\/\/www.facebook.com\/universitatrieste\",\"https:\/\/twitter.com\/UniTrieste\"]}]}<\/script>\n<!-- \/ Yoast SEO plugin. -->","yoast_head_json":{"title":"\"Graduation Ceremony\" del Master di II livello in Fisica Medica &ndash; #100UniTS","description":"L'Universit\u00e0 degli Studi di Trieste e International Centre for Theoretical Physics (ICTP) hanno organizzato congiuntamente il Master di II livello in Fisica Medica, il cui lo scopo \u00e8 quello di preparare fisici medici clinici con un percorso formativo coerente con le linee guida internazionali formulate dall\u2019AIEA.","robots":{"index":"index","follow":"follow","max-snippet":"max-snippet:-1","max-image-preview":"max-image-preview:large","max-video-preview":"max-video-preview:-1"},"canonical":"https:\/\/100anni.units.it\/index.php\/evento\/graduation-ceremony-del-master-di-ii-livello-in-fisica-medica\/","og_locale":"it_IT","og_type":"article","og_title":"\"Graduation Ceremony\" del Master di II livello in Fisica Medica &ndash; #100UniTS","og_description":"L'Universit\u00e0 degli Studi di Trieste e International Centre for Theoretical Physics (ICTP) hanno organizzato congiuntamente il Master di II livello in Fisica Medica, il cui lo scopo \u00e8 quello di preparare fisici medici clinici con un percorso formativo coerente con le linee guida internazionali formulate dall\u2019AIEA.","og_url":"https:\/\/100anni.units.it\/index.php\/evento\/graduation-ceremony-del-master-di-ii-livello-in-fisica-medica\/","og_site_name":"#100UniTS","article_publisher":"https:\/\/www.facebook.com\/universitatrieste","article_modified_time":"2024-12-12T11:34:13+00:00","og_image":[{"width":553,"height":311,"url":"https:\/\/100anni.units.it\/wp-content\/uploads\/2024\/12\/cropped-Screenshot_12-12-2024_123142_portale.units_.it_.jpeg","type":"image\/jpeg"}],"twitter_card":"summary_large_image","twitter_site":"@UniTrieste","twitter_misc":{"Tempo di lettura stimato":"2 minuti"},"schema":{"@context":"https:\/\/schema.org","@graph":[{"@type":"WebPage","@id":"https:\/\/100anni.units.it\/index.php\/evento\/graduation-ceremony-del-master-di-ii-livello-in-fisica-medica\/","url":"https:\/\/100anni.units.it\/index.php\/evento\/graduation-ceremony-del-master-di-ii-livello-in-fisica-medica\/","name":"\"Graduation Ceremony\" del Master di II livello in Fisica Medica &ndash; #100UniTS","isPartOf":{"@id":"https:\/\/100anni.units.it\/#website"},"datePublished":"2024-12-12T09:41:08+00:00","dateModified":"2024-12-12T11:34:13+00:00","description":"L'Universit\u00e0 degli Studi di Trieste e International Centre for Theoretical Physics (ICTP) hanno organizzato congiuntamente il Master di II livello in Fisica Medica, il cui lo scopo \u00e8 quello di preparare fisici medici clinici con un percorso formativo coerente con le linee guida internazionali formulate dall\u2019AIEA.","breadcrumb":{"@id":"https:\/\/100anni.units.it\/index.php\/evento\/graduation-ceremony-del-master-di-ii-livello-in-fisica-medica\/#breadcrumb"},"inLanguage":"it-IT","potentialAction":[{"@type":"ReadAction","target":["https:\/\/100anni.units.it\/index.php\/evento\/graduation-ceremony-del-master-di-ii-livello-in-fisica-medica\/"]}]},{"@type":"BreadcrumbList","@id":"https:\/\/100anni.units.it\/index.php\/evento\/graduation-ceremony-del-master-di-ii-livello-in-fisica-medica\/#breadcrumb","itemListElement":[{"@type":"ListItem","position":1,"name":"Eventi","item":"https:\/\/100anni.units.it\/index.php\/eventi\/"},{"@type":"ListItem","position":2,"name":"&#8220;Graduation Ceremony&#8221; del Master di II livello in Fisica Medica"}]},{"@type":"WebSite","@id":"https:\/\/100anni.units.it\/#website","url":"https:\/\/100anni.units.it\/","name":"#100UniTS","description":"Ogni giorno, da cento anni, con noi puoi scoprire ci\u00f2 che sar\u00e0 realt\u00e0 nel futuro. Celebriamo insieme un secolo di ricerca, eccellenza, creativit\u00e0 e ingegno umano.","publisher":{"@id":"https:\/\/100anni.units.it\/#organization"},"potentialAction":[{"@type":"SearchAction","target":{"@type":"EntryPoint","urlTemplate":"https:\/\/100anni.units.it\/?s={search_term_string}"},"query-input":"required name=search_term_string"}],"inLanguage":"it-IT"},{"@type":"Organization","@id":"https:\/\/100anni.units.it\/#organization","name":"Universit\u00e0 degli Studi di Trieste","alternateName":"UniTS","url":"https:\/\/100anni.units.it\/","logo":{"@type":"ImageObject","inLanguage":"it-IT","@id":"https:\/\/100anni.units.it\/#\/schema\/logo\/image\/","url":"https:\/\/100anni.units.it\/wp-content\/uploads\/2023\/08\/units_sigillo.png","contentUrl":"https:\/\/100anni.units.it\/wp-content\/uploads\/2023\/08\/units_sigillo.png","width":696,"height":696,"caption":"Universit\u00e0 degli Studi di Trieste"},"image":{"@id":"https:\/\/100anni.units.it\/#\/schema\/logo\/image\/"},"sameAs":["https:\/\/www.facebook.com\/universitatrieste","https:\/\/twitter.com\/UniTrieste"]}]}},"_links":{"self":[{"href":"https:\/\/100anni.units.it\/index.php\/wp-json\/wp\/v2\/tribe_events\/7786","targetHints":{"allow":["GET"]}}],"collection":[{"href":"https:\/\/100anni.units.it\/index.php\/wp-json\/wp\/v2\/tribe_events"}],"about":[{"href":"https:\/\/100anni.units.it\/index.php\/wp-json\/wp\/v2\/types\/tribe_events"}],"author":[{"embeddable":true,"href":"https:\/\/100anni.units.it\/index.php\/wp-json\/wp\/v2\/users\/1"}],"replies":[{"embeddable":true,"href":"https:\/\/100anni.units.it\/index.php\/wp-json\/wp\/v2\/comments?post=7786"}],"version-history":[{"count":2,"href":"https:\/\/100anni.units.it\/index.php\/wp-json\/wp\/v2\/tribe_events\/7786\/revisions"}],"predecessor-version":[{"id":7798,"href":"https:\/\/100anni.units.it\/index.php\/wp-json\/wp\/v2\/tribe_events\/7786\/revisions\/7798"}],"wp:featuredmedia":[{"embeddable":true,"href":"https:\/\/100anni.units.it\/index.php\/wp-json\/wp\/v2\/media\/7797"}],"wp:attachment":[{"href":"https:\/\/100anni.units.it\/index.php\/wp-json\/wp\/v2\/media?parent=7786"}],"wp:term":[{"taxonomy":"post_tag","embeddable":true,"href":"https:\/\/100anni.units.it\/index.php\/wp-json\/wp\/v2\/tags?post=7786"},{"taxonomy":"tribe_events_cat","embeddable":true,"href":"https:\/\/100anni.units.it\/index.php\/wp-json\/wp\/v2\/tribe_events_cat?post=7786"}],"curies":[{"name":"wp","href":"https:\/\/api.w.org\/{rel}","templated":true}]}}